{"id":861,"date":"2016-11-07T13:01:26","date_gmt":"2016-11-07T12:01:26","guid":{"rendered":"http:\/\/vspoechlarn.ac.at\/wordpress\/?page_id=861"},"modified":"2025-03-06T07:45:39","modified_gmt":"2025-03-06T06:45:39","slug":"elternverein","status":"publish","type":"page","link":"https:\/\/vspoechlarn.ac.at\/wordpress\/elternverein\/","title":{"rendered":"Elternverein"},"content":{"rendered":"<h1><\/h1>\n<h1>Faschingskrapfen<\/h1>\n<h4>Auch heuer gab es f\u00fcr die M\u00e4dchen und Buben vom Elternverein k\u00f6stliche Krapfen, die in der gro\u00dfen Pause an die Kinder verteilt wurden.<\/h4>\n<div id=\"gallery_861_1\" class=\"row\">\r\n\t    \t<div id=\"861-image-5282\" class=\"col-xs-12 col-sm-4 col-md-4\">\r\n        \t\t\t\t\t\r\n\t\t\t<div class=\"thumbnail\">\r\n        \t\t\t\t\t\r\n\t\t\t\t<a href='https:\/\/vspoechlarn.ac.at\/wordpress\/img_9470-klein\/'><img loading=\"lazy\" decoding=\"async\" width=\"853\" height=\"480\" src=\"https:\/\/vspoechlarn.ac.at\/wordpress\/wp-content\/uploads\/2025\/03\/IMG_9470-Klein.jpg\" class=\"attachment-large size-large\" alt=\"\" srcset=\"https:\/\/vspoechlarn.ac.at\/wordpress\/wp-content\/uploads\/2025\/03\/IMG_9470-Klein.jpg 853w, https:\/\/vspoechlarn.ac.at\/wordpress\/wp-content\/uploads\/2025\/03\/IMG_9470-Klein-350x197.jpg 350w, https:\/\/vspoechlarn.ac.at\/wordpress\/wp-content\/uploads\/2025\/03\/IMG_9470-Klein-250x141.jpg 250w\" sizes=\"auto, (max-width: 853px) 100vw, 853px\" \/><\/a>            <\/div>\r\n        <\/div>\r\n        \t<div id=\"861-image-5279\" class=\"col-xs-12 col-sm-4 col-md-4\">\r\n        \t\t\t\t\t\r\n\t\t\t<div class=\"thumbnail\">\r\n        \t\t\t\t\t\r\n\t\t\t\t<a href='https:\/\/vspoechlarn.ac.at\/wordpress\/img_9466-klein\/'><img loading=\"lazy\" decoding=\"async\" width=\"480\" height=\"853\" src=\"https:\/\/vspoechlarn.ac.at\/wordpress\/wp-content\/uploads\/2025\/03\/IMG_9466-Klein.jpg\" class=\"attachment-large size-large\" alt=\"\" srcset=\"https:\/\/vspoechlarn.ac.at\/wordpress\/wp-content\/uploads\/2025\/03\/IMG_9466-Klein.jpg 480w, https:\/\/vspoechlarn.ac.at\/wordpress\/wp-content\/uploads\/2025\/03\/IMG_9466-Klein-169x300.jpg 169w, https:\/\/vspoechlarn.ac.at\/wordpress\/wp-content\/uploads\/2025\/03\/IMG_9466-Klein-141x250.jpg 141w\" sizes=\"auto, (max-width: 480px) 100vw, 480px\" \/><\/a>            <\/div>\r\n        <\/div>\r\n    <div class=\"clearfix visible-sm-block\"><\/div>    \t<div id=\"861-image-5278\" class=\"col-xs-12 col-sm-4 col-md-4\">\r\n        \t\t\t\t\t\r\n\t\t\t<div class=\"thumbnail\">\r\n        \t\t\t\t\t\r\n\t\t\t\t<a href='https:\/\/vspoechlarn.ac.at\/wordpress\/img_9463-klein\/'><img loading=\"lazy\" decoding=\"async\" width=\"853\" height=\"480\" src=\"https:\/\/vspoechlarn.ac.at\/wordpress\/wp-content\/uploads\/2025\/03\/IMG_9463-Klein.jpg\" class=\"attachment-large size-large\" alt=\"\" srcset=\"https:\/\/vspoechlarn.ac.at\/wordpress\/wp-content\/uploads\/2025\/03\/IMG_9463-Klein.jpg 853w, https:\/\/vspoechlarn.ac.at\/wordpress\/wp-content\/uploads\/2025\/03\/IMG_9463-Klein-350x197.jpg 350w, https:\/\/vspoechlarn.ac.at\/wordpress\/wp-content\/uploads\/2025\/03\/IMG_9463-Klein-250x141.jpg 250w\" sizes=\"auto, (max-width: 853px) 100vw, 853px\" \/><\/a>            <\/div>\r\n        <\/div>\r\n    <div class=\"clearfix visible-md-block visible-lg-block\"><\/div>\r\n<\/div>\n<h4>\u00a0und danach ging es zum Faschingsumzug<\/h4>\n<div id=\"gallery_861_2\" class=\"row\">\r\n\t    \t<div id=\"861-image-5285\" class=\"col-xs-12 col-sm-4 col-md-4\">\r\n        \t\t\t\t\t\r\n\t\t\t<div class=\"thumbnail\">\r\n        \t\t\t\t\t\r\n\t\t\t\t<a href='https:\/\/vspoechlarn.ac.at\/wordpress\/elternverein\/img_20250305_201451-klein\/'><img loading=\"lazy\" decoding=\"async\" width=\"802\" height=\"480\" src=\"https:\/\/vspoechlarn.ac.at\/wordpress\/wp-content\/uploads\/2025\/03\/IMG_20250305_201451-Klein.jpg\" class=\"attachment-large size-large\" alt=\"\" srcset=\"https:\/\/vspoechlarn.ac.at\/wordpress\/wp-content\/uploads\/2025\/03\/IMG_20250305_201451-Klein.jpg 802w, https:\/\/vspoechlarn.ac.at\/wordpress\/wp-content\/uploads\/2025\/03\/IMG_20250305_201451-Klein-350x209.jpg 350w, https:\/\/vspoechlarn.ac.at\/wordpress\/wp-content\/uploads\/2025\/03\/IMG_20250305_201451-Klein-250x150.jpg 250w\" sizes=\"auto, (max-width: 802px) 100vw, 802px\" \/><\/a>            <\/div>\r\n        <\/div>\r\n    \r\n<\/div>\n<h1><\/h1>\n<h1>2024\/25<\/h1>\n<p>Mit der Jahreshauptversammlung am 1.10.2024 wurde ein neuer Vorstand f\u00fcr den Elternverein gew\u00e4hlt. Ein herzliches Dankesch\u00f6n ergeht an die scheidende Obfrau Christine Leonhartsberger. Viel Erfolg w\u00fcnschen wir der neuen Obfrau, Frau Tanja Wochner, und ihrem Team.<\/p>\n<p>&nbsp;<\/p>\n<div id=\"gallery_861_3\" class=\"row\">\r\n\t    \t<div id=\"861-image-5008\" class=\"col-xs-12 col-sm-12 col-md-12\">\r\n        \t\t\t\t\t\r\n\t\t\t<div class=\"thumbnail\">\r\n        \t\t\t\t\t\r\n\t\t\t\t<a href='https:\/\/vspoechlarn.ac.at\/wordpress\/elternverein\/das-unterstuetzt-der-elternverein-website\/'><img loading=\"lazy\" decoding=\"async\" width=\"531\" height=\"600\" src=\"https:\/\/vspoechlarn.ac.at\/wordpress\/wp-content\/uploads\/2024\/10\/Das-unterstuetzt-der-Elternverein-Website.jpg\" class=\"attachment-large size-large\" alt=\"\" srcset=\"https:\/\/vspoechlarn.ac.at\/wordpress\/wp-content\/uploads\/2024\/10\/Das-unterstuetzt-der-Elternverein-Website.jpg 531w, https:\/\/vspoechlarn.ac.at\/wordpress\/wp-content\/uploads\/2024\/10\/Das-unterstuetzt-der-Elternverein-Website-266x300.jpg 266w\" sizes=\"auto, (max-width: 531px) 100vw, 531px\" \/><\/a>            <\/div>\r\n        <\/div>\r\n    <div class=\"clearfix visible-md-block visible-lg-block\"><\/div>\r\n<\/div>\n<p>&nbsp;<\/p>\n<p>Der <strong>neue Vorstand<\/strong> setzt sich aus engagierten Eltern zusammen, die sich ehrenamtlich f\u00fcr das<br \/>\n<strong>Wohl unserer Schulgemeinschaft einsetzen. Wir freuen uns, Ihnen die neuen Mitglieder des Vorstands<\/strong> vorzustellen:<\/p>\n<p>&#8211; Vorsitzende: Tanja Wochner<\/p>\n<div id=\"gallery_861_4\" class=\"row\">\r\n\t    \t<div id=\"861-image-5011\" class=\"col-xs-12 col-sm-6 col-md-6\">\r\n        \t\t\t\t\t\r\n\t\t\t<div class=\"thumbnail\">\r\n        \t\t\t\t\t\r\n\t\t\t\t<a href='https:\/\/vspoechlarn.ac.at\/wordpress\/elternverein\/ev\/'><img loading=\"lazy\" decoding=\"async\" width=\"621\" height=\"632\" src=\"https:\/\/vspoechlarn.ac.at\/wordpress\/wp-content\/uploads\/2024\/10\/EV.jpg\" class=\"attachment-large size-large\" alt=\"\" srcset=\"https:\/\/vspoechlarn.ac.at\/wordpress\/wp-content\/uploads\/2024\/10\/EV.jpg 621w, https:\/\/vspoechlarn.ac.at\/wordpress\/wp-content\/uploads\/2024\/10\/EV-295x300.jpg 295w\" sizes=\"auto, (max-width: 621px) 100vw, 621px\" \/><\/a>            <\/div>\r\n        <\/div>\r\n    \r\n<\/div>\n<p>&#8211; Stellvertretende Vorsitzende: Karin Komarek<br \/>\n&#8211; Kassiererin: Angela Rester<br \/>\n&#8211; Stellvertretende Kassiererin:\u00a0Julia Mistlbauer<br \/>\n&#8211; Schriftf\u00fchrerin: Ulrike Leitner<br \/>\n&#8211; Stellvertretende Schriftf\u00fchrerin:\u00a0Anne Hochenauer<br \/>\n&#8211; Rechnungspr\u00fcferin: Sarah Venkrbec (nicht am Foto)<br \/>\n&#8211; Stellvertretende Rechnungspr\u00fcferin: Christine Leonhartsberger<\/p>\n<p>Unser Ziel ist es, durch die Unterst\u00fctzung verschiedener Veranstaltungen und Projekte das Schulleben unserer Kinder zu bereichern und zu unterst\u00fctzen. Dazu geh\u00f6ren unter anderem die 14t\u00e4gige Apfelaktion, (Teil-)Finanzierung von Busfahrten und Theatervorstellungen und vieles mehr. Diese Aktivit\u00e4ten bieten den Kindern nicht nur Spa\u00df und Abwechslung, sondern f\u00f6rdern auch das Gemeinschaftsgef\u00fchl und die sozialen Kompetenzen.<\/p>\n<p>M\u00f6glich ist dies nur durch die Einnahmen aus unseren Veranstaltungen, Spenden und die wertvollen <strong>Mitgliedsbeitr\u00e4ge<\/strong> von Ihnen. Wir bitten Sie, Ihren Beitrag auf folgendes Konto bei der Raiffeisenbank Mittleres Mostviertel zu <strong>\u00fcberweisen<\/strong>: <strong>AT34 3293 9000 0151 8646<\/strong> (pro Kind 10,00 \u20ac, 2. Kind 8,00 \u20ac,<br \/>\n3. Kind gratis). <strong>Vielen Dank!<\/strong><\/p>\n<p>Wir laden Sie herzlich ein, sich aktiv am Elternverein zu beteiligen. Ihre Ideen, Anregungen und<br \/>\nIhre Mithilfe sind jederzeit willkommen. Gemeinsam k\u00f6nnen wir viel f\u00fcr unsere Kinder erreichen!<\/p>\n<p>Bei Fragen oder Interesse an einer Mitarbeit k\u00f6nnen Sie uns gerne \u00fcber die Klassenelternvertreter:innen erreichen.<\/p>\n<p>Freundliche\u00a0Gr\u00fc\u00dfe<\/p>\n<p>&nbsp;<\/p>\n<h1><\/h1>\n<h1>2022\/23<\/h1>\n<p>Obfrau Birgit Schild und Julia Annerl \u00fcberraschten die Kinder am Faschingdienstag mit leckeren Krapfen.<\/p>\n<p>Vielen lieben Dank!<\/p>\n<div id=\"gallery_861_5\" class=\"row\">\r\n\t    \t<div id=\"861-image-4241\" class=\"col-xs-12 col-sm-4 col-md-4\">\r\n        \t\t\t\t\t\r\n\t\t\t<div class=\"thumbnail\">\r\n        \t\t\t\t\t\r\n\t\t\t\t<a href='https:\/\/vspoechlarn.ac.at\/wordpress\/elternverein\/img_4020-mittel\/'><img loading=\"lazy\" decoding=\"async\" width=\"768\" height=\"1024\" src=\"https:\/\/vspoechlarn.ac.at\/wordpress\/wp-content\/uploads\/2023\/02\/IMG_4020-Mittel-rotated.jpg\" class=\"attachment-large size-large\" alt=\"\" srcset=\"https:\/\/vspoechlarn.ac.at\/wordpress\/wp-content\/uploads\/2023\/02\/IMG_4020-Mittel-rotated.jpg 768w, https:\/\/vspoechlarn.ac.at\/wordpress\/wp-content\/uploads\/2023\/02\/IMG_4020-Mittel-225x300.jpg 225w\" sizes=\"auto, (max-width: 768px) 100vw, 768px\" \/><\/a>            <\/div>\r\n        <\/div>\r\n        \t<div id=\"861-image-4242\" class=\"col-xs-12 col-sm-4 col-md-4\">\r\n        \t\t\t\t\t\r\n\t\t\t<div class=\"thumbnail\">\r\n        \t\t\t\t\t\r\n\t\t\t\t<a href='https:\/\/vspoechlarn.ac.at\/wordpress\/elternverein\/img_4021-mittel\/'><img loading=\"lazy\" decoding=\"async\" width=\"900\" height=\"675\" src=\"https:\/\/vspoechlarn.ac.at\/wordpress\/wp-content\/uploads\/2023\/02\/IMG_4021-Mittel.jpg\" class=\"attachment-large size-large\" alt=\"\" srcset=\"https:\/\/vspoechlarn.ac.at\/wordpress\/wp-content\/uploads\/2023\/02\/IMG_4021-Mittel.jpg 1024w, https:\/\/vspoechlarn.ac.at\/wordpress\/wp-content\/uploads\/2023\/02\/IMG_4021-Mittel-350x263.jpg 350w\" sizes=\"auto, (max-width: 900px) 100vw, 900px\" \/><\/a>            <\/div>\r\n        <\/div>\r\n    <div class=\"clearfix visible-sm-block\"><\/div>    \t<div id=\"861-image-4243\" class=\"col-xs-12 col-sm-4 col-md-4\">\r\n        \t\t\t\t\t\r\n\t\t\t<div class=\"thumbnail\">\r\n        \t\t\t\t\t\r\n\t\t\t\t<a href='https:\/\/vspoechlarn.ac.at\/wordpress\/elternverein\/img_4029-mittel\/'><img loading=\"lazy\" decoding=\"async\" width=\"900\" height=\"675\" src=\"https:\/\/vspoechlarn.ac.at\/wordpress\/wp-content\/uploads\/2023\/02\/IMG_4029-Mittel.jpg\" class=\"attachment-large size-large\" alt=\"\" srcset=\"https:\/\/vspoechlarn.ac.at\/wordpress\/wp-content\/uploads\/2023\/02\/IMG_4029-Mittel.jpg 1024w, https:\/\/vspoechlarn.ac.at\/wordpress\/wp-content\/uploads\/2023\/02\/IMG_4029-Mittel-350x263.jpg 350w\" sizes=\"auto, (max-width: 900px) 100vw, 900px\" \/><\/a>            <\/div>\r\n        <\/div>\r\n    <div class=\"clearfix visible-md-block visible-lg-block\"><\/div>\r\n<\/div>\n<h1>2021\/22<\/h1>\n<p>&nbsp;<\/p>\n<h1>2020\/21<\/h1>\n<p>&nbsp;<\/p>\n<hr \/>\n<h1>2019\/20<\/h1>\n<div>\n<p dir=\"ltr\">Nachdem wir das alte Schuljahr mit der Bewirtung beim gro\u00dfartigen Theater &#8222;Die Kinder von Kugelmundi&#8220; und beim Schulsportfest sehr erfolgreich beendet haben starten wir nun sehr motiviert ins neue Jahr.<\/p>\n<p dir=\"ltr\">Wir konnten heuer schon einige Veranstaltungen finanziell unterst\u00fctzen. (Schwimmtage,\u00a0 Wald\u00e4dagoge, Busfahrten, Schulhefte)<\/p>\n<p dir=\"ltr\">Bei der Jahreshauptversammlung am 7.11.19 wurde der Gro\u00dfteil des Vorstandes wiedergew\u00e4hlt. Hugo Grimm erg\u00e4nzt den neuen\/alten Vorstand als Obfrau Stellvertreter.<\/p>\n<p dir=\"ltr\">Danke an den gesamten Vorstand und alle anderen helfenden H\u00e4nde f\u00fcr Eure tolle Mitarbeit.<\/p>\n<p dir=\"ltr\">Am 22. November durften wir wieder in der G\u00e4rtnerei Fuchs beim Lichterglanz f\u00fcr das leibliche Wohl sorgen. Danke an Jasmin und Jakob Fuchs, dass sie uns die M\u00f6glichkeit gegeben haben dort Geld f\u00fcr die Unterst\u00fctzung der Kinder im laufendem Schuljahr einzunehmen.<\/p>\n<p dir=\"ltr\">Wir freuen uns die gesamten Einnahmen aus allen Veranstaltungen und ihren geleisteten Mitgliedsbeitrag 1 : 1 f\u00fcr die Unterst\u00fctzung der Kinder verwenden zu k\u00f6nnen.<\/p>\n<div id=\"gallery_861_6\" class=\"row\">\r\n\t    \t<div id=\"861-image-2721\" class=\"col-xs-12 col-sm-4 col-md-4\">\r\n        \t\t\t\t\t\r\n\t\t\t<div class=\"thumbnail\">\r\n        \t\t\t\t\t\r\n\t\t\t\t<a href='https:\/\/vspoechlarn.ac.at\/wordpress\/elternverein\/img-20191122-wa0002-mittel\/'><img loading=\"lazy\" decoding=\"async\" width=\"900\" height=\"506\" src=\"https:\/\/vspoechlarn.ac.at\/wordpress\/wp-content\/uploads\/2019\/11\/IMG-20191122-WA0002-Mittel-1024x576.jpg\" class=\"attachment-large size-large\" alt=\"\" srcset=\"https:\/\/vspoechlarn.ac.at\/wordpress\/wp-content\/uploads\/2019\/11\/IMG-20191122-WA0002-Mittel-1024x576.jpg 1024w, https:\/\/vspoechlarn.ac.at\/wordpress\/wp-content\/uploads\/2019\/11\/IMG-20191122-WA0002-Mittel-350x197.jpg 350w, https:\/\/vspoechlarn.ac.at\/wordpress\/wp-content\/uploads\/2019\/11\/IMG-20191122-WA0002-Mittel.jpg 1365w\" sizes=\"auto, (max-width: 900px) 100vw, 900px\" \/><\/a>            <\/div>\r\n        <\/div>\r\n        \t<div id=\"861-image-2722\" class=\"col-xs-12 col-sm-4 col-md-4\">\r\n        \t\t\t\t\t\r\n\t\t\t<div class=\"thumbnail\">\r\n        \t\t\t\t\t\r\n\t\t\t\t<a href='https:\/\/vspoechlarn.ac.at\/wordpress\/elternverein\/img-20191122-wa0003-mittel\/'><img loading=\"lazy\" decoding=\"async\" width=\"576\" height=\"1024\" src=\"https:\/\/vspoechlarn.ac.at\/wordpress\/wp-content\/uploads\/2019\/11\/IMG-20191122-WA0003-Mittel-576x1024.jpg\" class=\"attachment-large size-large\" alt=\"\" srcset=\"https:\/\/vspoechlarn.ac.at\/wordpress\/wp-content\/uploads\/2019\/11\/IMG-20191122-WA0003-Mittel-576x1024.jpg 576w, https:\/\/vspoechlarn.ac.at\/wordpress\/wp-content\/uploads\/2019\/11\/IMG-20191122-WA0003-Mittel-169x300.jpg 169w, https:\/\/vspoechlarn.ac.at\/wordpress\/wp-content\/uploads\/2019\/11\/IMG-20191122-WA0003-Mittel.jpg 608w\" sizes=\"auto, (max-width: 576px) 100vw, 576px\" \/><\/a>            <\/div>\r\n        <\/div>\r\n    <div class=\"clearfix visible-sm-block\"><\/div>\r\n<\/div>\n<h2>Faschingsdienstag<\/h2>\n<p>mit Krapfen vom Elternverein und Spar Prauchner.<\/p>\n<div id=\"gallery_861_7\" class=\"row\">\r\n\t    \t<div id=\"861-image-2824\" class=\"col-xs-12 col-sm-4 col-md-4\">\r\n        \t\t\t\t\t\r\n\t\t\t<div class=\"thumbnail\">\r\n        \t\t\t\t\t\r\n\t\t\t\t<a href='https:\/\/vspoechlarn.ac.at\/wordpress\/sony-dsc-190\/'><img loading=\"lazy\" decoding=\"async\" width=\"680\" height=\"1024\" src=\"https:\/\/vspoechlarn.ac.at\/wordpress\/wp-content\/uploads\/2020\/02\/DSC09283-Mittel-680x1024.jpg\" class=\"attachment-large size-large\" alt=\"\" srcset=\"https:\/\/vspoechlarn.ac.at\/wordpress\/wp-content\/uploads\/2020\/02\/DSC09283-Mittel-680x1024.jpg 680w, https:\/\/vspoechlarn.ac.at\/wordpress\/wp-content\/uploads\/2020\/02\/DSC09283-Mittel-199x300.jpg 199w, https:\/\/vspoechlarn.ac.at\/wordpress\/wp-content\/uploads\/2020\/02\/DSC09283-Mittel-rotated.jpg 718w\" sizes=\"auto, (max-width: 680px) 100vw, 680px\" \/><\/a>            <\/div>\r\n        <\/div>\r\n    \r\n<\/div>\n<h2>Finanzierung vom Mfm-Projekt<\/h2>\n<p>Auch in diesem Schuljahr wurde das Aufkl\u00e4rungsprojekt vom Elternverein finanziert. DANKE!<\/p>\n<div id=\"gallery_861_8\" class=\"row\">\r\n\t    \t<div id=\"861-image-1729\" class=\"col-xs-12 col-sm-4 col-md-4\">\r\n        \t\t\t\t\t\r\n\t\t\t<div class=\"thumbnail\">\r\n        \t\t\t\t\t\r\n\t\t\t\t<a href='https:\/\/vspoechlarn.ac.at\/wordpress\/mfm\/'><img loading=\"lazy\" decoding=\"async\" width=\"602\" height=\"304\" src=\"https:\/\/vspoechlarn.ac.at\/wordpress\/wp-content\/uploads\/2018\/02\/mfm.jpg\" class=\"attachment-large size-large\" alt=\"\" srcset=\"https:\/\/vspoechlarn.ac.at\/wordpress\/wp-content\/uploads\/2018\/02\/mfm.jpg 602w, https:\/\/vspoechlarn.ac.at\/wordpress\/wp-content\/uploads\/2018\/02\/mfm-350x177.jpg 350w\" sizes=\"auto, (max-width: 602px) 100vw, 602px\" \/><\/a>            <\/div>\r\n        <\/div>\r\n    \r\n<\/div>\n<\/div>\n<hr \/>\n<h1>2018\/19<\/h1>\n<p>Das neue Schuljahr 2018\/2019 startete der Elternverein am 1. Wochenende nach den Ferien mit einem Stand bei der Gro\u00dfelternerlebniswerkstatt\/2. Kn\u00f6deltag.<\/p>\n<p>Wir versorgten die Besucher mit Getr\u00e4nken und einem \u201eLeberk\u00e4skn\u00f6del\u201c .<\/p>\n<p>Bei traumhaftem Wetter war es ein sehr gelungenes Wochenende.<\/p>\n\n<p>Am 8. November 2018 wurde unsere allj\u00e4hrliche Jahreshauptversammlung mit Wahl des neuen Vorstandes im Gasthaus \u201eWaldis Bierstadl\u201c abgehalten.<\/p>\n<p>Der neue Vorstand setzt sich wie folgt zusammen:<\/p>\n<p>Obfrau:\u00a0 Helga Renner<\/p>\n<p>Stellv. Obfrau :\u00a0 Roswitha Sandwieser<\/p>\n<p>Schriftf\u00fchrerin:\u00a0 Karin Fischer<\/p>\n<p>Stellv. Schriftf\u00fchrerin:\u00a0 Barbara Neuhauser<\/p>\n<p>Kassierin:\u00a0 Christina Peham<\/p>\n<p>Stellv. Kassierin: Caroline Ramharter<\/p>\n<p>Rechnungspr\u00fcferin: Doris Kranawetter und Daniela Wieland<\/p>\n<p>&nbsp;<\/p>\n<p>Ein sehr gro\u00dfes Dankesch\u00f6n geb\u00fchrt unserem scheidenden Obmann Anton Woldrich.<\/p>\n<p>Er hat die letzten beiden Jahre mit viel Einsatz und Spa\u00df den Elternverein geleitet und es machte gro\u00dfes Vergn\u00fcgen mit ihm bei diversen Veranstaltungen zusammen zu arbeiten.<\/p>\n<p>Damit hat er auch einen sehr guten Grundstock f\u00fcr den neuen Vorstand gelegt.<\/p>\n<p>&nbsp;<\/p>\n<p>&nbsp;<\/p>\n<p>Im November durften wir dann beim \u201eLichterglanz\u201c in der G\u00e4rtnerei Fuchs Gl\u00fchwein, Kinderpunsch und Maroni ausschenken.\u00a0 Danke an Jasmin Fuchs f\u00fcr diese tolle Gelegenheit Geld f\u00fcr unsere Kinder einzunehmen.<\/p>\n\n<p>&nbsp;<\/p>\n<p>Unsere letzte Veranstaltung in diesem Jahr war der allj\u00e4hrliche Weihnachtsmarkt der Gemeinde.<\/p>\n<p>Hier durften wir wieder einen Stand betreiben und Punsch, Gl\u00fchwein, Leberk\u00e4sesemmel und die guten selbst gebackenen Kekse der Eltern verkaufen.<\/p>\n<p>Danke an alle die so flei\u00dfig gebacken haben und auch an alle die an den beiden Tagen beim Verkauf geholfen haben.<\/p>\n<div id=\"gallery_861_11\" class=\"row\">\r\n\t    \t<div id=\"861-image-2131\" class=\"col-xs-12 col-sm-4 col-md-4\">\r\n        \t\t\t\t\t\r\n\t\t\t<div class=\"thumbnail\">\r\n        \t\t\t\t\t\r\n\t\t\t\t<a href='https:\/\/vspoechlarn.ac.at\/wordpress\/elternverein\/weihnachts3\/'><img loading=\"lazy\" decoding=\"async\" width=\"774\" height=\"435\" src=\"https:\/\/vspoechlarn.ac.at\/wordpress\/wp-content\/uploads\/2018\/12\/weihnachts3.jpg\" class=\"attachment-large size-large\" alt=\"\" srcset=\"https:\/\/vspoechlarn.ac.at\/wordpress\/wp-content\/uploads\/2018\/12\/weihnachts3.jpg 774w, https:\/\/vspoechlarn.ac.at\/wordpress\/wp-content\/uploads\/2018\/12\/weihnachts3-350x197.jpg 350w\" sizes=\"auto, (max-width: 774px) 100vw, 774px\" \/><\/a>            <\/div>\r\n        <\/div>\r\n        \t<div id=\"861-image-2132\" class=\"col-xs-12 col-sm-4 col-md-4\">\r\n        \t\t\t\t\t\r\n\t\t\t<div class=\"thumbnail\">\r\n        \t\t\t\t\t\r\n\t\t\t\t<a href='https:\/\/vspoechlarn.ac.at\/wordpress\/elternverein\/weihnachts4\/'><img loading=\"lazy\" decoding=\"async\" width=\"811\" height=\"608\" src=\"https:\/\/vspoechlarn.ac.at\/wordpress\/wp-content\/uploads\/2018\/12\/weihnachts4.jpg\" class=\"attachment-large size-large\" alt=\"\" srcset=\"https:\/\/vspoechlarn.ac.at\/wordpress\/wp-content\/uploads\/2018\/12\/weihnachts4.jpg 811w, https:\/\/vspoechlarn.ac.at\/wordpress\/wp-content\/uploads\/2018\/12\/weihnachts4-350x262.jpg 350w\" sizes=\"auto, (max-width: 811px) 100vw, 811px\" \/><\/a>            <\/div>\r\n        <\/div>\r\n    <div class=\"clearfix visible-sm-block\"><\/div>\r\n<\/div>\n<p>&nbsp;<\/p>\n<p>Mit dem tollen Einsatz und der Unterst\u00fctzung der Eltern bei diesen 3 Veranstaltungen konnten wir wieder eine gute Grundlage f\u00fcr das heurige und auch kommende Schuljahr schaffen. Damit k\u00f6nnen wir die Kinder wieder bei Heften, diversen Busfahrten, Mfm Projekt, Erste Hilfe Kurz usw. unterst\u00fctzen.<\/p>\n<h2><\/h2>\n<p>&nbsp;<\/p>\n<p>&nbsp;<\/p>\n<h2>MFM-Projekt<\/h2>\n<p>Finanzierung des Aufkl\u00e4rungsprojekts 2018<\/p>\n<div id=\"gallery_861_12\" class=\"row\">\r\n\t    \t<div id=\"861-image-1729\" class=\"col-xs-12 col-sm-4 col-md-4\">\r\n        \t\t\t\t\t\r\n\t\t\t<div class=\"thumbnail\">\r\n        \t\t\t\t\t\r\n\t\t\t\t<a href='https:\/\/vspoechlarn.ac.at\/wordpress\/mfm\/'><img loading=\"lazy\" decoding=\"async\" width=\"602\" height=\"304\" src=\"https:\/\/vspoechlarn.ac.at\/wordpress\/wp-content\/uploads\/2018\/02\/mfm.jpg\" class=\"attachment-large size-large\" alt=\"\" srcset=\"https:\/\/vspoechlarn.ac.at\/wordpress\/wp-content\/uploads\/2018\/02\/mfm.jpg 602w, https:\/\/vspoechlarn.ac.at\/wordpress\/wp-content\/uploads\/2018\/02\/mfm-350x177.jpg 350w\" sizes=\"auto, (max-width: 602px) 100vw, 602px\" \/><\/a>            <\/div>\r\n        <\/div>\r\n    \r\n<\/div>\n<hr \/>\n<h2>Fasching 2018<\/h2>\n<p>Am Faschingdienstag verw\u00f6hnte uns der Elternverein mit leckeren Faschingskrapfen.<\/p>\n<div id=\"gallery_861_13\" class=\"row\">\r\n\t    \t<div id=\"861-image-1719\" class=\"col-xs-12 col-sm-4 col-md-4\">\r\n        \t\t\t\t\t\r\n\t\t\t<div class=\"thumbnail\">\r\n        \t\t\t\t\t\r\n\t\t\t\t<a href='https:\/\/vspoechlarn.ac.at\/wordpress\/elternverein\/sony-dsc-59\/'><img loading=\"lazy\" decoding=\"async\" width=\"900\" height=\"598\" src=\"https:\/\/vspoechlarn.ac.at\/wordpress\/wp-content\/uploads\/2016\/11\/DSC08134-1024x680.jpg\" class=\"attachment-large size-large\" alt=\"\" srcset=\"https:\/\/vspoechlarn.ac.at\/wordpress\/wp-content\/uploads\/2016\/11\/DSC08134-1024x680.jpg 1024w, https:\/\/vspoechlarn.ac.at\/wordpress\/wp-content\/uploads\/2016\/11\/DSC08134-350x233.jpg 350w, https:\/\/vspoechlarn.ac.at\/wordpress\/wp-content\/uploads\/2016\/11\/DSC08134.jpg 1626w\" sizes=\"auto, (max-width: 900px) 100vw, 900px\" \/><\/a>            <\/div>\r\n        <\/div>\r\n    \r\n<\/div>\n<hr \/>\n<h2>Weihnachtsmarkt 2017<\/h2>\n<p>Am 2.\/3. Dezember haben wir sehr erfolgreich beim Weihnachtsmarkt der Stadtgemeinde die Leute mit Punsch, Gl\u00fchwein, Kinderpunsch, Keksen und Leberk\u00e4se versorgt.<\/p>\n<p>Danke an alle Eltern die uns immer tatkr\u00e4ftig mit Arbeitseinsatz und Kekspenden unterst\u00fctzen.<\/p>\n\n<hr \/>\n<h2>Roll-up<\/h2>\n<p>Die Raiffeisenbank P\u00f6chlarn und die Firma Humer sponserten uns ein Roll Up.<\/p>\n<p>Auch hierf\u00fcr ein gro\u00dfes Dankesch\u00f6n<\/p>\n<div id=\"gallery_861_15\" class=\"row\">\r\n\t    \t<div id=\"861-image-1647\" class=\"col-xs-12 col-sm-4 col-md-4\">\r\n        \t\t\t\t\t\r\n\t\t\t<div class=\"thumbnail\">\r\n        \t\t\t\t\t\r\n\t\t\t\t<a href='https:\/\/vspoechlarn.ac.at\/wordpress\/roll-up\/'><img loading=\"lazy\" decoding=\"async\" width=\"576\" height=\"1024\" src=\"https:\/\/vspoechlarn.ac.at\/wordpress\/wp-content\/uploads\/2017\/12\/Roll-Up-576x1024.jpg\" class=\"attachment-large size-large\" alt=\"\" srcset=\"https:\/\/vspoechlarn.ac.at\/wordpress\/wp-content\/uploads\/2017\/12\/Roll-Up-576x1024.jpg 576w, https:\/\/vspoechlarn.ac.at\/wordpress\/wp-content\/uploads\/2017\/12\/Roll-Up-169x300.jpg 169w, https:\/\/vspoechlarn.ac.at\/wordpress\/wp-content\/uploads\/2017\/12\/Roll-Up.jpg 608w\" sizes=\"auto, (max-width: 576px) 100vw, 576px\" \/><\/a>            <\/div>\r\n        <\/div>\r\n    \r\n<\/div>\n<hr \/>\n<h3>Wir\u00a0 starten hoch motiviert ins neue Schuljahr 2017\/18.<\/h3>\n<p>Im September durften wir bei der Er\u00f6ffnung der G\u00e4rtnerei Fuchs ein Kaffeehaus betreiben.<\/p>\n<p>Danke an Jasmin Fuchs f\u00fcr die Einladung dazu.<\/p>\n<div id=\"gallery_861_16\" class=\"row\">\r\n\t    \t<div id=\"861-image-1646\" class=\"col-xs-12 col-sm-4 col-md-4\">\r\n        \t\t\t\t\t\r\n\t\t\t<div class=\"thumbnail\">\r\n        \t\t\t\t\t\r\n\t\t\t\t<a href='https:\/\/vspoechlarn.ac.at\/wordpress\/eroeffnung-gaertnerei-fuchs\/'><img loading=\"lazy\" decoding=\"async\" width=\"900\" height=\"506\" src=\"https:\/\/vspoechlarn.ac.at\/wordpress\/wp-content\/uploads\/2017\/12\/Er\u00f6ffnung-G\u00e4rtnerei-Fuchs-1024x576.jpg\" class=\"attachment-large size-large\" alt=\"\" srcset=\"https:\/\/vspoechlarn.ac.at\/wordpress\/wp-content\/uploads\/2017\/12\/Er\u00f6ffnung-G\u00e4rtnerei-Fuchs-1024x576.jpg 1024w, https:\/\/vspoechlarn.ac.at\/wordpress\/wp-content\/uploads\/2017\/12\/Er\u00f6ffnung-G\u00e4rtnerei-Fuchs-350x197.jpg 350w, https:\/\/vspoechlarn.ac.at\/wordpress\/wp-content\/uploads\/2017\/12\/Er\u00f6ffnung-G\u00e4rtnerei-Fuchs.jpg 1600w\" sizes=\"auto, (max-width: 900px) 100vw, 900px\" \/><\/a>            <\/div>\r\n        <\/div>\r\n    \r\n<\/div>\n<hr \/>\n<h2>Jahreshauptversammlung<\/h2>\n<p>Bei der Jahreshauptversammlung am 10.11.17 haben wir das letzte sehr erfolgreiche Schuljahr rev\u00fc passieren lassen und neue Veranstaltungen besprochen.<\/p>\n<p>Weiters wurde der Vorstand gew\u00e4hlt:<\/p>\n<p>&nbsp;<\/p>\n<p>Obmann:\u00a0 Anton Woldrich<\/p>\n<p>Obmann Stv:\u00a0 Roswitha Sandwieser<\/p>\n<p>&nbsp;<\/p>\n<p>KassierIn:\u00a0 Christina Peham<\/p>\n<p>KassierIn Stv:\u00a0 Sonja Brandst\u00e4tter<\/p>\n<p>&nbsp;<\/p>\n<p>Schriftf\u00fchrerIn: Helga Renner<\/p>\n<p>Schriftf\u00fchrerIn Stv: Maria Schmoll<\/p>\n<p>&nbsp;<\/p>\n<p>Rechnungspr\u00fcferIn: Doris Kranawetter<\/p>\n<p>Rechdnungsp\u00fcferIn: Petra Woldrich<\/p>\n<p>&nbsp;<\/p>\n<hr \/>\n<h2>Einfach lecker&#8230;<\/h2>\n<p>&#8230;und ein voller Erfolg bei Aufhorchen und beim Familientag.<\/p>\n<div id=\"gallery_861_17\" class=\"row\">\r\n\t    \t<div id=\"861-image-1395\" class=\"col-xs-12 col-sm-4 col-md-4\">\r\n        \t\t\t\t\t\r\n\t\t\t<div class=\"thumbnail\">\r\n        \t\t\t\t\t\r\n\t\t\t\t<a href='https:\/\/vspoechlarn.ac.at\/wordpress\/elternverein\/img_5864_1\/'><img loading=\"lazy\" decoding=\"async\" width=\"900\" height=\"600\" src=\"https:\/\/vspoechlarn.ac.at\/wordpress\/wp-content\/uploads\/2016\/11\/IMG_5864_1-1024x683.jpg\" class=\"attachment-large size-large\" alt=\"\" srcset=\"https:\/\/vspoechlarn.ac.at\/wordpress\/wp-content\/uploads\/2016\/11\/IMG_5864_1-1024x683.jpg 1024w, https:\/\/vspoechlarn.ac.at\/wordpress\/wp-content\/uploads\/2016\/11\/IMG_5864_1-350x233.jpg 350w, https:\/\/vspoechlarn.ac.at\/wordpress\/wp-content\/uploads\/2016\/11\/IMG_5864_1.jpg 1620w\" sizes=\"auto, (max-width: 900px) 100vw, 900px\" \/><\/a>            <\/div>\r\n        <\/div>\r\n        \t<div id=\"861-image-1394\" class=\"col-xs-12 col-sm-4 col-md-4\">\r\n        \t\t\t\t\t\r\n\t\t\t<div class=\"thumbnail\">\r\n        \t\t\t\t\t\r\n\t\t\t\t<a href='https:\/\/vspoechlarn.ac.at\/wordpress\/elternverein\/img_5259_1\/'><img loading=\"lazy\" decoding=\"async\" width=\"900\" height=\"600\" src=\"https:\/\/vspoechlarn.ac.at\/wordpress\/wp-content\/uploads\/2016\/11\/IMG_5259_1-1024x683.jpg\" class=\"attachment-large size-large\" alt=\"\" srcset=\"https:\/\/vspoechlarn.ac.at\/wordpress\/wp-content\/uploads\/2016\/11\/IMG_5259_1-1024x683.jpg 1024w, https:\/\/vspoechlarn.ac.at\/wordpress\/wp-content\/uploads\/2016\/11\/IMG_5259_1-350x233.jpg 350w, https:\/\/vspoechlarn.ac.at\/wordpress\/wp-content\/uploads\/2016\/11\/IMG_5259_1.jpg 1619w\" sizes=\"auto, (max-width: 900px) 100vw, 900px\" \/><\/a>            <\/div>\r\n        <\/div>\r\n    <div class=\"clearfix visible-sm-block\"><\/div>\r\n<\/div>\n<hr \/>\n<h2>Sicherheitstag<\/h2>\n<p><a href=\"https:\/\/vspoechlarn.ac.at\/wordpress\/wp-content\/uploads\/2016\/11\/Urkunde.pdf\">Urkunde<\/a><\/p>\n<p>Beim Sicherheitstag verk\u00f6stigte der Elternverein die Besucher.<\/p>\n<p>&nbsp;<\/p>\n<hr \/>\n<h2>Faschingdienstag<\/h2>\n<div id=\"gallery_861_18\" class=\"row\">\r\n\t    \t<div id=\"861-image-1130\" class=\"col-xs-12 col-sm-4 col-md-4\">\r\n        \t\t\t\t\t\r\n\t\t\t<div class=\"thumbnail\">\r\n        \t\t\t\t\t\r\n\t\t\t\t<a href='https:\/\/vspoechlarn.ac.at\/wordpress\/elternverein\/sony-dsc-276\/'><img loading=\"lazy\" decoding=\"async\" width=\"900\" height=\"598\" src=\"https:\/\/vspoechlarn.ac.at\/wordpress\/wp-content\/uploads\/2016\/11\/DSC07264-1024x680.jpg\" class=\"attachment-large size-large\" alt=\"\" srcset=\"https:\/\/vspoechlarn.ac.at\/wordpress\/wp-content\/uploads\/2016\/11\/DSC07264-1024x680.jpg 1024w, https:\/\/vspoechlarn.ac.at\/wordpress\/wp-content\/uploads\/2016\/11\/DSC07264-350x233.jpg 350w, https:\/\/vspoechlarn.ac.at\/wordpress\/wp-content\/uploads\/2016\/11\/DSC07264.jpg 1626w\" sizes=\"auto, (max-width: 900px) 100vw, 900px\" \/><\/a>            <\/div>\r\n        <\/div>\r\n    \r\n<\/div>\n<hr \/>\n<h2>Jahreshauptversammlung<\/h2>\n<p>&nbsp;<\/p>\n<p>Am 3. November 2016 wurde der neue Vorstand des Elternvereins der VS P\u00f6chlarn gew\u00e4hlt.<\/p>\n<p><strong>Obmann:<\/strong> Anton Woldrich<\/p>\n<p><strong>Obmann Stellvertreterin:<\/strong> Roswitha Sandwieser<\/p>\n<p><strong>Schriftf\u00fchrerin:<\/strong> Helga Renner<\/p>\n<p><strong>Schriftf\u00fchrerin Stv.:<\/strong> Maria Schmoll<\/p>\n<p><strong>Kassierin:<\/strong> Bianca Wippel<\/p>\n<p><strong>Kassierin Stv.:<\/strong> Sonja Brandst\u00e4tter<\/p>\n<p><strong>Rechnungspr\u00fcferin:<\/strong> Doris Kranawetter<\/p>\n<p><strong>Rechnungspr\u00fcferin:<\/strong> Christina Peham<\/p>\n<p>&nbsp;<\/p>\n<p>Ein herzliches Dankesch\u00f6n f\u00fcr die tolle Arbeit der letzten Jahre gilt dem alten Team rund um Obfrau Daniela Franek.<\/p>\n<hr \/>\n","protected":false},"excerpt":{"rendered":"<p>Faschingskrapfen Auch heuer gab es f\u00fcr die M\u00e4dchen und Buben vom Elternverein k\u00f6stliche Krapfen, die in der gro\u00dfen Pause an die Kinder verteilt wurden. \u00a0und danach ging es zum Faschingsumzug [&hellip;]<\/p>\n","protected":false},"author":1,"featured_media":0,"parent":0,"menu_order":0,"comment_status":"closed","ping_status":"closed","template":"","meta":{"footnotes":""},"class_list":["post-861","page","type-page","status-publish","hentry"],"_links":{"self":[{"href":"https:\/\/vspoechlarn.ac.at\/wordpress\/wp-json\/wp\/v2\/pages\/861","targetHints":{"allow":["GET"]}}],"collection":[{"href":"https:\/\/vspoechlarn.ac.at\/wordpress\/wp-json\/wp\/v2\/pages"}],"about":[{"href":"https:\/\/vspoechlarn.ac.at\/wordpress\/wp-json\/wp\/v2\/types\/page"}],"author":[{"embeddable":true,"href":"https:\/\/vspoechlarn.ac.at\/wordpress\/wp-json\/wp\/v2\/users\/1"}],"replies":[{"embeddable":true,"href":"https:\/\/vspoechlarn.ac.at\/wordpress\/wp-json\/wp\/v2\/comments?post=861"}],"version-history":[{"count":30,"href":"https:\/\/vspoechlarn.ac.at\/wordpress\/wp-json\/wp\/v2\/pages\/861\/revisions"}],"predecessor-version":[{"id":5286,"href":"https:\/\/vspoechlarn.ac.at\/wordpress\/wp-json\/wp\/v2\/pages\/861\/revisions\/5286"}],"wp:attachment":[{"href":"https:\/\/vspoechlarn.ac.at\/wordpress\/wp-json\/wp\/v2\/media?parent=861"}],"curies":[{"name":"wp","href":"https:\/\/api.w.org\/{rel}","templated":true}]}}