{"id":793,"date":"2016-09-09T22:38:00","date_gmt":"2016-09-09T20:38:00","guid":{"rendered":"http:\/\/vspoechlarn.ac.at\/wordpress\/?page_id=793"},"modified":"2016-12-12T12:42:39","modified_gmt":"2016-12-12T11:42:39","slug":"2016-17","status":"publish","type":"page","link":"https:\/\/vspoechlarn.ac.at\/wordpress\/2016-17\/","title":{"rendered":"2016-17"},"content":{"rendered":"<h1>Vorschulklasse<\/h1>\n<p><span style=\"text-decoration: underline;\">Klassenlehrerin:<\/span> vVL Ursula Bacher<\/p>\n<p>11 Sch\u00fclerInnen<\/p>\n<div id=\"gallery_793_1\" class=\"row\">\r\n\t    \t<div id=\"793-image-918\" class=\"col-xs-12 col-sm-12 col-md-12\">\r\n        \t\t\t\t\t\r\n\t\t\t<div class=\"thumbnail\">\r\n        \t\t\t\t\t\r\n\t\t\t\t<a href='https:\/\/vspoechlarn.ac.at\/wordpress\/2016-17\/vkl\/'><img loading=\"lazy\" decoding=\"async\" width=\"350\" height=\"263\" src=\"https:\/\/vspoechlarn.ac.at\/wordpress\/wp-content\/uploads\/2016\/09\/VKl-350x263.jpg\" class=\"attachment-medium size-medium\" alt=\"\" srcset=\"https:\/\/vspoechlarn.ac.at\/wordpress\/wp-content\/uploads\/2016\/09\/VKl-350x263.jpg 350w, https:\/\/vspoechlarn.ac.at\/wordpress\/wp-content\/uploads\/2016\/09\/VKl-1024x771.jpg 1024w, https:\/\/vspoechlarn.ac.at\/wordpress\/wp-content\/uploads\/2016\/09\/VKl.jpg 1435w\" sizes=\"auto, (max-width: 350px) 100vw, 350px\" \/><\/a>            <\/div>\r\n        <\/div>\r\n    <div class=\"clearfix visible-md-block visible-lg-block\"><\/div>\r\n<\/div>\n<hr \/>\n<h1>1 a<\/h1>\n<p><span style=\"text-decoration: underline;\">Klassenlehrerin:<\/span> vOL Doris Langer<\/p>\n<p>14 Sch\u00fclerInnen<\/p>\n<div id=\"gallery_793_2\" class=\"row\">\r\n\t    \t<div id=\"793-image-906\" class=\"col-xs-12 col-sm-12 col-md-12\">\r\n        \t\t\t\t\t\r\n\t\t\t<div class=\"thumbnail\">\r\n        \t\t\t\t\t\r\n\t\t\t\t<a href='https:\/\/vspoechlarn.ac.at\/wordpress\/2016-17\/1a-2\/'><img loading=\"lazy\" decoding=\"async\" width=\"350\" height=\"263\" src=\"https:\/\/vspoechlarn.ac.at\/wordpress\/wp-content\/uploads\/2016\/09\/1a-350x263.jpg\" class=\"attachment-medium size-medium\" alt=\"\" srcset=\"https:\/\/vspoechlarn.ac.at\/wordpress\/wp-content\/uploads\/2016\/09\/1a-350x263.jpg 350w, https:\/\/vspoechlarn.ac.at\/wordpress\/wp-content\/uploads\/2016\/09\/1a-1024x770.jpg 1024w\" sizes=\"auto, (max-width: 350px) 100vw, 350px\" \/><\/a>            <\/div>\r\n        <\/div>\r\n    <div class=\"clearfix visible-md-block visible-lg-block\"><\/div>\r\n<\/div>\n<hr \/>\n<h1>1 b<\/h1>\n<p><span style=\"text-decoration: underline;\">Klassenlehrerin:<\/span> vOL Birgit Rausch<\/p>\n<p>14 Sch\u00fclerInnen<\/p>\n<div id=\"gallery_793_3\" class=\"row\">\r\n\t    \t<div id=\"793-image-907\" class=\"col-xs-12 col-sm-12 col-md-12\">\r\n        \t\t\t\t\t\r\n\t\t\t<div class=\"thumbnail\">\r\n        \t\t\t\t\t\r\n\t\t\t\t<a href='https:\/\/vspoechlarn.ac.at\/wordpress\/2016-17\/1b-2\/'><img loading=\"lazy\" decoding=\"async\" width=\"350\" height=\"263\" src=\"https:\/\/vspoechlarn.ac.at\/wordpress\/wp-content\/uploads\/2016\/09\/1b-350x263.jpg\" class=\"attachment-medium size-medium\" alt=\"\" srcset=\"https:\/\/vspoechlarn.ac.at\/wordpress\/wp-content\/uploads\/2016\/09\/1b-350x263.jpg 350w, https:\/\/vspoechlarn.ac.at\/wordpress\/wp-content\/uploads\/2016\/09\/1b-1024x770.jpg 1024w\" sizes=\"auto, (max-width: 350px) 100vw, 350px\" \/><\/a>            <\/div>\r\n        <\/div>\r\n    <div class=\"clearfix visible-md-block visible-lg-block\"><\/div>\r\n<\/div>\n<hr \/>\n<h1>2 a<\/h1>\n<p><span style=\"text-decoration: underline;\">Klassenlehrerin:<\/span> vVL Erna Mayerhofer<\/p>\n<p><span style=\"text-decoration: underline;\">Integrationslehrerin:<\/span> vSL Brigitte K\u00f6ck<\/p>\n<p>18 Sch\u00fclerInnen<\/p>\n<div id=\"gallery_793_4\" class=\"row\">\r\n\t    \t<div id=\"793-image-908\" class=\"col-xs-12 col-sm-12 col-md-12\">\r\n        \t\t\t\t\t\r\n\t\t\t<div class=\"thumbnail\">\r\n        \t\t\t\t\t\r\n\t\t\t\t<a href='https:\/\/vspoechlarn.ac.at\/wordpress\/2016-17\/2a-2\/'><img loading=\"lazy\" decoding=\"async\" width=\"350\" height=\"263\" src=\"https:\/\/vspoechlarn.ac.at\/wordpress\/wp-content\/uploads\/2016\/09\/2a-350x263.jpg\" class=\"attachment-medium size-medium\" alt=\"\" srcset=\"https:\/\/vspoechlarn.ac.at\/wordpress\/wp-content\/uploads\/2016\/09\/2a-350x263.jpg 350w, https:\/\/vspoechlarn.ac.at\/wordpress\/wp-content\/uploads\/2016\/09\/2a-1024x770.jpg 1024w, https:\/\/vspoechlarn.ac.at\/wordpress\/wp-content\/uploads\/2016\/09\/2a.jpg 1436w\" sizes=\"auto, (max-width: 350px) 100vw, 350px\" \/><\/a>            <\/div>\r\n        <\/div>\r\n    <div class=\"clearfix visible-md-block visible-lg-block\"><\/div>\r\n<\/div>\n<p>&nbsp;<\/p>\n<hr \/>\n<h1>2 b<\/h1>\n<p><span style=\"text-decoration: underline;\">Klassenlehrerin:<\/span> vOL Elisabeth Atzm\u00fcller<\/p>\n<p>17 Sch\u00fclerInnen<\/p>\n<div id=\"gallery_793_5\" class=\"row\">\r\n\t    \t<div id=\"793-image-909\" class=\"col-xs-12 col-sm-12 col-md-12\">\r\n        \t\t\t\t\t\r\n\t\t\t<div class=\"thumbnail\">\r\n        \t\t\t\t\t\r\n\t\t\t\t<a href='https:\/\/vspoechlarn.ac.at\/wordpress\/2016-17\/2b-2\/'><img loading=\"lazy\" decoding=\"async\" width=\"350\" height=\"263\" src=\"https:\/\/vspoechlarn.ac.at\/wordpress\/wp-content\/uploads\/2016\/09\/2b-350x263.jpg\" class=\"attachment-medium size-medium\" alt=\"\" srcset=\"https:\/\/vspoechlarn.ac.at\/wordpress\/wp-content\/uploads\/2016\/09\/2b-350x263.jpg 350w, https:\/\/vspoechlarn.ac.at\/wordpress\/wp-content\/uploads\/2016\/09\/2b-1024x770.jpg 1024w\" sizes=\"auto, (max-width: 350px) 100vw, 350px\" \/><\/a>            <\/div>\r\n        <\/div>\r\n    <div class=\"clearfix visible-md-block visible-lg-block\"><\/div>\r\n<\/div>\n<hr \/>\n<h1>3 a<\/h1>\n<p><span style=\"text-decoration: underline;\">Klassenlehrerin:<\/span> vVL Nina Ess<\/p>\n<p>14 Sch\u00fclerInnen<\/p>\n<div id=\"gallery_793_6\" class=\"row\">\r\n\t    \t<div id=\"793-image-910\" class=\"col-xs-12 col-sm-12 col-md-12\">\r\n        \t\t\t\t\t\r\n\t\t\t<div class=\"thumbnail\">\r\n        \t\t\t\t\t\r\n\t\t\t\t<a href='https:\/\/vspoechlarn.ac.at\/wordpress\/2016-17\/3a-2\/'><img loading=\"lazy\" decoding=\"async\" width=\"350\" height=\"263\" src=\"https:\/\/vspoechlarn.ac.at\/wordpress\/wp-content\/uploads\/2016\/09\/3a-350x263.jpg\" class=\"attachment-medium size-medium\" alt=\"\" srcset=\"https:\/\/vspoechlarn.ac.at\/wordpress\/wp-content\/uploads\/2016\/09\/3a-350x263.jpg 350w, https:\/\/vspoechlarn.ac.at\/wordpress\/wp-content\/uploads\/2016\/09\/3a-1024x771.jpg 1024w\" sizes=\"auto, (max-width: 350px) 100vw, 350px\" \/><\/a>            <\/div>\r\n        <\/div>\r\n    <div class=\"clearfix visible-md-block visible-lg-block\"><\/div>\r\n<\/div>\n<hr \/>\n<h1>3 b<\/h1>\n<p><span style=\"text-decoration: underline;\">Klassenlehrerin:<\/span> vVL Lisa Handl<\/p>\n<p>14 Sch\u00fclerInnen<\/p>\n<div id=\"gallery_793_7\" class=\"row\">\r\n\t    \t<div id=\"793-image-911\" class=\"col-xs-12 col-sm-12 col-md-12\">\r\n        \t\t\t\t\t\r\n\t\t\t<div class=\"thumbnail\">\r\n        \t\t\t\t\t\r\n\t\t\t\t<a href='https:\/\/vspoechlarn.ac.at\/wordpress\/2016-17\/3b-2\/'><img loading=\"lazy\" decoding=\"async\" width=\"350\" height=\"263\" src=\"https:\/\/vspoechlarn.ac.at\/wordpress\/wp-content\/uploads\/2016\/09\/3b-350x263.jpg\" class=\"attachment-medium size-medium\" alt=\"\" srcset=\"https:\/\/vspoechlarn.ac.at\/wordpress\/wp-content\/uploads\/2016\/09\/3b-350x263.jpg 350w, https:\/\/vspoechlarn.ac.at\/wordpress\/wp-content\/uploads\/2016\/09\/3b-1024x770.jpg 1024w, https:\/\/vspoechlarn.ac.at\/wordpress\/wp-content\/uploads\/2016\/09\/3b.jpg 1435w\" sizes=\"auto, (max-width: 350px) 100vw, 350px\" \/><\/a>            <\/div>\r\n        <\/div>\r\n    <div class=\"clearfix visible-md-block visible-lg-block\"><\/div>\r\n<\/div>\n<hr \/>\n<h1>4 a<\/h1>\n<p><span style=\"text-decoration: underline;\">Klassenlehrerin:<\/span> vOL Regina Eder<\/p>\n<p><span style=\"text-decoration: underline;\">Integrationslehrerin:<\/span> vSL Maria Hintersteiner<\/p>\n<p>21 Sch\u00fclerInnen<\/p>\n<div id=\"gallery_793_8\" class=\"row\">\r\n\t    \t<div id=\"793-image-912\" class=\"col-xs-12 col-sm-12 col-md-12\">\r\n        \t\t\t\t\t\r\n\t\t\t<div class=\"thumbnail\">\r\n        \t\t\t\t\t\r\n\t\t\t\t<a href='https:\/\/vspoechlarn.ac.at\/wordpress\/2016-17\/4a-2\/'><img loading=\"lazy\" decoding=\"async\" width=\"350\" height=\"263\" src=\"https:\/\/vspoechlarn.ac.at\/wordpress\/wp-content\/uploads\/2016\/09\/4a-350x263.jpg\" class=\"attachment-medium size-medium\" alt=\"\" srcset=\"https:\/\/vspoechlarn.ac.at\/wordpress\/wp-content\/uploads\/2016\/09\/4a-350x263.jpg 350w, https:\/\/vspoechlarn.ac.at\/wordpress\/wp-content\/uploads\/2016\/09\/4a-1024x770.jpg 1024w, https:\/\/vspoechlarn.ac.at\/wordpress\/wp-content\/uploads\/2016\/09\/4a.jpg 1437w\" sizes=\"auto, (max-width: 350px) 100vw, 350px\" \/><\/a>            <\/div>\r\n        <\/div>\r\n    <div class=\"clearfix visible-md-block visible-lg-block\"><\/div>\r\n<\/div>\n<hr \/>\n<h1>4 b<\/h1>\n<p><span style=\"text-decoration: underline;\">Klassenlehrerin:<\/span> vVL Beatrix Haberhauer<\/p>\n<p>21 Sch\u00fclerInnen<\/p>\n<div id=\"gallery_793_9\" class=\"row\">\r\n\t    \t<div id=\"793-image-913\" class=\"col-xs-12 col-sm-12 col-md-12\">\r\n        \t\t\t\t\t\r\n\t\t\t<div class=\"thumbnail\">\r\n        \t\t\t\t\t\r\n\t\t\t\t<a href='https:\/\/vspoechlarn.ac.at\/wordpress\/2016-17\/4b-2\/'><img loading=\"lazy\" decoding=\"async\" width=\"350\" height=\"263\" src=\"https:\/\/vspoechlarn.ac.at\/wordpress\/wp-content\/uploads\/2016\/09\/4b-350x263.jpg\" class=\"attachment-medium size-medium\" alt=\"\" srcset=\"https:\/\/vspoechlarn.ac.at\/wordpress\/wp-content\/uploads\/2016\/09\/4b-350x263.jpg 350w, https:\/\/vspoechlarn.ac.at\/wordpress\/wp-content\/uploads\/2016\/09\/4b-1024x771.jpg 1024w, https:\/\/vspoechlarn.ac.at\/wordpress\/wp-content\/uploads\/2016\/09\/4b.jpg 1435w\" sizes=\"auto, (max-width: 350px) 100vw, 350px\" \/><\/a>            <\/div>\r\n        <\/div>\r\n    <div class=\"clearfix visible-md-block visible-lg-block\"><\/div>\r\n<\/div>\n","protected":false},"excerpt":{"rendered":"<p>Vorschulklasse Klassenlehrerin: vVL Ursula Bacher 11 Sch\u00fclerInnen 1 a Klassenlehrerin: vOL Doris Langer 14 Sch\u00fclerInnen 1 b Klassenlehrerin: vOL Birgit Rausch 14 Sch\u00fclerInnen 2 a Klassenlehrerin: vVL Erna Mayerhofer Integrationslehrerin: [&hellip;]<\/p>\n","protected":false},"author":1,"featured_media":0,"parent":0,"menu_order":0,"comment_status":"closed","ping_status":"closed","template":"","meta":{"footnotes":""},"class_list":["post-793","page","type-page","status-publish","hentry"],"_links":{"self":[{"href":"https:\/\/vspoechlarn.ac.at\/wordpress\/wp-json\/wp\/v2\/pages\/793","targetHints":{"allow":["GET"]}}],"collection":[{"href":"https:\/\/vspoechlarn.ac.at\/wordpress\/wp-json\/wp\/v2\/pages"}],"about":[{"href":"https:\/\/vspoechlarn.ac.at\/wordpress\/wp-json\/wp\/v2\/types\/page"}],"author":[{"embeddable":true,"href":"https:\/\/vspoechlarn.ac.at\/wordpress\/wp-json\/wp\/v2\/users\/1"}],"replies":[{"embeddable":true,"href":"https:\/\/vspoechlarn.ac.at\/wordpress\/wp-json\/wp\/v2\/comments?post=793"}],"version-history":[{"count":12,"href":"https:\/\/vspoechlarn.ac.at\/wordpress\/wp-json\/wp\/v2\/pages\/793\/revisions"}],"predecessor-version":[{"id":925,"href":"https:\/\/vspoechlarn.ac.at\/wordpress\/wp-json\/wp\/v2\/pages\/793\/revisions\/925"}],"wp:attachment":[{"href":"https:\/\/vspoechlarn.ac.at\/wordpress\/wp-json\/wp\/v2\/media?parent=793"}],"curies":[{"name":"wp","href":"https:\/\/api.w.org\/{rel}","templated":true}]}}