{"id":5547,"date":"2025-08-19T09:41:48","date_gmt":"2025-08-19T07:41:48","guid":{"rendered":"https:\/\/vspoechlarn.ac.at\/wordpress\/?page_id=5547"},"modified":"2026-01-09T08:07:28","modified_gmt":"2026-01-09T07:07:28","slug":"2025-26-2","status":"publish","type":"page","link":"https:\/\/vspoechlarn.ac.at\/wordpress\/2025-26-2\/","title":{"rendered":"2025-26"},"content":{"rendered":"<h2>1a<\/h2>\n<p>Klassenlehrerin: VOL Elisabeth Atzm\u00fcller<\/p>\n<p>16 Sch\u00fcler*innen<\/p>\n<div id=\"gallery_5547_1\" class=\"row\">\r\n\t    \t<div id=\"5547-image-5774\" class=\"col-xs-12 col-sm-4 col-md-4\">\r\n        \t\t\t\t\t\r\n\t\t\t<div class=\"thumbnail\">\r\n        \t\t\t\t\t\r\n\t\t\t\t<a href='https:\/\/vspoechlarn.ac.at\/wordpress\/2025-26-2\/pk18b004-2\/'><img loading=\"lazy\" decoding=\"async\" width=\"900\" height=\"678\" src=\"https:\/\/vspoechlarn.ac.at\/wordpress\/wp-content\/uploads\/2026\/01\/PK18B004-1024x771.jpg\" class=\"attachment-large size-large\" alt=\"\" srcset=\"https:\/\/vspoechlarn.ac.at\/wordpress\/wp-content\/uploads\/2026\/01\/PK18B004-1024x771.jpg 1024w, https:\/\/vspoechlarn.ac.at\/wordpress\/wp-content\/uploads\/2026\/01\/PK18B004-350x264.jpg 350w, https:\/\/vspoechlarn.ac.at\/wordpress\/wp-content\/uploads\/2026\/01\/PK18B004-250x188.jpg 250w, https:\/\/vspoechlarn.ac.at\/wordpress\/wp-content\/uploads\/2026\/01\/PK18B004-1536x1157.jpg 1536w, https:\/\/vspoechlarn.ac.at\/wordpress\/wp-content\/uploads\/2026\/01\/PK18B004-2048x1542.jpg 2048w, https:\/\/vspoechlarn.ac.at\/wordpress\/wp-content\/uploads\/2026\/01\/PK18B004-scaled.jpg 1434w\" sizes=\"auto, (max-width: 900px) 100vw, 900px\" \/><\/a>            <\/div>\r\n        <\/div>\r\n    \r\n<\/div>\n<hr \/>\n<h2>1b<\/h2>\n<p>Klassenlehrerin: vVL Beatrix Schersch<\/p>\n<p>18 Sch\u00fcler*innen<\/p>\n<div id=\"gallery_5547_2\" class=\"row\">\r\n\t    \t<div id=\"5547-image-5773\" class=\"col-xs-12 col-sm-4 col-md-4\">\r\n        \t\t\t\t\t\r\n\t\t\t<div class=\"thumbnail\">\r\n        \t\t\t\t\t\r\n\t\t\t\t<a href='https:\/\/vspoechlarn.ac.at\/wordpress\/2025-26-2\/pk19b006-2\/'><img loading=\"lazy\" decoding=\"async\" width=\"900\" height=\"677\" src=\"https:\/\/vspoechlarn.ac.at\/wordpress\/wp-content\/uploads\/2026\/01\/PK19B006-1024x770.jpg\" class=\"attachment-large size-large\" alt=\"\" srcset=\"https:\/\/vspoechlarn.ac.at\/wordpress\/wp-content\/uploads\/2026\/01\/PK19B006-1024x770.jpg 1024w, https:\/\/vspoechlarn.ac.at\/wordpress\/wp-content\/uploads\/2026\/01\/PK19B006-350x263.jpg 350w, https:\/\/vspoechlarn.ac.at\/wordpress\/wp-content\/uploads\/2026\/01\/PK19B006-250x188.jpg 250w, https:\/\/vspoechlarn.ac.at\/wordpress\/wp-content\/uploads\/2026\/01\/PK19B006-1536x1156.jpg 1536w, https:\/\/vspoechlarn.ac.at\/wordpress\/wp-content\/uploads\/2026\/01\/PK19B006-2048x1541.jpg 2048w, https:\/\/vspoechlarn.ac.at\/wordpress\/wp-content\/uploads\/2026\/01\/PK19B006-scaled.jpg 1436w\" sizes=\"auto, (max-width: 900px) 100vw, 900px\" \/><\/a>            <\/div>\r\n        <\/div>\r\n    \r\n<\/div>\n<hr \/>\n<h2>2a<\/h2>\n<p>Klassenlehrerin: VOL Doris Langer<\/p>\n<p>16 Sch\u00fcler*innen<\/p>\n<div id=\"gallery_5547_3\" class=\"row\">\r\n\t    \t<div id=\"5547-image-5775\" class=\"col-xs-12 col-sm-4 col-md-4\">\r\n        \t\t\t\t\t\r\n\t\t\t<div class=\"thumbnail\">\r\n        \t\t\t\t\t\r\n\t\t\t\t<a href='https:\/\/vspoechlarn.ac.at\/wordpress\/2025-26-2\/pk17b018\/'><img loading=\"lazy\" decoding=\"async\" width=\"900\" height=\"677\" src=\"https:\/\/vspoechlarn.ac.at\/wordpress\/wp-content\/uploads\/2026\/01\/PK17B018-1024x770.jpg\" class=\"attachment-large size-large\" alt=\"\" srcset=\"https:\/\/vspoechlarn.ac.at\/wordpress\/wp-content\/uploads\/2026\/01\/PK17B018-1024x770.jpg 1024w, https:\/\/vspoechlarn.ac.at\/wordpress\/wp-content\/uploads\/2026\/01\/PK17B018-350x263.jpg 350w, https:\/\/vspoechlarn.ac.at\/wordpress\/wp-content\/uploads\/2026\/01\/PK17B018-250x188.jpg 250w, https:\/\/vspoechlarn.ac.at\/wordpress\/wp-content\/uploads\/2026\/01\/PK17B018-1536x1155.jpg 1536w, https:\/\/vspoechlarn.ac.at\/wordpress\/wp-content\/uploads\/2026\/01\/PK17B018-2048x1540.jpg 2048w, https:\/\/vspoechlarn.ac.at\/wordpress\/wp-content\/uploads\/2026\/01\/PK17B018-scaled.jpg 1436w\" sizes=\"auto, (max-width: 900px) 100vw, 900px\" \/><\/a>            <\/div>\r\n        <\/div>\r\n    \r\n<\/div>\n<hr \/>\n<h2>2b<\/h2>\n<p>Klassenlehrerin: vVL Nina Ess<\/p>\n<p>15 Sch\u00fcler*innen<\/p>\n<div id=\"gallery_5547_4\" class=\"row\">\r\n\t    \t<div id=\"5547-image-5780\" class=\"col-xs-12 col-sm-4 col-md-4\">\r\n        \t\t\t\t\t\r\n\t\t\t<div class=\"thumbnail\">\r\n        \t\t\t\t\t\r\n\t\t\t\t<a href='https:\/\/vspoechlarn.ac.at\/wordpress\/2025-26-2\/pk15b025-2\/'><img loading=\"lazy\" decoding=\"async\" width=\"900\" height=\"678\" src=\"https:\/\/vspoechlarn.ac.at\/wordpress\/wp-content\/uploads\/2026\/01\/PK15B025-2-1024x771.jpg\" class=\"attachment-large size-large\" alt=\"\" srcset=\"https:\/\/vspoechlarn.ac.at\/wordpress\/wp-content\/uploads\/2026\/01\/PK15B025-2-1024x771.jpg 1024w, https:\/\/vspoechlarn.ac.at\/wordpress\/wp-content\/uploads\/2026\/01\/PK15B025-2-350x263.jpg 350w, https:\/\/vspoechlarn.ac.at\/wordpress\/wp-content\/uploads\/2026\/01\/PK15B025-2-250x188.jpg 250w, https:\/\/vspoechlarn.ac.at\/wordpress\/wp-content\/uploads\/2026\/01\/PK15B025-2-1536x1156.jpg 1536w, https:\/\/vspoechlarn.ac.at\/wordpress\/wp-content\/uploads\/2026\/01\/PK15B025-2-2048x1541.jpg 2048w, https:\/\/vspoechlarn.ac.at\/wordpress\/wp-content\/uploads\/2026\/01\/PK15B025-2-scaled.jpg 1436w\" sizes=\"auto, (max-width: 900px) 100vw, 900px\" \/><\/a>            <\/div>\r\n        <\/div>\r\n    \r\n<\/div>\n<hr \/>\n<h2>3a<\/h2>\n<p>Klassenlehrerin: Christina Crepaz<\/p>\n<p>15 Sch\u00fcler*innen<\/p>\n<div id=\"gallery_5547_5\" class=\"row\">\r\n\t    \t<div id=\"5547-image-5779\" class=\"col-xs-12 col-sm-4 col-md-4\">\r\n        \t\t\t\t\t\r\n\t\t\t<div class=\"thumbnail\">\r\n        \t\t\t\t\t\r\n\t\t\t\t<a href='https:\/\/vspoechlarn.ac.at\/wordpress\/2025-26-2\/pk14b007-2\/'><img loading=\"lazy\" decoding=\"async\" width=\"900\" height=\"678\" src=\"https:\/\/vspoechlarn.ac.at\/wordpress\/wp-content\/uploads\/2026\/01\/PK14B007-2-1024x771.jpg\" class=\"attachment-large size-large\" alt=\"\" srcset=\"https:\/\/vspoechlarn.ac.at\/wordpress\/wp-content\/uploads\/2026\/01\/PK14B007-2-1024x771.jpg 1024w, https:\/\/vspoechlarn.ac.at\/wordpress\/wp-content\/uploads\/2026\/01\/PK14B007-2-350x263.jpg 350w, https:\/\/vspoechlarn.ac.at\/wordpress\/wp-content\/uploads\/2026\/01\/PK14B007-2-250x188.jpg 250w, https:\/\/vspoechlarn.ac.at\/wordpress\/wp-content\/uploads\/2026\/01\/PK14B007-2-1536x1156.jpg 1536w, https:\/\/vspoechlarn.ac.at\/wordpress\/wp-content\/uploads\/2026\/01\/PK14B007-2-2048x1542.jpg 2048w, https:\/\/vspoechlarn.ac.at\/wordpress\/wp-content\/uploads\/2026\/01\/PK14B007-2-scaled.jpg 1435w\" sizes=\"auto, (max-width: 900px) 100vw, 900px\" \/><\/a>            <\/div>\r\n        <\/div>\r\n    \r\n<\/div>\n<hr \/>\n<h2>3b<\/h2>\n<p>Klassenleherin: vVL Christina Bayerl<\/p>\n<p>17 Sch\u00fcler*innen<\/p>\n<div id=\"gallery_5547_6\" class=\"row\">\r\n\t    \t<div id=\"5547-image-5776\" class=\"col-xs-12 col-sm-4 col-md-4\">\r\n        \t\t\t\t\t\r\n\t\t\t<div class=\"thumbnail\">\r\n        \t\t\t\t\t\r\n\t\t\t\t<a href='https:\/\/vspoechlarn.ac.at\/wordpress\/2025-26-2\/pk16b002\/'><img loading=\"lazy\" decoding=\"async\" width=\"900\" height=\"677\" src=\"https:\/\/vspoechlarn.ac.at\/wordpress\/wp-content\/uploads\/2026\/01\/PK16B002-1024x770.jpg\" class=\"attachment-large size-large\" alt=\"\" srcset=\"https:\/\/vspoechlarn.ac.at\/wordpress\/wp-content\/uploads\/2026\/01\/PK16B002-1024x770.jpg 1024w, https:\/\/vspoechlarn.ac.at\/wordpress\/wp-content\/uploads\/2026\/01\/PK16B002-350x263.jpg 350w, https:\/\/vspoechlarn.ac.at\/wordpress\/wp-content\/uploads\/2026\/01\/PK16B002-250x188.jpg 250w, https:\/\/vspoechlarn.ac.at\/wordpress\/wp-content\/uploads\/2026\/01\/PK16B002-1536x1156.jpg 1536w, https:\/\/vspoechlarn.ac.at\/wordpress\/wp-content\/uploads\/2026\/01\/PK16B002-2048x1541.jpg 2048w, https:\/\/vspoechlarn.ac.at\/wordpress\/wp-content\/uploads\/2026\/01\/PK16B002-scaled.jpg 1436w\" sizes=\"auto, (max-width: 900px) 100vw, 900px\" \/><\/a>            <\/div>\r\n        <\/div>\r\n    \r\n<\/div>\n<hr \/>\n<h2>4a<\/h2>\n<p>Klassenlehrerin: VOL Birgit Rausch<\/p>\n<p>15 Sch\u00fcler*innen<\/p>\n<div id=\"gallery_5547_7\" class=\"row\">\r\n\t    \t<div id=\"5547-image-5772\" class=\"col-xs-12 col-sm-4 col-md-4\">\r\n        \t\t\t\t\t\r\n\t\t\t<div class=\"thumbnail\">\r\n        \t\t\t\t\t\r\n\t\t\t\t<a href='https:\/\/vspoechlarn.ac.at\/wordpress\/2025-26-2\/pk12b020\/'><img loading=\"lazy\" decoding=\"async\" width=\"900\" height=\"677\" src=\"https:\/\/vspoechlarn.ac.at\/wordpress\/wp-content\/uploads\/2026\/01\/PK12B020-1024x770.jpg\" class=\"attachment-large size-large\" alt=\"\" srcset=\"https:\/\/vspoechlarn.ac.at\/wordpress\/wp-content\/uploads\/2026\/01\/PK12B020-1024x770.jpg 1024w, https:\/\/vspoechlarn.ac.at\/wordpress\/wp-content\/uploads\/2026\/01\/PK12B020-350x263.jpg 350w, https:\/\/vspoechlarn.ac.at\/wordpress\/wp-content\/uploads\/2026\/01\/PK12B020-250x188.jpg 250w, https:\/\/vspoechlarn.ac.at\/wordpress\/wp-content\/uploads\/2026\/01\/PK12B020-1536x1155.jpg 1536w, https:\/\/vspoechlarn.ac.at\/wordpress\/wp-content\/uploads\/2026\/01\/PK12B020-2048x1540.jpg 2048w, https:\/\/vspoechlarn.ac.at\/wordpress\/wp-content\/uploads\/2026\/01\/PK12B020-scaled.jpg 1436w\" sizes=\"auto, (max-width: 900px) 100vw, 900px\" \/><\/a>            <\/div>\r\n        <\/div>\r\n    \r\n<\/div>\n<hr \/>\n<h2>4b<\/h2>\n<p>Klassenlehrerin: vVL Maria Steinberger<\/p>\n<p>15 Sch\u00fcler*innen<\/p>\n<div id=\"gallery_5547_8\" class=\"row\">\r\n\t    \t<div id=\"5547-image-5785\" class=\"col-xs-12 col-sm-4 col-md-4\">\r\n        \t\t\t\t\t\r\n\t\t\t<div class=\"thumbnail\">\r\n        \t\t\t\t\t\r\n\t\t\t\t<a href='https:\/\/vspoechlarn.ac.at\/wordpress\/2025-26-2\/pk13b026\/'><img loading=\"lazy\" decoding=\"async\" width=\"900\" height=\"677\" src=\"https:\/\/vspoechlarn.ac.at\/wordpress\/wp-content\/uploads\/2026\/01\/PK13B026-1024x770.jpg\" class=\"attachment-large size-large\" alt=\"\" srcset=\"https:\/\/vspoechlarn.ac.at\/wordpress\/wp-content\/uploads\/2026\/01\/PK13B026-1024x770.jpg 1024w, https:\/\/vspoechlarn.ac.at\/wordpress\/wp-content\/uploads\/2026\/01\/PK13B026-350x263.jpg 350w, https:\/\/vspoechlarn.ac.at\/wordpress\/wp-content\/uploads\/2026\/01\/PK13B026-250x188.jpg 250w, https:\/\/vspoechlarn.ac.at\/wordpress\/wp-content\/uploads\/2026\/01\/PK13B026-1536x1155.jpg 1536w, https:\/\/vspoechlarn.ac.at\/wordpress\/wp-content\/uploads\/2026\/01\/PK13B026-2048x1541.jpg 2048w, https:\/\/vspoechlarn.ac.at\/wordpress\/wp-content\/uploads\/2026\/01\/PK13B026-scaled.jpg 1436w\" sizes=\"auto, (max-width: 900px) 100vw, 900px\" \/><\/a>            <\/div>\r\n        <\/div>\r\n    \r\n<\/div>\n","protected":false},"excerpt":{"rendered":"<p>1a Klassenlehrerin: VOL Elisabeth Atzm\u00fcller 16 Sch\u00fcler*innen 1b Klassenlehrerin: vVL Beatrix Schersch 18 Sch\u00fcler*innen 2a Klassenlehrerin: VOL Doris Langer 16 Sch\u00fcler*innen 2b Klassenlehrerin: vVL Nina Ess 15 Sch\u00fcler*innen 3a Klassenlehrerin: [&hellip;]<\/p>\n","protected":false},"author":1,"featured_media":0,"parent":0,"menu_order":0,"comment_status":"closed","ping_status":"closed","template":"","meta":{"footnotes":""},"class_list":["post-5547","page","type-page","status-publish","hentry"],"_links":{"self":[{"href":"https:\/\/vspoechlarn.ac.at\/wordpress\/wp-json\/wp\/v2\/pages\/5547","targetHints":{"allow":["GET"]}}],"collection":[{"href":"https:\/\/vspoechlarn.ac.at\/wordpress\/wp-json\/wp\/v2\/pages"}],"about":[{"href":"https:\/\/vspoechlarn.ac.at\/wordpress\/wp-json\/wp\/v2\/types\/page"}],"author":[{"embeddable":true,"href":"https:\/\/vspoechlarn.ac.at\/wordpress\/wp-json\/wp\/v2\/users\/1"}],"replies":[{"embeddable":true,"href":"https:\/\/vspoechlarn.ac.at\/wordpress\/wp-json\/wp\/v2\/comments?post=5547"}],"version-history":[{"count":11,"href":"https:\/\/vspoechlarn.ac.at\/wordpress\/wp-json\/wp\/v2\/pages\/5547\/revisions"}],"predecessor-version":[{"id":5786,"href":"https:\/\/vspoechlarn.ac.at\/wordpress\/wp-json\/wp\/v2\/pages\/5547\/revisions\/5786"}],"wp:attachment":[{"href":"https:\/\/vspoechlarn.ac.at\/wordpress\/wp-json\/wp\/v2\/media?parent=5547"}],"curies":[{"name":"wp","href":"https:\/\/api.w.org\/{rel}","templated":true}]}}