{"id":5545,"date":"2025-08-19T09:41:37","date_gmt":"2025-08-19T07:41:37","guid":{"rendered":"https:\/\/vspoechlarn.ac.at\/wordpress\/?page_id=5545"},"modified":"2025-08-19T09:52:30","modified_gmt":"2025-08-19T07:52:30","slug":"2025-26","status":"publish","type":"page","link":"https:\/\/vspoechlarn.ac.at\/wordpress\/2025-26\/","title":{"rendered":"2024-25"},"content":{"rendered":"<article id=\"post-5531\" class=\"loop_list post-5531 post type-post status-publish format-standard hentry category-allgemein\">\n<div class=\"panel panel-default\">\n<div class=\"panel-body clearfix\">\n<div class=\"fs-have-thumbnail\">\n<header class=\"entry-header\">\n<h4 class=\"entry-title\"><strong><a title=\"Permanentlink zu Leseabend der vierten Klassen\" href=\"https:\/\/vspoechlarn.ac.at\/wordpress\/2025\/06\/26\/leseabend-der-vierten-klassen\/\" rel=\"bookmark\">Leseabend der vierten Klassen<\/a><\/strong><\/h4>\n<\/header>\n<div class=\"entry-content\">\n<p>Am 25.6.2025 fand der Leseabend der beiden vierten Klassen statt. Dieser sollte einen Beitrag zur Lesef\u00f6rderung leisten und auch Spa\u00df machen. Die verschiedensten Stationen waren im gesamten Schulgeb\u00e4ude verteilt und auch an einer \u201eJausenstation\u201c konnten sich unsere Sch\u00fclerinnen und Sch\u00fcler bei doch sehr hei\u00dfen Temperaturen st\u00e4rken. Anschlie\u00dfend machten es sich unsere Kinder im Schulgarten gem\u00fctlich und lasen in ihren B\u00fcchern. Den Abschluss dieses gelungenen Abends verbrachten wir im Turnsaal!<\/p>\n<div id=\"gallery_5531_1\" class=\"row\">\n<div id=\"5531-image-5533\" class=\"col-xs-12 col-sm-4 col-md-4\">\n<div class=\"thumbnail\"><a href=\"https:\/\/vspoechlarn.ac.at\/wordpress\/2025\/06\/26\/leseabend-der-vierten-klassen\/img_5622-mittel\/\"><img loading=\"lazy\" decoding=\"async\" class=\"attachment-large size-large\" src=\"https:\/\/vspoechlarn.ac.at\/wordpress\/wp-content\/uploads\/2025\/06\/IMG_5622-Mittel.jpg\" sizes=\"auto, (max-width: 900px) 100vw, 900px\" srcset=\"https:\/\/vspoechlarn.ac.at\/wordpress\/wp-content\/uploads\/2025\/06\/IMG_5622-Mittel.jpg 1024w, https:\/\/vspoechlarn.ac.at\/wordpress\/wp-content\/uploads\/2025\/06\/IMG_5622-Mittel-350x263.jpg 350w, https:\/\/vspoechlarn.ac.at\/wordpress\/wp-content\/uploads\/2025\/06\/IMG_5622-Mittel-250x188.jpg 250w\" alt=\"\" width=\"900\" height=\"675\" \/><\/a><\/div>\n<\/div>\n<div id=\"5531-image-5534\" class=\"col-xs-12 col-sm-4 col-md-4\">\n<div class=\"thumbnail\"><a href=\"https:\/\/vspoechlarn.ac.at\/wordpress\/2025\/06\/26\/leseabend-der-vierten-klassen\/img_5624-mittel\/\"><img loading=\"lazy\" decoding=\"async\" class=\"attachment-large size-large\" src=\"https:\/\/vspoechlarn.ac.at\/wordpress\/wp-content\/uploads\/2025\/06\/IMG_5624-Mittel.jpg\" sizes=\"auto, (max-width: 900px) 100vw, 900px\" srcset=\"https:\/\/vspoechlarn.ac.at\/wordpress\/wp-content\/uploads\/2025\/06\/IMG_5624-Mittel.jpg 1024w, https:\/\/vspoechlarn.ac.at\/wordpress\/wp-content\/uploads\/2025\/06\/IMG_5624-Mittel-350x263.jpg 350w, https:\/\/vspoechlarn.ac.at\/wordpress\/wp-content\/uploads\/2025\/06\/IMG_5624-Mittel-250x188.jpg 250w\" alt=\"\" width=\"900\" height=\"675\" \/><\/a><\/div>\n<\/div>\n<div id=\"5531-image-5535\" class=\"col-xs-12 col-sm-4 col-md-4\">\n<div class=\"thumbnail\"><a href=\"https:\/\/vspoechlarn.ac.at\/wordpress\/2025\/06\/26\/leseabend-der-vierten-klassen\/img_5626-mittel\/\"><img loading=\"lazy\" decoding=\"async\" class=\"attachment-large size-large\" src=\"https:\/\/vspoechlarn.ac.at\/wordpress\/wp-content\/uploads\/2025\/06\/IMG_5626-Mittel.jpg\" sizes=\"auto, (max-width: 900px) 100vw, 900px\" srcset=\"https:\/\/vspoechlarn.ac.at\/wordpress\/wp-content\/uploads\/2025\/06\/IMG_5626-Mittel.jpg 1024w, https:\/\/vspoechlarn.ac.at\/wordpress\/wp-content\/uploads\/2025\/06\/IMG_5626-Mittel-350x263.jpg 350w, https:\/\/vspoechlarn.ac.at\/wordpress\/wp-content\/uploads\/2025\/06\/IMG_5626-Mittel-250x188.jpg 250w\" alt=\"\" width=\"900\" height=\"675\" \/><\/a><\/div>\n<\/div>\n<div class=\"clearfix visible-md-block visible-lg-block\"><\/div>\n<div id=\"5531-image-5536\" class=\"col-xs-12 col-sm-4 col-md-4\">\n<div class=\"thumbnail\"><a href=\"https:\/\/vspoechlarn.ac.at\/wordpress\/2025\/06\/26\/leseabend-der-vierten-klassen\/img_5627-mittel\/\"><img loading=\"lazy\" decoding=\"async\" class=\"attachment-large size-large\" src=\"https:\/\/vspoechlarn.ac.at\/wordpress\/wp-content\/uploads\/2025\/06\/IMG_5627-Mittel.jpg\" sizes=\"auto, (max-width: 900px) 100vw, 900px\" srcset=\"https:\/\/vspoechlarn.ac.at\/wordpress\/wp-content\/uploads\/2025\/06\/IMG_5627-Mittel.jpg 1024w, https:\/\/vspoechlarn.ac.at\/wordpress\/wp-content\/uploads\/2025\/06\/IMG_5627-Mittel-350x263.jpg 350w, https:\/\/vspoechlarn.ac.at\/wordpress\/wp-content\/uploads\/2025\/06\/IMG_5627-Mittel-250x188.jpg 250w\" alt=\"\" width=\"900\" height=\"675\" \/><\/a><\/div>\n<\/div>\n<div id=\"5531-image-5532\" class=\"col-xs-12 col-sm-4 col-md-4\">\n<div class=\"thumbnail\"><a href=\"https:\/\/vspoechlarn.ac.at\/wordpress\/2025\/06\/26\/leseabend-der-vierten-klassen\/ecc66869-de55-4fb8-9298-3d47ac014b8c-mittel\/\"><img loading=\"lazy\" decoding=\"async\" class=\"attachment-large size-large\" src=\"https:\/\/vspoechlarn.ac.at\/wordpress\/wp-content\/uploads\/2025\/06\/ecc66869-de55-4fb8-9298-3d47ac014b8c-Mittel-1024x462.jpg\" sizes=\"auto, (max-width: 900px) 100vw, 900px\" srcset=\"https:\/\/vspoechlarn.ac.at\/wordpress\/wp-content\/uploads\/2025\/06\/ecc66869-de55-4fb8-9298-3d47ac014b8c-Mittel-1024x462.jpg 1024w, https:\/\/vspoechlarn.ac.at\/wordpress\/wp-content\/uploads\/2025\/06\/ecc66869-de55-4fb8-9298-3d47ac014b8c-Mittel-350x158.jpg 350w, https:\/\/vspoechlarn.ac.at\/wordpress\/wp-content\/uploads\/2025\/06\/ecc66869-de55-4fb8-9298-3d47ac014b8c-Mittel-250x113.jpg 250w, https:\/\/vspoechlarn.ac.at\/wordpress\/wp-content\/uploads\/2025\/06\/ecc66869-de55-4fb8-9298-3d47ac014b8c-Mittel.jpg 1366w\" alt=\"\" width=\"900\" height=\"406\" \/><\/a><\/div>\n<\/div>\n<div id=\"5531-image-5537\" class=\"col-xs-12 col-sm-4 col-md-4\">\n<div class=\"thumbnail\"><a href=\"https:\/\/vspoechlarn.ac.at\/wordpress\/2025\/06\/26\/leseabend-der-vierten-klassen\/img_5630-mittel\/\"><img loading=\"lazy\" decoding=\"async\" class=\"attachment-large size-large\" src=\"https:\/\/vspoechlarn.ac.at\/wordpress\/wp-content\/uploads\/2025\/06\/IMG_5630-Mittel.jpg\" sizes=\"auto, (max-width: 900px) 100vw, 900px\" srcset=\"https:\/\/vspoechlarn.ac.at\/wordpress\/wp-content\/uploads\/2025\/06\/IMG_5630-Mittel.jpg 1024w, https:\/\/vspoechlarn.ac.at\/wordpress\/wp-content\/uploads\/2025\/06\/IMG_5630-Mittel-350x263.jpg 350w, https:\/\/vspoechlarn.ac.at\/wordpress\/wp-content\/uploads\/2025\/06\/IMG_5630-Mittel-250x188.jpg 250w\" alt=\"\" width=\"900\" height=\"675\" \/><\/a><\/div>\n<\/div>\n<div class=\"clearfix visible-md-block visible-lg-block\"><\/div>\n<div id=\"5531-image-5538\" class=\"col-xs-12 col-sm-4 col-md-4\">\n<div class=\"thumbnail\"><a href=\"https:\/\/vspoechlarn.ac.at\/wordpress\/2025\/06\/26\/leseabend-der-vierten-klassen\/img_5635-mittel\/\"><img loading=\"lazy\" decoding=\"async\" class=\"attachment-large size-large\" src=\"https:\/\/vspoechlarn.ac.at\/wordpress\/wp-content\/uploads\/2025\/06\/IMG_5635-Mittel.jpg\" sizes=\"auto, (max-width: 900px) 100vw, 900px\" srcset=\"https:\/\/vspoechlarn.ac.at\/wordpress\/wp-content\/uploads\/2025\/06\/IMG_5635-Mittel.jpg 1024w, https:\/\/vspoechlarn.ac.at\/wordpress\/wp-content\/uploads\/2025\/06\/IMG_5635-Mittel-350x263.jpg 350w, https:\/\/vspoechlarn.ac.at\/wordpress\/wp-content\/uploads\/2025\/06\/IMG_5635-Mittel-250x188.jpg 250w\" alt=\"\" width=\"900\" height=\"675\" \/><\/a><\/div>\n<\/div>\n<div id=\"5531-image-5539\" class=\"col-xs-12 col-sm-4 col-md-4\">\n<div class=\"thumbnail\"><a href=\"https:\/\/vspoechlarn.ac.at\/wordpress\/2025\/06\/26\/leseabend-der-vierten-klassen\/img_5636-mittel\/\"><img loading=\"lazy\" decoding=\"async\" class=\"attachment-large size-large\" src=\"https:\/\/vspoechlarn.ac.at\/wordpress\/wp-content\/uploads\/2025\/06\/IMG_5636-Mittel.jpg\" sizes=\"auto, (max-width: 900px) 100vw, 900px\" srcset=\"https:\/\/vspoechlarn.ac.at\/wordpress\/wp-content\/uploads\/2025\/06\/IMG_5636-Mittel.jpg 1024w, https:\/\/vspoechlarn.ac.at\/wordpress\/wp-content\/uploads\/2025\/06\/IMG_5636-Mittel-350x263.jpg 350w, https:\/\/vspoechlarn.ac.at\/wordpress\/wp-content\/uploads\/2025\/06\/IMG_5636-Mittel-250x188.jpg 250w\" alt=\"\" width=\"900\" height=\"675\" \/><\/a><\/div>\n<\/div>\n<\/div>\n<\/div>\n<\/div>\n<\/div>\n<div class=\"panel-footer entry-meta\">\n<p><small><span class=\"loop-category\"><a class=\"label label-success\" href=\"https:\/\/vspoechlarn.ac.at\/wordpress\/category\/allgemein\/\">Startseite<\/a>\u00a0<\/span><span class=\"loop-author\">|\u00a0<span class=\"author vcard\"><a class=\"url fn n\" href=\"https:\/\/vspoechlarn.ac.at\/wordpress\/author\/wp-admin\/\">wp-admin<\/a><\/span><\/span>\u00a0<span class=\"loop-date\">|\u00a0<time class=\"entry-date published updated\" datetime=\"2025-06-26T07:27:46+02:00\">26. Juni 2025<\/time><\/span>\u00a0|\u00a0<span class=\"edit-link\"><a class=\"post-edit-link\" href=\"https:\/\/vspoechlarn.ac.at\/wordpress\/wp-admin\/post.php?post=5531&amp;action=edit\">Bearbeiten<\/a><\/span><\/small><\/p>\n<div class=\"clearfix\"><\/div>\n<\/div>\n<\/div>\n<\/article>\n<article id=\"post-5503\" class=\"loop_list post-5503 post type-post status-publish format-standard hentry category-allgemein\">\n<div class=\"panel panel-default\">\n<div class=\"panel-body clearfix\">\n<div class=\"fs-have-thumbnail\">\n<header class=\"entry-header\">\n<h4 class=\"entry-title\"><strong><a title=\"Permanentlink zu Sportfest\" href=\"https:\/\/vspoechlarn.ac.at\/wordpress\/2025\/06\/25\/sportfest\/\" rel=\"bookmark\">Sportfest<\/a><\/strong><\/h4>\n<\/header>\n<div class=\"entry-content\">\n<p>Bei herrlichem Wetter ritterten sich die M\u00e4dchen und Buben unserer Schule letzten Freitag in 4 verschiedenen Disziplinen um die Pokale beim diesj\u00e4hrigen Sportfest. Zahlreiche Besucher waren unserer Einladung zum letzten gro\u00dfen Event dieses Schuljahres gefolgt und genossen die Bewirtung durch unseren Elternverein (mit Unterst\u00fctzung von Frau Bgm. Barbara Kainz und StR. Gerald Albrecht) und das gesellige Beisammensein. Beim Eltern-Kind-Bewerb gab es auch heuer wieder viel zu lachen. Wir bedanken uns ganz herzlich bei allen, die mitgeholfen haben, dass es ein unvergesslicher Nachmittag wurde.<\/p>\n<div id=\"gallery_5503_2\" class=\"row\">\n<div id=\"5503-image-5504\" class=\"col-xs-12 col-sm-3 col-md-3\">\n<div class=\"thumbnail\"><a href=\"https:\/\/vspoechlarn.ac.at\/wordpress\/2025\/06\/25\/sportfest\/img-20250621-wa0001-mittel\/\"><img loading=\"lazy\" decoding=\"async\" class=\"attachment-large size-large\" src=\"https:\/\/vspoechlarn.ac.at\/wordpress\/wp-content\/uploads\/2025\/06\/IMG-20250621-WA0001-Mittel.jpg\" sizes=\"auto, (max-width: 768px) 100vw, 768px\" srcset=\"https:\/\/vspoechlarn.ac.at\/wordpress\/wp-content\/uploads\/2025\/06\/IMG-20250621-WA0001-Mittel.jpg 768w, https:\/\/vspoechlarn.ac.at\/wordpress\/wp-content\/uploads\/2025\/06\/IMG-20250621-WA0001-Mittel-225x300.jpg 225w, https:\/\/vspoechlarn.ac.at\/wordpress\/wp-content\/uploads\/2025\/06\/IMG-20250621-WA0001-Mittel-188x250.jpg 188w\" alt=\"\" width=\"768\" height=\"1024\" \/><\/a><\/div>\n<\/div>\n<div id=\"5503-image-5505\" class=\"col-xs-12 col-sm-3 col-md-3\">\n<div class=\"thumbnail\"><a href=\"https:\/\/vspoechlarn.ac.at\/wordpress\/2025\/06\/25\/sportfest\/img-20250621-wa0002-mittel\/\"><img loading=\"lazy\" decoding=\"async\" class=\"attachment-large size-large\" src=\"https:\/\/vspoechlarn.ac.at\/wordpress\/wp-content\/uploads\/2025\/06\/IMG-20250621-WA0002-Mittel.jpg\" sizes=\"auto, (max-width: 768px) 100vw, 768px\" srcset=\"https:\/\/vspoechlarn.ac.at\/wordpress\/wp-content\/uploads\/2025\/06\/IMG-20250621-WA0002-Mittel.jpg 768w, https:\/\/vspoechlarn.ac.at\/wordpress\/wp-content\/uploads\/2025\/06\/IMG-20250621-WA0002-Mittel-225x300.jpg 225w, https:\/\/vspoechlarn.ac.at\/wordpress\/wp-content\/uploads\/2025\/06\/IMG-20250621-WA0002-Mittel-188x250.jpg 188w\" alt=\"\" width=\"768\" height=\"1024\" \/><\/a><\/div>\n<\/div>\n<div id=\"5503-image-5507\" class=\"col-xs-12 col-sm-3 col-md-3\">\n<div class=\"thumbnail\"><a href=\"https:\/\/vspoechlarn.ac.at\/wordpress\/2025\/06\/25\/sportfest\/img-20250621-wa0004-mittel\/\"><img loading=\"lazy\" decoding=\"async\" class=\"attachment-large size-large\" src=\"https:\/\/vspoechlarn.ac.at\/wordpress\/wp-content\/uploads\/2025\/06\/IMG-20250621-WA0004-Mittel.jpg\" sizes=\"auto, (max-width: 767px) 100vw, 767px\" srcset=\"https:\/\/vspoechlarn.ac.at\/wordpress\/wp-content\/uploads\/2025\/06\/IMG-20250621-WA0004-Mittel.jpg 768w, https:\/\/vspoechlarn.ac.at\/wordpress\/wp-content\/uploads\/2025\/06\/IMG-20250621-WA0004-Mittel-225x300.jpg 225w, https:\/\/vspoechlarn.ac.at\/wordpress\/wp-content\/uploads\/2025\/06\/IMG-20250621-WA0004-Mittel-187x250.jpg 187w\" alt=\"\" width=\"767\" height=\"1024\" \/><\/a><\/div>\n<\/div>\n<div id=\"5503-image-5508\" class=\"col-xs-12 col-sm-3 col-md-3\">\n<div class=\"thumbnail\"><a href=\"https:\/\/vspoechlarn.ac.at\/wordpress\/2025\/06\/25\/sportfest\/img-20250621-wa0005-mittel\/\"><img loading=\"lazy\" decoding=\"async\" class=\"attachment-large size-large\" src=\"https:\/\/vspoechlarn.ac.at\/wordpress\/wp-content\/uploads\/2025\/06\/IMG-20250621-WA0005-Mittel.jpg\" sizes=\"auto, (max-width: 768px) 100vw, 768px\" srcset=\"https:\/\/vspoechlarn.ac.at\/wordpress\/wp-content\/uploads\/2025\/06\/IMG-20250621-WA0005-Mittel.jpg 768w, https:\/\/vspoechlarn.ac.at\/wordpress\/wp-content\/uploads\/2025\/06\/IMG-20250621-WA0005-Mittel-225x300.jpg 225w, https:\/\/vspoechlarn.ac.at\/wordpress\/wp-content\/uploads\/2025\/06\/IMG-20250621-WA0005-Mittel-188x250.jpg 188w\" alt=\"\" width=\"768\" height=\"1024\" \/><\/a><\/div>\n<\/div>\n<div class=\"clearfix visible-md-block visible-lg-block\"><\/div>\n<div id=\"5503-image-5509\" class=\"col-xs-12 col-sm-3 col-md-3\">\n<div class=\"thumbnail\"><a href=\"https:\/\/vspoechlarn.ac.at\/wordpress\/2025\/06\/25\/sportfest\/img-20250621-wa0006-mittel\/\"><img loading=\"lazy\" decoding=\"async\" class=\"attachment-large size-large\" src=\"https:\/\/vspoechlarn.ac.at\/wordpress\/wp-content\/uploads\/2025\/06\/IMG-20250621-WA0006-Mittel.jpg\" sizes=\"auto, (max-width: 768px) 100vw, 768px\" srcset=\"https:\/\/vspoechlarn.ac.at\/wordpress\/wp-content\/uploads\/2025\/06\/IMG-20250621-WA0006-Mittel.jpg 768w, https:\/\/vspoechlarn.ac.at\/wordpress\/wp-content\/uploads\/2025\/06\/IMG-20250621-WA0006-Mittel-225x300.jpg 225w, https:\/\/vspoechlarn.ac.at\/wordpress\/wp-content\/uploads\/2025\/06\/IMG-20250621-WA0006-Mittel-188x250.jpg 188w\" alt=\"\" width=\"768\" height=\"1024\" \/><\/a><\/div>\n<\/div>\n<div id=\"5503-image-5511\" class=\"col-xs-12 col-sm-3 col-md-3\">\n<div class=\"thumbnail\"><a href=\"https:\/\/vspoechlarn.ac.at\/wordpress\/2025\/06\/25\/sportfest\/img-20250621-wa0008-mittel\/\"><img loading=\"lazy\" decoding=\"async\" class=\"attachment-large size-large\" src=\"https:\/\/vspoechlarn.ac.at\/wordpress\/wp-content\/uploads\/2025\/06\/IMG-20250621-WA0008-Mittel.jpg\" sizes=\"auto, (max-width: 768px) 100vw, 768px\" srcset=\"https:\/\/vspoechlarn.ac.at\/wordpress\/wp-content\/uploads\/2025\/06\/IMG-20250621-WA0008-Mittel.jpg 768w, https:\/\/vspoechlarn.ac.at\/wordpress\/wp-content\/uploads\/2025\/06\/IMG-20250621-WA0008-Mittel-225x300.jpg 225w, https:\/\/vspoechlarn.ac.at\/wordpress\/wp-content\/uploads\/2025\/06\/IMG-20250621-WA0008-Mittel-188x250.jpg 188w\" alt=\"\" width=\"768\" height=\"1024\" \/><\/a><\/div>\n<\/div>\n<div id=\"5503-image-5513\" class=\"col-xs-12 col-sm-3 col-md-3\">\n<div class=\"thumbnail\"><a href=\"https:\/\/vspoechlarn.ac.at\/wordpress\/2025\/06\/25\/sportfest\/img-20250621-wa0010-mittel\/\"><img loading=\"lazy\" decoding=\"async\" class=\"attachment-large size-large\" src=\"https:\/\/vspoechlarn.ac.at\/wordpress\/wp-content\/uploads\/2025\/06\/IMG-20250621-WA0010-Mittel.jpg\" sizes=\"auto, (max-width: 768px) 100vw, 768px\" srcset=\"https:\/\/vspoechlarn.ac.at\/wordpress\/wp-content\/uploads\/2025\/06\/IMG-20250621-WA0010-Mittel.jpg 768w, https:\/\/vspoechlarn.ac.at\/wordpress\/wp-content\/uploads\/2025\/06\/IMG-20250621-WA0010-Mittel-225x300.jpg 225w, https:\/\/vspoechlarn.ac.at\/wordpress\/wp-content\/uploads\/2025\/06\/IMG-20250621-WA0010-Mittel-188x250.jpg 188w\" alt=\"\" width=\"768\" height=\"1024\" \/><\/a><\/div>\n<\/div>\n<div id=\"5503-image-5514\" class=\"col-xs-12 col-sm-3 col-md-3\">\n<div class=\"thumbnail\"><a href=\"https:\/\/vspoechlarn.ac.at\/wordpress\/2025\/06\/25\/sportfest\/img-20250621-wa0011-mittel\/\"><img loading=\"lazy\" decoding=\"async\" class=\"attachment-large size-large\" src=\"https:\/\/vspoechlarn.ac.at\/wordpress\/wp-content\/uploads\/2025\/06\/IMG-20250621-WA0011-Mittel.jpg\" sizes=\"auto, (max-width: 768px) 100vw, 768px\" srcset=\"https:\/\/vspoechlarn.ac.at\/wordpress\/wp-content\/uploads\/2025\/06\/IMG-20250621-WA0011-Mittel.jpg 768w, https:\/\/vspoechlarn.ac.at\/wordpress\/wp-content\/uploads\/2025\/06\/IMG-20250621-WA0011-Mittel-225x300.jpg 225w, https:\/\/vspoechlarn.ac.at\/wordpress\/wp-content\/uploads\/2025\/06\/IMG-20250621-WA0011-Mittel-188x250.jpg 188w\" alt=\"\" width=\"768\" height=\"1024\" \/><\/a><\/div>\n<\/div>\n<div class=\"clearfix visible-md-block visible-lg-block\"><\/div>\n<div id=\"5503-image-5516\" class=\"col-xs-12 col-sm-3 col-md-3\">\n<div class=\"thumbnail\"><a href=\"https:\/\/vspoechlarn.ac.at\/wordpress\/2025\/06\/25\/sportfest\/img-20250621-wa0013-mittel\/\"><img loading=\"lazy\" decoding=\"async\" class=\"attachment-large size-large\" src=\"https:\/\/vspoechlarn.ac.at\/wordpress\/wp-content\/uploads\/2025\/06\/IMG-20250621-WA0013-Mittel.jpg\" sizes=\"auto, (max-width: 768px) 100vw, 768px\" srcset=\"https:\/\/vspoechlarn.ac.at\/wordpress\/wp-content\/uploads\/2025\/06\/IMG-20250621-WA0013-Mittel.jpg 768w, https:\/\/vspoechlarn.ac.at\/wordpress\/wp-content\/uploads\/2025\/06\/IMG-20250621-WA0013-Mittel-225x300.jpg 225w, https:\/\/vspoechlarn.ac.at\/wordpress\/wp-content\/uploads\/2025\/06\/IMG-20250621-WA0013-Mittel-188x250.jpg 188w\" alt=\"\" width=\"768\" height=\"1024\" \/><\/a><\/div>\n<\/div>\n<div id=\"5503-image-5517\" class=\"col-xs-12 col-sm-3 col-md-3\">\n<div class=\"thumbnail\"><a href=\"https:\/\/vspoechlarn.ac.at\/wordpress\/2025\/06\/25\/sportfest\/img-20250621-wa0014-mittel\/\"><img loading=\"lazy\" decoding=\"async\" class=\"attachment-large size-large\" src=\"https:\/\/vspoechlarn.ac.at\/wordpress\/wp-content\/uploads\/2025\/06\/IMG-20250621-WA0014-Mittel.jpg\" sizes=\"auto, (max-width: 768px) 100vw, 768px\" srcset=\"https:\/\/vspoechlarn.ac.at\/wordpress\/wp-content\/uploads\/2025\/06\/IMG-20250621-WA0014-Mittel.jpg 768w, https:\/\/vspoechlarn.ac.at\/wordpress\/wp-content\/uploads\/2025\/06\/IMG-20250621-WA0014-Mittel-225x300.jpg 225w, https:\/\/vspoechlarn.ac.at\/wordpress\/wp-content\/uploads\/2025\/06\/IMG-20250621-WA0014-Mittel-188x250.jpg 188w\" alt=\"\" width=\"768\" height=\"1024\" \/><\/a><\/div>\n<\/div>\n<div id=\"5503-image-5518\" class=\"col-xs-12 col-sm-3 col-md-3\">\n<div class=\"thumbnail\"><a href=\"https:\/\/vspoechlarn.ac.at\/wordpress\/2025\/06\/25\/sportfest\/img-20250621-wa0015-mittel\/\"><img loading=\"lazy\" decoding=\"async\" class=\"attachment-large size-large\" src=\"https:\/\/vspoechlarn.ac.at\/wordpress\/wp-content\/uploads\/2025\/06\/IMG-20250621-WA0015-Mittel.jpg\" sizes=\"auto, (max-width: 900px) 100vw, 900px\" srcset=\"https:\/\/vspoechlarn.ac.at\/wordpress\/wp-content\/uploads\/2025\/06\/IMG-20250621-WA0015-Mittel.jpg 1024w, https:\/\/vspoechlarn.ac.at\/wordpress\/wp-content\/uploads\/2025\/06\/IMG-20250621-WA0015-Mittel-350x263.jpg 350w, https:\/\/vspoechlarn.ac.at\/wordpress\/wp-content\/uploads\/2025\/06\/IMG-20250621-WA0015-Mittel-250x188.jpg 250w\" alt=\"\" width=\"900\" height=\"675\" \/><\/a><\/div>\n<\/div>\n<div id=\"5503-image-5510\" class=\"col-xs-12 col-sm-3 col-md-3\">\n<div class=\"thumbnail\"><a href=\"https:\/\/vspoechlarn.ac.at\/wordpress\/2025\/06\/25\/sportfest\/img-20250621-wa0007-mittel\/\"><img loading=\"lazy\" decoding=\"async\" class=\"attachment-large size-large\" src=\"https:\/\/vspoechlarn.ac.at\/wordpress\/wp-content\/uploads\/2025\/06\/IMG-20250621-WA0007-Mittel.jpg\" sizes=\"auto, (max-width: 900px) 100vw, 900px\" srcset=\"https:\/\/vspoechlarn.ac.at\/wordpress\/wp-content\/uploads\/2025\/06\/IMG-20250621-WA0007-Mittel.jpg 1024w, https:\/\/vspoechlarn.ac.at\/wordpress\/wp-content\/uploads\/2025\/06\/IMG-20250621-WA0007-Mittel-350x263.jpg 350w, https:\/\/vspoechlarn.ac.at\/wordpress\/wp-content\/uploads\/2025\/06\/IMG-20250621-WA0007-Mittel-250x188.jpg 250w\" alt=\"\" width=\"900\" height=\"675\" \/><\/a><\/div>\n<\/div>\n<div class=\"clearfix visible-md-block visible-lg-block\"><\/div>\n<div id=\"5503-image-5512\" class=\"col-xs-12 col-sm-3 col-md-3\">\n<div class=\"thumbnail\"><a href=\"https:\/\/vspoechlarn.ac.at\/wordpress\/2025\/06\/25\/sportfest\/img-20250621-wa0009-mittel\/\"><img loading=\"lazy\" decoding=\"async\" class=\"attachment-large size-large\" src=\"https:\/\/vspoechlarn.ac.at\/wordpress\/wp-content\/uploads\/2025\/06\/IMG-20250621-WA0009-Mittel.jpg\" sizes=\"auto, (max-width: 900px) 100vw, 900px\" srcset=\"https:\/\/vspoechlarn.ac.at\/wordpress\/wp-content\/uploads\/2025\/06\/IMG-20250621-WA0009-Mittel.jpg 1024w, https:\/\/vspoechlarn.ac.at\/wordpress\/wp-content\/uploads\/2025\/06\/IMG-20250621-WA0009-Mittel-350x263.jpg 350w, https:\/\/vspoechlarn.ac.at\/wordpress\/wp-content\/uploads\/2025\/06\/IMG-20250621-WA0009-Mittel-250x188.jpg 250w\" alt=\"\" width=\"900\" height=\"675\" \/><\/a><\/div>\n<\/div>\n<div id=\"5503-image-5515\" class=\"col-xs-12 col-sm-3 col-md-3\">\n<div class=\"thumbnail\"><a href=\"https:\/\/vspoechlarn.ac.at\/wordpress\/2025\/06\/25\/sportfest\/img-20250621-wa0012-mittel\/\"><img loading=\"lazy\" decoding=\"async\" class=\"attachment-large size-large\" src=\"https:\/\/vspoechlarn.ac.at\/wordpress\/wp-content\/uploads\/2025\/06\/IMG-20250621-WA0012-Mittel.jpg\" sizes=\"auto, (max-width: 900px) 100vw, 900px\" srcset=\"https:\/\/vspoechlarn.ac.at\/wordpress\/wp-content\/uploads\/2025\/06\/IMG-20250621-WA0012-Mittel.jpg 1024w, https:\/\/vspoechlarn.ac.at\/wordpress\/wp-content\/uploads\/2025\/06\/IMG-20250621-WA0012-Mittel-350x263.jpg 350w, https:\/\/vspoechlarn.ac.at\/wordpress\/wp-content\/uploads\/2025\/06\/IMG-20250621-WA0012-Mittel-250x188.jpg 250w\" alt=\"\" width=\"900\" height=\"675\" \/><\/a><\/div>\n<\/div>\n<\/div>\n<\/div>\n<\/div>\n<\/div>\n<div class=\"panel-footer entry-meta\">\n<p><small><span class=\"loop-category\"><a class=\"label label-success\" href=\"https:\/\/vspoechlarn.ac.at\/wordpress\/category\/allgemein\/\">Startseite<\/a>\u00a0<\/span><span class=\"loop-author\">|\u00a0<span class=\"author vcard\"><a class=\"url fn n\" href=\"https:\/\/vspoechlarn.ac.at\/wordpress\/author\/wp-admin\/\">wp-admin<\/a><\/span><\/span>\u00a0<span class=\"loop-date\">|\u00a0<time class=\"entry-date published updated\" datetime=\"2025-06-25T07:59:56+02:00\">25. Juni 2025<\/time><\/span>\u00a0|\u00a0<span class=\"edit-link\"><a class=\"post-edit-link\" href=\"https:\/\/vspoechlarn.ac.at\/wordpress\/wp-admin\/post.php?post=5503&amp;action=edit\">Bearbeiten<\/a><\/span><\/small><\/p>\n<div class=\"clearfix\"><\/div>\n<\/div>\n<\/div>\n<\/article>\n<article id=\"post-5494\" class=\"loop_list post-5494 post type-post status-publish format-standard hentry category-allgemein\">\n<div class=\"panel panel-default\">\n<div class=\"panel-body clearfix\">\n<div class=\"fs-have-thumbnail\">\n<header class=\"entry-header\">\n<h4 class=\"entry-title\"><strong><a title=\"Permanentlink zu Raiba Malwettbewerb\" href=\"https:\/\/vspoechlarn.ac.at\/wordpress\/2025\/06\/16\/raiba-malwettbewerb\/\" rel=\"bookmark\">Raiba Malwettbewerb<\/a><\/strong><\/h4>\n<\/header>\n<div class=\"entry-content\">\n<p>Am Donnerstag wurden im Beisein von Frau Valentina Bauer und Herrn Lukas Strutzenberger von der Raiba P\u00f6chlarn die besten Zeichnungen vom diesj\u00e4hrigen Malwettbewerb pr\u00e4miert. Die Freude \u00fcber die tollen Preise war bei den Kindern riesengro\u00df.<\/p>\n<div id=\"gallery_5494_3\" class=\"row\">\n<div id=\"5494-image-5495\" class=\"col-xs-12 col-sm-4 col-md-4\">\n<div class=\"thumbnail\"><a href=\"https:\/\/vspoechlarn.ac.at\/wordpress\/2025\/06\/16\/raiba-malwettbewerb\/raiba_img_0187-mittel\/\"><img loading=\"lazy\" decoding=\"async\" class=\"attachment-large size-large\" src=\"https:\/\/vspoechlarn.ac.at\/wordpress\/wp-content\/uploads\/2025\/06\/Raiba_IMG_0187-Mittel-576x1024.jpg\" sizes=\"auto, (max-width: 576px) 100vw, 576px\" srcset=\"https:\/\/vspoechlarn.ac.at\/wordpress\/wp-content\/uploads\/2025\/06\/Raiba_IMG_0187-Mittel-576x1024.jpg 576w, https:\/\/vspoechlarn.ac.at\/wordpress\/wp-content\/uploads\/2025\/06\/Raiba_IMG_0187-Mittel-169x300.jpg 169w, https:\/\/vspoechlarn.ac.at\/wordpress\/wp-content\/uploads\/2025\/06\/Raiba_IMG_0187-Mittel-141x250.jpg 141w, https:\/\/vspoechlarn.ac.at\/wordpress\/wp-content\/uploads\/2025\/06\/Raiba_IMG_0187-Mittel.jpg 608w\" alt=\"\" width=\"576\" height=\"1024\" \/><\/a><\/div>\n<\/div>\n<div id=\"5494-image-5496\" class=\"col-xs-12 col-sm-4 col-md-4\">\n<div class=\"thumbnail\"><a href=\"https:\/\/vspoechlarn.ac.at\/wordpress\/2025\/06\/16\/raiba-malwettbewerb\/raiba_img_0190-mittel\/\"><img loading=\"lazy\" decoding=\"async\" class=\"attachment-large size-large\" src=\"https:\/\/vspoechlarn.ac.at\/wordpress\/wp-content\/uploads\/2025\/06\/Raiba_IMG_0190-Mittel-1024x576.jpg\" sizes=\"auto, (max-width: 900px) 100vw, 900px\" srcset=\"https:\/\/vspoechlarn.ac.at\/wordpress\/wp-content\/uploads\/2025\/06\/Raiba_IMG_0190-Mittel-1024x576.jpg 1024w, https:\/\/vspoechlarn.ac.at\/wordpress\/wp-content\/uploads\/2025\/06\/Raiba_IMG_0190-Mittel-350x197.jpg 350w, https:\/\/vspoechlarn.ac.at\/wordpress\/wp-content\/uploads\/2025\/06\/Raiba_IMG_0190-Mittel-250x141.jpg 250w, https:\/\/vspoechlarn.ac.at\/wordpress\/wp-content\/uploads\/2025\/06\/Raiba_IMG_0190-Mittel.jpg 1365w\" alt=\"\" width=\"900\" height=\"506\" \/><\/a><\/div>\n<\/div>\n<\/div>\n<\/div>\n<\/div>\n<\/div>\n<div class=\"panel-footer entry-meta\">\n<p><small><span class=\"loop-category\"><a class=\"label label-success\" href=\"https:\/\/vspoechlarn.ac.at\/wordpress\/category\/allgemein\/\">Startseite<\/a>\u00a0<\/span><span class=\"loop-author\">|\u00a0<span class=\"author vcard\"><a class=\"url fn n\" href=\"https:\/\/vspoechlarn.ac.at\/wordpress\/author\/wp-admin\/\">wp-admin<\/a><\/span><\/span>\u00a0<span class=\"loop-date\">|\u00a0<time class=\"entry-date published updated\" datetime=\"2025-06-16T13:07:35+02:00\">16. Juni 2025<\/time><\/span>\u00a0|\u00a0<span class=\"edit-link\"><a class=\"post-edit-link\" href=\"https:\/\/vspoechlarn.ac.at\/wordpress\/wp-admin\/post.php?post=5494&amp;action=edit\">Bearbeiten<\/a><\/span><\/small><\/p>\n<div class=\"clearfix\"><\/div>\n<\/div>\n<\/div>\n<\/article>\n<article id=\"post-5491\" class=\"loop_list post-5491 post type-post status-publish format-standard hentry category-allgemein\">\n<div class=\"panel panel-default\">\n<div class=\"panel-body clearfix\">\n<div class=\"fs-have-thumbnail\">\n<header class=\"entry-header\">\n<h4 class=\"entry-title\"><strong><a title=\"Permanentlink zu Rezepte zum Wohlf\u00fchlen\" href=\"https:\/\/vspoechlarn.ac.at\/wordpress\/2025\/06\/16\/rezepte-zum-wohlfuehlen\/\" rel=\"bookmark\">Rezepte zum Wohlf\u00fchlen<\/a><\/strong><\/h4>\n<\/header>\n<div class=\"entry-content\">\n<p>Unter diesem Motto gab es letzte Woche einen tollen Workshop mit Mag. Ulrike Leitner. Mit dieser Veranstaltung und dem dazu passenden Buch \u2013 als Geschenk \u2013 verabschiedete unsere Frau Bgm. Barbara Kainz die Kinder der beiden 4.Klassen aus der Volksschule. Vielen Dank an die Stadtgemeinde und an unsere Referentin.<\/p>\n<div id=\"gallery_5491_4\" class=\"row\">\n<div id=\"5491-image-5492\" class=\"col-xs-12 col-sm-4 col-md-4\">\n<div class=\"thumbnail\"><a href=\"https:\/\/vspoechlarn.ac.at\/wordpress\/2025\/06\/16\/rezepte-zum-wohlfuehlen\/thumbnail_img_0184-mittel\/\"><img loading=\"lazy\" decoding=\"async\" class=\"attachment-large size-large\" src=\"https:\/\/vspoechlarn.ac.at\/wordpress\/wp-content\/uploads\/2025\/06\/thumbnail_IMG_0184-Mittel-1024x576.jpg\" sizes=\"auto, (max-width: 900px) 100vw, 900px\" srcset=\"https:\/\/vspoechlarn.ac.at\/wordpress\/wp-content\/uploads\/2025\/06\/thumbnail_IMG_0184-Mittel-1024x576.jpg 1024w, https:\/\/vspoechlarn.ac.at\/wordpress\/wp-content\/uploads\/2025\/06\/thumbnail_IMG_0184-Mittel-350x197.jpg 350w, https:\/\/vspoechlarn.ac.at\/wordpress\/wp-content\/uploads\/2025\/06\/thumbnail_IMG_0184-Mittel-250x141.jpg 250w, https:\/\/vspoechlarn.ac.at\/wordpress\/wp-content\/uploads\/2025\/06\/thumbnail_IMG_0184-Mittel.jpg 1365w\" alt=\"\" width=\"900\" height=\"506\" \/><\/a><\/div>\n<\/div>\n<\/div>\n<p>&nbsp;<\/p>\n<\/div>\n<\/div>\n<\/div>\n<div class=\"panel-footer entry-meta\">\n<p><small><span class=\"loop-category\"><a class=\"label label-success\" href=\"https:\/\/vspoechlarn.ac.at\/wordpress\/category\/allgemein\/\">Startseite<\/a>\u00a0<\/span><span class=\"loop-author\">|\u00a0<span class=\"author vcard\"><a class=\"url fn n\" href=\"https:\/\/vspoechlarn.ac.at\/wordpress\/author\/wp-admin\/\">wp-admin<\/a><\/span><\/span>\u00a0<span class=\"loop-date\">|\u00a0<time class=\"entry-date published updated\" datetime=\"2025-06-16T12:59:27+02:00\">16. Juni 2025<\/time><\/span>\u00a0|\u00a0<span class=\"edit-link\"><a class=\"post-edit-link\" href=\"https:\/\/vspoechlarn.ac.at\/wordpress\/wp-admin\/post.php?post=5491&amp;action=edit\">Bearbeiten<\/a><\/span><\/small><\/p>\n<div class=\"clearfix\"><\/div>\n<\/div>\n<\/div>\n<\/article>\n<article id=\"post-5486\" class=\"loop_list post-5486 post type-post status-publish format-standard hentry category-allgemein\">\n<div class=\"panel panel-default\">\n<div class=\"panel-body clearfix\">\n<div class=\"fs-have-thumbnail\">\n<header class=\"entry-header\">\n<h4 class=\"entry-title\"><strong><a title=\"Permanentlink zu Kinderbuchautoren hautnah\" href=\"https:\/\/vspoechlarn.ac.at\/wordpress\/2025\/06\/13\/kinderbuchautoren-hautnah\/\" rel=\"bookmark\">Kinderbuchautoren hautnah<\/a><\/strong><\/h4>\n<\/header>\n<div class=\"entry-content\">\n<p>Vor Kurzem durften die Kinder der beiden 1. Klassen die B\u00fccherei P\u00f6chlarn besuchen, wo eine tolle \u00dcberraschung auf sie wartete. Christoph Mautz und Alexandra Holmes lasen aus ihren B\u00fcchern und verzauberten damit die M\u00e4dchen und Buben. Wir bedanken uns ganz herzlich bei Frau Christine Resch und dem Team der \u201eTreffpunkt B\u00fccherei P\u00f6chlarn\u201c f\u00fcr die Einladung zu dieser tollen Lesung.<\/p>\n<div id=\"gallery_5486_5\" class=\"row\">\n<div id=\"5486-image-5500\" class=\"col-xs-12 col-sm-4 col-md-4\">\n<div class=\"thumbnail\"><a href=\"https:\/\/vspoechlarn.ac.at\/wordpress\/2025\/06\/13\/kinderbuchautoren-hautnah\/autoren\/\"><img loading=\"lazy\" decoding=\"async\" class=\"attachment-large size-large\" src=\"https:\/\/vspoechlarn.ac.at\/wordpress\/wp-content\/uploads\/2025\/06\/Autoren.jpg\" sizes=\"auto, (max-width: 345px) 100vw, 345px\" srcset=\"https:\/\/vspoechlarn.ac.at\/wordpress\/wp-content\/uploads\/2025\/06\/Autoren.jpg 345w, https:\/\/vspoechlarn.ac.at\/wordpress\/wp-content\/uploads\/2025\/06\/Autoren-250x164.jpg 250w\" alt=\"\" width=\"345\" height=\"226\" \/><\/a><\/div>\n<\/div>\n<\/div>\n<\/div>\n<\/div>\n<\/div>\n<div class=\"panel-footer entry-meta\">\n<p><small><span class=\"loop-category\"><a class=\"label label-success\" href=\"https:\/\/vspoechlarn.ac.at\/wordpress\/category\/allgemein\/\">Startseite<\/a>\u00a0<\/span><span class=\"loop-author\">|\u00a0<span class=\"author vcard\"><a class=\"url fn n\" href=\"https:\/\/vspoechlarn.ac.at\/wordpress\/author\/wp-admin\/\">wp-admin<\/a><\/span><\/span>\u00a0<span class=\"loop-date\">|\u00a0<time class=\"entry-date published updated\" datetime=\"2025-06-13T09:23:26+02:00\">13. Juni 2025<\/time><\/span>\u00a0|\u00a0<span class=\"edit-link\"><a class=\"post-edit-link\" href=\"https:\/\/vspoechlarn.ac.at\/wordpress\/wp-admin\/post.php?post=5486&amp;action=edit\">Bearbeiten<\/a><\/span><\/small><\/p>\n<div class=\"clearfix\"><\/div>\n<\/div>\n<\/div>\n<\/article>\n<article id=\"post-5480\" class=\"loop_list post-5480 post type-post status-publish format-standard hentry category-allgemein\">\n<div class=\"panel panel-default\">\n<div class=\"panel-body clearfix\">\n<div class=\"fs-have-thumbnail\">\n<header class=\"entry-header\">\n<h4 class=\"entry-title\"><strong><a title=\"Permanentlink zu Radtag der vierten Klassen\" href=\"https:\/\/vspoechlarn.ac.at\/wordpress\/2025\/06\/06\/radtag-der-vierten-klassen\/\" rel=\"bookmark\">Radtag der vierten Klassen<\/a><\/strong><\/h4>\n<\/header>\n<div class=\"entry-content\">\n<p>Bei strahlendem Sonnenschein und perfekt ausger\u00fcstet, ging es f\u00fcr die beiden vierten Klassen am 5.6. mit dem Fahrrad nach Weitenegg. Nach einer l\u00e4ngeren Strecke entlang der Donau, durften sich die Kinder in Luberegg bei Getr\u00e4nken und einem Eis st\u00e4rken, bevor ihre Reise weiterging. Alle Kinder waren begeistert und hatten viel Spa\u00df!<\/p>\n<div id=\"gallery_5480_6\" class=\"row\">\n<div id=\"5480-image-5481\" class=\"col-xs-12 col-sm-4 col-md-4\">\n<div class=\"thumbnail\"><a href=\"https:\/\/vspoechlarn.ac.at\/wordpress\/2025\/06\/06\/radtag-der-vierten-klassen\/rad1-mittel\/\"><img loading=\"lazy\" decoding=\"async\" class=\"attachment-large size-large\" src=\"https:\/\/vspoechlarn.ac.at\/wordpress\/wp-content\/uploads\/2025\/06\/Rad1-Mittel.jpg\" sizes=\"auto, (max-width: 900px) 100vw, 900px\" srcset=\"https:\/\/vspoechlarn.ac.at\/wordpress\/wp-content\/uploads\/2025\/06\/Rad1-Mittel.jpg 1024w, https:\/\/vspoechlarn.ac.at\/wordpress\/wp-content\/uploads\/2025\/06\/Rad1-Mittel-350x263.jpg 350w, https:\/\/vspoechlarn.ac.at\/wordpress\/wp-content\/uploads\/2025\/06\/Rad1-Mittel-250x188.jpg 250w\" alt=\"\" width=\"900\" height=\"675\" \/><\/a><\/div>\n<\/div>\n<div id=\"5480-image-5482\" class=\"col-xs-12 col-sm-4 col-md-4\">\n<div class=\"thumbnail\"><a href=\"https:\/\/vspoechlarn.ac.at\/wordpress\/2025\/06\/06\/radtag-der-vierten-klassen\/rad2-mittel\/\"><img loading=\"lazy\" decoding=\"async\" class=\"attachment-large size-large\" src=\"https:\/\/vspoechlarn.ac.at\/wordpress\/wp-content\/uploads\/2025\/06\/Rad2-Mittel.jpg\" sizes=\"auto, (max-width: 900px) 100vw, 900px\" srcset=\"https:\/\/vspoechlarn.ac.at\/wordpress\/wp-content\/uploads\/2025\/06\/Rad2-Mittel.jpg 1024w, https:\/\/vspoechlarn.ac.at\/wordpress\/wp-content\/uploads\/2025\/06\/Rad2-Mittel-350x263.jpg 350w, https:\/\/vspoechlarn.ac.at\/wordpress\/wp-content\/uploads\/2025\/06\/Rad2-Mittel-250x188.jpg 250w\" alt=\"\" width=\"900\" height=\"675\" \/><\/a><\/div>\n<\/div>\n<\/div>\n<\/div>\n<\/div>\n<\/div>\n<div class=\"panel-footer entry-meta\">\n<p><small><span class=\"loop-category\"><a class=\"label label-success\" href=\"https:\/\/vspoechlarn.ac.at\/wordpress\/category\/allgemein\/\">Startseite<\/a>\u00a0<\/span><span class=\"loop-author\">|\u00a0<span class=\"author vcard\"><a class=\"url fn n\" href=\"https:\/\/vspoechlarn.ac.at\/wordpress\/author\/wp-admin\/\">wp-admin<\/a><\/span><\/span>\u00a0<span class=\"loop-date\">|\u00a0<time class=\"entry-date published updated\" datetime=\"2025-06-06T09:15:28+02:00\">6. Juni 2025<\/time><\/span>\u00a0|\u00a0<span class=\"edit-link\"><a class=\"post-edit-link\" href=\"https:\/\/vspoechlarn.ac.at\/wordpress\/wp-admin\/post.php?post=5480&amp;action=edit\">Bearbeiten<\/a><\/span><\/small><\/p>\n<div class=\"clearfix\"><\/div>\n<\/div>\n<\/div>\n<\/article>\n<article id=\"post-5469\" class=\"loop_list post-5469 post type-post status-publish format-standard hentry category-allgemein\">\n<div class=\"panel panel-default\">\n<div class=\"panel-body clearfix\">\n<div class=\"fs-have-thumbnail\">\n<header class=\"entry-header\">\n<h4 class=\"entry-title\"><strong><a title=\"Permanentlink zu Im Wald\" href=\"https:\/\/vspoechlarn.ac.at\/wordpress\/2025\/06\/05\/im-wald\/\" rel=\"bookmark\">Im Wald<\/a><\/strong><\/h4>\n<\/header>\n<div class=\"entry-content\">\n<p>Am 7.5. und am 4.6. machten sich die Klassen 2a und 2b auf den Weg in den Wald, um dort einen spannenden Waldp\u00e4dagogiktag zu erleben. Bei herrlichem Wetter lernten die Kinder viele interessante Dinge \u00fcber den Wald und seine tierischen Bewohner.\u00a0 Mit gro\u00dfer Begeisterung erfuhren sie, wie sich verschiedene Tiere im Wald verst\u00e4ndigen \u2013 durch Ger\u00e4usche, Ger\u00fcche oder K\u00f6rpersprache. In lustigen Spielen durften die Sch\u00fclerinnen und Sch\u00fcler selbst ausprobieren, wie schwer es sein kann, sich ohne Worte zu verst\u00e4ndigen \u2013 dabei wurde viel gelacht!<\/p>\n<div dir=\"auto\">Ein weiteres Highlight war das kreative Bauen in Gruppen: Aus \u00c4sten, Zweigen, Bl\u00e4ttern und anderen Naturmaterialien entstanden beeindruckende Bauwerke wie H\u00e4user, T\u00fcrme, Br\u00fccken und sogar Tunnel. Die Kinder arbeiteten dabei mit viel Teamgeist und Einfallsreichtum zusammen. Am Ende des Tages waren sich alle einig: Das war ein spannender und lehrreicher Ausflug, der noch lange in Erinnerung bleiben wird!<\/div>\n<div dir=\"auto\">\n<p>Unser besonderer\u00a0 Dank gilt\u00a0 Fritz Wolf, der die Kinder an diesen Tagen begleitete, und unserem Elternverein f\u00fcr die Finanzierung der Busse.<\/p>\n<div id=\"gallery_5469_7\" class=\"row\">\n<div id=\"5469-image-5470\" class=\"col-xs-12 col-sm-3 col-md-3\">\n<div class=\"thumbnail\"><a href=\"https:\/\/vspoechlarn.ac.at\/wordpress\/2025\/06\/05\/im-wald\/20250507_085406-mittel\/\"><img loading=\"lazy\" decoding=\"async\" class=\"attachment-large size-large\" src=\"https:\/\/vspoechlarn.ac.at\/wordpress\/wp-content\/uploads\/2025\/06\/20250507_085406-Mittel-rotated.jpg\" sizes=\"auto, (max-width: 768px) 100vw, 768px\" srcset=\"https:\/\/vspoechlarn.ac.at\/wordpress\/wp-content\/uploads\/2025\/06\/20250507_085406-Mittel-rotated.jpg 768w, https:\/\/vspoechlarn.ac.at\/wordpress\/wp-content\/uploads\/2025\/06\/20250507_085406-Mittel-225x300.jpg 225w, https:\/\/vspoechlarn.ac.at\/wordpress\/wp-content\/uploads\/2025\/06\/20250507_085406-Mittel-188x250.jpg 188w\" alt=\"\" width=\"768\" height=\"1024\" \/><\/a><\/div>\n<\/div>\n<div id=\"5469-image-5471\" class=\"col-xs-12 col-sm-3 col-md-3\">\n<div class=\"thumbnail\"><a href=\"https:\/\/vspoechlarn.ac.at\/wordpress\/2025\/06\/05\/im-wald\/20250507_090541-mittel\/\"><img loading=\"lazy\" decoding=\"async\" class=\"attachment-large size-large\" src=\"https:\/\/vspoechlarn.ac.at\/wordpress\/wp-content\/uploads\/2025\/06\/20250507_090541-Mittel-rotated.jpg\" sizes=\"auto, (max-width: 768px) 100vw, 768px\" srcset=\"https:\/\/vspoechlarn.ac.at\/wordpress\/wp-content\/uploads\/2025\/06\/20250507_090541-Mittel-rotated.jpg 768w, https:\/\/vspoechlarn.ac.at\/wordpress\/wp-content\/uploads\/2025\/06\/20250507_090541-Mittel-225x300.jpg 225w, https:\/\/vspoechlarn.ac.at\/wordpress\/wp-content\/uploads\/2025\/06\/20250507_090541-Mittel-188x250.jpg 188w\" alt=\"\" width=\"768\" height=\"1024\" \/><\/a><\/div>\n<\/div>\n<div id=\"5469-image-5472\" class=\"col-xs-12 col-sm-3 col-md-3\">\n<div class=\"thumbnail\"><a href=\"https:\/\/vspoechlarn.ac.at\/wordpress\/2025\/06\/05\/im-wald\/20250507_100802-mittel\/\"><img loading=\"lazy\" decoding=\"async\" class=\"attachment-large size-large\" src=\"https:\/\/vspoechlarn.ac.at\/wordpress\/wp-content\/uploads\/2025\/06\/20250507_100802-Mittel-rotated.jpg\" sizes=\"auto, (max-width: 768px) 100vw, 768px\" srcset=\"https:\/\/vspoechlarn.ac.at\/wordpress\/wp-content\/uploads\/2025\/06\/20250507_100802-Mittel-rotated.jpg 768w, https:\/\/vspoechlarn.ac.at\/wordpress\/wp-content\/uploads\/2025\/06\/20250507_100802-Mittel-225x300.jpg 225w, https:\/\/vspoechlarn.ac.at\/wordpress\/wp-content\/uploads\/2025\/06\/20250507_100802-Mittel-188x250.jpg 188w\" alt=\"\" width=\"768\" height=\"1024\" \/><\/a><\/div>\n<\/div>\n<div id=\"5469-image-5473\" class=\"col-xs-12 col-sm-3 col-md-3\">\n<div class=\"thumbnail\"><a href=\"https:\/\/vspoechlarn.ac.at\/wordpress\/2025\/06\/05\/im-wald\/20250507_105508-mittel\/\"><img loading=\"lazy\" decoding=\"async\" class=\"attachment-large size-large\" src=\"https:\/\/vspoechlarn.ac.at\/wordpress\/wp-content\/uploads\/2025\/06\/20250507_105508-Mittel-rotated.jpg\" sizes=\"auto, (max-width: 768px) 100vw, 768px\" srcset=\"https:\/\/vspoechlarn.ac.at\/wordpress\/wp-content\/uploads\/2025\/06\/20250507_105508-Mittel-rotated.jpg 768w, https:\/\/vspoechlarn.ac.at\/wordpress\/wp-content\/uploads\/2025\/06\/20250507_105508-Mittel-225x300.jpg 225w, https:\/\/vspoechlarn.ac.at\/wordpress\/wp-content\/uploads\/2025\/06\/20250507_105508-Mittel-188x250.jpg 188w\" alt=\"\" width=\"768\" height=\"1024\" \/><\/a><\/div>\n<\/div>\n<div class=\"clearfix visible-md-block visible-lg-block\"><\/div>\n<div id=\"5469-image-5474\" class=\"col-xs-12 col-sm-3 col-md-3\">\n<div class=\"thumbnail\"><a href=\"https:\/\/vspoechlarn.ac.at\/wordpress\/2025\/06\/05\/im-wald\/thumbnail_1000100823-mittel\/\"><img loading=\"lazy\" decoding=\"async\" class=\"attachment-large size-large\" src=\"https:\/\/vspoechlarn.ac.at\/wordpress\/wp-content\/uploads\/2025\/06\/thumbnail_1000100823-Mittel.jpg\" sizes=\"auto, (max-width: 768px) 100vw, 768px\" srcset=\"https:\/\/vspoechlarn.ac.at\/wordpress\/wp-content\/uploads\/2025\/06\/thumbnail_1000100823-Mittel.jpg 768w, https:\/\/vspoechlarn.ac.at\/wordpress\/wp-content\/uploads\/2025\/06\/thumbnail_1000100823-Mittel-225x300.jpg 225w, https:\/\/vspoechlarn.ac.at\/wordpress\/wp-content\/uploads\/2025\/06\/thumbnail_1000100823-Mittel-188x250.jpg 188w\" alt=\"\" width=\"768\" height=\"1023\" \/><\/a><\/div>\n<\/div>\n<div id=\"5469-image-5475\" class=\"col-xs-12 col-sm-3 col-md-3\">\n<div class=\"thumbnail\"><a href=\"https:\/\/vspoechlarn.ac.at\/wordpress\/2025\/06\/05\/im-wald\/thumbnail_1000100882-mittel\/\"><img loading=\"lazy\" decoding=\"async\" class=\"attachment-large size-large\" src=\"https:\/\/vspoechlarn.ac.at\/wordpress\/wp-content\/uploads\/2025\/06\/thumbnail_1000100882-Mittel.jpg\" sizes=\"auto, (max-width: 900px) 100vw, 900px\" srcset=\"https:\/\/vspoechlarn.ac.at\/wordpress\/wp-content\/uploads\/2025\/06\/thumbnail_1000100882-Mittel.jpg 1024w, https:\/\/vspoechlarn.ac.at\/wordpress\/wp-content\/uploads\/2025\/06\/thumbnail_1000100882-Mittel-350x263.jpg 350w, https:\/\/vspoechlarn.ac.at\/wordpress\/wp-content\/uploads\/2025\/06\/thumbnail_1000100882-Mittel-250x188.jpg 250w\" alt=\"\" width=\"900\" height=\"675\" \/><\/a><\/div>\n<\/div>\n<div id=\"5469-image-5476\" class=\"col-xs-12 col-sm-3 col-md-3\">\n<div class=\"thumbnail\"><a href=\"https:\/\/vspoechlarn.ac.at\/wordpress\/2025\/06\/05\/im-wald\/thumbnail_1000100896-mittel\/\"><img loading=\"lazy\" decoding=\"async\" class=\"attachment-large size-large\" src=\"https:\/\/vspoechlarn.ac.at\/wordpress\/wp-content\/uploads\/2025\/06\/thumbnail_1000100896-Mittel.jpg\" sizes=\"auto, (max-width: 900px) 100vw, 900px\" srcset=\"https:\/\/vspoechlarn.ac.at\/wordpress\/wp-content\/uploads\/2025\/06\/thumbnail_1000100896-Mittel.jpg 1024w, https:\/\/vspoechlarn.ac.at\/wordpress\/wp-content\/uploads\/2025\/06\/thumbnail_1000100896-Mittel-350x263.jpg 350w, https:\/\/vspoechlarn.ac.at\/wordpress\/wp-content\/uploads\/2025\/06\/thumbnail_1000100896-Mittel-250x188.jpg 250w\" alt=\"\" width=\"900\" height=\"675\" \/><\/a><\/div>\n<\/div>\n<div id=\"5469-image-5477\" class=\"col-xs-12 col-sm-3 col-md-3\">\n<div class=\"thumbnail\"><a href=\"https:\/\/vspoechlarn.ac.at\/wordpress\/2025\/06\/05\/im-wald\/thumbnail_1000100908-mittel\/\"><img loading=\"lazy\" decoding=\"async\" class=\"attachment-large size-large\" src=\"https:\/\/vspoechlarn.ac.at\/wordpress\/wp-content\/uploads\/2025\/06\/thumbnail_1000100908-Mittel.jpg\" sizes=\"auto, (max-width: 900px) 100vw, 900px\" srcset=\"https:\/\/vspoechlarn.ac.at\/wordpress\/wp-content\/uploads\/2025\/06\/thumbnail_1000100908-Mittel.jpg 1023w, https:\/\/vspoechlarn.ac.at\/wordpress\/wp-content\/uploads\/2025\/06\/thumbnail_1000100908-Mittel-350x263.jpg 350w, https:\/\/vspoechlarn.ac.at\/wordpress\/wp-content\/uploads\/2025\/06\/thumbnail_1000100908-Mittel-250x188.jpg 250w\" alt=\"\" width=\"900\" height=\"676\" \/><\/a><\/div>\n<\/div>\n<div class=\"clearfix visible-md-block visible-lg-block\"><\/div>\n<\/div>\n<\/div>\n<\/div>\n<\/div>\n<\/div>\n<div class=\"panel-footer entry-meta\">\n<p><small><span class=\"loop-category\"><a class=\"label label-success\" href=\"https:\/\/vspoechlarn.ac.at\/wordpress\/category\/allgemein\/\">Startseite<\/a>\u00a0<\/span><span class=\"loop-author\">|\u00a0<span class=\"author vcard\"><a class=\"url fn n\" href=\"https:\/\/vspoechlarn.ac.at\/wordpress\/author\/wp-admin\/\">wp-admin<\/a><\/span><\/span>\u00a0<span class=\"loop-date\">|\u00a0<time class=\"entry-date published updated\" datetime=\"2025-06-05T11:01:50+02:00\">5. Juni 2025<\/time><\/span>\u00a0|\u00a0<span class=\"edit-link\"><a class=\"post-edit-link\" href=\"https:\/\/vspoechlarn.ac.at\/wordpress\/wp-admin\/post.php?post=5469&amp;action=edit\">Bearbeiten<\/a><\/span><\/small><\/p>\n<div class=\"clearfix\"><\/div>\n<\/div>\n<\/div>\n<\/article>\n<article id=\"post-5460\" class=\"loop_list post-5460 post type-post status-publish format-standard hentry category-allgemein\">\n<div class=\"panel panel-default\">\n<div class=\"panel-body clearfix\">\n<div class=\"fs-have-thumbnail\">\n<header class=\"entry-header\">\n<h4 class=\"entry-title\"><strong><a title=\"Permanentlink zu Besuch auf der Gemeinde\" href=\"https:\/\/vspoechlarn.ac.at\/wordpress\/2025\/05\/19\/besuch-auf-der-gemeinde\/\" rel=\"bookmark\">Besuch auf der Gemeinde<\/a><\/strong><\/h4>\n<\/header>\n<div class=\"entry-content\">\n<p>Die Sch\u00fclerinnen und Sch\u00fcler der 3a und 3b hatten einen besonderen Tag, als sie die Gemeinde P\u00f6chlarn besuchten. Sie nahmen an einer spannenden R\u00e4tselrallye teil, bei der sie ihre Kenntnisse \u00fcber die Gemeinde unter Beweis stellen konnten. Die drei Gewinner der R\u00e4tselrallye wurden mit einem Geschenk belohnt. Anschlie\u00dfend fand eine Kinderb\u00fcrgermeisterwahl statt, bei der die Kinder ihre Stimme abgeben konnten. Es kam zu einer Stichwahl, da keiner der Kandidatinnen und Kandidaten die absolute Mehrheit erreichen konnte.<\/p>\n<p>Im Anschluss erhielten die Kinder eine leckere Jause.<\/p>\n<p>Die Volksschule P\u00f6chlarn m\u00f6chte sich bei Frau B\u00fcrgermeister Barbara Kainz, Frau Ulrike Huber und Frau Kerstin Thain f\u00fcr die Organisation und Durchf\u00fchrung dieses sch\u00f6nen Tages bedanken. Wir sind sehr dankbar f\u00fcr die M\u00f6glichkeit, dass unsere Sch\u00fclerinnen und Sch\u00fcler einen Einblick in die Gemeindearbeit erhalten konnten.<\/p>\n<div id=\"gallery_5460_8\" class=\"row\">\n<div id=\"5460-image-5461\" class=\"col-xs-12 col-sm-6 col-md-6\">\n<div class=\"thumbnail\"><a href=\"https:\/\/vspoechlarn.ac.at\/wordpress\/2025\/05\/19\/besuch-auf-der-gemeinde\/2a3ea195-b694-4e8b-b6b6-a81cc7c1b1bf\/\"><img loading=\"lazy\" decoding=\"async\" class=\"attachment-large size-large\" src=\"https:\/\/vspoechlarn.ac.at\/wordpress\/wp-content\/uploads\/2025\/05\/2a3ea195-b694-4e8b-b6b6-a81cc7c1b1bf-1024x768.jpeg\" sizes=\"auto, (max-width: 900px) 100vw, 900px\" srcset=\"https:\/\/vspoechlarn.ac.at\/wordpress\/wp-content\/uploads\/2025\/05\/2a3ea195-b694-4e8b-b6b6-a81cc7c1b1bf-1024x768.jpeg 1024w, https:\/\/vspoechlarn.ac.at\/wordpress\/wp-content\/uploads\/2025\/05\/2a3ea195-b694-4e8b-b6b6-a81cc7c1b1bf-350x263.jpeg 350w, https:\/\/vspoechlarn.ac.at\/wordpress\/wp-content\/uploads\/2025\/05\/2a3ea195-b694-4e8b-b6b6-a81cc7c1b1bf-250x188.jpeg 250w, https:\/\/vspoechlarn.ac.at\/wordpress\/wp-content\/uploads\/2025\/05\/2a3ea195-b694-4e8b-b6b6-a81cc7c1b1bf-1536x1152.jpeg 1536w, https:\/\/vspoechlarn.ac.at\/wordpress\/wp-content\/uploads\/2025\/05\/2a3ea195-b694-4e8b-b6b6-a81cc7c1b1bf.jpeg 1440w\" alt=\"\" width=\"900\" height=\"675\" \/><\/a><\/div>\n<\/div>\n<\/div>\n<p>&nbsp;<\/p>\n<\/div>\n<\/div>\n<\/div>\n<div class=\"panel-footer entry-meta\">\n<p><small><span class=\"loop-category\"><a class=\"label label-success\" href=\"https:\/\/vspoechlarn.ac.at\/wordpress\/category\/allgemein\/\">Startseite<\/a>\u00a0<\/span><span class=\"loop-author\">|\u00a0<span class=\"author vcard\"><a class=\"url fn n\" href=\"https:\/\/vspoechlarn.ac.at\/wordpress\/author\/wp-admin\/\">wp-admin<\/a><\/span><\/span>\u00a0<span class=\"loop-date\">|\u00a0<time class=\"entry-date published updated\" datetime=\"2025-05-19T13:26:48+02:00\">19. Mai 2025<\/time><\/span>\u00a0|\u00a0<span class=\"edit-link\"><a class=\"post-edit-link\" href=\"https:\/\/vspoechlarn.ac.at\/wordpress\/wp-admin\/post.php?post=5460&amp;action=edit\">Bearbeiten<\/a><\/span><\/small><\/p>\n<div class=\"clearfix\"><\/div>\n<\/div>\n<\/div>\n<\/article>\n<article id=\"post-5445\" class=\"loop_list post-5445 post type-post status-publish format-standard hentry category-allgemein\">\n<div class=\"panel panel-default\">\n<div class=\"panel-body clearfix\">\n<div class=\"fs-have-thumbnail\">\n<header class=\"entry-header\">\n<h4 class=\"entry-title\"><strong><a title=\"Permanentlink zu Wandertag\" href=\"https:\/\/vspoechlarn.ac.at\/wordpress\/2025\/05\/14\/wandertag\/\" rel=\"bookmark\">Wandertag<\/a><\/strong><\/h4>\n<\/header>\n<div class=\"entry-content\">\n<p>Bei Sch\u00f6nwetter wanderten wir mit allen Klassen nach Ornding. Unser Ziel war der Fu\u00dfballplatz. Dort konnten sich die Kinder st\u00e4rken und austoben, bevor es wieder zur\u00fcck zur Schule ging. Wir bedanken uns ganz herzlich beim FC G\u00f6sser, dass wir wieder die Anlage benutzen durften.<\/p>\n<div id=\"gallery_5445_9\" class=\"row\">\n<div id=\"5445-image-5448\" class=\"col-xs-12 col-sm-4 col-md-4\">\n<div class=\"thumbnail\"><a href=\"https:\/\/vspoechlarn.ac.at\/wordpress\/2025\/05\/14\/wandertag\/ornding-3-mittel\/\"><img loading=\"lazy\" decoding=\"async\" class=\"attachment-large size-large\" src=\"https:\/\/vspoechlarn.ac.at\/wordpress\/wp-content\/uploads\/2025\/05\/Ornding-3-Mittel-rotated.jpg\" sizes=\"auto, (max-width: 768px) 100vw, 768px\" srcset=\"https:\/\/vspoechlarn.ac.at\/wordpress\/wp-content\/uploads\/2025\/05\/Ornding-3-Mittel-rotated.jpg 768w, https:\/\/vspoechlarn.ac.at\/wordpress\/wp-content\/uploads\/2025\/05\/Ornding-3-Mittel-225x300.jpg 225w, https:\/\/vspoechlarn.ac.at\/wordpress\/wp-content\/uploads\/2025\/05\/Ornding-3-Mittel-188x250.jpg 188w\" alt=\"\" width=\"768\" height=\"1024\" \/><\/a><\/div>\n<\/div>\n<div id=\"5445-image-5446\" class=\"col-xs-12 col-sm-4 col-md-4\">\n<div class=\"thumbnail\"><a href=\"https:\/\/vspoechlarn.ac.at\/wordpress\/2025\/05\/14\/wandertag\/ornding-1-mittel\/\"><img loading=\"lazy\" decoding=\"async\" class=\"attachment-large size-large\" src=\"https:\/\/vspoechlarn.ac.at\/wordpress\/wp-content\/uploads\/2025\/05\/Ornding-1-Mittel.jpg\" sizes=\"auto, (max-width: 900px) 100vw, 900px\" srcset=\"https:\/\/vspoechlarn.ac.at\/wordpress\/wp-content\/uploads\/2025\/05\/Ornding-1-Mittel.jpg 1024w, https:\/\/vspoechlarn.ac.at\/wordpress\/wp-content\/uploads\/2025\/05\/Ornding-1-Mittel-350x263.jpg 350w, https:\/\/vspoechlarn.ac.at\/wordpress\/wp-content\/uploads\/2025\/05\/Ornding-1-Mittel-250x188.jpg 250w\" alt=\"\" width=\"900\" height=\"675\" \/><\/a><\/div>\n<\/div>\n<div id=\"5445-image-5447\" class=\"col-xs-12 col-sm-4 col-md-4\">\n<div class=\"thumbnail\"><a href=\"https:\/\/vspoechlarn.ac.at\/wordpress\/2025\/05\/14\/wandertag\/ornding-2-mittel\/\"><img loading=\"lazy\" decoding=\"async\" class=\"attachment-large size-large\" src=\"https:\/\/vspoechlarn.ac.at\/wordpress\/wp-content\/uploads\/2025\/05\/Ornding-2-Mittel.jpg\" sizes=\"auto, (max-width: 900px) 100vw, 900px\" srcset=\"https:\/\/vspoechlarn.ac.at\/wordpress\/wp-content\/uploads\/2025\/05\/Ornding-2-Mittel.jpg 1024w, https:\/\/vspoechlarn.ac.at\/wordpress\/wp-content\/uploads\/2025\/05\/Ornding-2-Mittel-350x263.jpg 350w, https:\/\/vspoechlarn.ac.at\/wordpress\/wp-content\/uploads\/2025\/05\/Ornding-2-Mittel-250x188.jpg 250w\" alt=\"\" width=\"900\" height=\"675\" \/><\/a><\/div>\n<\/div>\n<div class=\"clearfix visible-md-block visible-lg-block\"><\/div>\n<div id=\"5445-image-5449\" class=\"col-xs-12 col-sm-4 col-md-4\">\n<div class=\"thumbnail\"><a href=\"https:\/\/vspoechlarn.ac.at\/wordpress\/2025\/05\/14\/wandertag\/ornding-4-mittel\/\"><img loading=\"lazy\" decoding=\"async\" class=\"attachment-large size-large\" src=\"https:\/\/vspoechlarn.ac.at\/wordpress\/wp-content\/uploads\/2025\/05\/Ornding-4-Mittel.jpg\" sizes=\"auto, (max-width: 900px) 100vw, 900px\" srcset=\"https:\/\/vspoechlarn.ac.at\/wordpress\/wp-content\/uploads\/2025\/05\/Ornding-4-Mittel.jpg 1024w, https:\/\/vspoechlarn.ac.at\/wordpress\/wp-content\/uploads\/2025\/05\/Ornding-4-Mittel-350x263.jpg 350w, https:\/\/vspoechlarn.ac.at\/wordpress\/wp-content\/uploads\/2025\/05\/Ornding-4-Mittel-250x188.jpg 250w\" alt=\"\" width=\"900\" height=\"675\" \/><\/a><\/div>\n<\/div>\n<div id=\"5445-image-5465\" class=\"col-xs-12 col-sm-4 col-md-4\">\n<div class=\"thumbnail\"><a href=\"https:\/\/vspoechlarn.ac.at\/wordpress\/2025\/05\/14\/wandertag\/wandern5-mittel-2\/\"><img loading=\"lazy\" decoding=\"async\" class=\"attachment-large size-large\" src=\"https:\/\/vspoechlarn.ac.at\/wordpress\/wp-content\/uploads\/2025\/05\/Wandern5-Mittel.jpg\" sizes=\"auto, (max-width: 768px) 100vw, 768px\" srcset=\"https:\/\/vspoechlarn.ac.at\/wordpress\/wp-content\/uploads\/2025\/05\/Wandern5-Mittel.jpg 768w, https:\/\/vspoechlarn.ac.at\/wordpress\/wp-content\/uploads\/2025\/05\/Wandern5-Mittel-225x300.jpg 225w, https:\/\/vspoechlarn.ac.at\/wordpress\/wp-content\/uploads\/2025\/05\/Wandern5-Mittel-188x250.jpg 188w\" alt=\"\" width=\"768\" height=\"1024\" \/><\/a><\/div>\n<\/div>\n<\/div>\n<\/div>\n<\/div>\n<\/div>\n<div class=\"panel-footer entry-meta\">\n<p><small><span class=\"loop-category\"><a class=\"label label-success\" href=\"https:\/\/vspoechlarn.ac.at\/wordpress\/category\/allgemein\/\">Startseite<\/a>\u00a0<\/span><span class=\"loop-author\">|\u00a0<span class=\"author vcard\"><a class=\"url fn n\" href=\"https:\/\/vspoechlarn.ac.at\/wordpress\/author\/wp-admin\/\">wp-admin<\/a><\/span><\/span>\u00a0<span class=\"loop-date\">|\u00a0<time class=\"entry-date published updated\" datetime=\"2025-05-14T13:03:27+02:00\">14. Mai 2025<\/time><\/span>\u00a0|\u00a0<span class=\"edit-link\"><a class=\"post-edit-link\" href=\"https:\/\/vspoechlarn.ac.at\/wordpress\/wp-admin\/post.php?post=5445&amp;action=edit\">Bearbeiten<\/a><\/span><\/small><\/p>\n<div class=\"clearfix\"><\/div>\n<\/div>\n<\/div>\n<\/article>\n<article id=\"post-5421\" class=\"loop_list post-5421 post type-post status-publish format-standard hentry category-allgemein\">\n<div class=\"panel panel-default\">\n<div class=\"panel-body clearfix\">\n<div class=\"fs-have-thumbnail\">\n<header class=\"entry-header\">\n<h4 class=\"entry-title\"><strong><a title=\"Permanentlink zu Stift Melk\" href=\"https:\/\/vspoechlarn.ac.at\/wordpress\/2025\/05\/13\/stift-melk\/\" rel=\"bookmark\">Stift Melk<\/a><\/strong><\/h4>\n<\/header>\n<div class=\"entry-content\">\n<p>Am 12.5.2025 besichtigten die Kinder der 4a und 4b das Stift Melk. Bei diesem gef\u00fchrten Rundgang erfuhren die Sch\u00fclerinnen und Sch\u00fcler sehr viel Interessantes \u00fcber die barocke Stiftskirche. Ein weiteres Highlight war die Besichtigung der Stiftsbibliothek. Mit dem Zug ging es danach f\u00fcr die Kinder wieder zur\u00fcck nach P\u00f6chlarn. F\u00fcr die Finanzierung der Reisekosten bedanken wir uns ganz herzlich bei unserem Elternverein.<\/p>\n<div id=\"gallery_5421_10\" class=\"row\">\n<div id=\"5421-image-5441\" class=\"col-xs-12 col-sm-4 col-md-4\">\n<div class=\"thumbnail\"><a href=\"https:\/\/vspoechlarn.ac.at\/wordpress\/2025\/05\/13\/stift-melk\/stift-7-mittel\/\"><img loading=\"lazy\" decoding=\"async\" class=\"attachment-large size-large\" src=\"https:\/\/vspoechlarn.ac.at\/wordpress\/wp-content\/uploads\/2025\/05\/Stift-7-Mittel.jpg\" sizes=\"auto, (max-width: 900px) 100vw, 900px\" srcset=\"https:\/\/vspoechlarn.ac.at\/wordpress\/wp-content\/uploads\/2025\/05\/Stift-7-Mittel.jpg 1024w, https:\/\/vspoechlarn.ac.at\/wordpress\/wp-content\/uploads\/2025\/05\/Stift-7-Mittel-350x263.jpg 350w, https:\/\/vspoechlarn.ac.at\/wordpress\/wp-content\/uploads\/2025\/05\/Stift-7-Mittel-250x188.jpg 250w\" alt=\"\" width=\"900\" height=\"675\" \/><\/a><\/div>\n<\/div>\n<div id=\"5421-image-5440\" class=\"col-xs-12 col-sm-4 col-md-4\">\n<div class=\"thumbnail\"><a href=\"https:\/\/vspoechlarn.ac.at\/wordpress\/2025\/05\/13\/stift-melk\/stift-6-mittel\/\"><img loading=\"lazy\" decoding=\"async\" class=\"attachment-large size-large\" src=\"https:\/\/vspoechlarn.ac.at\/wordpress\/wp-content\/uploads\/2025\/05\/Stift-6-Mittel-rotated.jpg\" sizes=\"auto, (max-width: 768px) 100vw, 768px\" srcset=\"https:\/\/vspoechlarn.ac.at\/wordpress\/wp-content\/uploads\/2025\/05\/Stift-6-Mittel-rotated.jpg 768w, https:\/\/vspoechlarn.ac.at\/wordpress\/wp-content\/uploads\/2025\/05\/Stift-6-Mittel-225x300.jpg 225w, https:\/\/vspoechlarn.ac.at\/wordpress\/wp-content\/uploads\/2025\/05\/Stift-6-Mittel-188x250.jpg 188w\" alt=\"\" width=\"768\" height=\"1024\" \/><\/a><\/div>\n<\/div>\n<div id=\"5421-image-5439\" class=\"col-xs-12 col-sm-4 col-md-4\">\n<div class=\"thumbnail\"><a href=\"https:\/\/vspoechlarn.ac.at\/wordpress\/2025\/05\/13\/stift-melk\/stift-5-mittel\/\"><img loading=\"lazy\" decoding=\"async\" class=\"attachment-large size-large\" src=\"https:\/\/vspoechlarn.ac.at\/wordpress\/wp-content\/uploads\/2025\/05\/Stift-5-Mittel-rotated.jpg\" sizes=\"auto, (max-width: 768px) 100vw, 768px\" srcset=\"https:\/\/vspoechlarn.ac.at\/wordpress\/wp-content\/uploads\/2025\/05\/Stift-5-Mittel-rotated.jpg 768w, https:\/\/vspoechlarn.ac.at\/wordpress\/wp-content\/uploads\/2025\/05\/Stift-5-Mittel-225x300.jpg 225w, https:\/\/vspoechlarn.ac.at\/wordpress\/wp-content\/uploads\/2025\/05\/Stift-5-Mittel-188x250.jpg 188w\" alt=\"\" width=\"768\" height=\"1024\" \/><\/a><\/div>\n<\/div>\n<div class=\"clearfix visible-md-block visible-lg-block\"><\/div>\n<div id=\"5421-image-5438\" class=\"col-xs-12 col-sm-4 col-md-4\">\n<div class=\"thumbnail\"><a href=\"https:\/\/vspoechlarn.ac.at\/wordpress\/2025\/05\/13\/stift-melk\/stift-4-mittel\/\"><img loading=\"lazy\" decoding=\"async\" class=\"attachment-large size-large\" src=\"https:\/\/vspoechlarn.ac.at\/wordpress\/wp-content\/uploads\/2025\/05\/Stift-4-Mittel-1024x461.jpg\" sizes=\"auto, (max-width: 900px) 100vw, 900px\" srcset=\"https:\/\/vspoechlarn.ac.at\/wordpress\/wp-content\/uploads\/2025\/05\/Stift-4-Mittel-1024x461.jpg 1024w, https:\/\/vspoechlarn.ac.at\/wordpress\/wp-content\/uploads\/2025\/05\/Stift-4-Mittel-350x158.jpg 350w, https:\/\/vspoechlarn.ac.at\/wordpress\/wp-content\/uploads\/2025\/05\/Stift-4-Mittel-250x113.jpg 250w, https:\/\/vspoechlarn.ac.at\/wordpress\/wp-content\/uploads\/2025\/05\/Stift-4-Mittel.jpg 1366w\" alt=\"\" width=\"900\" height=\"405\" \/><\/a><\/div>\n<\/div>\n<div id=\"5421-image-5437\" class=\"col-xs-12 col-sm-4 col-md-4\">\n<div class=\"thumbnail\"><a href=\"https:\/\/vspoechlarn.ac.at\/wordpress\/2025\/05\/13\/stift-melk\/stift-3-mittel\/\"><img loading=\"lazy\" decoding=\"async\" class=\"attachment-large size-large\" src=\"https:\/\/vspoechlarn.ac.at\/wordpress\/wp-content\/uploads\/2025\/05\/Stift-3-Mittel-rotated.jpg\" sizes=\"auto, (max-width: 768px) 100vw, 768px\" srcset=\"https:\/\/vspoechlarn.ac.at\/wordpress\/wp-content\/uploads\/2025\/05\/Stift-3-Mittel-rotated.jpg 768w, https:\/\/vspoechlarn.ac.at\/wordpress\/wp-content\/uploads\/2025\/05\/Stift-3-Mittel-225x300.jpg 225w, https:\/\/vspoechlarn.ac.at\/wordpress\/wp-content\/uploads\/2025\/05\/Stift-3-Mittel-188x250.jpg 188w\" alt=\"\" width=\"768\" height=\"1024\" \/><\/a><\/div>\n<\/div>\n<div id=\"5421-image-5436\" class=\"col-xs-12 col-sm-4 col-md-4\">\n<div class=\"thumbnail\"><a href=\"https:\/\/vspoechlarn.ac.at\/wordpress\/2025\/05\/13\/stift-melk\/stift-2-mittel\/\"><img loading=\"lazy\" decoding=\"async\" class=\"attachment-large size-large\" src=\"https:\/\/vspoechlarn.ac.at\/wordpress\/wp-content\/uploads\/2025\/05\/Stift-2-Mittel-1024x462.jpg\" sizes=\"auto, (max-width: 900px) 100vw, 900px\" srcset=\"https:\/\/vspoechlarn.ac.at\/wordpress\/wp-content\/uploads\/2025\/05\/Stift-2-Mittel-1024x462.jpg 1024w, https:\/\/vspoechlarn.ac.at\/wordpress\/wp-content\/uploads\/2025\/05\/Stift-2-Mittel-350x158.jpg 350w, https:\/\/vspoechlarn.ac.at\/wordpress\/wp-content\/uploads\/2025\/05\/Stift-2-Mittel-250x113.jpg 250w, https:\/\/vspoechlarn.ac.at\/wordpress\/wp-content\/uploads\/2025\/05\/Stift-2-Mittel.jpg 1366w\" alt=\"\" width=\"900\" height=\"406\" \/><\/a><\/div>\n<\/div>\n<div class=\"clearfix visible-md-block visible-lg-block\"><\/div>\n<\/div>\n<\/div>\n<\/div>\n<\/div>\n<div class=\"panel-footer entry-meta\">\n<p><small><span class=\"loop-category\"><a class=\"label label-success\" href=\"https:\/\/vspoechlarn.ac.at\/wordpress\/category\/allgemein\/\">Startseite<\/a>\u00a0<\/span><span class=\"loop-author\">|\u00a0<span class=\"author vcard\"><a class=\"url fn n\" href=\"https:\/\/vspoechlarn.ac.at\/wordpress\/author\/wp-admin\/\">wp-admin<\/a><\/span><\/span>\u00a0<span class=\"loop-date\">|\u00a0<time class=\"entry-date published updated\" datetime=\"2025-05-13T07:18:41+02:00\">13. Mai 2025<\/time><\/span>\u00a0|\u00a0<span class=\"edit-link\"><a class=\"post-edit-link\" href=\"https:\/\/vspoechlarn.ac.at\/wordpress\/wp-admin\/post.php?post=5421&amp;action=edit\">Bearbeiten<\/a><\/span><\/small><\/p>\n<div class=\"clearfix\"><\/div>\n<\/div>\n<\/div>\n<\/article>\n<article id=\"post-5422\" class=\"loop_list post-5422 post type-post status-publish format-standard hentry category-allgemein\">\n<div class=\"panel panel-default\">\n<div class=\"panel-body clearfix\">\n<div class=\"fs-have-thumbnail\">\n<header class=\"entry-header\">\n<h4 class=\"entry-title\"><strong><a title=\"Permanentlink zu Am Bauernhof\" href=\"https:\/\/vspoechlarn.ac.at\/wordpress\/2025\/05\/13\/am-bauernhof\/\" rel=\"bookmark\">Am Bauernhof<\/a><\/strong><\/h4>\n<\/header>\n<div class=\"entry-content\">\n<p>Diese Woche durften die Kinder der beiden ersten Klassen den Bauernhof der Familie Spanseiler besuchen.<br \/>\nDort lernten die Sch\u00fcler und Sch\u00fclerinnen viel \u00fcber die Arbeiten auf einem Bauernhof und welche Produkte dort entstehen.<br \/>\nBesonders die lieben Tiere wie Schafe, H\u00fchner und H\u00e4ngebauchschweine gefielen den Kindern sehr. Bedanken m\u00f6chten wir uns an dieser Stelle beim Elternverein, der wieder einmal die Buskosten aller Kinder \u00fcbernommen hat.<\/p>\n<div id=\"gallery_5422_11\" class=\"row\">\n<div id=\"5422-image-5423\" class=\"col-xs-12 col-sm-3 col-md-3\">\n<div class=\"thumbnail\"><a href=\"https:\/\/vspoechlarn.ac.at\/wordpress\/2025\/05\/13\/am-bauernhof\/img_0651-mittel\/\"><img loading=\"lazy\" decoding=\"async\" class=\"attachment-large size-large\" src=\"https:\/\/vspoechlarn.ac.at\/wordpress\/wp-content\/uploads\/2025\/05\/IMG_0651-Mittel.jpeg\" sizes=\"auto, (max-width: 768px) 100vw, 768px\" srcset=\"https:\/\/vspoechlarn.ac.at\/wordpress\/wp-content\/uploads\/2025\/05\/IMG_0651-Mittel.jpeg 768w, https:\/\/vspoechlarn.ac.at\/wordpress\/wp-content\/uploads\/2025\/05\/IMG_0651-Mittel-225x300.jpeg 225w, https:\/\/vspoechlarn.ac.at\/wordpress\/wp-content\/uploads\/2025\/05\/IMG_0651-Mittel-188x250.jpeg 188w\" alt=\"\" width=\"768\" height=\"1024\" \/><\/a><\/div>\n<\/div>\n<div id=\"5422-image-5424\" class=\"col-xs-12 col-sm-3 col-md-3\">\n<div class=\"thumbnail\"><a href=\"https:\/\/vspoechlarn.ac.at\/wordpress\/2025\/05\/13\/am-bauernhof\/img_0653-mittel\/\"><img loading=\"lazy\" decoding=\"async\" class=\"attachment-large size-large\" src=\"https:\/\/vspoechlarn.ac.at\/wordpress\/wp-content\/uploads\/2025\/05\/IMG_0653-Mittel.jpeg\" sizes=\"auto, (max-width: 768px) 100vw, 768px\" srcset=\"https:\/\/vspoechlarn.ac.at\/wordpress\/wp-content\/uploads\/2025\/05\/IMG_0653-Mittel.jpeg 768w, https:\/\/vspoechlarn.ac.at\/wordpress\/wp-content\/uploads\/2025\/05\/IMG_0653-Mittel-225x300.jpeg 225w, https:\/\/vspoechlarn.ac.at\/wordpress\/wp-content\/uploads\/2025\/05\/IMG_0653-Mittel-188x250.jpeg 188w\" alt=\"\" width=\"768\" height=\"1024\" \/><\/a><\/div>\n<\/div>\n<div id=\"5422-image-5425\" class=\"col-xs-12 col-sm-3 col-md-3\">\n<div class=\"thumbnail\"><a href=\"https:\/\/vspoechlarn.ac.at\/wordpress\/2025\/05\/13\/am-bauernhof\/img_0657-mittel\/\"><img loading=\"lazy\" decoding=\"async\" class=\"attachment-large size-large\" src=\"https:\/\/vspoechlarn.ac.at\/wordpress\/wp-content\/uploads\/2025\/05\/IMG_0657-Mittel.jpeg\" sizes=\"auto, (max-width: 768px) 100vw, 768px\" srcset=\"https:\/\/vspoechlarn.ac.at\/wordpress\/wp-content\/uploads\/2025\/05\/IMG_0657-Mittel.jpeg 768w, https:\/\/vspoechlarn.ac.at\/wordpress\/wp-content\/uploads\/2025\/05\/IMG_0657-Mittel-225x300.jpeg 225w, https:\/\/vspoechlarn.ac.at\/wordpress\/wp-content\/uploads\/2025\/05\/IMG_0657-Mittel-188x250.jpeg 188w\" alt=\"\" width=\"768\" height=\"1024\" \/><\/a><\/div>\n<\/div>\n<div id=\"5422-image-5426\" class=\"col-xs-12 col-sm-3 col-md-3\">\n<div class=\"thumbnail\"><a href=\"https:\/\/vspoechlarn.ac.at\/wordpress\/2025\/05\/13\/am-bauernhof\/img_0662-mittel\/\"><img loading=\"lazy\" decoding=\"async\" class=\"attachment-large size-large\" src=\"https:\/\/vspoechlarn.ac.at\/wordpress\/wp-content\/uploads\/2025\/05\/IMG_0662-Mittel.jpeg\" sizes=\"auto, (max-width: 768px) 100vw, 768px\" srcset=\"https:\/\/vspoechlarn.ac.at\/wordpress\/wp-content\/uploads\/2025\/05\/IMG_0662-Mittel.jpeg 768w, https:\/\/vspoechlarn.ac.at\/wordpress\/wp-content\/uploads\/2025\/05\/IMG_0662-Mittel-225x300.jpeg 225w, https:\/\/vspoechlarn.ac.at\/wordpress\/wp-content\/uploads\/2025\/05\/IMG_0662-Mittel-188x250.jpeg 188w\" alt=\"\" width=\"768\" height=\"1024\" \/><\/a><\/div>\n<\/div>\n<div class=\"clearfix visible-md-block visible-lg-block\"><\/div>\n<\/div>\n<\/div>\n<\/div>\n<\/div>\n<div class=\"panel-footer entry-meta\">\n<p><small><span class=\"loop-category\"><a class=\"label label-success\" href=\"https:\/\/vspoechlarn.ac.at\/wordpress\/category\/allgemein\/\">Startseite<\/a>\u00a0<\/span><span class=\"loop-author\">|\u00a0<span class=\"author vcard\"><a class=\"url fn n\" href=\"https:\/\/vspoechlarn.ac.at\/wordpress\/author\/wp-admin\/\">wp-admin<\/a><\/span><\/span>\u00a0<span class=\"loop-date\">|\u00a0<time class=\"entry-date published updated\" datetime=\"2025-05-13T07:15:41+02:00\">13. Mai 2025<\/time><\/span>\u00a0|\u00a0<span class=\"edit-link\"><a class=\"post-edit-link\" href=\"https:\/\/vspoechlarn.ac.at\/wordpress\/wp-admin\/post.php?post=5422&amp;action=edit\">Bearbeiten<\/a><\/span><\/small><\/p>\n<div class=\"clearfix\"><\/div>\n<\/div>\n<\/div>\n<\/article>\n<article id=\"post-5415\" class=\"loop_list post-5415 post type-post status-publish format-standard hentry category-allgemein\">\n<div class=\"panel panel-default\">\n<div class=\"panel-body clearfix\">\n<div class=\"fs-have-thumbnail\">\n<header class=\"entry-header\">\n<h4 class=\"entry-title\"><strong><a title=\"Permanentlink zu Muttertag im Sene Cura\" href=\"https:\/\/vspoechlarn.ac.at\/wordpress\/2025\/05\/13\/muttertag\/\" rel=\"bookmark\">Muttertag im Sene Cura<\/a><\/strong><\/h4>\n<\/header>\n<div class=\"entry-content\">\n<p>Anl\u00e4sslich des Muttertages durften die Kinder der 2b, 4b und f\u00fcnf Sch\u00fclerinnen und Sch\u00fcler der 4a f\u00fcr die Bewohnerinnen und Bewohner des SeneCura Sozialzentrums einige Lieder und Gedichte zum Besten geben. Sichtlich ger\u00fchrt und erfreut lauschten die Damen und Herren den Kindern. Ein gro\u00dfer Dank gilt unserer Frau Mag. Ulrike Weidinger, die diese Darbietungen mit unseren Sch\u00fclerinnen und Sch\u00fclern einstudierte. Als kleines Dankesch\u00f6n erhielten die Kinder anschlie\u00dfend ein Eis!<\/p>\n<div id=\"gallery_5415_12\" class=\"row\">\n<div id=\"5415-image-5416\" class=\"col-xs-12 col-sm-4 col-md-4\">\n<div class=\"thumbnail\"><a href=\"https:\/\/vspoechlarn.ac.at\/wordpress\/2025\/05\/13\/muttertag\/senecura-1-mittel\/\"><img loading=\"lazy\" decoding=\"async\" class=\"attachment-large size-large\" src=\"https:\/\/vspoechlarn.ac.at\/wordpress\/wp-content\/uploads\/2025\/05\/SeneCura-1-Mittel.jpeg\" sizes=\"auto, (max-width: 900px) 100vw, 900px\" srcset=\"https:\/\/vspoechlarn.ac.at\/wordpress\/wp-content\/uploads\/2025\/05\/SeneCura-1-Mittel.jpeg 1024w, https:\/\/vspoechlarn.ac.at\/wordpress\/wp-content\/uploads\/2025\/05\/SeneCura-1-Mittel-350x263.jpeg 350w, https:\/\/vspoechlarn.ac.at\/wordpress\/wp-content\/uploads\/2025\/05\/SeneCura-1-Mittel-250x188.jpeg 250w\" alt=\"\" width=\"900\" height=\"675\" \/><\/a><\/div>\n<\/div>\n<div id=\"5415-image-5417\" class=\"col-xs-12 col-sm-4 col-md-4\">\n<div class=\"thumbnail\"><a href=\"https:\/\/vspoechlarn.ac.at\/wordpress\/2025\/05\/13\/muttertag\/senecura-2-mittel\/\"><img loading=\"lazy\" decoding=\"async\" class=\"attachment-large size-large\" src=\"https:\/\/vspoechlarn.ac.at\/wordpress\/wp-content\/uploads\/2025\/05\/SeneCura-2-Mittel.jpeg\" sizes=\"auto, (max-width: 900px) 100vw, 900px\" srcset=\"https:\/\/vspoechlarn.ac.at\/wordpress\/wp-content\/uploads\/2025\/05\/SeneCura-2-Mittel.jpeg 1024w, https:\/\/vspoechlarn.ac.at\/wordpress\/wp-content\/uploads\/2025\/05\/SeneCura-2-Mittel-350x263.jpeg 350w, https:\/\/vspoechlarn.ac.at\/wordpress\/wp-content\/uploads\/2025\/05\/SeneCura-2-Mittel-250x188.jpeg 250w\" alt=\"\" width=\"900\" height=\"675\" \/><\/a><\/div>\n<\/div>\n<div id=\"5415-image-5418\" class=\"col-xs-12 col-sm-4 col-md-4\">\n<div class=\"thumbnail\"><a href=\"https:\/\/vspoechlarn.ac.at\/wordpress\/2025\/05\/13\/muttertag\/senecura-3-mittel\/\"><img loading=\"lazy\" decoding=\"async\" class=\"attachment-large size-large\" src=\"https:\/\/vspoechlarn.ac.at\/wordpress\/wp-content\/uploads\/2025\/05\/SeneCura-3-Mittel.jpeg\" sizes=\"auto, (max-width: 900px) 100vw, 900px\" srcset=\"https:\/\/vspoechlarn.ac.at\/wordpress\/wp-content\/uploads\/2025\/05\/SeneCura-3-Mittel.jpeg 1024w, https:\/\/vspoechlarn.ac.at\/wordpress\/wp-content\/uploads\/2025\/05\/SeneCura-3-Mittel-350x263.jpeg 350w, https:\/\/vspoechlarn.ac.at\/wordpress\/wp-content\/uploads\/2025\/05\/SeneCura-3-Mittel-250x188.jpeg 250w\" alt=\"\" width=\"900\" height=\"675\" \/><\/a><\/div>\n<\/div>\n<div class=\"clearfix visible-md-block visible-lg-block\"><\/div>\n<\/div>\n<\/div>\n<\/div>\n<\/div>\n<div class=\"panel-footer entry-meta\">\n<p><small><span class=\"loop-category\"><a class=\"label label-success\" href=\"https:\/\/vspoechlarn.ac.at\/wordpress\/category\/allgemein\/\">Startseite<\/a>\u00a0<\/span><span class=\"loop-author\">|\u00a0<span class=\"author vcard\"><a class=\"url fn n\" href=\"https:\/\/vspoechlarn.ac.at\/wordpress\/author\/wp-admin\/\">wp-admin<\/a><\/span><\/span>\u00a0<span class=\"loop-date\">|\u00a0<time class=\"entry-date published updated\" datetime=\"2025-05-13T07:04:59+02:00\">13. Mai 2025<\/time><\/span>\u00a0|\u00a0<span class=\"edit-link\"><a class=\"post-edit-link\" href=\"https:\/\/vspoechlarn.ac.at\/wordpress\/wp-admin\/post.php?post=5415&amp;action=edit\">Bearbeiten<\/a><\/span><\/small><\/p>\n<div class=\"clearfix\"><\/div>\n<\/div>\n<\/div>\n<\/article>\n<article id=\"post-5412\" class=\"loop_list post-5412 post type-post status-publish format-standard hentry category-allgemein\">\n<div class=\"panel panel-default\">\n<div class=\"panel-body clearfix\">\n<div class=\"fs-have-thumbnail\">\n<header class=\"entry-header\">\n<h4 class=\"entry-title\"><strong><a title=\"Permanentlink zu Pedal Heroes\" href=\"https:\/\/vspoechlarn.ac.at\/wordpress\/2025\/05\/12\/pedal-heroes\/\" rel=\"bookmark\">Pedal Heroes<\/a><\/strong><\/h4>\n<\/header>\n<div class=\"entry-content\">\n<p>Letzte Woche waren die Pedal Heroes aus Ober\u00f6sterreich bei uns zu Gast an der Volksschule und absolvierten mit den Kindern der 1.,2. und 3. Klassen ein spannendes Radfahrtraining am Parkplatz der Familie Lammer. Die Kinder waren begeistert. Da die finanzielle Unterst\u00fctzung vom Bund\u00a0 zur\u00fcckgezogen wurde, bedanken wir uns ganz herzlich bei einem Radsportfreund, der nicht genannt werden m\u00f6chte, f\u00fcr die Finanzierung dieses Workshops.<\/p>\n<div id=\"gallery_5412_13\" class=\"row\">\n<div id=\"5412-image-5429\" class=\"col-xs-12 col-sm-3 col-md-3\">\n<div class=\"thumbnail\"><a href=\"https:\/\/vspoechlarn.ac.at\/wordpress\/2025\/05\/12\/pedal-heroes\/20250507_104641-mittel\/\"><img loading=\"lazy\" decoding=\"async\" class=\"attachment-large size-large\" src=\"https:\/\/vspoechlarn.ac.at\/wordpress\/wp-content\/uploads\/2025\/05\/20250507_104641-Mittel.jpg\" sizes=\"auto, (max-width: 900px) 100vw, 900px\" srcset=\"https:\/\/vspoechlarn.ac.at\/wordpress\/wp-content\/uploads\/2025\/05\/20250507_104641-Mittel.jpg 1024w, https:\/\/vspoechlarn.ac.at\/wordpress\/wp-content\/uploads\/2025\/05\/20250507_104641-Mittel-350x263.jpg 350w, https:\/\/vspoechlarn.ac.at\/wordpress\/wp-content\/uploads\/2025\/05\/20250507_104641-Mittel-250x188.jpg 250w\" alt=\"\" width=\"900\" height=\"675\" \/><\/a><\/div>\n<\/div>\n<div id=\"5412-image-5430\" class=\"col-xs-12 col-sm-3 col-md-3\">\n<div class=\"thumbnail\"><a href=\"https:\/\/vspoechlarn.ac.at\/wordpress\/2025\/05\/12\/pedal-heroes\/20250507_113250-mittel\/\"><img loading=\"lazy\" decoding=\"async\" class=\"attachment-large size-large\" src=\"https:\/\/vspoechlarn.ac.at\/wordpress\/wp-content\/uploads\/2025\/05\/20250507_113250-Mittel-rotated.jpg\" sizes=\"auto, (max-width: 768px) 100vw, 768px\" srcset=\"https:\/\/vspoechlarn.ac.at\/wordpress\/wp-content\/uploads\/2025\/05\/20250507_113250-Mittel-rotated.jpg 768w, https:\/\/vspoechlarn.ac.at\/wordpress\/wp-content\/uploads\/2025\/05\/20250507_113250-Mittel-225x300.jpg 225w, https:\/\/vspoechlarn.ac.at\/wordpress\/wp-content\/uploads\/2025\/05\/20250507_113250-Mittel-188x250.jpg 188w\" alt=\"\" width=\"768\" height=\"1024\" \/><\/a><\/div>\n<\/div>\n<div id=\"5412-image-5431\" class=\"col-xs-12 col-sm-3 col-md-3\">\n<div class=\"thumbnail\"><a href=\"https:\/\/vspoechlarn.ac.at\/wordpress\/2025\/05\/12\/pedal-heroes\/20250507_114324-mittel\/\"><img loading=\"lazy\" decoding=\"async\" class=\"attachment-large size-large\" src=\"https:\/\/vspoechlarn.ac.at\/wordpress\/wp-content\/uploads\/2025\/05\/20250507_114324-Mittel.jpg\" sizes=\"auto, (max-width: 900px) 100vw, 900px\" srcset=\"https:\/\/vspoechlarn.ac.at\/wordpress\/wp-content\/uploads\/2025\/05\/20250507_114324-Mittel.jpg 1024w, https:\/\/vspoechlarn.ac.at\/wordpress\/wp-content\/uploads\/2025\/05\/20250507_114324-Mittel-350x263.jpg 350w, https:\/\/vspoechlarn.ac.at\/wordpress\/wp-content\/uploads\/2025\/05\/20250507_114324-Mittel-250x188.jpg 250w\" alt=\"\" width=\"900\" height=\"675\" \/><\/a><\/div>\n<\/div>\n<div id=\"5412-image-5413\" class=\"col-xs-12 col-sm-3 col-md-3\">\n<div class=\"thumbnail\"><a href=\"https:\/\/vspoechlarn.ac.at\/wordpress\/2025\/05\/12\/pedal-heroes\/img_0082-mittel\/\"><img loading=\"lazy\" decoding=\"async\" class=\"attachment-large size-large\" src=\"https:\/\/vspoechlarn.ac.at\/wordpress\/wp-content\/uploads\/2025\/05\/IMG_0082-Mittel.jpg\" sizes=\"auto, (max-width: 768px) 100vw, 768px\" srcset=\"https:\/\/vspoechlarn.ac.at\/wordpress\/wp-content\/uploads\/2025\/05\/IMG_0082-Mittel.jpg 768w, https:\/\/vspoechlarn.ac.at\/wordpress\/wp-content\/uploads\/2025\/05\/IMG_0082-Mittel-286x300.jpg 286w, https:\/\/vspoechlarn.ac.at\/wordpress\/wp-content\/uploads\/2025\/05\/IMG_0082-Mittel-238x250.jpg 238w\" alt=\"\" width=\"768\" height=\"806\" \/><\/a><\/div>\n<\/div>\n<div class=\"clearfix visible-md-block visible-lg-block\"><\/div>\n<\/div>\n<\/div>\n<\/div>\n<\/div>\n<div class=\"panel-footer entry-meta\">\n<p><small><span class=\"loop-category\"><a class=\"label label-success\" href=\"https:\/\/vspoechlarn.ac.at\/wordpress\/category\/allgemein\/\">Startseite<\/a>\u00a0<\/span><span class=\"loop-author\">|\u00a0<span class=\"author vcard\"><a class=\"url fn n\" href=\"https:\/\/vspoechlarn.ac.at\/wordpress\/author\/wp-admin\/\">wp-admin<\/a><\/span><\/span>\u00a0<span class=\"loop-date\">|\u00a0<time class=\"entry-date published updated\" datetime=\"2025-05-12T13:18:13+02:00\">12. Mai 2025<\/time><\/span>\u00a0|\u00a0<span class=\"edit-link\"><a class=\"post-edit-link\" href=\"https:\/\/vspoechlarn.ac.at\/wordpress\/wp-admin\/post.php?post=5412&amp;action=edit\">Bearbeiten<\/a><\/span><\/small><\/p>\n<div class=\"clearfix\"><\/div>\n<\/div>\n<\/div>\n<\/article>\n<article id=\"post-5404\" class=\"loop_list post-5404 post type-post status-publish format-standard hentry category-allgemein\">\n<div class=\"panel panel-default\">\n<div class=\"panel-body clearfix\">\n<div class=\"fs-have-thumbnail\">\n<header class=\"entry-header\">\n<h4 class=\"entry-title\"><strong><a title=\"Permanentlink zu Aktion Landeshauptstadt\" href=\"https:\/\/vspoechlarn.ac.at\/wordpress\/2025\/05\/06\/aktion-landeshauptstadt\/\" rel=\"bookmark\">Aktion Landeshauptstadt<\/a><\/strong><\/h4>\n<\/header>\n<div class=\"entry-content\">\n<p>Die Sch\u00fclerinnen und Sch\u00fcler der beiden vierten Klassen nahmen am 5.5.2025 an der \u201eAktion Landeshauptstadt\u201c teil. Dabei erkundeten sie die Altstadt St. P\u00f6ltens und das Regierungsviertel und tauchten in die aufregende Geschichte unserer Landeshauptstadt ein. Als St\u00e4rkung gab es f\u00fcr die Kinder ein Mittagessen in der HTL St. P\u00f6lten. Vielen Dank an unsere Stadtf\u00fchrerin Susanne, die uns \u2013 trotz des schlechten Wetters \u2013 begleitete! Die Zugkosten \u00fcbernahm dankenswerterweise unser Elternverein.<\/p>\n<p>&nbsp;<\/p>\n<div id=\"gallery_5404_14\" class=\"row\">\n<div id=\"5404-image-5405\" class=\"col-xs-12 col-sm-4 col-md-4\">\n<div class=\"thumbnail\"><a href=\"https:\/\/vspoechlarn.ac.at\/wordpress\/2025\/05\/06\/aktion-landeshauptstadt\/st-poelten-1-mittel-3\/\"><img loading=\"lazy\" decoding=\"async\" class=\"attachment-large size-large\" src=\"https:\/\/vspoechlarn.ac.at\/wordpress\/wp-content\/uploads\/2025\/05\/St.-Poelten-1-Mittel.jpg\" sizes=\"auto, (max-width: 900px) 100vw, 900px\" srcset=\"https:\/\/vspoechlarn.ac.at\/wordpress\/wp-content\/uploads\/2025\/05\/St.-Poelten-1-Mittel.jpg 1024w, https:\/\/vspoechlarn.ac.at\/wordpress\/wp-content\/uploads\/2025\/05\/St.-Poelten-1-Mittel-350x263.jpg 350w, https:\/\/vspoechlarn.ac.at\/wordpress\/wp-content\/uploads\/2025\/05\/St.-Poelten-1-Mittel-250x188.jpg 250w\" alt=\"\" width=\"900\" height=\"675\" \/><\/a><\/div>\n<\/div>\n<div id=\"5404-image-5408\" class=\"col-xs-12 col-sm-4 col-md-4\">\n<div class=\"thumbnail\"><a href=\"https:\/\/vspoechlarn.ac.at\/wordpress\/2025\/05\/06\/aktion-landeshauptstadt\/st-poelten-4-mittel-3\/\"><img loading=\"lazy\" decoding=\"async\" class=\"attachment-large size-large\" src=\"https:\/\/vspoechlarn.ac.at\/wordpress\/wp-content\/uploads\/2025\/05\/St.-Poelten-4-Mittel.jpg\" sizes=\"auto, (max-width: 900px) 100vw, 900px\" srcset=\"https:\/\/vspoechlarn.ac.at\/wordpress\/wp-content\/uploads\/2025\/05\/St.-Poelten-4-Mittel.jpg 1024w, https:\/\/vspoechlarn.ac.at\/wordpress\/wp-content\/uploads\/2025\/05\/St.-Poelten-4-Mittel-350x263.jpg 350w, https:\/\/vspoechlarn.ac.at\/wordpress\/wp-content\/uploads\/2025\/05\/St.-Poelten-4-Mittel-250x188.jpg 250w\" alt=\"\" width=\"900\" height=\"675\" \/><\/a><\/div>\n<\/div>\n<div id=\"5404-image-5407\" class=\"col-xs-12 col-sm-4 col-md-4\">\n<div class=\"thumbnail\"><a href=\"https:\/\/vspoechlarn.ac.at\/wordpress\/2025\/05\/06\/aktion-landeshauptstadt\/st-poelten-3-mittel-3\/\"><img loading=\"lazy\" decoding=\"async\" class=\"attachment-large size-large\" src=\"https:\/\/vspoechlarn.ac.at\/wordpress\/wp-content\/uploads\/2025\/05\/St.-Poelten-3-Mittel.jpg\" sizes=\"auto, (max-width: 900px) 100vw, 900px\" srcset=\"https:\/\/vspoechlarn.ac.at\/wordpress\/wp-content\/uploads\/2025\/05\/St.-Poelten-3-Mittel.jpg 1024w, https:\/\/vspoechlarn.ac.at\/wordpress\/wp-content\/uploads\/2025\/05\/St.-Poelten-3-Mittel-350x263.jpg 350w, https:\/\/vspoechlarn.ac.at\/wordpress\/wp-content\/uploads\/2025\/05\/St.-Poelten-3-Mittel-250x188.jpg 250w\" alt=\"\" width=\"900\" height=\"675\" \/><\/a><\/div>\n<\/div>\n<div class=\"clearfix visible-md-block visible-lg-block\"><\/div>\n<div id=\"5404-image-5406\" class=\"col-xs-12 col-sm-4 col-md-4\">\n<div class=\"thumbnail\"><a href=\"https:\/\/vspoechlarn.ac.at\/wordpress\/2025\/05\/06\/aktion-landeshauptstadt\/st-poelten-2-mittel-3\/\"><img loading=\"lazy\" decoding=\"async\" class=\"attachment-large size-large\" src=\"https:\/\/vspoechlarn.ac.at\/wordpress\/wp-content\/uploads\/2025\/05\/St.-Poelten-2-Mittel.jpg\" sizes=\"auto, (max-width: 900px) 100vw, 900px\" srcset=\"https:\/\/vspoechlarn.ac.at\/wordpress\/wp-content\/uploads\/2025\/05\/St.-Poelten-2-Mittel.jpg 1024w, https:\/\/vspoechlarn.ac.at\/wordpress\/wp-content\/uploads\/2025\/05\/St.-Poelten-2-Mittel-350x263.jpg 350w, https:\/\/vspoechlarn.ac.at\/wordpress\/wp-content\/uploads\/2025\/05\/St.-Poelten-2-Mittel-250x188.jpg 250w\" alt=\"\" width=\"900\" height=\"675\" \/><\/a><\/div>\n<\/div>\n<\/div>\n<p>&nbsp;<\/p>\n<\/div>\n<\/div>\n<\/div>\n<div class=\"panel-footer entry-meta\">\n<p><small><span class=\"loop-category\"><a class=\"label label-success\" href=\"https:\/\/vspoechlarn.ac.at\/wordpress\/category\/allgemein\/\">Startseite<\/a>\u00a0<\/span><span class=\"loop-author\">|\u00a0<span class=\"author vcard\"><a class=\"url fn n\" href=\"https:\/\/vspoechlarn.ac.at\/wordpress\/author\/wp-admin\/\">wp-admin<\/a><\/span><\/span>\u00a0<span class=\"loop-date\">|\u00a0<time class=\"entry-date published updated\" datetime=\"2025-05-06T07:30:27+02:00\">6. Mai 2025<\/time><\/span>\u00a0|\u00a0<span class=\"edit-link\"><a class=\"post-edit-link\" href=\"https:\/\/vspoechlarn.ac.at\/wordpress\/wp-admin\/post.php?post=5404&amp;action=edit\">Bearbeiten<\/a><\/span><\/small><\/p>\n<div class=\"clearfix\"><\/div>\n<\/div>\n<\/div>\n<\/article>\n<article id=\"post-5394\" class=\"loop_list post-5394 post type-post status-publish format-standard hentry category-allgemein\">\n<div class=\"panel panel-default\">\n<div class=\"panel-body clearfix\">\n<div class=\"fs-have-thumbnail\">\n<header class=\"entry-header\">\n<h4 class=\"entry-title\"><strong><a title=\"Permanentlink zu Blitzturnier\" href=\"https:\/\/vspoechlarn.ac.at\/wordpress\/2025\/05\/05\/blitzturnier\/\" rel=\"bookmark\">Blitzturnier<\/a><\/strong><\/h4>\n<\/header>\n<div class=\"entry-content\">\n<p>Beim Schach-Blitzturnier, das wir in den letzten Wochen in der unverbindlichen \u00dcbung Schach spielten, gab es nicht nur tolle Preise sondern auch neue Gesichte auf dem Podest. Can Demirci (2.) und Jan Schlichtinger (3.) konnten diesmal hinter Lukas Gruber (1.) ihr Talent unter Beweis stellen. Wir gratulieren den Kindern und bedanken uns ganz herzlich bei Herrn Ing. Gattermayer f\u00fcr die tollen Preise.<\/p>\n<div id=\"gallery_5394_15\" class=\"row\">\n<div id=\"5394-image-5395\" class=\"col-xs-12 col-sm-4 col-md-4\">\n<div class=\"thumbnail\"><a href=\"https:\/\/vspoechlarn.ac.at\/wordpress\/2025\/05\/05\/blitzturnier\/img_9911-mittel\/\"><img loading=\"lazy\" decoding=\"async\" class=\"attachment-large size-large\" src=\"https:\/\/vspoechlarn.ac.at\/wordpress\/wp-content\/uploads\/2025\/05\/IMG_9911-Mittel-576x1024.jpg\" sizes=\"auto, (max-width: 576px) 100vw, 576px\" srcset=\"https:\/\/vspoechlarn.ac.at\/wordpress\/wp-content\/uploads\/2025\/05\/IMG_9911-Mittel-576x1024.jpg 576w, https:\/\/vspoechlarn.ac.at\/wordpress\/wp-content\/uploads\/2025\/05\/IMG_9911-Mittel-169x300.jpg 169w, https:\/\/vspoechlarn.ac.at\/wordpress\/wp-content\/uploads\/2025\/05\/IMG_9911-Mittel-141x250.jpg 141w, https:\/\/vspoechlarn.ac.at\/wordpress\/wp-content\/uploads\/2025\/05\/IMG_9911-Mittel.jpg 608w\" alt=\"\" width=\"576\" height=\"1024\" \/><\/a><\/div>\n<\/div>\n<div id=\"5394-image-5396\" class=\"col-xs-12 col-sm-4 col-md-4\">\n<div class=\"thumbnail\"><a href=\"https:\/\/vspoechlarn.ac.at\/wordpress\/2025\/05\/05\/blitzturnier\/img_9915-mittel\/\"><img loading=\"lazy\" decoding=\"async\" class=\"attachment-large size-large\" src=\"https:\/\/vspoechlarn.ac.at\/wordpress\/wp-content\/uploads\/2025\/05\/IMG_9915-Mittel-1024x576.jpg\" sizes=\"auto, (max-width: 900px) 100vw, 900px\" srcset=\"https:\/\/vspoechlarn.ac.at\/wordpress\/wp-content\/uploads\/2025\/05\/IMG_9915-Mittel-1024x576.jpg 1024w, https:\/\/vspoechlarn.ac.at\/wordpress\/wp-content\/uploads\/2025\/05\/IMG_9915-Mittel-350x197.jpg 350w, https:\/\/vspoechlarn.ac.at\/wordpress\/wp-content\/uploads\/2025\/05\/IMG_9915-Mittel-250x141.jpg 250w, https:\/\/vspoechlarn.ac.at\/wordpress\/wp-content\/uploads\/2025\/05\/IMG_9915-Mittel.jpg 1365w\" alt=\"\" width=\"900\" height=\"506\" \/><\/a><\/div>\n<\/div>\n<\/div>\n<p>&nbsp;<\/p>\n<\/div>\n<\/div>\n<\/div>\n<div class=\"panel-footer entry-meta\">\n<p><small><span class=\"loop-category\"><a class=\"label label-success\" href=\"https:\/\/vspoechlarn.ac.at\/wordpress\/category\/allgemein\/\">Startseite<\/a>\u00a0<\/span><span class=\"loop-author\">|\u00a0<span class=\"author vcard\"><a class=\"url fn n\" href=\"https:\/\/vspoechlarn.ac.at\/wordpress\/author\/wp-admin\/\">wp-admin<\/a><\/span><\/span>\u00a0<span class=\"loop-date\">|\u00a0<time class=\"entry-date published updated\" datetime=\"2025-05-05T08:49:30+02:00\">5. Mai 2025<\/time><\/span>\u00a0|\u00a0<span class=\"edit-link\"><a class=\"post-edit-link\" href=\"https:\/\/vspoechlarn.ac.at\/wordpress\/wp-admin\/post.php?post=5394&amp;action=edit\">Bearbeiten<\/a><\/span><\/small><\/p>\n<div class=\"clearfix\"><\/div>\n<\/div>\n<\/div>\n<\/article>\n<article id=\"post-5389\" class=\"loop_list post-5389 post type-post status-publish format-standard hentry category-allgemein\">\n<div class=\"panel panel-default\">\n<div class=\"panel-body clearfix\">\n<div class=\"fs-have-thumbnail\">\n<header class=\"entry-header\">\n<h4 class=\"entry-title\"><strong><a title=\"Permanentlink zu Die Funkelfeder\" href=\"https:\/\/vspoechlarn.ac.at\/wordpress\/2025\/05\/05\/funkelfeder\/\" rel=\"bookmark\">Die Funkelfeder<\/a><\/strong><\/h4>\n<\/header>\n<div class=\"entry-content\">\n<p>Am 25. April waren die zuk\u00fcnftigen Schulanf\u00e4ngerinnen und Schulanf\u00e4nger vom Kindergarten Sonnenschein zu Gast in der Schule. Die M\u00e4dchen und Buben der 3a hatten das Kinderbuch \u201eDie Funkelfeder\u201c\u00a0 vorbereitet und pr\u00e4sentierten dieses voll Freude unseren Besuchern.<\/p>\n<div id=\"gallery_5389_16\" class=\"row\">\n<div id=\"5389-image-5392\" class=\"col-xs-12 col-sm-4 col-md-4\">\n<div class=\"thumbnail\"><a href=\"https:\/\/vspoechlarn.ac.at\/wordpress\/2025\/05\/05\/funkelfeder\/img_9893-mittel\/\"><img loading=\"lazy\" decoding=\"async\" class=\"attachment-large size-large\" src=\"https:\/\/vspoechlarn.ac.at\/wordpress\/wp-content\/uploads\/2025\/05\/IMG_9893-Mittel-1024x576.jpg\" sizes=\"auto, (max-width: 900px) 100vw, 900px\" srcset=\"https:\/\/vspoechlarn.ac.at\/wordpress\/wp-content\/uploads\/2025\/05\/IMG_9893-Mittel-1024x576.jpg 1024w, https:\/\/vspoechlarn.ac.at\/wordpress\/wp-content\/uploads\/2025\/05\/IMG_9893-Mittel-350x197.jpg 350w, https:\/\/vspoechlarn.ac.at\/wordpress\/wp-content\/uploads\/2025\/05\/IMG_9893-Mittel-250x141.jpg 250w, https:\/\/vspoechlarn.ac.at\/wordpress\/wp-content\/uploads\/2025\/05\/IMG_9893-Mittel.jpg 1365w\" alt=\"\" width=\"900\" height=\"506\" \/><\/a><\/div>\n<\/div>\n<div id=\"5389-image-5391\" class=\"col-xs-12 col-sm-4 col-md-4\">\n<div class=\"thumbnail\"><a href=\"https:\/\/vspoechlarn.ac.at\/wordpress\/2025\/05\/05\/funkelfeder\/img_9891-mittel\/\"><img loading=\"lazy\" decoding=\"async\" class=\"attachment-large size-large\" src=\"https:\/\/vspoechlarn.ac.at\/wordpress\/wp-content\/uploads\/2025\/05\/IMG_9891-Mittel-1024x576.jpg\" sizes=\"auto, (max-width: 900px) 100vw, 900px\" srcset=\"https:\/\/vspoechlarn.ac.at\/wordpress\/wp-content\/uploads\/2025\/05\/IMG_9891-Mittel-1024x576.jpg 1024w, https:\/\/vspoechlarn.ac.at\/wordpress\/wp-content\/uploads\/2025\/05\/IMG_9891-Mittel-350x197.jpg 350w, https:\/\/vspoechlarn.ac.at\/wordpress\/wp-content\/uploads\/2025\/05\/IMG_9891-Mittel-250x141.jpg 250w, https:\/\/vspoechlarn.ac.at\/wordpress\/wp-content\/uploads\/2025\/05\/IMG_9891-Mittel.jpg 1365w\" alt=\"\" width=\"900\" height=\"506\" \/><\/a><\/div>\n<\/div>\n<div id=\"5389-image-5390\" class=\"col-xs-12 col-sm-4 col-md-4\">\n<div class=\"thumbnail\"><a href=\"https:\/\/vspoechlarn.ac.at\/wordpress\/2025\/05\/05\/funkelfeder\/img_9889-mittel\/\"><img loading=\"lazy\" decoding=\"async\" class=\"attachment-large size-large\" src=\"https:\/\/vspoechlarn.ac.at\/wordpress\/wp-content\/uploads\/2025\/05\/IMG_9889-Mittel-1024x576.jpg\" sizes=\"auto, (max-width: 900px) 100vw, 900px\" srcset=\"https:\/\/vspoechlarn.ac.at\/wordpress\/wp-content\/uploads\/2025\/05\/IMG_9889-Mittel-1024x576.jpg 1024w, https:\/\/vspoechlarn.ac.at\/wordpress\/wp-content\/uploads\/2025\/05\/IMG_9889-Mittel-350x197.jpg 350w, https:\/\/vspoechlarn.ac.at\/wordpress\/wp-content\/uploads\/2025\/05\/IMG_9889-Mittel-250x141.jpg 250w, https:\/\/vspoechlarn.ac.at\/wordpress\/wp-content\/uploads\/2025\/05\/IMG_9889-Mittel.jpg 1365w\" alt=\"\" width=\"900\" height=\"506\" \/><\/a><\/div>\n<\/div>\n<div class=\"clearfix visible-md-block visible-lg-block\"><\/div>\n<\/div>\n<\/div>\n<\/div>\n<\/div>\n<div class=\"panel-footer entry-meta\">\n<p><small><span class=\"loop-category\"><a class=\"label label-success\" href=\"https:\/\/vspoechlarn.ac.at\/wordpress\/category\/allgemein\/\">Startseite<\/a>\u00a0<\/span><span class=\"loop-author\">|\u00a0<span class=\"author vcard\"><a class=\"url fn n\" href=\"https:\/\/vspoechlarn.ac.at\/wordpress\/author\/wp-admin\/\">wp-admin<\/a><\/span><\/span>\u00a0<span class=\"loop-date\">|\u00a0<time class=\"entry-date published updated\" datetime=\"2025-05-05T08:43:16+02:00\">5. Mai 2025<\/time><\/span>\u00a0|\u00a0<span class=\"edit-link\"><a class=\"post-edit-link\" href=\"https:\/\/vspoechlarn.ac.at\/wordpress\/wp-admin\/post.php?post=5389&amp;action=edit\">Bearbeiten<\/a><\/span><\/small><\/p>\n<div class=\"clearfix\"><\/div>\n<\/div>\n<\/div>\n<\/article>\n<article id=\"post-5379\" class=\"loop_list post-5379 post type-post status-publish format-standard hentry category-allgemein\">\n<div class=\"panel panel-default\">\n<div class=\"panel-body clearfix\">\n<div class=\"fs-have-thumbnail\">\n<header class=\"entry-header\">\n<h4 class=\"entry-title\"><strong><a title=\"Permanentlink zu Sumsi Erima Cup\" href=\"https:\/\/vspoechlarn.ac.at\/wordpress\/2025\/04\/25\/sumsi-erima-cup\/\" rel=\"bookmark\">Sumsi Erima Cup<\/a><\/strong><\/h4>\n<\/header>\n<div class=\"entry-content\">\n<p>Auch heuer waren die Burschen unserer Schule in der Vorrunde beim Fu\u00dfball-Cup f\u00fcr Volksschulen in Kilb kaum zu bremsen und erreichten damit einen gro\u00dfartigen Gruppensieg. Erst in den Finalspielen musste man sich Melk und P\u00f6ggstall geschlagen geben. Mit einem 3:1 gegen H\u00fcrm gab es aber einen vers\u00f6hnlichen Abschluss und einen verdienten 7. Platz bei 24 Teilnehmern. Wir gratulieren den Buben ganz herzlich zu ihrem Teamgeist und der Topplatzierung.<\/p>\n<div id=\"gallery_5379_17\" class=\"row\">\n<div id=\"5379-image-5380\" class=\"col-xs-12 col-sm-3 col-md-3\">\n<div class=\"thumbnail\"><a href=\"https:\/\/vspoechlarn.ac.at\/wordpress\/2025\/04\/25\/sumsi-erima-cup\/img_9874-mittel\/\"><img loading=\"lazy\" decoding=\"async\" class=\"attachment-large size-large\" src=\"https:\/\/vspoechlarn.ac.at\/wordpress\/wp-content\/uploads\/2025\/04\/IMG_9874-Mittel-1024x576.jpg\" sizes=\"auto, (max-width: 900px) 100vw, 900px\" srcset=\"https:\/\/vspoechlarn.ac.at\/wordpress\/wp-content\/uploads\/2025\/04\/IMG_9874-Mittel-1024x576.jpg 1024w, https:\/\/vspoechlarn.ac.at\/wordpress\/wp-content\/uploads\/2025\/04\/IMG_9874-Mittel-350x197.jpg 350w, https:\/\/vspoechlarn.ac.at\/wordpress\/wp-content\/uploads\/2025\/04\/IMG_9874-Mittel-250x141.jpg 250w, https:\/\/vspoechlarn.ac.at\/wordpress\/wp-content\/uploads\/2025\/04\/IMG_9874-Mittel.jpg 1365w\" alt=\"\" width=\"900\" height=\"506\" \/><\/a><\/div>\n<\/div>\n<div id=\"5379-image-5381\" class=\"col-xs-12 col-sm-3 col-md-3\">\n<div class=\"thumbnail\"><a href=\"https:\/\/vspoechlarn.ac.at\/wordpress\/2025\/04\/25\/sumsi-erima-cup\/img_9878-mittel\/\"><img loading=\"lazy\" decoding=\"async\" class=\"attachment-large size-large\" src=\"https:\/\/vspoechlarn.ac.at\/wordpress\/wp-content\/uploads\/2025\/04\/IMG_9878-Mittel-1024x576.jpg\" sizes=\"auto, (max-width: 900px) 100vw, 900px\" srcset=\"https:\/\/vspoechlarn.ac.at\/wordpress\/wp-content\/uploads\/2025\/04\/IMG_9878-Mittel-1024x576.jpg 1024w, https:\/\/vspoechlarn.ac.at\/wordpress\/wp-content\/uploads\/2025\/04\/IMG_9878-Mittel-350x197.jpg 350w, https:\/\/vspoechlarn.ac.at\/wordpress\/wp-content\/uploads\/2025\/04\/IMG_9878-Mittel-250x141.jpg 250w, https:\/\/vspoechlarn.ac.at\/wordpress\/wp-content\/uploads\/2025\/04\/IMG_9878-Mittel.jpg 1365w\" alt=\"\" width=\"900\" height=\"506\" \/><\/a><\/div>\n<\/div>\n<div id=\"5379-image-5382\" class=\"col-xs-12 col-sm-3 col-md-3\">\n<div class=\"thumbnail\"><a href=\"https:\/\/vspoechlarn.ac.at\/wordpress\/2025\/04\/25\/sumsi-erima-cup\/img_9884-mittel\/\"><img loading=\"lazy\" decoding=\"async\" class=\"attachment-large size-large\" src=\"https:\/\/vspoechlarn.ac.at\/wordpress\/wp-content\/uploads\/2025\/04\/IMG_9884-Mittel-1024x576.jpg\" sizes=\"auto, (max-width: 900px) 100vw, 900px\" srcset=\"https:\/\/vspoechlarn.ac.at\/wordpress\/wp-content\/uploads\/2025\/04\/IMG_9884-Mittel-1024x576.jpg 1024w, https:\/\/vspoechlarn.ac.at\/wordpress\/wp-content\/uploads\/2025\/04\/IMG_9884-Mittel-350x197.jpg 350w, https:\/\/vspoechlarn.ac.at\/wordpress\/wp-content\/uploads\/2025\/04\/IMG_9884-Mittel-250x141.jpg 250w, https:\/\/vspoechlarn.ac.at\/wordpress\/wp-content\/uploads\/2025\/04\/IMG_9884-Mittel.jpg 1365w\" alt=\"\" width=\"900\" height=\"506\" \/><\/a><\/div>\n<\/div>\n<div id=\"5379-image-5383\" class=\"col-xs-12 col-sm-3 col-md-3\">\n<div class=\"thumbnail\"><a href=\"https:\/\/vspoechlarn.ac.at\/wordpress\/2025\/04\/25\/sumsi-erima-cup\/img_9886-mittel\/\"><img loading=\"lazy\" decoding=\"async\" class=\"attachment-large size-large\" src=\"https:\/\/vspoechlarn.ac.at\/wordpress\/wp-content\/uploads\/2025\/04\/IMG_9886-Mittel-1024x576.jpg\" sizes=\"auto, (max-width: 900px) 100vw, 900px\" srcset=\"https:\/\/vspoechlarn.ac.at\/wordpress\/wp-content\/uploads\/2025\/04\/IMG_9886-Mittel-1024x576.jpg 1024w, https:\/\/vspoechlarn.ac.at\/wordpress\/wp-content\/uploads\/2025\/04\/IMG_9886-Mittel-350x197.jpg 350w, https:\/\/vspoechlarn.ac.at\/wordpress\/wp-content\/uploads\/2025\/04\/IMG_9886-Mittel-250x141.jpg 250w, https:\/\/vspoechlarn.ac.at\/wordpress\/wp-content\/uploads\/2025\/04\/IMG_9886-Mittel.jpg 1365w\" alt=\"\" width=\"900\" height=\"506\" \/><\/a><\/div>\n<\/div>\n<div class=\"clearfix visible-md-block visible-lg-block\"><\/div>\n<\/div>\n<\/div>\n<\/div>\n<\/div>\n<div class=\"panel-footer entry-meta\">\n<p><small><span class=\"loop-category\"><a class=\"label label-success\" href=\"https:\/\/vspoechlarn.ac.at\/wordpress\/category\/allgemein\/\">Startseite<\/a>\u00a0<\/span><span class=\"loop-author\">|\u00a0<span class=\"author vcard\"><a class=\"url fn n\" href=\"https:\/\/vspoechlarn.ac.at\/wordpress\/author\/wp-admin\/\">wp-admin<\/a><\/span><\/span>\u00a0<span class=\"loop-date\">|\u00a0<time class=\"entry-date published updated\" datetime=\"2025-04-25T07:49:35+02:00\">25. April 2025<\/time><\/span>\u00a0|\u00a0<span class=\"edit-link\"><a class=\"post-edit-link\" href=\"https:\/\/vspoechlarn.ac.at\/wordpress\/wp-admin\/post.php?post=5379&amp;action=edit\">Bearbeiten<\/a><\/span><\/small><\/p>\n<div class=\"clearfix\"><\/div>\n<\/div>\n<\/div>\n<\/article>\n<article id=\"post-5373\" class=\"loop_list post-5373 post type-post status-publish format-standard hentry category-allgemein\">\n<div class=\"panel panel-default\">\n<div class=\"panel-body clearfix\">\n<div class=\"fs-have-thumbnail\">\n<header class=\"entry-header\">\n<h4 class=\"entry-title\"><strong><a title=\"Permanentlink zu Bobby Bottle\" href=\"https:\/\/vspoechlarn.ac.at\/wordpress\/2025\/04\/24\/bobby-bottle\/\" rel=\"bookmark\">Bobby Bottle<\/a><\/strong><\/h4>\n<\/header>\n<div class=\"entry-content\">\n<p>Der Flaschengeist Bobby Bottle (\u201eAustria Glas Recycling\u201c) besuchte unsere Kinder der dritten und vierten Klassen. Er erz\u00e4hlte ihnen viel Interessantes zum Thema Glasrecycling und lehrte ihnen auch etwas \u00fcber die Herstellung und das richtige Trennen von Glas. Zum Schluss begeisterte Bobby unsere Sch\u00fclerinnen und Sch\u00fcler mit einigen Zaubertricks.<\/p>\n<div id=\"gallery_5373_18\" class=\"row\">\n<div id=\"5373-image-5374\" class=\"col-xs-12 col-sm-4 col-md-4\">\n<div class=\"thumbnail\"><a href=\"https:\/\/vspoechlarn.ac.at\/wordpress\/2025\/04\/24\/bobby-bottle\/bottle1-mittel\/\"><img loading=\"lazy\" decoding=\"async\" class=\"attachment-large size-large\" src=\"https:\/\/vspoechlarn.ac.at\/wordpress\/wp-content\/uploads\/2025\/04\/Bottle1-Mittel.jpg\" sizes=\"auto, (max-width: 900px) 100vw, 900px\" srcset=\"https:\/\/vspoechlarn.ac.at\/wordpress\/wp-content\/uploads\/2025\/04\/Bottle1-Mittel.jpg 1024w, https:\/\/vspoechlarn.ac.at\/wordpress\/wp-content\/uploads\/2025\/04\/Bottle1-Mittel-350x263.jpg 350w, https:\/\/vspoechlarn.ac.at\/wordpress\/wp-content\/uploads\/2025\/04\/Bottle1-Mittel-250x188.jpg 250w\" alt=\"\" width=\"900\" height=\"675\" \/><\/a><\/div>\n<\/div>\n<div id=\"5373-image-5375\" class=\"col-xs-12 col-sm-4 col-md-4\">\n<div class=\"thumbnail\"><a href=\"https:\/\/vspoechlarn.ac.at\/wordpress\/2025\/04\/24\/bobby-bottle\/bottle2-mittel\/\"><img loading=\"lazy\" decoding=\"async\" class=\"attachment-large size-large\" src=\"https:\/\/vspoechlarn.ac.at\/wordpress\/wp-content\/uploads\/2025\/04\/Bottle2-Mittel.jpg\" sizes=\"auto, (max-width: 900px) 100vw, 900px\" srcset=\"https:\/\/vspoechlarn.ac.at\/wordpress\/wp-content\/uploads\/2025\/04\/Bottle2-Mittel.jpg 1024w, https:\/\/vspoechlarn.ac.at\/wordpress\/wp-content\/uploads\/2025\/04\/Bottle2-Mittel-350x263.jpg 350w, https:\/\/vspoechlarn.ac.at\/wordpress\/wp-content\/uploads\/2025\/04\/Bottle2-Mittel-250x188.jpg 250w\" alt=\"\" width=\"900\" height=\"675\" \/><\/a><\/div>\n<\/div>\n<div id=\"5373-image-5376\" class=\"col-xs-12 col-sm-4 col-md-4\">\n<div class=\"thumbnail\"><a href=\"https:\/\/vspoechlarn.ac.at\/wordpress\/2025\/04\/24\/bobby-bottle\/bottle3-mittel\/\"><img loading=\"lazy\" decoding=\"async\" class=\"attachment-large size-large\" src=\"https:\/\/vspoechlarn.ac.at\/wordpress\/wp-content\/uploads\/2025\/04\/Bottle3-Mittel.jpg\" sizes=\"auto, (max-width: 900px) 100vw, 900px\" srcset=\"https:\/\/vspoechlarn.ac.at\/wordpress\/wp-content\/uploads\/2025\/04\/Bottle3-Mittel.jpg 1024w, https:\/\/vspoechlarn.ac.at\/wordpress\/wp-content\/uploads\/2025\/04\/Bottle3-Mittel-350x263.jpg 350w, https:\/\/vspoechlarn.ac.at\/wordpress\/wp-content\/uploads\/2025\/04\/Bottle3-Mittel-250x188.jpg 250w\" alt=\"\" width=\"900\" height=\"675\" \/><\/a><\/div>\n<\/div>\n<div class=\"clearfix visible-md-block visible-lg-block\"><\/div>\n<div id=\"5373-image-5377\" class=\"col-xs-12 col-sm-4 col-md-4\">\n<div class=\"thumbnail\"><a href=\"https:\/\/vspoechlarn.ac.at\/wordpress\/2025\/04\/24\/bobby-bottle\/bottle4-mittel\/\"><img loading=\"lazy\" decoding=\"async\" class=\"attachment-large size-large\" src=\"https:\/\/vspoechlarn.ac.at\/wordpress\/wp-content\/uploads\/2025\/04\/Bottle4-Mittel.jpg\" sizes=\"auto, (max-width: 900px) 100vw, 900px\" srcset=\"https:\/\/vspoechlarn.ac.at\/wordpress\/wp-content\/uploads\/2025\/04\/Bottle4-Mittel.jpg 1024w, https:\/\/vspoechlarn.ac.at\/wordpress\/wp-content\/uploads\/2025\/04\/Bottle4-Mittel-350x263.jpg 350w, https:\/\/vspoechlarn.ac.at\/wordpress\/wp-content\/uploads\/2025\/04\/Bottle4-Mittel-250x188.jpg 250w\" alt=\"\" width=\"900\" height=\"675\" \/><\/a><\/div>\n<\/div>\n<\/div>\n<\/div>\n<\/div>\n<\/div>\n<div class=\"panel-footer entry-meta\">\n<p><small><span class=\"loop-category\"><a class=\"label label-success\" href=\"https:\/\/vspoechlarn.ac.at\/wordpress\/category\/allgemein\/\">Startseite<\/a>\u00a0<\/span><span class=\"loop-author\">|\u00a0<span class=\"author vcard\"><a class=\"url fn n\" href=\"https:\/\/vspoechlarn.ac.at\/wordpress\/author\/wp-admin\/\">wp-admin<\/a><\/span><\/span>\u00a0<span class=\"loop-date\">|\u00a0<time class=\"entry-date published updated\" datetime=\"2025-04-24T07:24:04+02:00\">24. April 2025<\/time><\/span>\u00a0|\u00a0<span class=\"edit-link\"><a class=\"post-edit-link\" href=\"https:\/\/vspoechlarn.ac.at\/wordpress\/wp-admin\/post.php?post=5373&amp;action=edit\">Bearbeiten<\/a><\/span><\/small><\/p>\n<div class=\"clearfix\"><\/div>\n<\/div>\n<\/div>\n<\/article>\n<article id=\"post-5369\" class=\"loop_list post-5369 post type-post status-publish format-standard hentry category-allgemein\">\n<div class=\"panel panel-default\">\n<div class=\"panel-body clearfix\">\n<div class=\"fs-have-thumbnail\">\n<header class=\"entry-header\">\n<h4 class=\"entry-title\"><strong><a title=\"Permanentlink zu In der G\u00e4rtnerei\" href=\"https:\/\/vspoechlarn.ac.at\/wordpress\/2025\/04\/22\/in-der-gaertnerei\/\" rel=\"bookmark\">In der G\u00e4rtnerei<\/a><\/strong><\/h4>\n<\/header>\n<div class=\"entry-content\">\n<p>Zum Fr\u00fchlingsbeginn besuchten die 1. Klassen die G\u00e4rtnerei Fuchs. Passend zu dieser Zeit lernten die Sch\u00fcler und Sch\u00fclerinnen viele Fr\u00fchlingsblumen kennen. Ebenso wurden die Aufgaben und T\u00e4tigkeiten einer G\u00e4rtnerei besprochen.<br \/>\nAm Ende durften die Kinder auch noch\u00a0 Sonnenblumen pflanzen, deren Wachstum in der Schule dokumentiert wird.<br \/>\nAlle haben gut mitgearbeitet und der Vormittag hat den Kindern ersichtlich Spa\u00df bereitet.<\/p>\n<p>Vielen Dank an Jasmin Fuchs und ihr Team!<\/p>\n<div id=\"gallery_5369_19\" class=\"row\">\n<div id=\"5369-image-5370\" class=\"col-xs-12 col-sm-4 col-md-4\">\n<div class=\"thumbnail\"><a href=\"https:\/\/vspoechlarn.ac.at\/wordpress\/2025\/04\/22\/in-der-gaertnerei\/img_0542-klein\/\"><img loading=\"lazy\" decoding=\"async\" class=\"attachment-large size-large\" src=\"https:\/\/vspoechlarn.ac.at\/wordpress\/wp-content\/uploads\/2025\/04\/IMG_0542-Klein.jpeg\" sizes=\"auto, (max-width: 480px) 100vw, 480px\" srcset=\"https:\/\/vspoechlarn.ac.at\/wordpress\/wp-content\/uploads\/2025\/04\/IMG_0542-Klein.jpeg 480w, https:\/\/vspoechlarn.ac.at\/wordpress\/wp-content\/uploads\/2025\/04\/IMG_0542-Klein-225x300.jpeg 225w, https:\/\/vspoechlarn.ac.at\/wordpress\/wp-content\/uploads\/2025\/04\/IMG_0542-Klein-188x250.jpeg 188w\" alt=\"\" width=\"480\" height=\"640\" \/><\/a><\/div>\n<\/div>\n<div id=\"5369-image-5371\" class=\"col-xs-12 col-sm-4 col-md-4\">\n<div class=\"thumbnail\"><a href=\"https:\/\/vspoechlarn.ac.at\/wordpress\/2025\/04\/22\/in-der-gaertnerei\/img_0548-klein\/\"><img loading=\"lazy\" decoding=\"async\" class=\"attachment-large size-large\" src=\"https:\/\/vspoechlarn.ac.at\/wordpress\/wp-content\/uploads\/2025\/04\/IMG_0548-Klein.jpeg\" sizes=\"auto, (max-width: 640px) 100vw, 640px\" srcset=\"https:\/\/vspoechlarn.ac.at\/wordpress\/wp-content\/uploads\/2025\/04\/IMG_0548-Klein.jpeg 640w, https:\/\/vspoechlarn.ac.at\/wordpress\/wp-content\/uploads\/2025\/04\/IMG_0548-Klein-350x263.jpeg 350w, https:\/\/vspoechlarn.ac.at\/wordpress\/wp-content\/uploads\/2025\/04\/IMG_0548-Klein-250x188.jpeg 250w\" alt=\"\" width=\"640\" height=\"480\" \/><\/a><\/div>\n<\/div>\n<\/div>\n<p>&nbsp;<\/p>\n<\/div>\n<\/div>\n<\/div>\n<div class=\"panel-footer entry-meta\">\n<p><small><span class=\"loop-category\"><a class=\"label label-success\" href=\"https:\/\/vspoechlarn.ac.at\/wordpress\/category\/allgemein\/\">Startseite<\/a>\u00a0<\/span><span class=\"loop-author\">|\u00a0<span class=\"author vcard\"><a class=\"url fn n\" href=\"https:\/\/vspoechlarn.ac.at\/wordpress\/author\/wp-admin\/\">wp-admin<\/a><\/span><\/span>\u00a0<span class=\"loop-date\">|\u00a0<time class=\"entry-date published updated\" datetime=\"2025-04-22T12:16:26+02:00\">22. April 2025<\/time><\/span>\u00a0|\u00a0<span class=\"edit-link\"><a class=\"post-edit-link\" href=\"https:\/\/vspoechlarn.ac.at\/wordpress\/wp-admin\/post.php?post=5369&amp;action=edit\">Bearbeiten<\/a><\/span><\/small><\/p>\n<div class=\"clearfix\"><\/div>\n<\/div>\n<\/div>\n<\/article>\n<article id=\"post-5356\" class=\"loop_list post-5356 post type-post status-publish format-standard hentry category-allgemein\">\n<div class=\"panel panel-default\">\n<div class=\"panel-body clearfix\">\n<div class=\"fs-have-thumbnail\">\n<header class=\"entry-header\">\n<h4 class=\"entry-title\"><strong><a title=\"Permanentlink zu Landesfinale Schach\" href=\"https:\/\/vspoechlarn.ac.at\/wordpress\/2025\/04\/10\/landesfinale-schach\/\" rel=\"bookmark\">Landesfinale Schach<\/a><\/strong><\/h4>\n<\/header>\n<div class=\"entry-content\">\n<p>2 Mannschaften aus der Volksschule P\u00f6chlarn gingen am 9.4.2025 als Vertreter des Mostviertels beim Landesfinale im VS-Schach in der Bildungsdirektion N\u00d6 an den Start. W\u00e4hrend P\u00f6chlarn 2 anfangs gro\u00dfartig unterwegs war und gegen die Gegner aus den anderen Vierteln St\u00e4rke bewies, konnte P\u00f6chlarn 1 nicht die gewohnten Leistungen erbringen. Gegen die sp\u00e4teren Spitzenreiter aus Baden oder Perchtoldsdorf war leider f\u00fcr beide Teams nichts zu holen. Schlussendlich landete P\u00f6chlarn 2 punktegleich mit Altlichtenwarth\/Hausbrunn auf Platz 5 noch vor P\u00f6chlarn 1. Auf das Stockerl fehlte an diesem Tag nur ein Mannschaftspunkt.<\/p>\n<p>Die Schach-Jugendreferentin f\u00fcr N\u00d6, Mag. Sonja Hohendanner, gratulierte zum 5. Platz.<\/p>\n<div id=\"gallery_5356_20\" class=\"row\">\n<div id=\"5356-image-5357\" class=\"col-xs-12 col-sm-3 col-md-3\">\n<div class=\"thumbnail\"><a href=\"https:\/\/vspoechlarn.ac.at\/wordpress\/2025\/04\/10\/landesfinale-schach\/img_9787-klein\/\"><img loading=\"lazy\" decoding=\"async\" class=\"attachment-large size-large\" src=\"https:\/\/vspoechlarn.ac.at\/wordpress\/wp-content\/uploads\/2025\/04\/IMG_9787-Klein.jpg\" sizes=\"auto, (max-width: 480px) 100vw, 480px\" srcset=\"https:\/\/vspoechlarn.ac.at\/wordpress\/wp-content\/uploads\/2025\/04\/IMG_9787-Klein.jpg 480w, https:\/\/vspoechlarn.ac.at\/wordpress\/wp-content\/uploads\/2025\/04\/IMG_9787-Klein-169x300.jpg 169w, https:\/\/vspoechlarn.ac.at\/wordpress\/wp-content\/uploads\/2025\/04\/IMG_9787-Klein-141x250.jpg 141w\" alt=\"\" width=\"480\" height=\"853\" \/><\/a><\/div>\n<\/div>\n<div id=\"5356-image-5358\" class=\"col-xs-12 col-sm-3 col-md-3\">\n<div class=\"thumbnail\"><a href=\"https:\/\/vspoechlarn.ac.at\/wordpress\/2025\/04\/10\/landesfinale-schach\/img_9793-klein\/\"><img loading=\"lazy\" decoding=\"async\" class=\"attachment-large size-large\" src=\"https:\/\/vspoechlarn.ac.at\/wordpress\/wp-content\/uploads\/2025\/04\/IMG_9793-Klein.jpg\" sizes=\"auto, (max-width: 853px) 100vw, 853px\" srcset=\"https:\/\/vspoechlarn.ac.at\/wordpress\/wp-content\/uploads\/2025\/04\/IMG_9793-Klein.jpg 853w, https:\/\/vspoechlarn.ac.at\/wordpress\/wp-content\/uploads\/2025\/04\/IMG_9793-Klein-350x197.jpg 350w, https:\/\/vspoechlarn.ac.at\/wordpress\/wp-content\/uploads\/2025\/04\/IMG_9793-Klein-250x141.jpg 250w\" alt=\"\" width=\"853\" height=\"480\" \/><\/a><\/div>\n<\/div>\n<div id=\"5356-image-5359\" class=\"col-xs-12 col-sm-3 col-md-3\">\n<div class=\"thumbnail\"><a href=\"https:\/\/vspoechlarn.ac.at\/wordpress\/2025\/04\/10\/landesfinale-schach\/img_9794-klein\/\"><img loading=\"lazy\" decoding=\"async\" class=\"attachment-large size-large\" src=\"https:\/\/vspoechlarn.ac.at\/wordpress\/wp-content\/uploads\/2025\/04\/IMG_9794-Klein.jpg\" sizes=\"auto, (max-width: 853px) 100vw, 853px\" srcset=\"https:\/\/vspoechlarn.ac.at\/wordpress\/wp-content\/uploads\/2025\/04\/IMG_9794-Klein.jpg 853w, https:\/\/vspoechlarn.ac.at\/wordpress\/wp-content\/uploads\/2025\/04\/IMG_9794-Klein-350x197.jpg 350w, https:\/\/vspoechlarn.ac.at\/wordpress\/wp-content\/uploads\/2025\/04\/IMG_9794-Klein-250x141.jpg 250w\" alt=\"\" width=\"853\" height=\"480\" \/><\/a><\/div>\n<\/div>\n<div id=\"5356-image-5360\" class=\"col-xs-12 col-sm-3 col-md-3\">\n<div class=\"thumbnail\"><a href=\"https:\/\/vspoechlarn.ac.at\/wordpress\/2025\/04\/10\/landesfinale-schach\/img_9798-klein\/\"><img loading=\"lazy\" decoding=\"async\" class=\"attachment-large size-large\" src=\"https:\/\/vspoechlarn.ac.at\/wordpress\/wp-content\/uploads\/2025\/04\/IMG_9798-Klein.jpg\" sizes=\"auto, (max-width: 853px) 100vw, 853px\" srcset=\"https:\/\/vspoechlarn.ac.at\/wordpress\/wp-content\/uploads\/2025\/04\/IMG_9798-Klein.jpg 853w, https:\/\/vspoechlarn.ac.at\/wordpress\/wp-content\/uploads\/2025\/04\/IMG_9798-Klein-350x197.jpg 350w, https:\/\/vspoechlarn.ac.at\/wordpress\/wp-content\/uploads\/2025\/04\/IMG_9798-Klein-250x141.jpg 250w\" alt=\"\" width=\"853\" height=\"480\" \/><\/a><\/div>\n<\/div>\n<div class=\"clearfix visible-md-block visible-lg-block\"><\/div>\n<\/div>\n<\/div>\n<\/div>\n<\/div>\n<div class=\"panel-footer entry-meta\">\n<p><small><span class=\"loop-category\"><a class=\"label label-success\" href=\"https:\/\/vspoechlarn.ac.at\/wordpress\/category\/allgemein\/\">Startseite<\/a>\u00a0<\/span><span class=\"loop-author\">|\u00a0<span class=\"author vcard\"><a class=\"url fn n\" href=\"https:\/\/vspoechlarn.ac.at\/wordpress\/author\/wp-admin\/\">wp-admin<\/a><\/span><\/span>\u00a0<span class=\"loop-date\">|\u00a0<time class=\"entry-date published updated\" datetime=\"2025-04-10T08:29:57+02:00\">10. April 2025<\/time><\/span>\u00a0|\u00a0<span class=\"edit-link\"><a class=\"post-edit-link\" href=\"https:\/\/vspoechlarn.ac.at\/wordpress\/wp-admin\/post.php?post=5356&amp;action=edit\">Bearbeiten<\/a><\/span><\/small><\/p>\n<div class=\"clearfix\"><\/div>\n<\/div>\n<\/div>\n<\/article>\n<article id=\"post-5345\" class=\"loop_list post-5345 post type-post status-publish format-standard hentry category-allgemein\">\n<div class=\"panel panel-default\">\n<div class=\"panel-body clearfix\">\n<div class=\"fs-have-thumbnail\">\n<header class=\"entry-header\">\n<h4 class=\"entry-title\"><strong><a title=\"Permanentlink zu S\u00e4uberungsaktion der Stadtgemeinde\" href=\"https:\/\/vspoechlarn.ac.at\/wordpress\/2025\/04\/07\/stopp-littering\/\" rel=\"bookmark\">S\u00e4uberungsaktion der Stadtgemeinde<\/a><\/strong><\/h4>\n<\/header>\n<div class=\"entry-content\">\n<p>Auch die VS P\u00f6chlarn nahm an der gro\u00dfen S\u00e4uberungsaktion der Stadtgemeinde teil und s\u00e4uberte am Freitag das Gebiet rund um unsere Schule. Vom Bahnhof bis zur Donau und vom Parkplatz in der Nibelungenstra\u00dfe bis zur Giselherstra\u00dfe waren die M\u00e4dchen und Buben, ausgestattet mit Handschuhen und M\u00fclls\u00e4cken, unterwegs. Die Ausbeute an Mist kann sich sehen lassen, wobei man ganz ehrlich sagen muss, dass das Umweltbewusstsein in dieser Gegend schon bedeutend ausgepr\u00e4gter ist als noch vor einigen Jahren.<\/p>\n<div id=\"gallery_5345_21\" class=\"row\">\n<div id=\"5345-image-5352\" class=\"col-xs-12 col-sm-4 col-md-4\">\n<div class=\"thumbnail\"><a href=\"https:\/\/vspoechlarn.ac.at\/wordpress\/2025\/04\/07\/stopp-littering\/img_9668-klein\/\"><img loading=\"lazy\" decoding=\"async\" class=\"attachment-large size-large\" src=\"https:\/\/vspoechlarn.ac.at\/wordpress\/wp-content\/uploads\/2025\/04\/IMG_9668-Klein.jpg\" sizes=\"auto, (max-width: 853px) 100vw, 853px\" srcset=\"https:\/\/vspoechlarn.ac.at\/wordpress\/wp-content\/uploads\/2025\/04\/IMG_9668-Klein.jpg 853w, https:\/\/vspoechlarn.ac.at\/wordpress\/wp-content\/uploads\/2025\/04\/IMG_9668-Klein-350x197.jpg 350w, https:\/\/vspoechlarn.ac.at\/wordpress\/wp-content\/uploads\/2025\/04\/IMG_9668-Klein-250x141.jpg 250w\" alt=\"\" width=\"853\" height=\"480\" \/><\/a><\/div>\n<\/div>\n<div id=\"5345-image-5351\" class=\"col-xs-12 col-sm-4 col-md-4\">\n<div class=\"thumbnail\"><a href=\"https:\/\/vspoechlarn.ac.at\/wordpress\/2025\/04\/07\/stopp-littering\/img_20250404_110252-klein\/\"><img loading=\"lazy\" decoding=\"async\" class=\"attachment-large size-large\" src=\"https:\/\/vspoechlarn.ac.at\/wordpress\/wp-content\/uploads\/2025\/04\/IMG_20250404_110252-Klein.jpg\" sizes=\"auto, (max-width: 480px) 100vw, 480px\" srcset=\"https:\/\/vspoechlarn.ac.at\/wordpress\/wp-content\/uploads\/2025\/04\/IMG_20250404_110252-Klein.jpg 480w, https:\/\/vspoechlarn.ac.at\/wordpress\/wp-content\/uploads\/2025\/04\/IMG_20250404_110252-Klein-225x300.jpg 225w, https:\/\/vspoechlarn.ac.at\/wordpress\/wp-content\/uploads\/2025\/04\/IMG_20250404_110252-Klein-188x250.jpg 188w\" alt=\"\" width=\"480\" height=\"640\" \/><\/a><\/div>\n<\/div>\n<div id=\"5345-image-5350\" class=\"col-xs-12 col-sm-4 col-md-4\">\n<div class=\"thumbnail\"><a href=\"https:\/\/vspoechlarn.ac.at\/wordpress\/2025\/04\/07\/stopp-littering\/img_20250404_105827-klein\/\"><img loading=\"lazy\" decoding=\"async\" class=\"attachment-large size-large\" src=\"https:\/\/vspoechlarn.ac.at\/wordpress\/wp-content\/uploads\/2025\/04\/IMG_20250404_105827-Klein.jpg\" sizes=\"auto, (max-width: 640px) 100vw, 640px\" srcset=\"https:\/\/vspoechlarn.ac.at\/wordpress\/wp-content\/uploads\/2025\/04\/IMG_20250404_105827-Klein.jpg 640w, https:\/\/vspoechlarn.ac.at\/wordpress\/wp-content\/uploads\/2025\/04\/IMG_20250404_105827-Klein-350x263.jpg 350w, https:\/\/vspoechlarn.ac.at\/wordpress\/wp-content\/uploads\/2025\/04\/IMG_20250404_105827-Klein-250x188.jpg 250w\" alt=\"\" width=\"640\" height=\"480\" \/><\/a><\/div>\n<\/div>\n<div class=\"clearfix visible-md-block visible-lg-block\"><\/div>\n<div id=\"5345-image-5349\" class=\"col-xs-12 col-sm-4 col-md-4\">\n<div class=\"thumbnail\"><a href=\"https:\/\/vspoechlarn.ac.at\/wordpress\/2025\/04\/07\/stopp-littering\/img_20250404_105541-klein\/\"><img loading=\"lazy\" decoding=\"async\" class=\"attachment-large size-large\" src=\"https:\/\/vspoechlarn.ac.at\/wordpress\/wp-content\/uploads\/2025\/04\/IMG_20250404_105541-Klein.jpg\" sizes=\"auto, (max-width: 640px) 100vw, 640px\" srcset=\"https:\/\/vspoechlarn.ac.at\/wordpress\/wp-content\/uploads\/2025\/04\/IMG_20250404_105541-Klein.jpg 640w, https:\/\/vspoechlarn.ac.at\/wordpress\/wp-content\/uploads\/2025\/04\/IMG_20250404_105541-Klein-350x263.jpg 350w, https:\/\/vspoechlarn.ac.at\/wordpress\/wp-content\/uploads\/2025\/04\/IMG_20250404_105541-Klein-250x188.jpg 250w\" alt=\"\" width=\"640\" height=\"480\" \/><\/a><\/div>\n<\/div>\n<div id=\"5345-image-5346\" class=\"col-xs-12 col-sm-4 col-md-4\">\n<div class=\"thumbnail\"><a href=\"https:\/\/vspoechlarn.ac.at\/wordpress\/2025\/04\/07\/stopp-littering\/b76bfbf6-95fe-40fc-904a-43a00f24c25d-klein\/\"><img loading=\"lazy\" decoding=\"async\" class=\"attachment-large size-large\" src=\"https:\/\/vspoechlarn.ac.at\/wordpress\/wp-content\/uploads\/2025\/04\/b76bfbf6-95fe-40fc-904a-43a00f24c25d-Klein.jpg\" sizes=\"auto, (max-width: 385px) 100vw, 385px\" srcset=\"https:\/\/vspoechlarn.ac.at\/wordpress\/wp-content\/uploads\/2025\/04\/b76bfbf6-95fe-40fc-904a-43a00f24c25d-Klein.jpg 385w, https:\/\/vspoechlarn.ac.at\/wordpress\/wp-content\/uploads\/2025\/04\/b76bfbf6-95fe-40fc-904a-43a00f24c25d-Klein-135x300.jpg 135w, https:\/\/vspoechlarn.ac.at\/wordpress\/wp-content\/uploads\/2025\/04\/b76bfbf6-95fe-40fc-904a-43a00f24c25d-Klein-113x250.jpg 113w\" alt=\"\" width=\"385\" height=\"854\" \/><\/a><\/div>\n<\/div>\n<div id=\"5345-image-5353\" class=\"col-xs-12 col-sm-4 col-md-4\">\n<div class=\"thumbnail\"><a href=\"https:\/\/vspoechlarn.ac.at\/wordpress\/2025\/04\/07\/stopp-littering\/img_9670-klein\/\"><img loading=\"lazy\" decoding=\"async\" class=\"attachment-large size-large\" src=\"https:\/\/vspoechlarn.ac.at\/wordpress\/wp-content\/uploads\/2025\/04\/IMG_9670-Klein.jpg\" sizes=\"auto, (max-width: 853px) 100vw, 853px\" srcset=\"https:\/\/vspoechlarn.ac.at\/wordpress\/wp-content\/uploads\/2025\/04\/IMG_9670-Klein.jpg 853w, https:\/\/vspoechlarn.ac.at\/wordpress\/wp-content\/uploads\/2025\/04\/IMG_9670-Klein-350x197.jpg 350w, https:\/\/vspoechlarn.ac.at\/wordpress\/wp-content\/uploads\/2025\/04\/IMG_9670-Klein-250x141.jpg 250w\" alt=\"\" width=\"853\" height=\"480\" \/><\/a><\/div>\n<\/div>\n<div class=\"clearfix visible-md-block visible-lg-block\"><\/div>\n<\/div>\n<\/div>\n<\/div>\n<\/div>\n<div class=\"panel-footer entry-meta\">\n<p><small><span class=\"loop-category\"><a class=\"label label-success\" href=\"https:\/\/vspoechlarn.ac.at\/wordpress\/category\/allgemein\/\">Startseite<\/a>\u00a0<\/span><span class=\"loop-author\">|\u00a0<span class=\"author vcard\"><a class=\"url fn n\" href=\"https:\/\/vspoechlarn.ac.at\/wordpress\/author\/wp-admin\/\">wp-admin<\/a><\/span><\/span>\u00a0<span class=\"loop-date\">|\u00a0<time class=\"entry-date published updated\" datetime=\"2025-04-07T08:15:36+02:00\">7. April 2025<\/time><\/span>\u00a0|\u00a0<span class=\"edit-link\"><a class=\"post-edit-link\" href=\"https:\/\/vspoechlarn.ac.at\/wordpress\/wp-admin\/post.php?post=5345&amp;action=edit\">Bearbeiten<\/a><\/span><\/small><\/p>\n<div class=\"clearfix\"><\/div>\n<\/div>\n<\/div>\n<\/article>\n<article id=\"post-5339\" class=\"loop_list post-5339 post type-post status-publish format-standard hentry category-allgemein\">\n<div class=\"panel panel-default\">\n<div class=\"panel-body clearfix\">\n<div class=\"fs-have-thumbnail\">\n<header class=\"entry-header\">\n<h4 class=\"entry-title\"><strong><a title=\"Permanentlink zu AnTONNia, die sprechende Restm\u00fclltonne\" href=\"https:\/\/vspoechlarn.ac.at\/wordpress\/2025\/04\/03\/antonnia-die-sprechende-restmuelltonne\/\" rel=\"bookmark\">AnTONNia, die sprechende Restm\u00fclltonne<\/a><\/strong><\/h4>\n<\/header>\n<div class=\"entry-content\">\n<p>In unserem derzeitigen Schulentwicklungsplan nehmen die Themen \u201eNachhaltigkeit\u201c und \u201e\u00f6kologischer Fu\u00dfabdruck\u201c einen hohen Stellenwert ein. Passend dazu haben wir \u00fcber den GVU AnTONNia, die sprechende Restm\u00fclltonne, eingeladen. Sie erz\u00e4hlt den Kindern aus ihrem Leben. AnTONNia und ihre M\u00fclltonnen-Freundinnen und -freunde haben Superkr\u00e4fte. Sie k\u00f6nnen Abf\u00e4lle zu Sch\u00e4tzen verwandeln, allerdings nur, wenn diese zuvor richtig getrennt werden. Und daf\u00fcr braucht AnTONNia die Hilfe der Umweltheldinnen und Helden.<\/p>\n<p>Hier kommen die Kinder ins Spiel. Mit viel Spa\u00df und besonderem p\u00e4dagogischen Mehrwert erfahren die Kinder, dass Abf\u00e4lle richtig getrennt, nicht wertlos sind, sondern auch als Rohstoff f\u00fcr k\u00fcnftige Produkte eingesetzt werden k\u00f6nnen.<\/p>\n<div id=\"gallery_5339_22\" class=\"row\">\n<div id=\"5339-image-5340\" class=\"col-xs-12 col-sm-4 col-md-4\">\n<div class=\"thumbnail\"><a href=\"https:\/\/vspoechlarn.ac.at\/wordpress\/2025\/04\/03\/antonnia-die-sprechende-restmuelltonne\/antonnia1\/\"><img loading=\"lazy\" decoding=\"async\" class=\"attachment-large size-large\" src=\"https:\/\/vspoechlarn.ac.at\/wordpress\/wp-content\/uploads\/2025\/04\/antonnia1-570x1024.jpg\" sizes=\"auto, (max-width: 570px) 100vw, 570px\" srcset=\"https:\/\/vspoechlarn.ac.at\/wordpress\/wp-content\/uploads\/2025\/04\/antonnia1-570x1024.jpg 570w, https:\/\/vspoechlarn.ac.at\/wordpress\/wp-content\/uploads\/2025\/04\/antonnia1-167x300.jpg 167w, https:\/\/vspoechlarn.ac.at\/wordpress\/wp-content\/uploads\/2025\/04\/antonnia1-139x250.jpg 139w, https:\/\/vspoechlarn.ac.at\/wordpress\/wp-content\/uploads\/2025\/04\/antonnia1.jpg 601w\" alt=\"\" width=\"570\" height=\"1024\" \/><\/a><\/div>\n<\/div>\n<div id=\"5339-image-5341\" class=\"col-xs-12 col-sm-4 col-md-4\">\n<div class=\"thumbnail\"><a href=\"https:\/\/vspoechlarn.ac.at\/wordpress\/2025\/04\/03\/antonnia-die-sprechende-restmuelltonne\/antonnia2\/\"><img loading=\"lazy\" decoding=\"async\" class=\"attachment-large size-large\" src=\"https:\/\/vspoechlarn.ac.at\/wordpress\/wp-content\/uploads\/2025\/04\/antonnia2-589x1024.jpg\" sizes=\"auto, (max-width: 589px) 100vw, 589px\" srcset=\"https:\/\/vspoechlarn.ac.at\/wordpress\/wp-content\/uploads\/2025\/04\/antonnia2-589x1024.jpg 589w, https:\/\/vspoechlarn.ac.at\/wordpress\/wp-content\/uploads\/2025\/04\/antonnia2-173x300.jpg 173w, https:\/\/vspoechlarn.ac.at\/wordpress\/wp-content\/uploads\/2025\/04\/antonnia2-144x250.jpg 144w, https:\/\/vspoechlarn.ac.at\/wordpress\/wp-content\/uploads\/2025\/04\/antonnia2.jpg 622w\" alt=\"\" width=\"589\" height=\"1024\" \/><\/a><\/div>\n<\/div>\n<div id=\"5339-image-5343\" class=\"col-xs-12 col-sm-4 col-md-4\">\n<div class=\"thumbnail\"><a href=\"https:\/\/vspoechlarn.ac.at\/wordpress\/2025\/04\/03\/antonnia-die-sprechende-restmuelltonne\/antonnia3\/\"><img loading=\"lazy\" decoding=\"async\" class=\"attachment-large size-large\" src=\"https:\/\/vspoechlarn.ac.at\/wordpress\/wp-content\/uploads\/2025\/04\/Antonnia3.jpg\" sizes=\"auto, (max-width: 470px) 100vw, 470px\" srcset=\"https:\/\/vspoechlarn.ac.at\/wordpress\/wp-content\/uploads\/2025\/04\/Antonnia3.jpg 470w, https:\/\/vspoechlarn.ac.at\/wordpress\/wp-content\/uploads\/2025\/04\/Antonnia3-350x241.jpg 350w, https:\/\/vspoechlarn.ac.at\/wordpress\/wp-content\/uploads\/2025\/04\/Antonnia3-250x172.jpg 250w\" alt=\"\" width=\"470\" height=\"324\" \/><\/a><\/div>\n<\/div>\n<div class=\"clearfix visible-md-block visible-lg-block\"><\/div>\n<\/div>\n<p>&nbsp;<\/p>\n<\/div>\n<\/div>\n<\/div>\n<div class=\"panel-footer entry-meta\">\n<p><small><span class=\"loop-category\"><a class=\"label label-success\" href=\"https:\/\/vspoechlarn.ac.at\/wordpress\/category\/allgemein\/\">Startseite<\/a>\u00a0<\/span><span class=\"loop-author\">|\u00a0<span class=\"author vcard\"><a class=\"url fn n\" href=\"https:\/\/vspoechlarn.ac.at\/wordpress\/author\/wp-admin\/\">wp-admin<\/a><\/span><\/span>\u00a0<span class=\"loop-date\">|\u00a0<time class=\"entry-date published updated\" datetime=\"2025-04-03T12:21:28+02:00\">3. April 2025<\/time><\/span>\u00a0|\u00a0<span class=\"edit-link\"><a class=\"post-edit-link\" href=\"https:\/\/vspoechlarn.ac.at\/wordpress\/wp-admin\/post.php?post=5339&amp;action=edit\">Bearbeiten<\/a><\/span><\/small><\/p>\n<div class=\"clearfix\"><\/div>\n<\/div>\n<\/div>\n<\/article>\n<article id=\"post-5335\" class=\"loop_list post-5335 post type-post status-publish format-standard hentry category-allgemein\">\n<div class=\"panel panel-default\">\n<div class=\"panel-body clearfix\">\n<div class=\"fs-have-thumbnail\">\n<header class=\"entry-header\">\n<h4 class=\"entry-title\"><strong><a title=\"Permanentlink zu Lesetheater\" href=\"https:\/\/vspoechlarn.ac.at\/wordpress\/2025\/04\/03\/lesetheater\/\" rel=\"bookmark\">Lesetheater<\/a><\/strong><\/h4>\n<\/header>\n<div class=\"entry-content\">\n<p>Im Rahmen der Kooperation mit der \u00d6koMS durften die Kinder der beiden 4. Klassen das Lesetheater, das Frau Fachlehrerin Mayerhofer mit Kindern der 2. Klassen vorbereitet hat, besuchen. Vielen Dank f\u00fcr die Einladung.<\/p>\n<div id=\"gallery_5335_23\" class=\"row\">\n<div id=\"5335-image-5336\" class=\"col-xs-12 col-sm-4 col-md-4\">\n<div class=\"thumbnail\"><a href=\"https:\/\/vspoechlarn.ac.at\/wordpress\/2025\/04\/03\/lesetheater\/9bcddf1b-8d6d-4563-85b9-8ace9191d158\/\"><img loading=\"lazy\" decoding=\"async\" class=\"attachment-large size-large\" src=\"https:\/\/vspoechlarn.ac.at\/wordpress\/wp-content\/uploads\/2025\/04\/9bcddf1b-8d6d-4563-85b9-8ace9191d158-1024x462.jpg\" sizes=\"auto, (max-width: 900px) 100vw, 900px\" srcset=\"https:\/\/vspoechlarn.ac.at\/wordpress\/wp-content\/uploads\/2025\/04\/9bcddf1b-8d6d-4563-85b9-8ace9191d158-1024x462.jpg 1024w, https:\/\/vspoechlarn.ac.at\/wordpress\/wp-content\/uploads\/2025\/04\/9bcddf1b-8d6d-4563-85b9-8ace9191d158-350x158.jpg 350w, https:\/\/vspoechlarn.ac.at\/wordpress\/wp-content\/uploads\/2025\/04\/9bcddf1b-8d6d-4563-85b9-8ace9191d158-250x113.jpg 250w, https:\/\/vspoechlarn.ac.at\/wordpress\/wp-content\/uploads\/2025\/04\/9bcddf1b-8d6d-4563-85b9-8ace9191d158-1536x692.jpg 1536w, https:\/\/vspoechlarn.ac.at\/wordpress\/wp-content\/uploads\/2025\/04\/9bcddf1b-8d6d-4563-85b9-8ace9191d158.jpg 1920w\" alt=\"\" width=\"900\" height=\"406\" \/><\/a><\/div>\n<\/div>\n<div id=\"5335-image-5337\" class=\"col-xs-12 col-sm-4 col-md-4\">\n<div class=\"thumbnail\"><a href=\"https:\/\/vspoechlarn.ac.at\/wordpress\/2025\/04\/03\/lesetheater\/070bce25-238f-4e04-a287-b0f80e234899\/\"><img loading=\"lazy\" decoding=\"async\" class=\"attachment-large size-large\" src=\"https:\/\/vspoechlarn.ac.at\/wordpress\/wp-content\/uploads\/2025\/04\/070bce25-238f-4e04-a287-b0f80e234899-1024x462.jpg\" sizes=\"auto, (max-width: 900px) 100vw, 900px\" srcset=\"https:\/\/vspoechlarn.ac.at\/wordpress\/wp-content\/uploads\/2025\/04\/070bce25-238f-4e04-a287-b0f80e234899-1024x462.jpg 1024w, https:\/\/vspoechlarn.ac.at\/wordpress\/wp-content\/uploads\/2025\/04\/070bce25-238f-4e04-a287-b0f80e234899-350x158.jpg 350w, https:\/\/vspoechlarn.ac.at\/wordpress\/wp-content\/uploads\/2025\/04\/070bce25-238f-4e04-a287-b0f80e234899-250x113.jpg 250w, https:\/\/vspoechlarn.ac.at\/wordpress\/wp-content\/uploads\/2025\/04\/070bce25-238f-4e04-a287-b0f80e234899-1536x692.jpg 1536w, https:\/\/vspoechlarn.ac.at\/wordpress\/wp-content\/uploads\/2025\/04\/070bce25-238f-4e04-a287-b0f80e234899.jpg 1920w\" alt=\"\" width=\"900\" height=\"406\" \/><\/a><\/div>\n<\/div>\n<\/div>\n<\/div>\n<\/div>\n<\/div>\n<div class=\"panel-footer entry-meta\">\n<p><small><span class=\"loop-category\"><a class=\"label label-success\" href=\"https:\/\/vspoechlarn.ac.at\/wordpress\/category\/allgemein\/\">Startseite<\/a>\u00a0<\/span><span class=\"loop-author\">|\u00a0<span class=\"author vcard\"><a class=\"url fn n\" href=\"https:\/\/vspoechlarn.ac.at\/wordpress\/author\/wp-admin\/\">wp-admin<\/a><\/span><\/span>\u00a0<span class=\"loop-date\">|\u00a0<time class=\"entry-date published updated\" datetime=\"2025-04-03T11:10:19+02:00\">3. April 2025<\/time><\/span>\u00a0|\u00a0<span class=\"edit-link\"><a class=\"post-edit-link\" href=\"https:\/\/vspoechlarn.ac.at\/wordpress\/wp-admin\/post.php?post=5335&amp;action=edit\">Bearbeiten<\/a><\/span><\/small><\/p>\n<div class=\"clearfix\"><\/div>\n<\/div>\n<\/div>\n<\/article>\n<article id=\"post-5330\" class=\"loop_list post-5330 post type-post status-publish format-standard hentry category-allgemein\">\n<div class=\"panel panel-default\">\n<div class=\"panel-body clearfix\">\n<div class=\"fs-have-thumbnail\">\n<header class=\"entry-header\">\n<h4 class=\"entry-title\"><strong><a title=\"Permanentlink zu H\u00fchner in der Nachmittagsbetreuung\" href=\"https:\/\/vspoechlarn.ac.at\/wordpress\/2025\/04\/02\/huehner-in-der-nachmittagsbetreuung\/\" rel=\"bookmark\">H\u00fchner in der Nachmittagsbetreuung<\/a><\/strong><\/h4>\n<\/header>\n<div class=\"entry-content\">\n<p>Unsere Praktikanten basteln mit den Kindern der Nachmittagsbetreuung H\u00fchner. Das gef\u00e4llt den j\u00fcngeren besonders gut.<\/p>\n<div id=\"gallery_5330_24\" class=\"row\">\n<div id=\"5330-image-5331\" class=\"col-xs-12 col-sm-4 col-md-4\">\n<div class=\"thumbnail\"><a href=\"https:\/\/vspoechlarn.ac.at\/wordpress\/2025\/04\/02\/huehner-in-der-nachmittagsbetreuung\/220fdf97-2363-4281-a9cf-ac27bf27bfed\/\"><img loading=\"lazy\" decoding=\"async\" class=\"attachment-large size-large\" src=\"https:\/\/vspoechlarn.ac.at\/wordpress\/wp-content\/uploads\/2025\/04\/220fdf97-2363-4281-a9cf-ac27bf27bfed-1024x768.jpg\" sizes=\"auto, (max-width: 900px) 100vw, 900px\" srcset=\"https:\/\/vspoechlarn.ac.at\/wordpress\/wp-content\/uploads\/2025\/04\/220fdf97-2363-4281-a9cf-ac27bf27bfed-1024x768.jpg 1024w, https:\/\/vspoechlarn.ac.at\/wordpress\/wp-content\/uploads\/2025\/04\/220fdf97-2363-4281-a9cf-ac27bf27bfed-350x263.jpg 350w, https:\/\/vspoechlarn.ac.at\/wordpress\/wp-content\/uploads\/2025\/04\/220fdf97-2363-4281-a9cf-ac27bf27bfed-250x188.jpg 250w, https:\/\/vspoechlarn.ac.at\/wordpress\/wp-content\/uploads\/2025\/04\/220fdf97-2363-4281-a9cf-ac27bf27bfed-1536x1152.jpg 1536w, https:\/\/vspoechlarn.ac.at\/wordpress\/wp-content\/uploads\/2025\/04\/220fdf97-2363-4281-a9cf-ac27bf27bfed.jpg 1440w\" alt=\"\" width=\"900\" height=\"675\" \/><\/a><\/div>\n<\/div>\n<\/div>\n<\/div>\n<\/div>\n<\/div>\n<div class=\"panel-footer entry-meta\">\n<p><small><span class=\"loop-category\"><a class=\"label label-success\" href=\"https:\/\/vspoechlarn.ac.at\/wordpress\/category\/allgemein\/\">Startseite<\/a>\u00a0<\/span><span class=\"loop-author\">|\u00a0<span class=\"author vcard\"><a class=\"url fn n\" href=\"https:\/\/vspoechlarn.ac.at\/wordpress\/author\/wp-admin\/\">wp-admin<\/a><\/span><\/span>\u00a0<span class=\"loop-date\">|\u00a0<time class=\"entry-date published updated\" datetime=\"2025-04-02T13:29:40+02:00\">2. April 2025<\/time><\/span>\u00a0|\u00a0<span class=\"edit-link\"><a class=\"post-edit-link\" href=\"https:\/\/vspoechlarn.ac.at\/wordpress\/wp-admin\/post.php?post=5330&amp;action=edit\">Bearbeiten<\/a><\/span><\/small><\/p>\n<div class=\"clearfix\"><\/div>\n<\/div>\n<\/div>\n<\/article>\n<article id=\"post-5325\" class=\"loop_list post-5325 post type-post status-publish format-standard hentry category-allgemein\">\n<div class=\"panel panel-default\">\n<div class=\"panel-body clearfix\">\n<div class=\"fs-have-thumbnail\">\n<header class=\"entry-header\">\n<h4 class=\"entry-title\"><strong><a title=\"Permanentlink zu Ostern steht vor der T\u00fcr\" href=\"https:\/\/vspoechlarn.ac.at\/wordpress\/2025\/04\/02\/ostern-steht-vor-der-tuer\/\" rel=\"bookmark\">Ostern steht vor der T\u00fcr<\/a><\/strong><\/h4>\n<\/header>\n<div class=\"entry-content\">\n<div class=\"_rp_k allowTextSelection scrollContainer\" tabindex=\"-1\" role=\"region\" aria-label=\"Lesebereich\">\n<div>\n<div class=\"_rp_l\" role=\"heading\" aria-level=\"2\"><\/div>\n<\/div>\n<\/div>\n<div class=\"_rp_45 _rp_35\">\n<div role=\"document\">\n<div id=\"Item.MessagePartBody\" class=\"_rp_T4\">\n<div id=\"Item.MessageUniqueBody\" class=\"_rp_U4 ms-font-weight-regular ms-font-color-neutralDark rpHighlightAllClass rpHighlightBodyClass\">\n<div class=\"rps_acd\">\n<div>\n<div>Im Unterrichtsfach Technik und Design sind diese sch\u00f6nen Hasen aus einfachem Sperrholz entstanden.<\/div>\n<div>\n<div id=\"gallery_5325_25\" class=\"row\">\n<div id=\"5325-image-5326\" class=\"col-xs-12 col-sm-4 col-md-4\">\n<div class=\"thumbnail\"><a href=\"https:\/\/vspoechlarn.ac.at\/wordpress\/2025\/04\/02\/ostern-steht-vor-der-tuer\/pxl_20250401_102243294-klein\/\"><img loading=\"lazy\" decoding=\"async\" class=\"attachment-large size-large\" src=\"https:\/\/vspoechlarn.ac.at\/wordpress\/wp-content\/uploads\/2025\/04\/PXL_20250401_102243294-Klein.jpg\" sizes=\"auto, (max-width: 480px) 100vw, 480px\" srcset=\"https:\/\/vspoechlarn.ac.at\/wordpress\/wp-content\/uploads\/2025\/04\/PXL_20250401_102243294-Klein.jpg 480w, https:\/\/vspoechlarn.ac.at\/wordpress\/wp-content\/uploads\/2025\/04\/PXL_20250401_102243294-Klein-226x300.jpg 226w, https:\/\/vspoechlarn.ac.at\/wordpress\/wp-content\/uploads\/2025\/04\/PXL_20250401_102243294-Klein-188x250.jpg 188w\" alt=\"\" width=\"480\" height=\"638\" \/><\/a><\/div>\n<\/div>\n<div id=\"5325-image-5327\" class=\"col-xs-12 col-sm-4 col-md-4\">\n<div class=\"thumbnail\"><a href=\"https:\/\/vspoechlarn.ac.at\/wordpress\/2025\/04\/02\/ostern-steht-vor-der-tuer\/pxl_20250401_102311746-klein\/\"><img loading=\"lazy\" decoding=\"async\" class=\"attachment-large size-large\" src=\"https:\/\/vspoechlarn.ac.at\/wordpress\/wp-content\/uploads\/2025\/04\/PXL_20250401_102311746-Klein.jpg\" sizes=\"auto, (max-width: 638px) 100vw, 638px\" srcset=\"https:\/\/vspoechlarn.ac.at\/wordpress\/wp-content\/uploads\/2025\/04\/PXL_20250401_102311746-Klein.jpg 638w, https:\/\/vspoechlarn.ac.at\/wordpress\/wp-content\/uploads\/2025\/04\/PXL_20250401_102311746-Klein-350x263.jpg 350w, https:\/\/vspoechlarn.ac.at\/wordpress\/wp-content\/uploads\/2025\/04\/PXL_20250401_102311746-Klein-250x188.jpg 250w\" alt=\"\" width=\"638\" height=\"480\" \/><\/a><\/div>\n<\/div>\n<div id=\"5325-image-5328\" class=\"col-xs-12 col-sm-4 col-md-4\">\n<div class=\"thumbnail\"><a href=\"https:\/\/vspoechlarn.ac.at\/wordpress\/2025\/04\/02\/ostern-steht-vor-der-tuer\/pxl_20250401_102428901-klein\/\"><img loading=\"lazy\" decoding=\"async\" class=\"attachment-large size-large\" src=\"https:\/\/vspoechlarn.ac.at\/wordpress\/wp-content\/uploads\/2025\/04\/PXL_20250401_102428901-Klein.jpg\" sizes=\"auto, (max-width: 480px) 100vw, 480px\" srcset=\"https:\/\/vspoechlarn.ac.at\/wordpress\/wp-content\/uploads\/2025\/04\/PXL_20250401_102428901-Klein.jpg 480w, https:\/\/vspoechlarn.ac.at\/wordpress\/wp-content\/uploads\/2025\/04\/PXL_20250401_102428901-Klein-226x300.jpg 226w, https:\/\/vspoechlarn.ac.at\/wordpress\/wp-content\/uploads\/2025\/04\/PXL_20250401_102428901-Klein-188x250.jpg 188w\" alt=\"\" width=\"480\" height=\"638\" \/><\/a><\/div>\n<\/div>\n<div class=\"clearfix visible-md-block visible-lg-block\"><\/div>\n<\/div>\n<\/div>\n<\/div>\n<\/div>\n<\/div>\n<\/div>\n<\/div>\n<\/div>\n<\/div>\n<\/div>\n<\/div>\n<div class=\"panel-footer entry-meta\">\n<p><small><span class=\"loop-category\"><a class=\"label label-success\" href=\"https:\/\/vspoechlarn.ac.at\/wordpress\/category\/allgemein\/\">Startseite<\/a>\u00a0<\/span><span class=\"loop-author\">|\u00a0<span class=\"author vcard\"><a class=\"url fn n\" href=\"https:\/\/vspoechlarn.ac.at\/wordpress\/author\/wp-admin\/\">wp-admin<\/a><\/span><\/span>\u00a0<span class=\"loop-date\">|\u00a0<time class=\"entry-date published updated\" datetime=\"2025-04-02T08:09:20+02:00\">2. April 2025<\/time><\/span>\u00a0|\u00a0<span class=\"edit-link\"><a class=\"post-edit-link\" href=\"https:\/\/vspoechlarn.ac.at\/wordpress\/wp-admin\/post.php?post=5325&amp;action=edit\">Bearbeiten<\/a><\/span><\/small><\/p>\n<div class=\"clearfix\"><\/div>\n<\/div>\n<\/div>\n<\/article>\n<article id=\"post-5308\" class=\"loop_list post-5308 post type-post status-publish format-standard hentry category-allgemein\">\n<div class=\"panel panel-default\">\n<div class=\"panel-body clearfix\">\n<div class=\"fs-have-thumbnail\">\n<header class=\"entry-header\">\n<h4 class=\"entry-title\"><strong><a title=\"Permanentlink zu Vorlesetag an der VS P\u00f6chlarn\" href=\"https:\/\/vspoechlarn.ac.at\/wordpress\/2025\/03\/28\/vorlesetag-an-der-vs-poechlarn\/\" rel=\"bookmark\">Vorlesetag an der VS P\u00f6chlarn<\/a><\/strong><\/h4>\n<\/header>\n<div class=\"entry-content\">\n<p>Das Vorlesen stand heute im Mittelpunkt des Geschehens an unserer Schule. Lehrerinnen, Kinder und sogar der Herr Direktor lasen aus verschiedensten B\u00fcchern an den unterschiedlichsten Orten. Mit gro\u00dfer Freude lauschten die Kinder und genossen die gro\u00dfteils lustigen Texte. LESEN IST EINFACH SPITZE!<\/p>\n<div id=\"gallery_5308_26\" class=\"row\">\n<div id=\"5308-image-5309\" class=\"col-xs-12 col-sm-4 col-md-4\">\n<div class=\"thumbnail\"><a href=\"https:\/\/vspoechlarn.ac.at\/wordpress\/2025\/03\/28\/vorlesetag-an-der-vs-poechlarn\/img_4663-klein\/\"><img loading=\"lazy\" decoding=\"async\" class=\"attachment-large size-large\" src=\"https:\/\/vspoechlarn.ac.at\/wordpress\/wp-content\/uploads\/2025\/03\/IMG_4663-Klein.jpg\" sizes=\"auto, (max-width: 640px) 100vw, 640px\" srcset=\"https:\/\/vspoechlarn.ac.at\/wordpress\/wp-content\/uploads\/2025\/03\/IMG_4663-Klein.jpg 640w, https:\/\/vspoechlarn.ac.at\/wordpress\/wp-content\/uploads\/2025\/03\/IMG_4663-Klein-350x263.jpg 350w, https:\/\/vspoechlarn.ac.at\/wordpress\/wp-content\/uploads\/2025\/03\/IMG_4663-Klein-250x188.jpg 250w\" alt=\"\" width=\"640\" height=\"480\" \/><\/a><\/div>\n<\/div>\n<div id=\"5308-image-5310\" class=\"col-xs-12 col-sm-4 col-md-4\">\n<div class=\"thumbnail\"><a href=\"https:\/\/vspoechlarn.ac.at\/wordpress\/2025\/03\/28\/vorlesetag-an-der-vs-poechlarn\/img_4671-klein\/\"><img loading=\"lazy\" decoding=\"async\" class=\"attachment-large size-large\" src=\"https:\/\/vspoechlarn.ac.at\/wordpress\/wp-content\/uploads\/2025\/03\/IMG_4671-Klein.jpg\" sizes=\"auto, (max-width: 749px) 100vw, 749px\" srcset=\"https:\/\/vspoechlarn.ac.at\/wordpress\/wp-content\/uploads\/2025\/03\/IMG_4671-Klein.jpg 749w, https:\/\/vspoechlarn.ac.at\/wordpress\/wp-content\/uploads\/2025\/03\/IMG_4671-Klein-350x224.jpg 350w, https:\/\/vspoechlarn.ac.at\/wordpress\/wp-content\/uploads\/2025\/03\/IMG_4671-Klein-250x160.jpg 250w\" alt=\"\" width=\"749\" height=\"480\" \/><\/a><\/div>\n<\/div>\n<div id=\"5308-image-5316\" class=\"col-xs-12 col-sm-4 col-md-4\">\n<div class=\"thumbnail\"><a href=\"https:\/\/vspoechlarn.ac.at\/wordpress\/2025\/03\/28\/vorlesetag-an-der-vs-poechlarn\/img_9633-klein\/\"><img loading=\"lazy\" decoding=\"async\" class=\"attachment-large size-large\" src=\"https:\/\/vspoechlarn.ac.at\/wordpress\/wp-content\/uploads\/2025\/03\/IMG_9633-Klein.jpg\" sizes=\"auto, (max-width: 853px) 100vw, 853px\" srcset=\"https:\/\/vspoechlarn.ac.at\/wordpress\/wp-content\/uploads\/2025\/03\/IMG_9633-Klein.jpg 853w, https:\/\/vspoechlarn.ac.at\/wordpress\/wp-content\/uploads\/2025\/03\/IMG_9633-Klein-350x197.jpg 350w, https:\/\/vspoechlarn.ac.at\/wordpress\/wp-content\/uploads\/2025\/03\/IMG_9633-Klein-250x141.jpg 250w\" alt=\"\" width=\"853\" height=\"480\" \/><\/a><\/div>\n<\/div>\n<div class=\"clearfix visible-md-block visible-lg-block\"><\/div>\n<div id=\"5308-image-5320\" class=\"col-xs-12 col-sm-4 col-md-4\">\n<div class=\"thumbnail\"><a href=\"https:\/\/vspoechlarn.ac.at\/wordpress\/2025\/03\/28\/vorlesetag-an-der-vs-poechlarn\/img_9637-klein\/\"><img loading=\"lazy\" decoding=\"async\" class=\"attachment-large size-large\" src=\"https:\/\/vspoechlarn.ac.at\/wordpress\/wp-content\/uploads\/2025\/03\/IMG_9637-Klein.jpg\" sizes=\"auto, (max-width: 853px) 100vw, 853px\" srcset=\"https:\/\/vspoechlarn.ac.at\/wordpress\/wp-content\/uploads\/2025\/03\/IMG_9637-Klein.jpg 853w, https:\/\/vspoechlarn.ac.at\/wordpress\/wp-content\/uploads\/2025\/03\/IMG_9637-Klein-350x197.jpg 350w, https:\/\/vspoechlarn.ac.at\/wordpress\/wp-content\/uploads\/2025\/03\/IMG_9637-Klein-250x141.jpg 250w\" alt=\"\" width=\"853\" height=\"480\" \/><\/a><\/div>\n<\/div>\n<div id=\"5308-image-5321\" class=\"col-xs-12 col-sm-4 col-md-4\">\n<div class=\"thumbnail\"><a href=\"https:\/\/vspoechlarn.ac.at\/wordpress\/2025\/03\/28\/vorlesetag-an-der-vs-poechlarn\/img_20250328_103220-klein\/\"><img loading=\"lazy\" decoding=\"async\" class=\"attachment-large size-large\" src=\"https:\/\/vspoechlarn.ac.at\/wordpress\/wp-content\/uploads\/2025\/03\/IMG_20250328_103220-Klein.jpg\" sizes=\"auto, (max-width: 640px) 100vw, 640px\" srcset=\"https:\/\/vspoechlarn.ac.at\/wordpress\/wp-content\/uploads\/2025\/03\/IMG_20250328_103220-Klein.jpg 640w, https:\/\/vspoechlarn.ac.at\/wordpress\/wp-content\/uploads\/2025\/03\/IMG_20250328_103220-Klein-350x263.jpg 350w, https:\/\/vspoechlarn.ac.at\/wordpress\/wp-content\/uploads\/2025\/03\/IMG_20250328_103220-Klein-250x188.jpg 250w\" alt=\"\" width=\"640\" height=\"480\" \/><\/a><\/div>\n<\/div>\n<\/div>\n<\/div>\n<\/div>\n<\/div>\n<div class=\"panel-footer entry-meta\">\n<p><small><span class=\"loop-category\"><a class=\"label label-success\" href=\"https:\/\/vspoechlarn.ac.at\/wordpress\/category\/allgemein\/\">Startseite<\/a>\u00a0<\/span><span class=\"loop-author\">|\u00a0<span class=\"author vcard\"><a class=\"url fn n\" href=\"https:\/\/vspoechlarn.ac.at\/wordpress\/author\/wp-admin\/\">wp-admin<\/a><\/span><\/span>\u00a0<span class=\"loop-date\">|\u00a0<time class=\"entry-date published updated\" datetime=\"2025-03-28T09:06:02+01:00\">28. M\u00e4rz 2025<\/time><\/span>\u00a0|\u00a0<span class=\"edit-link\"><a class=\"post-edit-link\" href=\"https:\/\/vspoechlarn.ac.at\/wordpress\/wp-admin\/post.php?post=5308&amp;action=edit\">Bearbeiten<\/a><\/span><\/small><\/p>\n<div class=\"clearfix\"><\/div>\n<\/div>\n<\/div>\n<\/article>\n<article id=\"post-5306\" class=\"loop_list post-5306 post type-post status-publish format-standard hentry category-allgemein\">\n<div class=\"panel panel-default\">\n<div class=\"panel-body clearfix\">\n<div class=\"fs-have-thumbnail\">\n<header class=\"entry-header\">\n<h4 class=\"entry-title\"><strong><a title=\"Permanentlink zu \u201eCheck it\u201c gesponsert durch die Sparkasse Nieder\u00f6sterreich Mitte West\" href=\"https:\/\/vspoechlarn.ac.at\/wordpress\/2025\/03\/28\/check-it-gesponsert-durch-die-sparkasse-niederoesterreich-mitte-west\/\" rel=\"bookmark\">\u201eCheck it\u201c gesponsert durch die Sparkasse Nieder\u00f6sterreich Mitte West<\/a><\/strong><\/h4>\n<\/header>\n<div class=\"entry-content\">\n<p>Wir bedanken uns ganz herzlich bei Herrn Bankstellenleiter Andreas Schuller und der Sparkasse Nieder\u00f6sterreich Mitte West f\u00fcr die Finanzierung unseres neuesten Lernmaterials. \u201eCheck it\u201c ist das Kartenspiel f\u00fcr helle K\u00f6pfe und die, die es noch werden wollen. Dabei stehen das vernetzte Rechen- und Denktraining im Mittelpunkt. Kinder werden zum mehrdimensionalen und wegorientierten Rechnen motiviert, wobei nicht die L\u00f6sung , sondern der (L\u00f6sungs-)weg das Ziel ist. Von der 1. bis zur 4. Schulstufe sind die Kinder hellauf begeistert.<\/p>\n<div id=\"gallery_5306_27\" class=\"row\">\n<div id=\"5306-image-5312\" class=\"col-xs-12 col-sm-4 col-md-4\">\n<div class=\"thumbnail\"><a href=\"https:\/\/vspoechlarn.ac.at\/wordpress\/2025\/03\/28\/check-it-gesponsert-durch-die-sparkasse-niederoesterreich-mitte-west\/img_9630-klein\/\"><img loading=\"lazy\" decoding=\"async\" class=\"attachment-large size-large\" src=\"https:\/\/vspoechlarn.ac.at\/wordpress\/wp-content\/uploads\/2025\/03\/IMG_9630-Klein.jpg\" sizes=\"auto, (max-width: 853px) 100vw, 853px\" srcset=\"https:\/\/vspoechlarn.ac.at\/wordpress\/wp-content\/uploads\/2025\/03\/IMG_9630-Klein.jpg 853w, https:\/\/vspoechlarn.ac.at\/wordpress\/wp-content\/uploads\/2025\/03\/IMG_9630-Klein-350x197.jpg 350w, https:\/\/vspoechlarn.ac.at\/wordpress\/wp-content\/uploads\/2025\/03\/IMG_9630-Klein-250x141.jpg 250w\" alt=\"\" width=\"853\" height=\"480\" \/><\/a><\/div>\n<\/div>\n<div id=\"5306-image-5313\" class=\"col-xs-12 col-sm-4 col-md-4\">\n<div class=\"thumbnail\"><a href=\"https:\/\/vspoechlarn.ac.at\/wordpress\/2025\/03\/28\/check-it-gesponsert-durch-die-sparkasse-niederoesterreich-mitte-west\/img_9631-klein\/\"><img loading=\"lazy\" decoding=\"async\" class=\"attachment-large size-large\" src=\"https:\/\/vspoechlarn.ac.at\/wordpress\/wp-content\/uploads\/2025\/03\/IMG_9631-Klein.jpg\" sizes=\"auto, (max-width: 480px) 100vw, 480px\" srcset=\"https:\/\/vspoechlarn.ac.at\/wordpress\/wp-content\/uploads\/2025\/03\/IMG_9631-Klein.jpg 480w, https:\/\/vspoechlarn.ac.at\/wordpress\/wp-content\/uploads\/2025\/03\/IMG_9631-Klein-169x300.jpg 169w, https:\/\/vspoechlarn.ac.at\/wordpress\/wp-content\/uploads\/2025\/03\/IMG_9631-Klein-141x250.jpg 141w\" alt=\"\" width=\"480\" height=\"853\" \/><\/a><\/div>\n<\/div>\n<\/div>\n<\/div>\n<\/div>\n<\/div>\n<div class=\"panel-footer entry-meta\">\n<p><small><span class=\"loop-category\"><a class=\"label label-success\" href=\"https:\/\/vspoechlarn.ac.at\/wordpress\/category\/allgemein\/\">Startseite<\/a>\u00a0<\/span><span class=\"loop-author\">|\u00a0<span class=\"author vcard\"><a class=\"url fn n\" href=\"https:\/\/vspoechlarn.ac.at\/wordpress\/author\/wp-admin\/\">wp-admin<\/a><\/span><\/span>\u00a0<span class=\"loop-date\">|\u00a0<time class=\"entry-date published updated\" datetime=\"2025-03-28T08:55:40+01:00\">28. M\u00e4rz 2025<\/time><\/span>\u00a0|\u00a0<span class=\"edit-link\"><a class=\"post-edit-link\" href=\"https:\/\/vspoechlarn.ac.at\/wordpress\/wp-admin\/post.php?post=5306&amp;action=edit\">Bearbeiten<\/a><\/span><\/small><\/p>\n<div class=\"clearfix\"><\/div>\n<\/div>\n<\/div>\n<\/article>\n<article id=\"post-5297\" class=\"loop_list post-5297 post type-post status-publish format-standard hentry category-allgemein\">\n<div class=\"panel panel-default\">\n<div class=\"panel-body clearfix\">\n<div class=\"fs-have-thumbnail\">\n<header class=\"entry-header\">\n<h4 class=\"entry-title\"><strong><a title=\"Permanentlink zu Vom Samen bis zum fertigen Produkt\" href=\"https:\/\/vspoechlarn.ac.at\/wordpress\/2025\/03\/24\/vom-samen-bis-zum-fertigen-produkt\/\" rel=\"bookmark\">Vom Samen bis zum fertigen Produkt<\/a><\/strong><\/h4>\n<\/header>\n<div class=\"entry-content\">\n<div dir=\"auto\">\n<div dir=\"auto\">Die 2a und 2b erlebten am 19.3. einen spannenden Projekttag rund um den K\u00fcrbis. Dabei erfuhren die Sch\u00fclerinnen und Sch\u00fcler nicht nur, wie aus K\u00fcrbissen k\u00f6stliches Kern\u00f6l entsteht, sondern durften auch selbst aktiv werden. Mit viel Freude backten sie schmackhafte Weckerl, stellten frische Aufstriche her und setzten sogar eigene K\u00fcrbispflanzen ein. So wurde das Thema hautnah erlebbar \u2013 vom Samen bis zum fertigen Produkt.<\/div>\n<div dir=\"auto\">Ein lehrreicher und genussvoller Tag, der sicher noch lange in Erinnerung bleiben wird! Unser Dank gilt den Seminarleiterinnen Frau Kuttner und Frau Samadinger.<\/div>\n<div dir=\"auto\">\n<div id=\"gallery_5297_28\" class=\"row\">\n<div id=\"5297-image-5299\" class=\"col-xs-12 col-sm-3 col-md-3\">\n<div class=\"thumbnail\"><a href=\"https:\/\/vspoechlarn.ac.at\/wordpress\/2025\/03\/24\/vom-samen-bis-zum-fertigen-produkt\/img_20250319_100104-klein\/\"><img loading=\"lazy\" decoding=\"async\" class=\"attachment-large size-large\" src=\"https:\/\/vspoechlarn.ac.at\/wordpress\/wp-content\/uploads\/2025\/03\/IMG_20250319_100104-Klein.jpg\" sizes=\"auto, (max-width: 640px) 100vw, 640px\" srcset=\"https:\/\/vspoechlarn.ac.at\/wordpress\/wp-content\/uploads\/2025\/03\/IMG_20250319_100104-Klein.jpg 640w, https:\/\/vspoechlarn.ac.at\/wordpress\/wp-content\/uploads\/2025\/03\/IMG_20250319_100104-Klein-350x263.jpg 350w, https:\/\/vspoechlarn.ac.at\/wordpress\/wp-content\/uploads\/2025\/03\/IMG_20250319_100104-Klein-250x188.jpg 250w\" alt=\"\" width=\"640\" height=\"480\" \/><\/a><\/div>\n<\/div>\n<div id=\"5297-image-5302\" class=\"col-xs-12 col-sm-3 col-md-3\">\n<div class=\"thumbnail\"><a href=\"https:\/\/vspoechlarn.ac.at\/wordpress\/2025\/03\/24\/vom-samen-bis-zum-fertigen-produkt\/img_20250319_111131-klein\/\"><img loading=\"lazy\" decoding=\"async\" class=\"attachment-large size-large\" src=\"https:\/\/vspoechlarn.ac.at\/wordpress\/wp-content\/uploads\/2025\/03\/IMG_20250319_111131-Klein.jpg\" sizes=\"auto, (max-width: 480px) 100vw, 480px\" srcset=\"https:\/\/vspoechlarn.ac.at\/wordpress\/wp-content\/uploads\/2025\/03\/IMG_20250319_111131-Klein.jpg 480w, https:\/\/vspoechlarn.ac.at\/wordpress\/wp-content\/uploads\/2025\/03\/IMG_20250319_111131-Klein-225x300.jpg 225w, https:\/\/vspoechlarn.ac.at\/wordpress\/wp-content\/uploads\/2025\/03\/IMG_20250319_111131-Klein-188x250.jpg 188w\" alt=\"\" width=\"480\" height=\"640\" \/><\/a><\/div>\n<\/div>\n<div id=\"5297-image-5301\" class=\"col-xs-12 col-sm-3 col-md-3\">\n<div class=\"thumbnail\"><a href=\"https:\/\/vspoechlarn.ac.at\/wordpress\/2025\/03\/24\/vom-samen-bis-zum-fertigen-produkt\/img_20250319_105801-klein\/\"><img loading=\"lazy\" decoding=\"async\" class=\"attachment-large size-large\" src=\"https:\/\/vspoechlarn.ac.at\/wordpress\/wp-content\/uploads\/2025\/03\/IMG_20250319_105801-Klein.jpg\" sizes=\"auto, (max-width: 640px) 100vw, 640px\" srcset=\"https:\/\/vspoechlarn.ac.at\/wordpress\/wp-content\/uploads\/2025\/03\/IMG_20250319_105801-Klein.jpg 640w, https:\/\/vspoechlarn.ac.at\/wordpress\/wp-content\/uploads\/2025\/03\/IMG_20250319_105801-Klein-350x263.jpg 350w, https:\/\/vspoechlarn.ac.at\/wordpress\/wp-content\/uploads\/2025\/03\/IMG_20250319_105801-Klein-250x188.jpg 250w\" alt=\"\" width=\"640\" height=\"480\" \/><\/a><\/div>\n<\/div>\n<div id=\"5297-image-5300\" class=\"col-xs-12 col-sm-3 col-md-3\">\n<div class=\"thumbnail\"><a href=\"https:\/\/vspoechlarn.ac.at\/wordpress\/2025\/03\/24\/vom-samen-bis-zum-fertigen-produkt\/img_20250319_102059-klein\/\"><img loading=\"lazy\" decoding=\"async\" class=\"attachment-large size-large\" src=\"https:\/\/vspoechlarn.ac.at\/wordpress\/wp-content\/uploads\/2025\/03\/IMG_20250319_102059-Klein.jpg\" sizes=\"auto, (max-width: 480px) 100vw, 480px\" srcset=\"https:\/\/vspoechlarn.ac.at\/wordpress\/wp-content\/uploads\/2025\/03\/IMG_20250319_102059-Klein.jpg 480w, https:\/\/vspoechlarn.ac.at\/wordpress\/wp-content\/uploads\/2025\/03\/IMG_20250319_102059-Klein-225x300.jpg 225w, https:\/\/vspoechlarn.ac.at\/wordpress\/wp-content\/uploads\/2025\/03\/IMG_20250319_102059-Klein-188x250.jpg 188w\" alt=\"\" width=\"480\" height=\"640\" \/><\/a><\/div>\n<\/div>\n<div class=\"clearfix visible-md-block visible-lg-block\"><\/div>\n<\/div>\n<\/div>\n<\/div>\n<\/div>\n<\/div>\n<\/div>\n<div class=\"panel-footer entry-meta\">\n<p><small><span class=\"loop-category\"><a class=\"label label-success\" href=\"https:\/\/vspoechlarn.ac.at\/wordpress\/category\/allgemein\/\">Startseite<\/a>\u00a0<\/span><span class=\"loop-author\">|\u00a0<span class=\"author vcard\"><a class=\"url fn n\" href=\"https:\/\/vspoechlarn.ac.at\/wordpress\/author\/wp-admin\/\">wp-admin<\/a><\/span><\/span>\u00a0<span class=\"loop-date\">|\u00a0<time class=\"entry-date published updated\" datetime=\"2025-03-24T08:29:01+01:00\">24. M\u00e4rz 2025<\/time><\/span>\u00a0|\u00a0<span class=\"edit-link\"><a class=\"post-edit-link\" href=\"https:\/\/vspoechlarn.ac.at\/wordpress\/wp-admin\/post.php?post=5297&amp;action=edit\">Bearbeiten<\/a><\/span><\/small><\/p>\n<div class=\"clearfix\"><\/div>\n<\/div>\n<\/div>\n<\/article>\n<article id=\"post-5287\" class=\"loop_list post-5287 post type-post status-publish format-standard hentry category-allgemein\">\n<div class=\"panel panel-default\">\n<div class=\"panel-body clearfix\">\n<div class=\"fs-have-thumbnail\">\n<header class=\"entry-header\">\n<h4 class=\"entry-title\"><strong><a title=\"Permanentlink zu Mostviertel \u2013 Volksschulschach\" href=\"https:\/\/vspoechlarn.ac.at\/wordpress\/2025\/03\/06\/mostviertel-volksschulschach\/\" rel=\"bookmark\">Mostviertel \u2013 Volksschulschach<\/a><\/strong><\/h4>\n<\/header>\n<div class=\"entry-content\">\n<p>Mit 4 Mannschaften bestritten wir am 6.3.2025 \u00a0im Hotel Moser das Mostviertel \u2013 Volksschul- Schachturnier. Da wir aus unserem Viertel die einzigen Teilnehmer waren, k\u00e4mpften nur M\u00e4dchen und Buben der VS P\u00f6chlarn um 2 begehrte Qualifikationspl\u00e4tze f\u00fcr das Landesfinale, das am 9. April in St. P\u00f6lten stattfinden wird. Nach drei spannenden Runden standen mit P\u00f6chlarn 1 (Miadi, Gruber, Volkova und Schlichtinger) die Favoriten auf dem obersten Treppchen. F\u00fcr die \u00dcberraschung des Tages sorgte die Mannschaft P\u00f6chlarn 3 (Mehic, Luta, Kovacs und Mistelbauer), die eindeutig vor P\u00f6chlarn 2 Silber holte. Wir gratulieren den Kindern ganz herzlich zur tollen Leistung und w\u00fcnschen ihnen viel Erfolg beim Landesfinale.<\/p>\n<div id=\"gallery_5287_29\" class=\"row\">\n<div id=\"5287-image-5288\" class=\"col-xs-12 col-sm-4 col-md-4\">\n<div class=\"thumbnail\"><a href=\"https:\/\/vspoechlarn.ac.at\/wordpress\/2025\/03\/06\/mostviertel-volksschulschach\/img_9485-klein\/\"><img loading=\"lazy\" decoding=\"async\" class=\"attachment-large size-large\" src=\"https:\/\/vspoechlarn.ac.at\/wordpress\/wp-content\/uploads\/2025\/03\/IMG_9485-Klein.jpg\" sizes=\"auto, (max-width: 853px) 100vw, 853px\" srcset=\"https:\/\/vspoechlarn.ac.at\/wordpress\/wp-content\/uploads\/2025\/03\/IMG_9485-Klein.jpg 853w, https:\/\/vspoechlarn.ac.at\/wordpress\/wp-content\/uploads\/2025\/03\/IMG_9485-Klein-350x197.jpg 350w, https:\/\/vspoechlarn.ac.at\/wordpress\/wp-content\/uploads\/2025\/03\/IMG_9485-Klein-250x141.jpg 250w\" alt=\"\" width=\"853\" height=\"480\" \/><\/a><\/div>\n<\/div>\n<div id=\"5287-image-5289\" class=\"col-xs-12 col-sm-4 col-md-4\">\n<div class=\"thumbnail\"><a href=\"https:\/\/vspoechlarn.ac.at\/wordpress\/2025\/03\/06\/mostviertel-volksschulschach\/img_9493-klein\/\"><img loading=\"lazy\" decoding=\"async\" class=\"attachment-large size-large\" src=\"https:\/\/vspoechlarn.ac.at\/wordpress\/wp-content\/uploads\/2025\/03\/IMG_9493-Klein.jpg\" sizes=\"auto, (max-width: 480px) 100vw, 480px\" srcset=\"https:\/\/vspoechlarn.ac.at\/wordpress\/wp-content\/uploads\/2025\/03\/IMG_9493-Klein.jpg 480w, https:\/\/vspoechlarn.ac.at\/wordpress\/wp-content\/uploads\/2025\/03\/IMG_9493-Klein-169x300.jpg 169w, https:\/\/vspoechlarn.ac.at\/wordpress\/wp-content\/uploads\/2025\/03\/IMG_9493-Klein-141x250.jpg 141w\" alt=\"\" width=\"480\" height=\"853\" \/><\/a><\/div>\n<\/div>\n<\/div>\n<\/div>\n<\/div>\n<\/div>\n<div class=\"panel-footer entry-meta\">\n<p><small><span class=\"loop-category\"><a class=\"label label-success\" href=\"https:\/\/vspoechlarn.ac.at\/wordpress\/category\/allgemein\/\">Startseite<\/a>\u00a0<\/span><span class=\"loop-author\">|\u00a0<span class=\"author vcard\"><a class=\"url fn n\" href=\"https:\/\/vspoechlarn.ac.at\/wordpress\/author\/wp-admin\/\">wp-admin<\/a><\/span><\/span>\u00a0<span class=\"loop-date\">|\u00a0<time class=\"entry-date published updated\" datetime=\"2025-03-06T12:20:05+01:00\">6. M\u00e4rz 2025<\/time><\/span>\u00a0|\u00a0<span class=\"edit-link\"><a class=\"post-edit-link\" href=\"https:\/\/vspoechlarn.ac.at\/wordpress\/wp-admin\/post.php?post=5287&amp;action=edit\">Bearbeiten<\/a><\/span><\/small><\/p>\n<div class=\"clearfix\"><\/div>\n<\/div>\n<\/div>\n<\/article>\n<article id=\"post-5277\" class=\"loop_list post-5277 post type-post status-publish format-standard hentry category-allgemein\">\n<div class=\"panel panel-default\">\n<div class=\"panel-body clearfix\">\n<div class=\"fs-have-thumbnail\">\n<header class=\"entry-header\">\n<h4 class=\"entry-title\"><strong><a title=\"Permanentlink zu Faschingdienstag\" href=\"https:\/\/vspoechlarn.ac.at\/wordpress\/2025\/03\/05\/faschingdienstag\/\" rel=\"bookmark\">Faschingdienstag<\/a><\/strong><\/h4>\n<\/header>\n<div class=\"entry-content\">\n<p>Buntes Treiben und ausgelassene Stimmung herrschten gestern in der VS P\u00f6chlarn. Den Faschingsausklang begingen die Kinder mit k\u00f6stlichen Krapfen von unserem Elternverein und einem lustigen Stationenbetrieb. Leilei!<\/p>\n<div id=\"gallery_5277_30\" class=\"row\">\n<div id=\"5277-image-5278\" class=\"col-xs-12 col-sm-3 col-md-3\">\n<div class=\"thumbnail\"><a href=\"https:\/\/vspoechlarn.ac.at\/wordpress\/2025\/03\/05\/faschingdienstag\/img_9463-klein\/\"><img loading=\"lazy\" decoding=\"async\" class=\"attachment-large size-large\" src=\"https:\/\/vspoechlarn.ac.at\/wordpress\/wp-content\/uploads\/2025\/03\/IMG_9463-Klein.jpg\" sizes=\"auto, (max-width: 853px) 100vw, 853px\" srcset=\"https:\/\/vspoechlarn.ac.at\/wordpress\/wp-content\/uploads\/2025\/03\/IMG_9463-Klein.jpg 853w, https:\/\/vspoechlarn.ac.at\/wordpress\/wp-content\/uploads\/2025\/03\/IMG_9463-Klein-350x197.jpg 350w, https:\/\/vspoechlarn.ac.at\/wordpress\/wp-content\/uploads\/2025\/03\/IMG_9463-Klein-250x141.jpg 250w\" alt=\"\" width=\"853\" height=\"480\" \/><\/a><\/div>\n<\/div>\n<div id=\"5277-image-5279\" class=\"col-xs-12 col-sm-3 col-md-3\">\n<div class=\"thumbnail\"><a href=\"https:\/\/vspoechlarn.ac.at\/wordpress\/2025\/03\/05\/faschingdienstag\/img_9466-klein\/\"><img loading=\"lazy\" decoding=\"async\" class=\"attachment-large size-large\" src=\"https:\/\/vspoechlarn.ac.at\/wordpress\/wp-content\/uploads\/2025\/03\/IMG_9466-Klein.jpg\" sizes=\"auto, (max-width: 480px) 100vw, 480px\" srcset=\"https:\/\/vspoechlarn.ac.at\/wordpress\/wp-content\/uploads\/2025\/03\/IMG_9466-Klein.jpg 480w, https:\/\/vspoechlarn.ac.at\/wordpress\/wp-content\/uploads\/2025\/03\/IMG_9466-Klein-169x300.jpg 169w, https:\/\/vspoechlarn.ac.at\/wordpress\/wp-content\/uploads\/2025\/03\/IMG_9466-Klein-141x250.jpg 141w\" alt=\"\" width=\"480\" height=\"853\" \/><\/a><\/div>\n<\/div>\n<div id=\"5277-image-5280\" class=\"col-xs-12 col-sm-3 col-md-3\">\n<div class=\"thumbnail\"><a href=\"https:\/\/vspoechlarn.ac.at\/wordpress\/2025\/03\/05\/faschingdienstag\/img_9467-klein\/\"><img loading=\"lazy\" decoding=\"async\" class=\"attachment-large size-large\" src=\"https:\/\/vspoechlarn.ac.at\/wordpress\/wp-content\/uploads\/2025\/03\/IMG_9467-Klein.jpg\" sizes=\"auto, (max-width: 480px) 100vw, 480px\" srcset=\"https:\/\/vspoechlarn.ac.at\/wordpress\/wp-content\/uploads\/2025\/03\/IMG_9467-Klein.jpg 480w, https:\/\/vspoechlarn.ac.at\/wordpress\/wp-content\/uploads\/2025\/03\/IMG_9467-Klein-169x300.jpg 169w, https:\/\/vspoechlarn.ac.at\/wordpress\/wp-content\/uploads\/2025\/03\/IMG_9467-Klein-141x250.jpg 141w\" alt=\"\" width=\"480\" height=\"853\" \/><\/a><\/div>\n<\/div>\n<div id=\"5277-image-5281\" class=\"col-xs-12 col-sm-3 col-md-3\">\n<div class=\"thumbnail\"><a href=\"https:\/\/vspoechlarn.ac.at\/wordpress\/2025\/03\/05\/faschingdienstag\/img_9468-klein\/\"><img loading=\"lazy\" decoding=\"async\" class=\"attachment-large size-large\" src=\"https:\/\/vspoechlarn.ac.at\/wordpress\/wp-content\/uploads\/2025\/03\/IMG_9468-Klein.jpg\" sizes=\"auto, (max-width: 480px) 100vw, 480px\" srcset=\"https:\/\/vspoechlarn.ac.at\/wordpress\/wp-content\/uploads\/2025\/03\/IMG_9468-Klein.jpg 480w, https:\/\/vspoechlarn.ac.at\/wordpress\/wp-content\/uploads\/2025\/03\/IMG_9468-Klein-169x300.jpg 169w, https:\/\/vspoechlarn.ac.at\/wordpress\/wp-content\/uploads\/2025\/03\/IMG_9468-Klein-141x250.jpg 141w\" alt=\"\" width=\"480\" height=\"853\" \/><\/a><\/div>\n<\/div>\n<div class=\"clearfix visible-md-block visible-lg-block\"><\/div>\n<\/div>\n<p>&nbsp;<\/p>\n<\/div>\n<\/div>\n<\/div>\n<div class=\"panel-footer entry-meta\">\n<p><small><span class=\"loop-category\"><a class=\"label label-success\" href=\"https:\/\/vspoechlarn.ac.at\/wordpress\/category\/allgemein\/\">Startseite<\/a>\u00a0<\/span><span class=\"loop-author\">|\u00a0<span class=\"author vcard\"><a class=\"url fn n\" href=\"https:\/\/vspoechlarn.ac.at\/wordpress\/author\/wp-admin\/\">wp-admin<\/a><\/span><\/span>\u00a0<span class=\"loop-date\">|\u00a0<time class=\"entry-date published updated\" datetime=\"2025-03-05T07:48:21+01:00\">5. M\u00e4rz 2025<\/time><\/span>\u00a0|\u00a0<span class=\"edit-link\"><a class=\"post-edit-link\" href=\"https:\/\/vspoechlarn.ac.at\/wordpress\/wp-admin\/post.php?post=5277&amp;action=edit\">Bearbeiten<\/a><\/span><\/small><\/p>\n<div class=\"clearfix\"><\/div>\n<\/div>\n<\/div>\n<\/article>\n<article id=\"post-5272\" class=\"loop_list post-5272 post type-post status-publish format-standard hentry category-allgemein\">\n<div class=\"panel panel-default\">\n<div class=\"panel-body clearfix\">\n<div class=\"fs-have-thumbnail\">\n<header class=\"entry-header\">\n<h4 class=\"entry-title\"><strong><a title=\"Permanentlink zu Kooperation mit der Mittelschule P\u00f6chlarn\" href=\"https:\/\/vspoechlarn.ac.at\/wordpress\/2025\/02\/28\/kooperation-mit-der-mittelschule-poechlarn\/\" rel=\"bookmark\">Kooperation mit der Mittelschule P\u00f6chlarn<\/a><\/strong><\/h4>\n<\/header>\n<div class=\"entry-content\">\n<div id=\"Item.MessagePartBody\" class=\"_rp_T4\">\n<div id=\"Item.MessageUniqueBody\" class=\"_rp_U4 ms-font-weight-regular ms-font-color-neutralDark rpHighlightAllClass rpHighlightBodyClass\">\n<div class=\"rps_6dc2\">\n<div>\n<div>\n<div dir=\"ltr\">\n<div dir=\"ltr\">\n<p>Am 26. Februar 2025 nahmen die Sch\u00fclerinnen und Sch\u00fcler der 3a und 3b an einem spannenden iPad-Workshop der \u00d6KO-Mittelschule P\u00f6chlarn teil. Der Workshop, der von den engagierten Lehrkr\u00e4ften der Mittelschule organisiert wurde, erm\u00f6glichte es den Kindern, auf spielerische und lehrreiche Weise den Umgang mit digitalen Medien zu erlernen. Dabei wurden verschiedene Anwendungen auf dem iPad ausprobiert und kreative Aufgaben gel\u00f6st.<\/p>\n<div class=\"rps_6dc2\">\n<div>\n<div>\n<div dir=\"ltr\">\n<div dir=\"ltr\"><\/div>\n<\/div>\n<\/div>\n<\/div>\n<\/div>\n<div class=\"_pe_d _pe_62\" tabindex=\"-1\" aria-expanded=\"false\" aria-haspopup=\"false\"><\/div>\n<div id=\"gallery_5272_31\" class=\"row\">\n<div id=\"5272-image-5273\" class=\"col-xs-12 col-sm-4 col-md-4\">\n<div class=\"thumbnail\"><a href=\"https:\/\/vspoechlarn.ac.at\/wordpress\/2025\/02\/28\/kooperation-mit-der-mittelschule-poechlarn\/e7441fa9-9100-4ab6-810f-d4b0d545f471\/\"><img loading=\"lazy\" decoding=\"async\" class=\"attachment-large size-large\" src=\"https:\/\/vspoechlarn.ac.at\/wordpress\/wp-content\/uploads\/2025\/02\/e7441fa9-9100-4ab6-810f-d4b0d545f471-1024x768.jpeg\" sizes=\"auto, (max-width: 900px) 100vw, 900px\" srcset=\"https:\/\/vspoechlarn.ac.at\/wordpress\/wp-content\/uploads\/2025\/02\/e7441fa9-9100-4ab6-810f-d4b0d545f471-1024x768.jpeg 1024w, https:\/\/vspoechlarn.ac.at\/wordpress\/wp-content\/uploads\/2025\/02\/e7441fa9-9100-4ab6-810f-d4b0d545f471-350x263.jpeg 350w, https:\/\/vspoechlarn.ac.at\/wordpress\/wp-content\/uploads\/2025\/02\/e7441fa9-9100-4ab6-810f-d4b0d545f471-250x188.jpeg 250w, https:\/\/vspoechlarn.ac.at\/wordpress\/wp-content\/uploads\/2025\/02\/e7441fa9-9100-4ab6-810f-d4b0d545f471-1536x1152.jpeg 1536w, https:\/\/vspoechlarn.ac.at\/wordpress\/wp-content\/uploads\/2025\/02\/e7441fa9-9100-4ab6-810f-d4b0d545f471.jpeg 1440w\" alt=\"\" width=\"900\" height=\"675\" \/><\/a><\/div>\n<\/div>\n<div id=\"5272-image-5274\" class=\"col-xs-12 col-sm-4 col-md-4\">\n<div class=\"thumbnail\"><a href=\"https:\/\/vspoechlarn.ac.at\/wordpress\/2025\/02\/28\/kooperation-mit-der-mittelschule-poechlarn\/img_0252-gross\/\"><img loading=\"lazy\" decoding=\"async\" class=\"attachment-large size-large\" src=\"https:\/\/vspoechlarn.ac.at\/wordpress\/wp-content\/uploads\/2025\/02\/IMG_0252-Gross-1024x768.jpeg\" sizes=\"auto, (max-width: 900px) 100vw, 900px\" srcset=\"https:\/\/vspoechlarn.ac.at\/wordpress\/wp-content\/uploads\/2025\/02\/IMG_0252-Gross-1024x768.jpeg 1024w, https:\/\/vspoechlarn.ac.at\/wordpress\/wp-content\/uploads\/2025\/02\/IMG_0252-Gross-350x263.jpeg 350w, https:\/\/vspoechlarn.ac.at\/wordpress\/wp-content\/uploads\/2025\/02\/IMG_0252-Gross-250x188.jpeg 250w, https:\/\/vspoechlarn.ac.at\/wordpress\/wp-content\/uploads\/2025\/02\/IMG_0252-Gross.jpeg 1440w\" alt=\"\" width=\"900\" height=\"675\" \/><\/a><\/div>\n<\/div>\n<\/div>\n<\/div>\n<\/div>\n<\/div>\n<\/div>\n<\/div>\n<\/div>\n<\/div>\n<\/div>\n<\/div>\n<\/div>\n<div class=\"panel-footer entry-meta\">\n<p><small><span class=\"loop-category\"><a class=\"label label-success\" href=\"https:\/\/vspoechlarn.ac.at\/wordpress\/category\/allgemein\/\">Startseite<\/a>\u00a0<\/span><span class=\"loop-author\">|\u00a0<span class=\"author vcard\"><a class=\"url fn n\" href=\"https:\/\/vspoechlarn.ac.at\/wordpress\/author\/wp-admin\/\">wp-admin<\/a><\/span><\/span>\u00a0<span class=\"loop-date\">|\u00a0<time class=\"entry-date published updated\" datetime=\"2025-02-28T08:01:25+01:00\">28. Februar 2025<\/time><\/span>\u00a0|\u00a0<span class=\"edit-link\"><a class=\"post-edit-link\" href=\"https:\/\/vspoechlarn.ac.at\/wordpress\/wp-admin\/post.php?post=5272&amp;action=edit\">Bearbeiten<\/a><\/span><\/small><\/p>\n<div class=\"clearfix\"><\/div>\n<\/div>\n<\/div>\n<\/article>\n<article id=\"post-5264\" class=\"loop_list post-5264 post type-post status-publish format-standard hentry category-allgemein\">\n<div class=\"panel panel-default\">\n<div class=\"panel-body clearfix\">\n<div class=\"fs-have-thumbnail\">\n<header class=\"entry-header\">\n<h4 class=\"entry-title\"><strong><a title=\"Permanentlink zu Herrlicher Skitag am Hochkar\" href=\"https:\/\/vspoechlarn.ac.at\/wordpress\/2025\/02\/26\/herrlicher-skitag-am-hochkar\/\" rel=\"bookmark\">Herrlicher Skitag am Hochkar<\/a><\/strong><\/h4>\n<\/header>\n<div class=\"entry-content\">\n<div id=\"Item.MessagePartBody\" class=\"_rp_T4\">\n<div id=\"Item.MessageUniqueBody\" class=\"_rp_U4 ms-font-weight-regular ms-font-color-neutralDark rpHighlightAllClass rpHighlightBodyClass\">\n<div class=\"rps_42a7\">\n<div>\n<div>\n<div dir=\"auto\">\n<p>Am 25. Februar 2025 verbrachten die Sch\u00fclerinnen und Sch\u00fcler der 3. und 4. Klassen einen unvergesslichen Skitag am Hochkar. Bei strahlendem Sonnenschein und perfekten Pistenverh\u00e4ltnissen genossen alle einen sportlichen und erlebnisreichen Tag in den Bergen.<\/p>\n<div dir=\"auto\"><\/div>\n<div dir=\"auto\">Ob Anf\u00e4nger oder Fortgeschrittene \u2013 jeder kam auf seine Kosten. Die gut pr\u00e4parierten Pisten luden zu rasanten Abfahrten ein, und auch das gemeinsame Mittagessen in der Skih\u00fctte sorgte f\u00fcr gute Laune . Wir bedanken uns ganz herzlich bei Frau Kuttner, Frau Fuchs und Herrn Traxler f\u00fcr ihre Unterst\u00fctzung.<\/div>\n<div dir=\"auto\"><\/div>\n<\/div>\n<\/div>\n<\/div>\n<\/div>\n<\/div>\n<\/div>\n<div class=\"_pe_d _pe_62\" tabindex=\"-1\" aria-expanded=\"false\" aria-haspopup=\"false\">\n<div id=\"gallery_5264_32\" class=\"row\">\n<div id=\"5264-image-5265\" class=\"col-xs-12 col-sm-3 col-md-3\">\n<div class=\"thumbnail\"><a href=\"https:\/\/vspoechlarn.ac.at\/wordpress\/2025\/02\/26\/herrlicher-skitag-am-hochkar\/img_20250225_104048-mittel\/\"><img loading=\"lazy\" decoding=\"async\" class=\"attachment-large size-large\" src=\"https:\/\/vspoechlarn.ac.at\/wordpress\/wp-content\/uploads\/2025\/02\/IMG_20250225_104048-Mittel.jpg\" sizes=\"auto, (max-width: 900px) 100vw, 900px\" srcset=\"https:\/\/vspoechlarn.ac.at\/wordpress\/wp-content\/uploads\/2025\/02\/IMG_20250225_104048-Mittel.jpg 1024w, https:\/\/vspoechlarn.ac.at\/wordpress\/wp-content\/uploads\/2025\/02\/IMG_20250225_104048-Mittel-350x263.jpg 350w, https:\/\/vspoechlarn.ac.at\/wordpress\/wp-content\/uploads\/2025\/02\/IMG_20250225_104048-Mittel-250x188.jpg 250w\" alt=\"\" width=\"900\" height=\"675\" \/><\/a><\/div>\n<\/div>\n<div id=\"5264-image-5266\" class=\"col-xs-12 col-sm-3 col-md-3\">\n<div class=\"thumbnail\"><a href=\"https:\/\/vspoechlarn.ac.at\/wordpress\/2025\/02\/26\/herrlicher-skitag-am-hochkar\/img_20250225_135525-mittel\/\"><img loading=\"lazy\" decoding=\"async\" class=\"attachment-large size-large\" src=\"https:\/\/vspoechlarn.ac.at\/wordpress\/wp-content\/uploads\/2025\/02\/IMG_20250225_135525-Mittel.jpg\" sizes=\"auto, (max-width: 900px) 100vw, 900px\" srcset=\"https:\/\/vspoechlarn.ac.at\/wordpress\/wp-content\/uploads\/2025\/02\/IMG_20250225_135525-Mittel.jpg 1024w, https:\/\/vspoechlarn.ac.at\/wordpress\/wp-content\/uploads\/2025\/02\/IMG_20250225_135525-Mittel-350x263.jpg 350w, https:\/\/vspoechlarn.ac.at\/wordpress\/wp-content\/uploads\/2025\/02\/IMG_20250225_135525-Mittel-250x188.jpg 250w\" alt=\"\" width=\"900\" height=\"675\" \/><\/a><\/div>\n<\/div>\n<div id=\"5264-image-5267\" class=\"col-xs-12 col-sm-3 col-md-3\">\n<div class=\"thumbnail\"><a href=\"https:\/\/vspoechlarn.ac.at\/wordpress\/2025\/02\/26\/herrlicher-skitag-am-hochkar\/img_20250225_141845-mittel\/\"><img loading=\"lazy\" decoding=\"async\" class=\"attachment-large size-large\" src=\"https:\/\/vspoechlarn.ac.at\/wordpress\/wp-content\/uploads\/2025\/02\/IMG_20250225_141845-Mittel.jpg\" sizes=\"auto, (max-width: 768px) 100vw, 768px\" srcset=\"https:\/\/vspoechlarn.ac.at\/wordpress\/wp-content\/uploads\/2025\/02\/IMG_20250225_141845-Mittel.jpg 768w, https:\/\/vspoechlarn.ac.at\/wordpress\/wp-content\/uploads\/2025\/02\/IMG_20250225_141845-Mittel-225x300.jpg 225w, https:\/\/vspoechlarn.ac.at\/wordpress\/wp-content\/uploads\/2025\/02\/IMG_20250225_141845-Mittel-188x250.jpg 188w\" alt=\"\" width=\"768\" height=\"1024\" \/><\/a><\/div>\n<\/div>\n<div id=\"5264-image-5268\" class=\"col-xs-12 col-sm-3 col-md-3\">\n<div class=\"thumbnail\"><a href=\"https:\/\/vspoechlarn.ac.at\/wordpress\/2025\/02\/26\/herrlicher-skitag-am-hochkar\/img_9440-mittel\/\"><img loading=\"lazy\" decoding=\"async\" class=\"attachment-large size-large\" src=\"https:\/\/vspoechlarn.ac.at\/wordpress\/wp-content\/uploads\/2025\/02\/IMG_9440-Mittel-1024x576.jpg\" sizes=\"auto, (max-width: 900px) 100vw, 900px\" srcset=\"https:\/\/vspoechlarn.ac.at\/wordpress\/wp-content\/uploads\/2025\/02\/IMG_9440-Mittel-1024x576.jpg 1024w, https:\/\/vspoechlarn.ac.at\/wordpress\/wp-content\/uploads\/2025\/02\/IMG_9440-Mittel-350x197.jpg 350w, https:\/\/vspoechlarn.ac.at\/wordpress\/wp-content\/uploads\/2025\/02\/IMG_9440-Mittel-250x141.jpg 250w, https:\/\/vspoechlarn.ac.at\/wordpress\/wp-content\/uploads\/2025\/02\/IMG_9440-Mittel.jpg 1365w\" alt=\"\" width=\"900\" height=\"506\" \/><\/a><\/div>\n<\/div>\n<div class=\"clearfix visible-md-block visible-lg-block\"><\/div>\n<\/div>\n<\/div>\n<\/div>\n<\/div>\n<\/div>\n<div class=\"panel-footer entry-meta\">\n<p><small><span class=\"loop-category\"><a class=\"label label-success\" href=\"https:\/\/vspoechlarn.ac.at\/wordpress\/category\/allgemein\/\">Startseite<\/a>\u00a0<\/span><span class=\"loop-author\">|\u00a0<span class=\"author vcard\"><a class=\"url fn n\" href=\"https:\/\/vspoechlarn.ac.at\/wordpress\/author\/wp-admin\/\">wp-admin<\/a><\/span><\/span>\u00a0<span class=\"loop-date\">|\u00a0<time class=\"entry-date published updated\" datetime=\"2025-02-26T14:52:13+01:00\">26. Februar 2025<\/time><\/span>\u00a0|\u00a0<span class=\"edit-link\"><a class=\"post-edit-link\" href=\"https:\/\/vspoechlarn.ac.at\/wordpress\/wp-admin\/post.php?post=5264&amp;action=edit\">Bearbeiten<\/a><\/span><\/small><\/p>\n<div class=\"clearfix\"><\/div>\n<\/div>\n<\/div>\n<\/article>\n<article id=\"post-5258\" class=\"loop_list post-5258 post type-post status-publish format-standard hentry category-allgemein\">\n<div class=\"panel panel-default\">\n<div class=\"panel-body clearfix\">\n<div class=\"fs-have-thumbnail\">\n<header class=\"entry-header\">\n<h4 class=\"entry-title\"><strong><a title=\"Permanentlink zu Hip Hop\" href=\"https:\/\/vspoechlarn.ac.at\/wordpress\/2025\/02\/21\/hip-hop\/\" rel=\"bookmark\">Hip Hop<\/a><\/strong><\/h4>\n<\/header>\n<div class=\"entry-content\">\n<p>Diese Woche kamen alle Kinder unserer Schule in den Genuss einer Hip Hop \u2013 Stunde. Denise Frischeisen von der Stage Time Company lernte den M\u00e4dchen und Buben erste Tanzschritte und erweckte damit das Interesse der Kinder.<\/p>\n<div id=\"gallery_5258_33\" class=\"row\">\n<div id=\"5258-image-5261\" class=\"col-xs-12 col-sm-4 col-md-4\">\n<div class=\"thumbnail\"><a href=\"https:\/\/vspoechlarn.ac.at\/wordpress\/2025\/02\/21\/hip-hop\/hip-hop-2\/\"><img loading=\"lazy\" decoding=\"async\" class=\"attachment-large size-large\" src=\"https:\/\/vspoechlarn.ac.at\/wordpress\/wp-content\/uploads\/2025\/02\/Hip-Hop-2.jpg\" sizes=\"auto, (max-width: 900px) 100vw, 900px\" srcset=\"https:\/\/vspoechlarn.ac.at\/wordpress\/wp-content\/uploads\/2025\/02\/Hip-Hop-2.jpg 1024w, https:\/\/vspoechlarn.ac.at\/wordpress\/wp-content\/uploads\/2025\/02\/Hip-Hop-2-350x263.jpg 350w, https:\/\/vspoechlarn.ac.at\/wordpress\/wp-content\/uploads\/2025\/02\/Hip-Hop-2-250x188.jpg 250w\" alt=\"\" width=\"900\" height=\"675\" \/><\/a><\/div>\n<\/div>\n<div id=\"5258-image-5262\" class=\"col-xs-12 col-sm-4 col-md-4\">\n<div class=\"thumbnail\"><a href=\"https:\/\/vspoechlarn.ac.at\/wordpress\/2025\/02\/21\/hip-hop\/hip-hop\/\"><img loading=\"lazy\" decoding=\"async\" class=\"attachment-large size-large\" src=\"https:\/\/vspoechlarn.ac.at\/wordpress\/wp-content\/uploads\/2025\/02\/Hip-Hop.jpg\" sizes=\"auto, (max-width: 900px) 100vw, 900px\" srcset=\"https:\/\/vspoechlarn.ac.at\/wordpress\/wp-content\/uploads\/2025\/02\/Hip-Hop.jpg 1024w, https:\/\/vspoechlarn.ac.at\/wordpress\/wp-content\/uploads\/2025\/02\/Hip-Hop-350x263.jpg 350w, https:\/\/vspoechlarn.ac.at\/wordpress\/wp-content\/uploads\/2025\/02\/Hip-Hop-250x188.jpg 250w\" alt=\"\" width=\"900\" height=\"675\" \/><\/a><\/div>\n<\/div>\n<\/div>\n<\/div>\n<\/div>\n<\/div>\n<div class=\"panel-footer entry-meta\">\n<p><small><span class=\"loop-category\"><a class=\"label label-success\" href=\"https:\/\/vspoechlarn.ac.at\/wordpress\/category\/allgemein\/\">Startseite<\/a>\u00a0<\/span><span class=\"loop-author\">|\u00a0<span class=\"author vcard\"><a class=\"url fn n\" href=\"https:\/\/vspoechlarn.ac.at\/wordpress\/author\/wp-admin\/\">wp-admin<\/a><\/span><\/span>\u00a0<span class=\"loop-date\">|\u00a0<time class=\"entry-date published updated\" datetime=\"2025-02-21T07:33:10+01:00\">21. Februar 2025<\/time><\/span>\u00a0|\u00a0<span class=\"edit-link\"><a class=\"post-edit-link\" href=\"https:\/\/vspoechlarn.ac.at\/wordpress\/wp-admin\/post.php?post=5258&amp;action=edit\">Bearbeiten<\/a><\/span><\/small><\/p>\n<div class=\"clearfix\"><\/div>\n<\/div>\n<\/div>\n<\/article>\n<article id=\"post-5249\" class=\"loop_list post-5249 post type-post status-publish format-standard hentry category-allgemein\">\n<div class=\"panel panel-default\">\n<div class=\"panel-body clearfix\">\n<div class=\"fs-have-thumbnail\">\n<header class=\"entry-header\">\n<h4 class=\"entry-title\"><strong><a title=\"Permanentlink zu Helmi\" href=\"https:\/\/vspoechlarn.ac.at\/wordpress\/2025\/02\/18\/helmi\/\" rel=\"bookmark\">Helmi<\/a><\/strong><\/h4>\n<\/header>\n<div class=\"entry-content\">\n<p>Am Montag und Dienstag bekamen die Kinder der 1. und 2. Klassen ganz besonderen Besuch. Im Rahmen der Verkehrserziehung besuchte Helmi die M\u00e4dchen und Buben. Es standen wieder wichtige Informationen zum Thema \u201eVerkehrsicherheit\u201c , ein Helmi-Film und lustige Reaktionsspiele auf dem Programm.<\/p>\n<div id=\"gallery_5249_34\" class=\"row\">\n<div id=\"5249-image-5255\" class=\"col-xs-12 col-sm-3 col-md-3\">\n<div class=\"thumbnail\"><a href=\"https:\/\/vspoechlarn.ac.at\/wordpress\/2025\/02\/18\/helmi\/cbd05627-65f8-45c4-a1f0-ff0598ad0821-mittel-2\/\"><img loading=\"lazy\" decoding=\"async\" class=\"attachment-large size-large\" src=\"https:\/\/vspoechlarn.ac.at\/wordpress\/wp-content\/uploads\/2025\/02\/cbd05627-65f8-45c4-a1f0-ff0598ad0821-Mittel-1.jpg\" sizes=\"auto, (max-width: 900px) 100vw, 900px\" srcset=\"https:\/\/vspoechlarn.ac.at\/wordpress\/wp-content\/uploads\/2025\/02\/cbd05627-65f8-45c4-a1f0-ff0598ad0821-Mittel-1.jpg 1024w, https:\/\/vspoechlarn.ac.at\/wordpress\/wp-content\/uploads\/2025\/02\/cbd05627-65f8-45c4-a1f0-ff0598ad0821-Mittel-1-350x263.jpg 350w, https:\/\/vspoechlarn.ac.at\/wordpress\/wp-content\/uploads\/2025\/02\/cbd05627-65f8-45c4-a1f0-ff0598ad0821-Mittel-1-250x188.jpg 250w\" alt=\"\" width=\"900\" height=\"675\" \/><\/a><\/div>\n<\/div>\n<div id=\"5249-image-5254\" class=\"col-xs-12 col-sm-3 col-md-3\">\n<div class=\"thumbnail\"><a href=\"https:\/\/vspoechlarn.ac.at\/wordpress\/2025\/02\/18\/helmi\/img_0523-mittel\/\"><img loading=\"lazy\" decoding=\"async\" class=\"attachment-large size-large\" src=\"https:\/\/vspoechlarn.ac.at\/wordpress\/wp-content\/uploads\/2025\/02\/IMG_0523-Mittel.jpeg\" sizes=\"auto, (max-width: 900px) 100vw, 900px\" srcset=\"https:\/\/vspoechlarn.ac.at\/wordpress\/wp-content\/uploads\/2025\/02\/IMG_0523-Mittel.jpeg 1024w, https:\/\/vspoechlarn.ac.at\/wordpress\/wp-content\/uploads\/2025\/02\/IMG_0523-Mittel-350x263.jpeg 350w, https:\/\/vspoechlarn.ac.at\/wordpress\/wp-content\/uploads\/2025\/02\/IMG_0523-Mittel-250x188.jpeg 250w\" alt=\"\" width=\"900\" height=\"675\" \/><\/a><\/div>\n<\/div>\n<div id=\"5249-image-5253\" class=\"col-xs-12 col-sm-3 col-md-3\">\n<div class=\"thumbnail\"><a href=\"https:\/\/vspoechlarn.ac.at\/wordpress\/2025\/02\/18\/helmi\/img_9404-mittel\/\"><img loading=\"lazy\" decoding=\"async\" class=\"attachment-large size-large\" src=\"https:\/\/vspoechlarn.ac.at\/wordpress\/wp-content\/uploads\/2025\/02\/IMG_9404-Mittel-1024x576.jpg\" sizes=\"auto, (max-width: 900px) 100vw, 900px\" srcset=\"https:\/\/vspoechlarn.ac.at\/wordpress\/wp-content\/uploads\/2025\/02\/IMG_9404-Mittel-1024x576.jpg 1024w, https:\/\/vspoechlarn.ac.at\/wordpress\/wp-content\/uploads\/2025\/02\/IMG_9404-Mittel-350x197.jpg 350w, https:\/\/vspoechlarn.ac.at\/wordpress\/wp-content\/uploads\/2025\/02\/IMG_9404-Mittel-250x141.jpg 250w, https:\/\/vspoechlarn.ac.at\/wordpress\/wp-content\/uploads\/2025\/02\/IMG_9404-Mittel.jpg 1365w\" alt=\"\" width=\"900\" height=\"506\" \/><\/a><\/div>\n<\/div>\n<div id=\"5249-image-5252\" class=\"col-xs-12 col-sm-3 col-md-3\">\n<div class=\"thumbnail\"><a href=\"https:\/\/vspoechlarn.ac.at\/wordpress\/2025\/02\/18\/helmi\/img_9397-mittel\/\"><img loading=\"lazy\" decoding=\"async\" class=\"attachment-large size-large\" src=\"https:\/\/vspoechlarn.ac.at\/wordpress\/wp-content\/uploads\/2025\/02\/IMG_9397-Mittel-1024x576.jpg\" sizes=\"auto, (max-width: 900px) 100vw, 900px\" srcset=\"https:\/\/vspoechlarn.ac.at\/wordpress\/wp-content\/uploads\/2025\/02\/IMG_9397-Mittel-1024x576.jpg 1024w, https:\/\/vspoechlarn.ac.at\/wordpress\/wp-content\/uploads\/2025\/02\/IMG_9397-Mittel-350x197.jpg 350w, https:\/\/vspoechlarn.ac.at\/wordpress\/wp-content\/uploads\/2025\/02\/IMG_9397-Mittel-250x141.jpg 250w, https:\/\/vspoechlarn.ac.at\/wordpress\/wp-content\/uploads\/2025\/02\/IMG_9397-Mittel.jpg 1365w\" alt=\"\" width=\"900\" height=\"506\" \/><\/a><\/div>\n<\/div>\n<div class=\"clearfix visible-md-block visible-lg-block\"><\/div>\n<\/div>\n<p>&nbsp;<\/p>\n<\/div>\n<\/div>\n<\/div>\n<div class=\"panel-footer entry-meta\">\n<p><small><span class=\"loop-category\"><a class=\"label label-success\" href=\"https:\/\/vspoechlarn.ac.at\/wordpress\/category\/allgemein\/\">Startseite<\/a>\u00a0<\/span><span class=\"loop-author\">|\u00a0<span class=\"author vcard\"><a class=\"url fn n\" href=\"https:\/\/vspoechlarn.ac.at\/wordpress\/author\/wp-admin\/\">wp-admin<\/a><\/span><\/span>\u00a0<span class=\"loop-date\">|\u00a0<time class=\"entry-date published updated\" datetime=\"2025-02-18T12:51:12+01:00\">18. Februar 2025<\/time><\/span>\u00a0|\u00a0<span class=\"edit-link\"><a class=\"post-edit-link\" href=\"https:\/\/vspoechlarn.ac.at\/wordpress\/wp-admin\/post.php?post=5249&amp;action=edit\">Bearbeiten<\/a><\/span><\/small><\/p>\n<div class=\"clearfix\"><\/div>\n<\/div>\n<\/div>\n<\/article>\n<article id=\"post-5243\" class=\"loop_list post-5243 post type-post status-publish format-standard hentry category-allgemein\">\n<div class=\"panel panel-default\">\n<div class=\"panel-body clearfix\">\n<div class=\"fs-have-thumbnail\">\n<header class=\"entry-header\">\n<h4 class=\"entry-title\"><strong><a title=\"Permanentlink zu Hallenbad Oberndorf\" href=\"https:\/\/vspoechlarn.ac.at\/wordpress\/2025\/01\/30\/hallenbad-oberndorf\/\" rel=\"bookmark\">Hallenbad Oberndorf<\/a><\/strong><\/h4>\n<\/header>\n<div class=\"entry-content\">\n<p>Die Sch\u00fclerinnen und Sch\u00fcler der beiden vierten Klassen fuhren \u2013 im Zuge des Turnunterrichts \u2013 an zwei Vormittagen ins Hallenbad nach Oberndorf. Dort hatten sie die M\u00f6glichkeit, neben verschiedenen Spiel- und \u00dcbungsphasen, sich f\u00fcr die Schwimmabzeichen zu qualifizieren. Viele Kinder konnten bereits die Anforderungen f\u00fcr den Fahrtenschwimmer erf\u00fcllen \u2013 TOLLE LEISTUNG!!<\/p>\n<div id=\"gallery_5243_35\" class=\"row\">\n<div id=\"5243-image-5244\" class=\"col-xs-12 col-sm-4 col-md-4\">\n<div class=\"thumbnail\"><a href=\"https:\/\/vspoechlarn.ac.at\/wordpress\/2025\/01\/30\/hallenbad-oberndorf\/hallenbad1-mittel\/\"><img loading=\"lazy\" decoding=\"async\" class=\"attachment-large size-large\" src=\"https:\/\/vspoechlarn.ac.at\/wordpress\/wp-content\/uploads\/2025\/01\/Hallenbad1-Mittel.jpg\" sizes=\"auto, (max-width: 900px) 100vw, 900px\" srcset=\"https:\/\/vspoechlarn.ac.at\/wordpress\/wp-content\/uploads\/2025\/01\/Hallenbad1-Mittel.jpg 1024w, https:\/\/vspoechlarn.ac.at\/wordpress\/wp-content\/uploads\/2025\/01\/Hallenbad1-Mittel-350x263.jpg 350w, https:\/\/vspoechlarn.ac.at\/wordpress\/wp-content\/uploads\/2025\/01\/Hallenbad1-Mittel-250x188.jpg 250w\" alt=\"\" width=\"900\" height=\"675\" \/><\/a><\/div>\n<\/div>\n<\/div>\n<\/div>\n<\/div>\n<\/div>\n<div class=\"panel-footer entry-meta\">\n<p><small><span class=\"loop-category\"><a class=\"label label-success\" href=\"https:\/\/vspoechlarn.ac.at\/wordpress\/category\/allgemein\/\">Startseite<\/a>\u00a0<\/span><span class=\"loop-author\">|\u00a0<span class=\"author vcard\"><a class=\"url fn n\" href=\"https:\/\/vspoechlarn.ac.at\/wordpress\/author\/wp-admin\/\">wp-admin<\/a><\/span><\/span>\u00a0<span class=\"loop-date\">|\u00a0<time class=\"entry-date published updated\" datetime=\"2025-01-30T07:09:32+01:00\">30. Januar 2025<\/time><\/span>\u00a0|\u00a0<span class=\"edit-link\"><a class=\"post-edit-link\" href=\"https:\/\/vspoechlarn.ac.at\/wordpress\/wp-admin\/post.php?post=5243&amp;action=edit\">Bearbeiten<\/a><\/span><\/small><\/p>\n<div class=\"clearfix\"><\/div>\n<\/div>\n<\/div>\n<\/article>\n<article id=\"post-5232\" class=\"loop_list post-5232 post type-post status-publish format-standard hentry category-allgemein\">\n<div class=\"panel panel-default\">\n<div class=\"panel-body clearfix\">\n<div class=\"fs-have-thumbnail\">\n<header class=\"entry-header\">\n<h4 class=\"entry-title\"><strong><a title=\"Permanentlink zu Kids and Dogs\" href=\"https:\/\/vspoechlarn.ac.at\/wordpress\/2025\/01\/14\/kids-and-dogs\/\" rel=\"bookmark\">Kids and Dogs<\/a><\/strong><\/h4>\n<\/header>\n<div class=\"entry-content\">\n<p>Immer wieder kommt es zu heiklen Situationen mit Hunden, die Kinder verunsichern. Um sie f\u00fcr solche Momente zu st\u00e4rken, haben wir die Rettungshunde N\u00d6 zu uns an die Schule eingeladen. Im J\u00e4nner erfuhren die Kinder aller Klassen nicht nur von den Einsatzm\u00f6glichkeiten dieser Tiere, sondern wurden auch gezielt im richtigen Umgang mit fremden Tieren geschult. Durch die gro\u00dfz\u00fcgige Unterst\u00fctzung unseres Elternvereins kostete dieser Workshop pro KInd nur 3\u20ac (anstatt 6\u20ac).<\/p>\n<div id=\"gallery_5232_36\" class=\"row\">\n<div id=\"5232-image-5236\" class=\"col-xs-12 col-sm-3 col-md-3\">\n<div class=\"thumbnail\"><a href=\"https:\/\/vspoechlarn.ac.at\/wordpress\/2025\/01\/14\/kids-and-dogs\/img_9215-mittel\/\"><img loading=\"lazy\" decoding=\"async\" class=\"attachment-large size-large\" src=\"https:\/\/vspoechlarn.ac.at\/wordpress\/wp-content\/uploads\/2025\/01\/IMG_9215-Mittel.jpg\" sizes=\"auto, (max-width: 885px) 100vw, 885px\" srcset=\"https:\/\/vspoechlarn.ac.at\/wordpress\/wp-content\/uploads\/2025\/01\/IMG_9215-Mittel.jpg 885w, https:\/\/vspoechlarn.ac.at\/wordpress\/wp-content\/uploads\/2025\/01\/IMG_9215-Mittel-346x300.jpg 346w, https:\/\/vspoechlarn.ac.at\/wordpress\/wp-content\/uploads\/2025\/01\/IMG_9215-Mittel-250x217.jpg 250w\" alt=\"\" width=\"885\" height=\"768\" \/><\/a><\/div>\n<\/div>\n<div id=\"5232-image-5235\" class=\"col-xs-12 col-sm-3 col-md-3\">\n<div class=\"thumbnail\"><a href=\"https:\/\/vspoechlarn.ac.at\/wordpress\/2025\/01\/14\/kids-and-dogs\/img_9213-mittel\/\"><img loading=\"lazy\" decoding=\"async\" class=\"attachment-large size-large\" src=\"https:\/\/vspoechlarn.ac.at\/wordpress\/wp-content\/uploads\/2025\/01\/IMG_9213-Mittel.jpg\" sizes=\"auto, (max-width: 768px) 100vw, 768px\" srcset=\"https:\/\/vspoechlarn.ac.at\/wordpress\/wp-content\/uploads\/2025\/01\/IMG_9213-Mittel.jpg 768w, https:\/\/vspoechlarn.ac.at\/wordpress\/wp-content\/uploads\/2025\/01\/IMG_9213-Mittel-225x300.jpg 225w, https:\/\/vspoechlarn.ac.at\/wordpress\/wp-content\/uploads\/2025\/01\/IMG_9213-Mittel-188x250.jpg 188w\" alt=\"\" width=\"768\" height=\"1024\" \/><\/a><\/div>\n<\/div>\n<div id=\"5232-image-5234\" class=\"col-xs-12 col-sm-3 col-md-3\">\n<div class=\"thumbnail\"><a href=\"https:\/\/vspoechlarn.ac.at\/wordpress\/2025\/01\/14\/kids-and-dogs\/img_9212-mittel\/\"><img loading=\"lazy\" decoding=\"async\" class=\"attachment-large size-large\" src=\"https:\/\/vspoechlarn.ac.at\/wordpress\/wp-content\/uploads\/2025\/01\/IMG_9212-Mittel.jpg\" sizes=\"auto, (max-width: 768px) 100vw, 768px\" srcset=\"https:\/\/vspoechlarn.ac.at\/wordpress\/wp-content\/uploads\/2025\/01\/IMG_9212-Mittel.jpg 768w, https:\/\/vspoechlarn.ac.at\/wordpress\/wp-content\/uploads\/2025\/01\/IMG_9212-Mittel-225x300.jpg 225w, https:\/\/vspoechlarn.ac.at\/wordpress\/wp-content\/uploads\/2025\/01\/IMG_9212-Mittel-188x250.jpg 188w\" alt=\"\" width=\"768\" height=\"1024\" \/><\/a><\/div>\n<\/div>\n<div id=\"5232-image-5237\" class=\"col-xs-12 col-sm-3 col-md-3\">\n<div class=\"thumbnail\"><a href=\"https:\/\/vspoechlarn.ac.at\/wordpress\/2025\/01\/14\/kids-and-dogs\/img_9217-mittel\/\"><img loading=\"lazy\" decoding=\"async\" class=\"attachment-large size-large\" src=\"https:\/\/vspoechlarn.ac.at\/wordpress\/wp-content\/uploads\/2025\/01\/IMG_9217-Mittel.jpg\" sizes=\"auto, (max-width: 900px) 100vw, 900px\" srcset=\"https:\/\/vspoechlarn.ac.at\/wordpress\/wp-content\/uploads\/2025\/01\/IMG_9217-Mittel.jpg 1024w, https:\/\/vspoechlarn.ac.at\/wordpress\/wp-content\/uploads\/2025\/01\/IMG_9217-Mittel-350x263.jpg 350w, https:\/\/vspoechlarn.ac.at\/wordpress\/wp-content\/uploads\/2025\/01\/IMG_9217-Mittel-250x188.jpg 250w\" alt=\"\" width=\"900\" height=\"675\" \/><\/a><\/div>\n<\/div>\n<div class=\"clearfix visible-md-block visible-lg-block\"><\/div>\n<div id=\"5232-image-5240\" class=\"col-xs-12 col-sm-3 col-md-3\">\n<div class=\"thumbnail\"><a href=\"https:\/\/vspoechlarn.ac.at\/wordpress\/2025\/01\/14\/kids-and-dogs\/img_9256-mittel\/\"><img loading=\"lazy\" decoding=\"async\" class=\"attachment-large size-large\" src=\"https:\/\/vspoechlarn.ac.at\/wordpress\/wp-content\/uploads\/2025\/01\/IMG_9256-Mittel-1024x587.jpg\" sizes=\"auto, (max-width: 900px) 100vw, 900px\" srcset=\"https:\/\/vspoechlarn.ac.at\/wordpress\/wp-content\/uploads\/2025\/01\/IMG_9256-Mittel-1024x587.jpg 1024w, https:\/\/vspoechlarn.ac.at\/wordpress\/wp-content\/uploads\/2025\/01\/IMG_9256-Mittel-350x201.jpg 350w, https:\/\/vspoechlarn.ac.at\/wordpress\/wp-content\/uploads\/2025\/01\/IMG_9256-Mittel-250x143.jpg 250w, https:\/\/vspoechlarn.ac.at\/wordpress\/wp-content\/uploads\/2025\/01\/IMG_9256-Mittel.jpg 1339w\" alt=\"\" width=\"900\" height=\"516\" \/><\/a><\/div>\n<\/div>\n<\/div>\n<p>&nbsp;<\/p>\n<\/div>\n<\/div>\n<\/div>\n<div class=\"panel-footer entry-meta\">\n<p><small><span class=\"loop-category\"><a class=\"label label-success\" href=\"https:\/\/vspoechlarn.ac.at\/wordpress\/category\/allgemein\/\">Startseite<\/a>\u00a0<\/span><span class=\"loop-author\">|\u00a0<span class=\"author vcard\"><a class=\"url fn n\" href=\"https:\/\/vspoechlarn.ac.at\/wordpress\/author\/wp-admin\/\">wp-admin<\/a><\/span><\/span>\u00a0<span class=\"loop-date\">|\u00a0<time class=\"entry-date published updated\" datetime=\"2025-01-14T12:24:26+01:00\">14. Januar 2025<\/time><\/span>\u00a0|\u00a0<span class=\"edit-link\"><a class=\"post-edit-link\" href=\"https:\/\/vspoechlarn.ac.at\/wordpress\/wp-admin\/post.php?post=5232&amp;action=edit\">Bearbeiten<\/a><\/span><\/small><\/p>\n<div class=\"clearfix\"><\/div>\n<\/div>\n<\/div>\n<\/article>\n<article id=\"post-5225\" class=\"loop_list post-5225 post type-post status-publish format-standard hentry category-allgemein\">\n<div class=\"panel panel-default\">\n<div class=\"panel-body clearfix\">\n<div class=\"fs-have-thumbnail\">\n<header class=\"entry-header\">\n<h4 class=\"entry-title\"><strong><a title=\"Permanentlink zu Nachmittagsbetreuung\" href=\"https:\/\/vspoechlarn.ac.at\/wordpress\/2025\/01\/14\/nachmittagsbetreuung\/\" rel=\"bookmark\">Nachmittagsbetreuung<\/a><\/strong><\/h4>\n<\/header>\n<div class=\"entry-content\">\n<p>Ob sportlich oder kreativ \u2013 in unserer Nachmittagsbetreuung ist immer etwas los! Besonders wichtig sind uns Wertsch\u00e4tzung, Freude und Zusammenhalt.<\/p>\n<div id=\"gallery_5225_37\" class=\"row\">\n<div id=\"5225-image-5226\" class=\"col-xs-12 col-sm-3 col-md-3\">\n<div class=\"thumbnail\"><a href=\"https:\/\/vspoechlarn.ac.at\/wordpress\/2025\/01\/14\/nachmittagsbetreuung\/img_20250108_150504-mittel\/\"><img loading=\"lazy\" decoding=\"async\" class=\"attachment-large size-large\" src=\"https:\/\/vspoechlarn.ac.at\/wordpress\/wp-content\/uploads\/2025\/01\/IMG_20250108_150504-Mittel.jpg\" sizes=\"auto, (max-width: 900px) 100vw, 900px\" srcset=\"https:\/\/vspoechlarn.ac.at\/wordpress\/wp-content\/uploads\/2025\/01\/IMG_20250108_150504-Mittel.jpg 1024w, https:\/\/vspoechlarn.ac.at\/wordpress\/wp-content\/uploads\/2025\/01\/IMG_20250108_150504-Mittel-350x263.jpg 350w, https:\/\/vspoechlarn.ac.at\/wordpress\/wp-content\/uploads\/2025\/01\/IMG_20250108_150504-Mittel-250x188.jpg 250w\" alt=\"\" width=\"900\" height=\"675\" \/><\/a><\/div>\n<\/div>\n<div id=\"5225-image-5227\" class=\"col-xs-12 col-sm-3 col-md-3\">\n<div class=\"thumbnail\"><a href=\"https:\/\/vspoechlarn.ac.at\/wordpress\/2025\/01\/14\/nachmittagsbetreuung\/img_20250108_162619-mittel\/\"><img loading=\"lazy\" decoding=\"async\" class=\"attachment-large size-large\" src=\"https:\/\/vspoechlarn.ac.at\/wordpress\/wp-content\/uploads\/2025\/01\/IMG_20250108_162619-Mittel.jpg\" sizes=\"auto, (max-width: 900px) 100vw, 900px\" srcset=\"https:\/\/vspoechlarn.ac.at\/wordpress\/wp-content\/uploads\/2025\/01\/IMG_20250108_162619-Mittel.jpg 1024w, https:\/\/vspoechlarn.ac.at\/wordpress\/wp-content\/uploads\/2025\/01\/IMG_20250108_162619-Mittel-350x263.jpg 350w, https:\/\/vspoechlarn.ac.at\/wordpress\/wp-content\/uploads\/2025\/01\/IMG_20250108_162619-Mittel-250x188.jpg 250w\" alt=\"\" width=\"900\" height=\"675\" \/><\/a><\/div>\n<\/div>\n<div id=\"5225-image-5228\" class=\"col-xs-12 col-sm-3 col-md-3\">\n<div class=\"thumbnail\"><a href=\"https:\/\/vspoechlarn.ac.at\/wordpress\/2025\/01\/14\/nachmittagsbetreuung\/img_20250109_121224-mittel\/\"><img loading=\"lazy\" decoding=\"async\" class=\"attachment-large size-large\" src=\"https:\/\/vspoechlarn.ac.at\/wordpress\/wp-content\/uploads\/2025\/01\/IMG_20250109_121224-Mittel.jpg\" sizes=\"auto, (max-width: 900px) 100vw, 900px\" srcset=\"https:\/\/vspoechlarn.ac.at\/wordpress\/wp-content\/uploads\/2025\/01\/IMG_20250109_121224-Mittel.jpg 1024w, https:\/\/vspoechlarn.ac.at\/wordpress\/wp-content\/uploads\/2025\/01\/IMG_20250109_121224-Mittel-350x263.jpg 350w, https:\/\/vspoechlarn.ac.at\/wordpress\/wp-content\/uploads\/2025\/01\/IMG_20250109_121224-Mittel-250x188.jpg 250w\" alt=\"\" width=\"900\" height=\"675\" \/><\/a><\/div>\n<\/div>\n<div id=\"5225-image-5229\" class=\"col-xs-12 col-sm-3 col-md-3\">\n<div class=\"thumbnail\"><a href=\"https:\/\/vspoechlarn.ac.at\/wordpress\/2025\/01\/14\/nachmittagsbetreuung\/img_20250109_161235_1-mittel\/\"><img loading=\"lazy\" decoding=\"async\" class=\"attachment-large size-large\" src=\"https:\/\/vspoechlarn.ac.at\/wordpress\/wp-content\/uploads\/2025\/01\/IMG_20250109_161235_1-Mittel.jpg\" sizes=\"auto, (max-width: 900px) 100vw, 900px\" srcset=\"https:\/\/vspoechlarn.ac.at\/wordpress\/wp-content\/uploads\/2025\/01\/IMG_20250109_161235_1-Mittel.jpg 1024w, https:\/\/vspoechlarn.ac.at\/wordpress\/wp-content\/uploads\/2025\/01\/IMG_20250109_161235_1-Mittel-350x263.jpg 350w, https:\/\/vspoechlarn.ac.at\/wordpress\/wp-content\/uploads\/2025\/01\/IMG_20250109_161235_1-Mittel-250x188.jpg 250w\" alt=\"\" width=\"900\" height=\"675\" \/><\/a><\/div>\n<\/div>\n<div class=\"clearfix visible-md-block visible-lg-block\"><\/div>\n<\/div>\n<\/div>\n<\/div>\n<\/div>\n<div class=\"panel-footer entry-meta\">\n<p><small><span class=\"loop-category\"><a class=\"label label-success\" href=\"https:\/\/vspoechlarn.ac.at\/wordpress\/category\/allgemein\/\">Startseite<\/a>\u00a0<\/span><span class=\"loop-author\">|\u00a0<span class=\"author vcard\"><a class=\"url fn n\" href=\"https:\/\/vspoechlarn.ac.at\/wordpress\/author\/wp-admin\/\">wp-admin<\/a><\/span><\/span>\u00a0<span class=\"loop-date\">|\u00a0<time class=\"entry-date published updated\" datetime=\"2025-01-14T09:22:31+01:00\">14. Januar 2025<\/time><\/span>\u00a0|\u00a0<span class=\"edit-link\"><a class=\"post-edit-link\" href=\"https:\/\/vspoechlarn.ac.at\/wordpress\/wp-admin\/post.php?post=5225&amp;action=edit\">Bearbeiten<\/a><\/span><\/small><\/p>\n<div class=\"clearfix\"><\/div>\n<\/div>\n<\/div>\n<\/article>\n<article id=\"post-5221\" class=\"loop_list post-5221 post type-post status-publish format-standard hentry category-allgemein\">\n<div class=\"panel panel-default\">\n<div class=\"panel-body clearfix\">\n<div class=\"fs-have-thumbnail\">\n<header class=\"entry-header\">\n<h4 class=\"entry-title\"><strong><a title=\"Permanentlink zu Schulschach \u2013 Meisterschaft\" href=\"https:\/\/vspoechlarn.ac.at\/wordpress\/2025\/01\/14\/schulschach-meisterschaft\/\" rel=\"bookmark\">Schulschach \u2013 Meisterschaft<\/a><\/strong><\/h4>\n<\/header>\n<div class=\"entry-content\">\n<p>Bis zuletzt duellierten sich die Kinder h\u00f6chst konzentriert bei unserer Schach-Meisterschaft. Seit Oktober wurde in der unverbindlichen \u00dcbung Schach einmal pro Woche um Punkte gek\u00e4mpft. Schlie\u00dflich konnte sich Modar MIADI nach vielen spannenden Partien ganz knapp vor Lukas Gruber und Anastasiia Volkova durchsetzen. Bei der abschlie\u00dfenden Siegerehrung freuten sich alle \u00fcber die Pokale und Sachpreise, die von unserem Schachexperten Robert Gattermayer bereitgestellt wurden. Besonders stolz sind wir auf die Anf\u00e4nger, die in den letzten Wochen tolle Fortschritte gemacht\u00a0 und mit gro\u00dfem Durchhalteverm\u00f6gen aufgezeigt haben.<\/p>\n<div id=\"gallery_5221_38\" class=\"row\">\n<div id=\"5221-image-5223\" class=\"col-xs-12 col-sm-6 col-md-6\">\n<div class=\"thumbnail\"><a href=\"https:\/\/vspoechlarn.ac.at\/wordpress\/2025\/01\/14\/schulschach-meisterschaft\/img_9192-mittel\/\"><img loading=\"lazy\" decoding=\"async\" class=\"attachment-large size-large\" src=\"https:\/\/vspoechlarn.ac.at\/wordpress\/wp-content\/uploads\/2025\/01\/IMG_9192-Mittel.jpg\" sizes=\"auto, (max-width: 900px) 100vw, 900px\" srcset=\"https:\/\/vspoechlarn.ac.at\/wordpress\/wp-content\/uploads\/2025\/01\/IMG_9192-Mittel.jpg 1024w, https:\/\/vspoechlarn.ac.at\/wordpress\/wp-content\/uploads\/2025\/01\/IMG_9192-Mittel-350x263.jpg 350w, https:\/\/vspoechlarn.ac.at\/wordpress\/wp-content\/uploads\/2025\/01\/IMG_9192-Mittel-250x188.jpg 250w\" alt=\"\" width=\"900\" height=\"675\" \/><\/a><\/div>\n<\/div>\n<\/div>\n<p>&nbsp;<\/p>\n<\/div>\n<\/div>\n<\/div>\n<div class=\"panel-footer entry-meta\">\n<p><small><span class=\"loop-category\"><a class=\"label label-success\" href=\"https:\/\/vspoechlarn.ac.at\/wordpress\/category\/allgemein\/\">Startseite<\/a>\u00a0<\/span><span class=\"loop-author\">|\u00a0<span class=\"author vcard\"><a class=\"url fn n\" href=\"https:\/\/vspoechlarn.ac.at\/wordpress\/author\/wp-admin\/\">wp-admin<\/a><\/span><\/span>\u00a0<span class=\"loop-date\">|\u00a0<time class=\"entry-date published updated\" datetime=\"2025-01-14T07:59:39+01:00\">14. Januar 2025<\/time><\/span>\u00a0|\u00a0<span class=\"edit-link\"><a class=\"post-edit-link\" href=\"https:\/\/vspoechlarn.ac.at\/wordpress\/wp-admin\/post.php?post=5221&amp;action=edit\">Bearbeiten<\/a><\/span><\/small><\/p>\n<div class=\"clearfix\"><\/div>\n<\/div>\n<\/div>\n<\/article>\n<article id=\"post-5203\" class=\"loop_list post-5203 post type-post status-publish format-standard hentry category-allgemein\">\n<div class=\"panel panel-default\">\n<div class=\"panel-body clearfix\">\n<div class=\"fs-have-thumbnail\">\n<header class=\"entry-header\">\n<h4 class=\"entry-title\"><strong><a title=\"Permanentlink zu Blick und Klick\" href=\"https:\/\/vspoechlarn.ac.at\/wordpress\/2025\/01\/08\/blick-und-klick\/\" rel=\"bookmark\">Blick und Klick<\/a><\/strong><\/h4>\n<\/header>\n<div class=\"entry-content\">\n<p>Die Sicherheit der uns anvertrauten Kinder ist uns wichtig. Deshalb versuchen wir, die M\u00e4dchen und Buben der beiden ersten Klassen mit dem Workshop \u201eBlick und Klick\u201c speziell auf die Gefahren im Stra\u00dfenverkehr bestens vorzubereiten.<\/p>\n<div id=\"gallery_5203_39\" class=\"row\">\n<div id=\"5203-image-5204\" class=\"col-xs-12 col-sm-4 col-md-4\">\n<div class=\"thumbnail\"><a href=\"https:\/\/vspoechlarn.ac.at\/wordpress\/2025\/01\/08\/blick-und-klick\/img_9180-mittel\/\"><img loading=\"lazy\" decoding=\"async\" class=\"attachment-large size-large\" src=\"https:\/\/vspoechlarn.ac.at\/wordpress\/wp-content\/uploads\/2025\/01\/IMG_9180-Mittel-1024x398.jpg\" sizes=\"auto, (max-width: 900px) 100vw, 900px\" srcset=\"https:\/\/vspoechlarn.ac.at\/wordpress\/wp-content\/uploads\/2025\/01\/IMG_9180-Mittel-1024x398.jpg 1024w, https:\/\/vspoechlarn.ac.at\/wordpress\/wp-content\/uploads\/2025\/01\/IMG_9180-Mittel-350x136.jpg 350w, https:\/\/vspoechlarn.ac.at\/wordpress\/wp-content\/uploads\/2025\/01\/IMG_9180-Mittel-250x97.jpg 250w, https:\/\/vspoechlarn.ac.at\/wordpress\/wp-content\/uploads\/2025\/01\/IMG_9180-Mittel.jpg 1366w\" alt=\"\" width=\"900\" height=\"350\" \/><\/a><\/div>\n<\/div>\n<div id=\"5203-image-5205\" class=\"col-xs-12 col-sm-4 col-md-4\">\n<div class=\"thumbnail\"><a href=\"https:\/\/vspoechlarn.ac.at\/wordpress\/2025\/01\/08\/blick-und-klick\/img_9181-mittel\/\"><img loading=\"lazy\" decoding=\"async\" class=\"attachment-large size-large\" src=\"https:\/\/vspoechlarn.ac.at\/wordpress\/wp-content\/uploads\/2025\/01\/IMG_9181-Mittel-1024x701.jpg\" sizes=\"auto, (max-width: 900px) 100vw, 900px\" srcset=\"https:\/\/vspoechlarn.ac.at\/wordpress\/wp-content\/uploads\/2025\/01\/IMG_9181-Mittel-1024x701.jpg 1024w, https:\/\/vspoechlarn.ac.at\/wordpress\/wp-content\/uploads\/2025\/01\/IMG_9181-Mittel-350x240.jpg 350w, https:\/\/vspoechlarn.ac.at\/wordpress\/wp-content\/uploads\/2025\/01\/IMG_9181-Mittel-250x171.jpg 250w, https:\/\/vspoechlarn.ac.at\/wordpress\/wp-content\/uploads\/2025\/01\/IMG_9181-Mittel.jpg 1122w\" alt=\"\" width=\"900\" height=\"616\" \/><\/a><\/div>\n<\/div>\n<div id=\"5203-image-5206\" class=\"col-xs-12 col-sm-4 col-md-4\">\n<div class=\"thumbnail\"><a href=\"https:\/\/vspoechlarn.ac.at\/wordpress\/2025\/01\/08\/blick-und-klick\/img_9182-mittel\/\"><img loading=\"lazy\" decoding=\"async\" class=\"attachment-large size-large\" src=\"https:\/\/vspoechlarn.ac.at\/wordpress\/wp-content\/uploads\/2025\/01\/IMG_9182-Mittel.jpg\" sizes=\"auto, (max-width: 900px) 100vw, 900px\" srcset=\"https:\/\/vspoechlarn.ac.at\/wordpress\/wp-content\/uploads\/2025\/01\/IMG_9182-Mittel.jpg 1024w, https:\/\/vspoechlarn.ac.at\/wordpress\/wp-content\/uploads\/2025\/01\/IMG_9182-Mittel-350x263.jpg 350w, https:\/\/vspoechlarn.ac.at\/wordpress\/wp-content\/uploads\/2025\/01\/IMG_9182-Mittel-250x188.jpg 250w\" alt=\"\" width=\"900\" height=\"675\" \/><\/a><\/div>\n<\/div>\n<div class=\"clearfix visible-md-block visible-lg-block\"><\/div>\n<div id=\"5203-image-5207\" class=\"col-xs-12 col-sm-4 col-md-4\">\n<div class=\"thumbnail\"><a href=\"https:\/\/vspoechlarn.ac.at\/wordpress\/2025\/01\/08\/blick-und-klick\/img_9183-mittel\/\"><img loading=\"lazy\" decoding=\"async\" class=\"attachment-large size-large\" src=\"https:\/\/vspoechlarn.ac.at\/wordpress\/wp-content\/uploads\/2025\/01\/IMG_9183-Mittel.jpg\" sizes=\"auto, (max-width: 900px) 100vw, 900px\" srcset=\"https:\/\/vspoechlarn.ac.at\/wordpress\/wp-content\/uploads\/2025\/01\/IMG_9183-Mittel.jpg 1024w, https:\/\/vspoechlarn.ac.at\/wordpress\/wp-content\/uploads\/2025\/01\/IMG_9183-Mittel-350x263.jpg 350w, https:\/\/vspoechlarn.ac.at\/wordpress\/wp-content\/uploads\/2025\/01\/IMG_9183-Mittel-250x188.jpg 250w\" alt=\"\" width=\"900\" height=\"675\" \/><\/a><\/div>\n<\/div>\n<div id=\"5203-image-5208\" class=\"col-xs-12 col-sm-4 col-md-4\">\n<div class=\"thumbnail\"><a href=\"https:\/\/vspoechlarn.ac.at\/wordpress\/2025\/01\/08\/blick-und-klick\/img_9184-mittel\/\"><img loading=\"lazy\" decoding=\"async\" class=\"attachment-large size-large\" src=\"https:\/\/vspoechlarn.ac.at\/wordpress\/wp-content\/uploads\/2025\/01\/IMG_9184-Mittel-712x1024.jpg\" sizes=\"auto, (max-width: 712px) 100vw, 712px\" srcset=\"https:\/\/vspoechlarn.ac.at\/wordpress\/wp-content\/uploads\/2025\/01\/IMG_9184-Mittel-712x1024.jpg 712w, https:\/\/vspoechlarn.ac.at\/wordpress\/wp-content\/uploads\/2025\/01\/IMG_9184-Mittel-209x300.jpg 209w, https:\/\/vspoechlarn.ac.at\/wordpress\/wp-content\/uploads\/2025\/01\/IMG_9184-Mittel-174x250.jpg 174w, https:\/\/vspoechlarn.ac.at\/wordpress\/wp-content\/uploads\/2025\/01\/IMG_9184-Mittel.jpg 751w\" alt=\"\" width=\"712\" height=\"1024\" \/><\/a><\/div>\n<\/div>\n<div id=\"5203-image-5213\" class=\"col-xs-12 col-sm-4 col-md-4\">\n<div class=\"thumbnail\"><a href=\"https:\/\/vspoechlarn.ac.at\/wordpress\/2025\/01\/08\/blick-und-klick\/img_0487-mittel\/\"><img loading=\"lazy\" decoding=\"async\" class=\"attachment-large size-large\" src=\"https:\/\/vspoechlarn.ac.at\/wordpress\/wp-content\/uploads\/2025\/01\/IMG_0487-Mittel.jpeg\" sizes=\"auto, (max-width: 768px) 100vw, 768px\" srcset=\"https:\/\/vspoechlarn.ac.at\/wordpress\/wp-content\/uploads\/2025\/01\/IMG_0487-Mittel.jpeg 768w, https:\/\/vspoechlarn.ac.at\/wordpress\/wp-content\/uploads\/2025\/01\/IMG_0487-Mittel-225x300.jpeg 225w, https:\/\/vspoechlarn.ac.at\/wordpress\/wp-content\/uploads\/2025\/01\/IMG_0487-Mittel-188x250.jpeg 188w\" alt=\"\" width=\"768\" height=\"1024\" \/><\/a><\/div>\n<\/div>\n<div class=\"clearfix visible-md-block visible-lg-block\"><\/div>\n<div id=\"5203-image-5212\" class=\"col-xs-12 col-sm-4 col-md-4\">\n<div class=\"thumbnail\"><a href=\"https:\/\/vspoechlarn.ac.at\/wordpress\/2025\/01\/08\/blick-und-klick\/img_0477-mittel\/\"><img loading=\"lazy\" decoding=\"async\" class=\"attachment-large size-large\" src=\"https:\/\/vspoechlarn.ac.at\/wordpress\/wp-content\/uploads\/2025\/01\/IMG_0477-Mittel.jpeg\" sizes=\"auto, (max-width: 768px) 100vw, 768px\" srcset=\"https:\/\/vspoechlarn.ac.at\/wordpress\/wp-content\/uploads\/2025\/01\/IMG_0477-Mittel.jpeg 768w, https:\/\/vspoechlarn.ac.at\/wordpress\/wp-content\/uploads\/2025\/01\/IMG_0477-Mittel-225x300.jpeg 225w, https:\/\/vspoechlarn.ac.at\/wordpress\/wp-content\/uploads\/2025\/01\/IMG_0477-Mittel-188x250.jpeg 188w\" alt=\"\" width=\"768\" height=\"1024\" \/><\/a><\/div>\n<\/div>\n<div id=\"5203-image-5211\" class=\"col-xs-12 col-sm-4 col-md-4\">\n<div class=\"thumbnail\"><a href=\"https:\/\/vspoechlarn.ac.at\/wordpress\/2025\/01\/08\/blick-und-klick\/img_0474-mittel\/\"><img loading=\"lazy\" decoding=\"async\" class=\"attachment-large size-large\" src=\"https:\/\/vspoechlarn.ac.at\/wordpress\/wp-content\/uploads\/2025\/01\/IMG_0474-Mittel.jpeg\" sizes=\"auto, (max-width: 768px) 100vw, 768px\" srcset=\"https:\/\/vspoechlarn.ac.at\/wordpress\/wp-content\/uploads\/2025\/01\/IMG_0474-Mittel.jpeg 768w, https:\/\/vspoechlarn.ac.at\/wordpress\/wp-content\/uploads\/2025\/01\/IMG_0474-Mittel-225x300.jpeg 225w, https:\/\/vspoechlarn.ac.at\/wordpress\/wp-content\/uploads\/2025\/01\/IMG_0474-Mittel-188x250.jpeg 188w\" alt=\"\" width=\"768\" height=\"1024\" \/><\/a><\/div>\n<\/div>\n<\/div>\n<p>&nbsp;<\/p>\n<\/div>\n<\/div>\n<\/div>\n<div class=\"panel-footer entry-meta\">\n<p><small><span class=\"loop-category\"><a class=\"label label-success\" href=\"https:\/\/vspoechlarn.ac.at\/wordpress\/category\/allgemein\/\">Startseite<\/a>\u00a0<\/span><span class=\"loop-author\">|\u00a0<span class=\"author vcard\"><a class=\"url fn n\" href=\"https:\/\/vspoechlarn.ac.at\/wordpress\/author\/wp-admin\/\">wp-admin<\/a><\/span><\/span>\u00a0<span class=\"loop-date\">|\u00a0<time class=\"entry-date published updated\" datetime=\"2025-01-08T10:20:18+01:00\">8. Januar 2025<\/time><\/span>\u00a0|\u00a0<span class=\"edit-link\"><a class=\"post-edit-link\" href=\"https:\/\/vspoechlarn.ac.at\/wordpress\/wp-admin\/post.php?post=5203&amp;action=edit\">Bearbeiten<\/a><\/span><\/small><\/p>\n<div class=\"clearfix\"><\/div>\n<\/div>\n<\/div>\n<\/article>\n<article id=\"post-5190\" class=\"loop_list post-5190 post type-post status-publish format-standard hentry category-allgemein\">\n<div class=\"panel panel-default\">\n<div class=\"panel-body clearfix\">\n<div class=\"fs-have-thumbnail\">\n<header class=\"entry-header\">\n<h4 class=\"entry-title\"><strong><a title=\"Permanentlink zu Weihnachtsfeier 2024\" href=\"https:\/\/vspoechlarn.ac.at\/wordpress\/2024\/12\/23\/weihnachtsfeier-2024\/\" rel=\"bookmark\">Weihnachtsfeier 2024<\/a><\/strong><\/h4>\n<\/header>\n<div class=\"entry-content\">\n<p>Mit einer stimmungsvollen Weihnachtsfeier im kleinen Turnsaal beendeten wir am Freitag das Kalenderjahr 2024. Vor den Augen der Eltern und unserer Frau Bgm. Barbara Kainz bewiesen unsere Sch\u00fclerinnen und Sch\u00fcler wieder einmal ihre musikalischen, t\u00e4nzerischen und schauspielerischen Talente und lie\u00dfen so die Herzen der Anwesenden h\u00f6her schlagen. Danach lud unser Elternverein zu einem abschlie\u00dfenden Plauscherl bei Kinderpunsch und Keksen.\u00a0 Mein herzlicher Dank f\u00fcr diese gelungene Feier gilt allen Kindern, allen Lehrerinnen und unserem Elternverein. Frohe Weihnachten und alles Gute f\u00fcr 2025.<\/p>\n<div id=\"gallery_5190_40\" class=\"row\">\n<div id=\"5190-image-5198\" class=\"col-xs-12 col-sm-4 col-md-4\">\n<div class=\"thumbnail\"><a href=\"https:\/\/vspoechlarn.ac.at\/wordpress\/2024\/12\/23\/weihnachtsfeier-2024\/1000114329kl\/\"><img loading=\"lazy\" decoding=\"async\" class=\"attachment-large size-large\" src=\"https:\/\/vspoechlarn.ac.at\/wordpress\/wp-content\/uploads\/2024\/12\/1000114329kl.jpg\" sizes=\"auto, (max-width: 900px) 100vw, 900px\" srcset=\"https:\/\/vspoechlarn.ac.at\/wordpress\/wp-content\/uploads\/2024\/12\/1000114329kl.jpg 1024w, https:\/\/vspoechlarn.ac.at\/wordpress\/wp-content\/uploads\/2024\/12\/1000114329kl-350x263.jpg 350w, https:\/\/vspoechlarn.ac.at\/wordpress\/wp-content\/uploads\/2024\/12\/1000114329kl-250x188.jpg 250w\" alt=\"\" width=\"900\" height=\"675\" \/><\/a><\/div>\n<\/div>\n<div id=\"5190-image-5197\" class=\"col-xs-12 col-sm-4 col-md-4\">\n<div class=\"thumbnail\"><a href=\"https:\/\/vspoechlarn.ac.at\/wordpress\/2024\/12\/23\/weihnachtsfeier-2024\/1000114321kl\/\"><img loading=\"lazy\" decoding=\"async\" class=\"attachment-large size-large\" src=\"https:\/\/vspoechlarn.ac.at\/wordpress\/wp-content\/uploads\/2024\/12\/1000114321kl.jpg\" sizes=\"auto, (max-width: 900px) 100vw, 900px\" srcset=\"https:\/\/vspoechlarn.ac.at\/wordpress\/wp-content\/uploads\/2024\/12\/1000114321kl.jpg 1024w, https:\/\/vspoechlarn.ac.at\/wordpress\/wp-content\/uploads\/2024\/12\/1000114321kl-350x141.jpg 350w, https:\/\/vspoechlarn.ac.at\/wordpress\/wp-content\/uploads\/2024\/12\/1000114321kl-250x101.jpg 250w\" alt=\"\" width=\"900\" height=\"363\" \/><\/a><\/div>\n<\/div>\n<div id=\"5190-image-5196\" class=\"col-xs-12 col-sm-4 col-md-4\">\n<div class=\"thumbnail\"><a href=\"https:\/\/vspoechlarn.ac.at\/wordpress\/2024\/12\/23\/weihnachtsfeier-2024\/1000114318kl\/\"><img loading=\"lazy\" decoding=\"async\" class=\"attachment-large size-large\" src=\"https:\/\/vspoechlarn.ac.at\/wordpress\/wp-content\/uploads\/2024\/12\/1000114318kl.jpg\" sizes=\"auto, (max-width: 900px) 100vw, 900px\" srcset=\"https:\/\/vspoechlarn.ac.at\/wordpress\/wp-content\/uploads\/2024\/12\/1000114318kl.jpg 1024w, https:\/\/vspoechlarn.ac.at\/wordpress\/wp-content\/uploads\/2024\/12\/1000114318kl-350x263.jpg 350w, https:\/\/vspoechlarn.ac.at\/wordpress\/wp-content\/uploads\/2024\/12\/1000114318kl-250x188.jpg 250w\" alt=\"\" width=\"900\" height=\"675\" \/><\/a><\/div>\n<\/div>\n<div class=\"clearfix visible-md-block visible-lg-block\"><\/div>\n<div id=\"5190-image-5195\" class=\"col-xs-12 col-sm-4 col-md-4\">\n<div class=\"thumbnail\"><a href=\"https:\/\/vspoechlarn.ac.at\/wordpress\/2024\/12\/23\/weihnachtsfeier-2024\/1000114309kl\/\"><img loading=\"lazy\" decoding=\"async\" class=\"attachment-large size-large\" src=\"https:\/\/vspoechlarn.ac.at\/wordpress\/wp-content\/uploads\/2024\/12\/1000114309kl.jpg\" sizes=\"auto, (max-width: 900px) 100vw, 900px\" srcset=\"https:\/\/vspoechlarn.ac.at\/wordpress\/wp-content\/uploads\/2024\/12\/1000114309kl.jpg 1024w, https:\/\/vspoechlarn.ac.at\/wordpress\/wp-content\/uploads\/2024\/12\/1000114309kl-350x263.jpg 350w, https:\/\/vspoechlarn.ac.at\/wordpress\/wp-content\/uploads\/2024\/12\/1000114309kl-250x188.jpg 250w\" alt=\"\" width=\"900\" height=\"675\" \/><\/a><\/div>\n<\/div>\n<div id=\"5190-image-5194\" class=\"col-xs-12 col-sm-4 col-md-4\">\n<div class=\"thumbnail\"><a href=\"https:\/\/vspoechlarn.ac.at\/wordpress\/2024\/12\/23\/weihnachtsfeier-2024\/1000114295kl\/\"><img loading=\"lazy\" decoding=\"async\" class=\"attachment-large size-large\" src=\"https:\/\/vspoechlarn.ac.at\/wordpress\/wp-content\/uploads\/2024\/12\/1000114295kl.jpg\" sizes=\"auto, (max-width: 900px) 100vw, 900px\" srcset=\"https:\/\/vspoechlarn.ac.at\/wordpress\/wp-content\/uploads\/2024\/12\/1000114295kl.jpg 1024w, https:\/\/vspoechlarn.ac.at\/wordpress\/wp-content\/uploads\/2024\/12\/1000114295kl-350x263.jpg 350w, https:\/\/vspoechlarn.ac.at\/wordpress\/wp-content\/uploads\/2024\/12\/1000114295kl-250x188.jpg 250w\" alt=\"\" width=\"900\" height=\"675\" \/><\/a><\/div>\n<\/div>\n<div id=\"5190-image-5193\" class=\"col-xs-12 col-sm-4 col-md-4\">\n<div class=\"thumbnail\"><a href=\"https:\/\/vspoechlarn.ac.at\/wordpress\/2024\/12\/23\/weihnachtsfeier-2024\/1000114285kl\/\"><img loading=\"lazy\" decoding=\"async\" class=\"attachment-large size-large\" src=\"https:\/\/vspoechlarn.ac.at\/wordpress\/wp-content\/uploads\/2024\/12\/1000114285kl.jpg\" sizes=\"auto, (max-width: 900px) 100vw, 900px\" srcset=\"https:\/\/vspoechlarn.ac.at\/wordpress\/wp-content\/uploads\/2024\/12\/1000114285kl.jpg 1024w, https:\/\/vspoechlarn.ac.at\/wordpress\/wp-content\/uploads\/2024\/12\/1000114285kl-350x231.jpg 350w, https:\/\/vspoechlarn.ac.at\/wordpress\/wp-content\/uploads\/2024\/12\/1000114285kl-250x165.jpg 250w\" alt=\"\" width=\"900\" height=\"595\" \/><\/a><\/div>\n<\/div>\n<div class=\"clearfix visible-md-block visible-lg-block\"><\/div>\n<div id=\"5190-image-5191\" class=\"col-xs-12 col-sm-4 col-md-4\">\n<div class=\"thumbnail\"><a href=\"https:\/\/vspoechlarn.ac.at\/wordpress\/2024\/12\/23\/weihnachtsfeier-2024\/1000114274kl\/\"><img loading=\"lazy\" decoding=\"async\" class=\"attachment-large size-large\" src=\"https:\/\/vspoechlarn.ac.at\/wordpress\/wp-content\/uploads\/2024\/12\/1000114274kl-1024x682.jpg\" sizes=\"auto, (max-width: 900px) 100vw, 900px\" srcset=\"https:\/\/vspoechlarn.ac.at\/wordpress\/wp-content\/uploads\/2024\/12\/1000114274kl-1024x682.jpg 1024w, https:\/\/vspoechlarn.ac.at\/wordpress\/wp-content\/uploads\/2024\/12\/1000114274kl-350x233.jpg 350w, https:\/\/vspoechlarn.ac.at\/wordpress\/wp-content\/uploads\/2024\/12\/1000114274kl-250x167.jpg 250w, https:\/\/vspoechlarn.ac.at\/wordpress\/wp-content\/uploads\/2024\/12\/1000114274kl.jpg 1028w\" alt=\"\" width=\"900\" height=\"599\" \/><\/a><\/div>\n<\/div>\n<\/div>\n<\/div>\n<\/div>\n<\/div>\n<div class=\"panel-footer entry-meta\">\n<p><small><span class=\"loop-category\"><a class=\"label label-success\" href=\"https:\/\/vspoechlarn.ac.at\/wordpress\/category\/allgemein\/\">Startseite<\/a>\u00a0<\/span><span class=\"loop-author\">|\u00a0<span class=\"author vcard\"><a class=\"url fn n\" href=\"https:\/\/vspoechlarn.ac.at\/wordpress\/author\/wp-admin\/\">wp-admin<\/a><\/span><\/span>\u00a0<span class=\"loop-date\">|\u00a0<time class=\"entry-date published updated\" datetime=\"2024-12-23T16:26:14+01:00\">23. Dezember 2024<\/time><\/span>\u00a0|\u00a0<span class=\"edit-link\"><a class=\"post-edit-link\" href=\"https:\/\/vspoechlarn.ac.at\/wordpress\/wp-admin\/post.php?post=5190&amp;action=edit\">Bearbeiten<\/a><\/span><\/small><\/p>\n<div class=\"clearfix\"><\/div>\n<\/div>\n<\/div>\n<\/article>\n<article id=\"post-5184\" class=\"loop_list post-5184 post type-post status-publish format-standard hentry category-allgemein\">\n<div class=\"panel panel-default\">\n<div class=\"panel-body clearfix\">\n<div class=\"fs-have-thumbnail\">\n<header class=\"entry-header\">\n<h4 class=\"entry-title\"><strong><a title=\"Permanentlink zu Cyber-Crime\" href=\"https:\/\/vspoechlarn.ac.at\/wordpress\/2024\/12\/17\/cyber-crime\/\" rel=\"bookmark\">Cyber-Crime<\/a><\/strong><\/h4>\n<\/header>\n<div class=\"entry-content\">\n<p>Nicht nur im Stra\u00dfenverkehr, sondern auch im Internet lauern viele Gefahren. Aus diesem Grund durften die Sch\u00fclerinnen und Sch\u00fcler der beiden vierten Klassen an einem kleinen Workshop zum Thema \u201eCyber-Crime\u201c teilnehmen. Vielen Dank an Gruppeninspektor Franz M\u00fchlberger von der Polizeidienststelle P\u00f6chlarn f\u00fcr diesen interessanten und lehrreichen Vortrag!<\/p>\n<div id=\"gallery_5184_41\" class=\"row\">\n<div id=\"5184-image-5185\" class=\"col-xs-12 col-sm-4 col-md-4\">\n<div class=\"thumbnail\"><a href=\"https:\/\/vspoechlarn.ac.at\/wordpress\/2024\/12\/17\/cyber-crime\/cybercrime-mittel\/\"><img loading=\"lazy\" decoding=\"async\" class=\"attachment-large size-large\" src=\"https:\/\/vspoechlarn.ac.at\/wordpress\/wp-content\/uploads\/2024\/12\/CyberCrime-Mittel.jpg\" sizes=\"auto, (max-width: 900px) 100vw, 900px\" srcset=\"https:\/\/vspoechlarn.ac.at\/wordpress\/wp-content\/uploads\/2024\/12\/CyberCrime-Mittel.jpg 1024w, https:\/\/vspoechlarn.ac.at\/wordpress\/wp-content\/uploads\/2024\/12\/CyberCrime-Mittel-350x263.jpg 350w, https:\/\/vspoechlarn.ac.at\/wordpress\/wp-content\/uploads\/2024\/12\/CyberCrime-Mittel-250x188.jpg 250w\" alt=\"\" width=\"900\" height=\"675\" \/><\/a><\/div>\n<\/div>\n<\/div>\n<\/div>\n<\/div>\n<\/div>\n<div class=\"panel-footer entry-meta\">\n<p><small><span class=\"loop-category\"><a class=\"label label-success\" href=\"https:\/\/vspoechlarn.ac.at\/wordpress\/category\/allgemein\/\">Startseite<\/a>\u00a0<\/span><span class=\"loop-author\">|\u00a0<span class=\"author vcard\"><a class=\"url fn n\" href=\"https:\/\/vspoechlarn.ac.at\/wordpress\/author\/wp-admin\/\">wp-admin<\/a><\/span><\/span>\u00a0<span class=\"loop-date\">|\u00a0<time class=\"entry-date published updated\" datetime=\"2024-12-17T11:39:54+01:00\">17. Dezember 2024<\/time><\/span>\u00a0|\u00a0<span class=\"edit-link\"><a class=\"post-edit-link\" href=\"https:\/\/vspoechlarn.ac.at\/wordpress\/wp-admin\/post.php?post=5184&amp;action=edit\">Bearbeiten<\/a><\/span><\/small><\/p>\n<div class=\"clearfix\"><\/div>\n<\/div>\n<\/div>\n<\/article>\n<article id=\"post-5131\" class=\"loop_list post-5131 post type-post status-publish format-standard hentry category-allgemein\">\n<div class=\"panel panel-default\">\n<div class=\"panel-body clearfix\">\n<div class=\"fs-have-thumbnail\">\n<header class=\"entry-header\">\n<h4 class=\"entry-title\"><strong><a title=\"Permanentlink zu K\u00fcrbissuppe\" href=\"https:\/\/vspoechlarn.ac.at\/wordpress\/2024\/12\/10\/kuerbissuppe\/\" rel=\"bookmark\">K\u00fcrbissuppe<\/a><\/strong><\/h4>\n<\/header>\n<div class=\"entry-content\">\n<p>Die Kinder der 4b durften im Mai, in Kooperation mit der \u00d6KO-MS P\u00f6chlarn, einen Speisek\u00fcrbis anpflanzen. Diesen reifen K\u00fcrbis verkochten die Sch\u00fclerinnen und Sch\u00fcler heute zu einer leckeren Suppe. Alle M\u00e4dchen und Buben waren mit Begeisterung bei der Sache! Die Suppe schmeckte k\u00f6stlich!<\/p>\n<div id=\"gallery_5131_42\" class=\"row\">\n<div id=\"5131-image-5132\" class=\"col-xs-12 col-sm-4 col-md-4\">\n<div class=\"thumbnail\"><a href=\"https:\/\/vspoechlarn.ac.at\/wordpress\/2024\/12\/10\/kuerbissuppe\/kuerbis-1-mittel\/\"><img loading=\"lazy\" decoding=\"async\" class=\"attachment-large size-large\" src=\"https:\/\/vspoechlarn.ac.at\/wordpress\/wp-content\/uploads\/2024\/12\/Kuerbis-1-Mittel.jpg\" sizes=\"auto, (max-width: 900px) 100vw, 900px\" srcset=\"https:\/\/vspoechlarn.ac.at\/wordpress\/wp-content\/uploads\/2024\/12\/Kuerbis-1-Mittel.jpg 1024w, https:\/\/vspoechlarn.ac.at\/wordpress\/wp-content\/uploads\/2024\/12\/Kuerbis-1-Mittel-350x263.jpg 350w, https:\/\/vspoechlarn.ac.at\/wordpress\/wp-content\/uploads\/2024\/12\/Kuerbis-1-Mittel-250x188.jpg 250w\" alt=\"\" width=\"900\" height=\"675\" \/><\/a><\/div>\n<\/div>\n<div id=\"5131-image-5133\" class=\"col-xs-12 col-sm-4 col-md-4\">\n<div class=\"thumbnail\"><a href=\"https:\/\/vspoechlarn.ac.at\/wordpress\/2024\/12\/10\/kuerbissuppe\/kuerbis-2-mittel\/\"><img loading=\"lazy\" decoding=\"async\" class=\"attachment-large size-large\" src=\"https:\/\/vspoechlarn.ac.at\/wordpress\/wp-content\/uploads\/2024\/12\/Kuerbis-2-Mittel.jpg\" sizes=\"auto, (max-width: 900px) 100vw, 900px\" srcset=\"https:\/\/vspoechlarn.ac.at\/wordpress\/wp-content\/uploads\/2024\/12\/Kuerbis-2-Mittel.jpg 1024w, https:\/\/vspoechlarn.ac.at\/wordpress\/wp-content\/uploads\/2024\/12\/Kuerbis-2-Mittel-350x263.jpg 350w, https:\/\/vspoechlarn.ac.at\/wordpress\/wp-content\/uploads\/2024\/12\/Kuerbis-2-Mittel-250x188.jpg 250w\" alt=\"\" width=\"900\" height=\"675\" \/><\/a><\/div>\n<\/div>\n<div id=\"5131-image-5134\" class=\"col-xs-12 col-sm-4 col-md-4\">\n<div class=\"thumbnail\"><a href=\"https:\/\/vspoechlarn.ac.at\/wordpress\/2024\/12\/10\/kuerbissuppe\/kuerbis-3-mittel\/\"><img loading=\"lazy\" decoding=\"async\" class=\"attachment-large size-large\" src=\"https:\/\/vspoechlarn.ac.at\/wordpress\/wp-content\/uploads\/2024\/12\/Kuerbis-3-Mittel.jpg\" sizes=\"auto, (max-width: 900px) 100vw, 900px\" srcset=\"https:\/\/vspoechlarn.ac.at\/wordpress\/wp-content\/uploads\/2024\/12\/Kuerbis-3-Mittel.jpg 1024w, https:\/\/vspoechlarn.ac.at\/wordpress\/wp-content\/uploads\/2024\/12\/Kuerbis-3-Mittel-350x263.jpg 350w, https:\/\/vspoechlarn.ac.at\/wordpress\/wp-content\/uploads\/2024\/12\/Kuerbis-3-Mittel-250x188.jpg 250w\" alt=\"\" width=\"900\" height=\"675\" \/><\/a><\/div>\n<\/div>\n<div class=\"clearfix visible-md-block visible-lg-block\"><\/div>\n<div id=\"5131-image-5135\" class=\"col-xs-12 col-sm-4 col-md-4\">\n<div class=\"thumbnail\"><a href=\"https:\/\/vspoechlarn.ac.at\/wordpress\/2024\/12\/10\/kuerbissuppe\/kuerbis-4-mittel\/\"><img loading=\"lazy\" decoding=\"async\" class=\"attachment-large size-large\" src=\"https:\/\/vspoechlarn.ac.at\/wordpress\/wp-content\/uploads\/2024\/12\/Kuerbis-4-Mittel.jpg\" sizes=\"auto, (max-width: 900px) 100vw, 900px\" srcset=\"https:\/\/vspoechlarn.ac.at\/wordpress\/wp-content\/uploads\/2024\/12\/Kuerbis-4-Mittel.jpg 1024w, https:\/\/vspoechlarn.ac.at\/wordpress\/wp-content\/uploads\/2024\/12\/Kuerbis-4-Mittel-350x263.jpg 350w, https:\/\/vspoechlarn.ac.at\/wordpress\/wp-content\/uploads\/2024\/12\/Kuerbis-4-Mittel-250x188.jpg 250w\" alt=\"\" width=\"900\" height=\"675\" \/><\/a><\/div>\n<\/div>\n<div id=\"5131-image-5136\" class=\"col-xs-12 col-sm-4 col-md-4\">\n<div class=\"thumbnail\"><a href=\"https:\/\/vspoechlarn.ac.at\/wordpress\/2024\/12\/10\/kuerbissuppe\/kuerbis-5-mittel\/\"><img loading=\"lazy\" decoding=\"async\" class=\"attachment-large size-large\" src=\"https:\/\/vspoechlarn.ac.at\/wordpress\/wp-content\/uploads\/2024\/12\/Kuerbis-5-Mittel.jpg\" sizes=\"auto, (max-width: 900px) 100vw, 900px\" srcset=\"https:\/\/vspoechlarn.ac.at\/wordpress\/wp-content\/uploads\/2024\/12\/Kuerbis-5-Mittel.jpg 1024w, https:\/\/vspoechlarn.ac.at\/wordpress\/wp-content\/uploads\/2024\/12\/Kuerbis-5-Mittel-350x263.jpg 350w, https:\/\/vspoechlarn.ac.at\/wordpress\/wp-content\/uploads\/2024\/12\/Kuerbis-5-Mittel-250x188.jpg 250w\" alt=\"\" width=\"900\" height=\"675\" \/><\/a><\/div>\n<\/div>\n<div id=\"5131-image-5137\" class=\"col-xs-12 col-sm-4 col-md-4\">\n<div class=\"thumbnail\"><a href=\"https:\/\/vspoechlarn.ac.at\/wordpress\/2024\/12\/10\/kuerbissuppe\/kuerbis-6-mittel\/\"><img loading=\"lazy\" decoding=\"async\" class=\"attachment-large size-large\" src=\"https:\/\/vspoechlarn.ac.at\/wordpress\/wp-content\/uploads\/2024\/12\/Kuerbis-6-Mittel.jpg\" sizes=\"auto, (max-width: 900px) 100vw, 900px\" srcset=\"https:\/\/vspoechlarn.ac.at\/wordpress\/wp-content\/uploads\/2024\/12\/Kuerbis-6-Mittel.jpg 1024w, https:\/\/vspoechlarn.ac.at\/wordpress\/wp-content\/uploads\/2024\/12\/Kuerbis-6-Mittel-350x263.jpg 350w, https:\/\/vspoechlarn.ac.at\/wordpress\/wp-content\/uploads\/2024\/12\/Kuerbis-6-Mittel-250x188.jpg 250w\" alt=\"\" width=\"900\" height=\"675\" \/><\/a><\/div>\n<\/div>\n<div class=\"clearfix visible-md-block visible-lg-block\"><\/div>\n<\/div>\n<\/div>\n<\/div>\n<\/div>\n<div class=\"panel-footer entry-meta\">\n<p><small><span class=\"loop-category\"><a class=\"label label-success\" href=\"https:\/\/vspoechlarn.ac.at\/wordpress\/category\/allgemein\/\">Startseite<\/a>\u00a0<\/span><span class=\"loop-author\">|\u00a0<span class=\"author vcard\"><a class=\"url fn n\" href=\"https:\/\/vspoechlarn.ac.at\/wordpress\/author\/wp-admin\/\">wp-admin<\/a><\/span><\/span>\u00a0<span class=\"loop-date\">|\u00a0<time class=\"entry-date published updated\" datetime=\"2024-12-10T11:35:46+01:00\">10. Dezember 2024<\/time><\/span>\u00a0|\u00a0<span class=\"edit-link\"><a class=\"post-edit-link\" href=\"https:\/\/vspoechlarn.ac.at\/wordpress\/wp-admin\/post.php?post=5131&amp;action=edit\">Bearbeiten<\/a><\/span><\/small><\/p>\n<div class=\"clearfix\"><\/div>\n<\/div>\n<\/div>\n<\/article>\n<article id=\"post-5126\" class=\"loop_list post-5126 post type-post status-publish format-standard hentry category-allgemein\">\n<div class=\"panel panel-default\">\n<div class=\"panel-body clearfix\">\n<div class=\"fs-have-thumbnail\">\n<header class=\"entry-header\">\n<h4 class=\"entry-title\"><strong><a title=\"Permanentlink zu Nicolo Schach Turnier\" href=\"https:\/\/vspoechlarn.ac.at\/wordpress\/2024\/12\/05\/nicolo-schach-turnier\/\" rel=\"bookmark\">Nicolo Schach Turnier<\/a><\/strong><\/h4>\n<\/header>\n<div class=\"entry-content\">\n<p>Bei unserem traditionellen Nikolo-Schach-Turnier gab es auch heuer viele strahlende Gesichter. Denn Herr Gattermayer hatte f\u00fcr jedes Kind einen Preis organisiert. Ganz besonders freuten sich die Erstplatzierten. Lukas Gruber siegte mit einer Ausbeute von 100% vor Modar Miadi und Sophie Kuttner. Wir gratulieren allen Kindern zu ihrer tollen Leistung und bedanken uns ganz herzlich bei Ing. Robert Gattermayer f\u00fcr die Preise.<\/p>\n<div id=\"gallery_5126_43\" class=\"row\">\n<div id=\"5126-image-5127\" class=\"col-xs-12 col-sm-6 col-md-6\">\n<div class=\"thumbnail\"><a href=\"https:\/\/vspoechlarn.ac.at\/wordpress\/2024\/12\/05\/nicolo-schach-turnier\/img_8992-mittel\/\"><img loading=\"lazy\" decoding=\"async\" class=\"attachment-large size-large\" src=\"https:\/\/vspoechlarn.ac.at\/wordpress\/wp-content\/uploads\/2024\/12\/IMG_8992-Mittel.jpg\" sizes=\"auto, (max-width: 900px) 100vw, 900px\" srcset=\"https:\/\/vspoechlarn.ac.at\/wordpress\/wp-content\/uploads\/2024\/12\/IMG_8992-Mittel.jpg 1024w, https:\/\/vspoechlarn.ac.at\/wordpress\/wp-content\/uploads\/2024\/12\/IMG_8992-Mittel-350x263.jpg 350w, https:\/\/vspoechlarn.ac.at\/wordpress\/wp-content\/uploads\/2024\/12\/IMG_8992-Mittel-250x188.jpg 250w\" alt=\"\" width=\"900\" height=\"675\" \/><\/a><\/div>\n<\/div>\n<\/div>\n<\/div>\n<\/div>\n<\/div>\n<div class=\"panel-footer entry-meta\">\n<p><small><span class=\"loop-category\"><a class=\"label label-success\" href=\"https:\/\/vspoechlarn.ac.at\/wordpress\/category\/allgemein\/\">Startseite<\/a>\u00a0<\/span><span class=\"loop-author\">|\u00a0<span class=\"author vcard\"><a class=\"url fn n\" href=\"https:\/\/vspoechlarn.ac.at\/wordpress\/author\/wp-admin\/\">wp-admin<\/a><\/span><\/span>\u00a0<span class=\"loop-date\">|\u00a0<time class=\"entry-date published updated\" datetime=\"2024-12-05T10:33:36+01:00\">5. Dezember 2024<\/time><\/span>\u00a0|\u00a0<span class=\"edit-link\"><a class=\"post-edit-link\" href=\"https:\/\/vspoechlarn.ac.at\/wordpress\/wp-admin\/post.php?post=5126&amp;action=edit\">Bearbeiten<\/a><\/span><\/small><\/p>\n<div class=\"clearfix\"><\/div>\n<\/div>\n<\/div>\n<\/article>\n<article id=\"post-5121\" class=\"loop_list post-5121 post type-post status-publish format-standard hentry category-allgemein\">\n<div class=\"panel panel-default\">\n<div class=\"panel-body clearfix\">\n<div class=\"fs-have-thumbnail\">\n<header class=\"entry-header\">\n<h4 class=\"entry-title\"><strong><a title=\"Permanentlink zu Weihnachtsschmuck f\u00fcr Eurospar Prauchner\" href=\"https:\/\/vspoechlarn.ac.at\/wordpress\/2024\/12\/05\/weihnachtsschmuck-fuer-eurospar-prauchner\/\" rel=\"bookmark\">Weihnachtsschmuck f\u00fcr Eurospar Prauchner<\/a><\/strong><\/h4>\n<\/header>\n<div class=\"entry-content\">\n<p>Auch heuer durften die Kinder unserer Schule f\u00fcr den Weihnachtsbaum von Eurospar Prauchner in P\u00f6chlarn Christbaumschmuck basteln. Am 5.12. wurde der Baum, stellvertretend f\u00fcr alle Kinder unserer Schule, von der 2b damit geschm\u00fcckt. Als Dankesch\u00f6n gab es daf\u00fcr von Herrn Unterberger f\u00fcr jedes Kind ein Getr\u00e4nk und einen Brioche-Krampus. Wir bedanken uns ganz herzlich bei dieser Weihnachtsaktion mitmachen zu d\u00fcrfen und f\u00fcr die gro\u00dfz\u00fcgigen Geschenke.<\/p>\n<div id=\"gallery_5121_44\" class=\"row\">\n<div id=\"5121-image-5122\" class=\"col-xs-12 col-sm-6 col-md-6\">\n<div class=\"thumbnail\"><a href=\"https:\/\/vspoechlarn.ac.at\/wordpress\/2024\/12\/05\/weihnachtsschmuck-fuer-eurospar-prauchner\/img_9001-mittel\/\"><img loading=\"lazy\" decoding=\"async\" class=\"attachment-large size-large\" src=\"https:\/\/vspoechlarn.ac.at\/wordpress\/wp-content\/uploads\/2024\/12\/IMG_9001-Mittel.jpg\" sizes=\"auto, (max-width: 768px) 100vw, 768px\" srcset=\"https:\/\/vspoechlarn.ac.at\/wordpress\/wp-content\/uploads\/2024\/12\/IMG_9001-Mittel.jpg 768w, https:\/\/vspoechlarn.ac.at\/wordpress\/wp-content\/uploads\/2024\/12\/IMG_9001-Mittel-225x300.jpg 225w, https:\/\/vspoechlarn.ac.at\/wordpress\/wp-content\/uploads\/2024\/12\/IMG_9001-Mittel-188x250.jpg 188w\" alt=\"\" width=\"768\" height=\"1024\" \/><\/a><\/div>\n<\/div>\n<\/div>\n<p>&nbsp;<\/p>\n<\/div>\n<\/div>\n<\/div>\n<div class=\"panel-footer entry-meta\">\n<p><small><span class=\"loop-category\"><a class=\"label label-success\" href=\"https:\/\/vspoechlarn.ac.at\/wordpress\/category\/allgemein\/\">Startseite<\/a>\u00a0<\/span><span class=\"loop-author\">|\u00a0<span class=\"author vcard\"><a class=\"url fn n\" href=\"https:\/\/vspoechlarn.ac.at\/wordpress\/author\/wp-admin\/\">wp-admin<\/a><\/span><\/span>\u00a0<span class=\"loop-date\">|\u00a0<time class=\"entry-date published updated\" datetime=\"2024-12-05T10:16:22+01:00\">5. Dezember 2024<\/time><\/span>\u00a0|\u00a0<span class=\"edit-link\"><a class=\"post-edit-link\" href=\"https:\/\/vspoechlarn.ac.at\/wordpress\/wp-admin\/post.php?post=5121&amp;action=edit\">Bearbeiten<\/a><\/span><\/small><\/p>\n<div class=\"clearfix\"><\/div>\n<\/div>\n<\/div>\n<\/article>\n<article id=\"post-5109\" class=\"loop_list post-5109 post type-post status-publish format-standard hentry category-allgemein\">\n<div class=\"panel panel-default\">\n<div class=\"panel-body clearfix\">\n<div class=\"fs-have-thumbnail\">\n<header class=\"entry-header\">\n<h4 class=\"entry-title\"><strong><a title=\"Permanentlink zu Weihnachtsr\u00e4tsel in der Bibliothek\" href=\"https:\/\/vspoechlarn.ac.at\/wordpress\/2024\/12\/02\/weihnachtsraetsel-in-der-bibliothek\/\" rel=\"bookmark\">Weihnachtsr\u00e4tsel in der Bibliothek<\/a><\/strong><\/h4>\n<\/header>\n<div class=\"entry-content\">\n<p>Im heurigen Advent gibt es in unserer Bibliothek nicht nur tolle B\u00fccher zum Entlehnen sondern auch eine Vielzahl an kniffligen Kinderr\u00e4tseln zum L\u00f6sen.<\/p>\n<div id=\"gallery_5109_45\" class=\"row\">\n<div id=\"5109-image-5111\" class=\"col-xs-12 col-sm-4 col-md-4\">\n<div class=\"thumbnail\"><a href=\"https:\/\/vspoechlarn.ac.at\/wordpress\/2024\/12\/02\/weihnachtsraetsel-in-der-bibliothek\/biblioweihwerkstatt-2\/\"><img loading=\"lazy\" decoding=\"async\" class=\"attachment-large size-large\" src=\"https:\/\/vspoechlarn.ac.at\/wordpress\/wp-content\/uploads\/2024\/12\/BiblioWeihWerkstatt-1-768x1024.jpg\" sizes=\"auto, (max-width: 768px) 100vw, 768px\" srcset=\"https:\/\/vspoechlarn.ac.at\/wordpress\/wp-content\/uploads\/2024\/12\/BiblioWeihWerkstatt-1-768x1024.jpg 768w, https:\/\/vspoechlarn.ac.at\/wordpress\/wp-content\/uploads\/2024\/12\/BiblioWeihWerkstatt-1-225x300.jpg 225w, https:\/\/vspoechlarn.ac.at\/wordpress\/wp-content\/uploads\/2024\/12\/BiblioWeihWerkstatt-1-188x250.jpg 188w, https:\/\/vspoechlarn.ac.at\/wordpress\/wp-content\/uploads\/2024\/12\/BiblioWeihWerkstatt-1-1152x1536.jpg 1152w, https:\/\/vspoechlarn.ac.at\/wordpress\/wp-content\/uploads\/2024\/12\/BiblioWeihWerkstatt-1-1536x2048.jpg 1536w, https:\/\/vspoechlarn.ac.at\/wordpress\/wp-content\/uploads\/2024\/12\/BiblioWeihWerkstatt-1-scaled.jpg 810w\" alt=\"\" width=\"768\" height=\"1024\" \/><\/a><\/div>\n<\/div>\n<\/div>\n<\/div>\n<\/div>\n<\/div>\n<div class=\"panel-footer entry-meta\">\n<p><small><span class=\"loop-category\"><a class=\"label label-success\" href=\"https:\/\/vspoechlarn.ac.at\/wordpress\/category\/allgemein\/\">Startseite<\/a>\u00a0<\/span><span class=\"loop-author\">|\u00a0<span class=\"author vcard\"><a class=\"url fn n\" href=\"https:\/\/vspoechlarn.ac.at\/wordpress\/author\/wp-admin\/\">wp-admin<\/a><\/span><\/span>\u00a0<span class=\"loop-date\">|\u00a0<time class=\"entry-date published updated\" datetime=\"2024-12-02T12:08:09+01:00\">2. Dezember 2024<\/time><\/span>\u00a0|\u00a0<span class=\"edit-link\"><a class=\"post-edit-link\" href=\"https:\/\/vspoechlarn.ac.at\/wordpress\/wp-admin\/post.php?post=5109&amp;action=edit\">Bearbeiten<\/a><\/span><\/small><\/p>\n<div class=\"clearfix\"><\/div>\n<\/div>\n<\/div>\n<\/article>\n<article id=\"post-5082\" class=\"loop_list post-5082 post type-post status-publish format-standard hentry category-allgemein\">\n<div class=\"panel panel-default\">\n<div class=\"panel-body clearfix\">\n<div class=\"fs-have-thumbnail\">\n<header class=\"entry-header\">\n<h4 class=\"entry-title\"><strong><a title=\"Permanentlink zu Adventwerkstatt\" href=\"https:\/\/vspoechlarn.ac.at\/wordpress\/2024\/11\/29\/adventwerkstatt\/\" rel=\"bookmark\">Adventwerkstatt<\/a><\/strong><\/h4>\n<\/header>\n<div class=\"entry-content\">\n<div dir=\"ltr\">\n<p>Am 27.11. durften sich die Kinder der 3a und 3b auf den Advent einstimmen. Mit viel Freude wurden Kekse gebacken, ein weihnachtliches Gesteck gebastelt und R\u00e4tsel sowie Knobelaufgaben gel\u00f6st. Wir bedanken uns ganz herzlich bei Frau Fuchs f\u00fcr ihre gro\u00dfartige Unterst\u00fctzung.<\/p>\n<p>&nbsp;<\/p>\n<div id=\"gallery_5082_46\" class=\"row\">\n<div id=\"5082-image-5083\" class=\"col-xs-12 col-sm-3 col-md-3\">\n<div class=\"thumbnail\"><a href=\"https:\/\/vspoechlarn.ac.at\/wordpress\/2024\/11\/29\/adventwerkstatt\/4a10efde-6338-4f0a-8422-7b02e7082403-gross\/\"><img loading=\"lazy\" decoding=\"async\" class=\"attachment-large size-large\" src=\"https:\/\/vspoechlarn.ac.at\/wordpress\/wp-content\/uploads\/2024\/11\/4a10efde-6338-4f0a-8422-7b02e7082403-Gross-768x1024.jpeg\" sizes=\"auto, (max-width: 768px) 100vw, 768px\" srcset=\"https:\/\/vspoechlarn.ac.at\/wordpress\/wp-content\/uploads\/2024\/11\/4a10efde-6338-4f0a-8422-7b02e7082403-Gross-768x1024.jpeg 768w, https:\/\/vspoechlarn.ac.at\/wordpress\/wp-content\/uploads\/2024\/11\/4a10efde-6338-4f0a-8422-7b02e7082403-Gross-225x300.jpeg 225w, https:\/\/vspoechlarn.ac.at\/wordpress\/wp-content\/uploads\/2024\/11\/4a10efde-6338-4f0a-8422-7b02e7082403-Gross-188x250.jpeg 188w, https:\/\/vspoechlarn.ac.at\/wordpress\/wp-content\/uploads\/2024\/11\/4a10efde-6338-4f0a-8422-7b02e7082403-Gross.jpeg 810w\" alt=\"\" width=\"768\" height=\"1024\" \/><\/a><\/div>\n<\/div>\n<div id=\"5082-image-5084\" class=\"col-xs-12 col-sm-3 col-md-3\">\n<div class=\"thumbnail\"><a href=\"https:\/\/vspoechlarn.ac.at\/wordpress\/2024\/11\/29\/adventwerkstatt\/8fa08116-4841-4daa-9cb9-2dc257136406-gross\/\"><img loading=\"lazy\" decoding=\"async\" class=\"attachment-large size-large\" src=\"https:\/\/vspoechlarn.ac.at\/wordpress\/wp-content\/uploads\/2024\/11\/8fa08116-4841-4daa-9cb9-2dc257136406-Gross-768x1024.jpeg\" sizes=\"auto, (max-width: 768px) 100vw, 768px\" srcset=\"https:\/\/vspoechlarn.ac.at\/wordpress\/wp-content\/uploads\/2024\/11\/8fa08116-4841-4daa-9cb9-2dc257136406-Gross-768x1024.jpeg 768w, https:\/\/vspoechlarn.ac.at\/wordpress\/wp-content\/uploads\/2024\/11\/8fa08116-4841-4daa-9cb9-2dc257136406-Gross-225x300.jpeg 225w, https:\/\/vspoechlarn.ac.at\/wordpress\/wp-content\/uploads\/2024\/11\/8fa08116-4841-4daa-9cb9-2dc257136406-Gross-188x250.jpeg 188w, https:\/\/vspoechlarn.ac.at\/wordpress\/wp-content\/uploads\/2024\/11\/8fa08116-4841-4daa-9cb9-2dc257136406-Gross.jpeg 810w\" alt=\"\" width=\"768\" height=\"1024\" \/><\/a><\/div>\n<\/div>\n<div id=\"5082-image-5085\" class=\"col-xs-12 col-sm-3 col-md-3\">\n<div class=\"thumbnail\"><a href=\"https:\/\/vspoechlarn.ac.at\/wordpress\/2024\/11\/29\/adventwerkstatt\/fb6de6ef-0967-464f-ab22-1e8b80e23090-gross\/\"><img loading=\"lazy\" decoding=\"async\" class=\"attachment-large size-large\" src=\"https:\/\/vspoechlarn.ac.at\/wordpress\/wp-content\/uploads\/2024\/11\/fb6de6ef-0967-464f-ab22-1e8b80e23090-Gross-768x1024.jpeg\" sizes=\"auto, (max-width: 768px) 100vw, 768px\" srcset=\"https:\/\/vspoechlarn.ac.at\/wordpress\/wp-content\/uploads\/2024\/11\/fb6de6ef-0967-464f-ab22-1e8b80e23090-Gross-768x1024.jpeg 768w, https:\/\/vspoechlarn.ac.at\/wordpress\/wp-content\/uploads\/2024\/11\/fb6de6ef-0967-464f-ab22-1e8b80e23090-Gross-225x300.jpeg 225w, https:\/\/vspoechlarn.ac.at\/wordpress\/wp-content\/uploads\/2024\/11\/fb6de6ef-0967-464f-ab22-1e8b80e23090-Gross-188x250.jpeg 188w, https:\/\/vspoechlarn.ac.at\/wordpress\/wp-content\/uploads\/2024\/11\/fb6de6ef-0967-464f-ab22-1e8b80e23090-Gross.jpeg 810w\" alt=\"\" width=\"768\" height=\"1024\" \/><\/a><\/div>\n<\/div>\n<div id=\"5082-image-5086\" class=\"col-xs-12 col-sm-3 col-md-3\">\n<div class=\"thumbnail\"><a href=\"https:\/\/vspoechlarn.ac.at\/wordpress\/2024\/11\/29\/adventwerkstatt\/img_9077-gross\/\"><img loading=\"lazy\" decoding=\"async\" class=\"attachment-large size-large\" src=\"https:\/\/vspoechlarn.ac.at\/wordpress\/wp-content\/uploads\/2024\/11\/IMG_9077-Gross-1024x768.jpeg\" sizes=\"auto, (max-width: 900px) 100vw, 900px\" srcset=\"https:\/\/vspoechlarn.ac.at\/wordpress\/wp-content\/uploads\/2024\/11\/IMG_9077-Gross-1024x768.jpeg 1024w, https:\/\/vspoechlarn.ac.at\/wordpress\/wp-content\/uploads\/2024\/11\/IMG_9077-Gross-350x263.jpeg 350w, https:\/\/vspoechlarn.ac.at\/wordpress\/wp-content\/uploads\/2024\/11\/IMG_9077-Gross-250x188.jpeg 250w, https:\/\/vspoechlarn.ac.at\/wordpress\/wp-content\/uploads\/2024\/11\/IMG_9077-Gross.jpeg 1440w\" alt=\"\" width=\"900\" height=\"675\" \/><\/a><\/div>\n<\/div>\n<div class=\"clearfix visible-md-block visible-lg-block\"><\/div>\n<\/div>\n<p>&nbsp;<\/p>\n<\/div>\n<div dir=\"ltr\"><\/div>\n<\/div>\n<\/div>\n<\/div>\n<div class=\"panel-footer entry-meta\">\n<p><small><span class=\"loop-category\"><a class=\"label label-success\" href=\"https:\/\/vspoechlarn.ac.at\/wordpress\/category\/allgemein\/\">Startseite<\/a>\u00a0<\/span><span class=\"loop-author\">|\u00a0<span class=\"author vcard\"><a class=\"url fn n\" href=\"https:\/\/vspoechlarn.ac.at\/wordpress\/author\/wp-admin\/\">wp-admin<\/a><\/span><\/span>\u00a0<span class=\"loop-date\">|\u00a0<time class=\"entry-date published updated\" datetime=\"2024-11-29T07:37:12+01:00\">29. November 2024<\/time><\/span>\u00a0|\u00a0<span class=\"edit-link\"><a class=\"post-edit-link\" href=\"https:\/\/vspoechlarn.ac.at\/wordpress\/wp-admin\/post.php?post=5082&amp;action=edit\">Bearbeiten<\/a><\/span><\/small><\/p>\n<div class=\"clearfix\"><\/div>\n<\/div>\n<\/div>\n<\/article>\n<article id=\"post-5072\" class=\"loop_list post-5072 post type-post status-publish format-standard hentry category-allgemein\">\n<div class=\"panel panel-default\">\n<div class=\"panel-body clearfix\">\n<div class=\"fs-have-thumbnail\">\n<header class=\"entry-header\">\n<h4 class=\"entry-title\"><strong><a title=\"Permanentlink zu Ich geh\u2018 mit meiner Laterne\u2026\" href=\"https:\/\/vspoechlarn.ac.at\/wordpress\/2024\/11\/18\/ich-geh-mit-meiner-laterne\/\" rel=\"bookmark\">Ich geh\u2018 mit meiner Laterne\u2026<\/a><\/strong><\/h4>\n<\/header>\n<div class=\"entry-content\">\n<p>Die Kinder der 4b feierten \u2013 im Rahmen des Musikunterrichts mit Frau Ulrike Weidinger \u2013 den Heiligen Martin. Alle Sch\u00fclerinnen und Sch\u00fcler durften ihre eigene Laterne mitbringen. Es wurde gesungen, getanzt und auch Brot geteilt und gegessen.<\/p>\n<div id=\"gallery_5072_47\" class=\"row\">\n<div id=\"5072-image-5075\" class=\"col-xs-12 col-sm-4 col-md-4\">\n<div class=\"thumbnail\"><a href=\"https:\/\/vspoechlarn.ac.at\/wordpress\/2024\/11\/18\/ich-geh-mit-meiner-laterne\/laterne-3-mittel\/\"><img loading=\"lazy\" decoding=\"async\" class=\"attachment-large size-large\" src=\"https:\/\/vspoechlarn.ac.at\/wordpress\/wp-content\/uploads\/2024\/11\/Laterne-3-Mittel.jpg\" sizes=\"auto, (max-width: 900px) 100vw, 900px\" srcset=\"https:\/\/vspoechlarn.ac.at\/wordpress\/wp-content\/uploads\/2024\/11\/Laterne-3-Mittel.jpg 990w, https:\/\/vspoechlarn.ac.at\/wordpress\/wp-content\/uploads\/2024\/11\/Laterne-3-Mittel-350x272.jpg 350w, https:\/\/vspoechlarn.ac.at\/wordpress\/wp-content\/uploads\/2024\/11\/Laterne-3-Mittel-250x194.jpg 250w\" alt=\"\" width=\"900\" height=\"698\" \/><\/a><\/div>\n<\/div>\n<div id=\"5072-image-5073\" class=\"col-xs-12 col-sm-4 col-md-4\">\n<div class=\"thumbnail\"><a href=\"https:\/\/vspoechlarn.ac.at\/wordpress\/2024\/11\/18\/ich-geh-mit-meiner-laterne\/laterne-1-mittel\/\"><img loading=\"lazy\" decoding=\"async\" class=\"attachment-large size-large\" src=\"https:\/\/vspoechlarn.ac.at\/wordpress\/wp-content\/uploads\/2024\/11\/Laterne-1-Mittel.jpg\" sizes=\"auto, (max-width: 900px) 100vw, 900px\" srcset=\"https:\/\/vspoechlarn.ac.at\/wordpress\/wp-content\/uploads\/2024\/11\/Laterne-1-Mittel.jpg 1024w, https:\/\/vspoechlarn.ac.at\/wordpress\/wp-content\/uploads\/2024\/11\/Laterne-1-Mittel-350x263.jpg 350w, https:\/\/vspoechlarn.ac.at\/wordpress\/wp-content\/uploads\/2024\/11\/Laterne-1-Mittel-250x188.jpg 250w\" alt=\"\" width=\"900\" height=\"675\" \/><\/a><\/div>\n<\/div>\n<div id=\"5072-image-5074\" class=\"col-xs-12 col-sm-4 col-md-4\">\n<div class=\"thumbnail\"><a href=\"https:\/\/vspoechlarn.ac.at\/wordpress\/2024\/11\/18\/ich-geh-mit-meiner-laterne\/laterne-2-mittel\/\"><img loading=\"lazy\" decoding=\"async\" class=\"attachment-large size-large\" src=\"https:\/\/vspoechlarn.ac.at\/wordpress\/wp-content\/uploads\/2024\/11\/Laterne-2-Mittel.jpg\" sizes=\"auto, (max-width: 900px) 100vw, 900px\" srcset=\"https:\/\/vspoechlarn.ac.at\/wordpress\/wp-content\/uploads\/2024\/11\/Laterne-2-Mittel.jpg 1024w, https:\/\/vspoechlarn.ac.at\/wordpress\/wp-content\/uploads\/2024\/11\/Laterne-2-Mittel-350x263.jpg 350w, https:\/\/vspoechlarn.ac.at\/wordpress\/wp-content\/uploads\/2024\/11\/Laterne-2-Mittel-250x188.jpg 250w\" alt=\"\" width=\"900\" height=\"675\" \/><\/a><\/div>\n<\/div>\n<div class=\"clearfix visible-md-block visible-lg-block\"><\/div>\n<div id=\"5072-image-5076\" class=\"col-xs-12 col-sm-4 col-md-4\">\n<div class=\"thumbnail\"><a href=\"https:\/\/vspoechlarn.ac.at\/wordpress\/2024\/11\/18\/ich-geh-mit-meiner-laterne\/laterne-4-mittel\/\"><img loading=\"lazy\" decoding=\"async\" class=\"attachment-large size-large\" src=\"https:\/\/vspoechlarn.ac.at\/wordpress\/wp-content\/uploads\/2024\/11\/Laterne-4-Mittel.jpg\" sizes=\"auto, (max-width: 900px) 100vw, 900px\" srcset=\"https:\/\/vspoechlarn.ac.at\/wordpress\/wp-content\/uploads\/2024\/11\/Laterne-4-Mittel.jpg 1024w, https:\/\/vspoechlarn.ac.at\/wordpress\/wp-content\/uploads\/2024\/11\/Laterne-4-Mittel-350x263.jpg 350w, https:\/\/vspoechlarn.ac.at\/wordpress\/wp-content\/uploads\/2024\/11\/Laterne-4-Mittel-250x188.jpg 250w\" alt=\"\" width=\"900\" height=\"675\" \/><\/a><\/div>\n<\/div>\n<\/div>\n<\/div>\n<\/div>\n<\/div>\n<div class=\"panel-footer entry-meta\">\n<p><small><span class=\"loop-category\"><a class=\"label label-success\" href=\"https:\/\/vspoechlarn.ac.at\/wordpress\/category\/allgemein\/\">Startseite<\/a>\u00a0<\/span><span class=\"loop-author\">|\u00a0<span class=\"author vcard\"><a class=\"url fn n\" href=\"https:\/\/vspoechlarn.ac.at\/wordpress\/author\/wp-admin\/\">wp-admin<\/a><\/span><\/span>\u00a0<span class=\"loop-date\">|\u00a0<time class=\"entry-date published updated\" datetime=\"2024-11-18T10:21:38+01:00\">18. November 2024<\/time><\/span>\u00a0|\u00a0<span class=\"edit-link\"><a class=\"post-edit-link\" href=\"https:\/\/vspoechlarn.ac.at\/wordpress\/wp-admin\/post.php?post=5072&amp;action=edit\">Bearbeiten<\/a><\/span><\/small><\/p>\n<div class=\"clearfix\"><\/div>\n<\/div>\n<\/div>\n<\/article>\n<article id=\"post-5061\" class=\"loop_list post-5061 post type-post status-publish format-standard hentry category-allgemein\">\n<div class=\"panel panel-default\">\n<div class=\"panel-body clearfix\">\n<div class=\"fs-have-thumbnail\">\n<header class=\"entry-header\">\n<h4 class=\"entry-title\"><strong><a title=\"Permanentlink zu Aktionstag in der \u00d6koMS P\u00f6chlarn\" href=\"https:\/\/vspoechlarn.ac.at\/wordpress\/2024\/11\/08\/aktionstag-in-der-oekoms-poechlarn\/\" rel=\"bookmark\">Aktionstag in der \u00d6koMS P\u00f6chlarn<\/a><\/strong><\/h4>\n<\/header>\n<div class=\"entry-content\">\n<p>Sichtlich angetan waren die M\u00e4dchen und Buben unserer 4. Klassen vom Aktionstag in der Mittelschule.<\/p>\n<div id=\"gallery_5061_48\" class=\"row\">\n<div id=\"5061-image-5063\" class=\"col-xs-12 col-sm-4 col-md-4\">\n<div class=\"thumbnail\"><a href=\"https:\/\/vspoechlarn.ac.at\/wordpress\/2024\/11\/08\/aktionstag-in-der-oekoms-poechlarn\/059835a1-7ac6-4434-88ae-5bf45e747546-gross\/\"><img loading=\"lazy\" decoding=\"async\" class=\"attachment-large size-large\" src=\"https:\/\/vspoechlarn.ac.at\/wordpress\/wp-content\/uploads\/2024\/11\/059835a1-7ac6-4434-88ae-5bf45e747546-Gross-1024x461.jpg\" sizes=\"auto, (max-width: 900px) 100vw, 900px\" srcset=\"https:\/\/vspoechlarn.ac.at\/wordpress\/wp-content\/uploads\/2024\/11\/059835a1-7ac6-4434-88ae-5bf45e747546-Gross-1024x461.jpg 1024w, https:\/\/vspoechlarn.ac.at\/wordpress\/wp-content\/uploads\/2024\/11\/059835a1-7ac6-4434-88ae-5bf45e747546-Gross-350x158.jpg 350w, https:\/\/vspoechlarn.ac.at\/wordpress\/wp-content\/uploads\/2024\/11\/059835a1-7ac6-4434-88ae-5bf45e747546-Gross-250x113.jpg 250w, https:\/\/vspoechlarn.ac.at\/wordpress\/wp-content\/uploads\/2024\/11\/059835a1-7ac6-4434-88ae-5bf45e747546-Gross-1536x692.jpg 1536w, https:\/\/vspoechlarn.ac.at\/wordpress\/wp-content\/uploads\/2024\/11\/059835a1-7ac6-4434-88ae-5bf45e747546-Gross.jpg 1920w\" alt=\"\" width=\"900\" height=\"405\" \/><\/a><\/div>\n<\/div>\n<div id=\"5061-image-5064\" class=\"col-xs-12 col-sm-4 col-md-4\">\n<div class=\"thumbnail\"><a href=\"https:\/\/vspoechlarn.ac.at\/wordpress\/2024\/11\/08\/aktionstag-in-der-oekoms-poechlarn\/580535af-850f-4cd0-9370-087dadd6099a-gross\/\"><img loading=\"lazy\" decoding=\"async\" class=\"attachment-large size-large\" src=\"https:\/\/vspoechlarn.ac.at\/wordpress\/wp-content\/uploads\/2024\/11\/580535af-850f-4cd0-9370-087dadd6099a-Gross-1024x461.jpg\" sizes=\"auto, (max-width: 900px) 100vw, 900px\" srcset=\"https:\/\/vspoechlarn.ac.at\/wordpress\/wp-content\/uploads\/2024\/11\/580535af-850f-4cd0-9370-087dadd6099a-Gross-1024x461.jpg 1024w, https:\/\/vspoechlarn.ac.at\/wordpress\/wp-content\/uploads\/2024\/11\/580535af-850f-4cd0-9370-087dadd6099a-Gross-350x158.jpg 350w, https:\/\/vspoechlarn.ac.at\/wordpress\/wp-content\/uploads\/2024\/11\/580535af-850f-4cd0-9370-087dadd6099a-Gross-250x113.jpg 250w, https:\/\/vspoechlarn.ac.at\/wordpress\/wp-content\/uploads\/2024\/11\/580535af-850f-4cd0-9370-087dadd6099a-Gross-1536x692.jpg 1536w, https:\/\/vspoechlarn.ac.at\/wordpress\/wp-content\/uploads\/2024\/11\/580535af-850f-4cd0-9370-087dadd6099a-Gross.jpg 1920w\" alt=\"\" width=\"900\" height=\"405\" \/><\/a><\/div>\n<\/div>\n<div id=\"5061-image-5065\" class=\"col-xs-12 col-sm-4 col-md-4\">\n<div class=\"thumbnail\"><a href=\"https:\/\/vspoechlarn.ac.at\/wordpress\/2024\/11\/08\/aktionstag-in-der-oekoms-poechlarn\/img_3406-gross\/\"><img loading=\"lazy\" decoding=\"async\" class=\"attachment-large size-large\" src=\"https:\/\/vspoechlarn.ac.at\/wordpress\/wp-content\/uploads\/2024\/11\/IMG_3406-Gross-1024x768.jpg\" sizes=\"auto, (max-width: 900px) 100vw, 900px\" srcset=\"https:\/\/vspoechlarn.ac.at\/wordpress\/wp-content\/uploads\/2024\/11\/IMG_3406-Gross-1024x768.jpg 1024w, https:\/\/vspoechlarn.ac.at\/wordpress\/wp-content\/uploads\/2024\/11\/IMG_3406-Gross-350x263.jpg 350w, https:\/\/vspoechlarn.ac.at\/wordpress\/wp-content\/uploads\/2024\/11\/IMG_3406-Gross-250x188.jpg 250w, https:\/\/vspoechlarn.ac.at\/wordpress\/wp-content\/uploads\/2024\/11\/IMG_3406-Gross.jpg 1440w\" alt=\"\" width=\"900\" height=\"675\" \/><\/a><\/div>\n<\/div>\n<div class=\"clearfix visible-md-block visible-lg-block\"><\/div>\n<div id=\"5061-image-5066\" class=\"col-xs-12 col-sm-4 col-md-4\">\n<div class=\"thumbnail\"><a href=\"https:\/\/vspoechlarn.ac.at\/wordpress\/2024\/11\/08\/aktionstag-in-der-oekoms-poechlarn\/img_3411-gross\/\"><img loading=\"lazy\" decoding=\"async\" class=\"attachment-large size-large\" src=\"https:\/\/vspoechlarn.ac.at\/wordpress\/wp-content\/uploads\/2024\/11\/IMG_3411-Gross-1024x768.jpg\" sizes=\"auto, (max-width: 900px) 100vw, 900px\" srcset=\"https:\/\/vspoechlarn.ac.at\/wordpress\/wp-content\/uploads\/2024\/11\/IMG_3411-Gross-1024x768.jpg 1024w, https:\/\/vspoechlarn.ac.at\/wordpress\/wp-content\/uploads\/2024\/11\/IMG_3411-Gross-350x263.jpg 350w, https:\/\/vspoechlarn.ac.at\/wordpress\/wp-content\/uploads\/2024\/11\/IMG_3411-Gross-250x188.jpg 250w, https:\/\/vspoechlarn.ac.at\/wordpress\/wp-content\/uploads\/2024\/11\/IMG_3411-Gross.jpg 1440w\" alt=\"\" width=\"900\" height=\"675\" \/><\/a><\/div>\n<\/div>\n<div id=\"5061-image-5067\" class=\"col-xs-12 col-sm-4 col-md-4\">\n<div class=\"thumbnail\"><a href=\"https:\/\/vspoechlarn.ac.at\/wordpress\/2024\/11\/08\/aktionstag-in-der-oekoms-poechlarn\/img_3415-gross\/\"><img loading=\"lazy\" decoding=\"async\" class=\"attachment-large size-large\" src=\"https:\/\/vspoechlarn.ac.at\/wordpress\/wp-content\/uploads\/2024\/11\/IMG_3415-Gross-1024x768.jpg\" sizes=\"auto, (max-width: 900px) 100vw, 900px\" srcset=\"https:\/\/vspoechlarn.ac.at\/wordpress\/wp-content\/uploads\/2024\/11\/IMG_3415-Gross-1024x768.jpg 1024w, https:\/\/vspoechlarn.ac.at\/wordpress\/wp-content\/uploads\/2024\/11\/IMG_3415-Gross-350x263.jpg 350w, https:\/\/vspoechlarn.ac.at\/wordpress\/wp-content\/uploads\/2024\/11\/IMG_3415-Gross-250x188.jpg 250w, https:\/\/vspoechlarn.ac.at\/wordpress\/wp-content\/uploads\/2024\/11\/IMG_3415-Gross.jpg 1440w\" alt=\"\" width=\"900\" height=\"675\" \/><\/a><\/div>\n<\/div>\n<\/div>\n<\/div>\n<\/div>\n<\/div>\n<div class=\"panel-footer entry-meta\">\n<p><small><span class=\"loop-category\"><a class=\"label label-success\" href=\"https:\/\/vspoechlarn.ac.at\/wordpress\/category\/allgemein\/\">Startseite<\/a>\u00a0<\/span><span class=\"loop-author\">|\u00a0<span class=\"author vcard\"><a class=\"url fn n\" href=\"https:\/\/vspoechlarn.ac.at\/wordpress\/author\/wp-admin\/\">wp-admin<\/a><\/span><\/span>\u00a0<span class=\"loop-date\">|\u00a0<time class=\"entry-date published updated\" datetime=\"2024-11-08T08:39:02+01:00\">8. November 2024<\/time><\/span>\u00a0|\u00a0<span class=\"edit-link\"><a class=\"post-edit-link\" href=\"https:\/\/vspoechlarn.ac.at\/wordpress\/wp-admin\/post.php?post=5061&amp;action=edit\">Bearbeiten<\/a><\/span><\/small><\/p>\n<div class=\"clearfix\"><\/div>\n<\/div>\n<\/div>\n<\/article>\n<article id=\"post-5057\" class=\"loop_list post-5057 post type-post status-publish format-standard hentry category-allgemein\">\n<div class=\"panel panel-default\">\n<div class=\"panel-body clearfix\">\n<div class=\"fs-have-thumbnail\">\n<header class=\"entry-header\">\n<h4 class=\"entry-title\"><strong><a title=\"Permanentlink zu Goldener Herbst\" href=\"https:\/\/vspoechlarn.ac.at\/wordpress\/2024\/11\/07\/goldener-herbst\/\" rel=\"bookmark\">Goldener Herbst<\/a><\/strong><\/h4>\n<\/header>\n<div class=\"entry-content\">\n<p>Die Kinder der 2b genie\u00dfen die regelm\u00e4\u00dfigen Pausen im Schlosspark und finden gro\u00dfen Gefallen am Laubregen.<\/p>\n<div id=\"gallery_5057_49\" class=\"row\">\n<div id=\"5057-image-5058\" class=\"col-xs-12 col-sm-6 col-md-6\">\n<div class=\"thumbnail\"><a href=\"https:\/\/vspoechlarn.ac.at\/wordpress\/2024\/11\/07\/goldener-herbst\/img_20241106_122320-gross\/\"><img loading=\"lazy\" decoding=\"async\" class=\"attachment-large size-large\" src=\"https:\/\/vspoechlarn.ac.at\/wordpress\/wp-content\/uploads\/2024\/11\/IMG_20241106_122320-Gross-1024x768.jpg\" sizes=\"auto, (max-width: 900px) 100vw, 900px\" srcset=\"https:\/\/vspoechlarn.ac.at\/wordpress\/wp-content\/uploads\/2024\/11\/IMG_20241106_122320-Gross-1024x768.jpg 1024w, https:\/\/vspoechlarn.ac.at\/wordpress\/wp-content\/uploads\/2024\/11\/IMG_20241106_122320-Gross-350x263.jpg 350w, https:\/\/vspoechlarn.ac.at\/wordpress\/wp-content\/uploads\/2024\/11\/IMG_20241106_122320-Gross-250x188.jpg 250w, https:\/\/vspoechlarn.ac.at\/wordpress\/wp-content\/uploads\/2024\/11\/IMG_20241106_122320-Gross.jpg 1440w\" alt=\"\" width=\"900\" height=\"675\" \/><\/a><\/div>\n<\/div>\n<div id=\"5057-image-5059\" class=\"col-xs-12 col-sm-6 col-md-6\">\n<div class=\"thumbnail\"><a href=\"https:\/\/vspoechlarn.ac.at\/wordpress\/2024\/11\/07\/goldener-herbst\/img_20241106_122321\/\"><img loading=\"lazy\" decoding=\"async\" class=\"attachment-large size-large\" src=\"https:\/\/vspoechlarn.ac.at\/wordpress\/wp-content\/uploads\/2024\/11\/IMG_20241106_122321-1024x768.jpg\" sizes=\"auto, (max-width: 900px) 100vw, 900px\" srcset=\"https:\/\/vspoechlarn.ac.at\/wordpress\/wp-content\/uploads\/2024\/11\/IMG_20241106_122321-1024x768.jpg 1024w, https:\/\/vspoechlarn.ac.at\/wordpress\/wp-content\/uploads\/2024\/11\/IMG_20241106_122321-350x263.jpg 350w, https:\/\/vspoechlarn.ac.at\/wordpress\/wp-content\/uploads\/2024\/11\/IMG_20241106_122321-250x188.jpg 250w, https:\/\/vspoechlarn.ac.at\/wordpress\/wp-content\/uploads\/2024\/11\/IMG_20241106_122321-1536x1152.jpg 1536w, https:\/\/vspoechlarn.ac.at\/wordpress\/wp-content\/uploads\/2024\/11\/IMG_20241106_122321-2048x1536.jpg 2048w, https:\/\/vspoechlarn.ac.at\/wordpress\/wp-content\/uploads\/2024\/11\/IMG_20241106_122321-scaled.jpg 1440w\" alt=\"\" width=\"900\" height=\"675\" \/><\/a><\/div>\n<\/div>\n<div class=\"clearfix visible-md-block visible-lg-block\"><\/div>\n<\/div>\n<\/div>\n<\/div>\n<\/div>\n<div class=\"panel-footer entry-meta\">\n<p><small><span class=\"loop-category\"><a class=\"label label-success\" href=\"https:\/\/vspoechlarn.ac.at\/wordpress\/category\/allgemein\/\">Startseite<\/a>\u00a0<\/span><span class=\"loop-author\">|\u00a0<span class=\"author vcard\"><a class=\"url fn n\" href=\"https:\/\/vspoechlarn.ac.at\/wordpress\/author\/wp-admin\/\">wp-admin<\/a><\/span><\/span>\u00a0<span class=\"loop-date\">|\u00a0<time class=\"entry-date published updated\" datetime=\"2024-11-07T09:27:42+01:00\">7. November 2024<\/time><\/span>\u00a0|\u00a0<span class=\"edit-link\"><a class=\"post-edit-link\" href=\"https:\/\/vspoechlarn.ac.at\/wordpress\/wp-admin\/post.php?post=5057&amp;action=edit\">Bearbeiten<\/a><\/span><\/small><\/p>\n<div class=\"clearfix\"><\/div>\n<\/div>\n<\/div>\n<\/article>\n<article id=\"post-5052\" class=\"loop_list post-5052 post type-post status-publish format-standard hentry category-allgemein\">\n<div class=\"panel panel-default\">\n<div class=\"panel-body clearfix\">\n<div class=\"fs-have-thumbnail\">\n<header class=\"entry-header\">\n<h4 class=\"entry-title\"><strong><a title=\"Permanentlink zu Radfahrpr\u00fcfung\" href=\"https:\/\/vspoechlarn.ac.at\/wordpress\/2024\/11\/05\/radfahrpruefung-2\/\" rel=\"bookmark\">Radfahrpr\u00fcfung<\/a><\/strong><\/h4>\n<\/header>\n<div class=\"entry-content\">\n<p>Wir gratulieren den Kindern der 4a und 4b ganz herzlich zur bestandenen Radfahrpr\u00fcfung.<\/p>\n<div id=\"gallery_5052_50\" class=\"row\">\n<div id=\"5052-image-5053\" class=\"col-xs-12 col-sm-6 col-md-6\">\n<div class=\"thumbnail\"><a href=\"https:\/\/vspoechlarn.ac.at\/wordpress\/2024\/11\/05\/radfahrpruefung-2\/img_8853-gross\/\"><img loading=\"lazy\" decoding=\"async\" class=\"attachment-large size-large\" src=\"https:\/\/vspoechlarn.ac.at\/wordpress\/wp-content\/uploads\/2024\/11\/IMG_8853-Gross-1024x768.jpg\" sizes=\"auto, (max-width: 900px) 100vw, 900px\" srcset=\"https:\/\/vspoechlarn.ac.at\/wordpress\/wp-content\/uploads\/2024\/11\/IMG_8853-Gross-1024x768.jpg 1024w, https:\/\/vspoechlarn.ac.at\/wordpress\/wp-content\/uploads\/2024\/11\/IMG_8853-Gross-350x263.jpg 350w, https:\/\/vspoechlarn.ac.at\/wordpress\/wp-content\/uploads\/2024\/11\/IMG_8853-Gross-250x188.jpg 250w, https:\/\/vspoechlarn.ac.at\/wordpress\/wp-content\/uploads\/2024\/11\/IMG_8853-Gross.jpg 1440w\" alt=\"\" width=\"900\" height=\"675\" \/><\/a><\/div>\n<\/div>\n<div id=\"5052-image-5055\" class=\"col-xs-12 col-sm-6 col-md-6\">\n<div class=\"thumbnail\"><a href=\"https:\/\/vspoechlarn.ac.at\/wordpress\/2024\/11\/05\/radfahrpruefung-2\/img_3391-gross\/\"><img loading=\"lazy\" decoding=\"async\" class=\"attachment-large size-large\" src=\"https:\/\/vspoechlarn.ac.at\/wordpress\/wp-content\/uploads\/2024\/11\/IMG_3391-Gross-1024x768.jpg\" sizes=\"auto, (max-width: 900px) 100vw, 900px\" srcset=\"https:\/\/vspoechlarn.ac.at\/wordpress\/wp-content\/uploads\/2024\/11\/IMG_3391-Gross-1024x768.jpg 1024w, https:\/\/vspoechlarn.ac.at\/wordpress\/wp-content\/uploads\/2024\/11\/IMG_3391-Gross-350x263.jpg 350w, https:\/\/vspoechlarn.ac.at\/wordpress\/wp-content\/uploads\/2024\/11\/IMG_3391-Gross-250x188.jpg 250w, https:\/\/vspoechlarn.ac.at\/wordpress\/wp-content\/uploads\/2024\/11\/IMG_3391-Gross.jpg 1440w\" alt=\"\" width=\"900\" height=\"675\" \/><\/a><\/div>\n<\/div>\n<div class=\"clearfix visible-md-block visible-lg-block\"><\/div>\n<\/div>\n<\/div>\n<\/div>\n<\/div>\n<div class=\"panel-footer entry-meta\"><small><span class=\"loop-category\"><a class=\"label label-success\" href=\"https:\/\/vspoechlarn.ac.at\/wordpress\/category\/allgemein\/\">Startseite<\/a><\/span><span class=\"loop-author\">|\u00a0<span class=\"author vcard\"><a class=\"url fn n\" href=\"https:\/\/vspoechlarn.ac.at\/wordpress\/author\/wp-admin\/\">wp-admin<\/a><\/span><\/span>\u00a0<span class=\"loop-date\">|\u00a0<time class=\"entry-date published updated\" datetime=\"2024-11-05T11:01:09+01:00\">5. November 2024<\/time><\/span>\u00a0|\u00a0<span class=\"edit-link\"><a class=\"post-edit-link\" href=\"https:\/\/vspoechlarn.ac.at\/wordpress\/wp-admin\/post.php?post=5052&amp;action=edit\">Bearbeiten<\/a><\/span><\/small><\/div>\n<\/div>\n<div>\n<article id=\"post-5046\" class=\"loop_list post-5046 post type-post status-publish format-standard hentry category-allgemein\">\n<div class=\"panel panel-default\">\n<div class=\"panel-body clearfix\">\n<div class=\"fs-have-thumbnail\">\n<header class=\"entry-header\">\n<h4 class=\"entry-title\"><strong><a title=\"Permanentlink zu Nationalfeiertag\" href=\"https:\/\/vspoechlarn.ac.at\/wordpress\/2024\/11\/03\/nationalfeiertag-2\/\" rel=\"bookmark\">Nationalfeiertag<\/a><\/strong><\/h4>\n<\/header>\n<div class=\"entry-content\">\n<p>Anl\u00e4sslich des Nationalfeiertages wurde am Freitag vor den Herbstferien unsere rot-wei\u00df-rote Fahne gehisst. In Dankbarkeit f\u00fcr den Frieden in \u00d6sterreich lauschten wir einem Gedicht unserer Kinder der beiden 1. Klassen. Zuletzt wurde gemeinsam die 1. Strophe der Bundeshymne gesungen.<\/p>\n<div id=\"gallery_5046_1\" class=\"row\">\n<div id=\"5046-image-5047\" class=\"col-xs-12 col-sm-6 col-md-6\">\n<div class=\"thumbnail\"><a href=\"https:\/\/vspoechlarn.ac.at\/wordpress\/2024\/11\/03\/nationalfeiertag-2\/img_3284\/\"><img loading=\"lazy\" decoding=\"async\" class=\"attachment-large size-large\" src=\"https:\/\/vspoechlarn.ac.at\/wordpress\/wp-content\/uploads\/2024\/11\/IMG_3284-1024x768.jpg\" sizes=\"auto, (max-width: 900px) 100vw, 900px\" srcset=\"https:\/\/vspoechlarn.ac.at\/wordpress\/wp-content\/uploads\/2024\/11\/IMG_3284-1024x768.jpg 1024w, https:\/\/vspoechlarn.ac.at\/wordpress\/wp-content\/uploads\/2024\/11\/IMG_3284-350x263.jpg 350w, https:\/\/vspoechlarn.ac.at\/wordpress\/wp-content\/uploads\/2024\/11\/IMG_3284-1536x1152.jpg 1536w, https:\/\/vspoechlarn.ac.at\/wordpress\/wp-content\/uploads\/2024\/11\/IMG_3284-2048x1536.jpg 2048w, https:\/\/vspoechlarn.ac.at\/wordpress\/wp-content\/uploads\/2024\/11\/IMG_3284-scaled.jpg 1440w\" alt=\"\" width=\"900\" height=\"675\" \/><\/a><\/div>\n<\/div>\n<div id=\"5046-image-5048\" class=\"col-xs-12 col-sm-6 col-md-6\">\n<div class=\"thumbnail\"><a href=\"https:\/\/vspoechlarn.ac.at\/wordpress\/2024\/11\/03\/nationalfeiertag-2\/img_3288\/\"><img loading=\"lazy\" decoding=\"async\" class=\"attachment-large size-large\" src=\"https:\/\/vspoechlarn.ac.at\/wordpress\/wp-content\/uploads\/2024\/11\/IMG_3288-1024x768.jpg\" sizes=\"auto, (max-width: 900px) 100vw, 900px\" srcset=\"https:\/\/vspoechlarn.ac.at\/wordpress\/wp-content\/uploads\/2024\/11\/IMG_3288-1024x768.jpg 1024w, https:\/\/vspoechlarn.ac.at\/wordpress\/wp-content\/uploads\/2024\/11\/IMG_3288-350x263.jpg 350w, https:\/\/vspoechlarn.ac.at\/wordpress\/wp-content\/uploads\/2024\/11\/IMG_3288-1536x1152.jpg 1536w, https:\/\/vspoechlarn.ac.at\/wordpress\/wp-content\/uploads\/2024\/11\/IMG_3288-2048x1536.jpg 2048w, https:\/\/vspoechlarn.ac.at\/wordpress\/wp-content\/uploads\/2024\/11\/IMG_3288-scaled.jpg 1440w\" alt=\"\" width=\"900\" height=\"675\" \/><\/a><\/div>\n<\/div>\n<div class=\"clearfix visible-md-block visible-lg-block\"><\/div>\n<\/div>\n<p>&nbsp;<\/p>\n<\/div>\n<\/div>\n<\/div>\n<div class=\"panel-footer entry-meta\">\n<p><small><span class=\"loop-category\"><a class=\"label label-success\" href=\"https:\/\/vspoechlarn.ac.at\/wordpress\/category\/allgemein\/\">Startseite<\/a>\u00a0<\/span><span class=\"loop-author\">|\u00a0<span class=\"author vcard\"><a class=\"url fn n\" href=\"https:\/\/vspoechlarn.ac.at\/wordpress\/author\/wp-admin\/\">wp-admin<\/a><\/span><\/span>\u00a0<span class=\"loop-date\">|\u00a0<time class=\"entry-date published updated\" datetime=\"2024-11-03T15:46:25+01:00\">3. November 2024<\/time><\/span>\u00a0|\u00a0<span class=\"edit-link\"><a class=\"post-edit-link\" href=\"https:\/\/vspoechlarn.ac.at\/wordpress\/wp-admin\/post.php?post=5046&amp;action=edit\">Bearbeiten<\/a><\/span><\/small><\/p>\n<div class=\"clearfix\"><\/div>\n<\/div>\n<\/div>\n<\/article>\n<article id=\"post-5038\" class=\"loop_list post-5038 post type-post status-publish format-standard hentry category-allgemein\">\n<div class=\"panel panel-default\">\n<div class=\"panel-body clearfix\">\n<div class=\"fs-have-thumbnail\">\n<header class=\"entry-header\">\n<h4 class=\"entry-title\"><strong><a title=\"Permanentlink zu Frau Holle\" href=\"https:\/\/vspoechlarn.ac.at\/wordpress\/2024\/10\/23\/frau-holle\/\" rel=\"bookmark\">Frau Holle<\/a><\/strong><\/h4>\n<\/header>\n<div class=\"entry-content\">\n<p>Am Montag konnten die M\u00e4dchen und Buben unserer Schule zu den Herbsttagen nach Blindenmarkt fahren. Auf dem Programm stand eine Musical-Version von Frau Holle, die mit tollen Darstellern und einer kritischen Klimakrisen- Dramaturgie, sowohl die Kinder als auch Lehrkr\u00e4fte begeisterte. Wir bedanken uns ganz herzlich bei unserem Elternverein, der diesen Theaterausflug mit 5\u20ac pro Kind unterst\u00fctzt hat.<\/p>\n<div id=\"gallery_5038_2\" class=\"row\">\n<div id=\"5038-image-5039\" class=\"col-xs-12 col-sm-12 col-md-12\">\n<div class=\"thumbnail\"><a href=\"https:\/\/vspoechlarn.ac.at\/wordpress\/2024\/10\/23\/frau-holle\/img_3258-gross\/\"><img loading=\"lazy\" decoding=\"async\" class=\"attachment-large size-large\" src=\"https:\/\/vspoechlarn.ac.at\/wordpress\/wp-content\/uploads\/2024\/10\/IMG_3258-Gross-1024x768.jpg\" sizes=\"auto, (max-width: 900px) 100vw, 900px\" srcset=\"https:\/\/vspoechlarn.ac.at\/wordpress\/wp-content\/uploads\/2024\/10\/IMG_3258-Gross-1024x768.jpg 1024w, https:\/\/vspoechlarn.ac.at\/wordpress\/wp-content\/uploads\/2024\/10\/IMG_3258-Gross-350x263.jpg 350w, https:\/\/vspoechlarn.ac.at\/wordpress\/wp-content\/uploads\/2024\/10\/IMG_3258-Gross.jpg 1440w\" alt=\"\" width=\"900\" height=\"675\" \/><\/a><\/div>\n<\/div>\n<div class=\"clearfix visible-md-block visible-lg-block\"><\/div>\n<\/div>\n<\/div>\n<\/div>\n<\/div>\n<div class=\"panel-footer entry-meta\">\n<p><small><span class=\"loop-category\"><a class=\"label label-success\" href=\"https:\/\/vspoechlarn.ac.at\/wordpress\/category\/allgemein\/\">Startseite<\/a>\u00a0<\/span><span class=\"loop-author\">|\u00a0<span class=\"author vcard\"><a class=\"url fn n\" href=\"https:\/\/vspoechlarn.ac.at\/wordpress\/author\/wp-admin\/\">wp-admin<\/a><\/span><\/span>\u00a0<span class=\"loop-date\">|\u00a0<time class=\"entry-date published updated\" datetime=\"2024-10-23T07:51:16+02:00\">23. Oktober 2024<\/time><\/span>\u00a0|\u00a0<span class=\"edit-link\"><a class=\"post-edit-link\" href=\"https:\/\/vspoechlarn.ac.at\/wordpress\/wp-admin\/post.php?post=5038&amp;action=edit\">Bearbeiten<\/a><\/span><\/small><\/p>\n<div class=\"clearfix\"><\/div>\n<\/div>\n<\/div>\n<\/article>\n<article id=\"post-5026\" class=\"loop_list post-5026 post type-post status-publish format-standard hentry category-allgemein\">\n<div class=\"panel panel-default\">\n<div class=\"panel-body clearfix\">\n<div class=\"fs-have-thumbnail\">\n<header class=\"entry-header\">\n<h4 class=\"entry-title\"><strong><a title=\"Permanentlink zu Schule am Bauernhof\" href=\"https:\/\/vspoechlarn.ac.at\/wordpress\/2024\/10\/11\/schule-am-bauernhof\/\" rel=\"bookmark\">Schule am Bauernhof<\/a><\/strong><\/h4>\n<\/header>\n<div class=\"entry-content\">\n<div class=\"x_elementToProof\">Die Klassen 2a und 2b durften einen Vormittag am \u201eTexelhof\u201c in Matzleinsdorf erleben.<\/div>\n<div class=\"x_elementToProof\">Ein abwechslungsreiches Programm wurde geboten.<\/div>\n<div class=\"x_elementToProof\">Von Birnensaft pressen, Erd\u00e4pfel-Wedges zubereiten und einem ausgiebigen Stallrundgang mit Schweinen, H\u00fchnern, Schafen und freilaufenden H\u00e4ngebauchschweinen war alles dabei.<\/div>\n<div class=\"x_elementToProof\">Auch ein Schaubienenkasten wurde interessiert beobachtet.<\/div>\n<div class=\"x_elementToProof\">Die Kinder erfuhren viel Wissenswertes \u00fcber die Tiere und den Hof.<\/div>\n<div class=\"x_elementToProof\">Nat\u00fcrlich durfte eine Verkostung selbstgemachter\u00a0Produkte nicht fehlen.<\/div>\n<div class=\"x_elementToProof\">Bei einem abschlie\u00dfenden Spiel konnten die Sch\u00fcler das erworbene Wissen unter Beweis stellen.<\/div>\n<div class=\"x_elementToProof\">\n<p>Es war ein toller Vormittag!<\/p>\n<div id=\"gallery_5026_3\" class=\"row\">\n<div id=\"5026-image-5027\" class=\"col-xs-12 col-sm-4 col-md-4\">\n<div class=\"thumbnail\"><a href=\"https:\/\/vspoechlarn.ac.at\/wordpress\/2024\/10\/11\/schule-am-bauernhof\/20241009_085931\/\"><img loading=\"lazy\" decoding=\"async\" class=\"attachment-large size-large\" src=\"https:\/\/vspoechlarn.ac.at\/wordpress\/wp-content\/uploads\/2024\/10\/20241009_085931-768x1024.jpg\" sizes=\"auto, (max-width: 768px) 100vw, 768px\" srcset=\"https:\/\/vspoechlarn.ac.at\/wordpress\/wp-content\/uploads\/2024\/10\/20241009_085931-768x1024.jpg 768w, https:\/\/vspoechlarn.ac.at\/wordpress\/wp-content\/uploads\/2024\/10\/20241009_085931-225x300.jpg 225w, https:\/\/vspoechlarn.ac.at\/wordpress\/wp-content\/uploads\/2024\/10\/20241009_085931-1152x1536.jpg 1152w, https:\/\/vspoechlarn.ac.at\/wordpress\/wp-content\/uploads\/2024\/10\/20241009_085931-1536x2048.jpg 1536w, https:\/\/vspoechlarn.ac.at\/wordpress\/wp-content\/uploads\/2024\/10\/20241009_085931-rotated.jpg 810w\" alt=\"\" width=\"768\" height=\"1024\" \/><\/a><\/div>\n<\/div>\n<div id=\"5026-image-5028\" class=\"col-xs-12 col-sm-4 col-md-4\">\n<div class=\"thumbnail\"><a href=\"https:\/\/vspoechlarn.ac.at\/wordpress\/2024\/10\/11\/schule-am-bauernhof\/20241009_092940\/\"><img loading=\"lazy\" decoding=\"async\" class=\"attachment-large size-large\" src=\"https:\/\/vspoechlarn.ac.at\/wordpress\/wp-content\/uploads\/2024\/10\/20241009_092940-768x1024.jpg\" sizes=\"auto, (max-width: 768px) 100vw, 768px\" srcset=\"https:\/\/vspoechlarn.ac.at\/wordpress\/wp-content\/uploads\/2024\/10\/20241009_092940-768x1024.jpg 768w, https:\/\/vspoechlarn.ac.at\/wordpress\/wp-content\/uploads\/2024\/10\/20241009_092940-225x300.jpg 225w, https:\/\/vspoechlarn.ac.at\/wordpress\/wp-content\/uploads\/2024\/10\/20241009_092940-1152x1536.jpg 1152w, https:\/\/vspoechlarn.ac.at\/wordpress\/wp-content\/uploads\/2024\/10\/20241009_092940-1536x2048.jpg 1536w, https:\/\/vspoechlarn.ac.at\/wordpress\/wp-content\/uploads\/2024\/10\/20241009_092940-rotated.jpg 810w\" alt=\"\" width=\"768\" height=\"1024\" \/><\/a><\/div>\n<\/div>\n<div id=\"5026-image-5029\" class=\"col-xs-12 col-sm-4 col-md-4\">\n<div class=\"thumbnail\"><a href=\"https:\/\/vspoechlarn.ac.at\/wordpress\/2024\/10\/11\/schule-am-bauernhof\/20241009_093211\/\"><img loading=\"lazy\" decoding=\"async\" class=\"attachment-large size-large\" src=\"https:\/\/vspoechlarn.ac.at\/wordpress\/wp-content\/uploads\/2024\/10\/20241009_093211-768x1024.jpg\" sizes=\"auto, (max-width: 768px) 100vw, 768px\" srcset=\"https:\/\/vspoechlarn.ac.at\/wordpress\/wp-content\/uploads\/2024\/10\/20241009_093211-768x1024.jpg 768w, https:\/\/vspoechlarn.ac.at\/wordpress\/wp-content\/uploads\/2024\/10\/20241009_093211-225x300.jpg 225w, https:\/\/vspoechlarn.ac.at\/wordpress\/wp-content\/uploads\/2024\/10\/20241009_093211-1152x1536.jpg 1152w, https:\/\/vspoechlarn.ac.at\/wordpress\/wp-content\/uploads\/2024\/10\/20241009_093211-1536x2048.jpg 1536w, https:\/\/vspoechlarn.ac.at\/wordpress\/wp-content\/uploads\/2024\/10\/20241009_093211-rotated.jpg 810w\" alt=\"\" width=\"768\" height=\"1024\" \/><\/a><\/div>\n<\/div>\n<div class=\"clearfix visible-md-block visible-lg-block\"><\/div>\n<div id=\"5026-image-5030\" class=\"col-xs-12 col-sm-4 col-md-4\">\n<div class=\"thumbnail\"><a href=\"https:\/\/vspoechlarn.ac.at\/wordpress\/2024\/10\/11\/schule-am-bauernhof\/20241009_093657\/\"><img loading=\"lazy\" decoding=\"async\" class=\"attachment-large size-large\" src=\"https:\/\/vspoechlarn.ac.at\/wordpress\/wp-content\/uploads\/2024\/10\/20241009_093657-768x1024.jpg\" sizes=\"auto, (max-width: 768px) 100vw, 768px\" srcset=\"https:\/\/vspoechlarn.ac.at\/wordpress\/wp-content\/uploads\/2024\/10\/20241009_093657-768x1024.jpg 768w, https:\/\/vspoechlarn.ac.at\/wordpress\/wp-content\/uploads\/2024\/10\/20241009_093657-225x300.jpg 225w, https:\/\/vspoechlarn.ac.at\/wordpress\/wp-content\/uploads\/2024\/10\/20241009_093657-1152x1536.jpg 1152w, https:\/\/vspoechlarn.ac.at\/wordpress\/wp-content\/uploads\/2024\/10\/20241009_093657-1536x2048.jpg 1536w, https:\/\/vspoechlarn.ac.at\/wordpress\/wp-content\/uploads\/2024\/10\/20241009_093657-rotated.jpg 810w\" alt=\"\" width=\"768\" height=\"1024\" \/><\/a><\/div>\n<\/div>\n<div id=\"5026-image-5031\" class=\"col-xs-12 col-sm-4 col-md-4\">\n<div class=\"thumbnail\"><a href=\"https:\/\/vspoechlarn.ac.at\/wordpress\/2024\/10\/11\/schule-am-bauernhof\/20241009_094942\/\"><img loading=\"lazy\" decoding=\"async\" class=\"attachment-large size-large\" src=\"https:\/\/vspoechlarn.ac.at\/wordpress\/wp-content\/uploads\/2024\/10\/20241009_094942-768x1024.jpg\" sizes=\"auto, (max-width: 768px) 100vw, 768px\" srcset=\"https:\/\/vspoechlarn.ac.at\/wordpress\/wp-content\/uploads\/2024\/10\/20241009_094942-768x1024.jpg 768w, https:\/\/vspoechlarn.ac.at\/wordpress\/wp-content\/uploads\/2024\/10\/20241009_094942-225x300.jpg 225w, https:\/\/vspoechlarn.ac.at\/wordpress\/wp-content\/uploads\/2024\/10\/20241009_094942-1152x1536.jpg 1152w, https:\/\/vspoechlarn.ac.at\/wordpress\/wp-content\/uploads\/2024\/10\/20241009_094942-1536x2048.jpg 1536w, https:\/\/vspoechlarn.ac.at\/wordpress\/wp-content\/uploads\/2024\/10\/20241009_094942-rotated.jpg 810w\" alt=\"\" width=\"768\" height=\"1024\" \/><\/a><\/div>\n<\/div>\n<div id=\"5026-image-5032\" class=\"col-xs-12 col-sm-4 col-md-4\">\n<div class=\"thumbnail\"><a href=\"https:\/\/vspoechlarn.ac.at\/wordpress\/2024\/10\/11\/schule-am-bauernhof\/20241009_095529\/\"><img loading=\"lazy\" decoding=\"async\" class=\"attachment-large size-large\" src=\"https:\/\/vspoechlarn.ac.at\/wordpress\/wp-content\/uploads\/2024\/10\/20241009_095529-768x1024.jpg\" sizes=\"auto, (max-width: 768px) 100vw, 768px\" srcset=\"https:\/\/vspoechlarn.ac.at\/wordpress\/wp-content\/uploads\/2024\/10\/20241009_095529-768x1024.jpg 768w, https:\/\/vspoechlarn.ac.at\/wordpress\/wp-content\/uploads\/2024\/10\/20241009_095529-225x300.jpg 225w, https:\/\/vspoechlarn.ac.at\/wordpress\/wp-content\/uploads\/2024\/10\/20241009_095529-1152x1536.jpg 1152w, https:\/\/vspoechlarn.ac.at\/wordpress\/wp-content\/uploads\/2024\/10\/20241009_095529-1536x2048.jpg 1536w, https:\/\/vspoechlarn.ac.at\/wordpress\/wp-content\/uploads\/2024\/10\/20241009_095529-rotated.jpg 810w\" alt=\"\" width=\"768\" height=\"1024\" \/><\/a><\/div>\n<\/div>\n<div class=\"clearfix visible-md-block visible-lg-block\"><\/div>\n<div id=\"5026-image-5033\" class=\"col-xs-12 col-sm-4 col-md-4\">\n<div class=\"thumbnail\"><a href=\"https:\/\/vspoechlarn.ac.at\/wordpress\/2024\/10\/11\/schule-am-bauernhof\/20241009_101354\/\"><img loading=\"lazy\" decoding=\"async\" class=\"attachment-large size-large\" src=\"https:\/\/vspoechlarn.ac.at\/wordpress\/wp-content\/uploads\/2024\/10\/20241009_101354-768x1024.jpg\" sizes=\"auto, (max-width: 768px) 100vw, 768px\" srcset=\"https:\/\/vspoechlarn.ac.at\/wordpress\/wp-content\/uploads\/2024\/10\/20241009_101354-768x1024.jpg 768w, https:\/\/vspoechlarn.ac.at\/wordpress\/wp-content\/uploads\/2024\/10\/20241009_101354-225x300.jpg 225w, https:\/\/vspoechlarn.ac.at\/wordpress\/wp-content\/uploads\/2024\/10\/20241009_101354-1152x1536.jpg 1152w, https:\/\/vspoechlarn.ac.at\/wordpress\/wp-content\/uploads\/2024\/10\/20241009_101354-1536x2048.jpg 1536w, https:\/\/vspoechlarn.ac.at\/wordpress\/wp-content\/uploads\/2024\/10\/20241009_101354-rotated.jpg 810w\" alt=\"\" width=\"768\" height=\"1024\" \/><\/a><\/div>\n<\/div>\n<div id=\"5026-image-5034\" class=\"col-xs-12 col-sm-4 col-md-4\">\n<div class=\"thumbnail\"><a href=\"https:\/\/vspoechlarn.ac.at\/wordpress\/2024\/10\/11\/schule-am-bauernhof\/20241009_101806\/\"><img loading=\"lazy\" decoding=\"async\" class=\"attachment-large size-large\" src=\"https:\/\/vspoechlarn.ac.at\/wordpress\/wp-content\/uploads\/2024\/10\/20241009_101806-768x1024.jpg\" sizes=\"auto, (max-width: 768px) 100vw, 768px\" srcset=\"https:\/\/vspoechlarn.ac.at\/wordpress\/wp-content\/uploads\/2024\/10\/20241009_101806-768x1024.jpg 768w, https:\/\/vspoechlarn.ac.at\/wordpress\/wp-content\/uploads\/2024\/10\/20241009_101806-225x300.jpg 225w, https:\/\/vspoechlarn.ac.at\/wordpress\/wp-content\/uploads\/2024\/10\/20241009_101806-1152x1536.jpg 1152w, https:\/\/vspoechlarn.ac.at\/wordpress\/wp-content\/uploads\/2024\/10\/20241009_101806-1536x2048.jpg 1536w, https:\/\/vspoechlarn.ac.at\/wordpress\/wp-content\/uploads\/2024\/10\/20241009_101806-rotated.jpg 810w\" alt=\"\" width=\"768\" height=\"1024\" \/><\/a><\/div>\n<\/div>\n<div id=\"5026-image-5035\" class=\"col-xs-12 col-sm-4 col-md-4\">\n<div class=\"thumbnail\"><a href=\"https:\/\/vspoechlarn.ac.at\/wordpress\/2024\/10\/11\/schule-am-bauernhof\/20241009_110317\/\"><img loading=\"lazy\" decoding=\"async\" class=\"attachment-large size-large\" src=\"https:\/\/vspoechlarn.ac.at\/wordpress\/wp-content\/uploads\/2024\/10\/20241009_110317-768x1024.jpg\" sizes=\"auto, (max-width: 768px) 100vw, 768px\" srcset=\"https:\/\/vspoechlarn.ac.at\/wordpress\/wp-content\/uploads\/2024\/10\/20241009_110317-768x1024.jpg 768w, https:\/\/vspoechlarn.ac.at\/wordpress\/wp-content\/uploads\/2024\/10\/20241009_110317-225x300.jpg 225w, https:\/\/vspoechlarn.ac.at\/wordpress\/wp-content\/uploads\/2024\/10\/20241009_110317-1152x1536.jpg 1152w, https:\/\/vspoechlarn.ac.at\/wordpress\/wp-content\/uploads\/2024\/10\/20241009_110317-1536x2048.jpg 1536w, https:\/\/vspoechlarn.ac.at\/wordpress\/wp-content\/uploads\/2024\/10\/20241009_110317-rotated.jpg 810w\" alt=\"\" width=\"768\" height=\"1024\" \/><\/a><\/div>\n<\/div>\n<div class=\"clearfix visible-md-block visible-lg-block\"><\/div>\n<\/div>\n<p>&nbsp;<\/p>\n<\/div>\n<\/div>\n<\/div>\n<\/div>\n<div class=\"panel-footer entry-meta\">\n<p><small><span class=\"loop-category\"><a class=\"label label-success\" href=\"https:\/\/vspoechlarn.ac.at\/wordpress\/category\/allgemein\/\">Startseite<\/a>\u00a0<\/span><span class=\"loop-author\">|\u00a0<span class=\"author vcard\"><a class=\"url fn n\" href=\"https:\/\/vspoechlarn.ac.at\/wordpress\/author\/wp-admin\/\">wp-admin<\/a><\/span><\/span>\u00a0<span class=\"loop-date\">|\u00a0<time class=\"entry-date published updated\" datetime=\"2024-10-11T08:08:34+02:00\">11. Oktober 2024<\/time><\/span>\u00a0|\u00a0<span class=\"edit-link\"><a class=\"post-edit-link\" href=\"https:\/\/vspoechlarn.ac.at\/wordpress\/wp-admin\/post.php?post=5026&amp;action=edit\">Bearbeiten<\/a><\/span><\/small><\/p>\n<div class=\"clearfix\"><\/div>\n<\/div>\n<\/div>\n<\/article>\n<article id=\"post-5014\" class=\"loop_list post-5014 post type-post status-publish format-standard hentry category-allgemein\">\n<div class=\"panel panel-default\">\n<div class=\"panel-body clearfix\">\n<div class=\"fs-have-thumbnail\">\n<header class=\"entry-header\">\n<h4 class=\"entry-title\"><strong><a title=\"Permanentlink zu Radeln macht Schule\" href=\"https:\/\/vspoechlarn.ac.at\/wordpress\/2024\/10\/04\/radeln-macht-schule-2\/\" rel=\"bookmark\">Radeln macht Schule<\/a><\/strong><\/h4>\n<\/header>\n<div class=\"entry-content\">\n<p><span class=\"BxUVEf ILfuVd\" lang=\"de\"><span class=\"hgKElc\">Das Mobilit\u00e4tsverhalten wird ma\u00dfgeblich in der Kindheit und Jugend gepr\u00e4gt, folglich ist das fr\u00fchzeitige Erlernen des sicheren Umgangs mit dem Fahrrad von gro\u00dfer Bedeutung f\u00fcr die\u00a0<span tabindex=\"0\" role=\"tooltip\"><span class=\"c5aZPb\" tabindex=\"0\" role=\"button\" data-enable-toggle-animation=\"true\" data-extra-container-classes=\"ZLo7Eb\" data-hover-hide-delay=\"1000\" data-hover-open-delay=\"500\" data-send-open-event=\"true\" data-theme=\"0\" data-width=\"250\" data-ved=\"2ahUKEwj9pP61s_SIAxW1g_0HHcvMEj4QmpgGegQIJRAD\"><span class=\"JPfdse\" data-bubble-link=\"\" data-segment-text=\"Mobilit\u00e4tswende\">Mobilit\u00e4tswende<\/span><\/span><\/span>\u00a0im Personenverkehr. Aus diesem Grund gibt es an unserer Schule auch in diesem Schuljahr f\u00fcr alle Klassen einen Radfahrkurs.\u00a0<\/span><\/span>Die klimaaktiv mobil Radfahrkurse werden durch das Bundesministerium f\u00fcr Klimaschutz, Umwelt, Energie, Mobilit\u00e4t, Innovation und Technologie (BMK) finanziert und sind f\u00fcr die Volksschulen kostenlos. Den Start machten diese Woche die beiden 4. Klassen.<\/p>\n<div id=\"gallery_5014_4\" class=\"row\">\n<div id=\"5014-image-5015\" class=\"col-xs-12 col-sm-4 col-md-4\">\n<div class=\"thumbnail\"><a href=\"https:\/\/vspoechlarn.ac.at\/wordpress\/2024\/10\/04\/radeln-macht-schule-2\/img_8392-gross\/\"><img loading=\"lazy\" decoding=\"async\" class=\"attachment-large size-large\" src=\"https:\/\/vspoechlarn.ac.at\/wordpress\/wp-content\/uploads\/2024\/10\/IMG_8392-Gross-1024x768.jpg\" sizes=\"auto, (max-width: 900px) 100vw, 900px\" srcset=\"https:\/\/vspoechlarn.ac.at\/wordpress\/wp-content\/uploads\/2024\/10\/IMG_8392-Gross-1024x768.jpg 1024w, https:\/\/vspoechlarn.ac.at\/wordpress\/wp-content\/uploads\/2024\/10\/IMG_8392-Gross-350x263.jpg 350w, https:\/\/vspoechlarn.ac.at\/wordpress\/wp-content\/uploads\/2024\/10\/IMG_8392-Gross.jpg 1440w\" alt=\"\" width=\"900\" height=\"675\" \/><\/a><\/div>\n<\/div>\n<div id=\"5014-image-5016\" class=\"col-xs-12 col-sm-4 col-md-4\">\n<div class=\"thumbnail\"><a href=\"https:\/\/vspoechlarn.ac.at\/wordpress\/2024\/10\/04\/radeln-macht-schule-2\/img_8393-gross\/\"><img loading=\"lazy\" decoding=\"async\" class=\"attachment-large size-large\" src=\"https:\/\/vspoechlarn.ac.at\/wordpress\/wp-content\/uploads\/2024\/10\/IMG_8393-Gross-1024x768.jpg\" sizes=\"auto, (max-width: 900px) 100vw, 900px\" srcset=\"https:\/\/vspoechlarn.ac.at\/wordpress\/wp-content\/uploads\/2024\/10\/IMG_8393-Gross-1024x768.jpg 1024w, https:\/\/vspoechlarn.ac.at\/wordpress\/wp-content\/uploads\/2024\/10\/IMG_8393-Gross-350x263.jpg 350w, https:\/\/vspoechlarn.ac.at\/wordpress\/wp-content\/uploads\/2024\/10\/IMG_8393-Gross.jpg 1440w\" alt=\"\" width=\"900\" height=\"675\" \/><\/a><\/div>\n<\/div>\n<div id=\"5014-image-5017\" class=\"col-xs-12 col-sm-4 col-md-4\">\n<div class=\"thumbnail\"><a href=\"https:\/\/vspoechlarn.ac.at\/wordpress\/2024\/10\/04\/radeln-macht-schule-2\/img_8394-gross\/\"><img loading=\"lazy\" decoding=\"async\" class=\"attachment-large size-large\" src=\"https:\/\/vspoechlarn.ac.at\/wordpress\/wp-content\/uploads\/2024\/10\/IMG_8394-Gross-1024x768.jpg\" sizes=\"auto, (max-width: 900px) 100vw, 900px\" srcset=\"https:\/\/vspoechlarn.ac.at\/wordpress\/wp-content\/uploads\/2024\/10\/IMG_8394-Gross-1024x768.jpg 1024w, https:\/\/vspoechlarn.ac.at\/wordpress\/wp-content\/uploads\/2024\/10\/IMG_8394-Gross-350x263.jpg 350w, https:\/\/vspoechlarn.ac.at\/wordpress\/wp-content\/uploads\/2024\/10\/IMG_8394-Gross.jpg 1440w\" alt=\"\" width=\"900\" height=\"675\" \/><\/a><\/div>\n<\/div>\n<div class=\"clearfix visible-md-block visible-lg-block\"><\/div>\n<div id=\"5014-image-5019\" class=\"col-xs-12 col-sm-4 col-md-4\">\n<div class=\"thumbnail\"><a href=\"https:\/\/vspoechlarn.ac.at\/wordpress\/2024\/10\/04\/radeln-macht-schule-2\/img_3107-gross\/\"><img loading=\"lazy\" decoding=\"async\" class=\"attachment-large size-large\" src=\"https:\/\/vspoechlarn.ac.at\/wordpress\/wp-content\/uploads\/2024\/10\/IMG_3107-Gross-1024x768.jpg\" sizes=\"auto, (max-width: 900px) 100vw, 900px\" srcset=\"https:\/\/vspoechlarn.ac.at\/wordpress\/wp-content\/uploads\/2024\/10\/IMG_3107-Gross-1024x768.jpg 1024w, https:\/\/vspoechlarn.ac.at\/wordpress\/wp-content\/uploads\/2024\/10\/IMG_3107-Gross-350x263.jpg 350w, https:\/\/vspoechlarn.ac.at\/wordpress\/wp-content\/uploads\/2024\/10\/IMG_3107-Gross.jpg 1440w\" alt=\"\" width=\"900\" height=\"675\" \/><\/a><\/div>\n<\/div>\n<div id=\"5014-image-5020\" class=\"col-xs-12 col-sm-4 col-md-4\">\n<div class=\"thumbnail\"><a href=\"https:\/\/vspoechlarn.ac.at\/wordpress\/2024\/10\/04\/radeln-macht-schule-2\/img_3108-gross\/\"><img loading=\"lazy\" decoding=\"async\" class=\"attachment-large size-large\" src=\"https:\/\/vspoechlarn.ac.at\/wordpress\/wp-content\/uploads\/2024\/10\/IMG_3108-Gross-1024x768.jpg\" sizes=\"auto, (max-width: 900px) 100vw, 900px\" srcset=\"https:\/\/vspoechlarn.ac.at\/wordpress\/wp-content\/uploads\/2024\/10\/IMG_3108-Gross-1024x768.jpg 1024w, https:\/\/vspoechlarn.ac.at\/wordpress\/wp-content\/uploads\/2024\/10\/IMG_3108-Gross-350x263.jpg 350w, https:\/\/vspoechlarn.ac.at\/wordpress\/wp-content\/uploads\/2024\/10\/IMG_3108-Gross.jpg 1440w\" alt=\"\" width=\"900\" height=\"675\" \/><\/a><\/div>\n<\/div>\n<div id=\"5014-image-5021\" class=\"col-xs-12 col-sm-4 col-md-4\">\n<div class=\"thumbnail\"><a href=\"https:\/\/vspoechlarn.ac.at\/wordpress\/2024\/10\/04\/radeln-macht-schule-2\/img_3113-gross\/\"><img loading=\"lazy\" decoding=\"async\" class=\"attachment-large size-large\" src=\"https:\/\/vspoechlarn.ac.at\/wordpress\/wp-content\/uploads\/2024\/10\/IMG_3113-Gross-1024x768.jpg\" sizes=\"auto, (max-width: 900px) 100vw, 900px\" srcset=\"https:\/\/vspoechlarn.ac.at\/wordpress\/wp-content\/uploads\/2024\/10\/IMG_3113-Gross-1024x768.jpg 1024w, https:\/\/vspoechlarn.ac.at\/wordpress\/wp-content\/uploads\/2024\/10\/IMG_3113-Gross-350x263.jpg 350w, https:\/\/vspoechlarn.ac.at\/wordpress\/wp-content\/uploads\/2024\/10\/IMG_3113-Gross.jpg 1440w\" alt=\"\" width=\"900\" height=\"675\" \/><\/a><\/div>\n<\/div>\n<div class=\"clearfix visible-md-block visible-lg-block\"><\/div>\n<\/div>\n<p>&nbsp;<\/p>\n<\/div>\n<\/div>\n<\/div>\n<div class=\"panel-footer entry-meta\">\n<p><small><span class=\"loop-category\"><a class=\"label label-success\" href=\"https:\/\/vspoechlarn.ac.at\/wordpress\/category\/allgemein\/\">Startseite<\/a>\u00a0<\/span><span class=\"loop-author\">|\u00a0<span class=\"author vcard\"><a class=\"url fn n\" href=\"https:\/\/vspoechlarn.ac.at\/wordpress\/author\/wp-admin\/\">wp-admin<\/a><\/span><\/span>\u00a0<span class=\"loop-date\">|\u00a0<time class=\"entry-date published updated\" datetime=\"2024-10-04T11:30:47+02:00\">4. Oktober 2024<\/time><\/span>\u00a0|\u00a0<span class=\"edit-link\"><a class=\"post-edit-link\" href=\"https:\/\/vspoechlarn.ac.at\/wordpress\/wp-admin\/post.php?post=5014&amp;action=edit\">Bearbeiten<\/a><\/span><\/small><\/p>\n<div class=\"clearfix\"><\/div>\n<\/div>\n<\/div>\n<\/article>\n<article id=\"post-4996\" class=\"loop_list post-4996 post type-post status-publish format-standard hentry category-allgemein\">\n<div class=\"panel panel-default\">\n<div class=\"panel-body clearfix\">\n<div class=\"fs-have-thumbnail\">\n<header class=\"entry-header\">\n<h4 class=\"entry-title\"><strong><a title=\"Permanentlink zu Sicherheit auf der Stra\u00dfe\" href=\"https:\/\/vspoechlarn.ac.at\/wordpress\/2024\/10\/02\/sicherheit-auf-der-strasse\/\" rel=\"bookmark\">Sicherheit auf der Stra\u00dfe<\/a><\/strong><\/h4>\n<\/header>\n<div class=\"entry-content\">\n<p>Am 1.10. besuchte die Polizei die M\u00e4dchen und Buben der beiden ersten Klassen. Zuerst wurden in der Klasse viele Themen zum richtigen Verhalten auf der Stra\u00dfe\u00a0 durchgenommen. Danach gingen die Kinder gemeinsam mit dem Polizeibeamten zur Kreuzung und \u00fcbten das korrekte \u00dcberqueren der Stra\u00dfe.<\/p>\n<div id=\"gallery_4996_5\" class=\"row\">\n<div id=\"4996-image-4998\" class=\"col-xs-12 col-sm-4 col-md-4\">\n<div class=\"thumbnail\"><a href=\"https:\/\/vspoechlarn.ac.at\/wordpress\/2024\/10\/02\/sicherheit-auf-der-strasse\/img_0319-gross\/\"><img loading=\"lazy\" decoding=\"async\" class=\"attachment-large size-large\" src=\"https:\/\/vspoechlarn.ac.at\/wordpress\/wp-content\/uploads\/2024\/10\/IMG_0319-Gross-1024x768.jpeg\" sizes=\"auto, (max-width: 900px) 100vw, 900px\" srcset=\"https:\/\/vspoechlarn.ac.at\/wordpress\/wp-content\/uploads\/2024\/10\/IMG_0319-Gross-1024x768.jpeg 1024w, https:\/\/vspoechlarn.ac.at\/wordpress\/wp-content\/uploads\/2024\/10\/IMG_0319-Gross-350x263.jpeg 350w, https:\/\/vspoechlarn.ac.at\/wordpress\/wp-content\/uploads\/2024\/10\/IMG_0319-Gross.jpeg 1440w\" alt=\"\" width=\"900\" height=\"675\" \/><\/a><\/div>\n<\/div>\n<div id=\"4996-image-4999\" class=\"col-xs-12 col-sm-4 col-md-4\">\n<div class=\"thumbnail\"><a href=\"https:\/\/vspoechlarn.ac.at\/wordpress\/2024\/10\/02\/sicherheit-auf-der-strasse\/img_0323-gross\/\"><img loading=\"lazy\" decoding=\"async\" class=\"attachment-large size-large\" src=\"https:\/\/vspoechlarn.ac.at\/wordpress\/wp-content\/uploads\/2024\/10\/IMG_0323-Gross-768x1024.jpeg\" sizes=\"auto, (max-width: 768px) 100vw, 768px\" srcset=\"https:\/\/vspoechlarn.ac.at\/wordpress\/wp-content\/uploads\/2024\/10\/IMG_0323-Gross-768x1024.jpeg 768w, https:\/\/vspoechlarn.ac.at\/wordpress\/wp-content\/uploads\/2024\/10\/IMG_0323-Gross-225x300.jpeg 225w, https:\/\/vspoechlarn.ac.at\/wordpress\/wp-content\/uploads\/2024\/10\/IMG_0323-Gross.jpeg 810w\" alt=\"\" width=\"768\" height=\"1024\" \/><\/a><\/div>\n<\/div>\n<div id=\"4996-image-5000\" class=\"col-xs-12 col-sm-4 col-md-4\">\n<div class=\"thumbnail\"><a href=\"https:\/\/vspoechlarn.ac.at\/wordpress\/2024\/10\/02\/sicherheit-auf-der-strasse\/img_0325-gross\/\"><img loading=\"lazy\" decoding=\"async\" class=\"attachment-large size-large\" src=\"https:\/\/vspoechlarn.ac.at\/wordpress\/wp-content\/uploads\/2024\/10\/IMG_0325-Gross-567x1024.jpeg\" sizes=\"auto, (max-width: 567px) 100vw, 567px\" srcset=\"https:\/\/vspoechlarn.ac.at\/wordpress\/wp-content\/uploads\/2024\/10\/IMG_0325-Gross-567x1024.jpeg 567w, https:\/\/vspoechlarn.ac.at\/wordpress\/wp-content\/uploads\/2024\/10\/IMG_0325-Gross-166x300.jpeg 166w, https:\/\/vspoechlarn.ac.at\/wordpress\/wp-content\/uploads\/2024\/10\/IMG_0325-Gross-850x1536.jpeg 850w, https:\/\/vspoechlarn.ac.at\/wordpress\/wp-content\/uploads\/2024\/10\/IMG_0325-Gross.jpeg 598w\" alt=\"\" width=\"567\" height=\"1024\" \/><\/a><\/div>\n<\/div>\n<div class=\"clearfix visible-md-block visible-lg-block\"><\/div>\n<\/div>\n<\/div>\n<\/div>\n<\/div>\n<div class=\"panel-footer entry-meta\">\n<p><small><span class=\"loop-category\"><a class=\"label label-success\" href=\"https:\/\/vspoechlarn.ac.at\/wordpress\/category\/allgemein\/\">Startseite<\/a>\u00a0<\/span><span class=\"loop-author\">|\u00a0<span class=\"author vcard\"><a class=\"url fn n\" href=\"https:\/\/vspoechlarn.ac.at\/wordpress\/author\/wp-admin\/\">wp-admin<\/a><\/span><\/span>\u00a0<span class=\"loop-date\">|\u00a0<time class=\"entry-date published updated\" datetime=\"2024-10-02T07:13:14+02:00\">2. Oktober 2024<\/time><\/span>\u00a0|\u00a0<span class=\"edit-link\"><a class=\"post-edit-link\" href=\"https:\/\/vspoechlarn.ac.at\/wordpress\/wp-admin\/post.php?post=4996&amp;action=edit\">Bearbeiten<\/a><\/span><\/small><\/p>\n<div class=\"clearfix\"><\/div>\n<\/div>\n<\/div>\n<\/article>\n<article id=\"post-4983\" class=\"loop_list post-4983 post type-post status-publish format-standard hentry category-allgemein\">\n<div class=\"panel panel-default\">\n<div class=\"panel-body clearfix\">\n<div class=\"fs-have-thumbnail\">\n<header class=\"entry-header\">\n<h4 class=\"entry-title\"><strong><a title=\"Permanentlink zu Unverbindliche \u00dcbung Schach\" href=\"https:\/\/vspoechlarn.ac.at\/wordpress\/2024\/09\/30\/unverbindliche-uebung-schach\/\" rel=\"bookmark\">Unverbindliche \u00dcbung Schach<\/a><\/strong><\/h4>\n<\/header>\n<div class=\"entry-content\">\n<p>Mit viel Freude sind interessierte Kinder der VS P\u00f6chlarn in die unverbindliche \u00dcbung Schach gestartet. Mit der Unterst\u00fctzung von Herrn Ing. Robert Gattermayer wollen wir auch heuer auf Landesebene Erfolge feiern.<\/p>\n<div id=\"gallery_4983_6\" class=\"row\">\n<div id=\"4983-image-4984\" class=\"col-xs-12 col-sm-6 col-md-6\">\n<div class=\"thumbnail\"><a href=\"https:\/\/vspoechlarn.ac.at\/wordpress\/2024\/09\/30\/unverbindliche-uebung-schach\/img_8273-gross\/\"><img loading=\"lazy\" decoding=\"async\" class=\"attachment-large size-large\" src=\"https:\/\/vspoechlarn.ac.at\/wordpress\/wp-content\/uploads\/2024\/09\/IMG_8273-Gross-1024x768.jpg\" sizes=\"auto, (max-width: 900px) 100vw, 900px\" srcset=\"https:\/\/vspoechlarn.ac.at\/wordpress\/wp-content\/uploads\/2024\/09\/IMG_8273-Gross-1024x768.jpg 1024w, https:\/\/vspoechlarn.ac.at\/wordpress\/wp-content\/uploads\/2024\/09\/IMG_8273-Gross-350x263.jpg 350w, https:\/\/vspoechlarn.ac.at\/wordpress\/wp-content\/uploads\/2024\/09\/IMG_8273-Gross.jpg 1440w\" alt=\"\" width=\"900\" height=\"675\" \/><\/a><\/div>\n<\/div>\n<\/div>\n<p>&nbsp;<\/p>\n<\/div>\n<\/div>\n<\/div>\n<div class=\"panel-footer entry-meta\">\n<p><small><span class=\"loop-category\"><a class=\"label label-success\" href=\"https:\/\/vspoechlarn.ac.at\/wordpress\/category\/allgemein\/\">Startseite<\/a>\u00a0<\/span><span class=\"loop-author\">|\u00a0<span class=\"author vcard\"><a class=\"url fn n\" href=\"https:\/\/vspoechlarn.ac.at\/wordpress\/author\/wp-admin\/\">wp-admin<\/a><\/span><\/span>\u00a0<span class=\"loop-date\">|\u00a0<time class=\"entry-date published updated\" datetime=\"2024-09-30T07:58:52+02:00\">30. September 2024<\/time><\/span>\u00a0|\u00a0<span class=\"edit-link\"><a class=\"post-edit-link\" href=\"https:\/\/vspoechlarn.ac.at\/wordpress\/wp-admin\/post.php?post=4983&amp;action=edit\">Bearbeiten<\/a><\/span><\/small><\/p>\n<div class=\"clearfix\"><\/div>\n<\/div>\n<\/div>\n<\/article>\n<article id=\"post-4981\" class=\"loop_list post-4981 post type-post status-publish format-standard hentry category-allgemein\">\n<div class=\"panel panel-default\">\n<div class=\"panel-body clearfix\">\n<div class=\"fs-have-thumbnail\">\n<header class=\"entry-header\">\n<h4 class=\"entry-title\"><strong><a title=\"Permanentlink zu Sozialarbeit an der VS P\u00f6chlarn\" href=\"https:\/\/vspoechlarn.ac.at\/wordpress\/2024\/09\/26\/sozialarbeit-an-der-vs-poechlarn\/\" rel=\"bookmark\">Sozialarbeit an der VS P\u00f6chlarn<\/a><\/strong><\/h4>\n<\/header>\n<div class=\"entry-content\">\n<p>Auch heuer werden wir vom Verein X-point betreut.<\/p>\n<p>Soziale Arbeit im Bildungsbereich:\u00a0<em>x<\/em>-point ist eine Anlauf- und Beratungsstelle direkt an der Schule, prim\u00e4r f\u00fcr die Anliegen der Sch\u00fcler:innen und sekund\u00e4r auch f\u00fcr Eltern, Erziehungsberechtigte und Lehrer:innen.<\/p>\n<p>x-point Schulsozialarbeit informiert, ber\u00e4t und unterst\u00fctzt bei allen kinder- und jugendrelevanten Themen und bietet:<\/p>\n<ul>\n<li>Beratung<\/li>\n<li>Information<\/li>\n<li>Gruppenarbeit\/Klassenaktionen<\/li>\n<li>Konfliktmoderation<\/li>\n<li>L\u00e4ngerfristige Begleitung<\/li>\n<li>Krisenintervention<\/li>\n<li>Unterst\u00fctzung bei Pr\u00e4ventionsma\u00dfnahmen<\/li>\n<\/ul>\n<p><em>Kontaktinformation\u00a0unter:<\/em><\/p>\n<p><a href=\"https:\/\/www.young.or.at\/poechlarn\/articles\/vs-poechlarn.html\">x-point Schulsozialarbeit VS P\u00f6chlarn \u2013 Young<\/a><\/p>\n<p>&nbsp;<\/p>\n<p>&nbsp;<\/p>\n<\/div>\n<\/div>\n<\/div>\n<div class=\"panel-footer entry-meta\">\n<p><small><span class=\"loop-category\"><a class=\"label label-success\" href=\"https:\/\/vspoechlarn.ac.at\/wordpress\/category\/allgemein\/\">Startseite<\/a>\u00a0<\/span><span class=\"loop-author\">|\u00a0<span class=\"author vcard\"><a class=\"url fn n\" href=\"https:\/\/vspoechlarn.ac.at\/wordpress\/author\/wp-admin\/\">wp-admin<\/a><\/span><\/span>\u00a0<span class=\"loop-date\">|\u00a0<time class=\"entry-date published updated\" datetime=\"2024-09-26T07:30:08+02:00\">26. September 2024<\/time><\/span>\u00a0|\u00a0<span class=\"edit-link\"><a class=\"post-edit-link\" href=\"https:\/\/vspoechlarn.ac.at\/wordpress\/wp-admin\/post.php?post=4981&amp;action=edit\">Bearbeiten<\/a><\/span><\/small><\/p>\n<div class=\"clearfix\"><\/div>\n<\/div>\n<\/div>\n<\/article>\n<article id=\"post-4972\" class=\"loop_list post-4972 post type-post status-publish format-standard hentry category-allgemein\">\n<div class=\"panel panel-default\">\n<div class=\"panel-body clearfix\">\n<div class=\"fs-have-thumbnail\">\n<header class=\"entry-header\">\n<h4 class=\"entry-title\"><strong><a title=\"Permanentlink zu Rucks\u00e4cke f\u00fcr unsere Schulanf\u00e4nger\" href=\"https:\/\/vspoechlarn.ac.at\/wordpress\/2024\/09\/12\/rucksaecke-fuer-unsere-schulanfaenger\/\" rel=\"bookmark\">Rucks\u00e4cke f\u00fcr unsere Schulanf\u00e4nger<\/a><\/strong><\/h4>\n<\/header>\n<div class=\"entry-content\">\n<h5>Frau Nina Langthaler von der Raiffeisenbank Mittleres Mostviertel \u00fcberraschte am DIenstag die M\u00e4dchen und Buben der 1a und 1b Klasse mit tollen Geschenken. F\u00fcr jedes KInd gab es einen Sumsi-Rucksack mit Jausenbox und S\u00fc\u00dfigkeiten. Vielen Dank!<\/h5>\n<div id=\"gallery_4972_7\" class=\"row\">\n<div id=\"4972-image-4973\" class=\"col-xs-12 col-sm-6 col-md-6\">\n<div class=\"thumbnail\"><a href=\"https:\/\/vspoechlarn.ac.at\/wordpress\/2024\/09\/12\/rucksaecke-fuer-unsere-schulanfaenger\/raiba1a-gross\/\"><img loading=\"lazy\" decoding=\"async\" class=\"attachment-large size-large\" src=\"https:\/\/vspoechlarn.ac.at\/wordpress\/wp-content\/uploads\/2024\/09\/raiba1a-Gross-1024x768.jpg\" sizes=\"auto, (max-width: 900px) 100vw, 900px\" srcset=\"https:\/\/vspoechlarn.ac.at\/wordpress\/wp-content\/uploads\/2024\/09\/raiba1a-Gross-1024x768.jpg 1024w, https:\/\/vspoechlarn.ac.at\/wordpress\/wp-content\/uploads\/2024\/09\/raiba1a-Gross-350x263.jpg 350w, https:\/\/vspoechlarn.ac.at\/wordpress\/wp-content\/uploads\/2024\/09\/raiba1a-Gross.jpg 1440w\" alt=\"\" width=\"900\" height=\"675\" \/><\/a><\/div>\n<\/div>\n<div id=\"4972-image-4974\" class=\"col-xs-12 col-sm-6 col-md-6\">\n<div class=\"thumbnail\"><a href=\"https:\/\/vspoechlarn.ac.at\/wordpress\/2024\/09\/12\/rucksaecke-fuer-unsere-schulanfaenger\/raiba1b-gross\/\"><img loading=\"lazy\" decoding=\"async\" class=\"attachment-large size-large\" src=\"https:\/\/vspoechlarn.ac.at\/wordpress\/wp-content\/uploads\/2024\/09\/raiba1b-Gross-1024x768.jpg\" sizes=\"auto, (max-width: 900px) 100vw, 900px\" srcset=\"https:\/\/vspoechlarn.ac.at\/wordpress\/wp-content\/uploads\/2024\/09\/raiba1b-Gross-1024x768.jpg 1024w, https:\/\/vspoechlarn.ac.at\/wordpress\/wp-content\/uploads\/2024\/09\/raiba1b-Gross-350x263.jpg 350w, https:\/\/vspoechlarn.ac.at\/wordpress\/wp-content\/uploads\/2024\/09\/raiba1b-Gross.jpg 1440w\" alt=\"\" width=\"900\" height=\"675\" \/><\/a><\/div>\n<\/div>\n<div class=\"clearfix visible-md-block visible-lg-block\"><\/div>\n<\/div>\n<\/div>\n<\/div>\n<\/div>\n<div class=\"panel-footer entry-meta\">\n<p><small><span class=\"loop-category\"><a class=\"label label-success\" href=\"https:\/\/vspoechlarn.ac.at\/wordpress\/category\/allgemein\/\">Startseite<\/a>\u00a0<\/span><span class=\"loop-author\">|\u00a0<span class=\"author vcard\"><a class=\"url fn n\" href=\"https:\/\/vspoechlarn.ac.at\/wordpress\/author\/wp-admin\/\">wp-admin<\/a><\/span><\/span>\u00a0<span class=\"loop-date\">|\u00a0<time class=\"entry-date published updated\" datetime=\"2024-09-12T11:22:53+02:00\">12. September 2024<\/time><\/span>\u00a0|\u00a0<span class=\"edit-link\"><a class=\"post-edit-link\" href=\"https:\/\/vspoechlarn.ac.at\/wordpress\/wp-admin\/post.php?post=4972&amp;action=edit\">Bearbeiten<\/a><\/span><\/small><\/p>\n<div class=\"clearfix\"><\/div>\n<\/div>\n<\/div>\n<\/article>\n<article id=\"post-4969\" class=\"loop_list post-4969 post type-post status-publish format-standard hentry category-allgemein\">\n<div class=\"panel panel-default\">\n<div class=\"panel-body clearfix\">\n<div class=\"fs-have-thumbnail\">\n<header class=\"entry-header\">\n<h4 class=\"entry-title\"><strong><a title=\"Permanentlink zu An apple a day keeps the doctor away\" href=\"https:\/\/vspoechlarn.ac.at\/wordpress\/2024\/09\/09\/an-apple-a-day-keeps-the-doctor-away\/\" rel=\"bookmark\">An apple a day keeps the doctor away<\/a><\/strong><\/h4>\n<\/header>\n<div class=\"entry-content\">\n<p>Mit frischen Bio- \u00c4pfeln, gesponsert von unserem Elternverein, starten die Kinder in eine spannende und lehrreiche Schulwoche.<\/p>\n<div id=\"gallery_4969_8\" class=\"row\">\n<div id=\"4969-image-4970\" class=\"col-xs-12 col-sm-6 col-md-6\">\n<div class=\"thumbnail\"><a href=\"https:\/\/vspoechlarn.ac.at\/wordpress\/2024\/09\/09\/an-apple-a-day-keeps-the-doctor-away\/img_8230-gross\/\"><img loading=\"lazy\" decoding=\"async\" class=\"attachment-large size-large\" src=\"https:\/\/vspoechlarn.ac.at\/wordpress\/wp-content\/uploads\/2024\/09\/IMG_8230-Gross-1024x768.jpg\" sizes=\"auto, (max-width: 900px) 100vw, 900px\" srcset=\"https:\/\/vspoechlarn.ac.at\/wordpress\/wp-content\/uploads\/2024\/09\/IMG_8230-Gross-1024x768.jpg 1024w, https:\/\/vspoechlarn.ac.at\/wordpress\/wp-content\/uploads\/2024\/09\/IMG_8230-Gross-350x263.jpg 350w, https:\/\/vspoechlarn.ac.at\/wordpress\/wp-content\/uploads\/2024\/09\/IMG_8230-Gross.jpg 1440w\" alt=\"\" width=\"900\" height=\"675\" \/><\/a><\/div>\n<\/div>\n<\/div>\n<\/div>\n<\/div>\n<\/div>\n<div class=\"panel-footer entry-meta\">\n<p><small><span class=\"loop-category\"><a class=\"label label-success\" href=\"https:\/\/vspoechlarn.ac.at\/wordpress\/category\/allgemein\/\">Startseite<\/a>\u00a0<\/span><span class=\"loop-author\">|\u00a0<span class=\"author vcard\"><a class=\"url fn n\" href=\"https:\/\/vspoechlarn.ac.at\/wordpress\/author\/wp-admin\/\">wp-admin<\/a><\/span><\/span>\u00a0<span class=\"loop-date\">|\u00a0<time class=\"entry-date published updated\" datetime=\"2024-09-09T11:26:04+02:00\">9. September 2024<\/time><\/span>\u00a0|\u00a0<span class=\"edit-link\"><a class=\"post-edit-link\" href=\"https:\/\/vspoechlarn.ac.at\/wordpress\/wp-admin\/post.php?post=4969&amp;action=edit\">Bearbeiten<\/a><\/span><\/small><\/p>\n<div class=\"clearfix\"><\/div>\n<\/div>\n<\/div>\n<\/article>\n<article id=\"post-4963\" class=\"loop_list post-4963 post type-post status-publish format-standard hentry category-allgemein\">\n<div class=\"panel panel-default\">\n<div class=\"panel-body clearfix\">\n<div class=\"fs-have-thumbnail\">\n<header class=\"entry-header\">\n<h4 class=\"entry-title\"><strong><a title=\"Permanentlink zu Gro\u00dfeltern Erlebniswerkstatt\" href=\"https:\/\/vspoechlarn.ac.at\/wordpress\/2024\/09\/09\/grosseltern-erlebniswerkstatt\/\" rel=\"bookmark\">Gro\u00dfeltern Erlebniswerkstatt<\/a><\/strong><\/h4>\n<\/header>\n<div class=\"entry-content\">\n<p>Auch heuer durften wir mit einer kleinen Abordnung an der Er\u00f6ffnung zur Gro\u00dfeltern Erlebniswerkstatt teilnehmen. Bei herrlichem Wetter begeisterten unsere Sch\u00fclerinnen und Sch\u00fcler mit einem Gedicht und 2 Liedern. \u201eWer will flei\u00dfige Handwerker sehen?\u201c sangen die Kinder zur Freude aller gemeinsam mit Bewohnern aus dem Sene Cura Sozialzentrum als \u201eGenerationenchor\u201c.<\/p>\n<div id=\"gallery_4963_9\" class=\"row\">\n<div id=\"4963-image-4966\" class=\"col-xs-12 col-sm-4 col-md-4\">\n<div class=\"thumbnail\"><a href=\"https:\/\/vspoechlarn.ac.at\/wordpress\/2024\/09\/09\/grosseltern-erlebniswerkstatt\/img_8221-gross\/\"><img loading=\"lazy\" decoding=\"async\" class=\"attachment-large size-large\" src=\"https:\/\/vspoechlarn.ac.at\/wordpress\/wp-content\/uploads\/2024\/09\/IMG_8221-Gross-1024x768.jpg\" sizes=\"auto, (max-width: 900px) 100vw, 900px\" srcset=\"https:\/\/vspoechlarn.ac.at\/wordpress\/wp-content\/uploads\/2024\/09\/IMG_8221-Gross-1024x768.jpg 1024w, https:\/\/vspoechlarn.ac.at\/wordpress\/wp-content\/uploads\/2024\/09\/IMG_8221-Gross-350x263.jpg 350w, https:\/\/vspoechlarn.ac.at\/wordpress\/wp-content\/uploads\/2024\/09\/IMG_8221-Gross.jpg 1440w\" alt=\"\" width=\"900\" height=\"675\" \/><\/a><\/div>\n<\/div>\n<div id=\"4963-image-4967\" class=\"col-xs-12 col-sm-4 col-md-4\">\n<div class=\"thumbnail\"><a href=\"https:\/\/vspoechlarn.ac.at\/wordpress\/2024\/09\/09\/grosseltern-erlebniswerkstatt\/img_8223-gross\/\"><img loading=\"lazy\" decoding=\"async\" class=\"attachment-large size-large\" src=\"https:\/\/vspoechlarn.ac.at\/wordpress\/wp-content\/uploads\/2024\/09\/IMG_8223-Gross-1024x768.jpg\" sizes=\"auto, (max-width: 900px) 100vw, 900px\" srcset=\"https:\/\/vspoechlarn.ac.at\/wordpress\/wp-content\/uploads\/2024\/09\/IMG_8223-Gross-1024x768.jpg 1024w, https:\/\/vspoechlarn.ac.at\/wordpress\/wp-content\/uploads\/2024\/09\/IMG_8223-Gross-350x263.jpg 350w, https:\/\/vspoechlarn.ac.at\/wordpress\/wp-content\/uploads\/2024\/09\/IMG_8223-Gross.jpg 1440w\" alt=\"\" width=\"900\" height=\"675\" \/><\/a><\/div>\n<\/div>\n<\/div>\n<\/div>\n<\/div>\n<\/div>\n<div class=\"panel-footer entry-meta\"><small><span class=\"loop-category\"><a class=\"label label-success\" href=\"https:\/\/vspoechlarn.ac.at\/wordpress\/category\/allgemein\/\">Startseite<\/a>\u00a0<\/span><span class=\"loop-author\">|\u00a0<span class=\"author vcard\"><a class=\"url fn n\" href=\"https:\/\/vspoechlarn.ac.at\/wordpress\/author\/wp-admin\/\">wp-admin<\/a><\/span><\/span>\u00a0<span class=\"loop-date\">|\u00a0<time class=\"entry-date published updated\" datetime=\"2024-09-09T09:12:10+02:00\">9. September 2024<\/time><\/span>\u00a0|\u00a0<span class=\"edit-link\"><a class=\"post-edit-link\" href=\"https:\/\/vspoechlarn.ac.at\/wordpress\/wp-admin\/post.php?post=4963&amp;action=edit\">Bearbeiten<\/a><\/span><\/small><\/div>\n<\/div>\n<\/article>\n<\/div>\n<\/article>\n","protected":false},"excerpt":{"rendered":"<p>Leseabend der vierten Klassen Am 25.6.2025 fand der Leseabend der beiden vierten Klassen statt. Dieser sollte einen Beitrag zur Lesef\u00f6rderung leisten und auch Spa\u00df machen. Die verschiedensten Stationen waren im [&hellip;]<\/p>\n","protected":false},"author":1,"featured_media":0,"parent":0,"menu_order":0,"comment_status":"closed","ping_status":"closed","template":"","meta":{"footnotes":""},"class_list":["post-5545","page","type-page","status-publish","hentry"],"_links":{"self":[{"href":"https:\/\/vspoechlarn.ac.at\/wordpress\/wp-json\/wp\/v2\/pages\/5545","targetHints":{"allow":["GET"]}}],"collection":[{"href":"https:\/\/vspoechlarn.ac.at\/wordpress\/wp-json\/wp\/v2\/pages"}],"about":[{"href":"https:\/\/vspoechlarn.ac.at\/wordpress\/wp-json\/wp\/v2\/types\/page"}],"author":[{"embeddable":true,"href":"https:\/\/vspoechlarn.ac.at\/wordpress\/wp-json\/wp\/v2\/users\/1"}],"replies":[{"embeddable":true,"href":"https:\/\/vspoechlarn.ac.at\/wordpress\/wp-json\/wp\/v2\/comments?post=5545"}],"version-history":[{"count":4,"href":"https:\/\/vspoechlarn.ac.at\/wordpress\/wp-json\/wp\/v2\/pages\/5545\/revisions"}],"predecessor-version":[{"id":5553,"href":"https:\/\/vspoechlarn.ac.at\/wordpress\/wp-json\/wp\/v2\/pages\/5545\/revisions\/5553"}],"wp:attachment":[{"href":"https:\/\/vspoechlarn.ac.at\/wordpress\/wp-json\/wp\/v2\/media?parent=5545"}],"curies":[{"name":"wp","href":"https:\/\/api.w.org\/{rel}","templated":true}]}}