{"id":5143,"date":"2024-12-11T16:28:43","date_gmt":"2024-12-11T15:28:43","guid":{"rendered":"https:\/\/vspoechlarn.ac.at\/wordpress\/?page_id=5143"},"modified":"2024-12-11T17:15:11","modified_gmt":"2024-12-11T16:15:11","slug":"2023-24-2","status":"publish","type":"page","link":"https:\/\/vspoechlarn.ac.at\/wordpress\/2023-24-2\/","title":{"rendered":"2023-24"},"content":{"rendered":"<article id=\"post-4925\" class=\"loop_list post-4925 post type-post status-publish format-standard hentry category-allgemein\">\n<div class=\"panel panel-default\">\n<div class=\"panel-body clearfix\">\n<div class=\"fs-have-thumbnail\">\n<header class=\"entry-header\">\n<h4 class=\"entry-title\"><strong><a title=\"Permanentlink zu Sportfest 2024\" href=\"https:\/\/vspoechlarn.ac.at\/wordpress\/2024\/06\/24\/sportfest-2024\/\" rel=\"bookmark\">Sportfest 2024<\/a><\/strong><\/h4>\n<\/header>\n<div class=\"entry-content\">\n<p>Bei sommerlichen Temperaturen konnten wir im Beisein von Frau Bgm. Barbara Kainz und StR. Gerald Albrecht am 21.6. unser traditionelles Sportfest feiern. Mit einem kleinen Konzert unserer Bl\u00e4serklasse, unter der Leitung von Herrn Dir. Bernhard Thain, wurde das Fest gestartet. Die M\u00e4dchen und Buben k\u00e4mpften anschlie\u00dfend in 4 Disziplinen um die Pokale und erzielten dabei teils gro\u00dfartige Leistungen. Beim Eltern-Kind-Bewerb gab es auch heuer wieder viel zu lachen.\u00a0 Wir bedanken uns ganz herzlich bei unserem Elternverein f\u00fcr die Bewirtung und allen, die unserer Einladung gefolgt sind, f\u00fcr ihren Besuch.<\/p>\n<div id=\"gallery_4925_19\" class=\"row\">\n<div id=\"4925-image-4935\" class=\"col-xs-12 col-sm-4 col-md-4\">\n<div class=\"thumbnail\"><a href=\"https:\/\/vspoechlarn.ac.at\/wordpress\/2024\/06\/24\/sportfest-2024\/img_7177-gross\/\"><img loading=\"lazy\" decoding=\"async\" class=\"attachment-large size-large\" src=\"https:\/\/vspoechlarn.ac.at\/wordpress\/wp-content\/uploads\/2024\/06\/IMG_7177-Gross-1024x768.jpg\" sizes=\"auto, (max-width: 900px) 100vw, 900px\" srcset=\"https:\/\/vspoechlarn.ac.at\/wordpress\/wp-content\/uploads\/2024\/06\/IMG_7177-Gross-1024x768.jpg 1024w, https:\/\/vspoechlarn.ac.at\/wordpress\/wp-content\/uploads\/2024\/06\/IMG_7177-Gross-350x263.jpg 350w, https:\/\/vspoechlarn.ac.at\/wordpress\/wp-content\/uploads\/2024\/06\/IMG_7177-Gross.jpg 1440w\" alt=\"\" width=\"900\" height=\"675\" \/><\/a><\/div>\n<\/div>\n<div id=\"4925-image-4936\" class=\"col-xs-12 col-sm-4 col-md-4\">\n<div class=\"thumbnail\"><a href=\"https:\/\/vspoechlarn.ac.at\/wordpress\/2024\/06\/24\/sportfest-2024\/img_7179-gross\/\"><img loading=\"lazy\" decoding=\"async\" class=\"attachment-large size-large\" src=\"https:\/\/vspoechlarn.ac.at\/wordpress\/wp-content\/uploads\/2024\/06\/IMG_7179-Gross-1024x768.jpg\" sizes=\"auto, (max-width: 900px) 100vw, 900px\" srcset=\"https:\/\/vspoechlarn.ac.at\/wordpress\/wp-content\/uploads\/2024\/06\/IMG_7179-Gross-1024x768.jpg 1024w, https:\/\/vspoechlarn.ac.at\/wordpress\/wp-content\/uploads\/2024\/06\/IMG_7179-Gross-350x263.jpg 350w, https:\/\/vspoechlarn.ac.at\/wordpress\/wp-content\/uploads\/2024\/06\/IMG_7179-Gross.jpg 1440w\" alt=\"\" width=\"900\" height=\"675\" \/><\/a><\/div>\n<\/div>\n<div id=\"4925-image-4937\" class=\"col-xs-12 col-sm-4 col-md-4\">\n<div class=\"thumbnail\"><a href=\"https:\/\/vspoechlarn.ac.at\/wordpress\/2024\/06\/24\/sportfest-2024\/img_7188-gross\/\"><img loading=\"lazy\" decoding=\"async\" class=\"attachment-large size-large\" src=\"https:\/\/vspoechlarn.ac.at\/wordpress\/wp-content\/uploads\/2024\/06\/IMG_7188-Gross-1024x768.jpg\" sizes=\"auto, (max-width: 900px) 100vw, 900px\" srcset=\"https:\/\/vspoechlarn.ac.at\/wordpress\/wp-content\/uploads\/2024\/06\/IMG_7188-Gross-1024x768.jpg 1024w, https:\/\/vspoechlarn.ac.at\/wordpress\/wp-content\/uploads\/2024\/06\/IMG_7188-Gross-350x263.jpg 350w, https:\/\/vspoechlarn.ac.at\/wordpress\/wp-content\/uploads\/2024\/06\/IMG_7188-Gross.jpg 1440w\" alt=\"\" width=\"900\" height=\"675\" \/><\/a><\/div>\n<\/div>\n<div class=\"clearfix visible-md-block visible-lg-block\"><\/div>\n<div id=\"4925-image-4938\" class=\"col-xs-12 col-sm-4 col-md-4\">\n<div class=\"thumbnail\"><a href=\"https:\/\/vspoechlarn.ac.at\/wordpress\/2024\/06\/24\/sportfest-2024\/img_7189-gross\/\"><img loading=\"lazy\" decoding=\"async\" class=\"attachment-large size-large\" src=\"https:\/\/vspoechlarn.ac.at\/wordpress\/wp-content\/uploads\/2024\/06\/IMG_7189-Gross-1024x768.jpg\" sizes=\"auto, (max-width: 900px) 100vw, 900px\" srcset=\"https:\/\/vspoechlarn.ac.at\/wordpress\/wp-content\/uploads\/2024\/06\/IMG_7189-Gross-1024x768.jpg 1024w, https:\/\/vspoechlarn.ac.at\/wordpress\/wp-content\/uploads\/2024\/06\/IMG_7189-Gross-350x263.jpg 350w, https:\/\/vspoechlarn.ac.at\/wordpress\/wp-content\/uploads\/2024\/06\/IMG_7189-Gross.jpg 1440w\" alt=\"\" width=\"900\" height=\"675\" \/><\/a><\/div>\n<\/div>\n<div id=\"4925-image-4939\" class=\"col-xs-12 col-sm-4 col-md-4\">\n<div class=\"thumbnail\"><a href=\"https:\/\/vspoechlarn.ac.at\/wordpress\/2024\/06\/24\/sportfest-2024\/img_7190-gross\/\"><img loading=\"lazy\" decoding=\"async\" class=\"attachment-large size-large\" src=\"https:\/\/vspoechlarn.ac.at\/wordpress\/wp-content\/uploads\/2024\/06\/IMG_7190-Gross-1024x768.jpg\" sizes=\"auto, (max-width: 900px) 100vw, 900px\" srcset=\"https:\/\/vspoechlarn.ac.at\/wordpress\/wp-content\/uploads\/2024\/06\/IMG_7190-Gross-1024x768.jpg 1024w, https:\/\/vspoechlarn.ac.at\/wordpress\/wp-content\/uploads\/2024\/06\/IMG_7190-Gross-350x263.jpg 350w, https:\/\/vspoechlarn.ac.at\/wordpress\/wp-content\/uploads\/2024\/06\/IMG_7190-Gross.jpg 1440w\" alt=\"\" width=\"900\" height=\"675\" \/><\/a><\/div>\n<\/div>\n<div id=\"4925-image-4940\" class=\"col-xs-12 col-sm-4 col-md-4\">\n<div class=\"thumbnail\"><a href=\"https:\/\/vspoechlarn.ac.at\/wordpress\/2024\/06\/24\/sportfest-2024\/img_7192-gross\/\"><img loading=\"lazy\" decoding=\"async\" class=\"attachment-large size-large\" src=\"https:\/\/vspoechlarn.ac.at\/wordpress\/wp-content\/uploads\/2024\/06\/IMG_7192-Gross-1024x768.jpg\" sizes=\"auto, (max-width: 900px) 100vw, 900px\" srcset=\"https:\/\/vspoechlarn.ac.at\/wordpress\/wp-content\/uploads\/2024\/06\/IMG_7192-Gross-1024x768.jpg 1024w, https:\/\/vspoechlarn.ac.at\/wordpress\/wp-content\/uploads\/2024\/06\/IMG_7192-Gross-350x263.jpg 350w, https:\/\/vspoechlarn.ac.at\/wordpress\/wp-content\/uploads\/2024\/06\/IMG_7192-Gross.jpg 1440w\" alt=\"\" width=\"900\" height=\"675\" \/><\/a><\/div>\n<\/div>\n<div class=\"clearfix visible-md-block visible-lg-block\"><\/div>\n<div id=\"4925-image-4926\" class=\"col-xs-12 col-sm-4 col-md-4\">\n<div class=\"thumbnail\"><a href=\"https:\/\/vspoechlarn.ac.at\/wordpress\/2024\/06\/24\/sportfest-2024\/img_1554-gross\/\"><img loading=\"lazy\" decoding=\"async\" class=\"attachment-large size-large\" src=\"https:\/\/vspoechlarn.ac.at\/wordpress\/wp-content\/uploads\/2024\/06\/IMG_1554-Gross-768x1024.jpeg\" sizes=\"auto, (max-width: 768px) 100vw, 768px\" srcset=\"https:\/\/vspoechlarn.ac.at\/wordpress\/wp-content\/uploads\/2024\/06\/IMG_1554-Gross-768x1024.jpeg 768w, https:\/\/vspoechlarn.ac.at\/wordpress\/wp-content\/uploads\/2024\/06\/IMG_1554-Gross-225x300.jpeg 225w, https:\/\/vspoechlarn.ac.at\/wordpress\/wp-content\/uploads\/2024\/06\/IMG_1554-Gross-rotated.jpeg 810w\" alt=\"\" width=\"768\" height=\"1024\" \/><\/a><\/div>\n<\/div>\n<div id=\"4925-image-4927\" class=\"col-xs-12 col-sm-4 col-md-4\">\n<div class=\"thumbnail\"><a href=\"https:\/\/vspoechlarn.ac.at\/wordpress\/2024\/06\/24\/sportfest-2024\/img_1556-gross\/\"><img loading=\"lazy\" decoding=\"async\" class=\"attachment-large size-large\" src=\"https:\/\/vspoechlarn.ac.at\/wordpress\/wp-content\/uploads\/2024\/06\/IMG_1556-Gross-768x1024.jpeg\" sizes=\"auto, (max-width: 768px) 100vw, 768px\" srcset=\"https:\/\/vspoechlarn.ac.at\/wordpress\/wp-content\/uploads\/2024\/06\/IMG_1556-Gross-768x1024.jpeg 768w, https:\/\/vspoechlarn.ac.at\/wordpress\/wp-content\/uploads\/2024\/06\/IMG_1556-Gross-225x300.jpeg 225w, https:\/\/vspoechlarn.ac.at\/wordpress\/wp-content\/uploads\/2024\/06\/IMG_1556-Gross-rotated.jpeg 810w\" alt=\"\" width=\"768\" height=\"1024\" \/><\/a><\/div>\n<\/div>\n<div id=\"4925-image-4928\" class=\"col-xs-12 col-sm-4 col-md-4\">\n<div class=\"thumbnail\"><a href=\"https:\/\/vspoechlarn.ac.at\/wordpress\/2024\/06\/24\/sportfest-2024\/img_1560-gross\/\"><img loading=\"lazy\" decoding=\"async\" class=\"attachment-large size-large\" src=\"https:\/\/vspoechlarn.ac.at\/wordpress\/wp-content\/uploads\/2024\/06\/IMG_1560-Gross-768x1024.jpeg\" sizes=\"auto, (max-width: 768px) 100vw, 768px\" srcset=\"https:\/\/vspoechlarn.ac.at\/wordpress\/wp-content\/uploads\/2024\/06\/IMG_1560-Gross-768x1024.jpeg 768w, https:\/\/vspoechlarn.ac.at\/wordpress\/wp-content\/uploads\/2024\/06\/IMG_1560-Gross-225x300.jpeg 225w, https:\/\/vspoechlarn.ac.at\/wordpress\/wp-content\/uploads\/2024\/06\/IMG_1560-Gross-rotated.jpeg 810w\" alt=\"\" width=\"768\" height=\"1024\" \/><\/a><\/div>\n<\/div>\n<div class=\"clearfix visible-md-block visible-lg-block\"><\/div>\n<div id=\"4925-image-4929\" class=\"col-xs-12 col-sm-4 col-md-4\">\n<div class=\"thumbnail\"><a href=\"https:\/\/vspoechlarn.ac.at\/wordpress\/2024\/06\/24\/sportfest-2024\/img_1567-gross\/\"><img loading=\"lazy\" decoding=\"async\" class=\"attachment-large size-large\" src=\"https:\/\/vspoechlarn.ac.at\/wordpress\/wp-content\/uploads\/2024\/06\/IMG_1567-Gross-768x1024.jpeg\" sizes=\"auto, (max-width: 768px) 100vw, 768px\" srcset=\"https:\/\/vspoechlarn.ac.at\/wordpress\/wp-content\/uploads\/2024\/06\/IMG_1567-Gross-768x1024.jpeg 768w, https:\/\/vspoechlarn.ac.at\/wordpress\/wp-content\/uploads\/2024\/06\/IMG_1567-Gross-225x300.jpeg 225w, https:\/\/vspoechlarn.ac.at\/wordpress\/wp-content\/uploads\/2024\/06\/IMG_1567-Gross-rotated.jpeg 810w\" alt=\"\" width=\"768\" height=\"1024\" \/><\/a><\/div>\n<\/div>\n<div id=\"4925-image-4930\" class=\"col-xs-12 col-sm-4 col-md-4\">\n<div class=\"thumbnail\"><a href=\"https:\/\/vspoechlarn.ac.at\/wordpress\/2024\/06\/24\/sportfest-2024\/img_1571-gross\/\"><img loading=\"lazy\" decoding=\"async\" class=\"attachment-large size-large\" src=\"https:\/\/vspoechlarn.ac.at\/wordpress\/wp-content\/uploads\/2024\/06\/IMG_1571-Gross-768x1024.jpeg\" sizes=\"auto, (max-width: 768px) 100vw, 768px\" srcset=\"https:\/\/vspoechlarn.ac.at\/wordpress\/wp-content\/uploads\/2024\/06\/IMG_1571-Gross-768x1024.jpeg 768w, https:\/\/vspoechlarn.ac.at\/wordpress\/wp-content\/uploads\/2024\/06\/IMG_1571-Gross-225x300.jpeg 225w, https:\/\/vspoechlarn.ac.at\/wordpress\/wp-content\/uploads\/2024\/06\/IMG_1571-Gross-rotated.jpeg 810w\" alt=\"\" width=\"768\" height=\"1024\" \/><\/a><\/div>\n<\/div>\n<div id=\"4925-image-4931\" class=\"col-xs-12 col-sm-4 col-md-4\">\n<div class=\"thumbnail\"><a href=\"https:\/\/vspoechlarn.ac.at\/wordpress\/2024\/06\/24\/sportfest-2024\/img_1573-gross\/\"><img loading=\"lazy\" decoding=\"async\" class=\"attachment-large size-large\" src=\"https:\/\/vspoechlarn.ac.at\/wordpress\/wp-content\/uploads\/2024\/06\/IMG_1573-Gross-768x1024.jpeg\" sizes=\"auto, (max-width: 768px) 100vw, 768px\" srcset=\"https:\/\/vspoechlarn.ac.at\/wordpress\/wp-content\/uploads\/2024\/06\/IMG_1573-Gross-768x1024.jpeg 768w, https:\/\/vspoechlarn.ac.at\/wordpress\/wp-content\/uploads\/2024\/06\/IMG_1573-Gross-225x300.jpeg 225w, https:\/\/vspoechlarn.ac.at\/wordpress\/wp-content\/uploads\/2024\/06\/IMG_1573-Gross-rotated.jpeg 810w\" alt=\"\" width=\"768\" height=\"1024\" \/><\/a><\/div>\n<\/div>\n<div class=\"clearfix visible-md-block visible-lg-block\"><\/div>\n<div id=\"4925-image-4932\" class=\"col-xs-12 col-sm-4 col-md-4\">\n<div class=\"thumbnail\"><a href=\"https:\/\/vspoechlarn.ac.at\/wordpress\/2024\/06\/24\/sportfest-2024\/img_1579-gross\/\"><img loading=\"lazy\" decoding=\"async\" class=\"attachment-large size-large\" src=\"https:\/\/vspoechlarn.ac.at\/wordpress\/wp-content\/uploads\/2024\/06\/IMG_1579-Gross-768x1024.jpeg\" sizes=\"auto, (max-width: 768px) 100vw, 768px\" srcset=\"https:\/\/vspoechlarn.ac.at\/wordpress\/wp-content\/uploads\/2024\/06\/IMG_1579-Gross-768x1024.jpeg 768w, https:\/\/vspoechlarn.ac.at\/wordpress\/wp-content\/uploads\/2024\/06\/IMG_1579-Gross-225x300.jpeg 225w, https:\/\/vspoechlarn.ac.at\/wordpress\/wp-content\/uploads\/2024\/06\/IMG_1579-Gross-rotated.jpeg 810w\" alt=\"\" width=\"768\" height=\"1024\" \/><\/a><\/div>\n<\/div>\n<div id=\"4925-image-4933\" class=\"col-xs-12 col-sm-4 col-md-4\">\n<div class=\"thumbnail\"><a href=\"https:\/\/vspoechlarn.ac.at\/wordpress\/2024\/06\/24\/sportfest-2024\/img_1582-gross\/\"><img loading=\"lazy\" decoding=\"async\" class=\"attachment-large size-large\" src=\"https:\/\/vspoechlarn.ac.at\/wordpress\/wp-content\/uploads\/2024\/06\/IMG_1582-Gross-768x1024.jpeg\" sizes=\"auto, (max-width: 768px) 100vw, 768px\" srcset=\"https:\/\/vspoechlarn.ac.at\/wordpress\/wp-content\/uploads\/2024\/06\/IMG_1582-Gross-768x1024.jpeg 768w, https:\/\/vspoechlarn.ac.at\/wordpress\/wp-content\/uploads\/2024\/06\/IMG_1582-Gross-225x300.jpeg 225w, https:\/\/vspoechlarn.ac.at\/wordpress\/wp-content\/uploads\/2024\/06\/IMG_1582-Gross-rotated.jpeg 810w\" alt=\"\" width=\"768\" height=\"1024\" \/><\/a><\/div>\n<\/div>\n<div id=\"4925-image-4934\" class=\"col-xs-12 col-sm-4 col-md-4\">\n<div class=\"thumbnail\"><a href=\"https:\/\/vspoechlarn.ac.at\/wordpress\/2024\/06\/24\/sportfest-2024\/img_1589-gross\/\"><img loading=\"lazy\" decoding=\"async\" class=\"attachment-large size-large\" src=\"https:\/\/vspoechlarn.ac.at\/wordpress\/wp-content\/uploads\/2024\/06\/IMG_1589-Gross-768x1024.jpeg\" sizes=\"auto, (max-width: 768px) 100vw, 768px\" srcset=\"https:\/\/vspoechlarn.ac.at\/wordpress\/wp-content\/uploads\/2024\/06\/IMG_1589-Gross-768x1024.jpeg 768w, https:\/\/vspoechlarn.ac.at\/wordpress\/wp-content\/uploads\/2024\/06\/IMG_1589-Gross-225x300.jpeg 225w, https:\/\/vspoechlarn.ac.at\/wordpress\/wp-content\/uploads\/2024\/06\/IMG_1589-Gross-rotated.jpeg 810w\" alt=\"\" width=\"768\" height=\"1024\" \/><\/a><\/div>\n<\/div>\n<div class=\"clearfix visible-md-block visible-lg-block\"><\/div>\n<\/div>\n<\/div>\n<\/div>\n<\/div>\n<div class=\"panel-footer entry-meta\">\n<p><small><span class=\"loop-category\"><a class=\"label label-info\" href=\"https:\/\/vspoechlarn.ac.at\/wordpress\/category\/allgemein\/\">Startseite<\/a>\u00a0<\/span><span class=\"loop-author\">|\u00a0<span class=\"author vcard\"><a class=\"url fn n\" href=\"https:\/\/vspoechlarn.ac.at\/wordpress\/author\/wp-admin\/\">wp-admin<\/a><\/span><\/span>\u00a0<span class=\"loop-date\">|\u00a0<time class=\"entry-date published updated\" datetime=\"2024-06-24T13:04:17+02:00\">24. Juni 2024<\/time><\/span>\u00a0|\u00a0<span class=\"edit-link\"><a class=\"post-edit-link\" href=\"https:\/\/vspoechlarn.ac.at\/wordpress\/wp-admin\/post.php?post=4925&amp;action=edit\">Bearbeiten<\/a><\/span><\/small><\/p>\n<div class=\"clearfix\"><\/div>\n<\/div>\n<\/div>\n<\/article>\n<article id=\"post-4920\" class=\"loop_list post-4920 post type-post status-publish format-standard hentry category-allgemein\">\n<div class=\"panel panel-default\">\n<div class=\"panel-body clearfix\">\n<div class=\"fs-have-thumbnail\">\n<header class=\"entry-header\">\n<h4 class=\"entry-title\"><strong><a title=\"Permanentlink zu Besuch Gemeindeamt\" href=\"https:\/\/vspoechlarn.ac.at\/wordpress\/2024\/06\/20\/besuch-gemeindeamt\/\" rel=\"bookmark\">Besuch Gemeindeamt<\/a><\/strong><\/h4>\n<\/header>\n<div class=\"entry-content\">\n<p>Am Freitag, 14.6.2024, durften alle Kinder der dritten Klassen unsere Frau B\u00fcrgermeisterin Barbara Kainz besuchen. Dort erkl\u00e4rte sie den Sch\u00fclerinnen und Sch\u00fclern die Aufgaben der einzelnen Mitarbeiter und danach wurden diese Infos in einem Quiz abgefragt. Nach einer kurzen St\u00e4rkung wurde noch die Wahl zum Kinder-B\u00fcrgermeister abgehalten. Wir gratulieren unserem Max sehr herzlich!<\/p>\n<div id=\"gallery_4920_20\" class=\"row\">\n<div id=\"4920-image-4921\" class=\"col-xs-12 col-sm-4 col-md-4\">\n<div class=\"thumbnail\"><a href=\"https:\/\/vspoechlarn.ac.at\/wordpress\/2024\/06\/20\/besuch-gemeindeamt\/gemeinde1-mittel\/\"><img loading=\"lazy\" decoding=\"async\" class=\"attachment-large size-large\" src=\"https:\/\/vspoechlarn.ac.at\/wordpress\/wp-content\/uploads\/2024\/06\/Gemeinde1-Mittel.jpg\" sizes=\"auto, (max-width: 900px) 100vw, 900px\" srcset=\"https:\/\/vspoechlarn.ac.at\/wordpress\/wp-content\/uploads\/2024\/06\/Gemeinde1-Mittel.jpg 1024w, https:\/\/vspoechlarn.ac.at\/wordpress\/wp-content\/uploads\/2024\/06\/Gemeinde1-Mittel-350x263.jpg 350w\" alt=\"\" width=\"900\" height=\"675\" \/><\/a><\/div>\n<\/div>\n<div id=\"4920-image-4922\" class=\"col-xs-12 col-sm-4 col-md-4\">\n<div class=\"thumbnail\"><a href=\"https:\/\/vspoechlarn.ac.at\/wordpress\/2024\/06\/20\/besuch-gemeindeamt\/gemeinde2-mittel\/\"><img loading=\"lazy\" decoding=\"async\" class=\"attachment-large size-large\" src=\"https:\/\/vspoechlarn.ac.at\/wordpress\/wp-content\/uploads\/2024\/06\/Gemeinde2-Mittel.jpg\" sizes=\"auto, (max-width: 900px) 100vw, 900px\" srcset=\"https:\/\/vspoechlarn.ac.at\/wordpress\/wp-content\/uploads\/2024\/06\/Gemeinde2-Mittel.jpg 1024w, https:\/\/vspoechlarn.ac.at\/wordpress\/wp-content\/uploads\/2024\/06\/Gemeinde2-Mittel-350x263.jpg 350w\" alt=\"\" width=\"900\" height=\"675\" \/><\/a><\/div>\n<\/div>\n<\/div>\n<\/div>\n<\/div>\n<\/div>\n<div class=\"panel-footer entry-meta\">\n<p><small><span class=\"loop-category\"><a class=\"label label-info\" href=\"https:\/\/vspoechlarn.ac.at\/wordpress\/category\/allgemein\/\">Startseite<\/a>\u00a0<\/span><span class=\"loop-author\">|\u00a0<span class=\"author vcard\"><a class=\"url fn n\" href=\"https:\/\/vspoechlarn.ac.at\/wordpress\/author\/wp-admin\/\">wp-admin<\/a><\/span><\/span>\u00a0<span class=\"loop-date\">|\u00a0<time class=\"entry-date published updated\" datetime=\"2024-06-20T14:25:35+02:00\">20. Juni 2024<\/time><\/span>\u00a0|\u00a0<span class=\"edit-link\"><a class=\"post-edit-link\" href=\"https:\/\/vspoechlarn.ac.at\/wordpress\/wp-admin\/post.php?post=4920&amp;action=edit\">Bearbeiten<\/a><\/span><\/small><\/p>\n<div class=\"clearfix\"><\/div>\n<\/div>\n<\/div>\n<\/article>\n<article id=\"post-4915\" class=\"loop_list post-4915 post type-post status-publish format-standard hentry category-allgemein\">\n<div class=\"panel panel-default\">\n<div class=\"panel-body clearfix\">\n<div class=\"fs-have-thumbnail\">\n<header class=\"entry-header\">\n<h4 class=\"entry-title\"><strong><a title=\"Permanentlink zu Raiba Malwettbewerb\" href=\"https:\/\/vspoechlarn.ac.at\/wordpress\/2024\/06\/20\/raiba-malwettbewerb\/\" rel=\"bookmark\">Raiba Malwettbewerb<\/a><\/strong><\/h4>\n<\/header>\n<div class=\"entry-content\">\n<p>Wir gratulieren allen Preistr\u00e4gern des Raiba- Malwettbewerbes 2024 ganz herzlich.<\/p>\n<div id=\"gallery_4915_21\" class=\"row\">\n<div id=\"4915-image-4916\" class=\"col-xs-12 col-sm-6 col-md-6\">\n<div class=\"thumbnail\"><a href=\"https:\/\/vspoechlarn.ac.at\/wordpress\/2024\/06\/20\/raiba-malwettbewerb\/img_7165-gross\/\"><img loading=\"lazy\" decoding=\"async\" class=\"attachment-large size-large\" src=\"https:\/\/vspoechlarn.ac.at\/wordpress\/wp-content\/uploads\/2024\/06\/IMG_7165-Gross-1024x768.jpg\" sizes=\"auto, (max-width: 900px) 100vw, 900px\" srcset=\"https:\/\/vspoechlarn.ac.at\/wordpress\/wp-content\/uploads\/2024\/06\/IMG_7165-Gross-1024x768.jpg 1024w, https:\/\/vspoechlarn.ac.at\/wordpress\/wp-content\/uploads\/2024\/06\/IMG_7165-Gross-350x263.jpg 350w, https:\/\/vspoechlarn.ac.at\/wordpress\/wp-content\/uploads\/2024\/06\/IMG_7165-Gross.jpg 1440w\" alt=\"\" width=\"900\" height=\"675\" \/><\/a><\/div>\n<\/div>\n<div id=\"4915-image-4917\" class=\"col-xs-12 col-sm-6 col-md-6\">\n<div class=\"thumbnail\"><a href=\"https:\/\/vspoechlarn.ac.at\/wordpress\/2024\/06\/20\/raiba-malwettbewerb\/img_7167-gross\/\"><img loading=\"lazy\" decoding=\"async\" class=\"attachment-large size-large\" src=\"https:\/\/vspoechlarn.ac.at\/wordpress\/wp-content\/uploads\/2024\/06\/IMG_7167-Gross-1024x768.jpg\" sizes=\"auto, (max-width: 900px) 100vw, 900px\" srcset=\"https:\/\/vspoechlarn.ac.at\/wordpress\/wp-content\/uploads\/2024\/06\/IMG_7167-Gross-1024x768.jpg 1024w, https:\/\/vspoechlarn.ac.at\/wordpress\/wp-content\/uploads\/2024\/06\/IMG_7167-Gross-350x263.jpg 350w, https:\/\/vspoechlarn.ac.at\/wordpress\/wp-content\/uploads\/2024\/06\/IMG_7167-Gross.jpg 1440w\" alt=\"\" width=\"900\" height=\"675\" \/><\/a><\/div>\n<\/div>\n<div class=\"clearfix visible-md-block visible-lg-block\"><\/div>\n<\/div>\n<\/div>\n<\/div>\n<\/div>\n<div class=\"panel-footer entry-meta\">\n<p><small><span class=\"loop-category\"><a class=\"label label-info\" href=\"https:\/\/vspoechlarn.ac.at\/wordpress\/category\/allgemein\/\">Startseite<\/a>\u00a0<\/span><span class=\"loop-author\">|\u00a0<span class=\"author vcard\"><a class=\"url fn n\" href=\"https:\/\/vspoechlarn.ac.at\/wordpress\/author\/wp-admin\/\">wp-admin<\/a><\/span><\/span>\u00a0<span class=\"loop-date\">|\u00a0<time class=\"entry-date published updated\" datetime=\"2024-06-20T11:27:42+02:00\">20. Juni 2024<\/time><\/span>\u00a0|\u00a0<span class=\"edit-link\"><a class=\"post-edit-link\" href=\"https:\/\/vspoechlarn.ac.at\/wordpress\/wp-admin\/post.php?post=4915&amp;action=edit\">Bearbeiten<\/a><\/span><\/small><\/p>\n<div class=\"clearfix\"><\/div>\n<\/div>\n<\/div>\n<\/article>\n<article id=\"post-4906\" class=\"loop_list post-4906 post type-post status-publish format-standard hentry category-allgemein\">\n<div class=\"panel panel-default\">\n<div class=\"panel-body clearfix\">\n<div class=\"fs-have-thumbnail\">\n<header class=\"entry-header\">\n<h4 class=\"entry-title\"><strong><a title=\"Permanentlink zu Sommerschachturnier\" href=\"https:\/\/vspoechlarn.ac.at\/wordpress\/2024\/06\/20\/sommerschachturnier\/\" rel=\"bookmark\">Sommerschachturnier<\/a><\/strong><\/h4>\n<\/header>\n<div class=\"entry-content\">\n<p>Im Juni ging unser letztes Schachturnier \u00fcber die B\u00fchne. Dabei k\u00e4mpften die Kinder der unverbindlichen \u00dcbung Schach in 2 Gruppen um den Sieg. Bei den Fortgeschrittenen konnte sich Nawaf Miadi, vor Abbas Saifi und Dustin Lugner durchsetzen. In der Kandidatengruppe siegte Mohammad Jomaa, vor Jan Schlichtinger und Sophie Kuttner. F\u00fcr die tollen Preise bedanken wir uns ganz herzlich bei Herrn Ing. Robert Gattermayer, der uns auch heuer durch das Schuljahr begleitet hat.<\/p>\n<div id=\"gallery_4906_22\" class=\"row\">\n<div id=\"4906-image-4907\" class=\"col-xs-12 col-sm-6 col-md-6\">\n<div class=\"thumbnail\"><a href=\"https:\/\/vspoechlarn.ac.at\/wordpress\/2024\/06\/20\/sommerschachturnier\/img_7139-gross\/\"><img loading=\"lazy\" decoding=\"async\" class=\"attachment-large size-large\" src=\"https:\/\/vspoechlarn.ac.at\/wordpress\/wp-content\/uploads\/2024\/06\/IMG_7139-Gross-1024x768.jpg\" sizes=\"auto, (max-width: 900px) 100vw, 900px\" srcset=\"https:\/\/vspoechlarn.ac.at\/wordpress\/wp-content\/uploads\/2024\/06\/IMG_7139-Gross-1024x768.jpg 1024w, https:\/\/vspoechlarn.ac.at\/wordpress\/wp-content\/uploads\/2024\/06\/IMG_7139-Gross-350x263.jpg 350w, https:\/\/vspoechlarn.ac.at\/wordpress\/wp-content\/uploads\/2024\/06\/IMG_7139-Gross.jpg 1440w\" alt=\"\" width=\"900\" height=\"675\" \/><\/a><\/div>\n<\/div>\n<div id=\"4906-image-4909\" class=\"col-xs-12 col-sm-6 col-md-6\">\n<div class=\"thumbnail\"><a href=\"https:\/\/vspoechlarn.ac.at\/wordpress\/2024\/06\/20\/sommerschachturnier\/img_7141-gross\/\"><img loading=\"lazy\" decoding=\"async\" class=\"attachment-large size-large\" src=\"https:\/\/vspoechlarn.ac.at\/wordpress\/wp-content\/uploads\/2024\/06\/IMG_7141-Gross-1024x768.jpg\" sizes=\"auto, (max-width: 900px) 100vw, 900px\" srcset=\"https:\/\/vspoechlarn.ac.at\/wordpress\/wp-content\/uploads\/2024\/06\/IMG_7141-Gross-1024x768.jpg 1024w, https:\/\/vspoechlarn.ac.at\/wordpress\/wp-content\/uploads\/2024\/06\/IMG_7141-Gross-350x263.jpg 350w, https:\/\/vspoechlarn.ac.at\/wordpress\/wp-content\/uploads\/2024\/06\/IMG_7141-Gross.jpg 1440w\" alt=\"\" width=\"900\" height=\"675\" \/><\/a><\/div>\n<\/div>\n<div class=\"clearfix visible-md-block visible-lg-block\"><\/div>\n<div id=\"4906-image-4912\" class=\"col-xs-12 col-sm-6 col-md-6\">\n<div class=\"thumbnail\"><a href=\"https:\/\/vspoechlarn.ac.at\/wordpress\/2024\/06\/20\/sommerschachturnier\/img_7173-gross\/\"><img loading=\"lazy\" decoding=\"async\" class=\"attachment-large size-large\" src=\"https:\/\/vspoechlarn.ac.at\/wordpress\/wp-content\/uploads\/2024\/06\/IMG_7173-Gross-1024x768.jpg\" sizes=\"auto, (max-width: 900px) 100vw, 900px\" srcset=\"https:\/\/vspoechlarn.ac.at\/wordpress\/wp-content\/uploads\/2024\/06\/IMG_7173-Gross-1024x768.jpg 1024w, https:\/\/vspoechlarn.ac.at\/wordpress\/wp-content\/uploads\/2024\/06\/IMG_7173-Gross-350x263.jpg 350w, https:\/\/vspoechlarn.ac.at\/wordpress\/wp-content\/uploads\/2024\/06\/IMG_7173-Gross.jpg 1440w\" alt=\"\" width=\"900\" height=\"675\" \/><\/a><\/div>\n<\/div>\n<div id=\"4906-image-4913\" class=\"col-xs-12 col-sm-6 col-md-6\">\n<div class=\"thumbnail\"><a href=\"https:\/\/vspoechlarn.ac.at\/wordpress\/2024\/06\/20\/sommerschachturnier\/img_7174-gross\/\"><img loading=\"lazy\" decoding=\"async\" class=\"attachment-large size-large\" src=\"https:\/\/vspoechlarn.ac.at\/wordpress\/wp-content\/uploads\/2024\/06\/IMG_7174-Gross-1024x768.jpg\" sizes=\"auto, (max-width: 900px) 100vw, 900px\" srcset=\"https:\/\/vspoechlarn.ac.at\/wordpress\/wp-content\/uploads\/2024\/06\/IMG_7174-Gross-1024x768.jpg 1024w, https:\/\/vspoechlarn.ac.at\/wordpress\/wp-content\/uploads\/2024\/06\/IMG_7174-Gross-350x263.jpg 350w, https:\/\/vspoechlarn.ac.at\/wordpress\/wp-content\/uploads\/2024\/06\/IMG_7174-Gross.jpg 1440w\" alt=\"\" width=\"900\" height=\"675\" \/><\/a><\/div>\n<\/div>\n<div class=\"clearfix visible-md-block visible-lg-block\"><\/div>\n<\/div>\n<\/div>\n<\/div>\n<\/div>\n<div class=\"panel-footer entry-meta\">\n<p><small><span class=\"loop-category\"><a class=\"label label-info\" href=\"https:\/\/vspoechlarn.ac.at\/wordpress\/category\/allgemein\/\">Startseite<\/a>\u00a0<\/span><span class=\"loop-author\">|\u00a0<span class=\"author vcard\"><a class=\"url fn n\" href=\"https:\/\/vspoechlarn.ac.at\/wordpress\/author\/wp-admin\/\">wp-admin<\/a><\/span><\/span>\u00a0<span class=\"loop-date\">|\u00a0<time class=\"entry-date published updated\" datetime=\"2024-06-20T11:24:41+02:00\">20. Juni 2024<\/time><\/span>\u00a0|\u00a0<span class=\"edit-link\"><a class=\"post-edit-link\" href=\"https:\/\/vspoechlarn.ac.at\/wordpress\/wp-admin\/post.php?post=4906&amp;action=edit\">Bearbeiten<\/a><\/span><\/small><\/p>\n<div class=\"clearfix\"><\/div>\n<\/div>\n<\/div>\n<\/article>\n<article id=\"post-4894\" class=\"loop_list post-4894 post type-post status-publish format-standard hentry category-allgemein\">\n<div class=\"panel panel-default\">\n<div class=\"panel-body clearfix\">\n<div class=\"fs-have-thumbnail\">\n<header class=\"entry-header\">\n<h4 class=\"entry-title\"><strong><a title=\"Permanentlink zu Renaturierung\" href=\"https:\/\/vspoechlarn.ac.at\/wordpress\/2024\/06\/17\/renaturierung\/\" rel=\"bookmark\">Renaturierung<\/a><\/strong><\/h4>\n<\/header>\n<div class=\"entry-content\">\n<p>Im Mai und Juni durften die Kinder der 3a, 4a und 4b nach Amstetten zum renaturierten Ybbs-Fluss fahren. Mit einer tollen Wald- und Naturp\u00e4dagogin wurde die Geschichte des Flusses kennengelernt, am Wasser geforscht und spielerisch in das Thema Fluss und Renaturierung eingetaucht.<\/p>\n<div id=\"gallery_4894_23\" class=\"row\">\n<div id=\"4894-image-4898\" class=\"col-xs-12 col-sm-4 col-md-4\">\n<div class=\"thumbnail\"><a href=\"https:\/\/vspoechlarn.ac.at\/wordpress\/2024\/06\/17\/renaturierung\/img_7149-gross\/\"><img loading=\"lazy\" decoding=\"async\" class=\"attachment-large size-large\" src=\"https:\/\/vspoechlarn.ac.at\/wordpress\/wp-content\/uploads\/2024\/06\/IMG_7149-Gross-1024x768.jpg\" sizes=\"auto, (max-width: 900px) 100vw, 900px\" srcset=\"https:\/\/vspoechlarn.ac.at\/wordpress\/wp-content\/uploads\/2024\/06\/IMG_7149-Gross-1024x768.jpg 1024w, https:\/\/vspoechlarn.ac.at\/wordpress\/wp-content\/uploads\/2024\/06\/IMG_7149-Gross-350x263.jpg 350w, https:\/\/vspoechlarn.ac.at\/wordpress\/wp-content\/uploads\/2024\/06\/IMG_7149-Gross.jpg 1440w\" alt=\"\" width=\"900\" height=\"675\" \/><\/a><\/div>\n<\/div>\n<div id=\"4894-image-4896\" class=\"col-xs-12 col-sm-4 col-md-4\">\n<div class=\"thumbnail\"><a href=\"https:\/\/vspoechlarn.ac.at\/wordpress\/2024\/06\/17\/renaturierung\/img_7146-gross\/\"><img loading=\"lazy\" decoding=\"async\" class=\"attachment-large size-large\" src=\"https:\/\/vspoechlarn.ac.at\/wordpress\/wp-content\/uploads\/2024\/06\/IMG_7146-Gross-1024x768.jpg\" sizes=\"auto, (max-width: 900px) 100vw, 900px\" srcset=\"https:\/\/vspoechlarn.ac.at\/wordpress\/wp-content\/uploads\/2024\/06\/IMG_7146-Gross-1024x768.jpg 1024w, https:\/\/vspoechlarn.ac.at\/wordpress\/wp-content\/uploads\/2024\/06\/IMG_7146-Gross-350x263.jpg 350w, https:\/\/vspoechlarn.ac.at\/wordpress\/wp-content\/uploads\/2024\/06\/IMG_7146-Gross.jpg 1440w\" alt=\"\" width=\"900\" height=\"675\" \/><\/a><\/div>\n<\/div>\n<div id=\"4894-image-4897\" class=\"col-xs-12 col-sm-4 col-md-4\">\n<div class=\"thumbnail\"><a href=\"https:\/\/vspoechlarn.ac.at\/wordpress\/2024\/06\/17\/renaturierung\/img_7147-gross\/\"><img loading=\"lazy\" decoding=\"async\" class=\"attachment-large size-large\" src=\"https:\/\/vspoechlarn.ac.at\/wordpress\/wp-content\/uploads\/2024\/06\/IMG_7147-Gross-1024x768.jpg\" sizes=\"auto, (max-width: 900px) 100vw, 900px\" srcset=\"https:\/\/vspoechlarn.ac.at\/wordpress\/wp-content\/uploads\/2024\/06\/IMG_7147-Gross-1024x768.jpg 1024w, https:\/\/vspoechlarn.ac.at\/wordpress\/wp-content\/uploads\/2024\/06\/IMG_7147-Gross-350x263.jpg 350w, https:\/\/vspoechlarn.ac.at\/wordpress\/wp-content\/uploads\/2024\/06\/IMG_7147-Gross.jpg 1440w\" alt=\"\" width=\"900\" height=\"675\" \/><\/a><\/div>\n<\/div>\n<div class=\"clearfix visible-md-block visible-lg-block\"><\/div>\n<div id=\"4894-image-4895\" class=\"col-xs-12 col-sm-4 col-md-4\">\n<div class=\"thumbnail\"><a href=\"https:\/\/vspoechlarn.ac.at\/wordpress\/2024\/06\/17\/renaturierung\/20240527_090140-gross\/\"><img loading=\"lazy\" decoding=\"async\" class=\"attachment-large size-large\" src=\"https:\/\/vspoechlarn.ac.at\/wordpress\/wp-content\/uploads\/2024\/06\/20240527_090140-Gross-461x1024.jpg\" sizes=\"auto, (max-width: 461px) 100vw, 461px\" srcset=\"https:\/\/vspoechlarn.ac.at\/wordpress\/wp-content\/uploads\/2024\/06\/20240527_090140-Gross-461x1024.jpg 461w, https:\/\/vspoechlarn.ac.at\/wordpress\/wp-content\/uploads\/2024\/06\/20240527_090140-Gross-135x300.jpg 135w, https:\/\/vspoechlarn.ac.at\/wordpress\/wp-content\/uploads\/2024\/06\/20240527_090140-Gross-692x1536.jpg 692w\" alt=\"\" width=\"461\" height=\"1024\" \/><\/a><\/div>\n<\/div>\n<div id=\"4894-image-4899\" class=\"col-xs-12 col-sm-4 col-md-4\">\n<div class=\"thumbnail\"><a href=\"https:\/\/vspoechlarn.ac.at\/wordpress\/2024\/06\/17\/renaturierung\/img-20240530-wa0030-gross\/\"><img loading=\"lazy\" decoding=\"async\" class=\"attachment-large size-large\" src=\"https:\/\/vspoechlarn.ac.at\/wordpress\/wp-content\/uploads\/2024\/06\/IMG-20240530-WA0030-Gross-768x1024.jpg\" sizes=\"auto, (max-width: 768px) 100vw, 768px\" srcset=\"https:\/\/vspoechlarn.ac.at\/wordpress\/wp-content\/uploads\/2024\/06\/IMG-20240530-WA0030-Gross-768x1024.jpg 768w, https:\/\/vspoechlarn.ac.at\/wordpress\/wp-content\/uploads\/2024\/06\/IMG-20240530-WA0030-Gross-225x300.jpg 225w, https:\/\/vspoechlarn.ac.at\/wordpress\/wp-content\/uploads\/2024\/06\/IMG-20240530-WA0030-Gross.jpg 810w\" alt=\"\" width=\"768\" height=\"1024\" \/><\/a><\/div>\n<\/div>\n<div id=\"4894-image-4900\" class=\"col-xs-12 col-sm-4 col-md-4\">\n<div class=\"thumbnail\"><a href=\"https:\/\/vspoechlarn.ac.at\/wordpress\/2024\/06\/17\/renaturierung\/img-20240530-wa0035-gross\/\"><img loading=\"lazy\" decoding=\"async\" class=\"attachment-large size-large\" src=\"https:\/\/vspoechlarn.ac.at\/wordpress\/wp-content\/uploads\/2024\/06\/IMG-20240530-WA0035-Gross-768x1024.jpg\" sizes=\"auto, (max-width: 768px) 100vw, 768px\" srcset=\"https:\/\/vspoechlarn.ac.at\/wordpress\/wp-content\/uploads\/2024\/06\/IMG-20240530-WA0035-Gross-768x1024.jpg 768w, https:\/\/vspoechlarn.ac.at\/wordpress\/wp-content\/uploads\/2024\/06\/IMG-20240530-WA0035-Gross-225x300.jpg 225w, https:\/\/vspoechlarn.ac.at\/wordpress\/wp-content\/uploads\/2024\/06\/IMG-20240530-WA0035-Gross.jpg 810w\" alt=\"\" width=\"768\" height=\"1024\" \/><\/a><\/div>\n<\/div>\n<div class=\"clearfix visible-md-block visible-lg-block\"><\/div>\n<\/div>\n<\/div>\n<\/div>\n<\/div>\n<div class=\"panel-footer entry-meta\">\n<p><small><span class=\"loop-category\"><a class=\"label label-info\" href=\"https:\/\/vspoechlarn.ac.at\/wordpress\/category\/allgemein\/\">Startseite<\/a>\u00a0<\/span><span class=\"loop-author\">|\u00a0<span class=\"author vcard\"><a class=\"url fn n\" href=\"https:\/\/vspoechlarn.ac.at\/wordpress\/author\/wp-admin\/\">wp-admin<\/a><\/span><\/span>\u00a0<span class=\"loop-date\">|\u00a0<time class=\"entry-date published updated\" datetime=\"2024-06-17T15:13:49+02:00\">17. Juni 2024<\/time><\/span>\u00a0|\u00a0<span class=\"edit-link\"><a class=\"post-edit-link\" href=\"https:\/\/vspoechlarn.ac.at\/wordpress\/wp-admin\/post.php?post=4894&amp;action=edit\">Bearbeiten<\/a><\/span><\/small><\/p>\n<div class=\"clearfix\"><\/div>\n<\/div>\n<\/div>\n<\/article>\n<article id=\"post-4885\" class=\"loop_list post-4885 post type-post status-publish format-standard hentry category-allgemein\">\n<div class=\"panel panel-default\">\n<div class=\"panel-body clearfix\">\n<div class=\"fs-have-thumbnail\">\n<header class=\"entry-header\">\n<h4 class=\"entry-title\"><strong><a title=\"Permanentlink zu Bei den Alpakas\" href=\"https:\/\/vspoechlarn.ac.at\/wordpress\/2024\/06\/14\/bei-den-alpakas\/\" rel=\"bookmark\">Bei den Alpakas<\/a><\/strong><\/h4>\n<\/header>\n<div class=\"entry-content\">\n<div tabindex=\"-1\">\n<div tabindex=\"0\" aria-label=\"Nachrichteninhalt\" aria-selected=\"true\">\n<div>\n<div class=\"_rp_f5\" tabindex=\"-1\" aria-label=\"Erweiterte Nachrichteninhalte\">\n<div class=\"_rp_R4 ms-border-color-neutralLight ShowConsesusSchedulingLink ShowReferenceAttachmentsLinks\" tabindex=\"-1\">\n<div class=\"_rp_45 _rp_35\">\n<div role=\"document\">\n<div id=\"Item.MessagePartBody\" class=\"_rp_T4\">\n<div id=\"Item.MessageUniqueBody\" class=\"_rp_U4 ms-font-weight-regular ms-font-color-neutralDark rpHighlightAllClass rpHighlightBodyClass\">\n<div class=\"rps_a2ee\">\n<div>\n<div>\n<div dir=\"auto\">Am 10. Juni besuchte die 1b die Urbach Alpakas. Die Kinder durften eine Alpaka-Pizza f\u00fcr die Tiere zusammenstellen, sie f\u00fcttern und anschlie\u00dfend auch streicheln. Sie halfen beim Ausmisten und sahen sich die Verarbeitung danach an. Das Highlight waren definitiv die Jungtiere. Abschlie\u00dfend gab es eine gesunde Jause f\u00fcr die Kinder. Alle hatten sichtlich Spa\u00df! Der Bus wurde dankenswerterweise von unserem Elternverein finanziert.<\/div>\n<\/div>\n<\/div>\n<\/div>\n<\/div>\n<\/div>\n<div class=\"_pe_d _pe_62\" tabindex=\"-1\" aria-expanded=\"false\" aria-haspopup=\"false\"><\/div>\n<\/div>\n<div class=\"_rp_Z4\">\n<div id=\"gallery_4885_24\" class=\"row\">\n<div id=\"4885-image-4887\" class=\"col-xs-12 col-sm-3 col-md-3\">\n<div class=\"thumbnail\"><a href=\"https:\/\/vspoechlarn.ac.at\/wordpress\/2024\/06\/14\/bei-den-alpakas\/img_20240610_102647-gross\/\"><img loading=\"lazy\" decoding=\"async\" class=\"attachment-large size-large\" src=\"https:\/\/vspoechlarn.ac.at\/wordpress\/wp-content\/uploads\/2024\/06\/IMG_20240610_102647-Gross-768x1024.jpg\" sizes=\"auto, (max-width: 768px) 100vw, 768px\" srcset=\"https:\/\/vspoechlarn.ac.at\/wordpress\/wp-content\/uploads\/2024\/06\/IMG_20240610_102647-Gross-768x1024.jpg 768w, https:\/\/vspoechlarn.ac.at\/wordpress\/wp-content\/uploads\/2024\/06\/IMG_20240610_102647-Gross-225x300.jpg 225w, https:\/\/vspoechlarn.ac.at\/wordpress\/wp-content\/uploads\/2024\/06\/IMG_20240610_102647-Gross.jpg 810w\" alt=\"\" width=\"768\" height=\"1024\" \/><\/a><\/div>\n<\/div>\n<div id=\"4885-image-4889\" class=\"col-xs-12 col-sm-3 col-md-3\">\n<div class=\"thumbnail\"><a href=\"https:\/\/vspoechlarn.ac.at\/wordpress\/2024\/06\/14\/bei-den-alpakas\/img_20240610_111744-gross\/\"><img loading=\"lazy\" decoding=\"async\" class=\"attachment-large size-large\" src=\"https:\/\/vspoechlarn.ac.at\/wordpress\/wp-content\/uploads\/2024\/06\/IMG_20240610_111744-Gross-1024x768.jpg\" sizes=\"auto, (max-width: 900px) 100vw, 900px\" srcset=\"https:\/\/vspoechlarn.ac.at\/wordpress\/wp-content\/uploads\/2024\/06\/IMG_20240610_111744-Gross-1024x768.jpg 1024w, https:\/\/vspoechlarn.ac.at\/wordpress\/wp-content\/uploads\/2024\/06\/IMG_20240610_111744-Gross-350x263.jpg 350w, https:\/\/vspoechlarn.ac.at\/wordpress\/wp-content\/uploads\/2024\/06\/IMG_20240610_111744-Gross.jpg 1440w\" alt=\"\" width=\"900\" height=\"675\" \/><\/a><\/div>\n<\/div>\n<div id=\"4885-image-4890\" class=\"col-xs-12 col-sm-3 col-md-3\">\n<div class=\"thumbnail\"><a href=\"https:\/\/vspoechlarn.ac.at\/wordpress\/2024\/06\/14\/bei-den-alpakas\/img_20240610_113449-gross\/\"><img loading=\"lazy\" decoding=\"async\" class=\"attachment-large size-large\" src=\"https:\/\/vspoechlarn.ac.at\/wordpress\/wp-content\/uploads\/2024\/06\/IMG_20240610_113449-Gross-1024x768.jpg\" sizes=\"auto, (max-width: 900px) 100vw, 900px\" srcset=\"https:\/\/vspoechlarn.ac.at\/wordpress\/wp-content\/uploads\/2024\/06\/IMG_20240610_113449-Gross-1024x768.jpg 1024w, https:\/\/vspoechlarn.ac.at\/wordpress\/wp-content\/uploads\/2024\/06\/IMG_20240610_113449-Gross-350x263.jpg 350w, https:\/\/vspoechlarn.ac.at\/wordpress\/wp-content\/uploads\/2024\/06\/IMG_20240610_113449-Gross.jpg 1440w\" alt=\"\" width=\"900\" height=\"675\" \/><\/a><\/div>\n<\/div>\n<div id=\"4885-image-4888\" class=\"col-xs-12 col-sm-3 col-md-3\">\n<div class=\"thumbnail\"><a href=\"https:\/\/vspoechlarn.ac.at\/wordpress\/2024\/06\/14\/bei-den-alpakas\/img_20240610_103442-gross\/\"><img loading=\"lazy\" decoding=\"async\" class=\"attachment-large size-large\" src=\"https:\/\/vspoechlarn.ac.at\/wordpress\/wp-content\/uploads\/2024\/06\/IMG_20240610_103442-Gross-768x1024.jpg\" sizes=\"auto, (max-width: 768px) 100vw, 768px\" srcset=\"https:\/\/vspoechlarn.ac.at\/wordpress\/wp-content\/uploads\/2024\/06\/IMG_20240610_103442-Gross-768x1024.jpg 768w, https:\/\/vspoechlarn.ac.at\/wordpress\/wp-content\/uploads\/2024\/06\/IMG_20240610_103442-Gross-225x300.jpg 225w, https:\/\/vspoechlarn.ac.at\/wordpress\/wp-content\/uploads\/2024\/06\/IMG_20240610_103442-Gross.jpg 810w\" alt=\"\" width=\"768\" height=\"1024\" \/><\/a><\/div>\n<\/div>\n<div class=\"clearfix visible-md-block visible-lg-block\"><\/div>\n<\/div>\n<\/div>\n<\/div>\n<\/div>\n<\/div>\n<\/div>\n<\/div>\n<\/div>\n<div class=\"_rp_j\" tabindex=\"-1\">\n<div class=\"_qc_F ms-bg-color-white _qc_G\">\n<hr class=\"_qc_B\" \/>\n<\/div>\n<\/div>\n<\/div>\n<\/div>\n<\/div>\n<div class=\"panel-footer entry-meta\">\n<p><small><span class=\"loop-category\"><a class=\"label label-info\" href=\"https:\/\/vspoechlarn.ac.at\/wordpress\/category\/allgemein\/\">Startseite<\/a>\u00a0<\/span><span class=\"loop-author\">|\u00a0<span class=\"author vcard\"><a class=\"url fn n\" href=\"https:\/\/vspoechlarn.ac.at\/wordpress\/author\/wp-admin\/\">wp-admin<\/a><\/span><\/span>\u00a0<span class=\"loop-date\">|\u00a0<time class=\"entry-date published updated\" datetime=\"2024-06-14T13:36:51+02:00\">14. Juni 2024<\/time><\/span>\u00a0|\u00a0<span class=\"edit-link\"><a class=\"post-edit-link\" href=\"https:\/\/vspoechlarn.ac.at\/wordpress\/wp-admin\/post.php?post=4885&amp;action=edit\">Bearbeiten<\/a><\/span><\/small><\/p>\n<div class=\"clearfix\"><\/div>\n<\/div>\n<\/div>\n<\/article>\n<article id=\"post-4874\" class=\"loop_list post-4874 post type-post status-publish format-standard hentry category-allgemein\">\n<div class=\"panel panel-default\">\n<div class=\"panel-body clearfix\">\n<div class=\"fs-have-thumbnail\">\n<header class=\"entry-header\">\n<h4 class=\"entry-title\"><strong><a title=\"Permanentlink zu Hallo Auto\" href=\"https:\/\/vspoechlarn.ac.at\/wordpress\/2024\/06\/13\/hallo-auto\/\" rel=\"bookmark\">Hallo Auto<\/a><\/strong><\/h4>\n<\/header>\n<div class=\"entry-content\">\n<p>Auch heuer durften die Kinder der beiden dritten Klassen am \u00d6AMTC-Projekt \u201eHallo Auto\u201c teilnehmen. Dabei wurde die Formel \u201eReaktionsweg + Bremsweg = Anhalteweg\u201c mit den Sch\u00fclerinnen und Sch\u00fclern gemeinsam durch Selbsterfahrung erarbeitet. Sie sehen und sp\u00fcren, dass selbst eine Notbremsung das Auto nicht sofort zum Stillstand bringt. Eine lebenswichtige Erkenntnis bei der selbstst\u00e4ndigen Bew\u00e4ltigung des Schulweges!<\/p>\n<div id=\"gallery_4874_25\" class=\"row\">\n<div id=\"4874-image-4876\" class=\"col-xs-12 col-sm-4 col-md-4\">\n<div class=\"thumbnail\"><a href=\"https:\/\/vspoechlarn.ac.at\/wordpress\/2024\/06\/13\/hallo-auto\/hallo-auto2-mittel\/\"><img loading=\"lazy\" decoding=\"async\" class=\"attachment-large size-large\" src=\"https:\/\/vspoechlarn.ac.at\/wordpress\/wp-content\/uploads\/2024\/06\/Hallo-Auto2-Mittel-rotated.jpg\" sizes=\"auto, (max-width: 768px) 100vw, 768px\" srcset=\"https:\/\/vspoechlarn.ac.at\/wordpress\/wp-content\/uploads\/2024\/06\/Hallo-Auto2-Mittel-rotated.jpg 768w, https:\/\/vspoechlarn.ac.at\/wordpress\/wp-content\/uploads\/2024\/06\/Hallo-Auto2-Mittel-225x300.jpg 225w\" alt=\"\" width=\"768\" height=\"1024\" \/><\/a><\/div>\n<\/div>\n<div id=\"4874-image-4878\" class=\"col-xs-12 col-sm-4 col-md-4\">\n<div class=\"thumbnail\"><a href=\"https:\/\/vspoechlarn.ac.at\/wordpress\/2024\/06\/13\/hallo-auto\/hallo-auto4-mittel\/\"><img loading=\"lazy\" decoding=\"async\" class=\"attachment-large size-large\" src=\"https:\/\/vspoechlarn.ac.at\/wordpress\/wp-content\/uploads\/2024\/06\/Hallo-Auto4-Mittel-1024x462.jpg\" sizes=\"auto, (max-width: 900px) 100vw, 900px\" srcset=\"https:\/\/vspoechlarn.ac.at\/wordpress\/wp-content\/uploads\/2024\/06\/Hallo-Auto4-Mittel-1024x462.jpg 1024w, https:\/\/vspoechlarn.ac.at\/wordpress\/wp-content\/uploads\/2024\/06\/Hallo-Auto4-Mittel-350x158.jpg 350w, https:\/\/vspoechlarn.ac.at\/wordpress\/wp-content\/uploads\/2024\/06\/Hallo-Auto4-Mittel.jpg 1366w\" alt=\"\" width=\"900\" height=\"406\" \/><\/a><\/div>\n<\/div>\n<div id=\"4874-image-4875\" class=\"col-xs-12 col-sm-4 col-md-4\">\n<div class=\"thumbnail\"><a href=\"https:\/\/vspoechlarn.ac.at\/wordpress\/2024\/06\/13\/hallo-auto\/hallo-auto1-mittel\/\"><img loading=\"lazy\" decoding=\"async\" class=\"attachment-large size-large\" src=\"https:\/\/vspoechlarn.ac.at\/wordpress\/wp-content\/uploads\/2024\/06\/Hallo-Auto1-Mittel-rotated.jpg\" sizes=\"auto, (max-width: 768px) 100vw, 768px\" srcset=\"https:\/\/vspoechlarn.ac.at\/wordpress\/wp-content\/uploads\/2024\/06\/Hallo-Auto1-Mittel-rotated.jpg 768w, https:\/\/vspoechlarn.ac.at\/wordpress\/wp-content\/uploads\/2024\/06\/Hallo-Auto1-Mittel-225x300.jpg 225w\" alt=\"\" width=\"768\" height=\"1024\" \/><\/a><\/div>\n<\/div>\n<div class=\"clearfix visible-md-block visible-lg-block\"><\/div>\n<\/div>\n<\/div>\n<\/div>\n<\/div>\n<div class=\"panel-footer entry-meta\">\n<p><small><span class=\"loop-category\"><a class=\"label label-info\" href=\"https:\/\/vspoechlarn.ac.at\/wordpress\/category\/allgemein\/\">Startseite<\/a>\u00a0<\/span><span class=\"loop-author\">|\u00a0<span class=\"author vcard\"><a class=\"url fn n\" href=\"https:\/\/vspoechlarn.ac.at\/wordpress\/author\/wp-admin\/\">wp-admin<\/a><\/span><\/span>\u00a0<span class=\"loop-date\">|\u00a0<time class=\"entry-date published updated\" datetime=\"2024-06-13T07:22:41+02:00\">13. Juni 2024<\/time><\/span>\u00a0|\u00a0<span class=\"edit-link\"><a class=\"post-edit-link\" href=\"https:\/\/vspoechlarn.ac.at\/wordpress\/wp-admin\/post.php?post=4874&amp;action=edit\">Bearbeiten<\/a><\/span><\/small><\/p>\n<div class=\"clearfix\"><\/div>\n<\/div>\n<\/div>\n<\/article>\n<article id=\"post-4869\" class=\"loop_list post-4869 post type-post status-publish format-standard hentry category-allgemein\">\n<div class=\"panel panel-default\">\n<div class=\"panel-body clearfix\">\n<div class=\"fs-have-thumbnail\">\n<header class=\"entry-header\">\n<h4 class=\"entry-title\"><strong><a title=\"Permanentlink zu Radeln macht Schule\" href=\"https:\/\/vspoechlarn.ac.at\/wordpress\/2024\/06\/12\/radeln-macht-schule\/\" rel=\"bookmark\">Radeln macht Schule<\/a><\/strong><\/h4>\n<\/header>\n<div class=\"entry-content\">\n<p>Zu Wochenbeginn durften die M\u00e4dchen und Buben der 1., 2. und 3. Klassen an einem ganz besonderen Workshop teilnehmen.\u00a0 Die Expertinnen von \u201eRadeln macht Schule\u201c nahmen dabei die R\u00e4der der Kinder genau unter die Lupe und kontrollierten sie auf ihre Verkehrstauglichkeit. Mit gezielten \u00dcbungsfahrten wurden die Kinder auf gef\u00e4hrliche Situationen im Stra\u00dfenverkehr vorbereitet. Gesponsert wird diese Aktion \u00f6sterreichweit vom Bundesministerium f\u00fcr Klimaschutz, Umwelt, Energie, Mobilit\u00e4t, Innovation und Technologie.<\/p>\n<div id=\"gallery_4869_26\" class=\"row\">\n<div id=\"4869-image-4870\" class=\"col-xs-12 col-sm-4 col-md-4\">\n<div class=\"thumbnail\"><a href=\"https:\/\/vspoechlarn.ac.at\/wordpress\/2024\/06\/12\/radeln-macht-schule\/70204ac9-5c68-4c83-90b2-3d6e1eb5284d-gross\/\"><img loading=\"lazy\" decoding=\"async\" class=\"attachment-large size-large\" src=\"https:\/\/vspoechlarn.ac.at\/wordpress\/wp-content\/uploads\/2024\/06\/70204ac9-5c68-4c83-90b2-3d6e1eb5284d-Gross-768x1024.jpg\" sizes=\"auto, (max-width: 768px) 100vw, 768px\" srcset=\"https:\/\/vspoechlarn.ac.at\/wordpress\/wp-content\/uploads\/2024\/06\/70204ac9-5c68-4c83-90b2-3d6e1eb5284d-Gross-768x1024.jpg 768w, https:\/\/vspoechlarn.ac.at\/wordpress\/wp-content\/uploads\/2024\/06\/70204ac9-5c68-4c83-90b2-3d6e1eb5284d-Gross-225x300.jpg 225w, https:\/\/vspoechlarn.ac.at\/wordpress\/wp-content\/uploads\/2024\/06\/70204ac9-5c68-4c83-90b2-3d6e1eb5284d-Gross.jpg 810w\" alt=\"\" width=\"768\" height=\"1024\" \/><\/a><\/div>\n<\/div>\n<div id=\"4869-image-4871\" class=\"col-xs-12 col-sm-4 col-md-4\">\n<div class=\"thumbnail\"><a href=\"https:\/\/vspoechlarn.ac.at\/wordpress\/2024\/06\/12\/radeln-macht-schule\/img_2060-gross\/\"><img loading=\"lazy\" decoding=\"async\" class=\"attachment-large size-large\" src=\"https:\/\/vspoechlarn.ac.at\/wordpress\/wp-content\/uploads\/2024\/06\/IMG_2060-Gross-1024x768.jpg\" sizes=\"auto, (max-width: 900px) 100vw, 900px\" srcset=\"https:\/\/vspoechlarn.ac.at\/wordpress\/wp-content\/uploads\/2024\/06\/IMG_2060-Gross-1024x768.jpg 1024w, https:\/\/vspoechlarn.ac.at\/wordpress\/wp-content\/uploads\/2024\/06\/IMG_2060-Gross-350x263.jpg 350w, https:\/\/vspoechlarn.ac.at\/wordpress\/wp-content\/uploads\/2024\/06\/IMG_2060-Gross.jpg 1440w\" alt=\"\" width=\"900\" height=\"675\" \/><\/a><\/div>\n<\/div>\n<div id=\"4869-image-4872\" class=\"col-xs-12 col-sm-4 col-md-4\">\n<div class=\"thumbnail\"><a href=\"https:\/\/vspoechlarn.ac.at\/wordpress\/2024\/06\/12\/radeln-macht-schule\/img_2063-gross\/\"><img loading=\"lazy\" decoding=\"async\" class=\"attachment-large size-large\" src=\"https:\/\/vspoechlarn.ac.at\/wordpress\/wp-content\/uploads\/2024\/06\/IMG_2063-Gross-768x1024.jpg\" sizes=\"auto, (max-width: 768px) 100vw, 768px\" srcset=\"https:\/\/vspoechlarn.ac.at\/wordpress\/wp-content\/uploads\/2024\/06\/IMG_2063-Gross-768x1024.jpg 768w, https:\/\/vspoechlarn.ac.at\/wordpress\/wp-content\/uploads\/2024\/06\/IMG_2063-Gross-225x300.jpg 225w, https:\/\/vspoechlarn.ac.at\/wordpress\/wp-content\/uploads\/2024\/06\/IMG_2063-Gross-rotated.jpg 810w\" alt=\"\" width=\"768\" height=\"1024\" \/><\/a><\/div>\n<\/div>\n<div class=\"clearfix visible-md-block visible-lg-block\"><\/div>\n<\/div>\n<p>&nbsp;<\/p>\n<\/div>\n<\/div>\n<\/div>\n<div class=\"panel-footer entry-meta\">\n<p><small><span class=\"loop-category\"><a class=\"label label-info\" href=\"https:\/\/vspoechlarn.ac.at\/wordpress\/category\/allgemein\/\">Startseite<\/a>\u00a0<\/span><span class=\"loop-author\">|\u00a0<span class=\"author vcard\"><a class=\"url fn n\" href=\"https:\/\/vspoechlarn.ac.at\/wordpress\/author\/wp-admin\/\">wp-admin<\/a><\/span><\/span>\u00a0<span class=\"loop-date\">|\u00a0<time class=\"entry-date published updated\" datetime=\"2024-06-12T15:07:03+02:00\">12. Juni 2024<\/time><\/span>\u00a0|\u00a0<span class=\"edit-link\"><a class=\"post-edit-link\" href=\"https:\/\/vspoechlarn.ac.at\/wordpress\/wp-admin\/post.php?post=4869&amp;action=edit\">Bearbeiten<\/a><\/span><\/small><\/p>\n<div class=\"clearfix\"><\/div>\n<\/div>\n<\/div>\n<\/article>\n<article id=\"post-4858\" class=\"loop_list post-4858 post type-post status-publish format-standard hentry category-allgemein\">\n<div class=\"panel panel-default\">\n<div class=\"panel-body clearfix\">\n<div class=\"fs-have-thumbnail\">\n<header class=\"entry-header\">\n<h4 class=\"entry-title\"><strong><a title=\"Permanentlink zu Rezepte zum Wohlf\u00fchlen\" href=\"https:\/\/vspoechlarn.ac.at\/wordpress\/2024\/06\/12\/rezepte-zum-wohlfuehlen\/\" rel=\"bookmark\">Rezepte zum Wohlf\u00fchlen<\/a><\/strong><\/h4>\n<\/header>\n<div class=\"entry-content\">\n<p>Als Abschiedsgeschenk f\u00fcr die Kinder der beiden 4. Klassen gab es heute einen Workshop und ein Buch mit Rezepten zum Wohlf\u00fchlen von und mit Mag. Ulrike Leitner. Frau Bgm. Barbara Kainz \u00fcberraschte damit die M\u00e4dchen und Buben, w\u00fcnschte allen erholsame Ferien und f\u00fcr ihre zuk\u00fcnftige Schullaufbahn alles Gute.<\/p>\n<div id=\"gallery_4858_27\" class=\"row\">\n<div id=\"4858-image-4859\" class=\"col-xs-12 col-sm-12 col-md-12\">\n<div class=\"thumbnail\"><a href=\"https:\/\/vspoechlarn.ac.at\/wordpress\/2024\/06\/12\/rezepte-zum-wohlfuehlen\/img_7134\/\"><img loading=\"lazy\" decoding=\"async\" class=\"attachment-large size-large\" src=\"https:\/\/vspoechlarn.ac.at\/wordpress\/wp-content\/uploads\/2024\/06\/IMG_7134-1024x768.jpg\" sizes=\"auto, (max-width: 900px) 100vw, 900px\" srcset=\"https:\/\/vspoechlarn.ac.at\/wordpress\/wp-content\/uploads\/2024\/06\/IMG_7134-1024x768.jpg 1024w, https:\/\/vspoechlarn.ac.at\/wordpress\/wp-content\/uploads\/2024\/06\/IMG_7134-350x263.jpg 350w, https:\/\/vspoechlarn.ac.at\/wordpress\/wp-content\/uploads\/2024\/06\/IMG_7134-1536x1152.jpg 1536w, https:\/\/vspoechlarn.ac.at\/wordpress\/wp-content\/uploads\/2024\/06\/IMG_7134-2048x1536.jpg 2048w, https:\/\/vspoechlarn.ac.at\/wordpress\/wp-content\/uploads\/2024\/06\/IMG_7134-scaled.jpg 1440w\" alt=\"\" width=\"900\" height=\"675\" \/><\/a><\/div>\n<\/div>\n<div class=\"clearfix visible-md-block visible-lg-block\"><\/div>\n<\/div>\n<p>&nbsp;<\/p>\n<\/div>\n<\/div>\n<\/div>\n<div class=\"panel-footer entry-meta\">\n<p><small><span class=\"loop-category\"><a class=\"label label-info\" href=\"https:\/\/vspoechlarn.ac.at\/wordpress\/category\/allgemein\/\">Startseite<\/a>\u00a0<\/span><span class=\"loop-author\">|\u00a0<span class=\"author vcard\"><a class=\"url fn n\" href=\"https:\/\/vspoechlarn.ac.at\/wordpress\/author\/wp-admin\/\">wp-admin<\/a><\/span><\/span>\u00a0<span class=\"loop-date\">|\u00a0<time class=\"entry-date published updated\" datetime=\"2024-06-12T09:16:37+02:00\">12. Juni 2024<\/time><\/span>\u00a0|\u00a0<span class=\"edit-link\"><a class=\"post-edit-link\" href=\"https:\/\/vspoechlarn.ac.at\/wordpress\/wp-admin\/post.php?post=4858&amp;action=edit\">Bearbeiten<\/a><\/span><\/small><\/p>\n<div class=\"clearfix\"><\/div>\n<\/div>\n<\/div>\n<\/article>\n<article id=\"post-4852\" class=\"loop_list post-4852 post type-post status-publish format-standard hentry category-allgemein\">\n<div class=\"panel panel-default\">\n<div class=\"panel-body clearfix\">\n<div class=\"fs-have-thumbnail\">\n<header class=\"entry-header\">\n<h4 class=\"entry-title\"><strong><a title=\"Permanentlink zu Waldp\u00e4dagogik 2a 2b\" href=\"https:\/\/vspoechlarn.ac.at\/wordpress\/2024\/06\/11\/waldpaedagogik-2a-2b\/\" rel=\"bookmark\">Waldp\u00e4dagogik 2a 2b<\/a><\/strong><\/h4>\n<\/header>\n<div class=\"entry-content\">\n<p>In der ersten Juniwoche durften die 2a und 2b bei Kaiserwetter einen Ausflug auf den Hiesberg machen. Bei vielen lustigen Spielen und verschiedensten Auftr\u00e4gen durften sie den Wald erkunden. Der F\u00f6rster Fritz erz\u00e4hlte ihnen viel Neues \u00fcber den Wald und seine Bewohner. Es war ein wundersch\u00f6ner Vormittag! Der Bus wurde dankenswerterweise von unserem Elternverein finanziert.<\/p>\n<div id=\"gallery_4852_28\" class=\"row\">\n<div id=\"4852-image-4853\" class=\"col-xs-12 col-sm-3 col-md-3\">\n<div class=\"thumbnail\"><a href=\"https:\/\/vspoechlarn.ac.at\/wordpress\/2024\/06\/11\/waldpaedagogik-2a-2b\/img_0223-gross\/\"><img loading=\"lazy\" decoding=\"async\" class=\"attachment-large size-large\" src=\"https:\/\/vspoechlarn.ac.at\/wordpress\/wp-content\/uploads\/2024\/06\/IMG_0223-Gross-768x1024.jpeg\" sizes=\"auto, (max-width: 768px) 100vw, 768px\" srcset=\"https:\/\/vspoechlarn.ac.at\/wordpress\/wp-content\/uploads\/2024\/06\/IMG_0223-Gross-768x1024.jpeg 768w, https:\/\/vspoechlarn.ac.at\/wordpress\/wp-content\/uploads\/2024\/06\/IMG_0223-Gross-225x300.jpeg 225w, https:\/\/vspoechlarn.ac.at\/wordpress\/wp-content\/uploads\/2024\/06\/IMG_0223-Gross.jpeg 810w\" alt=\"\" width=\"768\" height=\"1024\" \/><\/a><\/div>\n<\/div>\n<div id=\"4852-image-4854\" class=\"col-xs-12 col-sm-3 col-md-3\">\n<div class=\"thumbnail\"><a href=\"https:\/\/vspoechlarn.ac.at\/wordpress\/2024\/06\/11\/waldpaedagogik-2a-2b\/img_0224-gross\/\"><img loading=\"lazy\" decoding=\"async\" class=\"attachment-large size-large\" src=\"https:\/\/vspoechlarn.ac.at\/wordpress\/wp-content\/uploads\/2024\/06\/IMG_0224-Gross-768x1024.jpeg\" sizes=\"auto, (max-width: 768px) 100vw, 768px\" srcset=\"https:\/\/vspoechlarn.ac.at\/wordpress\/wp-content\/uploads\/2024\/06\/IMG_0224-Gross-768x1024.jpeg 768w, https:\/\/vspoechlarn.ac.at\/wordpress\/wp-content\/uploads\/2024\/06\/IMG_0224-Gross-225x300.jpeg 225w, https:\/\/vspoechlarn.ac.at\/wordpress\/wp-content\/uploads\/2024\/06\/IMG_0224-Gross.jpeg 810w\" alt=\"\" width=\"768\" height=\"1024\" \/><\/a><\/div>\n<\/div>\n<div id=\"4852-image-4855\" class=\"col-xs-12 col-sm-3 col-md-3\">\n<div class=\"thumbnail\"><a href=\"https:\/\/vspoechlarn.ac.at\/wordpress\/2024\/06\/11\/waldpaedagogik-2a-2b\/img_0230-gross\/\"><img loading=\"lazy\" decoding=\"async\" class=\"attachment-large size-large\" src=\"https:\/\/vspoechlarn.ac.at\/wordpress\/wp-content\/uploads\/2024\/06\/IMG_0230-Gross-768x1024.jpeg\" sizes=\"auto, (max-width: 768px) 100vw, 768px\" srcset=\"https:\/\/vspoechlarn.ac.at\/wordpress\/wp-content\/uploads\/2024\/06\/IMG_0230-Gross-768x1024.jpeg 768w, https:\/\/vspoechlarn.ac.at\/wordpress\/wp-content\/uploads\/2024\/06\/IMG_0230-Gross-225x300.jpeg 225w, https:\/\/vspoechlarn.ac.at\/wordpress\/wp-content\/uploads\/2024\/06\/IMG_0230-Gross.jpeg 810w\" alt=\"\" width=\"768\" height=\"1024\" \/><\/a><\/div>\n<\/div>\n<div id=\"4852-image-4856\" class=\"col-xs-12 col-sm-3 col-md-3\">\n<div class=\"thumbnail\"><a href=\"https:\/\/vspoechlarn.ac.at\/wordpress\/2024\/06\/11\/waldpaedagogik-2a-2b\/img_0233-gross\/\"><img loading=\"lazy\" decoding=\"async\" class=\"attachment-large size-large\" src=\"https:\/\/vspoechlarn.ac.at\/wordpress\/wp-content\/uploads\/2024\/06\/IMG_0233-Gross-768x1024.jpeg\" sizes=\"auto, (max-width: 768px) 100vw, 768px\" srcset=\"https:\/\/vspoechlarn.ac.at\/wordpress\/wp-content\/uploads\/2024\/06\/IMG_0233-Gross-768x1024.jpeg 768w, https:\/\/vspoechlarn.ac.at\/wordpress\/wp-content\/uploads\/2024\/06\/IMG_0233-Gross-225x300.jpeg 225w, https:\/\/vspoechlarn.ac.at\/wordpress\/wp-content\/uploads\/2024\/06\/IMG_0233-Gross.jpeg 810w\" alt=\"\" width=\"768\" height=\"1024\" \/><\/a><\/div>\n<\/div>\n<div class=\"clearfix visible-md-block visible-lg-block\"><\/div>\n<\/div>\n<\/div>\n<\/div>\n<\/div>\n<div class=\"panel-footer entry-meta\">\n<p><small><span class=\"loop-category\"><a class=\"label label-info\" href=\"https:\/\/vspoechlarn.ac.at\/wordpress\/category\/allgemein\/\">Startseite<\/a>\u00a0<\/span><span class=\"loop-author\">|\u00a0<span class=\"author vcard\"><a class=\"url fn n\" href=\"https:\/\/vspoechlarn.ac.at\/wordpress\/author\/wp-admin\/\">wp-admin<\/a><\/span><\/span>\u00a0<span class=\"loop-date\">|\u00a0<time class=\"entry-date published updated\" datetime=\"2024-06-11T12:23:07+02:00\">11. Juni 2024<\/time><\/span>\u00a0|\u00a0<span class=\"edit-link\"><a class=\"post-edit-link\" href=\"https:\/\/vspoechlarn.ac.at\/wordpress\/wp-admin\/post.php?post=4852&amp;action=edit\">Bearbeiten<\/a><\/span><\/small><\/p>\n<div class=\"clearfix\"><\/div>\n<\/div>\n<\/div>\n<\/article>\n<article id=\"post-4838\" class=\"loop_list post-4838 post type-post status-publish format-standard hentry category-allgemein\">\n<div class=\"panel panel-default\">\n<div class=\"panel-body clearfix\">\n<div class=\"fs-have-thumbnail\">\n<header class=\"entry-header\">\n<h4 class=\"entry-title\"><strong><a title=\"Permanentlink zu G\u00e4rtnerei Fuchs\" href=\"https:\/\/vspoechlarn.ac.at\/wordpress\/2024\/06\/11\/gaertnerei-fuchs\/\" rel=\"bookmark\">G\u00e4rtnerei Fuchs<\/a><\/strong><\/h4>\n<\/header>\n<div class=\"entry-content\">\n<p>Am 3. Juni besuchten die zweiten Klassen die G\u00e4rtnerei Fuchs. Die Kinder erfuhren sehr viel \u00fcber verschiedenste Pflanzen und durften sogar ihren eigenen Salat anbauen. Nach einer tollen Jause mit selbstgemachtem Kr\u00e4uteraufstrich traten die 2a und die 2b den Heimmarsch an.<\/p>\n<p>Vielen Dank an die Familie Fuchs!<\/p>\n<p>&nbsp;<\/p>\n<div id=\"gallery_4838_29\" class=\"row\">\n<div id=\"4838-image-4839\" class=\"col-xs-12 col-sm-3 col-md-3\">\n<div class=\"thumbnail\"><a href=\"https:\/\/vspoechlarn.ac.at\/wordpress\/2024\/06\/11\/gaertnerei-fuchs\/img_0209-gross\/\"><img loading=\"lazy\" decoding=\"async\" class=\"attachment-large size-large\" src=\"https:\/\/vspoechlarn.ac.at\/wordpress\/wp-content\/uploads\/2024\/06\/IMG_0209-Gross-1024x768.jpeg\" sizes=\"auto, (max-width: 900px) 100vw, 900px\" srcset=\"https:\/\/vspoechlarn.ac.at\/wordpress\/wp-content\/uploads\/2024\/06\/IMG_0209-Gross-1024x768.jpeg 1024w, https:\/\/vspoechlarn.ac.at\/wordpress\/wp-content\/uploads\/2024\/06\/IMG_0209-Gross-350x263.jpeg 350w, https:\/\/vspoechlarn.ac.at\/wordpress\/wp-content\/uploads\/2024\/06\/IMG_0209-Gross.jpeg 1440w\" alt=\"\" width=\"900\" height=\"675\" \/><\/a><\/div>\n<\/div>\n<div id=\"4838-image-4840\" class=\"col-xs-12 col-sm-3 col-md-3\">\n<div class=\"thumbnail\"><a href=\"https:\/\/vspoechlarn.ac.at\/wordpress\/2024\/06\/11\/gaertnerei-fuchs\/img_0214-gross\/\"><img loading=\"lazy\" decoding=\"async\" class=\"attachment-large size-large\" src=\"https:\/\/vspoechlarn.ac.at\/wordpress\/wp-content\/uploads\/2024\/06\/IMG_0214-Gross-768x1024.jpeg\" sizes=\"auto, (max-width: 768px) 100vw, 768px\" srcset=\"https:\/\/vspoechlarn.ac.at\/wordpress\/wp-content\/uploads\/2024\/06\/IMG_0214-Gross-768x1024.jpeg 768w, https:\/\/vspoechlarn.ac.at\/wordpress\/wp-content\/uploads\/2024\/06\/IMG_0214-Gross-225x300.jpeg 225w, https:\/\/vspoechlarn.ac.at\/wordpress\/wp-content\/uploads\/2024\/06\/IMG_0214-Gross.jpeg 810w\" alt=\"\" width=\"768\" height=\"1024\" \/><\/a><\/div>\n<\/div>\n<div id=\"4838-image-4841\" class=\"col-xs-12 col-sm-3 col-md-3\">\n<div class=\"thumbnail\"><a href=\"https:\/\/vspoechlarn.ac.at\/wordpress\/2024\/06\/11\/gaertnerei-fuchs\/img_0216-gross\/\"><img loading=\"lazy\" decoding=\"async\" class=\"attachment-large size-large\" src=\"https:\/\/vspoechlarn.ac.at\/wordpress\/wp-content\/uploads\/2024\/06\/IMG_0216-Gross-768x1024.jpeg\" sizes=\"auto, (max-width: 768px) 100vw, 768px\" srcset=\"https:\/\/vspoechlarn.ac.at\/wordpress\/wp-content\/uploads\/2024\/06\/IMG_0216-Gross-768x1024.jpeg 768w, https:\/\/vspoechlarn.ac.at\/wordpress\/wp-content\/uploads\/2024\/06\/IMG_0216-Gross-225x300.jpeg 225w, https:\/\/vspoechlarn.ac.at\/wordpress\/wp-content\/uploads\/2024\/06\/IMG_0216-Gross.jpeg 810w\" alt=\"\" width=\"768\" height=\"1024\" \/><\/a><\/div>\n<\/div>\n<div id=\"4838-image-4842\" class=\"col-xs-12 col-sm-3 col-md-3\">\n<div class=\"thumbnail\"><a href=\"https:\/\/vspoechlarn.ac.at\/wordpress\/2024\/06\/11\/gaertnerei-fuchs\/img_0222-gross\/\"><img loading=\"lazy\" decoding=\"async\" class=\"attachment-large size-large\" src=\"https:\/\/vspoechlarn.ac.at\/wordpress\/wp-content\/uploads\/2024\/06\/IMG_0222-Gross-768x1024.jpeg\" sizes=\"auto, (max-width: 768px) 100vw, 768px\" srcset=\"https:\/\/vspoechlarn.ac.at\/wordpress\/wp-content\/uploads\/2024\/06\/IMG_0222-Gross-768x1024.jpeg 768w, https:\/\/vspoechlarn.ac.at\/wordpress\/wp-content\/uploads\/2024\/06\/IMG_0222-Gross-225x300.jpeg 225w, https:\/\/vspoechlarn.ac.at\/wordpress\/wp-content\/uploads\/2024\/06\/IMG_0222-Gross.jpeg 810w\" alt=\"\" width=\"768\" height=\"1024\" \/><\/a><\/div>\n<\/div>\n<div class=\"clearfix visible-md-block visible-lg-block\"><\/div>\n<\/div>\n<p>&nbsp;<\/p>\n<\/div>\n<\/div>\n<\/div>\n<div class=\"panel-footer entry-meta\">\n<p><small><span class=\"loop-category\"><a class=\"label label-info\" href=\"https:\/\/vspoechlarn.ac.at\/wordpress\/category\/allgemein\/\">Startseite<\/a>\u00a0<\/span><span class=\"loop-author\">|\u00a0<span class=\"author vcard\"><a class=\"url fn n\" href=\"https:\/\/vspoechlarn.ac.at\/wordpress\/author\/wp-admin\/\">wp-admin<\/a><\/span><\/span>\u00a0<span class=\"loop-date\">|\u00a0<time class=\"entry-date published updated\" datetime=\"2024-06-11T12:16:09+02:00\">11. Juni 2024<\/time><\/span>\u00a0|\u00a0<span class=\"edit-link\"><a class=\"post-edit-link\" href=\"https:\/\/vspoechlarn.ac.at\/wordpress\/wp-admin\/post.php?post=4838&amp;action=edit\">Bearbeiten<\/a><\/span><\/small><\/p>\n<div class=\"clearfix\"><\/div>\n<\/div>\n<\/div>\n<\/article>\n<article id=\"post-4827\" class=\"loop_list post-4827 post type-post status-publish format-standard hentry category-allgemein\">\n<div class=\"panel panel-default\">\n<div class=\"panel-body clearfix\">\n<div class=\"fs-have-thumbnail\">\n<header class=\"entry-header\">\n<h4 class=\"entry-title\"><strong><a title=\"Permanentlink zu Besuch bei der Feuerwehr P\u00f6chlarn\" href=\"https:\/\/vspoechlarn.ac.at\/wordpress\/2024\/06\/07\/besuch-bei-der-feuerwehr-poechlarn\/\" rel=\"bookmark\">Besuch bei der Feuerwehr P\u00f6chlarn<\/a><\/strong><\/h4>\n<\/header>\n<div class=\"entry-content\">\n<p>Am 6.6.2024 durften die Kinder der beiden dritten Klassen unsere Feuerwehr in P\u00f6chlarn besuchen. Besonders interessant und spannend waren der Rundgang durch das FF-Haus, das Besichtigen und Kennenlernen eines FF-Fahrzeuges, sowie die Fahrt mit der Drehleiter. Tags darauf bekamen die Kinder der beiden 4. Klassen einen Einblick in die Arbeit der Feuerwehr. Vielen Dank f\u00fcr dieses tolle Erlebnis!<\/p>\n<div id=\"gallery_4827_30\" class=\"row\">\n<div id=\"4827-image-4833\" class=\"col-xs-12 col-sm-4 col-md-4\">\n<div class=\"thumbnail\"><a href=\"https:\/\/vspoechlarn.ac.at\/wordpress\/2024\/06\/07\/besuch-bei-der-feuerwehr-poechlarn\/ff5-mittel\/\"><img loading=\"lazy\" decoding=\"async\" class=\"attachment-large size-large\" src=\"https:\/\/vspoechlarn.ac.at\/wordpress\/wp-content\/uploads\/2024\/06\/FF5-Mittel.jpg\" sizes=\"auto, (max-width: 900px) 100vw, 900px\" srcset=\"https:\/\/vspoechlarn.ac.at\/wordpress\/wp-content\/uploads\/2024\/06\/FF5-Mittel.jpg 1024w, https:\/\/vspoechlarn.ac.at\/wordpress\/wp-content\/uploads\/2024\/06\/FF5-Mittel-350x263.jpg 350w\" alt=\"\" width=\"900\" height=\"675\" \/><\/a><\/div>\n<\/div>\n<div id=\"4827-image-4830\" class=\"col-xs-12 col-sm-4 col-md-4\">\n<div class=\"thumbnail\"><a href=\"https:\/\/vspoechlarn.ac.at\/wordpress\/2024\/06\/07\/besuch-bei-der-feuerwehr-poechlarn\/ff2-mittel\/\"><img loading=\"lazy\" decoding=\"async\" class=\"attachment-large size-large\" src=\"https:\/\/vspoechlarn.ac.at\/wordpress\/wp-content\/uploads\/2024\/06\/FF2-Mittel-1024x462.jpg\" sizes=\"auto, (max-width: 900px) 100vw, 900px\" srcset=\"https:\/\/vspoechlarn.ac.at\/wordpress\/wp-content\/uploads\/2024\/06\/FF2-Mittel-1024x462.jpg 1024w, https:\/\/vspoechlarn.ac.at\/wordpress\/wp-content\/uploads\/2024\/06\/FF2-Mittel-350x158.jpg 350w, https:\/\/vspoechlarn.ac.at\/wordpress\/wp-content\/uploads\/2024\/06\/FF2-Mittel.jpg 1366w\" alt=\"\" width=\"900\" height=\"406\" \/><\/a><\/div>\n<\/div>\n<div id=\"4827-image-4829\" class=\"col-xs-12 col-sm-4 col-md-4\">\n<div class=\"thumbnail\"><a href=\"https:\/\/vspoechlarn.ac.at\/wordpress\/2024\/06\/07\/besuch-bei-der-feuerwehr-poechlarn\/ff1-mittel\/\"><img loading=\"lazy\" decoding=\"async\" class=\"attachment-large size-large\" src=\"https:\/\/vspoechlarn.ac.at\/wordpress\/wp-content\/uploads\/2024\/06\/FF1-Mittel.jpg\" sizes=\"auto, (max-width: 900px) 100vw, 900px\" srcset=\"https:\/\/vspoechlarn.ac.at\/wordpress\/wp-content\/uploads\/2024\/06\/FF1-Mittel.jpg 1024w, https:\/\/vspoechlarn.ac.at\/wordpress\/wp-content\/uploads\/2024\/06\/FF1-Mittel-350x263.jpg 350w\" alt=\"\" width=\"900\" height=\"675\" \/><\/a><\/div>\n<\/div>\n<div class=\"clearfix visible-md-block visible-lg-block\"><\/div>\n<div id=\"4827-image-4831\" class=\"col-xs-12 col-sm-4 col-md-4\">\n<div class=\"thumbnail\"><a href=\"https:\/\/vspoechlarn.ac.at\/wordpress\/2024\/06\/07\/besuch-bei-der-feuerwehr-poechlarn\/ff3-mittel\/\"><img loading=\"lazy\" decoding=\"async\" class=\"attachment-large size-large\" src=\"https:\/\/vspoechlarn.ac.at\/wordpress\/wp-content\/uploads\/2024\/06\/FF3-Mittel-rotated.jpg\" sizes=\"auto, (max-width: 768px) 100vw, 768px\" srcset=\"https:\/\/vspoechlarn.ac.at\/wordpress\/wp-content\/uploads\/2024\/06\/FF3-Mittel-rotated.jpg 768w, https:\/\/vspoechlarn.ac.at\/wordpress\/wp-content\/uploads\/2024\/06\/FF3-Mittel-225x300.jpg 225w\" alt=\"\" width=\"768\" height=\"1024\" \/><\/a><\/div>\n<\/div>\n<div id=\"4827-image-4832\" class=\"col-xs-12 col-sm-4 col-md-4\">\n<div class=\"thumbnail\"><a href=\"https:\/\/vspoechlarn.ac.at\/wordpress\/2024\/06\/07\/besuch-bei-der-feuerwehr-poechlarn\/ff4-mittel\/\"><img loading=\"lazy\" decoding=\"async\" class=\"attachment-large size-large\" src=\"https:\/\/vspoechlarn.ac.at\/wordpress\/wp-content\/uploads\/2024\/06\/FF4-Mittel-rotated.jpg\" sizes=\"auto, (max-width: 768px) 100vw, 768px\" srcset=\"https:\/\/vspoechlarn.ac.at\/wordpress\/wp-content\/uploads\/2024\/06\/FF4-Mittel-rotated.jpg 768w, https:\/\/vspoechlarn.ac.at\/wordpress\/wp-content\/uploads\/2024\/06\/FF4-Mittel-225x300.jpg 225w\" alt=\"\" width=\"768\" height=\"1024\" \/><\/a><\/div>\n<\/div>\n<div id=\"4827-image-4850\" class=\"col-xs-12 col-sm-4 col-md-4\">\n<div class=\"thumbnail\"><a href=\"https:\/\/vspoechlarn.ac.at\/wordpress\/2024\/06\/07\/besuch-bei-der-feuerwehr-poechlarn\/img_7108-gross\/\"><img loading=\"lazy\" decoding=\"async\" class=\"attachment-large size-large\" src=\"https:\/\/vspoechlarn.ac.at\/wordpress\/wp-content\/uploads\/2024\/06\/IMG_7108-Gross-1024x768.jpg\" sizes=\"auto, (max-width: 900px) 100vw, 900px\" srcset=\"https:\/\/vspoechlarn.ac.at\/wordpress\/wp-content\/uploads\/2024\/06\/IMG_7108-Gross-1024x768.jpg 1024w, https:\/\/vspoechlarn.ac.at\/wordpress\/wp-content\/uploads\/2024\/06\/IMG_7108-Gross-350x263.jpg 350w, https:\/\/vspoechlarn.ac.at\/wordpress\/wp-content\/uploads\/2024\/06\/IMG_7108-Gross.jpg 1440w\" alt=\"\" width=\"900\" height=\"675\" \/><\/a><\/div>\n<\/div>\n<div class=\"clearfix visible-md-block visible-lg-block\"><\/div>\n<div id=\"4827-image-4849\" class=\"col-xs-12 col-sm-4 col-md-4\">\n<div class=\"thumbnail\"><a href=\"https:\/\/vspoechlarn.ac.at\/wordpress\/2024\/06\/07\/besuch-bei-der-feuerwehr-poechlarn\/img_7105-gross\/\"><img loading=\"lazy\" decoding=\"async\" class=\"attachment-large size-large\" src=\"https:\/\/vspoechlarn.ac.at\/wordpress\/wp-content\/uploads\/2024\/06\/IMG_7105-Gross-1024x768.jpg\" sizes=\"auto, (max-width: 900px) 100vw, 900px\" srcset=\"https:\/\/vspoechlarn.ac.at\/wordpress\/wp-content\/uploads\/2024\/06\/IMG_7105-Gross-1024x768.jpg 1024w, https:\/\/vspoechlarn.ac.at\/wordpress\/wp-content\/uploads\/2024\/06\/IMG_7105-Gross-350x263.jpg 350w, https:\/\/vspoechlarn.ac.at\/wordpress\/wp-content\/uploads\/2024\/06\/IMG_7105-Gross.jpg 1440w\" alt=\"\" width=\"900\" height=\"675\" \/><\/a><\/div>\n<\/div>\n<div id=\"4827-image-4848\" class=\"col-xs-12 col-sm-4 col-md-4\">\n<div class=\"thumbnail\"><a href=\"https:\/\/vspoechlarn.ac.at\/wordpress\/2024\/06\/07\/besuch-bei-der-feuerwehr-poechlarn\/img_7103-gross\/\"><img loading=\"lazy\" decoding=\"async\" class=\"attachment-large size-large\" src=\"https:\/\/vspoechlarn.ac.at\/wordpress\/wp-content\/uploads\/2024\/06\/IMG_7103-Gross-768x1024.jpg\" sizes=\"auto, (max-width: 768px) 100vw, 768px\" srcset=\"https:\/\/vspoechlarn.ac.at\/wordpress\/wp-content\/uploads\/2024\/06\/IMG_7103-Gross-768x1024.jpg 768w, https:\/\/vspoechlarn.ac.at\/wordpress\/wp-content\/uploads\/2024\/06\/IMG_7103-Gross-225x300.jpg 225w, https:\/\/vspoechlarn.ac.at\/wordpress\/wp-content\/uploads\/2024\/06\/IMG_7103-Gross.jpg 810w\" alt=\"\" width=\"768\" height=\"1024\" \/><\/a><\/div>\n<\/div>\n<div id=\"4827-image-4847\" class=\"col-xs-12 col-sm-4 col-md-4\">\n<div class=\"thumbnail\"><a href=\"https:\/\/vspoechlarn.ac.at\/wordpress\/2024\/06\/07\/besuch-bei-der-feuerwehr-poechlarn\/img_7098-gross\/\"><img loading=\"lazy\" decoding=\"async\" class=\"attachment-large size-large\" src=\"https:\/\/vspoechlarn.ac.at\/wordpress\/wp-content\/uploads\/2024\/06\/IMG_7098-Gross-1024x768.jpg\" sizes=\"auto, (max-width: 900px) 100vw, 900px\" srcset=\"https:\/\/vspoechlarn.ac.at\/wordpress\/wp-content\/uploads\/2024\/06\/IMG_7098-Gross-1024x768.jpg 1024w, https:\/\/vspoechlarn.ac.at\/wordpress\/wp-content\/uploads\/2024\/06\/IMG_7098-Gross-350x263.jpg 350w, https:\/\/vspoechlarn.ac.at\/wordpress\/wp-content\/uploads\/2024\/06\/IMG_7098-Gross.jpg 1440w\" alt=\"\" width=\"900\" height=\"675\" \/><\/a><\/div>\n<\/div>\n<div class=\"clearfix visible-md-block visible-lg-block\"><\/div>\n<\/div>\n<\/div>\n<\/div>\n<\/div>\n<div class=\"panel-footer entry-meta\">\n<p><small><span class=\"loop-category\"><a class=\"label label-info\" href=\"https:\/\/vspoechlarn.ac.at\/wordpress\/category\/allgemein\/\">Startseite<\/a>\u00a0<\/span><span class=\"loop-author\">|\u00a0<span class=\"author vcard\"><a class=\"url fn n\" href=\"https:\/\/vspoechlarn.ac.at\/wordpress\/author\/wp-admin\/\">wp-admin<\/a><\/span><\/span>\u00a0<span class=\"loop-date\">|\u00a0<time class=\"entry-date published updated\" datetime=\"2024-06-07T07:31:52+02:00\">7. Juni 2024<\/time><\/span>\u00a0|\u00a0<span class=\"edit-link\"><a class=\"post-edit-link\" href=\"https:\/\/vspoechlarn.ac.at\/wordpress\/wp-admin\/post.php?post=4827&amp;action=edit\">Bearbeiten<\/a><\/span><\/small><\/p>\n<div class=\"clearfix\"><\/div>\n<\/div>\n<\/div>\n<\/article>\n<article id=\"post-4803\" class=\"loop_list post-4803 post type-post status-publish format-standard hentry category-allgemein\">\n<div class=\"panel panel-default\">\n<div class=\"panel-body clearfix\">\n<div class=\"fs-have-thumbnail\">\n<header class=\"entry-header\">\n<h4 class=\"entry-title\"><strong><a title=\"Permanentlink zu 1. Hilfe Kurs\" href=\"https:\/\/vspoechlarn.ac.at\/wordpress\/2024\/06\/04\/1-hilfe-kurs\/\" rel=\"bookmark\">1. Hilfe Kurs<\/a><\/strong><\/h4>\n<\/header>\n<div class=\"entry-content\">\n<p>Heute durften die Kinder der beiden 3. und 4. Klassen an einem 1.Hilfe-Kurs teilnehmen. Frau Rester, Frau Kilnbeck , Herr Gruber und Herr Mayrhofer von der Rettungsstelle Persenbeug stellten sich einen Vormittag lang unentgeltlich zur Verf\u00fcgung, um unsere M\u00e4dchen und Buben bestm\u00f6glich auf Ernstf\u00e4lle vorzubereiten. In 4 Stationen wurden die Reanimation, stabile Seitenlagerung, richtiges Verbinden und die wichtigsten Utensilien eines Rettungswagens erarbeitet bzw. gelehrt. Zum Abschluss eines gro\u00dfartigen Workshop-Tages bekamen die Kinder sogar eine Urkunde. Wir bedanken uns auf das allerherzlichsten bei den Instruktoren f\u00fcr diesen wertvollen Vormittag.<\/p>\n<div id=\"gallery_4803_31\" class=\"row\">\n<div id=\"4803-image-4823\" class=\"col-xs-12 col-sm-3 col-md-3\">\n<div class=\"thumbnail\"><a href=\"https:\/\/vspoechlarn.ac.at\/wordpress\/2024\/06\/04\/1-hilfe-kurs\/img_7090-gross-2\/\"><img loading=\"lazy\" decoding=\"async\" class=\"attachment-large size-large\" src=\"https:\/\/vspoechlarn.ac.at\/wordpress\/wp-content\/uploads\/2024\/06\/IMG_7090-Gross-1-768x1024.jpg\" sizes=\"auto, (max-width: 768px) 100vw, 768px\" srcset=\"https:\/\/vspoechlarn.ac.at\/wordpress\/wp-content\/uploads\/2024\/06\/IMG_7090-Gross-1-768x1024.jpg 768w, https:\/\/vspoechlarn.ac.at\/wordpress\/wp-content\/uploads\/2024\/06\/IMG_7090-Gross-1-225x300.jpg 225w, https:\/\/vspoechlarn.ac.at\/wordpress\/wp-content\/uploads\/2024\/06\/IMG_7090-Gross-1.jpg 810w\" alt=\"\" width=\"768\" height=\"1024\" \/><\/a><\/div>\n<\/div>\n<div id=\"4803-image-4822\" class=\"col-xs-12 col-sm-3 col-md-3\">\n<div class=\"thumbnail\"><a href=\"https:\/\/vspoechlarn.ac.at\/wordpress\/2024\/06\/04\/1-hilfe-kurs\/img_5931-gross-2\/\"><img loading=\"lazy\" decoding=\"async\" class=\"attachment-large size-large\" src=\"https:\/\/vspoechlarn.ac.at\/wordpress\/wp-content\/uploads\/2024\/06\/IMG_5931-Gross-1-768x1024.jpg\" sizes=\"auto, (max-width: 768px) 100vw, 768px\" srcset=\"https:\/\/vspoechlarn.ac.at\/wordpress\/wp-content\/uploads\/2024\/06\/IMG_5931-Gross-1-768x1024.jpg 768w, https:\/\/vspoechlarn.ac.at\/wordpress\/wp-content\/uploads\/2024\/06\/IMG_5931-Gross-1-225x300.jpg 225w, https:\/\/vspoechlarn.ac.at\/wordpress\/wp-content\/uploads\/2024\/06\/IMG_5931-Gross-1.jpg 810w\" alt=\"\" width=\"768\" height=\"1024\" \/><\/a><\/div>\n<\/div>\n<div id=\"4803-image-4821\" class=\"col-xs-12 col-sm-3 col-md-3\">\n<div class=\"thumbnail\"><a href=\"https:\/\/vspoechlarn.ac.at\/wordpress\/2024\/06\/04\/1-hilfe-kurs\/img_5917-gross-2\/\"><img loading=\"lazy\" decoding=\"async\" class=\"attachment-large size-large\" src=\"https:\/\/vspoechlarn.ac.at\/wordpress\/wp-content\/uploads\/2024\/06\/IMG_5917-Gross-1-768x1024.jpg\" sizes=\"auto, (max-width: 768px) 100vw, 768px\" srcset=\"https:\/\/vspoechlarn.ac.at\/wordpress\/wp-content\/uploads\/2024\/06\/IMG_5917-Gross-1-768x1024.jpg 768w, https:\/\/vspoechlarn.ac.at\/wordpress\/wp-content\/uploads\/2024\/06\/IMG_5917-Gross-1-225x300.jpg 225w, https:\/\/vspoechlarn.ac.at\/wordpress\/wp-content\/uploads\/2024\/06\/IMG_5917-Gross-1.jpg 810w\" alt=\"\" width=\"768\" height=\"1024\" \/><\/a><\/div>\n<\/div>\n<div id=\"4803-image-4817\" class=\"col-xs-12 col-sm-3 col-md-3\">\n<div class=\"thumbnail\"><a href=\"https:\/\/vspoechlarn.ac.at\/wordpress\/2024\/06\/04\/1-hilfe-kurs\/img_5923-gross\/\"><img loading=\"lazy\" decoding=\"async\" class=\"attachment-large size-large\" src=\"https:\/\/vspoechlarn.ac.at\/wordpress\/wp-content\/uploads\/2024\/06\/IMG_5923-Gross-768x1024.jpg\" sizes=\"auto, (max-width: 768px) 100vw, 768px\" srcset=\"https:\/\/vspoechlarn.ac.at\/wordpress\/wp-content\/uploads\/2024\/06\/IMG_5923-Gross-768x1024.jpg 768w, https:\/\/vspoechlarn.ac.at\/wordpress\/wp-content\/uploads\/2024\/06\/IMG_5923-Gross-225x300.jpg 225w, https:\/\/vspoechlarn.ac.at\/wordpress\/wp-content\/uploads\/2024\/06\/IMG_5923-Gross.jpg 810w\" alt=\"\" width=\"768\" height=\"1024\" \/><\/a><\/div>\n<\/div>\n<div class=\"clearfix visible-md-block visible-lg-block\"><\/div>\n<div id=\"4803-image-4816\" class=\"col-xs-12 col-sm-3 col-md-3\">\n<div class=\"thumbnail\"><a href=\"https:\/\/vspoechlarn.ac.at\/wordpress\/2024\/06\/04\/1-hilfe-kurs\/img_5922-gross\/\"><img loading=\"lazy\" decoding=\"async\" class=\"attachment-large size-large\" src=\"https:\/\/vspoechlarn.ac.at\/wordpress\/wp-content\/uploads\/2024\/06\/IMG_5922-Gross-768x1024.jpg\" sizes=\"auto, (max-width: 768px) 100vw, 768px\" srcset=\"https:\/\/vspoechlarn.ac.at\/wordpress\/wp-content\/uploads\/2024\/06\/IMG_5922-Gross-768x1024.jpg 768w, https:\/\/vspoechlarn.ac.at\/wordpress\/wp-content\/uploads\/2024\/06\/IMG_5922-Gross-225x300.jpg 225w, https:\/\/vspoechlarn.ac.at\/wordpress\/wp-content\/uploads\/2024\/06\/IMG_5922-Gross.jpg 810w\" alt=\"\" width=\"768\" height=\"1024\" \/><\/a><\/div>\n<\/div>\n<div id=\"4803-image-4814\" class=\"col-xs-12 col-sm-3 col-md-3\">\n<div class=\"thumbnail\"><a href=\"https:\/\/vspoechlarn.ac.at\/wordpress\/2024\/06\/04\/1-hilfe-kurs\/img_1974-gross\/\"><img loading=\"lazy\" decoding=\"async\" class=\"attachment-large size-large\" src=\"https:\/\/vspoechlarn.ac.at\/wordpress\/wp-content\/uploads\/2024\/06\/IMG_1974-Gross-1024x768.jpg\" sizes=\"auto, (max-width: 900px) 100vw, 900px\" srcset=\"https:\/\/vspoechlarn.ac.at\/wordpress\/wp-content\/uploads\/2024\/06\/IMG_1974-Gross-1024x768.jpg 1024w, https:\/\/vspoechlarn.ac.at\/wordpress\/wp-content\/uploads\/2024\/06\/IMG_1974-Gross-350x263.jpg 350w, https:\/\/vspoechlarn.ac.at\/wordpress\/wp-content\/uploads\/2024\/06\/IMG_1974-Gross.jpg 1440w\" alt=\"\" width=\"900\" height=\"675\" \/><\/a><\/div>\n<\/div>\n<div id=\"4803-image-4813\" class=\"col-xs-12 col-sm-3 col-md-3\">\n<div class=\"thumbnail\"><a href=\"https:\/\/vspoechlarn.ac.at\/wordpress\/2024\/06\/04\/1-hilfe-kurs\/img_1971-gross\/\"><img loading=\"lazy\" decoding=\"async\" class=\"attachment-large size-large\" src=\"https:\/\/vspoechlarn.ac.at\/wordpress\/wp-content\/uploads\/2024\/06\/IMG_1971-Gross-768x1024.jpg\" sizes=\"auto, (max-width: 768px) 100vw, 768px\" srcset=\"https:\/\/vspoechlarn.ac.at\/wordpress\/wp-content\/uploads\/2024\/06\/IMG_1971-Gross-768x1024.jpg 768w, https:\/\/vspoechlarn.ac.at\/wordpress\/wp-content\/uploads\/2024\/06\/IMG_1971-Gross-225x300.jpg 225w, https:\/\/vspoechlarn.ac.at\/wordpress\/wp-content\/uploads\/2024\/06\/IMG_1971-Gross-rotated.jpg 810w\" alt=\"\" width=\"768\" height=\"1024\" \/><\/a><\/div>\n<\/div>\n<div id=\"4803-image-4812\" class=\"col-xs-12 col-sm-3 col-md-3\">\n<div class=\"thumbnail\"><a href=\"https:\/\/vspoechlarn.ac.at\/wordpress\/2024\/06\/04\/1-hilfe-kurs\/img_1969-gross\/\"><img loading=\"lazy\" decoding=\"async\" class=\"attachment-large size-large\" src=\"https:\/\/vspoechlarn.ac.at\/wordpress\/wp-content\/uploads\/2024\/06\/IMG_1969-Gross-768x1024.jpg\" sizes=\"auto, (max-width: 768px) 100vw, 768px\" srcset=\"https:\/\/vspoechlarn.ac.at\/wordpress\/wp-content\/uploads\/2024\/06\/IMG_1969-Gross-768x1024.jpg 768w, https:\/\/vspoechlarn.ac.at\/wordpress\/wp-content\/uploads\/2024\/06\/IMG_1969-Gross-225x300.jpg 225w, https:\/\/vspoechlarn.ac.at\/wordpress\/wp-content\/uploads\/2024\/06\/IMG_1969-Gross-rotated.jpg 810w\" alt=\"\" width=\"768\" height=\"1024\" \/><\/a><\/div>\n<\/div>\n<div class=\"clearfix visible-md-block visible-lg-block\"><\/div>\n<div id=\"4803-image-4811\" class=\"col-xs-12 col-sm-3 col-md-3\">\n<div class=\"thumbnail\"><a href=\"https:\/\/vspoechlarn.ac.at\/wordpress\/2024\/06\/04\/1-hilfe-kurs\/img_1962-gross\/\"><img loading=\"lazy\" decoding=\"async\" class=\"attachment-large size-large\" src=\"https:\/\/vspoechlarn.ac.at\/wordpress\/wp-content\/uploads\/2024\/06\/IMG_1962-Gross-1024x768.jpg\" sizes=\"auto, (max-width: 900px) 100vw, 900px\" srcset=\"https:\/\/vspoechlarn.ac.at\/wordpress\/wp-content\/uploads\/2024\/06\/IMG_1962-Gross-1024x768.jpg 1024w, https:\/\/vspoechlarn.ac.at\/wordpress\/wp-content\/uploads\/2024\/06\/IMG_1962-Gross-350x263.jpg 350w, https:\/\/vspoechlarn.ac.at\/wordpress\/wp-content\/uploads\/2024\/06\/IMG_1962-Gross.jpg 1440w\" alt=\"\" width=\"900\" height=\"675\" \/><\/a><\/div>\n<\/div>\n<div id=\"4803-image-4810\" class=\"col-xs-12 col-sm-3 col-md-3\">\n<div class=\"thumbnail\"><a href=\"https:\/\/vspoechlarn.ac.at\/wordpress\/2024\/06\/04\/1-hilfe-kurs\/img_1958-gross\/\"><img loading=\"lazy\" decoding=\"async\" class=\"attachment-large size-large\" src=\"https:\/\/vspoechlarn.ac.at\/wordpress\/wp-content\/uploads\/2024\/06\/IMG_1958-Gross-768x1024.jpg\" sizes=\"auto, (max-width: 768px) 100vw, 768px\" srcset=\"https:\/\/vspoechlarn.ac.at\/wordpress\/wp-content\/uploads\/2024\/06\/IMG_1958-Gross-768x1024.jpg 768w, https:\/\/vspoechlarn.ac.at\/wordpress\/wp-content\/uploads\/2024\/06\/IMG_1958-Gross-225x300.jpg 225w, https:\/\/vspoechlarn.ac.at\/wordpress\/wp-content\/uploads\/2024\/06\/IMG_1958-Gross-rotated.jpg 810w\" alt=\"\" width=\"768\" height=\"1024\" \/><\/a><\/div>\n<\/div>\n<div id=\"4803-image-4809\" class=\"col-xs-12 col-sm-3 col-md-3\">\n<div class=\"thumbnail\"><a href=\"https:\/\/vspoechlarn.ac.at\/wordpress\/2024\/06\/04\/1-hilfe-kurs\/20240604_091221_resized-gross\/\"><img loading=\"lazy\" decoding=\"async\" class=\"attachment-large size-large\" src=\"https:\/\/vspoechlarn.ac.at\/wordpress\/wp-content\/uploads\/2024\/06\/20240604_091221_resized-Gross-461x1024.jpg\" sizes=\"auto, (max-width: 461px) 100vw, 461px\" srcset=\"https:\/\/vspoechlarn.ac.at\/wordpress\/wp-content\/uploads\/2024\/06\/20240604_091221_resized-Gross-461x1024.jpg 461w, https:\/\/vspoechlarn.ac.at\/wordpress\/wp-content\/uploads\/2024\/06\/20240604_091221_resized-Gross-135x300.jpg 135w, https:\/\/vspoechlarn.ac.at\/wordpress\/wp-content\/uploads\/2024\/06\/20240604_091221_resized-Gross-692x1536.jpg 692w\" alt=\"\" width=\"461\" height=\"1024\" \/><\/a><\/div>\n<\/div>\n<div id=\"4803-image-4808\" class=\"col-xs-12 col-sm-3 col-md-3\">\n<div class=\"thumbnail\"><a href=\"https:\/\/vspoechlarn.ac.at\/wordpress\/2024\/06\/04\/1-hilfe-kurs\/20240604_085656_resized-gross\/\"><img loading=\"lazy\" decoding=\"async\" class=\"attachment-large size-large\" src=\"https:\/\/vspoechlarn.ac.at\/wordpress\/wp-content\/uploads\/2024\/06\/20240604_085656_resized-Gross-461x1024.jpg\" sizes=\"auto, (max-width: 461px) 100vw, 461px\" srcset=\"https:\/\/vspoechlarn.ac.at\/wordpress\/wp-content\/uploads\/2024\/06\/20240604_085656_resized-Gross-461x1024.jpg 461w, https:\/\/vspoechlarn.ac.at\/wordpress\/wp-content\/uploads\/2024\/06\/20240604_085656_resized-Gross-135x300.jpg 135w, https:\/\/vspoechlarn.ac.at\/wordpress\/wp-content\/uploads\/2024\/06\/20240604_085656_resized-Gross-692x1536.jpg 692w\" alt=\"\" width=\"461\" height=\"1024\" \/><\/a><\/div>\n<\/div>\n<div class=\"clearfix visible-md-block visible-lg-block\"><\/div>\n<div id=\"4803-image-4807\" class=\"col-xs-12 col-sm-3 col-md-3\">\n<div class=\"thumbnail\"><a href=\"https:\/\/vspoechlarn.ac.at\/wordpress\/2024\/06\/04\/1-hilfe-kurs\/20240604_084500_resized-gross\/\"><img loading=\"lazy\" decoding=\"async\" class=\"attachment-large size-large\" src=\"https:\/\/vspoechlarn.ac.at\/wordpress\/wp-content\/uploads\/2024\/06\/20240604_084500_resized-Gross-461x1024.jpg\" sizes=\"auto, (max-width: 461px) 100vw, 461px\" srcset=\"https:\/\/vspoechlarn.ac.at\/wordpress\/wp-content\/uploads\/2024\/06\/20240604_084500_resized-Gross-461x1024.jpg 461w, https:\/\/vspoechlarn.ac.at\/wordpress\/wp-content\/uploads\/2024\/06\/20240604_084500_resized-Gross-135x300.jpg 135w, https:\/\/vspoechlarn.ac.at\/wordpress\/wp-content\/uploads\/2024\/06\/20240604_084500_resized-Gross-692x1536.jpg 692w\" alt=\"\" width=\"461\" height=\"1024\" \/><\/a><\/div>\n<\/div>\n<div id=\"4803-image-4806\" class=\"col-xs-12 col-sm-3 col-md-3\">\n<div class=\"thumbnail\"><a href=\"https:\/\/vspoechlarn.ac.at\/wordpress\/2024\/06\/04\/1-hilfe-kurs\/20240604_084212_resized-gross\/\"><img loading=\"lazy\" decoding=\"async\" class=\"attachment-large size-large\" src=\"https:\/\/vspoechlarn.ac.at\/wordpress\/wp-content\/uploads\/2024\/06\/20240604_084212_resized-Gross-461x1024.jpg\" sizes=\"auto, (max-width: 461px) 100vw, 461px\" srcset=\"https:\/\/vspoechlarn.ac.at\/wordpress\/wp-content\/uploads\/2024\/06\/20240604_084212_resized-Gross-461x1024.jpg 461w, https:\/\/vspoechlarn.ac.at\/wordpress\/wp-content\/uploads\/2024\/06\/20240604_084212_resized-Gross-135x300.jpg 135w, https:\/\/vspoechlarn.ac.at\/wordpress\/wp-content\/uploads\/2024\/06\/20240604_084212_resized-Gross-692x1536.jpg 692w\" alt=\"\" width=\"461\" height=\"1024\" \/><\/a><\/div>\n<\/div>\n<div id=\"4803-image-4805\" class=\"col-xs-12 col-sm-3 col-md-3\">\n<div class=\"thumbnail\"><a href=\"https:\/\/vspoechlarn.ac.at\/wordpress\/2024\/06\/04\/1-hilfe-kurs\/20240604_083422_resized-gross\/\"><img loading=\"lazy\" decoding=\"async\" class=\"attachment-large size-large\" src=\"https:\/\/vspoechlarn.ac.at\/wordpress\/wp-content\/uploads\/2024\/06\/20240604_083422_resized-Gross-461x1024.jpg\" sizes=\"auto, (max-width: 461px) 100vw, 461px\" srcset=\"https:\/\/vspoechlarn.ac.at\/wordpress\/wp-content\/uploads\/2024\/06\/20240604_083422_resized-Gross-461x1024.jpg 461w, https:\/\/vspoechlarn.ac.at\/wordpress\/wp-content\/uploads\/2024\/06\/20240604_083422_resized-Gross-135x300.jpg 135w, https:\/\/vspoechlarn.ac.at\/wordpress\/wp-content\/uploads\/2024\/06\/20240604_083422_resized-Gross-692x1536.jpg 692w\" alt=\"\" width=\"461\" height=\"1024\" \/><\/a><\/div>\n<\/div>\n<div id=\"4803-image-4804\" class=\"col-xs-12 col-sm-3 col-md-3\">\n<div class=\"thumbnail\"><a href=\"https:\/\/vspoechlarn.ac.at\/wordpress\/2024\/06\/04\/1-hilfe-kurs\/20240604_082510_resized-gross\/\"><img loading=\"lazy\" decoding=\"async\" class=\"attachment-large size-large\" src=\"https:\/\/vspoechlarn.ac.at\/wordpress\/wp-content\/uploads\/2024\/06\/20240604_082510_resized-Gross-461x1024.jpg\" sizes=\"auto, (max-width: 461px) 100vw, 461px\" srcset=\"https:\/\/vspoechlarn.ac.at\/wordpress\/wp-content\/uploads\/2024\/06\/20240604_082510_resized-Gross-461x1024.jpg 461w, https:\/\/vspoechlarn.ac.at\/wordpress\/wp-content\/uploads\/2024\/06\/20240604_082510_resized-Gross-135x300.jpg 135w, https:\/\/vspoechlarn.ac.at\/wordpress\/wp-content\/uploads\/2024\/06\/20240604_082510_resized-Gross-692x1536.jpg 692w\" alt=\"\" width=\"461\" height=\"1024\" \/><\/a><\/div>\n<\/div>\n<div class=\"clearfix visible-md-block visible-lg-block\"><\/div>\n<\/div>\n<\/div>\n<\/div>\n<\/div>\n<div class=\"panel-footer entry-meta\">\n<p><small><span class=\"loop-category\"><a class=\"label label-info\" href=\"https:\/\/vspoechlarn.ac.at\/wordpress\/category\/allgemein\/\">Startseite<\/a>\u00a0<\/span><span class=\"loop-author\">|\u00a0<span class=\"author vcard\"><a class=\"url fn n\" href=\"https:\/\/vspoechlarn.ac.at\/wordpress\/author\/wp-admin\/\">wp-admin<\/a><\/span><\/span>\u00a0<span class=\"loop-date\">|\u00a0<time class=\"entry-date published updated\" datetime=\"2024-06-04T14:18:41+02:00\">4. Juni 2024<\/time><\/span>\u00a0|\u00a0<span class=\"edit-link\"><a class=\"post-edit-link\" href=\"https:\/\/vspoechlarn.ac.at\/wordpress\/wp-admin\/post.php?post=4803&amp;action=edit\">Bearbeiten<\/a><\/span><\/small><\/p>\n<div class=\"clearfix\"><\/div>\n<\/div>\n<\/div>\n<\/article>\n<article id=\"post-4798\" class=\"loop_list post-4798 post type-post status-publish format-standard hentry category-allgemein\">\n<div class=\"panel panel-default\">\n<div class=\"panel-body clearfix\">\n<div class=\"fs-have-thumbnail\">\n<header class=\"entry-header\">\n<h4 class=\"entry-title\"><strong><a title=\"Permanentlink zu Halbfinale beim Regionalturnier\" href=\"https:\/\/vspoechlarn.ac.at\/wordpress\/2024\/05\/21\/halbfinale-beim-regionalturnier\/\" rel=\"bookmark\">Halbfinale beim Regionalturnier<\/a><\/strong><\/h4>\n<\/header>\n<div class=\"entry-content\">\n<p>Mit dem Sieg beim Sumsi -Erima- Cup im Bezirk Melk qualifizierten sich unsere Fu\u00dfballer f\u00fcr das\u00a0 Regionalturnier in Hausmening. Auch hier spielten die Burschen mit gro\u00dfem Einsatz. Nach einer tollen Vorrunde mit 2 Unentschieden und einem Sieg gegen den sp\u00e4teren Zweitplatzierten des Turniers, wurden uns im Halbfinale und im Spiel um den 3. Platz unsere Grenzen aufgezeigt. Die Buben konnten sich trotzdem \u00fcber einen tollen 4. Platz freuen. Gratulation!<\/p>\n<div id=\"gallery_4798_32\" class=\"row\">\n<div id=\"4798-image-4799\" class=\"col-xs-12 col-sm-6 col-md-6\">\n<div class=\"thumbnail\"><a href=\"https:\/\/vspoechlarn.ac.at\/wordpress\/2024\/05\/21\/halbfinale-beim-regionalturnier\/regio1-gross\/\"><img loading=\"lazy\" decoding=\"async\" class=\"attachment-large size-large\" src=\"https:\/\/vspoechlarn.ac.at\/wordpress\/wp-content\/uploads\/2024\/05\/Regio1-Gross-1024x768.jpg\" sizes=\"auto, (max-width: 900px) 100vw, 900px\" srcset=\"https:\/\/vspoechlarn.ac.at\/wordpress\/wp-content\/uploads\/2024\/05\/Regio1-Gross-1024x768.jpg 1024w, https:\/\/vspoechlarn.ac.at\/wordpress\/wp-content\/uploads\/2024\/05\/Regio1-Gross-350x263.jpg 350w, https:\/\/vspoechlarn.ac.at\/wordpress\/wp-content\/uploads\/2024\/05\/Regio1-Gross.jpg 1440w\" alt=\"\" width=\"900\" height=\"675\" \/><\/a><\/div>\n<\/div>\n<div id=\"4798-image-4800\" class=\"col-xs-12 col-sm-6 col-md-6\">\n<div class=\"thumbnail\"><a href=\"https:\/\/vspoechlarn.ac.at\/wordpress\/2024\/05\/21\/halbfinale-beim-regionalturnier\/regio2-gross\/\"><img loading=\"lazy\" decoding=\"async\" class=\"attachment-large size-large\" src=\"https:\/\/vspoechlarn.ac.at\/wordpress\/wp-content\/uploads\/2024\/05\/regio2-Gross-1024x768.jpg\" sizes=\"auto, (max-width: 900px) 100vw, 900px\" srcset=\"https:\/\/vspoechlarn.ac.at\/wordpress\/wp-content\/uploads\/2024\/05\/regio2-Gross-1024x768.jpg 1024w, https:\/\/vspoechlarn.ac.at\/wordpress\/wp-content\/uploads\/2024\/05\/regio2-Gross-350x263.jpg 350w, https:\/\/vspoechlarn.ac.at\/wordpress\/wp-content\/uploads\/2024\/05\/regio2-Gross.jpg 1440w\" alt=\"\" width=\"900\" height=\"675\" \/><\/a><\/div>\n<\/div>\n<div class=\"clearfix visible-md-block visible-lg-block\"><\/div>\n<\/div>\n<\/div>\n<\/div>\n<\/div>\n<div class=\"panel-footer entry-meta\">\n<p><small><span class=\"loop-category\"><a class=\"label label-info\" href=\"https:\/\/vspoechlarn.ac.at\/wordpress\/category\/allgemein\/\">Startseite<\/a>\u00a0<\/span><span class=\"loop-author\">|\u00a0<span class=\"author vcard\"><a class=\"url fn n\" href=\"https:\/\/vspoechlarn.ac.at\/wordpress\/author\/wp-admin\/\">wp-admin<\/a><\/span><\/span>\u00a0<span class=\"loop-date\">|\u00a0<time class=\"entry-date published updated\" datetime=\"2024-05-21T10:15:25+02:00\">21. Mai 2024<\/time><\/span>\u00a0|\u00a0<span class=\"edit-link\"><a class=\"post-edit-link\" href=\"https:\/\/vspoechlarn.ac.at\/wordpress\/wp-admin\/post.php?post=4798&amp;action=edit\">Bearbeiten<\/a><\/span><\/small><\/p>\n<div class=\"clearfix\"><\/div>\n<\/div>\n<\/div>\n<\/article>\n<article id=\"post-4795\" class=\"loop_list post-4795 post type-post status-publish format-standard hentry category-allgemein\">\n<div class=\"panel panel-default\">\n<div class=\"panel-body clearfix\">\n<div class=\"fs-have-thumbnail\">\n<header class=\"entry-header\">\n<h4 class=\"entry-title\"><strong><a title=\"Permanentlink zu Muttertagsgru\u00df\" href=\"https:\/\/vspoechlarn.ac.at\/wordpress\/2024\/05\/14\/muttertagsgruss\/\" rel=\"bookmark\">Muttertagsgru\u00df<\/a><\/strong><\/h4>\n<\/header>\n<div class=\"entry-content\">\n<p>Heute \u00fcberbrachte die 3a Klasse ganz liebe Muttertagsgr\u00fc\u00dfe an Bewohnerinnen des SeneCura Pflegeheimes. Mit drei Liedern und einem Gedicht wurde so manche Dame sogar zu Tr\u00e4nen ger\u00fchrt.<\/p>\n<p><img loading=\"lazy\" decoding=\"async\" class=\"alignnone size-medium wp-image-4796\" src=\"https:\/\/vspoechlarn.ac.at\/wordpress\/wp-content\/uploads\/2024\/05\/IMG_6953-Gross-350x263.jpg\" sizes=\"auto, (max-width: 350px) 100vw, 350px\" srcset=\"https:\/\/vspoechlarn.ac.at\/wordpress\/wp-content\/uploads\/2024\/05\/IMG_6953-Gross-350x263.jpg 350w, https:\/\/vspoechlarn.ac.at\/wordpress\/wp-content\/uploads\/2024\/05\/IMG_6953-Gross-1024x768.jpg 1024w, https:\/\/vspoechlarn.ac.at\/wordpress\/wp-content\/uploads\/2024\/05\/IMG_6953-Gross.jpg 1440w\" alt=\"\" width=\"350\" height=\"263\" \/><\/p>\n<\/div>\n<\/div>\n<\/div>\n<div class=\"panel-footer entry-meta\">\n<p><small><span class=\"loop-category\"><a class=\"label label-info\" href=\"https:\/\/vspoechlarn.ac.at\/wordpress\/category\/allgemein\/\">Startseite<\/a>\u00a0<\/span><span class=\"loop-author\">|\u00a0<span class=\"author vcard\"><a class=\"url fn n\" href=\"https:\/\/vspoechlarn.ac.at\/wordpress\/author\/wp-admin\/\">wp-admin<\/a><\/span><\/span>\u00a0<span class=\"loop-date\">|\u00a0<time class=\"entry-date published updated\" datetime=\"2024-05-14T12:17:51+02:00\">14. Mai 2024<\/time><\/span>\u00a0|\u00a0<span class=\"edit-link\"><a class=\"post-edit-link\" href=\"https:\/\/vspoechlarn.ac.at\/wordpress\/wp-admin\/post.php?post=4795&amp;action=edit\">Bearbeiten<\/a><\/span><\/small><\/p>\n<div class=\"clearfix\"><\/div>\n<\/div>\n<\/div>\n<\/article>\n<article id=\"post-4789\" class=\"loop_list post-4789 post type-post status-publish format-standard hentry category-allgemein\">\n<div class=\"panel panel-default\">\n<div class=\"panel-body clearfix\">\n<div class=\"fs-have-thumbnail\">\n<header class=\"entry-header\">\n<h4 class=\"entry-title\"><strong><a title=\"Permanentlink zu NIG \u2013 Mitmachtheater\" href=\"https:\/\/vspoechlarn.ac.at\/wordpress\/2024\/05\/06\/nig-mitmachtheater\/\" rel=\"bookmark\">NIG \u2013 Mitmachtheater<\/a><\/strong><\/h4>\n<\/header>\n<div class=\"entry-content\">\n<p>Das Team Sieberer besuchte uns am 30. April mit dem Mitmach-Theater \u201eNig \u2013 Ein Igel zieht ein\u201c in Zusammenarbeit mit \u201eNatur im Garten\u201c. Die Kinder wurden aktiv in das St\u00fcck miteinbezogen. Sie durften \u00fcber eigene Erfahrungen und Vorwissen berichten, mitsingen und den Schmetterlingstanz lernen. Wir bedanken uns herzlich beim Elternverein und dem Land N\u00d6 f\u00fcr die \u00dcbernahme der Kosten.<\/p>\n<div id=\"gallery_4789_33\" class=\"row\">\n<div id=\"4789-image-4790\" class=\"col-xs-12 col-sm-4 col-md-4\">\n<div class=\"thumbnail\"><a href=\"https:\/\/vspoechlarn.ac.at\/wordpress\/2024\/05\/06\/nig-mitmachtheater\/img_0519-gross\/\"><img loading=\"lazy\" decoding=\"async\" class=\"attachment-large size-large\" src=\"https:\/\/vspoechlarn.ac.at\/wordpress\/wp-content\/uploads\/2024\/05\/IMG_0519-Gross-1024x768.jpeg\" sizes=\"auto, (max-width: 900px) 100vw, 900px\" srcset=\"https:\/\/vspoechlarn.ac.at\/wordpress\/wp-content\/uploads\/2024\/05\/IMG_0519-Gross-1024x768.jpeg 1024w, https:\/\/vspoechlarn.ac.at\/wordpress\/wp-content\/uploads\/2024\/05\/IMG_0519-Gross-350x263.jpeg 350w, https:\/\/vspoechlarn.ac.at\/wordpress\/wp-content\/uploads\/2024\/05\/IMG_0519-Gross.jpeg 1440w\" alt=\"\" width=\"900\" height=\"675\" \/><\/a><\/div>\n<\/div>\n<div id=\"4789-image-4791\" class=\"col-xs-12 col-sm-4 col-md-4\">\n<div class=\"thumbnail\"><a href=\"https:\/\/vspoechlarn.ac.at\/wordpress\/2024\/05\/06\/nig-mitmachtheater\/img_0640-gross\/\"><img loading=\"lazy\" decoding=\"async\" class=\"attachment-large size-large\" src=\"https:\/\/vspoechlarn.ac.at\/wordpress\/wp-content\/uploads\/2024\/05\/IMG_0640-Gross-1024x768.jpeg\" sizes=\"auto, (max-width: 900px) 100vw, 900px\" srcset=\"https:\/\/vspoechlarn.ac.at\/wordpress\/wp-content\/uploads\/2024\/05\/IMG_0640-Gross-1024x768.jpeg 1024w, https:\/\/vspoechlarn.ac.at\/wordpress\/wp-content\/uploads\/2024\/05\/IMG_0640-Gross-350x263.jpeg 350w, https:\/\/vspoechlarn.ac.at\/wordpress\/wp-content\/uploads\/2024\/05\/IMG_0640-Gross.jpeg 1440w\" alt=\"\" width=\"900\" height=\"675\" \/><\/a><\/div>\n<\/div>\n<div id=\"4789-image-4792\" class=\"col-xs-12 col-sm-4 col-md-4\">\n<div class=\"thumbnail\"><a href=\"https:\/\/vspoechlarn.ac.at\/wordpress\/2024\/05\/06\/nig-mitmachtheater\/img_0652-gross\/\"><img loading=\"lazy\" decoding=\"async\" class=\"attachment-large size-large\" src=\"https:\/\/vspoechlarn.ac.at\/wordpress\/wp-content\/uploads\/2024\/05\/IMG_0652-Gross-1024x768.jpeg\" sizes=\"auto, (max-width: 900px) 100vw, 900px\" srcset=\"https:\/\/vspoechlarn.ac.at\/wordpress\/wp-content\/uploads\/2024\/05\/IMG_0652-Gross-1024x768.jpeg 1024w, https:\/\/vspoechlarn.ac.at\/wordpress\/wp-content\/uploads\/2024\/05\/IMG_0652-Gross-350x263.jpeg 350w, https:\/\/vspoechlarn.ac.at\/wordpress\/wp-content\/uploads\/2024\/05\/IMG_0652-Gross.jpeg 1440w\" alt=\"\" width=\"900\" height=\"675\" \/><\/a><\/div>\n<\/div>\n<div class=\"clearfix visible-md-block visible-lg-block\"><\/div>\n<\/div>\n<p>&nbsp;<\/p>\n<\/div>\n<\/div>\n<\/div>\n<div class=\"panel-footer entry-meta\">\n<p><small><span class=\"loop-category\"><a class=\"label label-info\" href=\"https:\/\/vspoechlarn.ac.at\/wordpress\/category\/allgemein\/\">Startseite<\/a>\u00a0<\/span><span class=\"loop-author\">|\u00a0<span class=\"author vcard\"><a class=\"url fn n\" href=\"https:\/\/vspoechlarn.ac.at\/wordpress\/author\/wp-admin\/\">wp-admin<\/a><\/span><\/span>\u00a0<span class=\"loop-date\">|\u00a0<time class=\"entry-date published updated\" datetime=\"2024-05-06T08:32:25+02:00\">6. Mai 2024<\/time><\/span>\u00a0|\u00a0<span class=\"edit-link\"><a class=\"post-edit-link\" href=\"https:\/\/vspoechlarn.ac.at\/wordpress\/wp-admin\/post.php?post=4789&amp;action=edit\">Bearbeiten<\/a><\/span><\/small><\/p>\n<div class=\"clearfix\"><\/div>\n<\/div>\n<\/div>\n<\/article>\n<article id=\"post-4783\" class=\"loop_list post-4783 post type-post status-publish format-standard hentry category-allgemein\">\n<div class=\"panel panel-default\">\n<div class=\"panel-body clearfix\">\n<div class=\"fs-have-thumbnail\">\n<header class=\"entry-header\">\n<h4 class=\"entry-title\"><strong><a title=\"Permanentlink zu VS P\u00f6chlarn gewinnt beim Sumsi Erima Cup 2024\" href=\"https:\/\/vspoechlarn.ac.at\/wordpress\/2024\/05\/02\/vs-poechlarn-gewinnt-beim-sumsi-erima-cup-2024\/\" rel=\"bookmark\">VS P\u00f6chlarn gewinnt beim Sumsi Erima Cup 2024<\/a><\/strong><\/h4>\n<\/header>\n<div class=\"entry-content\">\n<p>Wir gratulieren den Siegern beim Sumsi Erima Cup 2024 und Ihrer Betreuerin VOL Doris Langer von ganzem Herzen!<\/p>\n<p>Bravo Dustin, Emanuel, Matvii, Finn, Emirhan, Nawaf, Calin und\u00a0 Max<\/p>\n<div id=\"gallery_4783_34\" class=\"row\">\n<div id=\"4783-image-4784\" class=\"col-xs-12 col-sm-12 col-md-12\">\n<div class=\"thumbnail\"><a href=\"https:\/\/vspoechlarn.ac.at\/wordpress\/2024\/05\/02\/vs-poechlarn-gewinnt-beim-sumsi-erima-cup-2024\/sieg-gross\/\"><img loading=\"lazy\" decoding=\"async\" class=\"attachment-large size-large\" src=\"https:\/\/vspoechlarn.ac.at\/wordpress\/wp-content\/uploads\/2024\/05\/sieg-Gross-1024x768.jpg\" sizes=\"auto, (max-width: 900px) 100vw, 900px\" srcset=\"https:\/\/vspoechlarn.ac.at\/wordpress\/wp-content\/uploads\/2024\/05\/sieg-Gross-1024x768.jpg 1024w, https:\/\/vspoechlarn.ac.at\/wordpress\/wp-content\/uploads\/2024\/05\/sieg-Gross-350x263.jpg 350w, https:\/\/vspoechlarn.ac.at\/wordpress\/wp-content\/uploads\/2024\/05\/sieg-Gross.jpg 1440w\" alt=\"\" width=\"900\" height=\"675\" \/><\/a><\/div>\n<\/div>\n<div class=\"clearfix visible-md-block visible-lg-block\"><\/div>\n<\/div>\n<p>!<\/p>\n<\/div>\n<\/div>\n<\/div>\n<div class=\"panel-footer entry-meta\">\n<p><small><span class=\"loop-category\"><a class=\"label label-info\" href=\"https:\/\/vspoechlarn.ac.at\/wordpress\/category\/allgemein\/\">Startseite<\/a>\u00a0<\/span><span class=\"loop-author\">|\u00a0<span class=\"author vcard\"><a class=\"url fn n\" href=\"https:\/\/vspoechlarn.ac.at\/wordpress\/author\/wp-admin\/\">wp-admin<\/a><\/span><\/span>\u00a0<span class=\"loop-date\">|\u00a0<time class=\"entry-date published updated\" datetime=\"2024-05-02T07:44:00+02:00\">2. Mai 2024<\/time><\/span>\u00a0|\u00a0<span class=\"edit-link\"><a class=\"post-edit-link\" href=\"https:\/\/vspoechlarn.ac.at\/wordpress\/wp-admin\/post.php?post=4783&amp;action=edit\">Bearbeiten<\/a><\/span><\/small><\/p>\n<div class=\"clearfix\"><\/div>\n<\/div>\n<\/div>\n<\/article>\n<article id=\"post-4778\" class=\"loop_list post-4778 post type-post status-publish format-standard hentry category-allgemein\">\n<div class=\"panel panel-default\">\n<div class=\"panel-body clearfix\">\n<div class=\"fs-have-thumbnail\">\n<header class=\"entry-header\">\n<h4 class=\"entry-title\"><strong><a title=\"Permanentlink zu Blitzschachturnier\" href=\"https:\/\/vspoechlarn.ac.at\/wordpress\/2024\/04\/30\/blitzschachturnier\/\" rel=\"bookmark\">Blitzschachturnier<\/a><\/strong><\/h4>\n<\/header>\n<div class=\"entry-content\">\n<p>Bei unserem Fr\u00fchjahrs-Blitzschachturnier konnte Abbas Saifi seine derzeitige H\u00f6chstform best\u00e4tigen. Mit nur einem abgegebenen Punkt gewann er vor Sophiia Ishkanian und Modar Miadi. Die Preise wurden dankenswerterweise wieder von Herrn Ing. Robert Gattermayer bereitgestellt. Wir gratulieren den Kindern ganz herzlich.<\/p>\n<div id=\"gallery_4778_35\" class=\"row\">\n<div id=\"4778-image-4779\" class=\"col-xs-12 col-sm-6 col-md-6\">\n<div class=\"thumbnail\"><a href=\"https:\/\/vspoechlarn.ac.at\/wordpress\/2024\/04\/30\/blitzschachturnier\/schachblitz-gross\/\"><img loading=\"lazy\" decoding=\"async\" class=\"attachment-full size-full\" src=\"https:\/\/vspoechlarn.ac.at\/wordpress\/wp-content\/uploads\/2024\/04\/schachblitz-Gross.jpg\" sizes=\"auto, (max-width: 1440px) 100vw, 1440px\" srcset=\"https:\/\/vspoechlarn.ac.at\/wordpress\/wp-content\/uploads\/2024\/04\/schachblitz-Gross.jpg 1440w, https:\/\/vspoechlarn.ac.at\/wordpress\/wp-content\/uploads\/2024\/04\/schachblitz-Gross-350x263.jpg 350w, https:\/\/vspoechlarn.ac.at\/wordpress\/wp-content\/uploads\/2024\/04\/schachblitz-Gross-1024x768.jpg 1024w\" alt=\"\" width=\"1440\" height=\"1080\" \/><\/a><\/div>\n<\/div>\n<\/div>\n<p>&nbsp;<\/p>\n<\/div>\n<\/div>\n<\/div>\n<div class=\"panel-footer entry-meta\">\n<p><small><span class=\"loop-category\"><a class=\"label label-info\" href=\"https:\/\/vspoechlarn.ac.at\/wordpress\/category\/allgemein\/\">Startseite<\/a>\u00a0<\/span><span class=\"loop-author\">|\u00a0<span class=\"author vcard\"><a class=\"url fn n\" href=\"https:\/\/vspoechlarn.ac.at\/wordpress\/author\/wp-admin\/\">wp-admin<\/a><\/span><\/span>\u00a0<span class=\"loop-date\">|\u00a0<time class=\"entry-date published updated\" datetime=\"2024-04-30T10:22:06+02:00\">30. April 2024<\/time><\/span>\u00a0|\u00a0<span class=\"edit-link\"><a class=\"post-edit-link\" href=\"https:\/\/vspoechlarn.ac.at\/wordpress\/wp-admin\/post.php?post=4778&amp;action=edit\">Bearbeiten<\/a><\/span><\/small><\/p>\n<div class=\"clearfix\"><\/div>\n<\/div>\n<\/div>\n<\/article>\n<article id=\"post-4773\" class=\"loop_list post-4773 post type-post status-publish format-standard hentry category-allgemein\">\n<div class=\"panel panel-default\">\n<div class=\"panel-body clearfix\">\n<div class=\"fs-have-thumbnail\">\n<header class=\"entry-header\">\n<h4 class=\"entry-title\"><strong><a title=\"Permanentlink zu Zeit Punkt Lesen\" href=\"https:\/\/vspoechlarn.ac.at\/wordpress\/2024\/04\/25\/zeit-punkt-lesen\/\" rel=\"bookmark\">Zeit Punkt Lesen<\/a><\/strong><\/h4>\n<\/header>\n<div class=\"entry-content\">\n<p>Letzte Woche kamen die Kinder der 1b, der 2a und der 2b Klassen in den Genuss eines ganz besonderen Workshops. Frau Mag.a Ulrike Leitner von \u201eZeit Punkt Lesen\u201c besuchte die M\u00e4dchen und Buben\u00a0 f\u00fcr eine Stunde um ihnen das Lesen noch schmackhafter zu machen.\u00a0 Das Thema \u201eGemeinsam Lesen\u201c wurde durch ein Memory und eine Fantasiegeschichte eingeleitet.\u00a0 Die Kinder lernten Begriffe wie Zusammenhalt und Zugeh\u00f6rigkeit und deren Bedeutung kennen.\u00a0 Sie erfuhren, wie wichtig es ist, jedes Kind so zu akzeptieren, wie es ist.\u00a0\u00a0 (Foto: Franz Gleiss)<\/p>\n<div id=\"gallery_4773_36\" class=\"row\">\n<div id=\"4773-image-4774\" class=\"col-xs-12 col-sm-6 col-md-6\">\n<div class=\"thumbnail\"><a href=\"https:\/\/vspoechlarn.ac.at\/wordpress\/2024\/04\/25\/zeit-punkt-lesen\/zeitpunktlesen_1251-gross\/\"><img loading=\"lazy\" decoding=\"async\" class=\"attachment-large size-large\" src=\"https:\/\/vspoechlarn.ac.at\/wordpress\/wp-content\/uploads\/2024\/04\/ZeitpunktLesen_1251-Gross-1024x683.jpg\" sizes=\"auto, (max-width: 900px) 100vw, 900px\" srcset=\"https:\/\/vspoechlarn.ac.at\/wordpress\/wp-content\/uploads\/2024\/04\/ZeitpunktLesen_1251-Gross-1024x683.jpg 1024w, https:\/\/vspoechlarn.ac.at\/wordpress\/wp-content\/uploads\/2024\/04\/ZeitpunktLesen_1251-Gross-350x233.jpg 350w, https:\/\/vspoechlarn.ac.at\/wordpress\/wp-content\/uploads\/2024\/04\/ZeitpunktLesen_1251-Gross-1536x1024.jpg 1536w, https:\/\/vspoechlarn.ac.at\/wordpress\/wp-content\/uploads\/2024\/04\/ZeitpunktLesen_1251-Gross.jpg 1620w\" alt=\"\" width=\"900\" height=\"600\" \/><\/a><\/div>\n<\/div>\n<\/div>\n<p>&nbsp;<\/p>\n<\/div>\n<\/div>\n<\/div>\n<div class=\"panel-footer entry-meta\">\n<p><small><span class=\"loop-category\"><a class=\"label label-info\" href=\"https:\/\/vspoechlarn.ac.at\/wordpress\/category\/allgemein\/\">Startseite<\/a>\u00a0<\/span><span class=\"loop-author\">|\u00a0<span class=\"author vcard\"><a class=\"url fn n\" href=\"https:\/\/vspoechlarn.ac.at\/wordpress\/author\/wp-admin\/\">wp-admin<\/a><\/span><\/span>\u00a0<span class=\"loop-date\">|\u00a0<time class=\"entry-date published updated\" datetime=\"2024-04-25T10:23:13+02:00\">25. April 2024<\/time><\/span>\u00a0|\u00a0<span class=\"edit-link\"><a class=\"post-edit-link\" href=\"https:\/\/vspoechlarn.ac.at\/wordpress\/wp-admin\/post.php?post=4773&amp;action=edit\">Bearbeiten<\/a><\/span><\/small><\/p>\n<div class=\"clearfix\"><\/div>\n<\/div>\n<\/div>\n<\/article>\n<article id=\"post-4767\" class=\"loop_list post-4767 post type-post status-publish format-standard hentry category-allgemein\">\n<div class=\"panel panel-default\">\n<div class=\"panel-body clearfix\">\n<div class=\"fs-have-thumbnail\">\n<header class=\"entry-header\">\n<h4 class=\"entry-title\"><strong><a title=\"Permanentlink zu Schwimmtage Oberndorf\" href=\"https:\/\/vspoechlarn.ac.at\/wordpress\/2024\/04\/16\/schwimmtage-oberndorf\/\" rel=\"bookmark\">Schwimmtage Oberndorf<\/a><\/strong><\/h4>\n<\/header>\n<div class=\"entry-content\">\n<p>Die Kinder der beiden dritten Klassen durften vergangene Woche zwei Tage im Hallenbad Oberndorf verbringen (11.+12.4.2024). Viele Sch\u00fclerinnen und Sch\u00fcler konnten sich sogar f\u00fcr einen Schwimmausweis qualifizieren und manche Nichtschwimmer schafften nach den ersten Einheiten bereits die ersten Tempi.<\/p>\n<div id=\"gallery_4767_37\" class=\"row\">\n<div id=\"4767-image-4770\" class=\"col-xs-12 col-sm-4 col-md-4\">\n<div class=\"thumbnail\"><a href=\"https:\/\/vspoechlarn.ac.at\/wordpress\/2024\/04\/16\/schwimmtage-oberndorf\/schwimmen-3-mittel\/\"><img loading=\"lazy\" decoding=\"async\" class=\"attachment-large size-large\" src=\"https:\/\/vspoechlarn.ac.at\/wordpress\/wp-content\/uploads\/2024\/04\/Schwimmen-3-Mittel.jpg\" sizes=\"auto, (max-width: 900px) 100vw, 900px\" srcset=\"https:\/\/vspoechlarn.ac.at\/wordpress\/wp-content\/uploads\/2024\/04\/Schwimmen-3-Mittel.jpg 1024w, https:\/\/vspoechlarn.ac.at\/wordpress\/wp-content\/uploads\/2024\/04\/Schwimmen-3-Mittel-350x263.jpg 350w\" alt=\"\" width=\"900\" height=\"675\" \/><\/a><\/div>\n<\/div>\n<div id=\"4767-image-4768\" class=\"col-xs-12 col-sm-4 col-md-4\">\n<div class=\"thumbnail\"><a href=\"https:\/\/vspoechlarn.ac.at\/wordpress\/2024\/04\/16\/schwimmtage-oberndorf\/schwimmen-1-mittel\/\"><img loading=\"lazy\" decoding=\"async\" class=\"attachment-large size-large\" src=\"https:\/\/vspoechlarn.ac.at\/wordpress\/wp-content\/uploads\/2024\/04\/Schwimmen-1-Mittel.jpg\" sizes=\"auto, (max-width: 900px) 100vw, 900px\" srcset=\"https:\/\/vspoechlarn.ac.at\/wordpress\/wp-content\/uploads\/2024\/04\/Schwimmen-1-Mittel.jpg 1024w, https:\/\/vspoechlarn.ac.at\/wordpress\/wp-content\/uploads\/2024\/04\/Schwimmen-1-Mittel-350x263.jpg 350w\" alt=\"\" width=\"900\" height=\"675\" \/><\/a><\/div>\n<\/div>\n<div id=\"4767-image-4769\" class=\"col-xs-12 col-sm-4 col-md-4\">\n<div class=\"thumbnail\"><a href=\"https:\/\/vspoechlarn.ac.at\/wordpress\/2024\/04\/16\/schwimmtage-oberndorf\/schwimmen-2-mittel\/\"><img loading=\"lazy\" decoding=\"async\" class=\"attachment-large size-large\" src=\"https:\/\/vspoechlarn.ac.at\/wordpress\/wp-content\/uploads\/2024\/04\/Schwimmen-2-Mittel.jpg\" sizes=\"auto, (max-width: 768px) 100vw, 768px\" srcset=\"https:\/\/vspoechlarn.ac.at\/wordpress\/wp-content\/uploads\/2024\/04\/Schwimmen-2-Mittel.jpg 768w, https:\/\/vspoechlarn.ac.at\/wordpress\/wp-content\/uploads\/2024\/04\/Schwimmen-2-Mittel-230x300.jpg 230w\" alt=\"\" width=\"768\" height=\"1003\" \/><\/a><\/div>\n<\/div>\n<div class=\"clearfix visible-md-block visible-lg-block\"><\/div>\n<\/div>\n<\/div>\n<\/div>\n<\/div>\n<div class=\"panel-footer entry-meta\">\n<p><small><span class=\"loop-category\"><a class=\"label label-info\" href=\"https:\/\/vspoechlarn.ac.at\/wordpress\/category\/allgemein\/\">Startseite<\/a>\u00a0<\/span><span class=\"loop-author\">|\u00a0<span class=\"author vcard\"><a class=\"url fn n\" href=\"https:\/\/vspoechlarn.ac.at\/wordpress\/author\/wp-admin\/\">wp-admin<\/a><\/span><\/span>\u00a0<span class=\"loop-date\">|\u00a0<time class=\"entry-date published updated\" datetime=\"2024-04-16T07:33:06+02:00\">16. April 2024<\/time><\/span>\u00a0|\u00a0<span class=\"edit-link\"><a class=\"post-edit-link\" href=\"https:\/\/vspoechlarn.ac.at\/wordpress\/wp-admin\/post.php?post=4767&amp;action=edit\">Bearbeiten<\/a><\/span><\/small><\/p>\n<div class=\"clearfix\"><\/div>\n<\/div>\n<\/div>\n<\/article>\n<article id=\"post-4760\" class=\"loop_list post-4760 post type-post status-publish format-standard hentry category-allgemein\">\n<div class=\"panel panel-default\">\n<div class=\"panel-body clearfix\">\n<div class=\"fs-have-thumbnail\">\n<header class=\"entry-header\">\n<h4 class=\"entry-title\"><strong><a title=\"Permanentlink zu Stopp Littering\" href=\"https:\/\/vspoechlarn.ac.at\/wordpress\/2024\/04\/02\/stopp-littering\/\" rel=\"bookmark\">Stopp Littering<\/a><\/strong><\/h4>\n<\/header>\n<div class=\"entry-content\">\n<p>Auch heuer beteiligten sich die Kinder der VS P\u00f6chlarn und die Kinder der\u00a0 \u00d6KoMS P\u00f6chlarn an der Stopp Littering Aktion.\u00a0 Danke f\u00fcr euren Einsatz!<\/p>\n<div id=\"gallery_4760_38\" class=\"row\">\n<div id=\"4760-image-4762\" class=\"col-xs-12 col-sm-4 col-md-4\">\n<div class=\"thumbnail\"><a href=\"https:\/\/vspoechlarn.ac.at\/wordpress\/2024\/04\/02\/stopp-littering\/muell2-gross\/\"><img loading=\"lazy\" decoding=\"async\" class=\"attachment-large size-large\" src=\"https:\/\/vspoechlarn.ac.at\/wordpress\/wp-content\/uploads\/2024\/04\/muell2-Gross-1024x768.jpg\" sizes=\"auto, (max-width: 900px) 100vw, 900px\" srcset=\"https:\/\/vspoechlarn.ac.at\/wordpress\/wp-content\/uploads\/2024\/04\/muell2-Gross-1024x768.jpg 1024w, https:\/\/vspoechlarn.ac.at\/wordpress\/wp-content\/uploads\/2024\/04\/muell2-Gross-350x263.jpg 350w, https:\/\/vspoechlarn.ac.at\/wordpress\/wp-content\/uploads\/2024\/04\/muell2-Gross.jpg 1440w\" alt=\"\" width=\"900\" height=\"675\" \/><\/a><\/div>\n<\/div>\n<div id=\"4760-image-4761\" class=\"col-xs-12 col-sm-4 col-md-4\">\n<div class=\"thumbnail\"><a href=\"https:\/\/vspoechlarn.ac.at\/wordpress\/2024\/04\/02\/stopp-littering\/muell1-gross\/\"><img loading=\"lazy\" decoding=\"async\" class=\"attachment-large size-large\" src=\"https:\/\/vspoechlarn.ac.at\/wordpress\/wp-content\/uploads\/2024\/04\/Muell1-Gross-1024x768.jpg\" sizes=\"auto, (max-width: 900px) 100vw, 900px\" srcset=\"https:\/\/vspoechlarn.ac.at\/wordpress\/wp-content\/uploads\/2024\/04\/Muell1-Gross-1024x768.jpg 1024w, https:\/\/vspoechlarn.ac.at\/wordpress\/wp-content\/uploads\/2024\/04\/Muell1-Gross-350x263.jpg 350w, https:\/\/vspoechlarn.ac.at\/wordpress\/wp-content\/uploads\/2024\/04\/Muell1-Gross.jpg 1440w\" alt=\"\" width=\"900\" height=\"675\" \/><\/a><\/div>\n<\/div>\n<div id=\"4760-image-4763\" class=\"col-xs-12 col-sm-4 col-md-4\">\n<div class=\"thumbnail\"><a href=\"https:\/\/vspoechlarn.ac.at\/wordpress\/2024\/04\/02\/stopp-littering\/muell3-gross\/\"><img loading=\"lazy\" decoding=\"async\" class=\"attachment-large size-large\" src=\"https:\/\/vspoechlarn.ac.at\/wordpress\/wp-content\/uploads\/2024\/04\/muell3-Gross-1024x768.jpg\" sizes=\"auto, (max-width: 900px) 100vw, 900px\" srcset=\"https:\/\/vspoechlarn.ac.at\/wordpress\/wp-content\/uploads\/2024\/04\/muell3-Gross-1024x768.jpg 1024w, https:\/\/vspoechlarn.ac.at\/wordpress\/wp-content\/uploads\/2024\/04\/muell3-Gross-350x263.jpg 350w, https:\/\/vspoechlarn.ac.at\/wordpress\/wp-content\/uploads\/2024\/04\/muell3-Gross.jpg 1440w\" alt=\"\" width=\"900\" height=\"675\" \/><\/a><\/div>\n<\/div>\n<div class=\"clearfix visible-md-block visible-lg-block\"><\/div>\n<\/div>\n<\/div>\n<\/div>\n<\/div>\n<div class=\"panel-footer entry-meta\">\n<p><small><span class=\"loop-category\"><a class=\"label label-info\" href=\"https:\/\/vspoechlarn.ac.at\/wordpress\/category\/allgemein\/\">Startseite<\/a>\u00a0<\/span><span class=\"loop-author\">|\u00a0<span class=\"author vcard\"><a class=\"url fn n\" href=\"https:\/\/vspoechlarn.ac.at\/wordpress\/author\/wp-admin\/\">wp-admin<\/a><\/span><\/span>\u00a0<span class=\"loop-date\">|\u00a0<time class=\"entry-date published updated\" datetime=\"2024-04-02T12:30:36+02:00\">2. April 2024<\/time><\/span>\u00a0|\u00a0<span class=\"edit-link\"><a class=\"post-edit-link\" href=\"https:\/\/vspoechlarn.ac.at\/wordpress\/wp-admin\/post.php?post=4760&amp;action=edit\">Bearbeiten<\/a><\/span><\/small><\/p>\n<div class=\"clearfix\"><\/div>\n<\/div>\n<\/div>\n<\/article>\n<article id=\"post-4755\" class=\"loop_list post-4755 post type-post status-publish format-standard hentry category-allgemein\">\n<div class=\"panel panel-default\">\n<div class=\"panel-body clearfix\">\n<div class=\"fs-have-thumbnail\">\n<header class=\"entry-header\">\n<h4 class=\"entry-title\"><strong><a title=\"Permanentlink zu Mostviertel- Schach\" href=\"https:\/\/vspoechlarn.ac.at\/wordpress\/2024\/04\/02\/mostviertel-schach\/\" rel=\"bookmark\">Mostviertel- Schach<\/a><\/strong><\/h4>\n<\/header>\n<div class=\"entry-content\">\n<p>P\u00f6chlarn 1 und P\u00f6chlarn 2 konnten sich im Stift Melk f\u00fcr das Landesfinale f\u00fcr Volksschul-Schach qualifizieren. Wir gratulieren den M\u00e4dchen und Buben ganz herzlich.<\/p>\n<div id=\"gallery_4755_39\" class=\"row\">\n<div id=\"4755-image-4756\" class=\"col-xs-12 col-sm-4 col-md-4\">\n<div class=\"thumbnail\"><a href=\"https:\/\/vspoechlarn.ac.at\/wordpress\/2024\/04\/02\/mostviertel-schach\/schach1-gross\/\"><img loading=\"lazy\" decoding=\"async\" class=\"attachment-large size-large\" src=\"https:\/\/vspoechlarn.ac.at\/wordpress\/wp-content\/uploads\/2024\/04\/schach1-Gross-1024x768.jpg\" sizes=\"auto, (max-width: 900px) 100vw, 900px\" srcset=\"https:\/\/vspoechlarn.ac.at\/wordpress\/wp-content\/uploads\/2024\/04\/schach1-Gross-1024x768.jpg 1024w, https:\/\/vspoechlarn.ac.at\/wordpress\/wp-content\/uploads\/2024\/04\/schach1-Gross-350x263.jpg 350w, https:\/\/vspoechlarn.ac.at\/wordpress\/wp-content\/uploads\/2024\/04\/schach1-Gross-rotated.jpg 1440w\" alt=\"\" width=\"900\" height=\"675\" \/><\/a><\/div>\n<\/div>\n<div id=\"4755-image-4757\" class=\"col-xs-12 col-sm-4 col-md-4\">\n<div class=\"thumbnail\"><a href=\"https:\/\/vspoechlarn.ac.at\/wordpress\/2024\/04\/02\/mostviertel-schach\/schach2-gross\/\"><img loading=\"lazy\" decoding=\"async\" class=\"attachment-large size-large\" src=\"https:\/\/vspoechlarn.ac.at\/wordpress\/wp-content\/uploads\/2024\/04\/schach2-Gross-768x1024.jpg\" sizes=\"auto, (max-width: 768px) 100vw, 768px\" srcset=\"https:\/\/vspoechlarn.ac.at\/wordpress\/wp-content\/uploads\/2024\/04\/schach2-Gross-768x1024.jpg 768w, https:\/\/vspoechlarn.ac.at\/wordpress\/wp-content\/uploads\/2024\/04\/schach2-Gross-225x300.jpg 225w, https:\/\/vspoechlarn.ac.at\/wordpress\/wp-content\/uploads\/2024\/04\/schach2-Gross-rotated.jpg 810w\" alt=\"\" width=\"768\" height=\"1024\" \/><\/a><\/div>\n<\/div>\n<div id=\"4755-image-4758\" class=\"col-xs-12 col-sm-4 col-md-4\">\n<div class=\"thumbnail\"><a href=\"https:\/\/vspoechlarn.ac.at\/wordpress\/2024\/04\/02\/mostviertel-schach\/schach3-gross\/\"><img loading=\"lazy\" decoding=\"async\" class=\"attachment-large size-large\" src=\"https:\/\/vspoechlarn.ac.at\/wordpress\/wp-content\/uploads\/2024\/04\/schach3-Gross-768x1024.jpg\" sizes=\"auto, (max-width: 768px) 100vw, 768px\" srcset=\"https:\/\/vspoechlarn.ac.at\/wordpress\/wp-content\/uploads\/2024\/04\/schach3-Gross-768x1024.jpg 768w, https:\/\/vspoechlarn.ac.at\/wordpress\/wp-content\/uploads\/2024\/04\/schach3-Gross-225x300.jpg 225w, https:\/\/vspoechlarn.ac.at\/wordpress\/wp-content\/uploads\/2024\/04\/schach3-Gross-rotated.jpg 810w\" alt=\"\" width=\"768\" height=\"1024\" \/><\/a><\/div>\n<\/div>\n<div class=\"clearfix visible-md-block visible-lg-block\"><\/div>\n<\/div>\n<\/div>\n<\/div>\n<\/div>\n<div class=\"panel-footer entry-meta\">\n<p><small><span class=\"loop-category\"><a class=\"label label-info\" href=\"https:\/\/vspoechlarn.ac.at\/wordpress\/category\/allgemein\/\">Startseite<\/a>\u00a0<\/span><span class=\"loop-author\">|\u00a0<span class=\"author vcard\"><a class=\"url fn n\" href=\"https:\/\/vspoechlarn.ac.at\/wordpress\/author\/wp-admin\/\">wp-admin<\/a><\/span><\/span>\u00a0<span class=\"loop-date\">|\u00a0<time class=\"entry-date published updated\" datetime=\"2024-04-02T12:24:28+02:00\">2. April 2024<\/time><\/span>\u00a0|\u00a0<span class=\"edit-link\"><a class=\"post-edit-link\" href=\"https:\/\/vspoechlarn.ac.at\/wordpress\/wp-admin\/post.php?post=4755&amp;action=edit\">Bearbeiten<\/a><\/span><\/small><\/p>\n<div class=\"clearfix\"><\/div>\n<\/div>\n<\/div>\n<\/article>\n<article id=\"post-4750\" class=\"loop_list post-4750 post type-post status-publish format-standard hentry category-allgemein\">\n<div class=\"panel panel-default\">\n<div class=\"panel-body clearfix\">\n<div class=\"fs-have-thumbnail\">\n<header class=\"entry-header\">\n<h4 class=\"entry-title\"><strong><a title=\"Permanentlink zu Lesen im Dunkeln\" href=\"https:\/\/vspoechlarn.ac.at\/wordpress\/2024\/04\/02\/lesen-im-dunkeln\/\" rel=\"bookmark\">Lesen im Dunkeln<\/a><\/strong><\/h4>\n<\/header>\n<div class=\"entry-content\">\n<p>\u201eLesen einmal anders\u201c\u2026lautete das Motto der letzten Lesestunde der Klasse 3b. Alle Kinder durften das Lieblingsbuch und ein Kissen von zu Hause mitnehmen und es sich mit der Taschenlampe im Klassenzimmer gem\u00fctlich machen.<\/p>\n<div id=\"gallery_4750_40\" class=\"row\">\n<div id=\"4750-image-4752\" class=\"col-xs-12 col-sm-4 col-md-4\">\n<div class=\"thumbnail\"><a href=\"https:\/\/vspoechlarn.ac.at\/wordpress\/2024\/04\/02\/lesen-im-dunkeln\/lesen-taschenlampe-2-mittel\/\"><img loading=\"lazy\" decoding=\"async\" class=\"attachment-large size-large\" src=\"https:\/\/vspoechlarn.ac.at\/wordpress\/wp-content\/uploads\/2024\/04\/Lesen-Taschenlampe-2-Mittel.jpg\" sizes=\"auto, (max-width: 837px) 100vw, 837px\" srcset=\"https:\/\/vspoechlarn.ac.at\/wordpress\/wp-content\/uploads\/2024\/04\/Lesen-Taschenlampe-2-Mittel.jpg 837w, https:\/\/vspoechlarn.ac.at\/wordpress\/wp-content\/uploads\/2024\/04\/Lesen-Taschenlampe-2-Mittel-327x300.jpg 327w\" alt=\"\" width=\"837\" height=\"768\" \/><\/a><\/div>\n<\/div>\n<div id=\"4750-image-4751\" class=\"col-xs-12 col-sm-4 col-md-4\">\n<div class=\"thumbnail\"><a href=\"https:\/\/vspoechlarn.ac.at\/wordpress\/2024\/04\/02\/lesen-im-dunkeln\/lesen-taschenlampe-1-mittel\/\"><img loading=\"lazy\" decoding=\"async\" class=\"attachment-large size-large\" src=\"https:\/\/vspoechlarn.ac.at\/wordpress\/wp-content\/uploads\/2024\/04\/Lesen-Taschenlampe-1-Mittel.jpg\" sizes=\"auto, (max-width: 832px) 100vw, 832px\" srcset=\"https:\/\/vspoechlarn.ac.at\/wordpress\/wp-content\/uploads\/2024\/04\/Lesen-Taschenlampe-1-Mittel.jpg 832w, https:\/\/vspoechlarn.ac.at\/wordpress\/wp-content\/uploads\/2024\/04\/Lesen-Taschenlampe-1-Mittel-325x300.jpg 325w\" alt=\"\" width=\"832\" height=\"768\" \/><\/a><\/div>\n<\/div>\n<\/div>\n<\/div>\n<\/div>\n<\/div>\n<div class=\"panel-footer entry-meta\">\n<p><small><span class=\"loop-category\"><a class=\"label label-info\" href=\"https:\/\/vspoechlarn.ac.at\/wordpress\/category\/allgemein\/\">Startseite<\/a>\u00a0<\/span><span class=\"loop-author\">|\u00a0<span class=\"author vcard\"><a class=\"url fn n\" href=\"https:\/\/vspoechlarn.ac.at\/wordpress\/author\/wp-admin\/\">wp-admin<\/a><\/span><\/span>\u00a0<span class=\"loop-date\">|\u00a0<time class=\"entry-date published updated\" datetime=\"2024-04-02T08:16:31+02:00\">2. April 2024<\/time><\/span>\u00a0|\u00a0<span class=\"edit-link\"><a class=\"post-edit-link\" href=\"https:\/\/vspoechlarn.ac.at\/wordpress\/wp-admin\/post.php?post=4750&amp;action=edit\">Bearbeiten<\/a><\/span><\/small><\/p>\n<div class=\"clearfix\"><\/div>\n<\/div>\n<\/div>\n<\/article>\n<article id=\"post-4745\" class=\"loop_list post-4745 post type-post status-publish format-standard hentry category-allgemein\">\n<div class=\"panel panel-default\">\n<div class=\"panel-body clearfix\">\n<div class=\"fs-have-thumbnail\">\n<header class=\"entry-header\">\n<h4 class=\"entry-title\"><strong><a title=\"Permanentlink zu Bewegte Klassen\" href=\"https:\/\/vspoechlarn.ac.at\/wordpress\/2024\/03\/11\/bewegte-klassen\/\" rel=\"bookmark\">Bewegte Klassen<\/a><\/strong><\/h4>\n<\/header>\n<div class=\"entry-content\">\n<div tabindex=\"-1\" role=\"list\" aria-label=\"Unterhaltung\">\n<div tabindex=\"-1\">\n<div tabindex=\"0\" aria-label=\"Nachrichteninhalt\" aria-selected=\"true\">\n<div>\n<div class=\"_rp_f5\" tabindex=\"-1\" aria-label=\"Erweiterte Nachrichteninhalte\">\n<div class=\"_rp_R4 ms-border-color-neutralLight ShowConsesusSchedulingLink ShowReferenceAttachmentsLinks\" tabindex=\"-1\">\n<div class=\"_rp_45 _rp_35\">\n<div role=\"document\">\n<div id=\"Item.MessagePartBody\" class=\"_rp_T4\">\n<div id=\"Item.MessageUniqueBody\" class=\"_rp_U4 ms-font-weight-regular ms-font-color-neutralDark rpHighlightAllClass rpHighlightBodyClass\">\n<div class=\"rps_6633\">\n<div>\n<div>\n<div dir=\"auto\">\n<p>Unter dem Motto \u201eBewegung macht Spa\u00df\u201c d\u00fcrfen die ersten Klassen in regelm\u00e4\u00dfigen Abst\u00e4nden jeweils zwei Stunden mit dem \u201eTut Gut\u201c Referenten, Matthias Trattner, im Turnsaal verbringen.\u00a0 Spa\u00df,\u00a0 Zusammenhalt und Koordination stehen neben intensiver Bewegung im Mittelpunkt.<\/p>\n<div id=\"gallery_4745_41\" class=\"row\">\n<div id=\"4745-image-4746\" class=\"col-xs-12 col-sm-6 col-md-6\">\n<div class=\"thumbnail\"><a href=\"https:\/\/vspoechlarn.ac.at\/wordpress\/2024\/03\/11\/bewegte-klassen\/img_20240306_080438-mittel\/\"><img loading=\"lazy\" decoding=\"async\" class=\"attachment-large size-large\" src=\"https:\/\/vspoechlarn.ac.at\/wordpress\/wp-content\/uploads\/2024\/03\/IMG_20240306_080438-Mittel.jpg\" sizes=\"auto, (max-width: 900px) 100vw, 900px\" srcset=\"https:\/\/vspoechlarn.ac.at\/wordpress\/wp-content\/uploads\/2024\/03\/IMG_20240306_080438-Mittel.jpg 1024w, https:\/\/vspoechlarn.ac.at\/wordpress\/wp-content\/uploads\/2024\/03\/IMG_20240306_080438-Mittel-350x263.jpg 350w\" alt=\"\" width=\"900\" height=\"675\" \/><\/a><\/div>\n<\/div>\n<div id=\"4745-image-4747\" class=\"col-xs-12 col-sm-6 col-md-6\">\n<div class=\"thumbnail\"><a href=\"https:\/\/vspoechlarn.ac.at\/wordpress\/2024\/03\/11\/bewegte-klassen\/img_20240306_091409-mittel\/\"><img loading=\"lazy\" decoding=\"async\" class=\"attachment-large size-large\" src=\"https:\/\/vspoechlarn.ac.at\/wordpress\/wp-content\/uploads\/2024\/03\/IMG_20240306_091409-Mittel.jpg\" sizes=\"auto, (max-width: 900px) 100vw, 900px\" srcset=\"https:\/\/vspoechlarn.ac.at\/wordpress\/wp-content\/uploads\/2024\/03\/IMG_20240306_091409-Mittel.jpg 1024w, https:\/\/vspoechlarn.ac.at\/wordpress\/wp-content\/uploads\/2024\/03\/IMG_20240306_091409-Mittel-350x263.jpg 350w\" alt=\"\" width=\"900\" height=\"675\" \/><\/a><\/div>\n<\/div>\n<div class=\"clearfix visible-md-block visible-lg-block\"><\/div>\n<\/div>\n<p>&nbsp;<\/p>\n<\/div>\n<\/div>\n<\/div>\n<\/div>\n<\/div>\n<\/div>\n<div class=\"_pe_d _pe_62\" tabindex=\"-1\" aria-expanded=\"false\" aria-haspopup=\"false\"><\/div>\n<\/div>\n<div class=\"_rp_Z4\"><\/div>\n<\/div>\n<\/div>\n<\/div>\n<\/div>\n<\/div>\n<\/div>\n<div class=\"_rp_j\" tabindex=\"-1\">\n<div class=\"_qc_F ms-bg-color-white _qc_G\">\n<hr class=\"_qc_B\" \/>\n<div class=\"_qc_y ms-border-color-neutralLight _qc_z\" tabindex=\"-1\">\n<div class=\"_qc_A ms-border-color-neutralLight\"><\/div>\n<\/div>\n<\/div>\n<\/div>\n<\/div>\n<div class=\"_rp_s\">\n<div><\/div>\n<\/div>\n<\/div>\n<\/div>\n<\/div>\n<div class=\"panel-footer entry-meta\">\n<p><small><span class=\"loop-category\"><a class=\"label label-info\" href=\"https:\/\/vspoechlarn.ac.at\/wordpress\/category\/allgemein\/\">Startseite<\/a>\u00a0<\/span><span class=\"loop-author\">|\u00a0<span class=\"author vcard\"><a class=\"url fn n\" href=\"https:\/\/vspoechlarn.ac.at\/wordpress\/author\/wp-admin\/\">wp-admin<\/a><\/span><\/span>\u00a0<span class=\"loop-date\">|\u00a0<time class=\"entry-date published updated\" datetime=\"2024-03-11T09:32:02+01:00\">11. M\u00e4rz 2024<\/time><\/span>\u00a0|\u00a0<span class=\"edit-link\"><a class=\"post-edit-link\" href=\"https:\/\/vspoechlarn.ac.at\/wordpress\/wp-admin\/post.php?post=4745&amp;action=edit\">Bearbeiten<\/a><\/span><\/small><\/p>\n<div class=\"clearfix\"><\/div>\n<\/div>\n<\/div>\n<\/article>\n<article id=\"post-4738\" class=\"loop_list post-4738 post type-post status-publish format-standard hentry category-allgemein\">\n<div class=\"panel panel-default\">\n<div class=\"panel-body clearfix\">\n<div class=\"fs-have-thumbnail\">\n<header class=\"entry-header\">\n<h4 class=\"entry-title\"><strong><a title=\"Permanentlink zu Schulschachmeister \u2013 Miadi Nawaf\" href=\"https:\/\/vspoechlarn.ac.at\/wordpress\/2024\/03\/05\/schulschachmeister-miadi-nawaf\/\" rel=\"bookmark\">Schulschachmeister \u2013 Miadi Nawaf<\/a><\/strong><\/h4>\n<\/header>\n<div class=\"entry-content\">\n<p>In unserer unverbindlichen \u00dcbung Schach k\u00e4mpften heuer 19 Kinder um den Titel des Schachmeisters bzw. der Schachmeisterin. Nach vielen spannenden Runden und hochkonzentrierten Begegnungen konnte schlie\u00dflich Nawaf Miadi hauchd\u00fcnn vor Dustin Luger den Sieg erringen. Auf Platz 3 folgte Anastasiia Volkova.<\/p>\n<p>Wir gratulieren den Preistr\u00e4gern ganz herzlich und bedanken uns bei unserem Turnierleiter, Ing. Robert Gattermayer, f\u00fcr die Durchf\u00fchrung und die tollen Preise.<\/p>\n<div id=\"gallery_4738_42\" class=\"row\">\n<div id=\"4738-image-4739\" class=\"col-xs-12 col-sm-6 col-md-6\">\n<div class=\"thumbnail\"><a href=\"https:\/\/vspoechlarn.ac.at\/wordpress\/2024\/03\/05\/schulschachmeister-miadi-nawaf\/img_6432\/\"><img loading=\"lazy\" decoding=\"async\" class=\"attachment-large size-large\" src=\"https:\/\/vspoechlarn.ac.at\/wordpress\/wp-content\/uploads\/2024\/03\/IMG_6432-768x1024.jpg\" sizes=\"auto, (max-width: 768px) 100vw, 768px\" srcset=\"https:\/\/vspoechlarn.ac.at\/wordpress\/wp-content\/uploads\/2024\/03\/IMG_6432-768x1024.jpg 768w, https:\/\/vspoechlarn.ac.at\/wordpress\/wp-content\/uploads\/2024\/03\/IMG_6432-225x300.jpg 225w, https:\/\/vspoechlarn.ac.at\/wordpress\/wp-content\/uploads\/2024\/03\/IMG_6432-1152x1536.jpg 1152w, https:\/\/vspoechlarn.ac.at\/wordpress\/wp-content\/uploads\/2024\/03\/IMG_6432.jpg 810w\" alt=\"\" width=\"768\" height=\"1024\" \/><\/a><\/div>\n<\/div>\n<\/div>\n<\/div>\n<\/div>\n<\/div>\n<div class=\"panel-footer entry-meta\">\n<p><small><span class=\"loop-category\"><a class=\"label label-info\" href=\"https:\/\/vspoechlarn.ac.at\/wordpress\/category\/allgemein\/\">Startseite<\/a>\u00a0<\/span><span class=\"loop-author\">|\u00a0<span class=\"author vcard\"><a class=\"url fn n\" href=\"https:\/\/vspoechlarn.ac.at\/wordpress\/author\/wp-admin\/\">wp-admin<\/a><\/span><\/span>\u00a0<span class=\"loop-date\">|\u00a0<time class=\"entry-date published updated\" datetime=\"2024-03-05T12:16:27+01:00\">5. M\u00e4rz 2024<\/time><\/span>\u00a0|\u00a0<span class=\"edit-link\"><a class=\"post-edit-link\" href=\"https:\/\/vspoechlarn.ac.at\/wordpress\/wp-admin\/post.php?post=4738&amp;action=edit\">Bearbeiten<\/a><\/span><\/small><\/p>\n<div class=\"clearfix\"><\/div>\n<\/div>\n<\/div>\n<\/article>\n<article id=\"post-4713\" class=\"loop_list post-4713 post type-post status-publish format-standard hentry category-allgemein\">\n<div class=\"panel panel-default\">\n<div class=\"panel-body clearfix\">\n<div class=\"fs-have-thumbnail\">\n<header class=\"entry-header\">\n<h4 class=\"entry-title\"><strong><a title=\"Permanentlink zu Faschingdienstag\" href=\"https:\/\/vspoechlarn.ac.at\/wordpress\/2024\/02\/13\/faschingdienstag\/\" rel=\"bookmark\">Faschingdienstag<\/a><\/strong><\/h4>\n<\/header>\n<div class=\"entry-content\">\n<p>Mit leckeren Krapfen von unserem Elternverein, tollen Masken und einem abwechslungsreichen Stationenprogramm verbrachten die Kinder heute einen lustigen Vormittag in unserer Faschingsschule.<\/p>\n<div id=\"gallery_4713_43\" class=\"row\">\n<div id=\"4713-image-4716\" class=\"col-xs-12 col-sm-4 col-md-4\">\n<div class=\"thumbnail\"><a href=\"https:\/\/vspoechlarn.ac.at\/wordpress\/2024\/02\/13\/faschingdienstag\/img_0754-mittel\/\"><img loading=\"lazy\" decoding=\"async\" class=\"attachment-large size-large\" src=\"https:\/\/vspoechlarn.ac.at\/wordpress\/wp-content\/uploads\/2024\/02\/IMG_0754-Mittel.jpeg\" sizes=\"auto, (max-width: 900px) 100vw, 900px\" srcset=\"https:\/\/vspoechlarn.ac.at\/wordpress\/wp-content\/uploads\/2024\/02\/IMG_0754-Mittel.jpeg 1024w, https:\/\/vspoechlarn.ac.at\/wordpress\/wp-content\/uploads\/2024\/02\/IMG_0754-Mittel-350x263.jpeg 350w\" alt=\"\" width=\"900\" height=\"675\" \/><\/a><\/div>\n<\/div>\n<div id=\"4713-image-4715\" class=\"col-xs-12 col-sm-4 col-md-4\">\n<div class=\"thumbnail\"><a href=\"https:\/\/vspoechlarn.ac.at\/wordpress\/2024\/02\/13\/faschingdienstag\/img_0741-mittel\/\"><img loading=\"lazy\" decoding=\"async\" class=\"attachment-large size-large\" src=\"https:\/\/vspoechlarn.ac.at\/wordpress\/wp-content\/uploads\/2024\/02\/IMG_0741-Mittel.jpeg\" sizes=\"auto, (max-width: 900px) 100vw, 900px\" srcset=\"https:\/\/vspoechlarn.ac.at\/wordpress\/wp-content\/uploads\/2024\/02\/IMG_0741-Mittel.jpeg 1024w, https:\/\/vspoechlarn.ac.at\/wordpress\/wp-content\/uploads\/2024\/02\/IMG_0741-Mittel-350x263.jpeg 350w\" alt=\"\" width=\"900\" height=\"675\" \/><\/a><\/div>\n<\/div>\n<div id=\"4713-image-4717\" class=\"col-xs-12 col-sm-4 col-md-4\">\n<div class=\"thumbnail\"><a href=\"https:\/\/vspoechlarn.ac.at\/wordpress\/2024\/02\/13\/faschingdienstag\/img_0758-mittel\/\"><img loading=\"lazy\" decoding=\"async\" class=\"attachment-large size-large\" src=\"https:\/\/vspoechlarn.ac.at\/wordpress\/wp-content\/uploads\/2024\/02\/IMG_0758-Mittel.jpeg\" sizes=\"auto, (max-width: 900px) 100vw, 900px\" srcset=\"https:\/\/vspoechlarn.ac.at\/wordpress\/wp-content\/uploads\/2024\/02\/IMG_0758-Mittel.jpeg 1024w, https:\/\/vspoechlarn.ac.at\/wordpress\/wp-content\/uploads\/2024\/02\/IMG_0758-Mittel-350x263.jpeg 350w\" alt=\"\" width=\"900\" height=\"675\" \/><\/a><\/div>\n<\/div>\n<div class=\"clearfix visible-md-block visible-lg-block\"><\/div>\n<\/div>\n<\/div>\n<\/div>\n<\/div>\n<div class=\"panel-footer entry-meta\">\n<p><small><span class=\"loop-category\"><a class=\"label label-info\" href=\"https:\/\/vspoechlarn.ac.at\/wordpress\/category\/allgemein\/\">Startseite<\/a>\u00a0<\/span><span class=\"loop-author\">|\u00a0<span class=\"author vcard\"><a class=\"url fn n\" href=\"https:\/\/vspoechlarn.ac.at\/wordpress\/author\/wp-admin\/\">wp-admin<\/a><\/span><\/span>\u00a0<span class=\"loop-date\">|\u00a0<time class=\"entry-date published updated\" datetime=\"2024-02-13T13:27:32+01:00\">13. Februar 2024<\/time><\/span>\u00a0|\u00a0<span class=\"edit-link\"><a class=\"post-edit-link\" href=\"https:\/\/vspoechlarn.ac.at\/wordpress\/wp-admin\/post.php?post=4713&amp;action=edit\">Bearbeiten<\/a><\/span><\/small><\/p>\n<div class=\"clearfix\"><\/div>\n<\/div>\n<\/div>\n<\/article>\n<article id=\"post-4719\" class=\"loop_list post-4719 post type-post status-publish format-standard hentry category-allgemein\">\n<div class=\"panel panel-default\">\n<div class=\"panel-body clearfix\">\n<div class=\"fs-have-thumbnail\">\n<header class=\"entry-header\">\n<h4 class=\"entry-title\"><strong><a title=\"Permanentlink zu Rock4Kids \u2013 Antonio Vivaldi\" href=\"https:\/\/vspoechlarn.ac.at\/wordpress\/2024\/02\/01\/rock4kids-antonio-vivaldi\/\" rel=\"bookmark\">Rock4Kids \u2013 Antonio Vivaldi<\/a><\/strong><\/h4>\n<\/header>\n<div class=\"entry-content\">\n<p>Am 31.1.2024 fand das Mitmachkonzert \u201eAntonio Vivaldi \u2013 300 Jahre DIE VIER JAHRESZEITEN\u201c bei uns im Turnsaal statt. Die Sch\u00fclerinnen und Sch\u00fcler lernten T\u00e4nze aus Vivaldis Zeit, sangen mit und schl\u00fcpften in typische Rollen jener Epoche. Dadurch sollte auch die Begeisterung f\u00fcr klassische Musik gesteigert werden!!<\/p>\n<p><img loading=\"lazy\" decoding=\"async\" class=\"alignnone size-medium wp-image-4722\" src=\"https:\/\/vspoechlarn.ac.at\/wordpress\/wp-content\/uploads\/2024\/02\/Vivaldi1-Mittel-1-350x263.jpg\" sizes=\"auto, (max-width: 350px) 100vw, 350px\" srcset=\"https:\/\/vspoechlarn.ac.at\/wordpress\/wp-content\/uploads\/2024\/02\/Vivaldi1-Mittel-1-350x263.jpg 350w, https:\/\/vspoechlarn.ac.at\/wordpress\/wp-content\/uploads\/2024\/02\/Vivaldi1-Mittel-1.jpg 1024w\" alt=\"\" width=\"350\" height=\"263\" \/>\u00a0<img loading=\"lazy\" decoding=\"async\" class=\"alignnone size-medium wp-image-4723\" src=\"https:\/\/vspoechlarn.ac.at\/wordpress\/wp-content\/uploads\/2024\/02\/Vivaldi2-Mittel-1-350x263.jpg\" sizes=\"auto, (max-width: 350px) 100vw, 350px\" srcset=\"https:\/\/vspoechlarn.ac.at\/wordpress\/wp-content\/uploads\/2024\/02\/Vivaldi2-Mittel-1-350x263.jpg 350w, https:\/\/vspoechlarn.ac.at\/wordpress\/wp-content\/uploads\/2024\/02\/Vivaldi2-Mittel-1.jpg 1024w\" alt=\"\" width=\"350\" height=\"263\" \/><\/p>\n<\/div>\n<\/div>\n<\/div>\n<div class=\"panel-footer entry-meta\">\n<p><small><span class=\"loop-category\"><a class=\"label label-info\" href=\"https:\/\/vspoechlarn.ac.at\/wordpress\/category\/allgemein\/\">Startseite<\/a>\u00a0<\/span><span class=\"loop-author\">|\u00a0<span class=\"author vcard\"><a class=\"url fn n\" href=\"https:\/\/vspoechlarn.ac.at\/wordpress\/author\/wp-admin\/\">wp-admin<\/a><\/span><\/span>\u00a0<span class=\"loop-date\">|\u00a0<time class=\"entry-date published updated\" datetime=\"2024-02-01T10:42:49+01:00\">1. Februar 2024<\/time><\/span>\u00a0|\u00a0<span class=\"edit-link\"><a class=\"post-edit-link\" href=\"https:\/\/vspoechlarn.ac.at\/wordpress\/wp-admin\/post.php?post=4719&amp;action=edit\">Bearbeiten<\/a><\/span><\/small><\/p>\n<div class=\"clearfix\"><\/div>\n<\/div>\n<\/div>\n<\/article>\n<article id=\"post-4699\" class=\"loop_list post-4699 post type-post status-publish format-standard hentry category-allgemein\">\n<div class=\"panel panel-default\">\n<div class=\"panel-body clearfix\">\n<div class=\"fs-have-thumbnail\">\n<header class=\"entry-header\">\n<h4 class=\"entry-title\"><strong><a title=\"Permanentlink zu Weihnachtsfeier 2023\" href=\"https:\/\/vspoechlarn.ac.at\/wordpress\/2023\/12\/22\/weihnachtsfeier-2023\/\" rel=\"bookmark\">Weihnachtsfeier 2023<\/a><\/strong><\/h4>\n<\/header>\n<div class=\"entry-content\">\n<p><img loading=\"lazy\" decoding=\"async\" class=\"alignnone size-medium wp-image-4707\" src=\"https:\/\/vspoechlarn.ac.at\/wordpress\/wp-content\/uploads\/2023\/12\/eba5ea93-8b28-48bc-900a-6373483b9f43-350x263.jpg\" sizes=\"auto, (max-width: 350px) 100vw, 350px\" srcset=\"https:\/\/vspoechlarn.ac.at\/wordpress\/wp-content\/uploads\/2023\/12\/eba5ea93-8b28-48bc-900a-6373483b9f43-350x263.jpg 350w, https:\/\/vspoechlarn.ac.at\/wordpress\/wp-content\/uploads\/2023\/12\/eba5ea93-8b28-48bc-900a-6373483b9f43.jpg 1024w\" alt=\"\" width=\"350\" height=\"263\" \/>\u00a0<img loading=\"lazy\" decoding=\"async\" class=\"alignnone size-medium wp-image-4706\" src=\"https:\/\/vspoechlarn.ac.at\/wordpress\/wp-content\/uploads\/2023\/12\/e88e0b4f-1904-441e-bdd6-9f6fd78e5d0f-350x263.jpg\" sizes=\"auto, (max-width: 350px) 100vw, 350px\" srcset=\"https:\/\/vspoechlarn.ac.at\/wordpress\/wp-content\/uploads\/2023\/12\/e88e0b4f-1904-441e-bdd6-9f6fd78e5d0f-350x263.jpg 350w, https:\/\/vspoechlarn.ac.at\/wordpress\/wp-content\/uploads\/2023\/12\/e88e0b4f-1904-441e-bdd6-9f6fd78e5d0f.jpg 1024w\" alt=\"\" width=\"350\" height=\"263\" \/>\u00a0<img loading=\"lazy\" decoding=\"async\" class=\"alignnone size-medium wp-image-4705\" src=\"https:\/\/vspoechlarn.ac.at\/wordpress\/wp-content\/uploads\/2023\/12\/e9abca99-6669-4abf-976c-2bef3267e2a9-350x263.jpg\" sizes=\"auto, (max-width: 350px) 100vw, 350px\" srcset=\"https:\/\/vspoechlarn.ac.at\/wordpress\/wp-content\/uploads\/2023\/12\/e9abca99-6669-4abf-976c-2bef3267e2a9-350x263.jpg 350w, https:\/\/vspoechlarn.ac.at\/wordpress\/wp-content\/uploads\/2023\/12\/e9abca99-6669-4abf-976c-2bef3267e2a9.jpg 1024w\" alt=\"\" width=\"350\" height=\"263\" \/>\u00a0<img loading=\"lazy\" decoding=\"async\" class=\"alignnone size-medium wp-image-4704\" src=\"https:\/\/vspoechlarn.ac.at\/wordpress\/wp-content\/uploads\/2023\/12\/da91f45a-acc5-4fda-b9c9-11371ab86688-350x263.jpg\" sizes=\"auto, (max-width: 350px) 100vw, 350px\" srcset=\"https:\/\/vspoechlarn.ac.at\/wordpress\/wp-content\/uploads\/2023\/12\/da91f45a-acc5-4fda-b9c9-11371ab86688-350x263.jpg 350w, https:\/\/vspoechlarn.ac.at\/wordpress\/wp-content\/uploads\/2023\/12\/da91f45a-acc5-4fda-b9c9-11371ab86688.jpg 1024w\" alt=\"\" width=\"350\" height=\"263\" \/>\u00a0<img loading=\"lazy\" decoding=\"async\" class=\"alignnone size-medium wp-image-4703\" src=\"https:\/\/vspoechlarn.ac.at\/wordpress\/wp-content\/uploads\/2023\/12\/45323840-fa6f-4d5d-843c-a37453f53415-350x263.jpg\" sizes=\"auto, (max-width: 350px) 100vw, 350px\" srcset=\"https:\/\/vspoechlarn.ac.at\/wordpress\/wp-content\/uploads\/2023\/12\/45323840-fa6f-4d5d-843c-a37453f53415-350x263.jpg 350w, https:\/\/vspoechlarn.ac.at\/wordpress\/wp-content\/uploads\/2023\/12\/45323840-fa6f-4d5d-843c-a37453f53415.jpg 1024w\" alt=\"\" width=\"350\" height=\"263\" \/>\u00a0<img loading=\"lazy\" decoding=\"async\" class=\"alignnone size-medium wp-image-4702\" src=\"https:\/\/vspoechlarn.ac.at\/wordpress\/wp-content\/uploads\/2023\/12\/82746ee4-c610-43a8-88ba-d5fe894534ec-350x263.jpg\" sizes=\"auto, (max-width: 350px) 100vw, 350px\" srcset=\"https:\/\/vspoechlarn.ac.at\/wordpress\/wp-content\/uploads\/2023\/12\/82746ee4-c610-43a8-88ba-d5fe894534ec-350x263.jpg 350w, https:\/\/vspoechlarn.ac.at\/wordpress\/wp-content\/uploads\/2023\/12\/82746ee4-c610-43a8-88ba-d5fe894534ec.jpg 1024w\" alt=\"\" width=\"350\" height=\"263\" \/>\u00a0<img loading=\"lazy\" decoding=\"async\" class=\"alignnone size-medium wp-image-4701\" src=\"https:\/\/vspoechlarn.ac.at\/wordpress\/wp-content\/uploads\/2023\/12\/380aed29-bf4b-4669-84c8-4d4cb14ad289-350x263.jpg\" sizes=\"auto, (max-width: 350px) 100vw, 350px\" srcset=\"https:\/\/vspoechlarn.ac.at\/wordpress\/wp-content\/uploads\/2023\/12\/380aed29-bf4b-4669-84c8-4d4cb14ad289-350x263.jpg 350w, https:\/\/vspoechlarn.ac.at\/wordpress\/wp-content\/uploads\/2023\/12\/380aed29-bf4b-4669-84c8-4d4cb14ad289.jpg 1024w\" alt=\"\" width=\"350\" height=\"263\" \/>\u00a0<img loading=\"lazy\" decoding=\"async\" class=\"alignnone size-medium wp-image-4700\" src=\"https:\/\/vspoechlarn.ac.at\/wordpress\/wp-content\/uploads\/2023\/12\/43ceafd4-2d69-4a1d-ad4e-1d81fe4914aa-350x263.jpg\" sizes=\"auto, (max-width: 350px) 100vw, 350px\" srcset=\"https:\/\/vspoechlarn.ac.at\/wordpress\/wp-content\/uploads\/2023\/12\/43ceafd4-2d69-4a1d-ad4e-1d81fe4914aa-350x263.jpg 350w, https:\/\/vspoechlarn.ac.at\/wordpress\/wp-content\/uploads\/2023\/12\/43ceafd4-2d69-4a1d-ad4e-1d81fe4914aa.jpg 1024w\" alt=\"\" width=\"350\" height=\"263\" \/>\u00a0<img loading=\"lazy\" decoding=\"async\" class=\"alignnone size-medium wp-image-4698\" src=\"https:\/\/vspoechlarn.ac.at\/wordpress\/wp-content\/uploads\/2023\/12\/IMG_6142-Mittel-350x263.jpg\" sizes=\"auto, (max-width: 350px) 100vw, 350px\" srcset=\"https:\/\/vspoechlarn.ac.at\/wordpress\/wp-content\/uploads\/2023\/12\/IMG_6142-Mittel-350x263.jpg 350w, https:\/\/vspoechlarn.ac.at\/wordpress\/wp-content\/uploads\/2023\/12\/IMG_6142-Mittel.jpg 1024w\" alt=\"\" width=\"350\" height=\"263\" \/>\u00a0<img loading=\"lazy\" decoding=\"async\" class=\"alignnone size-medium wp-image-4697\" src=\"https:\/\/vspoechlarn.ac.at\/wordpress\/wp-content\/uploads\/2023\/12\/IMG_6139-Mittel-350x263.jpg\" sizes=\"auto, (max-width: 350px) 100vw, 350px\" srcset=\"https:\/\/vspoechlarn.ac.at\/wordpress\/wp-content\/uploads\/2023\/12\/IMG_6139-Mittel-350x263.jpg 350w, https:\/\/vspoechlarn.ac.at\/wordpress\/wp-content\/uploads\/2023\/12\/IMG_6139-Mittel.jpg 1024w\" alt=\"\" width=\"350\" height=\"263\" \/>\u00a0<img loading=\"lazy\" decoding=\"async\" class=\"alignnone size-medium wp-image-4696\" src=\"https:\/\/vspoechlarn.ac.at\/wordpress\/wp-content\/uploads\/2023\/12\/IMG_6138-Mittel-350x263.jpg\" sizes=\"auto, (max-width: 350px) 100vw, 350px\" srcset=\"https:\/\/vspoechlarn.ac.at\/wordpress\/wp-content\/uploads\/2023\/12\/IMG_6138-Mittel-350x263.jpg 350w, https:\/\/vspoechlarn.ac.at\/wordpress\/wp-content\/uploads\/2023\/12\/IMG_6138-Mittel.jpg 1024w\" alt=\"\" width=\"350\" height=\"263\" \/>\u00a0<img loading=\"lazy\" decoding=\"async\" class=\"alignnone size-medium wp-image-4695\" src=\"https:\/\/vspoechlarn.ac.at\/wordpress\/wp-content\/uploads\/2023\/12\/IMG_6137-Mittel-350x263.jpg\" sizes=\"auto, (max-width: 350px) 100vw, 350px\" srcset=\"https:\/\/vspoechlarn.ac.at\/wordpress\/wp-content\/uploads\/2023\/12\/IMG_6137-Mittel-350x263.jpg 350w, https:\/\/vspoechlarn.ac.at\/wordpress\/wp-content\/uploads\/2023\/12\/IMG_6137-Mittel.jpg 1024w\" alt=\"\" width=\"350\" height=\"263\" \/>\u00a0<img loading=\"lazy\" decoding=\"async\" class=\"alignnone size-medium wp-image-4694\" src=\"https:\/\/vspoechlarn.ac.at\/wordpress\/wp-content\/uploads\/2023\/12\/IMG_6135-Mittel-350x263.jpg\" sizes=\"auto, (max-width: 350px) 100vw, 350px\" srcset=\"https:\/\/vspoechlarn.ac.at\/wordpress\/wp-content\/uploads\/2023\/12\/IMG_6135-Mittel-350x263.jpg 350w, https:\/\/vspoechlarn.ac.at\/wordpress\/wp-content\/uploads\/2023\/12\/IMG_6135-Mittel.jpg 1024w\" alt=\"\" width=\"350\" height=\"263\" \/><\/p>\n<\/div>\n<\/div>\n<\/div>\n<div class=\"panel-footer entry-meta\">\n<p><small><span class=\"loop-category\"><a class=\"label label-info\" href=\"https:\/\/vspoechlarn.ac.at\/wordpress\/category\/allgemein\/\">Startseite<\/a>\u00a0<\/span><span class=\"loop-author\">|\u00a0<span class=\"author vcard\"><a class=\"url fn n\" href=\"https:\/\/vspoechlarn.ac.at\/wordpress\/author\/wp-admin\/\">wp-admin<\/a><\/span><\/span>\u00a0<span class=\"loop-date\">|\u00a0<time class=\"entry-date published updated\" datetime=\"2023-12-22T13:29:41+01:00\">22. Dezember 2023<\/time><\/span>\u00a0|\u00a0<span class=\"edit-link\"><a class=\"post-edit-link\" href=\"https:\/\/vspoechlarn.ac.at\/wordpress\/wp-admin\/post.php?post=4699&amp;action=edit\">Bearbeiten<\/a><\/span><\/small><\/p>\n<div class=\"clearfix\"><\/div>\n<\/div>\n<\/div>\n<\/article>\n<article id=\"post-4682\" class=\"loop_list post-4682 post type-post status-publish format-standard hentry category-allgemein\">\n<div class=\"panel panel-default\">\n<div class=\"panel-body clearfix\">\n<div class=\"fs-have-thumbnail\">\n<header class=\"entry-header\">\n<h4 class=\"entry-title\"><strong><a title=\"Permanentlink zu Schwimmunterricht\" href=\"https:\/\/vspoechlarn.ac.at\/wordpress\/2023\/12\/14\/schwimmunterricht\/\" rel=\"bookmark\">Schwimmunterricht<\/a><\/strong><\/h4>\n<\/header>\n<div class=\"entry-content\">\n<p>Die 4. Klassen waren zwei Tage im Hallenbad Oberndorf\/Melk. Die Kinder konnten den Fr\u00fch-, Frei- und Fahrtenschwimmerausweis ablegen. Zwischendurch war nat\u00fcrlich Zeit zum Rutschen und Spielen.<\/p>\n<div id=\"gallery_4682_44\" class=\"row\">\n<div id=\"4682-image-4683\" class=\"col-xs-12 col-sm-4 col-md-4\">\n<div class=\"thumbnail\"><a href=\"https:\/\/vspoechlarn.ac.at\/wordpress\/2023\/12\/14\/schwimmunterricht\/img-20231214-wa0047\/\"><img loading=\"lazy\" decoding=\"async\" class=\"attachment-large size-large\" src=\"https:\/\/vspoechlarn.ac.at\/wordpress\/wp-content\/uploads\/2023\/12\/IMG-20231214-WA0047-768x1024.jpg\" sizes=\"auto, (max-width: 768px) 100vw, 768px\" srcset=\"https:\/\/vspoechlarn.ac.at\/wordpress\/wp-content\/uploads\/2023\/12\/IMG-20231214-WA0047-768x1024.jpg 768w, https:\/\/vspoechlarn.ac.at\/wordpress\/wp-content\/uploads\/2023\/12\/IMG-20231214-WA0047-225x300.jpg 225w, https:\/\/vspoechlarn.ac.at\/wordpress\/wp-content\/uploads\/2023\/12\/IMG-20231214-WA0047-1152x1536.jpg 1152w, https:\/\/vspoechlarn.ac.at\/wordpress\/wp-content\/uploads\/2023\/12\/IMG-20231214-WA0047.jpg 810w\" alt=\"\" width=\"768\" height=\"1024\" \/><\/a><\/div>\n<\/div>\n<div id=\"4682-image-4684\" class=\"col-xs-12 col-sm-4 col-md-4\">\n<div class=\"thumbnail\"><a href=\"https:\/\/vspoechlarn.ac.at\/wordpress\/2023\/12\/14\/schwimmunterricht\/img-20231214-wa0023\/\"><img loading=\"lazy\" decoding=\"async\" class=\"attachment-large size-large\" src=\"https:\/\/vspoechlarn.ac.at\/wordpress\/wp-content\/uploads\/2023\/12\/IMG-20231214-WA0023-768x1024.jpg\" sizes=\"auto, (max-width: 768px) 100vw, 768px\" srcset=\"https:\/\/vspoechlarn.ac.at\/wordpress\/wp-content\/uploads\/2023\/12\/IMG-20231214-WA0023-768x1024.jpg 768w, https:\/\/vspoechlarn.ac.at\/wordpress\/wp-content\/uploads\/2023\/12\/IMG-20231214-WA0023-225x300.jpg 225w, https:\/\/vspoechlarn.ac.at\/wordpress\/wp-content\/uploads\/2023\/12\/IMG-20231214-WA0023-1152x1536.jpg 1152w, https:\/\/vspoechlarn.ac.at\/wordpress\/wp-content\/uploads\/2023\/12\/IMG-20231214-WA0023.jpg 810w\" alt=\"\" width=\"768\" height=\"1024\" \/><\/a><\/div>\n<\/div>\n<\/div>\n<p>&nbsp;<\/p>\n<\/div>\n<\/div>\n<\/div>\n<div class=\"panel-footer entry-meta\">\n<p><small><span class=\"loop-category\"><a class=\"label label-info\" href=\"https:\/\/vspoechlarn.ac.at\/wordpress\/category\/allgemein\/\">Startseite<\/a>\u00a0<\/span><span class=\"loop-author\">|\u00a0<span class=\"author vcard\"><a class=\"url fn n\" href=\"https:\/\/vspoechlarn.ac.at\/wordpress\/author\/wp-admin\/\">wp-admin<\/a><\/span><\/span>\u00a0<span class=\"loop-date\">|\u00a0<time class=\"entry-date published updated\" datetime=\"2023-12-14T19:30:59+01:00\">14. Dezember 2023<\/time><\/span>\u00a0|\u00a0<span class=\"edit-link\"><a class=\"post-edit-link\" href=\"https:\/\/vspoechlarn.ac.at\/wordpress\/wp-admin\/post.php?post=4682&amp;action=edit\">Bearbeiten<\/a><\/span><\/small><\/p>\n<div class=\"clearfix\"><\/div>\n<\/div>\n<\/div>\n<\/article>\n<article id=\"post-4652\" class=\"loop_list post-4652 post type-post status-publish format-standard hentry category-allgemein\">\n<div class=\"panel panel-default\">\n<div class=\"panel-body clearfix\">\n<div class=\"fs-have-thumbnail\">\n<header class=\"entry-header\">\n<h4 class=\"entry-title\"><strong><a title=\"Permanentlink zu Blick und Klick\" href=\"https:\/\/vspoechlarn.ac.at\/wordpress\/2023\/12\/14\/blick-und-klick\/\" rel=\"bookmark\">Blick und Klick<\/a><\/strong><\/h4>\n<\/header>\n<div class=\"entry-content\">\n<div tabindex=\"-1\" role=\"list\" aria-label=\"Unterhaltung\">\n<div tabindex=\"-1\">\n<div tabindex=\"0\" aria-label=\"Nachrichteninhalt\" aria-selected=\"true\">\n<div>\n<div class=\"_rp_f5\" tabindex=\"-1\" aria-label=\"Erweiterte Nachrichteninhalte\">\n<div class=\"_rp_R4 ms-border-color-neutralLight ShowConsesusSchedulingLink ShowReferenceAttachmentsLinks\" tabindex=\"-1\">\n<div class=\"_rp_45 _rp_35\">\n<div role=\"document\">\n<div id=\"Item.MessagePartBody\" class=\"_rp_T4\">\n<div id=\"Item.MessageUniqueBody\" class=\"_rp_U4 ms-font-weight-regular ms-font-color-neutralDark rpHighlightAllClass rpHighlightBodyClass\">\n<div>\n<div>\n<div>\n<p>\u201eBlick&amp;Klick\u201c hie\u00df es am Montag den 11.12. f\u00fcr die Sch\u00fclerinnen und Sch\u00fcler der 1. Klassen.<\/p>\n<div>Sie durften Situationen im Stra\u00dfenverkehr nachspielen und wurden auf die Gefahren hingewiesen. Die Buben und M\u00e4dchen wendeten die richtige Blicktechnik an und fuhren gut gesichert im Kindersitz in einem Auto mit.<\/div>\n<\/div>\n<\/div>\n<\/div>\n<\/div>\n<\/div>\n<div class=\"_pe_d _pe_62\" tabindex=\"-1\" aria-expanded=\"false\" aria-haspopup=\"false\"><\/div>\n<\/div>\n<div class=\"_rp_Z4\"><\/div>\n<\/div>\n<\/div>\n<\/div>\n<\/div>\n<\/div>\n<\/div>\n<div class=\"_rp_j\" tabindex=\"-1\">\n<div class=\"_qc_F ms-bg-color-white _qc_G\">\n<hr class=\"_qc_B\" \/>\n<div class=\"_qc_y ms-border-color-neutralLight _qc_z\" tabindex=\"-1\">\n<div class=\"_qc_A ms-border-color-neutralLight\"><\/div>\n<\/div>\n<\/div>\n<\/div>\n<\/div>\n<div class=\"_rp_s\">\n<div><\/div>\n<\/div>\n<div id=\"gallery_4652_46\" class=\"row\">\n<div id=\"4652-image-4660\" class=\"col-xs-12 col-sm-4 col-md-4\">\n<div class=\"thumbnail\"><a href=\"https:\/\/vspoechlarn.ac.at\/wordpress\/2023\/12\/14\/blick-und-klick\/20231211_083928\/\"><img loading=\"lazy\" decoding=\"async\" class=\"attachment-large size-large\" src=\"https:\/\/vspoechlarn.ac.at\/wordpress\/wp-content\/uploads\/2023\/12\/20231211_083928-768x1024.jpg\" sizes=\"auto, (max-width: 768px) 100vw, 768px\" srcset=\"https:\/\/vspoechlarn.ac.at\/wordpress\/wp-content\/uploads\/2023\/12\/20231211_083928-768x1024.jpg 768w, https:\/\/vspoechlarn.ac.at\/wordpress\/wp-content\/uploads\/2023\/12\/20231211_083928-225x300.jpg 225w, https:\/\/vspoechlarn.ac.at\/wordpress\/wp-content\/uploads\/2023\/12\/20231211_083928-1152x1536.jpg 1152w, https:\/\/vspoechlarn.ac.at\/wordpress\/wp-content\/uploads\/2023\/12\/20231211_083928-1536x2048.jpg 1536w, https:\/\/vspoechlarn.ac.at\/wordpress\/wp-content\/uploads\/2023\/12\/20231211_083928-rotated.jpg 810w\" alt=\"\" width=\"768\" height=\"1024\" \/><\/a><\/div>\n<\/div>\n<div id=\"4652-image-4661\" class=\"col-xs-12 col-sm-4 col-md-4\">\n<div class=\"thumbnail\"><a href=\"https:\/\/vspoechlarn.ac.at\/wordpress\/2023\/12\/14\/blick-und-klick\/20231211_084118\/\"><img loading=\"lazy\" decoding=\"async\" class=\"attachment-large size-large\" src=\"https:\/\/vspoechlarn.ac.at\/wordpress\/wp-content\/uploads\/2023\/12\/20231211_084118-768x1024.jpg\" sizes=\"auto, (max-width: 768px) 100vw, 768px\" srcset=\"https:\/\/vspoechlarn.ac.at\/wordpress\/wp-content\/uploads\/2023\/12\/20231211_084118-768x1024.jpg 768w, https:\/\/vspoechlarn.ac.at\/wordpress\/wp-content\/uploads\/2023\/12\/20231211_084118-225x300.jpg 225w, https:\/\/vspoechlarn.ac.at\/wordpress\/wp-content\/uploads\/2023\/12\/20231211_084118-1152x1536.jpg 1152w, https:\/\/vspoechlarn.ac.at\/wordpress\/wp-content\/uploads\/2023\/12\/20231211_084118-1536x2048.jpg 1536w, https:\/\/vspoechlarn.ac.at\/wordpress\/wp-content\/uploads\/2023\/12\/20231211_084118-rotated.jpg 810w\" alt=\"\" width=\"768\" height=\"1024\" \/><\/a><\/div>\n<\/div>\n<div id=\"4652-image-4662\" class=\"col-xs-12 col-sm-4 col-md-4\">\n<div class=\"thumbnail\"><a href=\"https:\/\/vspoechlarn.ac.at\/wordpress\/2023\/12\/14\/blick-und-klick\/20231211_085449\/\"><img loading=\"lazy\" decoding=\"async\" class=\"attachment-large size-large\" src=\"https:\/\/vspoechlarn.ac.at\/wordpress\/wp-content\/uploads\/2023\/12\/20231211_085449-768x1024.jpg\" sizes=\"auto, (max-width: 768px) 100vw, 768px\" srcset=\"https:\/\/vspoechlarn.ac.at\/wordpress\/wp-content\/uploads\/2023\/12\/20231211_085449-768x1024.jpg 768w, https:\/\/vspoechlarn.ac.at\/wordpress\/wp-content\/uploads\/2023\/12\/20231211_085449-225x300.jpg 225w, https:\/\/vspoechlarn.ac.at\/wordpress\/wp-content\/uploads\/2023\/12\/20231211_085449-1152x1536.jpg 1152w, https:\/\/vspoechlarn.ac.at\/wordpress\/wp-content\/uploads\/2023\/12\/20231211_085449-1536x2048.jpg 1536w, https:\/\/vspoechlarn.ac.at\/wordpress\/wp-content\/uploads\/2023\/12\/20231211_085449-rotated.jpg 810w\" alt=\"\" width=\"768\" height=\"1024\" \/><\/a><\/div>\n<\/div>\n<div class=\"clearfix visible-md-block visible-lg-block\"><\/div>\n<div id=\"4652-image-4663\" class=\"col-xs-12 col-sm-4 col-md-4\">\n<div class=\"thumbnail\"><a href=\"https:\/\/vspoechlarn.ac.at\/wordpress\/2023\/12\/14\/blick-und-klick\/20231211_091253\/\"><img loading=\"lazy\" decoding=\"async\" class=\"attachment-large size-large\" src=\"https:\/\/vspoechlarn.ac.at\/wordpress\/wp-content\/uploads\/2023\/12\/20231211_091253-768x1024.jpg\" sizes=\"auto, (max-width: 768px) 100vw, 768px\" srcset=\"https:\/\/vspoechlarn.ac.at\/wordpress\/wp-content\/uploads\/2023\/12\/20231211_091253-768x1024.jpg 768w, https:\/\/vspoechlarn.ac.at\/wordpress\/wp-content\/uploads\/2023\/12\/20231211_091253-225x300.jpg 225w, https:\/\/vspoechlarn.ac.at\/wordpress\/wp-content\/uploads\/2023\/12\/20231211_091253-1152x1536.jpg 1152w, https:\/\/vspoechlarn.ac.at\/wordpress\/wp-content\/uploads\/2023\/12\/20231211_091253-1536x2048.jpg 1536w, https:\/\/vspoechlarn.ac.at\/wordpress\/wp-content\/uploads\/2023\/12\/20231211_091253-rotated.jpg 810w\" alt=\"\" width=\"768\" height=\"1024\" \/><\/a><\/div>\n<\/div>\n<div id=\"4652-image-4664\" class=\"col-xs-12 col-sm-4 col-md-4\">\n<div class=\"thumbnail\"><a href=\"https:\/\/vspoechlarn.ac.at\/wordpress\/2023\/12\/14\/blick-und-klick\/20231211_091333\/\"><img loading=\"lazy\" decoding=\"async\" class=\"attachment-large size-large\" src=\"https:\/\/vspoechlarn.ac.at\/wordpress\/wp-content\/uploads\/2023\/12\/20231211_091333-768x1024.jpg\" sizes=\"auto, (max-width: 768px) 100vw, 768px\" srcset=\"https:\/\/vspoechlarn.ac.at\/wordpress\/wp-content\/uploads\/2023\/12\/20231211_091333-768x1024.jpg 768w, https:\/\/vspoechlarn.ac.at\/wordpress\/wp-content\/uploads\/2023\/12\/20231211_091333-225x300.jpg 225w, https:\/\/vspoechlarn.ac.at\/wordpress\/wp-content\/uploads\/2023\/12\/20231211_091333-1152x1536.jpg 1152w, https:\/\/vspoechlarn.ac.at\/wordpress\/wp-content\/uploads\/2023\/12\/20231211_091333-1536x2048.jpg 1536w, https:\/\/vspoechlarn.ac.at\/wordpress\/wp-content\/uploads\/2023\/12\/20231211_091333-rotated.jpg 810w\" alt=\"\" width=\"768\" height=\"1024\" \/><\/a><\/div>\n<\/div>\n<div id=\"4652-image-4665\" class=\"col-xs-12 col-sm-4 col-md-4\">\n<div class=\"thumbnail\"><a href=\"https:\/\/vspoechlarn.ac.at\/wordpress\/2023\/12\/14\/blick-und-klick\/20231211_091506\/\"><img loading=\"lazy\" decoding=\"async\" class=\"attachment-large size-large\" src=\"https:\/\/vspoechlarn.ac.at\/wordpress\/wp-content\/uploads\/2023\/12\/20231211_091506-768x1024.jpg\" sizes=\"auto, (max-width: 768px) 100vw, 768px\" srcset=\"https:\/\/vspoechlarn.ac.at\/wordpress\/wp-content\/uploads\/2023\/12\/20231211_091506-768x1024.jpg 768w, https:\/\/vspoechlarn.ac.at\/wordpress\/wp-content\/uploads\/2023\/12\/20231211_091506-225x300.jpg 225w, https:\/\/vspoechlarn.ac.at\/wordpress\/wp-content\/uploads\/2023\/12\/20231211_091506-1152x1536.jpg 1152w, https:\/\/vspoechlarn.ac.at\/wordpress\/wp-content\/uploads\/2023\/12\/20231211_091506-1536x2048.jpg 1536w, https:\/\/vspoechlarn.ac.at\/wordpress\/wp-content\/uploads\/2023\/12\/20231211_091506-rotated.jpg 810w\" alt=\"\" width=\"768\" height=\"1024\" \/><\/a><\/div>\n<\/div>\n<div class=\"clearfix visible-md-block visible-lg-block\"><\/div>\n<div id=\"4652-image-4666\" class=\"col-xs-12 col-sm-4 col-md-4\">\n<div class=\"thumbnail\"><a href=\"https:\/\/vspoechlarn.ac.at\/wordpress\/2023\/12\/14\/blick-und-klick\/img_20231211_101449\/\"><img loading=\"lazy\" decoding=\"async\" class=\"attachment-large size-large\" src=\"https:\/\/vspoechlarn.ac.at\/wordpress\/wp-content\/uploads\/2023\/12\/IMG_20231211_101449-768x1024.jpg\" sizes=\"auto, (max-width: 768px) 100vw, 768px\" srcset=\"https:\/\/vspoechlarn.ac.at\/wordpress\/wp-content\/uploads\/2023\/12\/IMG_20231211_101449-768x1024.jpg 768w, https:\/\/vspoechlarn.ac.at\/wordpress\/wp-content\/uploads\/2023\/12\/IMG_20231211_101449-225x300.jpg 225w, https:\/\/vspoechlarn.ac.at\/wordpress\/wp-content\/uploads\/2023\/12\/IMG_20231211_101449-1152x1536.jpg 1152w, https:\/\/vspoechlarn.ac.at\/wordpress\/wp-content\/uploads\/2023\/12\/IMG_20231211_101449-1536x2048.jpg 1536w, https:\/\/vspoechlarn.ac.at\/wordpress\/wp-content\/uploads\/2023\/12\/IMG_20231211_101449-scaled.jpg 810w\" alt=\"\" width=\"768\" height=\"1024\" \/><\/a><\/div>\n<\/div>\n<\/div>\n<\/div>\n<\/div>\n<\/div>\n<div class=\"panel-footer entry-meta\">\n<p><small><span class=\"loop-category\"><a class=\"label label-info\" href=\"https:\/\/vspoechlarn.ac.at\/wordpress\/category\/allgemein\/\">Startseite<\/a>\u00a0<\/span><span class=\"loop-author\">|\u00a0<span class=\"author vcard\"><a class=\"url fn n\" href=\"https:\/\/vspoechlarn.ac.at\/wordpress\/author\/wp-admin\/\">wp-admin<\/a><\/span><\/span>\u00a0<span class=\"loop-date\">|\u00a0<time class=\"entry-date published updated\" datetime=\"2023-12-14T10:10:53+01:00\">14. Dezember 2023<\/time><\/span>\u00a0|\u00a0<span class=\"edit-link\"><a class=\"post-edit-link\" href=\"https:\/\/vspoechlarn.ac.at\/wordpress\/wp-admin\/post.php?post=4652&amp;action=edit\">Bearbeiten<\/a><\/span><\/small><\/p>\n<div class=\"clearfix\"><\/div>\n<\/div>\n<\/div>\n<\/article>\n<article id=\"post-4647\" class=\"loop_list post-4647 post type-post status-publish format-standard hentry category-allgemein\">\n<div class=\"panel panel-default\">\n<div class=\"panel-body clearfix\">\n<div class=\"fs-have-thumbnail\">\n<header class=\"entry-header\">\n<h4 class=\"entry-title\"><strong><a title=\"Permanentlink zu Nikolo Schachturnier\" href=\"https:\/\/vspoechlarn.ac.at\/wordpress\/2023\/12\/07\/nikolo-schachturnier\/\" rel=\"bookmark\">Nikolo Schachturnier<\/a><\/strong><\/h4>\n<\/header>\n<div class=\"entry-content\">\n<p>Wie in den letzten Jahren wurde \u00a0auch heuer in der unverbindlichen \u00dcbung Schach der VS P\u00f6chlarn ein Nikolo-Turnier durchgef\u00fchrt. Mit einer 100 prozentigen Ausbeute siegte Miadi Nawaf bei diesem Blitzbewerb vor Lukas Gruber und Dustin Luger.<\/p>\n<p>F\u00fcr die erstplatzierten gab es neben Zipfelm\u00fctzen auch Sachpreise, f\u00fcr die wir uns ganz herzlich bei unserem langj\u00e4hrigen Wegbegleiter Ing. Robert Gattermayer bedanken .<\/p>\n<div id=\"gallery_4647_47\" class=\"row\">\n<div id=\"4647-image-4648\" class=\"col-xs-12 col-sm-6 col-md-6\">\n<div class=\"thumbnail\"><a href=\"https:\/\/vspoechlarn.ac.at\/wordpress\/2023\/12\/07\/nikolo-schachturnier\/img_6096-mittel\/\"><img loading=\"lazy\" decoding=\"async\" class=\"attachment-large size-large\" src=\"https:\/\/vspoechlarn.ac.at\/wordpress\/wp-content\/uploads\/2023\/12\/IMG_6096-Mittel.jpg\" sizes=\"auto, (max-width: 809px) 100vw, 809px\" srcset=\"https:\/\/vspoechlarn.ac.at\/wordpress\/wp-content\/uploads\/2023\/12\/IMG_6096-Mittel.jpg 809w, https:\/\/vspoechlarn.ac.at\/wordpress\/wp-content\/uploads\/2023\/12\/IMG_6096-Mittel-316x300.jpg 316w\" alt=\"\" width=\"809\" height=\"768\" \/><\/a><\/div>\n<\/div>\n<div id=\"4647-image-4649\" class=\"col-xs-12 col-sm-6 col-md-6\">\n<div class=\"thumbnail\"><a href=\"https:\/\/vspoechlarn.ac.at\/wordpress\/2023\/12\/07\/nikolo-schachturnier\/img_6100-mittel\/\"><img loading=\"lazy\" decoding=\"async\" class=\"attachment-large size-large\" src=\"https:\/\/vspoechlarn.ac.at\/wordpress\/wp-content\/uploads\/2023\/12\/IMG_6100-Mittel.jpg\" sizes=\"auto, (max-width: 900px) 100vw, 900px\" srcset=\"https:\/\/vspoechlarn.ac.at\/wordpress\/wp-content\/uploads\/2023\/12\/IMG_6100-Mittel.jpg 1024w, https:\/\/vspoechlarn.ac.at\/wordpress\/wp-content\/uploads\/2023\/12\/IMG_6100-Mittel-350x263.jpg 350w\" alt=\"\" width=\"900\" height=\"675\" \/><\/a><\/div>\n<\/div>\n<div class=\"clearfix visible-md-block visible-lg-block\"><\/div>\n<\/div>\n<\/div>\n<\/div>\n<\/div>\n<div class=\"panel-footer entry-meta\"><small><span class=\"loop-category\"><a class=\"label label-info\" href=\"https:\/\/vspoechlarn.ac.at\/wordpress\/category\/allgemein\/\">Startseite<\/a>\u00a0<\/span><span class=\"loop-author\">|\u00a0<span class=\"author vcard\"><a class=\"url fn n\" href=\"https:\/\/vspoechlarn.ac.at\/wordpress\/author\/wp-admin\/\">wp-admin<\/a><\/span><\/span>\u00a0<span class=\"loop-date\">|\u00a0<time class=\"entry-date published updated\" datetime=\"2023-12-07T09:00:59+01:00\">7. Dezember 2023<\/time><\/span>\u00a0|\u00a0<span class=\"edit-link\"><a class=\"post-edit-link\" href=\"https:\/\/vspoechlarn.ac.at\/wordpress\/wp-admin\/post.php?post=4647&amp;action=edit\">Bearbeiten<\/a><\/span><\/small><\/div>\n<\/div>\n<\/article>\n<article id=\"post-4638\" class=\"loop_list post-4638 post type-post status-publish format-standard hentry category-allgemein\">\n<div class=\"panel panel-default\">\n<div class=\"panel-body clearfix\">\n<div class=\"fs-have-thumbnail\">\n<header class=\"entry-header\">\n<h4 class=\"entry-title\"><strong><a title=\"Permanentlink zu Christbaumschmuck f\u00fcr EuroSPAR Prauchner\" href=\"https:\/\/vspoechlarn.ac.at\/wordpress\/2023\/12\/01\/christbaumschmuck-bei-spar-prauchner\/\" rel=\"bookmark\">Christbaumschmuck f\u00fcr EuroSPAR Prauchner<\/a><\/strong><\/h4>\n<\/header>\n<div class=\"entry-content\">\n<p>Alle M\u00e4dchen und Buben unserer Schule haben in der letzten Woche flei\u00dfig Christbaumschmuck gebastelt, den die Kinder der 1b Klasse heute im Eingangsbereich\u00a0 von EuroSpar Prauchner auf den Baum h\u00e4ngen durften. Als Dankesch\u00f6n gab es daf\u00fcr von Herrn Unterberger f\u00fcr jedes Kind einen Brioche-Nicolo und ein Getr\u00e4nk.<\/p>\n<div id=\"gallery_4638_1\" class=\"row\">\n<div id=\"4638-image-4639\" class=\"col-xs-12 col-sm-4 col-md-4\">\n<div class=\"thumbnail\"><a href=\"https:\/\/vspoechlarn.ac.at\/wordpress\/2023\/12\/01\/christbaumschmuck-bei-spar-prauchner\/img_6059-mittel\/\"><img loading=\"lazy\" decoding=\"async\" class=\"attachment-large size-large\" src=\"https:\/\/vspoechlarn.ac.at\/wordpress\/wp-content\/uploads\/2023\/12\/IMG_6059-Mittel-rotated.jpg\" sizes=\"auto, (max-width: 768px) 100vw, 768px\" srcset=\"https:\/\/vspoechlarn.ac.at\/wordpress\/wp-content\/uploads\/2023\/12\/IMG_6059-Mittel-rotated.jpg 768w, https:\/\/vspoechlarn.ac.at\/wordpress\/wp-content\/uploads\/2023\/12\/IMG_6059-Mittel-225x300.jpg 225w\" alt=\"\" width=\"768\" height=\"1024\" \/><\/a><\/div>\n<\/div>\n<div id=\"4638-image-4640\" class=\"col-xs-12 col-sm-4 col-md-4\">\n<div class=\"thumbnail\"><a href=\"https:\/\/vspoechlarn.ac.at\/wordpress\/2023\/12\/01\/christbaumschmuck-bei-spar-prauchner\/img_6060-mittel\/\"><img loading=\"lazy\" decoding=\"async\" class=\"attachment-large size-large\" src=\"https:\/\/vspoechlarn.ac.at\/wordpress\/wp-content\/uploads\/2023\/12\/IMG_6060-Mittel-rotated.jpg\" sizes=\"auto, (max-width: 768px) 100vw, 768px\" srcset=\"https:\/\/vspoechlarn.ac.at\/wordpress\/wp-content\/uploads\/2023\/12\/IMG_6060-Mittel-rotated.jpg 768w, https:\/\/vspoechlarn.ac.at\/wordpress\/wp-content\/uploads\/2023\/12\/IMG_6060-Mittel-225x300.jpg 225w\" alt=\"\" width=\"768\" height=\"1024\" \/><\/a><\/div>\n<\/div>\n<div id=\"4638-image-4641\" class=\"col-xs-12 col-sm-4 col-md-4\">\n<div class=\"thumbnail\"><a href=\"https:\/\/vspoechlarn.ac.at\/wordpress\/2023\/12\/01\/christbaumschmuck-bei-spar-prauchner\/img_6062-mittel\/\"><img loading=\"lazy\" decoding=\"async\" class=\"attachment-large size-large\" src=\"https:\/\/vspoechlarn.ac.at\/wordpress\/wp-content\/uploads\/2023\/12\/IMG_6062-Mittel-rotated.jpg\" sizes=\"auto, (max-width: 768px) 100vw, 768px\" srcset=\"https:\/\/vspoechlarn.ac.at\/wordpress\/wp-content\/uploads\/2023\/12\/IMG_6062-Mittel-rotated.jpg 768w, https:\/\/vspoechlarn.ac.at\/wordpress\/wp-content\/uploads\/2023\/12\/IMG_6062-Mittel-225x300.jpg 225w\" alt=\"\" width=\"768\" height=\"1024\" \/><\/a><\/div>\n<\/div>\n<div class=\"clearfix visible-md-block visible-lg-block\"><\/div>\n<\/div>\n<\/div>\n<\/div>\n<\/div>\n<div class=\"panel-footer entry-meta\">\n<p><small><span class=\"loop-category\"><a class=\"label label-info\" href=\"https:\/\/vspoechlarn.ac.at\/wordpress\/category\/allgemein\/\">Startseite<\/a>\u00a0<\/span><span class=\"loop-author\">|\u00a0<span class=\"author vcard\"><a class=\"url fn n\" href=\"https:\/\/vspoechlarn.ac.at\/wordpress\/author\/wp-admin\/\">wp-admin<\/a><\/span><\/span>\u00a0<span class=\"loop-date\">|\u00a0<time class=\"entry-date published updated\" datetime=\"2023-12-01T10:36:06+01:00\">1. Dezember 2023<\/time><\/span>\u00a0|\u00a0<span class=\"edit-link\"><a class=\"post-edit-link\" href=\"https:\/\/vspoechlarn.ac.at\/wordpress\/wp-admin\/post.php?post=4638&amp;action=edit\">Bearbeiten<\/a><\/span><\/small><\/p>\n<div class=\"clearfix\"><\/div>\n<\/div>\n<\/div>\n<\/article>\n<article id=\"post-4627\" class=\"loop_list post-4627 post type-post status-publish format-standard hentry category-allgemein\">\n<div class=\"panel panel-default\">\n<div class=\"panel-body clearfix\">\n<div class=\"fs-have-thumbnail\">\n<header class=\"entry-header\">\n<h4 class=\"entry-title\"><strong><a title=\"Permanentlink zu Schach\" href=\"https:\/\/vspoechlarn.ac.at\/wordpress\/2023\/11\/22\/schach\/\" rel=\"bookmark\">Schach<\/a><\/strong><\/h4>\n<\/header>\n<div class=\"entry-content\">\n<p>Auch heuer ist das Interesse an unserer unverbindlichen \u00dcbung Schach ungebrochen. Unser Herbst- Winterturnier ist in vollem Gange und wird von den Kindern begeistert aufgenommen.<\/p>\n<div id=\"gallery_4627_2\" class=\"row\">\n<div id=\"4627-image-4628\" class=\"col-xs-12 col-sm-4 col-md-4\">\n<div class=\"thumbnail\"><a href=\"https:\/\/vspoechlarn.ac.at\/wordpress\/2023\/11\/22\/schach\/img_5869-mittel\/\"><img loading=\"lazy\" decoding=\"async\" class=\"attachment-large size-large\" src=\"https:\/\/vspoechlarn.ac.at\/wordpress\/wp-content\/uploads\/2023\/11\/IMG_5869-Mittel.jpg\" sizes=\"auto, (max-width: 900px) 100vw, 900px\" srcset=\"https:\/\/vspoechlarn.ac.at\/wordpress\/wp-content\/uploads\/2023\/11\/IMG_5869-Mittel.jpg 1024w, https:\/\/vspoechlarn.ac.at\/wordpress\/wp-content\/uploads\/2023\/11\/IMG_5869-Mittel-350x263.jpg 350w\" alt=\"\" width=\"900\" height=\"675\" \/><\/a><\/div>\n<\/div>\n<\/div>\n<p>&nbsp;<\/p>\n<\/div>\n<\/div>\n<\/div>\n<div class=\"panel-footer entry-meta\">\n<p><small><span class=\"loop-category\"><a class=\"label label-info\" href=\"https:\/\/vspoechlarn.ac.at\/wordpress\/category\/allgemein\/\">Startseite<\/a>\u00a0<\/span><span class=\"loop-author\">|\u00a0<span class=\"author vcard\"><a class=\"url fn n\" href=\"https:\/\/vspoechlarn.ac.at\/wordpress\/author\/wp-admin\/\">wp-admin<\/a><\/span><\/span>\u00a0<span class=\"loop-date\">|\u00a0<time class=\"entry-date published updated\" datetime=\"2023-11-22T08:26:24+01:00\">22. November 2023<\/time><\/span>\u00a0|\u00a0<span class=\"edit-link\"><a class=\"post-edit-link\" href=\"https:\/\/vspoechlarn.ac.at\/wordpress\/wp-admin\/post.php?post=4627&amp;action=edit\">Bearbeiten<\/a><\/span><\/small><\/p>\n<div class=\"clearfix\"><\/div>\n<\/div>\n<\/div>\n<\/article>\n<article id=\"post-4621\" class=\"loop_list post-4621 post type-post status-publish format-standard hentry category-allgemein\">\n<div class=\"panel panel-default\">\n<div class=\"panel-body clearfix\">\n<div class=\"fs-have-thumbnail\">\n<header class=\"entry-header\">\n<h4 class=\"entry-title\"><strong><a title=\"Permanentlink zu Nationalfeiertag\" href=\"https:\/\/vspoechlarn.ac.at\/wordpress\/2023\/11\/08\/nationalfeiertag\/\" rel=\"bookmark\">Nationalfeiertag<\/a><\/strong><\/h4>\n<\/header>\n<div class=\"entry-content\">\n<p>Auch heuer begaben wir uns am 25. Oktober vor das Schulhaus um die \u00f6sterreichische Fahne zum Nationalfeiertag zu hissen. In gro\u00dfer Dankbarkeit f\u00fcr den Frieden in unserem Land sangen wir gemeinsam die Bundeshymne.<\/p>\n<div id=\"gallery_4621_3\" class=\"row\">\n<div id=\"4621-image-4622\" class=\"col-xs-12 col-sm-6 col-md-6\">\n<div class=\"thumbnail\"><a href=\"https:\/\/vspoechlarn.ac.at\/wordpress\/2023\/11\/08\/nationalfeiertag\/img_5952-mittel\/\"><img loading=\"lazy\" decoding=\"async\" class=\"attachment-large size-large\" src=\"https:\/\/vspoechlarn.ac.at\/wordpress\/wp-content\/uploads\/2023\/11\/IMG_5952-Mittel-rotated.jpg\" sizes=\"auto, (max-width: 768px) 100vw, 768px\" srcset=\"https:\/\/vspoechlarn.ac.at\/wordpress\/wp-content\/uploads\/2023\/11\/IMG_5952-Mittel-rotated.jpg 768w, https:\/\/vspoechlarn.ac.at\/wordpress\/wp-content\/uploads\/2023\/11\/IMG_5952-Mittel-225x300.jpg 225w\" alt=\"\" width=\"768\" height=\"1024\" \/><\/a><\/div>\n<\/div>\n<\/div>\n<\/div>\n<\/div>\n<\/div>\n<div class=\"panel-footer entry-meta\">\n<p><small><span class=\"loop-category\"><a class=\"label label-info\" href=\"https:\/\/vspoechlarn.ac.at\/wordpress\/category\/allgemein\/\">Startseite<\/a>\u00a0<\/span><span class=\"loop-author\">|\u00a0<span class=\"author vcard\"><a class=\"url fn n\" href=\"https:\/\/vspoechlarn.ac.at\/wordpress\/author\/wp-admin\/\">wp-admin<\/a><\/span><\/span>\u00a0<span class=\"loop-date\">|\u00a0<time class=\"entry-date published updated\" datetime=\"2023-11-08T07:13:33+01:00\">8. November 2023<\/time><\/span>\u00a0|\u00a0<span class=\"edit-link\"><a class=\"post-edit-link\" href=\"https:\/\/vspoechlarn.ac.at\/wordpress\/wp-admin\/post.php?post=4621&amp;action=edit\">Bearbeiten<\/a><\/span><\/small><\/p>\n<div class=\"clearfix\"><\/div>\n<\/div>\n<\/div>\n<\/article>\n<article id=\"post-4611\" class=\"loop_list post-4611 post type-post status-publish format-standard hentry category-allgemein\">\n<div class=\"panel panel-default\">\n<div class=\"panel-body clearfix\">\n<div class=\"fs-have-thumbnail\">\n<header class=\"entry-header\">\n<h4 class=\"entry-title\"><strong><a title=\"Permanentlink zu Apfel-Pause\" href=\"https:\/\/vspoechlarn.ac.at\/wordpress\/2023\/11\/07\/apfel-pause\/\" rel=\"bookmark\">Apfel-Pause<\/a><\/strong><\/h4>\n<\/header>\n<div class=\"entry-content\">\n<p>\u201eMit Vitaminen besser durch den Tag\u201c, das dachte sich unser Elternverein, als er eine Apfelaktion f\u00fcr unsere Schulkinder initiierte. In regelm\u00e4\u00dfigen Abst\u00e4nden gibt es ab heute f\u00fcr jedes Kind der VS P\u00f6chlarn einen gratis Bio-Apfel in der Jausenpause.<\/p>\n<p>Wir bedanken uns daf\u00fcr ganz herzlich!<\/p>\n<div id=\"gallery_4611_4\" class=\"row\">\n<div id=\"4611-image-4614\" class=\"col-xs-12 col-sm-6 col-md-6\">\n<div class=\"thumbnail\"><a href=\"https:\/\/vspoechlarn.ac.at\/wordpress\/2023\/11\/07\/apfel-pause\/img_5997-mittel-2\/\"><img loading=\"lazy\" decoding=\"async\" class=\"attachment-large size-large\" src=\"https:\/\/vspoechlarn.ac.at\/wordpress\/wp-content\/uploads\/2023\/11\/IMG_5997-Mittel-1.jpg\" sizes=\"auto, (max-width: 900px) 100vw, 900px\" srcset=\"https:\/\/vspoechlarn.ac.at\/wordpress\/wp-content\/uploads\/2023\/11\/IMG_5997-Mittel-1.jpg 957w, https:\/\/vspoechlarn.ac.at\/wordpress\/wp-content\/uploads\/2023\/11\/IMG_5997-Mittel-1-350x281.jpg 350w\" alt=\"\" width=\"900\" height=\"722\" \/><\/a><\/div>\n<\/div>\n<\/div>\n<\/div>\n<\/div>\n<\/div>\n<div class=\"panel-footer entry-meta\">\n<p><small><span class=\"loop-category\"><a class=\"label label-info\" href=\"https:\/\/vspoechlarn.ac.at\/wordpress\/category\/allgemein\/\">Startseite<\/a>\u00a0<\/span><span class=\"loop-author\">|\u00a0<span class=\"author vcard\"><a class=\"url fn n\" href=\"https:\/\/vspoechlarn.ac.at\/wordpress\/author\/wp-admin\/\">wp-admin<\/a><\/span><\/span>\u00a0<span class=\"loop-date\">|\u00a0<time class=\"entry-date published updated\" datetime=\"2023-11-07T13:27:27+01:00\">7. November 2023<\/time><\/span>\u00a0|\u00a0<span class=\"edit-link\"><a class=\"post-edit-link\" href=\"https:\/\/vspoechlarn.ac.at\/wordpress\/wp-admin\/post.php?post=4611&amp;action=edit\">Bearbeiten<\/a><\/span><\/small><\/p>\n<div class=\"clearfix\"><\/div>\n<\/div>\n<\/div>\n<\/article>\n<article id=\"post-4603\" class=\"loop_list post-4603 post type-post status-publish format-standard hentry category-allgemein\">\n<div class=\"panel panel-default\">\n<div class=\"panel-body clearfix\">\n<div class=\"fs-have-thumbnail\">\n<header class=\"entry-header\">\n<h4 class=\"entry-title\"><strong><a title=\"Permanentlink zu Radfahrpr\u00fcfung\" href=\"https:\/\/vspoechlarn.ac.at\/wordpress\/2023\/10\/27\/radfahrpruefung\/\" rel=\"bookmark\">Radfahrpr\u00fcfung<\/a><\/strong><\/h4>\n<\/header>\n<div class=\"entry-content\">\n<p>Die Sch\u00fclerinnen und Sch\u00fcler der 4. Klassen absolvierten auch in diesem Schuljahr die Radfahrpr\u00fcfung. Ein herzliches Dankesch\u00f6n geht an Revierinspektorin Kastenberger und Ihrem Kollegen, die gemeinsam mit den Lehrerinnen die Pr\u00fcfung abnahmen.<\/p>\n<div id=\"gallery_4603_5\" class=\"row\">\n<div id=\"4603-image-4604\" class=\"col-xs-12 col-sm-4 col-md-4\">\n<div class=\"thumbnail\"><a href=\"https:\/\/vspoechlarn.ac.at\/wordpress\/2023\/10\/27\/radfahrpruefung\/20231020_102601\/\"><img loading=\"lazy\" decoding=\"async\" class=\"attachment-large size-large\" src=\"https:\/\/vspoechlarn.ac.at\/wordpress\/wp-content\/uploads\/2023\/10\/20231020_102601-1024x768.jpg\" sizes=\"auto, (max-width: 900px) 100vw, 900px\" srcset=\"https:\/\/vspoechlarn.ac.at\/wordpress\/wp-content\/uploads\/2023\/10\/20231020_102601-1024x768.jpg 1024w, https:\/\/vspoechlarn.ac.at\/wordpress\/wp-content\/uploads\/2023\/10\/20231020_102601-350x263.jpg 350w, https:\/\/vspoechlarn.ac.at\/wordpress\/wp-content\/uploads\/2023\/10\/20231020_102601-1536x1152.jpg 1536w, https:\/\/vspoechlarn.ac.at\/wordpress\/wp-content\/uploads\/2023\/10\/20231020_102601-2048x1536.jpg 2048w, https:\/\/vspoechlarn.ac.at\/wordpress\/wp-content\/uploads\/2023\/10\/20231020_102601-scaled.jpg 1440w\" alt=\"\" width=\"900\" height=\"675\" \/><\/a><\/div>\n<\/div>\n<div id=\"4603-image-4605\" class=\"col-xs-12 col-sm-4 col-md-4\">\n<div class=\"thumbnail\"><a href=\"https:\/\/vspoechlarn.ac.at\/wordpress\/2023\/10\/27\/radfahrpruefung\/20231020_101428\/\"><img loading=\"lazy\" decoding=\"async\" class=\"attachment-large size-large\" src=\"https:\/\/vspoechlarn.ac.at\/wordpress\/wp-content\/uploads\/2023\/10\/20231020_101428-768x1024.jpg\" sizes=\"auto, (max-width: 768px) 100vw, 768px\" srcset=\"https:\/\/vspoechlarn.ac.at\/wordpress\/wp-content\/uploads\/2023\/10\/20231020_101428-768x1024.jpg 768w, https:\/\/vspoechlarn.ac.at\/wordpress\/wp-content\/uploads\/2023\/10\/20231020_101428-225x300.jpg 225w, https:\/\/vspoechlarn.ac.at\/wordpress\/wp-content\/uploads\/2023\/10\/20231020_101428-1152x1536.jpg 1152w, https:\/\/vspoechlarn.ac.at\/wordpress\/wp-content\/uploads\/2023\/10\/20231020_101428-1536x2048.jpg 1536w, https:\/\/vspoechlarn.ac.at\/wordpress\/wp-content\/uploads\/2023\/10\/20231020_101428-scaled.jpg 810w\" alt=\"\" width=\"768\" height=\"1024\" \/><\/a><\/div>\n<\/div>\n<div id=\"4603-image-4608\" class=\"col-xs-12 col-sm-4 col-md-4\">\n<div class=\"thumbnail\"><a href=\"https:\/\/vspoechlarn.ac.at\/wordpress\/2023\/10\/27\/radfahrpruefung\/img-20231027-wa0010\/\"><img loading=\"lazy\" decoding=\"async\" class=\"attachment-large size-large\" src=\"https:\/\/vspoechlarn.ac.at\/wordpress\/wp-content\/uploads\/2023\/10\/IMG-20231027-WA0010.jpg\" sizes=\"auto, (max-width: 900px) 100vw, 900px\" srcset=\"https:\/\/vspoechlarn.ac.at\/wordpress\/wp-content\/uploads\/2023\/10\/IMG-20231027-WA0010.jpg 1024w, https:\/\/vspoechlarn.ac.at\/wordpress\/wp-content\/uploads\/2023\/10\/IMG-20231027-WA0010-350x263.jpg 350w\" alt=\"\" width=\"900\" height=\"675\" \/><\/a><\/div>\n<\/div>\n<div class=\"clearfix visible-md-block visible-lg-block\"><\/div>\n<\/div>\n<\/div>\n<\/div>\n<\/div>\n<div class=\"panel-footer entry-meta\">\n<p><small><span class=\"loop-category\"><a class=\"label label-info\" href=\"https:\/\/vspoechlarn.ac.at\/wordpress\/category\/allgemein\/\">Startseite<\/a>\u00a0<\/span><span class=\"loop-author\">|\u00a0<span class=\"author vcard\"><a class=\"url fn n\" href=\"https:\/\/vspoechlarn.ac.at\/wordpress\/author\/wp-admin\/\">wp-admin<\/a><\/span><\/span>\u00a0<span class=\"loop-date\">|\u00a0<time class=\"entry-date published updated\" datetime=\"2023-10-27T16:45:12+02:00\">27. Oktober 2023<\/time><\/span>\u00a0|\u00a0<span class=\"edit-link\"><a class=\"post-edit-link\" href=\"https:\/\/vspoechlarn.ac.at\/wordpress\/wp-admin\/post.php?post=4603&amp;action=edit\">Bearbeiten<\/a><\/span><\/small><\/p>\n<div class=\"clearfix\"><\/div>\n<\/div>\n<\/div>\n<\/article>\n<article id=\"post-4597\" class=\"loop_list post-4597 post type-post status-publish format-standard hentry category-allgemein\">\n<div class=\"panel panel-default\">\n<div class=\"panel-body clearfix\">\n<div class=\"fs-have-thumbnail\">\n<header class=\"entry-header\">\n<h4 class=\"entry-title\"><strong><a title=\"Permanentlink zu Kooperation mit der Mittelschule\" href=\"https:\/\/vspoechlarn.ac.at\/wordpress\/2023\/10\/27\/kooperation-mit-der-mittelschule\/\" rel=\"bookmark\">Kooperation mit der Mittelschule<\/a><\/strong><\/h4>\n<\/header>\n<div class=\"entry-content\">\n<p>Am Montag und Dienstag fand eine Kooperation zwischen den 4. Klassen der Volksschule mit der Mittelschule P\u00f6chlarn statt. Frau Wippel-Fasching und Frau Wagner von der Mittelschule erz\u00e4hlten den Sch\u00fclerinnen und Sch\u00fclern der Volksschule viel \u00fcber das Brunnenschutzgebiet und den Wald. Die Kinder legten ein Mandala mit Naturmaterialien, zeichneten ein Bild und gestalteten ein Mobile. Es war ein traumhafter Vormittag f\u00fcr uns und daf\u00fcr m\u00f6chten wir uns herzlich bedanken.<\/p>\n<div id=\"gallery_4597_6\" class=\"row\">\n<div id=\"4597-image-4598\" class=\"col-xs-12 col-sm-4 col-md-4\">\n<div class=\"thumbnail\"><a href=\"https:\/\/vspoechlarn.ac.at\/wordpress\/2023\/10\/27\/kooperation-mit-der-mittelschule\/img-20231025-wa0025\/\"><img loading=\"lazy\" decoding=\"async\" class=\"attachment-large size-large\" src=\"https:\/\/vspoechlarn.ac.at\/wordpress\/wp-content\/uploads\/2023\/10\/IMG-20231025-WA0025-768x1024.jpg\" sizes=\"auto, (max-width: 768px) 100vw, 768px\" srcset=\"https:\/\/vspoechlarn.ac.at\/wordpress\/wp-content\/uploads\/2023\/10\/IMG-20231025-WA0025-768x1024.jpg 768w, https:\/\/vspoechlarn.ac.at\/wordpress\/wp-content\/uploads\/2023\/10\/IMG-20231025-WA0025-225x300.jpg 225w, https:\/\/vspoechlarn.ac.at\/wordpress\/wp-content\/uploads\/2023\/10\/IMG-20231025-WA0025-1152x1536.jpg 1152w, https:\/\/vspoechlarn.ac.at\/wordpress\/wp-content\/uploads\/2023\/10\/IMG-20231025-WA0025.jpg 810w\" alt=\"\" width=\"768\" height=\"1024\" \/><\/a><\/div>\n<\/div>\n<div id=\"4597-image-4599\" class=\"col-xs-12 col-sm-4 col-md-4\">\n<div class=\"thumbnail\"><a href=\"https:\/\/vspoechlarn.ac.at\/wordpress\/2023\/10\/27\/kooperation-mit-der-mittelschule\/img-20231025-wa0024\/\"><img loading=\"lazy\" decoding=\"async\" class=\"attachment-large size-large\" src=\"https:\/\/vspoechlarn.ac.at\/wordpress\/wp-content\/uploads\/2023\/10\/IMG-20231025-WA0024-768x1024.jpg\" sizes=\"auto, (max-width: 768px) 100vw, 768px\" srcset=\"https:\/\/vspoechlarn.ac.at\/wordpress\/wp-content\/uploads\/2023\/10\/IMG-20231025-WA0024-768x1024.jpg 768w, https:\/\/vspoechlarn.ac.at\/wordpress\/wp-content\/uploads\/2023\/10\/IMG-20231025-WA0024-225x300.jpg 225w, https:\/\/vspoechlarn.ac.at\/wordpress\/wp-content\/uploads\/2023\/10\/IMG-20231025-WA0024-1152x1536.jpg 1152w, https:\/\/vspoechlarn.ac.at\/wordpress\/wp-content\/uploads\/2023\/10\/IMG-20231025-WA0024.jpg 810w\" alt=\"\" width=\"768\" height=\"1024\" \/><\/a><\/div>\n<\/div>\n<div id=\"4597-image-4600\" class=\"col-xs-12 col-sm-4 col-md-4\">\n<div class=\"thumbnail\"><a href=\"https:\/\/vspoechlarn.ac.at\/wordpress\/2023\/10\/27\/kooperation-mit-der-mittelschule\/20231024_104619\/\"><img loading=\"lazy\" decoding=\"async\" class=\"attachment-large size-large\" src=\"https:\/\/vspoechlarn.ac.at\/wordpress\/wp-content\/uploads\/2023\/10\/20231024_104619-768x1024.jpg\" sizes=\"auto, (max-width: 768px) 100vw, 768px\" srcset=\"https:\/\/vspoechlarn.ac.at\/wordpress\/wp-content\/uploads\/2023\/10\/20231024_104619-768x1024.jpg 768w, https:\/\/vspoechlarn.ac.at\/wordpress\/wp-content\/uploads\/2023\/10\/20231024_104619-225x300.jpg 225w, https:\/\/vspoechlarn.ac.at\/wordpress\/wp-content\/uploads\/2023\/10\/20231024_104619-1152x1536.jpg 1152w, https:\/\/vspoechlarn.ac.at\/wordpress\/wp-content\/uploads\/2023\/10\/20231024_104619-1536x2048.jpg 1536w, https:\/\/vspoechlarn.ac.at\/wordpress\/wp-content\/uploads\/2023\/10\/20231024_104619-scaled.jpg 810w\" alt=\"\" width=\"768\" height=\"1024\" \/><\/a><\/div>\n<\/div>\n<div class=\"clearfix visible-md-block visible-lg-block\"><\/div>\n<div id=\"4597-image-4601\" class=\"col-xs-12 col-sm-4 col-md-4\">\n<div class=\"thumbnail\"><a href=\"https:\/\/vspoechlarn.ac.at\/wordpress\/2023\/10\/27\/kooperation-mit-der-mittelschule\/20231024_103706\/\"><img loading=\"lazy\" decoding=\"async\" class=\"attachment-large size-large\" src=\"https:\/\/vspoechlarn.ac.at\/wordpress\/wp-content\/uploads\/2023\/10\/20231024_103706-1024x768.jpg\" sizes=\"auto, (max-width: 900px) 100vw, 900px\" srcset=\"https:\/\/vspoechlarn.ac.at\/wordpress\/wp-content\/uploads\/2023\/10\/20231024_103706-1024x768.jpg 1024w, https:\/\/vspoechlarn.ac.at\/wordpress\/wp-content\/uploads\/2023\/10\/20231024_103706-350x263.jpg 350w, https:\/\/vspoechlarn.ac.at\/wordpress\/wp-content\/uploads\/2023\/10\/20231024_103706-1536x1152.jpg 1536w, https:\/\/vspoechlarn.ac.at\/wordpress\/wp-content\/uploads\/2023\/10\/20231024_103706-2048x1536.jpg 2048w, https:\/\/vspoechlarn.ac.at\/wordpress\/wp-content\/uploads\/2023\/10\/20231024_103706-scaled.jpg 1440w\" alt=\"\" width=\"900\" height=\"675\" \/><\/a><\/div>\n<\/div>\n<\/div>\n<\/div>\n<\/div>\n<\/div>\n<div class=\"panel-footer entry-meta\">\n<p><small><span class=\"loop-category\"><a class=\"label label-info\" href=\"https:\/\/vspoechlarn.ac.at\/wordpress\/category\/allgemein\/\">Startseite<\/a>\u00a0<\/span><span class=\"loop-author\">|\u00a0<span class=\"author vcard\"><a class=\"url fn n\" href=\"https:\/\/vspoechlarn.ac.at\/wordpress\/author\/wp-admin\/\">wp-admin<\/a><\/span><\/span>\u00a0<span class=\"loop-date\">|\u00a0<time class=\"entry-date published updated\" datetime=\"2023-10-27T16:40:24+02:00\">27. Oktober 2023<\/time><\/span>\u00a0|\u00a0<span class=\"edit-link\"><a class=\"post-edit-link\" href=\"https:\/\/vspoechlarn.ac.at\/wordpress\/wp-admin\/post.php?post=4597&amp;action=edit\">Bearbeiten<\/a><\/span><\/small><\/p>\n<div class=\"clearfix\"><\/div>\n<\/div>\n<\/div>\n<\/article>\n<article id=\"post-4587\" class=\"loop_list post-4587 post type-post status-publish format-standard hentry category-allgemein\">\n<div class=\"panel panel-default\">\n<div class=\"panel-body clearfix\">\n<div class=\"fs-have-thumbnail\">\n<header class=\"entry-header\">\n<h4 class=\"entry-title\"><strong><a title=\"Permanentlink zu Renaturierung Ybbs\" href=\"https:\/\/vspoechlarn.ac.at\/wordpress\/2023\/10\/18\/renaturierung-ybbs\/\" rel=\"bookmark\">Renaturierung Ybbs<\/a><\/strong><\/h4>\n<\/header>\n<div class=\"entry-content\">\n<p>Gestern waren die Kinder der 3b in Amstetten. Mit einem Naturvermittler wurden der renaturierte Ybbs- Fluss und seine Geschichte kennengelernt und\u00a0 entdeckt, am Wasser geforscht und spielerisch in das Thema Fluss und Renaturierung<br \/>\neingetaucht.<\/p>\n<div id=\"gallery_4587_7\" class=\"row\">\n<div id=\"4587-image-4588\" class=\"col-xs-12 col-sm-4 col-md-4\">\n<div class=\"thumbnail\"><a href=\"https:\/\/vspoechlarn.ac.at\/wordpress\/2023\/10\/18\/renaturierung-ybbs\/img_5928-mittel\/\"><img loading=\"lazy\" decoding=\"async\" class=\"attachment-large size-large\" src=\"https:\/\/vspoechlarn.ac.at\/wordpress\/wp-content\/uploads\/2023\/10\/IMG_5928-Mittel.jpg\" sizes=\"auto, (max-width: 900px) 100vw, 900px\" srcset=\"https:\/\/vspoechlarn.ac.at\/wordpress\/wp-content\/uploads\/2023\/10\/IMG_5928-Mittel.jpg 1024w, https:\/\/vspoechlarn.ac.at\/wordpress\/wp-content\/uploads\/2023\/10\/IMG_5928-Mittel-350x263.jpg 350w\" alt=\"\" width=\"900\" height=\"675\" \/><\/a><\/div>\n<\/div>\n<div id=\"4587-image-4589\" class=\"col-xs-12 col-sm-4 col-md-4\">\n<div class=\"thumbnail\"><a href=\"https:\/\/vspoechlarn.ac.at\/wordpress\/2023\/10\/18\/renaturierung-ybbs\/img_5929-mittel\/\"><img loading=\"lazy\" decoding=\"async\" class=\"attachment-large size-large\" src=\"https:\/\/vspoechlarn.ac.at\/wordpress\/wp-content\/uploads\/2023\/10\/IMG_5929-Mittel.jpg\" sizes=\"auto, (max-width: 900px) 100vw, 900px\" srcset=\"https:\/\/vspoechlarn.ac.at\/wordpress\/wp-content\/uploads\/2023\/10\/IMG_5929-Mittel.jpg 1024w, https:\/\/vspoechlarn.ac.at\/wordpress\/wp-content\/uploads\/2023\/10\/IMG_5929-Mittel-350x263.jpg 350w\" alt=\"\" width=\"900\" height=\"675\" \/><\/a><\/div>\n<\/div>\n<div id=\"4587-image-4590\" class=\"col-xs-12 col-sm-4 col-md-4\">\n<div class=\"thumbnail\"><a href=\"https:\/\/vspoechlarn.ac.at\/wordpress\/2023\/10\/18\/renaturierung-ybbs\/img_5930-mittel\/\"><img loading=\"lazy\" decoding=\"async\" class=\"attachment-large size-large\" src=\"https:\/\/vspoechlarn.ac.at\/wordpress\/wp-content\/uploads\/2023\/10\/IMG_5930-Mittel.jpg\" sizes=\"auto, (max-width: 900px) 100vw, 900px\" srcset=\"https:\/\/vspoechlarn.ac.at\/wordpress\/wp-content\/uploads\/2023\/10\/IMG_5930-Mittel.jpg 1024w, https:\/\/vspoechlarn.ac.at\/wordpress\/wp-content\/uploads\/2023\/10\/IMG_5930-Mittel-350x263.jpg 350w\" alt=\"\" width=\"900\" height=\"675\" \/><\/a><\/div>\n<\/div>\n<div class=\"clearfix visible-md-block visible-lg-block\"><\/div>\n<div id=\"4587-image-4591\" class=\"col-xs-12 col-sm-4 col-md-4\">\n<div class=\"thumbnail\"><a href=\"https:\/\/vspoechlarn.ac.at\/wordpress\/2023\/10\/18\/renaturierung-ybbs\/img_5932-mittel\/\"><img loading=\"lazy\" decoding=\"async\" class=\"attachment-large size-large\" src=\"https:\/\/vspoechlarn.ac.at\/wordpress\/wp-content\/uploads\/2023\/10\/IMG_5932-Mittel.jpg\" sizes=\"auto, (max-width: 900px) 100vw, 900px\" srcset=\"https:\/\/vspoechlarn.ac.at\/wordpress\/wp-content\/uploads\/2023\/10\/IMG_5932-Mittel.jpg 1024w, https:\/\/vspoechlarn.ac.at\/wordpress\/wp-content\/uploads\/2023\/10\/IMG_5932-Mittel-350x263.jpg 350w\" alt=\"\" width=\"900\" height=\"675\" \/><\/a><\/div>\n<\/div>\n<div id=\"4587-image-4592\" class=\"col-xs-12 col-sm-4 col-md-4\">\n<div class=\"thumbnail\"><a href=\"https:\/\/vspoechlarn.ac.at\/wordpress\/2023\/10\/18\/renaturierung-ybbs\/img_5933-mittel\/\"><img loading=\"lazy\" decoding=\"async\" class=\"attachment-large size-large\" src=\"https:\/\/vspoechlarn.ac.at\/wordpress\/wp-content\/uploads\/2023\/10\/IMG_5933-Mittel-rotated.jpg\" sizes=\"auto, (max-width: 768px) 100vw, 768px\" srcset=\"https:\/\/vspoechlarn.ac.at\/wordpress\/wp-content\/uploads\/2023\/10\/IMG_5933-Mittel-rotated.jpg 768w, https:\/\/vspoechlarn.ac.at\/wordpress\/wp-content\/uploads\/2023\/10\/IMG_5933-Mittel-225x300.jpg 225w\" alt=\"\" width=\"768\" height=\"1024\" \/><\/a><\/div>\n<\/div>\n<div id=\"4587-image-4593\" class=\"col-xs-12 col-sm-4 col-md-4\">\n<div class=\"thumbnail\"><a href=\"https:\/\/vspoechlarn.ac.at\/wordpress\/2023\/10\/18\/renaturierung-ybbs\/img_5937-mittel\/\"><img loading=\"lazy\" decoding=\"async\" class=\"attachment-large size-large\" src=\"https:\/\/vspoechlarn.ac.at\/wordpress\/wp-content\/uploads\/2023\/10\/IMG_5937-Mittel-rotated.jpg\" sizes=\"auto, (max-width: 768px) 100vw, 768px\" srcset=\"https:\/\/vspoechlarn.ac.at\/wordpress\/wp-content\/uploads\/2023\/10\/IMG_5937-Mittel-rotated.jpg 768w, https:\/\/vspoechlarn.ac.at\/wordpress\/wp-content\/uploads\/2023\/10\/IMG_5937-Mittel-225x300.jpg 225w\" alt=\"\" width=\"768\" height=\"1024\" \/><\/a><\/div>\n<\/div>\n<div class=\"clearfix visible-md-block visible-lg-block\"><\/div>\n<div id=\"4587-image-4594\" class=\"col-xs-12 col-sm-4 col-md-4\">\n<div class=\"thumbnail\"><a href=\"https:\/\/vspoechlarn.ac.at\/wordpress\/2023\/10\/18\/renaturierung-ybbs\/img_5938-mittel\/\"><img loading=\"lazy\" decoding=\"async\" class=\"attachment-large size-large\" src=\"https:\/\/vspoechlarn.ac.at\/wordpress\/wp-content\/uploads\/2023\/10\/IMG_5938-Mittel-rotated.jpg\" sizes=\"auto, (max-width: 768px) 100vw, 768px\" srcset=\"https:\/\/vspoechlarn.ac.at\/wordpress\/wp-content\/uploads\/2023\/10\/IMG_5938-Mittel-rotated.jpg 768w, https:\/\/vspoechlarn.ac.at\/wordpress\/wp-content\/uploads\/2023\/10\/IMG_5938-Mittel-225x300.jpg 225w\" alt=\"\" width=\"768\" height=\"1024\" \/><\/a><\/div>\n<\/div>\n<\/div>\n<\/div>\n<\/div>\n<\/div>\n<div class=\"panel-footer entry-meta\">\n<p><small><span class=\"loop-category\"><a class=\"label label-info\" href=\"https:\/\/vspoechlarn.ac.at\/wordpress\/category\/allgemein\/\">Startseite<\/a>\u00a0<\/span><span class=\"loop-author\">|\u00a0<span class=\"author vcard\"><a class=\"url fn n\" href=\"https:\/\/vspoechlarn.ac.at\/wordpress\/author\/wp-admin\/\">wp-admin<\/a><\/span><\/span>\u00a0<span class=\"loop-date\">|\u00a0<time class=\"entry-date published updated\" datetime=\"2023-10-18T07:33:31+02:00\">18. Oktober 2023<\/time><\/span>\u00a0|\u00a0<span class=\"edit-link\"><a class=\"post-edit-link\" href=\"https:\/\/vspoechlarn.ac.at\/wordpress\/wp-admin\/post.php?post=4587&amp;action=edit\">Bearbeiten<\/a><\/span><\/small><\/p>\n<div class=\"clearfix\"><\/div>\n<\/div>\n<\/div>\n<\/article>\n<article id=\"post-4580\" class=\"loop_list post-4580 post type-post status-publish format-standard hentry category-allgemein\">\n<div class=\"panel panel-default\">\n<div class=\"panel-body clearfix\">\n<div class=\"fs-have-thumbnail\">\n<header class=\"entry-header\">\n<h4 class=\"entry-title\"><strong><a title=\"Permanentlink zu Volleyball\" href=\"https:\/\/vspoechlarn.ac.at\/wordpress\/2023\/10\/18\/volleyball\/\" rel=\"bookmark\">Volleyball<\/a><\/strong><\/h4>\n<\/header>\n<div class=\"entry-content\">\n<p>Durch die Kooperation mit der Sportunion Nibelungengau kommen heuer alle Klassen in den Genuss von Volleyball-Schnupperstunden. Wir bedanken uns daf\u00fcr bei Frau Nina Mayrhofer ganz herzlich.<\/p>\n<div id=\"gallery_4580_8\" class=\"row\">\n<div id=\"4580-image-4581\" class=\"col-xs-12 col-sm-4 col-md-4\">\n<div class=\"thumbnail\"><a href=\"https:\/\/vspoechlarn.ac.at\/wordpress\/2023\/10\/18\/volleyball\/img_5883-mittel\/\"><img loading=\"lazy\" decoding=\"async\" class=\"attachment-large size-large\" src=\"https:\/\/vspoechlarn.ac.at\/wordpress\/wp-content\/uploads\/2023\/10\/IMG_5883-Mittel.jpg\" sizes=\"auto, (max-width: 900px) 100vw, 900px\" srcset=\"https:\/\/vspoechlarn.ac.at\/wordpress\/wp-content\/uploads\/2023\/10\/IMG_5883-Mittel.jpg 1024w, https:\/\/vspoechlarn.ac.at\/wordpress\/wp-content\/uploads\/2023\/10\/IMG_5883-Mittel-350x263.jpg 350w\" alt=\"\" width=\"900\" height=\"675\" \/><\/a><\/div>\n<\/div>\n<div id=\"4580-image-4582\" class=\"col-xs-12 col-sm-4 col-md-4\">\n<div class=\"thumbnail\"><a href=\"https:\/\/vspoechlarn.ac.at\/wordpress\/2023\/10\/18\/volleyball\/img_20231006_101314-mittel\/\"><img loading=\"lazy\" decoding=\"async\" class=\"attachment-large size-large\" src=\"https:\/\/vspoechlarn.ac.at\/wordpress\/wp-content\/uploads\/2023\/10\/IMG_20231006_101314-Mittel.jpg\" sizes=\"auto, (max-width: 900px) 100vw, 900px\" srcset=\"https:\/\/vspoechlarn.ac.at\/wordpress\/wp-content\/uploads\/2023\/10\/IMG_20231006_101314-Mittel.jpg 1024w, https:\/\/vspoechlarn.ac.at\/wordpress\/wp-content\/uploads\/2023\/10\/IMG_20231006_101314-Mittel-350x263.jpg 350w\" alt=\"\" width=\"900\" height=\"675\" \/><\/a><\/div>\n<\/div>\n<div id=\"4580-image-4583\" class=\"col-xs-12 col-sm-4 col-md-4\">\n<div class=\"thumbnail\"><a href=\"https:\/\/vspoechlarn.ac.at\/wordpress\/2023\/10\/18\/volleyball\/img_20231006_102334-mittel\/\"><img loading=\"lazy\" decoding=\"async\" class=\"attachment-large size-large\" src=\"https:\/\/vspoechlarn.ac.at\/wordpress\/wp-content\/uploads\/2023\/10\/IMG_20231006_102334-Mittel.jpg\" sizes=\"auto, (max-width: 900px) 100vw, 900px\" srcset=\"https:\/\/vspoechlarn.ac.at\/wordpress\/wp-content\/uploads\/2023\/10\/IMG_20231006_102334-Mittel.jpg 1024w, https:\/\/vspoechlarn.ac.at\/wordpress\/wp-content\/uploads\/2023\/10\/IMG_20231006_102334-Mittel-350x263.jpg 350w\" alt=\"\" width=\"900\" height=\"675\" \/><\/a><\/div>\n<\/div>\n<div class=\"clearfix visible-md-block visible-lg-block\"><\/div>\n<div id=\"4580-image-4584\" class=\"col-xs-12 col-sm-4 col-md-4\">\n<div class=\"thumbnail\"><a href=\"https:\/\/vspoechlarn.ac.at\/wordpress\/2023\/10\/18\/volleyball\/img_20231006_102344-mittel\/\"><img loading=\"lazy\" decoding=\"async\" class=\"attachment-large size-large\" src=\"https:\/\/vspoechlarn.ac.at\/wordpress\/wp-content\/uploads\/2023\/10\/IMG_20231006_102344-Mittel.jpg\" sizes=\"auto, (max-width: 900px) 100vw, 900px\" srcset=\"https:\/\/vspoechlarn.ac.at\/wordpress\/wp-content\/uploads\/2023\/10\/IMG_20231006_102344-Mittel.jpg 1024w, https:\/\/vspoechlarn.ac.at\/wordpress\/wp-content\/uploads\/2023\/10\/IMG_20231006_102344-Mittel-350x263.jpg 350w\" alt=\"\" width=\"900\" height=\"675\" \/><\/a><\/div>\n<\/div>\n<div id=\"4580-image-4585\" class=\"col-xs-12 col-sm-4 col-md-4\">\n<div class=\"thumbnail\"><a href=\"https:\/\/vspoechlarn.ac.at\/wordpress\/2023\/10\/18\/volleyball\/img_20231006_102549-mittel\/\"><img loading=\"lazy\" decoding=\"async\" class=\"attachment-large size-large\" src=\"https:\/\/vspoechlarn.ac.at\/wordpress\/wp-content\/uploads\/2023\/10\/IMG_20231006_102549-Mittel.jpg\" sizes=\"auto, (max-width: 900px) 100vw, 900px\" srcset=\"https:\/\/vspoechlarn.ac.at\/wordpress\/wp-content\/uploads\/2023\/10\/IMG_20231006_102549-Mittel.jpg 1024w, https:\/\/vspoechlarn.ac.at\/wordpress\/wp-content\/uploads\/2023\/10\/IMG_20231006_102549-Mittel-350x263.jpg 350w\" alt=\"\" width=\"900\" height=\"675\" \/><\/a><\/div>\n<\/div>\n<\/div>\n<\/div>\n<\/div>\n<\/div>\n<div class=\"panel-footer entry-meta\">\n<p><small><span class=\"loop-category\"><a class=\"label label-info\" href=\"https:\/\/vspoechlarn.ac.at\/wordpress\/category\/allgemein\/\">Startseite<\/a>\u00a0<\/span><span class=\"loop-author\">|\u00a0<span class=\"author vcard\"><a class=\"url fn n\" href=\"https:\/\/vspoechlarn.ac.at\/wordpress\/author\/wp-admin\/\">wp-admin<\/a><\/span><\/span>\u00a0<span class=\"loop-date\">|\u00a0<time class=\"entry-date published updated\" datetime=\"2023-10-18T07:24:52+02:00\">18. Oktober 2023<\/time><\/span>\u00a0|\u00a0<span class=\"edit-link\"><a class=\"post-edit-link\" href=\"https:\/\/vspoechlarn.ac.at\/wordpress\/wp-admin\/post.php?post=4580&amp;action=edit\">Bearbeiten<\/a><\/span><\/small><\/p>\n<div class=\"clearfix\"><\/div>\n<\/div>\n<\/div>\n<\/article>\n<article id=\"post-4569\" class=\"loop_list post-4569 post type-post status-publish format-standard hentry category-allgemein\">\n<div class=\"panel panel-default\">\n<div class=\"panel-body clearfix\">\n<div class=\"fs-have-thumbnail\">\n<header class=\"entry-header\">\n<h4 class=\"entry-title\"><strong><a title=\"Permanentlink zu Radfahrtraining\" href=\"https:\/\/vspoechlarn.ac.at\/wordpress\/2023\/10\/16\/radfahrtraining\/\" rel=\"bookmark\">Radfahrtraining<\/a><\/strong><\/h4>\n<\/header>\n<div class=\"entry-content\">\n<p>In den 4. Klassen wird gerade die Radfahrpr\u00fcfung t\u00fcchtig f\u00fcr die Radfahrpr\u00fcfung ge\u00fcbt. Damit die Kinder auf der Stra\u00dfe sicher unterwegs sind, haben wir in diesem Schuljahr zum ersten Mal das Radfahrtraining mit der AUVA durchgef\u00fchrt. Die Kinder lernten im Schlosspark das Fahren mit einer Hand, das Linksabbiegen und das Gangschalten.<\/p>\n<div id=\"gallery_4569_9\" class=\"row\">\n<div id=\"4569-image-4571\" class=\"col-xs-12 col-sm-3 col-md-3\">\n<div class=\"thumbnail\"><a href=\"https:\/\/vspoechlarn.ac.at\/wordpress\/aktuelles\/page\/2\/#\" data-toggle=\"modal\" data-target=\"#4569-modal-4571\"><img loading=\"lazy\" decoding=\"async\" class=\"attachment-large size-large\" src=\"https:\/\/vspoechlarn.ac.at\/wordpress\/wp-content\/uploads\/2023\/10\/20230921_094923-1024x768.jpg\" sizes=\"auto, (max-width: 900px) 100vw, 900px\" srcset=\"https:\/\/vspoechlarn.ac.at\/wordpress\/wp-content\/uploads\/2023\/10\/20230921_094923-1024x768.jpg 1024w, https:\/\/vspoechlarn.ac.at\/wordpress\/wp-content\/uploads\/2023\/10\/20230921_094923-350x263.jpg 350w, https:\/\/vspoechlarn.ac.at\/wordpress\/wp-content\/uploads\/2023\/10\/20230921_094923-1536x1152.jpg 1536w, https:\/\/vspoechlarn.ac.at\/wordpress\/wp-content\/uploads\/2023\/10\/20230921_094923-2048x1536.jpg 2048w, https:\/\/vspoechlarn.ac.at\/wordpress\/wp-content\/uploads\/2023\/10\/20230921_094923-scaled.jpg 1440w\" alt=\"\" width=\"900\" height=\"675\" \/><\/a><\/div>\n<\/div>\n<div id=\"4569-image-4572\" class=\"col-xs-12 col-sm-3 col-md-3\">\n<div class=\"thumbnail\"><a href=\"https:\/\/vspoechlarn.ac.at\/wordpress\/aktuelles\/page\/2\/#\" data-toggle=\"modal\" data-target=\"#4569-modal-4572\"><img loading=\"lazy\" decoding=\"async\" class=\"attachment-large size-large\" src=\"https:\/\/vspoechlarn.ac.at\/wordpress\/wp-content\/uploads\/2023\/10\/20230921_095907-1024x768.jpg\" sizes=\"auto, (max-width: 900px) 100vw, 900px\" srcset=\"https:\/\/vspoechlarn.ac.at\/wordpress\/wp-content\/uploads\/2023\/10\/20230921_095907-1024x768.jpg 1024w, https:\/\/vspoechlarn.ac.at\/wordpress\/wp-content\/uploads\/2023\/10\/20230921_095907-350x263.jpg 350w, https:\/\/vspoechlarn.ac.at\/wordpress\/wp-content\/uploads\/2023\/10\/20230921_095907-1536x1152.jpg 1536w, https:\/\/vspoechlarn.ac.at\/wordpress\/wp-content\/uploads\/2023\/10\/20230921_095907-2048x1536.jpg 2048w, https:\/\/vspoechlarn.ac.at\/wordpress\/wp-content\/uploads\/2023\/10\/20230921_095907-scaled.jpg 1440w\" alt=\"\" width=\"900\" height=\"675\" \/><\/a><\/div>\n<\/div>\n<div id=\"4569-image-4570\" class=\"col-xs-12 col-sm-3 col-md-3\">\n<div class=\"thumbnail\"><a href=\"https:\/\/vspoechlarn.ac.at\/wordpress\/aktuelles\/page\/2\/#\" data-toggle=\"modal\" data-target=\"#4569-modal-4570\"><img loading=\"lazy\" decoding=\"async\" class=\"attachment-large size-large\" src=\"https:\/\/vspoechlarn.ac.at\/wordpress\/wp-content\/uploads\/2023\/10\/20230921_101653-1024x768.jpg\" sizes=\"auto, (max-width: 900px) 100vw, 900px\" srcset=\"https:\/\/vspoechlarn.ac.at\/wordpress\/wp-content\/uploads\/2023\/10\/20230921_101653-1024x768.jpg 1024w, https:\/\/vspoechlarn.ac.at\/wordpress\/wp-content\/uploads\/2023\/10\/20230921_101653-350x263.jpg 350w, https:\/\/vspoechlarn.ac.at\/wordpress\/wp-content\/uploads\/2023\/10\/20230921_101653-1536x1152.jpg 1536w, https:\/\/vspoechlarn.ac.at\/wordpress\/wp-content\/uploads\/2023\/10\/20230921_101653-2048x1536.jpg 2048w, https:\/\/vspoechlarn.ac.at\/wordpress\/wp-content\/uploads\/2023\/10\/20230921_101653-scaled.jpg 1440w\" alt=\"\" width=\"900\" height=\"675\" \/><\/a><\/div>\n<\/div>\n<div id=\"4569-image-4573\" class=\"col-xs-12 col-sm-3 col-md-3\">\n<div class=\"thumbnail\"><a href=\"https:\/\/vspoechlarn.ac.at\/wordpress\/aktuelles\/page\/2\/#\" data-toggle=\"modal\" data-target=\"#4569-modal-4573\"><img loading=\"lazy\" decoding=\"async\" class=\"attachment-large size-large\" src=\"https:\/\/vspoechlarn.ac.at\/wordpress\/wp-content\/uploads\/2023\/10\/20230921_111101-768x1024.jpg\" sizes=\"auto, (max-width: 768px) 100vw, 768px\" srcset=\"https:\/\/vspoechlarn.ac.at\/wordpress\/wp-content\/uploads\/2023\/10\/20230921_111101-768x1024.jpg 768w, https:\/\/vspoechlarn.ac.at\/wordpress\/wp-content\/uploads\/2023\/10\/20230921_111101-225x300.jpg 225w, https:\/\/vspoechlarn.ac.at\/wordpress\/wp-content\/uploads\/2023\/10\/20230921_111101-1152x1536.jpg 1152w, https:\/\/vspoechlarn.ac.at\/wordpress\/wp-content\/uploads\/2023\/10\/20230921_111101-1536x2048.jpg 1536w, https:\/\/vspoechlarn.ac.at\/wordpress\/wp-content\/uploads\/2023\/10\/20230921_111101-scaled.jpg 810w\" alt=\"\" width=\"768\" height=\"1024\" \/><\/a><\/div>\n<\/div>\n<div class=\"clearfix visible-md-block visible-lg-block\"><\/div>\n<\/div>\n<\/div>\n<\/div>\n<\/div>\n<div class=\"panel-footer entry-meta\">\n<p><small><span class=\"loop-category\"><a class=\"label label-info\" href=\"https:\/\/vspoechlarn.ac.at\/wordpress\/category\/allgemein\/\">Startseite<\/a>\u00a0<\/span><span class=\"loop-author\">|\u00a0<span class=\"author vcard\"><a class=\"url fn n\" href=\"https:\/\/vspoechlarn.ac.at\/wordpress\/author\/wp-admin\/\">wp-admin<\/a><\/span><\/span>\u00a0<span class=\"loop-date\">|\u00a0<time class=\"entry-date published updated\" datetime=\"2023-10-16T17:06:26+02:00\">16. Oktober 2023<\/time><\/span>\u00a0|\u00a0<span class=\"edit-link\"><a class=\"post-edit-link\" href=\"https:\/\/vspoechlarn.ac.at\/wordpress\/wp-admin\/post.php?post=4569&amp;action=edit\">Bearbeiten<\/a><\/span><\/small><\/p>\n<div class=\"clearfix\"><\/div>\n<\/div>\n<\/div>\n<\/article>\n<article id=\"post-4565\" class=\"loop_list post-4565 post type-post status-publish format-standard hentry category-allgemein\">\n<div class=\"panel panel-default\">\n<div class=\"panel-body clearfix\">\n<div class=\"fs-have-thumbnail\">\n<header class=\"entry-header\">\n<h4 class=\"entry-title\"><strong><a title=\"Permanentlink zu Gemeinsame Pause\" href=\"https:\/\/vspoechlarn.ac.at\/wordpress\/2023\/09\/29\/gemeinsame-pause\/\" rel=\"bookmark\">Gemeinsame Pause<\/a><\/strong><\/h4>\n<\/header>\n<div class=\"entry-content\">\n<p>Am Donnerstag verbringen die Kinder der VS P\u00f6chlarn die Pause regelm\u00e4\u00dfig im Park. An der frischen Luft sammeln sie nicht nur Kraft f\u00fcr die folgenden Stunden, sondern k\u00f6nnen auch klassen\u00fcbergreifende Freundschaften pflegen.<\/p>\n<div id=\"gallery_4565_10\" class=\"row\">\n<div id=\"4565-image-4566\" class=\"col-xs-12 col-sm-12 col-md-12\">\n<div class=\"thumbnail\"><a href=\"https:\/\/vspoechlarn.ac.at\/wordpress\/aktuelles\/page\/2\/#\" data-toggle=\"modal\" data-target=\"#4565-modal-4566\"><img loading=\"lazy\" decoding=\"async\" class=\"attachment-large size-large\" src=\"https:\/\/vspoechlarn.ac.at\/wordpress\/wp-content\/uploads\/2023\/09\/IMG_5854-1024x768.jpg\" sizes=\"auto, (max-width: 900px) 100vw, 900px\" srcset=\"https:\/\/vspoechlarn.ac.at\/wordpress\/wp-content\/uploads\/2023\/09\/IMG_5854-1024x768.jpg 1024w, https:\/\/vspoechlarn.ac.at\/wordpress\/wp-content\/uploads\/2023\/09\/IMG_5854-350x263.jpg 350w, https:\/\/vspoechlarn.ac.at\/wordpress\/wp-content\/uploads\/2023\/09\/IMG_5854-1536x1152.jpg 1536w, https:\/\/vspoechlarn.ac.at\/wordpress\/wp-content\/uploads\/2023\/09\/IMG_5854-2048x1536.jpg 2048w, https:\/\/vspoechlarn.ac.at\/wordpress\/wp-content\/uploads\/2023\/09\/IMG_5854-scaled.jpg 1440w\" alt=\"\" width=\"900\" height=\"675\" \/><\/a><\/div>\n<\/div>\n<div class=\"clearfix visible-md-block visible-lg-block\"><\/div>\n<\/div>\n<p>&nbsp;<\/p>\n<\/div>\n<\/div>\n<\/div>\n<div class=\"panel-footer entry-meta\">\n<p><small><span class=\"loop-category\"><a class=\"label label-info\" href=\"https:\/\/vspoechlarn.ac.at\/wordpress\/category\/allgemein\/\">Startseite<\/a>\u00a0<\/span><span class=\"loop-author\">|\u00a0<span class=\"author vcard\"><a class=\"url fn n\" href=\"https:\/\/vspoechlarn.ac.at\/wordpress\/author\/wp-admin\/\">wp-admin<\/a><\/span><\/span>\u00a0<span class=\"loop-date\">|\u00a0<time class=\"entry-date published updated\" datetime=\"2023-09-29T11:43:17+02:00\">29. September 2023<\/time><\/span>\u00a0|\u00a0<span class=\"edit-link\"><a class=\"post-edit-link\" href=\"https:\/\/vspoechlarn.ac.at\/wordpress\/wp-admin\/post.php?post=4565&amp;action=edit\">Bearbeiten<\/a><\/span><\/small><\/p>\n<div class=\"clearfix\"><\/div>\n<\/div>\n<\/div>\n<\/article>\n<article id=\"post-4551\" class=\"loop_list post-4551 post type-post status-publish format-standard hentry category-allgemein\">\n<div class=\"panel panel-default\">\n<div class=\"panel-body clearfix\">\n<div class=\"fs-have-thumbnail\">\n<header class=\"entry-header\">\n<h4 class=\"entry-title\"><strong><a title=\"Permanentlink zu Wandertag nach Ornding\" href=\"https:\/\/vspoechlarn.ac.at\/wordpress\/2023\/09\/15\/wandertagnach-ornding\/\" rel=\"bookmark\">Wandertag nach Ornding<\/a><\/strong><\/h4>\n<\/header>\n<div class=\"entry-content\">\n<p>Bei herrlichem Wetter marschierten am Dienstag alle Klassen gemeinsam nach Ornding. Beim Fu\u00dfballplatz konnten die Kinder schlie\u00dflich jausnen, spielen, schaukeln oder klettern. Danach ging es wieder zur\u00fcck nach P\u00f6chlarn. Wir bedanken uns beim\u00a0 FC G\u00f6sser und Herrn Kuttner, dass wir auch dieses Jahr die Anlage benutzen durften, ganz herzlich.<\/p>\n<div id=\"gallery_4551_11\" class=\"row\">\n<div id=\"4551-image-4553\" class=\"col-xs-12 col-sm-4 col-md-4\">\n<div class=\"thumbnail\"><a href=\"https:\/\/vspoechlarn.ac.at\/wordpress\/aktuelles\/page\/2\/#\" data-toggle=\"modal\" data-target=\"#4551-modal-4553\"><img loading=\"lazy\" decoding=\"async\" class=\"attachment-large size-large\" src=\"https:\/\/vspoechlarn.ac.at\/wordpress\/wp-content\/uploads\/2023\/09\/985667bf-7014-46b8-a9da-fabee96b51f3-Mittel.jpg\" sizes=\"auto, (max-width: 768px) 100vw, 768px\" srcset=\"https:\/\/vspoechlarn.ac.at\/wordpress\/wp-content\/uploads\/2023\/09\/985667bf-7014-46b8-a9da-fabee96b51f3-Mittel.jpg 768w, https:\/\/vspoechlarn.ac.at\/wordpress\/wp-content\/uploads\/2023\/09\/985667bf-7014-46b8-a9da-fabee96b51f3-Mittel-225x300.jpg 225w\" alt=\"\" width=\"768\" height=\"1024\" \/><\/a><\/div>\n<\/div>\n<div id=\"4551-image-4552\" class=\"col-xs-12 col-sm-4 col-md-4\">\n<div class=\"thumbnail\"><a href=\"https:\/\/vspoechlarn.ac.at\/wordpress\/aktuelles\/page\/2\/#\" data-toggle=\"modal\" data-target=\"#4551-modal-4552\"><img loading=\"lazy\" decoding=\"async\" class=\"attachment-large size-large\" src=\"https:\/\/vspoechlarn.ac.at\/wordpress\/wp-content\/uploads\/2023\/09\/9a184d51-c80a-4f36-a4b7-45eebc1e4bf7-Mittel.jpg\" sizes=\"auto, (max-width: 768px) 100vw, 768px\" srcset=\"https:\/\/vspoechlarn.ac.at\/wordpress\/wp-content\/uploads\/2023\/09\/9a184d51-c80a-4f36-a4b7-45eebc1e4bf7-Mittel.jpg 768w, https:\/\/vspoechlarn.ac.at\/wordpress\/wp-content\/uploads\/2023\/09\/9a184d51-c80a-4f36-a4b7-45eebc1e4bf7-Mittel-225x300.jpg 225w\" alt=\"\" width=\"768\" height=\"1024\" \/><\/a><\/div>\n<\/div>\n<div id=\"4551-image-4556\" class=\"col-xs-12 col-sm-4 col-md-4\">\n<div class=\"thumbnail\"><a href=\"https:\/\/vspoechlarn.ac.at\/wordpress\/aktuelles\/page\/2\/#\" data-toggle=\"modal\" data-target=\"#4551-modal-4556\"><img loading=\"lazy\" decoding=\"async\" class=\"attachment-large size-large\" src=\"https:\/\/vspoechlarn.ac.at\/wordpress\/wp-content\/uploads\/2023\/09\/IMG_4102.jpg\" sizes=\"auto, (max-width: 480px) 100vw, 480px\" srcset=\"https:\/\/vspoechlarn.ac.at\/wordpress\/wp-content\/uploads\/2023\/09\/IMG_4102.jpg 480w, https:\/\/vspoechlarn.ac.at\/wordpress\/wp-content\/uploads\/2023\/09\/IMG_4102-225x300.jpg 225w\" alt=\"\" width=\"480\" height=\"640\" \/><\/a><\/div>\n<\/div>\n<div class=\"clearfix visible-md-block visible-lg-block\"><\/div>\n<div id=\"4551-image-4555\" class=\"col-xs-12 col-sm-4 col-md-4\">\n<div class=\"thumbnail\"><a href=\"https:\/\/vspoechlarn.ac.at\/wordpress\/aktuelles\/page\/2\/#\" data-toggle=\"modal\" data-target=\"#4551-modal-4555\"><img loading=\"lazy\" decoding=\"async\" class=\"attachment-large size-large\" src=\"https:\/\/vspoechlarn.ac.at\/wordpress\/wp-content\/uploads\/2023\/09\/IMG_4101.jpg\" sizes=\"auto, (max-width: 480px) 100vw, 480px\" srcset=\"https:\/\/vspoechlarn.ac.at\/wordpress\/wp-content\/uploads\/2023\/09\/IMG_4101.jpg 480w, https:\/\/vspoechlarn.ac.at\/wordpress\/wp-content\/uploads\/2023\/09\/IMG_4101-225x300.jpg 225w\" alt=\"\" width=\"480\" height=\"640\" \/><\/a><\/div>\n<\/div>\n<div id=\"4551-image-4554\" class=\"col-xs-12 col-sm-4 col-md-4\">\n<div class=\"thumbnail\"><a href=\"https:\/\/vspoechlarn.ac.at\/wordpress\/aktuelles\/page\/2\/#\" data-toggle=\"modal\" data-target=\"#4551-modal-4554\"><img loading=\"lazy\" decoding=\"async\" class=\"attachment-large size-large\" src=\"https:\/\/vspoechlarn.ac.at\/wordpress\/wp-content\/uploads\/2023\/09\/IMG_4097.jpg\" sizes=\"auto, (max-width: 480px) 100vw, 480px\" srcset=\"https:\/\/vspoechlarn.ac.at\/wordpress\/wp-content\/uploads\/2023\/09\/IMG_4097.jpg 480w, https:\/\/vspoechlarn.ac.at\/wordpress\/wp-content\/uploads\/2023\/09\/IMG_4097-225x300.jpg 225w\" alt=\"\" width=\"480\" height=\"640\" \/><\/a><\/div>\n<\/div>\n<div id=\"4551-image-4557\" class=\"col-xs-12 col-sm-4 col-md-4\">\n<div class=\"thumbnail\"><a href=\"https:\/\/vspoechlarn.ac.at\/wordpress\/aktuelles\/page\/2\/#\" data-toggle=\"modal\" data-target=\"#4551-modal-4557\"><img loading=\"lazy\" decoding=\"async\" class=\"attachment-large size-large\" src=\"https:\/\/vspoechlarn.ac.at\/wordpress\/wp-content\/uploads\/2023\/09\/IMG_4104.jpg\" sizes=\"auto, (max-width: 480px) 100vw, 480px\" srcset=\"https:\/\/vspoechlarn.ac.at\/wordpress\/wp-content\/uploads\/2023\/09\/IMG_4104.jpg 480w, https:\/\/vspoechlarn.ac.at\/wordpress\/wp-content\/uploads\/2023\/09\/IMG_4104-225x300.jpg 225w\" alt=\"\" width=\"480\" height=\"640\" \/><\/a><\/div>\n<\/div>\n<div class=\"clearfix visible-md-block visible-lg-block\"><\/div>\n<\/div>\n<\/div>\n<\/div>\n<\/div>\n<div class=\"panel-footer entry-meta\">\n<p><small><span class=\"loop-category\"><a class=\"label label-info\" href=\"https:\/\/vspoechlarn.ac.at\/wordpress\/category\/allgemein\/\">Startseite<\/a>\u00a0<\/span><span class=\"loop-author\">|\u00a0<span class=\"author vcard\"><a class=\"url fn n\" href=\"https:\/\/vspoechlarn.ac.at\/wordpress\/author\/wp-admin\/\">wp-admin<\/a><\/span><\/span>\u00a0<span class=\"loop-date\">|\u00a0<time class=\"entry-date published updated\" datetime=\"2023-09-15T10:54:33+02:00\">15. September 2023<\/time><\/span>\u00a0|\u00a0<span class=\"edit-link\"><a class=\"post-edit-link\" href=\"https:\/\/vspoechlarn.ac.at\/wordpress\/wp-admin\/post.php?post=4551&amp;action=edit\">Bearbeiten<\/a><\/span><\/small><\/p>\n<div class=\"clearfix\"><\/div>\n<\/div>\n<\/div>\n<\/article>\n<article id=\"post-4535\" class=\"loop_list post-4535 post type-post status-publish format-standard hentry category-allgemein\">\n<div class=\"panel panel-default\">\n<div class=\"panel-body clearfix\">\n<div class=\"fs-have-thumbnail\">\n<header class=\"entry-header\">\n<h4 class=\"entry-title\"><strong><a title=\"Permanentlink zu Sumsi Rucksack\" href=\"https:\/\/vspoechlarn.ac.at\/wordpress\/2023\/09\/08\/sumsi-rucksack-2\/\" rel=\"bookmark\">Sumsi Rucksack<\/a><\/strong><\/h4>\n<\/header>\n<div class=\"entry-content\">\n<p>F\u00fcr die Kinder der beiden 1. Klassen gab es heute eine besondere \u00dcberrraschung. Frau Nina Langthaler und Herr Strutzenberger von der Raiffeisenbank P\u00f6chlarn \u00fcberreichten allen M\u00e4dchen und Buben tolle Sumsi-Rucks\u00e4cke. Vielen Dank!<\/p>\n<div id=\"gallery_4535_12\" class=\"row\">\n<div id=\"4535-image-4536\" class=\"col-xs-12 col-sm-4 col-md-4\">\n<div class=\"thumbnail\"><a href=\"https:\/\/vspoechlarn.ac.at\/wordpress\/aktuelles\/page\/2\/#\" data-toggle=\"modal\" data-target=\"#4535-modal-4536\"><img loading=\"lazy\" decoding=\"async\" class=\"attachment-large size-large\" src=\"https:\/\/vspoechlarn.ac.at\/wordpress\/wp-content\/uploads\/2023\/09\/IMG_5799-Mittel.jpg\" sizes=\"auto, (max-width: 900px) 100vw, 900px\" srcset=\"https:\/\/vspoechlarn.ac.at\/wordpress\/wp-content\/uploads\/2023\/09\/IMG_5799-Mittel.jpg 1024w, https:\/\/vspoechlarn.ac.at\/wordpress\/wp-content\/uploads\/2023\/09\/IMG_5799-Mittel-350x263.jpg 350w\" alt=\"\" width=\"900\" height=\"675\" \/><\/a><\/div>\n<\/div>\n<div id=\"4535-image-4537\" class=\"col-xs-12 col-sm-4 col-md-4\">\n<div class=\"thumbnail\"><a href=\"https:\/\/vspoechlarn.ac.at\/wordpress\/aktuelles\/page\/2\/#\" data-toggle=\"modal\" data-target=\"#4535-modal-4537\"><img loading=\"lazy\" decoding=\"async\" class=\"attachment-large size-large\" src=\"https:\/\/vspoechlarn.ac.at\/wordpress\/wp-content\/uploads\/2023\/09\/IMG_5802-Mittel.jpg\" sizes=\"auto, (max-width: 900px) 100vw, 900px\" srcset=\"https:\/\/vspoechlarn.ac.at\/wordpress\/wp-content\/uploads\/2023\/09\/IMG_5802-Mittel.jpg 1024w, https:\/\/vspoechlarn.ac.at\/wordpress\/wp-content\/uploads\/2023\/09\/IMG_5802-Mittel-350x263.jpg 350w\" alt=\"\" width=\"900\" height=\"675\" \/><\/a><\/div>\n<\/div>\n<\/div>\n<\/div>\n<\/div>\n<\/div>\n<div class=\"panel-footer entry-meta\"><small><span class=\"loop-category\"><a class=\"label label-info\" href=\"https:\/\/vspoechlarn.ac.at\/wordpress\/category\/allgemein\/\">Startseite<\/a>\u00a0<\/span><span class=\"loop-author\">|\u00a0<span class=\"author vcard\"><a class=\"url fn n\" href=\"https:\/\/vspoechlarn.ac.at\/wordpress\/author\/wp-admin\/\">wp-admin<\/a><\/span><\/span>\u00a0<span class=\"loop-date\">|\u00a0<time class=\"entry-date published updated\" datetime=\"2023-09-08T09:25:25+02:00\">8. September 2023<\/time><\/span>\u00a0|\u00a0<span class=\"edit-link\"><a class=\"post-edit-link\" href=\"https:\/\/vspoechlarn.ac.at\/wordpress\/wp-admin\/post.php?post=4535&amp;action=edit\">Bearbeiten<\/a><\/span><\/small><\/div>\n<\/div>\n<\/article>\n","protected":false},"excerpt":{"rendered":"<p>Sportfest 2024 Bei sommerlichen Temperaturen konnten wir im Beisein von Frau Bgm. Barbara Kainz und StR. Gerald Albrecht am 21.6. unser traditionelles Sportfest feiern. Mit einem kleinen Konzert unserer Bl\u00e4serklasse, [&hellip;]<\/p>\n","protected":false},"author":1,"featured_media":0,"parent":0,"menu_order":0,"comment_status":"closed","ping_status":"closed","template":"","meta":{"footnotes":""},"class_list":["post-5143","page","type-page","status-publish","hentry"],"_links":{"self":[{"href":"https:\/\/vspoechlarn.ac.at\/wordpress\/wp-json\/wp\/v2\/pages\/5143","targetHints":{"allow":["GET"]}}],"collection":[{"href":"https:\/\/vspoechlarn.ac.at\/wordpress\/wp-json\/wp\/v2\/pages"}],"about":[{"href":"https:\/\/vspoechlarn.ac.at\/wordpress\/wp-json\/wp\/v2\/types\/page"}],"author":[{"embeddable":true,"href":"https:\/\/vspoechlarn.ac.at\/wordpress\/wp-json\/wp\/v2\/users\/1"}],"replies":[{"embeddable":true,"href":"https:\/\/vspoechlarn.ac.at\/wordpress\/wp-json\/wp\/v2\/comments?post=5143"}],"version-history":[{"count":5,"href":"https:\/\/vspoechlarn.ac.at\/wordpress\/wp-json\/wp\/v2\/pages\/5143\/revisions"}],"predecessor-version":[{"id":5163,"href":"https:\/\/vspoechlarn.ac.at\/wordpress\/wp-json\/wp\/v2\/pages\/5143\/revisions\/5163"}],"wp:attachment":[{"href":"https:\/\/vspoechlarn.ac.at\/wordpress\/wp-json\/wp\/v2\/media?parent=5143"}],"curies":[{"name":"wp","href":"https:\/\/api.w.org\/{rel}","templated":true}]}}