{"id":4543,"date":"2023-09-14T17:10:06","date_gmt":"2023-09-14T15:10:06","guid":{"rendered":"https:\/\/vspoechlarn.ac.at\/wordpress\/?page_id=4543"},"modified":"2023-12-14T19:25:57","modified_gmt":"2023-12-14T18:25:57","slug":"2023-24","status":"publish","type":"page","link":"https:\/\/vspoechlarn.ac.at\/wordpress\/2023-24\/","title":{"rendered":"2023-24"},"content":{"rendered":"<h2>1a<\/h2>\n<p>Klassenlehrerin: vOL Elisabeth Atzm\u00fcller<\/p>\n<p>23 Sch\u00fcler*innen<\/p>\n<div id=\"gallery_4543_1\" class=\"row\">\r\n\t    \t<div id=\"4543-image-4676\" class=\"col-xs-12 col-sm-4 col-md-4\">\r\n        \t\t\t\t\t\r\n\t\t\t<div class=\"thumbnail\">\r\n        \t\t\t\t\t\r\n\t\t\t\t<a href='https:\/\/vspoechlarn.ac.at\/wordpress\/2023-24\/pk14b007\/'><img loading=\"lazy\" decoding=\"async\" width=\"900\" height=\"678\" src=\"https:\/\/vspoechlarn.ac.at\/wordpress\/wp-content\/uploads\/2023\/12\/PK14B007-1024x771.jpg\" class=\"attachment-large size-large\" alt=\"\" srcset=\"https:\/\/vspoechlarn.ac.at\/wordpress\/wp-content\/uploads\/2023\/12\/PK14B007-1024x771.jpg 1024w, https:\/\/vspoechlarn.ac.at\/wordpress\/wp-content\/uploads\/2023\/12\/PK14B007-350x263.jpg 350w, https:\/\/vspoechlarn.ac.at\/wordpress\/wp-content\/uploads\/2023\/12\/PK14B007-1536x1156.jpg 1536w, https:\/\/vspoechlarn.ac.at\/wordpress\/wp-content\/uploads\/2023\/12\/PK14B007-2048x1542.jpg 2048w, https:\/\/vspoechlarn.ac.at\/wordpress\/wp-content\/uploads\/2023\/12\/PK14B007-scaled.jpg 1435w\" sizes=\"auto, (max-width: 900px) 100vw, 900px\" \/><\/a>            <\/div>\r\n        <\/div>\r\n    \r\n<\/div>\n<p>&nbsp;<\/p>\n<h2>1b<\/h2>\n<p>Klassenlehrerin: vVL Michelle Eder<\/p>\n<p>23 Sch\u00fcler*innen<\/p>\n<div id=\"gallery_4543_2\" class=\"row\">\r\n\t    \t<div id=\"4543-image-4678\" class=\"col-xs-12 col-sm-4 col-md-4\">\r\n        \t\t\t\t\t\r\n\t\t\t<div class=\"thumbnail\">\r\n        \t\t\t\t\t\r\n\t\t\t\t<a href='https:\/\/vspoechlarn.ac.at\/wordpress\/2023-24\/pk16b004-2\/'><img loading=\"lazy\" decoding=\"async\" width=\"900\" height=\"677\" src=\"https:\/\/vspoechlarn.ac.at\/wordpress\/wp-content\/uploads\/2023\/12\/PK16B004-1024x770.jpg\" class=\"attachment-large size-large\" alt=\"\" srcset=\"https:\/\/vspoechlarn.ac.at\/wordpress\/wp-content\/uploads\/2023\/12\/PK16B004-1024x770.jpg 1024w, https:\/\/vspoechlarn.ac.at\/wordpress\/wp-content\/uploads\/2023\/12\/PK16B004-350x263.jpg 350w, https:\/\/vspoechlarn.ac.at\/wordpress\/wp-content\/uploads\/2023\/12\/PK16B004-1536x1155.jpg 1536w, https:\/\/vspoechlarn.ac.at\/wordpress\/wp-content\/uploads\/2023\/12\/PK16B004-2048x1541.jpg 2048w, https:\/\/vspoechlarn.ac.at\/wordpress\/wp-content\/uploads\/2023\/12\/PK16B004-scaled.jpg 1436w\" sizes=\"auto, (max-width: 900px) 100vw, 900px\" \/><\/a>            <\/div>\r\n        <\/div>\r\n    \r\n<\/div>\n<hr \/>\n<h2>2a<\/h2>\n<p>Klassenlehrerin: vOL Doris Langer<\/p>\n<p>15 Sch\u00fcler*innen<\/p>\n<div id=\"gallery_4543_3\" class=\"row\">\r\n\t    \t<div id=\"4543-image-4671\" class=\"col-xs-12 col-sm-4 col-md-4\">\r\n        \t\t\t\t\t\r\n\t\t\t<div class=\"thumbnail\">\r\n        \t\t\t\t\t\r\n\t\t\t\t<a href='https:\/\/vspoechlarn.ac.at\/wordpress\/2023-24\/pk09b012\/'><img loading=\"lazy\" decoding=\"async\" width=\"900\" height=\"678\" src=\"https:\/\/vspoechlarn.ac.at\/wordpress\/wp-content\/uploads\/2023\/12\/PK09B012-1024x771.jpg\" class=\"attachment-large size-large\" alt=\"\" srcset=\"https:\/\/vspoechlarn.ac.at\/wordpress\/wp-content\/uploads\/2023\/12\/PK09B012-1024x771.jpg 1024w, https:\/\/vspoechlarn.ac.at\/wordpress\/wp-content\/uploads\/2023\/12\/PK09B012-350x263.jpg 350w, https:\/\/vspoechlarn.ac.at\/wordpress\/wp-content\/uploads\/2023\/12\/PK09B012-1536x1156.jpg 1536w, https:\/\/vspoechlarn.ac.at\/wordpress\/wp-content\/uploads\/2023\/12\/PK09B012-2048x1541.jpg 2048w, https:\/\/vspoechlarn.ac.at\/wordpress\/wp-content\/uploads\/2023\/12\/PK09B012-scaled.jpg 1435w\" sizes=\"auto, (max-width: 900px) 100vw, 900px\" \/><\/a>            <\/div>\r\n        <\/div>\r\n    \r\n<\/div>\n<p>&nbsp;<\/p>\n<h2>2b<\/h2>\n<p>Klassenlehrerin: vVL Nina Ess<\/p>\n<p>15 Sch\u00fcler*innen<\/p>\n<div id=\"gallery_4543_4\" class=\"row\">\r\n\t    \t<div id=\"4543-image-4672\" class=\"col-xs-12 col-sm-4 col-md-4\">\r\n        \t\t\t\t\t\r\n\t\t\t<div class=\"thumbnail\">\r\n        \t\t\t\t\t\r\n\t\t\t\t<a href='https:\/\/vspoechlarn.ac.at\/wordpress\/2023-24\/pk10b006\/'><img loading=\"lazy\" decoding=\"async\" width=\"900\" height=\"678\" src=\"https:\/\/vspoechlarn.ac.at\/wordpress\/wp-content\/uploads\/2023\/12\/PK10B006-1024x771.jpg\" class=\"attachment-large size-large\" alt=\"\" srcset=\"https:\/\/vspoechlarn.ac.at\/wordpress\/wp-content\/uploads\/2023\/12\/PK10B006-1024x771.jpg 1024w, https:\/\/vspoechlarn.ac.at\/wordpress\/wp-content\/uploads\/2023\/12\/PK10B006-350x264.jpg 350w, https:\/\/vspoechlarn.ac.at\/wordpress\/wp-content\/uploads\/2023\/12\/PK10B006-1536x1156.jpg 1536w, https:\/\/vspoechlarn.ac.at\/wordpress\/wp-content\/uploads\/2023\/12\/PK10B006-2048x1542.jpg 2048w, https:\/\/vspoechlarn.ac.at\/wordpress\/wp-content\/uploads\/2023\/12\/PK10B006-scaled.jpg 1435w\" sizes=\"auto, (max-width: 900px) 100vw, 900px\" \/><\/a>            <\/div>\r\n        <\/div>\r\n    \r\n<\/div>\n<hr \/>\n<h2>3a<\/h2>\n<p>Klassenlehrerin: vOL Regina Eder<\/p>\n<p>19 Sch\u00fcler*innen<\/p>\n<div id=\"gallery_4543_5\" class=\"row\">\r\n\t    \t<div id=\"4543-image-4675\" class=\"col-xs-12 col-sm-4 col-md-4\">\r\n        \t\t\t\t\t\r\n\t\t\t<div class=\"thumbnail\">\r\n        \t\t\t\t\t\r\n\t\t\t\t<a href='https:\/\/vspoechlarn.ac.at\/wordpress\/2023-24\/pk13b003-2\/'><img loading=\"lazy\" decoding=\"async\" width=\"900\" height=\"677\" src=\"https:\/\/vspoechlarn.ac.at\/wordpress\/wp-content\/uploads\/2023\/12\/PK13B003-1024x770.jpg\" class=\"attachment-large size-large\" alt=\"\" srcset=\"https:\/\/vspoechlarn.ac.at\/wordpress\/wp-content\/uploads\/2023\/12\/PK13B003-1024x770.jpg 1024w, https:\/\/vspoechlarn.ac.at\/wordpress\/wp-content\/uploads\/2023\/12\/PK13B003-350x263.jpg 350w, https:\/\/vspoechlarn.ac.at\/wordpress\/wp-content\/uploads\/2023\/12\/PK13B003-1536x1155.jpg 1536w, https:\/\/vspoechlarn.ac.at\/wordpress\/wp-content\/uploads\/2023\/12\/PK13B003-2048x1540.jpg 2048w, https:\/\/vspoechlarn.ac.at\/wordpress\/wp-content\/uploads\/2023\/12\/PK13B003-scaled.jpg 1436w\" sizes=\"auto, (max-width: 900px) 100vw, 900px\" \/><\/a>            <\/div>\r\n        <\/div>\r\n    \r\n<\/div>\n<p>&nbsp;<\/p>\n<h2>3b<\/h2>\n<p>Klassenlehrerin: vVL Christina Crepaz<\/p>\n<p>18 Sch\u00fcler*innen<\/p>\n<div id=\"gallery_4543_6\" class=\"row\">\r\n\t    \t<div id=\"4543-image-4674\" class=\"col-xs-12 col-sm-4 col-md-4\">\r\n        \t\t\t\t\t\r\n\t\t\t<div class=\"thumbnail\">\r\n        \t\t\t\t\t\r\n\t\t\t\t<a href='https:\/\/vspoechlarn.ac.at\/wordpress\/2023-24\/pk12b011\/'><img loading=\"lazy\" decoding=\"async\" width=\"900\" height=\"677\" src=\"https:\/\/vspoechlarn.ac.at\/wordpress\/wp-content\/uploads\/2023\/12\/PK12B011-1024x770.jpg\" class=\"attachment-large size-large\" alt=\"\" srcset=\"https:\/\/vspoechlarn.ac.at\/wordpress\/wp-content\/uploads\/2023\/12\/PK12B011-1024x770.jpg 1024w, https:\/\/vspoechlarn.ac.at\/wordpress\/wp-content\/uploads\/2023\/12\/PK12B011-350x263.jpg 350w, https:\/\/vspoechlarn.ac.at\/wordpress\/wp-content\/uploads\/2023\/12\/PK12B011-1536x1155.jpg 1536w, https:\/\/vspoechlarn.ac.at\/wordpress\/wp-content\/uploads\/2023\/12\/PK12B011-2048x1541.jpg 2048w, https:\/\/vspoechlarn.ac.at\/wordpress\/wp-content\/uploads\/2023\/12\/PK12B011-scaled.jpg 1436w\" sizes=\"auto, (max-width: 900px) 100vw, 900px\" \/><\/a>            <\/div>\r\n        <\/div>\r\n    \r\n<\/div>\n<hr \/>\n<h2>4a<\/h2>\n<p>Klassenlehrerin: VOL Birgit Rausch<\/p>\n<p>19 Sch\u00fcler*innen<\/p>\n<div id=\"gallery_4543_7\" class=\"row\">\r\n\t    \t<div id=\"4543-image-4673\" class=\"col-xs-12 col-sm-4 col-md-4\">\r\n        \t\t\t\t\t\r\n\t\t\t<div class=\"thumbnail\">\r\n        \t\t\t\t\t\r\n\t\t\t\t<a href='https:\/\/vspoechlarn.ac.at\/wordpress\/2023-24\/pk11b003\/'><img loading=\"lazy\" decoding=\"async\" width=\"900\" height=\"677\" src=\"https:\/\/vspoechlarn.ac.at\/wordpress\/wp-content\/uploads\/2023\/12\/PK11B003-1024x770.jpg\" class=\"attachment-large size-large\" alt=\"\" srcset=\"https:\/\/vspoechlarn.ac.at\/wordpress\/wp-content\/uploads\/2023\/12\/PK11B003-1024x770.jpg 1024w, https:\/\/vspoechlarn.ac.at\/wordpress\/wp-content\/uploads\/2023\/12\/PK11B003-350x263.jpg 350w, https:\/\/vspoechlarn.ac.at\/wordpress\/wp-content\/uploads\/2023\/12\/PK11B003-1536x1155.jpg 1536w, https:\/\/vspoechlarn.ac.at\/wordpress\/wp-content\/uploads\/2023\/12\/PK11B003-2048x1540.jpg 2048w, https:\/\/vspoechlarn.ac.at\/wordpress\/wp-content\/uploads\/2023\/12\/PK11B003-scaled.jpg 1436w\" sizes=\"auto, (max-width: 900px) 100vw, 900px\" \/><\/a>            <\/div>\r\n        <\/div>\r\n    \r\n<\/div>\n<p>&nbsp;<\/p>\n<h2>4b<\/h2>\n<p>Klassenlehrerin: vVL Maria Steinberger<\/p>\n<p>16 Sch\u00fcler*innen<\/p>\n<div id=\"gallery_4543_8\" class=\"row\">\r\n\t    \t<div id=\"4543-image-4677\" class=\"col-xs-12 col-sm-4 col-md-4\">\r\n        \t\t\t\t\t\r\n\t\t\t<div class=\"thumbnail\">\r\n        \t\t\t\t\t\r\n\t\t\t\t<a href='https:\/\/vspoechlarn.ac.at\/wordpress\/2023-24\/pk15b009\/'><img loading=\"lazy\" decoding=\"async\" width=\"900\" height=\"678\" src=\"https:\/\/vspoechlarn.ac.at\/wordpress\/wp-content\/uploads\/2023\/12\/PK15B009-1024x771.jpg\" class=\"attachment-large size-large\" alt=\"\" srcset=\"https:\/\/vspoechlarn.ac.at\/wordpress\/wp-content\/uploads\/2023\/12\/PK15B009-1024x771.jpg 1024w, https:\/\/vspoechlarn.ac.at\/wordpress\/wp-content\/uploads\/2023\/12\/PK15B009-350x263.jpg 350w, https:\/\/vspoechlarn.ac.at\/wordpress\/wp-content\/uploads\/2023\/12\/PK15B009-1536x1156.jpg 1536w, https:\/\/vspoechlarn.ac.at\/wordpress\/wp-content\/uploads\/2023\/12\/PK15B009-2048x1541.jpg 2048w, https:\/\/vspoechlarn.ac.at\/wordpress\/wp-content\/uploads\/2023\/12\/PK15B009-scaled.jpg 1436w\" sizes=\"auto, (max-width: 900px) 100vw, 900px\" \/><\/a>            <\/div>\r\n        <\/div>\r\n    \r\n<\/div>\n","protected":false},"excerpt":{"rendered":"<p>1a Klassenlehrerin: vOL Elisabeth Atzm\u00fcller 23 Sch\u00fcler*innen &nbsp; 1b Klassenlehrerin: vVL Michelle Eder 23 Sch\u00fcler*innen 2a Klassenlehrerin: vOL Doris Langer 15 Sch\u00fcler*innen &nbsp; 2b Klassenlehrerin: vVL Nina Ess 15 Sch\u00fcler*innen [&hellip;]<\/p>\n","protected":false},"author":1,"featured_media":0,"parent":0,"menu_order":0,"comment_status":"closed","ping_status":"closed","template":"","meta":{"footnotes":""},"class_list":["post-4543","page","type-page","status-publish","hentry"],"_links":{"self":[{"href":"https:\/\/vspoechlarn.ac.at\/wordpress\/wp-json\/wp\/v2\/pages\/4543","targetHints":{"allow":["GET"]}}],"collection":[{"href":"https:\/\/vspoechlarn.ac.at\/wordpress\/wp-json\/wp\/v2\/pages"}],"about":[{"href":"https:\/\/vspoechlarn.ac.at\/wordpress\/wp-json\/wp\/v2\/types\/page"}],"author":[{"embeddable":true,"href":"https:\/\/vspoechlarn.ac.at\/wordpress\/wp-json\/wp\/v2\/users\/1"}],"replies":[{"embeddable":true,"href":"https:\/\/vspoechlarn.ac.at\/wordpress\/wp-json\/wp\/v2\/comments?post=4543"}],"version-history":[{"count":6,"href":"https:\/\/vspoechlarn.ac.at\/wordpress\/wp-json\/wp\/v2\/pages\/4543\/revisions"}],"predecessor-version":[{"id":4681,"href":"https:\/\/vspoechlarn.ac.at\/wordpress\/wp-json\/wp\/v2\/pages\/4543\/revisions\/4681"}],"wp:attachment":[{"href":"https:\/\/vspoechlarn.ac.at\/wordpress\/wp-json\/wp\/v2\/media?parent=4543"}],"curies":[{"name":"wp","href":"https:\/\/api.w.org\/{rel}","templated":true}]}}