{"id":4540,"date":"2023-09-14T17:06:17","date_gmt":"2023-09-14T15:06:17","guid":{"rendered":"https:\/\/vspoechlarn.ac.at\/wordpress\/?page_id=4540"},"modified":"2023-09-14T17:06:17","modified_gmt":"2023-09-14T15:06:17","slug":"2022-23-2","status":"publish","type":"page","link":"https:\/\/vspoechlarn.ac.at\/wordpress\/2022-23-2\/","title":{"rendered":"2022-23"},"content":{"rendered":"<article id=\"post-4094\" class=\"loop_list post-4094 post type-post status-publish format-standard hentry category-allgemein\">\n<div class=\"panel panel-default\">\n<div class=\"panel-body clearfix\">\n<div class=\"fs-have-thumbnail\">\n<header class=\"entry-header\">\n<article id=\"post-4517\" class=\"loop_list post-4517 post type-post status-publish format-standard hentry category-allgemein\">\n<div class=\"panel panel-default\">\n<div class=\"panel-body clearfix\">\n<div class=\"fs-have-thumbnail\">\n<header class=\"entry-header\">\n<h4 class=\"entry-title\"><strong><a title=\"Permanentlink zu Freibad P\u00f6chlarn\" href=\"https:\/\/vspoechlarn.ac.at\/wordpress\/2023\/06\/30\/freibad-poechlarn\/\" rel=\"bookmark\">Freibad P\u00f6chlarn<\/a><\/strong><\/h4>\n<\/header>\n<div class=\"entry-content\">\n<p>Am vorletzten Schultag besuchten die beiden 3. Klassen das Freibad in P\u00f6chlarn. Das Springen und Rutschen bereitete den Kindern viel Freude.<\/p>\n<div id=\"gallery_4517_2\" class=\"row\">\n<div id=\"4517-image-4518\" class=\"col-xs-12 col-sm-4 col-md-4\">\n<div class=\"thumbnail\"><a href=\"https:\/\/vspoechlarn.ac.at\/wordpress\/2023\/06\/30\/freibad-poechlarn\/20230629_094759\/\"><img loading=\"lazy\" decoding=\"async\" class=\"attachment-large size-large\" src=\"https:\/\/vspoechlarn.ac.at\/wordpress\/wp-content\/uploads\/2023\/06\/20230629_094759-1024x768.jpg\" sizes=\"auto, (max-width: 900px) 100vw, 900px\" srcset=\"https:\/\/vspoechlarn.ac.at\/wordpress\/wp-content\/uploads\/2023\/06\/20230629_094759-1024x768.jpg 1024w, https:\/\/vspoechlarn.ac.at\/wordpress\/wp-content\/uploads\/2023\/06\/20230629_094759-350x263.jpg 350w, https:\/\/vspoechlarn.ac.at\/wordpress\/wp-content\/uploads\/2023\/06\/20230629_094759-1536x1152.jpg 1536w, https:\/\/vspoechlarn.ac.at\/wordpress\/wp-content\/uploads\/2023\/06\/20230629_094759-2048x1536.jpg 2048w, https:\/\/vspoechlarn.ac.at\/wordpress\/wp-content\/uploads\/2023\/06\/20230629_094759-scaled.jpg 1440w\" alt=\"\" width=\"900\" height=\"675\" \/><\/a><\/div>\n<\/div>\n<div id=\"4517-image-4519\" class=\"col-xs-12 col-sm-4 col-md-4\">\n<div class=\"thumbnail\"><a href=\"https:\/\/vspoechlarn.ac.at\/wordpress\/2023\/06\/30\/freibad-poechlarn\/img-20230629-wa0055\/\"><img loading=\"lazy\" decoding=\"async\" class=\"attachment-large size-large\" src=\"https:\/\/vspoechlarn.ac.at\/wordpress\/wp-content\/uploads\/2023\/06\/IMG-20230629-WA0055-768x1024.jpg\" sizes=\"auto, (max-width: 768px) 100vw, 768px\" srcset=\"https:\/\/vspoechlarn.ac.at\/wordpress\/wp-content\/uploads\/2023\/06\/IMG-20230629-WA0055-768x1024.jpg 768w, https:\/\/vspoechlarn.ac.at\/wordpress\/wp-content\/uploads\/2023\/06\/IMG-20230629-WA0055-225x300.jpg 225w, https:\/\/vspoechlarn.ac.at\/wordpress\/wp-content\/uploads\/2023\/06\/IMG-20230629-WA0055-1152x1536.jpg 1152w, https:\/\/vspoechlarn.ac.at\/wordpress\/wp-content\/uploads\/2023\/06\/IMG-20230629-WA0055.jpg 810w\" alt=\"\" width=\"768\" height=\"1024\" \/><\/a><\/div>\n<\/div>\n<div id=\"4517-image-4520\" class=\"col-xs-12 col-sm-4 col-md-4\">\n<div class=\"thumbnail\"><a href=\"https:\/\/vspoechlarn.ac.at\/wordpress\/2023\/06\/30\/freibad-poechlarn\/20230629_093530\/\"><img loading=\"lazy\" decoding=\"async\" class=\"attachment-large size-large\" src=\"https:\/\/vspoechlarn.ac.at\/wordpress\/wp-content\/uploads\/2023\/06\/20230629_093530-768x1024.jpg\" sizes=\"auto, (max-width: 768px) 100vw, 768px\" srcset=\"https:\/\/vspoechlarn.ac.at\/wordpress\/wp-content\/uploads\/2023\/06\/20230629_093530-768x1024.jpg 768w, https:\/\/vspoechlarn.ac.at\/wordpress\/wp-content\/uploads\/2023\/06\/20230629_093530-225x300.jpg 225w, https:\/\/vspoechlarn.ac.at\/wordpress\/wp-content\/uploads\/2023\/06\/20230629_093530-1152x1536.jpg 1152w, https:\/\/vspoechlarn.ac.at\/wordpress\/wp-content\/uploads\/2023\/06\/20230629_093530-1536x2048.jpg 1536w, https:\/\/vspoechlarn.ac.at\/wordpress\/wp-content\/uploads\/2023\/06\/20230629_093530-scaled.jpg 810w\" alt=\"\" width=\"768\" height=\"1024\" \/><\/a><\/div>\n<\/div>\n<div class=\"clearfix visible-md-block visible-lg-block\"><\/div>\n<div id=\"4517-image-4521\" class=\"col-xs-12 col-sm-4 col-md-4\">\n<div class=\"thumbnail\"><a href=\"https:\/\/vspoechlarn.ac.at\/wordpress\/2023\/06\/30\/freibad-poechlarn\/img-20230629-wa0066\/\"><img loading=\"lazy\" decoding=\"async\" class=\"attachment-large size-large\" src=\"https:\/\/vspoechlarn.ac.at\/wordpress\/wp-content\/uploads\/2023\/06\/IMG-20230629-WA0066-768x1024.jpg\" sizes=\"auto, (max-width: 768px) 100vw, 768px\" srcset=\"https:\/\/vspoechlarn.ac.at\/wordpress\/wp-content\/uploads\/2023\/06\/IMG-20230629-WA0066-768x1024.jpg 768w, https:\/\/vspoechlarn.ac.at\/wordpress\/wp-content\/uploads\/2023\/06\/IMG-20230629-WA0066-225x300.jpg 225w, https:\/\/vspoechlarn.ac.at\/wordpress\/wp-content\/uploads\/2023\/06\/IMG-20230629-WA0066-1152x1536.jpg 1152w, https:\/\/vspoechlarn.ac.at\/wordpress\/wp-content\/uploads\/2023\/06\/IMG-20230629-WA0066.jpg 810w\" alt=\"\" width=\"768\" height=\"1024\" \/><\/a><\/div>\n<\/div>\n<div id=\"4517-image-4522\" class=\"col-xs-12 col-sm-4 col-md-4\">\n<div class=\"thumbnail\"><a href=\"https:\/\/vspoechlarn.ac.at\/wordpress\/2023\/06\/30\/freibad-poechlarn\/img-20230629-wa0068\/\"><img loading=\"lazy\" decoding=\"async\" class=\"attachment-large size-large\" src=\"https:\/\/vspoechlarn.ac.at\/wordpress\/wp-content\/uploads\/2023\/06\/IMG-20230629-WA0068-768x1024.jpg\" sizes=\"auto, (max-width: 768px) 100vw, 768px\" srcset=\"https:\/\/vspoechlarn.ac.at\/wordpress\/wp-content\/uploads\/2023\/06\/IMG-20230629-WA0068-768x1024.jpg 768w, https:\/\/vspoechlarn.ac.at\/wordpress\/wp-content\/uploads\/2023\/06\/IMG-20230629-WA0068-225x300.jpg 225w, https:\/\/vspoechlarn.ac.at\/wordpress\/wp-content\/uploads\/2023\/06\/IMG-20230629-WA0068-1152x1536.jpg 1152w, https:\/\/vspoechlarn.ac.at\/wordpress\/wp-content\/uploads\/2023\/06\/IMG-20230629-WA0068.jpg 810w\" alt=\"\" width=\"768\" height=\"1024\" \/><\/a><\/div>\n<\/div>\n<\/div>\n<\/div>\n<\/div>\n<\/div>\n<div class=\"panel-footer entry-meta\"><small><span class=\"loop-category\"><a class=\"label label-danger\" href=\"https:\/\/vspoechlarn.ac.at\/wordpress\/category\/allgemein\/\">Startseite<\/a>\u00a0<\/span><span class=\"loop-author\">|\u00a0<span class=\"author vcard\"><a class=\"url fn n\" href=\"https:\/\/vspoechlarn.ac.at\/wordpress\/author\/wp-admin\/\">wp-admin<\/a><\/span><\/span>\u00a0<span class=\"loop-date\">|\u00a0<time class=\"entry-date published updated\" datetime=\"2023-06-30T06:54:56+02:00\">30. Juni 2023<\/time><\/span>\u00a0|\u00a0<span class=\"edit-link\"><a class=\"post-edit-link\" href=\"https:\/\/vspoechlarn.ac.at\/wordpress\/wp-admin\/post.php?post=4517&amp;action=edit\">Bearbeiten<\/a><\/span><\/small><\/p>\n<div class=\"clearfix\"><\/div>\n<\/div>\n<\/div>\n<\/article>\n<article id=\"post-4509\" class=\"loop_list post-4509 post type-post status-publish format-standard hentry category-allgemein\">\n<div class=\"panel panel-default\">\n<div class=\"panel-body clearfix\">\n<div class=\"fs-have-thumbnail\">\n<header class=\"entry-header\">\n<h4 class=\"entry-title\"><strong><a title=\"Permanentlink zu Danke Sparkasse P\u00f6chlarn\" href=\"https:\/\/vspoechlarn.ac.at\/wordpress\/2023\/06\/29\/danke-sparkasse-poechlarn\/\" rel=\"bookmark\">Danke Sparkasse P\u00f6chlarn<\/a><\/strong><\/h4>\n<\/header>\n<div class=\"entry-content\">\n<p>Wir bedanken uns ganz herzlich bei Herrn Bankstellenleiter Christian Schuller von der Sparkasse P\u00f6chlarn f\u00fcr die gro\u00dfz\u00fcgige finanzielle Unterst\u00fctzung zum Ankauf mathematischer Anschauungsmaterialien\u00a0 (Hierarchie der Zahlen) und therapeutischer Gewichtskissen.<\/p>\n<div id=\"gallery_4509_3\" class=\"row\">\n<div id=\"4509-image-4510\" class=\"col-xs-12 col-sm-4 col-md-4\">\n<div class=\"thumbnail\"><a href=\"https:\/\/vspoechlarn.ac.at\/wordpress\/2023\/06\/29\/danke-sparkasse-poechlarn\/img_4943-mittel\/\"><img loading=\"lazy\" decoding=\"async\" class=\"attachment-large size-large\" src=\"https:\/\/vspoechlarn.ac.at\/wordpress\/wp-content\/uploads\/2023\/06\/IMG_4943-Mittel.jpg\" sizes=\"auto, (max-width: 900px) 100vw, 900px\" srcset=\"https:\/\/vspoechlarn.ac.at\/wordpress\/wp-content\/uploads\/2023\/06\/IMG_4943-Mittel.jpg 1024w, https:\/\/vspoechlarn.ac.at\/wordpress\/wp-content\/uploads\/2023\/06\/IMG_4943-Mittel-350x263.jpg 350w\" alt=\"\" width=\"900\" height=\"675\" \/><\/a><\/div>\n<\/div>\n<\/div>\n<\/div>\n<\/div>\n<\/div>\n<div class=\"panel-footer entry-meta\"><small><span class=\"loop-category\"><a class=\"label label-danger\" href=\"https:\/\/vspoechlarn.ac.at\/wordpress\/category\/allgemein\/\">Startseite<\/a>\u00a0<\/span><span class=\"loop-author\">|\u00a0<span class=\"author vcard\"><a class=\"url fn n\" href=\"https:\/\/vspoechlarn.ac.at\/wordpress\/author\/wp-admin\/\">wp-admin<\/a><\/span><\/span>\u00a0<span class=\"loop-date\">|\u00a0<time class=\"entry-date published updated\" datetime=\"2023-06-29T09:39:35+02:00\">29. Juni 2023<\/time><\/span>\u00a0|\u00a0<span class=\"edit-link\"><a class=\"post-edit-link\" href=\"https:\/\/vspoechlarn.ac.at\/wordpress\/wp-admin\/post.php?post=4509&amp;action=edit\">Bearbeiten<\/a><\/span><\/small><\/p>\n<div class=\"clearfix\"><\/div>\n<\/div>\n<\/div>\n<\/article>\n<article id=\"post-4485\" class=\"loop_list post-4485 post type-post status-publish format-standard hentry category-allgemein\">\n<div class=\"panel panel-default\">\n<div class=\"panel-body clearfix\">\n<div class=\"fs-have-thumbnail\">\n<header class=\"entry-header\">\n<h4 class=\"entry-title\"><strong><a title=\"Permanentlink zu Sportfest\" href=\"https:\/\/vspoechlarn.ac.at\/wordpress\/2023\/06\/26\/sportfest\/\" rel=\"bookmark\">Sportfest<\/a><\/strong><\/h4>\n<\/header>\n<div class=\"entry-content\">\n<p>Der Freude \u00fcber unser Sportfest, das endlich wieder im Schlosspark stattfand,\u00a0 konnte auch das durchwachsene Wetter am Freitag nichts anhaben. Tolle Leistungen waren bei anfangs starkem Wind und sp\u00e4ter einsetzendem Regen der Lohn f\u00fcr das Training der letzten Wochen. Versorgt wurden wir auch diesmal von unserem \u00e4u\u00dferst engagierten Elternverein, der am Griller von Frau Bgm. Barbara Kainz und STR. Gerald Albrecht unterst\u00fctzt wurde. Die Kinder und die vielen Besucher genossen das Fest in vollen Z\u00fcgen. F\u00fcr gute Unterhaltung sorgte am Beginn unsere Bl\u00e4serklasse, unter der Leitung von Herrn Dir. Bernhard Thain, mit einem kleinen Konzert.\u00a0 Auch bei unserem Eltern-Kind-Bewerb war die Begeisterung nicht zu \u00fcberh\u00f6ren. Im Namen aller KollegInnen m\u00f6chte ich mich bei allen ganz herzlich f\u00fcr das Mitwirken an diesem Ereignis bedanken und allen Kindern zu ihren Leistungen gratulieren.\u00a0 Mehr Fotos folgen!<\/p>\n<div id=\"gallery_4485_4\" class=\"row\">\n<div id=\"4485-image-4489\" class=\"col-xs-12 col-sm-3 col-md-3\">\n<div class=\"thumbnail\"><a href=\"https:\/\/vspoechlarn.ac.at\/wordpress\/2023\/06\/26\/sportfest\/5-mittel\/\"><img loading=\"lazy\" decoding=\"async\" class=\"attachment-large size-large\" src=\"https:\/\/vspoechlarn.ac.at\/wordpress\/wp-content\/uploads\/2023\/06\/5-Mittel-1024x580.jpg\" sizes=\"auto, (max-width: 900px) 100vw, 900px\" srcset=\"https:\/\/vspoechlarn.ac.at\/wordpress\/wp-content\/uploads\/2023\/06\/5-Mittel-1024x580.jpg 1024w, https:\/\/vspoechlarn.ac.at\/wordpress\/wp-content\/uploads\/2023\/06\/5-Mittel-350x198.jpg 350w, https:\/\/vspoechlarn.ac.at\/wordpress\/wp-content\/uploads\/2023\/06\/5-Mittel.jpg 1357w\" alt=\"\" width=\"900\" height=\"510\" \/><\/a><\/div>\n<\/div>\n<div id=\"4485-image-4494\" class=\"col-xs-12 col-sm-3 col-md-3\">\n<div class=\"thumbnail\"><a href=\"https:\/\/vspoechlarn.ac.at\/wordpress\/2023\/06\/26\/sportfest\/18-mittel\/\"><img loading=\"lazy\" decoding=\"async\" class=\"attachment-large size-large\" src=\"https:\/\/vspoechlarn.ac.at\/wordpress\/wp-content\/uploads\/2023\/06\/18-Mittel-1024x580.jpg\" sizes=\"auto, (max-width: 900px) 100vw, 900px\" srcset=\"https:\/\/vspoechlarn.ac.at\/wordpress\/wp-content\/uploads\/2023\/06\/18-Mittel-1024x580.jpg 1024w, https:\/\/vspoechlarn.ac.at\/wordpress\/wp-content\/uploads\/2023\/06\/18-Mittel-350x198.jpg 350w, https:\/\/vspoechlarn.ac.at\/wordpress\/wp-content\/uploads\/2023\/06\/18-Mittel.jpg 1357w\" alt=\"\" width=\"900\" height=\"510\" \/><\/a><\/div>\n<\/div>\n<div id=\"4485-image-4492\" class=\"col-xs-12 col-sm-3 col-md-3\">\n<div class=\"thumbnail\"><a href=\"https:\/\/vspoechlarn.ac.at\/wordpress\/2023\/06\/26\/sportfest\/12-mittel\/\"><img loading=\"lazy\" decoding=\"async\" class=\"attachment-large size-large\" src=\"https:\/\/vspoechlarn.ac.at\/wordpress\/wp-content\/uploads\/2023\/06\/12-Mittel-1024x580.jpg\" sizes=\"auto, (max-width: 900px) 100vw, 900px\" srcset=\"https:\/\/vspoechlarn.ac.at\/wordpress\/wp-content\/uploads\/2023\/06\/12-Mittel-1024x580.jpg 1024w, https:\/\/vspoechlarn.ac.at\/wordpress\/wp-content\/uploads\/2023\/06\/12-Mittel-350x198.jpg 350w, https:\/\/vspoechlarn.ac.at\/wordpress\/wp-content\/uploads\/2023\/06\/12-Mittel.jpg 1357w\" alt=\"\" width=\"900\" height=\"510\" \/><\/a><\/div>\n<\/div>\n<div id=\"4485-image-4493\" class=\"col-xs-12 col-sm-3 col-md-3\">\n<div class=\"thumbnail\"><a href=\"https:\/\/vspoechlarn.ac.at\/wordpress\/2023\/06\/26\/sportfest\/17-mittel\/\"><img loading=\"lazy\" decoding=\"async\" class=\"attachment-large size-large\" src=\"https:\/\/vspoechlarn.ac.at\/wordpress\/wp-content\/uploads\/2023\/06\/17-Mittel-1024x580.jpg\" sizes=\"auto, (max-width: 900px) 100vw, 900px\" srcset=\"https:\/\/vspoechlarn.ac.at\/wordpress\/wp-content\/uploads\/2023\/06\/17-Mittel-1024x580.jpg 1024w, https:\/\/vspoechlarn.ac.at\/wordpress\/wp-content\/uploads\/2023\/06\/17-Mittel-350x198.jpg 350w, https:\/\/vspoechlarn.ac.at\/wordpress\/wp-content\/uploads\/2023\/06\/17-Mittel.jpg 1357w\" alt=\"\" width=\"900\" height=\"510\" \/><\/a><\/div>\n<\/div>\n<div class=\"clearfix visible-md-block visible-lg-block\"><\/div>\n<div id=\"4485-image-4491\" class=\"col-xs-12 col-sm-3 col-md-3\">\n<div class=\"thumbnail\"><a href=\"https:\/\/vspoechlarn.ac.at\/wordpress\/2023\/06\/26\/sportfest\/10-mittel\/\"><img loading=\"lazy\" decoding=\"async\" class=\"attachment-large size-large\" src=\"https:\/\/vspoechlarn.ac.at\/wordpress\/wp-content\/uploads\/2023\/06\/10-Mittel-1024x580.jpg\" sizes=\"auto, (max-width: 900px) 100vw, 900px\" srcset=\"https:\/\/vspoechlarn.ac.at\/wordpress\/wp-content\/uploads\/2023\/06\/10-Mittel-1024x580.jpg 1024w, https:\/\/vspoechlarn.ac.at\/wordpress\/wp-content\/uploads\/2023\/06\/10-Mittel-350x198.jpg 350w, https:\/\/vspoechlarn.ac.at\/wordpress\/wp-content\/uploads\/2023\/06\/10-Mittel.jpg 1357w\" alt=\"\" width=\"900\" height=\"510\" \/><\/a><\/div>\n<\/div>\n<div id=\"4485-image-4490\" class=\"col-xs-12 col-sm-3 col-md-3\">\n<div class=\"thumbnail\"><a href=\"https:\/\/vspoechlarn.ac.at\/wordpress\/2023\/06\/26\/sportfest\/8-mittel\/\"><img loading=\"lazy\" decoding=\"async\" class=\"attachment-large size-large\" src=\"https:\/\/vspoechlarn.ac.at\/wordpress\/wp-content\/uploads\/2023\/06\/8-Mittel-1024x580.jpg\" sizes=\"auto, (max-width: 900px) 100vw, 900px\" srcset=\"https:\/\/vspoechlarn.ac.at\/wordpress\/wp-content\/uploads\/2023\/06\/8-Mittel-1024x580.jpg 1024w, https:\/\/vspoechlarn.ac.at\/wordpress\/wp-content\/uploads\/2023\/06\/8-Mittel-350x198.jpg 350w, https:\/\/vspoechlarn.ac.at\/wordpress\/wp-content\/uploads\/2023\/06\/8-Mittel.jpg 1357w\" alt=\"\" width=\"900\" height=\"510\" \/><\/a><\/div>\n<\/div>\n<div id=\"4485-image-4488\" class=\"col-xs-12 col-sm-3 col-md-3\">\n<div class=\"thumbnail\"><a href=\"https:\/\/vspoechlarn.ac.at\/wordpress\/2023\/06\/26\/sportfest\/3-mittelx\/\"><img loading=\"lazy\" decoding=\"async\" class=\"attachment-large size-large\" src=\"https:\/\/vspoechlarn.ac.at\/wordpress\/wp-content\/uploads\/2023\/06\/3-Mittelx.jpg\" sizes=\"auto, (max-width: 867px) 100vw, 867px\" srcset=\"https:\/\/vspoechlarn.ac.at\/wordpress\/wp-content\/uploads\/2023\/06\/3-Mittelx.jpg 867w, https:\/\/vspoechlarn.ac.at\/wordpress\/wp-content\/uploads\/2023\/06\/3-Mittelx-339x300.jpg 339w\" alt=\"\" width=\"867\" height=\"768\" \/><\/a><\/div>\n<\/div>\n<div id=\"4485-image-4495\" class=\"col-xs-12 col-sm-3 col-md-3\">\n<div class=\"thumbnail\"><a href=\"https:\/\/vspoechlarn.ac.at\/wordpress\/2023\/06\/26\/sportfest\/20230623_164657-mittel\/\"><img loading=\"lazy\" decoding=\"async\" class=\"attachment-large size-large\" src=\"https:\/\/vspoechlarn.ac.at\/wordpress\/wp-content\/uploads\/2023\/06\/20230623_164657-Mittel-rotated.jpg\" sizes=\"auto, (max-width: 768px) 100vw, 768px\" srcset=\"https:\/\/vspoechlarn.ac.at\/wordpress\/wp-content\/uploads\/2023\/06\/20230623_164657-Mittel-rotated.jpg 768w, https:\/\/vspoechlarn.ac.at\/wordpress\/wp-content\/uploads\/2023\/06\/20230623_164657-Mittel-225x300.jpg 225w\" alt=\"\" width=\"768\" height=\"1024\" \/><\/a><\/div>\n<\/div>\n<div class=\"clearfix visible-md-block visible-lg-block\"><\/div>\n<div id=\"4485-image-4500\" class=\"col-xs-12 col-sm-3 col-md-3\">\n<div class=\"thumbnail\"><a href=\"https:\/\/vspoechlarn.ac.at\/wordpress\/2023\/06\/26\/sportfest\/20230623_165007-mittel-2\/\"><img loading=\"lazy\" decoding=\"async\" class=\"attachment-large size-large\" src=\"https:\/\/vspoechlarn.ac.at\/wordpress\/wp-content\/uploads\/2023\/06\/20230623_165007-Mittel-1-rotated.jpg\" sizes=\"auto, (max-width: 768px) 100vw, 768px\" srcset=\"https:\/\/vspoechlarn.ac.at\/wordpress\/wp-content\/uploads\/2023\/06\/20230623_165007-Mittel-1-rotated.jpg 768w, https:\/\/vspoechlarn.ac.at\/wordpress\/wp-content\/uploads\/2023\/06\/20230623_165007-Mittel-1-225x300.jpg 225w\" alt=\"\" width=\"768\" height=\"1024\" \/><\/a><\/div>\n<\/div>\n<div id=\"4485-image-4502\" class=\"col-xs-12 col-sm-3 col-md-3\">\n<div class=\"thumbnail\"><a href=\"https:\/\/vspoechlarn.ac.at\/wordpress\/2023\/06\/26\/sportfest\/20230623_165221-mittel\/\"><img loading=\"lazy\" decoding=\"async\" class=\"attachment-large size-large\" src=\"https:\/\/vspoechlarn.ac.at\/wordpress\/wp-content\/uploads\/2023\/06\/20230623_165221-Mittel-rotated.jpg\" sizes=\"auto, (max-width: 768px) 100vw, 768px\" srcset=\"https:\/\/vspoechlarn.ac.at\/wordpress\/wp-content\/uploads\/2023\/06\/20230623_165221-Mittel-rotated.jpg 768w, https:\/\/vspoechlarn.ac.at\/wordpress\/wp-content\/uploads\/2023\/06\/20230623_165221-Mittel-225x300.jpg 225w\" alt=\"\" width=\"768\" height=\"1024\" \/><\/a><\/div>\n<\/div>\n<div id=\"4485-image-4505\" class=\"col-xs-12 col-sm-3 col-md-3\">\n<div class=\"thumbnail\"><a href=\"https:\/\/vspoechlarn.ac.at\/wordpress\/2023\/06\/26\/sportfest\/20230623_165457-mittel\/\"><img loading=\"lazy\" decoding=\"async\" class=\"attachment-large size-large\" src=\"https:\/\/vspoechlarn.ac.at\/wordpress\/wp-content\/uploads\/2023\/06\/20230623_165457-Mittel-rotated.jpg\" sizes=\"auto, (max-width: 768px) 100vw, 768px\" srcset=\"https:\/\/vspoechlarn.ac.at\/wordpress\/wp-content\/uploads\/2023\/06\/20230623_165457-Mittel-rotated.jpg 768w, https:\/\/vspoechlarn.ac.at\/wordpress\/wp-content\/uploads\/2023\/06\/20230623_165457-Mittel-225x300.jpg 225w\" alt=\"\" width=\"768\" height=\"1024\" \/><\/a><\/div>\n<\/div>\n<div id=\"4485-image-4506\" class=\"col-xs-12 col-sm-3 col-md-3\">\n<div class=\"thumbnail\"><a href=\"https:\/\/vspoechlarn.ac.at\/wordpress\/2023\/06\/26\/sportfest\/20230623_165557-mittel\/\"><img loading=\"lazy\" decoding=\"async\" class=\"attachment-large size-large\" src=\"https:\/\/vspoechlarn.ac.at\/wordpress\/wp-content\/uploads\/2023\/06\/20230623_165557-Mittel.jpg\" sizes=\"auto, (max-width: 900px) 100vw, 900px\" srcset=\"https:\/\/vspoechlarn.ac.at\/wordpress\/wp-content\/uploads\/2023\/06\/20230623_165557-Mittel.jpg 1024w, https:\/\/vspoechlarn.ac.at\/wordpress\/wp-content\/uploads\/2023\/06\/20230623_165557-Mittel-350x263.jpg 350w\" alt=\"\" width=\"900\" height=\"675\" \/><\/a><\/div>\n<\/div>\n<div class=\"clearfix visible-md-block visible-lg-block\"><\/div>\n<\/div>\n<\/div>\n<\/div>\n<\/div>\n<div class=\"panel-footer entry-meta\"><small><span class=\"loop-category\"><a class=\"label label-danger\" href=\"https:\/\/vspoechlarn.ac.at\/wordpress\/category\/allgemein\/\">Startseite<\/a>\u00a0<\/span><span class=\"loop-author\">|\u00a0<span class=\"author vcard\"><a class=\"url fn n\" href=\"https:\/\/vspoechlarn.ac.at\/wordpress\/author\/wp-admin\/\">wp-admin<\/a><\/span><\/span>\u00a0<span class=\"loop-date\">|\u00a0<time class=\"entry-date published updated\" datetime=\"2023-06-26T12:56:43+02:00\">26. Juni 2023<\/time><\/span>\u00a0|\u00a0<span class=\"edit-link\"><a class=\"post-edit-link\" href=\"https:\/\/vspoechlarn.ac.at\/wordpress\/wp-admin\/post.php?post=4485&amp;action=edit\">Bearbeiten<\/a><\/span><\/small><\/p>\n<div class=\"clearfix\"><\/div>\n<\/div>\n<\/div>\n<\/article>\n<article id=\"post-4476\" class=\"loop_list post-4476 post type-post status-publish format-standard hentry category-allgemein\">\n<div class=\"panel panel-default\">\n<div class=\"panel-body clearfix\">\n<div class=\"fs-have-thumbnail\">\n<header class=\"entry-header\">\n<h4 class=\"entry-title\"><strong><a title=\"Permanentlink zu Sommergr\u00fc\u00dfe\" href=\"https:\/\/vspoechlarn.ac.at\/wordpress\/2023\/06\/23\/sommergruesse\/\" rel=\"bookmark\">Sommergr\u00fc\u00dfe<\/a><\/strong><\/h4>\n<\/header>\n<div class=\"entry-content\">\n<p>Frau B\u00fcrgermeisterin Barbara Kainz und die Jugendstadtreferentin Stefanie Hochst\u00f6ger besuchten heute die beiden 4ten Klassen. Gemeinsam gratulierten sie zum erfolgreichen Abschluss der Volksschule und w\u00fcnschten den Kindern einen sch\u00f6nen Sommer. Als Pr\u00e4sent gab es einen Trinkbecher mit Tipps und Teebeuteln f\u00fcr ein selbstgemachtes Erfrischungsgetr\u00e4nk.<\/p>\n<div id=\"gallery_4476_5\" class=\"row\">\n<div id=\"4476-image-4477\" class=\"col-xs-12 col-sm-4 col-md-4\">\n<div class=\"thumbnail\"><a href=\"https:\/\/vspoechlarn.ac.at\/wordpress\/2023\/06\/23\/sommergruesse\/img_4921-mittel\/\"><img loading=\"lazy\" decoding=\"async\" class=\"attachment-large size-large\" src=\"https:\/\/vspoechlarn.ac.at\/wordpress\/wp-content\/uploads\/2023\/06\/IMG_4921-Mittel.jpg\" sizes=\"auto, (max-width: 900px) 100vw, 900px\" srcset=\"https:\/\/vspoechlarn.ac.at\/wordpress\/wp-content\/uploads\/2023\/06\/IMG_4921-Mittel.jpg 1024w, https:\/\/vspoechlarn.ac.at\/wordpress\/wp-content\/uploads\/2023\/06\/IMG_4921-Mittel-350x263.jpg 350w\" alt=\"\" width=\"900\" height=\"675\" \/><\/a><\/div>\n<\/div>\n<div id=\"4476-image-4478\" class=\"col-xs-12 col-sm-4 col-md-4\">\n<div class=\"thumbnail\"><a href=\"https:\/\/vspoechlarn.ac.at\/wordpress\/2023\/06\/23\/sommergruesse\/img_4923-mittel\/\"><img loading=\"lazy\" decoding=\"async\" class=\"attachment-large size-large\" src=\"https:\/\/vspoechlarn.ac.at\/wordpress\/wp-content\/uploads\/2023\/06\/IMG_4923-Mittel.jpg\" sizes=\"auto, (max-width: 900px) 100vw, 900px\" srcset=\"https:\/\/vspoechlarn.ac.at\/wordpress\/wp-content\/uploads\/2023\/06\/IMG_4923-Mittel.jpg 1024w, https:\/\/vspoechlarn.ac.at\/wordpress\/wp-content\/uploads\/2023\/06\/IMG_4923-Mittel-350x263.jpg 350w\" alt=\"\" width=\"900\" height=\"675\" \/><\/a><\/div>\n<\/div>\n<div id=\"4476-image-4479\" class=\"col-xs-12 col-sm-4 col-md-4\">\n<div class=\"thumbnail\"><a href=\"https:\/\/vspoechlarn.ac.at\/wordpress\/2023\/06\/23\/sommergruesse\/img_4925-mittel\/\"><img loading=\"lazy\" decoding=\"async\" class=\"attachment-large size-large\" src=\"https:\/\/vspoechlarn.ac.at\/wordpress\/wp-content\/uploads\/2023\/06\/IMG_4925-Mittel-rotated.jpg\" sizes=\"auto, (max-width: 768px) 100vw, 768px\" srcset=\"https:\/\/vspoechlarn.ac.at\/wordpress\/wp-content\/uploads\/2023\/06\/IMG_4925-Mittel-rotated.jpg 768w, https:\/\/vspoechlarn.ac.at\/wordpress\/wp-content\/uploads\/2023\/06\/IMG_4925-Mittel-225x300.jpg 225w\" alt=\"\" width=\"768\" height=\"1024\" \/><\/a><\/div>\n<\/div>\n<div class=\"clearfix visible-md-block visible-lg-block\"><\/div>\n<\/div>\n<\/div>\n<\/div>\n<\/div>\n<div class=\"panel-footer entry-meta\"><small><span class=\"loop-category\"><a class=\"label label-danger\" href=\"https:\/\/vspoechlarn.ac.at\/wordpress\/category\/allgemein\/\">Startseite<\/a>\u00a0<\/span><span class=\"loop-author\">|\u00a0<span class=\"author vcard\"><a class=\"url fn n\" href=\"https:\/\/vspoechlarn.ac.at\/wordpress\/author\/wp-admin\/\">wp-admin<\/a><\/span><\/span>\u00a0<span class=\"loop-date\">|\u00a0<time class=\"entry-date published updated\" datetime=\"2023-06-23T08:59:08+02:00\">23. Juni 2023<\/time><\/span>\u00a0|\u00a0<span class=\"edit-link\"><a class=\"post-edit-link\" href=\"https:\/\/vspoechlarn.ac.at\/wordpress\/wp-admin\/post.php?post=4476&amp;action=edit\">Bearbeiten<\/a><\/span><\/small><\/p>\n<div class=\"clearfix\"><\/div>\n<\/div>\n<\/div>\n<\/article>\n<article id=\"post-4470\" class=\"loop_list post-4470 post type-post status-publish format-standard hentry category-allgemein\">\n<div class=\"panel panel-default\">\n<div class=\"panel-body clearfix\">\n<div class=\"fs-have-thumbnail\">\n<header class=\"entry-header\">\n<h4 class=\"entry-title\"><strong><a title=\"Permanentlink zu Referate\" href=\"https:\/\/vspoechlarn.ac.at\/wordpress\/2023\/06\/22\/referate\/\" rel=\"bookmark\">Referate<\/a><\/strong><\/h4>\n<\/header>\n<div class=\"entry-content\">\n<p>Die Kinder der 4a hielten in diesem Schuljahr Referate \u00fcber interessante Themen.<\/p>\n<div id=\"gallery_4470_6\" class=\"row\">\n<div id=\"4470-image-4471\" class=\"col-xs-12 col-sm-4 col-md-4\">\n<div class=\"thumbnail\"><a href=\"https:\/\/vspoechlarn.ac.at\/wordpress\/2023\/06\/22\/referate\/img-20230622-wa0007\/\"><img loading=\"lazy\" decoding=\"async\" class=\"attachment-large size-large\" src=\"https:\/\/vspoechlarn.ac.at\/wordpress\/wp-content\/uploads\/2023\/06\/IMG-20230622-WA0007-462x1024.jpg\" sizes=\"auto, (max-width: 462px) 100vw, 462px\" srcset=\"https:\/\/vspoechlarn.ac.at\/wordpress\/wp-content\/uploads\/2023\/06\/IMG-20230622-WA0007-462x1024.jpg 462w, https:\/\/vspoechlarn.ac.at\/wordpress\/wp-content\/uploads\/2023\/06\/IMG-20230622-WA0007-135x300.jpg 135w, https:\/\/vspoechlarn.ac.at\/wordpress\/wp-content\/uploads\/2023\/06\/IMG-20230622-WA0007-692x1536.jpg 692w, https:\/\/vspoechlarn.ac.at\/wordpress\/wp-content\/uploads\/2023\/06\/IMG-20230622-WA0007.jpg 487w\" alt=\"\" width=\"462\" height=\"1024\" \/><\/a><\/div>\n<\/div>\n<\/div>\n<\/div>\n<\/div>\n<\/div>\n<div class=\"panel-footer entry-meta\"><small><span class=\"loop-category\"><a class=\"label label-danger\" href=\"https:\/\/vspoechlarn.ac.at\/wordpress\/category\/allgemein\/\">Startseite<\/a>\u00a0<\/span><span class=\"loop-author\">|\u00a0<span class=\"author vcard\"><a class=\"url fn n\" href=\"https:\/\/vspoechlarn.ac.at\/wordpress\/author\/wp-admin\/\">wp-admin<\/a><\/span><\/span>\u00a0<span class=\"loop-date\">|\u00a0<time class=\"entry-date published updated\" datetime=\"2023-06-22T21:53:30+02:00\">22. Juni 2023<\/time><\/span>\u00a0|\u00a0<span class=\"edit-link\"><a class=\"post-edit-link\" href=\"https:\/\/vspoechlarn.ac.at\/wordpress\/wp-admin\/post.php?post=4470&amp;action=edit\">Bearbeiten<\/a><\/span><\/small><\/p>\n<div class=\"clearfix\"><\/div>\n<\/div>\n<\/div>\n<\/article>\n<article id=\"post-4459\" class=\"loop_list post-4459 post type-post status-publish format-standard hentry category-allgemein\">\n<div class=\"panel panel-default\">\n<div class=\"panel-body clearfix\">\n<div class=\"fs-have-thumbnail\">\n<header class=\"entry-header\">\n<h4 class=\"entry-title\"><strong><a title=\"Permanentlink zu Kooperation mit der Mittelschule\" href=\"https:\/\/vspoechlarn.ac.at\/wordpress\/2023\/06\/21\/kooperation-mit-der-mittelschule\/\" rel=\"bookmark\">Kooperation mit der Mittelschule<\/a><\/strong><\/h4>\n<\/header>\n<div class=\"entry-content\">\n<p>Zwei Kolleginnen von der Mittelschule P\u00f6chlarn bereiteten f\u00fcr jede 3. Klasse der Volksschule P\u00f6chlarn eine Unterrichtsstunde zum Unterrichtsfach \u201e\u00d6kologie\u201c vor. Die Kinder bestimmten B\u00e4ume im Schlosspark und durften Unkraut\u00a0 j\u00e4ten, Str\u00e4ucher und Gem\u00fcsepflanzen setzen. Danke daf\u00fcr!<\/p>\n<div id=\"gallery_4459_7\" class=\"row\">\n<div id=\"4459-image-4467\" class=\"col-xs-12 col-sm-4 col-md-4\">\n<div class=\"thumbnail\"><a href=\"https:\/\/vspoechlarn.ac.at\/wordpress\/2023\/06\/21\/kooperation-mit-der-mittelschule\/20230620_121107\/\"><img loading=\"lazy\" decoding=\"async\" class=\"attachment-large size-large\" src=\"https:\/\/vspoechlarn.ac.at\/wordpress\/wp-content\/uploads\/2023\/06\/20230620_121107-768x1024.jpg\" sizes=\"auto, (max-width: 768px) 100vw, 768px\" srcset=\"https:\/\/vspoechlarn.ac.at\/wordpress\/wp-content\/uploads\/2023\/06\/20230620_121107-768x1024.jpg 768w, https:\/\/vspoechlarn.ac.at\/wordpress\/wp-content\/uploads\/2023\/06\/20230620_121107-225x300.jpg 225w, https:\/\/vspoechlarn.ac.at\/wordpress\/wp-content\/uploads\/2023\/06\/20230620_121107-1152x1536.jpg 1152w, https:\/\/vspoechlarn.ac.at\/wordpress\/wp-content\/uploads\/2023\/06\/20230620_121107-1536x2048.jpg 1536w, https:\/\/vspoechlarn.ac.at\/wordpress\/wp-content\/uploads\/2023\/06\/20230620_121107-scaled.jpg 810w\" alt=\"\" width=\"768\" height=\"1024\" \/><\/a><\/div>\n<\/div>\n<div id=\"4459-image-4465\" class=\"col-xs-12 col-sm-4 col-md-4\">\n<div class=\"thumbnail\"><a href=\"https:\/\/vspoechlarn.ac.at\/wordpress\/2023\/06\/21\/kooperation-mit-der-mittelschule\/20230620_114037\/\"><img loading=\"lazy\" decoding=\"async\" class=\"attachment-large size-large\" src=\"https:\/\/vspoechlarn.ac.at\/wordpress\/wp-content\/uploads\/2023\/06\/20230620_114037-768x1024.jpg\" sizes=\"auto, (max-width: 768px) 100vw, 768px\" srcset=\"https:\/\/vspoechlarn.ac.at\/wordpress\/wp-content\/uploads\/2023\/06\/20230620_114037-768x1024.jpg 768w, https:\/\/vspoechlarn.ac.at\/wordpress\/wp-content\/uploads\/2023\/06\/20230620_114037-225x300.jpg 225w, https:\/\/vspoechlarn.ac.at\/wordpress\/wp-content\/uploads\/2023\/06\/20230620_114037-1152x1536.jpg 1152w, https:\/\/vspoechlarn.ac.at\/wordpress\/wp-content\/uploads\/2023\/06\/20230620_114037-1536x2048.jpg 1536w, https:\/\/vspoechlarn.ac.at\/wordpress\/wp-content\/uploads\/2023\/06\/20230620_114037-scaled.jpg 810w\" alt=\"\" width=\"768\" height=\"1024\" \/><\/a><\/div>\n<\/div>\n<div id=\"4459-image-4463\" class=\"col-xs-12 col-sm-4 col-md-4\">\n<div class=\"thumbnail\"><a href=\"https:\/\/vspoechlarn.ac.at\/wordpress\/2023\/06\/21\/kooperation-mit-der-mittelschule\/20230620_115748\/\"><img loading=\"lazy\" decoding=\"async\" class=\"attachment-large size-large\" src=\"https:\/\/vspoechlarn.ac.at\/wordpress\/wp-content\/uploads\/2023\/06\/20230620_115748-768x1024.jpg\" sizes=\"auto, (max-width: 768px) 100vw, 768px\" srcset=\"https:\/\/vspoechlarn.ac.at\/wordpress\/wp-content\/uploads\/2023\/06\/20230620_115748-768x1024.jpg 768w, https:\/\/vspoechlarn.ac.at\/wordpress\/wp-content\/uploads\/2023\/06\/20230620_115748-225x300.jpg 225w, https:\/\/vspoechlarn.ac.at\/wordpress\/wp-content\/uploads\/2023\/06\/20230620_115748-1152x1536.jpg 1152w, https:\/\/vspoechlarn.ac.at\/wordpress\/wp-content\/uploads\/2023\/06\/20230620_115748-1536x2048.jpg 1536w, https:\/\/vspoechlarn.ac.at\/wordpress\/wp-content\/uploads\/2023\/06\/20230620_115748-scaled.jpg 810w\" alt=\"\" width=\"768\" height=\"1024\" \/><\/a><\/div>\n<\/div>\n<div class=\"clearfix visible-md-block visible-lg-block\"><\/div>\n<div id=\"4459-image-4473\" class=\"col-xs-12 col-sm-4 col-md-4\">\n<div class=\"thumbnail\"><a href=\"https:\/\/vspoechlarn.ac.at\/wordpress\/2023\/06\/21\/kooperation-mit-der-mittelschule\/img-20230621-wa0034\/\"><img loading=\"lazy\" decoding=\"async\" class=\"attachment-large size-large\" src=\"https:\/\/vspoechlarn.ac.at\/wordpress\/wp-content\/uploads\/2023\/06\/IMG-20230621-WA0034-768x1024.jpg\" sizes=\"auto, (max-width: 768px) 100vw, 768px\" srcset=\"https:\/\/vspoechlarn.ac.at\/wordpress\/wp-content\/uploads\/2023\/06\/IMG-20230621-WA0034-768x1024.jpg 768w, https:\/\/vspoechlarn.ac.at\/wordpress\/wp-content\/uploads\/2023\/06\/IMG-20230621-WA0034-225x300.jpg 225w, https:\/\/vspoechlarn.ac.at\/wordpress\/wp-content\/uploads\/2023\/06\/IMG-20230621-WA0034-1152x1536.jpg 1152w, https:\/\/vspoechlarn.ac.at\/wordpress\/wp-content\/uploads\/2023\/06\/IMG-20230621-WA0034.jpg 810w\" alt=\"\" width=\"768\" height=\"1024\" \/><\/a><\/div>\n<\/div>\n<div id=\"4459-image-4474\" class=\"col-xs-12 col-sm-4 col-md-4\">\n<div class=\"thumbnail\"><a href=\"https:\/\/vspoechlarn.ac.at\/wordpress\/2023\/06\/21\/kooperation-mit-der-mittelschule\/img-20230621-wa0031\/\"><img loading=\"lazy\" decoding=\"async\" class=\"attachment-large size-large\" src=\"https:\/\/vspoechlarn.ac.at\/wordpress\/wp-content\/uploads\/2023\/06\/IMG-20230621-WA0031-768x1024.jpg\" sizes=\"auto, (max-width: 768px) 100vw, 768px\" srcset=\"https:\/\/vspoechlarn.ac.at\/wordpress\/wp-content\/uploads\/2023\/06\/IMG-20230621-WA0031-768x1024.jpg 768w, https:\/\/vspoechlarn.ac.at\/wordpress\/wp-content\/uploads\/2023\/06\/IMG-20230621-WA0031-225x300.jpg 225w, https:\/\/vspoechlarn.ac.at\/wordpress\/wp-content\/uploads\/2023\/06\/IMG-20230621-WA0031-1152x1536.jpg 1152w, https:\/\/vspoechlarn.ac.at\/wordpress\/wp-content\/uploads\/2023\/06\/IMG-20230621-WA0031.jpg 810w\" alt=\"\" width=\"768\" height=\"1024\" \/><\/a><\/div>\n<\/div>\n<\/div>\n<p>&nbsp;<\/p>\n<\/div>\n<\/div>\n<\/div>\n<div class=\"panel-footer entry-meta\"><small><span class=\"loop-category\"><a class=\"label label-danger\" href=\"https:\/\/vspoechlarn.ac.at\/wordpress\/category\/allgemein\/\">Startseite<\/a>\u00a0<\/span><span class=\"loop-author\">|\u00a0<span class=\"author vcard\"><a class=\"url fn n\" href=\"https:\/\/vspoechlarn.ac.at\/wordpress\/author\/wp-admin\/\">wp-admin<\/a><\/span><\/span>\u00a0<span class=\"loop-date\">|\u00a0<time class=\"entry-date published updated\" datetime=\"2023-06-21T14:14:13+02:00\">21. Juni 2023<\/time><\/span>\u00a0|\u00a0<span class=\"edit-link\"><a class=\"post-edit-link\" href=\"https:\/\/vspoechlarn.ac.at\/wordpress\/wp-admin\/post.php?post=4459&amp;action=edit\">Bearbeiten<\/a><\/span><\/small><\/p>\n<div class=\"clearfix\"><\/div>\n<\/div>\n<\/div>\n<\/article>\n<article id=\"post-4443\" class=\"loop_list post-4443 post type-post status-publish format-standard hentry category-allgemein\">\n<div class=\"panel panel-default\">\n<div class=\"panel-body clearfix\">\n<div class=\"fs-have-thumbnail\">\n<header class=\"entry-header\">\n<h4 class=\"entry-title\"><strong><a title=\"Permanentlink zu Besuch auf der Gemeinde\" href=\"https:\/\/vspoechlarn.ac.at\/wordpress\/2023\/06\/17\/besuch-auf-der-gemeinde\/\" rel=\"bookmark\">Besuch auf der Gemeinde<\/a><\/strong><\/h4>\n<\/header>\n<div class=\"entry-content\">\n<p>Die 3. Klassen besuchten unsere B\u00fcrgermeisterin Barbara Kainz im Rathaus. Neben einer tollen R\u00e4tselrallye durch das Gemeindeamt wurde auch eine Sch\u00fclerin zur \u201eHilfs\u201c-B\u00fcrgermeisterin f\u00fcr diesen Tag gew\u00e4hlt. Wir bedanken uns beim gesamten Team der Stadgemeinde f\u00fcr diesen tollen Vormittag!<\/p>\n<div id=\"gallery_4443_8\" class=\"row\">\n<div id=\"4443-image-4445\" class=\"col-xs-12 col-sm-4 col-md-4\">\n<div class=\"thumbnail\"><a href=\"https:\/\/vspoechlarn.ac.at\/wordpress\/2023\/06\/17\/besuch-auf-der-gemeinde\/img-20230617-wa0003\/\"><img loading=\"lazy\" decoding=\"async\" class=\"attachment-large size-large\" src=\"https:\/\/vspoechlarn.ac.at\/wordpress\/wp-content\/uploads\/2023\/06\/IMG-20230617-WA0003.jpg\" sizes=\"auto, (max-width: 768px) 100vw, 768px\" srcset=\"https:\/\/vspoechlarn.ac.at\/wordpress\/wp-content\/uploads\/2023\/06\/IMG-20230617-WA0003.jpg 768w, https:\/\/vspoechlarn.ac.at\/wordpress\/wp-content\/uploads\/2023\/06\/IMG-20230617-WA0003-225x300.jpg 225w\" alt=\"\" width=\"768\" height=\"1024\" \/><\/a><\/div>\n<\/div>\n<div id=\"4443-image-4446\" class=\"col-xs-12 col-sm-4 col-md-4\">\n<div class=\"thumbnail\"><a href=\"https:\/\/vspoechlarn.ac.at\/wordpress\/2023\/06\/17\/besuch-auf-der-gemeinde\/20230616_092718\/\"><img loading=\"lazy\" decoding=\"async\" class=\"attachment-large size-large\" src=\"https:\/\/vspoechlarn.ac.at\/wordpress\/wp-content\/uploads\/2023\/06\/20230616_092718-1024x768.jpg\" sizes=\"auto, (max-width: 900px) 100vw, 900px\" srcset=\"https:\/\/vspoechlarn.ac.at\/wordpress\/wp-content\/uploads\/2023\/06\/20230616_092718-1024x768.jpg 1024w, https:\/\/vspoechlarn.ac.at\/wordpress\/wp-content\/uploads\/2023\/06\/20230616_092718-350x263.jpg 350w, https:\/\/vspoechlarn.ac.at\/wordpress\/wp-content\/uploads\/2023\/06\/20230616_092718-1536x1152.jpg 1536w, https:\/\/vspoechlarn.ac.at\/wordpress\/wp-content\/uploads\/2023\/06\/20230616_092718-2048x1536.jpg 2048w, https:\/\/vspoechlarn.ac.at\/wordpress\/wp-content\/uploads\/2023\/06\/20230616_092718-scaled.jpg 1440w\" alt=\"\" width=\"900\" height=\"675\" \/><\/a><\/div>\n<\/div>\n<div id=\"4443-image-4447\" class=\"col-xs-12 col-sm-4 col-md-4\">\n<div class=\"thumbnail\"><a href=\"https:\/\/vspoechlarn.ac.at\/wordpress\/2023\/06\/17\/besuch-auf-der-gemeinde\/20230616_092650\/\"><img loading=\"lazy\" decoding=\"async\" class=\"attachment-large size-large\" src=\"https:\/\/vspoechlarn.ac.at\/wordpress\/wp-content\/uploads\/2023\/06\/20230616_092650-1024x768.jpg\" sizes=\"auto, (max-width: 900px) 100vw, 900px\" srcset=\"https:\/\/vspoechlarn.ac.at\/wordpress\/wp-content\/uploads\/2023\/06\/20230616_092650-1024x768.jpg 1024w, https:\/\/vspoechlarn.ac.at\/wordpress\/wp-content\/uploads\/2023\/06\/20230616_092650-350x263.jpg 350w, https:\/\/vspoechlarn.ac.at\/wordpress\/wp-content\/uploads\/2023\/06\/20230616_092650-1536x1152.jpg 1536w, https:\/\/vspoechlarn.ac.at\/wordpress\/wp-content\/uploads\/2023\/06\/20230616_092650-2048x1536.jpg 2048w, https:\/\/vspoechlarn.ac.at\/wordpress\/wp-content\/uploads\/2023\/06\/20230616_092650-scaled.jpg 1440w\" alt=\"\" width=\"900\" height=\"675\" \/><\/a><\/div>\n<\/div>\n<div class=\"clearfix visible-md-block visible-lg-block\"><\/div>\n<div id=\"4443-image-4448\" class=\"col-xs-12 col-sm-4 col-md-4\">\n<div class=\"thumbnail\"><a href=\"https:\/\/vspoechlarn.ac.at\/wordpress\/2023\/06\/17\/besuch-auf-der-gemeinde\/20230616_085258\/\"><img loading=\"lazy\" decoding=\"async\" class=\"attachment-large size-large\" src=\"https:\/\/vspoechlarn.ac.at\/wordpress\/wp-content\/uploads\/2023\/06\/20230616_085258-1024x768.jpg\" sizes=\"auto, (max-width: 900px) 100vw, 900px\" srcset=\"https:\/\/vspoechlarn.ac.at\/wordpress\/wp-content\/uploads\/2023\/06\/20230616_085258-1024x768.jpg 1024w, https:\/\/vspoechlarn.ac.at\/wordpress\/wp-content\/uploads\/2023\/06\/20230616_085258-350x263.jpg 350w, https:\/\/vspoechlarn.ac.at\/wordpress\/wp-content\/uploads\/2023\/06\/20230616_085258-1536x1152.jpg 1536w, https:\/\/vspoechlarn.ac.at\/wordpress\/wp-content\/uploads\/2023\/06\/20230616_085258-2048x1536.jpg 2048w, https:\/\/vspoechlarn.ac.at\/wordpress\/wp-content\/uploads\/2023\/06\/20230616_085258-scaled.jpg 1440w\" alt=\"\" width=\"900\" height=\"675\" \/><\/a><\/div>\n<\/div>\n<div id=\"4443-image-4452\" class=\"col-xs-12 col-sm-4 col-md-4\">\n<div class=\"thumbnail\"><a href=\"https:\/\/vspoechlarn.ac.at\/wordpress\/2023\/06\/17\/besuch-auf-der-gemeinde\/attachment\/5\/\"><img loading=\"lazy\" decoding=\"async\" class=\"attachment-large size-large\" src=\"https:\/\/vspoechlarn.ac.at\/wordpress\/wp-content\/uploads\/2023\/06\/5-696x1024.jpg\" sizes=\"auto, (max-width: 696px) 100vw, 696px\" srcset=\"https:\/\/vspoechlarn.ac.at\/wordpress\/wp-content\/uploads\/2023\/06\/5-696x1024.jpg 696w, https:\/\/vspoechlarn.ac.at\/wordpress\/wp-content\/uploads\/2023\/06\/5-204x300.jpg 204w, https:\/\/vspoechlarn.ac.at\/wordpress\/wp-content\/uploads\/2023\/06\/5-1044x1536.jpg 1044w, https:\/\/vspoechlarn.ac.at\/wordpress\/wp-content\/uploads\/2023\/06\/5-1392x2048.jpg 1392w, https:\/\/vspoechlarn.ac.at\/wordpress\/wp-content\/uploads\/2023\/06\/5-scaled.jpg 734w\" alt=\"\" width=\"696\" height=\"1024\" \/><\/a><\/div>\n<\/div>\n<\/div>\n<\/div>\n<\/div>\n<\/div>\n<div class=\"panel-footer entry-meta\"><small><span class=\"loop-category\"><a class=\"label label-danger\" href=\"https:\/\/vspoechlarn.ac.at\/wordpress\/category\/allgemein\/\">Startseite<\/a>\u00a0<\/span><span class=\"loop-author\">|\u00a0<span class=\"author vcard\"><a class=\"url fn n\" href=\"https:\/\/vspoechlarn.ac.at\/wordpress\/author\/wp-admin\/\">wp-admin<\/a><\/span><\/span>\u00a0<span class=\"loop-date\">|\u00a0<time class=\"entry-date published updated\" datetime=\"2023-06-17T18:37:07+02:00\">17. Juni 2023<\/time><\/span>\u00a0|\u00a0<span class=\"edit-link\"><a class=\"post-edit-link\" href=\"https:\/\/vspoechlarn.ac.at\/wordpress\/wp-admin\/post.php?post=4443&amp;action=edit\">Bearbeiten<\/a><\/span><\/small><\/p>\n<div class=\"clearfix\"><\/div>\n<\/div>\n<\/div>\n<\/article>\n<article id=\"post-4429\" class=\"loop_list post-4429 post type-post status-publish format-standard hentry category-allgemein\">\n<div class=\"panel panel-default\">\n<div class=\"panel-body clearfix\">\n<div class=\"fs-have-thumbnail\">\n<header class=\"entry-header\">\n<h4 class=\"entry-title\"><strong><a title=\"Permanentlink zu Besuch von einer B\u00e4uerin\" href=\"https:\/\/vspoechlarn.ac.at\/wordpress\/2023\/06\/16\/besuch-von-einer-baeuerin\/\" rel=\"bookmark\">Besuch von einer B\u00e4uerin<\/a><\/strong><\/h4>\n<\/header>\n<div class=\"entry-content\">\n<p>Woher kommen unsere Lebensmittel und wie wichtig sind B\u00e4uerinnen und Bauern f\u00fcr uns? Diese Frage durften die Kinder der 2. Klassen gemeinsam mit Frau Rester in verschiedensten Spielen beantworten. Zum Abschluss wurde selbst Butter hergestellt und mit frischem Brot gegessen.<\/p>\n<div id=\"gallery_4429_9\" class=\"row\">\n<div id=\"4429-image-4437\" class=\"col-xs-12 col-sm-4 col-md-4\">\n<div class=\"thumbnail\"><a href=\"https:\/\/vspoechlarn.ac.at\/wordpress\/2023\/06\/16\/besuch-von-einer-baeuerin\/img_20230614_084606-mittel\/\"><img loading=\"lazy\" decoding=\"async\" class=\"attachment-large size-large\" src=\"https:\/\/vspoechlarn.ac.at\/wordpress\/wp-content\/uploads\/2023\/06\/IMG_20230614_084606-Mittel.jpg\" sizes=\"auto, (max-width: 900px) 100vw, 900px\" srcset=\"https:\/\/vspoechlarn.ac.at\/wordpress\/wp-content\/uploads\/2023\/06\/IMG_20230614_084606-Mittel.jpg 1024w, https:\/\/vspoechlarn.ac.at\/wordpress\/wp-content\/uploads\/2023\/06\/IMG_20230614_084606-Mittel-350x263.jpg 350w\" alt=\"\" width=\"900\" height=\"675\" \/><\/a><\/div>\n<\/div>\n<div id=\"4429-image-4438\" class=\"col-xs-12 col-sm-4 col-md-4\">\n<div class=\"thumbnail\"><a href=\"https:\/\/vspoechlarn.ac.at\/wordpress\/2023\/06\/16\/besuch-von-einer-baeuerin\/img_20230614_085943-mittel\/\"><img loading=\"lazy\" decoding=\"async\" class=\"attachment-large size-large\" src=\"https:\/\/vspoechlarn.ac.at\/wordpress\/wp-content\/uploads\/2023\/06\/IMG_20230614_085943-Mittel.jpg\" sizes=\"auto, (max-width: 768px) 100vw, 768px\" srcset=\"https:\/\/vspoechlarn.ac.at\/wordpress\/wp-content\/uploads\/2023\/06\/IMG_20230614_085943-Mittel.jpg 768w, https:\/\/vspoechlarn.ac.at\/wordpress\/wp-content\/uploads\/2023\/06\/IMG_20230614_085943-Mittel-225x300.jpg 225w\" alt=\"\" width=\"768\" height=\"1024\" \/><\/a><\/div>\n<\/div>\n<div id=\"4429-image-4454\" class=\"col-xs-12 col-sm-4 col-md-4\">\n<div class=\"thumbnail\"><a href=\"https:\/\/vspoechlarn.ac.at\/wordpress\/2023\/06\/16\/besuch-von-einer-baeuerin\/20230614_104109-mittel\/\"><img loading=\"lazy\" decoding=\"async\" class=\"attachment-large size-large\" src=\"https:\/\/vspoechlarn.ac.at\/wordpress\/wp-content\/uploads\/2023\/06\/20230614_104109-Mittel.jpg\" sizes=\"auto, (max-width: 900px) 100vw, 900px\" srcset=\"https:\/\/vspoechlarn.ac.at\/wordpress\/wp-content\/uploads\/2023\/06\/20230614_104109-Mittel.jpg 1024w, https:\/\/vspoechlarn.ac.at\/wordpress\/wp-content\/uploads\/2023\/06\/20230614_104109-Mittel-350x263.jpg 350w\" alt=\"\" width=\"900\" height=\"675\" \/><\/a><\/div>\n<\/div>\n<div class=\"clearfix visible-md-block visible-lg-block\"><\/div>\n<\/div>\n<\/div>\n<\/div>\n<\/div>\n<div class=\"panel-footer entry-meta\"><small><span class=\"loop-category\"><a class=\"label label-danger\" href=\"https:\/\/vspoechlarn.ac.at\/wordpress\/category\/allgemein\/\">Startseite<\/a>\u00a0<\/span><span class=\"loop-author\">|\u00a0<span class=\"author vcard\"><a class=\"url fn n\" href=\"https:\/\/vspoechlarn.ac.at\/wordpress\/author\/wp-admin\/\">wp-admin<\/a><\/span><\/span>\u00a0<span class=\"loop-date\">|\u00a0<time class=\"entry-date published updated\" datetime=\"2023-06-16T08:37:54+02:00\">16. Juni 2023<\/time><\/span>\u00a0|\u00a0<span class=\"edit-link\"><a class=\"post-edit-link\" href=\"https:\/\/vspoechlarn.ac.at\/wordpress\/wp-admin\/post.php?post=4429&amp;action=edit\">Bearbeiten<\/a><\/span><\/small><\/p>\n<div class=\"clearfix\"><\/div>\n<\/div>\n<\/div>\n<\/article>\n<article id=\"post-4431\" class=\"loop_list post-4431 post type-post status-publish format-standard hentry category-allgemein\">\n<div class=\"panel panel-default\">\n<div class=\"panel-body clearfix\">\n<div class=\"fs-have-thumbnail\">\n<header class=\"entry-header\">\n<h4 class=\"entry-title\"><strong><a title=\"Permanentlink zu Waldtag\" href=\"https:\/\/vspoechlarn.ac.at\/wordpress\/2023\/06\/16\/waldtag\/\" rel=\"bookmark\">Waldtag<\/a><\/strong><\/h4>\n<\/header>\n<div class=\"entry-content\">\n<div dir=\"auto\">\n<div dir=\"auto\">Am Donnerstag verbrachten die Kinder der 2b gemeinsam mit Herrn Wolf einen sehr interessanten Tag im Wald. Sie suchten Tiere und nahmen diese genau unter die Lupe, gingen auf Tierspurensuchen und bauten eine Zwergenlandschaft mit Materialien aus dem Wald.<\/div>\n<div dir=\"auto\"><\/div>\n<div dir=\"auto\">Wir bedanken uns bei Herrn Wolf f\u00fcr den tollen Vormittag am Hiesberg und beim Elternverein f\u00fcr die Busfinanzierung!<\/div>\n<div dir=\"auto\">\n<div id=\"gallery_4431_10\" class=\"row\">\n<div id=\"4431-image-4433\" class=\"col-xs-12 col-sm-4 col-md-4\">\n<div class=\"thumbnail\"><a href=\"https:\/\/vspoechlarn.ac.at\/wordpress\/2023\/06\/16\/waldtag\/img_20230615_083158-mittel\/\"><img loading=\"lazy\" decoding=\"async\" class=\"attachment-large size-large\" src=\"https:\/\/vspoechlarn.ac.at\/wordpress\/wp-content\/uploads\/2023\/06\/IMG_20230615_083158-Mittel.jpg\" sizes=\"auto, (max-width: 900px) 100vw, 900px\" srcset=\"https:\/\/vspoechlarn.ac.at\/wordpress\/wp-content\/uploads\/2023\/06\/IMG_20230615_083158-Mittel.jpg 1024w, https:\/\/vspoechlarn.ac.at\/wordpress\/wp-content\/uploads\/2023\/06\/IMG_20230615_083158-Mittel-350x263.jpg 350w\" alt=\"\" width=\"900\" height=\"675\" \/><\/a><\/div>\n<\/div>\n<div id=\"4431-image-4435\" class=\"col-xs-12 col-sm-4 col-md-4\">\n<div class=\"thumbnail\"><a href=\"https:\/\/vspoechlarn.ac.at\/wordpress\/2023\/06\/16\/waldtag\/img_20230615_112446_1-mittel\/\"><img loading=\"lazy\" decoding=\"async\" class=\"attachment-large size-large\" src=\"https:\/\/vspoechlarn.ac.at\/wordpress\/wp-content\/uploads\/2023\/06\/IMG_20230615_112446_1-Mittel.jpg\" sizes=\"auto, (max-width: 768px) 100vw, 768px\" srcset=\"https:\/\/vspoechlarn.ac.at\/wordpress\/wp-content\/uploads\/2023\/06\/IMG_20230615_112446_1-Mittel.jpg 768w, https:\/\/vspoechlarn.ac.at\/wordpress\/wp-content\/uploads\/2023\/06\/IMG_20230615_112446_1-Mittel-225x300.jpg 225w\" alt=\"\" width=\"768\" height=\"1024\" \/><\/a><\/div>\n<\/div>\n<div id=\"4431-image-4434\" class=\"col-xs-12 col-sm-4 col-md-4\">\n<div class=\"thumbnail\"><a href=\"https:\/\/vspoechlarn.ac.at\/wordpress\/2023\/06\/16\/waldtag\/img_20230615_102840-mittel\/\"><img loading=\"lazy\" decoding=\"async\" class=\"attachment-large size-large\" src=\"https:\/\/vspoechlarn.ac.at\/wordpress\/wp-content\/uploads\/2023\/06\/IMG_20230615_102840-Mittel.jpg\" sizes=\"auto, (max-width: 900px) 100vw, 900px\" srcset=\"https:\/\/vspoechlarn.ac.at\/wordpress\/wp-content\/uploads\/2023\/06\/IMG_20230615_102840-Mittel.jpg 1024w, https:\/\/vspoechlarn.ac.at\/wordpress\/wp-content\/uploads\/2023\/06\/IMG_20230615_102840-Mittel-350x263.jpg 350w\" alt=\"\" width=\"900\" height=\"675\" \/><\/a><\/div>\n<\/div>\n<div class=\"clearfix visible-md-block visible-lg-block\"><\/div>\n<\/div>\n<\/div>\n<\/div>\n<\/div>\n<\/div>\n<\/div>\n<div class=\"panel-footer entry-meta\"><small><span class=\"loop-category\"><a class=\"label label-danger\" href=\"https:\/\/vspoechlarn.ac.at\/wordpress\/category\/allgemein\/\">Startseite<\/a>\u00a0<\/span><span class=\"loop-author\">|\u00a0<span class=\"author vcard\"><a class=\"url fn n\" href=\"https:\/\/vspoechlarn.ac.at\/wordpress\/author\/wp-admin\/\">wp-admin<\/a><\/span><\/span>\u00a0<span class=\"loop-date\">|\u00a0<time class=\"entry-date published updated\" datetime=\"2023-06-16T08:37:08+02:00\">16. Juni 2023<\/time><\/span>\u00a0|\u00a0<span class=\"edit-link\"><a class=\"post-edit-link\" href=\"https:\/\/vspoechlarn.ac.at\/wordpress\/wp-admin\/post.php?post=4431&amp;action=edit\">Bearbeiten<\/a><\/span><\/small><\/p>\n<div class=\"clearfix\"><\/div>\n<\/div>\n<\/div>\n<\/article>\n<article id=\"post-4425\" class=\"loop_list post-4425 post type-post status-publish format-standard hentry category-allgemein\">\n<div class=\"panel panel-default\">\n<div class=\"panel-body clearfix\">\n<div class=\"fs-have-thumbnail\">\n<header class=\"entry-header\">\n<h4 class=\"entry-title\"><strong><a title=\"Permanentlink zu Kraftwerk Ybbs-Persenbeug\" href=\"https:\/\/vspoechlarn.ac.at\/wordpress\/2023\/06\/16\/kraftwerk-ybbs-persenbeug\/\" rel=\"bookmark\">Kraftwerk Ybbs-Persenbeug<\/a><\/strong><\/h4>\n<\/header>\n<div class=\"entry-content\">\n<p>Diese Woche waren die Sch\u00fclerInnen der 3. Klassen im Kraftwerk Ybbs-Persenbeug. Neben der Besichtigung der Schleusen nahmen die Kinder auch an einer Schatzsuche teil, die durch das Hauptgeb\u00e4ude des Kraftwerks f\u00fchrte.<\/p>\n<div id=\"gallery_4425_11\" class=\"row\">\n<div id=\"4425-image-4426\" class=\"col-xs-12 col-sm-3 col-md-3\">\n<div class=\"thumbnail\"><a href=\"https:\/\/vspoechlarn.ac.at\/wordpress\/20230614_105607\/\"><img loading=\"lazy\" decoding=\"async\" class=\"attachment-large size-large\" src=\"https:\/\/vspoechlarn.ac.at\/wordpress\/wp-content\/uploads\/2023\/06\/20230614_105607-1024x767.jpg\" sizes=\"auto, (max-width: 900px) 100vw, 900px\" srcset=\"https:\/\/vspoechlarn.ac.at\/wordpress\/wp-content\/uploads\/2023\/06\/20230614_105607-1024x767.jpg 1024w, https:\/\/vspoechlarn.ac.at\/wordpress\/wp-content\/uploads\/2023\/06\/20230614_105607-350x262.jpg 350w, https:\/\/vspoechlarn.ac.at\/wordpress\/wp-content\/uploads\/2023\/06\/20230614_105607-1536x1150.jpg 1536w, https:\/\/vspoechlarn.ac.at\/wordpress\/wp-content\/uploads\/2023\/06\/20230614_105607-2048x1533.jpg 2048w, https:\/\/vspoechlarn.ac.at\/wordpress\/wp-content\/uploads\/2023\/06\/20230614_105607-scaled.jpg 1443w\" alt=\"\" width=\"900\" height=\"674\" \/><\/a><\/div>\n<\/div>\n<div id=\"4425-image-4427\" class=\"col-xs-12 col-sm-3 col-md-3\">\n<div class=\"thumbnail\"><a href=\"https:\/\/vspoechlarn.ac.at\/wordpress\/20230614_092036\/\"><img loading=\"lazy\" decoding=\"async\" class=\"attachment-large size-large\" src=\"https:\/\/vspoechlarn.ac.at\/wordpress\/wp-content\/uploads\/2023\/06\/20230614_092036-1024x768.jpg\" sizes=\"auto, (max-width: 900px) 100vw, 900px\" srcset=\"https:\/\/vspoechlarn.ac.at\/wordpress\/wp-content\/uploads\/2023\/06\/20230614_092036-1024x768.jpg 1024w, https:\/\/vspoechlarn.ac.at\/wordpress\/wp-content\/uploads\/2023\/06\/20230614_092036-350x263.jpg 350w, https:\/\/vspoechlarn.ac.at\/wordpress\/wp-content\/uploads\/2023\/06\/20230614_092036-1536x1152.jpg 1536w, https:\/\/vspoechlarn.ac.at\/wordpress\/wp-content\/uploads\/2023\/06\/20230614_092036-2048x1536.jpg 2048w, https:\/\/vspoechlarn.ac.at\/wordpress\/wp-content\/uploads\/2023\/06\/20230614_092036-scaled.jpg 1440w\" alt=\"\" width=\"900\" height=\"675\" \/><\/a><\/div>\n<\/div>\n<div id=\"4425-image-4440\" class=\"col-xs-12 col-sm-3 col-md-3\">\n<div class=\"thumbnail\"><a href=\"https:\/\/vspoechlarn.ac.at\/wordpress\/2023\/06\/16\/kraftwerk-ybbs-persenbeug\/img-20230616-wa0015\/\"><img loading=\"lazy\" decoding=\"async\" class=\"attachment-large size-large\" src=\"https:\/\/vspoechlarn.ac.at\/wordpress\/wp-content\/uploads\/2023\/06\/IMG-20230616-WA0015-768x1024.jpg\" sizes=\"auto, (max-width: 768px) 100vw, 768px\" srcset=\"https:\/\/vspoechlarn.ac.at\/wordpress\/wp-content\/uploads\/2023\/06\/IMG-20230616-WA0015-768x1024.jpg 768w, https:\/\/vspoechlarn.ac.at\/wordpress\/wp-content\/uploads\/2023\/06\/IMG-20230616-WA0015-225x300.jpg 225w, https:\/\/vspoechlarn.ac.at\/wordpress\/wp-content\/uploads\/2023\/06\/IMG-20230616-WA0015-1152x1536.jpg 1152w, https:\/\/vspoechlarn.ac.at\/wordpress\/wp-content\/uploads\/2023\/06\/IMG-20230616-WA0015.jpg 810w\" alt=\"\" width=\"768\" height=\"1024\" \/><\/a><\/div>\n<\/div>\n<div id=\"4425-image-4441\" class=\"col-xs-12 col-sm-3 col-md-3\">\n<div class=\"thumbnail\"><a href=\"https:\/\/vspoechlarn.ac.at\/wordpress\/2023\/06\/16\/kraftwerk-ybbs-persenbeug\/img-20230616-wa0010\/\"><img loading=\"lazy\" decoding=\"async\" class=\"attachment-large size-large\" src=\"https:\/\/vspoechlarn.ac.at\/wordpress\/wp-content\/uploads\/2023\/06\/IMG-20230616-WA0010-768x1024.jpg\" sizes=\"auto, (max-width: 768px) 100vw, 768px\" srcset=\"https:\/\/vspoechlarn.ac.at\/wordpress\/wp-content\/uploads\/2023\/06\/IMG-20230616-WA0010-768x1024.jpg 768w, https:\/\/vspoechlarn.ac.at\/wordpress\/wp-content\/uploads\/2023\/06\/IMG-20230616-WA0010-225x300.jpg 225w, https:\/\/vspoechlarn.ac.at\/wordpress\/wp-content\/uploads\/2023\/06\/IMG-20230616-WA0010-1152x1536.jpg 1152w, https:\/\/vspoechlarn.ac.at\/wordpress\/wp-content\/uploads\/2023\/06\/IMG-20230616-WA0010.jpg 810w\" alt=\"\" width=\"768\" height=\"1024\" \/><\/a><\/div>\n<\/div>\n<div class=\"clearfix visible-md-block visible-lg-block\"><\/div>\n<\/div>\n<\/div>\n<\/div>\n<\/div>\n<div class=\"panel-footer entry-meta\"><small><span class=\"loop-category\"><a class=\"label label-danger\" href=\"https:\/\/vspoechlarn.ac.at\/wordpress\/category\/allgemein\/\">Startseite<\/a>\u00a0<\/span><span class=\"loop-author\">|\u00a0<span class=\"author vcard\"><a class=\"url fn n\" href=\"https:\/\/vspoechlarn.ac.at\/wordpress\/author\/wp-admin\/\">wp-admin<\/a><\/span><\/span>\u00a0<span class=\"loop-date\">|\u00a0<time class=\"entry-date published updated\" datetime=\"2023-06-16T06:35:33+02:00\">16. Juni 2023<\/time><\/span>\u00a0|\u00a0<span class=\"edit-link\"><a class=\"post-edit-link\" href=\"https:\/\/vspoechlarn.ac.at\/wordpress\/wp-admin\/post.php?post=4425&amp;action=edit\">Bearbeiten<\/a><\/span><\/small><\/p>\n<div class=\"clearfix\"><\/div>\n<\/div>\n<\/div>\n<\/article>\n<article id=\"post-4423\" class=\"loop_list post-4423 post type-post status-publish format-standard hentry category-allgemein\">\n<div class=\"panel panel-default\">\n<div class=\"panel-body clearfix\">\n<div class=\"fs-have-thumbnail\">\n<header class=\"entry-header\">\n<h4 class=\"entry-title\"><strong><a title=\"Permanentlink zu Gewichtsma\u00dfe\" href=\"https:\/\/vspoechlarn.ac.at\/wordpress\/2023\/06\/16\/gewichtsmasse\/\" rel=\"bookmark\">Gewichtsma\u00dfe<\/a><\/strong><\/h4>\n<\/header>\n<div class=\"entry-content\">\n<p>Die Kinder der 3a und 3b konnten eine Woche lang mit unterschiedlichen Waagen verschiedenste Stationen bearbeiten. Ein toller Abschluss waren die selbst abgewogenen Backmischungen, die die Kinder mit nach Hause nehmen konnten.<\/p>\n<div id=\"gallery_4423_12\" class=\"row\">\n<div id=\"4423-image-4419\" class=\"col-xs-12 col-sm-3 col-md-3\">\n<div class=\"thumbnail\"><a href=\"https:\/\/vspoechlarn.ac.at\/wordpress\/20230606_122107\/\"><img loading=\"lazy\" decoding=\"async\" class=\"attachment-large size-large\" src=\"https:\/\/vspoechlarn.ac.at\/wordpress\/wp-content\/uploads\/2023\/06\/20230606_122107-1024x768.jpg\" sizes=\"auto, (max-width: 900px) 100vw, 900px\" srcset=\"https:\/\/vspoechlarn.ac.at\/wordpress\/wp-content\/uploads\/2023\/06\/20230606_122107-1024x768.jpg 1024w, https:\/\/vspoechlarn.ac.at\/wordpress\/wp-content\/uploads\/2023\/06\/20230606_122107-350x263.jpg 350w, https:\/\/vspoechlarn.ac.at\/wordpress\/wp-content\/uploads\/2023\/06\/20230606_122107-1536x1152.jpg 1536w, https:\/\/vspoechlarn.ac.at\/wordpress\/wp-content\/uploads\/2023\/06\/20230606_122107-2048x1536.jpg 2048w, https:\/\/vspoechlarn.ac.at\/wordpress\/wp-content\/uploads\/2023\/06\/20230606_122107-scaled.jpg 1440w\" alt=\"\" width=\"900\" height=\"675\" \/><\/a><\/div>\n<\/div>\n<div id=\"4423-image-4418\" class=\"col-xs-12 col-sm-3 col-md-3\">\n<div class=\"thumbnail\"><a href=\"https:\/\/vspoechlarn.ac.at\/wordpress\/20230607_090649\/\"><img loading=\"lazy\" decoding=\"async\" class=\"attachment-large size-large\" src=\"https:\/\/vspoechlarn.ac.at\/wordpress\/wp-content\/uploads\/2023\/06\/20230607_090649-1024x768.jpg\" sizes=\"auto, (max-width: 900px) 100vw, 900px\" srcset=\"https:\/\/vspoechlarn.ac.at\/wordpress\/wp-content\/uploads\/2023\/06\/20230607_090649-1024x768.jpg 1024w, https:\/\/vspoechlarn.ac.at\/wordpress\/wp-content\/uploads\/2023\/06\/20230607_090649-350x263.jpg 350w, https:\/\/vspoechlarn.ac.at\/wordpress\/wp-content\/uploads\/2023\/06\/20230607_090649-1536x1152.jpg 1536w, https:\/\/vspoechlarn.ac.at\/wordpress\/wp-content\/uploads\/2023\/06\/20230607_090649-2048x1536.jpg 2048w, https:\/\/vspoechlarn.ac.at\/wordpress\/wp-content\/uploads\/2023\/06\/20230607_090649-scaled.jpg 1440w\" alt=\"\" width=\"900\" height=\"675\" \/><\/a><\/div>\n<\/div>\n<div id=\"4423-image-4417\" class=\"col-xs-12 col-sm-3 col-md-3\">\n<div class=\"thumbnail\"><a href=\"https:\/\/vspoechlarn.ac.at\/wordpress\/20230613_082204\/\"><img loading=\"lazy\" decoding=\"async\" class=\"attachment-large size-large\" src=\"https:\/\/vspoechlarn.ac.at\/wordpress\/wp-content\/uploads\/2023\/06\/20230613_082204-1024x768.jpg\" sizes=\"auto, (max-width: 900px) 100vw, 900px\" srcset=\"https:\/\/vspoechlarn.ac.at\/wordpress\/wp-content\/uploads\/2023\/06\/20230613_082204-1024x768.jpg 1024w, https:\/\/vspoechlarn.ac.at\/wordpress\/wp-content\/uploads\/2023\/06\/20230613_082204-350x263.jpg 350w, https:\/\/vspoechlarn.ac.at\/wordpress\/wp-content\/uploads\/2023\/06\/20230613_082204-1536x1152.jpg 1536w, https:\/\/vspoechlarn.ac.at\/wordpress\/wp-content\/uploads\/2023\/06\/20230613_082204-2048x1536.jpg 2048w, https:\/\/vspoechlarn.ac.at\/wordpress\/wp-content\/uploads\/2023\/06\/20230613_082204-scaled.jpg 1440w\" alt=\"\" width=\"900\" height=\"675\" \/><\/a><\/div>\n<\/div>\n<div id=\"4423-image-4416\" class=\"col-xs-12 col-sm-3 col-md-3\">\n<div class=\"thumbnail\"><a href=\"https:\/\/vspoechlarn.ac.at\/wordpress\/20230615_080858\/\"><img loading=\"lazy\" decoding=\"async\" class=\"attachment-large size-large\" src=\"https:\/\/vspoechlarn.ac.at\/wordpress\/wp-content\/uploads\/2023\/06\/20230615_080858-1024x768.jpg\" sizes=\"auto, (max-width: 900px) 100vw, 900px\" srcset=\"https:\/\/vspoechlarn.ac.at\/wordpress\/wp-content\/uploads\/2023\/06\/20230615_080858-1024x768.jpg 1024w, https:\/\/vspoechlarn.ac.at\/wordpress\/wp-content\/uploads\/2023\/06\/20230615_080858-350x263.jpg 350w, https:\/\/vspoechlarn.ac.at\/wordpress\/wp-content\/uploads\/2023\/06\/20230615_080858-1536x1152.jpg 1536w, https:\/\/vspoechlarn.ac.at\/wordpress\/wp-content\/uploads\/2023\/06\/20230615_080858-2048x1536.jpg 2048w, https:\/\/vspoechlarn.ac.at\/wordpress\/wp-content\/uploads\/2023\/06\/20230615_080858-scaled.jpg 1440w\" alt=\"\" width=\"900\" height=\"675\" \/><\/a><\/div>\n<\/div>\n<div class=\"clearfix visible-md-block visible-lg-block\"><\/div>\n<\/div>\n<\/div>\n<\/div>\n<\/div>\n<div class=\"panel-footer entry-meta\"><small><span class=\"loop-category\"><a class=\"label label-danger\" href=\"https:\/\/vspoechlarn.ac.at\/wordpress\/category\/allgemein\/\">Startseite<\/a>\u00a0<\/span><span class=\"loop-author\">|\u00a0<span class=\"author vcard\"><a class=\"url fn n\" href=\"https:\/\/vspoechlarn.ac.at\/wordpress\/author\/wp-admin\/\">wp-admin<\/a><\/span><\/span>\u00a0<span class=\"loop-date\">|\u00a0<time class=\"entry-date published updated\" datetime=\"2023-06-16T06:29:38+02:00\">16. Juni 2023<\/time><\/span>\u00a0|\u00a0<span class=\"edit-link\"><a class=\"post-edit-link\" href=\"https:\/\/vspoechlarn.ac.at\/wordpress\/wp-admin\/post.php?post=4423&amp;action=edit\">Bearbeiten<\/a><\/span><\/small><\/p>\n<div class=\"clearfix\"><\/div>\n<\/div>\n<\/div>\n<\/article>\n<article id=\"post-4420\" class=\"loop_list post-4420 post type-post status-publish format-standard hentry category-allgemein\">\n<div class=\"panel panel-default\">\n<div class=\"panel-body clearfix\">\n<div class=\"fs-have-thumbnail\">\n<header class=\"entry-header\">\n<h4 class=\"entry-title\"><strong><a title=\"Permanentlink zu Cello\" href=\"https:\/\/vspoechlarn.ac.at\/wordpress\/2023\/06\/16\/cello\/\" rel=\"bookmark\">Cello<\/a><\/strong><\/h4>\n<\/header>\n<div class=\"entry-content\">\n<p>Am 14. Juni besuchte Martin Hinterndorfer mit seinem Cello die 4a in der Musikstunde.<\/p>\n<div id=\"gallery_4420_13\" class=\"row\">\n<div id=\"4420-image-4415\" class=\"col-xs-12 col-sm-4 col-md-4\">\n<div class=\"thumbnail\"><a href=\"https:\/\/vspoechlarn.ac.at\/wordpress\/img-20230614-wa0002\/\"><img loading=\"lazy\" decoding=\"async\" class=\"attachment-large size-large\" src=\"https:\/\/vspoechlarn.ac.at\/wordpress\/wp-content\/uploads\/2023\/06\/IMG-20230614-WA0002-462x1024.jpg\" sizes=\"auto, (max-width: 462px) 100vw, 462px\" srcset=\"https:\/\/vspoechlarn.ac.at\/wordpress\/wp-content\/uploads\/2023\/06\/IMG-20230614-WA0002-462x1024.jpg 462w, https:\/\/vspoechlarn.ac.at\/wordpress\/wp-content\/uploads\/2023\/06\/IMG-20230614-WA0002-135x300.jpg 135w, https:\/\/vspoechlarn.ac.at\/wordpress\/wp-content\/uploads\/2023\/06\/IMG-20230614-WA0002-692x1536.jpg 692w, https:\/\/vspoechlarn.ac.at\/wordpress\/wp-content\/uploads\/2023\/06\/IMG-20230614-WA0002.jpg 487w\" alt=\"\" width=\"462\" height=\"1024\" \/><\/a><\/div>\n<\/div>\n<div id=\"4420-image-4414\" class=\"col-xs-12 col-sm-4 col-md-4\">\n<div class=\"thumbnail\"><a href=\"https:\/\/vspoechlarn.ac.at\/wordpress\/img-20230614-wa0003\/\"><img loading=\"lazy\" decoding=\"async\" class=\"attachment-large size-large\" src=\"https:\/\/vspoechlarn.ac.at\/wordpress\/wp-content\/uploads\/2023\/06\/IMG-20230614-WA0003-462x1024.jpg\" sizes=\"auto, (max-width: 462px) 100vw, 462px\" srcset=\"https:\/\/vspoechlarn.ac.at\/wordpress\/wp-content\/uploads\/2023\/06\/IMG-20230614-WA0003-462x1024.jpg 462w, https:\/\/vspoechlarn.ac.at\/wordpress\/wp-content\/uploads\/2023\/06\/IMG-20230614-WA0003-135x300.jpg 135w, https:\/\/vspoechlarn.ac.at\/wordpress\/wp-content\/uploads\/2023\/06\/IMG-20230614-WA0003-692x1536.jpg 692w, https:\/\/vspoechlarn.ac.at\/wordpress\/wp-content\/uploads\/2023\/06\/IMG-20230614-WA0003.jpg 487w\" alt=\"\" width=\"462\" height=\"1024\" \/><\/a><\/div>\n<\/div>\n<div id=\"4420-image-4413\" class=\"col-xs-12 col-sm-4 col-md-4\">\n<div class=\"thumbnail\"><a href=\"https:\/\/vspoechlarn.ac.at\/wordpress\/img-20230614-wa0004\/\"><img loading=\"lazy\" decoding=\"async\" class=\"attachment-large size-large\" src=\"https:\/\/vspoechlarn.ac.at\/wordpress\/wp-content\/uploads\/2023\/06\/IMG-20230614-WA0004-462x1024.jpg\" sizes=\"auto, (max-width: 462px) 100vw, 462px\" srcset=\"https:\/\/vspoechlarn.ac.at\/wordpress\/wp-content\/uploads\/2023\/06\/IMG-20230614-WA0004-462x1024.jpg 462w, https:\/\/vspoechlarn.ac.at\/wordpress\/wp-content\/uploads\/2023\/06\/IMG-20230614-WA0004-135x300.jpg 135w, https:\/\/vspoechlarn.ac.at\/wordpress\/wp-content\/uploads\/2023\/06\/IMG-20230614-WA0004-692x1536.jpg 692w, https:\/\/vspoechlarn.ac.at\/wordpress\/wp-content\/uploads\/2023\/06\/IMG-20230614-WA0004.jpg 487w\" alt=\"\" width=\"462\" height=\"1024\" \/><\/a><\/div>\n<\/div>\n<div class=\"clearfix visible-md-block visible-lg-block\"><\/div>\n<div id=\"4420-image-4412\" class=\"col-xs-12 col-sm-4 col-md-4\">\n<div class=\"thumbnail\"><a href=\"https:\/\/vspoechlarn.ac.at\/wordpress\/img-20230614-wa0006\/\"><img loading=\"lazy\" decoding=\"async\" class=\"attachment-large size-large\" src=\"https:\/\/vspoechlarn.ac.at\/wordpress\/wp-content\/uploads\/2023\/06\/IMG-20230614-WA0006-1024x462.jpg\" sizes=\"auto, (max-width: 900px) 100vw, 900px\" srcset=\"https:\/\/vspoechlarn.ac.at\/wordpress\/wp-content\/uploads\/2023\/06\/IMG-20230614-WA0006-1024x462.jpg 1024w, https:\/\/vspoechlarn.ac.at\/wordpress\/wp-content\/uploads\/2023\/06\/IMG-20230614-WA0006-350x158.jpg 350w, https:\/\/vspoechlarn.ac.at\/wordpress\/wp-content\/uploads\/2023\/06\/IMG-20230614-WA0006-1536x692.jpg 1536w, https:\/\/vspoechlarn.ac.at\/wordpress\/wp-content\/uploads\/2023\/06\/IMG-20230614-WA0006.jpg 1920w\" alt=\"\" width=\"900\" height=\"406\" \/><\/a><\/div>\n<\/div>\n<\/div>\n<\/div>\n<\/div>\n<\/div>\n<div class=\"panel-footer entry-meta\"><small><span class=\"loop-category\"><a class=\"label label-danger\" href=\"https:\/\/vspoechlarn.ac.at\/wordpress\/category\/allgemein\/\">Startseite<\/a>\u00a0<\/span><span class=\"loop-author\">|\u00a0<span class=\"author vcard\"><a class=\"url fn n\" href=\"https:\/\/vspoechlarn.ac.at\/wordpress\/author\/wp-admin\/\">wp-admin<\/a><\/span><\/span>\u00a0<span class=\"loop-date\">|\u00a0<time class=\"entry-date published updated\" datetime=\"2023-06-16T06:26:52+02:00\">16. Juni 2023<\/time><\/span>\u00a0|\u00a0<span class=\"edit-link\"><a class=\"post-edit-link\" href=\"https:\/\/vspoechlarn.ac.at\/wordpress\/wp-admin\/post.php?post=4420&amp;action=edit\">Bearbeiten<\/a><\/span><\/small><\/p>\n<div class=\"clearfix\"><\/div>\n<\/div>\n<\/div>\n<\/article>\n<article id=\"post-4404\" class=\"loop_list post-4404 post type-post status-publish format-standard hentry category-allgemein\">\n<div class=\"panel panel-default\">\n<div class=\"panel-body clearfix\">\n<div class=\"fs-have-thumbnail\">\n<header class=\"entry-header\">\n<h4 class=\"entry-title\"><strong><a title=\"Permanentlink zu Konzert in der Kirche\" href=\"https:\/\/vspoechlarn.ac.at\/wordpress\/2023\/06\/07\/konzert-in-der-kirche\/\" rel=\"bookmark\">Konzert in der Kirche<\/a><\/strong><\/h4>\n<\/header>\n<div class=\"entry-content\">\n<p>Heute pr\u00e4sentierten die KInder, die bereits beim Landesjugendsingen in Grafenegg waren, allen Mitsch\u00fclerInnen und Lehrkr\u00e4ften ihr Wettbewerbsprogramm in der Kirche. Daf\u00fcr gab es von allen gro\u00dfen Applaus.<\/p>\n<div id=\"gallery_4404_14\" class=\"row\">\n<div id=\"4404-image-4405\" class=\"col-xs-12 col-sm-4 col-md-4\">\n<div class=\"thumbnail\"><a href=\"https:\/\/vspoechlarn.ac.at\/wordpress\/2023\/06\/07\/konzert-in-der-kirche\/img_4870-mittel\/\"><img loading=\"lazy\" decoding=\"async\" class=\"attachment-large size-large\" src=\"https:\/\/vspoechlarn.ac.at\/wordpress\/wp-content\/uploads\/2023\/06\/IMG_4870-Mittel.jpg\" sizes=\"auto, (max-width: 900px) 100vw, 900px\" srcset=\"https:\/\/vspoechlarn.ac.at\/wordpress\/wp-content\/uploads\/2023\/06\/IMG_4870-Mittel.jpg 1024w, https:\/\/vspoechlarn.ac.at\/wordpress\/wp-content\/uploads\/2023\/06\/IMG_4870-Mittel-350x263.jpg 350w\" alt=\"\" width=\"900\" height=\"675\" \/><\/a><\/div>\n<\/div>\n<\/div>\n<\/div>\n<\/div>\n<\/div>\n<div class=\"panel-footer entry-meta\"><small><span class=\"loop-category\"><a class=\"label label-danger\" href=\"https:\/\/vspoechlarn.ac.at\/wordpress\/category\/allgemein\/\">Startseite<\/a>\u00a0<\/span><span class=\"loop-author\">|\u00a0<span class=\"author vcard\"><a class=\"url fn n\" href=\"https:\/\/vspoechlarn.ac.at\/wordpress\/author\/wp-admin\/\">wp-admin<\/a><\/span><\/span>\u00a0<span class=\"loop-date\">|\u00a0<time class=\"entry-date published updated\" datetime=\"2023-06-07T11:50:35+02:00\">7. Juni 2023<\/time><\/span>\u00a0|\u00a0<span class=\"edit-link\"><a class=\"post-edit-link\" href=\"https:\/\/vspoechlarn.ac.at\/wordpress\/wp-admin\/post.php?post=4404&amp;action=edit\">Bearbeiten<\/a><\/span><\/small><\/p>\n<div class=\"clearfix\"><\/div>\n<\/div>\n<\/div>\n<\/article>\n<article id=\"post-4400\" class=\"loop_list post-4400 post type-post status-publish format-standard hentry category-allgemein\">\n<div class=\"panel panel-default\">\n<div class=\"panel-body clearfix\">\n<div class=\"fs-have-thumbnail\">\n<header class=\"entry-header\">\n<h4 class=\"entry-title\"><strong><a title=\"Permanentlink zu RAIBA \u2013 Malwettbewerb\" href=\"https:\/\/vspoechlarn.ac.at\/wordpress\/2023\/06\/06\/raiba-malwettbewerb\/\" rel=\"bookmark\">RAIBA \u2013 Malwettbewerb<\/a><\/strong><\/h4>\n<\/header>\n<div class=\"entry-content\">\n<p>Tolle Preise gab es heute f\u00fcr Kinder der 1a Klasse f\u00fcr die Teilnahme am Raiba Malwettbewerb. Wir bedanken uns ganz herzlich bei der Bankstelle P\u00f6chlarn.<\/p>\n<div id=\"gallery_4400_15\" class=\"row\">\n<div id=\"4400-image-4401\" class=\"col-xs-12 col-sm-4 col-md-4\">\n<div class=\"thumbnail\"><a href=\"https:\/\/vspoechlarn.ac.at\/wordpress\/2023\/06\/06\/raiba-malwettbewerb\/img_4867-mittel\/\"><img loading=\"lazy\" decoding=\"async\" class=\"attachment-large size-large\" src=\"https:\/\/vspoechlarn.ac.at\/wordpress\/wp-content\/uploads\/2023\/06\/IMG_4867-Mittel.jpg\" sizes=\"auto, (max-width: 900px) 100vw, 900px\" srcset=\"https:\/\/vspoechlarn.ac.at\/wordpress\/wp-content\/uploads\/2023\/06\/IMG_4867-Mittel.jpg 1024w, https:\/\/vspoechlarn.ac.at\/wordpress\/wp-content\/uploads\/2023\/06\/IMG_4867-Mittel-350x263.jpg 350w\" alt=\"\" width=\"900\" height=\"675\" \/><\/a><\/div>\n<\/div>\n<\/div>\n<\/div>\n<\/div>\n<\/div>\n<div class=\"panel-footer entry-meta\"><small><span class=\"loop-category\"><a class=\"label label-danger\" href=\"https:\/\/vspoechlarn.ac.at\/wordpress\/category\/allgemein\/\">Startseite<\/a>\u00a0<\/span><span class=\"loop-author\">|\u00a0<span class=\"author vcard\"><a class=\"url fn n\" href=\"https:\/\/vspoechlarn.ac.at\/wordpress\/author\/wp-admin\/\">wp-admin<\/a><\/span><\/span>\u00a0<span class=\"loop-date\">|\u00a0<time class=\"entry-date published updated\" datetime=\"2023-06-06T13:08:32+02:00\">6. Juni 2023<\/time><\/span>\u00a0|\u00a0<span class=\"edit-link\"><a class=\"post-edit-link\" href=\"https:\/\/vspoechlarn.ac.at\/wordpress\/wp-admin\/post.php?post=4400&amp;action=edit\">Bearbeiten<\/a><\/span><\/small><\/p>\n<div class=\"clearfix\"><\/div>\n<\/div>\n<\/div>\n<\/article>\n<article id=\"post-4388\" class=\"loop_list post-4388 post type-post status-publish format-standard hentry category-allgemein\">\n<div class=\"panel panel-default\">\n<div class=\"panel-body clearfix\">\n<div class=\"fs-have-thumbnail\">\n<header class=\"entry-header\">\n<h4 class=\"entry-title\"><strong><a title=\"Permanentlink zu Hallo Auto\" href=\"https:\/\/vspoechlarn.ac.at\/wordpress\/2023\/06\/03\/hallo-auto\/\" rel=\"bookmark\">Hallo Auto<\/a><\/strong><\/h4>\n<\/header>\n<div class=\"entry-content\">\n<p>Auch in diesem Schuljahr fand die Aktion \u201eHallo Auto\u201c bei uns an der Schule statt. Die Kinder der 3. Klassen konnten selbst herausfinden, wie lange der Bremsweg auf trockener und nasser Fahrbahn ist. Wir bedanken uns bei der Feuerwehr P\u00f6chlarn ganz herzlich f\u00fcr ihre Unterst\u00fctzung.<\/p>\n<div id=\"gallery_4388_16\" class=\"row\">\n<div id=\"4388-image-4389\" class=\"col-xs-12 col-sm-4 col-md-4\">\n<div class=\"thumbnail\"><a href=\"https:\/\/vspoechlarn.ac.at\/wordpress\/2023\/06\/03\/hallo-auto\/20230601_110713\/\"><img loading=\"lazy\" decoding=\"async\" class=\"attachment-large size-large\" src=\"https:\/\/vspoechlarn.ac.at\/wordpress\/wp-content\/uploads\/2023\/06\/20230601_110713-1024x768.jpg\" sizes=\"auto, (max-width: 900px) 100vw, 900px\" srcset=\"https:\/\/vspoechlarn.ac.at\/wordpress\/wp-content\/uploads\/2023\/06\/20230601_110713-1024x768.jpg 1024w, https:\/\/vspoechlarn.ac.at\/wordpress\/wp-content\/uploads\/2023\/06\/20230601_110713-350x263.jpg 350w, https:\/\/vspoechlarn.ac.at\/wordpress\/wp-content\/uploads\/2023\/06\/20230601_110713-1536x1152.jpg 1536w, https:\/\/vspoechlarn.ac.at\/wordpress\/wp-content\/uploads\/2023\/06\/20230601_110713-2048x1536.jpg 2048w, https:\/\/vspoechlarn.ac.at\/wordpress\/wp-content\/uploads\/2023\/06\/20230601_110713-scaled.jpg 1440w\" alt=\"\" width=\"900\" height=\"675\" \/><\/a><\/div>\n<\/div>\n<div id=\"4388-image-4393\" class=\"col-xs-12 col-sm-4 col-md-4\">\n<div class=\"thumbnail\"><a href=\"https:\/\/vspoechlarn.ac.at\/wordpress\/2023\/06\/03\/hallo-auto\/20230601_094411\/\"><img loading=\"lazy\" decoding=\"async\" class=\"attachment-large size-large\" src=\"https:\/\/vspoechlarn.ac.at\/wordpress\/wp-content\/uploads\/2023\/06\/20230601_094411-1024x768.jpg\" sizes=\"auto, (max-width: 900px) 100vw, 900px\" srcset=\"https:\/\/vspoechlarn.ac.at\/wordpress\/wp-content\/uploads\/2023\/06\/20230601_094411-1024x768.jpg 1024w, https:\/\/vspoechlarn.ac.at\/wordpress\/wp-content\/uploads\/2023\/06\/20230601_094411-350x263.jpg 350w, https:\/\/vspoechlarn.ac.at\/wordpress\/wp-content\/uploads\/2023\/06\/20230601_094411-1536x1152.jpg 1536w, https:\/\/vspoechlarn.ac.at\/wordpress\/wp-content\/uploads\/2023\/06\/20230601_094411-2048x1536.jpg 2048w, https:\/\/vspoechlarn.ac.at\/wordpress\/wp-content\/uploads\/2023\/06\/20230601_094411-scaled.jpg 1440w\" alt=\"\" width=\"900\" height=\"675\" \/><\/a><\/div>\n<\/div>\n<\/div>\n<\/div>\n<\/div>\n<\/div>\n<div class=\"panel-footer entry-meta\"><small><span class=\"loop-category\"><a class=\"label label-danger\" href=\"https:\/\/vspoechlarn.ac.at\/wordpress\/category\/allgemein\/\">Startseite<\/a>\u00a0<\/span><span class=\"loop-author\">|\u00a0<span class=\"author vcard\"><a class=\"url fn n\" href=\"https:\/\/vspoechlarn.ac.at\/wordpress\/author\/wp-admin\/\">wp-admin<\/a><\/span><\/span>\u00a0<span class=\"loop-date\">|\u00a0<time class=\"entry-date published updated\" datetime=\"2023-06-03T09:42:49+02:00\">3. Juni 2023<\/time><\/span>\u00a0|\u00a0<span class=\"edit-link\"><a class=\"post-edit-link\" href=\"https:\/\/vspoechlarn.ac.at\/wordpress\/wp-admin\/post.php?post=4388&amp;action=edit\">Bearbeiten<\/a><\/span><\/small><\/p>\n<div class=\"clearfix\"><\/div>\n<\/div>\n<\/div>\n<\/article>\n<article id=\"post-4380\" class=\"loop_list post-4380 post type-post status-publish format-standard hentry category-allgemein\">\n<div class=\"panel panel-default\">\n<div class=\"panel-body clearfix\">\n<div class=\"fs-have-thumbnail\">\n<header class=\"entry-header\">\n<h4 class=\"entry-title\"><strong><a title=\"Permanentlink zu Stift Melk\" href=\"https:\/\/vspoechlarn.ac.at\/wordpress\/2023\/06\/03\/stift-melk\/\" rel=\"bookmark\">Stift Melk<\/a><\/strong><\/h4>\n<\/header>\n<div class=\"entry-content\">\n<p>Im Mai besuchten die Kinder der 3. Klassen das Stift Melk. Der Besuch der Nordbastei, des Oratoriums, der Stiftsbibliothek, des Marmorsaals\u00a0 und der Kirche standen auf dem Programm und im Anschluss konnten wir noch den wundersch\u00f6nen Park besichtigen. Leider war das Wetter nicht ideal, trotzdem hatten alle viel Spa\u00df.<\/p>\n<p>Wir m\u00f6chten uns ganz herzlich beim Elternverein f\u00fcr die Kosten\u00fcbernahme der Eintrittsgelder bedanken.<\/p>\n<div id=\"gallery_4380_17\" class=\"row\">\n<div id=\"4380-image-4384\" class=\"col-xs-12 col-sm-3 col-md-3\">\n<div class=\"thumbnail\"><a href=\"https:\/\/vspoechlarn.ac.at\/wordpress\/2023\/06\/03\/stift-melk\/20230517_090436\/\"><img loading=\"lazy\" decoding=\"async\" class=\"attachment-large size-large\" src=\"https:\/\/vspoechlarn.ac.at\/wordpress\/wp-content\/uploads\/2023\/06\/20230517_090436-1024x768.jpg\" sizes=\"auto, (max-width: 900px) 100vw, 900px\" srcset=\"https:\/\/vspoechlarn.ac.at\/wordpress\/wp-content\/uploads\/2023\/06\/20230517_090436-1024x768.jpg 1024w, https:\/\/vspoechlarn.ac.at\/wordpress\/wp-content\/uploads\/2023\/06\/20230517_090436-350x263.jpg 350w, https:\/\/vspoechlarn.ac.at\/wordpress\/wp-content\/uploads\/2023\/06\/20230517_090436-1536x1152.jpg 1536w, https:\/\/vspoechlarn.ac.at\/wordpress\/wp-content\/uploads\/2023\/06\/20230517_090436-2048x1536.jpg 2048w, https:\/\/vspoechlarn.ac.at\/wordpress\/wp-content\/uploads\/2023\/06\/20230517_090436-scaled.jpg 1440w\" alt=\"\" width=\"900\" height=\"675\" \/><\/a><\/div>\n<\/div>\n<div id=\"4380-image-4383\" class=\"col-xs-12 col-sm-3 col-md-3\">\n<div class=\"thumbnail\"><a href=\"https:\/\/vspoechlarn.ac.at\/wordpress\/2023\/06\/03\/stift-melk\/20230517_090451\/\"><img loading=\"lazy\" decoding=\"async\" class=\"attachment-large size-large\" src=\"https:\/\/vspoechlarn.ac.at\/wordpress\/wp-content\/uploads\/2023\/06\/20230517_090451-1024x768.jpg\" sizes=\"auto, (max-width: 900px) 100vw, 900px\" srcset=\"https:\/\/vspoechlarn.ac.at\/wordpress\/wp-content\/uploads\/2023\/06\/20230517_090451-1024x768.jpg 1024w, https:\/\/vspoechlarn.ac.at\/wordpress\/wp-content\/uploads\/2023\/06\/20230517_090451-350x263.jpg 350w, https:\/\/vspoechlarn.ac.at\/wordpress\/wp-content\/uploads\/2023\/06\/20230517_090451-1536x1152.jpg 1536w, https:\/\/vspoechlarn.ac.at\/wordpress\/wp-content\/uploads\/2023\/06\/20230517_090451-2048x1536.jpg 2048w, https:\/\/vspoechlarn.ac.at\/wordpress\/wp-content\/uploads\/2023\/06\/20230517_090451-scaled.jpg 1440w\" alt=\"\" width=\"900\" height=\"675\" \/><\/a><\/div>\n<\/div>\n<div id=\"4380-image-4382\" class=\"col-xs-12 col-sm-3 col-md-3\">\n<div class=\"thumbnail\"><a href=\"https:\/\/vspoechlarn.ac.at\/wordpress\/2023\/06\/03\/stift-melk\/20230517_094617-2\/\"><img loading=\"lazy\" decoding=\"async\" class=\"attachment-large size-large\" src=\"https:\/\/vspoechlarn.ac.at\/wordpress\/wp-content\/uploads\/2023\/06\/20230517_094617-1-768x1024.jpg\" sizes=\"auto, (max-width: 768px) 100vw, 768px\" srcset=\"https:\/\/vspoechlarn.ac.at\/wordpress\/wp-content\/uploads\/2023\/06\/20230517_094617-1-768x1024.jpg 768w, https:\/\/vspoechlarn.ac.at\/wordpress\/wp-content\/uploads\/2023\/06\/20230517_094617-1-225x300.jpg 225w, https:\/\/vspoechlarn.ac.at\/wordpress\/wp-content\/uploads\/2023\/06\/20230517_094617-1-1152x1536.jpg 1152w, https:\/\/vspoechlarn.ac.at\/wordpress\/wp-content\/uploads\/2023\/06\/20230517_094617-1-1536x2048.jpg 1536w, https:\/\/vspoechlarn.ac.at\/wordpress\/wp-content\/uploads\/2023\/06\/20230517_094617-1-scaled.jpg 810w\" alt=\"\" width=\"768\" height=\"1024\" \/><\/a><\/div>\n<\/div>\n<div id=\"4380-image-4397\" class=\"col-xs-12 col-sm-3 col-md-3\">\n<div class=\"thumbnail\"><a href=\"https:\/\/vspoechlarn.ac.at\/wordpress\/2023\/06\/03\/stift-melk\/img-20230603-wa0250\/\"><img loading=\"lazy\" decoding=\"async\" class=\"attachment-large size-large\" src=\"https:\/\/vspoechlarn.ac.at\/wordpress\/wp-content\/uploads\/2023\/06\/IMG-20230603-WA0250-768x1024.jpg\" sizes=\"auto, (max-width: 768px) 100vw, 768px\" srcset=\"https:\/\/vspoechlarn.ac.at\/wordpress\/wp-content\/uploads\/2023\/06\/IMG-20230603-WA0250-768x1024.jpg 768w, https:\/\/vspoechlarn.ac.at\/wordpress\/wp-content\/uploads\/2023\/06\/IMG-20230603-WA0250-225x300.jpg 225w, https:\/\/vspoechlarn.ac.at\/wordpress\/wp-content\/uploads\/2023\/06\/IMG-20230603-WA0250-1152x1536.jpg 1152w, https:\/\/vspoechlarn.ac.at\/wordpress\/wp-content\/uploads\/2023\/06\/IMG-20230603-WA0250.jpg 810w\" alt=\"\" width=\"768\" height=\"1024\" \/><\/a><\/div>\n<\/div>\n<div class=\"clearfix visible-md-block visible-lg-block\"><\/div>\n<\/div>\n<\/div>\n<\/div>\n<\/div>\n<div class=\"panel-footer entry-meta\"><small><span class=\"loop-category\"><a class=\"label label-danger\" href=\"https:\/\/vspoechlarn.ac.at\/wordpress\/category\/allgemein\/\">Startseite<\/a>\u00a0<\/span><span class=\"loop-author\">|\u00a0<span class=\"author vcard\"><a class=\"url fn n\" href=\"https:\/\/vspoechlarn.ac.at\/wordpress\/author\/wp-admin\/\">wp-admin<\/a><\/span><\/span>\u00a0<span class=\"loop-date\">|\u00a0<time class=\"entry-date published updated\" datetime=\"2023-06-03T09:30:49+02:00\">3. Juni 2023<\/time><\/span>\u00a0|\u00a0<span class=\"edit-link\"><a class=\"post-edit-link\" href=\"https:\/\/vspoechlarn.ac.at\/wordpress\/wp-admin\/post.php?post=4380&amp;action=edit\">Bearbeiten<\/a><\/span><\/small><\/p>\n<div class=\"clearfix\"><\/div>\n<\/div>\n<\/div>\n<\/article>\n<article id=\"post-4375\" class=\"loop_list post-4375 post type-post status-publish format-standard hentry category-allgemein\">\n<div class=\"panel panel-default\">\n<div class=\"panel-body clearfix\">\n<div class=\"fs-have-thumbnail\">\n<header class=\"entry-header\">\n<h4 class=\"entry-title\"><strong><a title=\"Permanentlink zu Radwandertag 4a\" href=\"https:\/\/vspoechlarn.ac.at\/wordpress\/2023\/05\/26\/radwandertag-4a\/\" rel=\"bookmark\">Radwandertag 4a<\/a><\/strong><\/h4>\n<\/header>\n<div class=\"entry-content\">\n<p>Erstmals seit Jahren macht eine Klasse wieder einen Radwandertag. Bei herrlichem Wetter radelten die M\u00e4dchen und Buben der 4a Klasse heute zum Kraftwerk Melk. Auf der anderen Donauseite ging\u00a0 es nach einer Rast in Luberegg wieder zur\u00fcck zur Schule.<\/p>\n<div id=\"gallery_4375_18\" class=\"row\">\n<div id=\"4375-image-4377\" class=\"col-xs-12 col-sm-4 col-md-4\">\n<div class=\"thumbnail\"><a href=\"https:\/\/vspoechlarn.ac.at\/wordpress\/2023\/05\/26\/radwandertag-4a\/81352c99-6f62-4654-b789-2e53f6319c1a-2\/\"><img loading=\"lazy\" decoding=\"async\" class=\"attachment-large size-large\" src=\"https:\/\/vspoechlarn.ac.at\/wordpress\/wp-content\/uploads\/2023\/05\/81352c99-6f62-4654-b789-2e53f6319c1a-1-1024x768.jpg\" sizes=\"auto, (max-width: 900px) 100vw, 900px\" srcset=\"https:\/\/vspoechlarn.ac.at\/wordpress\/wp-content\/uploads\/2023\/05\/81352c99-6f62-4654-b789-2e53f6319c1a-1-1024x768.jpg 1024w, https:\/\/vspoechlarn.ac.at\/wordpress\/wp-content\/uploads\/2023\/05\/81352c99-6f62-4654-b789-2e53f6319c1a-1-350x263.jpg 350w, https:\/\/vspoechlarn.ac.at\/wordpress\/wp-content\/uploads\/2023\/05\/81352c99-6f62-4654-b789-2e53f6319c1a-1-1536x1152.jpg 1536w, https:\/\/vspoechlarn.ac.at\/wordpress\/wp-content\/uploads\/2023\/05\/81352c99-6f62-4654-b789-2e53f6319c1a-1.jpg 1440w\" alt=\"\" width=\"900\" height=\"675\" \/><\/a><\/div>\n<\/div>\n<\/div>\n<\/div>\n<\/div>\n<\/div>\n<div class=\"panel-footer entry-meta\"><small><span class=\"loop-category\"><a class=\"label label-danger\" href=\"https:\/\/vspoechlarn.ac.at\/wordpress\/category\/allgemein\/\">Startseite<\/a>\u00a0<\/span><span class=\"loop-author\">|\u00a0<span class=\"author vcard\"><a class=\"url fn n\" href=\"https:\/\/vspoechlarn.ac.at\/wordpress\/author\/wp-admin\/\">wp-admin<\/a><\/span><\/span>\u00a0<span class=\"loop-date\">|\u00a0<time class=\"entry-date published updated\" datetime=\"2023-05-26T10:33:15+02:00\">26. Mai 2023<\/time><\/span>\u00a0|\u00a0<span class=\"edit-link\"><a class=\"post-edit-link\" href=\"https:\/\/vspoechlarn.ac.at\/wordpress\/wp-admin\/post.php?post=4375&amp;action=edit\">Bearbeiten<\/a><\/span><\/small><\/p>\n<div class=\"clearfix\"><\/div>\n<\/div>\n<\/div>\n<\/article>\n<article id=\"post-4368\" class=\"loop_list post-4368 post type-post status-publish format-standard hentry category-allgemein\">\n<div class=\"panel panel-default\">\n<div class=\"panel-body clearfix\">\n<div class=\"fs-have-thumbnail\">\n<header class=\"entry-header\">\n<h4 class=\"entry-title\"><strong><a title=\"Permanentlink zu Vorlesen im Kindergarten\" href=\"https:\/\/vspoechlarn.ac.at\/wordpress\/2023\/05\/15\/vorlesen-im-kindergarten-2\/\" rel=\"bookmark\">Vorlesen im Kindergarten<\/a><\/strong><\/h4>\n<\/header>\n<div class=\"entry-content\">\n<p>Am Freitag besuchten M\u00e4dchen und Buben der 1b Klasse den Kindergarten. Im Gep\u00e4ck hatten sie das Bilderbuch: Wenn die Ziege schwimmen lernt. Gebannt lauschten die zuk\u00fcnftigen Schulanf\u00e4nger dem wirklich anspruchsvollen Vortrag. Claudia, Liam, Lilia, Eva, Lukas und Moritz machten ihre Sache hervorragend.<\/p>\n<div id=\"gallery_4368_19\" class=\"row\">\n<div id=\"4368-image-4369\" class=\"col-xs-12 col-sm-4 col-md-4\">\n<div class=\"thumbnail\"><a href=\"https:\/\/vspoechlarn.ac.at\/wordpress\/2023\/05\/15\/vorlesen-im-kindergarten-2\/img_4721-mittel\/\"><img loading=\"lazy\" decoding=\"async\" class=\"attachment-large size-large\" src=\"https:\/\/vspoechlarn.ac.at\/wordpress\/wp-content\/uploads\/2023\/05\/IMG_4721-Mittel.jpg\" sizes=\"auto, (max-width: 900px) 100vw, 900px\" srcset=\"https:\/\/vspoechlarn.ac.at\/wordpress\/wp-content\/uploads\/2023\/05\/IMG_4721-Mittel.jpg 1024w, https:\/\/vspoechlarn.ac.at\/wordpress\/wp-content\/uploads\/2023\/05\/IMG_4721-Mittel-350x263.jpg 350w\" alt=\"\" width=\"900\" height=\"675\" \/><\/a><\/div>\n<\/div>\n<\/div>\n<\/div>\n<\/div>\n<\/div>\n<div class=\"panel-footer entry-meta\"><small><span class=\"loop-category\"><a class=\"label label-danger\" href=\"https:\/\/vspoechlarn.ac.at\/wordpress\/category\/allgemein\/\">Startseite<\/a>\u00a0<\/span><span class=\"loop-author\">|\u00a0<span class=\"author vcard\"><a class=\"url fn n\" href=\"https:\/\/vspoechlarn.ac.at\/wordpress\/author\/wp-admin\/\">wp-admin<\/a><\/span><\/span>\u00a0<span class=\"loop-date\">|\u00a0<time class=\"entry-date published updated\" datetime=\"2023-05-15T09:07:14+02:00\">15. Mai 2023<\/time><\/span>\u00a0|\u00a0<span class=\"edit-link\"><a class=\"post-edit-link\" href=\"https:\/\/vspoechlarn.ac.at\/wordpress\/wp-admin\/post.php?post=4368&amp;action=edit\">Bearbeiten<\/a><\/span><\/small><\/p>\n<div class=\"clearfix\"><\/div>\n<\/div>\n<\/div>\n<\/article>\n<article id=\"post-4361\" class=\"loop_list post-4361 post type-post status-publish format-standard hentry category-allgemein\">\n<div class=\"panel panel-default\">\n<div class=\"panel-body clearfix\">\n<div class=\"fs-have-thumbnail\">\n<header class=\"entry-header\">\n<h4 class=\"entry-title\"><strong><a title=\"Permanentlink zu Ein wundersch\u00f6ner Waldtag\" href=\"https:\/\/vspoechlarn.ac.at\/wordpress\/2023\/05\/12\/ein-wunderschoener-waldtag\/\" rel=\"bookmark\">Ein wundersch\u00f6ner Waldtag<\/a><\/strong><\/h4>\n<\/header>\n<div class=\"entry-content\">\n<div id=\"Item.MessagePartBody\" class=\"_rp_T4\">\n<div id=\"Item.MessageUniqueBody\" class=\"_rp_U4 ms-font-weight-regular ms-font-color-neutralDark rpHighlightAllClass rpHighlightBodyClass\">\n<div class=\"rps_f508\">\n<div>\n<div lang=\"DE\">\n<div class=\"x_WordSection1\">\n<p class=\"x_MsoNormal\">Am Donnerstag durfte die 2a einen Vormittag im Wald erleben. Anhand von genauem Beobachten, Spielen, Quizfragen und Bauen mit Naturmaterialien<\/p>\n<p class=\"x_MsoNormal\">erfuhren die Kinder sehr deutlich, warum der Wald und seine Bewohner sch\u00fctzenswert sind.<\/p>\n<p class=\"x_MsoNormal\">Die Zeit am Hiesberg war toll, aber zu schnell vorbei. Ein Dankesch\u00f6n an den F\u00f6rster Fritz Wolf!<\/p>\n<p>Au\u00dferdem wollen wir uns wieder ganz herzlich bei unserem Elternverein f\u00fcr die Busfinanzierung bedanken.<\/p>\n<div id=\"gallery_4361_20\" class=\"row\">\n<div id=\"4361-image-4363\" class=\"col-xs-12 col-sm-3 col-md-3\">\n<div class=\"thumbnail\"><a href=\"https:\/\/vspoechlarn.ac.at\/wordpress\/2023\/05\/12\/ein-wunderschoener-waldtag\/20230511_085254-mittel\/\"><img loading=\"lazy\" decoding=\"async\" class=\"attachment-large size-large\" src=\"https:\/\/vspoechlarn.ac.at\/wordpress\/wp-content\/uploads\/2023\/05\/20230511_085254-Mittel-rotated.jpg\" sizes=\"auto, (max-width: 768px) 100vw, 768px\" srcset=\"https:\/\/vspoechlarn.ac.at\/wordpress\/wp-content\/uploads\/2023\/05\/20230511_085254-Mittel-rotated.jpg 768w, https:\/\/vspoechlarn.ac.at\/wordpress\/wp-content\/uploads\/2023\/05\/20230511_085254-Mittel-225x300.jpg 225w\" alt=\"\" width=\"768\" height=\"1024\" \/><\/a><\/div>\n<\/div>\n<div id=\"4361-image-4364\" class=\"col-xs-12 col-sm-3 col-md-3\">\n<div class=\"thumbnail\"><a href=\"https:\/\/vspoechlarn.ac.at\/wordpress\/2023\/05\/12\/ein-wunderschoener-waldtag\/20230511_093220-mittel\/\"><img loading=\"lazy\" decoding=\"async\" class=\"attachment-large size-large\" src=\"https:\/\/vspoechlarn.ac.at\/wordpress\/wp-content\/uploads\/2023\/05\/20230511_093220-Mittel-rotated.jpg\" sizes=\"auto, (max-width: 768px) 100vw, 768px\" srcset=\"https:\/\/vspoechlarn.ac.at\/wordpress\/wp-content\/uploads\/2023\/05\/20230511_093220-Mittel-rotated.jpg 768w, https:\/\/vspoechlarn.ac.at\/wordpress\/wp-content\/uploads\/2023\/05\/20230511_093220-Mittel-225x300.jpg 225w\" alt=\"\" width=\"768\" height=\"1024\" \/><\/a><\/div>\n<\/div>\n<div id=\"4361-image-4365\" class=\"col-xs-12 col-sm-3 col-md-3\">\n<div class=\"thumbnail\"><a href=\"https:\/\/vspoechlarn.ac.at\/wordpress\/2023\/05\/12\/ein-wunderschoener-waldtag\/20230511_093930-mittel\/\"><img loading=\"lazy\" decoding=\"async\" class=\"attachment-large size-large\" src=\"https:\/\/vspoechlarn.ac.at\/wordpress\/wp-content\/uploads\/2023\/05\/20230511_093930-Mittel-rotated.jpg\" sizes=\"auto, (max-width: 768px) 100vw, 768px\" srcset=\"https:\/\/vspoechlarn.ac.at\/wordpress\/wp-content\/uploads\/2023\/05\/20230511_093930-Mittel-rotated.jpg 768w, https:\/\/vspoechlarn.ac.at\/wordpress\/wp-content\/uploads\/2023\/05\/20230511_093930-Mittel-225x300.jpg 225w\" alt=\"\" width=\"768\" height=\"1024\" \/><\/a><\/div>\n<\/div>\n<div id=\"4361-image-4366\" class=\"col-xs-12 col-sm-3 col-md-3\">\n<div class=\"thumbnail\"><a href=\"https:\/\/vspoechlarn.ac.at\/wordpress\/2023\/05\/12\/ein-wunderschoener-waldtag\/20230511_101128-mittel\/\"><img loading=\"lazy\" decoding=\"async\" class=\"attachment-large size-large\" src=\"https:\/\/vspoechlarn.ac.at\/wordpress\/wp-content\/uploads\/2023\/05\/20230511_101128-Mittel.jpg\" sizes=\"auto, (max-width: 900px) 100vw, 900px\" srcset=\"https:\/\/vspoechlarn.ac.at\/wordpress\/wp-content\/uploads\/2023\/05\/20230511_101128-Mittel.jpg 1024w, https:\/\/vspoechlarn.ac.at\/wordpress\/wp-content\/uploads\/2023\/05\/20230511_101128-Mittel-350x263.jpg 350w\" alt=\"\" width=\"900\" height=\"675\" \/><\/a><\/div>\n<\/div>\n<div class=\"clearfix visible-md-block visible-lg-block\"><\/div>\n<\/div>\n<\/div>\n<\/div>\n<\/div>\n<\/div>\n<\/div>\n<\/div>\n<div class=\"_pe_d _pe_62\" tabindex=\"-1\" aria-expanded=\"false\" aria-haspopup=\"false\"><\/div>\n<\/div>\n<\/div>\n<\/div>\n<div class=\"panel-footer entry-meta\"><small><span class=\"loop-category\"><a class=\"label label-danger\" href=\"https:\/\/vspoechlarn.ac.at\/wordpress\/category\/allgemein\/\">Startseite<\/a>\u00a0<\/span><span class=\"loop-author\">|\u00a0<span class=\"author vcard\"><a class=\"url fn n\" href=\"https:\/\/vspoechlarn.ac.at\/wordpress\/author\/wp-admin\/\">wp-admin<\/a><\/span><\/span>\u00a0<span class=\"loop-date\">|\u00a0<time class=\"entry-date published updated\" datetime=\"2023-05-12T09:02:55+02:00\">12. Mai 2023<\/time><\/span>\u00a0|\u00a0<span class=\"edit-link\"><a class=\"post-edit-link\" href=\"https:\/\/vspoechlarn.ac.at\/wordpress\/wp-admin\/post.php?post=4361&amp;action=edit\">Bearbeiten<\/a><\/span><\/small><\/p>\n<div class=\"clearfix\"><\/div>\n<\/div>\n<\/div>\n<\/article>\n<article id=\"post-4356\" class=\"loop_list post-4356 post type-post status-publish format-standard hentry category-allgemein\">\n<div class=\"panel panel-default\">\n<div class=\"panel-body clearfix\">\n<div class=\"fs-have-thumbnail\">\n<header class=\"entry-header\">\n<h4 class=\"entry-title\"><strong><a title=\"Permanentlink zu Wakany die Berufefee\" href=\"https:\/\/vspoechlarn.ac.at\/wordpress\/2023\/05\/11\/wakany-die-berufefee\/\" rel=\"bookmark\">Wakany die Berufefee<\/a><\/strong><\/h4>\n<\/header>\n<div class=\"entry-content\">\n<p>Gestern war das Kindertheater \u201eWakany, die Berufefee\u201c zu Gast an unserer Schule, und versuchte den Kindern der 3. und 4. Klassen die Wichtigkeit der richtigen Berufswahl zu verdeutlichen.<\/p>\n<div id=\"gallery_4356_21\" class=\"row\">\n<div id=\"4356-image-4359\" class=\"col-xs-12 col-sm-4 col-md-4\">\n<div class=\"thumbnail\"><a href=\"https:\/\/vspoechlarn.ac.at\/wordpress\/2023\/05\/11\/wakany-die-berufefee\/img_4710-mittel\/\"><img loading=\"lazy\" decoding=\"async\" class=\"attachment-large size-large\" src=\"https:\/\/vspoechlarn.ac.at\/wordpress\/wp-content\/uploads\/2023\/05\/IMG_4710-Mittel.jpg\" sizes=\"auto, (max-width: 900px) 100vw, 900px\" srcset=\"https:\/\/vspoechlarn.ac.at\/wordpress\/wp-content\/uploads\/2023\/05\/IMG_4710-Mittel.jpg 1024w, https:\/\/vspoechlarn.ac.at\/wordpress\/wp-content\/uploads\/2023\/05\/IMG_4710-Mittel-350x263.jpg 350w\" alt=\"\" width=\"900\" height=\"675\" \/><\/a><\/div>\n<\/div>\n<\/div>\n<p>&nbsp;<\/p>\n<\/div>\n<\/div>\n<\/div>\n<div class=\"panel-footer entry-meta\"><small><span class=\"loop-category\"><a class=\"label label-danger\" href=\"https:\/\/vspoechlarn.ac.at\/wordpress\/category\/allgemein\/\">Startseite<\/a>\u00a0<\/span><span class=\"loop-author\">|\u00a0<span class=\"author vcard\"><a class=\"url fn n\" href=\"https:\/\/vspoechlarn.ac.at\/wordpress\/author\/wp-admin\/\">wp-admin<\/a><\/span><\/span>\u00a0<span class=\"loop-date\">|\u00a0<time class=\"entry-date published updated\" datetime=\"2023-05-11T11:59:27+02:00\">11. Mai 2023<\/time><\/span>\u00a0|\u00a0<span class=\"edit-link\"><a class=\"post-edit-link\" href=\"https:\/\/vspoechlarn.ac.at\/wordpress\/wp-admin\/post.php?post=4356&amp;action=edit\">Bearbeiten<\/a><\/span><\/small><\/p>\n<div class=\"clearfix\"><\/div>\n<\/div>\n<\/div>\n<\/article>\n<article id=\"post-4352\" class=\"loop_list post-4352 post type-post status-publish format-standard hentry category-allgemein\">\n<div class=\"panel panel-default\">\n<div class=\"panel-body clearfix\">\n<div class=\"fs-have-thumbnail\">\n<header class=\"entry-header\">\n<h4 class=\"entry-title\"><strong><a title=\"Permanentlink zu Tandemschach\" href=\"https:\/\/vspoechlarn.ac.at\/wordpress\/2023\/05\/11\/tandemschach\/\" rel=\"bookmark\">Tandemschach<\/a><\/strong><\/h4>\n<\/header>\n<div class=\"entry-content\">\n<p>Bei unserem Tandemschachturnier, bei dem es wieder tolle Preise gab \u2013 die Pokale spendeten Frau Bgm. Barbara Kainz und Herr Ing. Robert. Gattermayer, konnte sich das Duo, Lukas und Lucas, gegen die Konkurrenz knapp behaupten. Auf Platz 2 landeten\u00a0 Nawaf und Eyad.<\/p>\n<div id=\"gallery_4352_22\" class=\"row\">\n<div id=\"4352-image-4353\" class=\"col-xs-12 col-sm-4 col-md-4\">\n<div class=\"thumbnail\"><a href=\"https:\/\/vspoechlarn.ac.at\/wordpress\/2023\/05\/11\/tandemschach\/img_4713-mittel\/\"><img loading=\"lazy\" decoding=\"async\" class=\"attachment-large size-large\" src=\"https:\/\/vspoechlarn.ac.at\/wordpress\/wp-content\/uploads\/2023\/05\/IMG_4713-Mittel.jpg\" sizes=\"auto, (max-width: 900px) 100vw, 900px\" srcset=\"https:\/\/vspoechlarn.ac.at\/wordpress\/wp-content\/uploads\/2023\/05\/IMG_4713-Mittel.jpg 1024w, https:\/\/vspoechlarn.ac.at\/wordpress\/wp-content\/uploads\/2023\/05\/IMG_4713-Mittel-350x263.jpg 350w\" alt=\"\" width=\"900\" height=\"675\" \/><\/a><\/div>\n<\/div>\n<div id=\"4352-image-4354\" class=\"col-xs-12 col-sm-4 col-md-4\">\n<div class=\"thumbnail\"><a href=\"https:\/\/vspoechlarn.ac.at\/wordpress\/2023\/05\/11\/tandemschach\/img_4714-mittel\/\"><img loading=\"lazy\" decoding=\"async\" class=\"attachment-large size-large\" src=\"https:\/\/vspoechlarn.ac.at\/wordpress\/wp-content\/uploads\/2023\/05\/IMG_4714-Mittel.jpg\" sizes=\"auto, (max-width: 900px) 100vw, 900px\" srcset=\"https:\/\/vspoechlarn.ac.at\/wordpress\/wp-content\/uploads\/2023\/05\/IMG_4714-Mittel.jpg 1024w, https:\/\/vspoechlarn.ac.at\/wordpress\/wp-content\/uploads\/2023\/05\/IMG_4714-Mittel-350x263.jpg 350w\" alt=\"\" width=\"900\" height=\"675\" \/><\/a><\/div>\n<\/div>\n<\/div>\n<\/div>\n<\/div>\n<\/div>\n<div class=\"panel-footer entry-meta\"><small><span class=\"loop-category\"><a class=\"label label-danger\" href=\"https:\/\/vspoechlarn.ac.at\/wordpress\/category\/allgemein\/\">Startseite<\/a>\u00a0<\/span><span class=\"loop-author\">|\u00a0<span class=\"author vcard\"><a class=\"url fn n\" href=\"https:\/\/vspoechlarn.ac.at\/wordpress\/author\/wp-admin\/\">wp-admin<\/a><\/span><\/span>\u00a0<span class=\"loop-date\">|\u00a0<time class=\"entry-date published updated\" datetime=\"2023-05-11T11:46:50+02:00\">11. Mai 2023<\/time><\/span>\u00a0|\u00a0<span class=\"edit-link\"><a class=\"post-edit-link\" href=\"https:\/\/vspoechlarn.ac.at\/wordpress\/wp-admin\/post.php?post=4352&amp;action=edit\">Bearbeiten<\/a><\/span><\/small><\/p>\n<div class=\"clearfix\"><\/div>\n<\/div>\n<\/div>\n<\/article>\n<article id=\"post-4346\" class=\"loop_list post-4346 post type-post status-publish format-standard hentry category-allgemein\">\n<div class=\"panel panel-default\">\n<div class=\"panel-body clearfix\">\n<div class=\"fs-have-thumbnail\">\n<header class=\"entry-header\">\n<h4 class=\"entry-title\"><strong><a title=\"Permanentlink zu AnTONNIa checkt die echten Helden\" href=\"https:\/\/vspoechlarn.ac.at\/wordpress\/2023\/05\/09\/antonnia-checkt-die-echten-helden\/\" rel=\"bookmark\">AnTONNIa checkt die echten Helden<\/a><\/strong><\/h4>\n<\/header>\n<div class=\"entry-content\">\n<p>Am 3. Mai besuchte AnTonnia \u201edie lustigste M\u00fclltonne Nieder\u00f6sterreichs\u201c die Kinder der 3. und 4. Klassen. Auf ungemein unterhaltsame Art erz\u00e4hlte sie\u00a0 von ihrem Leben und all den Problemen, die ihr als M\u00fclltonne widerfahren. Richtiges M\u00fclltrennen und M\u00fcllvermeiden sollten f\u00fcr unsere Sch\u00fclerinnen und Sch\u00fcler nun ganz easy sein.<\/p>\n<div id=\"gallery_4346_23\" class=\"row\">\n<div id=\"4346-image-4347\" class=\"col-xs-12 col-sm-3 col-md-3\">\n<div class=\"thumbnail\"><a href=\"https:\/\/vspoechlarn.ac.at\/wordpress\/2023\/05\/09\/antonnia-checkt-die-echten-helden\/img_4679-mittel\/\"><img loading=\"lazy\" decoding=\"async\" class=\"attachment-large size-large\" src=\"https:\/\/vspoechlarn.ac.at\/wordpress\/wp-content\/uploads\/2023\/05\/IMG_4679-Mittel.jpg\" sizes=\"auto, (max-width: 900px) 100vw, 900px\" srcset=\"https:\/\/vspoechlarn.ac.at\/wordpress\/wp-content\/uploads\/2023\/05\/IMG_4679-Mittel.jpg 1024w, https:\/\/vspoechlarn.ac.at\/wordpress\/wp-content\/uploads\/2023\/05\/IMG_4679-Mittel-350x263.jpg 350w\" alt=\"\" width=\"900\" height=\"675\" \/><\/a><\/div>\n<\/div>\n<div id=\"4346-image-4348\" class=\"col-xs-12 col-sm-3 col-md-3\">\n<div class=\"thumbnail\"><a href=\"https:\/\/vspoechlarn.ac.at\/wordpress\/2023\/05\/09\/antonnia-checkt-die-echten-helden\/img_4681-mittel\/\"><img loading=\"lazy\" decoding=\"async\" class=\"attachment-large size-large\" src=\"https:\/\/vspoechlarn.ac.at\/wordpress\/wp-content\/uploads\/2023\/05\/IMG_4681-Mittel-rotated.jpg\" sizes=\"auto, (max-width: 768px) 100vw, 768px\" srcset=\"https:\/\/vspoechlarn.ac.at\/wordpress\/wp-content\/uploads\/2023\/05\/IMG_4681-Mittel-rotated.jpg 768w, https:\/\/vspoechlarn.ac.at\/wordpress\/wp-content\/uploads\/2023\/05\/IMG_4681-Mittel-225x300.jpg 225w\" alt=\"\" width=\"768\" height=\"1024\" \/><\/a><\/div>\n<\/div>\n<div id=\"4346-image-4349\" class=\"col-xs-12 col-sm-3 col-md-3\">\n<div class=\"thumbnail\"><a href=\"https:\/\/vspoechlarn.ac.at\/wordpress\/2023\/05\/09\/antonnia-checkt-die-echten-helden\/img_4683-mittel\/\"><img loading=\"lazy\" decoding=\"async\" class=\"attachment-large size-large\" src=\"https:\/\/vspoechlarn.ac.at\/wordpress\/wp-content\/uploads\/2023\/05\/IMG_4683-Mittel-rotated.jpg\" sizes=\"auto, (max-width: 768px) 100vw, 768px\" srcset=\"https:\/\/vspoechlarn.ac.at\/wordpress\/wp-content\/uploads\/2023\/05\/IMG_4683-Mittel-rotated.jpg 768w, https:\/\/vspoechlarn.ac.at\/wordpress\/wp-content\/uploads\/2023\/05\/IMG_4683-Mittel-225x300.jpg 225w\" alt=\"\" width=\"768\" height=\"1024\" \/><\/a><\/div>\n<\/div>\n<div id=\"4346-image-4350\" class=\"col-xs-12 col-sm-3 col-md-3\">\n<div class=\"thumbnail\"><a href=\"https:\/\/vspoechlarn.ac.at\/wordpress\/2023\/05\/09\/antonnia-checkt-die-echten-helden\/img_4688-mittel\/\"><img loading=\"lazy\" decoding=\"async\" class=\"attachment-large size-large\" src=\"https:\/\/vspoechlarn.ac.at\/wordpress\/wp-content\/uploads\/2023\/05\/IMG_4688-Mittel.jpg\" sizes=\"auto, (max-width: 900px) 100vw, 900px\" srcset=\"https:\/\/vspoechlarn.ac.at\/wordpress\/wp-content\/uploads\/2023\/05\/IMG_4688-Mittel.jpg 1024w, https:\/\/vspoechlarn.ac.at\/wordpress\/wp-content\/uploads\/2023\/05\/IMG_4688-Mittel-350x263.jpg 350w\" alt=\"\" width=\"900\" height=\"675\" \/><\/a><\/div>\n<\/div>\n<div class=\"clearfix visible-md-block visible-lg-block\"><\/div>\n<\/div>\n<p>&nbsp;<\/p>\n<\/div>\n<\/div>\n<\/div>\n<div class=\"panel-footer entry-meta\"><small><span class=\"loop-category\"><a class=\"label label-danger\" href=\"https:\/\/vspoechlarn.ac.at\/wordpress\/category\/allgemein\/\">Startseite<\/a>\u00a0<\/span><span class=\"loop-author\">|\u00a0<span class=\"author vcard\"><a class=\"url fn n\" href=\"https:\/\/vspoechlarn.ac.at\/wordpress\/author\/wp-admin\/\">wp-admin<\/a><\/span><\/span>\u00a0<span class=\"loop-date\">|\u00a0<time class=\"entry-date published updated\" datetime=\"2023-05-09T09:28:28+02:00\">9. Mai 2023<\/time><\/span>\u00a0|\u00a0<span class=\"edit-link\"><a class=\"post-edit-link\" href=\"https:\/\/vspoechlarn.ac.at\/wordpress\/wp-admin\/post.php?post=4346&amp;action=edit\">Bearbeiten<\/a><\/span><\/small><\/p>\n<div class=\"clearfix\"><\/div>\n<\/div>\n<\/div>\n<\/article>\n<article id=\"post-4333\" class=\"loop_list post-4333 post type-post status-publish format-standard hentry category-allgemein\">\n<div class=\"panel panel-default\">\n<div class=\"panel-body clearfix\">\n<div class=\"fs-have-thumbnail\">\n<header class=\"entry-header\">\n<h4 class=\"entry-title\"><strong><a title=\"Permanentlink zu Aktion Landeshauptstadt\" href=\"https:\/\/vspoechlarn.ac.at\/wordpress\/2023\/05\/02\/aktion-landeshauptstadt\/\" rel=\"bookmark\">Aktion Landeshauptstadt<\/a><\/strong><\/h4>\n<\/header>\n<div class=\"entry-content\">\n<p>Am 26.4.2023 besuchten unsere 4. Klassen die Landeshauptstadt St. P\u00f6lten. Sie besichtigten das Regierungsviertel (mit dem Klangturm) und die Altstadt. Zur St\u00e4rkung nahmen die Kinder ihr Mittagessen in der HTBLuVA ein. Es war ein sehr informativer und interessanter Tag!<\/p>\n<div id=\"gallery_4333_24\" class=\"row\">\n<div id=\"4333-image-4340\" class=\"col-xs-12 col-sm-4 col-md-4\">\n<div class=\"thumbnail\"><a href=\"https:\/\/vspoechlarn.ac.at\/wordpress\/2023\/05\/02\/aktion-landeshauptstadt\/st-poelten-1-mittel-2\/\"><img loading=\"lazy\" decoding=\"async\" class=\"attachment-large size-large\" src=\"https:\/\/vspoechlarn.ac.at\/wordpress\/wp-content\/uploads\/2023\/05\/St.Poelten-1-Mittel-1.jpg\" sizes=\"auto, (max-width: 596px) 100vw, 596px\" srcset=\"https:\/\/vspoechlarn.ac.at\/wordpress\/wp-content\/uploads\/2023\/05\/St.Poelten-1-Mittel-1.jpg 596w, https:\/\/vspoechlarn.ac.at\/wordpress\/wp-content\/uploads\/2023\/05\/St.Poelten-1-Mittel-1-288x300.jpg 288w\" alt=\"\" width=\"596\" height=\"621\" \/><\/a><\/div>\n<\/div>\n<div id=\"4333-image-4341\" class=\"col-xs-12 col-sm-4 col-md-4\">\n<div class=\"thumbnail\"><a href=\"https:\/\/vspoechlarn.ac.at\/wordpress\/2023\/05\/02\/aktion-landeshauptstadt\/st-poelten-2-mittel-2\/\"><img loading=\"lazy\" decoding=\"async\" class=\"attachment-large size-large\" src=\"https:\/\/vspoechlarn.ac.at\/wordpress\/wp-content\/uploads\/2023\/05\/St.Poelten-2-Mittel-1.jpg\" sizes=\"auto, (max-width: 616px) 100vw, 616px\" srcset=\"https:\/\/vspoechlarn.ac.at\/wordpress\/wp-content\/uploads\/2023\/05\/St.Poelten-2-Mittel-1.jpg 616w, https:\/\/vspoechlarn.ac.at\/wordpress\/wp-content\/uploads\/2023\/05\/St.Poelten-2-Mittel-1-253x300.jpg 253w\" alt=\"\" width=\"616\" height=\"730\" \/><\/a><\/div>\n<\/div>\n<div id=\"4333-image-4342\" class=\"col-xs-12 col-sm-4 col-md-4\">\n<div class=\"thumbnail\"><a href=\"https:\/\/vspoechlarn.ac.at\/wordpress\/2023\/05\/02\/aktion-landeshauptstadt\/st-poelten-3-mittel-2\/\"><img loading=\"lazy\" decoding=\"async\" class=\"attachment-large size-large\" src=\"https:\/\/vspoechlarn.ac.at\/wordpress\/wp-content\/uploads\/2023\/05\/St.Poelten-3-Mittel-1.jpg\" sizes=\"auto, (max-width: 900px) 100vw, 900px\" srcset=\"https:\/\/vspoechlarn.ac.at\/wordpress\/wp-content\/uploads\/2023\/05\/St.Poelten-3-Mittel-1.jpg 1024w, https:\/\/vspoechlarn.ac.at\/wordpress\/wp-content\/uploads\/2023\/05\/St.Poelten-3-Mittel-1-350x263.jpg 350w\" alt=\"\" width=\"900\" height=\"675\" \/><\/a><\/div>\n<\/div>\n<div class=\"clearfix visible-md-block visible-lg-block\"><\/div>\n<div id=\"4333-image-4343\" class=\"col-xs-12 col-sm-4 col-md-4\">\n<div class=\"thumbnail\"><a href=\"https:\/\/vspoechlarn.ac.at\/wordpress\/2023\/05\/02\/aktion-landeshauptstadt\/st-poelten-4-mittel-2\/\"><img loading=\"lazy\" decoding=\"async\" class=\"attachment-large size-large\" src=\"https:\/\/vspoechlarn.ac.at\/wordpress\/wp-content\/uploads\/2023\/05\/St.Poelten-4-Mittel-1.jpg\" sizes=\"auto, (max-width: 900px) 100vw, 900px\" srcset=\"https:\/\/vspoechlarn.ac.at\/wordpress\/wp-content\/uploads\/2023\/05\/St.Poelten-4-Mittel-1.jpg 1024w, https:\/\/vspoechlarn.ac.at\/wordpress\/wp-content\/uploads\/2023\/05\/St.Poelten-4-Mittel-1-350x263.jpg 350w\" alt=\"\" width=\"900\" height=\"675\" \/><\/a><\/div>\n<\/div>\n<\/div>\n<\/div>\n<\/div>\n<\/div>\n<div class=\"panel-footer entry-meta\"><small><span class=\"loop-category\"><a class=\"label label-danger\" href=\"https:\/\/vspoechlarn.ac.at\/wordpress\/category\/allgemein\/\">Startseite<\/a>\u00a0<\/span><span class=\"loop-author\">|\u00a0<span class=\"author vcard\"><a class=\"url fn n\" href=\"https:\/\/vspoechlarn.ac.at\/wordpress\/author\/wp-admin\/\">wp-admin<\/a><\/span><\/span>\u00a0<span class=\"loop-date\">|\u00a0<time class=\"entry-date published updated\" datetime=\"2023-05-02T10:32:51+02:00\">2. Mai 2023<\/time><\/span>\u00a0|\u00a0<span class=\"edit-link\"><a class=\"post-edit-link\" href=\"https:\/\/vspoechlarn.ac.at\/wordpress\/wp-admin\/post.php?post=4333&amp;action=edit\">Bearbeiten<\/a><\/span><\/small><\/p>\n<div class=\"clearfix\"><\/div>\n<\/div>\n<\/div>\n<\/article>\n<article id=\"post-4330\" class=\"loop_list post-4330 post type-post status-publish format-standard hentry category-allgemein\">\n<div class=\"panel panel-default\">\n<div class=\"panel-body clearfix\">\n<div class=\"fs-have-thumbnail\">\n<header class=\"entry-header\">\n<h4 class=\"entry-title\"><strong><a title=\"Permanentlink zu Sumsi Erima Fu\u00dfball Cup\" href=\"https:\/\/vspoechlarn.ac.at\/wordpress\/2023\/04\/28\/sumsi-erima-fussball-cup\/\" rel=\"bookmark\">Sumsi Erima Fu\u00dfball Cup<\/a><\/strong><\/h4>\n<\/header>\n<div class=\"entry-content\">\n<p>Mit gro\u00dfem Engagement bestritten die Buben der VS P\u00f6chlarn gestern beim Fu\u00dfball Cup f\u00fcr Volksschulen in Kilb die Gruppenphase. Nach 2 Unentschieden und 2 Siegen verloren sie leider gegen Mank, womit der Traum vom Viertelfinale leider geplatzt war.<\/p>\n<div id=\"gallery_4330_25\" class=\"row\">\n<div id=\"4330-image-4331\" class=\"col-xs-12 col-sm-12 col-md-12\">\n<div class=\"thumbnail\"><a href=\"https:\/\/vspoechlarn.ac.at\/wordpress\/2023\/04\/28\/sumsi-erima-fussball-cup\/img_4586-mittel\/\"><img loading=\"lazy\" decoding=\"async\" class=\"attachment-large size-large\" src=\"https:\/\/vspoechlarn.ac.at\/wordpress\/wp-content\/uploads\/2023\/04\/IMG_4586-Mittel.jpg\" sizes=\"auto, (max-width: 900px) 100vw, 900px\" srcset=\"https:\/\/vspoechlarn.ac.at\/wordpress\/wp-content\/uploads\/2023\/04\/IMG_4586-Mittel.jpg 1024w, https:\/\/vspoechlarn.ac.at\/wordpress\/wp-content\/uploads\/2023\/04\/IMG_4586-Mittel-350x263.jpg 350w\" alt=\"\" width=\"900\" height=\"675\" \/><\/a><\/div>\n<\/div>\n<div class=\"clearfix visible-md-block visible-lg-block\"><\/div>\n<\/div>\n<\/div>\n<\/div>\n<\/div>\n<div class=\"panel-footer entry-meta\"><small><span class=\"loop-category\"><a class=\"label label-danger\" href=\"https:\/\/vspoechlarn.ac.at\/wordpress\/category\/allgemein\/\">Startseite<\/a>\u00a0<\/span><span class=\"loop-author\">|\u00a0<span class=\"author vcard\"><a class=\"url fn n\" href=\"https:\/\/vspoechlarn.ac.at\/wordpress\/author\/wp-admin\/\">wp-admin<\/a><\/span><\/span>\u00a0<span class=\"loop-date\">|\u00a0<time class=\"entry-date published updated\" datetime=\"2023-04-28T08:14:23+02:00\">28. April 2023<\/time><\/span>\u00a0|\u00a0<span class=\"edit-link\"><a class=\"post-edit-link\" href=\"https:\/\/vspoechlarn.ac.at\/wordpress\/wp-admin\/post.php?post=4330&amp;action=edit\">Bearbeiten<\/a><\/span><\/small><\/p>\n<div class=\"clearfix\"><\/div>\n<\/div>\n<\/div>\n<\/article>\n<article id=\"post-4324\" class=\"loop_list post-4324 post type-post status-publish format-standard hentry category-allgemein\">\n<div class=\"panel panel-default\">\n<div class=\"panel-body clearfix\">\n<div class=\"fs-have-thumbnail\">\n<header class=\"entry-header\">\n<h4 class=\"entry-title\"><strong><a title=\"Permanentlink zu Bobby Bottle\" href=\"https:\/\/vspoechlarn.ac.at\/wordpress\/2023\/04\/25\/bobby-bottle\/\" rel=\"bookmark\">Bobby Bottle<\/a><\/strong><\/h4>\n<\/header>\n<div class=\"entry-content\">\n<p>Zum Thema Glasrecycling und M\u00fclltrennung hatten wir heute Besuch von Bobby Bottle. Bei dieser Aktion der AGR erfuhren die Kinder der 3. und 4. Klassen, warum das Sammeln und Trennen von Glasm\u00fcll so wichtig ist und warum manche Dinge nicht in die Glascontainer geh\u00f6ren. Gew\u00fcrzt mit einigen Zaubertricks war diese Stunde f\u00fcr alle nicht nur sehr lehrreich sondern auch ungemein unterhaltsam. Wir freuen uns schon auf den n\u00e4chsten Besuch von Bobby Bottle in zwei Jahren.<\/p>\n<div id=\"gallery_4324_26\" class=\"row\">\n<div id=\"4324-image-4325\" class=\"col-xs-12 col-sm-4 col-md-4\">\n<div class=\"thumbnail\"><a href=\"https:\/\/vspoechlarn.ac.at\/wordpress\/2023\/04\/25\/bobby-bottle\/img_4580-mittel\/\"><img loading=\"lazy\" decoding=\"async\" class=\"attachment-large size-large\" src=\"https:\/\/vspoechlarn.ac.at\/wordpress\/wp-content\/uploads\/2023\/04\/IMG_4580-Mittel.jpg\" sizes=\"auto, (max-width: 900px) 100vw, 900px\" srcset=\"https:\/\/vspoechlarn.ac.at\/wordpress\/wp-content\/uploads\/2023\/04\/IMG_4580-Mittel.jpg 1024w, https:\/\/vspoechlarn.ac.at\/wordpress\/wp-content\/uploads\/2023\/04\/IMG_4580-Mittel-350x263.jpg 350w\" alt=\"\" width=\"900\" height=\"675\" \/><\/a><\/div>\n<\/div>\n<div id=\"4324-image-4326\" class=\"col-xs-12 col-sm-4 col-md-4\">\n<div class=\"thumbnail\"><a href=\"https:\/\/vspoechlarn.ac.at\/wordpress\/2023\/04\/25\/bobby-bottle\/img_4581-mittel\/\"><img loading=\"lazy\" decoding=\"async\" class=\"attachment-large size-large\" src=\"https:\/\/vspoechlarn.ac.at\/wordpress\/wp-content\/uploads\/2023\/04\/IMG_4581-Mittel-rotated.jpg\" sizes=\"auto, (max-width: 768px) 100vw, 768px\" srcset=\"https:\/\/vspoechlarn.ac.at\/wordpress\/wp-content\/uploads\/2023\/04\/IMG_4581-Mittel-rotated.jpg 768w, https:\/\/vspoechlarn.ac.at\/wordpress\/wp-content\/uploads\/2023\/04\/IMG_4581-Mittel-225x300.jpg 225w\" alt=\"\" width=\"768\" height=\"1024\" \/><\/a><\/div>\n<\/div>\n<\/div>\n<\/div>\n<\/div>\n<\/div>\n<div class=\"panel-footer entry-meta\"><small><span class=\"loop-category\"><a class=\"label label-danger\" href=\"https:\/\/vspoechlarn.ac.at\/wordpress\/category\/allgemein\/\">Startseite<\/a>\u00a0<\/span><span class=\"loop-author\">|\u00a0<span class=\"author vcard\"><a class=\"url fn n\" href=\"https:\/\/vspoechlarn.ac.at\/wordpress\/author\/wp-admin\/\">wp-admin<\/a><\/span><\/span>\u00a0<span class=\"loop-date\">|\u00a0<time class=\"entry-date published updated\" datetime=\"2023-04-25T14:23:43+02:00\">25. April 2023<\/time><\/span>\u00a0|\u00a0<span class=\"edit-link\"><a class=\"post-edit-link\" href=\"https:\/\/vspoechlarn.ac.at\/wordpress\/wp-admin\/post.php?post=4324&amp;action=edit\">Bearbeiten<\/a><\/span><\/small><\/p>\n<div class=\"clearfix\"><\/div>\n<\/div>\n<\/div>\n<\/article>\n<article id=\"post-4321\" class=\"loop_list post-4321 post type-post status-publish format-standard hentry category-allgemein\">\n<div class=\"panel panel-default\">\n<div class=\"panel-body clearfix\">\n<div class=\"fs-have-thumbnail\">\n<header class=\"entry-header\">\n<h4 class=\"entry-title\"><strong><a title=\"Permanentlink zu Vorlesen im Kindergarten\" href=\"https:\/\/vspoechlarn.ac.at\/wordpress\/2023\/04\/24\/vorlesen-im-kindergarten\/\" rel=\"bookmark\">Vorlesen im Kindergarten<\/a><\/strong><\/h4>\n<\/header>\n<div class=\"entry-content\">\n<p>Am Freitag besuchten erstmals Kinder aus der 1.Klasse den Kindergarten Sonnenschein um ein Bilderbuch zu pr\u00e4sentieren. \u00dcber die Lesefertigkeit von Gwendolin, Konstantin, Yasin und Jannik staunten nicht nur die Kinder,\u00a0 sondern auch die Elementarp\u00e4dagoginnen. Zur Belohnung gab es f\u00fcr alle einen Schmetterlingsbleistift.<\/p>\n<div id=\"gallery_4321_27\" class=\"row\">\n<div id=\"4321-image-4322\" class=\"col-xs-12 col-sm-4 col-md-4\">\n<div class=\"thumbnail\"><a href=\"https:\/\/vspoechlarn.ac.at\/wordpress\/2023\/04\/24\/vorlesen-im-kindergarten\/img_4578-mittel\/\"><img loading=\"lazy\" decoding=\"async\" class=\"attachment-large size-large\" src=\"https:\/\/vspoechlarn.ac.at\/wordpress\/wp-content\/uploads\/2023\/04\/IMG_4578-Mittel.jpg\" sizes=\"auto, (max-width: 900px) 100vw, 900px\" srcset=\"https:\/\/vspoechlarn.ac.at\/wordpress\/wp-content\/uploads\/2023\/04\/IMG_4578-Mittel.jpg 1024w, https:\/\/vspoechlarn.ac.at\/wordpress\/wp-content\/uploads\/2023\/04\/IMG_4578-Mittel-350x263.jpg 350w\" alt=\"\" width=\"900\" height=\"675\" \/><\/a><\/div>\n<\/div>\n<\/div>\n<\/div>\n<\/div>\n<\/div>\n<div class=\"panel-footer entry-meta\"><small><span class=\"loop-category\"><a class=\"label label-danger\" href=\"https:\/\/vspoechlarn.ac.at\/wordpress\/category\/allgemein\/\">Startseite<\/a>\u00a0<\/span><span class=\"loop-author\">|\u00a0<span class=\"author vcard\"><a class=\"url fn n\" href=\"https:\/\/vspoechlarn.ac.at\/wordpress\/author\/wp-admin\/\">wp-admin<\/a><\/span><\/span>\u00a0<span class=\"loop-date\">|\u00a0<time class=\"entry-date published updated\" datetime=\"2023-04-24T07:28:33+02:00\">24. April 2023<\/time><\/span>\u00a0|\u00a0<span class=\"edit-link\"><a class=\"post-edit-link\" href=\"https:\/\/vspoechlarn.ac.at\/wordpress\/wp-admin\/post.php?post=4321&amp;action=edit\">Bearbeiten<\/a><\/span><\/small><\/p>\n<div class=\"clearfix\"><\/div>\n<\/div>\n<\/div>\n<\/article>\n<article id=\"post-4318\" class=\"loop_list post-4318 post type-post status-publish format-standard hentry category-allgemein\">\n<div class=\"panel panel-default\">\n<div class=\"panel-body clearfix\">\n<div class=\"fs-have-thumbnail\">\n<header class=\"entry-header\">\n<h4 class=\"entry-title\"><strong><a title=\"Permanentlink zu Gratulation zum Vizelandesmeister\" href=\"https:\/\/vspoechlarn.ac.at\/wordpress\/2023\/04\/20\/gratulation-zum-vizelandesmeister\/\" rel=\"bookmark\">Gratulation zum Vizelandesmeister<\/a><\/strong><\/h4>\n<\/header>\n<div class=\"entry-content\">\n<p>Auch unser Stadtoberhaupt freut sich \u00fcber die Erfolge beim Schulschach. Frau B\u00fcrgermeisterin Barbara Kainz besuchte heute mit\u00a0 Herrn Vizeb\u00fcrgermeister Markus Mandic unsere Schachkinder und gratulierte zum gro\u00dfartigen Erfolg bei den Schach- Landesmeisterschaften. Zur Belohnung gab es au\u00dferdem ein kleines Geschenk.<\/p>\n<div id=\"gallery_4318_28\" class=\"row\">\n<div id=\"4318-image-4319\" class=\"col-xs-12 col-sm-6 col-md-6\">\n<div class=\"thumbnail\"><a href=\"https:\/\/vspoechlarn.ac.at\/wordpress\/2023\/04\/20\/gratulation-zum-vizelandesmeister\/image003-mittel\/\"><img loading=\"lazy\" decoding=\"async\" class=\"attachment-large size-large\" src=\"https:\/\/vspoechlarn.ac.at\/wordpress\/wp-content\/uploads\/2023\/04\/image003-Mittel.jpg\" sizes=\"auto, (max-width: 768px) 100vw, 768px\" srcset=\"https:\/\/vspoechlarn.ac.at\/wordpress\/wp-content\/uploads\/2023\/04\/image003-Mittel.jpg 768w, https:\/\/vspoechlarn.ac.at\/wordpress\/wp-content\/uploads\/2023\/04\/image003-Mittel-225x300.jpg 225w\" alt=\"\" width=\"768\" height=\"1024\" \/><\/a><\/div>\n<\/div>\n<\/div>\n<p>&nbsp;<\/p>\n<\/div>\n<\/div>\n<\/div>\n<div class=\"panel-footer entry-meta\"><small><span class=\"loop-category\"><a class=\"label label-danger\" href=\"https:\/\/vspoechlarn.ac.at\/wordpress\/category\/allgemein\/\">Startseite<\/a>\u00a0<\/span><span class=\"loop-author\">|\u00a0<span class=\"author vcard\"><a class=\"url fn n\" href=\"https:\/\/vspoechlarn.ac.at\/wordpress\/author\/wp-admin\/\">wp-admin<\/a><\/span><\/span>\u00a0<span class=\"loop-date\">|\u00a0<time class=\"entry-date published updated\" datetime=\"2023-04-20T12:51:00+02:00\">20. April 2023<\/time><\/span>\u00a0|\u00a0<span class=\"edit-link\"><a class=\"post-edit-link\" href=\"https:\/\/vspoechlarn.ac.at\/wordpress\/wp-admin\/post.php?post=4318&amp;action=edit\">Bearbeiten<\/a><\/span><\/small><\/p>\n<div class=\"clearfix\"><\/div>\n<\/div>\n<\/div>\n<\/article>\n<article id=\"post-4314\" class=\"loop_list post-4314 post type-post status-publish format-standard hentry category-allgemein\">\n<div class=\"panel panel-default\">\n<div class=\"panel-body clearfix\">\n<div class=\"fs-have-thumbnail\">\n<header class=\"entry-header\">\n<h4 class=\"entry-title\"><strong><a title=\"Permanentlink zu Landesjugendsingen\" href=\"https:\/\/vspoechlarn.ac.at\/wordpress\/2023\/04\/19\/landesjugendsingen\/\" rel=\"bookmark\">Landesjugendsingen<\/a><\/strong><\/h4>\n<\/header>\n<div class=\"entry-content\">\n<p>Wir gratulieren den M\u00e4dchen und Buben unserer Singklasse zum gro\u00dfartigen Auftritt im Auditorium Grafenegg. Unser herzlicher\u00a0 Dank gilt\u00a0 Frau Mag. Ulrike Weidinger f\u00fcr die Begleitung \u00fcber die letzten 4 Jahre und Valentin Neulinger f\u00fcr die Unterst\u00fctzung an der E-Gitarre beim heutigen Auftritt.<\/p>\n<div id=\"gallery_4314_29\" class=\"row\">\n<div id=\"4314-image-4315\" class=\"col-xs-12 col-sm-12 col-md-12\">\n<div class=\"thumbnail\"><a href=\"https:\/\/vspoechlarn.ac.at\/wordpress\/2023\/04\/19\/landesjugendsingen\/img_4568-mittel\/\"><img loading=\"lazy\" decoding=\"async\" class=\"attachment-large size-large\" src=\"https:\/\/vspoechlarn.ac.at\/wordpress\/wp-content\/uploads\/2023\/04\/IMG_4568-Mittel.jpg\" sizes=\"auto, (max-width: 900px) 100vw, 900px\" srcset=\"https:\/\/vspoechlarn.ac.at\/wordpress\/wp-content\/uploads\/2023\/04\/IMG_4568-Mittel.jpg 1024w, https:\/\/vspoechlarn.ac.at\/wordpress\/wp-content\/uploads\/2023\/04\/IMG_4568-Mittel-350x263.jpg 350w\" alt=\"\" width=\"900\" height=\"675\" \/><\/a><\/div>\n<\/div>\n<div class=\"clearfix visible-md-block visible-lg-block\"><\/div>\n<\/div>\n<p>&nbsp;<\/p>\n<\/div>\n<\/div>\n<\/div>\n<div class=\"panel-footer entry-meta\"><small><span class=\"loop-category\"><a class=\"label label-danger\" href=\"https:\/\/vspoechlarn.ac.at\/wordpress\/category\/allgemein\/\">Startseite<\/a>\u00a0<\/span><span class=\"loop-author\">|\u00a0<span class=\"author vcard\"><a class=\"url fn n\" href=\"https:\/\/vspoechlarn.ac.at\/wordpress\/author\/wp-admin\/\">wp-admin<\/a><\/span><\/span>\u00a0<span class=\"loop-date\">|\u00a0<time class=\"entry-date published updated\" datetime=\"2023-04-19T14:00:49+02:00\">19. April 2023<\/time><\/span>\u00a0|\u00a0<span class=\"edit-link\"><a class=\"post-edit-link\" href=\"https:\/\/vspoechlarn.ac.at\/wordpress\/wp-admin\/post.php?post=4314&amp;action=edit\">Bearbeiten<\/a><\/span><\/small><\/p>\n<div class=\"clearfix\"><\/div>\n<\/div>\n<\/div>\n<\/article>\n<article id=\"post-4309\" class=\"loop_list post-4309 post type-post status-publish format-standard hentry category-allgemein\">\n<div class=\"panel panel-default\">\n<div class=\"panel-body clearfix\">\n<div class=\"fs-have-thumbnail\">\n<header class=\"entry-header\">\n<h4 class=\"entry-title\"><strong><a title=\"Permanentlink zu Lernen mit allen Sinnen\" href=\"https:\/\/vspoechlarn.ac.at\/wordpress\/2023\/04\/19\/lernen-mit-allen-sinnen\/\" rel=\"bookmark\">Lernen mit allen Sinnen<\/a><\/strong><\/h4>\n<\/header>\n<div class=\"entry-content\">\n<p>Die Sch\u00fclerinnen und Sch\u00fcler der 4b erarbeiteten die Bruchzahlen im Mathematikunterricht. Um es den Kindern besser veranschaulichen zu k\u00f6nnen, gab es f\u00fcr sie einen Kuchen \u2013 dieser wurde halbiert, geviertelt und anschlie\u00dfend selbstverst\u00e4ndlich noch verkostet!<\/p>\n<div id=\"gallery_4309_30\" class=\"row\">\n<div id=\"4309-image-4310\" class=\"col-xs-12 col-sm-4 col-md-4\">\n<div class=\"thumbnail\"><a href=\"https:\/\/vspoechlarn.ac.at\/wordpress\/2023\/04\/19\/lernen-mit-allen-sinnen\/brueche1-mittel\/\"><img loading=\"lazy\" decoding=\"async\" class=\"attachment-large size-large\" src=\"https:\/\/vspoechlarn.ac.at\/wordpress\/wp-content\/uploads\/2023\/04\/Brueche1-Mittel.jpg\" sizes=\"auto, (max-width: 900px) 100vw, 900px\" srcset=\"https:\/\/vspoechlarn.ac.at\/wordpress\/wp-content\/uploads\/2023\/04\/Brueche1-Mittel.jpg 1024w, https:\/\/vspoechlarn.ac.at\/wordpress\/wp-content\/uploads\/2023\/04\/Brueche1-Mittel-350x263.jpg 350w\" alt=\"\" width=\"900\" height=\"675\" \/><\/a><\/div>\n<\/div>\n<div id=\"4309-image-4311\" class=\"col-xs-12 col-sm-4 col-md-4\">\n<div class=\"thumbnail\"><a href=\"https:\/\/vspoechlarn.ac.at\/wordpress\/2023\/04\/19\/lernen-mit-allen-sinnen\/brueche2-mittel\/\"><img loading=\"lazy\" decoding=\"async\" class=\"attachment-large size-large\" src=\"https:\/\/vspoechlarn.ac.at\/wordpress\/wp-content\/uploads\/2023\/04\/Brueche2-Mittel.jpg\" sizes=\"auto, (max-width: 900px) 100vw, 900px\" srcset=\"https:\/\/vspoechlarn.ac.at\/wordpress\/wp-content\/uploads\/2023\/04\/Brueche2-Mittel.jpg 1024w, https:\/\/vspoechlarn.ac.at\/wordpress\/wp-content\/uploads\/2023\/04\/Brueche2-Mittel-350x263.jpg 350w\" alt=\"\" width=\"900\" height=\"675\" \/><\/a><\/div>\n<\/div>\n<\/div>\n<p>&nbsp;<\/p>\n<\/div>\n<\/div>\n<\/div>\n<div class=\"panel-footer entry-meta\"><small><span class=\"loop-category\"><a class=\"label label-danger\" href=\"https:\/\/vspoechlarn.ac.at\/wordpress\/category\/allgemein\/\">Startseite<\/a>\u00a0<\/span><span class=\"loop-author\">|\u00a0<span class=\"author vcard\"><a class=\"url fn n\" href=\"https:\/\/vspoechlarn.ac.at\/wordpress\/author\/wp-admin\/\">wp-admin<\/a><\/span><\/span>\u00a0<span class=\"loop-date\">|\u00a0<time class=\"entry-date published updated\" datetime=\"2023-04-19T08:23:26+02:00\">19. April 2023<\/time><\/span>\u00a0|\u00a0<span class=\"edit-link\"><a class=\"post-edit-link\" href=\"https:\/\/vspoechlarn.ac.at\/wordpress\/wp-admin\/post.php?post=4309&amp;action=edit\">Bearbeiten<\/a><\/span><\/small><\/p>\n<div class=\"clearfix\"><\/div>\n<\/div>\n<\/div>\n<\/article>\n<article id=\"post-4305\" class=\"loop_list post-4305 post type-post status-publish format-standard hentry category-allgemein\">\n<div class=\"panel panel-default\">\n<div class=\"panel-body clearfix\">\n<div class=\"fs-have-thumbnail\">\n<header class=\"entry-header\">\n<h4 class=\"entry-title\"><strong><a title=\"Permanentlink zu Besuch Nibelungen-Ausstellung\" href=\"https:\/\/vspoechlarn.ac.at\/wordpress\/2023\/04\/19\/besuch-nibelungen-ausstellung\/\" rel=\"bookmark\">Besuch Nibelungen-Ausstellung<\/a><\/strong><\/h4>\n<\/header>\n<div class=\"entry-content\">\n<p>Die Kinder der 4a und 4b durften am Freitag, 14.4.2023, die Wanderausstellung \u201eNibelungenlied\u201c des K\u00fcnstlers Genia Chef im Oskar-Kokoschka-Museum besuchen. Frau Ingrid Freytag gab ihnen eine Einf\u00fchrung zum Thema und f\u00fchrte sie durch die interessante Ausstellung \u2013 herzlichen Dank daf\u00fcr!<\/p>\n<div id=\"gallery_4305_31\" class=\"row\">\n<div id=\"4305-image-4306\" class=\"col-xs-12 col-sm-4 col-md-4\">\n<div class=\"thumbnail\"><a href=\"https:\/\/vspoechlarn.ac.at\/wordpress\/2023\/04\/19\/besuch-nibelungen-ausstellung\/nibelungen1-mittel\/\"><img loading=\"lazy\" decoding=\"async\" class=\"attachment-large size-large\" src=\"https:\/\/vspoechlarn.ac.at\/wordpress\/wp-content\/uploads\/2023\/04\/Nibelungen1-Mittel.jpg\" sizes=\"auto, (max-width: 768px) 100vw, 768px\" srcset=\"https:\/\/vspoechlarn.ac.at\/wordpress\/wp-content\/uploads\/2023\/04\/Nibelungen1-Mittel.jpg 768w, https:\/\/vspoechlarn.ac.at\/wordpress\/wp-content\/uploads\/2023\/04\/Nibelungen1-Mittel-225x300.jpg 225w\" alt=\"\" width=\"768\" height=\"1024\" \/><\/a><\/div>\n<\/div>\n<div id=\"4305-image-4307\" class=\"col-xs-12 col-sm-4 col-md-4\">\n<div class=\"thumbnail\"><a href=\"https:\/\/vspoechlarn.ac.at\/wordpress\/2023\/04\/19\/besuch-nibelungen-ausstellung\/nibelungen2-mittel\/\"><img loading=\"lazy\" decoding=\"async\" class=\"attachment-large size-large\" src=\"https:\/\/vspoechlarn.ac.at\/wordpress\/wp-content\/uploads\/2023\/04\/Nibelungen2-Mittel.jpg\" sizes=\"auto, (max-width: 768px) 100vw, 768px\" srcset=\"https:\/\/vspoechlarn.ac.at\/wordpress\/wp-content\/uploads\/2023\/04\/Nibelungen2-Mittel.jpg 768w, https:\/\/vspoechlarn.ac.at\/wordpress\/wp-content\/uploads\/2023\/04\/Nibelungen2-Mittel-225x300.jpg 225w\" alt=\"\" width=\"768\" height=\"1024\" \/><\/a><\/div>\n<\/div>\n<\/div>\n<\/div>\n<\/div>\n<\/div>\n<div class=\"panel-footer entry-meta\"><small><span class=\"loop-category\"><a class=\"label label-danger\" href=\"https:\/\/vspoechlarn.ac.at\/wordpress\/category\/allgemein\/\">Startseite<\/a>\u00a0<\/span><span class=\"loop-author\">|\u00a0<span class=\"author vcard\"><a class=\"url fn n\" href=\"https:\/\/vspoechlarn.ac.at\/wordpress\/author\/wp-admin\/\">wp-admin<\/a><\/span><\/span>\u00a0<span class=\"loop-date\">|\u00a0<time class=\"entry-date published updated\" datetime=\"2023-04-19T08:19:23+02:00\">19. April 2023<\/time><\/span>\u00a0|\u00a0<span class=\"edit-link\"><a class=\"post-edit-link\" href=\"https:\/\/vspoechlarn.ac.at\/wordpress\/wp-admin\/post.php?post=4305&amp;action=edit\">Bearbeiten<\/a><\/span><\/small><\/p>\n<div class=\"clearfix\"><\/div>\n<\/div>\n<\/div>\n<\/article>\n<article id=\"post-4299\" class=\"loop_list post-4299 post type-post status-publish format-standard hentry category-allgemein\">\n<div class=\"panel panel-default\">\n<div class=\"panel-body clearfix\">\n<div class=\"fs-have-thumbnail\">\n<header class=\"entry-header\">\n<h4 class=\"entry-title\"><strong><a title=\"Permanentlink zu Vize-Landesmeister im Schulschach\" href=\"https:\/\/vspoechlarn.ac.at\/wordpress\/2023\/04\/14\/vize-landesmeister-im-schulschach\/\" rel=\"bookmark\">Vize-Landesmeister im Schulschach<\/a><\/strong><\/h4>\n<\/header>\n<div class=\"entry-content\">\n<p>Beim gestrigen Volksschulschach-Landesfinale in St.P\u00f6lten erreichte P\u00f6chlarn 1 den hervorragenden 2. Platz. Bei 8 teilnehmenden Mannschaften mussten sich Lukas, Lucas, Paula und Eyad nur der VS Gloggnitz geschlagen geben.\u00a0 Auf Platz 5 landete P\u00f6chlarn 2 mit Dustin, Zehra, Ead und Merve.<\/p>\n<p>Wir gratulieren zu diesem Erfolg ganz herzlich!<\/p>\n<div id=\"gallery_4299_32\" class=\"row\">\n<div id=\"4299-image-4300\" class=\"col-xs-12 col-sm-3 col-md-3\">\n<div class=\"thumbnail\"><a href=\"https:\/\/vspoechlarn.ac.at\/wordpress\/2023\/04\/14\/vize-landesmeister-im-schulschach\/img_4525-mittel\/\"><img loading=\"lazy\" decoding=\"async\" class=\"attachment-large size-large\" src=\"https:\/\/vspoechlarn.ac.at\/wordpress\/wp-content\/uploads\/2023\/04\/IMG_4525-Mittel.jpg\" sizes=\"auto, (max-width: 900px) 100vw, 900px\" srcset=\"https:\/\/vspoechlarn.ac.at\/wordpress\/wp-content\/uploads\/2023\/04\/IMG_4525-Mittel.jpg 1024w, https:\/\/vspoechlarn.ac.at\/wordpress\/wp-content\/uploads\/2023\/04\/IMG_4525-Mittel-350x263.jpg 350w\" alt=\"\" width=\"900\" height=\"675\" \/><\/a><\/div>\n<\/div>\n<div id=\"4299-image-4301\" class=\"col-xs-12 col-sm-3 col-md-3\">\n<div class=\"thumbnail\"><a href=\"https:\/\/vspoechlarn.ac.at\/wordpress\/2023\/04\/14\/vize-landesmeister-im-schulschach\/img_4526-mittel\/\"><img loading=\"lazy\" decoding=\"async\" class=\"attachment-large size-large\" src=\"https:\/\/vspoechlarn.ac.at\/wordpress\/wp-content\/uploads\/2023\/04\/IMG_4526-Mittel.jpg\" sizes=\"auto, (max-width: 900px) 100vw, 900px\" srcset=\"https:\/\/vspoechlarn.ac.at\/wordpress\/wp-content\/uploads\/2023\/04\/IMG_4526-Mittel.jpg 1024w, https:\/\/vspoechlarn.ac.at\/wordpress\/wp-content\/uploads\/2023\/04\/IMG_4526-Mittel-350x263.jpg 350w\" alt=\"\" width=\"900\" height=\"675\" \/><\/a><\/div>\n<\/div>\n<div id=\"4299-image-4302\" class=\"col-xs-12 col-sm-3 col-md-3\">\n<div class=\"thumbnail\"><a href=\"https:\/\/vspoechlarn.ac.at\/wordpress\/2023\/04\/14\/vize-landesmeister-im-schulschach\/img_4537-mittel\/\"><img loading=\"lazy\" decoding=\"async\" class=\"attachment-large size-large\" src=\"https:\/\/vspoechlarn.ac.at\/wordpress\/wp-content\/uploads\/2023\/04\/IMG_4537-Mittel.jpg\" sizes=\"auto, (max-width: 900px) 100vw, 900px\" srcset=\"https:\/\/vspoechlarn.ac.at\/wordpress\/wp-content\/uploads\/2023\/04\/IMG_4537-Mittel.jpg 1024w, https:\/\/vspoechlarn.ac.at\/wordpress\/wp-content\/uploads\/2023\/04\/IMG_4537-Mittel-350x263.jpg 350w\" alt=\"\" width=\"900\" height=\"675\" \/><\/a><\/div>\n<\/div>\n<div id=\"4299-image-4303\" class=\"col-xs-12 col-sm-3 col-md-3\">\n<div class=\"thumbnail\"><a href=\"https:\/\/vspoechlarn.ac.at\/wordpress\/2023\/04\/14\/vize-landesmeister-im-schulschach\/img_4539-mittel\/\"><img loading=\"lazy\" decoding=\"async\" class=\"attachment-large size-large\" src=\"https:\/\/vspoechlarn.ac.at\/wordpress\/wp-content\/uploads\/2023\/04\/IMG_4539-Mittel.jpg\" sizes=\"auto, (max-width: 900px) 100vw, 900px\" srcset=\"https:\/\/vspoechlarn.ac.at\/wordpress\/wp-content\/uploads\/2023\/04\/IMG_4539-Mittel.jpg 1024w, https:\/\/vspoechlarn.ac.at\/wordpress\/wp-content\/uploads\/2023\/04\/IMG_4539-Mittel-350x263.jpg 350w\" alt=\"\" width=\"900\" height=\"675\" \/><\/a><\/div>\n<\/div>\n<div class=\"clearfix visible-md-block visible-lg-block\"><\/div>\n<\/div>\n<p>&nbsp;<\/p>\n<\/div>\n<\/div>\n<\/div>\n<div class=\"panel-footer entry-meta\"><small><span class=\"loop-category\"><a class=\"label label-danger\" href=\"https:\/\/vspoechlarn.ac.at\/wordpress\/category\/allgemein\/\">Startseite<\/a>\u00a0<\/span><span class=\"loop-author\">|\u00a0<span class=\"author vcard\"><a class=\"url fn n\" href=\"https:\/\/vspoechlarn.ac.at\/wordpress\/author\/wp-admin\/\">wp-admin<\/a><\/span><\/span>\u00a0<span class=\"loop-date\">|\u00a0<time class=\"entry-date published updated\" datetime=\"2023-04-14T11:19:33+02:00\">14. April 2023<\/time><\/span>\u00a0|\u00a0<span class=\"edit-link\"><a class=\"post-edit-link\" href=\"https:\/\/vspoechlarn.ac.at\/wordpress\/wp-admin\/post.php?post=4299&amp;action=edit\">Bearbeiten<\/a><\/span><\/small><\/p>\n<div class=\"clearfix\"><\/div>\n<\/div>\n<\/div>\n<\/article>\n<article id=\"post-4291\" class=\"loop_list post-4291 post type-post status-publish format-standard hentry category-allgemein\">\n<div class=\"panel panel-default\">\n<div class=\"panel-body clearfix\">\n<div class=\"fs-have-thumbnail\">\n<header class=\"entry-header\">\n<h4 class=\"entry-title\"><strong><a title=\"Permanentlink zu treff punkt Klassik\" href=\"https:\/\/vspoechlarn.ac.at\/wordpress\/2023\/03\/29\/treff-punkt-klassik\/\" rel=\"bookmark\">treff punkt Klassik<\/a><\/strong><\/h4>\n<\/header>\n<div class=\"entry-content\">\n<p>Im Rahmen eines \u201etreff punkt Klassik\u201c der Musikschule Donauklang konzertierte unsere Singklasse unter der Leitung von Frau Mag. Ulrike Weidinger erstmals im OK Haus. Dass sich die intensive Probenarbeit gelohnt hat, bewies der euphorische Applaus der vielen Zuschauer. Somit sind die M\u00e4dchen und Buben bestens f\u00fcr das Landesjugendsingen in Grafenegg ger\u00fcstet.<\/p>\n<div id=\"gallery_4291_33\" class=\"row\">\n<div id=\"4291-image-4292\" class=\"col-xs-12 col-sm-4 col-md-4\">\n<div class=\"thumbnail\"><a href=\"https:\/\/vspoechlarn.ac.at\/wordpress\/2023\/03\/29\/treff-punkt-klassik\/img_4266\/\"><img loading=\"lazy\" decoding=\"async\" class=\"attachment-large size-large\" src=\"https:\/\/vspoechlarn.ac.at\/wordpress\/wp-content\/uploads\/2023\/03\/IMG_4266-1024x768.jpg\" sizes=\"auto, (max-width: 900px) 100vw, 900px\" srcset=\"https:\/\/vspoechlarn.ac.at\/wordpress\/wp-content\/uploads\/2023\/03\/IMG_4266-1024x768.jpg 1024w, https:\/\/vspoechlarn.ac.at\/wordpress\/wp-content\/uploads\/2023\/03\/IMG_4266-350x263.jpg 350w, https:\/\/vspoechlarn.ac.at\/wordpress\/wp-content\/uploads\/2023\/03\/IMG_4266-1536x1152.jpg 1536w, https:\/\/vspoechlarn.ac.at\/wordpress\/wp-content\/uploads\/2023\/03\/IMG_4266-2048x1536.jpg 2048w, https:\/\/vspoechlarn.ac.at\/wordpress\/wp-content\/uploads\/2023\/03\/IMG_4266-scaled.jpg 1440w\" alt=\"\" width=\"900\" height=\"675\" \/><\/a><\/div>\n<\/div>\n<\/div>\n<\/div>\n<\/div>\n<\/div>\n<div class=\"panel-footer entry-meta\"><small><span class=\"loop-category\"><a class=\"label label-danger\" href=\"https:\/\/vspoechlarn.ac.at\/wordpress\/category\/allgemein\/\">Startseite<\/a>\u00a0<\/span><span class=\"loop-author\">|\u00a0<span class=\"author vcard\"><a class=\"url fn n\" href=\"https:\/\/vspoechlarn.ac.at\/wordpress\/author\/wp-admin\/\">wp-admin<\/a><\/span><\/span>\u00a0<span class=\"loop-date\">|\u00a0<time class=\"entry-date published updated\" datetime=\"2023-03-29T21:09:54+02:00\">29. M\u00e4rz 2023<\/time><\/span>\u00a0|\u00a0<span class=\"edit-link\"><a class=\"post-edit-link\" href=\"https:\/\/vspoechlarn.ac.at\/wordpress\/wp-admin\/post.php?post=4291&amp;action=edit\">Bearbeiten<\/a><\/span><\/small><\/p>\n<div class=\"clearfix\"><\/div>\n<\/div>\n<\/div>\n<\/article>\n<article id=\"post-4278\" class=\"loop_list post-4278 post type-post status-publish format-standard hentry category-allgemein\">\n<div class=\"panel panel-default\">\n<div class=\"panel-body clearfix\">\n<div class=\"fs-have-thumbnail\">\n<header class=\"entry-header\">\n<h4 class=\"entry-title\"><strong><a title=\"Permanentlink zu Stopp Littering\" href=\"https:\/\/vspoechlarn.ac.at\/wordpress\/2023\/03\/24\/stopp-littering\/\" rel=\"bookmark\">Stopp Littering<\/a><\/strong><\/h4>\n<\/header>\n<div class=\"entry-content\">\n<p>Mit gro\u00dfem Engagement beteiligten sich sie Kinder der VS P\u00f6chlarn heute an der allj\u00e4hrlichen Stopp Littering Aktion der Stadtgemeinde P\u00f6chlarn. Mit Handschuhen und M\u00fclls\u00e4cken ausgestattet wurden der Schlosspark, das Gebiet rund um die Schule und die Donaul\u00e4nde auf Vordermann gebracht. Die Entr\u00fcstung \u00fcber all den sorglos weggeworfenen M\u00fcll war auch bei den Kleinsten erkennbar.<\/p>\n<div id=\"gallery_4278_34\" class=\"row\">\n<div id=\"4278-image-4280\" class=\"col-xs-12 col-sm-3 col-md-3\">\n<div class=\"thumbnail\"><a href=\"https:\/\/vspoechlarn.ac.at\/wordpress\/2023\/03\/24\/stopp-littering\/img_4240-mittel\/\"><img loading=\"lazy\" decoding=\"async\" class=\"attachment-large size-large\" src=\"https:\/\/vspoechlarn.ac.at\/wordpress\/wp-content\/uploads\/2023\/03\/IMG_4240-Mittel.jpg\" sizes=\"auto, (max-width: 900px) 100vw, 900px\" srcset=\"https:\/\/vspoechlarn.ac.at\/wordpress\/wp-content\/uploads\/2023\/03\/IMG_4240-Mittel.jpg 1024w, https:\/\/vspoechlarn.ac.at\/wordpress\/wp-content\/uploads\/2023\/03\/IMG_4240-Mittel-350x263.jpg 350w\" alt=\"\" width=\"900\" height=\"675\" \/><\/a><\/div>\n<\/div>\n<div id=\"4278-image-4281\" class=\"col-xs-12 col-sm-3 col-md-3\">\n<div class=\"thumbnail\"><a href=\"https:\/\/vspoechlarn.ac.at\/wordpress\/2023\/03\/24\/stopp-littering\/img_4242-mittel\/\"><img loading=\"lazy\" decoding=\"async\" class=\"attachment-large size-large\" src=\"https:\/\/vspoechlarn.ac.at\/wordpress\/wp-content\/uploads\/2023\/03\/IMG_4242-Mittel.jpg\" sizes=\"auto, (max-width: 900px) 100vw, 900px\" srcset=\"https:\/\/vspoechlarn.ac.at\/wordpress\/wp-content\/uploads\/2023\/03\/IMG_4242-Mittel.jpg 1024w, https:\/\/vspoechlarn.ac.at\/wordpress\/wp-content\/uploads\/2023\/03\/IMG_4242-Mittel-350x263.jpg 350w\" alt=\"\" width=\"900\" height=\"675\" \/><\/a><\/div>\n<\/div>\n<div id=\"4278-image-4285\" class=\"col-xs-12 col-sm-3 col-md-3\">\n<div class=\"thumbnail\"><a href=\"https:\/\/vspoechlarn.ac.at\/wordpress\/2023\/03\/24\/stopp-littering\/img_4249-mittel\/\"><img loading=\"lazy\" decoding=\"async\" class=\"attachment-large size-large\" src=\"https:\/\/vspoechlarn.ac.at\/wordpress\/wp-content\/uploads\/2023\/03\/IMG_4249-Mittel.jpg\" sizes=\"auto, (max-width: 900px) 100vw, 900px\" srcset=\"https:\/\/vspoechlarn.ac.at\/wordpress\/wp-content\/uploads\/2023\/03\/IMG_4249-Mittel.jpg 1024w, https:\/\/vspoechlarn.ac.at\/wordpress\/wp-content\/uploads\/2023\/03\/IMG_4249-Mittel-350x263.jpg 350w\" alt=\"\" width=\"900\" height=\"675\" \/><\/a><\/div>\n<\/div>\n<div id=\"4278-image-4284\" class=\"col-xs-12 col-sm-3 col-md-3\">\n<div class=\"thumbnail\"><a href=\"https:\/\/vspoechlarn.ac.at\/wordpress\/2023\/03\/24\/stopp-littering\/img_4246-mittel\/\"><img loading=\"lazy\" decoding=\"async\" class=\"attachment-large size-large\" src=\"https:\/\/vspoechlarn.ac.at\/wordpress\/wp-content\/uploads\/2023\/03\/IMG_4246-Mittel.jpg\" sizes=\"auto, (max-width: 900px) 100vw, 900px\" srcset=\"https:\/\/vspoechlarn.ac.at\/wordpress\/wp-content\/uploads\/2023\/03\/IMG_4246-Mittel.jpg 1024w, https:\/\/vspoechlarn.ac.at\/wordpress\/wp-content\/uploads\/2023\/03\/IMG_4246-Mittel-350x263.jpg 350w\" alt=\"\" width=\"900\" height=\"675\" \/><\/a><\/div>\n<\/div>\n<div class=\"clearfix visible-md-block visible-lg-block\"><\/div>\n<div id=\"4278-image-4283\" class=\"col-xs-12 col-sm-3 col-md-3\">\n<div class=\"thumbnail\"><a href=\"https:\/\/vspoechlarn.ac.at\/wordpress\/2023\/03\/24\/stopp-littering\/img_4245-mittel\/\"><img loading=\"lazy\" decoding=\"async\" class=\"attachment-large size-large\" src=\"https:\/\/vspoechlarn.ac.at\/wordpress\/wp-content\/uploads\/2023\/03\/IMG_4245-Mittel.jpg\" sizes=\"auto, (max-width: 900px) 100vw, 900px\" srcset=\"https:\/\/vspoechlarn.ac.at\/wordpress\/wp-content\/uploads\/2023\/03\/IMG_4245-Mittel.jpg 1024w, https:\/\/vspoechlarn.ac.at\/wordpress\/wp-content\/uploads\/2023\/03\/IMG_4245-Mittel-350x263.jpg 350w\" alt=\"\" width=\"900\" height=\"675\" \/><\/a><\/div>\n<\/div>\n<div id=\"4278-image-4282\" class=\"col-xs-12 col-sm-3 col-md-3\">\n<div class=\"thumbnail\"><a href=\"https:\/\/vspoechlarn.ac.at\/wordpress\/2023\/03\/24\/stopp-littering\/img_4244-mittel\/\"><img loading=\"lazy\" decoding=\"async\" class=\"attachment-large size-large\" src=\"https:\/\/vspoechlarn.ac.at\/wordpress\/wp-content\/uploads\/2023\/03\/IMG_4244-Mittel.jpg\" sizes=\"auto, (max-width: 900px) 100vw, 900px\" srcset=\"https:\/\/vspoechlarn.ac.at\/wordpress\/wp-content\/uploads\/2023\/03\/IMG_4244-Mittel.jpg 1024w, https:\/\/vspoechlarn.ac.at\/wordpress\/wp-content\/uploads\/2023\/03\/IMG_4244-Mittel-350x263.jpg 350w\" alt=\"\" width=\"900\" height=\"675\" \/><\/a><\/div>\n<\/div>\n<div id=\"4278-image-4286\" class=\"col-xs-12 col-sm-3 col-md-3\">\n<div class=\"thumbnail\"><a href=\"https:\/\/vspoechlarn.ac.at\/wordpress\/2023\/03\/24\/stopp-littering\/img_4250-mittel\/\"><img loading=\"lazy\" decoding=\"async\" class=\"attachment-large size-large\" src=\"https:\/\/vspoechlarn.ac.at\/wordpress\/wp-content\/uploads\/2023\/03\/IMG_4250-Mittel.jpg\" sizes=\"auto, (max-width: 900px) 100vw, 900px\" srcset=\"https:\/\/vspoechlarn.ac.at\/wordpress\/wp-content\/uploads\/2023\/03\/IMG_4250-Mittel.jpg 1024w, https:\/\/vspoechlarn.ac.at\/wordpress\/wp-content\/uploads\/2023\/03\/IMG_4250-Mittel-350x263.jpg 350w\" alt=\"\" width=\"900\" height=\"675\" \/><\/a><\/div>\n<\/div>\n<div id=\"4278-image-4287\" class=\"col-xs-12 col-sm-3 col-md-3\">\n<div class=\"thumbnail\"><a href=\"https:\/\/vspoechlarn.ac.at\/wordpress\/2023\/03\/24\/stopp-littering\/img_4254\/\"><img loading=\"lazy\" decoding=\"async\" class=\"attachment-large size-large\" src=\"https:\/\/vspoechlarn.ac.at\/wordpress\/wp-content\/uploads\/2023\/03\/IMG_4254-1024x768.jpg\" sizes=\"auto, (max-width: 900px) 100vw, 900px\" srcset=\"https:\/\/vspoechlarn.ac.at\/wordpress\/wp-content\/uploads\/2023\/03\/IMG_4254-1024x768.jpg 1024w, https:\/\/vspoechlarn.ac.at\/wordpress\/wp-content\/uploads\/2023\/03\/IMG_4254-350x263.jpg 350w, https:\/\/vspoechlarn.ac.at\/wordpress\/wp-content\/uploads\/2023\/03\/IMG_4254-1536x1152.jpg 1536w, https:\/\/vspoechlarn.ac.at\/wordpress\/wp-content\/uploads\/2023\/03\/IMG_4254-2048x1536.jpg 2048w, https:\/\/vspoechlarn.ac.at\/wordpress\/wp-content\/uploads\/2023\/03\/IMG_4254-scaled.jpg 1440w\" alt=\"\" width=\"900\" height=\"675\" \/><\/a><\/div>\n<\/div>\n<div class=\"clearfix visible-md-block visible-lg-block\"><\/div>\n<\/div>\n<\/div>\n<\/div>\n<\/div>\n<div class=\"panel-footer entry-meta\"><small><span class=\"loop-category\"><a class=\"label label-danger\" href=\"https:\/\/vspoechlarn.ac.at\/wordpress\/category\/allgemein\/\">Startseite<\/a>\u00a0<\/span><span class=\"loop-author\">|\u00a0<span class=\"author vcard\"><a class=\"url fn n\" href=\"https:\/\/vspoechlarn.ac.at\/wordpress\/author\/wp-admin\/\">wp-admin<\/a><\/span><\/span>\u00a0<span class=\"loop-date\">|\u00a0<time class=\"entry-date published updated\" datetime=\"2023-03-24T12:00:09+01:00\">24. M\u00e4rz 2023<\/time><\/span>\u00a0|\u00a0<span class=\"edit-link\"><a class=\"post-edit-link\" href=\"https:\/\/vspoechlarn.ac.at\/wordpress\/wp-admin\/post.php?post=4278&amp;action=edit\">Bearbeiten<\/a><\/span><\/small><\/p>\n<div class=\"clearfix\"><\/div>\n<\/div>\n<\/div>\n<\/article>\n<article id=\"post-4271\" class=\"loop_list post-4271 post type-post status-publish format-standard hentry category-allgemein\">\n<div class=\"panel panel-default\">\n<div class=\"panel-body clearfix\">\n<div class=\"fs-have-thumbnail\">\n<header class=\"entry-header\">\n<h4 class=\"entry-title\"><strong><a title=\"Permanentlink zu In der G\u00e4rtnerei\" href=\"https:\/\/vspoechlarn.ac.at\/wordpress\/2023\/03\/23\/in-der-gaertnerei\/\" rel=\"bookmark\">In der G\u00e4rtnerei<\/a><\/strong><\/h4>\n<\/header>\n<div class=\"entry-content\">\n<p>Gestern durften die Kinder der beiden 2ten Klassen die G\u00e4rtnerei Fuchs besuchen. Dabei gab es nicht nur Einblicke in die Pflanzenkunde sondern auch die M\u00f6glichkeit selbst Osterkr\u00e4nze zu gestalten. Vielen lieben Dank an Frau Fuchs!<\/p>\n<div id=\"gallery_4271_35\" class=\"row\">\n<div id=\"4271-image-4275\" class=\"col-xs-12 col-sm-3 col-md-3\">\n<div class=\"thumbnail\"><a href=\"https:\/\/vspoechlarn.ac.at\/wordpress\/2023\/03\/23\/in-der-gaertnerei\/20230321_090049-mittel\/\"><img loading=\"lazy\" decoding=\"async\" class=\"attachment-large size-large\" src=\"https:\/\/vspoechlarn.ac.at\/wordpress\/wp-content\/uploads\/2023\/03\/20230321_090049-Mittel-rotated.jpg\" sizes=\"auto, (max-width: 768px) 100vw, 768px\" srcset=\"https:\/\/vspoechlarn.ac.at\/wordpress\/wp-content\/uploads\/2023\/03\/20230321_090049-Mittel-rotated.jpg 768w, https:\/\/vspoechlarn.ac.at\/wordpress\/wp-content\/uploads\/2023\/03\/20230321_090049-Mittel-225x300.jpg 225w\" alt=\"\" width=\"768\" height=\"1024\" \/><\/a><\/div>\n<\/div>\n<div id=\"4271-image-4272\" class=\"col-xs-12 col-sm-3 col-md-3\">\n<div class=\"thumbnail\"><a href=\"https:\/\/vspoechlarn.ac.at\/wordpress\/2023\/03\/23\/in-der-gaertnerei\/20230321_084520-mittel\/\"><img loading=\"lazy\" decoding=\"async\" class=\"attachment-large size-large\" src=\"https:\/\/vspoechlarn.ac.at\/wordpress\/wp-content\/uploads\/2023\/03\/20230321_084520-Mittel-rotated.jpg\" sizes=\"auto, (max-width: 768px) 100vw, 768px\" srcset=\"https:\/\/vspoechlarn.ac.at\/wordpress\/wp-content\/uploads\/2023\/03\/20230321_084520-Mittel-rotated.jpg 768w, https:\/\/vspoechlarn.ac.at\/wordpress\/wp-content\/uploads\/2023\/03\/20230321_084520-Mittel-225x300.jpg 225w\" alt=\"\" width=\"768\" height=\"1024\" \/><\/a><\/div>\n<\/div>\n<div id=\"4271-image-4274\" class=\"col-xs-12 col-sm-3 col-md-3\">\n<div class=\"thumbnail\"><a href=\"https:\/\/vspoechlarn.ac.at\/wordpress\/2023\/03\/23\/in-der-gaertnerei\/20230321_084632-mittel\/\"><img loading=\"lazy\" decoding=\"async\" class=\"attachment-large size-large\" src=\"https:\/\/vspoechlarn.ac.at\/wordpress\/wp-content\/uploads\/2023\/03\/20230321_084632-Mittel-rotated.jpg\" sizes=\"auto, (max-width: 768px) 100vw, 768px\" srcset=\"https:\/\/vspoechlarn.ac.at\/wordpress\/wp-content\/uploads\/2023\/03\/20230321_084632-Mittel-rotated.jpg 768w, https:\/\/vspoechlarn.ac.at\/wordpress\/wp-content\/uploads\/2023\/03\/20230321_084632-Mittel-225x300.jpg 225w\" alt=\"\" width=\"768\" height=\"1024\" \/><\/a><\/div>\n<\/div>\n<div id=\"4271-image-4289\" class=\"col-xs-12 col-sm-3 col-md-3\">\n<div class=\"thumbnail\"><a href=\"https:\/\/vspoechlarn.ac.at\/wordpress\/2023\/03\/23\/in-der-gaertnerei\/img_20230321_092341-mittel\/\"><img loading=\"lazy\" decoding=\"async\" class=\"attachment-large size-large\" src=\"https:\/\/vspoechlarn.ac.at\/wordpress\/wp-content\/uploads\/2023\/03\/IMG_20230321_092341-Mittel.jpg\" sizes=\"auto, (max-width: 900px) 100vw, 900px\" srcset=\"https:\/\/vspoechlarn.ac.at\/wordpress\/wp-content\/uploads\/2023\/03\/IMG_20230321_092341-Mittel.jpg 1024w, https:\/\/vspoechlarn.ac.at\/wordpress\/wp-content\/uploads\/2023\/03\/IMG_20230321_092341-Mittel-350x263.jpg 350w\" alt=\"\" width=\"900\" height=\"675\" \/><\/a><\/div>\n<\/div>\n<div class=\"clearfix visible-md-block visible-lg-block\"><\/div>\n<\/div>\n<\/div>\n<\/div>\n<\/div>\n<div class=\"panel-footer entry-meta\"><small><span class=\"loop-category\"><a class=\"label label-danger\" href=\"https:\/\/vspoechlarn.ac.at\/wordpress\/category\/allgemein\/\">Startseite<\/a>\u00a0<\/span><span class=\"loop-author\">|\u00a0<span class=\"author vcard\"><a class=\"url fn n\" href=\"https:\/\/vspoechlarn.ac.at\/wordpress\/author\/wp-admin\/\">wp-admin<\/a><\/span><\/span>\u00a0<span class=\"loop-date\">|\u00a0<time class=\"entry-date published updated\" datetime=\"2023-03-23T07:16:06+01:00\">23. M\u00e4rz 2023<\/time><\/span>\u00a0|\u00a0<span class=\"edit-link\"><a class=\"post-edit-link\" href=\"https:\/\/vspoechlarn.ac.at\/wordpress\/wp-admin\/post.php?post=4271&amp;action=edit\">Bearbeiten<\/a><\/span><\/small><\/p>\n<div class=\"clearfix\"><\/div>\n<\/div>\n<\/div>\n<\/article>\n<article id=\"post-4264\" class=\"loop_list post-4264 post type-post status-publish format-standard hentry category-allgemein\">\n<div class=\"panel panel-default\">\n<div class=\"panel-body clearfix\">\n<div class=\"fs-have-thumbnail\">\n<header class=\"entry-header\">\n<h4 class=\"entry-title\"><strong><a title=\"Permanentlink zu Mostviertel Schulschachturnier\" href=\"https:\/\/vspoechlarn.ac.at\/wordpress\/2023\/03\/16\/mostviertel-schulschachturnier\/\" rel=\"bookmark\">Mostviertel Schulschachturnier<\/a><\/strong><\/h4>\n<\/header>\n<div class=\"entry-content\">\n<p>Auch heuer konnten die Schachkinder der VS P\u00f6chlarn beim Qualifikationsturnier f\u00fcr die Landesmeisterschaft \u00fcberzeugen. Im Hotel Moser gewann gestern P\u00f6chlarn I in herausragender Manier vor P\u00f6chlarn II und der International School aus Krems. Wir gratulieren den Kindern ganz herzlich zu diesem Erfolg und w\u00fcnschen viel Gl\u00fcck f\u00fcr das Landesfinale in St.P\u00f6lten.<\/p>\n<div id=\"gallery_4264_36\" class=\"row\">\n<div id=\"4264-image-4265\" class=\"col-xs-12 col-sm-4 col-md-4\">\n<div class=\"thumbnail\"><a href=\"https:\/\/vspoechlarn.ac.at\/wordpress\/2023\/03\/16\/mostviertel-schulschachturnier\/img_4163-mittel\/\"><img loading=\"lazy\" decoding=\"async\" class=\"attachment-large size-large\" src=\"https:\/\/vspoechlarn.ac.at\/wordpress\/wp-content\/uploads\/2023\/03\/IMG_4163-Mittel.jpg\" sizes=\"auto, (max-width: 900px) 100vw, 900px\" srcset=\"https:\/\/vspoechlarn.ac.at\/wordpress\/wp-content\/uploads\/2023\/03\/IMG_4163-Mittel.jpg 1024w, https:\/\/vspoechlarn.ac.at\/wordpress\/wp-content\/uploads\/2023\/03\/IMG_4163-Mittel-350x263.jpg 350w\" alt=\"\" width=\"900\" height=\"675\" \/><\/a><\/div>\n<\/div>\n<div id=\"4264-image-4266\" class=\"col-xs-12 col-sm-4 col-md-4\">\n<div class=\"thumbnail\"><a href=\"https:\/\/vspoechlarn.ac.at\/wordpress\/2023\/03\/16\/mostviertel-schulschachturnier\/img_4164-mittel\/\"><img loading=\"lazy\" decoding=\"async\" class=\"attachment-large size-large\" src=\"https:\/\/vspoechlarn.ac.at\/wordpress\/wp-content\/uploads\/2023\/03\/IMG_4164-Mittel.jpg\" sizes=\"auto, (max-width: 900px) 100vw, 900px\" srcset=\"https:\/\/vspoechlarn.ac.at\/wordpress\/wp-content\/uploads\/2023\/03\/IMG_4164-Mittel.jpg 1024w, https:\/\/vspoechlarn.ac.at\/wordpress\/wp-content\/uploads\/2023\/03\/IMG_4164-Mittel-350x263.jpg 350w\" alt=\"\" width=\"900\" height=\"675\" \/><\/a><\/div>\n<\/div>\n<\/div>\n<p>P\u00f6chlarn I\u00a0\u00a0\u00a0\u00a0\u00a0\u00a0\u00a0\u00a0\u00a0\u00a0\u00a0\u00a0\u00a0\u00a0\u00a0\u00a0\u00a0\u00a0\u00a0\u00a0\u00a0\u00a0\u00a0\u00a0\u00a0\u00a0\u00a0\u00a0\u00a0\u00a0\u00a0\u00a0\u00a0\u00a0\u00a0\u00a0\u00a0\u00a0\u00a0\u00a0\u00a0\u00a0\u00a0\u00a0\u00a0\u00a0\u00a0\u00a0\u00a0\u00a0\u00a0\u00a0\u00a0\u00a0\u00a0\u00a0\u00a0\u00a0\u00a0\u00a0\u00a0\u00a0\u00a0\u00a0\u00a0\u00a0\u00a0\u00a0\u00a0\u00a0\u00a0\u00a0\u00a0\u00a0\u00a0\u00a0\u00a0 P\u00f6chlarn II<\/p>\n<\/div>\n<\/div>\n<\/div>\n<div class=\"panel-footer entry-meta\"><small><span class=\"loop-category\"><a class=\"label label-danger\" href=\"https:\/\/vspoechlarn.ac.at\/wordpress\/category\/allgemein\/\">Startseite<\/a>\u00a0<\/span><span class=\"loop-author\">|\u00a0<span class=\"author vcard\"><a class=\"url fn n\" href=\"https:\/\/vspoechlarn.ac.at\/wordpress\/author\/wp-admin\/\">wp-admin<\/a><\/span><\/span>\u00a0<span class=\"loop-date\">|\u00a0<time class=\"entry-date published updated\" datetime=\"2023-03-16T08:33:48+01:00\">16. M\u00e4rz 2023<\/time><\/span>\u00a0|\u00a0<span class=\"edit-link\"><a class=\"post-edit-link\" href=\"https:\/\/vspoechlarn.ac.at\/wordpress\/wp-admin\/post.php?post=4264&amp;action=edit\">Bearbeiten<\/a><\/span><\/small><\/p>\n<div class=\"clearfix\"><\/div>\n<\/div>\n<\/div>\n<\/article>\n<article id=\"post-4258\" class=\"loop_list post-4258 post type-post status-publish format-standard hentry category-allgemein\">\n<div class=\"panel panel-default\">\n<div class=\"panel-body clearfix\">\n<div class=\"fs-have-thumbnail\">\n<header class=\"entry-header\">\n<h4 class=\"entry-title\"><strong><a title=\"Permanentlink zu Referate\" href=\"https:\/\/vspoechlarn.ac.at\/wordpress\/2023\/02\/22\/referat\/\" rel=\"bookmark\">Referate<\/a><\/strong><\/h4>\n<\/header>\n<div class=\"entry-content\">\n<p>Sch\u00fclerinnen und Sch\u00fcler der 4b bereiten freiwillige Referate vor, die sie dann vor der ganzen Klasse stolz pr\u00e4sentieren. In diesem Fall handelte es sich um die Lieblingsserie der beiden Kinder. Sie erarbeiteten die Inhalte selbstst\u00e4ndig und ohne Hilfe der Eltern. Eine gro\u00dfartige Leistung!!<\/p>\n<div id=\"gallery_4258_37\" class=\"row\">\n<div id=\"4258-image-4259\" class=\"col-xs-12 col-sm-4 col-md-4\">\n<div class=\"thumbnail\"><a href=\"https:\/\/vspoechlarn.ac.at\/wordpress\/2023\/02\/22\/referat\/referat1-mittel\/\"><img loading=\"lazy\" decoding=\"async\" class=\"attachment-large size-large\" src=\"https:\/\/vspoechlarn.ac.at\/wordpress\/wp-content\/uploads\/2023\/02\/Referat1-Mittel.jpg\" sizes=\"auto, (max-width: 900px) 100vw, 900px\" srcset=\"https:\/\/vspoechlarn.ac.at\/wordpress\/wp-content\/uploads\/2023\/02\/Referat1-Mittel.jpg 1024w, https:\/\/vspoechlarn.ac.at\/wordpress\/wp-content\/uploads\/2023\/02\/Referat1-Mittel-350x263.jpg 350w\" alt=\"\" width=\"900\" height=\"675\" \/><\/a><\/div>\n<\/div>\n<div id=\"4258-image-4260\" class=\"col-xs-12 col-sm-4 col-md-4\">\n<div class=\"thumbnail\"><a href=\"https:\/\/vspoechlarn.ac.at\/wordpress\/2023\/02\/22\/referat\/referat2-mittel\/\"><img loading=\"lazy\" decoding=\"async\" class=\"attachment-large size-large\" src=\"https:\/\/vspoechlarn.ac.at\/wordpress\/wp-content\/uploads\/2023\/02\/Referat2-Mittel.jpg\" sizes=\"auto, (max-width: 768px) 100vw, 768px\" srcset=\"https:\/\/vspoechlarn.ac.at\/wordpress\/wp-content\/uploads\/2023\/02\/Referat2-Mittel.jpg 768w, https:\/\/vspoechlarn.ac.at\/wordpress\/wp-content\/uploads\/2023\/02\/Referat2-Mittel-225x300.jpg 225w\" alt=\"\" width=\"768\" height=\"1024\" \/><\/a><\/div>\n<\/div>\n<\/div>\n<\/div>\n<\/div>\n<\/div>\n<div class=\"panel-footer entry-meta\"><small><span class=\"loop-category\"><a class=\"label label-danger\" href=\"https:\/\/vspoechlarn.ac.at\/wordpress\/category\/allgemein\/\">Startseite<\/a>\u00a0<\/span><span class=\"loop-author\">|\u00a0<span class=\"author vcard\"><a class=\"url fn n\" href=\"https:\/\/vspoechlarn.ac.at\/wordpress\/author\/wp-admin\/\">wp-admin<\/a><\/span><\/span>\u00a0<span class=\"loop-date\">|\u00a0<time class=\"entry-date published updated\" datetime=\"2023-02-22T07:55:48+01:00\">22. Februar 2023<\/time><\/span>\u00a0|\u00a0<span class=\"edit-link\"><a class=\"post-edit-link\" href=\"https:\/\/vspoechlarn.ac.at\/wordpress\/wp-admin\/post.php?post=4258&amp;action=edit\">Bearbeiten<\/a><\/span><\/small><\/p>\n<div class=\"clearfix\"><\/div>\n<\/div>\n<\/div>\n<\/article>\n<article id=\"post-4254\" class=\"loop_list post-4254 post type-post status-publish format-standard hentry category-allgemein\">\n<div class=\"panel panel-default\">\n<div class=\"panel-body clearfix\">\n<div class=\"fs-have-thumbnail\">\n<header class=\"entry-header\">\n<h4 class=\"entry-title\"><strong><a title=\"Permanentlink zu Energiesparparty\" href=\"https:\/\/vspoechlarn.ac.at\/wordpress\/2023\/02\/22\/energiesparparty\/\" rel=\"bookmark\">Energiesparparty<\/a><\/strong><\/h4>\n<\/header>\n<div class=\"entry-content\">\n<p>Unter dem Motto \u201eEnergiesparparty\u201c pr\u00e4sentierten einige Sch\u00fclerinnen und Sch\u00fcler der MS P\u00f6chlarn unseren Kindern der 4. Klassen ihre Energiespar-Tipps. Auch ein Theaterst\u00fcck sollte den J\u00fcngeren M\u00f6glichkeiten aufzeigen, wie sie zu Hause Energie sparen k\u00f6nnen.<\/p>\n<div id=\"gallery_4254_38\" class=\"row\">\n<div id=\"4254-image-4255\" class=\"col-xs-12 col-sm-4 col-md-4\">\n<div class=\"thumbnail\"><a href=\"https:\/\/vspoechlarn.ac.at\/wordpress\/2023\/02\/22\/energiesparparty\/energie1-mittel\/\"><img loading=\"lazy\" decoding=\"async\" class=\"attachment-large size-large\" src=\"https:\/\/vspoechlarn.ac.at\/wordpress\/wp-content\/uploads\/2023\/02\/Energie1-Mittel.jpg\" sizes=\"auto, (max-width: 900px) 100vw, 900px\" srcset=\"https:\/\/vspoechlarn.ac.at\/wordpress\/wp-content\/uploads\/2023\/02\/Energie1-Mittel.jpg 1024w, https:\/\/vspoechlarn.ac.at\/wordpress\/wp-content\/uploads\/2023\/02\/Energie1-Mittel-350x263.jpg 350w\" alt=\"\" width=\"900\" height=\"675\" \/><\/a><\/div>\n<\/div>\n<div id=\"4254-image-4256\" class=\"col-xs-12 col-sm-4 col-md-4\">\n<div class=\"thumbnail\"><a href=\"https:\/\/vspoechlarn.ac.at\/wordpress\/2023\/02\/22\/energiesparparty\/energie2-mittel\/\"><img loading=\"lazy\" decoding=\"async\" class=\"attachment-large size-large\" src=\"https:\/\/vspoechlarn.ac.at\/wordpress\/wp-content\/uploads\/2023\/02\/Energie2-Mittel.jpg\" sizes=\"auto, (max-width: 900px) 100vw, 900px\" srcset=\"https:\/\/vspoechlarn.ac.at\/wordpress\/wp-content\/uploads\/2023\/02\/Energie2-Mittel.jpg 1024w, https:\/\/vspoechlarn.ac.at\/wordpress\/wp-content\/uploads\/2023\/02\/Energie2-Mittel-350x263.jpg 350w\" alt=\"\" width=\"900\" height=\"675\" \/><\/a><\/div>\n<\/div>\n<\/div>\n<\/div>\n<\/div>\n<\/div>\n<div class=\"panel-footer entry-meta\"><small><span class=\"loop-category\"><a class=\"label label-danger\" href=\"https:\/\/vspoechlarn.ac.at\/wordpress\/category\/allgemein\/\">Startseite<\/a>\u00a0<\/span><span class=\"loop-author\">|\u00a0<span class=\"author vcard\"><a class=\"url fn n\" href=\"https:\/\/vspoechlarn.ac.at\/wordpress\/author\/wp-admin\/\">wp-admin<\/a><\/span><\/span>\u00a0<span class=\"loop-date\">|\u00a0<time class=\"entry-date published updated\" datetime=\"2023-02-22T07:52:34+01:00\">22. Februar 2023<\/time><\/span>\u00a0|\u00a0<span class=\"edit-link\"><a class=\"post-edit-link\" href=\"https:\/\/vspoechlarn.ac.at\/wordpress\/wp-admin\/post.php?post=4254&amp;action=edit\">Bearbeiten<\/a><\/span><\/small><\/p>\n<div class=\"clearfix\"><\/div>\n<\/div>\n<\/div>\n<\/article>\n<article id=\"post-4229\" class=\"loop_list post-4229 post type-post status-publish format-standard hentry category-allgemein\">\n<div class=\"panel panel-default\">\n<div class=\"panel-body clearfix\">\n<div class=\"fs-have-thumbnail\">\n<header class=\"entry-header\">\n<h4 class=\"entry-title\"><strong><a title=\"Permanentlink zu Faschingdienstag\" href=\"https:\/\/vspoechlarn.ac.at\/wordpress\/2023\/02\/21\/faschingdienstag\/\" rel=\"bookmark\">Faschingdienstag<\/a><\/strong><\/h4>\n<\/header>\n<div class=\"entry-content\">\n<p>Mit lustigen Verkleidungen durften die Kinder heute in die Schule kommen. Spiel und Spa\u00df standen wie jedes Jahr im Mittelpunkt. Vers\u00fc\u00dft wurde dieser Vormittag mit leckeren Krapfen von unserem Elternverein \u2013 recht herzlichen Dank!<\/p>\n<div id=\"gallery_4229_39\" class=\"row\">\n<div id=\"4229-image-4239\" class=\"col-xs-12 col-sm-4 col-md-4\">\n<div class=\"thumbnail\"><a href=\"https:\/\/vspoechlarn.ac.at\/wordpress\/2023\/02\/21\/faschingdienstag\/img_4060-mittel\/\"><img loading=\"lazy\" decoding=\"async\" class=\"attachment-large size-large\" src=\"https:\/\/vspoechlarn.ac.at\/wordpress\/wp-content\/uploads\/2023\/02\/IMG_4060-Mittel.jpg\" sizes=\"auto, (max-width: 900px) 100vw, 900px\" srcset=\"https:\/\/vspoechlarn.ac.at\/wordpress\/wp-content\/uploads\/2023\/02\/IMG_4060-Mittel.jpg 1024w, https:\/\/vspoechlarn.ac.at\/wordpress\/wp-content\/uploads\/2023\/02\/IMG_4060-Mittel-350x263.jpg 350w\" alt=\"\" width=\"900\" height=\"675\" \/><\/a><\/div>\n<\/div>\n<div id=\"4229-image-4238\" class=\"col-xs-12 col-sm-4 col-md-4\">\n<div class=\"thumbnail\"><a href=\"https:\/\/vspoechlarn.ac.at\/wordpress\/2023\/02\/21\/faschingdienstag\/img_4063-mittel\/\"><img loading=\"lazy\" decoding=\"async\" class=\"attachment-large size-large\" src=\"https:\/\/vspoechlarn.ac.at\/wordpress\/wp-content\/uploads\/2023\/02\/IMG_4063-Mittel.jpg\" sizes=\"auto, (max-width: 900px) 100vw, 900px\" srcset=\"https:\/\/vspoechlarn.ac.at\/wordpress\/wp-content\/uploads\/2023\/02\/IMG_4063-Mittel.jpg 1024w, https:\/\/vspoechlarn.ac.at\/wordpress\/wp-content\/uploads\/2023\/02\/IMG_4063-Mittel-350x263.jpg 350w\" alt=\"\" width=\"900\" height=\"675\" \/><\/a><\/div>\n<\/div>\n<div id=\"4229-image-4237\" class=\"col-xs-12 col-sm-4 col-md-4\">\n<div class=\"thumbnail\"><a href=\"https:\/\/vspoechlarn.ac.at\/wordpress\/2023\/02\/21\/faschingdienstag\/img_4062-mittel\/\"><img loading=\"lazy\" decoding=\"async\" class=\"attachment-large size-large\" src=\"https:\/\/vspoechlarn.ac.at\/wordpress\/wp-content\/uploads\/2023\/02\/IMG_4062-Mittel.jpg\" sizes=\"auto, (max-width: 900px) 100vw, 900px\" srcset=\"https:\/\/vspoechlarn.ac.at\/wordpress\/wp-content\/uploads\/2023\/02\/IMG_4062-Mittel.jpg 1024w, https:\/\/vspoechlarn.ac.at\/wordpress\/wp-content\/uploads\/2023\/02\/IMG_4062-Mittel-350x263.jpg 350w\" alt=\"\" width=\"900\" height=\"675\" \/><\/a><\/div>\n<\/div>\n<div class=\"clearfix visible-md-block visible-lg-block\"><\/div>\n<div id=\"4229-image-4236\" class=\"col-xs-12 col-sm-4 col-md-4\">\n<div class=\"thumbnail\"><a href=\"https:\/\/vspoechlarn.ac.at\/wordpress\/2023\/02\/21\/faschingdienstag\/img_4059-mittel\/\"><img loading=\"lazy\" decoding=\"async\" class=\"attachment-large size-large\" src=\"https:\/\/vspoechlarn.ac.at\/wordpress\/wp-content\/uploads\/2023\/02\/IMG_4059-Mittel.jpg\" sizes=\"auto, (max-width: 900px) 100vw, 900px\" srcset=\"https:\/\/vspoechlarn.ac.at\/wordpress\/wp-content\/uploads\/2023\/02\/IMG_4059-Mittel.jpg 1024w, https:\/\/vspoechlarn.ac.at\/wordpress\/wp-content\/uploads\/2023\/02\/IMG_4059-Mittel-350x263.jpg 350w\" alt=\"\" width=\"900\" height=\"675\" \/><\/a><\/div>\n<\/div>\n<div id=\"4229-image-4235\" class=\"col-xs-12 col-sm-4 col-md-4\">\n<div class=\"thumbnail\"><a href=\"https:\/\/vspoechlarn.ac.at\/wordpress\/2023\/02\/21\/faschingdienstag\/img_4057-mittel\/\"><img loading=\"lazy\" decoding=\"async\" class=\"attachment-large size-large\" src=\"https:\/\/vspoechlarn.ac.at\/wordpress\/wp-content\/uploads\/2023\/02\/IMG_4057-Mittel.jpg\" sizes=\"auto, (max-width: 900px) 100vw, 900px\" srcset=\"https:\/\/vspoechlarn.ac.at\/wordpress\/wp-content\/uploads\/2023\/02\/IMG_4057-Mittel.jpg 1024w, https:\/\/vspoechlarn.ac.at\/wordpress\/wp-content\/uploads\/2023\/02\/IMG_4057-Mittel-350x263.jpg 350w\" alt=\"\" width=\"900\" height=\"675\" \/><\/a><\/div>\n<\/div>\n<div id=\"4229-image-4234\" class=\"col-xs-12 col-sm-4 col-md-4\">\n<div class=\"thumbnail\"><a href=\"https:\/\/vspoechlarn.ac.at\/wordpress\/2023\/02\/21\/faschingdienstag\/img_4049-mittel\/\"><img loading=\"lazy\" decoding=\"async\" class=\"attachment-large size-large\" src=\"https:\/\/vspoechlarn.ac.at\/wordpress\/wp-content\/uploads\/2023\/02\/IMG_4049-Mittel-rotated.jpg\" sizes=\"auto, (max-width: 900px) 100vw, 900px\" srcset=\"https:\/\/vspoechlarn.ac.at\/wordpress\/wp-content\/uploads\/2023\/02\/IMG_4049-Mittel-rotated.jpg 1024w, https:\/\/vspoechlarn.ac.at\/wordpress\/wp-content\/uploads\/2023\/02\/IMG_4049-Mittel-350x263.jpg 350w\" alt=\"\" width=\"900\" height=\"675\" \/><\/a><\/div>\n<\/div>\n<div class=\"clearfix visible-md-block visible-lg-block\"><\/div>\n<div id=\"4229-image-4233\" class=\"col-xs-12 col-sm-4 col-md-4\">\n<div class=\"thumbnail\"><a href=\"https:\/\/vspoechlarn.ac.at\/wordpress\/2023\/02\/21\/faschingdienstag\/img_4048-mittel\/\"><img loading=\"lazy\" decoding=\"async\" class=\"attachment-large size-large\" src=\"https:\/\/vspoechlarn.ac.at\/wordpress\/wp-content\/uploads\/2023\/02\/IMG_4048-Mittel-rotated.jpg\" sizes=\"auto, (max-width: 900px) 100vw, 900px\" srcset=\"https:\/\/vspoechlarn.ac.at\/wordpress\/wp-content\/uploads\/2023\/02\/IMG_4048-Mittel-rotated.jpg 1024w, https:\/\/vspoechlarn.ac.at\/wordpress\/wp-content\/uploads\/2023\/02\/IMG_4048-Mittel-350x263.jpg 350w\" alt=\"\" width=\"900\" height=\"675\" \/><\/a><\/div>\n<\/div>\n<div id=\"4229-image-4232\" class=\"col-xs-12 col-sm-4 col-md-4\">\n<div class=\"thumbnail\"><a href=\"https:\/\/vspoechlarn.ac.at\/wordpress\/2023\/02\/21\/faschingdienstag\/img_4030-mittel\/\"><img loading=\"lazy\" decoding=\"async\" class=\"attachment-large size-large\" src=\"https:\/\/vspoechlarn.ac.at\/wordpress\/wp-content\/uploads\/2023\/02\/IMG_4030-Mittel.jpg\" sizes=\"auto, (max-width: 900px) 100vw, 900px\" srcset=\"https:\/\/vspoechlarn.ac.at\/wordpress\/wp-content\/uploads\/2023\/02\/IMG_4030-Mittel.jpg 1024w, https:\/\/vspoechlarn.ac.at\/wordpress\/wp-content\/uploads\/2023\/02\/IMG_4030-Mittel-350x263.jpg 350w\" alt=\"\" width=\"900\" height=\"675\" \/><\/a><\/div>\n<\/div>\n<div id=\"4229-image-4231\" class=\"col-xs-12 col-sm-4 col-md-4\">\n<div class=\"thumbnail\"><a href=\"https:\/\/vspoechlarn.ac.at\/wordpress\/2023\/02\/21\/faschingdienstag\/img_4024-mittel\/\"><img loading=\"lazy\" decoding=\"async\" class=\"attachment-large size-large\" src=\"https:\/\/vspoechlarn.ac.at\/wordpress\/wp-content\/uploads\/2023\/02\/IMG_4024-Mittel.jpg\" sizes=\"auto, (max-width: 900px) 100vw, 900px\" srcset=\"https:\/\/vspoechlarn.ac.at\/wordpress\/wp-content\/uploads\/2023\/02\/IMG_4024-Mittel.jpg 1024w, https:\/\/vspoechlarn.ac.at\/wordpress\/wp-content\/uploads\/2023\/02\/IMG_4024-Mittel-350x263.jpg 350w\" alt=\"\" width=\"900\" height=\"675\" \/><\/a><\/div>\n<\/div>\n<div class=\"clearfix visible-md-block visible-lg-block\"><\/div>\n<div id=\"4229-image-4246\" class=\"col-xs-12 col-sm-4 col-md-4\">\n<div class=\"thumbnail\"><a href=\"https:\/\/vspoechlarn.ac.at\/wordpress\/2023\/02\/21\/faschingdienstag\/img_4052\/\"><img loading=\"lazy\" decoding=\"async\" class=\"attachment-large size-large\" src=\"https:\/\/vspoechlarn.ac.at\/wordpress\/wp-content\/uploads\/2023\/02\/IMG_4052-1024x768.jpg\" sizes=\"auto, (max-width: 900px) 100vw, 900px\" srcset=\"https:\/\/vspoechlarn.ac.at\/wordpress\/wp-content\/uploads\/2023\/02\/IMG_4052-1024x768.jpg 1024w, https:\/\/vspoechlarn.ac.at\/wordpress\/wp-content\/uploads\/2023\/02\/IMG_4052-350x263.jpg 350w, https:\/\/vspoechlarn.ac.at\/wordpress\/wp-content\/uploads\/2023\/02\/IMG_4052-1536x1152.jpg 1536w, https:\/\/vspoechlarn.ac.at\/wordpress\/wp-content\/uploads\/2023\/02\/IMG_4052-2048x1536.jpg 2048w, https:\/\/vspoechlarn.ac.at\/wordpress\/wp-content\/uploads\/2023\/02\/IMG_4052-scaled.jpg 1440w\" alt=\"\" width=\"900\" height=\"675\" \/><\/a><\/div>\n<\/div>\n<div id=\"4229-image-4245\" class=\"col-xs-12 col-sm-4 col-md-4\">\n<div class=\"thumbnail\"><a href=\"https:\/\/vspoechlarn.ac.at\/wordpress\/2023\/02\/21\/faschingdienstag\/img_4051-mittel\/\"><img loading=\"lazy\" decoding=\"async\" class=\"attachment-large size-large\" src=\"https:\/\/vspoechlarn.ac.at\/wordpress\/wp-content\/uploads\/2023\/02\/IMG_4051-Mittel.jpg\" sizes=\"auto, (max-width: 900px) 100vw, 900px\" srcset=\"https:\/\/vspoechlarn.ac.at\/wordpress\/wp-content\/uploads\/2023\/02\/IMG_4051-Mittel.jpg 1024w, https:\/\/vspoechlarn.ac.at\/wordpress\/wp-content\/uploads\/2023\/02\/IMG_4051-Mittel-350x263.jpg 350w\" alt=\"\" width=\"900\" height=\"675\" \/><\/a><\/div>\n<\/div>\n<div id=\"4229-image-4248\" class=\"col-xs-12 col-sm-4 col-md-4\">\n<div class=\"thumbnail\"><a href=\"https:\/\/vspoechlarn.ac.at\/wordpress\/2023\/02\/21\/faschingdienstag\/img_4055-mittel\/\"><img loading=\"lazy\" decoding=\"async\" class=\"attachment-large size-large\" src=\"https:\/\/vspoechlarn.ac.at\/wordpress\/wp-content\/uploads\/2023\/02\/IMG_4055-Mittel.jpg\" sizes=\"auto, (max-width: 900px) 100vw, 900px\" srcset=\"https:\/\/vspoechlarn.ac.at\/wordpress\/wp-content\/uploads\/2023\/02\/IMG_4055-Mittel.jpg 1024w, https:\/\/vspoechlarn.ac.at\/wordpress\/wp-content\/uploads\/2023\/02\/IMG_4055-Mittel-350x263.jpg 350w\" alt=\"\" width=\"900\" height=\"675\" \/><\/a><\/div>\n<\/div>\n<div class=\"clearfix visible-md-block visible-lg-block\"><\/div>\n<div id=\"4229-image-4251\" class=\"col-xs-12 col-sm-4 col-md-4\">\n<div class=\"thumbnail\"><a href=\"https:\/\/vspoechlarn.ac.at\/wordpress\/2023\/02\/21\/faschingdienstag\/img_4073-mittel\/\"><img loading=\"lazy\" decoding=\"async\" class=\"attachment-large size-large\" src=\"https:\/\/vspoechlarn.ac.at\/wordpress\/wp-content\/uploads\/2023\/02\/IMG_4073-Mittel.jpg\" sizes=\"auto, (max-width: 900px) 100vw, 900px\" srcset=\"https:\/\/vspoechlarn.ac.at\/wordpress\/wp-content\/uploads\/2023\/02\/IMG_4073-Mittel.jpg 1024w, https:\/\/vspoechlarn.ac.at\/wordpress\/wp-content\/uploads\/2023\/02\/IMG_4073-Mittel-350x263.jpg 350w\" alt=\"\" width=\"900\" height=\"675\" \/><\/a><\/div>\n<\/div>\n<div id=\"4229-image-4250\" class=\"col-xs-12 col-sm-4 col-md-4\">\n<div class=\"thumbnail\"><a href=\"https:\/\/vspoechlarn.ac.at\/wordpress\/2023\/02\/21\/faschingdienstag\/img_4068-mittel\/\"><img loading=\"lazy\" decoding=\"async\" class=\"attachment-large size-large\" src=\"https:\/\/vspoechlarn.ac.at\/wordpress\/wp-content\/uploads\/2023\/02\/IMG_4068-Mittel.jpg\" sizes=\"auto, (max-width: 900px) 100vw, 900px\" srcset=\"https:\/\/vspoechlarn.ac.at\/wordpress\/wp-content\/uploads\/2023\/02\/IMG_4068-Mittel.jpg 1024w, https:\/\/vspoechlarn.ac.at\/wordpress\/wp-content\/uploads\/2023\/02\/IMG_4068-Mittel-350x263.jpg 350w\" alt=\"\" width=\"900\" height=\"675\" \/><\/a><\/div>\n<\/div>\n<\/div>\n<\/div>\n<\/div>\n<\/div>\n<div class=\"panel-footer entry-meta\"><small><span class=\"loop-category\"><a class=\"label label-danger\" href=\"https:\/\/vspoechlarn.ac.at\/wordpress\/category\/allgemein\/\">Startseite<\/a>\u00a0<\/span><span class=\"loop-author\">|\u00a0<span class=\"author vcard\"><a class=\"url fn n\" href=\"https:\/\/vspoechlarn.ac.at\/wordpress\/author\/wp-admin\/\">wp-admin<\/a><\/span><\/span>\u00a0<span class=\"loop-date\">|\u00a0<time class=\"entry-date published updated\" datetime=\"2023-02-21T10:44:10+01:00\">21. Februar 2023<\/time><\/span>\u00a0|\u00a0<span class=\"edit-link\"><a class=\"post-edit-link\" href=\"https:\/\/vspoechlarn.ac.at\/wordpress\/wp-admin\/post.php?post=4229&amp;action=edit\">Bearbeiten<\/a><\/span><\/small><\/p>\n<div class=\"clearfix\"><\/div>\n<\/div>\n<\/div>\n<\/article>\n<article id=\"post-4216\" class=\"loop_list post-4216 post type-post status-publish format-standard hentry category-allgemein\">\n<div class=\"panel panel-default\">\n<div class=\"panel-body clearfix\">\n<div class=\"fs-have-thumbnail\">\n<header class=\"entry-header\">\n<h4 class=\"entry-title\"><strong><a title=\"Permanentlink zu Blick und Klick\" href=\"https:\/\/vspoechlarn.ac.at\/wordpress\/2023\/02\/14\/blick-und-klick\/\" rel=\"bookmark\">Blick und Klick<\/a><\/strong><\/h4>\n<\/header>\n<div class=\"entry-content\">\n<p>Heute gab es f\u00fcr die Kinder der beiden 1. Klassen ein Verkehrssicherheitstraining im kleinen Turnsaal. Richtiges \u00dcberqueren der Stra\u00dfe und das lebensrettende Anschnallen im Auto standen dabei im Mittelpunkt.<\/p>\n<div id=\"gallery_4216_40\" class=\"row\">\n<div id=\"4216-image-4218\" class=\"col-xs-12 col-sm-4 col-md-4\">\n<div class=\"thumbnail\"><a href=\"https:\/\/vspoechlarn.ac.at\/wordpress\/2023\/02\/14\/blick-und-klick\/img_3974-mittel\/\"><img loading=\"lazy\" decoding=\"async\" class=\"attachment-large size-large\" src=\"https:\/\/vspoechlarn.ac.at\/wordpress\/wp-content\/uploads\/2023\/02\/IMG_3974-Mittel.jpg\" sizes=\"auto, (max-width: 900px) 100vw, 900px\" srcset=\"https:\/\/vspoechlarn.ac.at\/wordpress\/wp-content\/uploads\/2023\/02\/IMG_3974-Mittel.jpg 1024w, https:\/\/vspoechlarn.ac.at\/wordpress\/wp-content\/uploads\/2023\/02\/IMG_3974-Mittel-350x263.jpg 350w\" alt=\"\" width=\"900\" height=\"675\" \/><\/a><\/div>\n<\/div>\n<div id=\"4216-image-4219\" class=\"col-xs-12 col-sm-4 col-md-4\">\n<div class=\"thumbnail\"><a href=\"https:\/\/vspoechlarn.ac.at\/wordpress\/2023\/02\/14\/blick-und-klick\/img_3977-mittel\/\"><img loading=\"lazy\" decoding=\"async\" class=\"attachment-large size-large\" src=\"https:\/\/vspoechlarn.ac.at\/wordpress\/wp-content\/uploads\/2023\/02\/IMG_3977-Mittel-rotated.jpg\" sizes=\"auto, (max-width: 768px) 100vw, 768px\" srcset=\"https:\/\/vspoechlarn.ac.at\/wordpress\/wp-content\/uploads\/2023\/02\/IMG_3977-Mittel-rotated.jpg 768w, https:\/\/vspoechlarn.ac.at\/wordpress\/wp-content\/uploads\/2023\/02\/IMG_3977-Mittel-225x300.jpg 225w\" alt=\"\" width=\"768\" height=\"1024\" \/><\/a><\/div>\n<\/div>\n<div id=\"4216-image-4220\" class=\"col-xs-12 col-sm-4 col-md-4\">\n<div class=\"thumbnail\"><a href=\"https:\/\/vspoechlarn.ac.at\/wordpress\/2023\/02\/14\/blick-und-klick\/img_3979-mittel\/\"><img loading=\"lazy\" decoding=\"async\" class=\"attachment-large size-large\" src=\"https:\/\/vspoechlarn.ac.at\/wordpress\/wp-content\/uploads\/2023\/02\/IMG_3979-Mittel.jpg\" sizes=\"auto, (max-width: 900px) 100vw, 900px\" srcset=\"https:\/\/vspoechlarn.ac.at\/wordpress\/wp-content\/uploads\/2023\/02\/IMG_3979-Mittel.jpg 1024w, https:\/\/vspoechlarn.ac.at\/wordpress\/wp-content\/uploads\/2023\/02\/IMG_3979-Mittel-350x263.jpg 350w\" alt=\"\" width=\"900\" height=\"675\" \/><\/a><\/div>\n<\/div>\n<div class=\"clearfix visible-md-block visible-lg-block\"><\/div>\n<div id=\"4216-image-4222\" class=\"col-xs-12 col-sm-4 col-md-4\">\n<div class=\"thumbnail\"><a href=\"https:\/\/vspoechlarn.ac.at\/wordpress\/2023\/02\/14\/blick-und-klick\/25eba48c-d9d9-4ddf-a89d-530d58c0650b\/\"><img loading=\"lazy\" decoding=\"async\" class=\"attachment-large size-large\" src=\"https:\/\/vspoechlarn.ac.at\/wordpress\/wp-content\/uploads\/2023\/02\/25eba48c-d9d9-4ddf-a89d-530d58c0650b.jpg\" sizes=\"auto, (max-width: 768px) 100vw, 768px\" srcset=\"https:\/\/vspoechlarn.ac.at\/wordpress\/wp-content\/uploads\/2023\/02\/25eba48c-d9d9-4ddf-a89d-530d58c0650b.jpg 768w, https:\/\/vspoechlarn.ac.at\/wordpress\/wp-content\/uploads\/2023\/02\/25eba48c-d9d9-4ddf-a89d-530d58c0650b-225x300.jpg 225w\" alt=\"\" width=\"768\" height=\"1024\" \/><\/a><\/div>\n<\/div>\n<div id=\"4216-image-4223\" class=\"col-xs-12 col-sm-4 col-md-4\">\n<div class=\"thumbnail\"><a href=\"https:\/\/vspoechlarn.ac.at\/wordpress\/2023\/02\/14\/blick-und-klick\/b4320fb3-0741-44f2-a6bb-abdeb19ad80f\/\"><img loading=\"lazy\" decoding=\"async\" class=\"attachment-large size-large\" src=\"https:\/\/vspoechlarn.ac.at\/wordpress\/wp-content\/uploads\/2023\/02\/b4320fb3-0741-44f2-a6bb-abdeb19ad80f.jpg\" sizes=\"auto, (max-width: 768px) 100vw, 768px\" srcset=\"https:\/\/vspoechlarn.ac.at\/wordpress\/wp-content\/uploads\/2023\/02\/b4320fb3-0741-44f2-a6bb-abdeb19ad80f.jpg 768w, https:\/\/vspoechlarn.ac.at\/wordpress\/wp-content\/uploads\/2023\/02\/b4320fb3-0741-44f2-a6bb-abdeb19ad80f-225x300.jpg 225w\" alt=\"\" width=\"768\" height=\"1024\" \/><\/a><\/div>\n<\/div>\n<div id=\"4216-image-4224\" class=\"col-xs-12 col-sm-4 col-md-4\">\n<div class=\"thumbnail\"><a href=\"https:\/\/vspoechlarn.ac.at\/wordpress\/2023\/02\/14\/blick-und-klick\/cca4913b-647e-43e6-b80d-30fb31b23c0b\/\"><img loading=\"lazy\" decoding=\"async\" class=\"attachment-large size-large\" src=\"https:\/\/vspoechlarn.ac.at\/wordpress\/wp-content\/uploads\/2023\/02\/cca4913b-647e-43e6-b80d-30fb31b23c0b.jpg\" sizes=\"auto, (max-width: 768px) 100vw, 768px\" srcset=\"https:\/\/vspoechlarn.ac.at\/wordpress\/wp-content\/uploads\/2023\/02\/cca4913b-647e-43e6-b80d-30fb31b23c0b.jpg 768w, https:\/\/vspoechlarn.ac.at\/wordpress\/wp-content\/uploads\/2023\/02\/cca4913b-647e-43e6-b80d-30fb31b23c0b-225x300.jpg 225w\" alt=\"\" width=\"768\" height=\"1024\" \/><\/a><\/div>\n<\/div>\n<div class=\"clearfix visible-md-block visible-lg-block\"><\/div>\n<\/div>\n<\/div>\n<\/div>\n<\/div>\n<div class=\"panel-footer entry-meta\"><small><span class=\"loop-category\"><a class=\"label label-danger\" href=\"https:\/\/vspoechlarn.ac.at\/wordpress\/category\/allgemein\/\">Startseite<\/a>\u00a0<\/span><span class=\"loop-author\">|\u00a0<span class=\"author vcard\"><a class=\"url fn n\" href=\"https:\/\/vspoechlarn.ac.at\/wordpress\/author\/wp-admin\/\">wp-admin<\/a><\/span><\/span>\u00a0<span class=\"loop-date\">|\u00a0<time class=\"entry-date published updated\" datetime=\"2023-02-14T14:02:18+01:00\">14. Februar 2023<\/time><\/span>\u00a0|\u00a0<span class=\"edit-link\"><a class=\"post-edit-link\" href=\"https:\/\/vspoechlarn.ac.at\/wordpress\/wp-admin\/post.php?post=4216&amp;action=edit\">Bearbeiten<\/a><\/span><\/small><\/p>\n<div class=\"clearfix\"><\/div>\n<\/div>\n<\/div>\n<\/article>\n<article id=\"post-4200\" class=\"loop_list post-4200 post type-post status-publish format-standard hentry category-allgemein\">\n<div class=\"panel panel-default\">\n<div class=\"panel-body clearfix\">\n<div class=\"fs-have-thumbnail\">\n<header class=\"entry-header\">\n<h4 class=\"entry-title\"><strong><a title=\"Permanentlink zu x-point Schulsozialarbeit\" href=\"https:\/\/vspoechlarn.ac.at\/wordpress\/2023\/01\/31\/x-point-schulsozialarbeit\/\" rel=\"bookmark\">x-point Schulsozialarbeit<\/a><\/strong><\/h4>\n<\/header>\n<div class=\"entry-content\">\n<p><strong>x-point Schulsozialarbeit jeden Donnerstag an der VS P\u00f6chlarn<\/strong><\/p>\n<p>&nbsp;<\/p>\n<p>x-point ist eine Anlauf- und Beratungsstelle direkt an der Schule, prim\u00e4r f\u00fcr die Anliegen der Sch\u00fcler_innen und sekund\u00e4r auch f\u00fcr Eltern und Lehrer_innen.<\/p>\n<p>&nbsp;<\/p>\n<p>x-point Schulsozialarbeit informiert zu jugendrelevanten Themen, ber\u00e4t und unterst\u00fctzt bei sozialen Lebenslagen und auch bei Problemen.<\/p>\n<p>&nbsp;<\/p>\n<p><strong>x-point bietet:<\/strong><\/p>\n<ul>\n<li>Beratung<\/li>\n<li>Information<\/li>\n<li>Gruppenarbeit\/Klassenaktionen<\/li>\n<li>Konfliktmoderation<\/li>\n<li>L\u00e4ngerfristige Begleitung<\/li>\n<li>Krisenintervention<\/li>\n<li>Unterst\u00fctzung bei Pr\u00e4ventionsma\u00dfnahmen<\/li>\n<\/ul>\n<p>&nbsp;<\/p>\n<p>&nbsp;<\/p>\n<p>Kontaktinformation unter:<\/p>\n<p>https:\/\/www.young.or.at\/poechlarn\/articles\/vs-poechlarn.html<\/p>\n<p>Ansprechpartnerin an der Schule:<\/p>\n<p>Daniela L\u00f6b- Funk, BA<\/p>\n<\/div>\n<\/div>\n<\/div>\n<div class=\"panel-footer entry-meta\"><small><span class=\"loop-category\"><a class=\"label label-danger\" href=\"https:\/\/vspoechlarn.ac.at\/wordpress\/category\/allgemein\/\">Startseite<\/a>\u00a0<\/span><span class=\"loop-author\">|\u00a0<span class=\"author vcard\"><a class=\"url fn n\" href=\"https:\/\/vspoechlarn.ac.at\/wordpress\/author\/wp-admin\/\">wp-admin<\/a><\/span><\/span>\u00a0<span class=\"loop-date\">|\u00a0<time class=\"entry-date published updated\" datetime=\"2023-01-31T08:30:03+01:00\">31. Januar 2023<\/time><\/span>\u00a0|\u00a0<span class=\"edit-link\"><a class=\"post-edit-link\" href=\"https:\/\/vspoechlarn.ac.at\/wordpress\/wp-admin\/post.php?post=4200&amp;action=edit\">Bearbeiten<\/a><\/span><\/small><\/p>\n<div class=\"clearfix\"><\/div>\n<\/div>\n<\/div>\n<\/article>\n<article id=\"post-4166\" class=\"loop_list post-4166 post type-post status-publish format-standard hentry category-allgemein\">\n<div class=\"panel panel-default\">\n<div class=\"panel-body clearfix\">\n<div class=\"fs-have-thumbnail\">\n<header class=\"entry-header\">\n<h4 class=\"entry-title\"><strong><a title=\"Permanentlink zu Weihnachtsfeier\" href=\"https:\/\/vspoechlarn.ac.at\/wordpress\/2023\/01\/10\/weihnachtsfeier\/\" rel=\"bookmark\">Weihnachtsfeier<\/a><\/strong><\/h4>\n<\/header>\n<div class=\"entry-content\">\n<p>Bei unserer gro\u00dfen Weihnachtsfeier, die wir im Beisein von Frau Bgm. Barbara Kainz und beinahe 200 Besuchern heuer wieder \u00f6ffentlich abhalten konnten, begeisterten die Kinder unsere G\u00e4ste mit wunderbaren Melodien, T\u00e4nzen, nachdenklichen Texten und lustigen Theaterst\u00fccken. Die M\u00e4dchen und Buben der Singklassen bzw. der Bl\u00e4serklassen stellten ebenfalls ihr Talent unter Beweis. Au\u00dferdem konnten wir in diesem feierlichen Rahmen voller Stolz unser Schullogo pr\u00e4sentieren \u2013\u00a0<em><strong>achtsam wachsen in der VS P\u00f6chlarn<\/strong><\/em>. Dieses wurde nach einer Idee der Kolleginnen der VS P\u00f6chlarn von\u00a0<strong>heindl<\/strong>design professionell gestaltet und zur G\u00e4nze von der\u00a0<strong>Raiffeisenbank P\u00f6chlarn<\/strong>\u00a0finanziert, wof\u00fcr wir uns an dieser Stelle ganz herzlich bei Frau Prok. Ingrid Ebenstreicher bedanken wollen.<\/p>\n<div id=\"gallery_4166_41\" class=\"row\">\n<div id=\"4166-image-4170\" class=\"col-xs-12 col-sm-2 col-md-2\">\n<div class=\"thumbnail\"><a href=\"https:\/\/vspoechlarn.ac.at\/wordpress\/2023\/01\/10\/weihnachtsfeier\/img_6809-mittel\/\"><img loading=\"lazy\" decoding=\"async\" class=\"attachment-large size-large\" src=\"https:\/\/vspoechlarn.ac.at\/wordpress\/wp-content\/uploads\/2023\/01\/IMG_6809-Mittel-576x1024.png\" sizes=\"auto, (max-width: 576px) 100vw, 576px\" srcset=\"https:\/\/vspoechlarn.ac.at\/wordpress\/wp-content\/uploads\/2023\/01\/IMG_6809-Mittel-576x1024.png 576w, https:\/\/vspoechlarn.ac.at\/wordpress\/wp-content\/uploads\/2023\/01\/IMG_6809-Mittel-169x300.png 169w, https:\/\/vspoechlarn.ac.at\/wordpress\/wp-content\/uploads\/2023\/01\/IMG_6809-Mittel.png 607w\" alt=\"\" width=\"576\" height=\"1024\" \/><\/a><\/div>\n<\/div>\n<div id=\"4166-image-4169\" class=\"col-xs-12 col-sm-2 col-md-2\">\n<div class=\"thumbnail\"><a href=\"https:\/\/vspoechlarn.ac.at\/wordpress\/2023\/01\/10\/weihnachtsfeier\/img_6808-mittel\/\"><img loading=\"lazy\" decoding=\"async\" class=\"attachment-large size-large\" src=\"https:\/\/vspoechlarn.ac.at\/wordpress\/wp-content\/uploads\/2023\/01\/IMG_6808-Mittel-576x1024.png\" sizes=\"auto, (max-width: 576px) 100vw, 576px\" srcset=\"https:\/\/vspoechlarn.ac.at\/wordpress\/wp-content\/uploads\/2023\/01\/IMG_6808-Mittel-576x1024.png 576w, https:\/\/vspoechlarn.ac.at\/wordpress\/wp-content\/uploads\/2023\/01\/IMG_6808-Mittel-169x300.png 169w, https:\/\/vspoechlarn.ac.at\/wordpress\/wp-content\/uploads\/2023\/01\/IMG_6808-Mittel.png 607w\" alt=\"\" width=\"576\" height=\"1024\" \/><\/a><\/div>\n<\/div>\n<div id=\"4166-image-4172\" class=\"col-xs-12 col-sm-2 col-md-2\">\n<div class=\"thumbnail\"><a href=\"https:\/\/vspoechlarn.ac.at\/wordpress\/2023\/01\/10\/weihnachtsfeier\/img_6811-mittel-2\/\"><img loading=\"lazy\" decoding=\"async\" class=\"attachment-large size-large\" src=\"https:\/\/vspoechlarn.ac.at\/wordpress\/wp-content\/uploads\/2023\/01\/IMG_6811-Mittel-576x1024.png\" sizes=\"auto, (max-width: 576px) 100vw, 576px\" srcset=\"https:\/\/vspoechlarn.ac.at\/wordpress\/wp-content\/uploads\/2023\/01\/IMG_6811-Mittel-576x1024.png 576w, https:\/\/vspoechlarn.ac.at\/wordpress\/wp-content\/uploads\/2023\/01\/IMG_6811-Mittel-169x300.png 169w, https:\/\/vspoechlarn.ac.at\/wordpress\/wp-content\/uploads\/2023\/01\/IMG_6811-Mittel.png 607w\" alt=\"\" width=\"576\" height=\"1024\" \/><\/a><\/div>\n<\/div>\n<div id=\"4166-image-4171\" class=\"col-xs-12 col-sm-2 col-md-2\">\n<div class=\"thumbnail\"><a href=\"https:\/\/vspoechlarn.ac.at\/wordpress\/2023\/01\/10\/weihnachtsfeier\/img_6810-mittel\/\"><img loading=\"lazy\" decoding=\"async\" class=\"attachment-large size-large\" src=\"https:\/\/vspoechlarn.ac.at\/wordpress\/wp-content\/uploads\/2023\/01\/IMG_6810-Mittel-576x1024.png\" sizes=\"auto, (max-width: 576px) 100vw, 576px\" srcset=\"https:\/\/vspoechlarn.ac.at\/wordpress\/wp-content\/uploads\/2023\/01\/IMG_6810-Mittel-576x1024.png 576w, https:\/\/vspoechlarn.ac.at\/wordpress\/wp-content\/uploads\/2023\/01\/IMG_6810-Mittel-169x300.png 169w, https:\/\/vspoechlarn.ac.at\/wordpress\/wp-content\/uploads\/2023\/01\/IMG_6810-Mittel.png 607w\" alt=\"\" width=\"576\" height=\"1024\" \/><\/a><\/div>\n<\/div>\n<div id=\"4166-image-4173\" class=\"col-xs-12 col-sm-2 col-md-2\">\n<div class=\"thumbnail\"><a href=\"https:\/\/vspoechlarn.ac.at\/wordpress\/2023\/01\/10\/weihnachtsfeier\/img_6812-mittel\/\"><img loading=\"lazy\" decoding=\"async\" class=\"attachment-large size-large\" src=\"https:\/\/vspoechlarn.ac.at\/wordpress\/wp-content\/uploads\/2023\/01\/IMG_6812-Mittel-576x1024.png\" sizes=\"auto, (max-width: 576px) 100vw, 576px\" srcset=\"https:\/\/vspoechlarn.ac.at\/wordpress\/wp-content\/uploads\/2023\/01\/IMG_6812-Mittel-576x1024.png 576w, https:\/\/vspoechlarn.ac.at\/wordpress\/wp-content\/uploads\/2023\/01\/IMG_6812-Mittel-169x300.png 169w, https:\/\/vspoechlarn.ac.at\/wordpress\/wp-content\/uploads\/2023\/01\/IMG_6812-Mittel.png 607w\" alt=\"\" width=\"576\" height=\"1024\" \/><\/a><\/div>\n<\/div>\n<\/div>\n<p>F\u00fcr den geselligen Ausklang mit Getr\u00e4nken und S\u00fc\u00dfigkeiten sorgte in gewohnter Weise unser Elternverein, wof\u00fcr wir unseren aufrichtigen Dank aussprechen.<\/p>\n<\/div>\n<\/div>\n<\/div>\n<div class=\"panel-footer entry-meta\"><small><span class=\"loop-category\"><a class=\"label label-danger\" href=\"https:\/\/vspoechlarn.ac.at\/wordpress\/category\/allgemein\/\">Startseite<\/a>\u00a0<\/span><span class=\"loop-author\">|\u00a0<span class=\"author vcard\"><a class=\"url fn n\" href=\"https:\/\/vspoechlarn.ac.at\/wordpress\/author\/wp-admin\/\">wp-admin<\/a><\/span><\/span>\u00a0<span class=\"loop-date\">|\u00a0<time class=\"entry-date published updated\" datetime=\"2023-01-10T08:51:13+01:00\">10. Januar 2023<\/time><\/span>\u00a0|\u00a0<span class=\"edit-link\"><a class=\"post-edit-link\" href=\"https:\/\/vspoechlarn.ac.at\/wordpress\/wp-admin\/post.php?post=4166&amp;action=edit\">Bearbeiten<\/a><\/span><\/small><\/p>\n<div class=\"clearfix\"><\/div>\n<\/div>\n<\/div>\n<\/article>\n<article id=\"post-4160\" class=\"loop_list post-4160 post type-post status-publish format-standard hentry category-allgemein\">\n<div class=\"panel panel-default\">\n<div class=\"panel-body clearfix\">\n<div class=\"fs-have-thumbnail\">\n<header class=\"entry-header\">\n<h4 class=\"entry-title\"><strong><a title=\"Permanentlink zu Theater\" href=\"https:\/\/vspoechlarn.ac.at\/wordpress\/2023\/01\/09\/theater\/\" rel=\"bookmark\">Theater<\/a><\/strong><\/h4>\n<\/header>\n<div class=\"entry-content\">\n<p>Kurz vor Weihnachten besuchte uns die Schauspielklasse der Musikschule Wieselburg mit dem St\u00fcck: Ein fast verschwitztes Weihnachtsfest.<\/p>\n<p>Tosenden Applaus gab es dabei auch f\u00fcr Paula Harzhauser, die bei uns die 4. Klasse besucht.<\/p>\n<div id=\"gallery_4160_42\" class=\"row\">\n<div id=\"4160-image-4161\" class=\"col-xs-12 col-sm-4 col-md-4\">\n<div class=\"thumbnail\"><a href=\"https:\/\/vspoechlarn.ac.at\/wordpress\/2023\/01\/09\/theater\/img_3529-mittel\/\"><img loading=\"lazy\" decoding=\"async\" class=\"attachment-large size-large\" src=\"https:\/\/vspoechlarn.ac.at\/wordpress\/wp-content\/uploads\/2023\/01\/IMG_3529-Mittel.jpg\" sizes=\"auto, (max-width: 900px) 100vw, 900px\" srcset=\"https:\/\/vspoechlarn.ac.at\/wordpress\/wp-content\/uploads\/2023\/01\/IMG_3529-Mittel.jpg 1024w, https:\/\/vspoechlarn.ac.at\/wordpress\/wp-content\/uploads\/2023\/01\/IMG_3529-Mittel-350x263.jpg 350w\" alt=\"\" width=\"900\" height=\"675\" \/><\/a><\/div>\n<\/div>\n<\/div>\n<p>&nbsp;<\/p>\n<\/div>\n<\/div>\n<\/div>\n<div class=\"panel-footer entry-meta\"><small><span class=\"loop-category\"><a class=\"label label-danger\" href=\"https:\/\/vspoechlarn.ac.at\/wordpress\/category\/allgemein\/\">Startseite<\/a>\u00a0<\/span><span class=\"loop-author\">|\u00a0<span class=\"author vcard\"><a class=\"url fn n\" href=\"https:\/\/vspoechlarn.ac.at\/wordpress\/author\/wp-admin\/\">wp-admin<\/a><\/span><\/span>\u00a0<span class=\"loop-date\">|\u00a0<time class=\"entry-date published updated\" datetime=\"2023-01-09T08:41:01+01:00\">9. Januar 2023<\/time><\/span>\u00a0|\u00a0<span class=\"edit-link\"><a class=\"post-edit-link\" href=\"https:\/\/vspoechlarn.ac.at\/wordpress\/wp-admin\/post.php?post=4160&amp;action=edit\">Bearbeiten<\/a><\/span><\/small><\/p>\n<div class=\"clearfix\"><\/div>\n<\/div>\n<\/div>\n<\/article>\n<article id=\"post-4157\" class=\"loop_list post-4157 post type-post status-publish format-standard hentry category-allgemein\">\n<div class=\"panel panel-default\">\n<div class=\"panel-body clearfix\">\n<div class=\"fs-have-thumbnail\">\n<header class=\"entry-header\">\n<h4 class=\"entry-title\"><strong><a title=\"Permanentlink zu Blitzturnier\" href=\"https:\/\/vspoechlarn.ac.at\/wordpress\/2023\/01\/09\/blitzturnier\/\" rel=\"bookmark\">Blitzturnier<\/a><\/strong><\/h4>\n<\/header>\n<div class=\"entry-content\">\n<p>Auch beim Blitzturnier in der Vorweihnachtszeit gab es sch\u00f6ne Preise f\u00fcr alle Kinder der unverbindlichen \u00dcbung Schach.<\/p>\n<div id=\"gallery_4157_43\" class=\"row\">\n<div id=\"4157-image-4158\" class=\"col-xs-12 col-sm-4 col-md-4\">\n<div class=\"thumbnail\"><a href=\"https:\/\/vspoechlarn.ac.at\/wordpress\/2023\/01\/09\/blitzturnier\/img_3492-mittel\/\"><img loading=\"lazy\" decoding=\"async\" class=\"attachment-large size-large\" src=\"https:\/\/vspoechlarn.ac.at\/wordpress\/wp-content\/uploads\/2023\/01\/IMG_3492-Mittel.jpg\" sizes=\"auto, (max-width: 900px) 100vw, 900px\" srcset=\"https:\/\/vspoechlarn.ac.at\/wordpress\/wp-content\/uploads\/2023\/01\/IMG_3492-Mittel.jpg 1024w, https:\/\/vspoechlarn.ac.at\/wordpress\/wp-content\/uploads\/2023\/01\/IMG_3492-Mittel-350x263.jpg 350w\" alt=\"\" width=\"900\" height=\"675\" \/><\/a><\/div>\n<\/div>\n<\/div>\n<\/div>\n<\/div>\n<\/div>\n<div class=\"panel-footer entry-meta\"><small><span class=\"loop-category\"><a class=\"label label-danger\" href=\"https:\/\/vspoechlarn.ac.at\/wordpress\/category\/allgemein\/\">Startseite<\/a>\u00a0<\/span><span class=\"loop-author\">|\u00a0<span class=\"author vcard\"><a class=\"url fn n\" href=\"https:\/\/vspoechlarn.ac.at\/wordpress\/author\/wp-admin\/\">wp-admin<\/a><\/span><\/span>\u00a0<span class=\"loop-date\">|\u00a0<time class=\"entry-date published updated\" datetime=\"2023-01-09T08:29:47+01:00\">9. Januar 2023<\/time><\/span>\u00a0|\u00a0<span class=\"edit-link\"><a class=\"post-edit-link\" href=\"https:\/\/vspoechlarn.ac.at\/wordpress\/wp-admin\/post.php?post=4157&amp;action=edit\">Bearbeiten<\/a><\/span><\/small><\/p>\n<div class=\"clearfix\"><\/div>\n<\/div>\n<\/div>\n<\/article>\n<article id=\"post-4147\" class=\"loop_list post-4147 post type-post status-publish format-standard hentry category-allgemein\">\n<div class=\"panel panel-default\">\n<div class=\"panel-body clearfix\">\n<div class=\"fs-have-thumbnail\">\n<header class=\"entry-header\">\n<h4 class=\"entry-title\"><strong><a title=\"Permanentlink zu Weihnachtsbaum\" href=\"https:\/\/vspoechlarn.ac.at\/wordpress\/2022\/12\/15\/weihnachtsbaum\/\" rel=\"bookmark\">Weihnachtsbaum<\/a><\/strong><\/h4>\n<\/header>\n<div class=\"entry-content\">\n<div tabindex=\"-1\" role=\"list\" aria-label=\"Unterhaltung\">\n<div tabindex=\"-1\">\n<div tabindex=\"0\" aria-label=\"Nachrichteninhalt\" aria-selected=\"true\">\n<div>\n<div class=\"_rp_f5\" tabindex=\"-1\" aria-label=\"Erweiterte Nachrichteninhalte\">\n<div class=\"_rp_R4 ms-border-color-neutralLight ShowReferenceAttachmentsLinks ShowConsesusSchedulingLink\" tabindex=\"-1\">\n<div class=\"_rp_45 _rp_35\">\n<div role=\"document\">\n<div id=\"Item.MessagePartBody\" class=\"_rp_T4\">\n<div id=\"Item.MessageUniqueBody\" class=\"_rp_U4 ms-font-weight-regular ms-font-color-neutralDark rpHighlightAllClass rpHighlightBodyClass\">\n<div>\n<div>\n<div>Am Freitag, den 2.12. 2022, gingen die Kinder der 2b zum Eurospar Prauchner. Dort durften sie ihre selbstgebastelten Schneesterne am gro\u00dfen Weihnachtsbaum in der Aula aufh\u00e4ngen. Sie waren sichtlich stolz auf ihr Werk. Als Dankesch\u00f6n bekam jedes Kind einen Brioche-Nikolaus und eine Capri Sonne.<\/div>\n<div>\n<div id=\"gallery_4147_44\" class=\"row\">\n<div id=\"4147-image-4149\" class=\"col-xs-12 col-sm-4 col-md-4\">\n<div class=\"thumbnail\"><a href=\"https:\/\/vspoechlarn.ac.at\/wordpress\/2022\/12\/15\/weihnachtsbaum\/img_20221202_110002-mittel\/\"><img loading=\"lazy\" decoding=\"async\" class=\"attachment-large size-large\" src=\"https:\/\/vspoechlarn.ac.at\/wordpress\/wp-content\/uploads\/2022\/12\/IMG_20221202_110002-Mittel.jpg\" sizes=\"auto, (max-width: 900px) 100vw, 900px\" srcset=\"https:\/\/vspoechlarn.ac.at\/wordpress\/wp-content\/uploads\/2022\/12\/IMG_20221202_110002-Mittel.jpg 1024w, https:\/\/vspoechlarn.ac.at\/wordpress\/wp-content\/uploads\/2022\/12\/IMG_20221202_110002-Mittel-350x263.jpg 350w\" alt=\"\" width=\"900\" height=\"675\" \/><\/a><\/div>\n<\/div>\n<\/div>\n<\/div>\n<\/div>\n<\/div>\n<\/div>\n<\/div>\n<div class=\"_pe_d _pe_62\" tabindex=\"-1\" aria-expanded=\"false\" aria-haspopup=\"false\"><\/div>\n<\/div>\n<div class=\"_rp_Z4\"><\/div>\n<\/div>\n<\/div>\n<\/div>\n<\/div>\n<\/div>\n<\/div>\n<div class=\"_rp_j\" tabindex=\"-1\">\n<div class=\"_qc_F ms-bg-color-white _qc_G\">\n<hr class=\"_qc_B\" \/>\n<div class=\"_qc_y ms-border-color-neutralLight _qc_z\" tabindex=\"-1\">\n<div class=\"_qc_A ms-border-color-neutralLight\"><\/div>\n<\/div>\n<\/div>\n<\/div>\n<\/div>\n<div class=\"_rp_s\">\n<div><\/div>\n<\/div>\n<\/div>\n<\/div>\n<\/div>\n<div class=\"panel-footer entry-meta\"><small><span class=\"loop-category\"><a class=\"label label-danger\" href=\"https:\/\/vspoechlarn.ac.at\/wordpress\/category\/allgemein\/\">Startseite<\/a>\u00a0<\/span><span class=\"loop-author\">|\u00a0<span class=\"author vcard\"><a class=\"url fn n\" href=\"https:\/\/vspoechlarn.ac.at\/wordpress\/author\/wp-admin\/\">wp-admin<\/a><\/span><\/span>\u00a0<span class=\"loop-date\">|\u00a0<time class=\"entry-date published updated\" datetime=\"2022-12-15T12:32:47+01:00\">15. Dezember 2022<\/time><\/span>\u00a0|\u00a0<span class=\"edit-link\"><a class=\"post-edit-link\" href=\"https:\/\/vspoechlarn.ac.at\/wordpress\/wp-admin\/post.php?post=4147&amp;action=edit\">Bearbeiten<\/a><\/span><\/small><\/p>\n<div class=\"clearfix\"><\/div>\n<\/div>\n<\/div>\n<\/article>\n<article id=\"post-4142\" class=\"loop_list post-4142 post type-post status-publish format-standard hentry category-allgemein\">\n<div class=\"panel panel-default\">\n<div class=\"panel-body clearfix\">\n<div class=\"fs-have-thumbnail\">\n<header class=\"entry-header\">\n<h4 class=\"entry-title\"><strong><a title=\"Permanentlink zu Schachturnier an der VS P\u00f6chlarn\" href=\"https:\/\/vspoechlarn.ac.at\/wordpress\/2022\/12\/15\/schachturnier-an-der-vs-poechlarn\/\" rel=\"bookmark\">Schachturnier an der VS P\u00f6chlarn<\/a><\/strong><\/h4>\n<\/header>\n<div class=\"entry-content\">\n<p>Auch heuer ist das Interesse an der unverbindlichen \u00dcbung Schach in der VS P\u00f6chlarn so gro\u00df, dass den ganzen Herbst am\u00a0 traditionellen Sch\u00fclerschachturnier gespielt wurde. Lukas Schipfer trat in die Fu\u00dfstapfen seines \u00e4lteren Bruders und ging heuer ohne Punkteverlust nach 13 Runden als Sieger bei den Buben hervor. Bei den M\u00e4dchen war Paula Harzhauser siegreich. Wir gratulieren den beiden Kindern ganz herzlich. F\u00fcr die gro\u00dfartige Unterst\u00fctzung und die tollen Preise bedanken wir uns ganz herzlich bei Herrn Ing. Robert Gattermayer.<\/p>\n<div id=\"gallery_4142_45\" class=\"row\">\n<div id=\"4142-image-4143\" class=\"col-xs-12 col-sm-4 col-md-4\">\n<div class=\"thumbnail\"><a href=\"https:\/\/vspoechlarn.ac.at\/wordpress\/2022\/12\/15\/schachturnier-an-der-vs-poechlarn\/img_3483-mittel\/\"><img loading=\"lazy\" decoding=\"async\" class=\"attachment-large size-large\" src=\"https:\/\/vspoechlarn.ac.at\/wordpress\/wp-content\/uploads\/2022\/12\/IMG_3483-Mittel-rotated.jpg\" sizes=\"auto, (max-width: 768px) 100vw, 768px\" srcset=\"https:\/\/vspoechlarn.ac.at\/wordpress\/wp-content\/uploads\/2022\/12\/IMG_3483-Mittel-rotated.jpg 768w, https:\/\/vspoechlarn.ac.at\/wordpress\/wp-content\/uploads\/2022\/12\/IMG_3483-Mittel-225x300.jpg 225w\" alt=\"\" width=\"768\" height=\"1024\" \/><\/a><\/div>\n<\/div>\n<\/div>\n<p>&nbsp;<\/p>\n<\/div>\n<\/div>\n<\/div>\n<div class=\"panel-footer entry-meta\"><small><span class=\"loop-category\"><a class=\"label label-danger\" href=\"https:\/\/vspoechlarn.ac.at\/wordpress\/category\/allgemein\/\">Startseite<\/a>\u00a0<\/span><span class=\"loop-author\">|\u00a0<span class=\"author vcard\"><a class=\"url fn n\" href=\"https:\/\/vspoechlarn.ac.at\/wordpress\/author\/wp-admin\/\">wp-admin<\/a><\/span><\/span>\u00a0<span class=\"loop-date\">|\u00a0<time class=\"entry-date published updated\" datetime=\"2022-12-15T08:51:04+01:00\">15. Dezember 2022<\/time><\/span>\u00a0|\u00a0<span class=\"edit-link\"><a class=\"post-edit-link\" href=\"https:\/\/vspoechlarn.ac.at\/wordpress\/wp-admin\/post.php?post=4142&amp;action=edit\">Bearbeiten<\/a><\/span><\/small><\/p>\n<div class=\"clearfix\"><\/div>\n<\/div>\n<\/div>\n<\/article>\n<article id=\"post-4124\" class=\"loop_list post-4124 post type-post status-publish format-standard hentry category-allgemein\">\n<div class=\"panel panel-default\">\n<div class=\"panel-body clearfix\">\n<div class=\"fs-have-thumbnail\">\n<header class=\"entry-header\">\n<h4 class=\"entry-title\"><strong><a title=\"Permanentlink zu Besuch im Kindergarten\" href=\"https:\/\/vspoechlarn.ac.at\/wordpress\/2022\/11\/24\/besuch-im-kindergarten\/\" rel=\"bookmark\">Besuch im Kindergarten<\/a><\/strong><\/h4>\n<\/header>\n<div class=\"entry-content\">\n<p>Heute durften Kinder der beiden ersten Klassen ihren \u201ealten Kindergarten\u201c besuchen. Gemeinsam wurden mit den zuk\u00fcnftigen Schulanf\u00e4ngern Papier-Adventkr\u00e4nze gebastelt. Wir bedanken uns ganz herzlich bei den Elementarp\u00e4dagoginnen vom Kindergarten Sonnenschein f\u00fcr die Einladung und die tolle Vorbereitung.<\/p>\n<div id=\"gallery_4124_46\" class=\"row\">\n<div id=\"4124-image-4125\" class=\"col-xs-12 col-sm-4 col-md-4\">\n<div class=\"thumbnail\"><a href=\"https:\/\/vspoechlarn.ac.at\/wordpress\/2022\/11\/24\/besuch-im-kindergarten\/img_3326x-mittel\/\"><img loading=\"lazy\" decoding=\"async\" class=\"attachment-large size-large\" src=\"https:\/\/vspoechlarn.ac.at\/wordpress\/wp-content\/uploads\/2022\/11\/IMG_3326x-Mittel.jpg\" sizes=\"auto, (max-width: 768px) 100vw, 768px\" srcset=\"https:\/\/vspoechlarn.ac.at\/wordpress\/wp-content\/uploads\/2022\/11\/IMG_3326x-Mittel.jpg 768w, https:\/\/vspoechlarn.ac.at\/wordpress\/wp-content\/uploads\/2022\/11\/IMG_3326x-Mittel-230x300.jpg 230w\" alt=\"\" width=\"768\" height=\"1002\" \/><\/a><\/div>\n<\/div>\n<div id=\"4124-image-4130\" class=\"col-xs-12 col-sm-4 col-md-4\">\n<div class=\"thumbnail\"><a href=\"https:\/\/vspoechlarn.ac.at\/wordpress\/2022\/11\/24\/besuch-im-kindergarten\/img_3328-mittel-2\/\"><img loading=\"lazy\" decoding=\"async\" class=\"attachment-large size-large\" src=\"https:\/\/vspoechlarn.ac.at\/wordpress\/wp-content\/uploads\/2022\/11\/IMG_3328-Mittel-1.jpg\" sizes=\"auto, (max-width: 900px) 100vw, 900px\" srcset=\"https:\/\/vspoechlarn.ac.at\/wordpress\/wp-content\/uploads\/2022\/11\/IMG_3328-Mittel-1.jpg 1024w, https:\/\/vspoechlarn.ac.at\/wordpress\/wp-content\/uploads\/2022\/11\/IMG_3328-Mittel-1-350x263.jpg 350w\" alt=\"\" width=\"900\" height=\"675\" \/><\/a><\/div>\n<\/div>\n<div id=\"4124-image-4131\" class=\"col-xs-12 col-sm-4 col-md-4\">\n<div class=\"thumbnail\"><a href=\"https:\/\/vspoechlarn.ac.at\/wordpress\/2022\/11\/24\/besuch-im-kindergarten\/img_3329-mittel-2\/\"><img loading=\"lazy\" decoding=\"async\" class=\"attachment-large size-large\" src=\"https:\/\/vspoechlarn.ac.at\/wordpress\/wp-content\/uploads\/2022\/11\/IMG_3329-Mittel-1.jpg\" sizes=\"auto, (max-width: 900px) 100vw, 900px\" srcset=\"https:\/\/vspoechlarn.ac.at\/wordpress\/wp-content\/uploads\/2022\/11\/IMG_3329-Mittel-1.jpg 1024w, https:\/\/vspoechlarn.ac.at\/wordpress\/wp-content\/uploads\/2022\/11\/IMG_3329-Mittel-1-350x263.jpg 350w\" alt=\"\" width=\"900\" height=\"675\" \/><\/a><\/div>\n<\/div>\n<div class=\"clearfix visible-md-block visible-lg-block\"><\/div>\n<\/div>\n<p>&nbsp;<\/p>\n<\/div>\n<\/div>\n<\/div>\n<div class=\"panel-footer entry-meta\"><small><span class=\"loop-category\"><a class=\"label label-danger\" href=\"https:\/\/vspoechlarn.ac.at\/wordpress\/category\/allgemein\/\">Startseite<\/a>\u00a0<\/span><span class=\"loop-author\">|\u00a0<span class=\"author vcard\"><a class=\"url fn n\" href=\"https:\/\/vspoechlarn.ac.at\/wordpress\/author\/wp-admin\/\">wp-admin<\/a><\/span><\/span>\u00a0<span class=\"loop-date\">|\u00a0<time class=\"entry-date published updated\" datetime=\"2022-11-24T13:14:22+01:00\">24. November 2022<\/time><\/span>\u00a0|\u00a0<span class=\"edit-link\"><a class=\"post-edit-link\" href=\"https:\/\/vspoechlarn.ac.at\/wordpress\/wp-admin\/post.php?post=4124&amp;action=edit\">Bearbeiten<\/a><\/span><\/small><\/p>\n<div class=\"clearfix\"><\/div>\n<\/div>\n<\/div>\n<\/article>\n<article id=\"post-4118\" class=\"loop_list post-4118 post type-post status-publish format-standard hentry category-allgemein\">\n<div class=\"panel panel-default\">\n<div class=\"panel-body clearfix\">\n<div class=\"fs-have-thumbnail\">\n<header class=\"entry-header\">\n<h4 class=\"entry-title\"><strong><a title=\"Permanentlink zu Aktionstag in der Mittelschule\" href=\"https:\/\/vspoechlarn.ac.at\/wordpress\/2022\/11\/21\/aktionstag-in-der-mittelschule\/\" rel=\"bookmark\">Aktionstag in der Mittelschule<\/a><\/strong><\/h4>\n<\/header>\n<div class=\"entry-content\">\n<p>Erneut durften unsere Sch\u00fclerinnen und Sch\u00fcler der beiden vierten Klassen einen Tag in der Mittelschule verbringen. Sie konnten an verschiedenen Unterrichtsgegenst\u00e4nden teilnehmen, wie zB.: textiles Werken, Bewegung und Sport, Informatik und Biologie. Die Kinder waren mit gro\u00dfem Eifer dabei!<\/p>\n<div id=\"gallery_4118_47\" class=\"row\">\n<div id=\"4118-image-4119\" class=\"col-xs-12 col-sm-4 col-md-4\">\n<div class=\"thumbnail\"><a href=\"https:\/\/vspoechlarn.ac.at\/wordpress\/2022\/11\/21\/aktionstag-in-der-mittelschule\/at1-mittel\/\"><img loading=\"lazy\" decoding=\"async\" class=\"attachment-large size-large\" src=\"https:\/\/vspoechlarn.ac.at\/wordpress\/wp-content\/uploads\/2022\/11\/AT1-Mittel.jpg\" sizes=\"auto, (max-width: 900px) 100vw, 900px\" srcset=\"https:\/\/vspoechlarn.ac.at\/wordpress\/wp-content\/uploads\/2022\/11\/AT1-Mittel.jpg 1024w, https:\/\/vspoechlarn.ac.at\/wordpress\/wp-content\/uploads\/2022\/11\/AT1-Mittel-350x263.jpg 350w\" alt=\"\" width=\"900\" height=\"675\" \/><\/a><\/div>\n<\/div>\n<div id=\"4118-image-4120\" class=\"col-xs-12 col-sm-4 col-md-4\">\n<div class=\"thumbnail\"><a href=\"https:\/\/vspoechlarn.ac.at\/wordpress\/2022\/11\/21\/aktionstag-in-der-mittelschule\/at2-mittel\/\"><img loading=\"lazy\" decoding=\"async\" class=\"attachment-large size-large\" src=\"https:\/\/vspoechlarn.ac.at\/wordpress\/wp-content\/uploads\/2022\/11\/AT2-Mittel-1024x462.jpg\" sizes=\"auto, (max-width: 900px) 100vw, 900px\" srcset=\"https:\/\/vspoechlarn.ac.at\/wordpress\/wp-content\/uploads\/2022\/11\/AT2-Mittel-1024x462.jpg 1024w, https:\/\/vspoechlarn.ac.at\/wordpress\/wp-content\/uploads\/2022\/11\/AT2-Mittel-350x158.jpg 350w, https:\/\/vspoechlarn.ac.at\/wordpress\/wp-content\/uploads\/2022\/11\/AT2-Mittel.jpg 1366w\" alt=\"\" width=\"900\" height=\"406\" \/><\/a><\/div>\n<\/div>\n<div id=\"4118-image-4121\" class=\"col-xs-12 col-sm-4 col-md-4\">\n<div class=\"thumbnail\"><a href=\"https:\/\/vspoechlarn.ac.at\/wordpress\/2022\/11\/21\/aktionstag-in-der-mittelschule\/at3-mittel\/\"><img loading=\"lazy\" decoding=\"async\" class=\"attachment-large size-large\" src=\"https:\/\/vspoechlarn.ac.at\/wordpress\/wp-content\/uploads\/2022\/11\/AT3-Mittel.jpg\" sizes=\"auto, (max-width: 900px) 100vw, 900px\" srcset=\"https:\/\/vspoechlarn.ac.at\/wordpress\/wp-content\/uploads\/2022\/11\/AT3-Mittel.jpg 1024w, https:\/\/vspoechlarn.ac.at\/wordpress\/wp-content\/uploads\/2022\/11\/AT3-Mittel-350x263.jpg 350w\" alt=\"\" width=\"900\" height=\"675\" \/><\/a><\/div>\n<\/div>\n<div class=\"clearfix visible-md-block visible-lg-block\"><\/div>\n<div id=\"4118-image-4122\" class=\"col-xs-12 col-sm-4 col-md-4\">\n<div class=\"thumbnail\"><a href=\"https:\/\/vspoechlarn.ac.at\/wordpress\/2022\/11\/21\/aktionstag-in-der-mittelschule\/at4-mittel\/\"><img loading=\"lazy\" decoding=\"async\" class=\"attachment-large size-large\" src=\"https:\/\/vspoechlarn.ac.at\/wordpress\/wp-content\/uploads\/2022\/11\/AT4-Mittel.jpg\" sizes=\"auto, (max-width: 900px) 100vw, 900px\" srcset=\"https:\/\/vspoechlarn.ac.at\/wordpress\/wp-content\/uploads\/2022\/11\/AT4-Mittel.jpg 1024w, https:\/\/vspoechlarn.ac.at\/wordpress\/wp-content\/uploads\/2022\/11\/AT4-Mittel-350x263.jpg 350w\" alt=\"\" width=\"900\" height=\"675\" \/><\/a><\/div>\n<\/div>\n<\/div>\n<\/div>\n<\/div>\n<\/div>\n<div class=\"panel-footer entry-meta\"><small><span class=\"loop-category\"><a class=\"label label-danger\" href=\"https:\/\/vspoechlarn.ac.at\/wordpress\/category\/allgemein\/\">Startseite<\/a>\u00a0<\/span><span class=\"loop-author\">|\u00a0<span class=\"author vcard\"><a class=\"url fn n\" href=\"https:\/\/vspoechlarn.ac.at\/wordpress\/author\/wp-admin\/\">wp-admin<\/a><\/span><\/span>\u00a0<span class=\"loop-date\">|\u00a0<time class=\"entry-date published updated\" datetime=\"2022-11-21T07:31:27+01:00\">21. November 2022<\/time><\/span>\u00a0|\u00a0<span class=\"edit-link\"><a class=\"post-edit-link\" href=\"https:\/\/vspoechlarn.ac.at\/wordpress\/wp-admin\/post.php?post=4118&amp;action=edit\">Bearbeiten<\/a><\/span><\/small><\/p>\n<div class=\"clearfix\"><\/div>\n<\/div>\n<\/div>\n<\/article>\n<article id=\"post-4110\" class=\"loop_list post-4110 post type-post status-publish format-standard hentry category-allgemein\">\n<div class=\"panel panel-default\">\n<div class=\"panel-body clearfix\">\n<div class=\"fs-have-thumbnail\">\n<header class=\"entry-header\">\n<h4 class=\"entry-title\"><strong><a title=\"Permanentlink zu iPad-Unterricht in der MS P\u00f6chlarn\" href=\"https:\/\/vspoechlarn.ac.at\/wordpress\/2022\/11\/14\/ipad-unterricht-in-der-ms-poechlarn\/\" rel=\"bookmark\">iPad-Unterricht in der MS P\u00f6chlarn<\/a><\/strong><\/h4>\n<\/header>\n<div class=\"entry-content\">\n<p>Alle Sch\u00fclerinnen und Sch\u00fcler der vierten Klassen wurden von den Fachlehrern Staufer und Wilhelm eingeladen die Mittelschule zu besuchen, um dort zwei Stunden an den iPads zu arbeiten. Die Kinder konnten erste Erfahrungen im Umgang mit Tablets machen und hatten gro\u00dfe Freude dabei! Vielen Dank f\u00fcr die gute Zusammenarbeit!<\/p>\n<div id=\"gallery_4110_48\" class=\"row\">\n<div id=\"4110-image-4111\" class=\"col-xs-12 col-sm-3 col-md-3\">\n<div class=\"thumbnail\"><a href=\"https:\/\/vspoechlarn.ac.at\/wordpress\/2022\/11\/14\/ipad-unterricht-in-der-ms-poechlarn\/ipad1-mittel\/\"><img loading=\"lazy\" decoding=\"async\" class=\"attachment-large size-large\" src=\"https:\/\/vspoechlarn.ac.at\/wordpress\/wp-content\/uploads\/2022\/11\/Ipad1-Mittel-rotated.jpg\" sizes=\"auto, (max-width: 768px) 100vw, 768px\" srcset=\"https:\/\/vspoechlarn.ac.at\/wordpress\/wp-content\/uploads\/2022\/11\/Ipad1-Mittel-rotated.jpg 768w, https:\/\/vspoechlarn.ac.at\/wordpress\/wp-content\/uploads\/2022\/11\/Ipad1-Mittel-225x300.jpg 225w\" alt=\"\" width=\"768\" height=\"1024\" \/><\/a><\/div>\n<\/div>\n<div id=\"4110-image-4112\" class=\"col-xs-12 col-sm-3 col-md-3\">\n<div class=\"thumbnail\"><a href=\"https:\/\/vspoechlarn.ac.at\/wordpress\/2022\/11\/14\/ipad-unterricht-in-der-ms-poechlarn\/ipad2-mittel\/\"><img loading=\"lazy\" decoding=\"async\" class=\"attachment-large size-large\" src=\"https:\/\/vspoechlarn.ac.at\/wordpress\/wp-content\/uploads\/2022\/11\/Ipad2-Mittel-rotated.jpg\" sizes=\"auto, (max-width: 768px) 100vw, 768px\" srcset=\"https:\/\/vspoechlarn.ac.at\/wordpress\/wp-content\/uploads\/2022\/11\/Ipad2-Mittel-rotated.jpg 768w, https:\/\/vspoechlarn.ac.at\/wordpress\/wp-content\/uploads\/2022\/11\/Ipad2-Mittel-225x300.jpg 225w\" alt=\"\" width=\"768\" height=\"1024\" \/><\/a><\/div>\n<\/div>\n<div id=\"4110-image-4113\" class=\"col-xs-12 col-sm-3 col-md-3\">\n<div class=\"thumbnail\"><a href=\"https:\/\/vspoechlarn.ac.at\/wordpress\/2022\/11\/14\/ipad-unterricht-in-der-ms-poechlarn\/ipad3-mittel\/\"><img loading=\"lazy\" decoding=\"async\" class=\"attachment-large size-large\" src=\"https:\/\/vspoechlarn.ac.at\/wordpress\/wp-content\/uploads\/2022\/11\/Ipad3-Mittel.jpg\" sizes=\"auto, (max-width: 900px) 100vw, 900px\" srcset=\"https:\/\/vspoechlarn.ac.at\/wordpress\/wp-content\/uploads\/2022\/11\/Ipad3-Mittel.jpg 1024w, https:\/\/vspoechlarn.ac.at\/wordpress\/wp-content\/uploads\/2022\/11\/Ipad3-Mittel-350x263.jpg 350w\" alt=\"\" width=\"900\" height=\"675\" \/><\/a><\/div>\n<\/div>\n<div id=\"4110-image-4115\" class=\"col-xs-12 col-sm-3 col-md-3\">\n<div class=\"thumbnail\"><a href=\"https:\/\/vspoechlarn.ac.at\/wordpress\/2022\/11\/14\/ipad-unterricht-in-der-ms-poechlarn\/img_3261-mittel\/\"><img loading=\"lazy\" decoding=\"async\" class=\"attachment-large size-large\" src=\"https:\/\/vspoechlarn.ac.at\/wordpress\/wp-content\/uploads\/2022\/11\/IMG_3261-Mittel.jpg\" sizes=\"auto, (max-width: 900px) 100vw, 900px\" srcset=\"https:\/\/vspoechlarn.ac.at\/wordpress\/wp-content\/uploads\/2022\/11\/IMG_3261-Mittel.jpg 1024w, https:\/\/vspoechlarn.ac.at\/wordpress\/wp-content\/uploads\/2022\/11\/IMG_3261-Mittel-350x263.jpg 350w\" alt=\"\" width=\"900\" height=\"675\" \/><\/a><\/div>\n<\/div>\n<div class=\"clearfix visible-md-block visible-lg-block\"><\/div>\n<\/div>\n<\/div>\n<\/div>\n<\/div>\n<div class=\"panel-footer entry-meta\"><small><span class=\"loop-category\"><a class=\"label label-danger\" href=\"https:\/\/vspoechlarn.ac.at\/wordpress\/category\/allgemein\/\">Startseite<\/a>\u00a0<\/span><span class=\"loop-author\">|\u00a0<span class=\"author vcard\"><a class=\"url fn n\" href=\"https:\/\/vspoechlarn.ac.at\/wordpress\/author\/wp-admin\/\">wp-admin<\/a><\/span><\/span>\u00a0<span class=\"loop-date\">|\u00a0<time class=\"entry-date published updated\" datetime=\"2022-11-14T07:40:29+01:00\">14. November 2022<\/time><\/span>\u00a0|\u00a0<span class=\"edit-link\"><a class=\"post-edit-link\" href=\"https:\/\/vspoechlarn.ac.at\/wordpress\/wp-admin\/post.php?post=4110&amp;action=edit\">Bearbeiten<\/a><\/span><\/small><\/p>\n<div class=\"clearfix\"><\/div>\n<\/div>\n<\/div>\n<\/article>\n<article id=\"post-4101\" class=\"loop_list post-4101 post type-post status-publish format-standard hentry category-allgemein\">\n<div class=\"panel panel-default\">\n<div class=\"panel-body clearfix\">\n<div class=\"fs-have-thumbnail\">\n<header class=\"entry-header\">\n<h4 class=\"entry-title\"><strong><a title=\"Permanentlink zu Geb\u00e4rdensprache in den ersten Klassen\" href=\"https:\/\/vspoechlarn.ac.at\/wordpress\/2022\/11\/14\/gebaerdensprache-in-den-ersten-klassen\/\" rel=\"bookmark\">Geb\u00e4rdensprache in den ersten Klassen<\/a><\/strong><\/h4>\n<\/header>\n<div class=\"entry-content\">\n<p>Am 8. November durften die Kinder der beiden ersten Klassen kurz in die Welt der Geh\u00f6rlosen eintauchen. Frau Ulrike Leitner zeigte den M\u00e4dchen und Buben, wie sich<br \/>\ngeh\u00f6rlose Personen verst\u00e4ndigen k\u00f6nnen. Anhand von Zeichen f\u00fcr Tiernamen konnte dies spielerisch erprobt werden. Diese neue Erfahrung machte die Kinder sehr neugierig und bereitete ihnen gro\u00dfe Freude.<\/p>\n<div id=\"gallery_4101_49\" class=\"row\">\n<div id=\"4101-image-4105\" class=\"col-xs-12 col-sm-3 col-md-3\">\n<div class=\"thumbnail\"><a href=\"https:\/\/vspoechlarn.ac.at\/wordpress\/2022\/11\/14\/gebaerdensprache-in-den-ersten-klassen\/20221108_085529-mittel\/\"><img loading=\"lazy\" decoding=\"async\" class=\"attachment-large size-large\" src=\"https:\/\/vspoechlarn.ac.at\/wordpress\/wp-content\/uploads\/2022\/11\/20221108_085529-Mittel-rotated.jpg\" sizes=\"auto, (max-width: 768px) 100vw, 768px\" srcset=\"https:\/\/vspoechlarn.ac.at\/wordpress\/wp-content\/uploads\/2022\/11\/20221108_085529-Mittel-rotated.jpg 768w, https:\/\/vspoechlarn.ac.at\/wordpress\/wp-content\/uploads\/2022\/11\/20221108_085529-Mittel-225x300.jpg 225w\" alt=\"\" width=\"768\" height=\"1024\" \/><\/a><\/div>\n<\/div>\n<div id=\"4101-image-4107\" class=\"col-xs-12 col-sm-3 col-md-3\">\n<div class=\"thumbnail\"><a href=\"https:\/\/vspoechlarn.ac.at\/wordpress\/2022\/11\/14\/gebaerdensprache-in-den-ersten-klassen\/img_4428-mittel-2\/\"><img loading=\"lazy\" decoding=\"async\" class=\"attachment-large size-large\" src=\"https:\/\/vspoechlarn.ac.at\/wordpress\/wp-content\/uploads\/2022\/11\/IMG_4428-Mittel-1.jpg\" sizes=\"auto, (max-width: 768px) 100vw, 768px\" srcset=\"https:\/\/vspoechlarn.ac.at\/wordpress\/wp-content\/uploads\/2022\/11\/IMG_4428-Mittel-1.jpg 768w, https:\/\/vspoechlarn.ac.at\/wordpress\/wp-content\/uploads\/2022\/11\/IMG_4428-Mittel-1-225x300.jpg 225w\" alt=\"\" width=\"768\" height=\"1024\" \/><\/a><\/div>\n<\/div>\n<div id=\"4101-image-4104\" class=\"col-xs-12 col-sm-3 col-md-3\">\n<div class=\"thumbnail\"><a href=\"https:\/\/vspoechlarn.ac.at\/wordpress\/2022\/11\/14\/gebaerdensprache-in-den-ersten-klassen\/20221108_085425-mittel\/\"><img loading=\"lazy\" decoding=\"async\" class=\"attachment-large size-large\" src=\"https:\/\/vspoechlarn.ac.at\/wordpress\/wp-content\/uploads\/2022\/11\/20221108_085425-Mittel-rotated.jpg\" sizes=\"auto, (max-width: 768px) 100vw, 768px\" srcset=\"https:\/\/vspoechlarn.ac.at\/wordpress\/wp-content\/uploads\/2022\/11\/20221108_085425-Mittel-rotated.jpg 768w, https:\/\/vspoechlarn.ac.at\/wordpress\/wp-content\/uploads\/2022\/11\/20221108_085425-Mittel-225x300.jpg 225w\" alt=\"\" width=\"768\" height=\"1024\" \/><\/a><\/div>\n<\/div>\n<div id=\"4101-image-4103\" class=\"col-xs-12 col-sm-3 col-md-3\">\n<div class=\"thumbnail\"><a href=\"https:\/\/vspoechlarn.ac.at\/wordpress\/2022\/11\/14\/gebaerdensprache-in-den-ersten-klassen\/20221108_085411-mittel\/\"><img loading=\"lazy\" decoding=\"async\" class=\"attachment-large size-large\" src=\"https:\/\/vspoechlarn.ac.at\/wordpress\/wp-content\/uploads\/2022\/11\/20221108_085411-Mittel-rotated.jpg\" sizes=\"auto, (max-width: 768px) 100vw, 768px\" srcset=\"https:\/\/vspoechlarn.ac.at\/wordpress\/wp-content\/uploads\/2022\/11\/20221108_085411-Mittel-rotated.jpg 768w, https:\/\/vspoechlarn.ac.at\/wordpress\/wp-content\/uploads\/2022\/11\/20221108_085411-Mittel-225x300.jpg 225w\" alt=\"\" width=\"768\" height=\"1024\" \/><\/a><\/div>\n<\/div>\n<div class=\"clearfix visible-md-block visible-lg-block\"><\/div>\n<\/div>\n<\/div>\n<\/div>\n<\/div>\n<div class=\"panel-footer entry-meta\"><small><span class=\"loop-category\"><a class=\"label label-danger\" href=\"https:\/\/vspoechlarn.ac.at\/wordpress\/category\/allgemein\/\">Startseite<\/a>\u00a0<\/span><span class=\"loop-author\">|\u00a0<span class=\"author vcard\"><a class=\"url fn n\" href=\"https:\/\/vspoechlarn.ac.at\/wordpress\/author\/wp-admin\/\">wp-admin<\/a><\/span><\/span>\u00a0<span class=\"loop-date\">|\u00a0<time class=\"entry-date published updated\" datetime=\"2022-11-14T07:31:51+01:00\">14. November 2022<\/time><\/span>\u00a0|\u00a0<span class=\"edit-link\"><a class=\"post-edit-link\" href=\"https:\/\/vspoechlarn.ac.at\/wordpress\/wp-admin\/post.php?post=4101&amp;action=edit\">Bearbeiten<\/a><\/span><\/small><\/div>\n<\/div>\n<\/article>\n<h4 class=\"entry-title\"><strong><a title=\"Permanentlink zu Schwimmunterricht im Hallenbad Oberndorf\" href=\"https:\/\/vspoechlarn.ac.at\/wordpress\/2022\/11\/07\/schwimmunterricht-im-hallenbad-oberndorf\/\" rel=\"bookmark\">Schwimmunterricht im Hallenbad Oberndorf<\/a><\/strong><\/h4>\n<\/header>\n<div class=\"entry-content\">\n<p>Am 3. und 4. November fuhren die beiden vierten Klassen ins Hallenbad nach Oberndorf. Dort konnten die Kinder ihr K\u00f6nnen unter Beweis stellen und ein Schwimmabzeichen ablegen. Wir bedanken uns beim Elternverein f\u00fcr die \u00dcbernahme der Eintrittskosten.<\/p>\n<div id=\"gallery_4094_1\" class=\"row\">\n<div id=\"4094-image-4095\" class=\"col-xs-12 col-sm-4 col-md-4\">\n<div class=\"thumbnail\"><a href=\"https:\/\/vspoechlarn.ac.at\/wordpress\/2022\/11\/07\/schwimmunterricht-im-hallenbad-oberndorf\/schwimmen-mittel\/\"><img loading=\"lazy\" decoding=\"async\" class=\"attachment-large size-large\" src=\"https:\/\/vspoechlarn.ac.at\/wordpress\/wp-content\/uploads\/2022\/11\/Schwimmen-Mittel.jpg\" sizes=\"auto, (max-width: 900px) 100vw, 900px\" srcset=\"https:\/\/vspoechlarn.ac.at\/wordpress\/wp-content\/uploads\/2022\/11\/Schwimmen-Mittel.jpg 1024w, https:\/\/vspoechlarn.ac.at\/wordpress\/wp-content\/uploads\/2022\/11\/Schwimmen-Mittel-350x263.jpg 350w\" alt=\"\" width=\"900\" height=\"675\" \/><\/a><\/div>\n<\/div>\n<\/div>\n<\/div>\n<\/div>\n<\/div>\n<div class=\"panel-footer entry-meta\"><small><span class=\"loop-category\"><a class=\"label label-danger\" href=\"https:\/\/vspoechlarn.ac.at\/wordpress\/category\/allgemein\/\">Startseite<\/a>\u00a0<\/span><span class=\"loop-author\">|\u00a0<span class=\"author vcard\"><a class=\"url fn n\" href=\"https:\/\/vspoechlarn.ac.at\/wordpress\/author\/wp-admin\/\">wp-admin<\/a><\/span><\/span>\u00a0<span class=\"loop-date\">|\u00a0<time class=\"entry-date published updated\" datetime=\"2022-11-07T12:15:03+01:00\">7. November 2022<\/time><\/span>\u00a0|\u00a0<span class=\"edit-link\"><a class=\"post-edit-link\" href=\"https:\/\/vspoechlarn.ac.at\/wordpress\/wp-admin\/post.php?post=4094&amp;action=edit\">Bearbeiten<\/a><\/span><\/small><\/p>\n<div class=\"clearfix\"><\/div>\n<\/div>\n<\/div>\n<\/article>\n<article id=\"post-4087\" class=\"loop_list post-4087 post type-post status-publish format-standard hentry category-allgemein\">\n<div class=\"panel panel-default\">\n<div class=\"panel-body clearfix\">\n<div class=\"fs-have-thumbnail\">\n<header class=\"entry-header\">\n<h4 class=\"entry-title\"><strong><a title=\"Permanentlink zu Nationalfeiertag\" href=\"https:\/\/vspoechlarn.ac.at\/wordpress\/2022\/11\/03\/nationalfeiertag\/\" rel=\"bookmark\">Nationalfeiertag<\/a><\/strong><\/h4>\n<\/header>\n<div class=\"entry-content\">\n<p>Einen Tag\u00a0 vor dem Nationalfeiertag haben wir gemeinsam die Fahne gehisst und die Bundeshymne gesungen. Wir sind alle sehr dankbar,\u00a0 in unserem sch\u00f6nen und sicheren \u00d6sterreich leben zu d\u00fcrfen.<\/p>\n<div id=\"gallery_4087_2\" class=\"row\">\n<div id=\"4087-image-4092\" class=\"col-xs-12 col-sm-4 col-md-4\">\n<div class=\"thumbnail\"><a href=\"https:\/\/vspoechlarn.ac.at\/wordpress\/2022\/11\/03\/nationalfeiertag\/img_6052-mittel\/\"><img loading=\"lazy\" decoding=\"async\" class=\"attachment-large size-large\" src=\"https:\/\/vspoechlarn.ac.at\/wordpress\/wp-content\/uploads\/2022\/11\/IMG_6052-Mittel-rotated.jpg\" sizes=\"auto, (max-width: 768px) 100vw, 768px\" srcset=\"https:\/\/vspoechlarn.ac.at\/wordpress\/wp-content\/uploads\/2022\/11\/IMG_6052-Mittel-rotated.jpg 768w, https:\/\/vspoechlarn.ac.at\/wordpress\/wp-content\/uploads\/2022\/11\/IMG_6052-Mittel-225x300.jpg 225w\" alt=\"\" width=\"768\" height=\"1024\" \/><\/a><\/div>\n<\/div>\n<div id=\"4087-image-4089\" class=\"col-xs-12 col-sm-4 col-md-4\">\n<div class=\"thumbnail\"><a href=\"https:\/\/vspoechlarn.ac.at\/wordpress\/2022\/11\/03\/nationalfeiertag\/img_3204-mittel\/\"><img loading=\"lazy\" decoding=\"async\" class=\"attachment-large size-large\" src=\"https:\/\/vspoechlarn.ac.at\/wordpress\/wp-content\/uploads\/2022\/11\/IMG_3204-Mittel.jpg\" sizes=\"auto, (max-width: 900px) 100vw, 900px\" srcset=\"https:\/\/vspoechlarn.ac.at\/wordpress\/wp-content\/uploads\/2022\/11\/IMG_3204-Mittel.jpg 1024w, https:\/\/vspoechlarn.ac.at\/wordpress\/wp-content\/uploads\/2022\/11\/IMG_3204-Mittel-350x263.jpg 350w\" alt=\"\" width=\"900\" height=\"675\" \/><\/a><\/div>\n<\/div>\n<div id=\"4087-image-4090\" class=\"col-xs-12 col-sm-4 col-md-4\">\n<div class=\"thumbnail\"><a href=\"https:\/\/vspoechlarn.ac.at\/wordpress\/2022\/11\/03\/nationalfeiertag\/img_3205-mittel\/\"><img loading=\"lazy\" decoding=\"async\" class=\"attachment-large size-large\" src=\"https:\/\/vspoechlarn.ac.at\/wordpress\/wp-content\/uploads\/2022\/11\/IMG_3205-Mittel-rotated.jpg\" sizes=\"auto, (max-width: 768px) 100vw, 768px\" srcset=\"https:\/\/vspoechlarn.ac.at\/wordpress\/wp-content\/uploads\/2022\/11\/IMG_3205-Mittel-rotated.jpg 768w, https:\/\/vspoechlarn.ac.at\/wordpress\/wp-content\/uploads\/2022\/11\/IMG_3205-Mittel-225x300.jpg 225w\" alt=\"\" width=\"768\" height=\"1024\" \/><\/a><\/div>\n<\/div>\n<div class=\"clearfix visible-md-block visible-lg-block\"><\/div>\n<\/div>\n<\/div>\n<\/div>\n<\/div>\n<div class=\"panel-footer entry-meta\"><small><span class=\"loop-category\"><a class=\"label label-danger\" href=\"https:\/\/vspoechlarn.ac.at\/wordpress\/category\/allgemein\/\">Startseite<\/a>\u00a0<\/span><span class=\"loop-author\">|\u00a0<span class=\"author vcard\"><a class=\"url fn n\" href=\"https:\/\/vspoechlarn.ac.at\/wordpress\/author\/wp-admin\/\">wp-admin<\/a><\/span><\/span>\u00a0<span class=\"loop-date\">|\u00a0<time class=\"entry-date published updated\" datetime=\"2022-11-03T11:35:29+01:00\">3. November 2022<\/time><\/span>\u00a0|\u00a0<span class=\"edit-link\"><a class=\"post-edit-link\" href=\"https:\/\/vspoechlarn.ac.at\/wordpress\/wp-admin\/post.php?post=4087&amp;action=edit\">Bearbeiten<\/a><\/span><\/small><\/p>\n<div class=\"clearfix\"><\/div>\n<\/div>\n<\/div>\n<\/article>\n<article id=\"post-4081\" class=\"loop_list post-4081 post type-post status-publish format-standard hentry category-allgemein\">\n<div class=\"panel panel-default\">\n<div class=\"panel-body clearfix\">\n<div class=\"fs-have-thumbnail\">\n<header class=\"entry-header\">\n<h4 class=\"entry-title\"><strong><a title=\"Permanentlink zu Emil und die Detektive\" href=\"https:\/\/vspoechlarn.ac.at\/wordpress\/2022\/10\/25\/emil-und-die-detektive\/\" rel=\"bookmark\">Emil und die Detektive<\/a><\/strong><\/h4>\n<\/header>\n<div class=\"entry-content\">\n<p>Im Zuge der Blindenmarkter Herbsttage durften alle Sch\u00fclerinnen und Sch\u00fcler unserer Volksschule das Theater \u201eEmil und die Detektive\u201c (Erich K\u00e4stner) besuchen. \u201e<strong>Gemeinsam ist man stark! Mit Mut und Witz besteht man auch in der Welt der Erwachsenen!<\/strong>\u201c \u2013 so lautete das Motto dieses St\u00fcckes! Alle Kinder waren begeistert!!<\/p>\n<div id=\"gallery_4081_3\" class=\"row\">\n<div id=\"4081-image-4084\" class=\"col-xs-12 col-sm-4 col-md-4\">\n<div class=\"thumbnail\"><a href=\"https:\/\/vspoechlarn.ac.at\/wordpress\/2022\/10\/25\/emil-und-die-detektive\/emil3-mittel\/\"><img loading=\"lazy\" decoding=\"async\" class=\"attachment-large size-large\" src=\"https:\/\/vspoechlarn.ac.at\/wordpress\/wp-content\/uploads\/2022\/10\/Emil3-Mittel.jpg\" sizes=\"auto, (max-width: 900px) 100vw, 900px\" srcset=\"https:\/\/vspoechlarn.ac.at\/wordpress\/wp-content\/uploads\/2022\/10\/Emil3-Mittel.jpg 1024w, https:\/\/vspoechlarn.ac.at\/wordpress\/wp-content\/uploads\/2022\/10\/Emil3-Mittel-350x263.jpg 350w\" alt=\"\" width=\"900\" height=\"675\" \/><\/a><\/div>\n<\/div>\n<div id=\"4081-image-4083\" class=\"col-xs-12 col-sm-4 col-md-4\">\n<div class=\"thumbnail\"><a href=\"https:\/\/vspoechlarn.ac.at\/wordpress\/2022\/10\/25\/emil-und-die-detektive\/emil2-mittel\/\"><img loading=\"lazy\" decoding=\"async\" class=\"attachment-large size-large\" src=\"https:\/\/vspoechlarn.ac.at\/wordpress\/wp-content\/uploads\/2022\/10\/Emil2-Mittel-rotated.jpg\" sizes=\"auto, (max-width: 768px) 100vw, 768px\" srcset=\"https:\/\/vspoechlarn.ac.at\/wordpress\/wp-content\/uploads\/2022\/10\/Emil2-Mittel-rotated.jpg 768w, https:\/\/vspoechlarn.ac.at\/wordpress\/wp-content\/uploads\/2022\/10\/Emil2-Mittel-225x300.jpg 225w\" alt=\"\" width=\"768\" height=\"1024\" \/><\/a><\/div>\n<\/div>\n<div id=\"4081-image-4082\" class=\"col-xs-12 col-sm-4 col-md-4\">\n<div class=\"thumbnail\"><a href=\"https:\/\/vspoechlarn.ac.at\/wordpress\/2022\/10\/25\/emil-und-die-detektive\/emil1-mittel\/\"><img loading=\"lazy\" decoding=\"async\" class=\"attachment-large size-large\" src=\"https:\/\/vspoechlarn.ac.at\/wordpress\/wp-content\/uploads\/2022\/10\/Emil1-Mittel.jpg\" sizes=\"auto, (max-width: 900px) 100vw, 900px\" srcset=\"https:\/\/vspoechlarn.ac.at\/wordpress\/wp-content\/uploads\/2022\/10\/Emil1-Mittel.jpg 1024w, https:\/\/vspoechlarn.ac.at\/wordpress\/wp-content\/uploads\/2022\/10\/Emil1-Mittel-350x263.jpg 350w\" alt=\"\" width=\"900\" height=\"675\" \/><\/a><\/div>\n<\/div>\n<div class=\"clearfix visible-md-block visible-lg-block\"><\/div>\n<\/div>\n<p>&nbsp;<\/p>\n<\/div>\n<\/div>\n<\/div>\n<div class=\"panel-footer entry-meta\"><small><span class=\"loop-category\"><a class=\"label label-danger\" href=\"https:\/\/vspoechlarn.ac.at\/wordpress\/category\/allgemein\/\">Startseite<\/a>\u00a0<\/span><span class=\"loop-author\">|\u00a0<span class=\"author vcard\"><a class=\"url fn n\" href=\"https:\/\/vspoechlarn.ac.at\/wordpress\/author\/wp-admin\/\">wp-admin<\/a><\/span><\/span>\u00a0<span class=\"loop-date\">|\u00a0<time class=\"entry-date published updated\" datetime=\"2022-10-25T08:05:16+02:00\">25. Oktober 2022<\/time><\/span>\u00a0|\u00a0<span class=\"edit-link\"><a class=\"post-edit-link\" href=\"https:\/\/vspoechlarn.ac.at\/wordpress\/wp-admin\/post.php?post=4081&amp;action=edit\">Bearbeiten<\/a><\/span><\/small><\/p>\n<div class=\"clearfix\"><\/div>\n<\/div>\n<\/div>\n<\/article>\n<article id=\"post-4076\" class=\"loop_list post-4076 post type-post status-publish format-standard hentry category-allgemein\">\n<div class=\"panel panel-default\">\n<div class=\"panel-body clearfix\">\n<div class=\"fs-have-thumbnail\">\n<header class=\"entry-header\">\n<h4 class=\"entry-title\"><strong><a title=\"Permanentlink zu Lesen mit \u201eden Gro\u00dfen\u201c\" href=\"https:\/\/vspoechlarn.ac.at\/wordpress\/2022\/10\/25\/lesen-mit-den-grossen\/\" rel=\"bookmark\">Lesen mit \u201eden Gro\u00dfen\u201c<\/a><\/strong><\/h4>\n<\/header>\n<div class=\"entry-content\">\n<p>Die Sch\u00fclerinnen und Sch\u00fcler der 1b und 4b trafen sich gestern zur ersten gemeinsamen Lesestunde. Dabei durfte jeweils ein Kind der 1. Klasse einem Kind der 4. Klasse vorlesen.\u00a0<span class=\"_2PHJq public-DraftStyleDefault-ltr\">Diese Stunde f\u00f6rdert die Lesefl\u00fcssigkeit und es k\u00f6nnen au\u00dferdem neue (Lese-)Freundschaften gebildet werden.<br \/>\n<\/span><\/p>\n<div id=\"gallery_4076_4\" class=\"row\">\n<div id=\"4076-image-4077\" class=\"col-xs-12 col-sm-4 col-md-4\">\n<div class=\"thumbnail\"><a href=\"https:\/\/vspoechlarn.ac.at\/wordpress\/2022\/10\/25\/lesen-mit-den-grossen\/lesen1-mittel\/\"><img loading=\"lazy\" decoding=\"async\" class=\"attachment-large size-large\" src=\"https:\/\/vspoechlarn.ac.at\/wordpress\/wp-content\/uploads\/2022\/10\/Lesen1-Mittel.jpg\" sizes=\"auto, (max-width: 900px) 100vw, 900px\" srcset=\"https:\/\/vspoechlarn.ac.at\/wordpress\/wp-content\/uploads\/2022\/10\/Lesen1-Mittel.jpg 1024w, https:\/\/vspoechlarn.ac.at\/wordpress\/wp-content\/uploads\/2022\/10\/Lesen1-Mittel-350x263.jpg 350w\" alt=\"\" width=\"900\" height=\"675\" \/><\/a><\/div>\n<\/div>\n<div id=\"4076-image-4078\" class=\"col-xs-12 col-sm-4 col-md-4\">\n<div class=\"thumbnail\"><a href=\"https:\/\/vspoechlarn.ac.at\/wordpress\/2022\/10\/25\/lesen-mit-den-grossen\/lesen2-mittel\/\"><img loading=\"lazy\" decoding=\"async\" class=\"attachment-large size-large\" src=\"https:\/\/vspoechlarn.ac.at\/wordpress\/wp-content\/uploads\/2022\/10\/Lesen2-Mittel.jpg\" sizes=\"auto, (max-width: 900px) 100vw, 900px\" srcset=\"https:\/\/vspoechlarn.ac.at\/wordpress\/wp-content\/uploads\/2022\/10\/Lesen2-Mittel.jpg 1024w, https:\/\/vspoechlarn.ac.at\/wordpress\/wp-content\/uploads\/2022\/10\/Lesen2-Mittel-350x263.jpg 350w\" alt=\"\" width=\"900\" height=\"675\" \/><\/a><\/div>\n<\/div>\n<div id=\"4076-image-4079\" class=\"col-xs-12 col-sm-4 col-md-4\">\n<div class=\"thumbnail\"><a href=\"https:\/\/vspoechlarn.ac.at\/wordpress\/2022\/10\/25\/lesen-mit-den-grossen\/lesen3-mittel\/\"><img loading=\"lazy\" decoding=\"async\" class=\"attachment-large size-large\" src=\"https:\/\/vspoechlarn.ac.at\/wordpress\/wp-content\/uploads\/2022\/10\/Lesen3-Mittel.jpg\" sizes=\"auto, (max-width: 900px) 100vw, 900px\" srcset=\"https:\/\/vspoechlarn.ac.at\/wordpress\/wp-content\/uploads\/2022\/10\/Lesen3-Mittel.jpg 1024w, https:\/\/vspoechlarn.ac.at\/wordpress\/wp-content\/uploads\/2022\/10\/Lesen3-Mittel-350x263.jpg 350w\" alt=\"\" width=\"900\" height=\"675\" \/><\/a><\/div>\n<\/div>\n<div class=\"clearfix visible-md-block visible-lg-block\"><\/div>\n<\/div>\n<\/div>\n<\/div>\n<\/div>\n<div class=\"panel-footer entry-meta\"><small><span class=\"loop-category\"><a class=\"label label-danger\" href=\"https:\/\/vspoechlarn.ac.at\/wordpress\/category\/allgemein\/\">Startseite<\/a>\u00a0<\/span><span class=\"loop-author\">|\u00a0<span class=\"author vcard\"><a class=\"url fn n\" href=\"https:\/\/vspoechlarn.ac.at\/wordpress\/author\/wp-admin\/\">wp-admin<\/a><\/span><\/span>\u00a0<span class=\"loop-date\">|\u00a0<time class=\"entry-date published updated\" datetime=\"2022-10-25T07:57:24+02:00\">25. Oktober 2022<\/time><\/span>\u00a0|\u00a0<span class=\"edit-link\"><a class=\"post-edit-link\" href=\"https:\/\/vspoechlarn.ac.at\/wordpress\/wp-admin\/post.php?post=4076&amp;action=edit\">Bearbeiten<\/a><\/span><\/small><\/p>\n<div class=\"clearfix\"><\/div>\n<\/div>\n<\/div>\n<\/article>\n<article id=\"post-4070\" class=\"loop_list post-4070 post type-post status-publish format-standard hentry category-allgemein\">\n<div class=\"panel panel-default\">\n<div class=\"panel-body clearfix\">\n<div class=\"fs-have-thumbnail\">\n<header class=\"entry-header\">\n<h4 class=\"entry-title\"><strong><a title=\"Permanentlink zu Ein gesunder Geist in einem gesunden K\u00f6rper\" href=\"https:\/\/vspoechlarn.ac.at\/wordpress\/2022\/10\/20\/ein-gesunder-geist-in-einem-gesunden-koerper\/\" rel=\"bookmark\">Ein gesunder Geist in einem gesunden K\u00f6rper<\/a><\/strong><\/h4>\n<\/header>\n<div class=\"entry-content\">\n<p>Gesunde Ern\u00e4hrung liegt uns am Herzen. Deshalb freuen wir uns sehr, wenn die Kinder zur gesunden Jause greifen, die regelm\u00e4\u00dfig von Eltern bereitgestellt wird.<\/p>\n<div id=\"gallery_4070_5\" class=\"row\">\n<div id=\"4070-image-4071\" class=\"col-xs-12 col-sm-4 col-md-4\">\n<div class=\"thumbnail\"><a href=\"https:\/\/vspoechlarn.ac.at\/wordpress\/2022\/10\/20\/ein-gesunder-geist-in-einem-gesunden-koerper\/img_3195-mittel\/\"><img loading=\"lazy\" decoding=\"async\" class=\"attachment-large size-large\" src=\"https:\/\/vspoechlarn.ac.at\/wordpress\/wp-content\/uploads\/2022\/10\/IMG_3195-Mittel-rotated.jpg\" sizes=\"auto, (max-width: 768px) 100vw, 768px\" srcset=\"https:\/\/vspoechlarn.ac.at\/wordpress\/wp-content\/uploads\/2022\/10\/IMG_3195-Mittel-rotated.jpg 768w, https:\/\/vspoechlarn.ac.at\/wordpress\/wp-content\/uploads\/2022\/10\/IMG_3195-Mittel-225x300.jpg 225w\" alt=\"\" width=\"768\" height=\"1024\" \/><\/a><\/div>\n<\/div>\n<div id=\"4070-image-4072\" class=\"col-xs-12 col-sm-4 col-md-4\">\n<div class=\"thumbnail\"><a href=\"https:\/\/vspoechlarn.ac.at\/wordpress\/2022\/10\/20\/ein-gesunder-geist-in-einem-gesunden-koerper\/img_3196-mittel\/\"><img loading=\"lazy\" decoding=\"async\" class=\"attachment-large size-large\" src=\"https:\/\/vspoechlarn.ac.at\/wordpress\/wp-content\/uploads\/2022\/10\/IMG_3196-Mittel.jpg\" sizes=\"auto, (max-width: 900px) 100vw, 900px\" srcset=\"https:\/\/vspoechlarn.ac.at\/wordpress\/wp-content\/uploads\/2022\/10\/IMG_3196-Mittel.jpg 1024w, https:\/\/vspoechlarn.ac.at\/wordpress\/wp-content\/uploads\/2022\/10\/IMG_3196-Mittel-350x263.jpg 350w\" alt=\"\" width=\"900\" height=\"675\" \/><\/a><\/div>\n<\/div>\n<\/div>\n<\/div>\n<\/div>\n<\/div>\n<div class=\"panel-footer entry-meta\"><small><span class=\"loop-category\"><a class=\"label label-danger\" href=\"https:\/\/vspoechlarn.ac.at\/wordpress\/category\/allgemein\/\">Startseite<\/a>\u00a0<\/span><span class=\"loop-author\">|\u00a0<span class=\"author vcard\"><a class=\"url fn n\" href=\"https:\/\/vspoechlarn.ac.at\/wordpress\/author\/wp-admin\/\">wp-admin<\/a><\/span><\/span>\u00a0<span class=\"loop-date\">|\u00a0<time class=\"entry-date published updated\" datetime=\"2022-10-20T12:04:16+02:00\">20. Oktober 2022<\/time><\/span>\u00a0|\u00a0<span class=\"edit-link\"><a class=\"post-edit-link\" href=\"https:\/\/vspoechlarn.ac.at\/wordpress\/wp-admin\/post.php?post=4070&amp;action=edit\">Bearbeiten<\/a><\/span><\/small><\/p>\n<div class=\"clearfix\"><\/div>\n<\/div>\n<\/div>\n<\/article>\n<article id=\"post-4065\" class=\"loop_list post-4065 post type-post status-publish format-standard hentry category-allgemein\">\n<div class=\"panel panel-default\">\n<div class=\"panel-body clearfix\">\n<div class=\"fs-have-thumbnail\">\n<header class=\"entry-header\">\n<h4 class=\"entry-title\"><strong><a title=\"Permanentlink zu Fahrradpr\u00fcfung\" href=\"https:\/\/vspoechlarn.ac.at\/wordpress\/2022\/10\/18\/fahrradpruefung\/\" rel=\"bookmark\">Fahrradpr\u00fcfung<\/a><\/strong><\/h4>\n<\/header>\n<div class=\"entry-content\">\n<p>Wir gratulieren allen Kindern zur bestandenen Fahrradpr\u00fcfung!<\/p>\n<div id=\"gallery_4065_6\" class=\"row\">\n<div id=\"4065-image-4066\" class=\"col-xs-12 col-sm-4 col-md-4\">\n<div class=\"thumbnail\"><a href=\"https:\/\/vspoechlarn.ac.at\/wordpress\/2022\/10\/18\/fahrradpruefung\/img_3190-mittel\/\"><img loading=\"lazy\" decoding=\"async\" class=\"attachment-large size-large\" src=\"https:\/\/vspoechlarn.ac.at\/wordpress\/wp-content\/uploads\/2022\/10\/IMG_3190-Mittel.jpg\" sizes=\"auto, (max-width: 900px) 100vw, 900px\" srcset=\"https:\/\/vspoechlarn.ac.at\/wordpress\/wp-content\/uploads\/2022\/10\/IMG_3190-Mittel.jpg 1024w, https:\/\/vspoechlarn.ac.at\/wordpress\/wp-content\/uploads\/2022\/10\/IMG_3190-Mittel-350x263.jpg 350w\" alt=\"\" width=\"900\" height=\"675\" \/><\/a><\/div>\n<\/div>\n<div id=\"4065-image-4068\" class=\"col-xs-12 col-sm-4 col-md-4\">\n<div class=\"thumbnail\"><a href=\"https:\/\/vspoechlarn.ac.at\/wordpress\/2022\/10\/18\/fahrradpruefung\/34f2bdcc-9cd2-4f2a-94bd-0239aa706320\/\"><img loading=\"lazy\" decoding=\"async\" class=\"attachment-large size-large\" src=\"https:\/\/vspoechlarn.ac.at\/wordpress\/wp-content\/uploads\/2022\/10\/34f2bdcc-9cd2-4f2a-94bd-0239aa706320-1024x768.jpg\" sizes=\"auto, (max-width: 900px) 100vw, 900px\" srcset=\"https:\/\/vspoechlarn.ac.at\/wordpress\/wp-content\/uploads\/2022\/10\/34f2bdcc-9cd2-4f2a-94bd-0239aa706320-1024x768.jpg 1024w, https:\/\/vspoechlarn.ac.at\/wordpress\/wp-content\/uploads\/2022\/10\/34f2bdcc-9cd2-4f2a-94bd-0239aa706320-350x263.jpg 350w, https:\/\/vspoechlarn.ac.at\/wordpress\/wp-content\/uploads\/2022\/10\/34f2bdcc-9cd2-4f2a-94bd-0239aa706320-1536x1152.jpg 1536w, https:\/\/vspoechlarn.ac.at\/wordpress\/wp-content\/uploads\/2022\/10\/34f2bdcc-9cd2-4f2a-94bd-0239aa706320.jpg 1440w\" alt=\"\" width=\"900\" height=\"675\" \/><\/a><\/div>\n<\/div>\n<\/div>\n<\/div>\n<\/div>\n<\/div>\n<div class=\"panel-footer entry-meta\"><small><span class=\"loop-category\"><a class=\"label label-danger\" href=\"https:\/\/vspoechlarn.ac.at\/wordpress\/category\/allgemein\/\">Startseite<\/a>\u00a0<\/span><span class=\"loop-author\">|\u00a0<span class=\"author vcard\"><a class=\"url fn n\" href=\"https:\/\/vspoechlarn.ac.at\/wordpress\/author\/wp-admin\/\">wp-admin<\/a><\/span><\/span>\u00a0<span class=\"loop-date\">|\u00a0<time class=\"entry-date published updated\" datetime=\"2022-10-18T11:38:27+02:00\">18. Oktober 2022<\/time><\/span>\u00a0|\u00a0<span class=\"edit-link\"><a class=\"post-edit-link\" href=\"https:\/\/vspoechlarn.ac.at\/wordpress\/wp-admin\/post.php?post=4065&amp;action=edit\">Bearbeiten<\/a><\/span><\/small><\/p>\n<div class=\"clearfix\"><\/div>\n<\/div>\n<\/div>\n<\/article>\n<article id=\"post-4062\" class=\"loop_list post-4062 post type-post status-publish format-standard hentry category-allgemein\">\n<div class=\"panel panel-default\">\n<div class=\"panel-body clearfix\">\n<div class=\"fs-have-thumbnail\">\n<header class=\"entry-header\">\n<h4 class=\"entry-title\"><strong><a title=\"Permanentlink zu Schach 2022\/23\" href=\"https:\/\/vspoechlarn.ac.at\/wordpress\/2022\/10\/13\/schach-2022-23\/\" rel=\"bookmark\">Schach 2022\/23<\/a><\/strong><\/h4>\n<\/header>\n<div class=\"entry-content\">\n<p>Auch heuer herrscht reges Interesse an der unverbindlichen \u00dcbung Schach. 22 Kinder haben sich angemeldet, um in das Spiel der K\u00f6nige einzutauchen. Kompetente Unterst\u00fctzung gibt es wieder durch Herrn Ing. Robert Gattermayer.<\/p>\n<div id=\"gallery_4062_7\" class=\"row\">\n<div id=\"4062-image-4063\" class=\"col-xs-12 col-sm-4 col-md-4\">\n<div class=\"thumbnail\"><a href=\"https:\/\/vspoechlarn.ac.at\/wordpress\/2022\/10\/13\/schach-2022-23\/img_3133-mittel\/\"><img loading=\"lazy\" decoding=\"async\" class=\"attachment-large size-large\" src=\"https:\/\/vspoechlarn.ac.at\/wordpress\/wp-content\/uploads\/2022\/10\/IMG_3133-Mittel.jpg\" sizes=\"auto, (max-width: 900px) 100vw, 900px\" srcset=\"https:\/\/vspoechlarn.ac.at\/wordpress\/wp-content\/uploads\/2022\/10\/IMG_3133-Mittel.jpg 1024w, https:\/\/vspoechlarn.ac.at\/wordpress\/wp-content\/uploads\/2022\/10\/IMG_3133-Mittel-350x263.jpg 350w\" alt=\"\" width=\"900\" height=\"675\" \/><\/a><\/div>\n<\/div>\n<\/div>\n<\/div>\n<\/div>\n<\/div>\n<div class=\"panel-footer entry-meta\"><small><span class=\"loop-category\"><a class=\"label label-danger\" href=\"https:\/\/vspoechlarn.ac.at\/wordpress\/category\/allgemein\/\">Startseite<\/a>\u00a0<\/span><span class=\"loop-author\">|\u00a0<span class=\"author vcard\"><a class=\"url fn n\" href=\"https:\/\/vspoechlarn.ac.at\/wordpress\/author\/wp-admin\/\">wp-admin<\/a><\/span><\/span>\u00a0<span class=\"loop-date\">|\u00a0<time class=\"entry-date published updated\" datetime=\"2022-10-13T13:31:37+02:00\">13. Oktober 2022<\/time><\/span>\u00a0|\u00a0<span class=\"edit-link\"><a class=\"post-edit-link\" href=\"https:\/\/vspoechlarn.ac.at\/wordpress\/wp-admin\/post.php?post=4062&amp;action=edit\">Bearbeiten<\/a><\/span><\/small><\/p>\n<div class=\"clearfix\"><\/div>\n<\/div>\n<\/div>\n<\/article>\n<article id=\"post-4056\" class=\"loop_list post-4056 post type-post status-publish format-standard hentry category-allgemein\">\n<div class=\"panel panel-default\">\n<div class=\"panel-body clearfix\">\n<div class=\"fs-have-thumbnail\">\n<header class=\"entry-header\">\n<h4 class=\"entry-title\"><strong><a title=\"Permanentlink zu Pause im Schlosspark\" href=\"https:\/\/vspoechlarn.ac.at\/wordpress\/2022\/10\/07\/pause-im-schlosspark\/\" rel=\"bookmark\">Pause im Schlosspark<\/a><\/strong><\/h4>\n<\/header>\n<div class=\"entry-content\">\n<p>Bei herrlichem Herbstwetter genie\u00dfen die Kinder die Pause in unserem Schlosspark.<\/p>\n<div id=\"gallery_4056_8\" class=\"row\">\n<div id=\"4056-image-4057\" class=\"col-xs-12 col-sm-4 col-md-4\">\n<div class=\"thumbnail\"><a href=\"https:\/\/vspoechlarn.ac.at\/wordpress\/2022\/10\/07\/pause-im-schlosspark\/img_3009-mittel\/\"><img loading=\"lazy\" decoding=\"async\" class=\"attachment-large size-large\" src=\"https:\/\/vspoechlarn.ac.at\/wordpress\/wp-content\/uploads\/2022\/10\/IMG_3009-Mittel.jpg\" sizes=\"auto, (max-width: 900px) 100vw, 900px\" srcset=\"https:\/\/vspoechlarn.ac.at\/wordpress\/wp-content\/uploads\/2022\/10\/IMG_3009-Mittel.jpg 1024w, https:\/\/vspoechlarn.ac.at\/wordpress\/wp-content\/uploads\/2022\/10\/IMG_3009-Mittel-350x263.jpg 350w\" alt=\"\" width=\"900\" height=\"675\" \/><\/a><\/div>\n<\/div>\n<div id=\"4056-image-4058\" class=\"col-xs-12 col-sm-4 col-md-4\">\n<div class=\"thumbnail\"><a href=\"https:\/\/vspoechlarn.ac.at\/wordpress\/2022\/10\/07\/pause-im-schlosspark\/img_3010-mittel\/\"><img loading=\"lazy\" decoding=\"async\" class=\"attachment-large size-large\" src=\"https:\/\/vspoechlarn.ac.at\/wordpress\/wp-content\/uploads\/2022\/10\/IMG_3010-Mittel.jpg\" sizes=\"auto, (max-width: 900px) 100vw, 900px\" srcset=\"https:\/\/vspoechlarn.ac.at\/wordpress\/wp-content\/uploads\/2022\/10\/IMG_3010-Mittel.jpg 1024w, https:\/\/vspoechlarn.ac.at\/wordpress\/wp-content\/uploads\/2022\/10\/IMG_3010-Mittel-350x263.jpg 350w\" alt=\"\" width=\"900\" height=\"675\" \/><\/a><\/div>\n<\/div>\n<div id=\"4056-image-4059\" class=\"col-xs-12 col-sm-4 col-md-4\">\n<div class=\"thumbnail\"><a href=\"https:\/\/vspoechlarn.ac.at\/wordpress\/2022\/10\/07\/pause-im-schlosspark\/img_3011-mittel\/\"><img loading=\"lazy\" decoding=\"async\" class=\"attachment-large size-large\" src=\"https:\/\/vspoechlarn.ac.at\/wordpress\/wp-content\/uploads\/2022\/10\/IMG_3011-Mittel.jpg\" sizes=\"auto, (max-width: 900px) 100vw, 900px\" srcset=\"https:\/\/vspoechlarn.ac.at\/wordpress\/wp-content\/uploads\/2022\/10\/IMG_3011-Mittel.jpg 1024w, https:\/\/vspoechlarn.ac.at\/wordpress\/wp-content\/uploads\/2022\/10\/IMG_3011-Mittel-350x263.jpg 350w\" alt=\"\" width=\"900\" height=\"675\" \/><\/a><\/div>\n<\/div>\n<div class=\"clearfix visible-md-block visible-lg-block\"><\/div>\n<\/div>\n<\/div>\n<\/div>\n<\/div>\n<div class=\"panel-footer entry-meta\"><small><span class=\"loop-category\"><a class=\"label label-danger\" href=\"https:\/\/vspoechlarn.ac.at\/wordpress\/category\/allgemein\/\">Startseite<\/a>\u00a0<\/span><span class=\"loop-author\">|\u00a0<span class=\"author vcard\"><a class=\"url fn n\" href=\"https:\/\/vspoechlarn.ac.at\/wordpress\/author\/wp-admin\/\">wp-admin<\/a><\/span><\/span>\u00a0<span class=\"loop-date\">|\u00a0<time class=\"entry-date published updated\" datetime=\"2022-10-07T12:00:44+02:00\">7. Oktober 2022<\/time><\/span>\u00a0|\u00a0<span class=\"edit-link\"><a class=\"post-edit-link\" href=\"https:\/\/vspoechlarn.ac.at\/wordpress\/wp-admin\/post.php?post=4056&amp;action=edit\">Bearbeiten<\/a><\/span><\/small><\/p>\n<div class=\"clearfix\"><\/div>\n<\/div>\n<\/div>\n<\/article>\n<article id=\"post-4029\" class=\"loop_list post-4029 post type-post status-publish format-standard hentry category-allgemein\">\n<div class=\"panel panel-default\">\n<div class=\"panel-body clearfix\">\n<div class=\"fs-have-thumbnail\">\n<header class=\"entry-header\">\n<h4 class=\"entry-title\"><strong><a title=\"Permanentlink zu Auf dem Bauernhof\" href=\"https:\/\/vspoechlarn.ac.at\/wordpress\/2022\/09\/30\/auf-dem-bauernhof\/\" rel=\"bookmark\">Auf dem Bauernhof<\/a><\/strong><\/h4>\n<\/header>\n<div class=\"entry-content\">\n<div tabindex=\"-1\" role=\"list\" aria-label=\"Unterhaltung\">\n<div tabindex=\"-1\">\n<div tabindex=\"0\" aria-label=\"Nachrichteninhalt\" aria-selected=\"true\">\n<div>\n<div class=\"_rp_f5\" tabindex=\"-1\" aria-label=\"Erweiterte Nachrichteninhalte\">\n<div class=\"_rp_R4 ms-border-color-neutralLight ShowConsesusSchedulingLink ShowReferenceAttachmentsLinks\" tabindex=\"-1\">\n<div class=\"_rp_45 _rp_35\">\n<div role=\"document\">\n<div id=\"Item.MessagePartBody\" class=\"_rp_T4\">\n<div id=\"Item.MessageUniqueBody\" class=\"_rp_U4 ms-font-weight-regular ms-font-color-neutralDark rpHighlightAllClass rpHighlightBodyClass\">\n<div class=\"rps_9a22\">\n<div>\n<div dir=\"auto\"><\/div>\n<div>\n<p>Am Donnerstag, den 29.9., besuchten die 2. Klassen mit ihren Lehrerinnen den Alpaka-Hof in Urbach! Angefangen vom F\u00fcttern und Zubereiten von Alpaka Pizzen bis hin zum Ausmisten und Basteln durften die Kinder alles erleben. Nicht nur die Kinder waren sehr interessiert und gespannt, sondern auch die Tiere hatten gro\u00dfes Interesse an uns. Wir bedanken uns bei der Familie Resel f\u00fcr den spannenden und sch\u00f6nen Vormittag!<\/p>\n<\/div>\n<\/div>\n<\/div>\n<\/div>\n<\/div>\n<div class=\"_pe_d _pe_62\" tabindex=\"-1\" aria-expanded=\"false\" aria-haspopup=\"false\">\n<div id=\"gallery_4029_9\" class=\"row\">\n<div id=\"4029-image-4035\" class=\"col-xs-12 col-sm-2 col-md-2\">\n<div class=\"thumbnail\"><a href=\"https:\/\/vspoechlarn.ac.at\/wordpress\/2022\/09\/30\/auf-dem-bauernhof\/img_20220929_114231-mittel\/\"><img loading=\"lazy\" decoding=\"async\" class=\"attachment-large size-large\" src=\"https:\/\/vspoechlarn.ac.at\/wordpress\/wp-content\/uploads\/2022\/09\/IMG_20220929_114231-Mittel.jpg\" sizes=\"auto, (max-width: 900px) 100vw, 900px\" srcset=\"https:\/\/vspoechlarn.ac.at\/wordpress\/wp-content\/uploads\/2022\/09\/IMG_20220929_114231-Mittel.jpg 1024w, https:\/\/vspoechlarn.ac.at\/wordpress\/wp-content\/uploads\/2022\/09\/IMG_20220929_114231-Mittel-350x263.jpg 350w\" alt=\"\" width=\"900\" height=\"675\" \/><\/a><\/div>\n<\/div>\n<div id=\"4029-image-4033\" class=\"col-xs-12 col-sm-2 col-md-2\">\n<div class=\"thumbnail\"><a href=\"https:\/\/vspoechlarn.ac.at\/wordpress\/2022\/09\/30\/auf-dem-bauernhof\/img_20220929_084206-mittel\/\"><img loading=\"lazy\" decoding=\"async\" class=\"attachment-large size-large\" src=\"https:\/\/vspoechlarn.ac.at\/wordpress\/wp-content\/uploads\/2022\/09\/IMG_20220929_084206-Mittel.jpg\" sizes=\"auto, (max-width: 900px) 100vw, 900px\" srcset=\"https:\/\/vspoechlarn.ac.at\/wordpress\/wp-content\/uploads\/2022\/09\/IMG_20220929_084206-Mittel.jpg 1024w, https:\/\/vspoechlarn.ac.at\/wordpress\/wp-content\/uploads\/2022\/09\/IMG_20220929_084206-Mittel-350x263.jpg 350w\" alt=\"\" width=\"900\" height=\"675\" \/><\/a><\/div>\n<\/div>\n<div id=\"4029-image-4032\" class=\"col-xs-12 col-sm-2 col-md-2\">\n<div class=\"thumbnail\"><a href=\"https:\/\/vspoechlarn.ac.at\/wordpress\/2022\/09\/30\/auf-dem-bauernhof\/img_20220929_084101-mittel\/\"><img loading=\"lazy\" decoding=\"async\" class=\"attachment-large size-large\" src=\"https:\/\/vspoechlarn.ac.at\/wordpress\/wp-content\/uploads\/2022\/09\/IMG_20220929_084101-Mittel.jpg\" sizes=\"auto, (max-width: 900px) 100vw, 900px\" srcset=\"https:\/\/vspoechlarn.ac.at\/wordpress\/wp-content\/uploads\/2022\/09\/IMG_20220929_084101-Mittel.jpg 1024w, https:\/\/vspoechlarn.ac.at\/wordpress\/wp-content\/uploads\/2022\/09\/IMG_20220929_084101-Mittel-350x263.jpg 350w\" alt=\"\" width=\"900\" height=\"675\" \/><\/a><\/div>\n<\/div>\n<div id=\"4029-image-4031\" class=\"col-xs-12 col-sm-2 col-md-2\">\n<div class=\"thumbnail\"><a href=\"https:\/\/vspoechlarn.ac.at\/wordpress\/2022\/09\/30\/auf-dem-bauernhof\/img_20220929_083935-mittel\/\"><img loading=\"lazy\" decoding=\"async\" class=\"attachment-large size-large\" src=\"https:\/\/vspoechlarn.ac.at\/wordpress\/wp-content\/uploads\/2022\/09\/IMG_20220929_083935-Mittel.jpg\" sizes=\"auto, (max-width: 900px) 100vw, 900px\" srcset=\"https:\/\/vspoechlarn.ac.at\/wordpress\/wp-content\/uploads\/2022\/09\/IMG_20220929_083935-Mittel.jpg 1024w, https:\/\/vspoechlarn.ac.at\/wordpress\/wp-content\/uploads\/2022\/09\/IMG_20220929_083935-Mittel-350x263.jpg 350w\" alt=\"\" width=\"900\" height=\"675\" \/><\/a><\/div>\n<\/div>\n<div id=\"4029-image-4054\" class=\"col-xs-12 col-sm-2 col-md-2\">\n<div class=\"thumbnail\"><a href=\"https:\/\/vspoechlarn.ac.at\/wordpress\/2022\/09\/30\/auf-dem-bauernhof\/20220929_101741-mittel\/\"><img loading=\"lazy\" decoding=\"async\" class=\"attachment-large size-large\" src=\"https:\/\/vspoechlarn.ac.at\/wordpress\/wp-content\/uploads\/2022\/09\/20220929_101741-Mittel-rotated.jpg\" sizes=\"auto, (max-width: 768px) 100vw, 768px\" srcset=\"https:\/\/vspoechlarn.ac.at\/wordpress\/wp-content\/uploads\/2022\/09\/20220929_101741-Mittel-rotated.jpg 768w, https:\/\/vspoechlarn.ac.at\/wordpress\/wp-content\/uploads\/2022\/09\/20220929_101741-Mittel-225x300.jpg 225w\" alt=\"\" width=\"768\" height=\"1024\" \/><\/a><\/div>\n<\/div>\n<div id=\"4029-image-4053\" class=\"col-xs-12 col-sm-2 col-md-2\">\n<div class=\"thumbnail\"><a href=\"https:\/\/vspoechlarn.ac.at\/wordpress\/2022\/09\/30\/auf-dem-bauernhof\/20220929_084841-mittel\/\"><img loading=\"lazy\" decoding=\"async\" class=\"attachment-large size-large\" src=\"https:\/\/vspoechlarn.ac.at\/wordpress\/wp-content\/uploads\/2022\/09\/20220929_084841-Mittel-rotated.jpg\" sizes=\"auto, (max-width: 768px) 100vw, 768px\" srcset=\"https:\/\/vspoechlarn.ac.at\/wordpress\/wp-content\/uploads\/2022\/09\/20220929_084841-Mittel-rotated.jpg 768w, https:\/\/vspoechlarn.ac.at\/wordpress\/wp-content\/uploads\/2022\/09\/20220929_084841-Mittel-225x300.jpg 225w\" alt=\"\" width=\"768\" height=\"1024\" \/><\/a><\/div>\n<\/div>\n<div class=\"clearfix visible-md-block visible-lg-block\"><\/div>\n<\/div>\n<\/div>\n<\/div>\n<div class=\"_rp_Z4\"><\/div>\n<\/div>\n<\/div>\n<\/div>\n<\/div>\n<\/div>\n<\/div>\n<div class=\"_rp_j\" tabindex=\"-1\">\n<div class=\"_qc_F ms-bg-color-white _qc_G\">\n<hr class=\"_qc_B\" \/>\n<div class=\"_qc_y ms-border-color-neutralLight _qc_z\" tabindex=\"-1\">\n<div class=\"_qc_A ms-border-color-neutralLight\"><\/div>\n<\/div>\n<\/div>\n<\/div>\n<\/div>\n<div class=\"_rp_s\">\n<div><\/div>\n<\/div>\n<\/div>\n<\/div>\n<\/div>\n<div class=\"panel-footer entry-meta\"><small><span class=\"loop-category\"><a class=\"label label-danger\" href=\"https:\/\/vspoechlarn.ac.at\/wordpress\/category\/allgemein\/\">Startseite<\/a>\u00a0<\/span><span class=\"loop-author\">|\u00a0<span class=\"author vcard\"><a class=\"url fn n\" href=\"https:\/\/vspoechlarn.ac.at\/wordpress\/author\/wp-admin\/\">wp-admin<\/a><\/span><\/span>\u00a0<span class=\"loop-date\">|\u00a0<time class=\"entry-date published updated\" datetime=\"2022-09-30T07:43:44+02:00\">30. September 2022<\/time><\/span>\u00a0|\u00a0<span class=\"edit-link\"><a class=\"post-edit-link\" href=\"https:\/\/vspoechlarn.ac.at\/wordpress\/wp-admin\/post.php?post=4029&amp;action=edit\">Bearbeiten<\/a><\/span><\/small><\/p>\n<div class=\"clearfix\"><\/div>\n<\/div>\n<\/div>\n<\/article>\n<article id=\"post-4025\" class=\"loop_list post-4025 post type-post status-publish format-standard hentry category-allgemein\">\n<div class=\"panel panel-default\">\n<div class=\"panel-body clearfix\">\n<div class=\"fs-have-thumbnail\">\n<header class=\"entry-header\">\n<h4 class=\"entry-title\"><strong><a title=\"Permanentlink zu Sumsi Rucksack\" href=\"https:\/\/vspoechlarn.ac.at\/wordpress\/2022\/09\/29\/sumsi-rucksack\/\" rel=\"bookmark\">Sumsi Rucksack<\/a><\/strong><\/h4>\n<\/header>\n<div class=\"entry-content\">\n<p>Gestern gab es Besuch von der Raiba P\u00f6chlarn. Frau Baumberger und Frau Bauer \u00fcberraschten die Kinder der 1a und 1b mit einem Rucksack samt Jausenbox.<\/p>\n<p>Die Freude bei unseren J\u00fcngsten war nat\u00fcrlich riesengro\u00df.<\/p>\n<div id=\"gallery_4025_10\" class=\"row\">\n<div id=\"4025-image-4026\" class=\"col-xs-12 col-sm-4 col-md-4\">\n<div class=\"thumbnail\"><a href=\"https:\/\/vspoechlarn.ac.at\/wordpress\/2022\/09\/29\/sumsi-rucksack\/img_2989-mittel\/\"><img loading=\"lazy\" decoding=\"async\" class=\"attachment-large size-large\" src=\"https:\/\/vspoechlarn.ac.at\/wordpress\/wp-content\/uploads\/2022\/09\/IMG_2989-Mittel.jpg\" sizes=\"auto, (max-width: 900px) 100vw, 900px\" srcset=\"https:\/\/vspoechlarn.ac.at\/wordpress\/wp-content\/uploads\/2022\/09\/IMG_2989-Mittel.jpg 1024w, https:\/\/vspoechlarn.ac.at\/wordpress\/wp-content\/uploads\/2022\/09\/IMG_2989-Mittel-350x263.jpg 350w\" alt=\"\" width=\"900\" height=\"675\" \/><\/a><\/div>\n<\/div>\n<div id=\"4025-image-4027\" class=\"col-xs-12 col-sm-4 col-md-4\">\n<div class=\"thumbnail\"><a href=\"https:\/\/vspoechlarn.ac.at\/wordpress\/2022\/09\/29\/sumsi-rucksack\/img_2991-mittel\/\"><img loading=\"lazy\" decoding=\"async\" class=\"attachment-large size-large\" src=\"https:\/\/vspoechlarn.ac.at\/wordpress\/wp-content\/uploads\/2022\/09\/IMG_2991-Mittel.jpg\" sizes=\"auto, (max-width: 900px) 100vw, 900px\" srcset=\"https:\/\/vspoechlarn.ac.at\/wordpress\/wp-content\/uploads\/2022\/09\/IMG_2991-Mittel.jpg 1024w, https:\/\/vspoechlarn.ac.at\/wordpress\/wp-content\/uploads\/2022\/09\/IMG_2991-Mittel-350x263.jpg 350w\" alt=\"\" width=\"900\" height=\"675\" \/><\/a><\/div>\n<\/div>\n<\/div>\n<\/div>\n<\/div>\n<\/div>\n<div class=\"panel-footer entry-meta\"><small><span class=\"loop-category\"><a class=\"label label-danger\" href=\"https:\/\/vspoechlarn.ac.at\/wordpress\/category\/allgemein\/\">Startseite<\/a>\u00a0<\/span><span class=\"loop-author\">|\u00a0<span class=\"author vcard\"><a class=\"url fn n\" href=\"https:\/\/vspoechlarn.ac.at\/wordpress\/author\/wp-admin\/\">wp-admin<\/a><\/span><\/span>\u00a0<span class=\"loop-date\">|\u00a0<time class=\"entry-date published updated\" datetime=\"2022-09-29T07:22:55+02:00\">29. September 2022<\/time><\/span>\u00a0|\u00a0<span class=\"edit-link\"><a class=\"post-edit-link\" href=\"https:\/\/vspoechlarn.ac.at\/wordpress\/wp-admin\/post.php?post=4025&amp;action=edit\">Bearbeiten<\/a><\/span><\/small><\/p>\n<div class=\"clearfix\"><\/div>\n<\/div>\n<\/div>\n<\/article>\n<article id=\"post-4013\" class=\"loop_list post-4013 post type-post status-publish format-standard hentry category-allgemein\">\n<div class=\"panel panel-default\">\n<div class=\"panel-body clearfix\">\n<div class=\"fs-have-thumbnail\">\n<header class=\"entry-header\">\n<h4 class=\"entry-title\"><strong><a title=\"Permanentlink zu Wandertag nach Ornding\" href=\"https:\/\/vspoechlarn.ac.at\/wordpress\/2022\/09\/23\/wandertag-nach-ornding\/\" rel=\"bookmark\">Wandertag nach Ornding<\/a><\/strong><\/h4>\n<\/header>\n<div class=\"entry-content\">\n<p>Bei herrlichem Herbstwetter gingen heute alle Klassen der VS P\u00f6chlarn nach Ornding. Am Fu\u00dfballplatz des FC G\u00f6sser und dem angrenzenden Spielplatz genossen die Kinder die Jausenzeit.<\/p>\n<p>Wir danken dem Verein und den Familien Kuttner, die am Gelingen dieser Wanderung ma\u00dfgeblich beteiligt waren.<\/p>\n<div id=\"gallery_4013_11\" class=\"row\">\n<div id=\"4013-image-4014\" class=\"col-xs-12 col-sm-3 col-md-3\">\n<div class=\"thumbnail\"><a href=\"https:\/\/vspoechlarn.ac.at\/wordpress\/2022\/09\/23\/wandertag-nach-ornding\/img_2968-mittel-1\/\"><img loading=\"lazy\" decoding=\"async\" class=\"attachment-large size-large\" src=\"https:\/\/vspoechlarn.ac.at\/wordpress\/wp-content\/uploads\/2022\/09\/IMG_2968-Mittel-1.jpg\" sizes=\"auto, (max-width: 900px) 100vw, 900px\" srcset=\"https:\/\/vspoechlarn.ac.at\/wordpress\/wp-content\/uploads\/2022\/09\/IMG_2968-Mittel-1.jpg 1024w, https:\/\/vspoechlarn.ac.at\/wordpress\/wp-content\/uploads\/2022\/09\/IMG_2968-Mittel-1-350x263.jpg 350w\" alt=\"\" width=\"900\" height=\"675\" \/><\/a><\/div>\n<\/div>\n<div id=\"4013-image-4015\" class=\"col-xs-12 col-sm-3 col-md-3\">\n<div class=\"thumbnail\"><a href=\"https:\/\/vspoechlarn.ac.at\/wordpress\/2022\/09\/23\/wandertag-nach-ornding\/img_2969-mittel\/\"><img loading=\"lazy\" decoding=\"async\" class=\"attachment-large size-large\" src=\"https:\/\/vspoechlarn.ac.at\/wordpress\/wp-content\/uploads\/2022\/09\/IMG_2969-Mittel-rotated.jpg\" sizes=\"auto, (max-width: 768px) 100vw, 768px\" srcset=\"https:\/\/vspoechlarn.ac.at\/wordpress\/wp-content\/uploads\/2022\/09\/IMG_2969-Mittel-rotated.jpg 768w, https:\/\/vspoechlarn.ac.at\/wordpress\/wp-content\/uploads\/2022\/09\/IMG_2969-Mittel-225x300.jpg 225w\" alt=\"\" width=\"768\" height=\"1024\" \/><\/a><\/div>\n<\/div>\n<div id=\"4013-image-4016\" class=\"col-xs-12 col-sm-3 col-md-3\">\n<div class=\"thumbnail\"><a href=\"https:\/\/vspoechlarn.ac.at\/wordpress\/2022\/09\/23\/wandertag-nach-ornding\/img_2970-mittel\/\"><img loading=\"lazy\" decoding=\"async\" class=\"attachment-large size-large\" src=\"https:\/\/vspoechlarn.ac.at\/wordpress\/wp-content\/uploads\/2022\/09\/IMG_2970-Mittel-rotated.jpg\" sizes=\"auto, (max-width: 768px) 100vw, 768px\" srcset=\"https:\/\/vspoechlarn.ac.at\/wordpress\/wp-content\/uploads\/2022\/09\/IMG_2970-Mittel-rotated.jpg 768w, https:\/\/vspoechlarn.ac.at\/wordpress\/wp-content\/uploads\/2022\/09\/IMG_2970-Mittel-225x300.jpg 225w\" alt=\"\" width=\"768\" height=\"1024\" \/><\/a><\/div>\n<\/div>\n<div id=\"4013-image-4017\" class=\"col-xs-12 col-sm-3 col-md-3\">\n<div class=\"thumbnail\"><a href=\"https:\/\/vspoechlarn.ac.at\/wordpress\/2022\/09\/23\/wandertag-nach-ornding\/img_2971-mittel\/\"><img loading=\"lazy\" decoding=\"async\" class=\"attachment-large size-large\" src=\"https:\/\/vspoechlarn.ac.at\/wordpress\/wp-content\/uploads\/2022\/09\/IMG_2971-Mittel.jpg\" sizes=\"auto, (max-width: 900px) 100vw, 900px\" srcset=\"https:\/\/vspoechlarn.ac.at\/wordpress\/wp-content\/uploads\/2022\/09\/IMG_2971-Mittel.jpg 1024w, https:\/\/vspoechlarn.ac.at\/wordpress\/wp-content\/uploads\/2022\/09\/IMG_2971-Mittel-350x263.jpg 350w\" alt=\"\" width=\"900\" height=\"675\" \/><\/a><\/div>\n<\/div>\n<div class=\"clearfix visible-md-block visible-lg-block\"><\/div>\n<div id=\"4013-image-4018\" class=\"col-xs-12 col-sm-3 col-md-3\">\n<div class=\"thumbnail\"><a href=\"https:\/\/vspoechlarn.ac.at\/wordpress\/2022\/09\/23\/wandertag-nach-ornding\/img_2974-mittel\/\"><img loading=\"lazy\" decoding=\"async\" class=\"attachment-large size-large\" src=\"https:\/\/vspoechlarn.ac.at\/wordpress\/wp-content\/uploads\/2022\/09\/IMG_2974-Mittel-rotated.jpg\" sizes=\"auto, (max-width: 768px) 100vw, 768px\" srcset=\"https:\/\/vspoechlarn.ac.at\/wordpress\/wp-content\/uploads\/2022\/09\/IMG_2974-Mittel-rotated.jpg 768w, https:\/\/vspoechlarn.ac.at\/wordpress\/wp-content\/uploads\/2022\/09\/IMG_2974-Mittel-225x300.jpg 225w\" alt=\"\" width=\"768\" height=\"1024\" \/><\/a><\/div>\n<\/div>\n<div id=\"4013-image-4019\" class=\"col-xs-12 col-sm-3 col-md-3\">\n<div class=\"thumbnail\"><a href=\"https:\/\/vspoechlarn.ac.at\/wordpress\/2022\/09\/23\/wandertag-nach-ornding\/img_2975-mittel\/\"><img loading=\"lazy\" decoding=\"async\" class=\"attachment-large size-large\" src=\"https:\/\/vspoechlarn.ac.at\/wordpress\/wp-content\/uploads\/2022\/09\/IMG_2975-Mittel.jpg\" sizes=\"auto, (max-width: 900px) 100vw, 900px\" srcset=\"https:\/\/vspoechlarn.ac.at\/wordpress\/wp-content\/uploads\/2022\/09\/IMG_2975-Mittel.jpg 1024w, https:\/\/vspoechlarn.ac.at\/wordpress\/wp-content\/uploads\/2022\/09\/IMG_2975-Mittel-350x263.jpg 350w\" alt=\"\" width=\"900\" height=\"675\" \/><\/a><\/div>\n<\/div>\n<div id=\"4013-image-4020\" class=\"col-xs-12 col-sm-3 col-md-3\">\n<div class=\"thumbnail\"><a href=\"https:\/\/vspoechlarn.ac.at\/wordpress\/2022\/09\/23\/wandertag-nach-ornding\/img_2976-mittel\/\"><img loading=\"lazy\" decoding=\"async\" class=\"attachment-large size-large\" src=\"https:\/\/vspoechlarn.ac.at\/wordpress\/wp-content\/uploads\/2022\/09\/IMG_2976-Mittel.jpg\" sizes=\"auto, (max-width: 900px) 100vw, 900px\" srcset=\"https:\/\/vspoechlarn.ac.at\/wordpress\/wp-content\/uploads\/2022\/09\/IMG_2976-Mittel.jpg 1024w, https:\/\/vspoechlarn.ac.at\/wordpress\/wp-content\/uploads\/2022\/09\/IMG_2976-Mittel-350x263.jpg 350w\" alt=\"\" width=\"900\" height=\"675\" \/><\/a><\/div>\n<\/div>\n<div id=\"4013-image-4021\" class=\"col-xs-12 col-sm-3 col-md-3\">\n<div class=\"thumbnail\"><a href=\"https:\/\/vspoechlarn.ac.at\/wordpress\/2022\/09\/23\/wandertag-nach-ornding\/img_2977-mittel\/\"><img loading=\"lazy\" decoding=\"async\" class=\"attachment-large size-large\" src=\"https:\/\/vspoechlarn.ac.at\/wordpress\/wp-content\/uploads\/2022\/09\/IMG_2977-Mittel.jpg\" sizes=\"auto, (max-width: 900px) 100vw, 900px\" srcset=\"https:\/\/vspoechlarn.ac.at\/wordpress\/wp-content\/uploads\/2022\/09\/IMG_2977-Mittel.jpg 1024w, https:\/\/vspoechlarn.ac.at\/wordpress\/wp-content\/uploads\/2022\/09\/IMG_2977-Mittel-350x263.jpg 350w\" alt=\"\" width=\"900\" height=\"675\" \/><\/a><\/div>\n<\/div>\n<div class=\"clearfix visible-md-block visible-lg-block\"><\/div>\n<\/div>\n<\/div>\n<\/div>\n<\/div>\n<div class=\"panel-footer entry-meta\"><small><span class=\"loop-category\"><a class=\"label label-danger\" href=\"https:\/\/vspoechlarn.ac.at\/wordpress\/category\/allgemein\/\">Startseite<\/a>\u00a0<\/span><span class=\"loop-author\">|\u00a0<span class=\"author vcard\"><a class=\"url fn n\" href=\"https:\/\/vspoechlarn.ac.at\/wordpress\/author\/wp-admin\/\">wp-admin<\/a><\/span><\/span>\u00a0<span class=\"loop-date\">|\u00a0<time class=\"entry-date published updated\" datetime=\"2022-09-23T12:54:09+02:00\">23. September 2022<\/time><\/span>\u00a0|\u00a0<span class=\"edit-link\"><a class=\"post-edit-link\" href=\"https:\/\/vspoechlarn.ac.at\/wordpress\/wp-admin\/post.php?post=4013&amp;action=edit\">Bearbeiten<\/a><\/span><\/small><\/p>\n<div class=\"clearfix\"><\/div>\n<\/div>\n<\/div>\n<\/article>\n<article id=\"post-4009\" class=\"loop_list post-4009 post type-post status-publish format-standard hentry category-allgemein\">\n<div class=\"panel panel-default\">\n<div class=\"panel-body clearfix\">\n<div class=\"fs-have-thumbnail\">\n<header class=\"entry-header\">\n<h4 class=\"entry-title\"><strong><a title=\"Permanentlink zu Bl\u00e4serklasse\" href=\"https:\/\/vspoechlarn.ac.at\/wordpress\/2022\/09\/20\/blaeserklasse\/\" rel=\"bookmark\">Bl\u00e4serklasse<\/a><\/strong><\/h4>\n<\/header>\n<div class=\"entry-content\">\n<p>Gestern starteten 15 Kinder in der unverbindlichen \u00dcbung Bl\u00e4serklasse.<\/p>\n<p>Wir freuen uns schon auf das erste Konzert!<\/p>\n<div id=\"gallery_4009_12\" class=\"row\">\n<div id=\"4009-image-4010\" class=\"col-xs-12 col-sm-4 col-md-4\">\n<div class=\"thumbnail\"><a href=\"https:\/\/vspoechlarn.ac.at\/wordpress\/2022\/09\/20\/blaeserklasse\/blaeser-mittel\/\"><img loading=\"lazy\" decoding=\"async\" class=\"attachment-large size-large\" src=\"https:\/\/vspoechlarn.ac.at\/wordpress\/wp-content\/uploads\/2022\/09\/blaeser-Mittel.jpg\" sizes=\"auto, (max-width: 768px) 100vw, 768px\" srcset=\"https:\/\/vspoechlarn.ac.at\/wordpress\/wp-content\/uploads\/2022\/09\/blaeser-Mittel.jpg 768w, https:\/\/vspoechlarn.ac.at\/wordpress\/wp-content\/uploads\/2022\/09\/blaeser-Mittel-243x300.jpg 243w\" alt=\"\" width=\"768\" height=\"948\" \/><\/a><\/div>\n<\/div>\n<\/div>\n<\/div>\n<\/div>\n<\/div>\n<div class=\"panel-footer entry-meta\"><small><span class=\"loop-category\"><a class=\"label label-danger\" href=\"https:\/\/vspoechlarn.ac.at\/wordpress\/category\/allgemein\/\">Startseite<\/a>\u00a0<\/span><span class=\"loop-author\">|\u00a0<span class=\"author vcard\"><a class=\"url fn n\" href=\"https:\/\/vspoechlarn.ac.at\/wordpress\/author\/wp-admin\/\">wp-admin<\/a><\/span><\/span>\u00a0<span class=\"loop-date\">|\u00a0<time class=\"entry-date published updated\" datetime=\"2022-09-20T08:41:26+02:00\">20. September 2022<\/time><\/span>\u00a0|\u00a0<span class=\"edit-link\"><a class=\"post-edit-link\" href=\"https:\/\/vspoechlarn.ac.at\/wordpress\/wp-admin\/post.php?post=4009&amp;action=edit\">Bearbeiten<\/a><\/span><\/small><\/p>\n<div class=\"clearfix\"><\/div>\n<\/div>\n<\/div>\n<\/article>\n<article id=\"post-4001\" class=\"loop_list post-4001 post type-post status-publish format-standard hentry category-allgemein\">\n<div class=\"panel panel-default\">\n<div class=\"panel-body clearfix\">\n<div class=\"fs-have-thumbnail\">\n<header class=\"entry-header\">\n<h4 class=\"entry-title\"><strong><a title=\"Permanentlink zu Sicher unterwegs\" href=\"https:\/\/vspoechlarn.ac.at\/wordpress\/2022\/09\/14\/sicher-unterwegs\/\" rel=\"bookmark\">Sicher unterwegs<\/a><\/strong><\/h4>\n<\/header>\n<div class=\"entry-content\">\n<p>Am Dienstag wurden die Kinder unserer Schule von Frau Revierinspektorin Kastenberger auf die Gefahren im Stra\u00dfenverkehr aufmerksam gemacht. An der Kreuzung wurde das richtige \u00dcberqueren der Stra\u00dfe intensiv ge\u00fcbt<\/p>\n<p>.<\/p>\n<div id=\"gallery_4001_13\" class=\"row\">\n<div id=\"4001-image-3997\" class=\"col-xs-12 col-sm-4 col-md-4\">\n<div class=\"thumbnail\"><a href=\"https:\/\/vspoechlarn.ac.at\/wordpress\/2022\/09\/14\/grosseltern-erlebniswerkstatt\/20220913_085520-mittel\/\"><img loading=\"lazy\" decoding=\"async\" class=\"attachment-large size-large\" src=\"https:\/\/vspoechlarn.ac.at\/wordpress\/wp-content\/uploads\/2022\/09\/20220913_085520-Mittel-rotated.jpg\" sizes=\"auto, (max-width: 768px) 100vw, 768px\" srcset=\"https:\/\/vspoechlarn.ac.at\/wordpress\/wp-content\/uploads\/2022\/09\/20220913_085520-Mittel-rotated.jpg 768w, https:\/\/vspoechlarn.ac.at\/wordpress\/wp-content\/uploads\/2022\/09\/20220913_085520-Mittel-225x300.jpg 225w\" alt=\"\" width=\"768\" height=\"1024\" \/><\/a><\/div>\n<\/div>\n<\/div>\n<\/div>\n<\/div>\n<\/div>\n<div class=\"panel-footer entry-meta\"><small><span class=\"loop-category\"><a class=\"label label-danger\" href=\"https:\/\/vspoechlarn.ac.at\/wordpress\/category\/allgemein\/\">Startseite<\/a>\u00a0<\/span><span class=\"loop-author\">|\u00a0<span class=\"author vcard\"><a class=\"url fn n\" href=\"https:\/\/vspoechlarn.ac.at\/wordpress\/author\/wp-admin\/\">wp-admin<\/a><\/span><\/span>\u00a0<span class=\"loop-date\">|\u00a0<time class=\"entry-date published updated\" datetime=\"2022-09-14T09:39:20+02:00\">14. September 2022<\/time><\/span>\u00a0|\u00a0<span class=\"edit-link\"><a class=\"post-edit-link\" href=\"https:\/\/vspoechlarn.ac.at\/wordpress\/wp-admin\/post.php?post=4001&amp;action=edit\">Bearbeiten<\/a><\/span><\/small><\/p>\n<div class=\"clearfix\"><\/div>\n<\/div>\n<\/div>\n<\/article>\n<article id=\"post-3995\" class=\"loop_list post-3995 post type-post status-publish format-standard hentry category-allgemein\">\n<div class=\"panel panel-default\">\n<div class=\"panel-body clearfix\">\n<div class=\"fs-have-thumbnail\">\n<header class=\"entry-header\">\n<h4 class=\"entry-title\"><strong><a title=\"Permanentlink zu Gro\u00dfeltern Erlebniswerkstatt\" href=\"https:\/\/vspoechlarn.ac.at\/wordpress\/2022\/09\/14\/grosseltern-erlebniswerkstatt\/\" rel=\"bookmark\">Gro\u00dfeltern Erlebniswerkstatt<\/a><\/strong><\/h4>\n<\/header>\n<div class=\"entry-content\">\n<p>Am Ende der ersten Schulwoche durfte eine Abordnung der VS P\u00f6chlarn zur\u00a0 Er\u00f6ffnung der \u201eGro\u00dfeltern Erlebniswerkstatt\u201c ihren Beitrag leisten. Mit 2 Liedern und einem Gedicht bewiesen die Kinder bereits nach 4 Tagen ihr musisches Talent.<\/p>\n<div id=\"gallery_3995_14\" class=\"row\">\n<div id=\"3995-image-3998\" class=\"col-xs-12 col-sm-4 col-md-4\">\n<div class=\"thumbnail\"><a href=\"https:\/\/vspoechlarn.ac.at\/wordpress\/2022\/09\/14\/grosseltern-erlebniswerkstatt\/img_2952-mittel\/\"><img loading=\"lazy\" decoding=\"async\" class=\"attachment-large size-large\" src=\"https:\/\/vspoechlarn.ac.at\/wordpress\/wp-content\/uploads\/2022\/09\/IMG_2952-Mittel.jpg\" sizes=\"auto, (max-width: 900px) 100vw, 900px\" srcset=\"https:\/\/vspoechlarn.ac.at\/wordpress\/wp-content\/uploads\/2022\/09\/IMG_2952-Mittel.jpg 1024w, https:\/\/vspoechlarn.ac.at\/wordpress\/wp-content\/uploads\/2022\/09\/IMG_2952-Mittel-350x263.jpg 350w\" alt=\"\" width=\"900\" height=\"675\" \/><\/a><\/div>\n<\/div>\n<div id=\"3995-image-3999\" class=\"col-xs-12 col-sm-4 col-md-4\">\n<div class=\"thumbnail\"><a href=\"https:\/\/vspoechlarn.ac.at\/wordpress\/2022\/09\/14\/grosseltern-erlebniswerkstatt\/img_2953-mittel\/\"><img loading=\"lazy\" decoding=\"async\" class=\"attachment-large size-large\" src=\"https:\/\/vspoechlarn.ac.at\/wordpress\/wp-content\/uploads\/2022\/09\/IMG_2953-Mittel.jpg\" sizes=\"auto, (max-width: 900px) 100vw, 900px\" srcset=\"https:\/\/vspoechlarn.ac.at\/wordpress\/wp-content\/uploads\/2022\/09\/IMG_2953-Mittel.jpg 1024w, https:\/\/vspoechlarn.ac.at\/wordpress\/wp-content\/uploads\/2022\/09\/IMG_2953-Mittel-350x263.jpg 350w\" alt=\"\" width=\"900\" height=\"675\" \/><\/a><\/div>\n<\/div>\n<\/div>\n<\/div>\n<\/div>\n<\/div>\n<div class=\"panel-footer entry-meta\"><small><span class=\"loop-category\"><a class=\"label label-danger\" href=\"https:\/\/vspoechlarn.ac.at\/wordpress\/category\/allgemein\/\">Startseite<\/a>\u00a0<\/span><span class=\"loop-author\">|\u00a0<span class=\"author vcard\"><a class=\"url fn n\" href=\"https:\/\/vspoechlarn.ac.at\/wordpress\/author\/wp-admin\/\">wp-admin<\/a><\/span><\/span>\u00a0<span class=\"loop-date\">|\u00a0<time class=\"entry-date published updated\" datetime=\"2022-09-14T09:30:07+02:00\">14. September 2022<\/time><\/span>\u00a0|\u00a0<span class=\"edit-link\"><a class=\"post-edit-link\" href=\"https:\/\/vspoechlarn.ac.at\/wordpress\/wp-admin\/post.php?post=3995&amp;action=edit\">Bearbeiten<\/a><\/span><\/small><\/div>\n<\/div>\n<\/article>\n","protected":false},"excerpt":{"rendered":"<p>Freibad P\u00f6chlarn Am vorletzten Schultag besuchten die beiden 3. Klassen das Freibad in P\u00f6chlarn. Das Springen und Rutschen bereitete den Kindern viel Freude. Startseite\u00a0|\u00a0wp-admin\u00a0|\u00a030. Juni 2023\u00a0|\u00a0Bearbeiten Danke Sparkasse P\u00f6chlarn Wir [&hellip;]<\/p>\n","protected":false},"author":1,"featured_media":0,"parent":0,"menu_order":0,"comment_status":"closed","ping_status":"closed","template":"","meta":{"footnotes":""},"class_list":["post-4540","page","type-page","status-publish","hentry"],"_links":{"self":[{"href":"https:\/\/vspoechlarn.ac.at\/wordpress\/wp-json\/wp\/v2\/pages\/4540","targetHints":{"allow":["GET"]}}],"collection":[{"href":"https:\/\/vspoechlarn.ac.at\/wordpress\/wp-json\/wp\/v2\/pages"}],"about":[{"href":"https:\/\/vspoechlarn.ac.at\/wordpress\/wp-json\/wp\/v2\/types\/page"}],"author":[{"embeddable":true,"href":"https:\/\/vspoechlarn.ac.at\/wordpress\/wp-json\/wp\/v2\/users\/1"}],"replies":[{"embeddable":true,"href":"https:\/\/vspoechlarn.ac.at\/wordpress\/wp-json\/wp\/v2\/comments?post=4540"}],"version-history":[{"count":1,"href":"https:\/\/vspoechlarn.ac.at\/wordpress\/wp-json\/wp\/v2\/pages\/4540\/revisions"}],"predecessor-version":[{"id":4541,"href":"https:\/\/vspoechlarn.ac.at\/wordpress\/wp-json\/wp\/v2\/pages\/4540\/revisions\/4541"}],"wp:attachment":[{"href":"https:\/\/vspoechlarn.ac.at\/wordpress\/wp-json\/wp\/v2\/media?parent=4540"}],"curies":[{"name":"wp","href":"https:\/\/api.w.org\/{rel}","templated":true}]}}