{"id":41,"date":"2016-03-08T13:05:14","date_gmt":"2016-03-08T12:05:14","guid":{"rendered":"http:\/\/vspoechlarn.ac.at\/wordpress\/?page_id=41"},"modified":"2026-03-26T07:06:23","modified_gmt":"2026-03-26T06:06:23","slug":"presse","status":"publish","type":"page","link":"https:\/\/vspoechlarn.ac.at\/wordpress\/presse\/","title":{"rendered":"Presse"},"content":{"rendered":"<p>N\u00d6N KW 13<\/p>\n<div id=\"gallery_41_1\" class=\"row\">\r\n\t    \t<div id=\"41-image-5892\" class=\"col-xs-12 col-sm-6 col-md-6\">\r\n        \t\t\t\t\t\r\n\t\t\t<div class=\"thumbnail\">\r\n        \t\t\t\t\t\r\n\t\t\t\t<a href='https:\/\/vspoechlarn.ac.at\/wordpress\/presse\/noen\/'><img loading=\"lazy\" decoding=\"async\" width=\"900\" height=\"675\" src=\"https:\/\/vspoechlarn.ac.at\/wordpress\/wp-content\/uploads\/2026\/03\/NOeN-1024x768.jpg\" class=\"attachment-large size-large\" alt=\"\" srcset=\"https:\/\/vspoechlarn.ac.at\/wordpress\/wp-content\/uploads\/2026\/03\/NOeN-1024x768.jpg 1024w, https:\/\/vspoechlarn.ac.at\/wordpress\/wp-content\/uploads\/2026\/03\/NOeN-350x263.jpg 350w, https:\/\/vspoechlarn.ac.at\/wordpress\/wp-content\/uploads\/2026\/03\/NOeN-250x188.jpg 250w, https:\/\/vspoechlarn.ac.at\/wordpress\/wp-content\/uploads\/2026\/03\/NOeN-1536x1152.jpg 1536w, https:\/\/vspoechlarn.ac.at\/wordpress\/wp-content\/uploads\/2026\/03\/NOeN-rotated.jpg 1440w\" sizes=\"auto, (max-width: 900px) 100vw, 900px\" \/><\/a>            <\/div>\r\n        <\/div>\r\n    \r\n<\/div>\n<p>&nbsp;<\/p>\n<p>&nbsp;<\/p>\n<p>&nbsp;<\/p>\n<p>P\u00f6chlarn aktuell 4\/2025<\/p>\n<div id=\"gallery_41_2\" class=\"row\">\r\n\t    \t<div id=\"41-image-5711\" class=\"col-xs-12 col-sm-4 col-md-4\">\r\n        \t\t\t\t\t\r\n\t\t\t<div class=\"thumbnail\">\r\n        \t\t\t\t\t\r\n\t\t\t\t<a href='https:\/\/vspoechlarn.ac.at\/wordpress\/presse\/20251205_150534_0001\/'><img loading=\"lazy\" decoding=\"async\" width=\"900\" height=\"636\" src=\"https:\/\/vspoechlarn.ac.at\/wordpress\/wp-content\/uploads\/2025\/12\/20251205_150534_0001-1024x724.jpg\" class=\"attachment-large size-large\" alt=\"\" srcset=\"https:\/\/vspoechlarn.ac.at\/wordpress\/wp-content\/uploads\/2025\/12\/20251205_150534_0001-1024x724.jpg 1024w, https:\/\/vspoechlarn.ac.at\/wordpress\/wp-content\/uploads\/2025\/12\/20251205_150534_0001-350x247.jpg 350w, https:\/\/vspoechlarn.ac.at\/wordpress\/wp-content\/uploads\/2025\/12\/20251205_150534_0001-250x177.jpg 250w, https:\/\/vspoechlarn.ac.at\/wordpress\/wp-content\/uploads\/2025\/12\/20251205_150534_0001-1536x1086.jpg 1536w, https:\/\/vspoechlarn.ac.at\/wordpress\/wp-content\/uploads\/2025\/12\/20251205_150534_0001-2048x1448.jpg 2048w, https:\/\/vspoechlarn.ac.at\/wordpress\/wp-content\/uploads\/2025\/12\/20251205_150534_0001-scaled.jpg 1528w\" sizes=\"auto, (max-width: 900px) 100vw, 900px\" \/><\/a>            <\/div>\r\n        <\/div>\r\n    \r\n<\/div>\n<hr \/>\n<p>N\u00d6N 47\/2025<\/p>\n<div id=\"gallery_41_3\" class=\"row\">\r\n\t    \t<div id=\"41-image-5663\" class=\"col-xs-12 col-sm-4 col-md-4\">\r\n        \t\t\t\t\t\r\n\t\t\t<div class=\"thumbnail\">\r\n        \t\t\t\t\t\r\n\t\t\t\t<a href='https:\/\/vspoechlarn.ac.at\/wordpress\/presse\/img-20251119-wa0000\/'><img loading=\"lazy\" decoding=\"async\" width=\"576\" height=\"1024\" src=\"https:\/\/vspoechlarn.ac.at\/wordpress\/wp-content\/uploads\/2025\/11\/IMG-20251119-WA0000-576x1024.jpg\" class=\"attachment-large size-large\" alt=\"\" srcset=\"https:\/\/vspoechlarn.ac.at\/wordpress\/wp-content\/uploads\/2025\/11\/IMG-20251119-WA0000-576x1024.jpg 576w, https:\/\/vspoechlarn.ac.at\/wordpress\/wp-content\/uploads\/2025\/11\/IMG-20251119-WA0000-169x300.jpg 169w, https:\/\/vspoechlarn.ac.at\/wordpress\/wp-content\/uploads\/2025\/11\/IMG-20251119-WA0000-141x250.jpg 141w, https:\/\/vspoechlarn.ac.at\/wordpress\/wp-content\/uploads\/2025\/11\/IMG-20251119-WA0000-864x1536.jpg 864w, https:\/\/vspoechlarn.ac.at\/wordpress\/wp-content\/uploads\/2025\/11\/IMG-20251119-WA0000.jpg 608w\" sizes=\"auto, (max-width: 576px) 100vw, 576px\" \/><\/a>            <\/div>\r\n        <\/div>\r\n    \r\n<\/div>\n<hr \/>\n<p>P\u00f6chlarn aktuell 3\/2025<\/p>\n<div id=\"gallery_41_4\" class=\"row\">\r\n\t    \t<div id=\"41-image-5592\" class=\"col-xs-12 col-sm-4 col-md-4\">\r\n        \t\t\t\t\t\r\n\t\t\t<div class=\"thumbnail\">\r\n        \t\t\t\t\t\r\n\t\t\t\t<a href='https:\/\/vspoechlarn.ac.at\/wordpress\/presse\/20251006_201004\/'><img loading=\"lazy\" decoding=\"async\" width=\"900\" height=\"671\" src=\"https:\/\/vspoechlarn.ac.at\/wordpress\/wp-content\/uploads\/2025\/10\/20251006_201004-1024x763.jpg\" class=\"attachment-large size-large\" alt=\"\" srcset=\"https:\/\/vspoechlarn.ac.at\/wordpress\/wp-content\/uploads\/2025\/10\/20251006_201004-1024x763.jpg 1024w, https:\/\/vspoechlarn.ac.at\/wordpress\/wp-content\/uploads\/2025\/10\/20251006_201004-350x261.jpg 350w, https:\/\/vspoechlarn.ac.at\/wordpress\/wp-content\/uploads\/2025\/10\/20251006_201004-250x186.jpg 250w, https:\/\/vspoechlarn.ac.at\/wordpress\/wp-content\/uploads\/2025\/10\/20251006_201004-1536x1145.jpg 1536w, https:\/\/vspoechlarn.ac.at\/wordpress\/wp-content\/uploads\/2025\/10\/20251006_201004-2048x1526.jpg 2048w, https:\/\/vspoechlarn.ac.at\/wordpress\/wp-content\/uploads\/2025\/10\/20251006_201004-scaled.jpg 1449w\" sizes=\"auto, (max-width: 900px) 100vw, 900px\" \/><\/a>            <\/div>\r\n        <\/div>\r\n    \r\n<\/div>\n<hr \/>\n<p>N\u00d6N 50\/2024<\/p>\n<div id=\"gallery_41_5\" class=\"row\">\r\n\t    \t<div id=\"41-image-5167\" class=\"col-xs-12 col-sm-12 col-md-12\">\r\n        \t\t\t\t\t\r\n\t\t\t<div class=\"thumbnail\">\r\n        \t\t\t\t\t\r\n\t\t\t\t<a href='https:\/\/vspoechlarn.ac.at\/wordpress\/presse\/20241212_075116_0001-mittel\/'><img loading=\"lazy\" decoding=\"async\" width=\"900\" height=\"480\" src=\"https:\/\/vspoechlarn.ac.at\/wordpress\/wp-content\/uploads\/2024\/12\/20241212_075116_0001-Mittel-1024x546.jpg\" class=\"attachment-large size-large\" alt=\"\" srcset=\"https:\/\/vspoechlarn.ac.at\/wordpress\/wp-content\/uploads\/2024\/12\/20241212_075116_0001-Mittel-1024x546.jpg 1024w, https:\/\/vspoechlarn.ac.at\/wordpress\/wp-content\/uploads\/2024\/12\/20241212_075116_0001-Mittel-350x187.jpg 350w, https:\/\/vspoechlarn.ac.at\/wordpress\/wp-content\/uploads\/2024\/12\/20241212_075116_0001-Mittel-250x133.jpg 250w, https:\/\/vspoechlarn.ac.at\/wordpress\/wp-content\/uploads\/2024\/12\/20241212_075116_0001-Mittel.jpg 1366w\" sizes=\"auto, (max-width: 900px) 100vw, 900px\" \/><\/a>            <\/div>\r\n        <\/div>\r\n    <div class=\"clearfix visible-md-block visible-lg-block\"><\/div>\r\n<\/div>\n<p>&nbsp;<\/p>\n<p>&nbsp;<\/p>\n<p>P\u00f6chlarn aktuell 4 \/ 2024<\/p>\n<div id=\"gallery_41_6\" class=\"row\">\r\n\t    \t<div id=\"41-image-5089\" class=\"col-xs-12 col-sm-12 col-md-12\">\r\n        \t\t\t\t\t\r\n\t\t\t<div class=\"thumbnail\">\r\n        \t\t\t\t\t\r\n\t\t\t\t<a href='https:\/\/vspoechlarn.ac.at\/wordpress\/presse\/20241128_131455_0001-gross\/'><img loading=\"lazy\" decoding=\"async\" width=\"900\" height=\"636\" src=\"https:\/\/vspoechlarn.ac.at\/wordpress\/wp-content\/uploads\/2024\/11\/20241128_131455_0001-Gross-1024x724.jpg\" class=\"attachment-large size-large\" alt=\"\" srcset=\"https:\/\/vspoechlarn.ac.at\/wordpress\/wp-content\/uploads\/2024\/11\/20241128_131455_0001-Gross-1024x724.jpg 1024w, https:\/\/vspoechlarn.ac.at\/wordpress\/wp-content\/uploads\/2024\/11\/20241128_131455_0001-Gross-350x248.jpg 350w, https:\/\/vspoechlarn.ac.at\/wordpress\/wp-content\/uploads\/2024\/11\/20241128_131455_0001-Gross-250x177.jpg 250w, https:\/\/vspoechlarn.ac.at\/wordpress\/wp-content\/uploads\/2024\/11\/20241128_131455_0001-Gross.jpg 1527w\" sizes=\"auto, (max-width: 900px) 100vw, 900px\" \/><\/a>            <\/div>\r\n        <\/div>\r\n    <div class=\"clearfix visible-md-block visible-lg-block\"><\/div>\r\n<\/div>\n<p>&nbsp;<\/p>\n<p>&nbsp;<\/p>\n<p>&nbsp;<\/p>\n<p>&nbsp;<\/p>\n<p>N\u00d6N\u00a0 KW 47<\/p>\n<div id=\"gallery_41_7\" class=\"row\">\r\n\t    \t<div id=\"41-image-5088\" class=\"col-xs-12 col-sm-12 col-md-12\">\r\n        \t\t\t\t\t\r\n\t\t\t<div class=\"thumbnail\">\r\n        \t\t\t\t\t\r\n\t\t\t\t<a href='https:\/\/vspoechlarn.ac.at\/wordpress\/presse\/photo-noen\/'><img loading=\"lazy\" decoding=\"async\" width=\"768\" height=\"1024\" src=\"https:\/\/vspoechlarn.ac.at\/wordpress\/wp-content\/uploads\/2024\/11\/PHOTO-NOEN-768x1024.jpg\" class=\"attachment-large size-large\" alt=\"\" srcset=\"https:\/\/vspoechlarn.ac.at\/wordpress\/wp-content\/uploads\/2024\/11\/PHOTO-NOEN-768x1024.jpg 768w, https:\/\/vspoechlarn.ac.at\/wordpress\/wp-content\/uploads\/2024\/11\/PHOTO-NOEN-225x300.jpg 225w, https:\/\/vspoechlarn.ac.at\/wordpress\/wp-content\/uploads\/2024\/11\/PHOTO-NOEN-188x250.jpg 188w, https:\/\/vspoechlarn.ac.at\/wordpress\/wp-content\/uploads\/2024\/11\/PHOTO-NOEN-1152x1536.jpg 1152w, https:\/\/vspoechlarn.ac.at\/wordpress\/wp-content\/uploads\/2024\/11\/PHOTO-NOEN.jpg 810w\" sizes=\"auto, (max-width: 768px) 100vw, 768px\" \/><\/a>            <\/div>\r\n        <\/div>\r\n    <div class=\"clearfix visible-md-block visible-lg-block\"><\/div>\r\n<\/div>\n<p>&nbsp;<\/p>\n<p>&nbsp;<\/p>\n<p>&nbsp;<\/p>\n<p>&nbsp;<\/p>\n<p>P\u00f6chlarn aktuell 3 \/2024<\/p>\n<div id=\"gallery_41_8\" class=\"row\">\r\n\t    \t<div id=\"41-image-4942\" class=\"col-xs-12 col-sm-12 col-md-12\">\r\n        \t\t\t\t\t\r\n\t\t\t<div class=\"thumbnail\">\r\n        \t\t\t\t\t\r\n\t\t\t\t<a href='https:\/\/vspoechlarn.ac.at\/wordpress\/presse\/20240624_140215_0001\/'><img loading=\"lazy\" decoding=\"async\" width=\"900\" height=\"636\" src=\"https:\/\/vspoechlarn.ac.at\/wordpress\/wp-content\/uploads\/2024\/06\/20240624_140215_0001-1024x724.jpg\" class=\"attachment-large size-large\" alt=\"\" srcset=\"https:\/\/vspoechlarn.ac.at\/wordpress\/wp-content\/uploads\/2024\/06\/20240624_140215_0001-1024x724.jpg 1024w, https:\/\/vspoechlarn.ac.at\/wordpress\/wp-content\/uploads\/2024\/06\/20240624_140215_0001-350x247.jpg 350w, https:\/\/vspoechlarn.ac.at\/wordpress\/wp-content\/uploads\/2024\/06\/20240624_140215_0001-1536x1086.jpg 1536w, https:\/\/vspoechlarn.ac.at\/wordpress\/wp-content\/uploads\/2024\/06\/20240624_140215_0001-2048x1448.jpg 2048w, https:\/\/vspoechlarn.ac.at\/wordpress\/wp-content\/uploads\/2024\/06\/20240624_140215_0001-scaled.jpg 1528w\" sizes=\"auto, (max-width: 900px) 100vw, 900px\" \/><\/a>            <\/div>\r\n        <\/div>\r\n    <div class=\"clearfix visible-md-block visible-lg-block\"><\/div>\r\n<\/div>\n<p>&nbsp;<\/p>\n<p>P\u00f6chlarn aktuell 2\/2024<\/p>\n<div id=\"gallery_41_9\" class=\"row\">\r\n\t    \t<div id=\"41-image-4946\" class=\"col-xs-12 col-sm-12 col-md-12\">\r\n        \t\t\t\t\t\r\n\t\t\t<div class=\"thumbnail\">\r\n        \t\t\t\t\t\r\n\t\t\t\t<a href='https:\/\/vspoechlarn.ac.at\/wordpress\/presse\/20240624_141912_0001-2\/'><img loading=\"lazy\" decoding=\"async\" width=\"724\" height=\"1024\" src=\"https:\/\/vspoechlarn.ac.at\/wordpress\/wp-content\/uploads\/2024\/06\/20240624_141912_0001-1-724x1024.jpg\" class=\"attachment-large size-large\" alt=\"\" srcset=\"https:\/\/vspoechlarn.ac.at\/wordpress\/wp-content\/uploads\/2024\/06\/20240624_141912_0001-1-724x1024.jpg 724w, https:\/\/vspoechlarn.ac.at\/wordpress\/wp-content\/uploads\/2024\/06\/20240624_141912_0001-1-212x300.jpg 212w, https:\/\/vspoechlarn.ac.at\/wordpress\/wp-content\/uploads\/2024\/06\/20240624_141912_0001-1-1086x1536.jpg 1086w, https:\/\/vspoechlarn.ac.at\/wordpress\/wp-content\/uploads\/2024\/06\/20240624_141912_0001-1-1448x2048.jpg 1448w, https:\/\/vspoechlarn.ac.at\/wordpress\/wp-content\/uploads\/2024\/06\/20240624_141912_0001-1-scaled.jpg 764w\" sizes=\"auto, (max-width: 724px) 100vw, 724px\" \/><\/a>            <\/div>\r\n        <\/div>\r\n    <div class=\"clearfix visible-md-block visible-lg-block\"><\/div>\r\n<\/div>\n<p>&nbsp;<\/p>\n<p>&nbsp;<\/p>\n<p>&nbsp;<\/p>\n<p>Schach-aktiv 1\/2024<\/p>\n<div id=\"gallery_41_10\" class=\"row\">\r\n\t    \t<div id=\"41-image-4741\" class=\"col-xs-12 col-sm-6 col-md-6\">\r\n        \t\t\t\t\t\r\n\t\t\t<div class=\"thumbnail\">\r\n        \t\t\t\t\t\r\n\t\t\t\t<a href='https:\/\/vspoechlarn.ac.at\/wordpress\/presse\/20240305_122026_0001\/'><img loading=\"lazy\" decoding=\"async\" width=\"722\" height=\"1024\" src=\"https:\/\/vspoechlarn.ac.at\/wordpress\/wp-content\/uploads\/2024\/03\/20240305_122026_0001-722x1024.jpg\" class=\"attachment-large size-large\" alt=\"\" srcset=\"https:\/\/vspoechlarn.ac.at\/wordpress\/wp-content\/uploads\/2024\/03\/20240305_122026_0001-722x1024.jpg 722w, https:\/\/vspoechlarn.ac.at\/wordpress\/wp-content\/uploads\/2024\/03\/20240305_122026_0001-211x300.jpg 211w, https:\/\/vspoechlarn.ac.at\/wordpress\/wp-content\/uploads\/2024\/03\/20240305_122026_0001-1083x1536.jpg 1083w, https:\/\/vspoechlarn.ac.at\/wordpress\/wp-content\/uploads\/2024\/03\/20240305_122026_0001.jpg 761w\" sizes=\"auto, (max-width: 722px) 100vw, 722px\" \/><\/a>            <\/div>\r\n        <\/div>\r\n    \r\n<\/div>\n<p>&nbsp;<\/p>\n<p>P\u00f6chlarn aktuell 4\/2024<\/p>\n<div id=\"gallery_41_11\" class=\"row\">\r\n\t    \t<div id=\"41-image-4729\" class=\"col-xs-12 col-sm-12 col-md-12\">\r\n        \t\t\t\t\t\r\n\t\t\t<div class=\"thumbnail\">\r\n        \t\t\t\t\t\r\n\t\t\t\t<a href='https:\/\/vspoechlarn.ac.at\/wordpress\/presse\/20240220_135450_0001\/'><img loading=\"lazy\" decoding=\"async\" width=\"900\" height=\"636\" src=\"https:\/\/vspoechlarn.ac.at\/wordpress\/wp-content\/uploads\/2024\/02\/20240220_135450_0001-1024x724.jpg\" class=\"attachment-large size-large\" alt=\"\" srcset=\"https:\/\/vspoechlarn.ac.at\/wordpress\/wp-content\/uploads\/2024\/02\/20240220_135450_0001-1024x724.jpg 1024w, https:\/\/vspoechlarn.ac.at\/wordpress\/wp-content\/uploads\/2024\/02\/20240220_135450_0001-350x247.jpg 350w, https:\/\/vspoechlarn.ac.at\/wordpress\/wp-content\/uploads\/2024\/02\/20240220_135450_0001-1536x1086.jpg 1536w, https:\/\/vspoechlarn.ac.at\/wordpress\/wp-content\/uploads\/2024\/02\/20240220_135450_0001-2048x1448.jpg 2048w, https:\/\/vspoechlarn.ac.at\/wordpress\/wp-content\/uploads\/2024\/02\/20240220_135450_0001-scaled.jpg 1528w\" sizes=\"auto, (max-width: 900px) 100vw, 900px\" \/><\/a>            <\/div>\r\n        <\/div>\r\n    <div class=\"clearfix visible-md-block visible-lg-block\"><\/div>\r\n<\/div>\n<p>&nbsp;<\/p>\n<p>&nbsp;<\/p>\n<p>&nbsp;<\/p>\n<p>P\u00f6chlarn aktuell 5\/2023<\/p>\n<p>&nbsp;<\/p>\n<div id=\"gallery_41_12\" class=\"row\">\r\n\t    \t<div id=\"41-image-4727\" class=\"col-xs-12 col-sm-12 col-md-12\">\r\n        \t\t\t\t\t\r\n\t\t\t<div class=\"thumbnail\">\r\n        \t\t\t\t\t\r\n\t\t\t\t<a href='https:\/\/vspoechlarn.ac.at\/wordpress\/presse\/20240220_135345_0001\/'><img loading=\"lazy\" decoding=\"async\" width=\"900\" height=\"636\" src=\"https:\/\/vspoechlarn.ac.at\/wordpress\/wp-content\/uploads\/2024\/02\/20240220_135345_0001-1024x724.jpg\" class=\"attachment-large size-large\" alt=\"\" srcset=\"https:\/\/vspoechlarn.ac.at\/wordpress\/wp-content\/uploads\/2024\/02\/20240220_135345_0001-1024x724.jpg 1024w, https:\/\/vspoechlarn.ac.at\/wordpress\/wp-content\/uploads\/2024\/02\/20240220_135345_0001-350x247.jpg 350w, https:\/\/vspoechlarn.ac.at\/wordpress\/wp-content\/uploads\/2024\/02\/20240220_135345_0001-1536x1086.jpg 1536w, https:\/\/vspoechlarn.ac.at\/wordpress\/wp-content\/uploads\/2024\/02\/20240220_135345_0001-2048x1448.jpg 2048w, https:\/\/vspoechlarn.ac.at\/wordpress\/wp-content\/uploads\/2024\/02\/20240220_135345_0001-scaled.jpg 1528w\" sizes=\"auto, (max-width: 900px) 100vw, 900px\" \/><\/a>            <\/div>\r\n        <\/div>\r\n    <div class=\"clearfix visible-md-block visible-lg-block\"><\/div>\r\n<\/div>\n<p>&nbsp;<\/p>\n<p>&nbsp;<\/p>\n<p>P\u00f6chlarn aktuell 4\/2023<\/p>\n<div id=\"gallery_41_13\" class=\"row\">\r\n\t    \t<div id=\"41-image-4547\" class=\"col-xs-12 col-sm-6 col-md-6\">\r\n        \t\t\t\t\t\r\n\t\t\t<div class=\"thumbnail\">\r\n        \t\t\t\t\t\r\n\t\t\t\t<a href='https:\/\/vspoechlarn.ac.at\/wordpress\/presse\/20230915_091950_0001\/'><img loading=\"lazy\" decoding=\"async\" width=\"350\" height=\"247\" src=\"https:\/\/vspoechlarn.ac.at\/wordpress\/wp-content\/uploads\/2023\/09\/20230915_091950_0001-350x247.jpg\" class=\"attachment-medium size-medium\" alt=\"\" srcset=\"https:\/\/vspoechlarn.ac.at\/wordpress\/wp-content\/uploads\/2023\/09\/20230915_091950_0001-350x247.jpg 350w, https:\/\/vspoechlarn.ac.at\/wordpress\/wp-content\/uploads\/2023\/09\/20230915_091950_0001-1024x724.jpg 1024w, https:\/\/vspoechlarn.ac.at\/wordpress\/wp-content\/uploads\/2023\/09\/20230915_091950_0001-1536x1086.jpg 1536w, https:\/\/vspoechlarn.ac.at\/wordpress\/wp-content\/uploads\/2023\/09\/20230915_091950_0001-2048x1448.jpg 2048w, https:\/\/vspoechlarn.ac.at\/wordpress\/wp-content\/uploads\/2023\/09\/20230915_091950_0001-scaled.jpg 1528w\" sizes=\"auto, (max-width: 350px) 100vw, 350px\" \/><\/a>            <\/div>\r\n        <\/div>\r\n        \t<div id=\"41-image-4546\" class=\"col-xs-12 col-sm-6 col-md-6\">\r\n        \t\t\t\t\t\r\n\t\t\t<div class=\"thumbnail\">\r\n        \t\t\t\t\t\r\n\t\t\t\t<a href='https:\/\/vspoechlarn.ac.at\/wordpress\/presse\/20230914_092926_0001\/'><img loading=\"lazy\" decoding=\"async\" width=\"350\" height=\"247\" src=\"https:\/\/vspoechlarn.ac.at\/wordpress\/wp-content\/uploads\/2023\/09\/20230914_092926_0001-350x247.jpg\" class=\"attachment-medium size-medium\" alt=\"\" srcset=\"https:\/\/vspoechlarn.ac.at\/wordpress\/wp-content\/uploads\/2023\/09\/20230914_092926_0001-350x247.jpg 350w, https:\/\/vspoechlarn.ac.at\/wordpress\/wp-content\/uploads\/2023\/09\/20230914_092926_0001-1024x724.jpg 1024w, https:\/\/vspoechlarn.ac.at\/wordpress\/wp-content\/uploads\/2023\/09\/20230914_092926_0001-1536x1086.jpg 1536w, https:\/\/vspoechlarn.ac.at\/wordpress\/wp-content\/uploads\/2023\/09\/20230914_092926_0001-2048x1448.jpg 2048w, https:\/\/vspoechlarn.ac.at\/wordpress\/wp-content\/uploads\/2023\/09\/20230914_092926_0001-scaled.jpg 1528w\" sizes=\"auto, (max-width: 350px) 100vw, 350px\" \/><\/a>            <\/div>\r\n        <\/div>\r\n    <div class=\"clearfix visible-sm-block\"><\/div><div class=\"clearfix visible-md-block visible-lg-block\"><\/div>\r\n<\/div>\n<p>&nbsp;<\/p>\n<p>&nbsp;<\/p>\n<p>&nbsp;<\/p>\n<p>&nbsp;<\/p>\n<p>P\u00f6chlarn aktuell 3\/2023<\/p>\n<div id=\"gallery_41_14\" class=\"row\">\r\n\t    \t<div id=\"41-image-4373\" class=\"col-xs-12 col-sm-12 col-md-12\">\r\n        \t\t\t\t\t\r\n\t\t\t<div class=\"thumbnail\">\r\n        \t\t\t\t\t\r\n\t\t\t\t<a href='https:\/\/vspoechlarn.ac.at\/wordpress\/presse\/20230526_090543_0001\/'><img loading=\"lazy\" decoding=\"async\" width=\"900\" height=\"636\" src=\"https:\/\/vspoechlarn.ac.at\/wordpress\/wp-content\/uploads\/2023\/05\/20230526_090543_0001-1024x724.jpg\" class=\"attachment-large size-large\" alt=\"\" srcset=\"https:\/\/vspoechlarn.ac.at\/wordpress\/wp-content\/uploads\/2023\/05\/20230526_090543_0001-1024x724.jpg 1024w, https:\/\/vspoechlarn.ac.at\/wordpress\/wp-content\/uploads\/2023\/05\/20230526_090543_0001-350x247.jpg 350w, https:\/\/vspoechlarn.ac.at\/wordpress\/wp-content\/uploads\/2023\/05\/20230526_090543_0001-1536x1086.jpg 1536w, https:\/\/vspoechlarn.ac.at\/wordpress\/wp-content\/uploads\/2023\/05\/20230526_090543_0001-2048x1448.jpg 2048w, https:\/\/vspoechlarn.ac.at\/wordpress\/wp-content\/uploads\/2023\/05\/20230526_090543_0001-scaled.jpg 1528w\" sizes=\"auto, (max-width: 900px) 100vw, 900px\" \/><\/a>            <\/div>\r\n        <\/div>\r\n    <div class=\"clearfix visible-md-block visible-lg-block\"><\/div>\r\n<\/div>\n<p>&nbsp;<\/p>\n<p>&nbsp;<\/p>\n<p>&nbsp;<\/p>\n<p>&nbsp;<\/p>\n<p>P\u00f6chlarn aktuell 2\/2023<\/p>\n<div id=\"gallery_41_15\" class=\"row\">\r\n\t    \t<div id=\"41-image-4297\" class=\"col-xs-12 col-sm-12 col-md-12\">\r\n        \t\t\t\t\t\r\n\t\t\t<div class=\"thumbnail\">\r\n        \t\t\t\t\t\r\n\t\t\t\t<a href='https:\/\/vspoechlarn.ac.at\/wordpress\/presse\/20230412_080649_0001\/'><img loading=\"lazy\" decoding=\"async\" width=\"900\" height=\"636\" src=\"https:\/\/vspoechlarn.ac.at\/wordpress\/wp-content\/uploads\/2023\/04\/20230412_080649_0001-1024x724.jpg\" class=\"attachment-large size-large\" alt=\"\" srcset=\"https:\/\/vspoechlarn.ac.at\/wordpress\/wp-content\/uploads\/2023\/04\/20230412_080649_0001-1024x724.jpg 1024w, https:\/\/vspoechlarn.ac.at\/wordpress\/wp-content\/uploads\/2023\/04\/20230412_080649_0001-350x247.jpg 350w, https:\/\/vspoechlarn.ac.at\/wordpress\/wp-content\/uploads\/2023\/04\/20230412_080649_0001-1536x1086.jpg 1536w, https:\/\/vspoechlarn.ac.at\/wordpress\/wp-content\/uploads\/2023\/04\/20230412_080649_0001-2048x1448.jpg 2048w, https:\/\/vspoechlarn.ac.at\/wordpress\/wp-content\/uploads\/2023\/04\/20230412_080649_0001-scaled.jpg 1528w\" sizes=\"auto, (max-width: 900px) 100vw, 900px\" \/><\/a>            <\/div>\r\n        <\/div>\r\n    <div class=\"clearfix visible-md-block visible-lg-block\"><\/div>\r\n<\/div>\n<p>&nbsp;<\/p>\n<p>Schachaktiv 2\/2023<\/p>\n<p>&nbsp;<\/p>\n<div id=\"gallery_41_16\" class=\"row\">\r\n\t    \t<div id=\"41-image-4227\" class=\"col-xs-12 col-sm-4 col-md-4\">\r\n        \t\t\t\t\t\r\n\t\t\t<div class=\"thumbnail\">\r\n        \t\t\t\t\t\r\n\t\t\t\t<a href='https:\/\/vspoechlarn.ac.at\/wordpress\/presse\/20230216070851813_0001-mittel\/'><img loading=\"lazy\" decoding=\"async\" width=\"900\" height=\"635\" src=\"https:\/\/vspoechlarn.ac.at\/wordpress\/wp-content\/uploads\/2023\/02\/20230216070851813_0001-Mittel-1024x723.jpg\" class=\"attachment-large size-large\" alt=\"\" srcset=\"https:\/\/vspoechlarn.ac.at\/wordpress\/wp-content\/uploads\/2023\/02\/20230216070851813_0001-Mittel-1024x723.jpg 1024w, https:\/\/vspoechlarn.ac.at\/wordpress\/wp-content\/uploads\/2023\/02\/20230216070851813_0001-Mittel-350x247.jpg 350w, https:\/\/vspoechlarn.ac.at\/wordpress\/wp-content\/uploads\/2023\/02\/20230216070851813_0001-Mittel.jpg 1087w\" sizes=\"auto, (max-width: 900px) 100vw, 900px\" \/><\/a>            <\/div>\r\n        <\/div>\r\n    \r\n<\/div>\n<p>&nbsp;<\/p>\n<p>N\u00d6N KW 6\/2023<\/p>\n<div id=\"gallery_41_17\" class=\"row\">\r\n\t    \t<div id=\"41-image-4226\" class=\"col-xs-12 col-sm-4 col-md-4\">\r\n        \t\t\t\t\t\r\n\t\t\t<div class=\"thumbnail\">\r\n        \t\t\t\t\t\r\n\t\t\t\t<a href='https:\/\/vspoechlarn.ac.at\/wordpress\/presse\/20230216071024366_0001-mittel\/'><img loading=\"lazy\" decoding=\"async\" width=\"723\" height=\"1024\" src=\"https:\/\/vspoechlarn.ac.at\/wordpress\/wp-content\/uploads\/2023\/02\/20230216071024366_0001-Mittel-723x1024.jpg\" class=\"attachment-large size-large\" alt=\"\" srcset=\"https:\/\/vspoechlarn.ac.at\/wordpress\/wp-content\/uploads\/2023\/02\/20230216071024366_0001-Mittel-723x1024.jpg 723w, https:\/\/vspoechlarn.ac.at\/wordpress\/wp-content\/uploads\/2023\/02\/20230216071024366_0001-Mittel-212x300.jpg 212w, https:\/\/vspoechlarn.ac.at\/wordpress\/wp-content\/uploads\/2023\/02\/20230216071024366_0001-Mittel.jpg 763w\" sizes=\"auto, (max-width: 723px) 100vw, 723px\" \/><\/a>            <\/div>\r\n        <\/div>\r\n    \r\n<\/div>\n<p>&nbsp;<\/p>\n<p>P\u00f6chlarn aktuell 1\/2023<\/p>\n<div id=\"gallery_41_18\" class=\"row\">\r\n\t    \t<div id=\"41-image-4213\" class=\"col-xs-12 col-sm-4 col-md-4\">\r\n        \t\t\t\t\t\r\n\t\t\t<div class=\"thumbnail\">\r\n        \t\t\t\t\t\r\n\t\t\t\t<a href='https:\/\/vspoechlarn.ac.at\/wordpress\/presse\/20230214113553661_0001-mittel\/'><img loading=\"lazy\" decoding=\"async\" width=\"900\" height=\"637\" src=\"https:\/\/vspoechlarn.ac.at\/wordpress\/wp-content\/uploads\/2023\/02\/20230214113553661_0001-Mittel-1024x725.jpg\" class=\"attachment-large size-large\" alt=\"\" srcset=\"https:\/\/vspoechlarn.ac.at\/wordpress\/wp-content\/uploads\/2023\/02\/20230214113553661_0001-Mittel-1024x725.jpg 1024w, https:\/\/vspoechlarn.ac.at\/wordpress\/wp-content\/uploads\/2023\/02\/20230214113553661_0001-Mittel-350x248.jpg 350w, https:\/\/vspoechlarn.ac.at\/wordpress\/wp-content\/uploads\/2023\/02\/20230214113553661_0001-Mittel.jpg 1085w\" sizes=\"auto, (max-width: 900px) 100vw, 900px\" \/><\/a>            <\/div>\r\n        <\/div>\r\n    \r\n<\/div>\n<p>&nbsp;<\/p>\n<p>&nbsp;<\/p>\n<p>P\u00f6chlarn aktuell 5\/2022<\/p>\n<div id=\"gallery_41_19\" class=\"row\">\r\n\t    \t<div id=\"41-image-4164\" class=\"col-xs-12 col-sm-4 col-md-4\">\r\n        \t\t\t\t\t\r\n\t\t\t<div class=\"thumbnail\">\r\n        \t\t\t\t\t\r\n\t\t\t\t<a href='https:\/\/vspoechlarn.ac.at\/wordpress\/presse\/20230109120939974_0001-mittel\/'><img loading=\"lazy\" decoding=\"async\" width=\"900\" height=\"637\" src=\"https:\/\/vspoechlarn.ac.at\/wordpress\/wp-content\/uploads\/2023\/01\/20230109120939974_0001-Mittel-1024x725.jpg\" class=\"attachment-large size-large\" alt=\"\" srcset=\"https:\/\/vspoechlarn.ac.at\/wordpress\/wp-content\/uploads\/2023\/01\/20230109120939974_0001-Mittel-1024x725.jpg 1024w, https:\/\/vspoechlarn.ac.at\/wordpress\/wp-content\/uploads\/2023\/01\/20230109120939974_0001-Mittel-350x248.jpg 350w, https:\/\/vspoechlarn.ac.at\/wordpress\/wp-content\/uploads\/2023\/01\/20230109120939974_0001-Mittel.jpg 1085w\" sizes=\"auto, (max-width: 900px) 100vw, 900px\" \/><\/a>            <\/div>\r\n        <\/div>\r\n    \r\n<\/div>\n<p>&nbsp;<\/p>\n<p>N\u00d6N Woche 47\/2022<\/p>\n<div id=\"gallery_41_20\" class=\"row\">\r\n\t    \t<div id=\"41-image-4138\" class=\"col-xs-12 col-sm-4 col-md-4\">\r\n        \t\t\t\t\t\r\n\t\t\t<div class=\"thumbnail\">\r\n        \t\t\t\t\t\r\n\t\t\t\t<a href='https:\/\/vspoechlarn.ac.at\/wordpress\/presse\/20221125112236928_0001-mittel\/'><img loading=\"lazy\" decoding=\"async\" width=\"723\" height=\"1024\" src=\"https:\/\/vspoechlarn.ac.at\/wordpress\/wp-content\/uploads\/2022\/11\/20221125112236928_0001-Mittel-723x1024.jpg\" class=\"attachment-large size-large\" alt=\"\" srcset=\"https:\/\/vspoechlarn.ac.at\/wordpress\/wp-content\/uploads\/2022\/11\/20221125112236928_0001-Mittel-723x1024.jpg 723w, https:\/\/vspoechlarn.ac.at\/wordpress\/wp-content\/uploads\/2022\/11\/20221125112236928_0001-Mittel-212x300.jpg 212w, https:\/\/vspoechlarn.ac.at\/wordpress\/wp-content\/uploads\/2022\/11\/20221125112236928_0001-Mittel.jpg 763w\" sizes=\"auto, (max-width: 723px) 100vw, 723px\" \/><\/a>            <\/div>\r\n        <\/div>\r\n    \r\n<\/div>\n<hr \/>\n<p>P\u00f6chlarn aktuell 4\/2022<\/p>\n<div id=\"gallery_41_21\" class=\"row\">\r\n\t    \t<div id=\"41-image-4006\" class=\"col-xs-12 col-sm-4 col-md-4\">\r\n        \t\t\t\t\t\r\n\t\t\t<div class=\"thumbnail\">\r\n        \t\t\t\t\t\r\n\t\t\t\t<a href='https:\/\/vspoechlarn.ac.at\/wordpress\/presse\/20220914112743112_0001-mittel\/'><img loading=\"lazy\" decoding=\"async\" width=\"900\" height=\"636\" src=\"https:\/\/vspoechlarn.ac.at\/wordpress\/wp-content\/uploads\/2022\/09\/20220914112743112_0001-Mittel-1024x724.jpg\" class=\"attachment-large size-large\" alt=\"\" srcset=\"https:\/\/vspoechlarn.ac.at\/wordpress\/wp-content\/uploads\/2022\/09\/20220914112743112_0001-Mittel-1024x724.jpg 1024w, https:\/\/vspoechlarn.ac.at\/wordpress\/wp-content\/uploads\/2022\/09\/20220914112743112_0001-Mittel-350x248.jpg 350w, https:\/\/vspoechlarn.ac.at\/wordpress\/wp-content\/uploads\/2022\/09\/20220914112743112_0001-Mittel.jpg 1086w\" sizes=\"auto, (max-width: 900px) 100vw, 900px\" \/><\/a>            <\/div>\r\n        <\/div>\r\n        \t<div id=\"41-image-4007\" class=\"col-xs-12 col-sm-4 col-md-4\">\r\n        \t\t\t\t\t\r\n\t\t\t<div class=\"thumbnail\">\r\n        \t\t\t\t\t\r\n\t\t\t\t<a href='https:\/\/vspoechlarn.ac.at\/wordpress\/presse\/20220914112755359_0001-mittel\/'><img loading=\"lazy\" decoding=\"async\" width=\"900\" height=\"636\" src=\"https:\/\/vspoechlarn.ac.at\/wordpress\/wp-content\/uploads\/2022\/09\/20220914112755359_0001-Mittel-1024x724.jpg\" class=\"attachment-large size-large\" alt=\"\" srcset=\"https:\/\/vspoechlarn.ac.at\/wordpress\/wp-content\/uploads\/2022\/09\/20220914112755359_0001-Mittel-1024x724.jpg 1024w, https:\/\/vspoechlarn.ac.at\/wordpress\/wp-content\/uploads\/2022\/09\/20220914112755359_0001-Mittel-350x248.jpg 350w, https:\/\/vspoechlarn.ac.at\/wordpress\/wp-content\/uploads\/2022\/09\/20220914112755359_0001-Mittel.jpg 1086w\" sizes=\"auto, (max-width: 900px) 100vw, 900px\" \/><\/a>            <\/div>\r\n        <\/div>\r\n    <div class=\"clearfix visible-sm-block\"><\/div>\r\n<\/div>\n<p>&nbsp;<\/p>\n<hr \/>\n<p>P\u00f6chlarn aktuell 3\/2022<\/p>\n<div id=\"gallery_41_22\" class=\"row\">\r\n\t    \t<div id=\"41-image-3903\" class=\"col-xs-12 col-sm-4 col-md-4\">\r\n        \t\t\t\t\t\r\n\t\t\t<div class=\"thumbnail\">\r\n        \t\t\t\t\t\r\n\t\t\t\t<a href='https:\/\/vspoechlarn.ac.at\/wordpress\/presse\/img_1792\/'><img loading=\"lazy\" decoding=\"async\" width=\"900\" height=\"675\" src=\"https:\/\/vspoechlarn.ac.at\/wordpress\/wp-content\/uploads\/2022\/06\/IMG_1792-1024x768.jpg\" class=\"attachment-large size-large\" alt=\"\" srcset=\"https:\/\/vspoechlarn.ac.at\/wordpress\/wp-content\/uploads\/2022\/06\/IMG_1792-1024x768.jpg 1024w, https:\/\/vspoechlarn.ac.at\/wordpress\/wp-content\/uploads\/2022\/06\/IMG_1792-350x263.jpg 350w, https:\/\/vspoechlarn.ac.at\/wordpress\/wp-content\/uploads\/2022\/06\/IMG_1792-1536x1152.jpg 1536w, https:\/\/vspoechlarn.ac.at\/wordpress\/wp-content\/uploads\/2022\/06\/IMG_1792.jpg 1440w\" sizes=\"auto, (max-width: 900px) 100vw, 900px\" \/><\/a>            <\/div>\r\n        <\/div>\r\n    \r\n<\/div>\n<hr \/>\n<p>N\u00d6N Woche 23\/2022<\/p>\n<div id=\"gallery_41_23\" class=\"row\">\r\n\t    \t<div id=\"41-image-3879\" class=\"col-xs-12 col-sm-4 col-md-4\">\r\n        \t\t\t\t\t\r\n\t\t\t<div class=\"thumbnail\">\r\n        \t\t\t\t\t\r\n\t\t\t\t<a href='https:\/\/vspoechlarn.ac.at\/wordpress\/presse\/8dd0b9a9-2047-4757-8a96-e0b12da61043\/'><img loading=\"lazy\" decoding=\"async\" width=\"900\" height=\"675\" src=\"https:\/\/vspoechlarn.ac.at\/wordpress\/wp-content\/uploads\/2022\/06\/8dd0b9a9-2047-4757-8a96-e0b12da61043-rotated.jpg\" class=\"attachment-large size-large\" alt=\"\" srcset=\"https:\/\/vspoechlarn.ac.at\/wordpress\/wp-content\/uploads\/2022\/06\/8dd0b9a9-2047-4757-8a96-e0b12da61043-rotated.jpg 1024w, https:\/\/vspoechlarn.ac.at\/wordpress\/wp-content\/uploads\/2022\/06\/8dd0b9a9-2047-4757-8a96-e0b12da61043-350x263.jpg 350w\" sizes=\"auto, (max-width: 900px) 100vw, 900px\" \/><\/a>            <\/div>\r\n        <\/div>\r\n    \r\n<\/div>\n<hr \/>\n<p>Bezirksbl\u00e4tter 19.5.2022<\/p>\n<div id=\"gallery_41_24\" class=\"row\">\r\n\t    \t<div id=\"41-image-3850\" class=\"col-xs-12 col-sm-4 col-md-4\">\r\n        \t\t\t\t\t\r\n\t\t\t<div class=\"thumbnail\">\r\n        \t\t\t\t\t\r\n\t\t\t\t<a href='https:\/\/vspoechlarn.ac.at\/wordpress\/presse\/22c8bce9-490a-46e5-a28e-7eb1fb850697\/'><img loading=\"lazy\" decoding=\"async\" width=\"900\" height=\"675\" src=\"https:\/\/vspoechlarn.ac.at\/wordpress\/wp-content\/uploads\/2022\/05\/22c8bce9-490a-46e5-a28e-7eb1fb850697-rotated.jpg\" class=\"attachment-large size-large\" alt=\"\" srcset=\"https:\/\/vspoechlarn.ac.at\/wordpress\/wp-content\/uploads\/2022\/05\/22c8bce9-490a-46e5-a28e-7eb1fb850697-rotated.jpg 1024w, https:\/\/vspoechlarn.ac.at\/wordpress\/wp-content\/uploads\/2022\/05\/22c8bce9-490a-46e5-a28e-7eb1fb850697-350x263.jpg 350w\" sizes=\"auto, (max-width: 900px) 100vw, 900px\" \/><\/a>            <\/div>\r\n        <\/div>\r\n    \r\n<\/div>\n<p>&nbsp;<\/p>\n<hr \/>\n<p>Kronen Zeitung 8. Mai 2022<\/p>\n<div id=\"gallery_41_25\" class=\"row\">\r\n\t    \t<div id=\"41-image-3814\" class=\"col-xs-12 col-sm-4 col-md-4\">\r\n        \t\t\t\t\t\r\n\t\t\t<div class=\"thumbnail\">\r\n        \t\t\t\t\t\r\n\t\t\t\t<a href='https:\/\/vspoechlarn.ac.at\/wordpress\/presse\/56c63276-91b0-4751-bd17-f04e0a757d7c\/'><img loading=\"lazy\" decoding=\"async\" width=\"900\" height=\"675\" src=\"https:\/\/vspoechlarn.ac.at\/wordpress\/wp-content\/uploads\/2022\/05\/56c63276-91b0-4751-bd17-f04e0a757d7c-rotated.jpg\" class=\"attachment-large size-large\" alt=\"\" srcset=\"https:\/\/vspoechlarn.ac.at\/wordpress\/wp-content\/uploads\/2022\/05\/56c63276-91b0-4751-bd17-f04e0a757d7c-rotated.jpg 1024w, https:\/\/vspoechlarn.ac.at\/wordpress\/wp-content\/uploads\/2022\/05\/56c63276-91b0-4751-bd17-f04e0a757d7c-350x263.jpg 350w\" sizes=\"auto, (max-width: 900px) 100vw, 900px\" \/><\/a>            <\/div>\r\n        <\/div>\r\n    \r\n<\/div>\n<hr \/>\n<p>P\u00f6chlarn aktuell 2\/2022<\/p>\n<p><img loading=\"lazy\" decoding=\"async\" class=\"alignnone size-medium wp-image-3787\" src=\"https:\/\/vspoechlarn.ac.at\/wordpress\/wp-content\/uploads\/2022\/04\/2_2022-350x248.jpg\" alt=\"\" width=\"350\" height=\"248\" srcset=\"https:\/\/vspoechlarn.ac.at\/wordpress\/wp-content\/uploads\/2022\/04\/2_2022-350x248.jpg 350w, https:\/\/vspoechlarn.ac.at\/wordpress\/wp-content\/uploads\/2022\/04\/2_2022-1024x725.jpg 1024w, https:\/\/vspoechlarn.ac.at\/wordpress\/wp-content\/uploads\/2022\/04\/2_2022-1536x1087.jpg 1536w, https:\/\/vspoechlarn.ac.at\/wordpress\/wp-content\/uploads\/2022\/04\/2_2022-2048x1449.jpg 2048w, https:\/\/vspoechlarn.ac.at\/wordpress\/wp-content\/uploads\/2022\/04\/2_2022-scaled.jpg 1527w\" sizes=\"auto, (max-width: 350px) 100vw, 350px\" \/><\/p>\n<hr \/>\n<p>P\u00f6chlarn aktuell 1\/2022<\/p>\n<div id=\"gallery_41_26\" class=\"row\">\r\n\t    \t<div id=\"41-image-3786\" class=\"col-xs-12 col-sm-4 col-md-4\">\r\n        \t\t\t\t\t\r\n\t\t\t<div class=\"thumbnail\">\r\n        \t\t\t\t\t\r\n\t\t\t\t<a href='https:\/\/vspoechlarn.ac.at\/wordpress\/presse\/1_2022-4\/'><img loading=\"lazy\" decoding=\"async\" width=\"900\" height=\"637\" src=\"https:\/\/vspoechlarn.ac.at\/wordpress\/wp-content\/uploads\/2022\/04\/1_2022-1024x725.jpg\" class=\"attachment-large size-large\" alt=\"\" srcset=\"https:\/\/vspoechlarn.ac.at\/wordpress\/wp-content\/uploads\/2022\/04\/1_2022-1024x725.jpg 1024w, https:\/\/vspoechlarn.ac.at\/wordpress\/wp-content\/uploads\/2022\/04\/1_2022-350x248.jpg 350w, https:\/\/vspoechlarn.ac.at\/wordpress\/wp-content\/uploads\/2022\/04\/1_2022-1536x1087.jpg 1536w, https:\/\/vspoechlarn.ac.at\/wordpress\/wp-content\/uploads\/2022\/04\/1_2022-2048x1449.jpg 2048w, https:\/\/vspoechlarn.ac.at\/wordpress\/wp-content\/uploads\/2022\/04\/1_2022-scaled.jpg 1527w\" sizes=\"auto, (max-width: 900px) 100vw, 900px\" \/><\/a>            <\/div>\r\n        <\/div>\r\n    \r\n<\/div>\n<hr \/>\n<p>P\u00f6chlarn aktuell 5\/2021<\/p>\n<div id=\"gallery_41_27\" class=\"row\">\r\n\t    \t<div id=\"41-image-3593\" class=\"col-xs-12 col-sm-4 col-md-4\">\r\n        \t\t\t\t\t\r\n\t\t\t<div class=\"thumbnail\">\r\n        \t\t\t\t\t\r\n\t\t\t\t<a href='https:\/\/vspoechlarn.ac.at\/wordpress\/presse\/20211123115604493_0001-mittel\/'><img loading=\"lazy\" decoding=\"async\" width=\"900\" height=\"637\" src=\"https:\/\/vspoechlarn.ac.at\/wordpress\/wp-content\/uploads\/2021\/11\/20211123115604493_0001-Mittel-1024x725.jpg\" class=\"attachment-large size-large\" alt=\"\" srcset=\"https:\/\/vspoechlarn.ac.at\/wordpress\/wp-content\/uploads\/2021\/11\/20211123115604493_0001-Mittel-1024x725.jpg 1024w, https:\/\/vspoechlarn.ac.at\/wordpress\/wp-content\/uploads\/2021\/11\/20211123115604493_0001-Mittel-350x248.jpg 350w, https:\/\/vspoechlarn.ac.at\/wordpress\/wp-content\/uploads\/2021\/11\/20211123115604493_0001-Mittel.jpg 1085w\" sizes=\"auto, (max-width: 900px) 100vw, 900px\" \/><\/a>            <\/div>\r\n        <\/div>\r\n        \t<div id=\"41-image-3594\" class=\"col-xs-12 col-sm-4 col-md-4\">\r\n        \t\t\t\t\t\r\n\t\t\t<div class=\"thumbnail\">\r\n        \t\t\t\t\t\r\n\t\t\t\t<a href='https:\/\/vspoechlarn.ac.at\/wordpress\/presse\/20211123115626917_0001-mittel\/'><img loading=\"lazy\" decoding=\"async\" width=\"723\" height=\"1024\" src=\"https:\/\/vspoechlarn.ac.at\/wordpress\/wp-content\/uploads\/2021\/11\/20211123115626917_0001-Mittel-723x1024.jpg\" class=\"attachment-large size-large\" alt=\"\" srcset=\"https:\/\/vspoechlarn.ac.at\/wordpress\/wp-content\/uploads\/2021\/11\/20211123115626917_0001-Mittel-723x1024.jpg 723w, https:\/\/vspoechlarn.ac.at\/wordpress\/wp-content\/uploads\/2021\/11\/20211123115626917_0001-Mittel-212x300.jpg 212w, https:\/\/vspoechlarn.ac.at\/wordpress\/wp-content\/uploads\/2021\/11\/20211123115626917_0001-Mittel.jpg 763w\" sizes=\"auto, (max-width: 723px) 100vw, 723px\" \/><\/a>            <\/div>\r\n        <\/div>\r\n    <div class=\"clearfix visible-sm-block\"><\/div>\r\n<\/div>\n<hr \/>\n<p>N\u00d6N KW 46<\/p>\n<div id=\"gallery_41_28\" class=\"row\">\r\n\t    \t<div id=\"41-image-3592\" class=\"col-xs-12 col-sm-4 col-md-4\">\r\n        \t\t\t\t\t\r\n\t\t\t<div class=\"thumbnail\">\r\n        \t\t\t\t\t\r\n\t\t\t\t<a href='https:\/\/vspoechlarn.ac.at\/wordpress\/presse\/20211123115558757_0001-mittel\/'><img loading=\"lazy\" decoding=\"async\" width=\"723\" height=\"1024\" src=\"https:\/\/vspoechlarn.ac.at\/wordpress\/wp-content\/uploads\/2021\/11\/20211123115558757_0001-Mittel-723x1024.jpg\" class=\"attachment-large size-large\" alt=\"\" srcset=\"https:\/\/vspoechlarn.ac.at\/wordpress\/wp-content\/uploads\/2021\/11\/20211123115558757_0001-Mittel-723x1024.jpg 723w, https:\/\/vspoechlarn.ac.at\/wordpress\/wp-content\/uploads\/2021\/11\/20211123115558757_0001-Mittel-212x300.jpg 212w, https:\/\/vspoechlarn.ac.at\/wordpress\/wp-content\/uploads\/2021\/11\/20211123115558757_0001-Mittel.jpg 763w\" sizes=\"auto, (max-width: 723px) 100vw, 723px\" \/><\/a>            <\/div>\r\n        <\/div>\r\n    \r\n<\/div>\n<hr \/>\n<p>Bezirksbl\u00e4tter 8.9.2021<\/p>\n<div id=\"gallery_41_29\" class=\"row\">\r\n\t    \t<div id=\"41-image-3456\" class=\"col-xs-12 col-sm-4 col-md-4\">\r\n        \t\t\t\t\t\r\n\t\t\t<div class=\"thumbnail\">\r\n        \t\t\t\t\t\r\n\t\t\t\t<a href='https:\/\/vspoechlarn.ac.at\/wordpress\/presse\/20210913122608153_0001-mittel\/'><img loading=\"lazy\" decoding=\"async\" width=\"723\" height=\"1024\" src=\"https:\/\/vspoechlarn.ac.at\/wordpress\/wp-content\/uploads\/2021\/09\/20210913122608153_0001-Mittel-723x1024.jpg\" class=\"attachment-large size-large\" alt=\"\" srcset=\"https:\/\/vspoechlarn.ac.at\/wordpress\/wp-content\/uploads\/2021\/09\/20210913122608153_0001-Mittel-723x1024.jpg 723w, https:\/\/vspoechlarn.ac.at\/wordpress\/wp-content\/uploads\/2021\/09\/20210913122608153_0001-Mittel-212x300.jpg 212w, https:\/\/vspoechlarn.ac.at\/wordpress\/wp-content\/uploads\/2021\/09\/20210913122608153_0001-Mittel.jpg 763w\" sizes=\"auto, (max-width: 723px) 100vw, 723px\" \/><\/a>            <\/div>\r\n        <\/div>\r\n    \r\n<\/div>\n<hr \/>\n<p>P\u00f6chlarn aktuell 4\/21<\/p>\n<div id=\"gallery_41_30\" class=\"row\">\r\n\t    \t<div id=\"41-image-3454\" class=\"col-xs-12 col-sm-4 col-md-4\">\r\n        \t\t\t\t\t\r\n\t\t\t<div class=\"thumbnail\">\r\n        \t\t\t\t\t\r\n\t\t\t\t<a href='https:\/\/vspoechlarn.ac.at\/wordpress\/presse\/20210913122651274_0001-mittel\/'><img loading=\"lazy\" decoding=\"async\" width=\"900\" height=\"637\" src=\"https:\/\/vspoechlarn.ac.at\/wordpress\/wp-content\/uploads\/2021\/09\/20210913122651274_0001-Mittel-1024x725.jpg\" class=\"attachment-large size-large\" alt=\"\" srcset=\"https:\/\/vspoechlarn.ac.at\/wordpress\/wp-content\/uploads\/2021\/09\/20210913122651274_0001-Mittel-1024x725.jpg 1024w, https:\/\/vspoechlarn.ac.at\/wordpress\/wp-content\/uploads\/2021\/09\/20210913122651274_0001-Mittel-350x248.jpg 350w, https:\/\/vspoechlarn.ac.at\/wordpress\/wp-content\/uploads\/2021\/09\/20210913122651274_0001-Mittel.jpg 1085w\" sizes=\"auto, (max-width: 900px) 100vw, 900px\" \/><\/a>            <\/div>\r\n        <\/div>\r\n        \t<div id=\"41-image-3455\" class=\"col-xs-12 col-sm-4 col-md-4\">\r\n        \t\t\t\t\t\r\n\t\t\t<div class=\"thumbnail\">\r\n        \t\t\t\t\t\r\n\t\t\t\t<a href='https:\/\/vspoechlarn.ac.at\/wordpress\/presse\/20210913122658407_0001-mittel\/'><img loading=\"lazy\" decoding=\"async\" width=\"723\" height=\"1024\" src=\"https:\/\/vspoechlarn.ac.at\/wordpress\/wp-content\/uploads\/2021\/09\/20210913122658407_0001-Mittel-723x1024.jpg\" class=\"attachment-large size-large\" alt=\"\" srcset=\"https:\/\/vspoechlarn.ac.at\/wordpress\/wp-content\/uploads\/2021\/09\/20210913122658407_0001-Mittel-723x1024.jpg 723w, https:\/\/vspoechlarn.ac.at\/wordpress\/wp-content\/uploads\/2021\/09\/20210913122658407_0001-Mittel-212x300.jpg 212w, https:\/\/vspoechlarn.ac.at\/wordpress\/wp-content\/uploads\/2021\/09\/20210913122658407_0001-Mittel.jpg 763w\" sizes=\"auto, (max-width: 723px) 100vw, 723px\" \/><\/a>            <\/div>\r\n        <\/div>\r\n    <div class=\"clearfix visible-sm-block\"><\/div>\r\n<\/div>\n<hr \/>\n<p>Melker N\u00d6N , 23.6.2021<\/p>\n<div id=\"gallery_41_31\" class=\"row\">\r\n\t    \t<div id=\"41-image-3357\" class=\"col-xs-12 col-sm-4 col-md-4\">\r\n        \t\t\t\t\t\r\n\t\t\t<div class=\"thumbnail\">\r\n        \t\t\t\t\t\r\n\t\t\t\t<a href='https:\/\/vspoechlarn.ac.at\/wordpress\/presse\/20210628095239373_0001-mittel\/'><img loading=\"lazy\" decoding=\"async\" width=\"723\" height=\"1024\" src=\"https:\/\/vspoechlarn.ac.at\/wordpress\/wp-content\/uploads\/2021\/06\/20210628095239373_0001-Mittel-723x1024.jpg\" class=\"attachment-large size-large\" alt=\"\" srcset=\"https:\/\/vspoechlarn.ac.at\/wordpress\/wp-content\/uploads\/2021\/06\/20210628095239373_0001-Mittel-723x1024.jpg 723w, https:\/\/vspoechlarn.ac.at\/wordpress\/wp-content\/uploads\/2021\/06\/20210628095239373_0001-Mittel-212x300.jpg 212w, https:\/\/vspoechlarn.ac.at\/wordpress\/wp-content\/uploads\/2021\/06\/20210628095239373_0001-Mittel.jpg 763w\" sizes=\"auto, (max-width: 723px) 100vw, 723px\" \/><\/a>            <\/div>\r\n        <\/div>\r\n    \r\n<\/div>\n<p>&nbsp;<\/p>\n<hr \/>\n<p>P\u00f6chlarn aktuell 3\/2021<\/p>\n<div id=\"gallery_41_32\" class=\"row\">\r\n\t    \t<div id=\"41-image-3354\" class=\"col-xs-12 col-sm-4 col-md-4\">\r\n        \t\t\t\t\t\r\n\t\t\t<div class=\"thumbnail\">\r\n        \t\t\t\t\t\r\n\t\t\t\t<a href='https:\/\/vspoechlarn.ac.at\/wordpress\/presse\/20210628095119333_0001-mittel\/'><img loading=\"lazy\" decoding=\"async\" width=\"900\" height=\"637\" src=\"https:\/\/vspoechlarn.ac.at\/wordpress\/wp-content\/uploads\/2021\/06\/20210628095119333_0001-Mittel-1024x725.jpg\" class=\"attachment-large size-large\" alt=\"\" srcset=\"https:\/\/vspoechlarn.ac.at\/wordpress\/wp-content\/uploads\/2021\/06\/20210628095119333_0001-Mittel-1024x725.jpg 1024w, https:\/\/vspoechlarn.ac.at\/wordpress\/wp-content\/uploads\/2021\/06\/20210628095119333_0001-Mittel-350x248.jpg 350w, https:\/\/vspoechlarn.ac.at\/wordpress\/wp-content\/uploads\/2021\/06\/20210628095119333_0001-Mittel.jpg 1085w\" sizes=\"auto, (max-width: 900px) 100vw, 900px\" \/><\/a>            <\/div>\r\n        <\/div>\r\n        \t<div id=\"41-image-3356\" class=\"col-xs-12 col-sm-4 col-md-4\">\r\n        \t\t\t\t\t\r\n\t\t\t<div class=\"thumbnail\">\r\n        \t\t\t\t\t\r\n\t\t\t\t<a href='https:\/\/vspoechlarn.ac.at\/wordpress\/presse\/20210628095135931_0001-mittel\/'><img loading=\"lazy\" decoding=\"async\" width=\"723\" height=\"1024\" src=\"https:\/\/vspoechlarn.ac.at\/wordpress\/wp-content\/uploads\/2021\/06\/20210628095135931_0001-Mittel-723x1024.jpg\" class=\"attachment-large size-large\" alt=\"\" srcset=\"https:\/\/vspoechlarn.ac.at\/wordpress\/wp-content\/uploads\/2021\/06\/20210628095135931_0001-Mittel-723x1024.jpg 723w, https:\/\/vspoechlarn.ac.at\/wordpress\/wp-content\/uploads\/2021\/06\/20210628095135931_0001-Mittel-212x300.jpg 212w, https:\/\/vspoechlarn.ac.at\/wordpress\/wp-content\/uploads\/2021\/06\/20210628095135931_0001-Mittel.jpg 763w\" sizes=\"auto, (max-width: 723px) 100vw, 723px\" \/><\/a>            <\/div>\r\n        <\/div>\r\n    <div class=\"clearfix visible-sm-block\"><\/div>\r\n<\/div>\n<p>&nbsp;<\/p>\n<hr \/>\n<p>P\u00f6chlarn aktuell 2\/2021<\/p>\n<div id=\"gallery_41_33\" class=\"row\">\r\n\t    \t<div id=\"41-image-3299\" class=\"col-xs-12 col-sm-4 col-md-4\">\r\n        \t\t\t\t\t\r\n\t\t\t<div class=\"thumbnail\">\r\n        \t\t\t\t\t\r\n\t\t\t\t<a href='https:\/\/vspoechlarn.ac.at\/wordpress\/presse\/20210427131018877_0001-mittel\/'><img loading=\"lazy\" decoding=\"async\" width=\"900\" height=\"637\" src=\"https:\/\/vspoechlarn.ac.at\/wordpress\/wp-content\/uploads\/2021\/04\/20210427131018877_0001-Mittel-1024x725.jpg\" class=\"attachment-large size-large\" alt=\"\" srcset=\"https:\/\/vspoechlarn.ac.at\/wordpress\/wp-content\/uploads\/2021\/04\/20210427131018877_0001-Mittel-1024x725.jpg 1024w, https:\/\/vspoechlarn.ac.at\/wordpress\/wp-content\/uploads\/2021\/04\/20210427131018877_0001-Mittel-350x248.jpg 350w, https:\/\/vspoechlarn.ac.at\/wordpress\/wp-content\/uploads\/2021\/04\/20210427131018877_0001-Mittel.jpg 1085w\" sizes=\"auto, (max-width: 900px) 100vw, 900px\" \/><\/a>            <\/div>\r\n        <\/div>\r\n        \t<div id=\"41-image-3300\" class=\"col-xs-12 col-sm-4 col-md-4\">\r\n        \t\t\t\t\t\r\n\t\t\t<div class=\"thumbnail\">\r\n        \t\t\t\t\t\r\n\t\t\t\t<a href='https:\/\/vspoechlarn.ac.at\/wordpress\/presse\/20210427131018877_0002-mittel\/'><img loading=\"lazy\" decoding=\"async\" width=\"725\" height=\"1024\" src=\"https:\/\/vspoechlarn.ac.at\/wordpress\/wp-content\/uploads\/2021\/04\/20210427131018877_0002-Mittel-725x1024.jpg\" class=\"attachment-large size-large\" alt=\"\" srcset=\"https:\/\/vspoechlarn.ac.at\/wordpress\/wp-content\/uploads\/2021\/04\/20210427131018877_0002-Mittel-725x1024.jpg 725w, https:\/\/vspoechlarn.ac.at\/wordpress\/wp-content\/uploads\/2021\/04\/20210427131018877_0002-Mittel-212x300.jpg 212w, https:\/\/vspoechlarn.ac.at\/wordpress\/wp-content\/uploads\/2021\/04\/20210427131018877_0002-Mittel.jpg 764w\" sizes=\"auto, (max-width: 725px) 100vw, 725px\" \/><\/a>            <\/div>\r\n        <\/div>\r\n    <div class=\"clearfix visible-sm-block\"><\/div>\r\n<\/div>\n<hr \/>\n<p>P\u00f6chlarn aktuell 1\/2021<\/p>\n<div id=\"gallery_41_34\" class=\"row\">\r\n\t    \t<div id=\"41-image-3265\" class=\"col-xs-12 col-sm-4 col-md-4\">\r\n        \t\t\t\t\t\r\n\t\t\t<div class=\"thumbnail\">\r\n        \t\t\t\t\t\r\n\t\t\t\t<a href='https:\/\/vspoechlarn.ac.at\/wordpress\/presse\/20210224083949788_0001-mittel\/'><img loading=\"lazy\" decoding=\"async\" width=\"900\" height=\"637\" src=\"https:\/\/vspoechlarn.ac.at\/wordpress\/wp-content\/uploads\/2021\/03\/20210224083949788_0001-Mittel-1024x725.jpg\" class=\"attachment-large size-large\" alt=\"\" srcset=\"https:\/\/vspoechlarn.ac.at\/wordpress\/wp-content\/uploads\/2021\/03\/20210224083949788_0001-Mittel-1024x725.jpg 1024w, https:\/\/vspoechlarn.ac.at\/wordpress\/wp-content\/uploads\/2021\/03\/20210224083949788_0001-Mittel-350x248.jpg 350w, https:\/\/vspoechlarn.ac.at\/wordpress\/wp-content\/uploads\/2021\/03\/20210224083949788_0001-Mittel.jpg 1085w\" sizes=\"auto, (max-width: 900px) 100vw, 900px\" \/><\/a>            <\/div>\r\n        <\/div>\r\n    \r\n<\/div>\n<p>&nbsp;<\/p>\n<p>&nbsp;<\/p>\n<p>P\u00f6chlarn aktuell 5\/2020<\/p>\n<div id=\"gallery_41_35\" class=\"row\">\r\n\t    \t<div id=\"41-image-3163\" class=\"col-xs-12 col-sm-4 col-md-4\">\r\n        \t\t\t\t\t\r\n\t\t\t<div class=\"thumbnail\">\r\n        \t\t\t\t\t\r\n\t\t\t\t<a href='https:\/\/vspoechlarn.ac.at\/wordpress\/presse\/20201207111649841_0001\/'><img loading=\"lazy\" decoding=\"async\" width=\"900\" height=\"636\" src=\"https:\/\/vspoechlarn.ac.at\/wordpress\/wp-content\/uploads\/2020\/12\/20201207111649841_0001-scaled-e1607335976701-1024x724.jpg\" class=\"attachment-large size-large\" alt=\"\" srcset=\"https:\/\/vspoechlarn.ac.at\/wordpress\/wp-content\/uploads\/2020\/12\/20201207111649841_0001-scaled-e1607335976701-1024x724.jpg 1024w, https:\/\/vspoechlarn.ac.at\/wordpress\/wp-content\/uploads\/2020\/12\/20201207111649841_0001-scaled-e1607335976701-350x248.jpg 350w, https:\/\/vspoechlarn.ac.at\/wordpress\/wp-content\/uploads\/2020\/12\/20201207111649841_0001-scaled-e1607335976701.jpg 1080w\" sizes=\"auto, (max-width: 900px) 100vw, 900px\" \/><\/a>            <\/div>\r\n        <\/div>\r\n    \r\n<\/div>\n<p>&nbsp;<\/p>\n<p>&nbsp;<\/p>\n<p>Bezirksbl\u00e4tter Okt. 2020<\/p>\n<div id=\"gallery_41_36\" class=\"row\">\r\n\t    \t<div id=\"41-image-3136\" class=\"col-xs-12 col-sm-4 col-md-4\">\r\n        \t\t\t\t\t\r\n\t\t\t<div class=\"thumbnail\">\r\n        \t\t\t\t\t\r\n\t\t\t\t<a href='https:\/\/vspoechlarn.ac.at\/wordpress\/presse\/20201023083551698_0001-mittel\/'><img loading=\"lazy\" decoding=\"async\" width=\"724\" height=\"1024\" src=\"https:\/\/vspoechlarn.ac.at\/wordpress\/wp-content\/uploads\/2020\/10\/20201023083551698_0001-Mittel-724x1024.jpg\" class=\"attachment-large size-large\" alt=\"\" srcset=\"https:\/\/vspoechlarn.ac.at\/wordpress\/wp-content\/uploads\/2020\/10\/20201023083551698_0001-Mittel-724x1024.jpg 724w, https:\/\/vspoechlarn.ac.at\/wordpress\/wp-content\/uploads\/2020\/10\/20201023083551698_0001-Mittel-212x300.jpg 212w, https:\/\/vspoechlarn.ac.at\/wordpress\/wp-content\/uploads\/2020\/10\/20201023083551698_0001-Mittel.jpg 764w\" sizes=\"auto, (max-width: 724px) 100vw, 724px\" \/><\/a>            <\/div>\r\n        <\/div>\r\n    \r\n<\/div>\n<p>&nbsp;<\/p>\n<p>&nbsp;<\/p>\n<p>N\u00d6N Okt 2020<\/p>\n<div id=\"gallery_41_37\" class=\"row\">\r\n\t    \t<div id=\"41-image-3104\" class=\"col-xs-12 col-sm-4 col-md-4\">\r\n        \t\t\t\t\t\r\n\t\t\t<div class=\"thumbnail\">\r\n        \t\t\t\t\t\r\n\t\t\t\t<a href='https:\/\/vspoechlarn.ac.at\/wordpress\/presse\/20201009075756613_0001-mittel\/'><img loading=\"lazy\" decoding=\"async\" width=\"794\" height=\"768\" src=\"https:\/\/vspoechlarn.ac.at\/wordpress\/wp-content\/uploads\/2020\/10\/20201009075756613_0001-Mittel.jpg\" class=\"attachment-large size-large\" alt=\"\" srcset=\"https:\/\/vspoechlarn.ac.at\/wordpress\/wp-content\/uploads\/2020\/10\/20201009075756613_0001-Mittel.jpg 794w, https:\/\/vspoechlarn.ac.at\/wordpress\/wp-content\/uploads\/2020\/10\/20201009075756613_0001-Mittel-310x300.jpg 310w\" sizes=\"auto, (max-width: 794px) 100vw, 794px\" \/><\/a>            <\/div>\r\n        <\/div>\r\n    \r\n<\/div>\n<p>&nbsp;<\/p>\n<p>N\u00d6N Juli 2020<\/p>\n<div id=\"gallery_41_38\" class=\"row\">\r\n\t    \t<div id=\"41-image-3005\" class=\"col-xs-12 col-sm-4 col-md-4\">\r\n        \t\t\t\t\t\r\n\t\t\t<div class=\"thumbnail\">\r\n        \t\t\t\t\t\r\n\t\t\t\t<a href='https:\/\/vspoechlarn.ac.at\/wordpress\/presse\/20200702093937436_0001\/'><img loading=\"lazy\" decoding=\"async\" width=\"724\" height=\"1024\" src=\"https:\/\/vspoechlarn.ac.at\/wordpress\/wp-content\/uploads\/2020\/07\/20200702093937436_0001-724x1024.jpg\" class=\"attachment-large size-large\" alt=\"\" srcset=\"https:\/\/vspoechlarn.ac.at\/wordpress\/wp-content\/uploads\/2020\/07\/20200702093937436_0001-724x1024.jpg 724w, https:\/\/vspoechlarn.ac.at\/wordpress\/wp-content\/uploads\/2020\/07\/20200702093937436_0001-212x300.jpg 212w, https:\/\/vspoechlarn.ac.at\/wordpress\/wp-content\/uploads\/2020\/07\/20200702093937436_0001-1086x1536.jpg 1086w, https:\/\/vspoechlarn.ac.at\/wordpress\/wp-content\/uploads\/2020\/07\/20200702093937436_0001-1448x2048.jpg 1448w, https:\/\/vspoechlarn.ac.at\/wordpress\/wp-content\/uploads\/2020\/07\/20200702093937436_0001-scaled.jpg 764w\" sizes=\"auto, (max-width: 724px) 100vw, 724px\" \/><\/a>            <\/div>\r\n        <\/div>\r\n    \r\n<\/div>\n<hr \/>\n<p>P\u00f6chlarn aktuell 3\/2020<\/p>\n<div id=\"gallery_41_39\" class=\"row\">\r\n\t    \t<div id=\"41-image-2999\" class=\"col-xs-12 col-sm-4 col-md-4\">\r\n        \t\t\t\t\t\r\n\t\t\t<div class=\"thumbnail\">\r\n        \t\t\t\t\t\r\n\t\t\t\t<a href='https:\/\/vspoechlarn.ac.at\/wordpress\/presse\/20200624132917347_0001\/'><img loading=\"lazy\" decoding=\"async\" width=\"900\" height=\"637\" src=\"https:\/\/vspoechlarn.ac.at\/wordpress\/wp-content\/uploads\/2020\/06\/20200624132917347_0001-1024x725.jpg\" class=\"attachment-large size-large\" alt=\"\" srcset=\"https:\/\/vspoechlarn.ac.at\/wordpress\/wp-content\/uploads\/2020\/06\/20200624132917347_0001-1024x725.jpg 1024w, https:\/\/vspoechlarn.ac.at\/wordpress\/wp-content\/uploads\/2020\/06\/20200624132917347_0001-350x248.jpg 350w, https:\/\/vspoechlarn.ac.at\/wordpress\/wp-content\/uploads\/2020\/06\/20200624132917347_0001-1536x1087.jpg 1536w, https:\/\/vspoechlarn.ac.at\/wordpress\/wp-content\/uploads\/2020\/06\/20200624132917347_0001-2048x1449.jpg 2048w, https:\/\/vspoechlarn.ac.at\/wordpress\/wp-content\/uploads\/2020\/06\/20200624132917347_0001-scaled.jpg 1527w\" sizes=\"auto, (max-width: 900px) 100vw, 900px\" \/><\/a>            <\/div>\r\n        <\/div>\r\n        \t<div id=\"41-image-3000\" class=\"col-xs-12 col-sm-4 col-md-4\">\r\n        \t\t\t\t\t\r\n\t\t\t<div class=\"thumbnail\">\r\n        \t\t\t\t\t\r\n\t\t\t\t<a href='https:\/\/vspoechlarn.ac.at\/wordpress\/presse\/20200624132931196_0001\/'><img loading=\"lazy\" decoding=\"async\" width=\"900\" height=\"637\" src=\"https:\/\/vspoechlarn.ac.at\/wordpress\/wp-content\/uploads\/2020\/06\/20200624132931196_0001-1024x725.jpg\" class=\"attachment-large size-large\" alt=\"\" srcset=\"https:\/\/vspoechlarn.ac.at\/wordpress\/wp-content\/uploads\/2020\/06\/20200624132931196_0001-1024x725.jpg 1024w, https:\/\/vspoechlarn.ac.at\/wordpress\/wp-content\/uploads\/2020\/06\/20200624132931196_0001-350x248.jpg 350w, https:\/\/vspoechlarn.ac.at\/wordpress\/wp-content\/uploads\/2020\/06\/20200624132931196_0001-1536x1087.jpg 1536w, https:\/\/vspoechlarn.ac.at\/wordpress\/wp-content\/uploads\/2020\/06\/20200624132931196_0001-2048x1449.jpg 2048w, https:\/\/vspoechlarn.ac.at\/wordpress\/wp-content\/uploads\/2020\/06\/20200624132931196_0001-scaled.jpg 1527w\" sizes=\"auto, (max-width: 900px) 100vw, 900px\" \/><\/a>            <\/div>\r\n        <\/div>\r\n    <div class=\"clearfix visible-sm-block\"><\/div>\r\n<\/div>\n<hr \/>\n<p>P\u00f6chlarn aktuell 1\/2020<\/p>\n<div id=\"gallery_41_40\" class=\"row\">\r\n\t    \t<div id=\"41-image-2801\" class=\"col-xs-12 col-sm-4 col-md-4\">\r\n        \t\t\t\t\t\r\n\t\t\t<div class=\"thumbnail\">\r\n        \t\t\t\t\t\r\n\t\t\t\t<a href='https:\/\/vspoechlarn.ac.at\/wordpress\/presse\/20200217100407564_0001\/'><img loading=\"lazy\" decoding=\"async\" width=\"900\" height=\"636\" src=\"https:\/\/vspoechlarn.ac.at\/wordpress\/wp-content\/uploads\/2020\/02\/20200217100407564_0001-scaled-e1581930026286-1024x724.jpg\" class=\"attachment-large size-large\" alt=\"\" srcset=\"https:\/\/vspoechlarn.ac.at\/wordpress\/wp-content\/uploads\/2020\/02\/20200217100407564_0001-scaled-e1581930026286-1024x724.jpg 1024w, https:\/\/vspoechlarn.ac.at\/wordpress\/wp-content\/uploads\/2020\/02\/20200217100407564_0001-scaled-e1581930026286-350x248.jpg 350w, https:\/\/vspoechlarn.ac.at\/wordpress\/wp-content\/uploads\/2020\/02\/20200217100407564_0001-scaled-e1581930026286-1536x1087.jpg 1536w, https:\/\/vspoechlarn.ac.at\/wordpress\/wp-content\/uploads\/2020\/02\/20200217100407564_0001-scaled-e1581930026286-2048x1449.jpg 2048w, https:\/\/vspoechlarn.ac.at\/wordpress\/wp-content\/uploads\/2020\/02\/20200217100407564_0001-scaled-e1581930026286.jpg 1527w\" sizes=\"auto, (max-width: 900px) 100vw, 900px\" \/><\/a>            <\/div>\r\n        <\/div>\r\n    \r\n<\/div>\n<p>&nbsp;<\/p>\n<hr \/>\n<p>N\u00d6N Melk KW 48<\/p>\n<div id=\"gallery_41_41\" class=\"row\">\r\n\t    \t<div id=\"41-image-2725\" class=\"col-xs-12 col-sm-4 col-md-4\">\r\n        \t\t\t\t\t\r\n\t\t\t<div class=\"thumbnail\">\r\n        \t\t\t\t\t\r\n\t\t\t\t<a href='https:\/\/vspoechlarn.ac.at\/wordpress\/presse\/cid_87fde724-455e-4cea-8033-c1884ac56fc4lsr-noe_gv-mittel\/'><img loading=\"lazy\" decoding=\"async\" width=\"768\" height=\"1024\" src=\"https:\/\/vspoechlarn.ac.at\/wordpress\/wp-content\/uploads\/2019\/11\/cid_87fde724-455e-4cea-8033-c1884ac56fc4@lsr-noe_gv-Mittel-768x1024.jpg\" class=\"attachment-large size-large\" alt=\"\" srcset=\"https:\/\/vspoechlarn.ac.at\/wordpress\/wp-content\/uploads\/2019\/11\/cid_87fde724-455e-4cea-8033-c1884ac56fc4@lsr-noe_gv-Mittel.jpg 768w, https:\/\/vspoechlarn.ac.at\/wordpress\/wp-content\/uploads\/2019\/11\/cid_87fde724-455e-4cea-8033-c1884ac56fc4@lsr-noe_gv-Mittel-225x300.jpg 225w\" sizes=\"auto, (max-width: 768px) 100vw, 768px\" \/><\/a>            <\/div>\r\n        <\/div>\r\n    \r\n<\/div>\n<div id=\"gallery_41_42\" class=\"row\">\r\n\t    \t<div id=\"41-image-2726\" class=\"col-xs-12 col-sm-4 col-md-4\">\r\n        \t\t\t\t\t\r\n\t\t\t<div class=\"thumbnail\">\r\n        \t\t\t\t\t\r\n\t\t\t\t<a href='https:\/\/vspoechlarn.ac.at\/wordpress\/presse\/cid_48549f7c-d015-4847-822b-085cf09df839lsr-noe_gv-mittel\/'><img loading=\"lazy\" decoding=\"async\" width=\"382\" height=\"1024\" src=\"https:\/\/vspoechlarn.ac.at\/wordpress\/wp-content\/uploads\/2019\/11\/cid_48549f7c-d015-4847-822b-085cf09df839@lsr-noe_gv-Mittel-382x1024.jpg\" class=\"attachment-large size-large\" alt=\"\" srcset=\"https:\/\/vspoechlarn.ac.at\/wordpress\/wp-content\/uploads\/2019\/11\/cid_48549f7c-d015-4847-822b-085cf09df839@lsr-noe_gv-Mittel-382x1024.jpg 382w, https:\/\/vspoechlarn.ac.at\/wordpress\/wp-content\/uploads\/2019\/11\/cid_48549f7c-d015-4847-822b-085cf09df839@lsr-noe_gv-Mittel-112x300.jpg 112w, https:\/\/vspoechlarn.ac.at\/wordpress\/wp-content\/uploads\/2019\/11\/cid_48549f7c-d015-4847-822b-085cf09df839@lsr-noe_gv-Mittel.jpg 403w\" sizes=\"auto, (max-width: 382px) 100vw, 382px\" \/><\/a>            <\/div>\r\n        <\/div>\r\n    \r\n<\/div>\n<p>&nbsp;<\/p>\n<p>Bezirksbl\u00e4tter KW 48<\/p>\n<div id=\"gallery_41_43\" class=\"row\">\r\n\t    \t<div id=\"41-image-2724\" class=\"col-xs-12 col-sm-4 col-md-4\">\r\n        \t\t\t\t\t\r\n\t\t\t<div class=\"thumbnail\">\r\n        \t\t\t\t\t\r\n\t\t\t\t<a href='https:\/\/vspoechlarn.ac.at\/wordpress\/presse\/cid_a73272e8-f081-4eae-b4c4-89d3328e4f51lsr-noe_gv-mittel\/'><img loading=\"lazy\" decoding=\"async\" width=\"900\" height=\"675\" src=\"https:\/\/vspoechlarn.ac.at\/wordpress\/wp-content\/uploads\/2019\/11\/cid_a73272e8-f081-4eae-b4c4-89d3328e4f51@lsr-noe_gv-Mittel-1024x768.jpg\" class=\"attachment-large size-large\" alt=\"\" srcset=\"https:\/\/vspoechlarn.ac.at\/wordpress\/wp-content\/uploads\/2019\/11\/cid_a73272e8-f081-4eae-b4c4-89d3328e4f51@lsr-noe_gv-Mittel.jpg 1024w, https:\/\/vspoechlarn.ac.at\/wordpress\/wp-content\/uploads\/2019\/11\/cid_a73272e8-f081-4eae-b4c4-89d3328e4f51@lsr-noe_gv-Mittel-350x263.jpg 350w\" sizes=\"auto, (max-width: 900px) 100vw, 900px\" \/><\/a>            <\/div>\r\n        <\/div>\r\n    \r\n<\/div>\n<p>&nbsp;<\/p>\n<p>P\u00f6chlarn aktuell 5\/2019<\/p>\n<div id=\"gallery_41_44\" class=\"row\">\r\n\t    \t<div id=\"41-image-2696\" class=\"col-xs-12 col-sm-4 col-md-4\">\r\n        \t\t\t\t\t\r\n\t\t\t<div class=\"thumbnail\">\r\n        \t\t\t\t\t\r\n\t\t\t\t<a href='https:\/\/vspoechlarn.ac.at\/wordpress\/presse\/20191120081153981_0001-mittel\/'><img loading=\"lazy\" decoding=\"async\" width=\"900\" height=\"637\" src=\"https:\/\/vspoechlarn.ac.at\/wordpress\/wp-content\/uploads\/2019\/11\/20191120081153981_0001-Mittel-1024x725.jpg\" class=\"attachment-large size-large\" alt=\"\" srcset=\"https:\/\/vspoechlarn.ac.at\/wordpress\/wp-content\/uploads\/2019\/11\/20191120081153981_0001-Mittel-1024x725.jpg 1024w, https:\/\/vspoechlarn.ac.at\/wordpress\/wp-content\/uploads\/2019\/11\/20191120081153981_0001-Mittel-350x248.jpg 350w, https:\/\/vspoechlarn.ac.at\/wordpress\/wp-content\/uploads\/2019\/11\/20191120081153981_0001-Mittel.jpg 1085w\" sizes=\"auto, (max-width: 900px) 100vw, 900px\" \/><\/a>            <\/div>\r\n        <\/div>\r\n    \r\n<\/div>\n<p>Bezirksbl\u00e4tter Herbst 2019<\/p>\n<div id=\"gallery_41_45\" class=\"row\">\r\n\t    \t<div id=\"41-image-2753\" class=\"col-xs-12 col-sm-4 col-md-4\">\r\n        \t\t\t\t\t\r\n\t\t\t<div class=\"thumbnail\">\r\n        \t\t\t\t\t\r\n\t\t\t\t<a href='https:\/\/vspoechlarn.ac.at\/wordpress\/presse\/20191211085417581_0001-mittel\/'><img loading=\"lazy\" decoding=\"async\" width=\"723\" height=\"1024\" src=\"https:\/\/vspoechlarn.ac.at\/wordpress\/wp-content\/uploads\/2019\/12\/20191211085417581_0001-Mittel-723x1024.jpg\" class=\"attachment-large size-large\" alt=\"\" srcset=\"https:\/\/vspoechlarn.ac.at\/wordpress\/wp-content\/uploads\/2019\/12\/20191211085417581_0001-Mittel-723x1024.jpg 723w, https:\/\/vspoechlarn.ac.at\/wordpress\/wp-content\/uploads\/2019\/12\/20191211085417581_0001-Mittel-212x300.jpg 212w, https:\/\/vspoechlarn.ac.at\/wordpress\/wp-content\/uploads\/2019\/12\/20191211085417581_0001-Mittel.jpg 763w\" sizes=\"auto, (max-width: 723px) 100vw, 723px\" \/><\/a>            <\/div>\r\n        <\/div>\r\n    \r\n<\/div>\n<p>N\u00d6N KW 40<\/p>\n<div id=\"gallery_41_46\" class=\"row\">\r\n\t    \t<div id=\"41-image-2629\" class=\"col-xs-12 col-sm-4 col-md-4\">\r\n        \t\t\t\t\t\r\n\t\t\t<div class=\"thumbnail\">\r\n        \t\t\t\t\t\r\n\t\t\t\t<a href='https:\/\/vspoechlarn.ac.at\/wordpress\/presse\/20191003115328857_0001-mittel\/'><img loading=\"lazy\" decoding=\"async\" width=\"723\" height=\"1024\" src=\"https:\/\/vspoechlarn.ac.at\/wordpress\/wp-content\/uploads\/2019\/10\/20191003115328857_0001-Mittel-723x1024.jpg\" class=\"attachment-large size-large\" alt=\"\" srcset=\"https:\/\/vspoechlarn.ac.at\/wordpress\/wp-content\/uploads\/2019\/10\/20191003115328857_0001-Mittel-723x1024.jpg 723w, https:\/\/vspoechlarn.ac.at\/wordpress\/wp-content\/uploads\/2019\/10\/20191003115328857_0001-Mittel-212x300.jpg 212w, https:\/\/vspoechlarn.ac.at\/wordpress\/wp-content\/uploads\/2019\/10\/20191003115328857_0001-Mittel.jpg 763w\" sizes=\"auto, (max-width: 723px) 100vw, 723px\" \/><\/a>            <\/div>\r\n        <\/div>\r\n    \r\n<\/div>\n<p>&nbsp;<\/p>\n<p>P\u00f6chlarn aktuell Aug.2019<\/p>\n<div id=\"gallery_41_47\" class=\"row\">\r\n\t    \t<div id=\"41-image-2627\" class=\"col-xs-12 col-sm-4 col-md-4\">\r\n        \t\t\t\t\t\r\n\t\t\t<div class=\"thumbnail\">\r\n        \t\t\t\t\t\r\n\t\t\t\t<a href='https:\/\/vspoechlarn.ac.at\/wordpress\/presse\/20190912104131817_0001-mittel\/'><img loading=\"lazy\" decoding=\"async\" width=\"900\" height=\"637\" src=\"https:\/\/vspoechlarn.ac.at\/wordpress\/wp-content\/uploads\/2019\/10\/20190912104131817_0001-Mittel-1024x725.jpg\" class=\"attachment-large size-large\" alt=\"\" srcset=\"https:\/\/vspoechlarn.ac.at\/wordpress\/wp-content\/uploads\/2019\/10\/20190912104131817_0001-Mittel-1024x725.jpg 1024w, https:\/\/vspoechlarn.ac.at\/wordpress\/wp-content\/uploads\/2019\/10\/20190912104131817_0001-Mittel-350x248.jpg 350w, https:\/\/vspoechlarn.ac.at\/wordpress\/wp-content\/uploads\/2019\/10\/20190912104131817_0001-Mittel.jpg 1085w\" sizes=\"auto, (max-width: 900px) 100vw, 900px\" \/><\/a>            <\/div>\r\n        <\/div>\r\n        \t<div id=\"41-image-2628\" class=\"col-xs-12 col-sm-4 col-md-4\">\r\n        \t\t\t\t\t\r\n\t\t\t<div class=\"thumbnail\">\r\n        \t\t\t\t\t\r\n\t\t\t\t<a href='https:\/\/vspoechlarn.ac.at\/wordpress\/presse\/20190912104131817_0002-mittel\/'><img loading=\"lazy\" decoding=\"async\" width=\"723\" height=\"1024\" src=\"https:\/\/vspoechlarn.ac.at\/wordpress\/wp-content\/uploads\/2019\/10\/20190912104131817_0002-Mittel-723x1024.jpg\" class=\"attachment-large size-large\" alt=\"\" srcset=\"https:\/\/vspoechlarn.ac.at\/wordpress\/wp-content\/uploads\/2019\/10\/20190912104131817_0002-Mittel-723x1024.jpg 723w, https:\/\/vspoechlarn.ac.at\/wordpress\/wp-content\/uploads\/2019\/10\/20190912104131817_0002-Mittel-212x300.jpg 212w, https:\/\/vspoechlarn.ac.at\/wordpress\/wp-content\/uploads\/2019\/10\/20190912104131817_0002-Mittel.jpg 763w\" sizes=\"auto, (max-width: 723px) 100vw, 723px\" \/><\/a>            <\/div>\r\n        <\/div>\r\n    <div class=\"clearfix visible-sm-block\"><\/div>\r\n<\/div>\n<p>&nbsp;<\/p>\n<p>&nbsp;<\/p>\n<p>&nbsp;<\/p>\n<p>&nbsp;<\/p>\n<p>N\u00d6N KW24<\/p>\n<div id=\"gallery_41_48\" class=\"row\">\r\n\t    \t<div id=\"41-image-2449\" class=\"col-xs-12 col-sm-4 col-md-4\">\r\n        \t\t\t\t\t\r\n\t\t\t<div class=\"thumbnail\">\r\n        \t\t\t\t\t\r\n\t\t\t\t<a href='https:\/\/vspoechlarn.ac.at\/wordpress\/presse\/20190617112944812_0001\/'><img loading=\"lazy\" decoding=\"async\" width=\"724\" height=\"1024\" src=\"https:\/\/vspoechlarn.ac.at\/wordpress\/wp-content\/uploads\/2019\/06\/20190617112944812_0001-724x1024.jpg\" class=\"attachment-large size-large\" alt=\"\" srcset=\"https:\/\/vspoechlarn.ac.at\/wordpress\/wp-content\/uploads\/2019\/06\/20190617112944812_0001-724x1024.jpg 724w, https:\/\/vspoechlarn.ac.at\/wordpress\/wp-content\/uploads\/2019\/06\/20190617112944812_0001-212x300.jpg 212w, https:\/\/vspoechlarn.ac.at\/wordpress\/wp-content\/uploads\/2019\/06\/20190617112944812_0001.jpg 763w\" sizes=\"auto, (max-width: 724px) 100vw, 724px\" \/><\/a>            <\/div>\r\n        <\/div>\r\n    \r\n<\/div>\n<p>&nbsp;<\/p>\n<p>Kronen Zeitung 5.6.2019<\/p>\n<div id=\"gallery_41_49\" class=\"row\">\r\n\t    \t<div id=\"41-image-2419\" class=\"col-xs-12 col-sm-4 col-md-4\">\r\n        \t\t\t\t\t\r\n\t\t\t<div class=\"thumbnail\">\r\n        \t\t\t\t\t\r\n\t\t\t\t<a href='https:\/\/vspoechlarn.ac.at\/wordpress\/presse\/20190606091813849_0001\/'><img loading=\"lazy\" decoding=\"async\" width=\"724\" height=\"1024\" src=\"https:\/\/vspoechlarn.ac.at\/wordpress\/wp-content\/uploads\/2019\/06\/20190606091813849_0001-724x1024.jpg\" class=\"attachment-large size-large\" alt=\"\" srcset=\"https:\/\/vspoechlarn.ac.at\/wordpress\/wp-content\/uploads\/2019\/06\/20190606091813849_0001-724x1024.jpg 724w, https:\/\/vspoechlarn.ac.at\/wordpress\/wp-content\/uploads\/2019\/06\/20190606091813849_0001-212x300.jpg 212w, https:\/\/vspoechlarn.ac.at\/wordpress\/wp-content\/uploads\/2019\/06\/20190606091813849_0001.jpg 764w\" sizes=\"auto, (max-width: 724px) 100vw, 724px\" \/><\/a>            <\/div>\r\n        <\/div>\r\n    \r\n<\/div>\n<p>&nbsp;<\/p>\n<p>&nbsp;<\/p>\n<p>P\u00f6chlarn Aktuell 3\/2019<\/p>\n<div id=\"gallery_41_50\" class=\"row\">\r\n\t    \t<div id=\"41-image-2452\" class=\"col-xs-12 col-sm-4 col-md-4\">\r\n        \t\t\t\t\t\r\n\t\t\t<div class=\"thumbnail\">\r\n        \t\t\t\t\t\r\n\t\t\t\t<a href='https:\/\/vspoechlarn.ac.at\/wordpress\/presse\/20190617125230962_0001\/'><img loading=\"lazy\" decoding=\"async\" width=\"900\" height=\"636\" src=\"https:\/\/vspoechlarn.ac.at\/wordpress\/wp-content\/uploads\/2019\/06\/20190617125230962_0001-e1560768871362-1024x724.jpg\" class=\"attachment-large size-large\" alt=\"\" srcset=\"https:\/\/vspoechlarn.ac.at\/wordpress\/wp-content\/uploads\/2019\/06\/20190617125230962_0001-e1560768871362-1024x724.jpg 1024w, https:\/\/vspoechlarn.ac.at\/wordpress\/wp-content\/uploads\/2019\/06\/20190617125230962_0001-e1560768871362-350x248.jpg 350w, https:\/\/vspoechlarn.ac.at\/wordpress\/wp-content\/uploads\/2019\/06\/20190617125230962_0001-e1560768871362.jpg 1080w\" sizes=\"auto, (max-width: 900px) 100vw, 900px\" \/><\/a>            <\/div>\r\n        <\/div>\r\n    \r\n<\/div>\n<p>&nbsp;<\/p>\n<p>&nbsp;<\/p>\n<p>&nbsp;<\/p>\n<p>&nbsp;<\/p>\n<p>&nbsp;<\/p>\n<p>&nbsp;<\/p>\n<p>&nbsp;<\/p>\n<p>&nbsp;<\/p>\n<p>&nbsp;<\/p>\n<p>Kronen Zeitung 5.4.2019<\/p>\n<div id=\"gallery_41_51\" class=\"row\">\r\n\t    \t<div id=\"41-image-2344\" class=\"col-xs-12 col-sm-4 col-md-4\">\r\n        \t\t\t\t\t\r\n\t\t\t<div class=\"thumbnail\">\r\n        \t\t\t\t\t\r\n\t\t\t\t<a href='https:\/\/vspoechlarn.ac.at\/wordpress\/presse\/20190409095035433_0001\/'><img loading=\"lazy\" decoding=\"async\" width=\"529\" height=\"1024\" src=\"https:\/\/vspoechlarn.ac.at\/wordpress\/wp-content\/uploads\/2019\/04\/20190409095035433_0001-529x1024.jpg\" class=\"attachment-large size-large\" alt=\"\" srcset=\"https:\/\/vspoechlarn.ac.at\/wordpress\/wp-content\/uploads\/2019\/04\/20190409095035433_0001-529x1024.jpg 529w, https:\/\/vspoechlarn.ac.at\/wordpress\/wp-content\/uploads\/2019\/04\/20190409095035433_0001-155x300.jpg 155w, https:\/\/vspoechlarn.ac.at\/wordpress\/wp-content\/uploads\/2019\/04\/20190409095035433_0001.jpg 558w\" sizes=\"auto, (max-width: 529px) 100vw, 529px\" \/><\/a>            <\/div>\r\n        <\/div>\r\n    \r\n<\/div>\n<p>Schach aktiv 3\/2019<\/p>\n<p>&nbsp;<\/p>\n<div id=\"gallery_41_52\" class=\"row\">\r\n\t    \t<div id=\"41-image-2316\" class=\"col-xs-12 col-sm-4 col-md-4\">\r\n        \t\t\t\t\t\r\n\t\t\t<div class=\"thumbnail\">\r\n        \t\t\t\t\t\r\n\t\t\t\t<a href='https:\/\/vspoechlarn.ac.at\/wordpress\/presse\/20190328093531749_0001\/'><img loading=\"lazy\" decoding=\"async\" width=\"720\" height=\"1024\" src=\"https:\/\/vspoechlarn.ac.at\/wordpress\/wp-content\/uploads\/2019\/03\/20190328093531749_0001-720x1024.jpg\" class=\"attachment-large size-large\" alt=\"\" srcset=\"https:\/\/vspoechlarn.ac.at\/wordpress\/wp-content\/uploads\/2019\/03\/20190328093531749_0001-720x1024.jpg 720w, https:\/\/vspoechlarn.ac.at\/wordpress\/wp-content\/uploads\/2019\/03\/20190328093531749_0001-211x300.jpg 211w, https:\/\/vspoechlarn.ac.at\/wordpress\/wp-content\/uploads\/2019\/03\/20190328093531749_0001.jpg 760w\" sizes=\"auto, (max-width: 720px) 100vw, 720px\" \/><\/a>            <\/div>\r\n        <\/div>\r\n    \r\n<\/div>\n<p>&nbsp;<\/p>\n<p>&nbsp;<\/p>\n<p>P\u00f6chlarn Aktuell 2\/2019<\/p>\n<p>&nbsp;<\/p>\n<div id=\"gallery_41_53\" class=\"row\">\r\n\t    \t<div id=\"41-image-2314\" class=\"col-xs-12 col-sm-4 col-md-4\">\r\n        \t\t\t\t\t\r\n\t\t\t<div class=\"thumbnail\">\r\n        \t\t\t\t\t\r\n\t\t\t\t<a href='https:\/\/vspoechlarn.ac.at\/wordpress\/presse\/20190328093505812_0001\/'><img loading=\"lazy\" decoding=\"async\" width=\"900\" height=\"637\" src=\"https:\/\/vspoechlarn.ac.at\/wordpress\/wp-content\/uploads\/2019\/03\/20190328093505812_0001-1024x725.jpg\" class=\"attachment-large size-large\" alt=\"\" srcset=\"https:\/\/vspoechlarn.ac.at\/wordpress\/wp-content\/uploads\/2019\/03\/20190328093505812_0001-1024x725.jpg 1024w, https:\/\/vspoechlarn.ac.at\/wordpress\/wp-content\/uploads\/2019\/03\/20190328093505812_0001-350x248.jpg 350w, https:\/\/vspoechlarn.ac.at\/wordpress\/wp-content\/uploads\/2019\/03\/20190328093505812_0001.jpg 1526w\" sizes=\"auto, (max-width: 900px) 100vw, 900px\" \/><\/a>            <\/div>\r\n        <\/div>\r\n        \t<div id=\"41-image-2315\" class=\"col-xs-12 col-sm-4 col-md-4\">\r\n        \t\t\t\t\t\r\n\t\t\t<div class=\"thumbnail\">\r\n        \t\t\t\t\t\r\n\t\t\t\t<a href='https:\/\/vspoechlarn.ac.at\/wordpress\/presse\/20190328093522326_0001\/'><img loading=\"lazy\" decoding=\"async\" width=\"900\" height=\"637\" src=\"https:\/\/vspoechlarn.ac.at\/wordpress\/wp-content\/uploads\/2019\/03\/20190328093522326_0001-1024x725.jpg\" class=\"attachment-large size-large\" alt=\"\" srcset=\"https:\/\/vspoechlarn.ac.at\/wordpress\/wp-content\/uploads\/2019\/03\/20190328093522326_0001-1024x725.jpg 1024w, https:\/\/vspoechlarn.ac.at\/wordpress\/wp-content\/uploads\/2019\/03\/20190328093522326_0001-350x248.jpg 350w, https:\/\/vspoechlarn.ac.at\/wordpress\/wp-content\/uploads\/2019\/03\/20190328093522326_0001.jpg 1526w\" sizes=\"auto, (max-width: 900px) 100vw, 900px\" \/><\/a>            <\/div>\r\n        <\/div>\r\n    <div class=\"clearfix visible-sm-block\"><\/div>\r\n<\/div>\n<p>&nbsp;<\/p>\n<p>P\u00f6chlarn Aktuell 1\/ 2019<\/p>\n<div id=\"gallery_41_54\" class=\"row\">\r\n\t    \t<div id=\"41-image-2275\" class=\"col-xs-12 col-sm-4 col-md-4\">\r\n        \t\t\t\t\t\r\n\t\t\t<div class=\"thumbnail\">\r\n        \t\t\t\t\t\r\n\t\t\t\t<a href='https:\/\/vspoechlarn.ac.at\/wordpress\/presse\/20190308120241412_0001\/'><img loading=\"lazy\" decoding=\"async\" width=\"900\" height=\"637\" src=\"https:\/\/vspoechlarn.ac.at\/wordpress\/wp-content\/uploads\/2019\/03\/20190308120241412_0001-1024x725.jpg\" class=\"attachment-large size-large\" alt=\"\" srcset=\"https:\/\/vspoechlarn.ac.at\/wordpress\/wp-content\/uploads\/2019\/03\/20190308120241412_0001-1024x725.jpg 1024w, https:\/\/vspoechlarn.ac.at\/wordpress\/wp-content\/uploads\/2019\/03\/20190308120241412_0001-350x248.jpg 350w, https:\/\/vspoechlarn.ac.at\/wordpress\/wp-content\/uploads\/2019\/03\/20190308120241412_0001.jpg 1526w\" sizes=\"auto, (max-width: 900px) 100vw, 900px\" \/><\/a>            <\/div>\r\n        <\/div>\r\n    \r\n<\/div>\n<p>&nbsp;<\/p>\n<p>Schach-Aktiv 1\/2019<\/p>\n<p>&nbsp;<\/p>\n<div id=\"gallery_41_55\" class=\"row\">\r\n\t    \t<div id=\"41-image-2178\" class=\"col-xs-12 col-sm-4 col-md-4\">\r\n        \t\t\t\t\t\r\n\t\t\t<div class=\"thumbnail\">\r\n        \t\t\t\t\t\r\n\t\t\t\t<a href='https:\/\/vspoechlarn.ac.at\/wordpress\/presse\/20190123121130144_0001\/'><img loading=\"lazy\" decoding=\"async\" width=\"721\" height=\"1024\" src=\"https:\/\/vspoechlarn.ac.at\/wordpress\/wp-content\/uploads\/2019\/01\/20190123121130144_0001-721x1024.jpg\" class=\"attachment-large size-large\" alt=\"\" srcset=\"https:\/\/vspoechlarn.ac.at\/wordpress\/wp-content\/uploads\/2019\/01\/20190123121130144_0001-721x1024.jpg 721w, https:\/\/vspoechlarn.ac.at\/wordpress\/wp-content\/uploads\/2019\/01\/20190123121130144_0001-211x300.jpg 211w, https:\/\/vspoechlarn.ac.at\/wordpress\/wp-content\/uploads\/2019\/01\/20190123121130144_0001.jpg 761w\" sizes=\"auto, (max-width: 721px) 100vw, 721px\" \/><\/a>            <\/div>\r\n        <\/div>\r\n    \r\n<\/div>\n<p>&nbsp;<\/p>\n<p>N\u00d6N KW 51<\/p>\n<div id=\"gallery_41_56\" class=\"row\">\r\n\t    \t<div id=\"41-image-2154\" class=\"col-xs-12 col-sm-4 col-md-4\">\r\n        \t\t\t\t\t\r\n\t\t\t<div class=\"thumbnail\">\r\n        \t\t\t\t\t\r\n\t\t\t\t<a href='https:\/\/vspoechlarn.ac.at\/wordpress\/presse\/20181219081845766_0001\/'><img loading=\"lazy\" decoding=\"async\" width=\"900\" height=\"510\" src=\"https:\/\/vspoechlarn.ac.at\/wordpress\/wp-content\/uploads\/2018\/12\/20181219081845766_0001-1024x580.jpg\" class=\"attachment-large size-large\" alt=\"\" srcset=\"https:\/\/vspoechlarn.ac.at\/wordpress\/wp-content\/uploads\/2018\/12\/20181219081845766_0001-1024x580.jpg 1024w, https:\/\/vspoechlarn.ac.at\/wordpress\/wp-content\/uploads\/2018\/12\/20181219081845766_0001-350x198.jpg 350w, https:\/\/vspoechlarn.ac.at\/wordpress\/wp-content\/uploads\/2018\/12\/20181219081845766_0001.jpg 1908w\" sizes=\"auto, (max-width: 900px) 100vw, 900px\" \/><\/a>            <\/div>\r\n        <\/div>\r\n    \r\n<\/div>\n<p>&nbsp;<\/p>\n<p>&nbsp;<\/p>\n<p>&nbsp;<\/p>\n<p>&nbsp;<\/p>\n<p>&nbsp;<\/p>\n<p>&nbsp;<\/p>\n<p>&nbsp;<\/p>\n<p>&nbsp;<\/p>\n<p>P\u00f6chlarn aktuell 05\/2018<\/p>\n<div id=\"gallery_41_57\" class=\"row\">\r\n\t    \t<div id=\"41-image-2115\" class=\"col-xs-12 col-sm-4 col-md-4\">\r\n        \t\t\t\t\t\r\n\t\t\t<div class=\"thumbnail\">\r\n        \t\t\t\t\t\r\n\t\t\t\t<a href='https:\/\/vspoechlarn.ac.at\/wordpress\/presse\/20181203131211833_0001\/'><img loading=\"lazy\" decoding=\"async\" width=\"724\" height=\"1024\" src=\"https:\/\/vspoechlarn.ac.at\/wordpress\/wp-content\/uploads\/2018\/12\/20181203131211833_0001-724x1024.jpg\" class=\"attachment-large size-large\" alt=\"\" srcset=\"https:\/\/vspoechlarn.ac.at\/wordpress\/wp-content\/uploads\/2018\/12\/20181203131211833_0001-724x1024.jpg 724w, https:\/\/vspoechlarn.ac.at\/wordpress\/wp-content\/uploads\/2018\/12\/20181203131211833_0001-212x300.jpg 212w, https:\/\/vspoechlarn.ac.at\/wordpress\/wp-content\/uploads\/2018\/12\/20181203131211833_0001.jpg 763w\" sizes=\"auto, (max-width: 724px) 100vw, 724px\" \/><\/a>            <\/div>\r\n        <\/div>\r\n        \t<div id=\"41-image-2117\" class=\"col-xs-12 col-sm-4 col-md-4\">\r\n        \t\t\t\t\t\r\n\t\t\t<div class=\"thumbnail\">\r\n        \t\t\t\t\t\r\n\t\t\t\t<a href='https:\/\/vspoechlarn.ac.at\/wordpress\/presse\/20181203131453675_0001\/'><img loading=\"lazy\" decoding=\"async\" width=\"724\" height=\"1024\" src=\"https:\/\/vspoechlarn.ac.at\/wordpress\/wp-content\/uploads\/2018\/12\/20181203131453675_0001-724x1024.jpg\" class=\"attachment-large size-large\" alt=\"\" srcset=\"https:\/\/vspoechlarn.ac.at\/wordpress\/wp-content\/uploads\/2018\/12\/20181203131453675_0001-724x1024.jpg 724w, https:\/\/vspoechlarn.ac.at\/wordpress\/wp-content\/uploads\/2018\/12\/20181203131453675_0001-212x300.jpg 212w, https:\/\/vspoechlarn.ac.at\/wordpress\/wp-content\/uploads\/2018\/12\/20181203131453675_0001.jpg 763w\" sizes=\"auto, (max-width: 724px) 100vw, 724px\" \/><\/a>            <\/div>\r\n        <\/div>\r\n    <div class=\"clearfix visible-sm-block\"><\/div>    \t<div id=\"41-image-2116\" class=\"col-xs-12 col-sm-4 col-md-4\">\r\n        \t\t\t\t\t\r\n\t\t\t<div class=\"thumbnail\">\r\n        \t\t\t\t\t\r\n\t\t\t\t<a href='https:\/\/vspoechlarn.ac.at\/wordpress\/presse\/20181203131236549_0001\/'><img loading=\"lazy\" decoding=\"async\" width=\"724\" height=\"1024\" src=\"https:\/\/vspoechlarn.ac.at\/wordpress\/wp-content\/uploads\/2018\/12\/20181203131236549_0001-724x1024.jpg\" class=\"attachment-large size-large\" alt=\"\" srcset=\"https:\/\/vspoechlarn.ac.at\/wordpress\/wp-content\/uploads\/2018\/12\/20181203131236549_0001-724x1024.jpg 724w, https:\/\/vspoechlarn.ac.at\/wordpress\/wp-content\/uploads\/2018\/12\/20181203131236549_0001-212x300.jpg 212w, https:\/\/vspoechlarn.ac.at\/wordpress\/wp-content\/uploads\/2018\/12\/20181203131236549_0001.jpg 763w\" sizes=\"auto, (max-width: 724px) 100vw, 724px\" \/><\/a>            <\/div>\r\n        <\/div>\r\n    <div class=\"clearfix visible-md-block visible-lg-block\"><\/div>\r\n<\/div>\n<hr \/>\n<p>Kronenzeitung Sa 3. 11. 2018<\/p>\n<div id=\"gallery_41_58\" class=\"row\">\r\n\t    \t<div id=\"41-image-2056\" class=\"col-xs-12 col-sm-4 col-md-4\">\r\n        \t\t\t\t\t\r\n\t\t\t<div class=\"thumbnail\">\r\n        \t\t\t\t\t\r\n\t\t\t\t<a href='https:\/\/vspoechlarn.ac.at\/wordpress\/presse\/20181105090123387_0001\/'><img loading=\"lazy\" decoding=\"async\" width=\"724\" height=\"1024\" src=\"https:\/\/vspoechlarn.ac.at\/wordpress\/wp-content\/uploads\/2018\/11\/20181105090123387_0001-724x1024.jpg\" class=\"attachment-large size-large\" alt=\"\" srcset=\"https:\/\/vspoechlarn.ac.at\/wordpress\/wp-content\/uploads\/2018\/11\/20181105090123387_0001-724x1024.jpg 724w, https:\/\/vspoechlarn.ac.at\/wordpress\/wp-content\/uploads\/2018\/11\/20181105090123387_0001-212x300.jpg 212w, https:\/\/vspoechlarn.ac.at\/wordpress\/wp-content\/uploads\/2018\/11\/20181105090123387_0001.jpg 763w\" sizes=\"auto, (max-width: 724px) 100vw, 724px\" \/><\/a>            <\/div>\r\n        <\/div>\r\n    \r\n<\/div>\n<hr \/>\n<p>Bezirksbl\u00e4tter KW44<\/p>\n<div id=\"gallery_41_59\" class=\"row\">\r\n\t    \t<div id=\"41-image-2058\" class=\"col-xs-12 col-sm-4 col-md-4\">\r\n        \t\t\t\t\t\r\n\t\t\t<div class=\"thumbnail\">\r\n        \t\t\t\t\t\r\n\t\t\t\t<a href='https:\/\/vspoechlarn.ac.at\/wordpress\/presse\/20181105092923434_0001\/'><img loading=\"lazy\" decoding=\"async\" width=\"724\" height=\"1024\" src=\"https:\/\/vspoechlarn.ac.at\/wordpress\/wp-content\/uploads\/2018\/11\/20181105092923434_0001-724x1024.jpg\" class=\"attachment-large size-large\" alt=\"\" srcset=\"https:\/\/vspoechlarn.ac.at\/wordpress\/wp-content\/uploads\/2018\/11\/20181105092923434_0001-724x1024.jpg 724w, https:\/\/vspoechlarn.ac.at\/wordpress\/wp-content\/uploads\/2018\/11\/20181105092923434_0001-212x300.jpg 212w, https:\/\/vspoechlarn.ac.at\/wordpress\/wp-content\/uploads\/2018\/11\/20181105092923434_0001.jpg 764w\" sizes=\"auto, (max-width: 724px) 100vw, 724px\" \/><\/a>            <\/div>\r\n        <\/div>\r\n    \r\n<\/div>\n<hr \/>\n<p>Kronen Zeitung 10.10.2018<\/p>\n<div id=\"gallery_41_60\" class=\"row\">\r\n\t    \t<div id=\"41-image-2032\" class=\"col-xs-12 col-sm-4 col-md-4\">\r\n        \t\t\t\t\t\r\n\t\t\t<div class=\"thumbnail\">\r\n        \t\t\t\t\t\r\n\t\t\t\t<a href='https:\/\/vspoechlarn.ac.at\/wordpress\/presse\/20181011080620407_0001\/'><img loading=\"lazy\" decoding=\"async\" width=\"724\" height=\"1024\" src=\"https:\/\/vspoechlarn.ac.at\/wordpress\/wp-content\/uploads\/2018\/10\/20181011080620407_0001-724x1024.jpg\" class=\"attachment-large size-large\" alt=\"\" srcset=\"https:\/\/vspoechlarn.ac.at\/wordpress\/wp-content\/uploads\/2018\/10\/20181011080620407_0001-724x1024.jpg 724w, https:\/\/vspoechlarn.ac.at\/wordpress\/wp-content\/uploads\/2018\/10\/20181011080620407_0001-212x300.jpg 212w, https:\/\/vspoechlarn.ac.at\/wordpress\/wp-content\/uploads\/2018\/10\/20181011080620407_0001.jpg 763w\" sizes=\"auto, (max-width: 724px) 100vw, 724px\" \/><\/a>            <\/div>\r\n        <\/div>\r\n    \r\n<\/div>\n<hr \/>\n<p>N\u00d6N Melk KW 39<\/p>\n<div id=\"gallery_41_61\" class=\"row\">\r\n\t    \t<div id=\"41-image-2029\" class=\"col-xs-12 col-sm-4 col-md-4\">\r\n        \t\t\t\t\t\r\n\t\t\t<div class=\"thumbnail\">\r\n        \t\t\t\t\t\r\n\t\t\t\t<a href='https:\/\/vspoechlarn.ac.at\/wordpress\/presse\/20181009081142228_0001\/'><img loading=\"lazy\" decoding=\"async\" width=\"724\" height=\"1024\" src=\"https:\/\/vspoechlarn.ac.at\/wordpress\/wp-content\/uploads\/2018\/10\/20181009081142228_0001-724x1024.jpg\" class=\"attachment-large size-large\" alt=\"\" srcset=\"https:\/\/vspoechlarn.ac.at\/wordpress\/wp-content\/uploads\/2018\/10\/20181009081142228_0001-724x1024.jpg 724w, https:\/\/vspoechlarn.ac.at\/wordpress\/wp-content\/uploads\/2018\/10\/20181009081142228_0001-212x300.jpg 212w\" sizes=\"auto, (max-width: 724px) 100vw, 724px\" \/><\/a>            <\/div>\r\n        <\/div>\r\n    \r\n<\/div>\n<hr \/>\n<p>P\u00f6chlarn aktuell 4\/2018<\/p>\n<div id=\"gallery_41_62\" class=\"row\">\r\n\t    \t<div id=\"41-image-1988\" class=\"col-xs-12 col-sm-3 col-md-3\">\r\n        \t\t\t\t\t\r\n\t\t\t<div class=\"thumbnail\">\r\n        \t\t\t\t\t\r\n\t\t\t\t<a href='https:\/\/vspoechlarn.ac.at\/wordpress\/presse\/20180918115355427_0001\/'><img loading=\"lazy\" decoding=\"async\" width=\"724\" height=\"1024\" src=\"https:\/\/vspoechlarn.ac.at\/wordpress\/wp-content\/uploads\/2018\/09\/20180918115355427_0001-724x1024.jpg\" class=\"attachment-large size-large\" alt=\"\" srcset=\"https:\/\/vspoechlarn.ac.at\/wordpress\/wp-content\/uploads\/2018\/09\/20180918115355427_0001-724x1024.jpg 724w, https:\/\/vspoechlarn.ac.at\/wordpress\/wp-content\/uploads\/2018\/09\/20180918115355427_0001-212x300.jpg 212w, https:\/\/vspoechlarn.ac.at\/wordpress\/wp-content\/uploads\/2018\/09\/20180918115355427_0001.jpg 763w\" sizes=\"auto, (max-width: 724px) 100vw, 724px\" \/><\/a>            <\/div>\r\n        <\/div>\r\n        \t<div id=\"41-image-1989\" class=\"col-xs-12 col-sm-3 col-md-3\">\r\n        \t\t\t\t\t\r\n\t\t\t<div class=\"thumbnail\">\r\n        \t\t\t\t\t\r\n\t\t\t\t<a href='https:\/\/vspoechlarn.ac.at\/wordpress\/presse\/20180918115355427_0002\/'><img loading=\"lazy\" decoding=\"async\" width=\"724\" height=\"1024\" src=\"https:\/\/vspoechlarn.ac.at\/wordpress\/wp-content\/uploads\/2018\/09\/20180918115355427_0002-724x1024.jpg\" class=\"attachment-large size-large\" alt=\"\" srcset=\"https:\/\/vspoechlarn.ac.at\/wordpress\/wp-content\/uploads\/2018\/09\/20180918115355427_0002-724x1024.jpg 724w, https:\/\/vspoechlarn.ac.at\/wordpress\/wp-content\/uploads\/2018\/09\/20180918115355427_0002-212x300.jpg 212w, https:\/\/vspoechlarn.ac.at\/wordpress\/wp-content\/uploads\/2018\/09\/20180918115355427_0002.jpg 763w\" sizes=\"auto, (max-width: 724px) 100vw, 724px\" \/><\/a>            <\/div>\r\n        <\/div>\r\n    <div class=\"clearfix visible-sm-block\"><\/div>    \t<div id=\"41-image-1990\" class=\"col-xs-12 col-sm-3 col-md-3\">\r\n        \t\t\t\t\t\r\n\t\t\t<div class=\"thumbnail\">\r\n        \t\t\t\t\t\r\n\t\t\t\t<a href='https:\/\/vspoechlarn.ac.at\/wordpress\/presse\/20180918115355427_0003\/'><img loading=\"lazy\" decoding=\"async\" width=\"724\" height=\"1024\" src=\"https:\/\/vspoechlarn.ac.at\/wordpress\/wp-content\/uploads\/2018\/09\/20180918115355427_0003-724x1024.jpg\" class=\"attachment-large size-large\" alt=\"\" srcset=\"https:\/\/vspoechlarn.ac.at\/wordpress\/wp-content\/uploads\/2018\/09\/20180918115355427_0003-724x1024.jpg 724w, https:\/\/vspoechlarn.ac.at\/wordpress\/wp-content\/uploads\/2018\/09\/20180918115355427_0003-212x300.jpg 212w, https:\/\/vspoechlarn.ac.at\/wordpress\/wp-content\/uploads\/2018\/09\/20180918115355427_0003.jpg 763w\" sizes=\"auto, (max-width: 724px) 100vw, 724px\" \/><\/a>            <\/div>\r\n        <\/div>\r\n        \t<div id=\"41-image-1991\" class=\"col-xs-12 col-sm-3 col-md-3\">\r\n        \t\t\t\t\t\r\n\t\t\t<div class=\"thumbnail\">\r\n        \t\t\t\t\t\r\n\t\t\t\t<a href='https:\/\/vspoechlarn.ac.at\/wordpress\/presse\/20180918115355427_0004\/'><img loading=\"lazy\" decoding=\"async\" width=\"724\" height=\"1024\" src=\"https:\/\/vspoechlarn.ac.at\/wordpress\/wp-content\/uploads\/2018\/09\/20180918115355427_0004-724x1024.jpg\" class=\"attachment-large size-large\" alt=\"\" srcset=\"https:\/\/vspoechlarn.ac.at\/wordpress\/wp-content\/uploads\/2018\/09\/20180918115355427_0004-724x1024.jpg 724w, https:\/\/vspoechlarn.ac.at\/wordpress\/wp-content\/uploads\/2018\/09\/20180918115355427_0004-212x300.jpg 212w, https:\/\/vspoechlarn.ac.at\/wordpress\/wp-content\/uploads\/2018\/09\/20180918115355427_0004.jpg 763w\" sizes=\"auto, (max-width: 724px) 100vw, 724px\" \/><\/a>            <\/div>\r\n        <\/div>\r\n    <div class=\"clearfix visible-sm-block\"><\/div><div class=\"clearfix visible-md-block visible-lg-block\"><\/div>\r\n<\/div>\n<hr \/>\n<p>P\u00f6chlarn aktuell 06\/2018<\/p>\n<div id=\"gallery_41_63\" class=\"row\">\r\n\t    \t<div id=\"41-image-1868\" class=\"col-xs-12 col-sm-4 col-md-4\">\r\n        \t\t\t\t\t\r\n\t\t\t<div class=\"thumbnail\">\r\n        \t\t\t\t\t\r\n\t\t\t\t<a href='https:\/\/vspoechlarn.ac.at\/wordpress\/presse\/20180627095831197_0001x\/'><img loading=\"lazy\" decoding=\"async\" width=\"900\" height=\"637\" src=\"https:\/\/vspoechlarn.ac.at\/wordpress\/wp-content\/uploads\/2018\/06\/20180627095831197_0001x-1024x725.jpg\" class=\"attachment-large size-large\" alt=\"\" srcset=\"https:\/\/vspoechlarn.ac.at\/wordpress\/wp-content\/uploads\/2018\/06\/20180627095831197_0001x-1024x725.jpg 1024w, https:\/\/vspoechlarn.ac.at\/wordpress\/wp-content\/uploads\/2018\/06\/20180627095831197_0001x-350x248.jpg 350w, https:\/\/vspoechlarn.ac.at\/wordpress\/wp-content\/uploads\/2018\/06\/20180627095831197_0001x.jpg 1526w\" sizes=\"auto, (max-width: 900px) 100vw, 900px\" \/><\/a>            <\/div>\r\n        <\/div>\r\n    \r\n<\/div>\n<hr \/>\n<p>P\u00f6chlarn aktuell 02\/2018<\/p>\n<div id=\"gallery_41_64\" class=\"row\">\r\n\t    \t<div id=\"41-image-1957\" class=\"col-xs-12 col-sm-4 col-md-4\">\r\n        \t\t\t\t\t\r\n\t\t\t<div class=\"thumbnail\">\r\n        \t\t\t\t\t\r\n\t\t\t\t<a href='https:\/\/vspoechlarn.ac.at\/wordpress\/presse\/20180702083553997_0001\/'><img loading=\"lazy\" decoding=\"async\" width=\"900\" height=\"637\" src=\"https:\/\/vspoechlarn.ac.at\/wordpress\/wp-content\/uploads\/2018\/07\/20180702083553997_0001-1024x725.jpg\" class=\"attachment-large size-large\" alt=\"\" srcset=\"https:\/\/vspoechlarn.ac.at\/wordpress\/wp-content\/uploads\/2018\/07\/20180702083553997_0001-1024x725.jpg 1024w, https:\/\/vspoechlarn.ac.at\/wordpress\/wp-content\/uploads\/2018\/07\/20180702083553997_0001-350x248.jpg 350w, https:\/\/vspoechlarn.ac.at\/wordpress\/wp-content\/uploads\/2018\/07\/20180702083553997_0001.jpg 1526w\" sizes=\"auto, (max-width: 900px) 100vw, 900px\" \/><\/a>            <\/div>\r\n        <\/div>\r\n    \r\n<\/div>\n<hr \/>\n<p>P\u00f6chlarn aktuell 01\/2018<\/p>\n<div id=\"gallery_41_65\" class=\"row\">\r\n\t    \t<div id=\"41-image-1753\" class=\"col-xs-12 col-sm-4 col-md-4\">\r\n        \t\t\t\t\t\r\n\t\t\t<div class=\"thumbnail\">\r\n        \t\t\t\t\t\r\n\t\t\t\t<a href='https:\/\/vspoechlarn.ac.at\/wordpress\/presse\/20180319073052732_0001\/'><img loading=\"lazy\" decoding=\"async\" width=\"900\" height=\"637\" src=\"https:\/\/vspoechlarn.ac.at\/wordpress\/wp-content\/uploads\/2018\/03\/20180319073052732_0001-1024x725.jpg\" class=\"attachment-large size-large\" alt=\"\" srcset=\"https:\/\/vspoechlarn.ac.at\/wordpress\/wp-content\/uploads\/2018\/03\/20180319073052732_0001-1024x725.jpg 1024w, https:\/\/vspoechlarn.ac.at\/wordpress\/wp-content\/uploads\/2018\/03\/20180319073052732_0001-350x248.jpg 350w, https:\/\/vspoechlarn.ac.at\/wordpress\/wp-content\/uploads\/2018\/03\/20180319073052732_0001.jpg 1526w\" sizes=\"auto, (max-width: 900px) 100vw, 900px\" \/><\/a>            <\/div>\r\n        <\/div>\r\n    \r\n<\/div>\n<hr \/>\n<p>Aktiv Schach 2\/2018<\/p>\n\n<p>&nbsp;<\/p>\n<hr \/>\n<p>P\u00f6chlarn aktuell 5\/2017<\/p>\n<div id=\"gallery_41_67\" class=\"row\">\r\n\t    \t<div id=\"41-image-1620\" class=\"col-xs-12 col-sm-4 col-md-4\">\r\n        \t\t\t\t\t\r\n\t\t\t<div class=\"thumbnail\">\r\n        \t\t\t\t\t\r\n\t\t\t\t<a href='https:\/\/vspoechlarn.ac.at\/wordpress\/presse\/20171127120252961_0001\/'><img loading=\"lazy\" decoding=\"async\" width=\"724\" height=\"1024\" src=\"https:\/\/vspoechlarn.ac.at\/wordpress\/wp-content\/uploads\/2016\/03\/20171127120252961_0001-724x1024.jpg\" class=\"attachment-large size-large\" alt=\"\" srcset=\"https:\/\/vspoechlarn.ac.at\/wordpress\/wp-content\/uploads\/2016\/03\/20171127120252961_0001-724x1024.jpg 724w, https:\/\/vspoechlarn.ac.at\/wordpress\/wp-content\/uploads\/2016\/03\/20171127120252961_0001-212x300.jpg 212w, https:\/\/vspoechlarn.ac.at\/wordpress\/wp-content\/uploads\/2016\/03\/20171127120252961_0001.jpg 763w\" sizes=\"auto, (max-width: 724px) 100vw, 724px\" \/><\/a>            <\/div>\r\n        <\/div>\r\n    \r\n<\/div>\n<hr \/>\n<p>N\u00d6N KW 40<\/p>\n<div id=\"gallery_41_68\" class=\"row\">\r\n\t    \t<div id=\"41-image-1483\" class=\"col-xs-12 col-sm-4 col-md-4\">\r\n        \t\t\t\t\t\r\n\t\t\t<div class=\"thumbnail\">\r\n        \t\t\t\t\t\r\n\t\t\t\t<a href='https:\/\/vspoechlarn.ac.at\/wordpress\/presse\/presse-3\/'><img loading=\"lazy\" decoding=\"async\" width=\"724\" height=\"1024\" src=\"https:\/\/vspoechlarn.ac.at\/wordpress\/wp-content\/uploads\/2016\/03\/Presse-1-724x1024.jpg\" class=\"attachment-large size-large\" alt=\"\" srcset=\"https:\/\/vspoechlarn.ac.at\/wordpress\/wp-content\/uploads\/2016\/03\/Presse-1-724x1024.jpg 724w, https:\/\/vspoechlarn.ac.at\/wordpress\/wp-content\/uploads\/2016\/03\/Presse-1-212x300.jpg 212w, https:\/\/vspoechlarn.ac.at\/wordpress\/wp-content\/uploads\/2016\/03\/Presse-1.jpg 764w\" sizes=\"auto, (max-width: 724px) 100vw, 724px\" \/><\/a>            <\/div>\r\n        <\/div>\r\n    \r\n<\/div>\n<hr \/>\n<p>P\u00f6chlarn Aktuell 4\/2017<\/p>\n<div id=\"gallery_41_69\" class=\"row\">\r\n\t    \t<div id=\"41-image-1412\" class=\"col-xs-12 col-sm-6 col-md-6\">\r\n        \t\t\t\t\t\r\n\t\t\t<div class=\"thumbnail\">\r\n        \t\t\t\t\t\r\n\t\t\t\t<a href='https:\/\/vspoechlarn.ac.at\/wordpress\/presse\/20170915114909961_0001-2\/'><img loading=\"lazy\" decoding=\"async\" width=\"900\" height=\"637\" src=\"https:\/\/vspoechlarn.ac.at\/wordpress\/wp-content\/uploads\/2016\/03\/20170915114909961_0001-1-1024x725.jpg\" class=\"attachment-large size-large\" alt=\"\" srcset=\"https:\/\/vspoechlarn.ac.at\/wordpress\/wp-content\/uploads\/2016\/03\/20170915114909961_0001-1-1024x725.jpg 1024w, https:\/\/vspoechlarn.ac.at\/wordpress\/wp-content\/uploads\/2016\/03\/20170915114909961_0001-1-350x248.jpg 350w, https:\/\/vspoechlarn.ac.at\/wordpress\/wp-content\/uploads\/2016\/03\/20170915114909961_0001-1.jpg 1526w\" sizes=\"auto, (max-width: 900px) 100vw, 900px\" \/><\/a>            <\/div>\r\n        <\/div>\r\n        \t<div id=\"41-image-1411\" class=\"col-xs-12 col-sm-6 col-md-6\">\r\n        \t\t\t\t\t\r\n\t\t\t<div class=\"thumbnail\">\r\n        \t\t\t\t\t\r\n\t\t\t\t<a href='https:\/\/vspoechlarn.ac.at\/wordpress\/presse\/20170915114909961_0002\/'><img loading=\"lazy\" decoding=\"async\" width=\"724\" height=\"1024\" src=\"https:\/\/vspoechlarn.ac.at\/wordpress\/wp-content\/uploads\/2016\/03\/20170915114909961_0002-724x1024.jpg\" class=\"attachment-large size-large\" alt=\"\" srcset=\"https:\/\/vspoechlarn.ac.at\/wordpress\/wp-content\/uploads\/2016\/03\/20170915114909961_0002-724x1024.jpg 724w, https:\/\/vspoechlarn.ac.at\/wordpress\/wp-content\/uploads\/2016\/03\/20170915114909961_0002-212x300.jpg 212w, https:\/\/vspoechlarn.ac.at\/wordpress\/wp-content\/uploads\/2016\/03\/20170915114909961_0002.jpg 763w\" sizes=\"auto, (max-width: 724px) 100vw, 724px\" \/><\/a>            <\/div>\r\n        <\/div>\r\n    <div class=\"clearfix visible-sm-block\"><\/div><div class=\"clearfix visible-md-block visible-lg-block\"><\/div>\r\n<\/div>\n<hr \/>\n<p>Bezirksbl\u00e4tter Melk Ausgabe 37<\/p>\n<div id=\"gallery_41_70\" class=\"row\">\r\n\t    \t<div id=\"41-image-1407\" class=\"col-xs-12 col-sm-6 col-md-6\">\r\n        \t\t\t\t\t\r\n\t\t\t<div class=\"thumbnail\">\r\n        \t\t\t\t\t\r\n\t\t\t\t<a href='https:\/\/vspoechlarn.ac.at\/wordpress\/presse\/20170915_063041-1\/'><img loading=\"lazy\" decoding=\"async\" width=\"900\" height=\"618\" src=\"https:\/\/vspoechlarn.ac.at\/wordpress\/wp-content\/uploads\/2016\/03\/20170915_063041-1-1024x703.jpg\" class=\"attachment-large size-large\" alt=\"\" srcset=\"https:\/\/vspoechlarn.ac.at\/wordpress\/wp-content\/uploads\/2016\/03\/20170915_063041-1-1024x703.jpg 1024w, https:\/\/vspoechlarn.ac.at\/wordpress\/wp-content\/uploads\/2016\/03\/20170915_063041-1-350x240.jpg 350w, https:\/\/vspoechlarn.ac.at\/wordpress\/wp-content\/uploads\/2016\/03\/20170915_063041-1.jpg 1573w\" sizes=\"auto, (max-width: 900px) 100vw, 900px\" \/><\/a>            <\/div>\r\n        <\/div>\r\n    \r\n<\/div>\n<hr \/>\n<p>P\u00f6chlarn Aktuell 3\/2017<\/p>\n<div id=\"gallery_41_71\" class=\"row\">\r\n\t    \t<div id=\"41-image-1320\" class=\"col-xs-12 col-sm-6 col-md-6\">\r\n        \t\t\t\t\t\r\n\t\t\t<div class=\"thumbnail\">\r\n        \t\t\t\t\t\r\n\t\t\t\t<a href='https:\/\/vspoechlarn.ac.at\/wordpress\/presse\/20170601130136740_0001\/'><img loading=\"lazy\" decoding=\"async\" width=\"900\" height=\"636\" src=\"https:\/\/vspoechlarn.ac.at\/wordpress\/wp-content\/uploads\/2016\/03\/20170601130136740_0001-e1496316190999-1024x724.jpg\" class=\"attachment-large size-large\" alt=\"\" srcset=\"https:\/\/vspoechlarn.ac.at\/wordpress\/wp-content\/uploads\/2016\/03\/20170601130136740_0001-e1496316190999-1024x724.jpg 1024w, https:\/\/vspoechlarn.ac.at\/wordpress\/wp-content\/uploads\/2016\/03\/20170601130136740_0001-e1496316190999-350x248.jpg 350w, https:\/\/vspoechlarn.ac.at\/wordpress\/wp-content\/uploads\/2016\/03\/20170601130136740_0001-e1496316190999.jpg 1080w\" sizes=\"auto, (max-width: 900px) 100vw, 900px\" \/><\/a>            <\/div>\r\n        <\/div>\r\n        \t<div id=\"41-image-1323\" class=\"col-xs-12 col-sm-6 col-md-6\">\r\n        \t\t\t\t\t\r\n\t\t\t<div class=\"thumbnail\">\r\n        \t\t\t\t\t\r\n\t\t\t\t<a href='https:\/\/vspoechlarn.ac.at\/wordpress\/presse\/20170601130136740_0004\/'><img loading=\"lazy\" decoding=\"async\" width=\"900\" height=\"636\" src=\"https:\/\/vspoechlarn.ac.at\/wordpress\/wp-content\/uploads\/2016\/03\/20170601130136740_0004-e1496316161265-1024x724.jpg\" class=\"attachment-large size-large\" alt=\"\" srcset=\"https:\/\/vspoechlarn.ac.at\/wordpress\/wp-content\/uploads\/2016\/03\/20170601130136740_0004-e1496316161265-1024x724.jpg 1024w, https:\/\/vspoechlarn.ac.at\/wordpress\/wp-content\/uploads\/2016\/03\/20170601130136740_0004-e1496316161265-350x248.jpg 350w, https:\/\/vspoechlarn.ac.at\/wordpress\/wp-content\/uploads\/2016\/03\/20170601130136740_0004-e1496316161265.jpg 1080w\" sizes=\"auto, (max-width: 900px) 100vw, 900px\" \/><\/a>            <\/div>\r\n        <\/div>\r\n    <div class=\"clearfix visible-sm-block\"><\/div><div class=\"clearfix visible-md-block visible-lg-block\"><\/div>\r\n<\/div>\n<hr \/>\n<p>P\u00f6chlarn Aktuell 1\/2017<\/p>\n<div id=\"gallery_41_72\" class=\"row\">\r\n\t    \t<div id=\"41-image-1132\" class=\"col-xs-12 col-sm-6 col-md-6\">\r\n        \t\t\t\t\t\r\n\t\t\t<div class=\"thumbnail\">\r\n        \t\t\t\t\t\r\n\t\t\t\t<a href='https:\/\/vspoechlarn.ac.at\/wordpress\/presse\/20170301090431187_0001\/'><img loading=\"lazy\" decoding=\"async\" width=\"724\" height=\"1024\" src=\"https:\/\/vspoechlarn.ac.at\/wordpress\/wp-content\/uploads\/2016\/03\/20170301090431187_0001-724x1024.jpg\" class=\"attachment-large size-large\" alt=\"\" srcset=\"https:\/\/vspoechlarn.ac.at\/wordpress\/wp-content\/uploads\/2016\/03\/20170301090431187_0001-724x1024.jpg 724w, https:\/\/vspoechlarn.ac.at\/wordpress\/wp-content\/uploads\/2016\/03\/20170301090431187_0001-212x300.jpg 212w, https:\/\/vspoechlarn.ac.at\/wordpress\/wp-content\/uploads\/2016\/03\/20170301090431187_0001.jpg 763w\" sizes=\"auto, (max-width: 724px) 100vw, 724px\" \/><\/a>            <\/div>\r\n        <\/div>\r\n        \t<div id=\"41-image-1133\" class=\"col-xs-12 col-sm-6 col-md-6\">\r\n        \t\t\t\t\t\r\n\t\t\t<div class=\"thumbnail\">\r\n        \t\t\t\t\t\r\n\t\t\t\t<a href='https:\/\/vspoechlarn.ac.at\/wordpress\/presse\/20170301090452514_0001\/'><img loading=\"lazy\" decoding=\"async\" width=\"724\" height=\"1024\" src=\"https:\/\/vspoechlarn.ac.at\/wordpress\/wp-content\/uploads\/2016\/03\/20170301090452514_0001-724x1024.jpg\" class=\"attachment-large size-large\" alt=\"\" srcset=\"https:\/\/vspoechlarn.ac.at\/wordpress\/wp-content\/uploads\/2016\/03\/20170301090452514_0001-724x1024.jpg 724w, https:\/\/vspoechlarn.ac.at\/wordpress\/wp-content\/uploads\/2016\/03\/20170301090452514_0001-212x300.jpg 212w, https:\/\/vspoechlarn.ac.at\/wordpress\/wp-content\/uploads\/2016\/03\/20170301090452514_0001.jpg 763w\" sizes=\"auto, (max-width: 724px) 100vw, 724px\" \/><\/a>            <\/div>\r\n        <\/div>\r\n    <div class=\"clearfix visible-sm-block\"><\/div><div class=\"clearfix visible-md-block visible-lg-block\"><\/div>\r\n<\/div>\n<hr \/>\n<p>Bezirksbl\u00e4tter Melk KW 50<\/p>\n<div id=\"gallery_41_73\" class=\"row\">\r\n\t    \t<div id=\"41-image-999\" class=\"col-xs-12 col-sm-4 col-md-4\">\r\n        \t\t\t\t\t\r\n\t\t\t<div class=\"thumbnail\">\r\n        \t\t\t\t\t\r\n\t\t\t\t<a href='https:\/\/vspoechlarn.ac.at\/wordpress\/presse\/20161216100641876_0001\/'><img loading=\"lazy\" decoding=\"async\" width=\"724\" height=\"1024\" src=\"https:\/\/vspoechlarn.ac.at\/wordpress\/wp-content\/uploads\/2016\/03\/20161216100641876_0001-724x1024.jpg\" class=\"attachment-large size-large\" alt=\"\" srcset=\"https:\/\/vspoechlarn.ac.at\/wordpress\/wp-content\/uploads\/2016\/03\/20161216100641876_0001-724x1024.jpg 724w, https:\/\/vspoechlarn.ac.at\/wordpress\/wp-content\/uploads\/2016\/03\/20161216100641876_0001-212x300.jpg 212w, https:\/\/vspoechlarn.ac.at\/wordpress\/wp-content\/uploads\/2016\/03\/20161216100641876_0001.jpg 763w\" sizes=\"auto, (max-width: 724px) 100vw, 724px\" \/><\/a>            <\/div>\r\n        <\/div>\r\n    \r\n<\/div>\n<hr \/>\n<p>N\u00d6N KW 50<\/p>\n<div id='gallery_41_74' class='carousel slide' data-rel='carousel'>\r\n  <div class=\"carousel-inner\">\r\n\t<div class='thumbnail item  active'><a href='https:\/\/vspoechlarn.ac.at\/wordpress\/presse\/20161216100625454_0001\/'><img loading=\"lazy\" decoding=\"async\" width=\"724\" height=\"1024\" src=\"https:\/\/vspoechlarn.ac.at\/wordpress\/wp-content\/uploads\/2016\/03\/20161216100625454_0001-724x1024.jpg\" class=\"attachment-large size-large\" alt=\"\" srcset=\"https:\/\/vspoechlarn.ac.at\/wordpress\/wp-content\/uploads\/2016\/03\/20161216100625454_0001-724x1024.jpg 724w, https:\/\/vspoechlarn.ac.at\/wordpress\/wp-content\/uploads\/2016\/03\/20161216100625454_0001-212x300.jpg 212w, https:\/\/vspoechlarn.ac.at\/wordpress\/wp-content\/uploads\/2016\/03\/20161216100625454_0001.jpg 763w\" sizes=\"auto, (max-width: 724px) 100vw, 724px\" \/><\/a><\/div>\r\n  <\/div>\r\n  <!-- Carousel nav -->\r\n<\/div>\r\n\n<hr \/>\n<p>N\u00d6N KW49<\/p>\n<p>Beim Nikoloturnier in P\u00f6chlarn konnten einige unserer Sch\u00fcler, die auch die unverbindliche \u00dcbung Schach besuchen, ihr Talent unter Beweis stellen.<\/p>\n<div id='gallery_41_75' class='carousel slide' data-rel='carousel'>\r\n  <div class=\"carousel-inner\">\r\n\t<div class='thumbnail item  active'><a href='https:\/\/vspoechlarn.ac.at\/wordpress\/presse\/20161207092014777_0001\/'><img loading=\"lazy\" decoding=\"async\" width=\"724\" height=\"1024\" src=\"https:\/\/vspoechlarn.ac.at\/wordpress\/wp-content\/uploads\/2016\/03\/20161207092014777_0001-724x1024.jpg\" class=\"attachment-large size-large\" alt=\"\" srcset=\"https:\/\/vspoechlarn.ac.at\/wordpress\/wp-content\/uploads\/2016\/03\/20161207092014777_0001-724x1024.jpg 724w, https:\/\/vspoechlarn.ac.at\/wordpress\/wp-content\/uploads\/2016\/03\/20161207092014777_0001-212x300.jpg 212w, https:\/\/vspoechlarn.ac.at\/wordpress\/wp-content\/uploads\/2016\/03\/20161207092014777_0001.jpg 763w\" sizes=\"auto, (max-width: 724px) 100vw, 724px\" \/><\/a><\/div>\r\n  <\/div>\r\n  <!-- Carousel nav -->\r\n<\/div>\r\n\n<p>Den Adventmarkt er\u00f6ffneten einige Sch\u00fclerInnen und LehrerInnen mit Gedichten und Liedern.<\/p>\n<div id='gallery_41_76' class='carousel slide' data-rel='carousel'>\r\n  <div class=\"carousel-inner\">\r\n\t<div class='thumbnail item  active'><a href='https:\/\/vspoechlarn.ac.at\/wordpress\/presse\/adventpresse2016\/'><img loading=\"lazy\" decoding=\"async\" width=\"900\" height=\"620\" src=\"https:\/\/vspoechlarn.ac.at\/wordpress\/wp-content\/uploads\/2016\/03\/adventpresse2016-1024x705.jpg\" class=\"attachment-large size-large\" alt=\"\" srcset=\"https:\/\/vspoechlarn.ac.at\/wordpress\/wp-content\/uploads\/2016\/03\/adventpresse2016-1024x705.jpg 1024w, https:\/\/vspoechlarn.ac.at\/wordpress\/wp-content\/uploads\/2016\/03\/adventpresse2016-350x241.jpg 350w, https:\/\/vspoechlarn.ac.at\/wordpress\/wp-content\/uploads\/2016\/03\/adventpresse2016.jpg 1569w\" sizes=\"auto, (max-width: 900px) 100vw, 900px\" \/><\/a><\/div>\r\n  <\/div>\r\n  <!-- Carousel nav -->\r\n<\/div>\r\n\n<p>&nbsp;<\/p>\n<p>&nbsp;<\/p>\n<p>P\u00f6chlarn Aktuell 05\/2016<\/p>\n<p><img loading=\"lazy\" decoding=\"async\" class=\"aligncenter wp-image-884 size-large\" src=\"https:\/\/vspoechlarn.ac.at\/wordpress\/wp-content\/uploads\/2016\/03\/20161201110912114_0001-1024x725.jpg\" width=\"900\" height=\"637\" srcset=\"https:\/\/vspoechlarn.ac.at\/wordpress\/wp-content\/uploads\/2016\/03\/20161201110912114_0001-1024x725.jpg 1024w, https:\/\/vspoechlarn.ac.at\/wordpress\/wp-content\/uploads\/2016\/03\/20161201110912114_0001-350x248.jpg 350w\" sizes=\"auto, (max-width: 900px) 100vw, 900px\" \/><\/p>\n<p>&nbsp;<\/p>\n<p>N\u00d6N KW 43<\/p>\n<p>&nbsp;<\/p>\n<p><img loading=\"lazy\" decoding=\"async\" class=\"aligncenter wp-image-857 size-large\" src=\"https:\/\/vspoechlarn.ac.at\/wordpress\/wp-content\/uploads\/2016\/03\/20161027133551969_0001-724x1024.jpg\" width=\"724\" height=\"1024\" srcset=\"https:\/\/vspoechlarn.ac.at\/wordpress\/wp-content\/uploads\/2016\/03\/20161027133551969_0001-724x1024.jpg 724w, https:\/\/vspoechlarn.ac.at\/wordpress\/wp-content\/uploads\/2016\/03\/20161027133551969_0001-212x300.jpg 212w, https:\/\/vspoechlarn.ac.at\/wordpress\/wp-content\/uploads\/2016\/03\/20161027133551969_0001.jpg 763w\" sizes=\"auto, (max-width: 724px) 100vw, 724px\" \/><\/p>\n<p>&nbsp;<\/p>\n<p>N\u00d6N KW 41<\/p>\n<div id='gallery_41_77' class='carousel slide' data-rel='carousel'>\r\n  <div class=\"carousel-inner\">\r\n\t<div class='thumbnail item  active'><a href='https:\/\/vspoechlarn.ac.at\/wordpress\/presse\/20161013081317570_0001\/'><img loading=\"lazy\" decoding=\"async\" width=\"900\" height=\"388\" src=\"https:\/\/vspoechlarn.ac.at\/wordpress\/wp-content\/uploads\/2016\/03\/20161013081317570_0001-1024x441.jpg\" class=\"attachment-large size-large\" alt=\"\" srcset=\"https:\/\/vspoechlarn.ac.at\/wordpress\/wp-content\/uploads\/2016\/03\/20161013081317570_0001-1024x441.jpg 1024w, https:\/\/vspoechlarn.ac.at\/wordpress\/wp-content\/uploads\/2016\/03\/20161013081317570_0001-350x151.jpg 350w, https:\/\/vspoechlarn.ac.at\/wordpress\/wp-content\/uploads\/2016\/03\/20161013081317570_0001.jpg 1716w\" sizes=\"auto, (max-width: 900px) 100vw, 900px\" \/><\/a><\/div>\r\n  <\/div>\r\n  <!-- Carousel nav -->\r\n<\/div>\r\n\n<hr \/>\n<p>P\u00f6chlarn aktuell 4\/2016<\/p>\n<div id=\"gallery_41_78\" class=\"row\">\r\n\t    \t<div id=\"41-image-789\" class=\"col-xs-12 col-sm-4 col-md-4\">\r\n        \t\t\t\t\t\r\n\t\t\t<div class=\"thumbnail\">\r\n        \t\t\t\t\t\r\n\t\t\t\t<a href='https:\/\/vspoechlarn.ac.at\/wordpress\/presse\/20160909083756275_0002\/'><img loading=\"lazy\" decoding=\"async\" width=\"900\" height=\"637\" src=\"https:\/\/vspoechlarn.ac.at\/wordpress\/wp-content\/uploads\/2016\/03\/20160909083756275_0002-1024x725.jpg\" class=\"attachment-large size-large\" alt=\"\" srcset=\"https:\/\/vspoechlarn.ac.at\/wordpress\/wp-content\/uploads\/2016\/03\/20160909083756275_0002-1024x725.jpg 1024w, https:\/\/vspoechlarn.ac.at\/wordpress\/wp-content\/uploads\/2016\/03\/20160909083756275_0002-350x248.jpg 350w, https:\/\/vspoechlarn.ac.at\/wordpress\/wp-content\/uploads\/2016\/03\/20160909083756275_0002.jpg 1526w\" sizes=\"auto, (max-width: 900px) 100vw, 900px\" \/><\/a>            <\/div>\r\n        <\/div>\r\n    \r\n<\/div>\n<hr \/>\n<p>P\u00f6chlarn aktuell Ausgabe 3\/2016<\/p>\n<div id=\"gallery_41_79\" class=\"row\">\r\n\t    \t<div id=\"41-image-810\" class=\"col-xs-12 col-sm-4 col-md-4\">\r\n        \t\t\t\t\t\r\n\t\t\t<div class=\"thumbnail\">\r\n        \t\t\t\t\t\r\n\t\t\t\t<a href='https:\/\/vspoechlarn.ac.at\/wordpress\/presse\/20160622090210819_0001\/'><img loading=\"lazy\" decoding=\"async\" width=\"542\" height=\"768\" src=\"https:\/\/vspoechlarn.ac.at\/wordpress\/wp-content\/uploads\/2016\/03\/20160622090210819_0001.jpg\" class=\"attachment-large size-large\" alt=\"\" srcset=\"https:\/\/vspoechlarn.ac.at\/wordpress\/wp-content\/uploads\/2016\/03\/20160622090210819_0001.jpg 542w, https:\/\/vspoechlarn.ac.at\/wordpress\/wp-content\/uploads\/2016\/03\/20160622090210819_0001-212x300.jpg 212w\" sizes=\"auto, (max-width: 542px) 100vw, 542px\" \/><\/a>            <\/div>\r\n        <\/div>\r\n        \t<div id=\"41-image-811\" class=\"col-xs-12 col-sm-4 col-md-4\">\r\n        \t\t\t\t\t\r\n\t\t\t<div class=\"thumbnail\">\r\n        \t\t\t\t\t\r\n\t\t\t\t<a href='https:\/\/vspoechlarn.ac.at\/wordpress\/presse\/20160622090232775_0001\/'><img loading=\"lazy\" decoding=\"async\" width=\"542\" height=\"768\" src=\"https:\/\/vspoechlarn.ac.at\/wordpress\/wp-content\/uploads\/2016\/03\/20160622090232775_0001.jpg\" class=\"attachment-large size-large\" alt=\"\" srcset=\"https:\/\/vspoechlarn.ac.at\/wordpress\/wp-content\/uploads\/2016\/03\/20160622090232775_0001.jpg 542w, https:\/\/vspoechlarn.ac.at\/wordpress\/wp-content\/uploads\/2016\/03\/20160622090232775_0001-212x300.jpg 212w\" sizes=\"auto, (max-width: 542px) 100vw, 542px\" \/><\/a>            <\/div>\r\n        <\/div>\r\n    <div class=\"clearfix visible-sm-block\"><\/div>    \t<div id=\"41-image-812\" class=\"col-xs-12 col-sm-4 col-md-4\">\r\n        \t\t\t\t\t\r\n\t\t\t<div class=\"thumbnail\">\r\n        \t\t\t\t\t\r\n\t\t\t\t<a href='https:\/\/vspoechlarn.ac.at\/wordpress\/presse\/20160622090244732_0001\/'><img loading=\"lazy\" decoding=\"async\" width=\"542\" height=\"768\" src=\"https:\/\/vspoechlarn.ac.at\/wordpress\/wp-content\/uploads\/2016\/03\/20160622090244732_0001.jpg\" class=\"attachment-large size-large\" alt=\"\" srcset=\"https:\/\/vspoechlarn.ac.at\/wordpress\/wp-content\/uploads\/2016\/03\/20160622090244732_0001.jpg 542w, https:\/\/vspoechlarn.ac.at\/wordpress\/wp-content\/uploads\/2016\/03\/20160622090244732_0001-212x300.jpg 212w\" sizes=\"auto, (max-width: 542px) 100vw, 542px\" \/><\/a>            <\/div>\r\n        <\/div>\r\n    <div class=\"clearfix visible-md-block visible-lg-block\"><\/div>\r\n<\/div>\n<p>&nbsp;<\/p>\n<hr \/>\n<p>N\u00d6N: KW 20<\/p>\n<div id=\"gallery_41_80\" class=\"row\">\r\n\t    \t<div id=\"41-image-738\" class=\"col-xs-12 col-sm-4 col-md-4\">\r\n        \t\t\t\t\t\r\n\t\t\t<div class=\"thumbnail\">\r\n        \t\t\t\t\t\r\n\t\t\t\t<a href='https:\/\/vspoechlarn.ac.at\/wordpress\/presse\/20160523093522181_0001\/'><img loading=\"lazy\" decoding=\"async\" width=\"724\" height=\"1024\" src=\"https:\/\/vspoechlarn.ac.at\/wordpress\/wp-content\/uploads\/2016\/03\/20160523093522181_0001-724x1024.jpg\" class=\"attachment-large size-large\" alt=\"\" srcset=\"https:\/\/vspoechlarn.ac.at\/wordpress\/wp-content\/uploads\/2016\/03\/20160523093522181_0001-724x1024.jpg 724w, https:\/\/vspoechlarn.ac.at\/wordpress\/wp-content\/uploads\/2016\/03\/20160523093522181_0001-212x300.jpg 212w, https:\/\/vspoechlarn.ac.at\/wordpress\/wp-content\/uploads\/2016\/03\/20160523093522181_0001-250x354.jpg 250w, https:\/\/vspoechlarn.ac.at\/wordpress\/wp-content\/uploads\/2016\/03\/20160523093522181_0001.jpg 763w\" sizes=\"auto, (max-width: 724px) 100vw, 724px\" \/><\/a>            <\/div>\r\n        <\/div>\r\n    \r\n<\/div>\n<p>&nbsp;<\/p>\n<hr \/>\n<p>N\u00d6N KW 19<\/p>\n<div id=\"gallery_41_81\" class=\"row\">\r\n\t    \t<div id=\"41-image-740\" class=\"col-xs-12 col-sm-4 col-md-4\">\r\n        \t\t\t\t\t\r\n\t\t\t<div class=\"thumbnail\">\r\n        \t\t\t\t\t\r\n\t\t\t\t<a href='https:\/\/vspoechlarn.ac.at\/wordpress\/presse\/20160524112022976_0001\/'><img loading=\"lazy\" decoding=\"async\" width=\"724\" height=\"1024\" src=\"https:\/\/vspoechlarn.ac.at\/wordpress\/wp-content\/uploads\/2016\/03\/20160524112022976_0001-724x1024.jpg\" class=\"attachment-large size-large\" alt=\"\" srcset=\"https:\/\/vspoechlarn.ac.at\/wordpress\/wp-content\/uploads\/2016\/03\/20160524112022976_0001-724x1024.jpg 724w, https:\/\/vspoechlarn.ac.at\/wordpress\/wp-content\/uploads\/2016\/03\/20160524112022976_0001-212x300.jpg 212w, https:\/\/vspoechlarn.ac.at\/wordpress\/wp-content\/uploads\/2016\/03\/20160524112022976_0001-250x354.jpg 250w, https:\/\/vspoechlarn.ac.at\/wordpress\/wp-content\/uploads\/2016\/03\/20160524112022976_0001.jpg 763w\" sizes=\"auto, (max-width: 724px) 100vw, 724px\" \/><\/a>            <\/div>\r\n        <\/div>\r\n    \r\n<\/div>\n<hr \/>\n<p>Bezirksbl\u00e4tter: M\u00e4rz 2016<\/p>\n<div id=\"gallery_41_82\" class=\"row\">\r\n\t    \t<div id=\"41-image-777\" class=\"col-xs-12 col-sm-4 col-md-4\">\r\n        \t\t\t\t\t\r\n\t\t\t<div class=\"thumbnail\">\r\n        \t\t\t\t\t\r\n\t\t\t\t<a href='https:\/\/vspoechlarn.ac.at\/wordpress\/presse\/20160317082438906_0001-2\/'><img loading=\"lazy\" decoding=\"async\" width=\"724\" height=\"1024\" src=\"https:\/\/vspoechlarn.ac.at\/wordpress\/wp-content\/uploads\/2016\/03\/20160317082438906_0001-724x1024.jpg\" class=\"attachment-large size-large\" alt=\"\" srcset=\"https:\/\/vspoechlarn.ac.at\/wordpress\/wp-content\/uploads\/2016\/03\/20160317082438906_0001-724x1024.jpg 724w, https:\/\/vspoechlarn.ac.at\/wordpress\/wp-content\/uploads\/2016\/03\/20160317082438906_0001-212x300.jpg 212w, https:\/\/vspoechlarn.ac.at\/wordpress\/wp-content\/uploads\/2016\/03\/20160317082438906_0001-250x354.jpg 250w, https:\/\/vspoechlarn.ac.at\/wordpress\/wp-content\/uploads\/2016\/03\/20160317082438906_0001.jpg 763w\" sizes=\"auto, (max-width: 724px) 100vw, 724px\" \/><\/a>            <\/div>\r\n        <\/div>\r\n    \r\n<\/div>\n<hr \/>\n<p>P\u00f6chlarn aktuell:<\/p>\n<div id=\"gallery_41_83\" class=\"row\">\r\n\t    \t<div id=\"41-image-743\" class=\"col-xs-12 col-sm-4 col-md-4\">\r\n        \t\t\t\t\t\r\n\t\t\t<div class=\"thumbnail\">\r\n        \t\t\t\t\t\r\n\t\t\t\t<a href='https:\/\/vspoechlarn.ac.at\/wordpress\/presse\/20160218083820926_0001\/'><img loading=\"lazy\" decoding=\"async\" width=\"724\" height=\"1024\" src=\"https:\/\/vspoechlarn.ac.at\/wordpress\/wp-content\/uploads\/2016\/03\/20160218083820926_0001-724x1024.jpg\" class=\"attachment-large size-large\" alt=\"\" srcset=\"https:\/\/vspoechlarn.ac.at\/wordpress\/wp-content\/uploads\/2016\/03\/20160218083820926_0001-724x1024.jpg 724w, https:\/\/vspoechlarn.ac.at\/wordpress\/wp-content\/uploads\/2016\/03\/20160218083820926_0001-212x300.jpg 212w, https:\/\/vspoechlarn.ac.at\/wordpress\/wp-content\/uploads\/2016\/03\/20160218083820926_0001-250x354.jpg 250w, https:\/\/vspoechlarn.ac.at\/wordpress\/wp-content\/uploads\/2016\/03\/20160218083820926_0001.jpg 763w\" sizes=\"auto, (max-width: 724px) 100vw, 724px\" \/><\/a>            <\/div>\r\n        <\/div>\r\n    \r\n<\/div>\n<hr \/>\n<p>N\u00d6N: Woche 14\/2016<\/p>\n<div id=\"gallery_41_84\" class=\"row\">\r\n\t    \t<div id=\"41-image-752\" class=\"col-xs-12 col-sm-4 col-md-4\">\r\n        \t\t\t\t\t\r\n\t\t\t<div class=\"thumbnail\">\r\n        \t\t\t\t\t\r\n\t\t\t\t<a href='https:\/\/vspoechlarn.ac.at\/wordpress\/presse\/20160411085937981_0001\/'><img loading=\"lazy\" decoding=\"async\" width=\"724\" height=\"1024\" src=\"https:\/\/vspoechlarn.ac.at\/wordpress\/wp-content\/uploads\/2016\/03\/20160411085937981_0001-724x1024.jpg\" class=\"attachment-large size-large\" alt=\"\" srcset=\"https:\/\/vspoechlarn.ac.at\/wordpress\/wp-content\/uploads\/2016\/03\/20160411085937981_0001-724x1024.jpg 724w, https:\/\/vspoechlarn.ac.at\/wordpress\/wp-content\/uploads\/2016\/03\/20160411085937981_0001-212x300.jpg 212w, https:\/\/vspoechlarn.ac.at\/wordpress\/wp-content\/uploads\/2016\/03\/20160411085937981_0001-250x354.jpg 250w, https:\/\/vspoechlarn.ac.at\/wordpress\/wp-content\/uploads\/2016\/03\/20160411085937981_0001.jpg 763w\" sizes=\"auto, (max-width: 724px) 100vw, 724px\" \/><\/a>            <\/div>\r\n        <\/div>\r\n    \r\n<\/div>\n<hr \/>\n<p>P\u00f6chlarn AKTUELL:<\/p>\n<div id=\"gallery_41_85\" class=\"row\">\r\n\t    \t<div id=\"41-image-746\" class=\"col-xs-12 col-sm-4 col-md-4\">\r\n        \t\t\t\t\t\r\n\t\t\t<div class=\"thumbnail\">\r\n        \t\t\t\t\t\r\n\t\t\t\t<a href='https:\/\/vspoechlarn.ac.at\/wordpress\/presse\/20160218083906842_0001\/'><img loading=\"lazy\" decoding=\"async\" width=\"724\" height=\"1024\" src=\"https:\/\/vspoechlarn.ac.at\/wordpress\/wp-content\/uploads\/2016\/03\/20160218083906842_0001-724x1024.jpg\" class=\"attachment-large size-large\" alt=\"\" srcset=\"https:\/\/vspoechlarn.ac.at\/wordpress\/wp-content\/uploads\/2016\/03\/20160218083906842_0001-724x1024.jpg 724w, https:\/\/vspoechlarn.ac.at\/wordpress\/wp-content\/uploads\/2016\/03\/20160218083906842_0001-212x300.jpg 212w, https:\/\/vspoechlarn.ac.at\/wordpress\/wp-content\/uploads\/2016\/03\/20160218083906842_0001-250x354.jpg 250w, https:\/\/vspoechlarn.ac.at\/wordpress\/wp-content\/uploads\/2016\/03\/20160218083906842_0001.jpg 763w\" sizes=\"auto, (max-width: 724px) 100vw, 724px\" \/><\/a>            <\/div>\r\n        <\/div>\r\n    \r\n<\/div>\n<hr \/>\n<p>KRONEN ZEITUNG (Juni 2015):<\/p>\n<div id=\"gallery_41_86\" class=\"row\">\r\n\t    \t<div id=\"41-image-745\" class=\"col-xs-12 col-sm-4 col-md-4\">\r\n        \t\t\t\t\t\r\n\t\t\t<div class=\"thumbnail\">\r\n        \t\t\t\t\t\r\n\t\t\t\t<a href='https:\/\/vspoechlarn.ac.at\/wordpress\/presse\/20150616115556606_0001\/'><img loading=\"lazy\" decoding=\"async\" width=\"724\" height=\"1024\" src=\"https:\/\/vspoechlarn.ac.at\/wordpress\/wp-content\/uploads\/2016\/03\/20150616115556606_0001-724x1024.jpg\" class=\"attachment-large size-large\" alt=\"\" srcset=\"https:\/\/vspoechlarn.ac.at\/wordpress\/wp-content\/uploads\/2016\/03\/20150616115556606_0001-724x1024.jpg 724w, https:\/\/vspoechlarn.ac.at\/wordpress\/wp-content\/uploads\/2016\/03\/20150616115556606_0001-212x300.jpg 212w, https:\/\/vspoechlarn.ac.at\/wordpress\/wp-content\/uploads\/2016\/03\/20150616115556606_0001-250x354.jpg 250w, https:\/\/vspoechlarn.ac.at\/wordpress\/wp-content\/uploads\/2016\/03\/20150616115556606_0001.jpg 763w\" sizes=\"auto, (max-width: 724px) 100vw, 724px\" \/><\/a>            <\/div>\r\n        <\/div>\r\n    \r\n<\/div>\n<hr \/>\n<p>N\u00d6N (Juni 2015):<\/p>\n<div id=\"gallery_41_87\" class=\"row\">\r\n\t    \t<div id=\"41-image-744\" class=\"col-xs-12 col-sm-4 col-md-4\">\r\n        \t\t\t\t\t\r\n\t\t\t<div class=\"thumbnail\">\r\n        \t\t\t\t\t\r\n\t\t\t\t<a href='https:\/\/vspoechlarn.ac.at\/wordpress\/presse\/20150616115114984_0001\/'><img loading=\"lazy\" decoding=\"async\" width=\"724\" height=\"1024\" src=\"https:\/\/vspoechlarn.ac.at\/wordpress\/wp-content\/uploads\/2016\/03\/20150616115114984_0001-724x1024.jpg\" class=\"attachment-large size-large\" alt=\"\" srcset=\"https:\/\/vspoechlarn.ac.at\/wordpress\/wp-content\/uploads\/2016\/03\/20150616115114984_0001-724x1024.jpg 724w, https:\/\/vspoechlarn.ac.at\/wordpress\/wp-content\/uploads\/2016\/03\/20150616115114984_0001-212x300.jpg 212w, https:\/\/vspoechlarn.ac.at\/wordpress\/wp-content\/uploads\/2016\/03\/20150616115114984_0001-250x354.jpg 250w, https:\/\/vspoechlarn.ac.at\/wordpress\/wp-content\/uploads\/2016\/03\/20150616115114984_0001.jpg 763w\" sizes=\"auto, (max-width: 724px) 100vw, 724px\" \/><\/a>            <\/div>\r\n        <\/div>\r\n    \r\n<\/div>\n<hr \/>\n<p>P\u00f6chlarn aktuell<\/p>\n<div id=\"gallery_41_88\" class=\"row\">\r\n\t    \t<div id=\"41-image-748\" class=\"col-xs-12 col-sm-4 col-md-4\">\r\n        \t\t\t\t\t\r\n\t\t\t<div class=\"thumbnail\">\r\n        \t\t\t\t\t\r\n\t\t\t\t<a href='https:\/\/vspoechlarn.ac.at\/wordpress\/presse\/poechlarn-aktuell\/'><img loading=\"lazy\" decoding=\"async\" width=\"724\" height=\"1024\" src=\"https:\/\/vspoechlarn.ac.at\/wordpress\/wp-content\/uploads\/2016\/03\/Poechlarn-aktuell-724x1024.jpg\" class=\"attachment-large size-large\" alt=\"\" srcset=\"https:\/\/vspoechlarn.ac.at\/wordpress\/wp-content\/uploads\/2016\/03\/Poechlarn-aktuell-724x1024.jpg 724w, https:\/\/vspoechlarn.ac.at\/wordpress\/wp-content\/uploads\/2016\/03\/Poechlarn-aktuell-212x300.jpg 212w, https:\/\/vspoechlarn.ac.at\/wordpress\/wp-content\/uploads\/2016\/03\/Poechlarn-aktuell-250x354.jpg 250w, https:\/\/vspoechlarn.ac.at\/wordpress\/wp-content\/uploads\/2016\/03\/Poechlarn-aktuell.jpg 763w\" sizes=\"auto, (max-width: 724px) 100vw, 724px\" \/><\/a>            <\/div>\r\n        <\/div>\r\n    \r\n<\/div>\n<hr \/>\n<p>Bezirkbl\u00e4tter Melk<\/p>\n<div id=\"gallery_41_89\" class=\"row\">\r\n\t    \t<div id=\"41-image-750\" class=\"col-xs-12 col-sm-4 col-md-4\">\r\n        \t\t\t\t\t\r\n\t\t\t<div class=\"thumbnail\">\r\n        \t\t\t\t\t\r\n\t\t\t\t<a href='https:\/\/vspoechlarn.ac.at\/wordpress\/presse\/taferlklassler-2014_2015\/'><img loading=\"lazy\" decoding=\"async\" width=\"724\" height=\"1024\" src=\"https:\/\/vspoechlarn.ac.at\/wordpress\/wp-content\/uploads\/2016\/03\/Taferlklassler-2014_2015-724x1024.jpg\" class=\"attachment-large size-large\" alt=\"\" srcset=\"https:\/\/vspoechlarn.ac.at\/wordpress\/wp-content\/uploads\/2016\/03\/Taferlklassler-2014_2015-724x1024.jpg 724w, https:\/\/vspoechlarn.ac.at\/wordpress\/wp-content\/uploads\/2016\/03\/Taferlklassler-2014_2015-212x300.jpg 212w, https:\/\/vspoechlarn.ac.at\/wordpress\/wp-content\/uploads\/2016\/03\/Taferlklassler-2014_2015-250x354.jpg 250w, https:\/\/vspoechlarn.ac.at\/wordpress\/wp-content\/uploads\/2016\/03\/Taferlklassler-2014_2015.jpg 763w\" sizes=\"auto, (max-width: 724px) 100vw, 724px\" \/><\/a>            <\/div>\r\n        <\/div>\r\n    \r\n<\/div>\n<hr \/>\n<p>Kronen Zeitung, 18.10.2014<\/p>\n<div id=\"gallery_41_90\" class=\"row\">\r\n\t    \t<div id=\"41-image-751\" class=\"col-xs-12 col-sm-4 col-md-4\">\r\n        \t\t\t\t\t\r\n\t\t\t<div class=\"thumbnail\">\r\n        \t\t\t\t\t\r\n\t\t\t\t<a href='https:\/\/vspoechlarn.ac.at\/wordpress\/presse\/weihnachtsschachteln\/'><img loading=\"lazy\" decoding=\"async\" width=\"724\" height=\"1024\" src=\"https:\/\/vspoechlarn.ac.at\/wordpress\/wp-content\/uploads\/2016\/03\/Weihnachtsschachteln-724x1024.jpg\" class=\"attachment-large size-large\" alt=\"\" srcset=\"https:\/\/vspoechlarn.ac.at\/wordpress\/wp-content\/uploads\/2016\/03\/Weihnachtsschachteln-724x1024.jpg 724w, https:\/\/vspoechlarn.ac.at\/wordpress\/wp-content\/uploads\/2016\/03\/Weihnachtsschachteln-212x300.jpg 212w, https:\/\/vspoechlarn.ac.at\/wordpress\/wp-content\/uploads\/2016\/03\/Weihnachtsschachteln-250x354.jpg 250w, https:\/\/vspoechlarn.ac.at\/wordpress\/wp-content\/uploads\/2016\/03\/Weihnachtsschachteln.jpg 763w\" sizes=\"auto, (max-width: 724px) 100vw, 724px\" \/><\/a>            <\/div>\r\n        <\/div>\r\n    \r\n<\/div>\n<p>&nbsp;<\/p>\n","protected":false},"excerpt":{"rendered":"<p>N\u00d6N KW 13 &nbsp; &nbsp; &nbsp; P\u00f6chlarn aktuell 4\/2025 N\u00d6N 47\/2025 P\u00f6chlarn aktuell 3\/2025 N\u00d6N 50\/2024 &nbsp; &nbsp; P\u00f6chlarn aktuell 4 \/ 2024 &nbsp; &nbsp; &nbsp; &nbsp; N\u00d6N\u00a0 KW 47 [&hellip;]<\/p>\n","protected":false},"author":1,"featured_media":0,"parent":0,"menu_order":0,"comment_status":"closed","ping_status":"closed","template":"","meta":{"footnotes":""},"class_list":["post-41","page","type-page","status-publish","hentry"],"_links":{"self":[{"href":"https:\/\/vspoechlarn.ac.at\/wordpress\/wp-json\/wp\/v2\/pages\/41","targetHints":{"allow":["GET"]}}],"collection":[{"href":"https:\/\/vspoechlarn.ac.at\/wordpress\/wp-json\/wp\/v2\/pages"}],"about":[{"href":"https:\/\/vspoechlarn.ac.at\/wordpress\/wp-json\/wp\/v2\/types\/page"}],"author":[{"embeddable":true,"href":"https:\/\/vspoechlarn.ac.at\/wordpress\/wp-json\/wp\/v2\/users\/1"}],"replies":[{"embeddable":true,"href":"https:\/\/vspoechlarn.ac.at\/wordpress\/wp-json\/wp\/v2\/comments?post=41"}],"version-history":[{"count":136,"href":"https:\/\/vspoechlarn.ac.at\/wordpress\/wp-json\/wp\/v2\/pages\/41\/revisions"}],"predecessor-version":[{"id":5893,"href":"https:\/\/vspoechlarn.ac.at\/wordpress\/wp-json\/wp\/v2\/pages\/41\/revisions\/5893"}],"wp:attachment":[{"href":"https:\/\/vspoechlarn.ac.at\/wordpress\/wp-json\/wp\/v2\/media?parent=41"}],"curies":[{"name":"wp","href":"https:\/\/api.w.org\/{rel}","templated":true}]}}