{"id":3932,"date":"2022-06-29T09:20:14","date_gmt":"2022-06-29T07:20:14","guid":{"rendered":"http:\/\/vspoechlarn.ac.at\/wordpress\/?page_id=3932"},"modified":"2023-01-10T14:02:53","modified_gmt":"2023-01-10T13:02:53","slug":"2022-23","status":"publish","type":"page","link":"https:\/\/vspoechlarn.ac.at\/wordpress\/2022-23\/","title":{"rendered":"2022-23"},"content":{"rendered":"<h1>1a<\/h1>\n<p>Klassenlehrerin: vOL Doris Langer<\/p>\n<p>19 Sch\u00fcler*innen<\/p>\n<div id=\"gallery_3932_1\" class=\"row\">\r\n\t    \t<div id=\"3932-image-4178\" class=\"col-xs-12 col-sm-4 col-md-4\">\r\n        \t\t\t\t\t\r\n\t\t\t<div class=\"thumbnail\">\r\n        \t\t\t\t\t\r\n\t\t\t\t<a href='https:\/\/vspoechlarn.ac.at\/wordpress\/2022-23\/pk17b005\/'><img loading=\"lazy\" decoding=\"async\" width=\"900\" height=\"678\" src=\"https:\/\/vspoechlarn.ac.at\/wordpress\/wp-content\/uploads\/2023\/01\/PK17B005-1024x771.jpg\" class=\"attachment-large size-large\" alt=\"\" srcset=\"https:\/\/vspoechlarn.ac.at\/wordpress\/wp-content\/uploads\/2023\/01\/PK17B005-1024x771.jpg 1024w, https:\/\/vspoechlarn.ac.at\/wordpress\/wp-content\/uploads\/2023\/01\/PK17B005-350x264.jpg 350w, https:\/\/vspoechlarn.ac.at\/wordpress\/wp-content\/uploads\/2023\/01\/PK17B005-1536x1157.jpg 1536w, https:\/\/vspoechlarn.ac.at\/wordpress\/wp-content\/uploads\/2023\/01\/PK17B005-2048x1542.jpg 2048w, https:\/\/vspoechlarn.ac.at\/wordpress\/wp-content\/uploads\/2023\/01\/PK17B005-scaled.jpg 1434w\" sizes=\"auto, (max-width: 900px) 100vw, 900px\" \/><\/a>            <\/div>\r\n        <\/div>\r\n    \r\n<\/div>\n<hr \/>\n<h1>1b<\/h1>\n<p>Klassenlehrerin: vVL Nina Ess<\/p>\n<p>16 Sch\u00fcler*innen<\/p>\n<p><img loading=\"lazy\" decoding=\"async\" class=\"alignnone size-medium wp-image-4179\" src=\"https:\/\/vspoechlarn.ac.at\/wordpress\/wp-content\/uploads\/2023\/01\/PK18B005-350x263.jpg\" alt=\"\" width=\"350\" height=\"263\" srcset=\"https:\/\/vspoechlarn.ac.at\/wordpress\/wp-content\/uploads\/2023\/01\/PK18B005-350x263.jpg 350w, https:\/\/vspoechlarn.ac.at\/wordpress\/wp-content\/uploads\/2023\/01\/PK18B005-1024x770.jpg 1024w, https:\/\/vspoechlarn.ac.at\/wordpress\/wp-content\/uploads\/2023\/01\/PK18B005-1536x1156.jpg 1536w, https:\/\/vspoechlarn.ac.at\/wordpress\/wp-content\/uploads\/2023\/01\/PK18B005-2048x1541.jpg 2048w, https:\/\/vspoechlarn.ac.at\/wordpress\/wp-content\/uploads\/2023\/01\/PK18B005-scaled.jpg 1436w\" sizes=\"auto, (max-width: 350px) 100vw, 350px\" \/><\/p>\n<hr \/>\n<h1>2a<\/h1>\n<p>Klassenlehrerin: vOL Elisabeth Atzm\u00fcller<\/p>\n<p>18 Sch\u00fcler*innen<\/p>\n<p><img loading=\"lazy\" decoding=\"async\" class=\"alignnone size-medium wp-image-4180\" src=\"https:\/\/vspoechlarn.ac.at\/wordpress\/wp-content\/uploads\/2023\/01\/PK12B007-350x264.jpg\" alt=\"\" width=\"350\" height=\"264\" srcset=\"https:\/\/vspoechlarn.ac.at\/wordpress\/wp-content\/uploads\/2023\/01\/PK12B007-350x264.jpg 350w, https:\/\/vspoechlarn.ac.at\/wordpress\/wp-content\/uploads\/2023\/01\/PK12B007-1024x771.jpg 1024w, https:\/\/vspoechlarn.ac.at\/wordpress\/wp-content\/uploads\/2023\/01\/PK12B007-1536x1157.jpg 1536w, https:\/\/vspoechlarn.ac.at\/wordpress\/wp-content\/uploads\/2023\/01\/PK12B007-2048x1543.jpg 2048w, https:\/\/vspoechlarn.ac.at\/wordpress\/wp-content\/uploads\/2023\/01\/PK12B007-scaled.jpg 1434w\" sizes=\"auto, (max-width: 350px) 100vw, 350px\" \/><\/p>\n<hr \/>\n<h1>2b<\/h1>\n<p>Klassenlehrerin: vVL Michelle Eder<\/p>\n<p>16 Sch\u00fcler*innen<\/p>\n<p><img loading=\"lazy\" decoding=\"async\" class=\"alignnone size-medium wp-image-4181\" src=\"https:\/\/vspoechlarn.ac.at\/wordpress\/wp-content\/uploads\/2023\/01\/PK11B004-350x264.jpg\" alt=\"\" width=\"350\" height=\"264\" srcset=\"https:\/\/vspoechlarn.ac.at\/wordpress\/wp-content\/uploads\/2023\/01\/PK11B004-350x264.jpg 350w, https:\/\/vspoechlarn.ac.at\/wordpress\/wp-content\/uploads\/2023\/01\/PK11B004-1024x771.jpg 1024w, https:\/\/vspoechlarn.ac.at\/wordpress\/wp-content\/uploads\/2023\/01\/PK11B004-1536x1157.jpg 1536w, https:\/\/vspoechlarn.ac.at\/wordpress\/wp-content\/uploads\/2023\/01\/PK11B004-2048x1543.jpg 2048w, https:\/\/vspoechlarn.ac.at\/wordpress\/wp-content\/uploads\/2023\/01\/PK11B004-scaled.jpg 1434w\" sizes=\"auto, (max-width: 350px) 100vw, 350px\" \/><\/p>\n<hr \/>\n<h1>3a<\/h1>\n<p>Klassenlehrerin: vOL Birgit Rausch<\/p>\n<p>20 Sch\u00fcler*innen<\/p>\n<p><img loading=\"lazy\" decoding=\"async\" class=\"alignnone size-medium wp-image-4182\" src=\"https:\/\/vspoechlarn.ac.at\/wordpress\/wp-content\/uploads\/2023\/01\/PK13B007-350x263.jpg\" alt=\"\" width=\"350\" height=\"263\" srcset=\"https:\/\/vspoechlarn.ac.at\/wordpress\/wp-content\/uploads\/2023\/01\/PK13B007-350x263.jpg 350w, https:\/\/vspoechlarn.ac.at\/wordpress\/wp-content\/uploads\/2023\/01\/PK13B007-1024x770.jpg 1024w, https:\/\/vspoechlarn.ac.at\/wordpress\/wp-content\/uploads\/2023\/01\/PK13B007-1536x1155.jpg 1536w, https:\/\/vspoechlarn.ac.at\/wordpress\/wp-content\/uploads\/2023\/01\/PK13B007-2048x1540.jpg 2048w, https:\/\/vspoechlarn.ac.at\/wordpress\/wp-content\/uploads\/2023\/01\/PK13B007-scaled.jpg 1436w\" sizes=\"auto, (max-width: 350px) 100vw, 350px\" \/><\/p>\n<hr \/>\n<h1>3b<\/h1>\n<p>Klassenlehrerin: vVL Maria Steinberger<\/p>\n<p>14 Sch\u00fcler*innen<\/p>\n<p><img loading=\"lazy\" decoding=\"async\" class=\"alignnone size-medium wp-image-4183\" src=\"https:\/\/vspoechlarn.ac.at\/wordpress\/wp-content\/uploads\/2023\/01\/PK14B010-350x264.jpg\" alt=\"\" width=\"350\" height=\"264\" srcset=\"https:\/\/vspoechlarn.ac.at\/wordpress\/wp-content\/uploads\/2023\/01\/PK14B010-350x264.jpg 350w, https:\/\/vspoechlarn.ac.at\/wordpress\/wp-content\/uploads\/2023\/01\/PK14B010-1024x772.jpg 1024w, https:\/\/vspoechlarn.ac.at\/wordpress\/wp-content\/uploads\/2023\/01\/PK14B010-1536x1157.jpg 1536w, https:\/\/vspoechlarn.ac.at\/wordpress\/wp-content\/uploads\/2023\/01\/PK14B010-2048x1543.jpg 2048w, https:\/\/vspoechlarn.ac.at\/wordpress\/wp-content\/uploads\/2023\/01\/PK14B010-scaled.jpg 1433w\" sizes=\"auto, (max-width: 350px) 100vw, 350px\" \/><\/p>\n<hr \/>\n<h1>4a<\/h1>\n<p>Klassenlehrerin: vOL Regina Eder<\/p>\n<p>16 Sch\u00fcler*innen<\/p>\n<p><img loading=\"lazy\" decoding=\"async\" class=\"alignnone size-medium wp-image-4184\" src=\"https:\/\/vspoechlarn.ac.at\/wordpress\/wp-content\/uploads\/2023\/01\/PK15B010-350x263.jpg\" alt=\"\" width=\"350\" height=\"263\" srcset=\"https:\/\/vspoechlarn.ac.at\/wordpress\/wp-content\/uploads\/2023\/01\/PK15B010-350x263.jpg 350w, https:\/\/vspoechlarn.ac.at\/wordpress\/wp-content\/uploads\/2023\/01\/PK15B010-1024x770.jpg 1024w, https:\/\/vspoechlarn.ac.at\/wordpress\/wp-content\/uploads\/2023\/01\/PK15B010-1536x1155.jpg 1536w, https:\/\/vspoechlarn.ac.at\/wordpress\/wp-content\/uploads\/2023\/01\/PK15B010-2048x1540.jpg 2048w, https:\/\/vspoechlarn.ac.at\/wordpress\/wp-content\/uploads\/2023\/01\/PK15B010-scaled.jpg 1436w\" sizes=\"auto, (max-width: 350px) 100vw, 350px\" \/><\/p>\n<hr \/>\n<h1>4b<\/h1>\n<p>Klassenlehrerin: vVL Christina Crepaz<\/p>\n<p>18 Sch\u00fcler*innen<\/p>\n<p><img loading=\"lazy\" decoding=\"async\" class=\"alignnone size-medium wp-image-4185\" src=\"https:\/\/vspoechlarn.ac.at\/wordpress\/wp-content\/uploads\/2023\/01\/PK16B006-350x263.jpg\" alt=\"\" width=\"350\" height=\"263\" srcset=\"https:\/\/vspoechlarn.ac.at\/wordpress\/wp-content\/uploads\/2023\/01\/PK16B006-350x263.jpg 350w, https:\/\/vspoechlarn.ac.at\/wordpress\/wp-content\/uploads\/2023\/01\/PK16B006-1024x770.jpg 1024w, https:\/\/vspoechlarn.ac.at\/wordpress\/wp-content\/uploads\/2023\/01\/PK16B006-1536x1155.jpg 1536w, https:\/\/vspoechlarn.ac.at\/wordpress\/wp-content\/uploads\/2023\/01\/PK16B006-2048x1540.jpg 2048w, https:\/\/vspoechlarn.ac.at\/wordpress\/wp-content\/uploads\/2023\/01\/PK16B006-scaled.jpg 1436w\" sizes=\"auto, (max-width: 350px) 100vw, 350px\" \/><\/p>\n","protected":false},"excerpt":{"rendered":"<p>1a Klassenlehrerin: vOL Doris Langer 19 Sch\u00fcler*innen 1b Klassenlehrerin: vVL Nina Ess 16 Sch\u00fcler*innen 2a Klassenlehrerin: vOL Elisabeth Atzm\u00fcller 18 Sch\u00fcler*innen 2b Klassenlehrerin: vVL Michelle Eder 16 Sch\u00fcler*innen 3a Klassenlehrerin: [&hellip;]<\/p>\n","protected":false},"author":1,"featured_media":0,"parent":0,"menu_order":0,"comment_status":"closed","ping_status":"closed","template":"","meta":{"footnotes":""},"class_list":["post-3932","page","type-page","status-publish","hentry"],"_links":{"self":[{"href":"https:\/\/vspoechlarn.ac.at\/wordpress\/wp-json\/wp\/v2\/pages\/3932","targetHints":{"allow":["GET"]}}],"collection":[{"href":"https:\/\/vspoechlarn.ac.at\/wordpress\/wp-json\/wp\/v2\/pages"}],"about":[{"href":"https:\/\/vspoechlarn.ac.at\/wordpress\/wp-json\/wp\/v2\/types\/page"}],"author":[{"embeddable":true,"href":"https:\/\/vspoechlarn.ac.at\/wordpress\/wp-json\/wp\/v2\/users\/1"}],"replies":[{"embeddable":true,"href":"https:\/\/vspoechlarn.ac.at\/wordpress\/wp-json\/wp\/v2\/comments?post=3932"}],"version-history":[{"count":9,"href":"https:\/\/vspoechlarn.ac.at\/wordpress\/wp-json\/wp\/v2\/pages\/3932\/revisions"}],"predecessor-version":[{"id":4175,"href":"https:\/\/vspoechlarn.ac.at\/wordpress\/wp-json\/wp\/v2\/pages\/3932\/revisions\/4175"}],"wp:attachment":[{"href":"https:\/\/vspoechlarn.ac.at\/wordpress\/wp-json\/wp\/v2\/media?parent=3932"}],"curies":[{"name":"wp","href":"https:\/\/api.w.org\/{rel}","templated":true}]}}