{"id":37,"date":"2016-03-08T13:04:47","date_gmt":"2016-03-08T12:04:47","guid":{"rendered":"http:\/\/vspoechlarn.ac.at\/wordpress\/?page_id=37"},"modified":"2016-04-08T11:23:59","modified_gmt":"2016-04-08T09:23:59","slug":"chronik","status":"publish","type":"page","link":"https:\/\/vspoechlarn.ac.at\/wordpress\/chronik\/","title":{"rendered":"Chronik"},"content":{"rendered":"<p><strong>Gr\u00fcndungsgeschichte<\/strong><\/p>\n<p>Die erste urkundlich erw\u00e4hnte Schule (1637) befand sich westlich der Kirche. Sie brannte 1664 ab. In der Weigelspergergasse wurde ein neues Schulgeb\u00e4ude gebaut, das bis 1859 als Unterrichtsst\u00e4tte diente. Als sie zu klein wurde (\u00fcber 200 Kinder), errichtete man eine gr\u00f6\u00dfere Schule in der Seilergasse.<br \/>\nIn den Jahren 1949-51 entstand die neue Volks- und Hauptschule in der Nibelungenstra\u00dfe.<\/p>\n<p>Bald war auch diese Schule zu klein und die Volksschule musste in das Haus in der Wienerstra\u00dfe ausweichen. Im Jahr 1994 begann man &#8211; auf dem Sportplatz der Hauptschule &#8211; mit dem Bau der heutigen Volksschule.<br \/>\nDieses Geb\u00e4ude wurde im Jahr 1996 feierlich er\u00f6ffnet.<\/p>\n","protected":false},"excerpt":{"rendered":"<p>Gr\u00fcndungsgeschichte Die erste urkundlich erw\u00e4hnte Schule (1637) befand sich westlich der Kirche. Sie brannte 1664 ab. In der Weigelspergergasse wurde ein neues Schulgeb\u00e4ude gebaut, das bis 1859 als Unterrichtsst\u00e4tte diente. [&hellip;]<\/p>\n","protected":false},"author":1,"featured_media":0,"parent":0,"menu_order":0,"comment_status":"closed","ping_status":"closed","template":"","meta":{"footnotes":""},"class_list":["post-37","page","type-page","status-publish","hentry"],"_links":{"self":[{"href":"https:\/\/vspoechlarn.ac.at\/wordpress\/wp-json\/wp\/v2\/pages\/37","targetHints":{"allow":["GET"]}}],"collection":[{"href":"https:\/\/vspoechlarn.ac.at\/wordpress\/wp-json\/wp\/v2\/pages"}],"about":[{"href":"https:\/\/vspoechlarn.ac.at\/wordpress\/wp-json\/wp\/v2\/types\/page"}],"author":[{"embeddable":true,"href":"https:\/\/vspoechlarn.ac.at\/wordpress\/wp-json\/wp\/v2\/users\/1"}],"replies":[{"embeddable":true,"href":"https:\/\/vspoechlarn.ac.at\/wordpress\/wp-json\/wp\/v2\/comments?post=37"}],"version-history":[{"count":3,"href":"https:\/\/vspoechlarn.ac.at\/wordpress\/wp-json\/wp\/v2\/pages\/37\/revisions"}],"predecessor-version":[{"id":192,"href":"https:\/\/vspoechlarn.ac.at\/wordpress\/wp-json\/wp\/v2\/pages\/37\/revisions\/192"}],"wp:attachment":[{"href":"https:\/\/vspoechlarn.ac.at\/wordpress\/wp-json\/wp\/v2\/media?parent=37"}],"curies":[{"name":"wp","href":"https:\/\/api.w.org\/{rel}","templated":true}]}}