{"id":3425,"date":"2021-09-04T11:17:30","date_gmt":"2021-09-04T09:17:30","guid":{"rendered":"http:\/\/vspoechlarn.ac.at\/wordpress\/?page_id=3425"},"modified":"2021-09-04T11:28:28","modified_gmt":"2021-09-04T09:28:28","slug":"2020-21-2","status":"publish","type":"page","link":"https:\/\/vspoechlarn.ac.at\/wordpress\/2020-21-2\/","title":{"rendered":"2020-21"},"content":{"rendered":"<article id=\"post-3389\" class=\"loop_list post-3389 post type-post status-publish format-standard hentry category-allgemein\">\n<div class=\"panel panel-default\">\n<div class=\"panel-body clearfix\">\n<div class=\"fs-have-thumbnail\">\n<header class=\"entry-header\">\n<h4 class=\"entry-title\"><strong><a title=\"Permanentlink zu Verabschiedung\" href=\"https:\/\/vspoechlarn.ac.at\/wordpress\/2021\/07\/05\/verabschiedung\/\" rel=\"bookmark\">Verabschiedung<\/a><\/strong><\/h4>\n<\/header>\n<div class=\"entry-content\">\n<p>Am letzten Schultag mussten wir uns von 3 Kolleginnen verabschieden. Erna Mayrhofer, Brigitte K\u00f6ck und Inge Zeinzinger haben \u00fcber viele Jahre mit Ihrem gro\u00dfartigen Einsatz das Bild unserer Schule mitgepr\u00e4gt. F\u00fcr die gro\u00dfartige Arbeit bedanken wir uns ganz herzlich und w\u00fcnschen f\u00fcr die zuk\u00fcnftigen Aufgaben viel\u00a0 Freude und Erfolg.<\/p>\n<div id=\"gallery_3389_1\" class=\"row\">\n<div id=\"3389-image-3390\" class=\"col-xs-12 col-sm-4 col-md-4\">\n<div class=\"thumbnail\"><a href=\"https:\/\/vspoechlarn.ac.at\/wordpress\/wp-content\/uploads\/2021\/07\/DSC09459-Mittel.jpg\"><img loading=\"lazy\" decoding=\"async\" class=\"attachment-large size-large\" src=\"https:\/\/vspoechlarn.ac.at\/wordpress\/wp-content\/uploads\/2021\/07\/DSC09459-Mittel-1024x680.jpg\" sizes=\"auto, (max-width: 900px) 100vw, 900px\" srcset=\"https:\/\/vspoechlarn.ac.at\/wordpress\/wp-content\/uploads\/2021\/07\/DSC09459-Mittel-1024x680.jpg 1024w, https:\/\/vspoechlarn.ac.at\/wordpress\/wp-content\/uploads\/2021\/07\/DSC09459-Mittel-350x233.jpg 350w, https:\/\/vspoechlarn.ac.at\/wordpress\/wp-content\/uploads\/2021\/07\/DSC09459-Mittel.jpg 1156w\" alt=\"\" width=\"900\" height=\"598\" \/><\/a><\/div>\n<\/div>\n<\/div>\n<\/div>\n<\/div>\n<\/div>\n<div class=\"panel-footer entry-meta\">\n<p><small><span class=\"loop-category\"><a class=\"label label-primary\" href=\"https:\/\/vspoechlarn.ac.at\/wordpress\/category\/allgemein\/\">Startseite<\/a>\u00a0<\/span><span class=\"loop-author\">|\u00a0<span class=\"author vcard\"><a class=\"url fn n\" href=\"https:\/\/vspoechlarn.ac.at\/wordpress\/author\/wp-admin\/\">wp-admin<\/a><\/span><\/span>\u00a0<span class=\"loop-date\">|\u00a0<time class=\"entry-date published updated\" datetime=\"2021-07-05T07:54:22+02:00\">5. Juli 2021<\/time><\/span>\u00a0|\u00a0<span class=\"edit-link\"><a class=\"post-edit-link\" href=\"https:\/\/vspoechlarn.ac.at\/wordpress\/wp-admin\/post.php?post=3389&amp;action=edit\">Bearbeiten<\/a><\/span><\/small><\/p>\n<div class=\"clearfix\"><\/div>\n<\/div>\n<\/div>\n<\/article>\n<article id=\"post-3381\" class=\"loop_list post-3381 post type-post status-publish format-standard hentry category-allgemein\">\n<div class=\"panel panel-default\">\n<div class=\"panel-body clearfix\">\n<div class=\"fs-have-thumbnail\">\n<header class=\"entry-header\">\n<h4 class=\"entry-title\"><strong><a title=\"Permanentlink zu Sommergr\u00fc\u00dfe von Bgm. Franz Heisler\" href=\"https:\/\/vspoechlarn.ac.at\/wordpress\/2021\/07\/01\/sommergruesse-von-bgm-franz-heisler\/\" rel=\"bookmark\">Sommergr\u00fc\u00dfe von Bgm. Franz Heisler<\/a><\/strong><\/h4>\n<\/header>\n<div class=\"entry-content\">\n<p>Am vorletzten Schultag besuchte Bgm. Franz Heisler unsere Schulabg\u00e4nger. Mit einem Trinkglas und den besten W\u00fcnschen f\u00fcr den bevorstehenden Schulwechsel verabschiedete er sich von den M\u00e4dchen und Buben der 4. Klassen.<\/p>\n<div id=\"gallery_3381_2\" class=\"row\">\n<div id=\"3381-image-3382\" class=\"col-xs-12 col-sm-4 col-md-4\">\n<div class=\"thumbnail\"><a href=\"https:\/\/vspoechlarn.ac.at\/wordpress\/wp-content\/uploads\/2021\/07\/DSC09451-rotated.jpg\"><img loading=\"lazy\" decoding=\"async\" class=\"attachment-large size-large\" src=\"https:\/\/vspoechlarn.ac.at\/wordpress\/wp-content\/uploads\/2021\/07\/DSC09451-680x1024.jpg\" sizes=\"auto, (max-width: 680px) 100vw, 680px\" srcset=\"https:\/\/vspoechlarn.ac.at\/wordpress\/wp-content\/uploads\/2021\/07\/DSC09451-680x1024.jpg 680w, https:\/\/vspoechlarn.ac.at\/wordpress\/wp-content\/uploads\/2021\/07\/DSC09451-199x300.jpg 199w, https:\/\/vspoechlarn.ac.at\/wordpress\/wp-content\/uploads\/2021\/07\/DSC09451-1020x1536.jpg 1020w, https:\/\/vspoechlarn.ac.at\/wordpress\/wp-content\/uploads\/2021\/07\/DSC09451-1361x2048.jpg 1361w, https:\/\/vspoechlarn.ac.at\/wordpress\/wp-content\/uploads\/2021\/07\/DSC09451-rotated.jpg 717w\" alt=\"\" width=\"680\" height=\"1024\" \/><\/a><\/div>\n<\/div>\n<div id=\"3381-image-3383\" class=\"col-xs-12 col-sm-4 col-md-4\">\n<div class=\"thumbnail\"><a href=\"https:\/\/vspoechlarn.ac.at\/wordpress\/wp-content\/uploads\/2021\/07\/DSC09454-Mittel.jpg\"><img loading=\"lazy\" decoding=\"async\" class=\"attachment-large size-large\" src=\"https:\/\/vspoechlarn.ac.at\/wordpress\/wp-content\/uploads\/2021\/07\/DSC09454-Mittel-1024x680.jpg\" sizes=\"auto, (max-width: 900px) 100vw, 900px\" srcset=\"https:\/\/vspoechlarn.ac.at\/wordpress\/wp-content\/uploads\/2021\/07\/DSC09454-Mittel-1024x680.jpg 1024w, https:\/\/vspoechlarn.ac.at\/wordpress\/wp-content\/uploads\/2021\/07\/DSC09454-Mittel-350x233.jpg 350w, https:\/\/vspoechlarn.ac.at\/wordpress\/wp-content\/uploads\/2021\/07\/DSC09454-Mittel.jpg 1156w\" alt=\"\" width=\"900\" height=\"598\" \/><\/a><\/div>\n<\/div>\n<\/div>\n<\/div>\n<\/div>\n<\/div>\n<div class=\"panel-footer entry-meta\">\n<p><small><span class=\"loop-category\"><a class=\"label label-primary\" href=\"https:\/\/vspoechlarn.ac.at\/wordpress\/category\/allgemein\/\">Startseite<\/a>\u00a0<\/span><span class=\"loop-author\">|\u00a0<span class=\"author vcard\"><a class=\"url fn n\" href=\"https:\/\/vspoechlarn.ac.at\/wordpress\/author\/wp-admin\/\">wp-admin<\/a><\/span><\/span>\u00a0<span class=\"loop-date\">|\u00a0<time class=\"entry-date published updated\" datetime=\"2021-07-01T11:11:34+02:00\">1. Juli 2021<\/time><\/span>\u00a0|\u00a0<span class=\"edit-link\"><a class=\"post-edit-link\" href=\"https:\/\/vspoechlarn.ac.at\/wordpress\/wp-admin\/post.php?post=3381&amp;action=edit\">Bearbeiten<\/a><\/span><\/small><\/p>\n<div class=\"clearfix\"><\/div>\n<\/div>\n<\/div>\n<\/article>\n<article id=\"post-3379\" class=\"loop_list post-3379 post type-post status-publish format-standard hentry category-allgemein\">\n<div class=\"panel panel-default\">\n<div class=\"panel-body clearfix\">\n<div class=\"fs-have-thumbnail\">\n<header class=\"entry-header\">\n<h4 class=\"entry-title\"><strong><a title=\"Permanentlink zu Stift Melk\" href=\"https:\/\/vspoechlarn.ac.at\/wordpress\/2021\/06\/29\/stift-melk\/\" rel=\"bookmark\">Stift Melk<\/a><\/strong><\/h4>\n<\/header>\n<div class=\"entry-content\">\n<p>Die 4. Klassen besuchten am 29.6.2021 das Stift Melk.<\/p>\n<div id=\"gallery_3379_3\" class=\"row\">\n<div id=\"3379-image-3367\" class=\"col-xs-12 col-sm-4 col-md-4\">\n<div class=\"thumbnail\"><a href=\"https:\/\/vspoechlarn.ac.at\/wordpress\/wp-content\/uploads\/2021\/06\/IMG-20210629-WA0005.jpg\"><img loading=\"lazy\" decoding=\"async\" class=\"attachment-large size-large\" src=\"https:\/\/vspoechlarn.ac.at\/wordpress\/wp-content\/uploads\/2021\/06\/IMG-20210629-WA0005-768x1024.jpg\" sizes=\"auto, (max-width: 768px) 100vw, 768px\" srcset=\"https:\/\/vspoechlarn.ac.at\/wordpress\/wp-content\/uploads\/2021\/06\/IMG-20210629-WA0005-768x1024.jpg 768w, https:\/\/vspoechlarn.ac.at\/wordpress\/wp-content\/uploads\/2021\/06\/IMG-20210629-WA0005-225x300.jpg 225w, https:\/\/vspoechlarn.ac.at\/wordpress\/wp-content\/uploads\/2021\/06\/IMG-20210629-WA0005-1152x1536.jpg 1152w, https:\/\/vspoechlarn.ac.at\/wordpress\/wp-content\/uploads\/2021\/06\/IMG-20210629-WA0005.jpg 810w\" alt=\"\" width=\"768\" height=\"1024\" \/><\/a><\/div>\n<\/div>\n<\/div>\n<\/div>\n<\/div>\n<\/div>\n<div class=\"panel-footer entry-meta\">\n<p><small><span class=\"loop-category\"><a class=\"label label-primary\" href=\"https:\/\/vspoechlarn.ac.at\/wordpress\/category\/allgemein\/\">Startseite<\/a>\u00a0<\/span><span class=\"loop-author\">|\u00a0<span class=\"author vcard\"><a class=\"url fn n\" href=\"https:\/\/vspoechlarn.ac.at\/wordpress\/author\/wp-admin\/\">wp-admin<\/a><\/span><\/span>\u00a0<span class=\"loop-date\">|\u00a0<time class=\"entry-date published updated\" datetime=\"2021-06-29T13:47:30+02:00\">29. Juni 2021<\/time><\/span>\u00a0|\u00a0<span class=\"edit-link\"><a class=\"post-edit-link\" href=\"https:\/\/vspoechlarn.ac.at\/wordpress\/wp-admin\/post.php?post=3379&amp;action=edit\">Bearbeiten<\/a><\/span><\/small><\/p>\n<div class=\"clearfix\"><\/div>\n<\/div>\n<\/div>\n<\/article>\n<article id=\"post-3375\" class=\"loop_list post-3375 post type-post status-publish format-standard hentry category-allgemein\">\n<div class=\"panel panel-default\">\n<div class=\"panel-body clearfix\">\n<div class=\"fs-have-thumbnail\">\n<header class=\"entry-header\">\n<h4 class=\"entry-title\"><strong><a title=\"Permanentlink zu Waldtag der 3b\" href=\"https:\/\/vspoechlarn.ac.at\/wordpress\/2021\/06\/29\/waldtag-der-3-klassen\/\" rel=\"bookmark\">Waldtag der 3b<\/a><\/strong><\/h4>\n<\/header>\n<div class=\"entry-content\">\n<p>Am 25. Juni war auch die 3b am Hiesberg. Die Kinder erforschten den Wald und h\u00f6rten aufmerksam dem Waldp\u00e4dagogen Fritz Wolf zu, als er Tierstimmen nachmachte. Die Kinder waren mit Begeisterung dabei!<\/p>\n<div id=\"gallery_3375_4\" class=\"row\">\n<div id=\"3375-image-3373\" class=\"col-xs-12 col-sm-4 col-md-4\">\n<div class=\"thumbnail\"><a href=\"https:\/\/vspoechlarn.ac.at\/wordpress\/wp-content\/uploads\/2021\/06\/20210625_083009-scaled.jpg\"><img loading=\"lazy\" decoding=\"async\" class=\"attachment-large size-large\" src=\"https:\/\/vspoechlarn.ac.at\/wordpress\/wp-content\/uploads\/2021\/06\/20210625_083009-1024x768.jpg\" sizes=\"auto, (max-width: 900px) 100vw, 900px\" srcset=\"https:\/\/vspoechlarn.ac.at\/wordpress\/wp-content\/uploads\/2021\/06\/20210625_083009-1024x768.jpg 1024w, https:\/\/vspoechlarn.ac.at\/wordpress\/wp-content\/uploads\/2021\/06\/20210625_083009-350x263.jpg 350w, https:\/\/vspoechlarn.ac.at\/wordpress\/wp-content\/uploads\/2021\/06\/20210625_083009-1536x1152.jpg 1536w, https:\/\/vspoechlarn.ac.at\/wordpress\/wp-content\/uploads\/2021\/06\/20210625_083009-2048x1536.jpg 2048w, https:\/\/vspoechlarn.ac.at\/wordpress\/wp-content\/uploads\/2021\/06\/20210625_083009-scaled.jpg 1440w\" alt=\"\" width=\"900\" height=\"675\" \/><\/a><\/div>\n<\/div>\n<div id=\"3375-image-3371\" class=\"col-xs-12 col-sm-4 col-md-4\">\n<div class=\"thumbnail\"><a href=\"https:\/\/vspoechlarn.ac.at\/wordpress\/wp-content\/uploads\/2021\/06\/20210625_102443-scaled.jpg\"><img loading=\"lazy\" decoding=\"async\" class=\"attachment-large size-large\" src=\"https:\/\/vspoechlarn.ac.at\/wordpress\/wp-content\/uploads\/2021\/06\/20210625_102443-1024x768.jpg\" sizes=\"auto, (max-width: 900px) 100vw, 900px\" srcset=\"https:\/\/vspoechlarn.ac.at\/wordpress\/wp-content\/uploads\/2021\/06\/20210625_102443-1024x768.jpg 1024w, https:\/\/vspoechlarn.ac.at\/wordpress\/wp-content\/uploads\/2021\/06\/20210625_102443-350x263.jpg 350w, https:\/\/vspoechlarn.ac.at\/wordpress\/wp-content\/uploads\/2021\/06\/20210625_102443-1536x1152.jpg 1536w, https:\/\/vspoechlarn.ac.at\/wordpress\/wp-content\/uploads\/2021\/06\/20210625_102443-2048x1536.jpg 2048w, https:\/\/vspoechlarn.ac.at\/wordpress\/wp-content\/uploads\/2021\/06\/20210625_102443-scaled.jpg 1440w\" alt=\"\" width=\"900\" height=\"675\" \/><\/a><\/div>\n<\/div>\n<div id=\"3375-image-3370\" class=\"col-xs-12 col-sm-4 col-md-4\">\n<div class=\"thumbnail\"><a href=\"https:\/\/vspoechlarn.ac.at\/wordpress\/wp-content\/uploads\/2021\/06\/20210625_103539-scaled.jpg\"><img loading=\"lazy\" decoding=\"async\" class=\"attachment-large size-large\" src=\"https:\/\/vspoechlarn.ac.at\/wordpress\/wp-content\/uploads\/2021\/06\/20210625_103539-1024x768.jpg\" sizes=\"auto, (max-width: 900px) 100vw, 900px\" srcset=\"https:\/\/vspoechlarn.ac.at\/wordpress\/wp-content\/uploads\/2021\/06\/20210625_103539-1024x768.jpg 1024w, https:\/\/vspoechlarn.ac.at\/wordpress\/wp-content\/uploads\/2021\/06\/20210625_103539-350x263.jpg 350w, https:\/\/vspoechlarn.ac.at\/wordpress\/wp-content\/uploads\/2021\/06\/20210625_103539-1536x1152.jpg 1536w, https:\/\/vspoechlarn.ac.at\/wordpress\/wp-content\/uploads\/2021\/06\/20210625_103539-2048x1536.jpg 2048w, https:\/\/vspoechlarn.ac.at\/wordpress\/wp-content\/uploads\/2021\/06\/20210625_103539-scaled.jpg 1440w\" alt=\"\" width=\"900\" height=\"675\" \/><\/a><\/div>\n<\/div>\n<\/div>\n<p>&nbsp;<\/p>\n<\/div>\n<\/div>\n<\/div>\n<div class=\"panel-footer entry-meta\">\n<p><small><span class=\"loop-category\"><a class=\"label label-primary\" href=\"https:\/\/vspoechlarn.ac.at\/wordpress\/category\/allgemein\/\">Startseite<\/a>\u00a0<\/span><span class=\"loop-author\">|\u00a0<span class=\"author vcard\"><a class=\"url fn n\" href=\"https:\/\/vspoechlarn.ac.at\/wordpress\/author\/wp-admin\/\">wp-admin<\/a><\/span><\/span>\u00a0<span class=\"loop-date\">|\u00a0<time class=\"entry-date published updated\" datetime=\"2021-06-29T13:41:29+02:00\">29. Juni 2021<\/time><\/span>\u00a0|\u00a0<span class=\"edit-link\"><a class=\"post-edit-link\" href=\"https:\/\/vspoechlarn.ac.at\/wordpress\/wp-admin\/post.php?post=3375&amp;action=edit\">Bearbeiten<\/a><\/span><\/small><\/p>\n<div class=\"clearfix\"><\/div>\n<\/div>\n<\/div>\n<\/article>\n<article id=\"post-3372\" class=\"loop_list post-3372 post type-post status-publish format-standard hentry category-allgemein\">\n<div class=\"panel panel-default\">\n<div class=\"panel-body clearfix\">\n<div class=\"fs-have-thumbnail\">\n<header class=\"entry-header\">\n<h4 class=\"entry-title\"><strong><a title=\"Permanentlink zu Die 4b im Freibad in P\u00f6chlarn\" href=\"https:\/\/vspoechlarn.ac.at\/wordpress\/2021\/06\/29\/die-4b-im-freibad-in-poechlarn\/\" rel=\"bookmark\">Die 4b im Freibad in P\u00f6chlarn<\/a><\/strong><\/h4>\n<\/header>\n<div class=\"entry-content\">\n<p>Die 4b hatte gro\u00dfen Spa\u00df im Freibad in P\u00f6chlarn.<\/p>\n<div id=\"gallery_3372_5\" class=\"row\">\n<div id=\"3372-image-3368\" class=\"col-xs-12 col-sm-4 col-md-4\">\n<div class=\"thumbnail\"><a href=\"https:\/\/vspoechlarn.ac.at\/wordpress\/wp-content\/uploads\/2021\/06\/IMG-20210624-WA0007.jpg\"><img loading=\"lazy\" decoding=\"async\" class=\"attachment-large size-large\" src=\"https:\/\/vspoechlarn.ac.at\/wordpress\/wp-content\/uploads\/2021\/06\/IMG-20210624-WA0007-1024x768.jpg\" sizes=\"auto, (max-width: 900px) 100vw, 900px\" srcset=\"https:\/\/vspoechlarn.ac.at\/wordpress\/wp-content\/uploads\/2021\/06\/IMG-20210624-WA0007-1024x768.jpg 1024w, https:\/\/vspoechlarn.ac.at\/wordpress\/wp-content\/uploads\/2021\/06\/IMG-20210624-WA0007-350x263.jpg 350w, https:\/\/vspoechlarn.ac.at\/wordpress\/wp-content\/uploads\/2021\/06\/IMG-20210624-WA0007-1536x1152.jpg 1536w, https:\/\/vspoechlarn.ac.at\/wordpress\/wp-content\/uploads\/2021\/06\/IMG-20210624-WA0007.jpg 1440w\" alt=\"\" width=\"900\" height=\"675\" \/><\/a><\/div>\n<\/div>\n<\/div>\n<\/div>\n<\/div>\n<\/div>\n<div class=\"panel-footer entry-meta\">\n<p><small><span class=\"loop-category\"><a class=\"label label-primary\" href=\"https:\/\/vspoechlarn.ac.at\/wordpress\/category\/allgemein\/\">Startseite<\/a>\u00a0<\/span><span class=\"loop-author\">|\u00a0<span class=\"author vcard\"><a class=\"url fn n\" href=\"https:\/\/vspoechlarn.ac.at\/wordpress\/author\/wp-admin\/\">wp-admin<\/a><\/span><\/span>\u00a0<span class=\"loop-date\">|\u00a0<time class=\"entry-date published updated\" datetime=\"2021-06-29T13:37:49+02:00\">29. Juni 2021<\/time><\/span>\u00a0|\u00a0<span class=\"edit-link\"><a class=\"post-edit-link\" href=\"https:\/\/vspoechlarn.ac.at\/wordpress\/wp-admin\/post.php?post=3372&amp;action=edit\">Bearbeiten<\/a><\/span><\/small><\/p>\n<div class=\"clearfix\"><\/div>\n<\/div>\n<\/div>\n<\/article>\n<article id=\"post-3359\" class=\"loop_list post-3359 post type-post status-publish format-standard hentry category-allgemein\">\n<div class=\"panel panel-default\">\n<div class=\"panel-body clearfix\">\n<div class=\"fs-have-thumbnail\">\n<header class=\"entry-header\">\n<h4 class=\"entry-title\"><strong><a title=\"Permanentlink zu Exkursion der 4b zur Ultraschnellladestation P\u00f6chlarn\" href=\"https:\/\/vspoechlarn.ac.at\/wordpress\/2021\/06\/28\/exkursion-der-4b-zur-ultraschnellladestation-poechlarn\/\" rel=\"bookmark\">Exkursion der 4b zur Ultraschnellladestation P\u00f6chlarn<\/a><\/strong><\/h4>\n<\/header>\n<div class=\"entry-content\">\n<p>Am 28.6.2021 machten die Sch\u00fclerinnen und Sch\u00fcler der 4b einen Ausflug zur HPC (High Power Charging) \u2013 Station nach P\u00f6chlarn. Hier erfuhren die Kinder viel Interessantes zum Thema \u201eLaden von E-Autos\u201c von Herrn Ing. Karl Leisch. Zum Abschluss gab es noch eine k\u00fchle Erfrischung \u2013 vielen herzlichen Dank!<\/p>\n<div id=\"gallery_3359_6\" class=\"row\">\n<div id=\"3359-image-3363\" class=\"col-xs-12 col-sm-4 col-md-4\">\n<div class=\"thumbnail\"><a href=\"https:\/\/vspoechlarn.ac.at\/wordpress\/wp-content\/uploads\/2021\/06\/HPC-1-Mittel-1.jpg\"><img loading=\"lazy\" decoding=\"async\" class=\"attachment-large size-large\" src=\"https:\/\/vspoechlarn.ac.at\/wordpress\/wp-content\/uploads\/2021\/06\/HPC-1-Mittel-1.jpg\" sizes=\"auto, (max-width: 900px) 100vw, 900px\" srcset=\"https:\/\/vspoechlarn.ac.at\/wordpress\/wp-content\/uploads\/2021\/06\/HPC-1-Mittel-1.jpg 1024w, https:\/\/vspoechlarn.ac.at\/wordpress\/wp-content\/uploads\/2021\/06\/HPC-1-Mittel-1-350x263.jpg 350w\" alt=\"\" width=\"900\" height=\"675\" \/><\/a><\/div>\n<\/div>\n<div id=\"3359-image-3364\" class=\"col-xs-12 col-sm-4 col-md-4\">\n<div class=\"thumbnail\"><a href=\"https:\/\/vspoechlarn.ac.at\/wordpress\/wp-content\/uploads\/2021\/06\/HPC-2-Mittel-1-rotated.jpg\"><img loading=\"lazy\" decoding=\"async\" class=\"attachment-large size-large\" src=\"https:\/\/vspoechlarn.ac.at\/wordpress\/wp-content\/uploads\/2021\/06\/HPC-2-Mittel-1-rotated.jpg\" sizes=\"auto, (max-width: 768px) 100vw, 768px\" srcset=\"https:\/\/vspoechlarn.ac.at\/wordpress\/wp-content\/uploads\/2021\/06\/HPC-2-Mittel-1-rotated.jpg 768w, https:\/\/vspoechlarn.ac.at\/wordpress\/wp-content\/uploads\/2021\/06\/HPC-2-Mittel-1-225x300.jpg 225w\" alt=\"\" width=\"768\" height=\"1024\" \/><\/a><\/div>\n<\/div>\n<div id=\"3359-image-3365\" class=\"col-xs-12 col-sm-4 col-md-4\">\n<div class=\"thumbnail\"><a href=\"https:\/\/vspoechlarn.ac.at\/wordpress\/wp-content\/uploads\/2021\/06\/HPC-3-Mittel-1-rotated.jpg\"><img loading=\"lazy\" decoding=\"async\" class=\"attachment-large size-large\" src=\"https:\/\/vspoechlarn.ac.at\/wordpress\/wp-content\/uploads\/2021\/06\/HPC-3-Mittel-1-rotated.jpg\" sizes=\"auto, (max-width: 768px) 100vw, 768px\" srcset=\"https:\/\/vspoechlarn.ac.at\/wordpress\/wp-content\/uploads\/2021\/06\/HPC-3-Mittel-1-rotated.jpg 768w, https:\/\/vspoechlarn.ac.at\/wordpress\/wp-content\/uploads\/2021\/06\/HPC-3-Mittel-1-225x300.jpg 225w\" alt=\"\" width=\"768\" height=\"1024\" \/><\/a><\/div>\n<\/div>\n<\/div>\n<p>&nbsp;<\/p>\n<\/div>\n<\/div>\n<\/div>\n<div class=\"panel-footer entry-meta\">\n<p><small><span class=\"loop-category\"><a class=\"label label-primary\" href=\"https:\/\/vspoechlarn.ac.at\/wordpress\/category\/allgemein\/\">Startseite<\/a>\u00a0<\/span><span class=\"loop-author\">|\u00a0<span class=\"author vcard\"><a class=\"url fn n\" href=\"https:\/\/vspoechlarn.ac.at\/wordpress\/author\/wp-admin\/\">wp-admin<\/a><\/span><\/span>\u00a0<span class=\"loop-date\">|\u00a0<time class=\"entry-date published updated\" datetime=\"2021-06-28T12:18:48+02:00\">28. Juni 2021<\/time><\/span>\u00a0|\u00a0<span class=\"edit-link\"><a class=\"post-edit-link\" href=\"https:\/\/vspoechlarn.ac.at\/wordpress\/wp-admin\/post.php?post=3359&amp;action=edit\">Bearbeiten<\/a><\/span><\/small><\/p>\n<div class=\"clearfix\"><\/div>\n<\/div>\n<\/div>\n<\/article>\n<article id=\"post-3351\" class=\"loop_list post-3351 post type-post status-publish format-standard hentry category-allgemein\">\n<div class=\"panel panel-default\">\n<div class=\"panel-body clearfix\">\n<div class=\"fs-have-thumbnail\">\n<header class=\"entry-header\">\n<h4 class=\"entry-title\"><strong><a title=\"Permanentlink zu Blitzschachturnier\" href=\"https:\/\/vspoechlarn.ac.at\/wordpress\/2021\/06\/24\/blitzschachturnier\/\" rel=\"bookmark\">Blitzschachturnier<\/a><\/strong><\/h4>\n<\/header>\n<div class=\"entry-content\">\n<p>Die Kandidaten-Gruppe spielte in der vorletzten Woche ein abschlie\u00dfendes Blitzschachturnier. Hier konnte sich Paula Harzhauser vor David Ipek und Zeynep Y\u00fcksel durchsetzen. Wir gratulieren ganz herzlich! Preise gab es diesmal f\u00fcr alle Kinder, daf\u00fcr bedanken wir uns wieder einmal\u00a0 bei Fam. Harzhauser und Herrn Ing. Robert Gattermayer.<\/p>\n<div id=\"gallery_3351_7\" class=\"row\">\n<div id=\"3351-image-3352\" class=\"col-xs-12 col-sm-4 col-md-4\">\n<div class=\"thumbnail\"><a href=\"https:\/\/vspoechlarn.ac.at\/wordpress\/wp-content\/uploads\/2021\/06\/IMG_9493-Mittel.jpg\"><img loading=\"lazy\" decoding=\"async\" class=\"attachment-large size-large\" src=\"https:\/\/vspoechlarn.ac.at\/wordpress\/wp-content\/uploads\/2021\/06\/IMG_9493-Mittel.jpg\" sizes=\"auto, (max-width: 900px) 100vw, 900px\" srcset=\"https:\/\/vspoechlarn.ac.at\/wordpress\/wp-content\/uploads\/2021\/06\/IMG_9493-Mittel.jpg 1024w, https:\/\/vspoechlarn.ac.at\/wordpress\/wp-content\/uploads\/2021\/06\/IMG_9493-Mittel-350x263.jpg 350w\" alt=\"\" width=\"900\" height=\"675\" \/><\/a><\/div>\n<\/div>\n<\/div>\n<\/div>\n<\/div>\n<\/div>\n<div class=\"panel-footer entry-meta\">\n<p><small><span class=\"loop-category\"><a class=\"label label-primary\" href=\"https:\/\/vspoechlarn.ac.at\/wordpress\/category\/allgemein\/\">Startseite<\/a>\u00a0<\/span><span class=\"loop-author\">|\u00a0<span class=\"author vcard\"><a class=\"url fn n\" href=\"https:\/\/vspoechlarn.ac.at\/wordpress\/author\/wp-admin\/\">wp-admin<\/a><\/span><\/span>\u00a0<span class=\"loop-date\">|\u00a0<time class=\"entry-date published updated\" datetime=\"2021-06-24T08:40:19+02:00\">24. Juni 2021<\/time><\/span>\u00a0|\u00a0<span class=\"edit-link\"><a class=\"post-edit-link\" href=\"https:\/\/vspoechlarn.ac.at\/wordpress\/wp-admin\/post.php?post=3351&amp;action=edit\">Bearbeiten<\/a><\/span><\/small><\/p>\n<div class=\"clearfix\"><\/div>\n<\/div>\n<\/div>\n<\/article>\n<article id=\"post-3343\" class=\"loop_list post-3343 post type-post status-publish format-standard hentry category-allgemein\">\n<div class=\"panel panel-default\">\n<div class=\"panel-body clearfix\">\n<div class=\"fs-have-thumbnail\">\n<header class=\"entry-header\">\n<h4 class=\"entry-title\"><strong><a title=\"Permanentlink zu Meisterklasse Schach\" href=\"https:\/\/vspoechlarn.ac.at\/wordpress\/2021\/06\/24\/meisterklasse-schach\/\" rel=\"bookmark\">Meisterklasse Schach<\/a><\/strong><\/h4>\n<\/header>\n<div class=\"entry-content\">\n<p>In der Meisterklasse zog sich das Schach \u2013 Weihnachtsturnier Corona-bedingt heuer \u00fcber mehrere Monate. Schlussendlich wurde Maxi Schipfer nach \u00fcberzeugenden Spielen zum Sieger gek\u00fcrt. Auf den Pl\u00e4tzen 2 und 3 landeten Valentin M\u00fcllner und Klaus Harzhauser. F\u00fcr die tollen Pokale und Sachspenden bedanken wir uns ganz herzlich bei Familie Harzhauser und Herrn Ing. Robert Gattermayer.<\/p>\n<div id=\"gallery_3343_8\" class=\"row\">\n<div id=\"3343-image-3344\" class=\"col-xs-12 col-sm-4 col-md-4\">\n<div class=\"thumbnail\"><a href=\"https:\/\/vspoechlarn.ac.at\/wordpress\/wp-content\/uploads\/2021\/06\/DSC09446-Mittel-rotated.jpg\"><img loading=\"lazy\" decoding=\"async\" class=\"attachment-large size-large\" src=\"https:\/\/vspoechlarn.ac.at\/wordpress\/wp-content\/uploads\/2021\/06\/DSC09446-Mittel-680x1024.jpg\" sizes=\"auto, (max-width: 680px) 100vw, 680px\" srcset=\"https:\/\/vspoechlarn.ac.at\/wordpress\/wp-content\/uploads\/2021\/06\/DSC09446-Mittel-680x1024.jpg 680w, https:\/\/vspoechlarn.ac.at\/wordpress\/wp-content\/uploads\/2021\/06\/DSC09446-Mittel-199x300.jpg 199w, https:\/\/vspoechlarn.ac.at\/wordpress\/wp-content\/uploads\/2021\/06\/DSC09446-Mittel-rotated.jpg 718w\" alt=\"\" width=\"680\" height=\"1024\" \/><\/a><\/div>\n<\/div>\n<div id=\"3343-image-3345\" class=\"col-xs-12 col-sm-4 col-md-4\">\n<div class=\"thumbnail\"><a href=\"https:\/\/vspoechlarn.ac.at\/wordpress\/wp-content\/uploads\/2021\/06\/IMG_9394-Mittel.jpg\"><img loading=\"lazy\" decoding=\"async\" class=\"attachment-large size-large\" src=\"https:\/\/vspoechlarn.ac.at\/wordpress\/wp-content\/uploads\/2021\/06\/IMG_9394-Mittel.jpg\" sizes=\"auto, (max-width: 900px) 100vw, 900px\" srcset=\"https:\/\/vspoechlarn.ac.at\/wordpress\/wp-content\/uploads\/2021\/06\/IMG_9394-Mittel.jpg 1024w, https:\/\/vspoechlarn.ac.at\/wordpress\/wp-content\/uploads\/2021\/06\/IMG_9394-Mittel-350x263.jpg 350w\" alt=\"\" width=\"900\" height=\"675\" \/><\/a><\/div>\n<\/div>\n<div id=\"3343-image-3346\" class=\"col-xs-12 col-sm-4 col-md-4\">\n<div class=\"thumbnail\"><a href=\"https:\/\/vspoechlarn.ac.at\/wordpress\/wp-content\/uploads\/2021\/06\/IMG_9395-Mittel.jpg\"><img loading=\"lazy\" decoding=\"async\" class=\"attachment-large size-large\" src=\"https:\/\/vspoechlarn.ac.at\/wordpress\/wp-content\/uploads\/2021\/06\/IMG_9395-Mittel.jpg\" sizes=\"auto, (max-width: 900px) 100vw, 900px\" srcset=\"https:\/\/vspoechlarn.ac.at\/wordpress\/wp-content\/uploads\/2021\/06\/IMG_9395-Mittel.jpg 1024w, https:\/\/vspoechlarn.ac.at\/wordpress\/wp-content\/uploads\/2021\/06\/IMG_9395-Mittel-350x263.jpg 350w\" alt=\"\" width=\"900\" height=\"675\" \/><\/a><\/div>\n<\/div>\n<\/div>\n<\/div>\n<\/div>\n<\/div>\n<div class=\"panel-footer entry-meta\">\n<p><small><span class=\"loop-category\"><a class=\"label label-primary\" href=\"https:\/\/vspoechlarn.ac.at\/wordpress\/category\/allgemein\/\">Startseite<\/a>\u00a0<\/span><span class=\"loop-author\">|\u00a0<span class=\"author vcard\"><a class=\"url fn n\" href=\"https:\/\/vspoechlarn.ac.at\/wordpress\/author\/wp-admin\/\">wp-admin<\/a><\/span><\/span>\u00a0<span class=\"loop-date\">|\u00a0<time class=\"entry-date published updated\" datetime=\"2021-06-24T08:08:00+02:00\">24. Juni 2021<\/time><\/span>\u00a0|\u00a0<span class=\"edit-link\"><a class=\"post-edit-link\" href=\"https:\/\/vspoechlarn.ac.at\/wordpress\/wp-admin\/post.php?post=3343&amp;action=edit\">Bearbeiten<\/a><\/span><\/small><\/p>\n<div class=\"clearfix\"><\/div>\n<\/div>\n<\/div>\n<\/article>\n<article id=\"post-3336\" class=\"loop_list post-3336 post type-post status-publish format-standard hentry category-allgemein\">\n<div class=\"panel panel-default\">\n<div class=\"panel-body clearfix\">\n<div class=\"fs-have-thumbnail\">\n<header class=\"entry-header\">\n<h4 class=\"entry-title\"><strong><a title=\"Permanentlink zu Raiba-Malwettberb 2021\" href=\"https:\/\/vspoechlarn.ac.at\/wordpress\/2021\/06\/16\/raiba-malwettberb-2021\/\" rel=\"bookmark\">Raiba-Malwettberb 2021<\/a><\/strong><\/h4>\n<\/header>\n<div class=\"entry-content\">\n<p>In Anwesenheit von Herrn Prok. R\u00f6ster und Frau Bauer von der Raiba P\u00f6chlarn wurden die Kinder, die am heurigen Malwettbewerb teilgenommen haben, mit tollen Preisen f\u00fcr ihre Leistungen belohnt. Wir gratulieren allen Preistr\u00e4gern ganz herzlich!<\/p>\n<div id=\"gallery_3336_9\" class=\"row\">\n<div id=\"3336-image-3337\" class=\"col-xs-12 col-sm-4 col-md-4\">\n<div class=\"thumbnail\"><a href=\"https:\/\/vspoechlarn.ac.at\/wordpress\/wp-content\/uploads\/2021\/06\/DSC09439-Mittel.jpg\"><img loading=\"lazy\" decoding=\"async\" class=\"attachment-large size-large\" src=\"https:\/\/vspoechlarn.ac.at\/wordpress\/wp-content\/uploads\/2021\/06\/DSC09439-Mittel-1024x680.jpg\" sizes=\"auto, (max-width: 900px) 100vw, 900px\" srcset=\"https:\/\/vspoechlarn.ac.at\/wordpress\/wp-content\/uploads\/2021\/06\/DSC09439-Mittel-1024x680.jpg 1024w, https:\/\/vspoechlarn.ac.at\/wordpress\/wp-content\/uploads\/2021\/06\/DSC09439-Mittel-350x233.jpg 350w, https:\/\/vspoechlarn.ac.at\/wordpress\/wp-content\/uploads\/2021\/06\/DSC09439-Mittel.jpg 1156w\" alt=\"\" width=\"900\" height=\"598\" \/><\/a><\/div>\n<\/div>\n<div id=\"3336-image-3338\" class=\"col-xs-12 col-sm-4 col-md-4\">\n<div class=\"thumbnail\"><a href=\"https:\/\/vspoechlarn.ac.at\/wordpress\/wp-content\/uploads\/2021\/06\/DSC09442-Mittel.jpg\"><img loading=\"lazy\" decoding=\"async\" class=\"attachment-large size-large\" src=\"https:\/\/vspoechlarn.ac.at\/wordpress\/wp-content\/uploads\/2021\/06\/DSC09442-Mittel-1024x680.jpg\" sizes=\"auto, (max-width: 900px) 100vw, 900px\" srcset=\"https:\/\/vspoechlarn.ac.at\/wordpress\/wp-content\/uploads\/2021\/06\/DSC09442-Mittel-1024x680.jpg 1024w, https:\/\/vspoechlarn.ac.at\/wordpress\/wp-content\/uploads\/2021\/06\/DSC09442-Mittel-350x233.jpg 350w, https:\/\/vspoechlarn.ac.at\/wordpress\/wp-content\/uploads\/2021\/06\/DSC09442-Mittel.jpg 1156w\" alt=\"\" width=\"900\" height=\"598\" \/><\/a><\/div>\n<\/div>\n<\/div>\n<\/div>\n<\/div>\n<\/div>\n<div class=\"panel-footer entry-meta\">\n<p><small><span class=\"loop-category\"><a class=\"label label-primary\" href=\"https:\/\/vspoechlarn.ac.at\/wordpress\/category\/allgemein\/\">Startseite<\/a>\u00a0<\/span><span class=\"loop-author\">|\u00a0<span class=\"author vcard\"><a class=\"url fn n\" href=\"https:\/\/vspoechlarn.ac.at\/wordpress\/author\/wp-admin\/\">wp-admin<\/a><\/span><\/span>\u00a0<span class=\"loop-date\">|\u00a0<time class=\"entry-date published updated\" datetime=\"2021-06-16T11:31:10+02:00\">16. Juni 2021<\/time><\/span>\u00a0|\u00a0<span class=\"edit-link\"><a class=\"post-edit-link\" href=\"https:\/\/vspoechlarn.ac.at\/wordpress\/wp-admin\/post.php?post=3336&amp;action=edit\">Bearbeiten<\/a><\/span><\/small><\/p>\n<div class=\"clearfix\"><\/div>\n<\/div>\n<\/div>\n<\/article>\n<article id=\"post-3332\" class=\"loop_list post-3332 post type-post status-publish format-standard hentry category-allgemein\">\n<div class=\"panel panel-default\">\n<div class=\"panel-body clearfix\">\n<div class=\"fs-have-thumbnail\">\n<header class=\"entry-header\">\n<h4 class=\"entry-title\"><strong><a title=\"Permanentlink zu Simultanschach\" href=\"https:\/\/vspoechlarn.ac.at\/wordpress\/2021\/06\/15\/simultanschach\/\" rel=\"bookmark\">Simultanschach<\/a><\/strong><\/h4>\n<\/header>\n<div class=\"entry-content\">\n<p>Endlich darf auch Herr Ing. Gattermayer unseren Sch\u00fclerInnen wieder die besten Z\u00fcge imSchach n\u00e4herbringen. Beim 1. Simultanschach der Anf\u00e4ngergruppe konnte<\/p>\n<p>Elisabeth aus der 3a am l\u00e4ngsten Widerstand leisten und gewann ihren 1. Pokal. Wir gratulieren ganz herzlich!<\/p>\n<div id=\"gallery_3332_10\" class=\"row\">\n<div id=\"3332-image-3333\" class=\"col-xs-12 col-sm-4 col-md-4\">\n<div class=\"thumbnail\"><a href=\"https:\/\/vspoechlarn.ac.at\/wordpress\/wp-content\/uploads\/2021\/06\/IMG_9437-Mittel.jpg\"><img loading=\"lazy\" decoding=\"async\" class=\"attachment-large size-large\" src=\"https:\/\/vspoechlarn.ac.at\/wordpress\/wp-content\/uploads\/2021\/06\/IMG_9437-Mittel.jpg\" sizes=\"auto, (max-width: 768px) 100vw, 768px\" srcset=\"https:\/\/vspoechlarn.ac.at\/wordpress\/wp-content\/uploads\/2021\/06\/IMG_9437-Mittel.jpg 768w, https:\/\/vspoechlarn.ac.at\/wordpress\/wp-content\/uploads\/2021\/06\/IMG_9437-Mittel-225x300.jpg 225w\" alt=\"\" width=\"768\" height=\"1024\" \/><\/a><\/div>\n<\/div>\n<\/div>\n<\/div>\n<\/div>\n<\/div>\n<div class=\"panel-footer entry-meta\">\n<p><small><span class=\"loop-category\"><a class=\"label label-primary\" href=\"https:\/\/vspoechlarn.ac.at\/wordpress\/category\/allgemein\/\">Startseite<\/a>\u00a0<\/span><span class=\"loop-author\">|\u00a0<span class=\"author vcard\"><a class=\"url fn n\" href=\"https:\/\/vspoechlarn.ac.at\/wordpress\/author\/wp-admin\/\">wp-admin<\/a><\/span><\/span>\u00a0<span class=\"loop-date\">|\u00a0<time class=\"entry-date published updated\" datetime=\"2021-06-15T12:58:42+02:00\">15. Juni 2021<\/time><\/span>\u00a0|\u00a0<span class=\"edit-link\"><a class=\"post-edit-link\" href=\"https:\/\/vspoechlarn.ac.at\/wordpress\/wp-admin\/post.php?post=3332&amp;action=edit\">Bearbeiten<\/a><\/span><\/small><\/p>\n<div class=\"clearfix\"><\/div>\n<\/div>\n<\/div>\n<\/article>\n<article id=\"post-3326\" class=\"loop_list post-3326 post type-post status-publish format-standard hentry category-allgemein\">\n<div class=\"panel panel-default\">\n<div class=\"panel-body clearfix\">\n<div class=\"fs-have-thumbnail\">\n<header class=\"entry-header\">\n<h4 class=\"entry-title\"><strong><a title=\"Permanentlink zu Hinaus in die Natur\" href=\"https:\/\/vspoechlarn.ac.at\/wordpress\/2021\/06\/15\/hinaus-in-die-natur\/\" rel=\"bookmark\">Hinaus in die Natur<\/a><\/strong><\/h4>\n<\/header>\n<div class=\"entry-content\">\n<p>Am Freitag machte die 3a den ersten Ausflug seit langer Zeit. Mit dem Bus ging es zum Hiesberg, wo F\u00f6rster Fritz Wolf die Kinder bereits erwartete.<\/p>\n<p>4 Stunden wurde der Wald erforscht, gespielt , gelacht und Bewegung an der frischen Luft gemacht.<\/p>\n<div id=\"gallery_3326_11\" class=\"row\">\n<div id=\"3326-image-3327\" class=\"col-xs-12 col-sm-3 col-md-3\">\n<div class=\"thumbnail\"><a href=\"https:\/\/vspoechlarn.ac.at\/wordpress\/wp-content\/uploads\/2021\/06\/DSC09372-Mittel-rotated.jpg\"><img loading=\"lazy\" decoding=\"async\" class=\"attachment-large size-large\" src=\"https:\/\/vspoechlarn.ac.at\/wordpress\/wp-content\/uploads\/2021\/06\/DSC09372-Mittel-680x1024.jpg\" sizes=\"auto, (max-width: 680px) 100vw, 680px\" srcset=\"https:\/\/vspoechlarn.ac.at\/wordpress\/wp-content\/uploads\/2021\/06\/DSC09372-Mittel-680x1024.jpg 680w, https:\/\/vspoechlarn.ac.at\/wordpress\/wp-content\/uploads\/2021\/06\/DSC09372-Mittel-199x300.jpg 199w, https:\/\/vspoechlarn.ac.at\/wordpress\/wp-content\/uploads\/2021\/06\/DSC09372-Mittel-rotated.jpg 718w\" alt=\"\" width=\"680\" height=\"1024\" \/><\/a><\/div>\n<\/div>\n<div id=\"3326-image-3328\" class=\"col-xs-12 col-sm-3 col-md-3\">\n<div class=\"thumbnail\"><a href=\"https:\/\/vspoechlarn.ac.at\/wordpress\/wp-content\/uploads\/2021\/06\/DSC09377-Mittel.jpg\"><img loading=\"lazy\" decoding=\"async\" class=\"attachment-large size-large\" src=\"https:\/\/vspoechlarn.ac.at\/wordpress\/wp-content\/uploads\/2021\/06\/DSC09377-Mittel-1024x680.jpg\" sizes=\"auto, (max-width: 900px) 100vw, 900px\" srcset=\"https:\/\/vspoechlarn.ac.at\/wordpress\/wp-content\/uploads\/2021\/06\/DSC09377-Mittel-1024x680.jpg 1024w, https:\/\/vspoechlarn.ac.at\/wordpress\/wp-content\/uploads\/2021\/06\/DSC09377-Mittel-350x233.jpg 350w, https:\/\/vspoechlarn.ac.at\/wordpress\/wp-content\/uploads\/2021\/06\/DSC09377-Mittel.jpg 1156w\" alt=\"\" width=\"900\" height=\"598\" \/><\/a><\/div>\n<\/div>\n<div id=\"3326-image-3329\" class=\"col-xs-12 col-sm-3 col-md-3\">\n<div class=\"thumbnail\"><a href=\"https:\/\/vspoechlarn.ac.at\/wordpress\/wp-content\/uploads\/2021\/06\/DSC09383-Mittel.jpg\"><img loading=\"lazy\" decoding=\"async\" class=\"attachment-large size-large\" src=\"https:\/\/vspoechlarn.ac.at\/wordpress\/wp-content\/uploads\/2021\/06\/DSC09383-Mittel-1024x680.jpg\" sizes=\"auto, (max-width: 900px) 100vw, 900px\" srcset=\"https:\/\/vspoechlarn.ac.at\/wordpress\/wp-content\/uploads\/2021\/06\/DSC09383-Mittel-1024x680.jpg 1024w, https:\/\/vspoechlarn.ac.at\/wordpress\/wp-content\/uploads\/2021\/06\/DSC09383-Mittel-350x233.jpg 350w, https:\/\/vspoechlarn.ac.at\/wordpress\/wp-content\/uploads\/2021\/06\/DSC09383-Mittel.jpg 1156w\" alt=\"\" width=\"900\" height=\"598\" \/><\/a><\/div>\n<\/div>\n<div id=\"3326-image-3330\" class=\"col-xs-12 col-sm-3 col-md-3\">\n<div class=\"thumbnail\"><a href=\"https:\/\/vspoechlarn.ac.at\/wordpress\/wp-content\/uploads\/2021\/06\/DSC09396-Mittel.jpg\"><img loading=\"lazy\" decoding=\"async\" class=\"attachment-large size-large\" src=\"https:\/\/vspoechlarn.ac.at\/wordpress\/wp-content\/uploads\/2021\/06\/DSC09396-Mittel-1024x680.jpg\" sizes=\"auto, (max-width: 900px) 100vw, 900px\" srcset=\"https:\/\/vspoechlarn.ac.at\/wordpress\/wp-content\/uploads\/2021\/06\/DSC09396-Mittel-1024x680.jpg 1024w, https:\/\/vspoechlarn.ac.at\/wordpress\/wp-content\/uploads\/2021\/06\/DSC09396-Mittel-350x233.jpg 350w, https:\/\/vspoechlarn.ac.at\/wordpress\/wp-content\/uploads\/2021\/06\/DSC09396-Mittel.jpg 1156w\" alt=\"\" width=\"900\" height=\"598\" \/><\/a><\/div>\n<\/div>\n<\/div>\n<p>&nbsp;<\/p>\n<\/div>\n<\/div>\n<\/div>\n<div class=\"panel-footer entry-meta\">\n<p><small><span class=\"loop-category\"><a class=\"label label-primary\" href=\"https:\/\/vspoechlarn.ac.at\/wordpress\/category\/allgemein\/\">Startseite<\/a>\u00a0<\/span><span class=\"loop-author\">|\u00a0<span class=\"author vcard\"><a class=\"url fn n\" href=\"https:\/\/vspoechlarn.ac.at\/wordpress\/author\/wp-admin\/\">wp-admin<\/a><\/span><\/span>\u00a0<span class=\"loop-date\">|\u00a0<time class=\"entry-date published updated\" datetime=\"2021-06-15T11:23:17+02:00\">15. Juni 2021<\/time><\/span>\u00a0|\u00a0<span class=\"edit-link\"><a class=\"post-edit-link\" href=\"https:\/\/vspoechlarn.ac.at\/wordpress\/wp-admin\/post.php?post=3326&amp;action=edit\">Bearbeiten<\/a><\/span><\/small><\/p>\n<div class=\"clearfix\"><\/div>\n<\/div>\n<\/div>\n<\/article>\n<article id=\"post-3321\" class=\"loop_list post-3321 post type-post status-publish format-standard hentry category-allgemein\">\n<div class=\"panel panel-default\">\n<div class=\"panel-body clearfix\">\n<div class=\"fs-have-thumbnail\">\n<header class=\"entry-header\">\n<h4 class=\"entry-title\"><strong><a title=\"Permanentlink zu Neuer Spielplatz an der Donau\" href=\"https:\/\/vspoechlarn.ac.at\/wordpress\/2021\/06\/02\/neuer-spielplatz-an-der-donau\/\" rel=\"bookmark\">Neuer Spielplatz an der Donau<\/a><\/strong><\/h4>\n<\/header>\n<div class=\"entry-content\">\n<p>Mit gro\u00dfer Begeisterung turnten und kletterten die Kinder der 2b Klasse gestern erstmals auf dem neuen Spielplatz.<\/p>\n<div id=\"gallery_3321_12\" class=\"row\">\n<div id=\"3321-image-3322\" class=\"col-xs-12 col-sm-4 col-md-4\">\n<div class=\"thumbnail\"><a href=\"https:\/\/vspoechlarn.ac.at\/wordpress\/wp-content\/uploads\/2021\/06\/IMG_9373-Mittel.jpg\"><img loading=\"lazy\" decoding=\"async\" class=\"attachment-large size-large\" src=\"https:\/\/vspoechlarn.ac.at\/wordpress\/wp-content\/uploads\/2021\/06\/IMG_9373-Mittel.jpg\" sizes=\"auto, (max-width: 900px) 100vw, 900px\" srcset=\"https:\/\/vspoechlarn.ac.at\/wordpress\/wp-content\/uploads\/2021\/06\/IMG_9373-Mittel.jpg 1024w, https:\/\/vspoechlarn.ac.at\/wordpress\/wp-content\/uploads\/2021\/06\/IMG_9373-Mittel-350x263.jpg 350w\" alt=\"\" width=\"900\" height=\"675\" \/><\/a><\/div>\n<\/div>\n<div id=\"3321-image-3323\" class=\"col-xs-12 col-sm-4 col-md-4\">\n<div class=\"thumbnail\"><a href=\"https:\/\/vspoechlarn.ac.at\/wordpress\/wp-content\/uploads\/2021\/06\/IMG_9377-Mittel.jpg\"><img loading=\"lazy\" decoding=\"async\" class=\"attachment-large size-large\" src=\"https:\/\/vspoechlarn.ac.at\/wordpress\/wp-content\/uploads\/2021\/06\/IMG_9377-Mittel.jpg\" sizes=\"auto, (max-width: 900px) 100vw, 900px\" srcset=\"https:\/\/vspoechlarn.ac.at\/wordpress\/wp-content\/uploads\/2021\/06\/IMG_9377-Mittel.jpg 1024w, https:\/\/vspoechlarn.ac.at\/wordpress\/wp-content\/uploads\/2021\/06\/IMG_9377-Mittel-350x263.jpg 350w\" alt=\"\" width=\"900\" height=\"675\" \/><\/a><\/div>\n<\/div>\n<\/div>\n<\/div>\n<\/div>\n<\/div>\n<div class=\"panel-footer entry-meta\">\n<p><small><span class=\"loop-category\"><a class=\"label label-primary\" href=\"https:\/\/vspoechlarn.ac.at\/wordpress\/category\/allgemein\/\">Startseite<\/a>\u00a0<\/span><span class=\"loop-author\">|\u00a0<span class=\"author vcard\"><a class=\"url fn n\" href=\"https:\/\/vspoechlarn.ac.at\/wordpress\/author\/wp-admin\/\">wp-admin<\/a><\/span><\/span>\u00a0<span class=\"loop-date\">|\u00a0<time class=\"entry-date published updated\" datetime=\"2021-06-02T12:09:11+02:00\">2. Juni 2021<\/time><\/span>\u00a0|\u00a0<span class=\"edit-link\"><a class=\"post-edit-link\" href=\"https:\/\/vspoechlarn.ac.at\/wordpress\/wp-admin\/post.php?post=3321&amp;action=edit\">Bearbeiten<\/a><\/span><\/small><\/p>\n<div class=\"clearfix\"><\/div>\n<\/div>\n<\/div>\n<\/article>\n<article id=\"post-3318\" class=\"loop_list post-3318 post type-post status-publish format-standard hentry category-allgemein\">\n<div class=\"panel panel-default\">\n<div class=\"panel-body clearfix\">\n<div class=\"fs-have-thumbnail\">\n<header class=\"entry-header\">\n<h4 class=\"entry-title\"><strong><a title=\"Permanentlink zu Singklasse\" href=\"https:\/\/vspoechlarn.ac.at\/wordpress\/2021\/06\/02\/singklasse\/\" rel=\"bookmark\">Singklasse<\/a><\/strong><\/h4>\n<\/header>\n<div class=\"entry-content\">\n<p>Endlich d\u00fcrfen die Kinder der Singklassen (im Bild die 2b Klasse) wieder mit Mag. Ulrike Weidinger singen!<\/p>\n<div id=\"gallery_3318_13\" class=\"row\">\n<div id=\"3318-image-3319\" class=\"col-xs-12 col-sm-4 col-md-4\">\n<div class=\"thumbnail\"><a href=\"https:\/\/vspoechlarn.ac.at\/wordpress\/wp-content\/uploads\/2021\/06\/IMG_9332-Mittel.jpg\"><img loading=\"lazy\" decoding=\"async\" class=\"attachment-large size-large\" src=\"https:\/\/vspoechlarn.ac.at\/wordpress\/wp-content\/uploads\/2021\/06\/IMG_9332-Mittel.jpg\" sizes=\"auto, (max-width: 900px) 100vw, 900px\" srcset=\"https:\/\/vspoechlarn.ac.at\/wordpress\/wp-content\/uploads\/2021\/06\/IMG_9332-Mittel.jpg 1024w, https:\/\/vspoechlarn.ac.at\/wordpress\/wp-content\/uploads\/2021\/06\/IMG_9332-Mittel-350x263.jpg 350w\" alt=\"\" width=\"900\" height=\"675\" \/><\/a><\/div>\n<\/div>\n<\/div>\n<p>&nbsp;<\/p>\n<\/div>\n<\/div>\n<\/div>\n<div class=\"panel-footer entry-meta\">\n<p><small><span class=\"loop-category\"><a class=\"label label-primary\" href=\"https:\/\/vspoechlarn.ac.at\/wordpress\/category\/allgemein\/\">Startseite<\/a>\u00a0<\/span><span class=\"loop-author\">|\u00a0<span class=\"author vcard\"><a class=\"url fn n\" href=\"https:\/\/vspoechlarn.ac.at\/wordpress\/author\/wp-admin\/\">wp-admin<\/a><\/span><\/span>\u00a0<span class=\"loop-date\">|\u00a0<time class=\"entry-date published updated\" datetime=\"2021-06-02T12:07:08+02:00\">2. Juni 2021<\/time><\/span>\u00a0|\u00a0<span class=\"edit-link\"><a class=\"post-edit-link\" href=\"https:\/\/vspoechlarn.ac.at\/wordpress\/wp-admin\/post.php?post=3318&amp;action=edit\">Bearbeiten<\/a><\/span><\/small><\/p>\n<div class=\"clearfix\"><\/div>\n<\/div>\n<\/div>\n<\/article>\n<article id=\"post-3312\" class=\"loop_list post-3312 post type-post status-publish format-standard hentry category-allgemein\">\n<div class=\"panel panel-default\">\n<div class=\"panel-body clearfix\">\n<div class=\"fs-have-thumbnail\">\n<header class=\"entry-header\">\n<h4 class=\"entry-title\"><strong><a title=\"Permanentlink zu Alles Gute zum Muttertag!\" href=\"https:\/\/vspoechlarn.ac.at\/wordpress\/2021\/05\/10\/alles-gute-zum-muttertag\/\" rel=\"bookmark\">Alles Gute zum Muttertag!<\/a><\/strong><\/h4>\n<\/header>\n<div class=\"entry-content\">\n<p>Mit wundersch\u00f6nen Keramiken \u00fcberraschten die Kinder der 4a heuer ihre Muttis zum Muttertag.<\/p>\n<div id=\"gallery_3312_14\" class=\"row\">\n<div id=\"3312-image-3313\" class=\"col-xs-12 col-sm-6 col-md-6\">\n<div class=\"thumbnail\"><a href=\"https:\/\/vspoechlarn.ac.at\/wordpress\/wp-content\/uploads\/2021\/05\/20210428_124543-Mittel.jpg\"><img loading=\"lazy\" decoding=\"async\" class=\"attachment-large size-large\" src=\"https:\/\/vspoechlarn.ac.at\/wordpress\/wp-content\/uploads\/2021\/05\/20210428_124543-Mittel-1024x472.jpg\" sizes=\"auto, (max-width: 900px) 100vw, 900px\" srcset=\"https:\/\/vspoechlarn.ac.at\/wordpress\/wp-content\/uploads\/2021\/05\/20210428_124543-Mittel-1024x472.jpg 1024w, https:\/\/vspoechlarn.ac.at\/wordpress\/wp-content\/uploads\/2021\/05\/20210428_124543-Mittel-350x161.jpg 350w, https:\/\/vspoechlarn.ac.at\/wordpress\/wp-content\/uploads\/2021\/05\/20210428_124543-Mittel.jpg 1366w\" alt=\"\" width=\"900\" height=\"415\" \/><\/a><\/div>\n<\/div>\n<\/div>\n<\/div>\n<\/div>\n<\/div>\n<div class=\"panel-footer entry-meta\">\n<p><small><span class=\"loop-category\"><a class=\"label label-primary\" href=\"https:\/\/vspoechlarn.ac.at\/wordpress\/category\/allgemein\/\">Startseite<\/a>\u00a0<\/span><span class=\"loop-author\">|\u00a0<span class=\"author vcard\"><a class=\"url fn n\" href=\"https:\/\/vspoechlarn.ac.at\/wordpress\/author\/wp-admin\/\">wp-admin<\/a><\/span><\/span>\u00a0<span class=\"loop-date\">|\u00a0<time class=\"entry-date published updated\" datetime=\"2021-05-10T10:45:55+02:00\">10. Mai 2021<\/time><\/span>\u00a0|\u00a0<span class=\"edit-link\"><a class=\"post-edit-link\" href=\"https:\/\/vspoechlarn.ac.at\/wordpress\/wp-admin\/post.php?post=3312&amp;action=edit\">Bearbeiten<\/a><\/span><\/small><\/p>\n<div class=\"clearfix\"><\/div>\n<\/div>\n<\/div>\n<\/article>\n<article id=\"post-3304\" class=\"loop_list post-3304 post type-post status-publish format-standard hentry category-allgemein\">\n<div class=\"panel panel-default\">\n<div class=\"panel-body clearfix\">\n<div class=\"fs-have-thumbnail\">\n<header class=\"entry-header\">\n<h4 class=\"entry-title\"><strong><a title=\"Permanentlink zu Schleifen binden\" href=\"https:\/\/vspoechlarn.ac.at\/wordpress\/2021\/05\/06\/schleifen-binden\/\" rel=\"bookmark\">Schleifen binden<\/a><\/strong><\/h4>\n<\/header>\n<div class=\"entry-content\">\n<p>Die Kinder der Vorschulgruppe erlernten in dieser Woche das Binden einer Schleife bzw. eines Schn\u00fcrsenkels. Alle Sch\u00fclerinnen und Sch\u00fcler waren mit gro\u00dfem Eifer bei der Sache. Das Schuhebinden wird nun in Zukunft kein Problem mehr darstellen!<\/p>\n<div id=\"gallery_3304_15\" class=\"row\">\n<div id=\"3304-image-3305\" class=\"col-xs-12 col-sm-4 col-md-4\">\n<div class=\"thumbnail\"><a href=\"https:\/\/vspoechlarn.ac.at\/wordpress\/wp-content\/uploads\/2021\/05\/Schuhband-1-Mittel.jpeg\"><img loading=\"lazy\" decoding=\"async\" class=\"attachment-large size-large\" src=\"https:\/\/vspoechlarn.ac.at\/wordpress\/wp-content\/uploads\/2021\/05\/Schuhband-1-Mittel.jpeg\" sizes=\"auto, (max-width: 900px) 100vw, 900px\" srcset=\"https:\/\/vspoechlarn.ac.at\/wordpress\/wp-content\/uploads\/2021\/05\/Schuhband-1-Mittel.jpeg 1024w, https:\/\/vspoechlarn.ac.at\/wordpress\/wp-content\/uploads\/2021\/05\/Schuhband-1-Mittel-350x263.jpeg 350w\" alt=\"\" width=\"900\" height=\"675\" \/><\/a><\/div>\n<\/div>\n<\/div>\n<\/div>\n<\/div>\n<\/div>\n<div class=\"panel-footer entry-meta\">\n<p><small><span class=\"loop-category\"><a class=\"label label-primary\" href=\"https:\/\/vspoechlarn.ac.at\/wordpress\/category\/allgemein\/\">Startseite<\/a>\u00a0<\/span><span class=\"loop-author\">|\u00a0<span class=\"author vcard\"><a class=\"url fn n\" href=\"https:\/\/vspoechlarn.ac.at\/wordpress\/author\/wp-admin\/\">wp-admin<\/a><\/span><\/span>\u00a0<span class=\"loop-date\">|\u00a0<time class=\"entry-date published updated\" datetime=\"2021-05-06T08:10:08+02:00\">6. Mai 2021<\/time><\/span>\u00a0|\u00a0<span class=\"edit-link\"><a class=\"post-edit-link\" href=\"https:\/\/vspoechlarn.ac.at\/wordpress\/wp-admin\/post.php?post=3304&amp;action=edit\">Bearbeiten<\/a><\/span><\/small><\/p>\n<div class=\"clearfix\"><\/div>\n<\/div>\n<\/div>\n<\/article>\n<article id=\"post-3290\" class=\"loop_list post-3290 post type-post status-publish format-standard hentry category-allgemein\">\n<div class=\"panel panel-default\">\n<div class=\"panel-body clearfix\">\n<div class=\"fs-have-thumbnail\">\n<header class=\"entry-header\">\n<h4 class=\"entry-title\"><strong><a title=\"Permanentlink zu Neu im Team der Nachmittagsbetreuung\" href=\"https:\/\/vspoechlarn.ac.at\/wordpress\/2021\/04\/22\/neu-im-team-der-nachmittagsbetreuung\/\" rel=\"bookmark\">Neu im Team der Nachmittagsbetreuung<\/a><\/strong><\/h4>\n<\/header>\n<div class=\"entry-content\">\n<p>Am 6.4.2021 hat die Sozial- und Reitp\u00e4dagogin Marlene Michl den Platz von Hermine Stranz im Team unserer Nachmittagsbetreuung eingenommen. Wir w\u00fcnschen viel Freude und gutes Gelingen!<\/p>\n<div id=\"gallery_3290_16\" class=\"row\">\n<div id=\"3290-image-3291\" class=\"col-xs-12 col-sm-4 col-md-4\">\n<div class=\"thumbnail\"><a href=\"https:\/\/vspoechlarn.ac.at\/wordpress\/wp-content\/uploads\/2021\/04\/michl.jpg\"><img loading=\"lazy\" decoding=\"async\" class=\"attachment-large size-large\" src=\"https:\/\/vspoechlarn.ac.at\/wordpress\/wp-content\/uploads\/2021\/04\/michl.jpg\" sizes=\"auto, (max-width: 424px) 100vw, 424px\" srcset=\"https:\/\/vspoechlarn.ac.at\/wordpress\/wp-content\/uploads\/2021\/04\/michl.jpg 424w, https:\/\/vspoechlarn.ac.at\/wordpress\/wp-content\/uploads\/2021\/04\/michl-237x300.jpg 237w\" alt=\"\" width=\"424\" height=\"537\" \/><\/a><\/div>\n<\/div>\n<\/div>\n<\/div>\n<\/div>\n<\/div>\n<div class=\"panel-footer entry-meta\">\n<p><small><span class=\"loop-category\"><a class=\"label label-primary\" href=\"https:\/\/vspoechlarn.ac.at\/wordpress\/category\/allgemein\/\">Startseite<\/a>\u00a0<\/span><span class=\"loop-author\">|\u00a0<span class=\"author vcard\"><a class=\"url fn n\" href=\"https:\/\/vspoechlarn.ac.at\/wordpress\/author\/wp-admin\/\">wp-admin<\/a><\/span><\/span>\u00a0<span class=\"loop-date\">|\u00a0<time class=\"entry-date published updated\" datetime=\"2021-04-22T12:03:50+02:00\">22. April 2021<\/time><\/span>\u00a0|\u00a0<span class=\"edit-link\"><a class=\"post-edit-link\" href=\"https:\/\/vspoechlarn.ac.at\/wordpress\/wp-admin\/post.php?post=3290&amp;action=edit\">Bearbeiten<\/a><\/span><\/small><\/p>\n<div class=\"clearfix\"><\/div>\n<\/div>\n<\/div>\n<\/article>\n<article id=\"post-3283\" class=\"loop_list post-3283 post type-post status-publish format-standard hentry category-allgemein\">\n<div class=\"panel panel-default\">\n<div class=\"panel-body clearfix\">\n<div class=\"fs-have-thumbnail\">\n<header class=\"entry-header\">\n<h4 class=\"entry-title\"><strong><a title=\"Permanentlink zu Time to say goodbye\" href=\"https:\/\/vspoechlarn.ac.at\/wordpress\/2021\/04\/14\/time-to-say-goodbye\/\" rel=\"bookmark\">Time to say goodbye<\/a><\/strong><\/h4>\n<\/header>\n<div class=\"entry-content\">\n<p>Wie im Nu vergingen die letzten Jahre und so verabschiedete sich eine langj\u00e4hrige Wegbegleiterin kurz vor Ostern in den wohlverdienten Ruhestand. Hermine Stranz hat sich lange gemeinsam mit Inge Zeinzinger liebevoll um unsere Nachmittagsbetreuungskinder gek\u00fcmmert. F\u00fcr die hervorragende Arbeit bedankten sich zum Abschied Bgm. Franz Heisler und VD Thomas Krancan ganz herzlich. Wir w\u00fcnschen unserer Hermine f\u00fcr den neuen Lebensabschnitt alles Gute!<\/p>\n<div id=\"gallery_3283_17\" class=\"row\">\n<div id=\"3283-image-3284\" class=\"col-xs-12 col-sm-4 col-md-4\">\n<div class=\"thumbnail\"><a href=\"https:\/\/vspoechlarn.ac.at\/wordpress\/wp-content\/uploads\/2021\/04\/IMG_9132-Mittel.jpg\"><img loading=\"lazy\" decoding=\"async\" class=\"attachment-large size-large\" src=\"https:\/\/vspoechlarn.ac.at\/wordpress\/wp-content\/uploads\/2021\/04\/IMG_9132-Mittel.jpg\" sizes=\"auto, (max-width: 900px) 100vw, 900px\" srcset=\"https:\/\/vspoechlarn.ac.at\/wordpress\/wp-content\/uploads\/2021\/04\/IMG_9132-Mittel.jpg 1024w, https:\/\/vspoechlarn.ac.at\/wordpress\/wp-content\/uploads\/2021\/04\/IMG_9132-Mittel-350x263.jpg 350w\" alt=\"\" width=\"900\" height=\"675\" \/><\/a><\/div>\n<\/div>\n<div id=\"3283-image-3285\" class=\"col-xs-12 col-sm-4 col-md-4\">\n<div class=\"thumbnail\"><a href=\"https:\/\/vspoechlarn.ac.at\/wordpress\/wp-content\/uploads\/2021\/04\/IMG_9133-Mittel.jpg\"><img loading=\"lazy\" decoding=\"async\" class=\"attachment-large size-large\" src=\"https:\/\/vspoechlarn.ac.at\/wordpress\/wp-content\/uploads\/2021\/04\/IMG_9133-Mittel.jpg\" sizes=\"auto, (max-width: 768px) 100vw, 768px\" srcset=\"https:\/\/vspoechlarn.ac.at\/wordpress\/wp-content\/uploads\/2021\/04\/IMG_9133-Mittel.jpg 768w, https:\/\/vspoechlarn.ac.at\/wordpress\/wp-content\/uploads\/2021\/04\/IMG_9133-Mittel-225x300.jpg 225w\" alt=\"\" width=\"768\" height=\"1024\" \/><\/a><\/div>\n<\/div>\n<\/div>\n<p>&nbsp;<\/p>\n<\/div>\n<\/div>\n<\/div>\n<div class=\"panel-footer entry-meta\">\n<p><small><span class=\"loop-category\"><a class=\"label label-primary\" href=\"https:\/\/vspoechlarn.ac.at\/wordpress\/category\/allgemein\/\">Startseite<\/a>\u00a0<\/span><span class=\"loop-author\">|\u00a0<span class=\"author vcard\"><a class=\"url fn n\" href=\"https:\/\/vspoechlarn.ac.at\/wordpress\/author\/wp-admin\/\">wp-admin<\/a><\/span><\/span>\u00a0<span class=\"loop-date\">|\u00a0<time class=\"entry-date published updated\" datetime=\"2021-04-14T11:59:02+02:00\">14. April 2021<\/time><\/span>\u00a0|\u00a0<span class=\"edit-link\"><a class=\"post-edit-link\" href=\"https:\/\/vspoechlarn.ac.at\/wordpress\/wp-admin\/post.php?post=3283&amp;action=edit\">Bearbeiten<\/a><\/span><\/small><\/p>\n<div class=\"clearfix\"><\/div>\n<\/div>\n<\/div>\n<\/article>\n<article id=\"post-3278\" class=\"loop_list post-3278 post type-post status-publish format-standard hentry category-allgemein\">\n<div class=\"panel panel-default\">\n<div class=\"panel-body clearfix\">\n<div class=\"fs-have-thumbnail\">\n<header class=\"entry-header\">\n<h4 class=\"entry-title\"><strong><a title=\"Permanentlink zu Mein Federpennal ist fertig!\" href=\"https:\/\/vspoechlarn.ac.at\/wordpress\/2021\/04\/09\/mein-federpennal-ist-fertig\/\" rel=\"bookmark\">Mein Federpennal ist fertig!<\/a><\/strong><\/h4>\n<\/header>\n<div class=\"entry-content\">\n<p>In m\u00fchevoller Arbeit stellten die Kinder der 4a Klasse diese wundersch\u00f6nen Federpennale her!<\/p>\n<p>Gratulation!<\/p>\n<div id=\"gallery_3278_18\" class=\"row\">\n<div id=\"3278-image-3279\" class=\"col-xs-12 col-sm-4 col-md-4\">\n<div class=\"thumbnail\"><a href=\"https:\/\/vspoechlarn.ac.at\/wordpress\/wp-content\/uploads\/2021\/04\/IMG_9172-Mittel.jpg\"><img loading=\"lazy\" decoding=\"async\" class=\"attachment-large size-large\" src=\"https:\/\/vspoechlarn.ac.at\/wordpress\/wp-content\/uploads\/2021\/04\/IMG_9172-Mittel.jpg\" sizes=\"auto, (max-width: 900px) 100vw, 900px\" srcset=\"https:\/\/vspoechlarn.ac.at\/wordpress\/wp-content\/uploads\/2021\/04\/IMG_9172-Mittel.jpg 1024w, https:\/\/vspoechlarn.ac.at\/wordpress\/wp-content\/uploads\/2021\/04\/IMG_9172-Mittel-350x263.jpg 350w\" alt=\"\" width=\"900\" height=\"675\" \/><\/a><\/div>\n<\/div>\n<\/div>\n<\/div>\n<\/div>\n<\/div>\n<div class=\"panel-footer entry-meta\">\n<p><small><span class=\"loop-category\"><a class=\"label label-primary\" href=\"https:\/\/vspoechlarn.ac.at\/wordpress\/category\/allgemein\/\">Startseite<\/a>\u00a0<\/span><span class=\"loop-author\">|\u00a0<span class=\"author vcard\"><a class=\"url fn n\" href=\"https:\/\/vspoechlarn.ac.at\/wordpress\/author\/wp-admin\/\">wp-admin<\/a><\/span><\/span>\u00a0<span class=\"loop-date\">|\u00a0<time class=\"entry-date published updated\" datetime=\"2021-04-09T11:05:33+02:00\">9. April 2021<\/time><\/span>\u00a0|\u00a0<span class=\"edit-link\"><a class=\"post-edit-link\" href=\"https:\/\/vspoechlarn.ac.at\/wordpress\/wp-admin\/post.php?post=3278&amp;action=edit\">Bearbeiten<\/a><\/span><\/small><\/p>\n<div class=\"clearfix\"><\/div>\n<\/div>\n<\/div>\n<\/article>\n<article id=\"post-3271\" class=\"loop_list post-3271 post type-post status-publish format-standard hentry category-allgemein\">\n<div class=\"panel panel-default\">\n<div class=\"panel-body clearfix\">\n<div class=\"fs-have-thumbnail\">\n<header class=\"entry-header\">\n<h4 class=\"entry-title\"><strong><a title=\"Permanentlink zu Der Fr\u00fchling zieht ins Land\" href=\"https:\/\/vspoechlarn.ac.at\/wordpress\/2021\/03\/25\/da-wird-fleissig-bestickt\/\" rel=\"bookmark\">Der Fr\u00fchling zieht ins Land<\/a><\/strong><\/h4>\n<\/header>\n<div class=\"entry-content\">\n<p>Nachdem in der 4a in den letzten Wochen alle Arten der Stick-Stiche gelernt wurden, haben die Kinder in m\u00fchevoller Arbeit diesen gro\u00dfartigen Fr\u00fchlingswandteppich gestaltet.<\/p>\n<div id=\"gallery_3271_19\" class=\"row\">\n<div id=\"3271-image-3272\" class=\"col-xs-12 col-sm-12 col-md-12\">\n<div class=\"thumbnail\"><a href=\"https:\/\/vspoechlarn.ac.at\/wordpress\/wp-content\/uploads\/2021\/03\/hasen-Mittel.jpg\"><img loading=\"lazy\" decoding=\"async\" class=\"attachment-large size-large\" src=\"https:\/\/vspoechlarn.ac.at\/wordpress\/wp-content\/uploads\/2021\/03\/hasen-Mittel-1024x271.jpg\" sizes=\"auto, (max-width: 900px) 100vw, 900px\" srcset=\"https:\/\/vspoechlarn.ac.at\/wordpress\/wp-content\/uploads\/2021\/03\/hasen-Mittel-1024x271.jpg 1024w, https:\/\/vspoechlarn.ac.at\/wordpress\/wp-content\/uploads\/2021\/03\/hasen-Mittel-350x92.jpg 350w, https:\/\/vspoechlarn.ac.at\/wordpress\/wp-content\/uploads\/2021\/03\/hasen-Mittel.jpg 1366w\" alt=\"\" width=\"900\" height=\"238\" \/><\/a><\/div>\n<\/div>\n<\/div>\n<p>&nbsp;<\/p>\n<\/div>\n<\/div>\n<\/div>\n<div class=\"panel-footer entry-meta\">\n<p><small><span class=\"loop-category\"><a class=\"label label-primary\" href=\"https:\/\/vspoechlarn.ac.at\/wordpress\/category\/allgemein\/\">Startseite<\/a>\u00a0<\/span><span class=\"loop-author\">|\u00a0<span class=\"author vcard\"><a class=\"url fn n\" href=\"https:\/\/vspoechlarn.ac.at\/wordpress\/author\/wp-admin\/\">wp-admin<\/a><\/span><\/span>\u00a0<span class=\"loop-date\">|\u00a0<time class=\"entry-date published updated\" datetime=\"2021-03-25T09:31:57+01:00\">25. M\u00e4rz 2021<\/time><\/span>\u00a0|\u00a0<span class=\"edit-link\"><a class=\"post-edit-link\" href=\"https:\/\/vspoechlarn.ac.at\/wordpress\/wp-admin\/post.php?post=3271&amp;action=edit\">Bearbeiten<\/a><\/span><\/small><\/p>\n<div class=\"clearfix\"><\/div>\n<\/div>\n<\/div>\n<\/article>\n<article id=\"post-3262\" class=\"loop_list post-3262 post type-post status-publish format-standard hentry category-allgemein\">\n<div class=\"panel panel-default\">\n<div class=\"panel-body clearfix\">\n<div class=\"fs-have-thumbnail\">\n<header class=\"entry-header\">\n<h4 class=\"entry-title\"><strong><a title=\"Permanentlink zu Werkunterricht: Sorgenfresserchen\" href=\"https:\/\/vspoechlarn.ac.at\/wordpress\/2021\/02\/25\/werkunterricht-sorgenfresserchen\/\" rel=\"bookmark\">Werkunterricht: Sorgenfresserchen<\/a><\/strong><\/h4>\n<\/header>\n<div class=\"entry-content\">\n<p>Die Buben und M\u00e4dchen der Klassen 3 a und 3b n\u00e4hen im Werkunterricht \u201eSorgenfresserchen\u201c.<\/p>\n<p><img loading=\"lazy\" decoding=\"async\" class=\"aligncenter size-medium wp-image-3263\" src=\"https:\/\/vspoechlarn.ac.at\/wordpress\/wp-content\/uploads\/2021\/02\/20210224_092305-350x263.jpg\" sizes=\"auto, (max-width: 350px) 100vw, 350px\" srcset=\"https:\/\/vspoechlarn.ac.at\/wordpress\/wp-content\/uploads\/2021\/02\/20210224_092305-350x263.jpg 350w, https:\/\/vspoechlarn.ac.at\/wordpress\/wp-content\/uploads\/2021\/02\/20210224_092305-1024x768.jpg 1024w, https:\/\/vspoechlarn.ac.at\/wordpress\/wp-content\/uploads\/2021\/02\/20210224_092305-1536x1152.jpg 1536w, https:\/\/vspoechlarn.ac.at\/wordpress\/wp-content\/uploads\/2021\/02\/20210224_092305-2048x1536.jpg 2048w, https:\/\/vspoechlarn.ac.at\/wordpress\/wp-content\/uploads\/2021\/02\/20210224_092305-scaled.jpg 1440w\" alt=\"\" width=\"350\" height=\"263\" \/><\/p>\n<\/div>\n<\/div>\n<\/div>\n<div class=\"panel-footer entry-meta\">\n<p><small><span class=\"loop-category\"><a class=\"label label-primary\" href=\"https:\/\/vspoechlarn.ac.at\/wordpress\/category\/allgemein\/\">Startseite<\/a>\u00a0<\/span><span class=\"loop-author\">|\u00a0<span class=\"author vcard\"><a class=\"url fn n\" href=\"https:\/\/vspoechlarn.ac.at\/wordpress\/author\/wp-admin\/\">wp-admin<\/a><\/span><\/span>\u00a0<span class=\"loop-date\">|\u00a0<time class=\"entry-date published updated\" datetime=\"2021-02-25T12:46:35+01:00\">25. Februar 2021<\/time><\/span>\u00a0|\u00a0<span class=\"edit-link\"><a class=\"post-edit-link\" href=\"https:\/\/vspoechlarn.ac.at\/wordpress\/wp-admin\/post.php?post=3262&amp;action=edit\">Bearbeiten<\/a><\/span><\/small><\/p>\n<div class=\"clearfix\"><\/div>\n<\/div>\n<\/div>\n<\/article>\n<article id=\"post-3252\" class=\"loop_list post-3252 post type-post status-publish format-standard hentry category-allgemein\">\n<div class=\"panel panel-default\">\n<div class=\"panel-body clearfix\">\n<div class=\"fs-have-thumbnail\">\n<header class=\"entry-header\">\n<h4 class=\"entry-title\"><strong><a title=\"Permanentlink zu Feinmotorik mit allen Sinnen\" href=\"https:\/\/vspoechlarn.ac.at\/wordpress\/2021\/02\/25\/feinmotorik-mit-allen-sinnen\/\" rel=\"bookmark\">Feinmotorik mit allen Sinnen<\/a><\/strong><\/h4>\n<\/header>\n<div class=\"entry-content\">\n<p>Heute durften die Kinder der Vorschulgruppe eine weitere \u00dcbung zur St\u00e4rkung ihrer Grob- und Feinmotorik durchf\u00fchren. Sie konnten verschiedene Muster, Buchstaben und Ziffern auf Rasierschaum schreiben. Dabei blieb es den Kindern selbst \u00fcberlassen, ob sie mit einem Pinsel oder direkt mit ihren Fingern arbeiten. Den Sch\u00fclerinnen und Sch\u00fclern bereitete dies gro\u00dfe Freude!<\/p>\n<div id=\"gallery_3252_20\" class=\"row\">\n<div id=\"3252-image-3253\" class=\"col-xs-12 col-sm-4 col-md-4\">\n<div class=\"thumbnail\"><a href=\"https:\/\/vspoechlarn.ac.at\/wordpress\/wp-content\/uploads\/2021\/02\/Feinmotorik-1-Mittel.jpeg\"><img loading=\"lazy\" decoding=\"async\" class=\"attachment-large size-large\" src=\"https:\/\/vspoechlarn.ac.at\/wordpress\/wp-content\/uploads\/2021\/02\/Feinmotorik-1-Mittel.jpeg\" sizes=\"auto, (max-width: 900px) 100vw, 900px\" srcset=\"https:\/\/vspoechlarn.ac.at\/wordpress\/wp-content\/uploads\/2021\/02\/Feinmotorik-1-Mittel.jpeg 1024w, https:\/\/vspoechlarn.ac.at\/wordpress\/wp-content\/uploads\/2021\/02\/Feinmotorik-1-Mittel-350x263.jpeg 350w\" alt=\"\" width=\"900\" height=\"675\" \/><\/a><\/div>\n<\/div>\n<div id=\"3252-image-3254\" class=\"col-xs-12 col-sm-4 col-md-4\">\n<div class=\"thumbnail\"><a href=\"https:\/\/vspoechlarn.ac.at\/wordpress\/wp-content\/uploads\/2021\/02\/Feinmotorik-2-Mittel.jpeg\"><img loading=\"lazy\" decoding=\"async\" class=\"attachment-large size-large\" src=\"https:\/\/vspoechlarn.ac.at\/wordpress\/wp-content\/uploads\/2021\/02\/Feinmotorik-2-Mittel.jpeg\" sizes=\"auto, (max-width: 900px) 100vw, 900px\" srcset=\"https:\/\/vspoechlarn.ac.at\/wordpress\/wp-content\/uploads\/2021\/02\/Feinmotorik-2-Mittel.jpeg 1024w, https:\/\/vspoechlarn.ac.at\/wordpress\/wp-content\/uploads\/2021\/02\/Feinmotorik-2-Mittel-350x263.jpeg 350w\" alt=\"\" width=\"900\" height=\"675\" \/><\/a><\/div>\n<\/div>\n<div id=\"3252-image-3255\" class=\"col-xs-12 col-sm-4 col-md-4\">\n<div class=\"thumbnail\"><a href=\"https:\/\/vspoechlarn.ac.at\/wordpress\/wp-content\/uploads\/2021\/02\/Feinmotorik-3-Mittel.jpeg\"><img loading=\"lazy\" decoding=\"async\" class=\"attachment-large size-large\" src=\"https:\/\/vspoechlarn.ac.at\/wordpress\/wp-content\/uploads\/2021\/02\/Feinmotorik-3-Mittel.jpeg\" sizes=\"auto, (max-width: 900px) 100vw, 900px\" srcset=\"https:\/\/vspoechlarn.ac.at\/wordpress\/wp-content\/uploads\/2021\/02\/Feinmotorik-3-Mittel.jpeg 1024w, https:\/\/vspoechlarn.ac.at\/wordpress\/wp-content\/uploads\/2021\/02\/Feinmotorik-3-Mittel-350x263.jpeg 350w\" alt=\"\" width=\"900\" height=\"675\" \/><\/a><\/div>\n<\/div>\n<div id=\"3252-image-3256\" class=\"col-xs-12 col-sm-4 col-md-4\">\n<div class=\"thumbnail\"><a href=\"https:\/\/vspoechlarn.ac.at\/wordpress\/wp-content\/uploads\/2021\/02\/Feinmotorik-4-Mittel.jpeg\"><img loading=\"lazy\" decoding=\"async\" class=\"attachment-large size-large\" src=\"https:\/\/vspoechlarn.ac.at\/wordpress\/wp-content\/uploads\/2021\/02\/Feinmotorik-4-Mittel.jpeg\" sizes=\"auto, (max-width: 900px) 100vw, 900px\" srcset=\"https:\/\/vspoechlarn.ac.at\/wordpress\/wp-content\/uploads\/2021\/02\/Feinmotorik-4-Mittel.jpeg 1024w, https:\/\/vspoechlarn.ac.at\/wordpress\/wp-content\/uploads\/2021\/02\/Feinmotorik-4-Mittel-350x263.jpeg 350w\" alt=\"\" width=\"900\" height=\"675\" \/><\/a><\/div>\n<\/div>\n<\/div>\n<\/div>\n<\/div>\n<\/div>\n<div class=\"panel-footer entry-meta\">\n<p><small><span class=\"loop-category\"><a class=\"label label-primary\" href=\"https:\/\/vspoechlarn.ac.at\/wordpress\/category\/allgemein\/\">Startseite<\/a>\u00a0<\/span><span class=\"loop-author\">|\u00a0<span class=\"author vcard\"><a class=\"url fn n\" href=\"https:\/\/vspoechlarn.ac.at\/wordpress\/author\/wp-admin\/\">wp-admin<\/a><\/span><\/span>\u00a0<span class=\"loop-date\">|\u00a0<time class=\"entry-date published updated\" datetime=\"2021-02-25T08:10:44+01:00\">25. Februar 2021<\/time><\/span>\u00a0|\u00a0<span class=\"edit-link\"><a class=\"post-edit-link\" href=\"https:\/\/vspoechlarn.ac.at\/wordpress\/wp-admin\/post.php?post=3252&amp;action=edit\">Bearbeiten<\/a><\/span><\/small><\/p>\n<div class=\"clearfix\"><\/div>\n<\/div>\n<\/div>\n<\/article>\n<article id=\"post-3231\" class=\"loop_list post-3231 post type-post status-publish format-standard hentry category-allgemein\">\n<div class=\"panel panel-default\">\n<div class=\"panel-body clearfix\">\n<div class=\"fs-have-thumbnail\">\n<header class=\"entry-header\">\n<h4 class=\"entry-title\"><strong><a title=\"Permanentlink zu Schulsozialarbeit\" href=\"https:\/\/vspoechlarn.ac.at\/wordpress\/2021\/02\/19\/schulsozialarbeit\/\" rel=\"bookmark\">Schulsozialarbeit<\/a><\/strong><\/h4>\n<\/header>\n<div class=\"entry-content\">\n<p>In den n\u00e4chsten Tagen startet auch bei uns die Schulsozialarbeit.<\/p>\n<p><strong>x-point Schulsozialarbeit<\/strong><\/p>\n<p>&nbsp;<\/p>\n<p>x-point ist eine Beratungsstelle direkt an der Schule, vorrangig f\u00fcr Sch\u00fcler_innen, aber auch f\u00fcr Eltern und Lehrer_innen. Das Angebot ist freiwillig und vertraulich, die Nutzung ist kostenlos.<\/p>\n<p>&nbsp;<\/p>\n<p>x-point bietet:<\/p>\n<ul>\n<li>Beratung und Begleitung von Sch\u00fcler_innen<\/li>\n<li>Gruppenarbeiten zu sozialen Themen<\/li>\n<li>Konfliktmoderation<\/li>\n<li>Unterst\u00fctzung f\u00fcr Pr\u00e4ventionsprojekte an der Schule<\/li>\n<\/ul>\n<p>&nbsp;<\/p>\n<p>Kontaktinformation unter:<\/p>\n<p><a href=\"https:\/\/young.or.at\/poechlarn\/articles\/vs-poechlarn.html\">x-point Schulsozialarbeit VS P\u00f6chlarn \u2013 Young<\/a><\/p>\n<p><a href=\"https:\/\/vspoechlarn.ac.at\/wordpress\/wp-content\/uploads\/2021\/02\/Elternbrief_Sozialarbeit.pdf\">Elternbrief_Sozialarbeit<\/a><\/p>\n<\/div>\n<\/div>\n<\/div>\n<div class=\"panel-footer entry-meta\">\n<p><small><span class=\"loop-category\"><a class=\"label label-primary\" href=\"https:\/\/vspoechlarn.ac.at\/wordpress\/category\/allgemein\/\">Startseite<\/a>\u00a0<\/span><span class=\"loop-author\">|\u00a0<span class=\"author vcard\"><a class=\"url fn n\" href=\"https:\/\/vspoechlarn.ac.at\/wordpress\/author\/wp-admin\/\">wp-admin<\/a><\/span><\/span>\u00a0<span class=\"loop-date\">|\u00a0<time class=\"entry-date published updated\" datetime=\"2021-02-19T08:54:34+01:00\">19. Februar 2021<\/time><\/span>\u00a0|\u00a0<span class=\"edit-link\"><a class=\"post-edit-link\" href=\"https:\/\/vspoechlarn.ac.at\/wordpress\/wp-admin\/post.php?post=3231&amp;action=edit\">Bearbeiten<\/a><\/span><\/small><\/p>\n<div class=\"clearfix\"><\/div>\n<\/div>\n<\/div>\n<\/article>\n<article id=\"post-3223\" class=\"loop_list post-3223 post type-post status-publish format-standard hentry category-allgemein\">\n<div class=\"panel panel-default\">\n<div class=\"panel-body clearfix\">\n<div class=\"fs-have-thumbnail\">\n<header class=\"entry-header\">\n<h4 class=\"entry-title\"><strong><a title=\"Permanentlink zu Faschingdienstag\" href=\"https:\/\/vspoechlarn.ac.at\/wordpress\/2021\/02\/16\/faschingsdienstag\/\" rel=\"bookmark\">Faschingdienstag<\/a><\/strong><\/h4>\n<\/header>\n<div class=\"entry-content\">\n<p>Gro\u00dfe Freude herrschte heute bei unseren M\u00e4dchen und Buben \u00fcber die M\u00f6glichkeit verkleidet in die Schule zu kommen und klassenintern ein wenig den Faschingsausklang zu feiern. Der traditionelle Krapfen von unserem Elternverein fehlte auch heuer nicht, daf\u00fcr bedanken wir uns alle ganz herzlich!<\/p>\n<div id=\"gallery_3223_21\" class=\"row\">\n<div id=\"3223-image-3224\" class=\"col-xs-12 col-sm-2 col-md-2\">\n<div class=\"thumbnail\"><a href=\"https:\/\/vspoechlarn.ac.at\/wordpress\/wp-content\/uploads\/2021\/02\/DSC09352-Mittel.jpg\"><img loading=\"lazy\" decoding=\"async\" class=\"attachment-large size-large\" src=\"https:\/\/vspoechlarn.ac.at\/wordpress\/wp-content\/uploads\/2021\/02\/DSC09352-Mittel-1024x680.jpg\" sizes=\"auto, (max-width: 900px) 100vw, 900px\" srcset=\"https:\/\/vspoechlarn.ac.at\/wordpress\/wp-content\/uploads\/2021\/02\/DSC09352-Mittel-1024x680.jpg 1024w, https:\/\/vspoechlarn.ac.at\/wordpress\/wp-content\/uploads\/2021\/02\/DSC09352-Mittel-350x233.jpg 350w, https:\/\/vspoechlarn.ac.at\/wordpress\/wp-content\/uploads\/2021\/02\/DSC09352-Mittel.jpg 1156w\" alt=\"\" width=\"900\" height=\"598\" \/><\/a><\/div>\n<\/div>\n<div id=\"3223-image-3225\" class=\"col-xs-12 col-sm-2 col-md-2\">\n<div class=\"thumbnail\"><a href=\"https:\/\/vspoechlarn.ac.at\/wordpress\/wp-content\/uploads\/2021\/02\/DSC09353-Mittel.jpg\"><img loading=\"lazy\" decoding=\"async\" class=\"attachment-large size-large\" src=\"https:\/\/vspoechlarn.ac.at\/wordpress\/wp-content\/uploads\/2021\/02\/DSC09353-Mittel-1024x680.jpg\" sizes=\"auto, (max-width: 900px) 100vw, 900px\" srcset=\"https:\/\/vspoechlarn.ac.at\/wordpress\/wp-content\/uploads\/2021\/02\/DSC09353-Mittel-1024x680.jpg 1024w, https:\/\/vspoechlarn.ac.at\/wordpress\/wp-content\/uploads\/2021\/02\/DSC09353-Mittel-350x233.jpg 350w, https:\/\/vspoechlarn.ac.at\/wordpress\/wp-content\/uploads\/2021\/02\/DSC09353-Mittel.jpg 1156w\" alt=\"\" width=\"900\" height=\"598\" \/><\/a><\/div>\n<\/div>\n<div id=\"3223-image-3226\" class=\"col-xs-12 col-sm-2 col-md-2\">\n<div class=\"thumbnail\"><a href=\"https:\/\/vspoechlarn.ac.at\/wordpress\/wp-content\/uploads\/2021\/02\/DSC09359-Mittel.jpg\"><img loading=\"lazy\" decoding=\"async\" class=\"attachment-large size-large\" src=\"https:\/\/vspoechlarn.ac.at\/wordpress\/wp-content\/uploads\/2021\/02\/DSC09359-Mittel-1024x680.jpg\" sizes=\"auto, (max-width: 900px) 100vw, 900px\" srcset=\"https:\/\/vspoechlarn.ac.at\/wordpress\/wp-content\/uploads\/2021\/02\/DSC09359-Mittel-1024x680.jpg 1024w, https:\/\/vspoechlarn.ac.at\/wordpress\/wp-content\/uploads\/2021\/02\/DSC09359-Mittel-350x233.jpg 350w, https:\/\/vspoechlarn.ac.at\/wordpress\/wp-content\/uploads\/2021\/02\/DSC09359-Mittel.jpg 1156w\" alt=\"\" width=\"900\" height=\"598\" \/><\/a><\/div>\n<\/div>\n<div id=\"3223-image-3227\" class=\"col-xs-12 col-sm-2 col-md-2\">\n<div class=\"thumbnail\"><a href=\"https:\/\/vspoechlarn.ac.at\/wordpress\/wp-content\/uploads\/2021\/02\/DSC09360-Mittel-rotated.jpg\"><img loading=\"lazy\" decoding=\"async\" class=\"attachment-large size-large\" src=\"https:\/\/vspoechlarn.ac.at\/wordpress\/wp-content\/uploads\/2021\/02\/DSC09360-Mittel-680x1024.jpg\" sizes=\"auto, (max-width: 680px) 100vw, 680px\" srcset=\"https:\/\/vspoechlarn.ac.at\/wordpress\/wp-content\/uploads\/2021\/02\/DSC09360-Mittel-680x1024.jpg 680w, https:\/\/vspoechlarn.ac.at\/wordpress\/wp-content\/uploads\/2021\/02\/DSC09360-Mittel-199x300.jpg 199w, https:\/\/vspoechlarn.ac.at\/wordpress\/wp-content\/uploads\/2021\/02\/DSC09360-Mittel-rotated.jpg 718w\" alt=\"\" width=\"680\" height=\"1024\" \/><\/a><\/div>\n<\/div>\n<div id=\"3223-image-3228\" class=\"col-xs-12 col-sm-2 col-md-2\">\n<div class=\"thumbnail\"><a href=\"https:\/\/vspoechlarn.ac.at\/wordpress\/wp-content\/uploads\/2021\/02\/DSC09363-Mittel-rotated.jpg\"><img loading=\"lazy\" decoding=\"async\" class=\"attachment-large size-large\" src=\"https:\/\/vspoechlarn.ac.at\/wordpress\/wp-content\/uploads\/2021\/02\/DSC09363-Mittel-680x1024.jpg\" sizes=\"auto, (max-width: 680px) 100vw, 680px\" srcset=\"https:\/\/vspoechlarn.ac.at\/wordpress\/wp-content\/uploads\/2021\/02\/DSC09363-Mittel-680x1024.jpg 680w, https:\/\/vspoechlarn.ac.at\/wordpress\/wp-content\/uploads\/2021\/02\/DSC09363-Mittel-199x300.jpg 199w, https:\/\/vspoechlarn.ac.at\/wordpress\/wp-content\/uploads\/2021\/02\/DSC09363-Mittel-rotated.jpg 718w\" alt=\"\" width=\"680\" height=\"1024\" \/><\/a><\/div>\n<\/div>\n<\/div>\n<\/div>\n<\/div>\n<\/div>\n<div class=\"panel-footer entry-meta\">\n<p><small><span class=\"loop-category\"><a class=\"label label-primary\" href=\"https:\/\/vspoechlarn.ac.at\/wordpress\/category\/allgemein\/\">Startseite<\/a>\u00a0<\/span><span class=\"loop-author\">|\u00a0<span class=\"author vcard\"><a class=\"url fn n\" href=\"https:\/\/vspoechlarn.ac.at\/wordpress\/author\/wp-admin\/\">wp-admin<\/a><\/span><\/span>\u00a0<span class=\"loop-date\">|\u00a0<time class=\"entry-date published updated\" datetime=\"2021-02-16T11:37:08+01:00\">16. Februar 2021<\/time><\/span>\u00a0|\u00a0<span class=\"edit-link\"><a class=\"post-edit-link\" href=\"https:\/\/vspoechlarn.ac.at\/wordpress\/wp-admin\/post.php?post=3223&amp;action=edit\">Bearbeiten<\/a><\/span><\/small><\/p>\n<div class=\"clearfix\"><\/div>\n<\/div>\n<\/div>\n<\/article>\n<article id=\"post-3202\" class=\"loop_list post-3202 post type-post status-publish format-standard hentry category-allgemein\">\n<div class=\"panel panel-default\">\n<div class=\"panel-body clearfix\">\n<div class=\"fs-have-thumbnail\">\n<header class=\"entry-header\">\n<h4 class=\"entry-title\"><strong><a title=\"Permanentlink zu Weihnachtspost\" href=\"https:\/\/vspoechlarn.ac.at\/wordpress\/2020\/12\/23\/weihnachtspost\/\" rel=\"bookmark\">Weihnachtspost<\/a><\/strong><\/h4>\n<\/header>\n<div class=\"entry-content\">\n<p>Ganz besondere Post wurde heute an das SeneCura Heim in P\u00f6chlarn geschickt. Die Kinder der beiden 3. Klassen gestalteten tolle<\/p>\n<p>Weihnachtskarten in der Hoffnung, den Bewohnern in dieser schwierigen Zeit ein wenig Freude zu bereiten.<\/p>\n<div id=\"gallery_3202_22\" class=\"row\">\n<div id=\"3202-image-3203\" class=\"col-xs-12 col-sm-4 col-md-4\">\n<div class=\"thumbnail\"><a href=\"https:\/\/vspoechlarn.ac.at\/wordpress\/wp-content\/uploads\/2020\/12\/IMG_8594-Mittel.jpg\"><img loading=\"lazy\" decoding=\"async\" class=\"attachment-large size-large\" src=\"https:\/\/vspoechlarn.ac.at\/wordpress\/wp-content\/uploads\/2020\/12\/IMG_8594-Mittel.jpg\" sizes=\"auto, (max-width: 900px) 100vw, 900px\" srcset=\"https:\/\/vspoechlarn.ac.at\/wordpress\/wp-content\/uploads\/2020\/12\/IMG_8594-Mittel.jpg 1024w, https:\/\/vspoechlarn.ac.at\/wordpress\/wp-content\/uploads\/2020\/12\/IMG_8594-Mittel-350x263.jpg 350w\" alt=\"\" width=\"900\" height=\"675\" \/><\/a><\/div>\n<\/div>\n<\/div>\n<\/div>\n<\/div>\n<\/div>\n<div class=\"panel-footer entry-meta\">\n<p><small><span class=\"loop-category\"><a class=\"label label-primary\" href=\"https:\/\/vspoechlarn.ac.at\/wordpress\/category\/allgemein\/\">Startseite<\/a>\u00a0<\/span><span class=\"loop-author\">|\u00a0<span class=\"author vcard\"><a class=\"url fn n\" href=\"https:\/\/vspoechlarn.ac.at\/wordpress\/author\/wp-admin\/\">wp-admin<\/a><\/span><\/span>\u00a0<span class=\"loop-date\">|\u00a0<time class=\"entry-date published updated\" datetime=\"2020-12-23T11:21:17+01:00\">23. Dezember 2020<\/time><\/span>\u00a0|\u00a0<span class=\"edit-link\"><a class=\"post-edit-link\" href=\"https:\/\/vspoechlarn.ac.at\/wordpress\/wp-admin\/post.php?post=3202&amp;action=edit\">Bearbeiten<\/a><\/span><\/small><\/p>\n<div class=\"clearfix\"><\/div>\n<\/div>\n<\/div>\n<\/article>\n<article id=\"post-3190\" class=\"loop_list post-3190 post type-post status-publish format-standard hentry category-allgemein\">\n<div class=\"panel panel-default\">\n<div class=\"panel-body clearfix\">\n<div class=\"fs-have-thumbnail\">\n<header class=\"entry-header\">\n<h4 class=\"entry-title\"><strong><a title=\"Permanentlink zu \u201eWeihnachts-Kino\u201c\" href=\"https:\/\/vspoechlarn.ac.at\/wordpress\/2020\/12\/23\/weihnachts-kino\/\" rel=\"bookmark\">\u201eWeihnachts-Kino\u201c<\/a><\/strong><\/h4>\n<\/header>\n<div class=\"entry-content\">\n<p>Am 23.12.2020 gab es f\u00fcr die beiden ersten Klassen noch ein besonderes Vormittagsprogramm. Die Kinder durften im Rahmen der Weihnachtsstationen auch noch das \u201eWeihnachts-Kino\u201c in unserer Schulbibliothek besuchen. Nat\u00fcrlich wurden auch hier die Hygienema\u00dfnahmen eingehalten und der Film mit Maske angesehen.<br \/>\nAlle Sch\u00fclerinnen und Sch\u00fcler waren begeistert und fieberten gespannt mit!<\/p>\n<div id=\"gallery_3190_23\" class=\"row\">\n<div id=\"3190-image-3194\" class=\"col-xs-12 col-sm-4 col-md-4\">\n<div class=\"thumbnail\"><a href=\"https:\/\/vspoechlarn.ac.at\/wordpress\/wp-content\/uploads\/2020\/12\/IMG_8879-Mittel.jpeg\"><img loading=\"lazy\" decoding=\"async\" class=\"attachment-large size-large\" src=\"https:\/\/vspoechlarn.ac.at\/wordpress\/wp-content\/uploads\/2020\/12\/IMG_8879-Mittel.jpeg\" sizes=\"auto, (max-width: 900px) 100vw, 900px\" srcset=\"https:\/\/vspoechlarn.ac.at\/wordpress\/wp-content\/uploads\/2020\/12\/IMG_8879-Mittel.jpeg 1024w, https:\/\/vspoechlarn.ac.at\/wordpress\/wp-content\/uploads\/2020\/12\/IMG_8879-Mittel-350x263.jpeg 350w\" alt=\"\" width=\"900\" height=\"675\" \/><\/a><\/div>\n<\/div>\n<div id=\"3190-image-3192\" class=\"col-xs-12 col-sm-4 col-md-4\">\n<div class=\"thumbnail\"><a href=\"https:\/\/vspoechlarn.ac.at\/wordpress\/wp-content\/uploads\/2020\/12\/IMG_8873-Mittel.jpeg\"><img loading=\"lazy\" decoding=\"async\" class=\"attachment-large size-large\" src=\"https:\/\/vspoechlarn.ac.at\/wordpress\/wp-content\/uploads\/2020\/12\/IMG_8873-Mittel.jpeg\" sizes=\"auto, (max-width: 900px) 100vw, 900px\" srcset=\"https:\/\/vspoechlarn.ac.at\/wordpress\/wp-content\/uploads\/2020\/12\/IMG_8873-Mittel.jpeg 1024w, https:\/\/vspoechlarn.ac.at\/wordpress\/wp-content\/uploads\/2020\/12\/IMG_8873-Mittel-350x263.jpeg 350w\" alt=\"\" width=\"900\" height=\"675\" \/><\/a><\/div>\n<\/div>\n<\/div>\n<\/div>\n<\/div>\n<\/div>\n<div class=\"panel-footer entry-meta\">\n<p><small><span class=\"loop-category\"><a class=\"label label-primary\" href=\"https:\/\/vspoechlarn.ac.at\/wordpress\/category\/allgemein\/\">Startseite<\/a>\u00a0<\/span><span class=\"loop-author\">|\u00a0<span class=\"author vcard\"><a class=\"url fn n\" href=\"https:\/\/vspoechlarn.ac.at\/wordpress\/author\/wp-admin\/\">wp-admin<\/a><\/span><\/span>\u00a0<span class=\"loop-date\">|\u00a0<time class=\"entry-date published updated\" datetime=\"2020-12-23T10:33:42+01:00\">23. Dezember 2020<\/time><\/span>\u00a0|\u00a0<span class=\"edit-link\"><a class=\"post-edit-link\" href=\"https:\/\/vspoechlarn.ac.at\/wordpress\/wp-admin\/post.php?post=3190&amp;action=edit\">Bearbeiten<\/a><\/span><\/small><\/p>\n<div class=\"clearfix\"><\/div>\n<\/div>\n<\/div>\n<\/article>\n<article id=\"post-3169\" class=\"loop_list post-3169 post type-post status-publish format-standard hentry category-allgemein\">\n<div class=\"panel panel-default\">\n<div class=\"panel-body clearfix\">\n<div class=\"fs-have-thumbnail\">\n<header class=\"entry-header\">\n<h4 class=\"entry-title\"><strong><a title=\"Permanentlink zu Weihnachtsimpressionen\" href=\"https:\/\/vspoechlarn.ac.at\/wordpress\/2020\/12\/17\/weihnachtsimpressionen\/\" rel=\"bookmark\">Weihnachtsimpressionen<\/a><\/strong><\/h4>\n<\/header>\n<div class=\"entry-content\">\n<div id=\"gallery_3169_24\" class=\"row\">\n<div id=\"3169-image-3174\" class=\"col-xs-12 col-sm-4 col-md-4\">\n<div class=\"thumbnail\"><a href=\"https:\/\/vspoechlarn.ac.at\/wordpress\/wp-content\/uploads\/2020\/12\/IMG_8577-Mittel-rotated.jpg\"><img loading=\"lazy\" decoding=\"async\" class=\"attachment-large size-large\" src=\"https:\/\/vspoechlarn.ac.at\/wordpress\/wp-content\/uploads\/2020\/12\/IMG_8577-Mittel-rotated.jpg\" sizes=\"auto, (max-width: 768px) 100vw, 768px\" srcset=\"https:\/\/vspoechlarn.ac.at\/wordpress\/wp-content\/uploads\/2020\/12\/IMG_8577-Mittel-rotated.jpg 768w, https:\/\/vspoechlarn.ac.at\/wordpress\/wp-content\/uploads\/2020\/12\/IMG_8577-Mittel-225x300.jpg 225w\" alt=\"\" width=\"768\" height=\"1024\" \/><\/a><\/div>\n<\/div>\n<div id=\"3169-image-3177\" class=\"col-xs-12 col-sm-4 col-md-4\">\n<div class=\"thumbnail\"><a href=\"https:\/\/vspoechlarn.ac.at\/wordpress\/wp-content\/uploads\/2020\/12\/IMG_8584-Mittel-rotated.jpg\"><img loading=\"lazy\" decoding=\"async\" class=\"attachment-large size-large\" src=\"https:\/\/vspoechlarn.ac.at\/wordpress\/wp-content\/uploads\/2020\/12\/IMG_8584-Mittel-rotated.jpg\" sizes=\"auto, (max-width: 768px) 100vw, 768px\" srcset=\"https:\/\/vspoechlarn.ac.at\/wordpress\/wp-content\/uploads\/2020\/12\/IMG_8584-Mittel-rotated.jpg 768w, https:\/\/vspoechlarn.ac.at\/wordpress\/wp-content\/uploads\/2020\/12\/IMG_8584-Mittel-225x300.jpg 225w\" alt=\"\" width=\"768\" height=\"1024\" \/><\/a><\/div>\n<\/div>\n<div id=\"3169-image-3170\" class=\"col-xs-12 col-sm-4 col-md-4\">\n<div class=\"thumbnail\"><a href=\"https:\/\/vspoechlarn.ac.at\/wordpress\/wp-content\/uploads\/2020\/12\/IMG_8570-Mittel-rotated.jpg\"><img loading=\"lazy\" decoding=\"async\" class=\"attachment-large size-large\" src=\"https:\/\/vspoechlarn.ac.at\/wordpress\/wp-content\/uploads\/2020\/12\/IMG_8570-Mittel-rotated.jpg\" sizes=\"auto, (max-width: 768px) 100vw, 768px\" srcset=\"https:\/\/vspoechlarn.ac.at\/wordpress\/wp-content\/uploads\/2020\/12\/IMG_8570-Mittel-rotated.jpg 768w, https:\/\/vspoechlarn.ac.at\/wordpress\/wp-content\/uploads\/2020\/12\/IMG_8570-Mittel-225x300.jpg 225w\" alt=\"\" width=\"768\" height=\"1024\" \/><\/a><\/div>\n<\/div>\n<div id=\"3169-image-3172\" class=\"col-xs-12 col-sm-4 col-md-4\">\n<div class=\"thumbnail\"><a href=\"https:\/\/vspoechlarn.ac.at\/wordpress\/wp-content\/uploads\/2020\/12\/IMG_8574-Mittel-rotated.jpg\"><img loading=\"lazy\" decoding=\"async\" class=\"attachment-large size-large\" src=\"https:\/\/vspoechlarn.ac.at\/wordpress\/wp-content\/uploads\/2020\/12\/IMG_8574-Mittel-rotated.jpg\" sizes=\"auto, (max-width: 768px) 100vw, 768px\" srcset=\"https:\/\/vspoechlarn.ac.at\/wordpress\/wp-content\/uploads\/2020\/12\/IMG_8574-Mittel-rotated.jpg 768w, https:\/\/vspoechlarn.ac.at\/wordpress\/wp-content\/uploads\/2020\/12\/IMG_8574-Mittel-225x300.jpg 225w\" alt=\"\" width=\"768\" height=\"1024\" \/><\/a><\/div>\n<\/div>\n<div id=\"3169-image-3173\" class=\"col-xs-12 col-sm-4 col-md-4\">\n<div class=\"thumbnail\"><a href=\"https:\/\/vspoechlarn.ac.at\/wordpress\/wp-content\/uploads\/2020\/12\/IMG_8575-Mittel-rotated.jpg\"><img loading=\"lazy\" decoding=\"async\" class=\"attachment-large size-large\" src=\"https:\/\/vspoechlarn.ac.at\/wordpress\/wp-content\/uploads\/2020\/12\/IMG_8575-Mittel-rotated.jpg\" sizes=\"auto, (max-width: 768px) 100vw, 768px\" srcset=\"https:\/\/vspoechlarn.ac.at\/wordpress\/wp-content\/uploads\/2020\/12\/IMG_8575-Mittel-rotated.jpg 768w, https:\/\/vspoechlarn.ac.at\/wordpress\/wp-content\/uploads\/2020\/12\/IMG_8575-Mittel-225x300.jpg 225w\" alt=\"\" width=\"768\" height=\"1024\" \/><\/a><\/div>\n<\/div>\n<div id=\"3169-image-3176\" class=\"col-xs-12 col-sm-4 col-md-4\">\n<div class=\"thumbnail\"><a href=\"https:\/\/vspoechlarn.ac.at\/wordpress\/wp-content\/uploads\/2020\/12\/IMG_8583-Mittel-rotated.jpg\"><img loading=\"lazy\" decoding=\"async\" class=\"attachment-large size-large\" src=\"https:\/\/vspoechlarn.ac.at\/wordpress\/wp-content\/uploads\/2020\/12\/IMG_8583-Mittel-rotated.jpg\" sizes=\"auto, (max-width: 768px) 100vw, 768px\" srcset=\"https:\/\/vspoechlarn.ac.at\/wordpress\/wp-content\/uploads\/2020\/12\/IMG_8583-Mittel-rotated.jpg 768w, https:\/\/vspoechlarn.ac.at\/wordpress\/wp-content\/uploads\/2020\/12\/IMG_8583-Mittel-225x300.jpg 225w\" alt=\"\" width=\"768\" height=\"1024\" \/><\/a><\/div>\n<\/div>\n<\/div>\n<\/div>\n<\/div>\n<\/div>\n<div class=\"panel-footer entry-meta\">\n<p><small><span class=\"loop-category\"><a class=\"label label-primary\" href=\"https:\/\/vspoechlarn.ac.at\/wordpress\/category\/allgemein\/\">Startseite<\/a>\u00a0<\/span><span class=\"loop-author\">|\u00a0<span class=\"author vcard\"><a class=\"url fn n\" href=\"https:\/\/vspoechlarn.ac.at\/wordpress\/author\/wp-admin\/\">wp-admin<\/a><\/span><\/span>\u00a0<span class=\"loop-date\">|\u00a0<time class=\"entry-date published updated\" datetime=\"2020-12-17T11:01:21+01:00\">17. Dezember 2020<\/time><\/span>\u00a0|\u00a0<span class=\"edit-link\"><a class=\"post-edit-link\" href=\"https:\/\/vspoechlarn.ac.at\/wordpress\/wp-admin\/post.php?post=3169&amp;action=edit\">Bearbeiten<\/a><\/span><\/small><\/p>\n<div class=\"clearfix\"><\/div>\n<\/div>\n<\/div>\n<\/article>\n<article id=\"post-3159\" class=\"loop_list post-3159 post type-post status-publish format-standard hentry category-allgemein\">\n<div class=\"panel panel-default\">\n<div class=\"panel-body clearfix\">\n<div class=\"fs-have-thumbnail\">\n<header class=\"entry-header\">\n<h4 class=\"entry-title\"><strong><a title=\"Permanentlink zu Advent\" href=\"https:\/\/vspoechlarn.ac.at\/wordpress\/2020\/12\/02\/advent\/\" rel=\"bookmark\">Advent<\/a><\/strong><\/h4>\n<\/header>\n<div class=\"entry-content\">\n<p>Auch wenn derzeit wenige Kinder in der Schule sind, werden die G\u00e4nge unserer Schule bereits festlich geschm\u00fcckt.<\/p>\n<p>&nbsp;<\/p>\n<div id=\"gallery_3159_25\" class=\"row\">\n<div id=\"3159-image-3160\" class=\"col-xs-12 col-sm-12 col-md-12\">\n<div class=\"thumbnail\"><a href=\"https:\/\/vspoechlarn.ac.at\/wordpress\/wp-content\/uploads\/2020\/12\/IMG_8490-Mittel.jpg\"><img loading=\"lazy\" decoding=\"async\" class=\"attachment-large size-large\" src=\"https:\/\/vspoechlarn.ac.at\/wordpress\/wp-content\/uploads\/2020\/12\/IMG_8490-Mittel.jpg\" sizes=\"auto, (max-width: 900px) 100vw, 900px\" srcset=\"https:\/\/vspoechlarn.ac.at\/wordpress\/wp-content\/uploads\/2020\/12\/IMG_8490-Mittel.jpg 1024w, https:\/\/vspoechlarn.ac.at\/wordpress\/wp-content\/uploads\/2020\/12\/IMG_8490-Mittel-350x263.jpg 350w\" alt=\"\" width=\"900\" height=\"675\" \/><\/a><\/div>\n<\/div>\n<\/div>\n<\/div>\n<\/div>\n<\/div>\n<div class=\"panel-footer entry-meta\">\n<p><small><span class=\"loop-category\"><a class=\"label label-primary\" href=\"https:\/\/vspoechlarn.ac.at\/wordpress\/category\/allgemein\/\">Startseite<\/a>\u00a0<\/span><span class=\"loop-author\">|\u00a0<span class=\"author vcard\"><a class=\"url fn n\" href=\"https:\/\/vspoechlarn.ac.at\/wordpress\/author\/wp-admin\/\">wp-admin<\/a><\/span><\/span>\u00a0<span class=\"loop-date\">|\u00a0<time class=\"entry-date published updated\" datetime=\"2020-12-02T09:34:38+01:00\">2. Dezember 2020<\/time><\/span>\u00a0|\u00a0<span class=\"edit-link\"><a class=\"post-edit-link\" href=\"https:\/\/vspoechlarn.ac.at\/wordpress\/wp-admin\/post.php?post=3159&amp;action=edit\">Bearbeiten<\/a><\/span><\/small><\/p>\n<div class=\"clearfix\"><\/div>\n<\/div>\n<\/div>\n<\/article>\n<article id=\"post-3156\" class=\"loop_list post-3156 post type-post status-publish format-standard hentry category-allgemein\">\n<div class=\"panel panel-default\">\n<div class=\"panel-body clearfix\">\n<div class=\"fs-have-thumbnail\">\n<header class=\"entry-header\">\n<h4 class=\"entry-title\"><strong><a title=\"Permanentlink zu Weihnachtspackerl\" href=\"https:\/\/vspoechlarn.ac.at\/wordpress\/2020\/12\/02\/weihnachtspackerl\/\" rel=\"bookmark\">Weihnachtspackerl<\/a><\/strong><\/h4>\n<\/header>\n<div class=\"entry-content\">\n<p>Der wundersch\u00f6ne Gedanke, armen Kindern in Rum\u00e4nien eine kleine Weihnachtsfreude zu bereiten, hat auch heuer wieder viele<br \/>\nKinder der VS P\u00f6chlarn veranlasst mit ihrer Familie ein ein Weihnachtspaket zu packen.<br \/>\nInsgesamt konnten wir 40 Packerl weitergeben \u2013 herzlichen Dank!<\/p>\n<div id=\"gallery_3156_26\" class=\"row\">\n<div id=\"3156-image-3157\" class=\"col-xs-12 col-sm-4 col-md-4\">\n<div class=\"thumbnail\"><a href=\"https:\/\/vspoechlarn.ac.at\/wordpress\/wp-content\/uploads\/2020\/12\/DSC09340-Mittel.jpg\"><img loading=\"lazy\" decoding=\"async\" class=\"attachment-large size-large\" src=\"https:\/\/vspoechlarn.ac.at\/wordpress\/wp-content\/uploads\/2020\/12\/DSC09340-Mittel-1024x680.jpg\" sizes=\"auto, (max-width: 900px) 100vw, 900px\" srcset=\"https:\/\/vspoechlarn.ac.at\/wordpress\/wp-content\/uploads\/2020\/12\/DSC09340-Mittel-1024x680.jpg 1024w, https:\/\/vspoechlarn.ac.at\/wordpress\/wp-content\/uploads\/2020\/12\/DSC09340-Mittel-350x233.jpg 350w, https:\/\/vspoechlarn.ac.at\/wordpress\/wp-content\/uploads\/2020\/12\/DSC09340-Mittel.jpg 1156w\" alt=\"\" width=\"900\" height=\"598\" \/><\/a><\/div>\n<\/div>\n<\/div>\n<\/div>\n<\/div>\n<\/div>\n<div class=\"panel-footer entry-meta\">\n<p><small><span class=\"loop-category\"><a class=\"label label-primary\" href=\"https:\/\/vspoechlarn.ac.at\/wordpress\/category\/allgemein\/\">Startseite<\/a>\u00a0<\/span><span class=\"loop-author\">|\u00a0<span class=\"author vcard\"><a class=\"url fn n\" href=\"https:\/\/vspoechlarn.ac.at\/wordpress\/author\/wp-admin\/\">wp-admin<\/a><\/span><\/span>\u00a0<span class=\"loop-date\">|\u00a0<time class=\"entry-date published updated\" datetime=\"2020-12-02T09:30:55+01:00\">2. Dezember 2020<\/time><\/span>\u00a0|\u00a0<span class=\"edit-link\"><a class=\"post-edit-link\" href=\"https:\/\/vspoechlarn.ac.at\/wordpress\/wp-admin\/post.php?post=3156&amp;action=edit\">Bearbeiten<\/a><\/span><\/small><\/p>\n<div class=\"clearfix\"><\/div>\n<\/div>\n<\/div>\n<\/article>\n<article id=\"post-3153\" class=\"loop_list post-3153 post type-post status-publish format-standard hentry category-allgemein\">\n<div class=\"panel panel-default\">\n<div class=\"panel-body clearfix\">\n<div class=\"fs-have-thumbnail\">\n<header class=\"entry-header\">\n<h4 class=\"entry-title\"><strong><a title=\"Permanentlink zu Heiliger Martin\" href=\"https:\/\/vspoechlarn.ac.at\/wordpress\/2020\/11\/11\/heiliger-martin\/\" rel=\"bookmark\">Heiliger Martin<\/a><\/strong><\/h4>\n<\/header>\n<div class=\"entry-content\">\n<p>Die Kinder der Vorschulgruppe bastelten heute, Tag des Heiligen Martins, diese kleinen, wundersch\u00f6nen Laternen. Auch wenn ein Martinsumzug heuer nicht m\u00f6glich sein wird, k\u00f6nnen die Kinder trotzdem ein bisschen Normalit\u00e4t einkehren lassen und mit ihren Eltern einen Spaziergang im Laternenlicht machen.<\/p>\n<div id=\"gallery_3153_27\" class=\"row\">\n<div id=\"3153-image-3152\" class=\"col-xs-12 col-sm-4 col-md-4\">\n<div class=\"thumbnail\"><a href=\"https:\/\/vspoechlarn.ac.at\/wordpress\/wp-content\/uploads\/2020\/11\/IMG_8375-Mittel.jpeg\"><img loading=\"lazy\" decoding=\"async\" class=\"attachment-large size-large\" src=\"https:\/\/vspoechlarn.ac.at\/wordpress\/wp-content\/uploads\/2020\/11\/IMG_8375-Mittel.jpeg\" sizes=\"auto, (max-width: 900px) 100vw, 900px\" srcset=\"https:\/\/vspoechlarn.ac.at\/wordpress\/wp-content\/uploads\/2020\/11\/IMG_8375-Mittel.jpeg 1024w, https:\/\/vspoechlarn.ac.at\/wordpress\/wp-content\/uploads\/2020\/11\/IMG_8375-Mittel-350x263.jpeg 350w\" alt=\"\" width=\"900\" height=\"675\" \/><\/a><\/div>\n<\/div>\n<div id=\"3153-image-3151\" class=\"col-xs-12 col-sm-4 col-md-4\">\n<div class=\"thumbnail\"><a href=\"https:\/\/vspoechlarn.ac.at\/wordpress\/wp-content\/uploads\/2020\/11\/IMG_8371-Mittel.jpeg\"><img loading=\"lazy\" decoding=\"async\" class=\"attachment-large size-large\" src=\"https:\/\/vspoechlarn.ac.at\/wordpress\/wp-content\/uploads\/2020\/11\/IMG_8371-Mittel.jpeg\" sizes=\"auto, (max-width: 900px) 100vw, 900px\" srcset=\"https:\/\/vspoechlarn.ac.at\/wordpress\/wp-content\/uploads\/2020\/11\/IMG_8371-Mittel.jpeg 1024w, https:\/\/vspoechlarn.ac.at\/wordpress\/wp-content\/uploads\/2020\/11\/IMG_8371-Mittel-350x263.jpeg 350w\" alt=\"\" width=\"900\" height=\"675\" \/><\/a><\/div>\n<\/div>\n<\/div>\n<\/div>\n<\/div>\n<\/div>\n<div class=\"panel-footer entry-meta\">\n<p><small><span class=\"loop-category\"><a class=\"label label-primary\" href=\"https:\/\/vspoechlarn.ac.at\/wordpress\/category\/allgemein\/\">Startseite<\/a>\u00a0<\/span><span class=\"loop-author\">|\u00a0<span class=\"author vcard\"><a class=\"url fn n\" href=\"https:\/\/vspoechlarn.ac.at\/wordpress\/author\/wp-admin\/\">wp-admin<\/a><\/span><\/span>\u00a0<span class=\"loop-date\">|\u00a0<time class=\"entry-date published updated\" datetime=\"2020-11-11T09:57:23+01:00\">11. November 2020<\/time><\/span>\u00a0|\u00a0<span class=\"edit-link\"><a class=\"post-edit-link\" href=\"https:\/\/vspoechlarn.ac.at\/wordpress\/wp-admin\/post.php?post=3153&amp;action=edit\">Bearbeiten<\/a><\/span><\/small><\/p>\n<div class=\"clearfix\"><\/div>\n<\/div>\n<\/div>\n<\/article>\n<article id=\"post-3138\" class=\"loop_list post-3138 post type-post status-publish format-standard hentry category-allgemein\">\n<div class=\"panel panel-default\">\n<div class=\"panel-body clearfix\">\n<div class=\"fs-have-thumbnail\">\n<header class=\"entry-header\">\n<h4 class=\"entry-title\"><strong><a title=\"Permanentlink zu Radfahrpr\u00fcfung\" href=\"https:\/\/vspoechlarn.ac.at\/wordpress\/2020\/10\/23\/radfahrpruefung\/\" rel=\"bookmark\">Radfahrpr\u00fcfung<\/a><\/strong><\/h4>\n<\/header>\n<div class=\"entry-content\">\n<p>Zur bestandenen Radfahrpr\u00fcfunug gratulieren wir ganz herzlich!<\/p>\n<div id=\"gallery_3138_28\" class=\"row\">\n<div id=\"3138-image-3139\" class=\"col-xs-12 col-sm-4 col-md-4\">\n<div class=\"thumbnail\"><a href=\"https:\/\/vspoechlarn.ac.at\/wordpress\/wp-content\/uploads\/2020\/10\/DSC09336-Mittel.jpg\"><img loading=\"lazy\" decoding=\"async\" class=\"attachment-large size-large\" src=\"https:\/\/vspoechlarn.ac.at\/wordpress\/wp-content\/uploads\/2020\/10\/DSC09336-Mittel-1024x680.jpg\" sizes=\"auto, (max-width: 900px) 100vw, 900px\" srcset=\"https:\/\/vspoechlarn.ac.at\/wordpress\/wp-content\/uploads\/2020\/10\/DSC09336-Mittel-1024x680.jpg 1024w, https:\/\/vspoechlarn.ac.at\/wordpress\/wp-content\/uploads\/2020\/10\/DSC09336-Mittel-350x233.jpg 350w, https:\/\/vspoechlarn.ac.at\/wordpress\/wp-content\/uploads\/2020\/10\/DSC09336-Mittel.jpg 1156w\" alt=\"\" width=\"900\" height=\"598\" \/><\/a><\/div>\n<\/div>\n<div id=\"3138-image-3141\" class=\"col-xs-12 col-sm-4 col-md-4\">\n<div class=\"thumbnail\"><a href=\"https:\/\/vspoechlarn.ac.at\/wordpress\/wp-content\/uploads\/2020\/10\/DSC09337.jpg\"><img loading=\"lazy\" decoding=\"async\" class=\"attachment-large size-large\" src=\"https:\/\/vspoechlarn.ac.at\/wordpress\/wp-content\/uploads\/2020\/10\/DSC09337-1024x680.jpg\" sizes=\"auto, (max-width: 900px) 100vw, 900px\" srcset=\"https:\/\/vspoechlarn.ac.at\/wordpress\/wp-content\/uploads\/2020\/10\/DSC09337-1024x680.jpg 1024w, https:\/\/vspoechlarn.ac.at\/wordpress\/wp-content\/uploads\/2020\/10\/DSC09337-350x233.jpg 350w, https:\/\/vspoechlarn.ac.at\/wordpress\/wp-content\/uploads\/2020\/10\/DSC09337-1536x1020.jpg 1536w, https:\/\/vspoechlarn.ac.at\/wordpress\/wp-content\/uploads\/2020\/10\/DSC09337-2048x1361.jpg 2048w, https:\/\/vspoechlarn.ac.at\/wordpress\/wp-content\/uploads\/2020\/10\/DSC09337.jpg 1626w\" alt=\"\" width=\"900\" height=\"598\" \/><\/a><\/div>\n<\/div>\n<\/div>\n<\/div>\n<\/div>\n<\/div>\n<div class=\"panel-footer entry-meta\">\n<p><small><span class=\"loop-category\"><a class=\"label label-primary\" href=\"https:\/\/vspoechlarn.ac.at\/wordpress\/category\/allgemein\/\">Startseite<\/a>\u00a0<\/span><span class=\"loop-author\">|\u00a0<span class=\"author vcard\"><a class=\"url fn n\" href=\"https:\/\/vspoechlarn.ac.at\/wordpress\/author\/wp-admin\/\">wp-admin<\/a><\/span><\/span>\u00a0<span class=\"loop-date\">|\u00a0<time class=\"entry-date published updated\" datetime=\"2020-10-23T11:16:46+02:00\">23. Oktober 2020<\/time><\/span>\u00a0|\u00a0<span class=\"edit-link\"><a class=\"post-edit-link\" href=\"https:\/\/vspoechlarn.ac.at\/wordpress\/wp-admin\/post.php?post=3138&amp;action=edit\">Bearbeiten<\/a><\/span><\/small><\/p>\n<div class=\"clearfix\"><\/div>\n<\/div>\n<\/div>\n<\/article>\n<article id=\"post-3130\" class=\"loop_list post-3130 post type-post status-publish format-standard hentry category-allgemein\">\n<div class=\"panel panel-default\">\n<div class=\"panel-body clearfix\">\n<div class=\"fs-have-thumbnail\">\n<header class=\"entry-header\">\n<h4 class=\"entry-title\"><strong><a title=\"Permanentlink zu Zahngesundheitserziehung\" href=\"https:\/\/vspoechlarn.ac.at\/wordpress\/2020\/10\/17\/zahngesundheitserziehung\/\" rel=\"bookmark\">Zahngesundheitserziehung<\/a><\/strong><\/h4>\n<\/header>\n<div class=\"entry-content\">\n<p>Auch in diesem Schuljahr findet das Projekt \u201eApollonia\u201c statt. Aufgrund der Corona-Ma\u00dfnahmen wurden heuer die Z\u00e4hne in der Schule nicht geputzt, daf\u00fcr aber \u00fcber gesunde und ungesunde Lebensmittel f\u00fcr die Z\u00e4hne gesprochen.<\/p>\n<div id=\"gallery_3130_29\" class=\"row\">\n<div id=\"3130-image-3125\" class=\"col-xs-12 col-sm-4 col-md-4\">\n<div class=\"thumbnail\"><a href=\"https:\/\/vspoechlarn.ac.at\/wordpress\/wp-content\/uploads\/2020\/10\/20201001_100519-scaled.jpg\"><img loading=\"lazy\" decoding=\"async\" class=\"attachment-large size-large\" src=\"https:\/\/vspoechlarn.ac.at\/wordpress\/wp-content\/uploads\/2020\/10\/20201001_100519-768x1024.jpg\" sizes=\"auto, (max-width: 768px) 100vw, 768px\" srcset=\"https:\/\/vspoechlarn.ac.at\/wordpress\/wp-content\/uploads\/2020\/10\/20201001_100519-768x1024.jpg 768w, https:\/\/vspoechlarn.ac.at\/wordpress\/wp-content\/uploads\/2020\/10\/20201001_100519-225x300.jpg 225w, https:\/\/vspoechlarn.ac.at\/wordpress\/wp-content\/uploads\/2020\/10\/20201001_100519-1152x1536.jpg 1152w, https:\/\/vspoechlarn.ac.at\/wordpress\/wp-content\/uploads\/2020\/10\/20201001_100519-1536x2048.jpg 1536w, https:\/\/vspoechlarn.ac.at\/wordpress\/wp-content\/uploads\/2020\/10\/20201001_100519-scaled.jpg 810w\" alt=\"\" width=\"768\" height=\"1024\" \/><\/a><\/div>\n<\/div>\n<div id=\"3130-image-3129\" class=\"col-xs-12 col-sm-4 col-md-4\">\n<div class=\"thumbnail\"><a href=\"https:\/\/vspoechlarn.ac.at\/wordpress\/wp-content\/uploads\/2020\/10\/20201001_095859-scaled.jpg\"><img loading=\"lazy\" decoding=\"async\" class=\"attachment-large size-large\" src=\"https:\/\/vspoechlarn.ac.at\/wordpress\/wp-content\/uploads\/2020\/10\/20201001_095859-1024x768.jpg\" sizes=\"auto, (max-width: 900px) 100vw, 900px\" srcset=\"https:\/\/vspoechlarn.ac.at\/wordpress\/wp-content\/uploads\/2020\/10\/20201001_095859-1024x768.jpg 1024w, https:\/\/vspoechlarn.ac.at\/wordpress\/wp-content\/uploads\/2020\/10\/20201001_095859-350x263.jpg 350w, https:\/\/vspoechlarn.ac.at\/wordpress\/wp-content\/uploads\/2020\/10\/20201001_095859-1536x1152.jpg 1536w, https:\/\/vspoechlarn.ac.at\/wordpress\/wp-content\/uploads\/2020\/10\/20201001_095859-2048x1536.jpg 2048w, https:\/\/vspoechlarn.ac.at\/wordpress\/wp-content\/uploads\/2020\/10\/20201001_095859-scaled.jpg 1440w\" alt=\"\" width=\"900\" height=\"675\" \/><\/a><\/div>\n<\/div>\n<div id=\"3130-image-3127\" class=\"col-xs-12 col-sm-4 col-md-4\">\n<div class=\"thumbnail\"><a href=\"https:\/\/vspoechlarn.ac.at\/wordpress\/wp-content\/uploads\/2020\/10\/20201001_100502-scaled.jpg\"><img loading=\"lazy\" decoding=\"async\" class=\"attachment-large size-large\" src=\"https:\/\/vspoechlarn.ac.at\/wordpress\/wp-content\/uploads\/2020\/10\/20201001_100502-1024x768.jpg\" sizes=\"auto, (max-width: 900px) 100vw, 900px\" srcset=\"https:\/\/vspoechlarn.ac.at\/wordpress\/wp-content\/uploads\/2020\/10\/20201001_100502-1024x768.jpg 1024w, https:\/\/vspoechlarn.ac.at\/wordpress\/wp-content\/uploads\/2020\/10\/20201001_100502-350x263.jpg 350w, https:\/\/vspoechlarn.ac.at\/wordpress\/wp-content\/uploads\/2020\/10\/20201001_100502-1536x1152.jpg 1536w, https:\/\/vspoechlarn.ac.at\/wordpress\/wp-content\/uploads\/2020\/10\/20201001_100502-2048x1536.jpg 2048w, https:\/\/vspoechlarn.ac.at\/wordpress\/wp-content\/uploads\/2020\/10\/20201001_100502-scaled.jpg 1440w\" alt=\"\" width=\"900\" height=\"675\" \/><\/a><\/div>\n<\/div>\n<\/div>\n<\/div>\n<\/div>\n<\/div>\n<div class=\"panel-footer entry-meta\">\n<p><small><span class=\"loop-category\"><a class=\"label label-primary\" href=\"https:\/\/vspoechlarn.ac.at\/wordpress\/category\/allgemein\/\">Startseite<\/a>\u00a0<\/span><span class=\"loop-author\">|\u00a0<span class=\"author vcard\"><a class=\"url fn n\" href=\"https:\/\/vspoechlarn.ac.at\/wordpress\/author\/wp-admin\/\">wp-admin<\/a><\/span><\/span>\u00a0<span class=\"loop-date\">|\u00a0<time class=\"entry-date published updated\" datetime=\"2020-10-17T07:29:08+02:00\">17. Oktober 2020<\/time><\/span>\u00a0|\u00a0<span class=\"edit-link\"><a class=\"post-edit-link\" href=\"https:\/\/vspoechlarn.ac.at\/wordpress\/wp-admin\/post.php?post=3130&amp;action=edit\">Bearbeiten<\/a><\/span><\/small><\/p>\n<div class=\"clearfix\"><\/div>\n<\/div>\n<\/div>\n<\/article>\n<article id=\"post-3113\" class=\"loop_list post-3113 post type-post status-publish format-standard hentry category-allgemein\">\n<div class=\"panel panel-default\">\n<div class=\"panel-body clearfix\">\n<div class=\"fs-have-thumbnail\">\n<header class=\"entry-header\">\n<h4 class=\"entry-title\"><strong><a title=\"Permanentlink zu \u00dcben f\u00fcr die Radfahrpr\u00fcfung\" href=\"https:\/\/vspoechlarn.ac.at\/wordpress\/2020\/10\/16\/ueben-fuer-die-radfahrpruefung\/\" rel=\"bookmark\">\u00dcben f\u00fcr die Radfahrpr\u00fcfung<\/a><\/strong><\/h4>\n<\/header>\n<div class=\"entry-content\">\n<p>Die Kinder der 4b Klasse \u00fcben flei\u00dfig f\u00fcr die Radfahrpr\u00fcfung.<\/p>\n<div id=\"gallery_3113_30\" class=\"row\">\n<div id=\"3113-image-3108\" class=\"col-xs-12 col-sm-4 col-md-4\">\n<div class=\"thumbnail\"><a href=\"https:\/\/vspoechlarn.ac.at\/wordpress\/wp-content\/uploads\/2020\/10\/IMG-20201016-WA0004.jpg\"><img loading=\"lazy\" decoding=\"async\" class=\"attachment-large size-large\" src=\"https:\/\/vspoechlarn.ac.at\/wordpress\/wp-content\/uploads\/2020\/10\/IMG-20201016-WA0004-768x1024.jpg\" sizes=\"auto, (max-width: 768px) 100vw, 768px\" srcset=\"https:\/\/vspoechlarn.ac.at\/wordpress\/wp-content\/uploads\/2020\/10\/IMG-20201016-WA0004-768x1024.jpg 768w, https:\/\/vspoechlarn.ac.at\/wordpress\/wp-content\/uploads\/2020\/10\/IMG-20201016-WA0004-225x300.jpg 225w, https:\/\/vspoechlarn.ac.at\/wordpress\/wp-content\/uploads\/2020\/10\/IMG-20201016-WA0004-1152x1536.jpg 1152w, https:\/\/vspoechlarn.ac.at\/wordpress\/wp-content\/uploads\/2020\/10\/IMG-20201016-WA0004.jpg 810w\" alt=\"\" width=\"768\" height=\"1024\" \/><\/a><\/div>\n<\/div>\n<div id=\"3113-image-3110\" class=\"col-xs-12 col-sm-4 col-md-4\">\n<div class=\"thumbnail\"><a href=\"https:\/\/vspoechlarn.ac.at\/wordpress\/wp-content\/uploads\/2020\/10\/IMG-20201016-WA0007.jpg\"><img loading=\"lazy\" decoding=\"async\" class=\"attachment-large size-large\" src=\"https:\/\/vspoechlarn.ac.at\/wordpress\/wp-content\/uploads\/2020\/10\/IMG-20201016-WA0007-768x1024.jpg\" sizes=\"auto, (max-width: 768px) 100vw, 768px\" srcset=\"https:\/\/vspoechlarn.ac.at\/wordpress\/wp-content\/uploads\/2020\/10\/IMG-20201016-WA0007-768x1024.jpg 768w, https:\/\/vspoechlarn.ac.at\/wordpress\/wp-content\/uploads\/2020\/10\/IMG-20201016-WA0007-225x300.jpg 225w, https:\/\/vspoechlarn.ac.at\/wordpress\/wp-content\/uploads\/2020\/10\/IMG-20201016-WA0007-1152x1536.jpg 1152w, https:\/\/vspoechlarn.ac.at\/wordpress\/wp-content\/uploads\/2020\/10\/IMG-20201016-WA0007.jpg 810w\" alt=\"\" width=\"768\" height=\"1024\" \/><\/a><\/div>\n<\/div>\n<div id=\"3113-image-3112\" class=\"col-xs-12 col-sm-4 col-md-4\">\n<div class=\"thumbnail\"><a href=\"https:\/\/vspoechlarn.ac.at\/wordpress\/wp-content\/uploads\/2020\/10\/IMG-20201016-WA0009.jpg\"><img loading=\"lazy\" decoding=\"async\" class=\"attachment-large size-large\" src=\"https:\/\/vspoechlarn.ac.at\/wordpress\/wp-content\/uploads\/2020\/10\/IMG-20201016-WA0009-768x1024.jpg\" sizes=\"auto, (max-width: 768px) 100vw, 768px\" srcset=\"https:\/\/vspoechlarn.ac.at\/wordpress\/wp-content\/uploads\/2020\/10\/IMG-20201016-WA0009-768x1024.jpg 768w, https:\/\/vspoechlarn.ac.at\/wordpress\/wp-content\/uploads\/2020\/10\/IMG-20201016-WA0009-225x300.jpg 225w, https:\/\/vspoechlarn.ac.at\/wordpress\/wp-content\/uploads\/2020\/10\/IMG-20201016-WA0009-1152x1536.jpg 1152w, https:\/\/vspoechlarn.ac.at\/wordpress\/wp-content\/uploads\/2020\/10\/IMG-20201016-WA0009.jpg 810w\" alt=\"\" width=\"768\" height=\"1024\" \/><\/a><\/div>\n<\/div>\n<div id=\"3113-image-3111\" class=\"col-xs-12 col-sm-4 col-md-4\">\n<div class=\"thumbnail\"><a href=\"https:\/\/vspoechlarn.ac.at\/wordpress\/wp-content\/uploads\/2020\/10\/IMG-20201016-WA0008.jpg\"><img loading=\"lazy\" decoding=\"async\" class=\"attachment-large size-large\" src=\"https:\/\/vspoechlarn.ac.at\/wordpress\/wp-content\/uploads\/2020\/10\/IMG-20201016-WA0008-768x1024.jpg\" sizes=\"auto, (max-width: 768px) 100vw, 768px\" srcset=\"https:\/\/vspoechlarn.ac.at\/wordpress\/wp-content\/uploads\/2020\/10\/IMG-20201016-WA0008-768x1024.jpg 768w, https:\/\/vspoechlarn.ac.at\/wordpress\/wp-content\/uploads\/2020\/10\/IMG-20201016-WA0008-225x300.jpg 225w, https:\/\/vspoechlarn.ac.at\/wordpress\/wp-content\/uploads\/2020\/10\/IMG-20201016-WA0008-1152x1536.jpg 1152w, https:\/\/vspoechlarn.ac.at\/wordpress\/wp-content\/uploads\/2020\/10\/IMG-20201016-WA0008.jpg 810w\" alt=\"\" width=\"768\" height=\"1024\" \/><\/a><\/div>\n<\/div>\n<div id=\"3113-image-3107\" class=\"col-xs-12 col-sm-4 col-md-4\">\n<div class=\"thumbnail\"><a href=\"https:\/\/vspoechlarn.ac.at\/wordpress\/wp-content\/uploads\/2020\/10\/IMG-20201016-WA0002.jpg\"><img loading=\"lazy\" decoding=\"async\" class=\"attachment-large size-large\" src=\"https:\/\/vspoechlarn.ac.at\/wordpress\/wp-content\/uploads\/2020\/10\/IMG-20201016-WA0002-768x1024.jpg\" sizes=\"auto, (max-width: 768px) 100vw, 768px\" srcset=\"https:\/\/vspoechlarn.ac.at\/wordpress\/wp-content\/uploads\/2020\/10\/IMG-20201016-WA0002-768x1024.jpg 768w, https:\/\/vspoechlarn.ac.at\/wordpress\/wp-content\/uploads\/2020\/10\/IMG-20201016-WA0002-225x300.jpg 225w, https:\/\/vspoechlarn.ac.at\/wordpress\/wp-content\/uploads\/2020\/10\/IMG-20201016-WA0002-1152x1536.jpg 1152w, https:\/\/vspoechlarn.ac.at\/wordpress\/wp-content\/uploads\/2020\/10\/IMG-20201016-WA0002.jpg 810w\" alt=\"\" width=\"768\" height=\"1024\" \/><\/a><\/div>\n<\/div>\n<\/div>\n<\/div>\n<\/div>\n<\/div>\n<div class=\"panel-footer entry-meta\">\n<p><small><span class=\"loop-category\"><a class=\"label label-primary\" href=\"https:\/\/vspoechlarn.ac.at\/wordpress\/category\/allgemein\/\">Startseite<\/a>\u00a0<\/span><span class=\"loop-author\">|\u00a0<span class=\"author vcard\"><a class=\"url fn n\" href=\"https:\/\/vspoechlarn.ac.at\/wordpress\/author\/wp-admin\/\">wp-admin<\/a><\/span><\/span>\u00a0<span class=\"loop-date\">|\u00a0<time class=\"entry-date published updated\" datetime=\"2020-10-16T15:39:17+02:00\">16. Oktober 2020<\/time><\/span>\u00a0|\u00a0<span class=\"edit-link\"><a class=\"post-edit-link\" href=\"https:\/\/vspoechlarn.ac.at\/wordpress\/wp-admin\/post.php?post=3113&amp;action=edit\">Bearbeiten<\/a><\/span><\/small><\/p>\n<div class=\"clearfix\"><\/div>\n<\/div>\n<\/div>\n<\/article>\n<article id=\"post-3085\" class=\"loop_list post-3085 post type-post status-publish format-standard hentry category-allgemein\">\n<div class=\"panel panel-default\">\n<div class=\"panel-body clearfix\">\n<div class=\"fs-have-thumbnail\">\n<header class=\"entry-header\">\n<h4 class=\"entry-title\"><strong><a title=\"Permanentlink zu Hallo Auto!\" href=\"https:\/\/vspoechlarn.ac.at\/wordpress\/2020\/09\/22\/hallo-auto\/\" rel=\"bookmark\">Hallo Auto!<\/a><\/strong><\/h4>\n<\/header>\n<div class=\"entry-content\">\n<p>Die Aktion \u201eHallo Auto\u201c stand in diesem Schuljahr f\u00fcr die 3. und 4. Klassen auf dem Programm. Wegen Corona musste das Verkehrserziehungsprogramm im Fr\u00fchling verschoben werden. Die Kinder lernten den Bremsweg, Anhalteweg und Reaktionsweg kennen und durften selbst ein Auto bremsen.<\/p>\n<div id=\"gallery_3085_31\" class=\"row\">\n<div id=\"3085-image-3089\" class=\"col-xs-12 col-sm-3 col-md-3\">\n<div class=\"thumbnail\"><a href=\"https:\/\/vspoechlarn.ac.at\/wordpress\/wp-content\/uploads\/2020\/09\/DSC09307-Mittel.jpg\"><img loading=\"lazy\" decoding=\"async\" class=\"attachment-large size-large\" src=\"https:\/\/vspoechlarn.ac.at\/wordpress\/wp-content\/uploads\/2020\/09\/DSC09307-Mittel-1024x680.jpg\" sizes=\"auto, (max-width: 900px) 100vw, 900px\" srcset=\"https:\/\/vspoechlarn.ac.at\/wordpress\/wp-content\/uploads\/2020\/09\/DSC09307-Mittel-1024x680.jpg 1024w, https:\/\/vspoechlarn.ac.at\/wordpress\/wp-content\/uploads\/2020\/09\/DSC09307-Mittel-350x233.jpg 350w, https:\/\/vspoechlarn.ac.at\/wordpress\/wp-content\/uploads\/2020\/09\/DSC09307-Mittel.jpg 1156w\" alt=\"\" width=\"900\" height=\"598\" \/><\/a><\/div>\n<\/div>\n<div id=\"3085-image-3090\" class=\"col-xs-12 col-sm-3 col-md-3\">\n<div class=\"thumbnail\"><a href=\"https:\/\/vspoechlarn.ac.at\/wordpress\/wp-content\/uploads\/2020\/09\/DSC09309-Mittel.jpg\"><img loading=\"lazy\" decoding=\"async\" class=\"attachment-large size-large\" src=\"https:\/\/vspoechlarn.ac.at\/wordpress\/wp-content\/uploads\/2020\/09\/DSC09309-Mittel-1024x680.jpg\" sizes=\"auto, (max-width: 900px) 100vw, 900px\" srcset=\"https:\/\/vspoechlarn.ac.at\/wordpress\/wp-content\/uploads\/2020\/09\/DSC09309-Mittel-1024x680.jpg 1024w, https:\/\/vspoechlarn.ac.at\/wordpress\/wp-content\/uploads\/2020\/09\/DSC09309-Mittel-350x233.jpg 350w, https:\/\/vspoechlarn.ac.at\/wordpress\/wp-content\/uploads\/2020\/09\/DSC09309-Mittel.jpg 1156w\" alt=\"\" width=\"900\" height=\"598\" \/><\/a><\/div>\n<\/div>\n<div id=\"3085-image-3081\" class=\"col-xs-12 col-sm-3 col-md-3\">\n<div class=\"thumbnail\"><a href=\"https:\/\/vspoechlarn.ac.at\/wordpress\/wp-content\/uploads\/2020\/09\/20200917_092540-scaled.jpg\"><img loading=\"lazy\" decoding=\"async\" class=\"attachment-large size-large\" src=\"https:\/\/vspoechlarn.ac.at\/wordpress\/wp-content\/uploads\/2020\/09\/20200917_092540-1024x768.jpg\" sizes=\"auto, (max-width: 900px) 100vw, 900px\" srcset=\"https:\/\/vspoechlarn.ac.at\/wordpress\/wp-content\/uploads\/2020\/09\/20200917_092540-1024x768.jpg 1024w, https:\/\/vspoechlarn.ac.at\/wordpress\/wp-content\/uploads\/2020\/09\/20200917_092540-350x263.jpg 350w, https:\/\/vspoechlarn.ac.at\/wordpress\/wp-content\/uploads\/2020\/09\/20200917_092540-1536x1152.jpg 1536w, https:\/\/vspoechlarn.ac.at\/wordpress\/wp-content\/uploads\/2020\/09\/20200917_092540-2048x1536.jpg 2048w, https:\/\/vspoechlarn.ac.at\/wordpress\/wp-content\/uploads\/2020\/09\/20200917_092540-scaled.jpg 1440w\" alt=\"\" width=\"900\" height=\"675\" \/><\/a><\/div>\n<\/div>\n<div id=\"3085-image-3080\" class=\"col-xs-12 col-sm-3 col-md-3\">\n<div class=\"thumbnail\"><a href=\"https:\/\/vspoechlarn.ac.at\/wordpress\/wp-content\/uploads\/2020\/09\/20200917_110803-scaled.jpg\"><img loading=\"lazy\" decoding=\"async\" class=\"attachment-large size-large\" src=\"https:\/\/vspoechlarn.ac.at\/wordpress\/wp-content\/uploads\/2020\/09\/20200917_110803-1024x768.jpg\" sizes=\"auto, (max-width: 900px) 100vw, 900px\" srcset=\"https:\/\/vspoechlarn.ac.at\/wordpress\/wp-content\/uploads\/2020\/09\/20200917_110803-1024x768.jpg 1024w, https:\/\/vspoechlarn.ac.at\/wordpress\/wp-content\/uploads\/2020\/09\/20200917_110803-350x263.jpg 350w, https:\/\/vspoechlarn.ac.at\/wordpress\/wp-content\/uploads\/2020\/09\/20200917_110803-1536x1152.jpg 1536w, https:\/\/vspoechlarn.ac.at\/wordpress\/wp-content\/uploads\/2020\/09\/20200917_110803-2048x1536.jpg 2048w, https:\/\/vspoechlarn.ac.at\/wordpress\/wp-content\/uploads\/2020\/09\/20200917_110803-scaled.jpg 1440w\" alt=\"\" width=\"900\" height=\"675\" \/><\/a><\/div>\n<\/div>\n<\/div>\n<p>Wir bedanken uns bei AUVA\/\u00d6AMTC f\u00fcr dieses kostenlose Servive und ganz besonders bei der Feuerwehr P\u00f6chlarn!<\/p>\n<\/div>\n<\/div>\n<\/div>\n<div class=\"panel-footer entry-meta\">\n<p><small><span class=\"loop-category\"><a class=\"label label-primary\" href=\"https:\/\/vspoechlarn.ac.at\/wordpress\/category\/allgemein\/\">Startseite<\/a>\u00a0<\/span><span class=\"loop-author\">|\u00a0<span class=\"author vcard\"><a class=\"url fn n\" href=\"https:\/\/vspoechlarn.ac.at\/wordpress\/author\/wp-admin\/\">wp-admin<\/a><\/span><\/span>\u00a0<span class=\"loop-date\">|\u00a0<time class=\"entry-date published updated\" datetime=\"2020-09-22T06:31:30+02:00\">22. September 2020<\/time><\/span>\u00a0|\u00a0<span class=\"edit-link\"><a class=\"post-edit-link\" href=\"https:\/\/vspoechlarn.ac.at\/wordpress\/wp-admin\/post.php?post=3085&amp;action=edit\">Bearbeiten<\/a><\/span><\/small><\/p>\n<div class=\"clearfix\"><\/div>\n<\/div>\n<\/div>\n<\/article>\n<article id=\"post-3083\" class=\"loop_list post-3083 post type-post status-publish format-standard hentry category-allgemein\">\n<div class=\"panel panel-default\">\n<div class=\"panel-body clearfix\">\n<div class=\"fs-have-thumbnail\">\n<header class=\"entry-header\">\n<h4 class=\"entry-title\"><strong><a title=\"Permanentlink zu Wandertag nach Krummnu\u00dfbaum\" href=\"https:\/\/vspoechlarn.ac.at\/wordpress\/2020\/09\/22\/wandertag-nach-krummnussbaum\/\" rel=\"bookmark\">Wandertag nach Krummnu\u00dfbaum<\/a><\/strong><\/h4>\n<\/header>\n<div class=\"entry-content\">\n<p>Am Mittwoch waren die zwei 3. Klassen auf Wandertag. Bei herrlichem Wetter gingen die Sch\u00fclerinnen und Sch\u00fcler sowie die Lehrerinnen nach Krummnu\u00dfbaum zum Spielplatz.<\/p>\n<p>&nbsp;<\/p>\n<div id=\"gallery_3083_32\" class=\"row\">\n<div id=\"3083-image-3093\" class=\"col-xs-12 col-sm-4 col-md-4\">\n<div class=\"thumbnail\"><a href=\"https:\/\/vspoechlarn.ac.at\/wordpress\/wp-content\/uploads\/2020\/09\/IMG-20200922-WA0000.jpg\"><img loading=\"lazy\" decoding=\"async\" class=\"attachment-large size-large\" src=\"https:\/\/vspoechlarn.ac.at\/wordpress\/wp-content\/uploads\/2020\/09\/IMG-20200922-WA0000-1024x768.jpg\" sizes=\"auto, (max-width: 900px) 100vw, 900px\" srcset=\"https:\/\/vspoechlarn.ac.at\/wordpress\/wp-content\/uploads\/2020\/09\/IMG-20200922-WA0000-1024x768.jpg 1024w, https:\/\/vspoechlarn.ac.at\/wordpress\/wp-content\/uploads\/2020\/09\/IMG-20200922-WA0000-350x263.jpg 350w, https:\/\/vspoechlarn.ac.at\/wordpress\/wp-content\/uploads\/2020\/09\/IMG-20200922-WA0000-1536x1152.jpg 1536w, https:\/\/vspoechlarn.ac.at\/wordpress\/wp-content\/uploads\/2020\/09\/IMG-20200922-WA0000.jpg 1440w\" alt=\"\" width=\"900\" height=\"675\" \/><\/a><\/div>\n<\/div>\n<div id=\"3083-image-3094\" class=\"col-xs-12 col-sm-4 col-md-4\">\n<div class=\"thumbnail\"><a href=\"https:\/\/vspoechlarn.ac.at\/wordpress\/wp-content\/uploads\/2020\/09\/IMG-20200922-WA0001.jpg\"><img loading=\"lazy\" decoding=\"async\" class=\"attachment-large size-large\" src=\"https:\/\/vspoechlarn.ac.at\/wordpress\/wp-content\/uploads\/2020\/09\/IMG-20200922-WA0001-1024x768.jpg\" sizes=\"auto, (max-width: 900px) 100vw, 900px\" srcset=\"https:\/\/vspoechlarn.ac.at\/wordpress\/wp-content\/uploads\/2020\/09\/IMG-20200922-WA0001-1024x768.jpg 1024w, https:\/\/vspoechlarn.ac.at\/wordpress\/wp-content\/uploads\/2020\/09\/IMG-20200922-WA0001-350x263.jpg 350w, https:\/\/vspoechlarn.ac.at\/wordpress\/wp-content\/uploads\/2020\/09\/IMG-20200922-WA0001-1536x1152.jpg 1536w, https:\/\/vspoechlarn.ac.at\/wordpress\/wp-content\/uploads\/2020\/09\/IMG-20200922-WA0001.jpg 1440w\" alt=\"\" width=\"900\" height=\"675\" \/><\/a><\/div>\n<\/div>\n<div id=\"3083-image-3097\" class=\"col-xs-12 col-sm-4 col-md-4\">\n<div class=\"thumbnail\"><a href=\"https:\/\/vspoechlarn.ac.at\/wordpress\/wp-content\/uploads\/2020\/09\/20200916_100444_001-scaled.jpg\"><img loading=\"lazy\" decoding=\"async\" class=\"attachment-large size-large\" src=\"https:\/\/vspoechlarn.ac.at\/wordpress\/wp-content\/uploads\/2020\/09\/20200916_100444_001-1024x768.jpg\" sizes=\"auto, (max-width: 900px) 100vw, 900px\" srcset=\"https:\/\/vspoechlarn.ac.at\/wordpress\/wp-content\/uploads\/2020\/09\/20200916_100444_001-1024x768.jpg 1024w, https:\/\/vspoechlarn.ac.at\/wordpress\/wp-content\/uploads\/2020\/09\/20200916_100444_001-350x263.jpg 350w, https:\/\/vspoechlarn.ac.at\/wordpress\/wp-content\/uploads\/2020\/09\/20200916_100444_001-1536x1152.jpg 1536w, https:\/\/vspoechlarn.ac.at\/wordpress\/wp-content\/uploads\/2020\/09\/20200916_100444_001-2048x1536.jpg 2048w, https:\/\/vspoechlarn.ac.at\/wordpress\/wp-content\/uploads\/2020\/09\/20200916_100444_001-scaled.jpg 1440w\" alt=\"\" width=\"900\" height=\"675\" \/><\/a><\/div>\n<\/div>\n<\/div>\n<\/div>\n<\/div>\n<\/div>\n<div class=\"panel-footer entry-meta\">\n<p><small><span class=\"loop-category\"><a class=\"label label-primary\" href=\"https:\/\/vspoechlarn.ac.at\/wordpress\/category\/allgemein\/\">Startseite<\/a>\u00a0<\/span><span class=\"loop-author\">|\u00a0<span class=\"author vcard\"><a class=\"url fn n\" href=\"https:\/\/vspoechlarn.ac.at\/wordpress\/author\/wp-admin\/\">wp-admin<\/a><\/span><\/span>\u00a0<span class=\"loop-date\">|\u00a0<time class=\"entry-date published updated\" datetime=\"2020-09-22T06:26:34+02:00\">22. September 2020<\/time><\/span>\u00a0|\u00a0<span class=\"edit-link\"><a class=\"post-edit-link\" href=\"https:\/\/vspoechlarn.ac.at\/wordpress\/wp-admin\/post.php?post=3083&amp;action=edit\">Bearbeiten<\/a><\/span><\/small><\/p>\n<div class=\"clearfix\"><\/div>\n<\/div>\n<\/div>\n<\/article>\n<article id=\"post-3072\" class=\"loop_list post-3072 post type-post status-publish format-standard hentry category-allgemein\">\n<div class=\"panel panel-default\">\n<div class=\"panel-body clearfix\">\n<div class=\"fs-have-thumbnail\">\n<header class=\"entry-header\">\n<h4 class=\"entry-title\"><strong><a title=\"Permanentlink zu Ein Sumsi-Rucksack f\u00fcr alle Schulanf\u00e4ngerInnen\" href=\"https:\/\/vspoechlarn.ac.at\/wordpress\/2020\/09\/11\/ein-sumsi-rucksack-fuer-alle-schulanfaengerinnen\/\" rel=\"bookmark\">Ein Sumsi-Rucksack f\u00fcr alle Schulanf\u00e4ngerInnen<\/a><\/strong><\/h4>\n<\/header>\n<div class=\"entry-content\">\n<p>Frau Schweighofer und Frau Bauer von der Raiba P\u00f6chlarn \u00fcbergaben heute im Schlosspark an alle Kinder der 1a und 1b einen Rucksack samt Jausenbox. Die Freude dar\u00fcber war nat\u00fcrlich gro\u00df!<\/p>\n<div id=\"gallery_3072_33\" class=\"row\">\n<div id=\"3072-image-3073\" class=\"col-xs-12 col-sm-4 col-md-4\">\n<div class=\"thumbnail\"><a href=\"https:\/\/vspoechlarn.ac.at\/wordpress\/wp-content\/uploads\/2020\/09\/DSC09297-Mittel.jpg\"><img loading=\"lazy\" decoding=\"async\" class=\"attachment-large size-large\" src=\"https:\/\/vspoechlarn.ac.at\/wordpress\/wp-content\/uploads\/2020\/09\/DSC09297-Mittel-1024x680.jpg\" sizes=\"auto, (max-width: 900px) 100vw, 900px\" srcset=\"https:\/\/vspoechlarn.ac.at\/wordpress\/wp-content\/uploads\/2020\/09\/DSC09297-Mittel-1024x680.jpg 1024w, https:\/\/vspoechlarn.ac.at\/wordpress\/wp-content\/uploads\/2020\/09\/DSC09297-Mittel-350x233.jpg 350w, https:\/\/vspoechlarn.ac.at\/wordpress\/wp-content\/uploads\/2020\/09\/DSC09297-Mittel.jpg 1156w\" alt=\"\" width=\"900\" height=\"598\" \/><\/a><\/div>\n<\/div>\n<div id=\"3072-image-3074\" class=\"col-xs-12 col-sm-4 col-md-4\">\n<div class=\"thumbnail\"><a href=\"https:\/\/vspoechlarn.ac.at\/wordpress\/wp-content\/uploads\/2020\/09\/DSC09302-Mittel.jpg\"><img loading=\"lazy\" decoding=\"async\" class=\"attachment-large size-large\" src=\"https:\/\/vspoechlarn.ac.at\/wordpress\/wp-content\/uploads\/2020\/09\/DSC09302-Mittel-1024x680.jpg\" sizes=\"auto, (max-width: 900px) 100vw, 900px\" srcset=\"https:\/\/vspoechlarn.ac.at\/wordpress\/wp-content\/uploads\/2020\/09\/DSC09302-Mittel-1024x680.jpg 1024w, https:\/\/vspoechlarn.ac.at\/wordpress\/wp-content\/uploads\/2020\/09\/DSC09302-Mittel-350x233.jpg 350w, https:\/\/vspoechlarn.ac.at\/wordpress\/wp-content\/uploads\/2020\/09\/DSC09302-Mittel.jpg 1156w\" alt=\"\" width=\"900\" height=\"598\" \/><\/a><\/div>\n<\/div>\n<\/div>\n<\/div>\n<\/div>\n<\/div>\n<div class=\"panel-footer entry-meta\">\n<p><small><span class=\"loop-category\"><a class=\"label label-primary\" href=\"https:\/\/vspoechlarn.ac.at\/wordpress\/category\/allgemein\/\">Startseite<\/a>\u00a0<\/span><span class=\"loop-author\">|\u00a0<span class=\"author vcard\"><a class=\"url fn n\" href=\"https:\/\/vspoechlarn.ac.at\/wordpress\/author\/wp-admin\/\">wp-admin<\/a><\/span><\/span>\u00a0<span class=\"loop-date\">|\u00a0<time class=\"entry-date published updated\" datetime=\"2020-09-11T12:44:41+02:00\">11. September 2020<\/time><\/span>\u00a0|\u00a0<span class=\"edit-link\"><a class=\"post-edit-link\" href=\"https:\/\/vspoechlarn.ac.at\/wordpress\/wp-admin\/post.php?post=3072&amp;action=edit\">Bearbeiten<\/a><\/span><\/small><\/p>\n<div class=\"clearfix\"><\/div>\n<\/div>\n<\/div>\n<\/article>\n<article id=\"post-3061\" class=\"loop_list post-3061 post type-post status-publish format-standard hentry category-allgemein\">\n<div class=\"panel panel-default\">\n<div class=\"panel-body clearfix\">\n<div class=\"fs-have-thumbnail\">\n<header class=\"entry-header\">\n<h4 class=\"entry-title\"><strong><a title=\"Permanentlink zu Wortgottesdienst zum Schulanfang\" href=\"https:\/\/vspoechlarn.ac.at\/wordpress\/2020\/09\/11\/wortgottesdienst-zum-schulanfang\/\" rel=\"bookmark\">Wortgottesdienst zum Schulanfang<\/a><\/strong><\/h4>\n<\/header>\n<div class=\"entry-content\">\n<p>Wir beginnen unser Schuljahr auch heuer mit einem Wortgottesdienst. Dieser fand jedoch nicht in der Kirche, sondern in unserem Turnsaal statt. Ein gro\u00dfer Dank gilt dabei unserem Herrn Pfarrer.<\/p>\n<p><img loading=\"lazy\" decoding=\"async\" class=\"aligncenter size-medium wp-image-3068\" src=\"https:\/\/vspoechlarn.ac.at\/wordpress\/wp-content\/uploads\/2020\/09\/img_7736-Mittel-350x262.jpg\" sizes=\"auto, (max-width: 350px) 100vw, 350px\" srcset=\"https:\/\/vspoechlarn.ac.at\/wordpress\/wp-content\/uploads\/2020\/09\/img_7736-Mittel-350x262.jpg 350w, https:\/\/vspoechlarn.ac.at\/wordpress\/wp-content\/uploads\/2020\/09\/img_7736-Mittel-1024x767.jpg 1024w, https:\/\/vspoechlarn.ac.at\/wordpress\/wp-content\/uploads\/2020\/09\/img_7736-Mittel.jpg 1026w\" alt=\"\" width=\"350\" height=\"262\" \/><\/p>\n<p><img loading=\"lazy\" decoding=\"async\" class=\"aligncenter size-medium wp-image-3069\" src=\"https:\/\/vspoechlarn.ac.at\/wordpress\/wp-content\/uploads\/2020\/09\/img_7737-Mittel-350x262.jpg\" sizes=\"auto, (max-width: 350px) 100vw, 350px\" srcset=\"https:\/\/vspoechlarn.ac.at\/wordpress\/wp-content\/uploads\/2020\/09\/img_7737-Mittel-350x262.jpg 350w, https:\/\/vspoechlarn.ac.at\/wordpress\/wp-content\/uploads\/2020\/09\/img_7737-Mittel-1024x767.jpg 1024w, https:\/\/vspoechlarn.ac.at\/wordpress\/wp-content\/uploads\/2020\/09\/img_7737-Mittel.jpg 1026w\" alt=\"\" width=\"350\" height=\"262\" \/><\/p>\n<p><img loading=\"lazy\" decoding=\"async\" class=\"aligncenter size-medium wp-image-3070\" src=\"https:\/\/vspoechlarn.ac.at\/wordpress\/wp-content\/uploads\/2020\/09\/img_7739-Mittel-350x262.jpg\" sizes=\"auto, (max-width: 350px) 100vw, 350px\" srcset=\"https:\/\/vspoechlarn.ac.at\/wordpress\/wp-content\/uploads\/2020\/09\/img_7739-Mittel-350x262.jpg 350w, https:\/\/vspoechlarn.ac.at\/wordpress\/wp-content\/uploads\/2020\/09\/img_7739-Mittel-1024x767.jpg 1024w, https:\/\/vspoechlarn.ac.at\/wordpress\/wp-content\/uploads\/2020\/09\/img_7739-Mittel.jpg 1026w\" alt=\"\" width=\"350\" height=\"262\" \/><\/p>\n<p>&nbsp;<\/p>\n<\/div>\n<\/div>\n<\/div>\n<div class=\"panel-footer entry-meta\">\n<p><small><span class=\"loop-category\"><a class=\"label label-primary\" href=\"https:\/\/vspoechlarn.ac.at\/wordpress\/category\/allgemein\/\">Startseite<\/a>\u00a0<\/span><span class=\"loop-author\">|\u00a0<span class=\"author vcard\"><a class=\"url fn n\" href=\"https:\/\/vspoechlarn.ac.at\/wordpress\/author\/wp-admin\/\">wp-admin<\/a><\/span><\/span>\u00a0<span class=\"loop-date\">|\u00a0<time class=\"entry-date published updated\" datetime=\"2020-09-11T11:07:47+02:00\">11. September 2020<\/time><\/span>\u00a0|\u00a0<span class=\"edit-link\"><a class=\"post-edit-link\" href=\"https:\/\/vspoechlarn.ac.at\/wordpress\/wp-admin\/post.php?post=3061&amp;action=edit\">Bearbeiten<\/a><\/span><\/small><\/p>\n<div class=\"clearfix\"><\/div>\n<\/div>\n<\/div>\n<\/article>\n<article id=\"post-3052\" class=\"loop_list post-3052 post type-post status-publish format-standard hentry category-allgemein\">\n<div class=\"panel panel-default\">\n<div class=\"panel-body clearfix\">\n<div class=\"fs-have-thumbnail\">\n<header class=\"entry-header\">\n<h4 class=\"entry-title\"><strong><a title=\"Permanentlink zu Gelungener Schulstart\" href=\"https:\/\/vspoechlarn.ac.at\/wordpress\/2020\/09\/09\/gelungener-schulstart\/\" rel=\"bookmark\">Gelungener Schulstart<\/a><\/strong><\/h4>\n<\/header>\n<div class=\"entry-content\">\n<p>Am 1. Schultag konnten wir alle Kinder gesund in der Schule begr\u00fc\u00dfen. Voll Freude betraten die Schulanf\u00e4nger zum ersten Mal unter Einhaltung der Hygienema\u00dfnahmen ihre Klassen. F\u00fcr den sicheren Schulweg sorgten unsere gelben Schutzengel, wof\u00fcr wir uns ganz herzlich bedanken.<\/p>\n<div class=\"panel-body clearfix\">\n<div class=\"fs-have-thumbnail\">\n<div class=\"entry-content\">\n<div id=\"gallery_3052_34\" class=\"row\">\n<div id=\"3052-image-3054\" class=\"col-xs-12 col-sm-4 col-md-4\">\n<div class=\"thumbnail\"><a href=\"https:\/\/vspoechlarn.ac.at\/wordpress\/wp-content\/uploads\/2020\/09\/IMG_0357-Mittel.jpg\"><img loading=\"lazy\" decoding=\"async\" class=\"attachment-large size-large\" src=\"https:\/\/vspoechlarn.ac.at\/wordpress\/wp-content\/uploads\/2020\/09\/IMG_0357-Mittel-1024x683.jpg\" sizes=\"auto, (max-width: 900px) 100vw, 900px\" srcset=\"https:\/\/vspoechlarn.ac.at\/wordpress\/wp-content\/uploads\/2020\/09\/IMG_0357-Mittel-1024x683.jpg 1024w, https:\/\/vspoechlarn.ac.at\/wordpress\/wp-content\/uploads\/2020\/09\/IMG_0357-Mittel-350x233.jpg 350w, https:\/\/vspoechlarn.ac.at\/wordpress\/wp-content\/uploads\/2020\/09\/IMG_0357-Mittel.jpg 1152w\" alt=\"\" width=\"900\" height=\"600\" \/><\/a><\/div>\n<\/div>\n<\/div>\n<\/div>\n<\/div>\n<\/div>\n<div class=\"panel-footer entry-meta\"><small><span class=\"loop-category\"><a class=\"label label-primary\" href=\"https:\/\/vspoechlarn.ac.at\/wordpress\/category\/allgemein\/\">Startseite<\/a>\u00a0<\/span><span class=\"loop-author\">|\u00a0<span class=\"author vcard\"><a class=\"url fn n\" href=\"https:\/\/vspoechlarn.ac.at\/wordpress\/author\/wp-admin\/\">wp-admin<\/a><\/span><\/span>\u00a0<span class=\"loop-date\">|\u00a0<time class=\"entry-date published updated\" datetime=\"2020-09-09T13:24:35+02:00\">9. September 2020<\/time><\/span>\u00a0|\u00a0<span class=\"edit-link\"><a class=\"post-edit-link\" href=\"https:\/\/vspoechlarn.ac.at\/wordpress\/wp-admin\/post.php?post=3052&amp;action=edit\">Bearbeiten<\/a><\/span><\/small><\/div>\n<div id=\"gallery_3052_34\" class=\"row\">\n<div id=\"3052-image-3054\" class=\"col-xs-12 col-sm-4 col-md-4\"><\/div>\n<\/div>\n<\/div>\n<\/div>\n<\/div>\n<\/div>\n<\/article>\n","protected":false},"excerpt":{"rendered":"<p>Verabschiedung Am letzten Schultag mussten wir uns von 3 Kolleginnen verabschieden. Erna Mayrhofer, Brigitte K\u00f6ck und Inge Zeinzinger haben \u00fcber viele Jahre mit Ihrem gro\u00dfartigen Einsatz das Bild unserer Schule [&hellip;]<\/p>\n","protected":false},"author":1,"featured_media":0,"parent":0,"menu_order":0,"comment_status":"closed","ping_status":"closed","template":"","meta":{"footnotes":""},"class_list":["post-3425","page","type-page","status-publish","hentry"],"_links":{"self":[{"href":"https:\/\/vspoechlarn.ac.at\/wordpress\/wp-json\/wp\/v2\/pages\/3425","targetHints":{"allow":["GET"]}}],"collection":[{"href":"https:\/\/vspoechlarn.ac.at\/wordpress\/wp-json\/wp\/v2\/pages"}],"about":[{"href":"https:\/\/vspoechlarn.ac.at\/wordpress\/wp-json\/wp\/v2\/types\/page"}],"author":[{"embeddable":true,"href":"https:\/\/vspoechlarn.ac.at\/wordpress\/wp-json\/wp\/v2\/users\/1"}],"replies":[{"embeddable":true,"href":"https:\/\/vspoechlarn.ac.at\/wordpress\/wp-json\/wp\/v2\/comments?post=3425"}],"version-history":[{"count":4,"href":"https:\/\/vspoechlarn.ac.at\/wordpress\/wp-json\/wp\/v2\/pages\/3425\/revisions"}],"predecessor-version":[{"id":3434,"href":"https:\/\/vspoechlarn.ac.at\/wordpress\/wp-json\/wp\/v2\/pages\/3425\/revisions\/3434"}],"wp:attachment":[{"href":"https:\/\/vspoechlarn.ac.at\/wordpress\/wp-json\/wp\/v2\/media?parent=3425"}],"curies":[{"name":"wp","href":"https:\/\/api.w.org\/{rel}","templated":true}]}}