{"id":3017,"date":"2020-07-12T10:04:08","date_gmt":"2020-07-12T08:04:08","guid":{"rendered":"http:\/\/vspoechlarn.ac.at\/wordpress\/?page_id=3017"},"modified":"2020-07-12T10:07:19","modified_gmt":"2020-07-12T08:07:19","slug":"2019-20-2","status":"publish","type":"page","link":"https:\/\/vspoechlarn.ac.at\/wordpress\/2019-20-2\/","title":{"rendered":"2019-20"},"content":{"rendered":"<article id=\"post-2987\" class=\"loop_list post-2987 post type-post status-publish format-standard hentry category-allgemein\">\n<div class=\"panel panel-default\">\n<div class=\"panel-body clearfix\">\n<div class=\"fs-have-thumbnail\">\n<header class=\"entry-header\">\n<h4 class=\"entry-title\"><strong><a title=\"Permanentlink zu 2. Platz beim N\u00d6Media-Filmwettbewerb\" href=\"https:\/\/vspoechlarn.ac.at\/wordpress\/2020\/06\/22\/2-platz-beim-noemedia-filmwettbewerb\/\" rel=\"bookmark\">2. Platz beim N\u00d6Media-Filmwettbewerb<\/a><\/strong><\/h4>\n<\/header>\n<div class=\"entry-content\">\n<p>Nach monatelangem Zittern steht es nun fest. Die 2a Klasse hat beim N\u00d6Media M\u00e4rchenfilm-Wettbewerb den 2. Platz erreicht. \u201eDer Wunderbaum\u201c , so der Titel des M\u00e4rchens, wurden von den M\u00e4dchen und Buben im Winter 2020 realisiert. Die vielen Zeichnungen der Kinder wurden zu Collagen gestaltet, fotografiert und dann im StopMotion Verfahren am PC zu einem MP4-Film geschnitten. Wir gratulieren ganz herzlich zu dieser hervorragenden Arbeit und dem sch\u00f6nen Erfolg. Als Preise gab es ein Tablet f\u00fcr die Klasse und f\u00fcr jedes Kind einen 10\u20ac-Gutschein.<\/p>\n<p>Unter folgendem Link k\u00f6nnen auch Sie diesen tollen Film bewundern:\u00a0<a href=\"https:\/\/www.youtube.com\/watch?v=S0e-afuMzSs&amp;list=PLjSFdFg6BqT8XuHvQlzSV2oECKFmbtzPs&amp;index=34&amp;t=0s\">https:\/\/www.youtube.com\/watch?v=S0e-afuMzSs&amp;list=PLjSFdFg6BqT8XuHvQlzSV2oECKFmbtzPs&amp;index=34&amp;t=0s<\/a><\/p>\n<div id=\"gallery_2987_1\" class=\"row\">\n<div id=\"2987-image-2992\" class=\"col-xs-12 col-sm-3 col-md-3\">\n<div class=\"thumbnail\"><a href=\"https:\/\/vspoechlarn.ac.at\/wordpress\/wp-content\/uploads\/2020\/06\/20200622130938879_0001.jpg\"><img loading=\"lazy\" decoding=\"async\" class=\"attachment-large size-large\" src=\"https:\/\/vspoechlarn.ac.at\/wordpress\/wp-content\/uploads\/2020\/06\/20200622130938879_0001-724x1024.jpg\" sizes=\"auto, (max-width: 724px) 100vw, 724px\" srcset=\"https:\/\/vspoechlarn.ac.at\/wordpress\/wp-content\/uploads\/2020\/06\/20200622130938879_0001-724x1024.jpg 724w, https:\/\/vspoechlarn.ac.at\/wordpress\/wp-content\/uploads\/2020\/06\/20200622130938879_0001-212x300.jpg 212w, https:\/\/vspoechlarn.ac.at\/wordpress\/wp-content\/uploads\/2020\/06\/20200622130938879_0001-1086x1536.jpg 1086w, https:\/\/vspoechlarn.ac.at\/wordpress\/wp-content\/uploads\/2020\/06\/20200622130938879_0001-1448x2048.jpg 1448w, https:\/\/vspoechlarn.ac.at\/wordpress\/wp-content\/uploads\/2020\/06\/20200622130938879_0001.jpg 763w\" alt=\"\" width=\"724\" height=\"1024\" \/><\/a><\/div>\n<\/div>\n<div id=\"2987-image-2990\" class=\"col-xs-12 col-sm-3 col-md-3\">\n<div class=\"thumbnail\"><a href=\"https:\/\/vspoechlarn.ac.at\/wordpress\/wp-content\/uploads\/2020\/06\/cid_B10495B9-527D-4D25-A9ED-6D63AF946E7B.jpg\"><img loading=\"lazy\" decoding=\"async\" class=\"attachment-large size-large\" src=\"https:\/\/vspoechlarn.ac.at\/wordpress\/wp-content\/uploads\/2020\/06\/cid_B10495B9-527D-4D25-A9ED-6D63AF946E7B.jpg\" sizes=\"auto, (max-width: 640px) 100vw, 640px\" srcset=\"https:\/\/vspoechlarn.ac.at\/wordpress\/wp-content\/uploads\/2020\/06\/cid_B10495B9-527D-4D25-A9ED-6D63AF946E7B.jpg 640w, https:\/\/vspoechlarn.ac.at\/wordpress\/wp-content\/uploads\/2020\/06\/cid_B10495B9-527D-4D25-A9ED-6D63AF946E7B-350x248.jpg 350w\" alt=\"\" width=\"640\" height=\"454\" \/><\/a><\/div>\n<\/div>\n<div id=\"2987-image-2991\" class=\"col-xs-12 col-sm-3 col-md-3\">\n<div class=\"thumbnail\"><a href=\"https:\/\/vspoechlarn.ac.at\/wordpress\/wp-content\/uploads\/2020\/06\/cid_fdbe0964-b4b2-4ea0-bff7-6ad61512cb9a@bildung-noe_gv.jpg\"><img loading=\"lazy\" decoding=\"async\" class=\"attachment-large size-large\" src=\"https:\/\/vspoechlarn.ac.at\/wordpress\/wp-content\/uploads\/2020\/06\/cid_fdbe0964-b4b2-4ea0-bff7-6ad61512cb9a@bildung-noe_gv-1024x768.jpg\" sizes=\"auto, (max-width: 900px) 100vw, 900px\" srcset=\"https:\/\/vspoechlarn.ac.at\/wordpress\/wp-content\/uploads\/2020\/06\/cid_fdbe0964-b4b2-4ea0-bff7-6ad61512cb9a@bildung-noe_gv-1024x768.jpg 1024w, https:\/\/vspoechlarn.ac.at\/wordpress\/wp-content\/uploads\/2020\/06\/cid_fdbe0964-b4b2-4ea0-bff7-6ad61512cb9a@bildung-noe_gv-350x263.jpg 350w, https:\/\/vspoechlarn.ac.at\/wordpress\/wp-content\/uploads\/2020\/06\/cid_fdbe0964-b4b2-4ea0-bff7-6ad61512cb9a@bildung-noe_gv-1536x1152.jpg 1536w, https:\/\/vspoechlarn.ac.at\/wordpress\/wp-content\/uploads\/2020\/06\/cid_fdbe0964-b4b2-4ea0-bff7-6ad61512cb9a@bildung-noe_gv.jpg 1440w\" alt=\"\" width=\"900\" height=\"675\" \/><\/a><\/div>\n<\/div>\n<div id=\"2987-image-2989\" class=\"col-xs-12 col-sm-3 col-md-3\">\n<div class=\"thumbnail\"><a href=\"https:\/\/vspoechlarn.ac.at\/wordpress\/wp-content\/uploads\/2020\/06\/cid_31A5E469-C958-44B4-AC98-48053C1B63C5.jpg\"><img loading=\"lazy\" decoding=\"async\" class=\"attachment-large size-large\" src=\"https:\/\/vspoechlarn.ac.at\/wordpress\/wp-content\/uploads\/2020\/06\/cid_31A5E469-C958-44B4-AC98-48053C1B63C5.jpg\" sizes=\"auto, (max-width: 640px) 100vw, 640px\" srcset=\"https:\/\/vspoechlarn.ac.at\/wordpress\/wp-content\/uploads\/2020\/06\/cid_31A5E469-C958-44B4-AC98-48053C1B63C5.jpg 640w, https:\/\/vspoechlarn.ac.at\/wordpress\/wp-content\/uploads\/2020\/06\/cid_31A5E469-C958-44B4-AC98-48053C1B63C5-301x300.jpg 301w, https:\/\/vspoechlarn.ac.at\/wordpress\/wp-content\/uploads\/2020\/06\/cid_31A5E469-C958-44B4-AC98-48053C1B63C5-250x250.jpg 250w\" alt=\"\" width=\"640\" height=\"638\" \/><\/a><\/div>\n<\/div>\n<div class=\"clearfix visible-md-block visible-lg-block\"><\/div>\n<\/div>\n<\/div>\n<\/div>\n<\/div>\n<div class=\"panel-footer entry-meta\"><small><span class=\"loop-category\"><a class=\"label label-primary\" href=\"https:\/\/vspoechlarn.ac.at\/wordpress\/category\/allgemein\/\">Startseite<\/a>\u00a0<\/span><span class=\"loop-author\">|\u00a0<span class=\"author vcard\"><a class=\"url fn n\" href=\"https:\/\/vspoechlarn.ac.at\/wordpress\/author\/wp-admin\/\">wp-admin<\/a><\/span><\/span>\u00a0<span class=\"loop-date\">|\u00a0<time class=\"entry-date published updated\" datetime=\"2020-06-22T13:32:29+02:00\">22. Juni 2020<\/time><\/span>\u00a0|\u00a0<span class=\"edit-link\"><a class=\"post-edit-link\" href=\"https:\/\/vspoechlarn.ac.at\/wordpress\/wp-admin\/post.php?post=2987&amp;action=edit\">Bearbeiten<\/a><\/span><\/small><\/p>\n<div class=\"clearfix\"><\/div>\n<\/div>\n<\/div>\n<\/article>\n<article id=\"post-2955\" class=\"loop_list post-2955 post type-post status-publish format-standard hentry category-allgemein\">\n<div class=\"panel panel-default\">\n<div class=\"panel-body clearfix\">\n<div class=\"fs-have-thumbnail\">\n<header class=\"entry-header\">\n<h4 class=\"entry-title\"><strong><a title=\"Permanentlink zu Neue Kunstwerke unserer Sch\u00fclerinnen und Sch\u00fcler\" href=\"https:\/\/vspoechlarn.ac.at\/wordpress\/2020\/04\/20\/katzen\/\" rel=\"bookmark\">Neue Kunstwerke unserer Sch\u00fclerinnen und Sch\u00fcler<\/a><\/strong><\/h4>\n<\/header>\n<div class=\"entry-content\">\n<p>Lena aus der 4ab-Klasse hat dieses Meisterwerk gezeichnet.<\/p>\n<div id=\"gallery_2955_2\" class=\"row\">\n<div id=\"2955-image-2956\" class=\"col-xs-12 col-sm-4 col-md-4\">\n<div class=\"thumbnail\"><a href=\"https:\/\/vspoechlarn.ac.at\/wordpress\/wp-content\/uploads\/2020\/04\/Lena.jpg\"><img loading=\"lazy\" decoding=\"async\" class=\"attachment-large size-large\" src=\"https:\/\/vspoechlarn.ac.at\/wordpress\/wp-content\/uploads\/2020\/04\/Lena-578x1024.jpg\" sizes=\"auto, (max-width: 578px) 100vw, 578px\" srcset=\"https:\/\/vspoechlarn.ac.at\/wordpress\/wp-content\/uploads\/2020\/04\/Lena-578x1024.jpg 578w, https:\/\/vspoechlarn.ac.at\/wordpress\/wp-content\/uploads\/2020\/04\/Lena-169x300.jpg 169w, https:\/\/vspoechlarn.ac.at\/wordpress\/wp-content\/uploads\/2020\/04\/Lena-867x1536.jpg 867w, https:\/\/vspoechlarn.ac.at\/wordpress\/wp-content\/uploads\/2020\/04\/Lena.jpg 610w\" alt=\"\" width=\"578\" height=\"1024\" \/><\/a><\/div>\n<\/div>\n<\/div>\n<\/div>\n<\/div>\n<\/div>\n<div class=\"panel-footer entry-meta\"><small><span class=\"loop-category\"><a class=\"label label-primary\" href=\"https:\/\/vspoechlarn.ac.at\/wordpress\/category\/allgemein\/\">Startseite<\/a>\u00a0<\/span><span class=\"loop-author\">|\u00a0<span class=\"author vcard\"><a class=\"url fn n\" href=\"https:\/\/vspoechlarn.ac.at\/wordpress\/author\/wp-admin\/\">wp-admin<\/a><\/span><\/span>\u00a0<span class=\"loop-date\">|\u00a0<time class=\"entry-date published updated\" datetime=\"2020-04-20T20:38:27+02:00\">20. April 2020<\/time><\/span>\u00a0|\u00a0<span class=\"edit-link\"><a class=\"post-edit-link\" href=\"https:\/\/vspoechlarn.ac.at\/wordpress\/wp-admin\/post.php?post=2955&amp;action=edit\">Bearbeiten<\/a><\/span><\/small><\/p>\n<div class=\"clearfix\"><\/div>\n<\/div>\n<\/div>\n<\/article>\n<article id=\"post-2953\" class=\"loop_list post-2953 post type-post status-publish format-standard hentry category-allgemein\">\n<div class=\"panel panel-default\">\n<div class=\"panel-body clearfix\">\n<div class=\"fs-have-thumbnail\">\n<header class=\"entry-header\">\n<h4 class=\"entry-title\"><strong><a title=\"Permanentlink zu N\u00d6media- Filmwettbewerb \u2013 Der Wunderbaum\" href=\"https:\/\/vspoechlarn.ac.at\/wordpress\/2020\/04\/20\/noemedia-filmwettbewerb-der-wunderbaum\/\" rel=\"bookmark\">N\u00d6media- Filmwettbewerb \u2013 Der Wunderbaum<\/a><\/strong><\/h4>\n<\/header>\n<div class=\"entry-content\">\n<p>Im Dezember startete die 2a Klasse mit den Vorbereitungen zu einem Zeichtrickfilm, den wir mit Ende Februar zum N\u00d6media Wettbewerb schickten. Mit gro\u00dfem Engagement aller Kinder entstand meines Erachtens ein ganz tolles Werk. Unter folgendem Link\u00a0\u00a0<a href=\"https:\/\/www.youtube.com\/watch?v=S0e-afuMzSs&amp;list=PLjSFdFg6BqT8XuHvQlzSV2oECKFmbtzPs\">https:\/\/www.youtube.com\/watch?v=S0e-afuMzSs&amp;list=PLjSFdFg6BqT8XuHvQlzSV2oECKFmbtzPs<\/a>\u00a0k\u00f6nnen Sie derzeit diesen Kurzfilm auf Youtube bewundern.<\/p>\n<\/div>\n<\/div>\n<\/div>\n<div class=\"panel-footer entry-meta\"><small><span class=\"loop-category\"><a class=\"label label-primary\" href=\"https:\/\/vspoechlarn.ac.at\/wordpress\/category\/allgemein\/\">Startseite<\/a>\u00a0<\/span><span class=\"loop-author\">|\u00a0<span class=\"author vcard\"><a class=\"url fn n\" href=\"https:\/\/vspoechlarn.ac.at\/wordpress\/author\/wp-admin\/\">wp-admin<\/a><\/span><\/span>\u00a0<span class=\"loop-date\">|\u00a0<time class=\"entry-date published updated\" datetime=\"2020-04-20T09:04:02+02:00\">20. April 2020<\/time><\/span>\u00a0|\u00a0<span class=\"edit-link\"><a class=\"post-edit-link\" href=\"https:\/\/vspoechlarn.ac.at\/wordpress\/wp-admin\/post.php?post=2953&amp;action=edit\">Bearbeiten<\/a><\/span><\/small><\/p>\n<div class=\"clearfix\"><\/div>\n<\/div>\n<\/div>\n<\/article>\n<article id=\"post-2948\" class=\"loop_list post-2948 post type-post status-publish format-standard hentry category-allgemein\">\n<div class=\"panel panel-default\">\n<div class=\"panel-body clearfix\">\n<div class=\"fs-have-thumbnail\">\n<header class=\"entry-header\">\n<h4 class=\"entry-title\"><strong><a title=\"Permanentlink zu Bastelarbeiten\" href=\"https:\/\/vspoechlarn.ac.at\/wordpress\/2020\/04\/16\/bastelarbeiten\/\" rel=\"bookmark\">Bastelarbeiten<\/a><\/strong><\/h4>\n<\/header>\n<div class=\"entry-content\">\n<p>Von einigen Sch\u00fclerinnen und Sch\u00fclern der 3. Klassen bekamen wir noch Fotos\u00a0 von ihren wundersch\u00f6nen \u00f6sterlichen und fr\u00fchlingshaften Werkst\u00fccken geschickt.<\/p>\n<div id=\"gallery_2948_3\" class=\"row\">\n<div id=\"2948-image-2947\" class=\"col-xs-12 col-sm-4 col-md-4\">\n<div class=\"thumbnail\"><a href=\"https:\/\/vspoechlarn.ac.at\/wordpress\/wp-content\/uploads\/2020\/04\/IMG-20200406-WA0000.jpg\"><img loading=\"lazy\" decoding=\"async\" class=\"attachment-large size-large\" src=\"https:\/\/vspoechlarn.ac.at\/wordpress\/wp-content\/uploads\/2020\/04\/IMG-20200406-WA0000-768x1024.jpg\" sizes=\"auto, (max-width: 768px) 100vw, 768px\" srcset=\"https:\/\/vspoechlarn.ac.at\/wordpress\/wp-content\/uploads\/2020\/04\/IMG-20200406-WA0000-768x1024.jpg 768w, https:\/\/vspoechlarn.ac.at\/wordpress\/wp-content\/uploads\/2020\/04\/IMG-20200406-WA0000-225x300.jpg 225w, https:\/\/vspoechlarn.ac.at\/wordpress\/wp-content\/uploads\/2020\/04\/IMG-20200406-WA0000-1152x1536.jpg 1152w, https:\/\/vspoechlarn.ac.at\/wordpress\/wp-content\/uploads\/2020\/04\/IMG-20200406-WA0000.jpg 810w\" alt=\"\" width=\"768\" height=\"1024\" \/><\/a><\/div>\n<\/div>\n<div id=\"2948-image-2946\" class=\"col-xs-12 col-sm-4 col-md-4\">\n<div class=\"thumbnail\" title=\"\" data-toggle=\"popover\" data-trigger=\"hover\" data-container=\"body\" data-placement=\"top\" data-content=\"smartcapture\" data-original-title=\"\"><a href=\"https:\/\/vspoechlarn.ac.at\/wordpress\/wp-content\/uploads\/2020\/04\/IMG_20200407_184528-scaled.jpg\"><img loading=\"lazy\" decoding=\"async\" class=\"attachment-large size-large\" src=\"https:\/\/vspoechlarn.ac.at\/wordpress\/wp-content\/uploads\/2020\/04\/IMG_20200407_184528-768x1024.jpg\" sizes=\"auto, (max-width: 768px) 100vw, 768px\" srcset=\"https:\/\/vspoechlarn.ac.at\/wordpress\/wp-content\/uploads\/2020\/04\/IMG_20200407_184528-768x1024.jpg 768w, https:\/\/vspoechlarn.ac.at\/wordpress\/wp-content\/uploads\/2020\/04\/IMG_20200407_184528-225x300.jpg 225w, https:\/\/vspoechlarn.ac.at\/wordpress\/wp-content\/uploads\/2020\/04\/IMG_20200407_184528-1152x1536.jpg 1152w, https:\/\/vspoechlarn.ac.at\/wordpress\/wp-content\/uploads\/2020\/04\/IMG_20200407_184528-1536x2048.jpg 1536w, https:\/\/vspoechlarn.ac.at\/wordpress\/wp-content\/uploads\/2020\/04\/IMG_20200407_184528-scaled.jpg 810w\" alt=\"\" width=\"768\" height=\"1024\" \/><\/a><\/div>\n<\/div>\n<div id=\"2948-image-2945\" class=\"col-xs-12 col-sm-4 col-md-4\">\n<div class=\"thumbnail\"><a href=\"https:\/\/vspoechlarn.ac.at\/wordpress\/wp-content\/uploads\/2020\/04\/IMG_20200402_134408-scaled.jpg\"><img loading=\"lazy\" decoding=\"async\" class=\"attachment-large size-large\" src=\"https:\/\/vspoechlarn.ac.at\/wordpress\/wp-content\/uploads\/2020\/04\/IMG_20200402_134408-768x1024.jpg\" sizes=\"auto, (max-width: 768px) 100vw, 768px\" srcset=\"https:\/\/vspoechlarn.ac.at\/wordpress\/wp-content\/uploads\/2020\/04\/IMG_20200402_134408-768x1024.jpg 768w, https:\/\/vspoechlarn.ac.at\/wordpress\/wp-content\/uploads\/2020\/04\/IMG_20200402_134408-225x300.jpg 225w, https:\/\/vspoechlarn.ac.at\/wordpress\/wp-content\/uploads\/2020\/04\/IMG_20200402_134408-1152x1536.jpg 1152w, https:\/\/vspoechlarn.ac.at\/wordpress\/wp-content\/uploads\/2020\/04\/IMG_20200402_134408-1536x2048.jpg 1536w, https:\/\/vspoechlarn.ac.at\/wordpress\/wp-content\/uploads\/2020\/04\/IMG_20200402_134408-scaled.jpg 810w\" alt=\"\" width=\"768\" height=\"1024\" \/><\/a><\/div>\n<\/div>\n<div class=\"clearfix visible-md-block visible-lg-block\"><\/div>\n<div id=\"2948-image-2944\" class=\"col-xs-12 col-sm-4 col-md-4\">\n<div class=\"thumbnail\"><a href=\"https:\/\/vspoechlarn.ac.at\/wordpress\/wp-content\/uploads\/2020\/04\/IMG_1276-rotated.jpg\"><img loading=\"lazy\" decoding=\"async\" class=\"attachment-large size-large\" src=\"https:\/\/vspoechlarn.ac.at\/wordpress\/wp-content\/uploads\/2020\/04\/IMG_1276-rotated.jpg\" sizes=\"auto, (max-width: 480px) 100vw, 480px\" srcset=\"https:\/\/vspoechlarn.ac.at\/wordpress\/wp-content\/uploads\/2020\/04\/IMG_1276-rotated.jpg 480w, https:\/\/vspoechlarn.ac.at\/wordpress\/wp-content\/uploads\/2020\/04\/IMG_1276-225x300.jpg 225w\" alt=\"\" width=\"480\" height=\"640\" \/><\/a><\/div>\n<\/div>\n<div id=\"2948-image-2943\" class=\"col-xs-12 col-sm-4 col-md-4\">\n<div class=\"thumbnail\"><a href=\"https:\/\/vspoechlarn.ac.at\/wordpress\/wp-content\/uploads\/2020\/04\/DSC_0042-scaled.jpg\"><img loading=\"lazy\" decoding=\"async\" class=\"attachment-large size-large\" src=\"https:\/\/vspoechlarn.ac.at\/wordpress\/wp-content\/uploads\/2020\/04\/DSC_0042-1024x768.jpg\" sizes=\"auto, (max-width: 900px) 100vw, 900px\" srcset=\"https:\/\/vspoechlarn.ac.at\/wordpress\/wp-content\/uploads\/2020\/04\/DSC_0042-1024x768.jpg 1024w, https:\/\/vspoechlarn.ac.at\/wordpress\/wp-content\/uploads\/2020\/04\/DSC_0042-350x263.jpg 350w, https:\/\/vspoechlarn.ac.at\/wordpress\/wp-content\/uploads\/2020\/04\/DSC_0042-1536x1152.jpg 1536w, https:\/\/vspoechlarn.ac.at\/wordpress\/wp-content\/uploads\/2020\/04\/DSC_0042-2048x1536.jpg 2048w, https:\/\/vspoechlarn.ac.at\/wordpress\/wp-content\/uploads\/2020\/04\/DSC_0042-scaled.jpg 1440w\" alt=\"\" width=\"900\" height=\"675\" \/><\/a><\/div>\n<\/div>\n<\/div>\n<\/div>\n<\/div>\n<\/div>\n<div class=\"panel-footer entry-meta\"><small><span class=\"loop-category\"><a class=\"label label-primary\" href=\"https:\/\/vspoechlarn.ac.at\/wordpress\/category\/allgemein\/\">Startseite<\/a>\u00a0<\/span><span class=\"loop-author\">|\u00a0<span class=\"author vcard\"><a class=\"url fn n\" href=\"https:\/\/vspoechlarn.ac.at\/wordpress\/author\/wp-admin\/\">wp-admin<\/a><\/span><\/span>\u00a0<span class=\"loop-date\">|\u00a0<time class=\"entry-date published updated\" datetime=\"2020-04-16T12:26:17+02:00\">16. April 2020<\/time><\/span>\u00a0|\u00a0<span class=\"edit-link\"><a class=\"post-edit-link\" href=\"https:\/\/vspoechlarn.ac.at\/wordpress\/wp-admin\/post.php?post=2948&amp;action=edit\">Bearbeiten<\/a><\/span><\/small><\/p>\n<div class=\"clearfix\"><\/div>\n<\/div>\n<\/div>\n<\/article>\n<article id=\"post-2936\" class=\"loop_list post-2936 post type-post status-publish format-standard hentry category-allgemein\">\n<div class=\"panel panel-default\">\n<div class=\"panel-body clearfix\">\n<div class=\"fs-have-thumbnail\">\n<header class=\"entry-header\">\n<h4 class=\"entry-title\"><strong><a title=\"Permanentlink zu Frohe Ostern\" href=\"https:\/\/vspoechlarn.ac.at\/wordpress\/2020\/04\/10\/frohe-ostern\/\" rel=\"bookmark\">Frohe Ostern<\/a><\/strong><\/h4>\n<\/header>\n<div class=\"entry-content\">\n<p>Trotz der Corona-Krise basteln die Kinder zu Hause f\u00fcr den Osterhasen. Hier finden Sie einige Beispiele von der 1a.<\/p>\n<p>Wir w\u00fcnschen Ihnen allen ein sch\u00f6nes Osterfest!<\/p>\n<div id=\"gallery_2936_4\" class=\"row\">\n<div id=\"2936-image-2937\" class=\"col-xs-12 col-sm-4 col-md-4\">\n<div class=\"thumbnail\"><a href=\"https:\/\/vspoechlarn.ac.at\/wordpress\/wp-content\/uploads\/2020\/04\/Maddox.jpg\"><img loading=\"lazy\" decoding=\"async\" class=\"attachment-large size-large\" src=\"https:\/\/vspoechlarn.ac.at\/wordpress\/wp-content\/uploads\/2020\/04\/Maddox-1024x768.jpg\" sizes=\"auto, (max-width: 900px) 100vw, 900px\" srcset=\"https:\/\/vspoechlarn.ac.at\/wordpress\/wp-content\/uploads\/2020\/04\/Maddox-1024x768.jpg 1024w, https:\/\/vspoechlarn.ac.at\/wordpress\/wp-content\/uploads\/2020\/04\/Maddox-350x263.jpg 350w, https:\/\/vspoechlarn.ac.at\/wordpress\/wp-content\/uploads\/2020\/04\/Maddox.jpg 1280w\" alt=\"\" width=\"900\" height=\"675\" \/><\/a><\/div>\n<\/div>\n<\/div>\n<p>&nbsp;<\/p>\n<p><a href=\"https:\/\/vspoechlarn.ac.at\/wordpress\/wp-content\/uploads\/2020\/04\/Elias.pdf\">Elias<\/a><\/p>\n<p><a href=\"https:\/\/vspoechlarn.ac.at\/wordpress\/wp-content\/uploads\/2020\/04\/Katja.pdf\">Katja<\/a><\/p>\n<p><a href=\"https:\/\/vspoechlarn.ac.at\/wordpress\/wp-content\/uploads\/2020\/04\/Maya.pdf\">Maya<\/a><\/p>\n<\/div>\n<\/div>\n<\/div>\n<div class=\"panel-footer entry-meta\"><small><span class=\"loop-category\"><a class=\"label label-primary\" href=\"https:\/\/vspoechlarn.ac.at\/wordpress\/category\/allgemein\/\">Startseite<\/a>\u00a0<\/span><span class=\"loop-author\">|\u00a0<span class=\"author vcard\"><a class=\"url fn n\" href=\"https:\/\/vspoechlarn.ac.at\/wordpress\/author\/wp-admin\/\">wp-admin<\/a><\/span><\/span>\u00a0<span class=\"loop-date\">|\u00a0<time class=\"entry-date published updated\" datetime=\"2020-04-10T08:35:12+02:00\">10. April 2020<\/time><\/span>\u00a0|\u00a0<span class=\"edit-link\"><a class=\"post-edit-link\" href=\"https:\/\/vspoechlarn.ac.at\/wordpress\/wp-admin\/post.php?post=2936&amp;action=edit\">Bearbeiten<\/a><\/span><\/small><\/p>\n<div class=\"clearfix\"><\/div>\n<\/div>\n<\/div>\n<\/article>\n<article id=\"post-2932\" class=\"loop_list post-2932 post type-post status-publish format-standard hentry category-allgemein\">\n<div class=\"panel panel-default\">\n<div class=\"panel-body clearfix\">\n<div class=\"fs-have-thumbnail\">\n<header class=\"entry-header\">\n<h4 class=\"entry-title\"><strong><a title=\"Permanentlink zu \u2026sicher ist sicher\" href=\"https:\/\/vspoechlarn.ac.at\/wordpress\/2020\/04\/02\/sicher-ist-sicher\/\" rel=\"bookmark\">\u2026sicher ist sicher<\/a><\/strong><\/h4>\n<\/header>\n<div class=\"entry-content\">\n<p>Jetzt hat auch Leonie ihre Maske.<\/p>\n<div id=\"gallery_2932_5\" class=\"row\">\n<div id=\"2932-image-2933\" class=\"col-xs-12 col-sm-4 col-md-4\">\n<div class=\"thumbnail\"><a href=\"https:\/\/vspoechlarn.ac.at\/wordpress\/wp-content\/uploads\/2020\/04\/DSC09296-Mittel-rotated.jpg\"><img loading=\"lazy\" decoding=\"async\" class=\"attachment-large size-large\" src=\"https:\/\/vspoechlarn.ac.at\/wordpress\/wp-content\/uploads\/2020\/04\/DSC09296-Mittel-680x1024.jpg\" sizes=\"auto, (max-width: 680px) 100vw, 680px\" srcset=\"https:\/\/vspoechlarn.ac.at\/wordpress\/wp-content\/uploads\/2020\/04\/DSC09296-Mittel-680x1024.jpg 680w, https:\/\/vspoechlarn.ac.at\/wordpress\/wp-content\/uploads\/2020\/04\/DSC09296-Mittel-199x300.jpg 199w, https:\/\/vspoechlarn.ac.at\/wordpress\/wp-content\/uploads\/2020\/04\/DSC09296-Mittel-rotated.jpg 768w\" alt=\"\" width=\"680\" height=\"1024\" \/><\/a><\/div>\n<\/div>\n<\/div>\n<\/div>\n<\/div>\n<\/div>\n<div class=\"panel-footer entry-meta\"><small><span class=\"loop-category\"><a class=\"label label-primary\" href=\"https:\/\/vspoechlarn.ac.at\/wordpress\/category\/allgemein\/\">Startseite<\/a>\u00a0<\/span><span class=\"loop-author\">|\u00a0<span class=\"author vcard\"><a class=\"url fn n\" href=\"https:\/\/vspoechlarn.ac.at\/wordpress\/author\/wp-admin\/\">wp-admin<\/a><\/span><\/span>\u00a0<span class=\"loop-date\">|\u00a0<time class=\"entry-date published updated\" datetime=\"2020-04-02T11:18:57+02:00\">2. April 2020<\/time><\/span>\u00a0|\u00a0<span class=\"edit-link\"><a class=\"post-edit-link\" href=\"https:\/\/vspoechlarn.ac.at\/wordpress\/wp-admin\/post.php?post=2932&amp;action=edit\">Bearbeiten<\/a><\/span><\/small><\/p>\n<div class=\"clearfix\"><\/div>\n<\/div>\n<\/div>\n<\/article>\n<article id=\"post-2929\" class=\"loop_list post-2929 post type-post status-publish format-standard hentry category-allgemein\">\n<div class=\"panel panel-default\">\n<div class=\"panel-body clearfix\">\n<div class=\"fs-have-thumbnail\">\n<header class=\"entry-header\">\n<h4 class=\"entry-title\"><strong><a title=\"Permanentlink zu Sicherheit auch in der Schule\" href=\"https:\/\/vspoechlarn.ac.at\/wordpress\/2020\/04\/01\/sicherheit-auch-in-der-schule\/\" rel=\"bookmark\">Sicherheit auch in der Schule<\/a><\/strong><\/h4>\n<\/header>\n<div class=\"entry-content\">\n<p>Heute haben wir gemeinsam die erste Schutzmaske gen\u00e4ht.<\/p>\n<div id=\"gallery_2929_6\" class=\"row\">\n<div id=\"2929-image-2930\" class=\"col-xs-12 col-sm-4 col-md-4\">\n<div class=\"thumbnail\"><a href=\"https:\/\/vspoechlarn.ac.at\/wordpress\/wp-content\/uploads\/2020\/04\/DSC09295-Mittel-rotated.jpg\"><img loading=\"lazy\" decoding=\"async\" class=\"attachment-large size-large\" src=\"https:\/\/vspoechlarn.ac.at\/wordpress\/wp-content\/uploads\/2020\/04\/DSC09295-Mittel-680x1024.jpg\" sizes=\"auto, (max-width: 680px) 100vw, 680px\" srcset=\"https:\/\/vspoechlarn.ac.at\/wordpress\/wp-content\/uploads\/2020\/04\/DSC09295-Mittel-680x1024.jpg 680w, https:\/\/vspoechlarn.ac.at\/wordpress\/wp-content\/uploads\/2020\/04\/DSC09295-Mittel-199x300.jpg 199w, https:\/\/vspoechlarn.ac.at\/wordpress\/wp-content\/uploads\/2020\/04\/DSC09295-Mittel-rotated.jpg 718w\" alt=\"\" width=\"680\" height=\"1024\" \/><\/a><\/div>\n<\/div>\n<\/div>\n<\/div>\n<\/div>\n<\/div>\n<div class=\"panel-footer entry-meta\"><small><span class=\"loop-category\"><a class=\"label label-primary\" href=\"https:\/\/vspoechlarn.ac.at\/wordpress\/category\/allgemein\/\">Startseite<\/a>\u00a0<\/span><span class=\"loop-author\">|\u00a0<span class=\"author vcard\"><a class=\"url fn n\" href=\"https:\/\/vspoechlarn.ac.at\/wordpress\/author\/wp-admin\/\">wp-admin<\/a><\/span><\/span>\u00a0<span class=\"loop-date\">|\u00a0<time class=\"entry-date published updated\" datetime=\"2020-04-01T12:20:28+02:00\">1. April 2020<\/time><\/span>\u00a0|\u00a0<span class=\"edit-link\"><a class=\"post-edit-link\" href=\"https:\/\/vspoechlarn.ac.at\/wordpress\/wp-admin\/post.php?post=2929&amp;action=edit\">Bearbeiten<\/a><\/span><\/small><\/p>\n<div class=\"clearfix\"><\/div>\n<\/div>\n<\/div>\n<\/article>\n<article id=\"post-2921\" class=\"loop_list post-2921 post type-post status-publish format-standard hentry category-allgemein\">\n<div class=\"panel panel-default\">\n<div class=\"panel-body clearfix\">\n<div class=\"fs-have-thumbnail\">\n<header class=\"entry-header\">\n<h4 class=\"entry-title\"><strong><a title=\"Permanentlink zu Kreativit\u00e4t kennt keine Grenzen\" href=\"https:\/\/vspoechlarn.ac.at\/wordpress\/2020\/03\/31\/kreativitaet-kennt-keine-grenzen\/\" rel=\"bookmark\">Kreativit\u00e4t kennt keine Grenzen<\/a><\/strong><\/h4>\n<\/header>\n<div class=\"entry-content\">\n<p>\u2026. auch zu Hause wird in der Krisenzeit flei\u00dfig gebastelt.<\/p>\n<div id=\"gallery_2921_7\" class=\"row\">\n<div id=\"2921-image-2922\" class=\"col-xs-12 col-sm-3 col-md-3\">\n<div class=\"thumbnail\"><a href=\"https:\/\/vspoechlarn.ac.at\/wordpress\/wp-content\/uploads\/2020\/03\/cid_3cb62559-638e-499f-826f-ec5716b10d4a@bildung-noe_gv.jpg\"><img loading=\"lazy\" decoding=\"async\" class=\"attachment-large size-large\" src=\"https:\/\/vspoechlarn.ac.at\/wordpress\/wp-content\/uploads\/2020\/03\/cid_3cb62559-638e-499f-826f-ec5716b10d4a@bildung-noe_gv-768x1024.jpg\" sizes=\"auto, (max-width: 768px) 100vw, 768px\" srcset=\"https:\/\/vspoechlarn.ac.at\/wordpress\/wp-content\/uploads\/2020\/03\/cid_3cb62559-638e-499f-826f-ec5716b10d4a@bildung-noe_gv-768x1024.jpg 768w, https:\/\/vspoechlarn.ac.at\/wordpress\/wp-content\/uploads\/2020\/03\/cid_3cb62559-638e-499f-826f-ec5716b10d4a@bildung-noe_gv-225x300.jpg 225w, https:\/\/vspoechlarn.ac.at\/wordpress\/wp-content\/uploads\/2020\/03\/cid_3cb62559-638e-499f-826f-ec5716b10d4a@bildung-noe_gv-1152x1536.jpg 1152w, https:\/\/vspoechlarn.ac.at\/wordpress\/wp-content\/uploads\/2020\/03\/cid_3cb62559-638e-499f-826f-ec5716b10d4a@bildung-noe_gv.jpg 810w\" alt=\"\" width=\"768\" height=\"1024\" \/><\/a><\/div>\n<\/div>\n<div id=\"2921-image-2923\" class=\"col-xs-12 col-sm-3 col-md-3\">\n<div class=\"thumbnail\"><a href=\"https:\/\/vspoechlarn.ac.at\/wordpress\/wp-content\/uploads\/2020\/03\/cid_62ec877e-ac7f-4123-b241-f9592f243b16@bildung-noe_gv.jpg\"><img loading=\"lazy\" decoding=\"async\" class=\"attachment-large size-large\" src=\"https:\/\/vspoechlarn.ac.at\/wordpress\/wp-content\/uploads\/2020\/03\/cid_62ec877e-ac7f-4123-b241-f9592f243b16@bildung-noe_gv-576x1024.jpg\" sizes=\"auto, (max-width: 576px) 100vw, 576px\" srcset=\"https:\/\/vspoechlarn.ac.at\/wordpress\/wp-content\/uploads\/2020\/03\/cid_62ec877e-ac7f-4123-b241-f9592f243b16@bildung-noe_gv-576x1024.jpg 576w, https:\/\/vspoechlarn.ac.at\/wordpress\/wp-content\/uploads\/2020\/03\/cid_62ec877e-ac7f-4123-b241-f9592f243b16@bildung-noe_gv-169x300.jpg 169w, https:\/\/vspoechlarn.ac.at\/wordpress\/wp-content\/uploads\/2020\/03\/cid_62ec877e-ac7f-4123-b241-f9592f243b16@bildung-noe_gv-864x1536.jpg 864w, https:\/\/vspoechlarn.ac.at\/wordpress\/wp-content\/uploads\/2020\/03\/cid_62ec877e-ac7f-4123-b241-f9592f243b16@bildung-noe_gv.jpg 608w\" alt=\"\" width=\"576\" height=\"1024\" \/><\/a><\/div>\n<\/div>\n<div id=\"2921-image-2924\" class=\"col-xs-12 col-sm-3 col-md-3\">\n<div class=\"thumbnail\"><a href=\"https:\/\/vspoechlarn.ac.at\/wordpress\/wp-content\/uploads\/2020\/03\/cid_1105de6b-2491-45f5-983c-69cb2456df5a@bildung-noe_gv.jpg\"><img loading=\"lazy\" decoding=\"async\" class=\"attachment-large size-large\" src=\"https:\/\/vspoechlarn.ac.at\/wordpress\/wp-content\/uploads\/2020\/03\/cid_1105de6b-2491-45f5-983c-69cb2456df5a@bildung-noe_gv-768x1024.jpg\" sizes=\"auto, (max-width: 768px) 100vw, 768px\" srcset=\"https:\/\/vspoechlarn.ac.at\/wordpress\/wp-content\/uploads\/2020\/03\/cid_1105de6b-2491-45f5-983c-69cb2456df5a@bildung-noe_gv-768x1024.jpg 768w, https:\/\/vspoechlarn.ac.at\/wordpress\/wp-content\/uploads\/2020\/03\/cid_1105de6b-2491-45f5-983c-69cb2456df5a@bildung-noe_gv-225x300.jpg 225w, https:\/\/vspoechlarn.ac.at\/wordpress\/wp-content\/uploads\/2020\/03\/cid_1105de6b-2491-45f5-983c-69cb2456df5a@bildung-noe_gv-1152x1536.jpg 1152w, https:\/\/vspoechlarn.ac.at\/wordpress\/wp-content\/uploads\/2020\/03\/cid_1105de6b-2491-45f5-983c-69cb2456df5a@bildung-noe_gv.jpg 810w\" alt=\"\" width=\"768\" height=\"1024\" \/><\/a><\/div>\n<\/div>\n<div id=\"2921-image-2925\" class=\"col-xs-12 col-sm-3 col-md-3\">\n<div class=\"thumbnail\"><a href=\"https:\/\/vspoechlarn.ac.at\/wordpress\/wp-content\/uploads\/2020\/03\/cid_f99110f6-a301-4dab-b790-22932336f0de@bildung-noe_gv-Mittel.jpg\"><img loading=\"lazy\" decoding=\"async\" class=\"attachment-large size-large\" src=\"https:\/\/vspoechlarn.ac.at\/wordpress\/wp-content\/uploads\/2020\/03\/cid_f99110f6-a301-4dab-b790-22932336f0de@bildung-noe_gv-Mittel.jpg\" sizes=\"auto, (max-width: 900px) 100vw, 900px\" srcset=\"https:\/\/vspoechlarn.ac.at\/wordpress\/wp-content\/uploads\/2020\/03\/cid_f99110f6-a301-4dab-b790-22932336f0de@bildung-noe_gv-Mittel.jpg 1024w, https:\/\/vspoechlarn.ac.at\/wordpress\/wp-content\/uploads\/2020\/03\/cid_f99110f6-a301-4dab-b790-22932336f0de@bildung-noe_gv-Mittel-350x263.jpg 350w\" alt=\"\" width=\"900\" height=\"675\" \/><\/a><\/div>\n<\/div>\n<div class=\"clearfix visible-md-block visible-lg-block\"><\/div>\n<\/div>\n<\/div>\n<\/div>\n<\/div>\n<div class=\"panel-footer entry-meta\"><small><span class=\"loop-category\"><a class=\"label label-primary\" href=\"https:\/\/vspoechlarn.ac.at\/wordpress\/category\/allgemein\/\">Startseite<\/a>\u00a0<\/span><span class=\"loop-author\">|\u00a0<span class=\"author vcard\"><a class=\"url fn n\" href=\"https:\/\/vspoechlarn.ac.at\/wordpress\/author\/wp-admin\/\">wp-admin<\/a><\/span><\/span>\u00a0<span class=\"loop-date\">|\u00a0<time class=\"entry-date published updated\" datetime=\"2020-03-31T08:11:03+02:00\">31. M\u00e4rz 2020<\/time><\/span>\u00a0|\u00a0<span class=\"edit-link\"><a class=\"post-edit-link\" href=\"https:\/\/vspoechlarn.ac.at\/wordpress\/wp-admin\/post.php?post=2921&amp;action=edit\">Bearbeiten<\/a><\/span><\/small><\/p>\n<div class=\"clearfix\"><\/div>\n<\/div>\n<\/div>\n<\/article>\n<article id=\"post-2906\" class=\"loop_list post-2906 post type-post status-publish format-standard hentry category-allgemein\">\n<div class=\"panel panel-default\">\n<div class=\"panel-body clearfix\">\n<div class=\"fs-have-thumbnail\">\n<header class=\"entry-header\">\n<h4 class=\"entry-title\"><strong><a title=\"Permanentlink zu Home-office\" href=\"https:\/\/vspoechlarn.ac.at\/wordpress\/2020\/03\/27\/home-office\/\" rel=\"bookmark\">Home-office<\/a><\/strong><\/h4>\n<\/header>\n<div class=\"entry-content\">\n<p>Auch heute sind wieder viele Arbeiten von Kindern in der Schule eingelangt. Unter anderem von Leonie, Leon, Mia, Paula, Melisa und Gregor.<\/p>\n<div id=\"gallery_2906_8\" class=\"row\">\n<div id=\"2906-image-2907\" class=\"col-xs-12 col-sm-4 col-md-4\">\n<div class=\"thumbnail\"><a href=\"https:\/\/vspoechlarn.ac.at\/wordpress\/wp-content\/uploads\/2020\/03\/Leonies-Brief-scaled.jpg\"><img loading=\"lazy\" decoding=\"async\" class=\"attachment-large size-large\" src=\"https:\/\/vspoechlarn.ac.at\/wordpress\/wp-content\/uploads\/2020\/03\/Leonies-Brief-718x1024.jpg\" sizes=\"auto, (max-width: 718px) 100vw, 718px\" srcset=\"https:\/\/vspoechlarn.ac.at\/wordpress\/wp-content\/uploads\/2020\/03\/Leonies-Brief-718x1024.jpg 718w, https:\/\/vspoechlarn.ac.at\/wordpress\/wp-content\/uploads\/2020\/03\/Leonies-Brief-210x300.jpg 210w, https:\/\/vspoechlarn.ac.at\/wordpress\/wp-content\/uploads\/2020\/03\/Leonies-Brief-1077x1536.jpg 1077w, https:\/\/vspoechlarn.ac.at\/wordpress\/wp-content\/uploads\/2020\/03\/Leonies-Brief-1435x2048.jpg 1435w, https:\/\/vspoechlarn.ac.at\/wordpress\/wp-content\/uploads\/2020\/03\/Leonies-Brief-scaled.jpg 757w\" alt=\"\" width=\"718\" height=\"1024\" \/><\/a><\/div>\n<\/div>\n<div id=\"2906-image-2908\" class=\"col-xs-12 col-sm-4 col-md-4\">\n<div class=\"thumbnail\"><a href=\"https:\/\/vspoechlarn.ac.at\/wordpress\/wp-content\/uploads\/2020\/03\/20200327105802852_0001-scaled.jpg\"><img loading=\"lazy\" decoding=\"async\" class=\"attachment-large size-large\" src=\"https:\/\/vspoechlarn.ac.at\/wordpress\/wp-content\/uploads\/2020\/03\/20200327105802852_0001-721x1024.jpg\" sizes=\"auto, (max-width: 721px) 100vw, 721px\" srcset=\"https:\/\/vspoechlarn.ac.at\/wordpress\/wp-content\/uploads\/2020\/03\/20200327105802852_0001-721x1024.jpg 721w, https:\/\/vspoechlarn.ac.at\/wordpress\/wp-content\/uploads\/2020\/03\/20200327105802852_0001-211x300.jpg 211w, https:\/\/vspoechlarn.ac.at\/wordpress\/wp-content\/uploads\/2020\/03\/20200327105802852_0001-1082x1536.jpg 1082w, https:\/\/vspoechlarn.ac.at\/wordpress\/wp-content\/uploads\/2020\/03\/20200327105802852_0001-1442x2048.jpg 1442w, https:\/\/vspoechlarn.ac.at\/wordpress\/wp-content\/uploads\/2020\/03\/20200327105802852_0001-scaled.jpg 761w\" alt=\"\" width=\"721\" height=\"1024\" \/><\/a><\/div>\n<\/div>\n<\/div>\n<p><a href=\"https:\/\/vspoechlarn.ac.at\/wordpress\/wp-content\/uploads\/2020\/03\/Gregor-Osterzeichnung.pdf\">Gregor-Osterzeichnung.pdf<\/a><\/p>\n<p><a href=\"https:\/\/vspoechlarn.ac.at\/wordpress\/wp-content\/uploads\/2020\/03\/Melisa.pdf\">Me<\/a><a href=\"https:\/\/vspoechlarn.ac.at\/wordpress\/wp-content\/uploads\/2020\/03\/Melisa.pdf\">Melisa<\/a><\/p>\n<p><a href=\"https:\/\/vspoechlarn.ac.at\/wordpress\/wp-content\/uploads\/2020\/03\/Fortsetzung_Virus1.pdf\">Fortsetzung_Virus1<\/a><a href=\"https:\/\/vspoechlarn.ac.at\/wordpress\/wp-content\/uploads\/2020\/03\/Melisa.pdf\">Mia<\/a><\/p>\n<p><a href=\"https:\/\/vspoechlarn.ac.at\/wordpress\/wp-content\/uploads\/2020\/03\/Paula-mit-Famile.pdf\">Paula mit Famile<\/a><\/p>\n<\/div>\n<\/div>\n<\/div>\n<div class=\"panel-footer entry-meta\"><small><span class=\"loop-category\"><a class=\"label label-primary\" href=\"https:\/\/vspoechlarn.ac.at\/wordpress\/category\/allgemein\/\">Startseite<\/a>\u00a0<\/span><span class=\"loop-author\">|\u00a0<span class=\"author vcard\"><a class=\"url fn n\" href=\"https:\/\/vspoechlarn.ac.at\/wordpress\/author\/wp-admin\/\">wp-admin<\/a><\/span><\/span>\u00a0<span class=\"loop-date\">|\u00a0<time class=\"entry-date published updated\" datetime=\"2020-03-27T11:26:13+01:00\">27. M\u00e4rz 2020<\/time><\/span>\u00a0|\u00a0<span class=\"edit-link\"><a class=\"post-edit-link\" href=\"https:\/\/vspoechlarn.ac.at\/wordpress\/wp-admin\/post.php?post=2906&amp;action=edit\">Bearbeiten<\/a><\/span><\/small><\/p>\n<div class=\"clearfix\"><\/div>\n<\/div>\n<\/div>\n<\/article>\n<article id=\"post-2902\" class=\"loop_list post-2902 post type-post status-publish format-standard hentry category-allgemein\">\n<div class=\"panel panel-default\">\n<div class=\"panel-body clearfix\">\n<div class=\"fs-have-thumbnail\">\n<header class=\"entry-header\">\n<h4 class=\"entry-title\"><strong><a title=\"Permanentlink zu \u2026 die einen freuen sich auf Ostern, die anderen auf die Schule..\" href=\"https:\/\/vspoechlarn.ac.at\/wordpress\/2020\/03\/25\/die-einen-freuen-sich-auf-ostern-die-anderen-auf-die-schule\/\" rel=\"bookmark\">\u2026 die einen freuen sich auf Ostern, die anderen auf die Schule..<\/a><\/strong><\/h4>\n<\/header>\n<div class=\"entry-content\">\n<div id=\"gallery_2902_9\" class=\"row\">\n<div id=\"2902-image-2903\" class=\"col-xs-12 col-sm-4 col-md-4\">\n<div class=\"thumbnail\"><a href=\"https:\/\/vspoechlarn.ac.at\/wordpress\/wp-content\/uploads\/2020\/03\/IMG-20200324-WA0017.jpg\"><img loading=\"lazy\" decoding=\"async\" class=\"attachment-large size-large\" src=\"https:\/\/vspoechlarn.ac.at\/wordpress\/wp-content\/uploads\/2020\/03\/IMG-20200324-WA0017-1024x768.jpg\" sizes=\"auto, (max-width: 900px) 100vw, 900px\" srcset=\"https:\/\/vspoechlarn.ac.at\/wordpress\/wp-content\/uploads\/2020\/03\/IMG-20200324-WA0017-1024x768.jpg 1024w, https:\/\/vspoechlarn.ac.at\/wordpress\/wp-content\/uploads\/2020\/03\/IMG-20200324-WA0017-350x263.jpg 350w, https:\/\/vspoechlarn.ac.at\/wordpress\/wp-content\/uploads\/2020\/03\/IMG-20200324-WA0017-1536x1152.jpg 1536w, https:\/\/vspoechlarn.ac.at\/wordpress\/wp-content\/uploads\/2020\/03\/IMG-20200324-WA0017.jpg 1440w\" alt=\"\" width=\"900\" height=\"675\" \/><\/a><\/div>\n<\/div>\n<div id=\"2902-image-2904\" class=\"col-xs-12 col-sm-4 col-md-4\">\n<div class=\"thumbnail\"><a href=\"https:\/\/vspoechlarn.ac.at\/wordpress\/wp-content\/uploads\/2020\/03\/Melina-Millecker_Bild-scaled.jpg\"><img loading=\"lazy\" decoding=\"async\" class=\"attachment-large size-large\" src=\"https:\/\/vspoechlarn.ac.at\/wordpress\/wp-content\/uploads\/2020\/03\/Melina-Millecker_Bild-1024x768.jpg\" sizes=\"auto, (max-width: 900px) 100vw, 900px\" srcset=\"https:\/\/vspoechlarn.ac.at\/wordpress\/wp-content\/uploads\/2020\/03\/Melina-Millecker_Bild-1024x768.jpg 1024w, https:\/\/vspoechlarn.ac.at\/wordpress\/wp-content\/uploads\/2020\/03\/Melina-Millecker_Bild-350x263.jpg 350w, https:\/\/vspoechlarn.ac.at\/wordpress\/wp-content\/uploads\/2020\/03\/Melina-Millecker_Bild-1536x1152.jpg 1536w, https:\/\/vspoechlarn.ac.at\/wordpress\/wp-content\/uploads\/2020\/03\/Melina-Millecker_Bild-2048x1536.jpg 2048w, https:\/\/vspoechlarn.ac.at\/wordpress\/wp-content\/uploads\/2020\/03\/Melina-Millecker_Bild-scaled.jpg 1440w\" alt=\"\" width=\"900\" height=\"675\" \/><\/a><\/div>\n<\/div>\n<\/div>\n<\/div>\n<\/div>\n<\/div>\n<div class=\"panel-footer entry-meta\"><small><span class=\"loop-category\"><a class=\"label label-primary\" href=\"https:\/\/vspoechlarn.ac.at\/wordpress\/category\/allgemein\/\">Startseite<\/a>\u00a0<\/span><span class=\"loop-author\">|\u00a0<span class=\"author vcard\"><a class=\"url fn n\" href=\"https:\/\/vspoechlarn.ac.at\/wordpress\/author\/wp-admin\/\">wp-admin<\/a><\/span><\/span>\u00a0<span class=\"loop-date\">|\u00a0<time class=\"entry-date published updated\" datetime=\"2020-03-25T08:33:48+01:00\">25. M\u00e4rz 2020<\/time><\/span>\u00a0|\u00a0<span class=\"edit-link\"><a class=\"post-edit-link\" href=\"https:\/\/vspoechlarn.ac.at\/wordpress\/wp-admin\/post.php?post=2902&amp;action=edit\">Bearbeiten<\/a><\/span><\/small><\/p>\n<div class=\"clearfix\"><\/div>\n<\/div>\n<\/div>\n<\/article>\n<article id=\"post-2898\" class=\"loop_list post-2898 post type-post status-publish format-standard hentry category-allgemein\">\n<div class=\"panel panel-default\">\n<div class=\"panel-body clearfix\">\n<div class=\"fs-have-thumbnail\">\n<header class=\"entry-header\">\n<h4 class=\"entry-title\"><strong><a title=\"Permanentlink zu Unsere Sch\u00fcler sind wirklich t\u00fcchtig\" href=\"https:\/\/vspoechlarn.ac.at\/wordpress\/2020\/03\/24\/unsere-schueler-sind-wirklich-tuechtig\/\" rel=\"bookmark\">Unsere Sch\u00fcler sind wirklich t\u00fcchtig<\/a><\/strong><\/h4>\n<\/header>\n<div class=\"entry-content\">\n<p>Heute erhielten wir einen Text von Mia zum Coronavirus\u00a0<a href=\"https:\/\/vspoechlarn.ac.at\/wordpress\/wp-content\/uploads\/2020\/03\/image.pdf\">image<\/a><\/p>\n<p>und ein Bild einer Bastelarbeit von Julia.<\/p>\n<p>&nbsp;<\/p>\n<p><img loading=\"lazy\" decoding=\"async\" class=\"aligncenter size-medium wp-image-2899\" src=\"https:\/\/vspoechlarn.ac.at\/wordpress\/wp-content\/uploads\/2020\/03\/IMG-20200322-WA0030-225x300.jpg\" sizes=\"auto, (max-width: 225px) 100vw, 225px\" srcset=\"https:\/\/vspoechlarn.ac.at\/wordpress\/wp-content\/uploads\/2020\/03\/IMG-20200322-WA0030-225x300.jpg 225w, https:\/\/vspoechlarn.ac.at\/wordpress\/wp-content\/uploads\/2020\/03\/IMG-20200322-WA0030-768x1024.jpg 768w, https:\/\/vspoechlarn.ac.at\/wordpress\/wp-content\/uploads\/2020\/03\/IMG-20200322-WA0030-1153x1536.jpg 1153w, https:\/\/vspoechlarn.ac.at\/wordpress\/wp-content\/uploads\/2020\/03\/IMG-20200322-WA0030.jpg 811w\" alt=\"\" width=\"225\" height=\"300\" \/><\/p>\n<\/div>\n<\/div>\n<\/div>\n<div class=\"panel-footer entry-meta\"><small><span class=\"loop-category\"><a class=\"label label-primary\" href=\"https:\/\/vspoechlarn.ac.at\/wordpress\/category\/allgemein\/\">Startseite<\/a>\u00a0<\/span><span class=\"loop-author\">|\u00a0<span class=\"author vcard\"><a class=\"url fn n\" href=\"https:\/\/vspoechlarn.ac.at\/wordpress\/author\/wp-admin\/\">wp-admin<\/a><\/span><\/span>\u00a0<span class=\"loop-date\">|\u00a0<time class=\"entry-date published updated\" datetime=\"2020-03-24T11:36:57+01:00\">24. M\u00e4rz 2020<\/time><\/span>\u00a0|\u00a0<span class=\"edit-link\"><a class=\"post-edit-link\" href=\"https:\/\/vspoechlarn.ac.at\/wordpress\/wp-admin\/post.php?post=2898&amp;action=edit\">Bearbeiten<\/a><\/span><\/small><\/p>\n<div class=\"clearfix\"><\/div>\n<\/div>\n<\/div>\n<\/article>\n<article id=\"post-2894\" class=\"loop_list post-2894 post type-post status-publish format-standard hentry category-allgemein\">\n<div class=\"panel panel-default\">\n<div class=\"panel-body clearfix\">\n<div class=\"fs-have-thumbnail\">\n<header class=\"entry-header\">\n<h4 class=\"entry-title\"><strong><a title=\"Permanentlink zu Aktuelle Kinderbeitr\u00e4ge\" href=\"https:\/\/vspoechlarn.ac.at\/wordpress\/2020\/03\/23\/aktuelle-kinderbeitraege\/\" rel=\"bookmark\">Aktuelle Kinderbeitr\u00e4ge<\/a><\/strong><\/h4>\n<\/header>\n<div class=\"entry-content\">\n<p>Anja hat uns heute ein Foto von ihrem selbstgemachten Osterk\u00f6rbchen geschickt. Saubere Arbeit!<\/p>\n<div id=\"gallery_2894_10\" class=\"row\">\n<div id=\"2894-image-2895\" class=\"col-xs-12 col-sm-4 col-md-4\">\n<div class=\"thumbnail\"><a href=\"https:\/\/vspoechlarn.ac.at\/wordpress\/wp-content\/uploads\/2020\/03\/IMG-20200319-WA0024.jpg\"><img loading=\"lazy\" decoding=\"async\" class=\"attachment-large size-large\" src=\"https:\/\/vspoechlarn.ac.at\/wordpress\/wp-content\/uploads\/2020\/03\/IMG-20200319-WA0024-576x1024.jpg\" sizes=\"auto, (max-width: 576px) 100vw, 576px\" srcset=\"https:\/\/vspoechlarn.ac.at\/wordpress\/wp-content\/uploads\/2020\/03\/IMG-20200319-WA0024-576x1024.jpg 576w, https:\/\/vspoechlarn.ac.at\/wordpress\/wp-content\/uploads\/2020\/03\/IMG-20200319-WA0024-169x300.jpg 169w, https:\/\/vspoechlarn.ac.at\/wordpress\/wp-content\/uploads\/2020\/03\/IMG-20200319-WA0024-864x1536.jpg 864w, https:\/\/vspoechlarn.ac.at\/wordpress\/wp-content\/uploads\/2020\/03\/IMG-20200319-WA0024.jpg 607w\" alt=\"\" width=\"576\" height=\"1024\" \/><\/a><\/div>\n<\/div>\n<\/div>\n<\/div>\n<\/div>\n<\/div>\n<div class=\"panel-footer entry-meta\"><small><span class=\"loop-category\"><a class=\"label label-primary\" href=\"https:\/\/vspoechlarn.ac.at\/wordpress\/category\/allgemein\/\">Startseite<\/a>\u00a0<\/span><span class=\"loop-author\">|\u00a0<span class=\"author vcard\"><a class=\"url fn n\" href=\"https:\/\/vspoechlarn.ac.at\/wordpress\/author\/wp-admin\/\">wp-admin<\/a><\/span><\/span>\u00a0<span class=\"loop-date\">|\u00a0<time class=\"entry-date published updated\" datetime=\"2020-03-23T12:24:15+01:00\">23. M\u00e4rz 2020<\/time><\/span>\u00a0|\u00a0<span class=\"edit-link\"><a class=\"post-edit-link\" href=\"https:\/\/vspoechlarn.ac.at\/wordpress\/wp-admin\/post.php?post=2894&amp;action=edit\">Bearbeiten<\/a><\/span><\/small><\/p>\n<div class=\"clearfix\"><\/div>\n<\/div>\n<\/div>\n<\/article>\n<article id=\"post-2889\" class=\"loop_list post-2889 post type-post status-publish format-standard hentry category-allgemein\">\n<div class=\"panel panel-default\">\n<div class=\"panel-body clearfix\">\n<div class=\"fs-have-thumbnail\">\n<header class=\"entry-header\">\n<h4 class=\"entry-title\"><strong><a title=\"Permanentlink zu Kunst mit Botschaft\" href=\"https:\/\/vspoechlarn.ac.at\/wordpress\/2020\/03\/23\/kunst-mit-botschaft\/\" rel=\"bookmark\">Kunst mit Botschaft<\/a><\/strong><\/h4>\n<\/header>\n<div class=\"entry-content\">\n<p>Neben dem vertiefenden Lernen finden unsere Sch\u00fcler auch Zeit, zuhause Bilder mit Botschaften in die Fenster zu h\u00e4ngen. Von Patrick Fischer und seiner Schwester Lisa-Marie haben wir diese beiden Bilder bekommen. Danke!<\/p>\n<div id=\"gallery_2889_11\" class=\"row\">\n<div id=\"2889-image-2890\" class=\"col-xs-12 col-sm-4 col-md-4\">\n<div class=\"thumbnail\"><a href=\"https:\/\/vspoechlarn.ac.at\/wordpress\/wp-content\/uploads\/2020\/03\/IMG-20200323-WA0002.jpg\"><img loading=\"lazy\" decoding=\"async\" class=\"attachment-large size-large\" src=\"https:\/\/vspoechlarn.ac.at\/wordpress\/wp-content\/uploads\/2020\/03\/IMG-20200323-WA0002-1024x768.jpg\" sizes=\"auto, (max-width: 900px) 100vw, 900px\" srcset=\"https:\/\/vspoechlarn.ac.at\/wordpress\/wp-content\/uploads\/2020\/03\/IMG-20200323-WA0002-1024x768.jpg 1024w, https:\/\/vspoechlarn.ac.at\/wordpress\/wp-content\/uploads\/2020\/03\/IMG-20200323-WA0002-350x263.jpg 350w, https:\/\/vspoechlarn.ac.at\/wordpress\/wp-content\/uploads\/2020\/03\/IMG-20200323-WA0002-1536x1152.jpg 1536w, https:\/\/vspoechlarn.ac.at\/wordpress\/wp-content\/uploads\/2020\/03\/IMG-20200323-WA0002.jpg 1440w\" alt=\"\" width=\"900\" height=\"675\" \/><\/a><\/div>\n<\/div>\n<div id=\"2889-image-2891\" class=\"col-xs-12 col-sm-4 col-md-4\">\n<div class=\"thumbnail\"><a href=\"https:\/\/vspoechlarn.ac.at\/wordpress\/wp-content\/uploads\/2020\/03\/IMG-20200323-WA0004.jpg\"><img loading=\"lazy\" decoding=\"async\" class=\"attachment-large size-large\" src=\"https:\/\/vspoechlarn.ac.at\/wordpress\/wp-content\/uploads\/2020\/03\/IMG-20200323-WA0004-1024x768.jpg\" sizes=\"auto, (max-width: 900px) 100vw, 900px\" srcset=\"https:\/\/vspoechlarn.ac.at\/wordpress\/wp-content\/uploads\/2020\/03\/IMG-20200323-WA0004-1024x768.jpg 1024w, https:\/\/vspoechlarn.ac.at\/wordpress\/wp-content\/uploads\/2020\/03\/IMG-20200323-WA0004-350x263.jpg 350w, https:\/\/vspoechlarn.ac.at\/wordpress\/wp-content\/uploads\/2020\/03\/IMG-20200323-WA0004-1536x1152.jpg 1536w, https:\/\/vspoechlarn.ac.at\/wordpress\/wp-content\/uploads\/2020\/03\/IMG-20200323-WA0004.jpg 1440w\" alt=\"\" width=\"900\" height=\"675\" \/><\/a><\/div>\n<\/div>\n<\/div>\n<\/div>\n<\/div>\n<\/div>\n<div class=\"panel-footer entry-meta\"><small><span class=\"loop-category\"><a class=\"label label-primary\" href=\"https:\/\/vspoechlarn.ac.at\/wordpress\/category\/allgemein\/\">Startseite<\/a>\u00a0<\/span><span class=\"loop-author\">|\u00a0<span class=\"author vcard\"><a class=\"url fn n\" href=\"https:\/\/vspoechlarn.ac.at\/wordpress\/author\/wp-admin\/\">wp-admin<\/a><\/span><\/span>\u00a0<span class=\"loop-date\">|\u00a0<time class=\"entry-date published updated\" datetime=\"2020-03-23T11:19:16+01:00\">23. M\u00e4rz 2020<\/time><\/span>\u00a0|\u00a0<span class=\"edit-link\"><a class=\"post-edit-link\" href=\"https:\/\/vspoechlarn.ac.at\/wordpress\/wp-admin\/post.php?post=2889&amp;action=edit\">Bearbeiten<\/a><\/span><\/small><\/p>\n<div class=\"clearfix\"><\/div>\n<\/div>\n<\/div>\n<\/article>\n<article id=\"post-2853\" class=\"loop_list post-2853 post type-post status-publish format-standard hentry category-allgemein\">\n<div class=\"panel panel-default\">\n<div class=\"panel-body clearfix\">\n<div class=\"fs-have-thumbnail\">\n<header class=\"entry-header\">\n<h4 class=\"entry-title\"><strong><a title=\"Permanentlink zu Schulschach im Mostviertel \u2013 Sieger VS P\u00f6chlarn\" href=\"https:\/\/vspoechlarn.ac.at\/wordpress\/2020\/03\/05\/schulschach-im-mostviertel-sieger-vs-poechlarn\/\" rel=\"bookmark\">Schulschach im Mostviertel \u2013 Sieger VS P\u00f6chlarn<\/a><\/strong><\/h4>\n<\/header>\n<div class=\"entry-content\">\n<p>Beim heurigen\u00a0 Mostviertel-Schulschachturnier besiegte P\u00f6chlarn I mit Claudio Beroggio, Valentin M\u00fcllner, Klaus Harzhauser und Fabian Russo ganz klar alle anderen Mannschaften und konnte sich so f\u00fcr die Landesmeisterschaften am 1.4.2020\u00a0 in St.P\u00f6lten qualifizieren. Hinter Eichgraben landete P\u00f6chlarn II auf dem 3. Platz. Wir gratulieren ganz herzlich zur tollen Leistung.<\/p>\n<div id=\"gallery_2853_12\" class=\"row\">\n<div id=\"2853-image-2855\" class=\"col-xs-12 col-sm-4 col-md-4\">\n<div class=\"thumbnail\"><a href=\"https:\/\/vspoechlarn.ac.at\/wordpress\/wp-content\/uploads\/2020\/03\/cid_5fa41f2a-d156-4003-af11-58bd3e1043cd@lsr-noe_gv.jpg\"><img loading=\"lazy\" decoding=\"async\" class=\"attachment-large size-large\" src=\"https:\/\/vspoechlarn.ac.at\/wordpress\/wp-content\/uploads\/2020\/03\/cid_5fa41f2a-d156-4003-af11-58bd3e1043cd@lsr-noe_gv.jpg\" sizes=\"auto, (max-width: 640px) 100vw, 640px\" srcset=\"https:\/\/vspoechlarn.ac.at\/wordpress\/wp-content\/uploads\/2020\/03\/cid_5fa41f2a-d156-4003-af11-58bd3e1043cd@lsr-noe_gv.jpg 640w, https:\/\/vspoechlarn.ac.at\/wordpress\/wp-content\/uploads\/2020\/03\/cid_5fa41f2a-d156-4003-af11-58bd3e1043cd@lsr-noe_gv-350x263.jpg 350w\" alt=\"\" width=\"640\" height=\"480\" \/><\/a><\/div>\n<\/div>\n<div id=\"2853-image-2854\" class=\"col-xs-12 col-sm-4 col-md-4\">\n<div class=\"thumbnail\"><a href=\"https:\/\/vspoechlarn.ac.at\/wordpress\/wp-content\/uploads\/2020\/03\/cid_03efa907-7549-47c5-bc4f-f2c4528403dc@lsr-noe_gv.jpg\"><img loading=\"lazy\" decoding=\"async\" class=\"attachment-large size-large\" src=\"https:\/\/vspoechlarn.ac.at\/wordpress\/wp-content\/uploads\/2020\/03\/cid_03efa907-7549-47c5-bc4f-f2c4528403dc@lsr-noe_gv.jpg\" sizes=\"auto, (max-width: 640px) 100vw, 640px\" srcset=\"https:\/\/vspoechlarn.ac.at\/wordpress\/wp-content\/uploads\/2020\/03\/cid_03efa907-7549-47c5-bc4f-f2c4528403dc@lsr-noe_gv.jpg 640w, https:\/\/vspoechlarn.ac.at\/wordpress\/wp-content\/uploads\/2020\/03\/cid_03efa907-7549-47c5-bc4f-f2c4528403dc@lsr-noe_gv-350x263.jpg 350w\" alt=\"\" width=\"640\" height=\"480\" \/><\/a><\/div>\n<\/div>\n<div id=\"2853-image-2856\" class=\"col-xs-12 col-sm-4 col-md-4\">\n<div class=\"thumbnail\"><a href=\"https:\/\/vspoechlarn.ac.at\/wordpress\/wp-content\/uploads\/2020\/03\/cid_f402f784-598e-4779-9508-f60541f45f36@lsr-noe_gv.jpg\"><img loading=\"lazy\" decoding=\"async\" class=\"attachment-large size-large\" src=\"https:\/\/vspoechlarn.ac.at\/wordpress\/wp-content\/uploads\/2020\/03\/cid_f402f784-598e-4779-9508-f60541f45f36@lsr-noe_gv.jpg\" sizes=\"auto, (max-width: 640px) 100vw, 640px\" srcset=\"https:\/\/vspoechlarn.ac.at\/wordpress\/wp-content\/uploads\/2020\/03\/cid_f402f784-598e-4779-9508-f60541f45f36@lsr-noe_gv.jpg 640w, https:\/\/vspoechlarn.ac.at\/wordpress\/wp-content\/uploads\/2020\/03\/cid_f402f784-598e-4779-9508-f60541f45f36@lsr-noe_gv-350x263.jpg 350w\" alt=\"\" width=\"640\" height=\"480\" \/><\/a><\/div>\n<\/div>\n<div class=\"clearfix visible-md-block visible-lg-block\"><\/div>\n<\/div>\n<p>&nbsp;<\/p>\n<\/div>\n<\/div>\n<\/div>\n<div class=\"panel-footer entry-meta\"><small><span class=\"loop-category\"><a class=\"label label-primary\" href=\"https:\/\/vspoechlarn.ac.at\/wordpress\/category\/allgemein\/\">Startseite<\/a>\u00a0<\/span><span class=\"loop-author\">|\u00a0<span class=\"author vcard\"><a class=\"url fn n\" href=\"https:\/\/vspoechlarn.ac.at\/wordpress\/author\/wp-admin\/\">wp-admin<\/a><\/span><\/span>\u00a0<span class=\"loop-date\">|\u00a0<time class=\"entry-date published updated\" datetime=\"2020-03-05T13:08:13+01:00\">5. M\u00e4rz 2020<\/time><\/span>\u00a0|\u00a0<span class=\"edit-link\"><a class=\"post-edit-link\" href=\"https:\/\/vspoechlarn.ac.at\/wordpress\/wp-admin\/post.php?post=2853&amp;action=edit\">Bearbeiten<\/a><\/span><\/small><\/p>\n<div class=\"clearfix\"><\/div>\n<\/div>\n<\/div>\n<\/article>\n<article id=\"post-2848\" class=\"loop_list post-2848 post type-post status-publish format-standard hentry category-allgemein\">\n<div class=\"panel panel-default\">\n<div class=\"panel-body clearfix\">\n<div class=\"fs-have-thumbnail\">\n<header class=\"entry-header\">\n<h4 class=\"entry-title\"><strong><a title=\"Permanentlink zu MfM Projekt\" href=\"https:\/\/vspoechlarn.ac.at\/wordpress\/2020\/03\/02\/mfm-projekt\/\" rel=\"bookmark\">MfM Projekt<\/a><\/strong><\/h4>\n<\/header>\n<div class=\"entry-content\">\n<p>Auch in diesem Schuljahr war Frau Mag. Brigitte Wysoudil mit ihrem Team an unserer Schule zu Gast,\u00a0 um mit den M\u00e4dchen und Buben der 4. Klassen im Rahmen des\u00a0 MfM-Projekts den Ver\u00e4nderungen des K\u00f6rpers w\u00e4hrend der Pubert\u00e4t auf den Grund zu gehen. Einen Einblick in den Ablauf des Vormittags bekamen die Eltern im Rahmen eines Elternabends am Vorabend. Der Elternverein \u00fcbernahm daf\u00fcr die gesamten Kosten. HERZLICHEN DANK!<\/p>\n<div id=\"gallery_2848_13\" class=\"row\">\n<div id=\"2848-image-1729\" class=\"col-xs-12 col-sm-4 col-md-4\">\n<div class=\"thumbnail\"><a href=\"https:\/\/vspoechlarn.ac.at\/wordpress\/wp-content\/uploads\/2018\/02\/mfm.jpg\"><img loading=\"lazy\" decoding=\"async\" class=\"attachment-large size-large\" src=\"https:\/\/vspoechlarn.ac.at\/wordpress\/wp-content\/uploads\/2018\/02\/mfm.jpg\" sizes=\"auto, (max-width: 602px) 100vw, 602px\" srcset=\"https:\/\/vspoechlarn.ac.at\/wordpress\/wp-content\/uploads\/2018\/02\/mfm.jpg 602w, https:\/\/vspoechlarn.ac.at\/wordpress\/wp-content\/uploads\/2018\/02\/mfm-350x177.jpg 350w\" alt=\"\" width=\"602\" height=\"304\" \/><\/a><\/div>\n<\/div>\n<\/div>\n<\/div>\n<\/div>\n<\/div>\n<div class=\"panel-footer entry-meta\"><small><span class=\"loop-category\"><a class=\"label label-primary\" href=\"https:\/\/vspoechlarn.ac.at\/wordpress\/category\/allgemein\/\">Startseite<\/a>\u00a0<\/span><span class=\"loop-author\">|\u00a0<span class=\"author vcard\"><a class=\"url fn n\" href=\"https:\/\/vspoechlarn.ac.at\/wordpress\/author\/wp-admin\/\">wp-admin<\/a><\/span><\/span>\u00a0<span class=\"loop-date\">|\u00a0<time class=\"entry-date published updated\" datetime=\"2020-03-02T07:29:12+01:00\">2. M\u00e4rz 2020<\/time><\/span>\u00a0|\u00a0<span class=\"edit-link\"><a class=\"post-edit-link\" href=\"https:\/\/vspoechlarn.ac.at\/wordpress\/wp-admin\/post.php?post=2848&amp;action=edit\">Bearbeiten<\/a><\/span><\/small><\/p>\n<div class=\"clearfix\"><\/div>\n<\/div>\n<\/div>\n<\/article>\n<article id=\"post-2823\" class=\"loop_list post-2823 post type-post status-publish format-standard hentry category-allgemein\">\n<div class=\"panel panel-default\">\n<div class=\"panel-body clearfix\">\n<div class=\"fs-have-thumbnail\">\n<header class=\"entry-header\">\n<h4 class=\"entry-title\"><strong><a title=\"Permanentlink zu Faschingsdienstag\" href=\"https:\/\/vspoechlarn.ac.at\/wordpress\/2020\/02\/25\/faschingsdienstag\/\" rel=\"bookmark\">Faschingsdienstag<\/a><\/strong><\/h4>\n<\/header>\n<div class=\"entry-content\">\n<p>Zahlreiche Harry Potters, Hexen, Pippis, Prinzessinnen oder Piraten pr\u00e4gten heute das Bild in der VS P\u00f6chlarn. Dem Beethovenjahr entsprechend trat die Lehrerinnenschar als G\u00f6tterfunken-Chor auf. Vers\u00fc\u00dft wurde der Tag durch die leckeren Krapfen von unserem Elternverein und Spar Prauchner, wof\u00fcr wir uns alle ganz herzlich bedanken.<\/p>\n<div id=\"gallery_2823_14\" class=\"row\">\n<div id=\"2823-image-2831\" class=\"col-xs-12 col-sm-4 col-md-4\">\n<div class=\"thumbnail\"><a href=\"https:\/\/vspoechlarn.ac.at\/wordpress\/wp-content\/uploads\/2020\/02\/DSC09294-Mittel-rotated.jpg\"><img loading=\"lazy\" decoding=\"async\" class=\"attachment-large size-large\" src=\"https:\/\/vspoechlarn.ac.at\/wordpress\/wp-content\/uploads\/2020\/02\/DSC09294-Mittel-680x1024.jpg\" sizes=\"auto, (max-width: 680px) 100vw, 680px\" srcset=\"https:\/\/vspoechlarn.ac.at\/wordpress\/wp-content\/uploads\/2020\/02\/DSC09294-Mittel-680x1024.jpg 680w, https:\/\/vspoechlarn.ac.at\/wordpress\/wp-content\/uploads\/2020\/02\/DSC09294-Mittel-199x300.jpg 199w, https:\/\/vspoechlarn.ac.at\/wordpress\/wp-content\/uploads\/2020\/02\/DSC09294-Mittel-rotated.jpg 718w\" alt=\"\" width=\"680\" height=\"1024\" \/><\/a><\/div>\n<\/div>\n<div id=\"2823-image-2827\" class=\"col-xs-12 col-sm-4 col-md-4\">\n<div class=\"thumbnail\"><a href=\"https:\/\/vspoechlarn.ac.at\/wordpress\/wp-content\/uploads\/2020\/02\/DSC09289-Mittel-rotated.jpg\"><img loading=\"lazy\" decoding=\"async\" class=\"attachment-large size-large\" src=\"https:\/\/vspoechlarn.ac.at\/wordpress\/wp-content\/uploads\/2020\/02\/DSC09289-Mittel-680x1024.jpg\" sizes=\"auto, (max-width: 680px) 100vw, 680px\" srcset=\"https:\/\/vspoechlarn.ac.at\/wordpress\/wp-content\/uploads\/2020\/02\/DSC09289-Mittel-680x1024.jpg 680w, https:\/\/vspoechlarn.ac.at\/wordpress\/wp-content\/uploads\/2020\/02\/DSC09289-Mittel-199x300.jpg 199w, https:\/\/vspoechlarn.ac.at\/wordpress\/wp-content\/uploads\/2020\/02\/DSC09289-Mittel-rotated.jpg 718w\" alt=\"\" width=\"680\" height=\"1024\" \/><\/a><\/div>\n<\/div>\n<div id=\"2823-image-2826\" class=\"col-xs-12 col-sm-4 col-md-4\">\n<div class=\"thumbnail\"><a href=\"https:\/\/vspoechlarn.ac.at\/wordpress\/wp-content\/uploads\/2020\/02\/DSC09286-Mittel-rotated.jpg\"><img loading=\"lazy\" decoding=\"async\" class=\"attachment-large size-large\" src=\"https:\/\/vspoechlarn.ac.at\/wordpress\/wp-content\/uploads\/2020\/02\/DSC09286-Mittel-680x1024.jpg\" sizes=\"auto, (max-width: 680px) 100vw, 680px\" srcset=\"https:\/\/vspoechlarn.ac.at\/wordpress\/wp-content\/uploads\/2020\/02\/DSC09286-Mittel-680x1024.jpg 680w, https:\/\/vspoechlarn.ac.at\/wordpress\/wp-content\/uploads\/2020\/02\/DSC09286-Mittel-199x300.jpg 199w, https:\/\/vspoechlarn.ac.at\/wordpress\/wp-content\/uploads\/2020\/02\/DSC09286-Mittel-rotated.jpg 718w\" alt=\"\" width=\"680\" height=\"1024\" \/><\/a><\/div>\n<\/div>\n<div class=\"clearfix visible-md-block visible-lg-block\"><\/div>\n<div id=\"2823-image-2825\" class=\"col-xs-12 col-sm-4 col-md-4\">\n<div class=\"thumbnail\"><a href=\"https:\/\/vspoechlarn.ac.at\/wordpress\/wp-content\/uploads\/2020\/02\/DSC09284-Mittel.jpg\"><img loading=\"lazy\" decoding=\"async\" class=\"attachment-large size-large\" src=\"https:\/\/vspoechlarn.ac.at\/wordpress\/wp-content\/uploads\/2020\/02\/DSC09284-Mittel-1024x680.jpg\" sizes=\"auto, (max-width: 900px) 100vw, 900px\" srcset=\"https:\/\/vspoechlarn.ac.at\/wordpress\/wp-content\/uploads\/2020\/02\/DSC09284-Mittel-1024x680.jpg 1024w, https:\/\/vspoechlarn.ac.at\/wordpress\/wp-content\/uploads\/2020\/02\/DSC09284-Mittel-350x233.jpg 350w, https:\/\/vspoechlarn.ac.at\/wordpress\/wp-content\/uploads\/2020\/02\/DSC09284-Mittel.jpg 1156w\" alt=\"\" width=\"900\" height=\"598\" \/><\/a><\/div>\n<\/div>\n<div id=\"2823-image-2824\" class=\"col-xs-12 col-sm-4 col-md-4\">\n<div class=\"thumbnail\"><a href=\"https:\/\/vspoechlarn.ac.at\/wordpress\/wp-content\/uploads\/2020\/02\/DSC09283-Mittel-rotated.jpg\"><img loading=\"lazy\" decoding=\"async\" class=\"attachment-large size-large\" src=\"https:\/\/vspoechlarn.ac.at\/wordpress\/wp-content\/uploads\/2020\/02\/DSC09283-Mittel-680x1024.jpg\" sizes=\"auto, (max-width: 680px) 100vw, 680px\" srcset=\"https:\/\/vspoechlarn.ac.at\/wordpress\/wp-content\/uploads\/2020\/02\/DSC09283-Mittel-680x1024.jpg 680w, https:\/\/vspoechlarn.ac.at\/wordpress\/wp-content\/uploads\/2020\/02\/DSC09283-Mittel-199x300.jpg 199w, https:\/\/vspoechlarn.ac.at\/wordpress\/wp-content\/uploads\/2020\/02\/DSC09283-Mittel-rotated.jpg 718w\" alt=\"\" width=\"680\" height=\"1024\" \/><\/a><\/div>\n<\/div>\n<div id=\"2823-image-2828\" class=\"col-xs-12 col-sm-4 col-md-4\">\n<div class=\"thumbnail\"><a href=\"https:\/\/vspoechlarn.ac.at\/wordpress\/wp-content\/uploads\/2020\/02\/DSC09291-Mittel.jpg\"><img loading=\"lazy\" decoding=\"async\" class=\"attachment-large size-large\" src=\"https:\/\/vspoechlarn.ac.at\/wordpress\/wp-content\/uploads\/2020\/02\/DSC09291-Mittel-1024x680.jpg\" sizes=\"auto, (max-width: 900px) 100vw, 900px\" srcset=\"https:\/\/vspoechlarn.ac.at\/wordpress\/wp-content\/uploads\/2020\/02\/DSC09291-Mittel-1024x680.jpg 1024w, https:\/\/vspoechlarn.ac.at\/wordpress\/wp-content\/uploads\/2020\/02\/DSC09291-Mittel-350x233.jpg 350w, https:\/\/vspoechlarn.ac.at\/wordpress\/wp-content\/uploads\/2020\/02\/DSC09291-Mittel.jpg 1156w\" alt=\"\" width=\"900\" height=\"598\" \/><\/a><\/div>\n<\/div>\n<div class=\"clearfix visible-md-block visible-lg-block\"><\/div>\n<\/div>\n<\/div>\n<\/div>\n<\/div>\n<div class=\"panel-footer entry-meta\"><small><span class=\"loop-category\"><a class=\"label label-primary\" href=\"https:\/\/vspoechlarn.ac.at\/wordpress\/category\/allgemein\/\">Startseite<\/a>\u00a0<\/span><span class=\"loop-author\">|\u00a0<span class=\"author vcard\"><a class=\"url fn n\" href=\"https:\/\/vspoechlarn.ac.at\/wordpress\/author\/wp-admin\/\">wp-admin<\/a><\/span><\/span>\u00a0<span class=\"loop-date\">|\u00a0<time class=\"entry-date published updated\" datetime=\"2020-02-25T10:22:44+01:00\">25. Februar 2020<\/time><\/span>\u00a0|\u00a0<span class=\"edit-link\"><a class=\"post-edit-link\" href=\"https:\/\/vspoechlarn.ac.at\/wordpress\/wp-admin\/post.php?post=2823&amp;action=edit\">Bearbeiten<\/a><\/span><\/small><\/p>\n<div class=\"clearfix\"><\/div>\n<\/div>\n<\/div>\n<\/article>\n<article id=\"post-2809\" class=\"loop_list post-2809 post type-post status-publish format-standard hentry category-allgemein\">\n<div class=\"panel panel-default\">\n<div class=\"panel-body clearfix\">\n<div class=\"fs-have-thumbnail\">\n<header class=\"entry-header\">\n<h4 class=\"entry-title\"><strong><a title=\"Permanentlink zu 250 Jahre Ludwig van Beethoven\" href=\"https:\/\/vspoechlarn.ac.at\/wordpress\/2020\/02\/18\/250-jahre-ludwig-van-beethoven\/\" rel=\"bookmark\">250 Jahre Ludwig van Beethoven<\/a><\/strong><\/h4>\n<\/header>\n<div class=\"entry-content\">\n<p>Ein gro\u00dfartiges Mitmachkonzert erlebten heute die M\u00e4dchen und Buben der VS P\u00f6chlarn. Die Musiker von \u201eRock4Kids\u201c gaben auf verschiedensten Instrumenten St\u00fccke von Beethoven zum Besten und gew\u00e4hrten auf unterhaltsame Art einen Einblick in das Leben des bekannten Komponisten. Zum Abschluss sangen die Kinder, begleitet von Gitarre und Geige, die Europahymne. F\u00fcr die Finanzierung dieses Konzerts bedanken wir uns ganz herzlich bei unserem Elternverein.<\/p>\n<div id=\"gallery_2809_15\" class=\"row\">\n<div id=\"2809-image-2810\" class=\"col-xs-12 col-sm-3 col-md-3\">\n<div class=\"thumbnail\"><a href=\"https:\/\/vspoechlarn.ac.at\/wordpress\/wp-content\/uploads\/2020\/02\/DSC09257-Mittel.jpg\"><img loading=\"lazy\" decoding=\"async\" class=\"attachment-large size-large\" src=\"https:\/\/vspoechlarn.ac.at\/wordpress\/wp-content\/uploads\/2020\/02\/DSC09257-Mittel-1024x680.jpg\" sizes=\"auto, (max-width: 900px) 100vw, 900px\" srcset=\"https:\/\/vspoechlarn.ac.at\/wordpress\/wp-content\/uploads\/2020\/02\/DSC09257-Mittel-1024x680.jpg 1024w, https:\/\/vspoechlarn.ac.at\/wordpress\/wp-content\/uploads\/2020\/02\/DSC09257-Mittel-350x233.jpg 350w, https:\/\/vspoechlarn.ac.at\/wordpress\/wp-content\/uploads\/2020\/02\/DSC09257-Mittel.jpg 1156w\" alt=\"\" width=\"900\" height=\"598\" \/><\/a><\/div>\n<\/div>\n<div id=\"2809-image-2812\" class=\"col-xs-12 col-sm-3 col-md-3\">\n<div class=\"thumbnail\"><a href=\"https:\/\/vspoechlarn.ac.at\/wordpress\/wp-content\/uploads\/2020\/02\/DSC09276-Mittel.jpg\"><img loading=\"lazy\" decoding=\"async\" class=\"attachment-large size-large\" src=\"https:\/\/vspoechlarn.ac.at\/wordpress\/wp-content\/uploads\/2020\/02\/DSC09276-Mittel-1024x680.jpg\" sizes=\"auto, (max-width: 900px) 100vw, 900px\" srcset=\"https:\/\/vspoechlarn.ac.at\/wordpress\/wp-content\/uploads\/2020\/02\/DSC09276-Mittel-1024x680.jpg 1024w, https:\/\/vspoechlarn.ac.at\/wordpress\/wp-content\/uploads\/2020\/02\/DSC09276-Mittel-350x233.jpg 350w, https:\/\/vspoechlarn.ac.at\/wordpress\/wp-content\/uploads\/2020\/02\/DSC09276-Mittel.jpg 1156w\" alt=\"\" width=\"900\" height=\"598\" \/><\/a><\/div>\n<\/div>\n<div id=\"2809-image-2813\" class=\"col-xs-12 col-sm-3 col-md-3\">\n<div class=\"thumbnail\"><a href=\"https:\/\/vspoechlarn.ac.at\/wordpress\/wp-content\/uploads\/2020\/02\/DSC09279-Mittel.jpg\"><img loading=\"lazy\" decoding=\"async\" class=\"attachment-large size-large\" src=\"https:\/\/vspoechlarn.ac.at\/wordpress\/wp-content\/uploads\/2020\/02\/DSC09279-Mittel-1024x680.jpg\" sizes=\"auto, (max-width: 900px) 100vw, 900px\" srcset=\"https:\/\/vspoechlarn.ac.at\/wordpress\/wp-content\/uploads\/2020\/02\/DSC09279-Mittel-1024x680.jpg 1024w, https:\/\/vspoechlarn.ac.at\/wordpress\/wp-content\/uploads\/2020\/02\/DSC09279-Mittel-350x233.jpg 350w, https:\/\/vspoechlarn.ac.at\/wordpress\/wp-content\/uploads\/2020\/02\/DSC09279-Mittel.jpg 1156w\" alt=\"\" width=\"900\" height=\"598\" \/><\/a><\/div>\n<\/div>\n<div id=\"2809-image-2818\" class=\"col-xs-12 col-sm-3 col-md-3\">\n<div class=\"thumbnail\"><a href=\"https:\/\/vspoechlarn.ac.at\/wordpress\/wp-content\/uploads\/2020\/02\/DSC09264-Mittel.jpg\"><img loading=\"lazy\" decoding=\"async\" class=\"attachment-large size-large\" src=\"https:\/\/vspoechlarn.ac.at\/wordpress\/wp-content\/uploads\/2020\/02\/DSC09264-Mittel-1024x680.jpg\" sizes=\"auto, (max-width: 900px) 100vw, 900px\" srcset=\"https:\/\/vspoechlarn.ac.at\/wordpress\/wp-content\/uploads\/2020\/02\/DSC09264-Mittel-1024x680.jpg 1024w, https:\/\/vspoechlarn.ac.at\/wordpress\/wp-content\/uploads\/2020\/02\/DSC09264-Mittel-350x233.jpg 350w, https:\/\/vspoechlarn.ac.at\/wordpress\/wp-content\/uploads\/2020\/02\/DSC09264-Mittel.jpg 1156w\" alt=\"\" width=\"900\" height=\"598\" \/><\/a><\/div>\n<\/div>\n<div class=\"clearfix visible-md-block visible-lg-block\"><\/div>\n<\/div>\n<p>&nbsp;<\/p>\n<\/div>\n<\/div>\n<\/div>\n<div class=\"panel-footer entry-meta\"><small><span class=\"loop-category\"><a class=\"label label-primary\" href=\"https:\/\/vspoechlarn.ac.at\/wordpress\/category\/allgemein\/\">Startseite<\/a>\u00a0<\/span><span class=\"loop-author\">|\u00a0<span class=\"author vcard\"><a class=\"url fn n\" href=\"https:\/\/vspoechlarn.ac.at\/wordpress\/author\/wp-admin\/\">wp-admin<\/a><\/span><\/span>\u00a0<span class=\"loop-date\">|\u00a0<time class=\"entry-date published updated\" datetime=\"2020-02-18T12:22:01+01:00\">18. Februar 2020<\/time><\/span>\u00a0|\u00a0<span class=\"edit-link\"><a class=\"post-edit-link\" href=\"https:\/\/vspoechlarn.ac.at\/wordpress\/wp-admin\/post.php?post=2809&amp;action=edit\">Bearbeiten<\/a><\/span><\/small><\/p>\n<div class=\"clearfix\"><\/div>\n<\/div>\n<\/div>\n<\/article>\n<article id=\"post-2806\" class=\"loop_list post-2806 post type-post status-publish format-standard hentry category-allgemein\">\n<div class=\"panel panel-default\">\n<div class=\"panel-body clearfix\">\n<div class=\"fs-have-thumbnail\">\n<header class=\"entry-header\">\n<h4 class=\"entry-title\"><strong><a title=\"Permanentlink zu Blick und Klick\" href=\"https:\/\/vspoechlarn.ac.at\/wordpress\/2020\/02\/17\/blick-und-klick\/\" rel=\"bookmark\">Blick und Klick<\/a><\/strong><\/h4>\n<\/header>\n<div class=\"entry-content\">\n<p>Die Sch\u00fclerinnen und Sch\u00fcler der Vorschulklasse und der beiden 1. Klassen lernten richtiges Verhalten im Stra\u00dfenverkehr. Dabei wurden sie von Mitarbeitern des \u00d6AMTCs angeleitet.<\/p>\n<div id=\"gallery_2806_16\" class=\"row\">\n<div id=\"2806-image-2805\" class=\"col-xs-12 col-sm-4 col-md-4\">\n<div class=\"thumbnail\"><a href=\"https:\/\/vspoechlarn.ac.at\/wordpress\/wp-content\/uploads\/2020\/02\/DSC09201.jpg\"><img loading=\"lazy\" decoding=\"async\" class=\"attachment-large size-large\" src=\"https:\/\/vspoechlarn.ac.at\/wordpress\/wp-content\/uploads\/2020\/02\/DSC09201-1024x680.jpg\" sizes=\"auto, (max-width: 900px) 100vw, 900px\" srcset=\"https:\/\/vspoechlarn.ac.at\/wordpress\/wp-content\/uploads\/2020\/02\/DSC09201-1024x680.jpg 1024w, https:\/\/vspoechlarn.ac.at\/wordpress\/wp-content\/uploads\/2020\/02\/DSC09201-350x233.jpg 350w, https:\/\/vspoechlarn.ac.at\/wordpress\/wp-content\/uploads\/2020\/02\/DSC09201-1536x1020.jpg 1536w, https:\/\/vspoechlarn.ac.at\/wordpress\/wp-content\/uploads\/2020\/02\/DSC09201-2048x1361.jpg 2048w, https:\/\/vspoechlarn.ac.at\/wordpress\/wp-content\/uploads\/2020\/02\/DSC09201.jpg 1626w\" alt=\"\" width=\"900\" height=\"598\" \/><\/a><\/div>\n<\/div>\n<div id=\"2806-image-2804\" class=\"col-xs-12 col-sm-4 col-md-4\">\n<div class=\"thumbnail\"><a href=\"https:\/\/vspoechlarn.ac.at\/wordpress\/wp-content\/uploads\/2020\/02\/DSC09207.jpg\"><img loading=\"lazy\" decoding=\"async\" class=\"attachment-large size-large\" src=\"https:\/\/vspoechlarn.ac.at\/wordpress\/wp-content\/uploads\/2020\/02\/DSC09207-1024x680.jpg\" sizes=\"auto, (max-width: 900px) 100vw, 900px\" srcset=\"https:\/\/vspoechlarn.ac.at\/wordpress\/wp-content\/uploads\/2020\/02\/DSC09207-1024x680.jpg 1024w, https:\/\/vspoechlarn.ac.at\/wordpress\/wp-content\/uploads\/2020\/02\/DSC09207-350x233.jpg 350w, https:\/\/vspoechlarn.ac.at\/wordpress\/wp-content\/uploads\/2020\/02\/DSC09207-1536x1020.jpg 1536w, https:\/\/vspoechlarn.ac.at\/wordpress\/wp-content\/uploads\/2020\/02\/DSC09207-2048x1361.jpg 2048w, https:\/\/vspoechlarn.ac.at\/wordpress\/wp-content\/uploads\/2020\/02\/DSC09207.jpg 1626w\" alt=\"\" width=\"900\" height=\"598\" \/><\/a><\/div>\n<\/div>\n<div id=\"2806-image-2807\" class=\"col-xs-12 col-sm-4 col-md-4\">\n<div class=\"thumbnail\"><a href=\"https:\/\/vspoechlarn.ac.at\/wordpress\/wp-content\/uploads\/2020\/02\/DSC09218.jpg\"><img loading=\"lazy\" decoding=\"async\" class=\"attachment-large size-large\" src=\"https:\/\/vspoechlarn.ac.at\/wordpress\/wp-content\/uploads\/2020\/02\/DSC09218-1024x680.jpg\" sizes=\"auto, (max-width: 900px) 100vw, 900px\" srcset=\"https:\/\/vspoechlarn.ac.at\/wordpress\/wp-content\/uploads\/2020\/02\/DSC09218-1024x680.jpg 1024w, https:\/\/vspoechlarn.ac.at\/wordpress\/wp-content\/uploads\/2020\/02\/DSC09218-350x233.jpg 350w, https:\/\/vspoechlarn.ac.at\/wordpress\/wp-content\/uploads\/2020\/02\/DSC09218-1536x1020.jpg 1536w, https:\/\/vspoechlarn.ac.at\/wordpress\/wp-content\/uploads\/2020\/02\/DSC09218-2048x1361.jpg 2048w, https:\/\/vspoechlarn.ac.at\/wordpress\/wp-content\/uploads\/2020\/02\/DSC09218.jpg 1626w\" alt=\"\" width=\"900\" height=\"598\" \/><\/a><\/div>\n<\/div>\n<div class=\"clearfix visible-md-block visible-lg-block\"><\/div>\n<\/div>\n<\/div>\n<\/div>\n<\/div>\n<div class=\"panel-footer entry-meta\"><small><span class=\"loop-category\"><a class=\"label label-primary\" href=\"https:\/\/vspoechlarn.ac.at\/wordpress\/category\/allgemein\/\">Startseite<\/a>\u00a0<\/span><span class=\"loop-author\">|\u00a0<span class=\"author vcard\"><a class=\"url fn n\" href=\"https:\/\/vspoechlarn.ac.at\/wordpress\/author\/wp-admin\/\">wp-admin<\/a><\/span><\/span>\u00a0<span class=\"loop-date\">|\u00a0<time class=\"entry-date published updated\" datetime=\"2020-02-17T10:26:42+01:00\">17. Februar 2020<\/time><\/span>\u00a0|\u00a0<span class=\"edit-link\"><a class=\"post-edit-link\" href=\"https:\/\/vspoechlarn.ac.at\/wordpress\/wp-admin\/post.php?post=2806&amp;action=edit\">Bearbeiten<\/a><\/span><\/small><\/p>\n<div class=\"clearfix\"><\/div>\n<\/div>\n<\/div>\n<\/article>\n<article id=\"post-2796\" class=\"loop_list post-2796 post type-post status-publish format-standard hentry category-allgemein\">\n<div class=\"panel panel-default\">\n<div class=\"panel-body clearfix\">\n<div class=\"fs-have-thumbnail\">\n<header class=\"entry-header\">\n<h4 class=\"entry-title\"><strong><a title=\"Permanentlink zu Tandemschachturnier\" href=\"https:\/\/vspoechlarn.ac.at\/wordpress\/2020\/01\/30\/tandemschachturnier\/\" rel=\"bookmark\">Tandemschachturnier<\/a><\/strong><\/h4>\n<\/header>\n<div class=\"entry-content\">\n<p>Sensationelle Preise wurden von Ing. Robert Gattermayer f\u00fcr das 1.Tandemschachturnier an der VS P\u00f6chlarn bereitgestellt. Im Rahmen\u00a0 der unverbindlichen \u00dcbung SCHACH k\u00e4mpften dabei\u00a0 8 Paare um die begehrten Stockerlpl\u00e4tze. Fabian Russo und Ben Heindl konnten sich schlie\u00dflich mit 5 Siegen durchsetzen und gewannen das J\u00e4nner-Turnier vor Klaus Harzhauser und Niklas Prankl. Am 3. Platz landeten Valentin M\u00fcllner und Zeynep Y\u00fcksel. Wir gratulieren allen Teilnehmern zu den hervorragenden Leistungen.<\/p>\n<div id=\"gallery_2796_17\" class=\"row\">\n<div id=\"2796-image-2797\" class=\"col-xs-12 col-sm-4 col-md-4\">\n<div class=\"thumbnail\"><a href=\"https:\/\/vspoechlarn.ac.at\/wordpress\/wp-content\/uploads\/2020\/01\/DSC09198-Mittel.jpg\"><img loading=\"lazy\" decoding=\"async\" class=\"attachment-large size-large\" src=\"https:\/\/vspoechlarn.ac.at\/wordpress\/wp-content\/uploads\/2020\/01\/DSC09198-Mittel-1024x680.jpg\" sizes=\"auto, (max-width: 900px) 100vw, 900px\" srcset=\"https:\/\/vspoechlarn.ac.at\/wordpress\/wp-content\/uploads\/2020\/01\/DSC09198-Mittel-1024x680.jpg 1024w, https:\/\/vspoechlarn.ac.at\/wordpress\/wp-content\/uploads\/2020\/01\/DSC09198-Mittel-350x233.jpg 350w, https:\/\/vspoechlarn.ac.at\/wordpress\/wp-content\/uploads\/2020\/01\/DSC09198-Mittel.jpg 1156w\" alt=\"\" width=\"900\" height=\"598\" \/><\/a><\/div>\n<\/div>\n<\/div>\n<\/div>\n<\/div>\n<\/div>\n<div class=\"panel-footer entry-meta\"><small><span class=\"loop-category\"><a class=\"label label-primary\" href=\"https:\/\/vspoechlarn.ac.at\/wordpress\/category\/allgemein\/\">Startseite<\/a>\u00a0<\/span><span class=\"loop-author\">|\u00a0<span class=\"author vcard\"><a class=\"url fn n\" href=\"https:\/\/vspoechlarn.ac.at\/wordpress\/author\/wp-admin\/\">wp-admin<\/a><\/span><\/span>\u00a0<span class=\"loop-date\">|\u00a0<time class=\"entry-date published updated\" datetime=\"2020-01-30T13:17:54+01:00\">30. Januar 2020<\/time><\/span>\u00a0|\u00a0<span class=\"edit-link\"><a class=\"post-edit-link\" href=\"https:\/\/vspoechlarn.ac.at\/wordpress\/wp-admin\/post.php?post=2796&amp;action=edit\">Bearbeiten<\/a><\/span><\/small><\/p>\n<div class=\"clearfix\"><\/div>\n<\/div>\n<\/div>\n<\/article>\n<article id=\"post-2788\" class=\"loop_list post-2788 post type-post status-publish format-standard hentry category-allgemein\">\n<div class=\"panel panel-default\">\n<div class=\"panel-body clearfix\">\n<div class=\"fs-have-thumbnail\">\n<header class=\"entry-header\">\n<h4 class=\"entry-title\"><strong><a title=\"Permanentlink zu Feinmotorikschulung in der Vorschulgruppe\" href=\"https:\/\/vspoechlarn.ac.at\/wordpress\/2020\/01\/13\/feinmotorikschulung-in-der-vorschulgruppe\/\" rel=\"bookmark\">Feinmotorikschulung in der Vorschulgruppe<\/a><\/strong><\/h4>\n<\/header>\n<div class=\"entry-content\">\n<p>Die Kinder der integrativen Vorschulgruppe arbeiteten heute an verschiedenen Feinmotorik-Stationen, bei welchen besonders die Auge-Handkoordination im Vordergrund stand. Mit dem Wissen um die gro\u00dfe Bedeutung dieser \u00dcbungen als Voraussetzung f\u00fcr das Schreiben und Schneiden arbeiteten die M\u00e4dchen und Buben h\u00f6chst konzentriert und voller Freude.<\/p>\n<div id=\"gallery_2788_18\" class=\"row\">\n<div id=\"2788-image-2789\" class=\"col-xs-12 col-sm-2 col-md-2\">\n<div class=\"thumbnail\"><a href=\"https:\/\/vspoechlarn.ac.at\/wordpress\/wp-content\/uploads\/2020\/01\/DSC09183-Mittel.jpg\"><img loading=\"lazy\" decoding=\"async\" class=\"attachment-large size-large\" src=\"https:\/\/vspoechlarn.ac.at\/wordpress\/wp-content\/uploads\/2020\/01\/DSC09183-Mittel-1024x680.jpg\" sizes=\"auto, (max-width: 900px) 100vw, 900px\" srcset=\"https:\/\/vspoechlarn.ac.at\/wordpress\/wp-content\/uploads\/2020\/01\/DSC09183-Mittel-1024x680.jpg 1024w, https:\/\/vspoechlarn.ac.at\/wordpress\/wp-content\/uploads\/2020\/01\/DSC09183-Mittel-350x233.jpg 350w, https:\/\/vspoechlarn.ac.at\/wordpress\/wp-content\/uploads\/2020\/01\/DSC09183-Mittel.jpg 1156w\" alt=\"\" width=\"900\" height=\"598\" \/><\/a><\/div>\n<\/div>\n<div id=\"2788-image-2790\" class=\"col-xs-12 col-sm-2 col-md-2\">\n<div class=\"thumbnail\"><a href=\"https:\/\/vspoechlarn.ac.at\/wordpress\/wp-content\/uploads\/2020\/01\/DSC09184-Mittel.jpg\"><img loading=\"lazy\" decoding=\"async\" class=\"attachment-large size-large\" src=\"https:\/\/vspoechlarn.ac.at\/wordpress\/wp-content\/uploads\/2020\/01\/DSC09184-Mittel-1024x680.jpg\" sizes=\"auto, (max-width: 900px) 100vw, 900px\" srcset=\"https:\/\/vspoechlarn.ac.at\/wordpress\/wp-content\/uploads\/2020\/01\/DSC09184-Mittel-1024x680.jpg 1024w, https:\/\/vspoechlarn.ac.at\/wordpress\/wp-content\/uploads\/2020\/01\/DSC09184-Mittel-350x233.jpg 350w, https:\/\/vspoechlarn.ac.at\/wordpress\/wp-content\/uploads\/2020\/01\/DSC09184-Mittel.jpg 1156w\" alt=\"\" width=\"900\" height=\"598\" \/><\/a><\/div>\n<\/div>\n<div id=\"2788-image-2791\" class=\"col-xs-12 col-sm-2 col-md-2\">\n<div class=\"thumbnail\"><a href=\"https:\/\/vspoechlarn.ac.at\/wordpress\/wp-content\/uploads\/2020\/01\/DSC09185-Mittel.jpg\"><img loading=\"lazy\" decoding=\"async\" class=\"attachment-large size-large\" src=\"https:\/\/vspoechlarn.ac.at\/wordpress\/wp-content\/uploads\/2020\/01\/DSC09185-Mittel-1024x680.jpg\" sizes=\"auto, (max-width: 900px) 100vw, 900px\" srcset=\"https:\/\/vspoechlarn.ac.at\/wordpress\/wp-content\/uploads\/2020\/01\/DSC09185-Mittel-1024x680.jpg 1024w, https:\/\/vspoechlarn.ac.at\/wordpress\/wp-content\/uploads\/2020\/01\/DSC09185-Mittel-350x233.jpg 350w, https:\/\/vspoechlarn.ac.at\/wordpress\/wp-content\/uploads\/2020\/01\/DSC09185-Mittel.jpg 1156w\" alt=\"\" width=\"900\" height=\"598\" \/><\/a><\/div>\n<\/div>\n<div id=\"2788-image-2792\" class=\"col-xs-12 col-sm-2 col-md-2\">\n<div class=\"thumbnail\"><a href=\"https:\/\/vspoechlarn.ac.at\/wordpress\/wp-content\/uploads\/2020\/01\/DSC09188-Mittel.jpg\"><img loading=\"lazy\" decoding=\"async\" class=\"attachment-large size-large\" src=\"https:\/\/vspoechlarn.ac.at\/wordpress\/wp-content\/uploads\/2020\/01\/DSC09188-Mittel-1024x680.jpg\" sizes=\"auto, (max-width: 900px) 100vw, 900px\" srcset=\"https:\/\/vspoechlarn.ac.at\/wordpress\/wp-content\/uploads\/2020\/01\/DSC09188-Mittel-1024x680.jpg 1024w, https:\/\/vspoechlarn.ac.at\/wordpress\/wp-content\/uploads\/2020\/01\/DSC09188-Mittel-350x233.jpg 350w, https:\/\/vspoechlarn.ac.at\/wordpress\/wp-content\/uploads\/2020\/01\/DSC09188-Mittel.jpg 1156w\" alt=\"\" width=\"900\" height=\"598\" \/><\/a><\/div>\n<\/div>\n<div id=\"2788-image-2793\" class=\"col-xs-12 col-sm-2 col-md-2\">\n<div class=\"thumbnail\"><a href=\"https:\/\/vspoechlarn.ac.at\/wordpress\/wp-content\/uploads\/2020\/01\/DSC09194-Mittel.jpg\"><img loading=\"lazy\" decoding=\"async\" class=\"attachment-large size-large\" src=\"https:\/\/vspoechlarn.ac.at\/wordpress\/wp-content\/uploads\/2020\/01\/DSC09194-Mittel-1024x680.jpg\" sizes=\"auto, (max-width: 900px) 100vw, 900px\" srcset=\"https:\/\/vspoechlarn.ac.at\/wordpress\/wp-content\/uploads\/2020\/01\/DSC09194-Mittel-1024x680.jpg 1024w, https:\/\/vspoechlarn.ac.at\/wordpress\/wp-content\/uploads\/2020\/01\/DSC09194-Mittel-350x233.jpg 350w, https:\/\/vspoechlarn.ac.at\/wordpress\/wp-content\/uploads\/2020\/01\/DSC09194-Mittel.jpg 1156w\" alt=\"\" width=\"900\" height=\"598\" \/><\/a><\/div>\n<\/div>\n<\/div>\n<\/div>\n<\/div>\n<\/div>\n<div class=\"panel-footer entry-meta\"><small><span class=\"loop-category\"><a class=\"label label-primary\" href=\"https:\/\/vspoechlarn.ac.at\/wordpress\/category\/allgemein\/\">Startseite<\/a>\u00a0<\/span><span class=\"loop-author\">|\u00a0<span class=\"author vcard\"><a class=\"url fn n\" href=\"https:\/\/vspoechlarn.ac.at\/wordpress\/author\/wp-admin\/\">wp-admin<\/a><\/span><\/span>\u00a0<span class=\"loop-date\">|\u00a0<time class=\"entry-date published updated\" datetime=\"2020-01-13T11:48:42+01:00\">13. Januar 2020<\/time><\/span>\u00a0|\u00a0<span class=\"edit-link\"><a class=\"post-edit-link\" href=\"https:\/\/vspoechlarn.ac.at\/wordpress\/wp-admin\/post.php?post=2788&amp;action=edit\">Bearbeiten<\/a><\/span><\/small><\/p>\n<div class=\"clearfix\"><\/div>\n<\/div>\n<\/div>\n<\/article>\n<article id=\"post-2780\" class=\"loop_list post-2780 post type-post status-publish format-standard hentry category-allgemein\">\n<div class=\"panel panel-default\">\n<div class=\"panel-body clearfix\">\n<div class=\"fs-have-thumbnail\">\n<header class=\"entry-header\">\n<h4 class=\"entry-title\"><strong><a title=\"Permanentlink zu Hilf mir es selbst zu tun!\" href=\"https:\/\/vspoechlarn.ac.at\/wordpress\/2020\/01\/09\/hilf-mir-es-selbst-zu-tun\/\" rel=\"bookmark\">Hilf mir es selbst zu tun!<\/a><\/strong><\/h4>\n<\/header>\n<div class=\"entry-content\">\n<p>Individuelles Lernen und gelenkte Freiarbeit sind bereits in der 1. Klasse fixe Bestandteile des Unterrichts.<\/p>\n<div id=\"gallery_2780_19\" class=\"row\">\n<div id=\"2780-image-2781\" class=\"col-xs-12 col-sm-2 col-md-2\">\n<div class=\"thumbnail\"><a href=\"https:\/\/vspoechlarn.ac.at\/wordpress\/wp-content\/uploads\/2020\/01\/DSC09133-Mittel.jpg\"><img loading=\"lazy\" decoding=\"async\" class=\"attachment-large size-large\" src=\"https:\/\/vspoechlarn.ac.at\/wordpress\/wp-content\/uploads\/2020\/01\/DSC09133-Mittel-1024x680.jpg\" sizes=\"auto, (max-width: 900px) 100vw, 900px\" srcset=\"https:\/\/vspoechlarn.ac.at\/wordpress\/wp-content\/uploads\/2020\/01\/DSC09133-Mittel-1024x680.jpg 1024w, https:\/\/vspoechlarn.ac.at\/wordpress\/wp-content\/uploads\/2020\/01\/DSC09133-Mittel-350x233.jpg 350w, https:\/\/vspoechlarn.ac.at\/wordpress\/wp-content\/uploads\/2020\/01\/DSC09133-Mittel.jpg 1156w\" alt=\"\" width=\"900\" height=\"598\" \/><\/a><\/div>\n<\/div>\n<div id=\"2780-image-2782\" class=\"col-xs-12 col-sm-2 col-md-2\">\n<div class=\"thumbnail\"><a href=\"https:\/\/vspoechlarn.ac.at\/wordpress\/wp-content\/uploads\/2020\/01\/DSC09135-Mittel.jpg\"><img loading=\"lazy\" decoding=\"async\" class=\"attachment-large size-large\" src=\"https:\/\/vspoechlarn.ac.at\/wordpress\/wp-content\/uploads\/2020\/01\/DSC09135-Mittel-1024x680.jpg\" sizes=\"auto, (max-width: 900px) 100vw, 900px\" srcset=\"https:\/\/vspoechlarn.ac.at\/wordpress\/wp-content\/uploads\/2020\/01\/DSC09135-Mittel-1024x680.jpg 1024w, https:\/\/vspoechlarn.ac.at\/wordpress\/wp-content\/uploads\/2020\/01\/DSC09135-Mittel-350x233.jpg 350w, https:\/\/vspoechlarn.ac.at\/wordpress\/wp-content\/uploads\/2020\/01\/DSC09135-Mittel.jpg 1156w\" alt=\"\" width=\"900\" height=\"598\" \/><\/a><\/div>\n<\/div>\n<div id=\"2780-image-2783\" class=\"col-xs-12 col-sm-2 col-md-2\">\n<div class=\"thumbnail\"><a href=\"https:\/\/vspoechlarn.ac.at\/wordpress\/wp-content\/uploads\/2020\/01\/DSC09137-Mittel.jpg\"><img loading=\"lazy\" decoding=\"async\" class=\"attachment-large size-large\" src=\"https:\/\/vspoechlarn.ac.at\/wordpress\/wp-content\/uploads\/2020\/01\/DSC09137-Mittel-1024x680.jpg\" sizes=\"auto, (max-width: 900px) 100vw, 900px\" srcset=\"https:\/\/vspoechlarn.ac.at\/wordpress\/wp-content\/uploads\/2020\/01\/DSC09137-Mittel-1024x680.jpg 1024w, https:\/\/vspoechlarn.ac.at\/wordpress\/wp-content\/uploads\/2020\/01\/DSC09137-Mittel-350x233.jpg 350w, https:\/\/vspoechlarn.ac.at\/wordpress\/wp-content\/uploads\/2020\/01\/DSC09137-Mittel.jpg 1156w\" alt=\"\" width=\"900\" height=\"598\" \/><\/a><\/div>\n<\/div>\n<div id=\"2780-image-2784\" class=\"col-xs-12 col-sm-2 col-md-2\">\n<div class=\"thumbnail\"><a href=\"https:\/\/vspoechlarn.ac.at\/wordpress\/wp-content\/uploads\/2020\/01\/DSC09140-Mittel.jpg\"><img loading=\"lazy\" decoding=\"async\" class=\"attachment-large size-large\" src=\"https:\/\/vspoechlarn.ac.at\/wordpress\/wp-content\/uploads\/2020\/01\/DSC09140-Mittel-1024x680.jpg\" sizes=\"auto, (max-width: 900px) 100vw, 900px\" srcset=\"https:\/\/vspoechlarn.ac.at\/wordpress\/wp-content\/uploads\/2020\/01\/DSC09140-Mittel-1024x680.jpg 1024w, https:\/\/vspoechlarn.ac.at\/wordpress\/wp-content\/uploads\/2020\/01\/DSC09140-Mittel-350x233.jpg 350w, https:\/\/vspoechlarn.ac.at\/wordpress\/wp-content\/uploads\/2020\/01\/DSC09140-Mittel.jpg 1156w\" alt=\"\" width=\"900\" height=\"598\" \/><\/a><\/div>\n<\/div>\n<div id=\"2780-image-2785\" class=\"col-xs-12 col-sm-2 col-md-2\">\n<div class=\"thumbnail\"><a href=\"https:\/\/vspoechlarn.ac.at\/wordpress\/wp-content\/uploads\/2020\/01\/DSC09142-Mittel.jpg\"><img loading=\"lazy\" decoding=\"async\" class=\"attachment-large size-large\" src=\"https:\/\/vspoechlarn.ac.at\/wordpress\/wp-content\/uploads\/2020\/01\/DSC09142-Mittel-1024x680.jpg\" sizes=\"auto, (max-width: 900px) 100vw, 900px\" srcset=\"https:\/\/vspoechlarn.ac.at\/wordpress\/wp-content\/uploads\/2020\/01\/DSC09142-Mittel-1024x680.jpg 1024w, https:\/\/vspoechlarn.ac.at\/wordpress\/wp-content\/uploads\/2020\/01\/DSC09142-Mittel-350x233.jpg 350w, https:\/\/vspoechlarn.ac.at\/wordpress\/wp-content\/uploads\/2020\/01\/DSC09142-Mittel.jpg 1156w\" alt=\"\" width=\"900\" height=\"598\" \/><\/a><\/div>\n<\/div>\n<\/div>\n<\/div>\n<\/div>\n<\/div>\n<div class=\"panel-footer entry-meta\"><small><span class=\"loop-category\"><a class=\"label label-primary\" href=\"https:\/\/vspoechlarn.ac.at\/wordpress\/category\/allgemein\/\">Startseite<\/a>\u00a0<\/span><span class=\"loop-author\">|\u00a0<span class=\"author vcard\"><a class=\"url fn n\" href=\"https:\/\/vspoechlarn.ac.at\/wordpress\/author\/wp-admin\/\">wp-admin<\/a><\/span><\/span>\u00a0<span class=\"loop-date\">|\u00a0<time class=\"entry-date published updated\" datetime=\"2020-01-09T12:01:38+01:00\">9. Januar 2020<\/time><\/span>\u00a0|\u00a0<span class=\"edit-link\"><a class=\"post-edit-link\" href=\"https:\/\/vspoechlarn.ac.at\/wordpress\/wp-admin\/post.php?post=2780&amp;action=edit\">Bearbeiten<\/a><\/span><\/small><\/p>\n<div class=\"clearfix\"><\/div>\n<\/div>\n<\/div>\n<\/article>\n<article id=\"post-2766\" class=\"loop_list post-2766 post type-post status-publish format-standard hentry category-allgemein\">\n<div class=\"panel panel-default\">\n<div class=\"panel-body clearfix\">\n<div class=\"fs-have-thumbnail\">\n<header class=\"entry-header\">\n<h4 class=\"entry-title\"><strong><a title=\"Permanentlink zu Weihnachtsfeier\" href=\"https:\/\/vspoechlarn.ac.at\/wordpress\/2020\/01\/07\/weihnachtsfeier\/\" rel=\"bookmark\">Weihnachtsfeier<\/a><\/strong><\/h4>\n<\/header>\n<div class=\"entry-content\">\n<p>Lieder, Instrumentalst\u00fccke, Besinnliches, Lustiges, und \u00a0englische Texte standen auf dem Programm unserer Weihnachtsfeier, bei der es den M\u00e4dchen und Buben wieder einmal gelang das Publikum auf das gro\u00dfe Fest einzustimmen. Danach trafen sich unsere Besucher beim Stand des Elternvereins auf einen leckeren Punsch. (Fotos: Matthias Komarek,danke!)<\/p>\n<div id=\"gallery_2766_20\" class=\"row\">\n<div id=\"2766-image-2768\" class=\"col-xs-12 col-sm-3 col-md-3\">\n<div class=\"thumbnail\"><a href=\"https:\/\/vspoechlarn.ac.at\/wordpress\/wp-content\/uploads\/2020\/01\/Foto_Matthias_Komarek_IMG_9891.jpeg\"><img loading=\"lazy\" decoding=\"async\" class=\"attachment-large size-large\" src=\"https:\/\/vspoechlarn.ac.at\/wordpress\/wp-content\/uploads\/2020\/01\/Foto_Matthias_Komarek_IMG_9891-1024x683.jpeg\" sizes=\"auto, (max-width: 900px) 100vw, 900px\" srcset=\"https:\/\/vspoechlarn.ac.at\/wordpress\/wp-content\/uploads\/2020\/01\/Foto_Matthias_Komarek_IMG_9891-1024x683.jpeg 1024w, https:\/\/vspoechlarn.ac.at\/wordpress\/wp-content\/uploads\/2020\/01\/Foto_Matthias_Komarek_IMG_9891-350x234.jpeg 350w, https:\/\/vspoechlarn.ac.at\/wordpress\/wp-content\/uploads\/2020\/01\/Foto_Matthias_Komarek_IMG_9891.jpeg 1280w\" alt=\"\" width=\"900\" height=\"600\" \/><\/a><\/div>\n<\/div>\n<div id=\"2766-image-2770\" class=\"col-xs-12 col-sm-3 col-md-3\">\n<div class=\"thumbnail\"><a href=\"https:\/\/vspoechlarn.ac.at\/wordpress\/wp-content\/uploads\/2020\/01\/Foto_Matthias_Komarek_IMG_9897.jpeg\"><img loading=\"lazy\" decoding=\"async\" class=\"attachment-large size-large\" src=\"https:\/\/vspoechlarn.ac.at\/wordpress\/wp-content\/uploads\/2020\/01\/Foto_Matthias_Komarek_IMG_9897-1024x683.jpeg\" sizes=\"auto, (max-width: 900px) 100vw, 900px\" srcset=\"https:\/\/vspoechlarn.ac.at\/wordpress\/wp-content\/uploads\/2020\/01\/Foto_Matthias_Komarek_IMG_9897-1024x683.jpeg 1024w, https:\/\/vspoechlarn.ac.at\/wordpress\/wp-content\/uploads\/2020\/01\/Foto_Matthias_Komarek_IMG_9897-350x234.jpeg 350w, https:\/\/vspoechlarn.ac.at\/wordpress\/wp-content\/uploads\/2020\/01\/Foto_Matthias_Komarek_IMG_9897.jpeg 1280w\" alt=\"\" width=\"900\" height=\"600\" \/><\/a><\/div>\n<\/div>\n<div id=\"2766-image-2771\" class=\"col-xs-12 col-sm-3 col-md-3\">\n<div class=\"thumbnail\"><a href=\"https:\/\/vspoechlarn.ac.at\/wordpress\/wp-content\/uploads\/2020\/01\/Foto_Matthias_Komarek_IMG_9901.jpeg\"><img loading=\"lazy\" decoding=\"async\" class=\"attachment-large size-large\" src=\"https:\/\/vspoechlarn.ac.at\/wordpress\/wp-content\/uploads\/2020\/01\/Foto_Matthias_Komarek_IMG_9901-1024x683.jpeg\" sizes=\"auto, (max-width: 900px) 100vw, 900px\" srcset=\"https:\/\/vspoechlarn.ac.at\/wordpress\/wp-content\/uploads\/2020\/01\/Foto_Matthias_Komarek_IMG_9901-1024x683.jpeg 1024w, https:\/\/vspoechlarn.ac.at\/wordpress\/wp-content\/uploads\/2020\/01\/Foto_Matthias_Komarek_IMG_9901-350x234.jpeg 350w, https:\/\/vspoechlarn.ac.at\/wordpress\/wp-content\/uploads\/2020\/01\/Foto_Matthias_Komarek_IMG_9901.jpeg 1280w\" alt=\"\" width=\"900\" height=\"600\" \/><\/a><\/div>\n<\/div>\n<div id=\"2766-image-2772\" class=\"col-xs-12 col-sm-3 col-md-3\">\n<div class=\"thumbnail\"><a href=\"https:\/\/vspoechlarn.ac.at\/wordpress\/wp-content\/uploads\/2020\/01\/Foto_Matthias_Komarek_IMG_9915.jpeg\"><img loading=\"lazy\" decoding=\"async\" class=\"attachment-large size-large\" src=\"https:\/\/vspoechlarn.ac.at\/wordpress\/wp-content\/uploads\/2020\/01\/Foto_Matthias_Komarek_IMG_9915-1024x683.jpeg\" sizes=\"auto, (max-width: 900px) 100vw, 900px\" srcset=\"https:\/\/vspoechlarn.ac.at\/wordpress\/wp-content\/uploads\/2020\/01\/Foto_Matthias_Komarek_IMG_9915-1024x683.jpeg 1024w, https:\/\/vspoechlarn.ac.at\/wordpress\/wp-content\/uploads\/2020\/01\/Foto_Matthias_Komarek_IMG_9915-350x234.jpeg 350w, https:\/\/vspoechlarn.ac.at\/wordpress\/wp-content\/uploads\/2020\/01\/Foto_Matthias_Komarek_IMG_9915.jpeg 1280w\" alt=\"\" width=\"900\" height=\"600\" \/><\/a><\/div>\n<\/div>\n<div class=\"clearfix visible-md-block visible-lg-block\"><\/div>\n<div id=\"2766-image-2773\" class=\"col-xs-12 col-sm-3 col-md-3\">\n<div class=\"thumbnail\"><a href=\"https:\/\/vspoechlarn.ac.at\/wordpress\/wp-content\/uploads\/2020\/01\/Foto_Matthias_Komarek_IMG_9922.jpeg\"><img loading=\"lazy\" decoding=\"async\" class=\"attachment-large size-large\" src=\"https:\/\/vspoechlarn.ac.at\/wordpress\/wp-content\/uploads\/2020\/01\/Foto_Matthias_Komarek_IMG_9922-1024x683.jpeg\" sizes=\"auto, (max-width: 900px) 100vw, 900px\" srcset=\"https:\/\/vspoechlarn.ac.at\/wordpress\/wp-content\/uploads\/2020\/01\/Foto_Matthias_Komarek_IMG_9922-1024x683.jpeg 1024w, https:\/\/vspoechlarn.ac.at\/wordpress\/wp-content\/uploads\/2020\/01\/Foto_Matthias_Komarek_IMG_9922-350x234.jpeg 350w, https:\/\/vspoechlarn.ac.at\/wordpress\/wp-content\/uploads\/2020\/01\/Foto_Matthias_Komarek_IMG_9922.jpeg 1280w\" alt=\"\" width=\"900\" height=\"600\" \/><\/a><\/div>\n<\/div>\n<div id=\"2766-image-2774\" class=\"col-xs-12 col-sm-3 col-md-3\">\n<div class=\"thumbnail\"><a href=\"https:\/\/vspoechlarn.ac.at\/wordpress\/wp-content\/uploads\/2020\/01\/Foto_Matthias_Komarek_IMG_9927.jpeg\"><img loading=\"lazy\" decoding=\"async\" class=\"attachment-large size-large\" src=\"https:\/\/vspoechlarn.ac.at\/wordpress\/wp-content\/uploads\/2020\/01\/Foto_Matthias_Komarek_IMG_9927-1024x683.jpeg\" sizes=\"auto, (max-width: 900px) 100vw, 900px\" srcset=\"https:\/\/vspoechlarn.ac.at\/wordpress\/wp-content\/uploads\/2020\/01\/Foto_Matthias_Komarek_IMG_9927-1024x683.jpeg 1024w, https:\/\/vspoechlarn.ac.at\/wordpress\/wp-content\/uploads\/2020\/01\/Foto_Matthias_Komarek_IMG_9927-350x234.jpeg 350w, https:\/\/vspoechlarn.ac.at\/wordpress\/wp-content\/uploads\/2020\/01\/Foto_Matthias_Komarek_IMG_9927.jpeg 1280w\" alt=\"\" width=\"900\" height=\"600\" \/><\/a><\/div>\n<\/div>\n<div id=\"2766-image-2775\" class=\"col-xs-12 col-sm-3 col-md-3\">\n<div class=\"thumbnail\"><a href=\"https:\/\/vspoechlarn.ac.at\/wordpress\/wp-content\/uploads\/2020\/01\/Foto_Matthias_Komarek_IMG_9942.jpeg\"><img loading=\"lazy\" decoding=\"async\" class=\"attachment-large size-large\" src=\"https:\/\/vspoechlarn.ac.at\/wordpress\/wp-content\/uploads\/2020\/01\/Foto_Matthias_Komarek_IMG_9942-1024x683.jpeg\" sizes=\"auto, (max-width: 900px) 100vw, 900px\" srcset=\"https:\/\/vspoechlarn.ac.at\/wordpress\/wp-content\/uploads\/2020\/01\/Foto_Matthias_Komarek_IMG_9942-1024x683.jpeg 1024w, https:\/\/vspoechlarn.ac.at\/wordpress\/wp-content\/uploads\/2020\/01\/Foto_Matthias_Komarek_IMG_9942-350x234.jpeg 350w, https:\/\/vspoechlarn.ac.at\/wordpress\/wp-content\/uploads\/2020\/01\/Foto_Matthias_Komarek_IMG_9942.jpeg 1280w\" alt=\"\" width=\"900\" height=\"600\" \/><\/a><\/div>\n<\/div>\n<div id=\"2766-image-2776\" class=\"col-xs-12 col-sm-3 col-md-3\">\n<div class=\"thumbnail\"><a href=\"https:\/\/vspoechlarn.ac.at\/wordpress\/wp-content\/uploads\/2020\/01\/Foto_Matthias_Komarek_IMG_9962.jpeg\"><img loading=\"lazy\" decoding=\"async\" class=\"attachment-large size-large\" src=\"https:\/\/vspoechlarn.ac.at\/wordpress\/wp-content\/uploads\/2020\/01\/Foto_Matthias_Komarek_IMG_9962-1024x683.jpeg\" sizes=\"auto, (max-width: 900px) 100vw, 900px\" srcset=\"https:\/\/vspoechlarn.ac.at\/wordpress\/wp-content\/uploads\/2020\/01\/Foto_Matthias_Komarek_IMG_9962-1024x683.jpeg 1024w, https:\/\/vspoechlarn.ac.at\/wordpress\/wp-content\/uploads\/2020\/01\/Foto_Matthias_Komarek_IMG_9962-350x234.jpeg 350w, https:\/\/vspoechlarn.ac.at\/wordpress\/wp-content\/uploads\/2020\/01\/Foto_Matthias_Komarek_IMG_9962.jpeg 1280w\" alt=\"\" width=\"900\" height=\"600\" \/><\/a><\/div>\n<\/div>\n<div class=\"clearfix visible-md-block visible-lg-block\"><\/div>\n<div id=\"2766-image-2767\" class=\"col-xs-12 col-sm-3 col-md-3\">\n<div class=\"thumbnail\"><a href=\"https:\/\/vspoechlarn.ac.at\/wordpress\/wp-content\/uploads\/2020\/01\/Foto_Matthias_Komarek_IMG_9883.jpeg\"><img loading=\"lazy\" decoding=\"async\" class=\"attachment-large size-large\" src=\"https:\/\/vspoechlarn.ac.at\/wordpress\/wp-content\/uploads\/2020\/01\/Foto_Matthias_Komarek_IMG_9883-683x1024.jpeg\" sizes=\"auto, (max-width: 683px) 100vw, 683px\" srcset=\"https:\/\/vspoechlarn.ac.at\/wordpress\/wp-content\/uploads\/2020\/01\/Foto_Matthias_Komarek_IMG_9883-683x1024.jpeg 683w, https:\/\/vspoechlarn.ac.at\/wordpress\/wp-content\/uploads\/2020\/01\/Foto_Matthias_Komarek_IMG_9883-200x300.jpeg 200w, https:\/\/vspoechlarn.ac.at\/wordpress\/wp-content\/uploads\/2020\/01\/Foto_Matthias_Komarek_IMG_9883.jpeg 721w\" alt=\"\" width=\"683\" height=\"1024\" \/><\/a><\/div>\n<\/div>\n<div id=\"2766-image-2769\" class=\"col-xs-12 col-sm-3 col-md-3\">\n<div class=\"thumbnail\"><a href=\"https:\/\/vspoechlarn.ac.at\/wordpress\/wp-content\/uploads\/2020\/01\/Foto_Matthias_Komarek_IMG_9894.jpeg\"><img loading=\"lazy\" decoding=\"async\" class=\"attachment-large size-large\" src=\"https:\/\/vspoechlarn.ac.at\/wordpress\/wp-content\/uploads\/2020\/01\/Foto_Matthias_Komarek_IMG_9894-683x1024.jpeg\" sizes=\"auto, (max-width: 683px) 100vw, 683px\" srcset=\"https:\/\/vspoechlarn.ac.at\/wordpress\/wp-content\/uploads\/2020\/01\/Foto_Matthias_Komarek_IMG_9894-683x1024.jpeg 683w, https:\/\/vspoechlarn.ac.at\/wordpress\/wp-content\/uploads\/2020\/01\/Foto_Matthias_Komarek_IMG_9894-200x300.jpeg 200w, https:\/\/vspoechlarn.ac.at\/wordpress\/wp-content\/uploads\/2020\/01\/Foto_Matthias_Komarek_IMG_9894.jpeg 721w\" alt=\"\" width=\"683\" height=\"1024\" \/><\/a><\/div>\n<\/div>\n<\/div>\n<p>&nbsp;<\/p>\n<\/div>\n<\/div>\n<\/div>\n<div class=\"panel-footer entry-meta\"><small><span class=\"loop-category\"><a class=\"label label-primary\" href=\"https:\/\/vspoechlarn.ac.at\/wordpress\/category\/allgemein\/\">Startseite<\/a>\u00a0<\/span><span class=\"loop-author\">|\u00a0<span class=\"author vcard\"><a class=\"url fn n\" href=\"https:\/\/vspoechlarn.ac.at\/wordpress\/author\/wp-admin\/\">wp-admin<\/a><\/span><\/span>\u00a0<span class=\"loop-date\">|\u00a0<time class=\"entry-date published updated\" datetime=\"2020-01-07T09:04:44+01:00\">7. Januar 2020<\/time><\/span>\u00a0|\u00a0<span class=\"edit-link\"><a class=\"post-edit-link\" href=\"https:\/\/vspoechlarn.ac.at\/wordpress\/wp-admin\/post.php?post=2766&amp;action=edit\">Bearbeiten<\/a><\/span><\/small><\/p>\n<div class=\"clearfix\"><\/div>\n<\/div>\n<\/div>\n<\/article>\n<article id=\"post-2759\" class=\"loop_list post-2759 post type-post status-publish format-standard hentry category-allgemein\">\n<div class=\"panel panel-default\">\n<div class=\"panel-body clearfix\">\n<div class=\"fs-have-thumbnail\">\n<header class=\"entry-header\">\n<h4 class=\"entry-title\"><strong><a title=\"Permanentlink zu Kinderkulturf\u00fchrer\" href=\"https:\/\/vspoechlarn.ac.at\/wordpress\/2019\/12\/18\/kinderkulturfuehrer\/\" rel=\"bookmark\">Kinderkulturf\u00fchrer<\/a><\/strong><\/h4>\n<\/header>\n<div class=\"entry-content\">\n<p>Kurz vor Weihnachten wurden unserer M\u00e4dchen und Buben von Kulturstadtr\u00e4tin Barbara Kainz \u00fcberrascht. F\u00fcr jedes Kind gab es ein Exemplar des P\u00f6chlarner Kinderkulturf\u00fchrers. Recht herzlichen Dank!<\/p>\n<div id=\"gallery_2759_21\" class=\"row\">\n<div id=\"2759-image-2760\" class=\"col-xs-12 col-sm-4 col-md-4\">\n<div class=\"thumbnail\"><a href=\"https:\/\/vspoechlarn.ac.at\/wordpress\/wp-content\/uploads\/2019\/12\/SAM_2276-a-Mittel.jpg\"><img loading=\"lazy\" decoding=\"async\" class=\"attachment-large size-large\" src=\"https:\/\/vspoechlarn.ac.at\/wordpress\/wp-content\/uploads\/2019\/12\/SAM_2276-a-Mittel-1024x664.jpg\" sizes=\"auto, (max-width: 900px) 100vw, 900px\" srcset=\"https:\/\/vspoechlarn.ac.at\/wordpress\/wp-content\/uploads\/2019\/12\/SAM_2276-a-Mittel-1024x664.jpg 1024w, https:\/\/vspoechlarn.ac.at\/wordpress\/wp-content\/uploads\/2019\/12\/SAM_2276-a-Mittel-350x227.jpg 350w, https:\/\/vspoechlarn.ac.at\/wordpress\/wp-content\/uploads\/2019\/12\/SAM_2276-a-Mittel.jpg 1185w\" alt=\"\" width=\"900\" height=\"584\" \/><\/a><\/div>\n<\/div>\n<\/div>\n<\/div>\n<\/div>\n<\/div>\n<div class=\"panel-footer entry-meta\"><small><span class=\"loop-category\"><a class=\"label label-primary\" href=\"https:\/\/vspoechlarn.ac.at\/wordpress\/category\/allgemein\/\">Startseite<\/a>\u00a0<\/span><span class=\"loop-author\">|\u00a0<span class=\"author vcard\"><a class=\"url fn n\" href=\"https:\/\/vspoechlarn.ac.at\/wordpress\/author\/wp-admin\/\">wp-admin<\/a><\/span><\/span>\u00a0<span class=\"loop-date\">|\u00a0<time class=\"entry-date published updated\" datetime=\"2019-12-18T08:02:21+01:00\">18. Dezember 2019<\/time><\/span>\u00a0|\u00a0<span class=\"edit-link\"><a class=\"post-edit-link\" href=\"https:\/\/vspoechlarn.ac.at\/wordpress\/wp-admin\/post.php?post=2759&amp;action=edit\">Bearbeiten<\/a><\/span><\/small><\/p>\n<div class=\"clearfix\"><\/div>\n<\/div>\n<\/div>\n<\/article>\n<article id=\"post-2755\" class=\"loop_list post-2755 post type-post status-publish format-standard hentry category-allgemein\">\n<div class=\"panel panel-default\">\n<div class=\"panel-body clearfix\">\n<div class=\"fs-have-thumbnail\">\n<header class=\"entry-header\">\n<h4 class=\"entry-title\"><strong><a title=\"Permanentlink zu \u2026.nachmittags in der Schule\" href=\"https:\/\/vspoechlarn.ac.at\/wordpress\/2019\/12\/13\/nachmittags-in-der-schule-2\/\" rel=\"bookmark\">\u2026.nachmittags in der Schule<\/a><\/strong><\/h4>\n<\/header>\n<div class=\"entry-content\">\n<p>&nbsp;<\/p>\n<div id=\"gallery_2755_22\" class=\"row\">\n<div id=\"2755-image-2756\" class=\"col-xs-12 col-sm-4 col-md-4\">\n<div class=\"thumbnail\"><a href=\"https:\/\/vspoechlarn.ac.at\/wordpress\/wp-content\/uploads\/2019\/12\/20191210_155023-Mittel.jpg\"><img loading=\"lazy\" decoding=\"async\" class=\"attachment-large size-large\" src=\"https:\/\/vspoechlarn.ac.at\/wordpress\/wp-content\/uploads\/2019\/12\/20191210_155023-Mittel-576x1024.jpg\" sizes=\"auto, (max-width: 576px) 100vw, 576px\" srcset=\"https:\/\/vspoechlarn.ac.at\/wordpress\/wp-content\/uploads\/2019\/12\/20191210_155023-Mittel-576x1024.jpg 576w, https:\/\/vspoechlarn.ac.at\/wordpress\/wp-content\/uploads\/2019\/12\/20191210_155023-Mittel-169x300.jpg 169w, https:\/\/vspoechlarn.ac.at\/wordpress\/wp-content\/uploads\/2019\/12\/20191210_155023-Mittel.jpg 608w\" alt=\"\" width=\"576\" height=\"1024\" \/><\/a><\/div>\n<\/div>\n<\/div>\n<p>Auch in der Nachmittagsbetreuung ist weihnachtliche Stimmung eingezogen.<\/p>\n<p>&nbsp;<\/p>\n<\/div>\n<\/div>\n<\/div>\n<div class=\"panel-footer entry-meta\"><small><span class=\"loop-category\"><a class=\"label label-primary\" href=\"https:\/\/vspoechlarn.ac.at\/wordpress\/category\/allgemein\/\">Startseite<\/a>\u00a0<\/span><span class=\"loop-author\">|\u00a0<span class=\"author vcard\"><a class=\"url fn n\" href=\"https:\/\/vspoechlarn.ac.at\/wordpress\/author\/wp-admin\/\">wp-admin<\/a><\/span><\/span>\u00a0<span class=\"loop-date\">|\u00a0<time class=\"entry-date published updated\" datetime=\"2019-12-13T11:11:48+01:00\">13. Dezember 2019<\/time><\/span>\u00a0|\u00a0<span class=\"edit-link\"><a class=\"post-edit-link\" href=\"https:\/\/vspoechlarn.ac.at\/wordpress\/wp-admin\/post.php?post=2755&amp;action=edit\">Bearbeiten<\/a><\/span><\/small><\/p>\n<div class=\"clearfix\"><\/div>\n<\/div>\n<\/div>\n<\/article>\n<article id=\"post-2749\" class=\"loop_list post-2749 post type-post status-publish format-standard hentry category-allgemein\">\n<div class=\"panel panel-default\">\n<div class=\"panel-body clearfix\">\n<div class=\"fs-have-thumbnail\">\n<header class=\"entry-header\">\n<h4 class=\"entry-title\"><strong><a title=\"Permanentlink zu Adventkalender der besonderen Art\" href=\"https:\/\/vspoechlarn.ac.at\/wordpress\/2019\/12\/03\/adventkalender-der-besonderen-art\/\" rel=\"bookmark\">Adventkalender der besonderen Art<\/a><\/strong><\/h4>\n<\/header>\n<div class=\"entry-content\">\n<p>In einem stimmungsvollen Rahmen wird in unserer Bibliothek jeden Tag ein neues Buch ausgepackt und daraus vorgelesen.<\/p>\n<div id=\"gallery_2749_23\" class=\"row\">\n<div id=\"2749-image-2750\" class=\"col-xs-12 col-sm-12 col-md-12\">\n<div class=\"thumbnail\"><a href=\"https:\/\/vspoechlarn.ac.at\/wordpress\/wp-content\/uploads\/2019\/12\/DSC09150-Mittel.jpg\"><img loading=\"lazy\" decoding=\"async\" class=\"attachment-large size-large\" src=\"https:\/\/vspoechlarn.ac.at\/wordpress\/wp-content\/uploads\/2019\/12\/DSC09150-Mittel-680x1024.jpg\" sizes=\"auto, (max-width: 680px) 100vw, 680px\" srcset=\"https:\/\/vspoechlarn.ac.at\/wordpress\/wp-content\/uploads\/2019\/12\/DSC09150-Mittel-680x1024.jpg 680w, https:\/\/vspoechlarn.ac.at\/wordpress\/wp-content\/uploads\/2019\/12\/DSC09150-Mittel-199x300.jpg 199w, https:\/\/vspoechlarn.ac.at\/wordpress\/wp-content\/uploads\/2019\/12\/DSC09150-Mittel.jpg 718w\" alt=\"\" width=\"680\" height=\"1024\" \/><\/a><\/div>\n<\/div>\n<div class=\"clearfix visible-md-block visible-lg-block\"><\/div>\n<\/div>\n<p>&nbsp;<\/p>\n<\/div>\n<\/div>\n<\/div>\n<div class=\"panel-footer entry-meta\"><small><span class=\"loop-category\"><a class=\"label label-primary\" href=\"https:\/\/vspoechlarn.ac.at\/wordpress\/category\/allgemein\/\">Startseite<\/a>\u00a0<\/span><span class=\"loop-author\">|\u00a0<span class=\"author vcard\"><a class=\"url fn n\" href=\"https:\/\/vspoechlarn.ac.at\/wordpress\/author\/wp-admin\/\">wp-admin<\/a><\/span><\/span>\u00a0<span class=\"loop-date\">|\u00a0<time class=\"entry-date published updated\" datetime=\"2019-12-03T07:56:12+01:00\">3. Dezember 2019<\/time><\/span>\u00a0|\u00a0<span class=\"edit-link\"><a class=\"post-edit-link\" href=\"https:\/\/vspoechlarn.ac.at\/wordpress\/wp-admin\/post.php?post=2749&amp;action=edit\">Bearbeiten<\/a><\/span><\/small><\/p>\n<div class=\"clearfix\"><\/div>\n<\/div>\n<\/div>\n<\/article>\n<article id=\"post-2712\" class=\"loop_list post-2712 post type-post status-publish format-standard hentry category-allgemein\">\n<div class=\"panel panel-default\">\n<div class=\"panel-body clearfix\">\n<div class=\"fs-have-thumbnail\">\n<header class=\"entry-header\">\n<h4 class=\"entry-title\"><strong><a title=\"Permanentlink zu Aktionstag in der Mittelschule\" href=\"https:\/\/vspoechlarn.ac.at\/wordpress\/2019\/11\/23\/aktionstag-in-der-mittelschule\/\" rel=\"bookmark\">Aktionstag in der Mittelschule<\/a><\/strong><\/h4>\n<\/header>\n<div class=\"entry-content\">\n<p>Am Freitag war der Aktionstag in der Mittelschule P\u00f6chlarn. Die Sch\u00fclerinnen und Sch\u00fcler der 4. Klassen bekamen in 4 Stunden einen Einblick in die Unterrichtsf\u00e4cher Bewegung und Sport, Werken, Biologie- und \u00d6kologie und Musik. Es war ein aufregender Tag f\u00fcr unsere Kinder!<\/p>\n<div id=\"gallery_2712_24\" class=\"row\">\n<div id=\"2712-image-2713\" class=\"col-xs-12 col-sm-4 col-md-4\">\n<div class=\"thumbnail\"><a href=\"https:\/\/vspoechlarn.ac.at\/wordpress\/wp-content\/uploads\/2019\/11\/20191122_110027.jpg\"><img loading=\"lazy\" decoding=\"async\" class=\"attachment-large size-large\" src=\"https:\/\/vspoechlarn.ac.at\/wordpress\/wp-content\/uploads\/2019\/11\/20191122_110027-1024x768.jpg\" sizes=\"auto, (max-width: 900px) 100vw, 900px\" srcset=\"https:\/\/vspoechlarn.ac.at\/wordpress\/wp-content\/uploads\/2019\/11\/20191122_110027-1024x768.jpg 1024w, https:\/\/vspoechlarn.ac.at\/wordpress\/wp-content\/uploads\/2019\/11\/20191122_110027-350x263.jpg 350w, https:\/\/vspoechlarn.ac.at\/wordpress\/wp-content\/uploads\/2019\/11\/20191122_110027.jpg 1440w\" alt=\"\" width=\"900\" height=\"675\" \/><\/a><\/div>\n<\/div>\n<div id=\"2712-image-2714\" class=\"col-xs-12 col-sm-4 col-md-4\">\n<div class=\"thumbnail\"><a href=\"https:\/\/vspoechlarn.ac.at\/wordpress\/wp-content\/uploads\/2019\/11\/20191122_100717.jpg\"><img loading=\"lazy\" decoding=\"async\" class=\"attachment-large size-large\" src=\"https:\/\/vspoechlarn.ac.at\/wordpress\/wp-content\/uploads\/2019\/11\/20191122_100717-1024x768.jpg\" sizes=\"auto, (max-width: 900px) 100vw, 900px\" srcset=\"https:\/\/vspoechlarn.ac.at\/wordpress\/wp-content\/uploads\/2019\/11\/20191122_100717-1024x768.jpg 1024w, https:\/\/vspoechlarn.ac.at\/wordpress\/wp-content\/uploads\/2019\/11\/20191122_100717-350x263.jpg 350w, https:\/\/vspoechlarn.ac.at\/wordpress\/wp-content\/uploads\/2019\/11\/20191122_100717.jpg 1440w\" alt=\"\" width=\"900\" height=\"675\" \/><\/a><\/div>\n<\/div>\n<div id=\"2712-image-2715\" class=\"col-xs-12 col-sm-4 col-md-4\">\n<div class=\"thumbnail\"><a href=\"https:\/\/vspoechlarn.ac.at\/wordpress\/wp-content\/uploads\/2019\/11\/IMG-20191122-WA0020.jpg\"><img loading=\"lazy\" decoding=\"async\" class=\"attachment-large size-large\" src=\"https:\/\/vspoechlarn.ac.at\/wordpress\/wp-content\/uploads\/2019\/11\/IMG-20191122-WA0020-1024x576.jpg\" sizes=\"auto, (max-width: 900px) 100vw, 900px\" srcset=\"https:\/\/vspoechlarn.ac.at\/wordpress\/wp-content\/uploads\/2019\/11\/IMG-20191122-WA0020-1024x576.jpg 1024w, https:\/\/vspoechlarn.ac.at\/wordpress\/wp-content\/uploads\/2019\/11\/IMG-20191122-WA0020-350x197.jpg 350w, https:\/\/vspoechlarn.ac.at\/wordpress\/wp-content\/uploads\/2019\/11\/IMG-20191122-WA0020.jpg 1599w\" alt=\"\" width=\"900\" height=\"506\" \/><\/a><\/div>\n<\/div>\n<div class=\"clearfix visible-md-block visible-lg-block\"><\/div>\n<div id=\"2712-image-2716\" class=\"col-xs-12 col-sm-4 col-md-4\">\n<div class=\"thumbnail\"><a href=\"https:\/\/vspoechlarn.ac.at\/wordpress\/wp-content\/uploads\/2019\/11\/20191122_092703.jpg\"><img loading=\"lazy\" decoding=\"async\" class=\"attachment-large size-large\" src=\"https:\/\/vspoechlarn.ac.at\/wordpress\/wp-content\/uploads\/2019\/11\/20191122_092703-1024x768.jpg\" sizes=\"auto, (max-width: 900px) 100vw, 900px\" srcset=\"https:\/\/vspoechlarn.ac.at\/wordpress\/wp-content\/uploads\/2019\/11\/20191122_092703-1024x768.jpg 1024w, https:\/\/vspoechlarn.ac.at\/wordpress\/wp-content\/uploads\/2019\/11\/20191122_092703-350x263.jpg 350w\" alt=\"\" width=\"900\" height=\"675\" \/><\/a><\/div>\n<\/div>\n<\/div>\n<\/div>\n<\/div>\n<\/div>\n<div class=\"panel-footer entry-meta\"><small><span class=\"loop-category\"><a class=\"label label-primary\" href=\"https:\/\/vspoechlarn.ac.at\/wordpress\/category\/allgemein\/\">Startseite<\/a>\u00a0<\/span><span class=\"loop-author\">|\u00a0<span class=\"author vcard\"><a class=\"url fn n\" href=\"https:\/\/vspoechlarn.ac.at\/wordpress\/author\/wp-admin\/\">wp-admin<\/a><\/span><\/span>\u00a0<span class=\"loop-date\">|\u00a0<time class=\"entry-date published updated\" datetime=\"2019-11-23T07:48:54+01:00\">23. November 2019<\/time><\/span>\u00a0|\u00a0<span class=\"edit-link\"><a class=\"post-edit-link\" href=\"https:\/\/vspoechlarn.ac.at\/wordpress\/wp-admin\/post.php?post=2712&amp;action=edit\">Bearbeiten<\/a><\/span><\/small><\/p>\n<div class=\"clearfix\"><\/div>\n<\/div>\n<\/div>\n<\/article>\n<article id=\"post-2710\" class=\"loop_list post-2710 post type-post status-publish format-standard hentry category-allgemein\">\n<div class=\"panel panel-default\">\n<div class=\"panel-body clearfix\">\n<div class=\"fs-have-thumbnail\">\n<header class=\"entry-header\">\n<h4 class=\"entry-title\"><strong><a title=\"Permanentlink zu Projekt \u201ePapier\u201c\" href=\"https:\/\/vspoechlarn.ac.at\/wordpress\/2019\/11\/23\/projekt-papier\/\" rel=\"bookmark\">Projekt \u201ePapier\u201c<\/a><\/strong><\/h4>\n<\/header>\n<div class=\"entry-content\">\n<p>In der 4ab-Klasse wurde diese Woche zum Thema \u201ePAPIER\u201c gearbeitet. Neben den Sachinformationen standen auch Experimente und Papiersch\u00f6pfen auf dem Programm.<\/p>\n<div id=\"gallery_2710_25\" class=\"row\">\n<div id=\"2710-image-2708\" class=\"col-xs-12 col-sm-4 col-md-4\">\n<div class=\"thumbnail\"><a href=\"https:\/\/vspoechlarn.ac.at\/wordpress\/wp-content\/uploads\/2019\/11\/20191120_083339.jpg\"><img loading=\"lazy\" decoding=\"async\" class=\"attachment-large size-large\" src=\"https:\/\/vspoechlarn.ac.at\/wordpress\/wp-content\/uploads\/2019\/11\/20191120_083339-1024x768.jpg\" sizes=\"auto, (max-width: 900px) 100vw, 900px\" srcset=\"https:\/\/vspoechlarn.ac.at\/wordpress\/wp-content\/uploads\/2019\/11\/20191120_083339-1024x768.jpg 1024w, https:\/\/vspoechlarn.ac.at\/wordpress\/wp-content\/uploads\/2019\/11\/20191120_083339-350x263.jpg 350w\" alt=\"\" width=\"900\" height=\"675\" \/><\/a><\/div>\n<\/div>\n<div id=\"2710-image-2707\" class=\"col-xs-12 col-sm-4 col-md-4\">\n<div class=\"thumbnail\"><a href=\"https:\/\/vspoechlarn.ac.at\/wordpress\/wp-content\/uploads\/2019\/11\/20191120_090241.jpg\"><img loading=\"lazy\" decoding=\"async\" class=\"attachment-large size-large\" src=\"https:\/\/vspoechlarn.ac.at\/wordpress\/wp-content\/uploads\/2019\/11\/20191120_090241-1024x768.jpg\" sizes=\"auto, (max-width: 900px) 100vw, 900px\" srcset=\"https:\/\/vspoechlarn.ac.at\/wordpress\/wp-content\/uploads\/2019\/11\/20191120_090241-1024x768.jpg 1024w, https:\/\/vspoechlarn.ac.at\/wordpress\/wp-content\/uploads\/2019\/11\/20191120_090241-350x263.jpg 350w\" alt=\"\" width=\"900\" height=\"675\" \/><\/a><\/div>\n<\/div>\n<div id=\"2710-image-2709\" class=\"col-xs-12 col-sm-4 col-md-4\">\n<div class=\"thumbnail\"><a href=\"https:\/\/vspoechlarn.ac.at\/wordpress\/wp-content\/uploads\/2019\/11\/20191120_082609.jpg\"><img loading=\"lazy\" decoding=\"async\" class=\"attachment-large size-large\" src=\"https:\/\/vspoechlarn.ac.at\/wordpress\/wp-content\/uploads\/2019\/11\/20191120_082609-1024x768.jpg\" sizes=\"auto, (max-width: 900px) 100vw, 900px\" srcset=\"https:\/\/vspoechlarn.ac.at\/wordpress\/wp-content\/uploads\/2019\/11\/20191120_082609-1024x768.jpg 1024w, https:\/\/vspoechlarn.ac.at\/wordpress\/wp-content\/uploads\/2019\/11\/20191120_082609-350x263.jpg 350w, https:\/\/vspoechlarn.ac.at\/wordpress\/wp-content\/uploads\/2019\/11\/20191120_082609.jpg 1440w\" alt=\"\" width=\"900\" height=\"675\" \/><\/a><\/div>\n<\/div>\n<div class=\"clearfix visible-md-block visible-lg-block\"><\/div>\n<div id=\"2710-image-2706\" class=\"col-xs-12 col-sm-4 col-md-4\">\n<div class=\"thumbnail\"><a href=\"https:\/\/vspoechlarn.ac.at\/wordpress\/wp-content\/uploads\/2019\/11\/20191119_111947.jpg\"><img loading=\"lazy\" decoding=\"async\" class=\"attachment-large size-large\" src=\"https:\/\/vspoechlarn.ac.at\/wordpress\/wp-content\/uploads\/2019\/11\/20191119_111947-1024x768.jpg\" sizes=\"auto, (max-width: 900px) 100vw, 900px\" srcset=\"https:\/\/vspoechlarn.ac.at\/wordpress\/wp-content\/uploads\/2019\/11\/20191119_111947-1024x768.jpg 1024w, https:\/\/vspoechlarn.ac.at\/wordpress\/wp-content\/uploads\/2019\/11\/20191119_111947-350x263.jpg 350w, https:\/\/vspoechlarn.ac.at\/wordpress\/wp-content\/uploads\/2019\/11\/20191119_111947.jpg 1440w\" alt=\"\" width=\"900\" height=\"675\" \/><\/a><\/div>\n<\/div>\n<\/div>\n<\/div>\n<\/div>\n<\/div>\n<div class=\"panel-footer entry-meta\"><small><span class=\"loop-category\"><a class=\"label label-primary\" href=\"https:\/\/vspoechlarn.ac.at\/wordpress\/category\/allgemein\/\">Startseite<\/a>\u00a0<\/span><span class=\"loop-author\">|\u00a0<span class=\"author vcard\"><a class=\"url fn n\" href=\"https:\/\/vspoechlarn.ac.at\/wordpress\/author\/wp-admin\/\">wp-admin<\/a><\/span><\/span>\u00a0<span class=\"loop-date\">|\u00a0<time class=\"entry-date published updated\" datetime=\"2019-11-23T07:34:28+01:00\">23. November 2019<\/time><\/span>\u00a0|\u00a0<span class=\"edit-link\"><a class=\"post-edit-link\" href=\"https:\/\/vspoechlarn.ac.at\/wordpress\/wp-admin\/post.php?post=2710&amp;action=edit\">Bearbeiten<\/a><\/span><\/small><\/p>\n<div class=\"clearfix\"><\/div>\n<\/div>\n<\/div>\n<\/article>\n<article id=\"post-2699\" class=\"loop_list post-2699 post type-post status-publish format-standard hentry category-allgemein\">\n<div class=\"panel panel-default\">\n<div class=\"panel-body clearfix\">\n<div class=\"fs-have-thumbnail\">\n<header class=\"entry-header\">\n<h4 class=\"entry-title\"><strong><a title=\"Permanentlink zu Schachturnier\" href=\"https:\/\/vspoechlarn.ac.at\/wordpress\/2019\/11\/21\/schachturnier\/\" rel=\"bookmark\">Schachturnier<\/a><\/strong><\/h4>\n<\/header>\n<div class=\"entry-content\">\n<p>3 Monate lang ritterten sich die M\u00e4dchen und Buben unserer Schule um den Titel \u201eSchachmeister 2019\u201c. Nun ist das Turnier entschieden und Klaus Harzhauser aus der 2a steht als Sieger fest. Auf den Pl\u00e4tzen 2 und 3 folgten ganz knapp Valentin M\u00fcllner und Daniel Russo. Gro\u00dfe Freude herrschte unter allen teilnehmenden Kindern am Tag der Siegerehrung, die von Herrn Ing. Robert Gattermayer durchgef\u00fchrt wurde. Ihm geb\u00fchrt wieder einmal unser gro\u00dfer Dank f\u00fcr seinen aufopfernden Einsatz um den Schachsport und das Bereitstellen der tollen Preise.<\/p>\n<div id=\"gallery_2699_26\" class=\"row\">\n<div id=\"2699-image-2701\" class=\"col-xs-12 col-sm-4 col-md-4\">\n<div class=\"thumbnail\"><a href=\"https:\/\/vspoechlarn.ac.at\/wordpress\/wp-content\/uploads\/2019\/11\/DSC09121-Mittel.jpg\"><img loading=\"lazy\" decoding=\"async\" class=\"attachment-large size-large\" src=\"https:\/\/vspoechlarn.ac.at\/wordpress\/wp-content\/uploads\/2019\/11\/DSC09121-Mittel-680x1024.jpg\" sizes=\"auto, (max-width: 680px) 100vw, 680px\" srcset=\"https:\/\/vspoechlarn.ac.at\/wordpress\/wp-content\/uploads\/2019\/11\/DSC09121-Mittel-680x1024.jpg 680w, https:\/\/vspoechlarn.ac.at\/wordpress\/wp-content\/uploads\/2019\/11\/DSC09121-Mittel-199x300.jpg 199w, https:\/\/vspoechlarn.ac.at\/wordpress\/wp-content\/uploads\/2019\/11\/DSC09121-Mittel.jpg 718w\" alt=\"\" width=\"680\" height=\"1024\" \/><\/a><\/div>\n<\/div>\n<div id=\"2699-image-2700\" class=\"col-xs-12 col-sm-4 col-md-4\">\n<div class=\"thumbnail\"><a href=\"https:\/\/vspoechlarn.ac.at\/wordpress\/wp-content\/uploads\/2019\/11\/20191121081352623_0001-Mittel.jpg\"><img loading=\"lazy\" decoding=\"async\" class=\"attachment-large size-large\" src=\"https:\/\/vspoechlarn.ac.at\/wordpress\/wp-content\/uploads\/2019\/11\/20191121081352623_0001-Mittel-723x1024.jpg\" sizes=\"auto, (max-width: 723px) 100vw, 723px\" srcset=\"https:\/\/vspoechlarn.ac.at\/wordpress\/wp-content\/uploads\/2019\/11\/20191121081352623_0001-Mittel-723x1024.jpg 723w, https:\/\/vspoechlarn.ac.at\/wordpress\/wp-content\/uploads\/2019\/11\/20191121081352623_0001-Mittel-212x300.jpg 212w, https:\/\/vspoechlarn.ac.at\/wordpress\/wp-content\/uploads\/2019\/11\/20191121081352623_0001-Mittel.jpg 763w\" alt=\"\" width=\"723\" height=\"1024\" \/><\/a><\/div>\n<\/div>\n<div id=\"2699-image-2702\" class=\"col-xs-12 col-sm-4 col-md-4\">\n<div class=\"thumbnail\"><a href=\"https:\/\/vspoechlarn.ac.at\/wordpress\/wp-content\/uploads\/2019\/11\/DSC09131-Mittel.jpg\"><img loading=\"lazy\" decoding=\"async\" class=\"attachment-large size-large\" src=\"https:\/\/vspoechlarn.ac.at\/wordpress\/wp-content\/uploads\/2019\/11\/DSC09131-Mittel-1024x680.jpg\" sizes=\"auto, (max-width: 900px) 100vw, 900px\" srcset=\"https:\/\/vspoechlarn.ac.at\/wordpress\/wp-content\/uploads\/2019\/11\/DSC09131-Mittel-1024x680.jpg 1024w, https:\/\/vspoechlarn.ac.at\/wordpress\/wp-content\/uploads\/2019\/11\/DSC09131-Mittel-350x233.jpg 350w, https:\/\/vspoechlarn.ac.at\/wordpress\/wp-content\/uploads\/2019\/11\/DSC09131-Mittel.jpg 1156w\" alt=\"\" width=\"900\" height=\"598\" \/><\/a><\/div>\n<\/div>\n<div class=\"clearfix visible-md-block visible-lg-block\"><\/div>\n<\/div>\n<p>&nbsp;<\/p>\n<\/div>\n<\/div>\n<\/div>\n<div class=\"panel-footer entry-meta\"><small><span class=\"loop-category\"><a class=\"label label-primary\" href=\"https:\/\/vspoechlarn.ac.at\/wordpress\/category\/allgemein\/\">Startseite<\/a>\u00a0<\/span><span class=\"loop-author\">|\u00a0<span class=\"author vcard\"><a class=\"url fn n\" href=\"https:\/\/vspoechlarn.ac.at\/wordpress\/author\/wp-admin\/\">wp-admin<\/a><\/span><\/span>\u00a0<span class=\"loop-date\">|\u00a0<time class=\"entry-date published updated\" datetime=\"2019-11-21T08:23:35+01:00\">21. November 2019<\/time><\/span>\u00a0|\u00a0<span class=\"edit-link\"><a class=\"post-edit-link\" href=\"https:\/\/vspoechlarn.ac.at\/wordpress\/wp-admin\/post.php?post=2699&amp;action=edit\">Bearbeiten<\/a><\/span><\/small><\/p>\n<div class=\"clearfix\"><\/div>\n<\/div>\n<\/div>\n<\/article>\n<article id=\"post-2693\" class=\"loop_list post-2693 post type-post status-publish format-standard hentry category-allgemein\">\n<div class=\"panel panel-default\">\n<div class=\"panel-body clearfix\">\n<div class=\"fs-have-thumbnail\">\n<header class=\"entry-header\">\n<h4 class=\"entry-title\"><strong><a title=\"Permanentlink zu Weihnachtsgeschenke f\u00fcr Rum\u00e4nien\" href=\"https:\/\/vspoechlarn.ac.at\/wordpress\/2019\/11\/18\/weihnachtsgeschenke-fuer-rumaenien\/\" rel=\"bookmark\">Weihnachtsgeschenke f\u00fcr Rum\u00e4nien<\/a><\/strong><\/h4>\n<\/header>\n<div class=\"entry-content\">\n<p>41 Weihnachtsschachteln brachten die Kinder in die Schule, um den M\u00e4dchen und Buben in den \u00e4rmsten Regionen Rum\u00e4niens ein wenig Freude zu bereiten<\/p>\n<div id=\"gallery_2693_27\" class=\"row\">\n<div id=\"2693-image-2694\" class=\"col-xs-12 col-sm-4 col-md-4\">\n<div class=\"thumbnail\"><a href=\"https:\/\/vspoechlarn.ac.at\/wordpress\/wp-content\/uploads\/2019\/11\/DSC09113-Mittel.jpg\"><img loading=\"lazy\" decoding=\"async\" class=\"attachment-large size-large\" src=\"https:\/\/vspoechlarn.ac.at\/wordpress\/wp-content\/uploads\/2019\/11\/DSC09113-Mittel-680x1024.jpg\" sizes=\"auto, (max-width: 680px) 100vw, 680px\" srcset=\"https:\/\/vspoechlarn.ac.at\/wordpress\/wp-content\/uploads\/2019\/11\/DSC09113-Mittel-680x1024.jpg 680w, https:\/\/vspoechlarn.ac.at\/wordpress\/wp-content\/uploads\/2019\/11\/DSC09113-Mittel-199x300.jpg 199w, https:\/\/vspoechlarn.ac.at\/wordpress\/wp-content\/uploads\/2019\/11\/DSC09113-Mittel.jpg 718w\" alt=\"\" width=\"680\" height=\"1024\" \/><\/a><\/div>\n<\/div>\n<\/div>\n<p>.<\/p>\n<\/div>\n<\/div>\n<\/div>\n<div class=\"panel-footer entry-meta\"><small><span class=\"loop-category\"><a class=\"label label-primary\" href=\"https:\/\/vspoechlarn.ac.at\/wordpress\/category\/allgemein\/\">Startseite<\/a>\u00a0<\/span><span class=\"loop-author\">|\u00a0<span class=\"author vcard\"><a class=\"url fn n\" href=\"https:\/\/vspoechlarn.ac.at\/wordpress\/author\/wp-admin\/\">wp-admin<\/a><\/span><\/span>\u00a0<span class=\"loop-date\">|\u00a0<time class=\"entry-date published updated\" datetime=\"2019-11-18T10:05:08+01:00\">18. November 2019<\/time><\/span>\u00a0|\u00a0<span class=\"edit-link\"><a class=\"post-edit-link\" href=\"https:\/\/vspoechlarn.ac.at\/wordpress\/wp-admin\/post.php?post=2693&amp;action=edit\">Bearbeiten<\/a><\/span><\/small><\/p>\n<div class=\"clearfix\"><\/div>\n<\/div>\n<\/div>\n<\/article>\n<article id=\"post-2689\" class=\"loop_list post-2689 post type-post status-publish format-standard hentry category-allgemein\">\n<div class=\"panel panel-default\">\n<div class=\"panel-body clearfix\">\n<div class=\"fs-have-thumbnail\">\n<header class=\"entry-header\">\n<h4 class=\"entry-title\"><strong><a title=\"Permanentlink zu Kooperation mit der Mittelschule\" href=\"https:\/\/vspoechlarn.ac.at\/wordpress\/2019\/11\/12\/kooperation-mit-der-mittelschule\/\" rel=\"bookmark\">Kooperation mit der Mittelschule<\/a><\/strong><\/h4>\n<\/header>\n<div class=\"entry-content\">\n<p>Unsere 4. Klassen erhielten eine Einladung der 3a-Klasse der Mittelschule f\u00fcr ein Lesetheater. Die Sch\u00fclerinnen und Sch\u00fcler pr\u00e4sentierten verschiedene Fabeln. Die Kinder der 4. Klasse Volksschule waren begeistert.<\/p>\n<div id=\"gallery_2689_28\" class=\"row\">\n<div id=\"2689-image-2690\" class=\"col-xs-12 col-sm-4 col-md-4\">\n<div class=\"thumbnail\"><a href=\"https:\/\/vspoechlarn.ac.at\/wordpress\/wp-content\/uploads\/2019\/11\/DSC_0032.jpg\"><img loading=\"lazy\" decoding=\"async\" class=\"attachment-large size-large\" src=\"https:\/\/vspoechlarn.ac.at\/wordpress\/wp-content\/uploads\/2019\/11\/DSC_0032.jpg\" sizes=\"auto, (max-width: 615px) 100vw, 615px\" srcset=\"https:\/\/vspoechlarn.ac.at\/wordpress\/wp-content\/uploads\/2019\/11\/DSC_0032.jpg 615w, https:\/\/vspoechlarn.ac.at\/wordpress\/wp-content\/uploads\/2019\/11\/DSC_0032-350x263.jpg 350w\" alt=\"\" width=\"615\" height=\"462\" \/><\/a><\/div>\n<\/div>\n<div id=\"2689-image-2691\" class=\"col-xs-12 col-sm-4 col-md-4\">\n<div class=\"thumbnail\"><a href=\"https:\/\/vspoechlarn.ac.at\/wordpress\/wp-content\/uploads\/2019\/11\/DSC_0042.jpg\"><img loading=\"lazy\" decoding=\"async\" class=\"attachment-large size-large\" src=\"https:\/\/vspoechlarn.ac.at\/wordpress\/wp-content\/uploads\/2019\/11\/DSC_0042.jpg\" sizes=\"auto, (max-width: 900px) 100vw, 900px\" srcset=\"https:\/\/vspoechlarn.ac.at\/wordpress\/wp-content\/uploads\/2019\/11\/DSC_0042.jpg 945w, https:\/\/vspoechlarn.ac.at\/wordpress\/wp-content\/uploads\/2019\/11\/DSC_0042-350x234.jpg 350w\" alt=\"\" width=\"900\" height=\"601\" \/><\/a><\/div>\n<\/div>\n<\/div>\n<\/div>\n<\/div>\n<\/div>\n<div class=\"panel-footer entry-meta\"><small><span class=\"loop-category\"><a class=\"label label-primary\" href=\"https:\/\/vspoechlarn.ac.at\/wordpress\/category\/allgemein\/\">Startseite<\/a>\u00a0<\/span><span class=\"loop-author\">|\u00a0<span class=\"author vcard\"><a class=\"url fn n\" href=\"https:\/\/vspoechlarn.ac.at\/wordpress\/author\/wp-admin\/\">wp-admin<\/a><\/span><\/span>\u00a0<span class=\"loop-date\">|\u00a0<time class=\"entry-date published updated\" datetime=\"2019-11-12T17:01:28+01:00\">12. November 2019<\/time><\/span>\u00a0|\u00a0<span class=\"edit-link\"><a class=\"post-edit-link\" href=\"https:\/\/vspoechlarn.ac.at\/wordpress\/wp-admin\/post.php?post=2689&amp;action=edit\">Bearbeiten<\/a><\/span><\/small><\/p>\n<div class=\"clearfix\"><\/div>\n<\/div>\n<\/div>\n<\/article>\n<article id=\"post-2684\" class=\"loop_list post-2684 post type-post status-publish format-standard hentry category-allgemein\">\n<div class=\"panel panel-default\">\n<div class=\"panel-body clearfix\">\n<div class=\"fs-have-thumbnail\">\n<header class=\"entry-header\">\n<h4 class=\"entry-title\"><strong><a title=\"Permanentlink zu Pippi Langstrumpf\" href=\"https:\/\/vspoechlarn.ac.at\/wordpress\/2019\/10\/29\/pipi-langstrumpf\/\" rel=\"bookmark\">Pippi Langstrumpf<\/a><\/strong><\/h4>\n<\/header>\n<div class=\"entry-content\">\n<p>Die Kinder der beiden zweiten und vierten Klassen besuchten am 24.10. eine Vorstellung von Pippi Langstrumpf in Blindenmarkt. F\u00fcr die 2. Klassen \u00fcbernahm unser Elternverein dankenswerterweise die Buskosten.<\/p>\n<div id=\"gallery_2684_29\" class=\"row\">\n<div id=\"2684-image-2685\" class=\"col-xs-12 col-sm-4 col-md-4\">\n<div class=\"thumbnail\"><a href=\"https:\/\/vspoechlarn.ac.at\/wordpress\/wp-content\/uploads\/2019\/10\/cid_1a6ef30b-83ee-4ce2-9677-c53fd07c87fe@lsr-noe_gv.jpg\"><img loading=\"lazy\" decoding=\"async\" class=\"attachment-large size-large\" src=\"https:\/\/vspoechlarn.ac.at\/wordpress\/wp-content\/uploads\/2019\/10\/cid_1a6ef30b-83ee-4ce2-9677-c53fd07c87fe@lsr-noe_gv.jpg\" sizes=\"auto, (max-width: 640px) 100vw, 640px\" srcset=\"https:\/\/vspoechlarn.ac.at\/wordpress\/wp-content\/uploads\/2019\/10\/cid_1a6ef30b-83ee-4ce2-9677-c53fd07c87fe@lsr-noe_gv.jpg 640w, https:\/\/vspoechlarn.ac.at\/wordpress\/wp-content\/uploads\/2019\/10\/cid_1a6ef30b-83ee-4ce2-9677-c53fd07c87fe@lsr-noe_gv-350x263.jpg 350w\" alt=\"\" width=\"640\" height=\"480\" \/><\/a><\/div>\n<\/div>\n<\/div>\n<\/div>\n<\/div>\n<\/div>\n<div class=\"panel-footer entry-meta\"><small><span class=\"loop-category\"><a class=\"label label-primary\" href=\"https:\/\/vspoechlarn.ac.at\/wordpress\/category\/allgemein\/\">Startseite<\/a>\u00a0<\/span><span class=\"loop-author\">|\u00a0<span class=\"author vcard\"><a class=\"url fn n\" href=\"https:\/\/vspoechlarn.ac.at\/wordpress\/author\/wp-admin\/\">wp-admin<\/a><\/span><\/span>\u00a0<span class=\"loop-date\">|\u00a0<time class=\"entry-date published updated\" datetime=\"2019-10-29T12:14:01+01:00\">29. Oktober 2019<\/time><\/span>\u00a0|\u00a0<span class=\"edit-link\"><a class=\"post-edit-link\" href=\"https:\/\/vspoechlarn.ac.at\/wordpress\/wp-admin\/post.php?post=2684&amp;action=edit\">Bearbeiten<\/a><\/span><\/small><\/p>\n<div class=\"clearfix\"><\/div>\n<\/div>\n<\/div>\n<\/article>\n<article id=\"post-2679\" class=\"loop_list post-2679 post type-post status-publish format-standard hentry category-allgemein\">\n<div class=\"panel panel-default\">\n<div class=\"panel-body clearfix\">\n<div class=\"fs-have-thumbnail\">\n<header class=\"entry-header\">\n<h4 class=\"entry-title\"><strong><a title=\"Permanentlink zu Nationalfeiertag\" href=\"https:\/\/vspoechlarn.ac.at\/wordpress\/2019\/10\/27\/nationalfeiertag\/\" rel=\"bookmark\">Nationalfeiertag<\/a><\/strong><\/h4>\n<\/header>\n<div class=\"entry-content\">\n<p>Wir w\u00fcnschen allen einen sch\u00f6nen Nationalfeiertag!<\/p>\n<p>Bereits am Freitag wurde vor der Volksschule die Fahne gehisst. Die Kinder der Vorschulklassen und auch der 2. Klassen sagten ein Gedicht auf. Zum Abschluss sangen wir gemeinsam die Bundeshymne.<\/p>\n<div id=\"gallery_2679_30\" class=\"row\">\n<div id=\"2679-image-2670\" class=\"col-xs-12 col-sm-4 col-md-4\">\n<div class=\"thumbnail\"><a href=\"https:\/\/vspoechlarn.ac.at\/wordpress\/wp-content\/uploads\/2019\/10\/Nationalfeiertag.jpg\"><img loading=\"lazy\" decoding=\"async\" class=\"attachment-large size-large\" src=\"https:\/\/vspoechlarn.ac.at\/wordpress\/wp-content\/uploads\/2019\/10\/Nationalfeiertag.jpg\" sizes=\"auto, (max-width: 800px) 100vw, 800px\" srcset=\"https:\/\/vspoechlarn.ac.at\/wordpress\/wp-content\/uploads\/2019\/10\/Nationalfeiertag.jpg 800w, https:\/\/vspoechlarn.ac.at\/wordpress\/wp-content\/uploads\/2019\/10\/Nationalfeiertag-350x263.jpg 350w\" alt=\"\" width=\"800\" height=\"600\" \/><\/a><\/div>\n<\/div>\n<div id=\"2679-image-2671\" class=\"col-xs-12 col-sm-4 col-md-4\">\n<div class=\"thumbnail\"><a href=\"https:\/\/vspoechlarn.ac.at\/wordpress\/wp-content\/uploads\/2019\/10\/Nationalfeiertag2.jpg\"><img loading=\"lazy\" decoding=\"async\" class=\"attachment-large size-large\" src=\"https:\/\/vspoechlarn.ac.at\/wordpress\/wp-content\/uploads\/2019\/10\/Nationalfeiertag2.jpg\" sizes=\"auto, (max-width: 800px) 100vw, 800px\" srcset=\"https:\/\/vspoechlarn.ac.at\/wordpress\/wp-content\/uploads\/2019\/10\/Nationalfeiertag2.jpg 800w, https:\/\/vspoechlarn.ac.at\/wordpress\/wp-content\/uploads\/2019\/10\/Nationalfeiertag2-350x263.jpg 350w\" alt=\"\" width=\"800\" height=\"600\" \/><\/a><\/div>\n<\/div>\n<div id=\"2679-image-2672\" class=\"col-xs-12 col-sm-4 col-md-4\">\n<div class=\"thumbnail\"><a href=\"https:\/\/vspoechlarn.ac.at\/wordpress\/wp-content\/uploads\/2019\/10\/Nationalfeiertag1.jpg\"><img loading=\"lazy\" decoding=\"async\" class=\"attachment-large size-large\" src=\"https:\/\/vspoechlarn.ac.at\/wordpress\/wp-content\/uploads\/2019\/10\/Nationalfeiertag1.jpg\" sizes=\"auto, (max-width: 800px) 100vw, 800px\" srcset=\"https:\/\/vspoechlarn.ac.at\/wordpress\/wp-content\/uploads\/2019\/10\/Nationalfeiertag1.jpg 800w, https:\/\/vspoechlarn.ac.at\/wordpress\/wp-content\/uploads\/2019\/10\/Nationalfeiertag1-350x263.jpg 350w\" alt=\"\" width=\"800\" height=\"600\" \/><\/a><\/div>\n<\/div>\n<div class=\"clearfix visible-md-block visible-lg-block\"><\/div>\n<\/div>\n<\/div>\n<\/div>\n<\/div>\n<div class=\"panel-footer entry-meta\"><small><span class=\"loop-category\"><a class=\"label label-primary\" href=\"https:\/\/vspoechlarn.ac.at\/wordpress\/category\/allgemein\/\">Startseite<\/a>\u00a0<\/span><span class=\"loop-author\">|\u00a0<span class=\"author vcard\"><a class=\"url fn n\" href=\"https:\/\/vspoechlarn.ac.at\/wordpress\/author\/wp-admin\/\">wp-admin<\/a><\/span><\/span>\u00a0<span class=\"loop-date\">|\u00a0<time class=\"entry-date published updated\" datetime=\"2019-10-27T09:43:04+01:00\">27. Oktober 2019<\/time><\/span>\u00a0|\u00a0<span class=\"edit-link\"><a class=\"post-edit-link\" href=\"https:\/\/vspoechlarn.ac.at\/wordpress\/wp-admin\/post.php?post=2679&amp;action=edit\">Bearbeiten<\/a><\/span><\/small><\/p>\n<div class=\"clearfix\"><\/div>\n<\/div>\n<\/div>\n<\/article>\n<article id=\"post-2675\" class=\"loop_list post-2675 post type-post status-publish format-standard hentry category-allgemein\">\n<div class=\"panel panel-default\">\n<div class=\"panel-body clearfix\">\n<div class=\"fs-have-thumbnail\">\n<header class=\"entry-header\">\n<h4 class=\"entry-title\"><strong><a title=\"Permanentlink zu Apollonia\" href=\"https:\/\/vspoechlarn.ac.at\/wordpress\/2019\/10\/27\/apollonia\/\" rel=\"bookmark\">Apollonia<\/a><\/strong><\/h4>\n<\/header>\n<div class=\"entry-content\">\n<p>So wie jedes Schuljahr kommt Kroko zu uns an die Schule und spricht mit den Sch\u00fclerinnen und Sch\u00fclern \u00fcber die Zahngesundheit. Nicht nur das richtige Z\u00e4hneputzen steht im Vordergrund, sondern auch der Aufbau und die Krankheiten eines Zahnes.<\/p>\n<div id=\"gallery_2675_31\" class=\"row\">\n<div id=\"2675-image-2676\" class=\"col-xs-12 col-sm-4 col-md-4\">\n<div class=\"thumbnail\"><a href=\"https:\/\/vspoechlarn.ac.at\/wordpress\/wp-content\/uploads\/2019\/10\/Apollonia-1.jpg\"><img loading=\"lazy\" decoding=\"async\" class=\"attachment-large size-large\" src=\"https:\/\/vspoechlarn.ac.at\/wordpress\/wp-content\/uploads\/2019\/10\/Apollonia-1.jpg\" sizes=\"auto, (max-width: 738px) 100vw, 738px\" srcset=\"https:\/\/vspoechlarn.ac.at\/wordpress\/wp-content\/uploads\/2019\/10\/Apollonia-1.jpg 738w, https:\/\/vspoechlarn.ac.at\/wordpress\/wp-content\/uploads\/2019\/10\/Apollonia-1-350x263.jpg 350w\" alt=\"\" width=\"738\" height=\"554\" \/><\/a><\/div>\n<\/div>\n<div id=\"2675-image-2677\" class=\"col-xs-12 col-sm-4 col-md-4\">\n<div class=\"thumbnail\"><a href=\"https:\/\/vspoechlarn.ac.at\/wordpress\/wp-content\/uploads\/2019\/10\/Apollonia1-1.jpg\"><img loading=\"lazy\" decoding=\"async\" class=\"attachment-large size-large\" src=\"https:\/\/vspoechlarn.ac.at\/wordpress\/wp-content\/uploads\/2019\/10\/Apollonia1-1.jpg\" sizes=\"auto, (max-width: 900px) 100vw, 900px\" srcset=\"https:\/\/vspoechlarn.ac.at\/wordpress\/wp-content\/uploads\/2019\/10\/Apollonia1-1.jpg 922w, https:\/\/vspoechlarn.ac.at\/wordpress\/wp-content\/uploads\/2019\/10\/Apollonia1-1-350x263.jpg 350w\" alt=\"\" width=\"900\" height=\"675\" \/><\/a><\/div>\n<\/div>\n<\/div>\n<\/div>\n<\/div>\n<\/div>\n<div class=\"panel-footer entry-meta\"><small><span class=\"loop-category\"><a class=\"label label-primary\" href=\"https:\/\/vspoechlarn.ac.at\/wordpress\/category\/allgemein\/\">Startseite<\/a>\u00a0<\/span><span class=\"loop-author\">|\u00a0<span class=\"author vcard\"><a class=\"url fn n\" href=\"https:\/\/vspoechlarn.ac.at\/wordpress\/author\/wp-admin\/\">wp-admin<\/a><\/span><\/span>\u00a0<span class=\"loop-date\">|\u00a0<time class=\"entry-date published updated\" datetime=\"2019-10-27T09:38:03+01:00\">27. Oktober 2019<\/time><\/span>\u00a0|\u00a0<span class=\"edit-link\"><a class=\"post-edit-link\" href=\"https:\/\/vspoechlarn.ac.at\/wordpress\/wp-admin\/post.php?post=2675&amp;action=edit\">Bearbeiten<\/a><\/span><\/small><\/p>\n<div class=\"clearfix\"><\/div>\n<\/div>\n<\/div>\n<\/article>\n<article id=\"post-2664\" class=\"loop_list post-2664 post type-post status-publish format-standard hentry category-allgemein\">\n<div class=\"panel panel-default\">\n<div class=\"panel-body clearfix\">\n<div class=\"fs-have-thumbnail\">\n<header class=\"entry-header\">\n<h4 class=\"entry-title\"><strong><a title=\"Permanentlink zu Mit dem Fahrrad unterwegs\" href=\"https:\/\/vspoechlarn.ac.at\/wordpress\/2019\/10\/27\/mit-dem-fahrrad-unterwegs\/\" rel=\"bookmark\">Mit dem Fahrrad unterwegs<\/a><\/strong><\/h4>\n<\/header>\n<div class=\"entry-content\">\n<p>Die Kinder der Klasse 4ab haben die Pr\u00fcfung f\u00fcr den Radf\u00fchrerschein abgelegt. Die Sch\u00fclerinnen und Sch\u00fcler konnten es kaum erwarten, den F\u00fchrerschein in den H\u00e4nden zu halten und dadurch alleine am Stra\u00dfenverkehr teilzunehmen. Die Raiffeisenbank Mittleres Mostviertel \u00fcbernahm die Kosten f\u00fcr die Ausstellung der F\u00fchrerscheine. Ein HERZLICHES DANKESCH\u00d6N daf\u00fcr!<\/p>\n<div id=\"gallery_2664_32\" class=\"row\">\n<div id=\"2664-image-2666\" class=\"col-xs-12 col-sm-4 col-md-4\">\n<div class=\"thumbnail\"><a href=\"https:\/\/vspoechlarn.ac.at\/wordpress\/wp-content\/uploads\/2019\/10\/20191022_0758170.jpg\"><img loading=\"lazy\" decoding=\"async\" class=\"attachment-large size-large\" src=\"https:\/\/vspoechlarn.ac.at\/wordpress\/wp-content\/uploads\/2019\/10\/20191022_0758170.jpg\" sizes=\"auto, (max-width: 775px) 100vw, 775px\" srcset=\"https:\/\/vspoechlarn.ac.at\/wordpress\/wp-content\/uploads\/2019\/10\/20191022_0758170.jpg 775w, https:\/\/vspoechlarn.ac.at\/wordpress\/wp-content\/uploads\/2019\/10\/20191022_0758170-350x262.jpg 350w\" alt=\"\" width=\"775\" height=\"581\" \/><\/a><\/div>\n<\/div>\n<div id=\"2664-image-2667\" class=\"col-xs-12 col-sm-4 col-md-4\">\n<div class=\"thumbnail\"><a href=\"https:\/\/vspoechlarn.ac.at\/wordpress\/wp-content\/uploads\/2019\/10\/Rad.jpg\"><img loading=\"lazy\" decoding=\"async\" class=\"attachment-large size-large\" src=\"https:\/\/vspoechlarn.ac.at\/wordpress\/wp-content\/uploads\/2019\/10\/Rad.jpg\" sizes=\"auto, (max-width: 885px) 100vw, 885px\" srcset=\"https:\/\/vspoechlarn.ac.at\/wordpress\/wp-content\/uploads\/2019\/10\/Rad.jpg 885w, https:\/\/vspoechlarn.ac.at\/wordpress\/wp-content\/uploads\/2019\/10\/Rad-350x263.jpg 350w\" alt=\"\" width=\"885\" height=\"664\" \/><\/a><\/div>\n<\/div>\n<\/div>\n<p>&nbsp;<\/p>\n<\/div>\n<\/div>\n<\/div>\n<div class=\"panel-footer entry-meta\"><small><span class=\"loop-category\"><a class=\"label label-primary\" href=\"https:\/\/vspoechlarn.ac.at\/wordpress\/category\/allgemein\/\">Startseite<\/a>\u00a0<\/span><span class=\"loop-author\">|\u00a0<span class=\"author vcard\"><a class=\"url fn n\" href=\"https:\/\/vspoechlarn.ac.at\/wordpress\/author\/wp-admin\/\">wp-admin<\/a><\/span><\/span>\u00a0<span class=\"loop-date\">|\u00a0<time class=\"entry-date published updated\" datetime=\"2019-10-27T08:37:17+01:00\">27. Oktober 2019<\/time><\/span>\u00a0|\u00a0<span class=\"edit-link\"><a class=\"post-edit-link\" href=\"https:\/\/vspoechlarn.ac.at\/wordpress\/wp-admin\/post.php?post=2664&amp;action=edit\">Bearbeiten<\/a><\/span><\/small><\/p>\n<div class=\"clearfix\"><\/div>\n<\/div>\n<\/div>\n<\/article>\n<article id=\"post-2653\" class=\"loop_list post-2653 post type-post status-publish format-standard hentry category-allgemein\">\n<div class=\"panel panel-default\">\n<div class=\"panel-body clearfix\">\n<div class=\"fs-have-thumbnail\">\n<header class=\"entry-header\">\n<h4 class=\"entry-title\"><strong><a title=\"Permanentlink zu Ein Tag im Wald\" href=\"https:\/\/vspoechlarn.ac.at\/wordpress\/2019\/10\/23\/ein-tag-im-wald\/\" rel=\"bookmark\">Ein Tag im Wald<\/a><\/strong><\/h4>\n<\/header>\n<div class=\"entry-content\">\n<p>Der Wald ist Lebensraum f\u00fcr Pflanzen und Tiere. Er ist Erholungsraum f\u00fcr den Menschen und er spendet uns saubere Luft. Die Kinder der 3a und 3b haben den Wald mit allen Sinnen erlebt, ihr Wissen vertieft und so einen vielf\u00e4ltigen Zugang zum Wald bekommen. Ein Tag im Wald mit dem F\u00f6rster Fritz Wolf am Hiesberg hat das Projekt abgerundet.<\/p>\n<p>Einige Aussagen der Kinder:<\/p>\n<ul>\n<li>Der Wald geh\u00f6rt gesch\u00fctzt!<\/li>\n<li>Im Wald f\u00fchle ich mich wohl.<\/li>\n<li>Im Wald ist es so friedlich.<\/li>\n<li>Der Borkenk\u00e4fer soll keinen Schaden mehr anrichten!<\/li>\n<li>Der Wald filtert die schlechte Luft und spendet gute Luft.<\/li>\n<li>Die Menschen sollen keinen M\u00fcll im Wald wegwerfen!<\/li>\n<\/ul>\n<p>F\u00fcr die Finanzierung der Waldp\u00e4dagogik bedanken wir uns ganz herzlich bei unserem Elternverein!<\/p>\n<div id=\"gallery_2653_33\" class=\"row\">\n<div id=\"2653-image-2656\" class=\"col-xs-12 col-sm-4 col-md-4\">\n<div class=\"thumbnail\"><a href=\"https:\/\/vspoechlarn.ac.at\/wordpress\/wp-content\/uploads\/2019\/10\/IMG-20191017-WA0005.jpg\"><img loading=\"lazy\" decoding=\"async\" class=\"attachment-large size-large\" src=\"https:\/\/vspoechlarn.ac.at\/wordpress\/wp-content\/uploads\/2019\/10\/IMG-20191017-WA0005-768x1024.jpg\" sizes=\"auto, (max-width: 768px) 100vw, 768px\" srcset=\"https:\/\/vspoechlarn.ac.at\/wordpress\/wp-content\/uploads\/2019\/10\/IMG-20191017-WA0005-768x1024.jpg 768w, https:\/\/vspoechlarn.ac.at\/wordpress\/wp-content\/uploads\/2019\/10\/IMG-20191017-WA0005-225x300.jpg 225w, https:\/\/vspoechlarn.ac.at\/wordpress\/wp-content\/uploads\/2019\/10\/IMG-20191017-WA0005.jpg 810w\" alt=\"\" width=\"768\" height=\"1024\" \/><\/a><\/div>\n<\/div>\n<div id=\"2653-image-2661\" class=\"col-xs-12 col-sm-4 col-md-4\">\n<div class=\"thumbnail\"><a href=\"https:\/\/vspoechlarn.ac.at\/wordpress\/wp-content\/uploads\/2019\/10\/IMG_6811-Mittel.jpg\"><img loading=\"lazy\" decoding=\"async\" class=\"attachment-large size-large\" src=\"https:\/\/vspoechlarn.ac.at\/wordpress\/wp-content\/uploads\/2019\/10\/IMG_6811-Mittel-683x1024.jpg\" sizes=\"auto, (max-width: 683px) 100vw, 683px\" srcset=\"https:\/\/vspoechlarn.ac.at\/wordpress\/wp-content\/uploads\/2019\/10\/IMG_6811-Mittel-683x1024.jpg 683w, https:\/\/vspoechlarn.ac.at\/wordpress\/wp-content\/uploads\/2019\/10\/IMG_6811-Mittel-200x300.jpg 200w, https:\/\/vspoechlarn.ac.at\/wordpress\/wp-content\/uploads\/2019\/10\/IMG_6811-Mittel.jpg 720w\" alt=\"\" width=\"683\" height=\"1024\" \/><\/a><\/div>\n<\/div>\n<div id=\"2653-image-2655\" class=\"col-xs-12 col-sm-4 col-md-4\">\n<div class=\"thumbnail\"><a href=\"https:\/\/vspoechlarn.ac.at\/wordpress\/wp-content\/uploads\/2019\/10\/IMG-20191017-WA0007.jpg\"><img loading=\"lazy\" decoding=\"async\" class=\"attachment-large size-large\" src=\"https:\/\/vspoechlarn.ac.at\/wordpress\/wp-content\/uploads\/2019\/10\/IMG-20191017-WA0007-1024x768.jpg\" sizes=\"auto, (max-width: 900px) 100vw, 900px\" srcset=\"https:\/\/vspoechlarn.ac.at\/wordpress\/wp-content\/uploads\/2019\/10\/IMG-20191017-WA0007-1024x768.jpg 1024w, https:\/\/vspoechlarn.ac.at\/wordpress\/wp-content\/uploads\/2019\/10\/IMG-20191017-WA0007-350x263.jpg 350w, https:\/\/vspoechlarn.ac.at\/wordpress\/wp-content\/uploads\/2019\/10\/IMG-20191017-WA0007.jpg 1440w\" alt=\"\" width=\"900\" height=\"675\" \/><\/a><\/div>\n<\/div>\n<div class=\"clearfix visible-md-block visible-lg-block\"><\/div>\n<div id=\"2653-image-2659\" class=\"col-xs-12 col-sm-4 col-md-4\">\n<div class=\"thumbnail\"><a href=\"https:\/\/vspoechlarn.ac.at\/wordpress\/wp-content\/uploads\/2019\/10\/IMG_6765-Mittel.jpg\"><img loading=\"lazy\" decoding=\"async\" class=\"attachment-large size-large\" src=\"https:\/\/vspoechlarn.ac.at\/wordpress\/wp-content\/uploads\/2019\/10\/IMG_6765-Mittel-1024x683.jpg\" sizes=\"auto, (max-width: 900px) 100vw, 900px\" srcset=\"https:\/\/vspoechlarn.ac.at\/wordpress\/wp-content\/uploads\/2019\/10\/IMG_6765-Mittel-1024x683.jpg 1024w, https:\/\/vspoechlarn.ac.at\/wordpress\/wp-content\/uploads\/2019\/10\/IMG_6765-Mittel-350x233.jpg 350w, https:\/\/vspoechlarn.ac.at\/wordpress\/wp-content\/uploads\/2019\/10\/IMG_6765-Mittel.jpg 1152w\" alt=\"\" width=\"900\" height=\"600\" \/><\/a><\/div>\n<\/div>\n<div id=\"2653-image-2660\" class=\"col-xs-12 col-sm-4 col-md-4\">\n<div class=\"thumbnail\"><a href=\"https:\/\/vspoechlarn.ac.at\/wordpress\/wp-content\/uploads\/2019\/10\/IMG_6804-Mittel.jpg\"><img loading=\"lazy\" decoding=\"async\" class=\"attachment-large size-large\" src=\"https:\/\/vspoechlarn.ac.at\/wordpress\/wp-content\/uploads\/2019\/10\/IMG_6804-Mittel-1024x683.jpg\" sizes=\"auto, (max-width: 900px) 100vw, 900px\" srcset=\"https:\/\/vspoechlarn.ac.at\/wordpress\/wp-content\/uploads\/2019\/10\/IMG_6804-Mittel-1024x683.jpg 1024w, https:\/\/vspoechlarn.ac.at\/wordpress\/wp-content\/uploads\/2019\/10\/IMG_6804-Mittel-350x233.jpg 350w, https:\/\/vspoechlarn.ac.at\/wordpress\/wp-content\/uploads\/2019\/10\/IMG_6804-Mittel.jpg 1152w\" alt=\"\" width=\"900\" height=\"600\" \/><\/a><\/div>\n<\/div>\n<\/div>\n<\/div>\n<\/div>\n<\/div>\n<div class=\"panel-footer entry-meta\"><small><span class=\"loop-category\"><a class=\"label label-primary\" href=\"https:\/\/vspoechlarn.ac.at\/wordpress\/category\/allgemein\/\">Startseite<\/a>\u00a0<\/span><span class=\"loop-author\">|\u00a0<span class=\"author vcard\"><a class=\"url fn n\" href=\"https:\/\/vspoechlarn.ac.at\/wordpress\/author\/wp-admin\/\">wp-admin<\/a><\/span><\/span>\u00a0<span class=\"loop-date\">|\u00a0<time class=\"entry-date published updated\" datetime=\"2019-10-23T06:22:39+02:00\">23. Oktober 2019<\/time><\/span>\u00a0|\u00a0<span class=\"edit-link\"><a class=\"post-edit-link\" href=\"https:\/\/vspoechlarn.ac.at\/wordpress\/wp-admin\/post.php?post=2653&amp;action=edit\">Bearbeiten<\/a><\/span><\/small><\/p>\n<div class=\"clearfix\"><\/div>\n<\/div>\n<\/div>\n<\/article>\n<article id=\"post-2649\" class=\"loop_list post-2649 post type-post status-publish format-standard hentry category-allgemein\">\n<div class=\"panel panel-default\">\n<div class=\"panel-body clearfix\">\n<div class=\"fs-have-thumbnail\">\n<header class=\"entry-header\">\n<h4 class=\"entry-title\"><strong><a title=\"Permanentlink zu Lesebucht P\u00f6chlarn\" href=\"https:\/\/vspoechlarn.ac.at\/wordpress\/2019\/10\/17\/lesebucht-poechlarn\/\" rel=\"bookmark\">Lesebucht P\u00f6chlarn<\/a><\/strong><\/h4>\n<\/header>\n<div class=\"entry-content\">\n<p>Einige Kinder unserer Schule durften gestern die neue Lesebucht besuchen und trafen hier u.a. Herrn Bgm. Franz Heisler und\u00a0 Frau Dorothea Hinkelmann, eine der Verantwortlichen f\u00fcr diesen, f\u00fcr alle Kinder, \u00f6ffentlichen B\u00fccherschrank.<\/p>\n<div id=\"gallery_2649_34\" class=\"row\">\n<div id=\"2649-image-2650\" class=\"col-xs-12 col-sm-4 col-md-4\">\n<div class=\"thumbnail\"><a href=\"https:\/\/vspoechlarn.ac.at\/wordpress\/wp-content\/uploads\/2019\/10\/IMG_9505-Mittel.jpg\"><img loading=\"lazy\" decoding=\"async\" class=\"attachment-large size-large\" src=\"https:\/\/vspoechlarn.ac.at\/wordpress\/wp-content\/uploads\/2019\/10\/IMG_9505-Mittel-1024x683.jpg\" sizes=\"auto, (max-width: 900px) 100vw, 900px\" srcset=\"https:\/\/vspoechlarn.ac.at\/wordpress\/wp-content\/uploads\/2019\/10\/IMG_9505-Mittel-1024x683.jpg 1024w, https:\/\/vspoechlarn.ac.at\/wordpress\/wp-content\/uploads\/2019\/10\/IMG_9505-Mittel-350x233.jpg 350w, https:\/\/vspoechlarn.ac.at\/wordpress\/wp-content\/uploads\/2019\/10\/IMG_9505-Mittel.jpg 1152w\" alt=\"\" width=\"900\" height=\"600\" \/><\/a><\/div>\n<\/div>\n<\/div>\n<p>&nbsp;<\/p>\n<\/div>\n<\/div>\n<\/div>\n<div class=\"panel-footer entry-meta\"><small><span class=\"loop-category\"><a class=\"label label-primary\" href=\"https:\/\/vspoechlarn.ac.at\/wordpress\/category\/allgemein\/\">Startseite<\/a>\u00a0<\/span><span class=\"loop-author\">|\u00a0<span class=\"author vcard\"><a class=\"url fn n\" href=\"https:\/\/vspoechlarn.ac.at\/wordpress\/author\/wp-admin\/\">wp-admin<\/a><\/span><\/span>\u00a0<span class=\"loop-date\">|\u00a0<time class=\"entry-date published updated\" datetime=\"2019-10-17T13:00:50+02:00\">17. Oktober 2019<\/time><\/span>\u00a0|\u00a0<span class=\"edit-link\"><a class=\"post-edit-link\" href=\"https:\/\/vspoechlarn.ac.at\/wordpress\/wp-admin\/post.php?post=2649&amp;action=edit\">Bearbeiten<\/a><\/span><\/small><\/p>\n<div class=\"clearfix\"><\/div>\n<\/div>\n<\/div>\n<\/article>\n<article id=\"post-2646\" class=\"loop_list post-2646 post type-post status-publish format-standard hentry category-allgemein\">\n<div class=\"panel panel-default\">\n<div class=\"panel-body clearfix\">\n<div class=\"fs-have-thumbnail\">\n<header class=\"entry-header\">\n<h4 class=\"entry-title\"><strong><a title=\"Permanentlink zu Nachmittags in der Schule\" href=\"https:\/\/vspoechlarn.ac.at\/wordpress\/2019\/10\/17\/nachmittags-in-der-schule\/\" rel=\"bookmark\">Nachmittags in der Schule<\/a><\/strong><\/h4>\n<\/header>\n<div class=\"entry-content\">\n<p>So macht Schule auch am Nachmittag Spa\u00df. Vergn\u00fcgt tollen die M\u00e4dchen und Buben im herbstlichen Laub.<\/p>\n<div id=\"gallery_2646_35\" class=\"row\">\n<div id=\"2646-image-2647\" class=\"col-xs-12 col-sm-4 col-md-4\">\n<div class=\"thumbnail\"><a href=\"https:\/\/vspoechlarn.ac.at\/wordpress\/wp-content\/uploads\/2019\/10\/IMG-20191016-WA0007.jpg\"><img loading=\"lazy\" decoding=\"async\" class=\"attachment-large size-large\" src=\"https:\/\/vspoechlarn.ac.at\/wordpress\/wp-content\/uploads\/2019\/10\/IMG-20191016-WA0007-768x1024.jpg\" sizes=\"auto, (max-width: 768px) 100vw, 768px\" srcset=\"https:\/\/vspoechlarn.ac.at\/wordpress\/wp-content\/uploads\/2019\/10\/IMG-20191016-WA0007-768x1024.jpg 768w, https:\/\/vspoechlarn.ac.at\/wordpress\/wp-content\/uploads\/2019\/10\/IMG-20191016-WA0007-225x300.jpg 225w, https:\/\/vspoechlarn.ac.at\/wordpress\/wp-content\/uploads\/2019\/10\/IMG-20191016-WA0007.jpg 810w\" alt=\"\" width=\"768\" height=\"1024\" \/><\/a><\/div>\n<\/div>\n<\/div>\n<\/div>\n<\/div>\n<\/div>\n<div class=\"panel-footer entry-meta\"><small><span class=\"loop-category\"><a class=\"label label-primary\" href=\"https:\/\/vspoechlarn.ac.at\/wordpress\/category\/allgemein\/\">Startseite<\/a>\u00a0<\/span><span class=\"loop-author\">|\u00a0<span class=\"author vcard\"><a class=\"url fn n\" href=\"https:\/\/vspoechlarn.ac.at\/wordpress\/author\/wp-admin\/\">wp-admin<\/a><\/span><\/span>\u00a0<span class=\"loop-date\">|\u00a0<time class=\"entry-date published updated\" datetime=\"2019-10-17T12:25:53+02:00\">17. Oktober 2019<\/time><\/span>\u00a0|\u00a0<span class=\"edit-link\"><a class=\"post-edit-link\" href=\"https:\/\/vspoechlarn.ac.at\/wordpress\/wp-admin\/post.php?post=2646&amp;action=edit\">Bearbeiten<\/a><\/span><\/small><\/p>\n<div class=\"clearfix\"><\/div>\n<\/div>\n<\/div>\n<\/article>\n<article id=\"post-2642\" class=\"loop_list post-2642 post type-post status-publish format-standard hentry category-allgemein\">\n<div class=\"panel panel-default\">\n<div class=\"panel-body clearfix\">\n<div class=\"fs-have-thumbnail\">\n<header class=\"entry-header\">\n<h4 class=\"entry-title\"><strong><a title=\"Permanentlink zu Unverbindliche \u00dcbung Schach\" href=\"https:\/\/vspoechlarn.ac.at\/wordpress\/2019\/10\/07\/unverbindliche-uebung-schach\/\" rel=\"bookmark\">Unverbindliche \u00dcbung Schach<\/a><\/strong><\/h4>\n<\/header>\n<div class=\"entry-content\">\n<p>Zur unverbindlichen \u00dcbung Schach d\u00fcrfen wir\u00a0 auch heuer wieder Herrn Ing. Robert Gattermayer bei uns in der Schule begr\u00fc\u00dfen, der unentgeltlich jede Woche mit seinem Wissen gl\u00e4nzt und dieses an die schachbegeisterten Kinder weitergibt.<\/p>\n<div id=\"gallery_2642_36\" class=\"row\">\n<div id=\"2642-image-2643\" class=\"col-xs-12 col-sm-4 col-md-4\">\n<div class=\"thumbnail\"><a href=\"https:\/\/vspoechlarn.ac.at\/wordpress\/wp-content\/uploads\/2019\/10\/cid_a84e3824-d134-4947-8073-7d3a0a8480de@lsr-noe_gv-Mittel.jpg\"><img loading=\"lazy\" decoding=\"async\" class=\"attachment-large size-large\" src=\"https:\/\/vspoechlarn.ac.at\/wordpress\/wp-content\/uploads\/2019\/10\/cid_a84e3824-d134-4947-8073-7d3a0a8480de@lsr-noe_gv-Mittel-1024x768.jpg\" sizes=\"auto, (max-width: 900px) 100vw, 900px\" srcset=\"https:\/\/vspoechlarn.ac.at\/wordpress\/wp-content\/uploads\/2019\/10\/cid_a84e3824-d134-4947-8073-7d3a0a8480de@lsr-noe_gv-Mittel.jpg 1024w, https:\/\/vspoechlarn.ac.at\/wordpress\/wp-content\/uploads\/2019\/10\/cid_a84e3824-d134-4947-8073-7d3a0a8480de@lsr-noe_gv-Mittel-350x263.jpg 350w\" alt=\"\" width=\"900\" height=\"675\" \/><\/a><\/div>\n<\/div>\n<\/div>\n<\/div>\n<\/div>\n<\/div>\n<div class=\"panel-footer entry-meta\"><small><span class=\"loop-category\"><a class=\"label label-primary\" href=\"https:\/\/vspoechlarn.ac.at\/wordpress\/category\/allgemein\/\">Startseite<\/a>\u00a0<\/span><span class=\"loop-author\">|\u00a0<span class=\"author vcard\"><a class=\"url fn n\" href=\"https:\/\/vspoechlarn.ac.at\/wordpress\/author\/wp-admin\/\">wp-admin<\/a><\/span><\/span>\u00a0<span class=\"loop-date\">|\u00a0<time class=\"entry-date published updated\" datetime=\"2019-10-07T10:00:39+02:00\">7. Oktober 2019<\/time><\/span>\u00a0|\u00a0<span class=\"edit-link\"><a class=\"post-edit-link\" href=\"https:\/\/vspoechlarn.ac.at\/wordpress\/wp-admin\/post.php?post=2642&amp;action=edit\">Bearbeiten<\/a><\/span><\/small><\/p>\n<div class=\"clearfix\"><\/div>\n<\/div>\n<\/div>\n<\/article>\n<article id=\"post-2633\" class=\"loop_list post-2633 post type-post status-publish format-standard hentry category-allgemein\">\n<div class=\"panel panel-default\">\n<div class=\"panel-body clearfix\">\n<div class=\"fs-have-thumbnail\">\n<header class=\"entry-header\">\n<h4 class=\"entry-title\"><strong><a title=\"Permanentlink zu Wundersch\u00f6ne Heftumschl\u00e4ge\" href=\"https:\/\/vspoechlarn.ac.at\/wordpress\/2019\/10\/07\/wunderschoene-heftumschlaege\/\" rel=\"bookmark\">Wundersch\u00f6ne Heftumschl\u00e4ge<\/a><\/strong><\/h4>\n<\/header>\n<div class=\"entry-content\">\n<p>Motivationssteigerung durch selbstgemachte Umschl\u00e4ge in der 3a! In diesen Heften schreibt es sich bestimmt ganz toll!<\/p>\n<p>&nbsp;<\/p>\n<div id=\"gallery_2633_37\" class=\"row\">\n<div id=\"2633-image-2638\" class=\"col-xs-12 col-sm-4 col-md-4\">\n<div class=\"thumbnail\"><a href=\"https:\/\/vspoechlarn.ac.at\/wordpress\/wp-content\/uploads\/2019\/10\/DSC09024-Mittel.jpg\"><img loading=\"lazy\" decoding=\"async\" class=\"attachment-large size-large\" src=\"https:\/\/vspoechlarn.ac.at\/wordpress\/wp-content\/uploads\/2019\/10\/DSC09024-Mittel-1024x680.jpg\" sizes=\"auto, (max-width: 900px) 100vw, 900px\" srcset=\"https:\/\/vspoechlarn.ac.at\/wordpress\/wp-content\/uploads\/2019\/10\/DSC09024-Mittel-1024x680.jpg 1024w, https:\/\/vspoechlarn.ac.at\/wordpress\/wp-content\/uploads\/2019\/10\/DSC09024-Mittel-350x233.jpg 350w, https:\/\/vspoechlarn.ac.at\/wordpress\/wp-content\/uploads\/2019\/10\/DSC09024-Mittel.jpg 1156w\" alt=\"\" width=\"900\" height=\"598\" \/><\/a><\/div>\n<\/div>\n<div id=\"2633-image-2637\" class=\"col-xs-12 col-sm-4 col-md-4\">\n<div class=\"thumbnail\"><a href=\"https:\/\/vspoechlarn.ac.at\/wordpress\/wp-content\/uploads\/2019\/10\/DSC09021-Mittel.jpg\"><img loading=\"lazy\" decoding=\"async\" class=\"attachment-large size-large\" src=\"https:\/\/vspoechlarn.ac.at\/wordpress\/wp-content\/uploads\/2019\/10\/DSC09021-Mittel-1024x680.jpg\" sizes=\"auto, (max-width: 900px) 100vw, 900px\" srcset=\"https:\/\/vspoechlarn.ac.at\/wordpress\/wp-content\/uploads\/2019\/10\/DSC09021-Mittel-1024x680.jpg 1024w, https:\/\/vspoechlarn.ac.at\/wordpress\/wp-content\/uploads\/2019\/10\/DSC09021-Mittel-350x233.jpg 350w, https:\/\/vspoechlarn.ac.at\/wordpress\/wp-content\/uploads\/2019\/10\/DSC09021-Mittel.jpg 1156w\" alt=\"\" width=\"900\" height=\"598\" \/><\/a><\/div>\n<\/div>\n<div id=\"2633-image-2639\" class=\"col-xs-12 col-sm-4 col-md-4\">\n<div class=\"thumbnail\"><a href=\"https:\/\/vspoechlarn.ac.at\/wordpress\/wp-content\/uploads\/2019\/10\/DSC09025-Mittel.jpg\"><img loading=\"lazy\" decoding=\"async\" class=\"attachment-large size-large\" src=\"https:\/\/vspoechlarn.ac.at\/wordpress\/wp-content\/uploads\/2019\/10\/DSC09025-Mittel-1024x680.jpg\" sizes=\"auto, (max-width: 900px) 100vw, 900px\" srcset=\"https:\/\/vspoechlarn.ac.at\/wordpress\/wp-content\/uploads\/2019\/10\/DSC09025-Mittel-1024x680.jpg 1024w, https:\/\/vspoechlarn.ac.at\/wordpress\/wp-content\/uploads\/2019\/10\/DSC09025-Mittel-350x233.jpg 350w, https:\/\/vspoechlarn.ac.at\/wordpress\/wp-content\/uploads\/2019\/10\/DSC09025-Mittel.jpg 1156w\" alt=\"\" width=\"900\" height=\"598\" \/><\/a><\/div>\n<\/div>\n<div class=\"clearfix visible-md-block visible-lg-block\"><\/div>\n<\/div>\n<\/div>\n<\/div>\n<\/div>\n<div class=\"panel-footer entry-meta\"><small><span class=\"loop-category\"><a class=\"label label-primary\" href=\"https:\/\/vspoechlarn.ac.at\/wordpress\/category\/allgemein\/\">Startseite<\/a>\u00a0<\/span><span class=\"loop-author\">|\u00a0<span class=\"author vcard\"><a class=\"url fn n\" href=\"https:\/\/vspoechlarn.ac.at\/wordpress\/author\/wp-admin\/\">wp-admin<\/a><\/span><\/span>\u00a0<span class=\"loop-date\">|\u00a0<time class=\"entry-date published updated\" datetime=\"2019-10-07T09:57:26+02:00\">7. Oktober 2019<\/time><\/span>\u00a0|\u00a0<span class=\"edit-link\"><a class=\"post-edit-link\" href=\"https:\/\/vspoechlarn.ac.at\/wordpress\/wp-admin\/post.php?post=2633&amp;action=edit\">Bearbeiten<\/a><\/span><\/small><\/p>\n<div class=\"clearfix\"><\/div>\n<\/div>\n<\/div>\n<\/article>\n<article id=\"post-2613\" class=\"loop_list post-2613 post type-post status-publish format-standard hentry category-allgemein\">\n<div class=\"panel panel-default\">\n<div class=\"panel-body clearfix\">\n<div class=\"fs-have-thumbnail\">\n<header class=\"entry-header\">\n<h4 class=\"entry-title\"><strong><a title=\"Permanentlink zu Doni und der Nibelungenschatz\" href=\"https:\/\/vspoechlarn.ac.at\/wordpress\/2019\/10\/03\/doni-erzaehlt-die-nibelungensage\/\" rel=\"bookmark\">Doni und der Nibelungenschatz<\/a><\/strong><\/h4>\n<\/header>\n<div class=\"entry-content\">\n<p>Der kleine Drache Doni und seine beiden Freunde erz\u00e4hlten im kleinen Turnsaal auf humorvolle Art die Nibelungensage. Finanziert wurde diese grandiose Auff\u00fchrung von unserem Elternverein, dem wir an\u00a0 dieser Stelle ganz herzlich danken.<\/p>\n<div id=\"gallery_2613_38\" class=\"row\">\n<div id=\"2613-image-2614\" class=\"col-xs-12 col-sm-2 col-md-2\">\n<div class=\"thumbnail\"><a href=\"https:\/\/vspoechlarn.ac.at\/wordpress\/wp-content\/uploads\/2019\/10\/DSC09050-Mittel.jpg\"><img loading=\"lazy\" decoding=\"async\" class=\"attachment-large size-large\" src=\"https:\/\/vspoechlarn.ac.at\/wordpress\/wp-content\/uploads\/2019\/10\/DSC09050-Mittel-1024x680.jpg\" sizes=\"auto, (max-width: 900px) 100vw, 900px\" srcset=\"https:\/\/vspoechlarn.ac.at\/wordpress\/wp-content\/uploads\/2019\/10\/DSC09050-Mittel-1024x680.jpg 1024w, https:\/\/vspoechlarn.ac.at\/wordpress\/wp-content\/uploads\/2019\/10\/DSC09050-Mittel-350x233.jpg 350w, https:\/\/vspoechlarn.ac.at\/wordpress\/wp-content\/uploads\/2019\/10\/DSC09050-Mittel.jpg 1156w\" alt=\"\" width=\"900\" height=\"598\" \/><\/a><\/div>\n<\/div>\n<div id=\"2613-image-2615\" class=\"col-xs-12 col-sm-2 col-md-2\">\n<div class=\"thumbnail\"><a href=\"https:\/\/vspoechlarn.ac.at\/wordpress\/wp-content\/uploads\/2019\/10\/DSC09053-Mittel.jpg\"><img loading=\"lazy\" decoding=\"async\" class=\"attachment-large size-large\" src=\"https:\/\/vspoechlarn.ac.at\/wordpress\/wp-content\/uploads\/2019\/10\/DSC09053-Mittel-1024x680.jpg\" sizes=\"auto, (max-width: 900px) 100vw, 900px\" srcset=\"https:\/\/vspoechlarn.ac.at\/wordpress\/wp-content\/uploads\/2019\/10\/DSC09053-Mittel-1024x680.jpg 1024w, https:\/\/vspoechlarn.ac.at\/wordpress\/wp-content\/uploads\/2019\/10\/DSC09053-Mittel-350x233.jpg 350w, https:\/\/vspoechlarn.ac.at\/wordpress\/wp-content\/uploads\/2019\/10\/DSC09053-Mittel.jpg 1156w\" alt=\"\" width=\"900\" height=\"598\" \/><\/a><\/div>\n<\/div>\n<div id=\"2613-image-2616\" class=\"col-xs-12 col-sm-2 col-md-2\">\n<div class=\"thumbnail\"><a href=\"https:\/\/vspoechlarn.ac.at\/wordpress\/wp-content\/uploads\/2019\/10\/DSC09058-Mittel.jpg\"><img loading=\"lazy\" decoding=\"async\" class=\"attachment-large size-large\" src=\"https:\/\/vspoechlarn.ac.at\/wordpress\/wp-content\/uploads\/2019\/10\/DSC09058-Mittel-1024x680.jpg\" sizes=\"auto, (max-width: 900px) 100vw, 900px\" srcset=\"https:\/\/vspoechlarn.ac.at\/wordpress\/wp-content\/uploads\/2019\/10\/DSC09058-Mittel-1024x680.jpg 1024w, https:\/\/vspoechlarn.ac.at\/wordpress\/wp-content\/uploads\/2019\/10\/DSC09058-Mittel-350x233.jpg 350w, https:\/\/vspoechlarn.ac.at\/wordpress\/wp-content\/uploads\/2019\/10\/DSC09058-Mittel.jpg 1156w\" alt=\"\" width=\"900\" height=\"598\" \/><\/a><\/div>\n<\/div>\n<div id=\"2613-image-2617\" class=\"col-xs-12 col-sm-2 col-md-2\">\n<div class=\"thumbnail\"><a href=\"https:\/\/vspoechlarn.ac.at\/wordpress\/wp-content\/uploads\/2019\/10\/DSC09060-Mittel.jpg\"><img loading=\"lazy\" decoding=\"async\" class=\"attachment-large size-large\" src=\"https:\/\/vspoechlarn.ac.at\/wordpress\/wp-content\/uploads\/2019\/10\/DSC09060-Mittel-1024x680.jpg\" sizes=\"auto, (max-width: 900px) 100vw, 900px\" srcset=\"https:\/\/vspoechlarn.ac.at\/wordpress\/wp-content\/uploads\/2019\/10\/DSC09060-Mittel-1024x680.jpg 1024w, https:\/\/vspoechlarn.ac.at\/wordpress\/wp-content\/uploads\/2019\/10\/DSC09060-Mittel-350x233.jpg 350w, https:\/\/vspoechlarn.ac.at\/wordpress\/wp-content\/uploads\/2019\/10\/DSC09060-Mittel.jpg 1156w\" alt=\"\" width=\"900\" height=\"598\" \/><\/a><\/div>\n<\/div>\n<div id=\"2613-image-2618\" class=\"col-xs-12 col-sm-2 col-md-2\">\n<div class=\"thumbnail\"><a href=\"https:\/\/vspoechlarn.ac.at\/wordpress\/wp-content\/uploads\/2019\/10\/DSC09062.jpg\"><img loading=\"lazy\" decoding=\"async\" class=\"attachment-large size-large\" src=\"https:\/\/vspoechlarn.ac.at\/wordpress\/wp-content\/uploads\/2019\/10\/DSC09062-1024x680.jpg\" sizes=\"auto, (max-width: 900px) 100vw, 900px\" srcset=\"https:\/\/vspoechlarn.ac.at\/wordpress\/wp-content\/uploads\/2019\/10\/DSC09062-1024x680.jpg 1024w, https:\/\/vspoechlarn.ac.at\/wordpress\/wp-content\/uploads\/2019\/10\/DSC09062-350x233.jpg 350w, https:\/\/vspoechlarn.ac.at\/wordpress\/wp-content\/uploads\/2019\/10\/DSC09062.jpg 1626w\" alt=\"\" width=\"900\" height=\"598\" \/><\/a><\/div>\n<\/div>\n<\/div>\n<p>&nbsp;<\/p>\n<\/div>\n<\/div>\n<\/div>\n<div class=\"panel-footer entry-meta\"><small><span class=\"loop-category\"><a class=\"label label-primary\" href=\"https:\/\/vspoechlarn.ac.at\/wordpress\/category\/allgemein\/\">Startseite<\/a>\u00a0<\/span><span class=\"loop-author\">|\u00a0<span class=\"author vcard\"><a class=\"url fn n\" href=\"https:\/\/vspoechlarn.ac.at\/wordpress\/author\/wp-admin\/\">wp-admin<\/a><\/span><\/span>\u00a0<span class=\"loop-date\">|\u00a0<time class=\"entry-date published updated\" datetime=\"2019-10-03T11:27:50+02:00\">3. Oktober 2019<\/time><\/span>\u00a0|\u00a0<span class=\"edit-link\"><a class=\"post-edit-link\" href=\"https:\/\/vspoechlarn.ac.at\/wordpress\/wp-admin\/post.php?post=2613&amp;action=edit\">Bearbeiten<\/a><\/span><\/small><\/p>\n<div class=\"clearfix\"><\/div>\n<\/div>\n<\/div>\n<\/article>\n<article id=\"post-2610\" class=\"loop_list post-2610 post type-post status-publish format-standard hentry category-allgemein\">\n<div class=\"panel panel-default\">\n<div class=\"panel-body clearfix\">\n<div class=\"fs-have-thumbnail\">\n<header class=\"entry-header\">\n<h4 class=\"entry-title\"><strong><a title=\"Permanentlink zu Vitamine im Lehrerinnenzimmer!\" href=\"https:\/\/vspoechlarn.ac.at\/wordpress\/2019\/10\/03\/vitamine-im-lehrerinnenzimmer\/\" rel=\"bookmark\">Vitamine im Lehrerinnenzimmer!<\/a><\/strong><\/h4>\n<\/header>\n<div class=\"entry-content\">\n<p>Recht herzlichen Dank sagen wir unserem Herrn B\u00fcrgermeister Franz Heisler f\u00fcr den herrlichen Obstkorb, den er gemeinsam mit Vizeb\u00fcrgermeister Markus Mandic \u00fcberreichte.<\/p>\n<div id=\"gallery_2610_39\" class=\"row\">\n<div id=\"2610-image-2611\" class=\"col-xs-12 col-sm-4 col-md-4\">\n<div class=\"thumbnail\"><a href=\"https:\/\/vspoechlarn.ac.at\/wordpress\/wp-content\/uploads\/2019\/10\/DSC09046-Mittel.jpg\"><img loading=\"lazy\" decoding=\"async\" class=\"attachment-large size-large\" src=\"https:\/\/vspoechlarn.ac.at\/wordpress\/wp-content\/uploads\/2019\/10\/DSC09046-Mittel-1024x680.jpg\" sizes=\"auto, (max-width: 900px) 100vw, 900px\" srcset=\"https:\/\/vspoechlarn.ac.at\/wordpress\/wp-content\/uploads\/2019\/10\/DSC09046-Mittel-1024x680.jpg 1024w, https:\/\/vspoechlarn.ac.at\/wordpress\/wp-content\/uploads\/2019\/10\/DSC09046-Mittel-350x233.jpg 350w, https:\/\/vspoechlarn.ac.at\/wordpress\/wp-content\/uploads\/2019\/10\/DSC09046-Mittel.jpg 1156w\" alt=\"\" width=\"900\" height=\"598\" \/><\/a><\/div>\n<\/div>\n<\/div>\n<\/div>\n<\/div>\n<\/div>\n<div class=\"panel-footer entry-meta\"><small><span class=\"loop-category\"><a class=\"label label-primary\" href=\"https:\/\/vspoechlarn.ac.at\/wordpress\/category\/allgemein\/\">Startseite<\/a>\u00a0<\/span><span class=\"loop-author\">|\u00a0<span class=\"author vcard\"><a class=\"url fn n\" href=\"https:\/\/vspoechlarn.ac.at\/wordpress\/author\/wp-admin\/\">wp-admin<\/a><\/span><\/span>\u00a0<span class=\"loop-date\">|\u00a0<time class=\"entry-date published updated\" datetime=\"2019-10-03T11:21:22+02:00\">3. Oktober 2019<\/time><\/span>\u00a0|\u00a0<span class=\"edit-link\"><a class=\"post-edit-link\" href=\"https:\/\/vspoechlarn.ac.at\/wordpress\/wp-admin\/post.php?post=2610&amp;action=edit\">Bearbeiten<\/a><\/span><\/small><\/p>\n<div class=\"clearfix\"><\/div>\n<\/div>\n<\/div>\n<\/article>\n<article id=\"post-2602\" class=\"loop_list post-2602 post type-post status-publish format-standard hentry category-allgemein\">\n<div class=\"panel panel-default\">\n<div class=\"panel-body clearfix\">\n<div class=\"fs-have-thumbnail\">\n<header class=\"entry-header\">\n<h4 class=\"entry-title\"><strong><a title=\"Permanentlink zu Freiarbeit in der 1.Klasse\" href=\"https:\/\/vspoechlarn.ac.at\/wordpress\/2019\/10\/03\/freiarbeit-in-der-1-klasse\/\" rel=\"bookmark\">Freiarbeit in der 1.Klasse<\/a><\/strong><\/h4>\n<\/header>\n<div class=\"entry-content\">\n<p>Bereits nach wenigen Wochen schaffen es unsere J\u00fcngsten, sich in einer vorbereiteten Umgebung bestens zu organisieren.<\/p>\n<div id=\"gallery_2602_40\" class=\"row\">\n<div id=\"2602-image-2604\" class=\"col-xs-12 col-sm-4 col-md-4\">\n<div class=\"thumbnail\"><a href=\"https:\/\/vspoechlarn.ac.at\/wordpress\/wp-content\/uploads\/2019\/10\/DSC09041-Mittel.jpg\"><img loading=\"lazy\" decoding=\"async\" class=\"attachment-large size-large\" src=\"https:\/\/vspoechlarn.ac.at\/wordpress\/wp-content\/uploads\/2019\/10\/DSC09041-Mittel-1024x680.jpg\" sizes=\"auto, (max-width: 900px) 100vw, 900px\" srcset=\"https:\/\/vspoechlarn.ac.at\/wordpress\/wp-content\/uploads\/2019\/10\/DSC09041-Mittel-1024x680.jpg 1024w, https:\/\/vspoechlarn.ac.at\/wordpress\/wp-content\/uploads\/2019\/10\/DSC09041-Mittel-350x233.jpg 350w, https:\/\/vspoechlarn.ac.at\/wordpress\/wp-content\/uploads\/2019\/10\/DSC09041-Mittel.jpg 1156w\" alt=\"\" width=\"900\" height=\"598\" \/><\/a><\/div>\n<\/div>\n<div id=\"2602-image-2605\" class=\"col-xs-12 col-sm-4 col-md-4\">\n<div class=\"thumbnail\"><a href=\"https:\/\/vspoechlarn.ac.at\/wordpress\/wp-content\/uploads\/2019\/10\/DSC09042-Mittel.jpg\"><img loading=\"lazy\" decoding=\"async\" class=\"attachment-large size-large\" src=\"https:\/\/vspoechlarn.ac.at\/wordpress\/wp-content\/uploads\/2019\/10\/DSC09042-Mittel-1024x680.jpg\" sizes=\"auto, (max-width: 900px) 100vw, 900px\" srcset=\"https:\/\/vspoechlarn.ac.at\/wordpress\/wp-content\/uploads\/2019\/10\/DSC09042-Mittel-1024x680.jpg 1024w, https:\/\/vspoechlarn.ac.at\/wordpress\/wp-content\/uploads\/2019\/10\/DSC09042-Mittel-350x233.jpg 350w, https:\/\/vspoechlarn.ac.at\/wordpress\/wp-content\/uploads\/2019\/10\/DSC09042-Mittel.jpg 1156w\" alt=\"\" width=\"900\" height=\"598\" \/><\/a><\/div>\n<\/div>\n<div id=\"2602-image-2606\" class=\"col-xs-12 col-sm-4 col-md-4\">\n<div class=\"thumbnail\"><a href=\"https:\/\/vspoechlarn.ac.at\/wordpress\/wp-content\/uploads\/2019\/10\/DSC09043-Mittel.jpg\"><img loading=\"lazy\" decoding=\"async\" class=\"attachment-large size-large\" src=\"https:\/\/vspoechlarn.ac.at\/wordpress\/wp-content\/uploads\/2019\/10\/DSC09043-Mittel-1024x680.jpg\" sizes=\"auto, (max-width: 900px) 100vw, 900px\" srcset=\"https:\/\/vspoechlarn.ac.at\/wordpress\/wp-content\/uploads\/2019\/10\/DSC09043-Mittel-1024x680.jpg 1024w, https:\/\/vspoechlarn.ac.at\/wordpress\/wp-content\/uploads\/2019\/10\/DSC09043-Mittel-350x233.jpg 350w, https:\/\/vspoechlarn.ac.at\/wordpress\/wp-content\/uploads\/2019\/10\/DSC09043-Mittel.jpg 1156w\" alt=\"\" width=\"900\" height=\"598\" \/><\/a><\/div>\n<\/div>\n<div class=\"clearfix visible-md-block visible-lg-block\"><\/div>\n<\/div>\n<\/div>\n<\/div>\n<\/div>\n<div class=\"panel-footer entry-meta\"><small><span class=\"loop-category\"><a class=\"label label-primary\" href=\"https:\/\/vspoechlarn.ac.at\/wordpress\/category\/allgemein\/\">Startseite<\/a>\u00a0<\/span><span class=\"loop-author\">|\u00a0<span class=\"author vcard\"><a class=\"url fn n\" href=\"https:\/\/vspoechlarn.ac.at\/wordpress\/author\/wp-admin\/\">wp-admin<\/a><\/span><\/span>\u00a0<span class=\"loop-date\">|\u00a0<time class=\"entry-date published updated\" datetime=\"2019-10-03T11:17:28+02:00\">3. Oktober 2019<\/time><\/span>\u00a0|\u00a0<span class=\"edit-link\"><a class=\"post-edit-link\" href=\"https:\/\/vspoechlarn.ac.at\/wordpress\/wp-admin\/post.php?post=2602&amp;action=edit\">Bearbeiten<\/a><\/span><\/small><\/p>\n<div class=\"clearfix\"><\/div>\n<\/div>\n<\/div>\n<\/article>\n<article id=\"post-2597\" class=\"loop_list post-2597 post type-post status-publish format-standard hentry category-allgemein\">\n<div class=\"panel panel-default\">\n<div class=\"panel-body clearfix\">\n<div class=\"fs-have-thumbnail\">\n<header class=\"entry-header\">\n<h4 class=\"entry-title\"><strong><a title=\"Permanentlink zu Schwimmunterricht\" href=\"https:\/\/vspoechlarn.ac.at\/wordpress\/2019\/09\/30\/schwimmunterricht\/\" rel=\"bookmark\">Schwimmunterricht<\/a><\/strong><\/h4>\n<\/header>\n<div class=\"entry-content\">\n<p>Die 4ab Klasse fuhr f\u00fcr 3 Tage nach Oberndorf ins Hallenbad. Es wurde f\u00fcr das Fr\u00fchschwimmer-, Freischwimmer- und Fahrtenschwimmerabzeichen flei\u00dfig ge\u00fcbt. Die Kinder waren mit gro\u00dfer Begeisterung und Freude dabei! Ein herzliches Dankesch\u00f6n an die Gemeinde, die die Kosten f\u00fcr den Bus\u00a0 \u00fcbernommen hat, und an unseren Elternverein, der sich gro\u00dfz\u00fcgig am Eintritt beteiligt hat .<\/p>\n<div id=\"gallery_2597_41\" class=\"row\">\n<div id=\"2597-image-2598\" class=\"col-xs-12 col-sm-4 col-md-4\">\n<div class=\"thumbnail\"><a href=\"https:\/\/vspoechlarn.ac.at\/wordpress\/wp-content\/uploads\/2019\/09\/schwimmen1.jpg\"><img loading=\"lazy\" decoding=\"async\" class=\"attachment-large size-large\" src=\"https:\/\/vspoechlarn.ac.at\/wordpress\/wp-content\/uploads\/2019\/09\/schwimmen1-1024x768.jpg\" sizes=\"auto, (max-width: 900px) 100vw, 900px\" srcset=\"https:\/\/vspoechlarn.ac.at\/wordpress\/wp-content\/uploads\/2019\/09\/schwimmen1-1024x768.jpg 1024w, https:\/\/vspoechlarn.ac.at\/wordpress\/wp-content\/uploads\/2019\/09\/schwimmen1-350x263.jpg 350w, https:\/\/vspoechlarn.ac.at\/wordpress\/wp-content\/uploads\/2019\/09\/schwimmen1.jpg 1440w\" alt=\"\" width=\"900\" height=\"675\" \/><\/a><\/div>\n<\/div>\n<\/div>\n<\/div>\n<\/div>\n<\/div>\n<div class=\"panel-footer entry-meta\"><small><span class=\"loop-category\"><a class=\"label label-primary\" href=\"https:\/\/vspoechlarn.ac.at\/wordpress\/category\/allgemein\/\">Startseite<\/a>\u00a0<\/span><span class=\"loop-author\">|\u00a0<span class=\"author vcard\"><a class=\"url fn n\" href=\"https:\/\/vspoechlarn.ac.at\/wordpress\/author\/wp-admin\/\">wp-admin<\/a><\/span><\/span>\u00a0<span class=\"loop-date\">|\u00a0<time class=\"entry-date published updated\" datetime=\"2019-09-30T19:07:08+02:00\">30. September 2019<\/time><\/span>\u00a0|\u00a0<span class=\"edit-link\"><a class=\"post-edit-link\" href=\"https:\/\/vspoechlarn.ac.at\/wordpress\/wp-admin\/post.php?post=2597&amp;action=edit\">Bearbeiten<\/a><\/span><\/small><\/p>\n<div class=\"clearfix\"><\/div>\n<\/div>\n<\/div>\n<\/article>\n<article id=\"post-2589\" class=\"loop_list post-2589 post type-post status-publish format-standard hentry category-allgemein\">\n<div class=\"panel panel-default\">\n<div class=\"panel-body clearfix\">\n<div class=\"fs-have-thumbnail\">\n<header class=\"entry-header\">\n<h4 class=\"entry-title\"><strong><a title=\"Permanentlink zu Ausflug zum Stift Melk\" href=\"https:\/\/vspoechlarn.ac.at\/wordpress\/2019\/09\/19\/ausflug-zum-stift-melk\/\" rel=\"bookmark\">Ausflug zum Stift Melk<\/a><\/strong><\/h4>\n<\/header>\n<div class=\"entry-content\">\n<p>Diese Woche war die Klasse 4ab im Stift Melk. Neben der F\u00fchrung durch die Bibliothek, den Marmorsaal und die wundersch\u00f6n hohen Flure sorgte auch der Rundgang durch den Park f\u00fcr Begeisterung.<\/p>\n<div id=\"gallery_2589_42\" class=\"row\">\n<div id=\"2589-image-2595\" class=\"col-xs-12 col-sm-4 col-md-4\">\n<div class=\"thumbnail\"><a href=\"https:\/\/vspoechlarn.ac.at\/wordpress\/wp-content\/uploads\/2019\/09\/Melk_Innenhof1.jpg\"><img loading=\"lazy\" decoding=\"async\" class=\"attachment-large size-large\" src=\"https:\/\/vspoechlarn.ac.at\/wordpress\/wp-content\/uploads\/2019\/09\/Melk_Innenhof1-1024x768.jpg\" sizes=\"auto, (max-width: 900px) 100vw, 900px\" srcset=\"https:\/\/vspoechlarn.ac.at\/wordpress\/wp-content\/uploads\/2019\/09\/Melk_Innenhof1-1024x768.jpg 1024w, https:\/\/vspoechlarn.ac.at\/wordpress\/wp-content\/uploads\/2019\/09\/Melk_Innenhof1-350x263.jpg 350w, https:\/\/vspoechlarn.ac.at\/wordpress\/wp-content\/uploads\/2019\/09\/Melk_Innenhof1.jpg 1440w\" alt=\"\" width=\"900\" height=\"675\" \/><\/a><\/div>\n<\/div>\n<div id=\"2589-image-2594\" class=\"col-xs-12 col-sm-4 col-md-4\">\n<div class=\"thumbnail\"><a href=\"https:\/\/vspoechlarn.ac.at\/wordpress\/wp-content\/uploads\/2019\/09\/Melk1.jpg\"><img loading=\"lazy\" decoding=\"async\" class=\"attachment-large size-large\" src=\"https:\/\/vspoechlarn.ac.at\/wordpress\/wp-content\/uploads\/2019\/09\/Melk1-1024x813.jpg\" sizes=\"auto, (max-width: 900px) 100vw, 900px\" srcset=\"https:\/\/vspoechlarn.ac.at\/wordpress\/wp-content\/uploads\/2019\/09\/Melk1-1024x813.jpg 1024w, https:\/\/vspoechlarn.ac.at\/wordpress\/wp-content\/uploads\/2019\/09\/Melk1-350x278.jpg 350w, https:\/\/vspoechlarn.ac.at\/wordpress\/wp-content\/uploads\/2019\/09\/Melk1.jpg 1360w\" alt=\"\" width=\"900\" height=\"715\" \/><\/a><\/div>\n<\/div>\n<\/div>\n<p>&nbsp;<\/p>\n<\/div>\n<\/div>\n<\/div>\n<div class=\"panel-footer entry-meta\"><small><span class=\"loop-category\"><a class=\"label label-primary\" href=\"https:\/\/vspoechlarn.ac.at\/wordpress\/category\/allgemein\/\">Startseite<\/a>\u00a0<\/span><span class=\"loop-author\">|\u00a0<span class=\"author vcard\"><a class=\"url fn n\" href=\"https:\/\/vspoechlarn.ac.at\/wordpress\/author\/wp-admin\/\">wp-admin<\/a><\/span><\/span>\u00a0<span class=\"loop-date\">|\u00a0<time class=\"entry-date published updated\" datetime=\"2019-09-19T06:28:34+02:00\">19. September 2019<\/time><\/span>\u00a0|\u00a0<span class=\"edit-link\"><a class=\"post-edit-link\" href=\"https:\/\/vspoechlarn.ac.at\/wordpress\/wp-admin\/post.php?post=2589&amp;action=edit\">Bearbeiten<\/a><\/span><\/small><\/p>\n<div class=\"clearfix\"><\/div>\n<\/div>\n<\/div>\n<\/article>\n<article id=\"post-2574\" class=\"loop_list post-2574 post type-post status-publish format-standard hentry category-allgemein\">\n<div class=\"panel panel-default\">\n<div class=\"panel-body clearfix\">\n<div class=\"fs-have-thumbnail\">\n<header class=\"entry-header\">\n<h4 class=\"entry-title\"><strong><a title=\"Permanentlink zu Sicher in die Schule\u2026\" href=\"https:\/\/vspoechlarn.ac.at\/wordpress\/2019\/09\/09\/sicher-in-die-schule\/\" rel=\"bookmark\">Sicher in die Schule\u2026<\/a><\/strong><\/h4>\n<\/header>\n<div class=\"entry-content\">\n<p>\u2026 kommen unsere Sch\u00fclerinnen und Sch\u00fcler dank unserer Schutzengel, die wie jedes Jahr in den ersten Wochen an der Kreuzung helfen.<\/p>\n<div id=\"gallery_2574_43\" class=\"row\">\n<div id=\"2574-image-2576\" class=\"col-xs-12 col-sm-4 col-md-4\">\n<div class=\"thumbnail\"><a href=\"https:\/\/vspoechlarn.ac.at\/wordpress\/wp-content\/uploads\/2019\/09\/IMG_9116_1.jpg\"><img loading=\"lazy\" decoding=\"async\" class=\"attachment-large size-large\" src=\"https:\/\/vspoechlarn.ac.at\/wordpress\/wp-content\/uploads\/2019\/09\/IMG_9116_1-1024x772.jpg\" sizes=\"auto, (max-width: 900px) 100vw, 900px\" srcset=\"https:\/\/vspoechlarn.ac.at\/wordpress\/wp-content\/uploads\/2019\/09\/IMG_9116_1-1024x772.jpg 1024w, https:\/\/vspoechlarn.ac.at\/wordpress\/wp-content\/uploads\/2019\/09\/IMG_9116_1-350x264.jpg 350w, https:\/\/vspoechlarn.ac.at\/wordpress\/wp-content\/uploads\/2019\/09\/IMG_9116_1.jpg 1085w\" alt=\"\" width=\"900\" height=\"679\" \/><\/a><\/div>\n<\/div>\n<\/div>\n<\/div>\n<\/div>\n<\/div>\n<div class=\"panel-footer entry-meta\"><small><span class=\"loop-category\"><a class=\"label label-primary\" href=\"https:\/\/vspoechlarn.ac.at\/wordpress\/category\/allgemein\/\">Startseite<\/a>\u00a0<\/span><span class=\"loop-author\">|\u00a0<span class=\"author vcard\"><a class=\"url fn n\" href=\"https:\/\/vspoechlarn.ac.at\/wordpress\/author\/wp-admin\/\">wp-admin<\/a><\/span><\/span>\u00a0<span class=\"loop-date\">|\u00a0<time class=\"entry-date published updated\" datetime=\"2019-09-09T14:00:31+02:00\">9. September 2019<\/time><\/span>\u00a0|\u00a0<span class=\"edit-link\"><a class=\"post-edit-link\" href=\"https:\/\/vspoechlarn.ac.at\/wordpress\/wp-admin\/post.php?post=2574&amp;action=edit\">Bearbeiten<\/a><\/span><\/small><\/p>\n<div class=\"clearfix\"><\/div>\n<\/div>\n<\/div>\n<\/article>\n<article id=\"post-2567\" class=\"loop_list post-2567 post type-post status-publish format-standard hentry category-allgemein\">\n<div class=\"panel panel-default\">\n<div class=\"panel-body clearfix\">\n<div class=\"fs-have-thumbnail\">\n<header class=\"entry-header\">\n<h4 class=\"entry-title\"><strong><a title=\"Permanentlink zu Schulbeginn\" href=\"https:\/\/vspoechlarn.ac.at\/wordpress\/2019\/08\/27\/schulbeginn\/\" rel=\"bookmark\">Schulbeginn<\/a><\/strong><\/h4>\n<\/header>\n<div class=\"entry-content\">\n<p>Wir treffen uns am 2. September um 8:45 Uhr vor der Schule.<\/p>\n<div id=\"gallery_2567_44\" class=\"row\">\n<div id=\"2567-image-2591\" class=\"col-xs-12 col-sm-4 col-md-4\">\n<div class=\"thumbnail\"><a href=\"https:\/\/vspoechlarn.ac.at\/wordpress\/wp-content\/uploads\/2019\/09\/einschulung-0002.gif\"><img loading=\"lazy\" decoding=\"async\" class=\"attachment-large size-large\" src=\"https:\/\/vspoechlarn.ac.at\/wordpress\/wp-content\/uploads\/2019\/09\/einschulung-0002.gif\" alt=\"\" width=\"400\" height=\"276\" \/><\/a><\/div>\n<\/div>\n<\/div>\n<\/div>\n<\/div>\n<\/div>\n<div class=\"panel-footer entry-meta\"><small><span class=\"loop-category\"><a class=\"label label-primary\" href=\"https:\/\/vspoechlarn.ac.at\/wordpress\/category\/allgemein\/\">Startseite<\/a>\u00a0<\/span><span class=\"loop-author\">|\u00a0<span class=\"author vcard\"><a class=\"url fn n\" href=\"https:\/\/vspoechlarn.ac.at\/wordpress\/author\/wp-admin\/\">wp-admin<\/a><\/span><\/span>\u00a0<span class=\"loop-date\">|\u00a0<time class=\"entry-date published updated\" datetime=\"2019-08-27T15:32:41+02:00\">27. August 2019<\/time><\/span>\u00a0|\u00a0<span class=\"edit-link\"><a class=\"post-edit-link\" href=\"https:\/\/vspoechlarn.ac.at\/wordpress\/wp-admin\/post.php?post=2567&amp;action=edit\">Bearbeiten<\/a><\/span><\/small><\/div>\n<\/div>\n<\/article>\n","protected":false},"excerpt":{"rendered":"<p>2. Platz beim N\u00d6Media-Filmwettbewerb Nach monatelangem Zittern steht es nun fest. Die 2a Klasse hat beim N\u00d6Media M\u00e4rchenfilm-Wettbewerb den 2. Platz erreicht. \u201eDer Wunderbaum\u201c , so der Titel des M\u00e4rchens, [&hellip;]<\/p>\n","protected":false},"author":1,"featured_media":0,"parent":0,"menu_order":0,"comment_status":"closed","ping_status":"closed","template":"","meta":{"footnotes":""},"class_list":["post-3017","page","type-page","status-publish","hentry"],"_links":{"self":[{"href":"https:\/\/vspoechlarn.ac.at\/wordpress\/wp-json\/wp\/v2\/pages\/3017","targetHints":{"allow":["GET"]}}],"collection":[{"href":"https:\/\/vspoechlarn.ac.at\/wordpress\/wp-json\/wp\/v2\/pages"}],"about":[{"href":"https:\/\/vspoechlarn.ac.at\/wordpress\/wp-json\/wp\/v2\/types\/page"}],"author":[{"embeddable":true,"href":"https:\/\/vspoechlarn.ac.at\/wordpress\/wp-json\/wp\/v2\/users\/1"}],"replies":[{"embeddable":true,"href":"https:\/\/vspoechlarn.ac.at\/wordpress\/wp-json\/wp\/v2\/comments?post=3017"}],"version-history":[{"count":2,"href":"https:\/\/vspoechlarn.ac.at\/wordpress\/wp-json\/wp\/v2\/pages\/3017\/revisions"}],"predecessor-version":[{"id":3020,"href":"https:\/\/vspoechlarn.ac.at\/wordpress\/wp-json\/wp\/v2\/pages\/3017\/revisions\/3020"}],"wp:attachment":[{"href":"https:\/\/vspoechlarn.ac.at\/wordpress\/wp-json\/wp\/v2\/media?parent=3017"}],"curies":[{"name":"wp","href":"https:\/\/api.w.org\/{rel}","templated":true}]}}