{"id":2514,"date":"2019-08-27T13:08:25","date_gmt":"2019-08-27T11:08:25","guid":{"rendered":"http:\/\/vspoechlarn.ac.at\/wordpress\/?page_id=2514"},"modified":"2019-08-27T14:57:01","modified_gmt":"2019-08-27T12:57:01","slug":"2018-19-2","status":"publish","type":"page","link":"https:\/\/vspoechlarn.ac.at\/wordpress\/2018-19-2\/","title":{"rendered":"2018-19"},"content":{"rendered":"<h4 class=\"entry-title\"><strong><a title=\"Permanentlink zu Sportfest 2019\" href=\"https:\/\/vspoechlarn.ac.at\/wordpress\/2019\/06\/25\/sportfest-2019\/\" rel=\"bookmark\">Sportfest 2019<\/a><\/strong><\/h4>\n<div class=\"entry-content\">\n<p>Bei herrlichem Wetter stellten die Kinder der VS P\u00f6chlarn am letzten Freitag\u00a0 ihr sportliches Talent unter Beweis. Auch heuer wurde in 4 Disziplinen bei unserem traditionellen Sportfest um den Titel in den einzelnen Altersstufen gek\u00e4mpft. Der abschlie\u00dfende Eltern-Kind-Bewerb sorgte sowohl bei den Teilnehmern als auch bei den Zusehern f\u00fcr gro\u00dfartige Unterhaltung. F\u00fcr das leibliche Wohl der zahlreich erschienen Besucher sorgte das Team des Elternvereins und DI Matthias Komarek hielt mit seiner Kamera die spannendsten Momente f\u00fcr uns fest. Im Namen der Kinder bedanke ich mich bei allen Mitwirkenden, Helfern und Sponsoren ganz herzlich.<\/p>\n<div id=\"gallery_2471_1\" class=\"row\">\n<div id=\"2471-image-2489\" class=\"col-xs-12 col-sm-2 col-md-2\">\n<div class=\"thumbnail\"><a href=\"https:\/\/vspoechlarn.ac.at\/wordpress\/wp-content\/uploads\/2019\/06\/Foto_Matthias_Komarek_IMG_5929.jpeg\"><img loading=\"lazy\" decoding=\"async\" class=\"attachment-large size-large\" src=\"https:\/\/vspoechlarn.ac.at\/wordpress\/wp-content\/uploads\/2019\/06\/Foto_Matthias_Komarek_IMG_5929-683x1024.jpeg\" sizes=\"auto, (max-width: 683px) 100vw, 683px\" srcset=\"https:\/\/vspoechlarn.ac.at\/wordpress\/wp-content\/uploads\/2019\/06\/Foto_Matthias_Komarek_IMG_5929-683x1024.jpeg 683w, https:\/\/vspoechlarn.ac.at\/wordpress\/wp-content\/uploads\/2019\/06\/Foto_Matthias_Komarek_IMG_5929-200x300.jpeg 200w, https:\/\/vspoechlarn.ac.at\/wordpress\/wp-content\/uploads\/2019\/06\/Foto_Matthias_Komarek_IMG_5929.jpeg 720w\" alt=\"\" width=\"683\" height=\"1024\" \/><\/a><\/div>\n<\/div>\n<div id=\"2471-image-2488\" class=\"col-xs-12 col-sm-2 col-md-2\">\n<div class=\"thumbnail\"><a href=\"https:\/\/vspoechlarn.ac.at\/wordpress\/wp-content\/uploads\/2019\/06\/Foto_Matthias_Komarek_IMG_5925.jpeg\"><img loading=\"lazy\" decoding=\"async\" class=\"attachment-large size-large\" src=\"https:\/\/vspoechlarn.ac.at\/wordpress\/wp-content\/uploads\/2019\/06\/Foto_Matthias_Komarek_IMG_5925-683x1024.jpeg\" sizes=\"auto, (max-width: 683px) 100vw, 683px\" srcset=\"https:\/\/vspoechlarn.ac.at\/wordpress\/wp-content\/uploads\/2019\/06\/Foto_Matthias_Komarek_IMG_5925-683x1024.jpeg 683w, https:\/\/vspoechlarn.ac.at\/wordpress\/wp-content\/uploads\/2019\/06\/Foto_Matthias_Komarek_IMG_5925-200x300.jpeg 200w, https:\/\/vspoechlarn.ac.at\/wordpress\/wp-content\/uploads\/2019\/06\/Foto_Matthias_Komarek_IMG_5925.jpeg 720w\" alt=\"\" width=\"683\" height=\"1024\" \/><\/a><\/div>\n<\/div>\n<div class=\"clearfix visible-sm-block\"><\/div>\n<div id=\"2471-image-2487\" class=\"col-xs-12 col-sm-2 col-md-2\">\n<div class=\"thumbnail\"><a href=\"https:\/\/vspoechlarn.ac.at\/wordpress\/wp-content\/uploads\/2019\/06\/Foto_Matthias_Komarek_IMG_5922.jpeg\"><img loading=\"lazy\" decoding=\"async\" class=\"attachment-large size-large\" src=\"https:\/\/vspoechlarn.ac.at\/wordpress\/wp-content\/uploads\/2019\/06\/Foto_Matthias_Komarek_IMG_5922-683x1024.jpeg\" sizes=\"auto, (max-width: 683px) 100vw, 683px\" srcset=\"https:\/\/vspoechlarn.ac.at\/wordpress\/wp-content\/uploads\/2019\/06\/Foto_Matthias_Komarek_IMG_5922-683x1024.jpeg 683w, https:\/\/vspoechlarn.ac.at\/wordpress\/wp-content\/uploads\/2019\/06\/Foto_Matthias_Komarek_IMG_5922-200x300.jpeg 200w, https:\/\/vspoechlarn.ac.at\/wordpress\/wp-content\/uploads\/2019\/06\/Foto_Matthias_Komarek_IMG_5922.jpeg 720w\" alt=\"\" width=\"683\" height=\"1024\" \/><\/a><\/div>\n<\/div>\n<div id=\"2471-image-2486\" class=\"col-xs-12 col-sm-2 col-md-2\">\n<div class=\"thumbnail\"><a href=\"https:\/\/vspoechlarn.ac.at\/wordpress\/wp-content\/uploads\/2019\/06\/Foto_Matthias_Komarek_IMG_5919.jpeg\"><img loading=\"lazy\" decoding=\"async\" class=\"attachment-large size-large\" src=\"https:\/\/vspoechlarn.ac.at\/wordpress\/wp-content\/uploads\/2019\/06\/Foto_Matthias_Komarek_IMG_5919-683x1024.jpeg\" sizes=\"auto, (max-width: 683px) 100vw, 683px\" srcset=\"https:\/\/vspoechlarn.ac.at\/wordpress\/wp-content\/uploads\/2019\/06\/Foto_Matthias_Komarek_IMG_5919-683x1024.jpeg 683w, https:\/\/vspoechlarn.ac.at\/wordpress\/wp-content\/uploads\/2019\/06\/Foto_Matthias_Komarek_IMG_5919-200x300.jpeg 200w, https:\/\/vspoechlarn.ac.at\/wordpress\/wp-content\/uploads\/2019\/06\/Foto_Matthias_Komarek_IMG_5919.jpeg 720w\" alt=\"\" width=\"683\" height=\"1024\" \/><\/a><\/div>\n<\/div>\n<div class=\"clearfix visible-sm-block\"><\/div>\n<div id=\"2471-image-2485\" class=\"col-xs-12 col-sm-2 col-md-2\">\n<div class=\"thumbnail\"><a href=\"https:\/\/vspoechlarn.ac.at\/wordpress\/wp-content\/uploads\/2019\/06\/Foto_Matthias_Komarek_IMG_5916.jpeg\"><img loading=\"lazy\" decoding=\"async\" class=\"attachment-large size-large\" src=\"https:\/\/vspoechlarn.ac.at\/wordpress\/wp-content\/uploads\/2019\/06\/Foto_Matthias_Komarek_IMG_5916-683x1024.jpeg\" sizes=\"auto, (max-width: 683px) 100vw, 683px\" srcset=\"https:\/\/vspoechlarn.ac.at\/wordpress\/wp-content\/uploads\/2019\/06\/Foto_Matthias_Komarek_IMG_5916-683x1024.jpeg 683w, https:\/\/vspoechlarn.ac.at\/wordpress\/wp-content\/uploads\/2019\/06\/Foto_Matthias_Komarek_IMG_5916-200x300.jpeg 200w, https:\/\/vspoechlarn.ac.at\/wordpress\/wp-content\/uploads\/2019\/06\/Foto_Matthias_Komarek_IMG_5916.jpeg 720w\" alt=\"\" width=\"683\" height=\"1024\" \/><\/a><\/div>\n<\/div>\n<div id=\"2471-image-2484\" class=\"col-xs-12 col-sm-2 col-md-2\">\n<div class=\"thumbnail\"><a href=\"https:\/\/vspoechlarn.ac.at\/wordpress\/wp-content\/uploads\/2019\/06\/Foto_Matthias_Komarek_IMG_5914.jpeg\"><img loading=\"lazy\" decoding=\"async\" class=\"attachment-large size-large\" src=\"https:\/\/vspoechlarn.ac.at\/wordpress\/wp-content\/uploads\/2019\/06\/Foto_Matthias_Komarek_IMG_5914-683x1024.jpeg\" sizes=\"auto, (max-width: 683px) 100vw, 683px\" srcset=\"https:\/\/vspoechlarn.ac.at\/wordpress\/wp-content\/uploads\/2019\/06\/Foto_Matthias_Komarek_IMG_5914-683x1024.jpeg 683w, https:\/\/vspoechlarn.ac.at\/wordpress\/wp-content\/uploads\/2019\/06\/Foto_Matthias_Komarek_IMG_5914-200x300.jpeg 200w, https:\/\/vspoechlarn.ac.at\/wordpress\/wp-content\/uploads\/2019\/06\/Foto_Matthias_Komarek_IMG_5914.jpeg 720w\" alt=\"\" width=\"683\" height=\"1024\" \/><\/a><\/div>\n<\/div>\n<div class=\"clearfix visible-sm-block\"><\/div>\n<div class=\"clearfix visible-md-block visible-lg-block\"><\/div>\n<div id=\"2471-image-2483\" class=\"col-xs-12 col-sm-2 col-md-2\">\n<div class=\"thumbnail\"><a href=\"https:\/\/vspoechlarn.ac.at\/wordpress\/wp-content\/uploads\/2019\/06\/Foto_Matthias_Komarek_IMG_5911.jpeg\"><img loading=\"lazy\" decoding=\"async\" class=\"attachment-large size-large\" src=\"https:\/\/vspoechlarn.ac.at\/wordpress\/wp-content\/uploads\/2019\/06\/Foto_Matthias_Komarek_IMG_5911-683x1024.jpeg\" sizes=\"auto, (max-width: 683px) 100vw, 683px\" srcset=\"https:\/\/vspoechlarn.ac.at\/wordpress\/wp-content\/uploads\/2019\/06\/Foto_Matthias_Komarek_IMG_5911-683x1024.jpeg 683w, https:\/\/vspoechlarn.ac.at\/wordpress\/wp-content\/uploads\/2019\/06\/Foto_Matthias_Komarek_IMG_5911-200x300.jpeg 200w, https:\/\/vspoechlarn.ac.at\/wordpress\/wp-content\/uploads\/2019\/06\/Foto_Matthias_Komarek_IMG_5911.jpeg 720w\" alt=\"\" width=\"683\" height=\"1024\" \/><\/a><\/div>\n<\/div>\n<div id=\"2471-image-2481\" class=\"col-xs-12 col-sm-2 col-md-2\">\n<div class=\"thumbnail\"><a href=\"https:\/\/vspoechlarn.ac.at\/wordpress\/wp-content\/uploads\/2019\/06\/Foto_Matthias_Komarek_IMG_5898.jpeg\"><img loading=\"lazy\" decoding=\"async\" class=\"attachment-large size-large\" src=\"https:\/\/vspoechlarn.ac.at\/wordpress\/wp-content\/uploads\/2019\/06\/Foto_Matthias_Komarek_IMG_5898-683x1024.jpeg\" sizes=\"auto, (max-width: 683px) 100vw, 683px\" srcset=\"https:\/\/vspoechlarn.ac.at\/wordpress\/wp-content\/uploads\/2019\/06\/Foto_Matthias_Komarek_IMG_5898-683x1024.jpeg 683w, https:\/\/vspoechlarn.ac.at\/wordpress\/wp-content\/uploads\/2019\/06\/Foto_Matthias_Komarek_IMG_5898-200x300.jpeg 200w, https:\/\/vspoechlarn.ac.at\/wordpress\/wp-content\/uploads\/2019\/06\/Foto_Matthias_Komarek_IMG_5898.jpeg 720w\" alt=\"\" width=\"683\" height=\"1024\" \/><\/a><\/div>\n<\/div>\n<div class=\"clearfix visible-sm-block\"><\/div>\n<div id=\"2471-image-2482\" class=\"col-xs-12 col-sm-2 col-md-2\">\n<div class=\"thumbnail\"><a href=\"https:\/\/vspoechlarn.ac.at\/wordpress\/wp-content\/uploads\/2019\/06\/Foto_Matthias_Komarek_IMG_5907.jpeg\"><img loading=\"lazy\" decoding=\"async\" class=\"attachment-large size-large\" src=\"https:\/\/vspoechlarn.ac.at\/wordpress\/wp-content\/uploads\/2019\/06\/Foto_Matthias_Komarek_IMG_5907-683x1024.jpeg\" sizes=\"auto, (max-width: 683px) 100vw, 683px\" srcset=\"https:\/\/vspoechlarn.ac.at\/wordpress\/wp-content\/uploads\/2019\/06\/Foto_Matthias_Komarek_IMG_5907-683x1024.jpeg 683w, https:\/\/vspoechlarn.ac.at\/wordpress\/wp-content\/uploads\/2019\/06\/Foto_Matthias_Komarek_IMG_5907-200x300.jpeg 200w, https:\/\/vspoechlarn.ac.at\/wordpress\/wp-content\/uploads\/2019\/06\/Foto_Matthias_Komarek_IMG_5907.jpeg 720w\" alt=\"\" width=\"683\" height=\"1024\" \/><\/a><\/div>\n<\/div>\n<\/div>\n<p>&nbsp;<\/p>\n<\/div>\n<div class=\"panel-footer entry-meta\">\n<p><small><span class=\"loop-category\"><a class=\"label label-primary\" href=\"https:\/\/vspoechlarn.ac.at\/wordpress\/category\/allgemein\/\">Startseite<\/a> <\/span> <span class=\"loop-author\"> | <span class=\"author vcard\"><a class=\"url fn n\" href=\"https:\/\/vspoechlarn.ac.at\/wordpress\/author\/wp-admin\/\">wp-admin<\/a><\/span><\/span> <span class=\"loop-date\"> | <time class=\"entry-date published updated\" datetime=\"2019-06-25T09:44:18+0200\">25. Juni 2019<\/time><\/span> | <span class=\"edit-link\"><a class=\"post-edit-link\" href=\"https:\/\/vspoechlarn.ac.at\/wordpress\/wp-admin\/post.php?post=2471&amp;action=edit\">Bearbeiten<\/a><\/span> <\/small><\/p>\n<div class=\"clearfix\"><\/div>\n<\/div>\n<p><!-- #post-2471 --><\/p>\n<article id=\"post-2464\" class=\"loop_list post-2464 post type-post status-publish format-standard hentry category-allgemein\">\n<div class=\"panel panel-default\">\n<div class=\"panel-body clearfix\">\n<div class=\"fs-have-thumbnail\">\n<header class=\"entry-header\">\n<h4 class=\"entry-title\"><strong><a title=\"Permanentlink zu Unser Klassentier \u201eFrosch\u201c\" href=\"https:\/\/vspoechlarn.ac.at\/wordpress\/2019\/06\/22\/unser-klassentier-frosch\/\" rel=\"bookmark\">Unser Klassentier \u201eFrosch\u201c<\/a><\/strong><\/h4>\n<\/header>\n<div class=\"entry-content\">\n<p>In den letzten drei Wochen arbeiteten die Sch\u00fclerinnen und Sch\u00fcler der 3. Klassen in Sachunterricht an einem Lapbook zum Thema \u201eFrosch\u201c. Die Kinder konnten sich selbstst\u00e4ndig viel Wissen zu ihrem Klassenmaskottchen aneignen.<\/p>\n<div id=\"gallery_2464_2\" class=\"row\">\n<div id=\"2464-image-2460\" class=\"col-xs-12 col-sm-4 col-md-4\">\n<div class=\"thumbnail\"><a href=\"https:\/\/vspoechlarn.ac.at\/wordpress\/wp-content\/uploads\/2019\/06\/IMG-20190613-WA0002.jpg\"><img loading=\"lazy\" decoding=\"async\" class=\"attachment-large size-large\" src=\"https:\/\/vspoechlarn.ac.at\/wordpress\/wp-content\/uploads\/2019\/06\/IMG-20190613-WA0002-1024x768.jpg\" sizes=\"auto, (max-width: 900px) 100vw, 900px\" srcset=\"https:\/\/vspoechlarn.ac.at\/wordpress\/wp-content\/uploads\/2019\/06\/IMG-20190613-WA0002-1024x768.jpg 1024w, https:\/\/vspoechlarn.ac.at\/wordpress\/wp-content\/uploads\/2019\/06\/IMG-20190613-WA0002-350x263.jpg 350w, https:\/\/vspoechlarn.ac.at\/wordpress\/wp-content\/uploads\/2019\/06\/IMG-20190613-WA0002.jpg 1440w\" alt=\"\" width=\"900\" height=\"675\" \/><\/a><\/div>\n<\/div>\n<\/div>\n<\/div>\n<\/div>\n<\/div>\n<div class=\"panel-footer entry-meta\">\n<p><small><span class=\"loop-category\"><a class=\"label label-primary\" href=\"https:\/\/vspoechlarn.ac.at\/wordpress\/category\/allgemein\/\">Startseite<\/a> <\/span> <span class=\"loop-author\"> | <span class=\"author vcard\"><a class=\"url fn n\" href=\"https:\/\/vspoechlarn.ac.at\/wordpress\/author\/wp-admin\/\">wp-admin<\/a><\/span><\/span> <span class=\"loop-date\"> | <time class=\"entry-date published updated\" datetime=\"2019-06-22T10:32:57+0200\">22. Juni 2019<\/time><\/span> | <span class=\"edit-link\"><a class=\"post-edit-link\" href=\"https:\/\/vspoechlarn.ac.at\/wordpress\/wp-admin\/post.php?post=2464&amp;action=edit\">Bearbeiten<\/a><\/span> <\/small><\/p>\n<div class=\"clearfix\"><\/div>\n<\/div>\n<\/div>\n<\/article>\n<p><!-- #post-2464 --><\/p>\n<article id=\"post-2444\" class=\"loop_list post-2444 post type-post status-publish format-standard hentry category-allgemein\">\n<div class=\"panel panel-default\">\n<div class=\"panel-body clearfix\">\n<div class=\"fs-have-thumbnail\">\n<header class=\"entry-header\">\n<h4 class=\"entry-title\"><strong><a title=\"Permanentlink zu Ein Orchester entsteht\" href=\"https:\/\/vspoechlarn.ac.at\/wordpress\/2019\/06\/14\/ein-orchester-entsteht\/\" rel=\"bookmark\">Ein Orchester entsteht<\/a><\/strong><\/h4>\n<\/header>\n<div class=\"entry-content\">\n<p>\u201eEddie Luis und die Gnadenlosen XL\u201c begeisterten heute die Kinder der Volksschule. Im Rahmen des Kinderkulturfestivals TIM brachten die gro\u00dfartigen Musiker die Turnhalle zum\u00a0 Prodeln. F\u00fcr die Teilfinanzierung bedanken wir uns ganz herzlich bei unserem Elternverein!!!<\/p>\n<div id=\"gallery_2444_3\" class=\"row\">\n<div id=\"2444-image-2447\" class=\"col-xs-12 col-sm-4 col-md-4\">\n<div class=\"thumbnail\"><a href=\"https:\/\/vspoechlarn.ac.at\/wordpress\/wp-content\/uploads\/2019\/06\/DSC09014.jpg\"><img loading=\"lazy\" decoding=\"async\" class=\"attachment-large size-large\" src=\"https:\/\/vspoechlarn.ac.at\/wordpress\/wp-content\/uploads\/2019\/06\/DSC09014-1024x680.jpg\" sizes=\"auto, (max-width: 900px) 100vw, 900px\" srcset=\"https:\/\/vspoechlarn.ac.at\/wordpress\/wp-content\/uploads\/2019\/06\/DSC09014-1024x680.jpg 1024w, https:\/\/vspoechlarn.ac.at\/wordpress\/wp-content\/uploads\/2019\/06\/DSC09014-350x233.jpg 350w\" alt=\"\" width=\"900\" height=\"598\" \/><\/a><\/div>\n<\/div>\n<\/div>\n<\/div>\n<\/div>\n<\/div>\n<div class=\"panel-footer entry-meta\">\n<p><small><span class=\"loop-category\"><a class=\"label label-primary\" href=\"https:\/\/vspoechlarn.ac.at\/wordpress\/category\/allgemein\/\">Startseite<\/a> <\/span> <span class=\"loop-author\"> | <span class=\"author vcard\"><a class=\"url fn n\" href=\"https:\/\/vspoechlarn.ac.at\/wordpress\/author\/wp-admin\/\">wp-admin<\/a><\/span><\/span> <span class=\"loop-date\"> | <time class=\"entry-date published updated\" datetime=\"2019-06-14T10:59:05+0200\">14. Juni 2019<\/time><\/span> | <span class=\"edit-link\"><a class=\"post-edit-link\" href=\"https:\/\/vspoechlarn.ac.at\/wordpress\/wp-admin\/post.php?post=2444&amp;action=edit\">Bearbeiten<\/a><\/span> <\/small><\/p>\n<div class=\"clearfix\"><\/div>\n<\/div>\n<\/div>\n<\/article>\n<p><!-- #post-2444 --><\/p>\n<article id=\"post-2423\" class=\"loop_list post-2423 post type-post status-publish format-standard hentry category-allgemein\">\n<div class=\"panel panel-default\">\n<div class=\"panel-body clearfix\">\n<div class=\"fs-have-thumbnail\">\n<header class=\"entry-header\">\n<h4 class=\"entry-title\"><strong><a title=\"Permanentlink zu Die Kinder von Kugelmundi\" href=\"https:\/\/vspoechlarn.ac.at\/wordpress\/2019\/06\/13\/die-kinder-von-kugelmundi\/\" rel=\"bookmark\">Die Kinder von Kugelmundi<\/a><\/strong><\/h4>\n<\/header>\n<div class=\"entry-content\">\n<p>Nach einer intensiven Probenwoche brachten die M\u00e4dchen und Buben am Freitag\u00a0 das Musical \u201eDie Kinder von Kugelmundi\u201c unter tosendem Applaus der 300 Zuschauer, darunter Bgm. Franz Heisler und SQM Dr. Wolfgang Schweiger, zur Auff\u00fchrung. Unter der Regie von Norbert Holoubek, der das St\u00fcck auch geschrieben hat, agierten alle Kinder unserer Schule h\u00f6chst professionell. Voll Freude wurde getanzt, gesungen und die Geschichte erz\u00e4hlt. Nach der Auff\u00fchrung sprachen die Zuschauer allen Akteuren h\u00f6chstes Lob aus.<\/p>\n<div id=\"gallery_2423_4\" class=\"row\">\n<div id=\"2423-image-2426\" class=\"col-xs-12 col-sm-2 col-md-2\">\n<div class=\"thumbnail\"><a href=\"https:\/\/vspoechlarn.ac.at\/wordpress\/wp-content\/uploads\/2019\/06\/DSC08963.jpg\"><img loading=\"lazy\" decoding=\"async\" class=\"attachment-large size-large\" src=\"https:\/\/vspoechlarn.ac.at\/wordpress\/wp-content\/uploads\/2019\/06\/DSC08963-679x1024.jpg\" sizes=\"auto, (max-width: 679px) 100vw, 679px\" srcset=\"https:\/\/vspoechlarn.ac.at\/wordpress\/wp-content\/uploads\/2019\/06\/DSC08963-679x1024.jpg 679w, https:\/\/vspoechlarn.ac.at\/wordpress\/wp-content\/uploads\/2019\/06\/DSC08963-199x300.jpg 199w, https:\/\/vspoechlarn.ac.at\/wordpress\/wp-content\/uploads\/2019\/06\/DSC08963.jpg 716w\" alt=\"\" width=\"679\" height=\"1024\" \/><\/a><\/div>\n<\/div>\n<div class=\"clearfix visible-sm-block\"><\/div>\n<div id=\"2423-image-2427\" class=\"col-xs-12 col-sm-2 col-md-2\">\n<div class=\"thumbnail\"><a href=\"https:\/\/vspoechlarn.ac.at\/wordpress\/wp-content\/uploads\/2019\/06\/DSC08965.jpg\"><img loading=\"lazy\" decoding=\"async\" class=\"attachment-large size-large\" src=\"https:\/\/vspoechlarn.ac.at\/wordpress\/wp-content\/uploads\/2019\/06\/DSC08965-680x1024.jpg\" sizes=\"auto, (max-width: 680px) 100vw, 680px\" srcset=\"https:\/\/vspoechlarn.ac.at\/wordpress\/wp-content\/uploads\/2019\/06\/DSC08965-680x1024.jpg 680w, https:\/\/vspoechlarn.ac.at\/wordpress\/wp-content\/uploads\/2019\/06\/DSC08965-199x300.jpg 199w, https:\/\/vspoechlarn.ac.at\/wordpress\/wp-content\/uploads\/2019\/06\/DSC08965.jpg 717w\" alt=\"\" width=\"680\" height=\"1024\" \/><\/a><\/div>\n<\/div>\n<div class=\"clearfix visible-sm-block\"><\/div>\n<\/div>\n<div id=\"gallery_2423_5\" class=\"row\">\n<div id=\"2423-image-2437\" class=\"col-xs-12 col-sm-2 col-md-2\">\n<div class=\"thumbnail\"><a href=\"https:\/\/vspoechlarn.ac.at\/wordpress\/wp-content\/uploads\/2019\/06\/DSC08979.jpg\"><img loading=\"lazy\" decoding=\"async\" class=\"attachment-large size-large\" src=\"https:\/\/vspoechlarn.ac.at\/wordpress\/wp-content\/uploads\/2019\/06\/DSC08979-680x1024.jpg\" sizes=\"auto, (max-width: 680px) 100vw, 680px\" srcset=\"https:\/\/vspoechlarn.ac.at\/wordpress\/wp-content\/uploads\/2019\/06\/DSC08979-680x1024.jpg 680w, https:\/\/vspoechlarn.ac.at\/wordpress\/wp-content\/uploads\/2019\/06\/DSC08979-199x300.jpg 199w, https:\/\/vspoechlarn.ac.at\/wordpress\/wp-content\/uploads\/2019\/06\/DSC08979.jpg 717w\" alt=\"\" width=\"680\" height=\"1024\" \/><\/a><\/div>\n<\/div>\n<\/div>\n<\/div>\n<\/div>\n<\/div>\n<div class=\"panel-footer entry-meta\">\n<p><small><span class=\"loop-category\"><a class=\"label label-primary\" href=\"https:\/\/vspoechlarn.ac.at\/wordpress\/category\/allgemein\/\">Startseite<\/a> <\/span> <span class=\"loop-author\"> | <span class=\"author vcard\"><a class=\"url fn n\" href=\"https:\/\/vspoechlarn.ac.at\/wordpress\/author\/wp-admin\/\">wp-admin<\/a><\/span><\/span> <span class=\"loop-date\"> | <time class=\"entry-date published updated\" datetime=\"2019-06-13T10:58:58+0200\">13. Juni 2019<\/time><\/span> | <span class=\"edit-link\"><a class=\"post-edit-link\" href=\"https:\/\/vspoechlarn.ac.at\/wordpress\/wp-admin\/post.php?post=2423&amp;action=edit\">Bearbeiten<\/a><\/span> <\/small><\/p>\n<div class=\"clearfix\"><\/div>\n<\/div>\n<\/div>\n<\/article>\n<p><!-- #post-2423 --><\/p>\n<article id=\"post-2408\" class=\"loop_list post-2408 post type-post status-publish format-standard hentry category-allgemein\">\n<div class=\"panel panel-default\">\n<div class=\"panel-body clearfix\">\n<div class=\"fs-have-thumbnail\">\n<header class=\"entry-header\">\n<h4 class=\"entry-title\"><strong><a title=\"Permanentlink zu Bewegung macht Spa\u00df\" href=\"https:\/\/vspoechlarn.ac.at\/wordpress\/2019\/05\/29\/bewegung-macht-spass\/\" rel=\"bookmark\">Bewegung macht Spa\u00df<\/a><\/strong><\/h4>\n<\/header>\n<div class=\"entry-content\">\n<p>Mit vielen verschiedenen Spielideen und Stationen soll der Spa\u00df am Bewegen an die Kinder weitergegeben werden. Auch der soziale Aspekt (sich im Team gegenseitig unterst\u00fctzen,\u2026) wird im Turnunterricht bestens gef\u00f6rdert.<\/p>\n<div id=\"gallery_2408_6\" class=\"row\">\n<div id=\"2408-image-2410\" class=\"col-xs-12 col-sm-4 col-md-4\">\n<div class=\"thumbnail\"><a href=\"https:\/\/vspoechlarn.ac.at\/wordpress\/wp-content\/uploads\/2019\/05\/20190517_102406-e1559139163241.jpg\"><img loading=\"lazy\" decoding=\"async\" class=\"attachment-large size-large\" src=\"https:\/\/vspoechlarn.ac.at\/wordpress\/wp-content\/uploads\/2019\/05\/20190517_102406-e1559139163241-768x1024.jpg\" sizes=\"auto, (max-width: 768px) 100vw, 768px\" srcset=\"https:\/\/vspoechlarn.ac.at\/wordpress\/wp-content\/uploads\/2019\/05\/20190517_102406-e1559139163241-768x1024.jpg 768w, https:\/\/vspoechlarn.ac.at\/wordpress\/wp-content\/uploads\/2019\/05\/20190517_102406-e1559139163241-225x300.jpg 225w, https:\/\/vspoechlarn.ac.at\/wordpress\/wp-content\/uploads\/2019\/05\/20190517_102406-e1559139163241.jpg 810w\" alt=\"\" width=\"768\" height=\"1024\" \/><\/a><\/div>\n<\/div>\n<\/div>\n<\/div>\n<\/div>\n<\/div>\n<div class=\"panel-footer entry-meta\">\n<p><small><span class=\"loop-category\"><a class=\"label label-primary\" href=\"https:\/\/vspoechlarn.ac.at\/wordpress\/category\/allgemein\/\">Startseite<\/a> <\/span> <span class=\"loop-author\"> | <span class=\"author vcard\"><a class=\"url fn n\" href=\"https:\/\/vspoechlarn.ac.at\/wordpress\/author\/wp-admin\/\">wp-admin<\/a><\/span><\/span> <span class=\"loop-date\"> | <time class=\"entry-date published updated\" datetime=\"2019-05-29T16:14:23+0200\">29. Mai 2019<\/time><\/span> | <span class=\"edit-link\"><a class=\"post-edit-link\" href=\"https:\/\/vspoechlarn.ac.at\/wordpress\/wp-admin\/post.php?post=2408&amp;action=edit\">Bearbeiten<\/a><\/span> <\/small><\/p>\n<div class=\"clearfix\"><\/div>\n<\/div>\n<\/div>\n<\/article>\n<p><!-- #post-2408 --><\/p>\n<article id=\"post-2399\" class=\"loop_list post-2399 post type-post status-publish format-standard hentry category-allgemein\">\n<div class=\"panel panel-default\">\n<div class=\"panel-body clearfix\">\n<div class=\"fs-have-thumbnail\">\n<header class=\"entry-header\">\n<h4 class=\"entry-title\"><strong><a title=\"Permanentlink zu Erste Hilfe\" href=\"https:\/\/vspoechlarn.ac.at\/wordpress\/2019\/05\/29\/erste-hilfe-2\/\" rel=\"bookmark\">Erste Hilfe<\/a><\/strong><\/h4>\n<\/header>\n<div class=\"entry-content\">\n<p>Frau Dr. Neuhauser und Herr Dr. Rosenthaler gaben den 3. Klassen einen lehrreichen Einblick in die Erste Hilfe. Wir bedanken uns sehr herzlich daf\u00fcr!<\/p>\n<div id=\"gallery_2399_7\" class=\"row\">\n<div id=\"2399-image-2405\" class=\"col-xs-12 col-sm-4 col-md-4\">\n<div class=\"thumbnail\"><a href=\"https:\/\/vspoechlarn.ac.at\/wordpress\/wp-content\/uploads\/2019\/05\/20190529_091906.jpg\"><img loading=\"lazy\" decoding=\"async\" class=\"attachment-large size-large\" src=\"https:\/\/vspoechlarn.ac.at\/wordpress\/wp-content\/uploads\/2019\/05\/20190529_091906-1024x768.jpg\" sizes=\"auto, (max-width: 900px) 100vw, 900px\" srcset=\"https:\/\/vspoechlarn.ac.at\/wordpress\/wp-content\/uploads\/2019\/05\/20190529_091906-1024x768.jpg 1024w, https:\/\/vspoechlarn.ac.at\/wordpress\/wp-content\/uploads\/2019\/05\/20190529_091906-350x263.jpg 350w\" alt=\"\" width=\"900\" height=\"675\" \/><\/a><\/div>\n<\/div>\n<\/div>\n<\/div>\n<\/div>\n<\/div>\n<div class=\"panel-footer entry-meta\">\n<p><small><span class=\"loop-category\"><a class=\"label label-primary\" href=\"https:\/\/vspoechlarn.ac.at\/wordpress\/category\/allgemein\/\">Startseite<\/a> <\/span> <span class=\"loop-author\"> | <span class=\"author vcard\"><a class=\"url fn n\" href=\"https:\/\/vspoechlarn.ac.at\/wordpress\/author\/wp-admin\/\">wp-admin<\/a><\/span><\/span> <span class=\"loop-date\"> | <time class=\"entry-date published updated\" datetime=\"2019-05-29T13:08:21+0200\">29. Mai 2019<\/time><\/span> | <span class=\"edit-link\"><a class=\"post-edit-link\" href=\"https:\/\/vspoechlarn.ac.at\/wordpress\/wp-admin\/post.php?post=2399&amp;action=edit\">Bearbeiten<\/a><\/span> <\/small><\/p>\n<div class=\"clearfix\"><\/div>\n<\/div>\n<\/div>\n<\/article>\n<p><!-- #post-2399 --><\/p>\n<article id=\"post-2394\" class=\"loop_list post-2394 post type-post status-publish format-standard hentry category-allgemein\">\n<div class=\"panel panel-default\">\n<div class=\"panel-body clearfix\">\n<div class=\"fs-have-thumbnail\">\n<header class=\"entry-header\">\n<h4 class=\"entry-title\"><strong><a title=\"Permanentlink zu Kooperation mit der NMS P\u00f6chlarn\" href=\"https:\/\/vspoechlarn.ac.at\/wordpress\/2019\/05\/29\/kooperation-mit-der-nms-poechlarn\/\" rel=\"bookmark\">Kooperation mit der NMS P\u00f6chlarn<\/a><\/strong><\/h4>\n<\/header>\n<div class=\"entry-content\">\n<p>Sch\u00fclerinnen und Sch\u00fcler der 4. Klasse NMS P\u00f6chlarn kamen zu uns in 3. und 4. Klassen der Volksschule und pr\u00e4sentierten ein englisches Bilderbuch. In jeder Klasse wurde ein anderes St\u00fcck dargestellt.<\/p>\n<div id=\"gallery_2394_8\" class=\"row\">\n<div id=\"2394-image-2396\" class=\"col-xs-12 col-sm-4 col-md-4\">\n<div class=\"thumbnail\"><a href=\"https:\/\/vspoechlarn.ac.at\/wordpress\/wp-content\/uploads\/2019\/05\/20190529_100751.jpg\"><img loading=\"lazy\" decoding=\"async\" class=\"attachment-large size-large\" src=\"https:\/\/vspoechlarn.ac.at\/wordpress\/wp-content\/uploads\/2019\/05\/20190529_100751-1024x768.jpg\" sizes=\"auto, (max-width: 900px) 100vw, 900px\" srcset=\"https:\/\/vspoechlarn.ac.at\/wordpress\/wp-content\/uploads\/2019\/05\/20190529_100751-1024x768.jpg 1024w, https:\/\/vspoechlarn.ac.at\/wordpress\/wp-content\/uploads\/2019\/05\/20190529_100751-350x263.jpg 350w, https:\/\/vspoechlarn.ac.at\/wordpress\/wp-content\/uploads\/2019\/05\/20190529_100751.jpg 1440w\" alt=\"\" width=\"900\" height=\"675\" \/><\/a><\/div>\n<\/div>\n<div id=\"2394-image-2397\" class=\"col-xs-12 col-sm-4 col-md-4\">\n<div class=\"thumbnail\"><a href=\"https:\/\/vspoechlarn.ac.at\/wordpress\/wp-content\/uploads\/2019\/05\/20190529_100757.jpg\"><img loading=\"lazy\" decoding=\"async\" class=\"attachment-large size-large\" src=\"https:\/\/vspoechlarn.ac.at\/wordpress\/wp-content\/uploads\/2019\/05\/20190529_100757-1024x768.jpg\" sizes=\"auto, (max-width: 900px) 100vw, 900px\" srcset=\"https:\/\/vspoechlarn.ac.at\/wordpress\/wp-content\/uploads\/2019\/05\/20190529_100757-1024x768.jpg 1024w, https:\/\/vspoechlarn.ac.at\/wordpress\/wp-content\/uploads\/2019\/05\/20190529_100757-350x263.jpg 350w, https:\/\/vspoechlarn.ac.at\/wordpress\/wp-content\/uploads\/2019\/05\/20190529_100757.jpg 1440w\" alt=\"\" width=\"900\" height=\"675\" \/><\/a><\/div>\n<\/div>\n<div class=\"clearfix visible-sm-block\"><\/div>\n<\/div>\n<\/div>\n<\/div>\n<\/div>\n<div class=\"panel-footer entry-meta\">\n<p><small><span class=\"loop-category\"><a class=\"label label-primary\" href=\"https:\/\/vspoechlarn.ac.at\/wordpress\/category\/allgemein\/\">Startseite<\/a> <\/span> <span class=\"loop-author\"> | <span class=\"author vcard\"><a class=\"url fn n\" href=\"https:\/\/vspoechlarn.ac.at\/wordpress\/author\/wp-admin\/\">wp-admin<\/a><\/span><\/span> <span class=\"loop-date\"> | <time class=\"entry-date published updated\" datetime=\"2019-05-29T12:57:36+0200\">29. Mai 2019<\/time><\/span> | <span class=\"edit-link\"><a class=\"post-edit-link\" href=\"https:\/\/vspoechlarn.ac.at\/wordpress\/wp-admin\/post.php?post=2394&amp;action=edit\">Bearbeiten<\/a><\/span> <\/small><\/p>\n<div class=\"clearfix\"><\/div>\n<\/div>\n<\/div>\n<\/article>\n<p><!-- #post-2394 --><\/p>\n<article id=\"post-2390\" class=\"loop_list post-2390 post type-post status-publish format-standard hentry category-allgemein\">\n<div class=\"panel panel-default\">\n<div class=\"panel-body clearfix\">\n<div class=\"fs-have-thumbnail\">\n<header class=\"entry-header\">\n<h4 class=\"entry-title\"><strong><a title=\"Permanentlink zu Landestheater St.P\u00f6lten\" href=\"https:\/\/vspoechlarn.ac.at\/wordpress\/2019\/05\/28\/landestheater-st-poelten\/\" rel=\"bookmark\">Landestheater St.P\u00f6lten<\/a><\/strong><\/h4>\n<\/header>\n<div class=\"entry-content\">\n<p>\u201eDer Zauberer von Oz\u201c verzauberte auch die Kinder der VS P\u00f6chlarn! F\u00fcr die Finanzierung der Busfahrt bedanken wir uns ganz herzlich bei unserem Elternverein!<\/p>\n<div id=\"gallery_2390_9\" class=\"row\">\n<div id=\"2390-image-2392\" class=\"col-xs-12 col-sm-4 col-md-4\">\n<div class=\"thumbnail\"><a href=\"https:\/\/vspoechlarn.ac.at\/wordpress\/wp-content\/uploads\/2019\/05\/IMG_7359.jpg\"><img loading=\"lazy\" decoding=\"async\" class=\"attachment-large size-large\" src=\"https:\/\/vspoechlarn.ac.at\/wordpress\/wp-content\/uploads\/2019\/05\/IMG_7359-1024x768.jpg\" sizes=\"auto, (max-width: 900px) 100vw, 900px\" srcset=\"https:\/\/vspoechlarn.ac.at\/wordpress\/wp-content\/uploads\/2019\/05\/IMG_7359-1024x768.jpg 1024w, https:\/\/vspoechlarn.ac.at\/wordpress\/wp-content\/uploads\/2019\/05\/IMG_7359-350x263.jpg 350w, https:\/\/vspoechlarn.ac.at\/wordpress\/wp-content\/uploads\/2019\/05\/IMG_7359.jpg 1440w\" alt=\"\" width=\"900\" height=\"675\" \/><\/a><\/div>\n<\/div>\n<\/div>\n<\/div>\n<\/div>\n<\/div>\n<div class=\"panel-footer entry-meta\">\n<p><small><span class=\"loop-category\"><a class=\"label label-primary\" href=\"https:\/\/vspoechlarn.ac.at\/wordpress\/category\/allgemein\/\">Startseite<\/a> <\/span> <span class=\"loop-author\"> | <span class=\"author vcard\"><a class=\"url fn n\" href=\"https:\/\/vspoechlarn.ac.at\/wordpress\/author\/wp-admin\/\">wp-admin<\/a><\/span><\/span> <span class=\"loop-date\"> | <time class=\"entry-date published updated\" datetime=\"2019-05-28T10:29:35+0200\">28. Mai 2019<\/time><\/span> | <span class=\"edit-link\"><a class=\"post-edit-link\" href=\"https:\/\/vspoechlarn.ac.at\/wordpress\/wp-admin\/post.php?post=2390&amp;action=edit\">Bearbeiten<\/a><\/span> <\/small><\/p>\n<div class=\"clearfix\"><\/div>\n<\/div>\n<\/div>\n<\/article>\n<p><!-- #post-2390 --><\/p>\n<article id=\"post-2386\" class=\"loop_list post-2386 post type-post status-publish format-standard hentry category-allgemein\">\n<div class=\"panel panel-default\">\n<div class=\"panel-body clearfix\">\n<div class=\"fs-have-thumbnail\">\n<header class=\"entry-header\">\n<h4 class=\"entry-title\"><strong><a title=\"Permanentlink zu Radfahrpr\u00fcfung bestanden!\" href=\"https:\/\/vspoechlarn.ac.at\/wordpress\/2019\/05\/28\/radfahrpruefung-bestanden\/\" rel=\"bookmark\">Radfahrpr\u00fcfung bestanden!<\/a><\/strong><\/h4>\n<\/header>\n<div class=\"entry-content\">\n<p>Voll Freude pr\u00e4sentieren sich die Kinder der 4. Klassen nach der bestandenen Pr\u00fcfung. Wir gratulieren\u00a0 und w\u00fcnschen viele unfallfreie Fahrten!<\/p>\n<div id=\"gallery_2386_10\" class=\"row\">\n<div id=\"2386-image-2387\" class=\"col-xs-12 col-sm-4 col-md-4\">\n<div class=\"thumbnail\"><a href=\"https:\/\/vspoechlarn.ac.at\/wordpress\/wp-content\/uploads\/2019\/05\/DSC08935.jpg\"><img loading=\"lazy\" decoding=\"async\" class=\"attachment-large size-large\" src=\"https:\/\/vspoechlarn.ac.at\/wordpress\/wp-content\/uploads\/2019\/05\/DSC08935-1024x680.jpg\" sizes=\"auto, (max-width: 900px) 100vw, 900px\" srcset=\"https:\/\/vspoechlarn.ac.at\/wordpress\/wp-content\/uploads\/2019\/05\/DSC08935-1024x680.jpg 1024w, https:\/\/vspoechlarn.ac.at\/wordpress\/wp-content\/uploads\/2019\/05\/DSC08935-350x233.jpg 350w\" alt=\"\" width=\"900\" height=\"598\" \/><\/a><\/div>\n<\/div>\n<div id=\"2386-image-2388\" class=\"col-xs-12 col-sm-4 col-md-4\">\n<div class=\"thumbnail\"><a href=\"https:\/\/vspoechlarn.ac.at\/wordpress\/wp-content\/uploads\/2019\/05\/DSC08954.jpg\"><img loading=\"lazy\" decoding=\"async\" class=\"attachment-large size-large\" src=\"https:\/\/vspoechlarn.ac.at\/wordpress\/wp-content\/uploads\/2019\/05\/DSC08954-1024x680.jpg\" sizes=\"auto, (max-width: 900px) 100vw, 900px\" srcset=\"https:\/\/vspoechlarn.ac.at\/wordpress\/wp-content\/uploads\/2019\/05\/DSC08954-1024x680.jpg 1024w, https:\/\/vspoechlarn.ac.at\/wordpress\/wp-content\/uploads\/2019\/05\/DSC08954-350x233.jpg 350w\" alt=\"\" width=\"900\" height=\"598\" \/><\/a><\/div>\n<\/div>\n<div class=\"clearfix visible-sm-block\"><\/div>\n<\/div>\n<\/div>\n<\/div>\n<\/div>\n<div class=\"panel-footer entry-meta\">\n<p><small><span class=\"loop-category\"><a class=\"label label-primary\" href=\"https:\/\/vspoechlarn.ac.at\/wordpress\/category\/allgemein\/\">Startseite<\/a> <\/span> <span class=\"loop-author\"> | <span class=\"author vcard\"><a class=\"url fn n\" href=\"https:\/\/vspoechlarn.ac.at\/wordpress\/author\/wp-admin\/\">wp-admin<\/a><\/span><\/span> <span class=\"loop-date\"> | <time class=\"entry-date published updated\" datetime=\"2019-05-28T10:25:40+0200\">28. Mai 2019<\/time><\/span> | <span class=\"edit-link\"><a class=\"post-edit-link\" href=\"https:\/\/vspoechlarn.ac.at\/wordpress\/wp-admin\/post.php?post=2386&amp;action=edit\">Bearbeiten<\/a><\/span> <\/small><\/p>\n<div class=\"clearfix\"><\/div>\n<\/div>\n<\/div>\n<\/article>\n<p><!-- #post-2386 --><\/p>\n<article id=\"post-2381\" class=\"loop_list post-2381 post type-post status-publish format-standard hentry category-allgemein\">\n<div class=\"panel panel-default\">\n<div class=\"panel-body clearfix\">\n<div class=\"fs-have-thumbnail\">\n<header class=\"entry-header\">\n<h4 class=\"entry-title\"><strong><a title=\"Permanentlink zu Stift Melk\" href=\"https:\/\/vspoechlarn.ac.at\/wordpress\/2019\/05\/22\/stift-melk\/\" rel=\"bookmark\">Stift Melk<\/a><\/strong><\/h4>\n<\/header>\n<div class=\"entry-content\">\n<p>Auch in diesem Schuljahr besuchten die beiden 4. Klassen das Stift Melk. Sie fuhren mit dem Zug nach Melk und gingen zum Stift hoch. Die Kinder besuchten den Marmorsaal, die Bibliothek und den wundersch\u00f6nen Garten.<\/p>\n<div id=\"gallery_2381_11\" class=\"row\">\n<div id=\"2381-image-2383\" class=\"col-xs-12 col-sm-4 col-md-4\">\n<div class=\"thumbnail\"><a href=\"https:\/\/vspoechlarn.ac.at\/wordpress\/wp-content\/uploads\/2019\/05\/Melk.jpg\"><img loading=\"lazy\" decoding=\"async\" class=\"attachment-large size-large\" src=\"https:\/\/vspoechlarn.ac.at\/wordpress\/wp-content\/uploads\/2019\/05\/Melk-1024x768.jpg\" sizes=\"auto, (max-width: 900px) 100vw, 900px\" srcset=\"https:\/\/vspoechlarn.ac.at\/wordpress\/wp-content\/uploads\/2019\/05\/Melk-1024x768.jpg 1024w, https:\/\/vspoechlarn.ac.at\/wordpress\/wp-content\/uploads\/2019\/05\/Melk-350x263.jpg 350w\" alt=\"\" width=\"900\" height=\"675\" \/><\/a><\/div>\n<\/div>\n<div id=\"2381-image-2417\" class=\"col-xs-12 col-sm-4 col-md-4\">\n<div class=\"thumbnail\"><a href=\"https:\/\/vspoechlarn.ac.at\/wordpress\/wp-content\/uploads\/2019\/05\/IMG-20190605-WA0002.jpg\"><img loading=\"lazy\" decoding=\"async\" class=\"attachment-large size-large\" src=\"https:\/\/vspoechlarn.ac.at\/wordpress\/wp-content\/uploads\/2019\/05\/IMG-20190605-WA0002-768x1024.jpg\" sizes=\"auto, (max-width: 768px) 100vw, 768px\" srcset=\"https:\/\/vspoechlarn.ac.at\/wordpress\/wp-content\/uploads\/2019\/05\/IMG-20190605-WA0002-768x1024.jpg 768w, https:\/\/vspoechlarn.ac.at\/wordpress\/wp-content\/uploads\/2019\/05\/IMG-20190605-WA0002-225x300.jpg 225w, https:\/\/vspoechlarn.ac.at\/wordpress\/wp-content\/uploads\/2019\/05\/IMG-20190605-WA0002.jpg 810w\" alt=\"\" width=\"768\" height=\"1024\" \/><\/a><\/div>\n<\/div>\n<div class=\"clearfix visible-sm-block\"><\/div>\n<\/div>\n<\/div>\n<\/div>\n<\/div>\n<div class=\"panel-footer entry-meta\">\n<p><small><span class=\"loop-category\"><a class=\"label label-primary\" href=\"https:\/\/vspoechlarn.ac.at\/wordpress\/category\/allgemein\/\">Startseite<\/a> <\/span> <span class=\"loop-author\"> | <span class=\"author vcard\"><a class=\"url fn n\" href=\"https:\/\/vspoechlarn.ac.at\/wordpress\/author\/wp-admin\/\">wp-admin<\/a><\/span><\/span> <span class=\"loop-date\"> | <time class=\"entry-date published updated\" datetime=\"2019-05-22T12:51:22+0200\">22. Mai 2019<\/time><\/span> | <span class=\"edit-link\"><a class=\"post-edit-link\" href=\"https:\/\/vspoechlarn.ac.at\/wordpress\/wp-admin\/post.php?post=2381&amp;action=edit\">Bearbeiten<\/a><\/span> <\/small><\/p>\n<div class=\"clearfix\"><\/div>\n<\/div>\n<\/div>\n<\/article>\n<p><!-- #post-2381 --><\/p>\n<article id=\"post-2375\" class=\"loop_list post-2375 post type-post status-publish format-standard hentry category-allgemein\">\n<div class=\"panel panel-default\">\n<div class=\"panel-body clearfix\">\n<div class=\"fs-have-thumbnail\">\n<header class=\"entry-header\">\n<h4 class=\"entry-title\"><strong><a title=\"Permanentlink zu RAIBA Malwettbewerb\" href=\"https:\/\/vspoechlarn.ac.at\/wordpress\/2019\/05\/13\/raiba-malwettbewerb\/\" rel=\"bookmark\">RAIBA Malwettbewerb<\/a><\/strong><\/h4>\n<\/header>\n<div class=\"entry-content\">\n<p>Wir gratulieren den Preistr\u00e4gern des heurigen Malwettbewerbs ganz herzlich!<\/p>\n<div id=\"gallery_2375_12\" class=\"row\">\n<div id=\"2375-image-2376\" class=\"col-xs-12 col-sm-4 col-md-4\">\n<div class=\"thumbnail\"><a href=\"https:\/\/vspoechlarn.ac.at\/wordpress\/wp-content\/uploads\/2019\/05\/6cbca4e2-0b22-43c8-8ea3-4809cd64ad68x.jpg\"><img loading=\"lazy\" decoding=\"async\" class=\"attachment-large size-large\" src=\"https:\/\/vspoechlarn.ac.at\/wordpress\/wp-content\/uploads\/2019\/05\/6cbca4e2-0b22-43c8-8ea3-4809cd64ad68x-1024x577.jpg\" sizes=\"auto, (max-width: 900px) 100vw, 900px\" srcset=\"https:\/\/vspoechlarn.ac.at\/wordpress\/wp-content\/uploads\/2019\/05\/6cbca4e2-0b22-43c8-8ea3-4809cd64ad68x-1024x577.jpg 1024w, https:\/\/vspoechlarn.ac.at\/wordpress\/wp-content\/uploads\/2019\/05\/6cbca4e2-0b22-43c8-8ea3-4809cd64ad68x-350x197.jpg 350w, https:\/\/vspoechlarn.ac.at\/wordpress\/wp-content\/uploads\/2019\/05\/6cbca4e2-0b22-43c8-8ea3-4809cd64ad68x.jpg 1327w\" alt=\"\" width=\"900\" height=\"507\" \/><\/a><\/div>\n<\/div>\n<div id=\"2375-image-2377\" class=\"col-xs-12 col-sm-4 col-md-4\">\n<div class=\"thumbnail\"><a href=\"https:\/\/vspoechlarn.ac.at\/wordpress\/wp-content\/uploads\/2019\/05\/8f10a77e-b983-465a-9695-fe68b756a6fdx.jpg\"><img loading=\"lazy\" decoding=\"async\" class=\"attachment-large size-large\" src=\"https:\/\/vspoechlarn.ac.at\/wordpress\/wp-content\/uploads\/2019\/05\/8f10a77e-b983-465a-9695-fe68b756a6fdx-1024x618.jpg\" sizes=\"auto, (max-width: 900px) 100vw, 900px\" srcset=\"https:\/\/vspoechlarn.ac.at\/wordpress\/wp-content\/uploads\/2019\/05\/8f10a77e-b983-465a-9695-fe68b756a6fdx-1024x618.jpg 1024w, https:\/\/vspoechlarn.ac.at\/wordpress\/wp-content\/uploads\/2019\/05\/8f10a77e-b983-465a-9695-fe68b756a6fdx-350x211.jpg 350w, https:\/\/vspoechlarn.ac.at\/wordpress\/wp-content\/uploads\/2019\/05\/8f10a77e-b983-465a-9695-fe68b756a6fdx.jpg 1323w\" alt=\"\" width=\"900\" height=\"543\" \/><\/a><\/div>\n<\/div>\n<div class=\"clearfix visible-sm-block\"><\/div>\n<div id=\"2375-image-2378\" class=\"col-xs-12 col-sm-4 col-md-4\">\n<div class=\"thumbnail\"><a href=\"https:\/\/vspoechlarn.ac.at\/wordpress\/wp-content\/uploads\/2019\/05\/77eca6bd-9dc2-40e9-95cb-cb08fcaf0978x.jpg\"><img loading=\"lazy\" decoding=\"async\" class=\"attachment-large size-large\" src=\"https:\/\/vspoechlarn.ac.at\/wordpress\/wp-content\/uploads\/2019\/05\/77eca6bd-9dc2-40e9-95cb-cb08fcaf0978x-1024x625.jpg\" sizes=\"auto, (max-width: 900px) 100vw, 900px\" srcset=\"https:\/\/vspoechlarn.ac.at\/wordpress\/wp-content\/uploads\/2019\/05\/77eca6bd-9dc2-40e9-95cb-cb08fcaf0978x-1024x625.jpg 1024w, https:\/\/vspoechlarn.ac.at\/wordpress\/wp-content\/uploads\/2019\/05\/77eca6bd-9dc2-40e9-95cb-cb08fcaf0978x-350x214.jpg 350w, https:\/\/vspoechlarn.ac.at\/wordpress\/wp-content\/uploads\/2019\/05\/77eca6bd-9dc2-40e9-95cb-cb08fcaf0978x.jpg 1373w\" alt=\"\" width=\"900\" height=\"549\" \/><\/a><\/div>\n<\/div>\n<div class=\"clearfix visible-md-block visible-lg-block\"><\/div>\n<\/div>\n<\/div>\n<\/div>\n<\/div>\n<div class=\"panel-footer entry-meta\">\n<p><small><span class=\"loop-category\"><a class=\"label label-primary\" href=\"https:\/\/vspoechlarn.ac.at\/wordpress\/category\/allgemein\/\">Startseite<\/a> <\/span> <span class=\"loop-author\"> | <span class=\"author vcard\"><a class=\"url fn n\" href=\"https:\/\/vspoechlarn.ac.at\/wordpress\/author\/wp-admin\/\">wp-admin<\/a><\/span><\/span> <span class=\"loop-date\"> | <time class=\"entry-date published updated\" datetime=\"2019-05-13T13:43:46+0200\">13. Mai 2019<\/time><\/span> | <span class=\"edit-link\"><a class=\"post-edit-link\" href=\"https:\/\/vspoechlarn.ac.at\/wordpress\/wp-admin\/post.php?post=2375&amp;action=edit\">Bearbeiten<\/a><\/span> <\/small><\/p>\n<div class=\"clearfix\"><\/div>\n<\/div>\n<\/div>\n<\/article>\n<p><!-- #post-2375 --><\/p>\n<article id=\"post-2371\" class=\"loop_list post-2371 post type-post status-publish format-standard hentry category-allgemein\">\n<div class=\"panel panel-default\">\n<div class=\"panel-body clearfix\">\n<div class=\"fs-have-thumbnail\">\n<header class=\"entry-header\">\n<h4 class=\"entry-title\"><strong><a title=\"Permanentlink zu Sumsi Erima Fu\u00dfball Cup\" href=\"https:\/\/vspoechlarn.ac.at\/wordpress\/2019\/05\/09\/sumsi-erima-fussball-cup\/\" rel=\"bookmark\">Sumsi Erima Fu\u00dfball Cup<\/a><\/strong><\/h4>\n<\/header>\n<div class=\"entry-content\">\n<p>Nach 5 \u00e4u\u00dferst spannenden Partien reihten sich die Burschen der VS P\u00f6chlarn beim gestrigen Bezirkscup an die 9. Stelle unter 24 teilnehmenden Mannschaften. Herzhaft wurde in jedem Spiel bis zur letzten Minute gek\u00e4mpft, wof\u00fcr die Buben gro\u00dfes Lob verdienen. F\u00fcr den Transport nach Melk bedanken wir uns wieder ganz herzlich bei unserem Elternverein<\/p>\n<div id=\"gallery_2371_13\" class=\"row\">\n<div id=\"2371-image-2372\" class=\"col-xs-12 col-sm-4 col-md-4\">\n<div class=\"thumbnail\"><a href=\"https:\/\/vspoechlarn.ac.at\/wordpress\/wp-content\/uploads\/2019\/05\/20190509074430339_0001.jpg\"><img loading=\"lazy\" decoding=\"async\" class=\"attachment-large size-large\" src=\"https:\/\/vspoechlarn.ac.at\/wordpress\/wp-content\/uploads\/2019\/05\/20190509074430339_0001-724x1024.jpg\" sizes=\"auto, (max-width: 724px) 100vw, 724px\" srcset=\"https:\/\/vspoechlarn.ac.at\/wordpress\/wp-content\/uploads\/2019\/05\/20190509074430339_0001-724x1024.jpg 724w, https:\/\/vspoechlarn.ac.at\/wordpress\/wp-content\/uploads\/2019\/05\/20190509074430339_0001-212x300.jpg 212w, https:\/\/vspoechlarn.ac.at\/wordpress\/wp-content\/uploads\/2019\/05\/20190509074430339_0001.jpg 763w\" alt=\"\" width=\"724\" height=\"1024\" \/><\/a><\/div>\n<\/div>\n<div id=\"2371-image-2373\" class=\"col-xs-12 col-sm-4 col-md-4\">\n<div class=\"thumbnail\"><a href=\"https:\/\/vspoechlarn.ac.at\/wordpress\/wp-content\/uploads\/2019\/05\/IMG_7285.jpg\"><img loading=\"lazy\" decoding=\"async\" class=\"attachment-large size-large\" src=\"https:\/\/vspoechlarn.ac.at\/wordpress\/wp-content\/uploads\/2019\/05\/IMG_7285-1024x768.jpg\" sizes=\"auto, (max-width: 900px) 100vw, 900px\" srcset=\"https:\/\/vspoechlarn.ac.at\/wordpress\/wp-content\/uploads\/2019\/05\/IMG_7285-1024x768.jpg 1024w, https:\/\/vspoechlarn.ac.at\/wordpress\/wp-content\/uploads\/2019\/05\/IMG_7285-350x263.jpg 350w, https:\/\/vspoechlarn.ac.at\/wordpress\/wp-content\/uploads\/2019\/05\/IMG_7285.jpg 1440w\" alt=\"\" width=\"900\" height=\"675\" \/><\/a><\/div>\n<\/div>\n<div class=\"clearfix visible-sm-block\"><\/div>\n<\/div>\n<p>!<\/p>\n<\/div>\n<\/div>\n<\/div>\n<div class=\"panel-footer entry-meta\">\n<p><small><span class=\"loop-category\"><a class=\"label label-primary\" href=\"https:\/\/vspoechlarn.ac.at\/wordpress\/category\/allgemein\/\">Startseite<\/a> <\/span> <span class=\"loop-author\"> | <span class=\"author vcard\"><a class=\"url fn n\" href=\"https:\/\/vspoechlarn.ac.at\/wordpress\/author\/wp-admin\/\">wp-admin<\/a><\/span><\/span> <span class=\"loop-date\"> | <time class=\"entry-date published updated\" datetime=\"2019-05-09T07:54:05+0200\">9. Mai 2019<\/time><\/span> | <span class=\"edit-link\"><a class=\"post-edit-link\" href=\"https:\/\/vspoechlarn.ac.at\/wordpress\/wp-admin\/post.php?post=2371&amp;action=edit\">Bearbeiten<\/a><\/span> <\/small><\/p>\n<div class=\"clearfix\"><\/div>\n<\/div>\n<\/div>\n<\/article>\n<p><!-- #post-2371 --><\/p>\n<article id=\"post-2360\" class=\"loop_list post-2360 post type-post status-publish format-standard hentry category-allgemein\">\n<div class=\"panel panel-default\">\n<div class=\"panel-body clearfix\">\n<div class=\"fs-have-thumbnail\">\n<header class=\"entry-header\">\n<h4 class=\"entry-title\"><strong><a title=\"Permanentlink zu Sicher mit dem Fahrrad unterwegs\u2026\" href=\"https:\/\/vspoechlarn.ac.at\/wordpress\/2019\/04\/25\/sicher-mit-dem-fahrrad-unterwegs\/\" rel=\"bookmark\">Sicher mit dem Fahrrad unterwegs\u2026<\/a><\/strong><\/h4>\n<\/header>\n<div class=\"entry-content\">\n<p>\u2026 dies war das Motto der Klasse 4b. Am Donnerstag (10.4.2019) durften die Kinder verschiedene Stationen in Partnerarbeit durchf\u00fchren. Diverse Kreuzungen, Bodenmarkierungen und Verkehrszeichen wurden genauestens behandelt. Die M\u00e4dchen und Buben hatten dabei gro\u00dfen Spa\u00df. Wir w\u00fcnschen schon jetzt viel Gl\u00fcck f\u00fcr die bevorstehende Radfahrpr\u00fcfung.<\/p>\n<div id=\"gallery_2360_14\" class=\"row\">\n<div id=\"2360-image-2367\" class=\"col-xs-12 col-sm-4 col-md-4\">\n<div class=\"thumbnail\"><a href=\"https:\/\/vspoechlarn.ac.at\/wordpress\/wp-content\/uploads\/2019\/04\/DSC08908.jpg\"><img loading=\"lazy\" decoding=\"async\" class=\"attachment-large size-large\" src=\"https:\/\/vspoechlarn.ac.at\/wordpress\/wp-content\/uploads\/2019\/04\/DSC08908-1024x680.jpg\" sizes=\"auto, (max-width: 900px) 100vw, 900px\" srcset=\"https:\/\/vspoechlarn.ac.at\/wordpress\/wp-content\/uploads\/2019\/04\/DSC08908-1024x680.jpg 1024w, https:\/\/vspoechlarn.ac.at\/wordpress\/wp-content\/uploads\/2019\/04\/DSC08908-350x233.jpg 350w\" alt=\"\" width=\"900\" height=\"598\" \/><\/a><\/div>\n<\/div>\n<\/div>\n<\/div>\n<\/div>\n<\/div>\n<div class=\"panel-footer entry-meta\">\n<p><small><span class=\"loop-category\"><a class=\"label label-primary\" href=\"https:\/\/vspoechlarn.ac.at\/wordpress\/category\/allgemein\/\">Startseite<\/a> <\/span> <span class=\"loop-author\"> | <span class=\"author vcard\"><a class=\"url fn n\" href=\"https:\/\/vspoechlarn.ac.at\/wordpress\/author\/wp-admin\/\">wp-admin<\/a><\/span><\/span> <span class=\"loop-date\"> | <time class=\"entry-date published updated\" datetime=\"2019-04-25T11:00:23+0200\">25. April 2019<\/time><\/span> | <span class=\"edit-link\"><a class=\"post-edit-link\" href=\"https:\/\/vspoechlarn.ac.at\/wordpress\/wp-admin\/post.php?post=2360&amp;action=edit\">Bearbeiten<\/a><\/span> <\/small><\/p>\n<div class=\"clearfix\"><\/div>\n<\/div>\n<\/div>\n<\/article>\n<p><!-- #post-2360 --><\/p>\n<article id=\"post-2354\" class=\"loop_list post-2354 post type-post status-publish format-standard hentry category-allgemein\">\n<div class=\"panel panel-default\">\n<div class=\"panel-body clearfix\">\n<div class=\"fs-have-thumbnail\">\n<header class=\"entry-header\">\n<h4 class=\"entry-title\"><strong><a title=\"Permanentlink zu M\u00fcllsammelaktion\" href=\"https:\/\/vspoechlarn.ac.at\/wordpress\/2019\/04\/12\/muellsammelaktion\/\" rel=\"bookmark\">M\u00fcllsammelaktion<\/a><\/strong><\/h4>\n<\/header>\n<div class=\"entry-content\">\n<p>Heute Vormittag reinigten die Sch\u00fclerinnen und Sch\u00fcler gemeinsam mit den Lehrerinnen und Lehrern der VS den gesamten Schlosspark.<\/p>\n<div id=\"gallery_2354_15\" class=\"row\">\n<div id=\"2354-image-2356\" class=\"col-xs-12 col-sm-4 col-md-4\">\n<div class=\"thumbnail\"><a href=\"https:\/\/vspoechlarn.ac.at\/wordpress\/wp-content\/uploads\/2019\/04\/20190412_104735.jpg\"><img loading=\"lazy\" decoding=\"async\" class=\"attachment-large size-large\" src=\"https:\/\/vspoechlarn.ac.at\/wordpress\/wp-content\/uploads\/2019\/04\/20190412_104735-1024x768.jpg\" sizes=\"auto, (max-width: 900px) 100vw, 900px\" srcset=\"https:\/\/vspoechlarn.ac.at\/wordpress\/wp-content\/uploads\/2019\/04\/20190412_104735-1024x768.jpg 1024w, https:\/\/vspoechlarn.ac.at\/wordpress\/wp-content\/uploads\/2019\/04\/20190412_104735-350x263.jpg 350w\" alt=\"\" width=\"900\" height=\"675\" \/><\/a><\/div>\n<\/div>\n<\/div>\n<\/div>\n<\/div>\n<\/div>\n<div class=\"panel-footer entry-meta\">\n<p><small><span class=\"loop-category\"><a class=\"label label-primary\" href=\"https:\/\/vspoechlarn.ac.at\/wordpress\/category\/allgemein\/\">Startseite<\/a> <\/span> <span class=\"loop-author\"> | <span class=\"author vcard\"><a class=\"url fn n\" href=\"https:\/\/vspoechlarn.ac.at\/wordpress\/author\/wp-admin\/\">wp-admin<\/a><\/span><\/span> <span class=\"loop-date\"> | <time class=\"entry-date published updated\" datetime=\"2019-04-12T15:40:31+0200\">12. April 2019<\/time><\/span> | <span class=\"edit-link\"><a class=\"post-edit-link\" href=\"https:\/\/vspoechlarn.ac.at\/wordpress\/wp-admin\/post.php?post=2354&amp;action=edit\">Bearbeiten<\/a><\/span> <\/small><\/p>\n<div class=\"clearfix\"><\/div>\n<\/div>\n<\/div>\n<\/article>\n<p><!-- #post-2354 --><\/p>\n<article id=\"post-2351\" class=\"loop_list post-2351 post type-post status-publish format-standard hentry category-allgemein\">\n<div class=\"panel panel-default\">\n<div class=\"panel-body clearfix\">\n<div class=\"fs-have-thumbnail\">\n<header class=\"entry-header\">\n<h4 class=\"entry-title\"><strong><a title=\"Permanentlink zu Der Hase kommt\u2026\" href=\"https:\/\/vspoechlarn.ac.at\/wordpress\/2019\/04\/11\/der-hase-kommt\/\" rel=\"bookmark\">Der Hase kommt\u2026<\/a><\/strong><\/h4>\n<\/header>\n<div class=\"entry-content\">\n<p>Passend vor Ostern besch\u00e4ftigten sich die Kinder der 3ab-Klasse mit dem beliebten S\u00e4ugetier: Hase. Zur Einstimmung wurde den Kindern ein Kinderbuch zum Thema Hase und Kaninchen vorgelesen, sp\u00e4ter wurden mit verschiedenen R\u00e4tseln die Eigenschaften und Merkmale des Feldhasen erarbeitet und der kr\u00f6nende Abschluss war der Besuch eines Kaninchens.<\/p>\n<div id=\"gallery_2351_16\" class=\"row\">\n<div id=\"2351-image-2352\" class=\"col-xs-12 col-sm-4 col-md-4\">\n<div class=\"thumbnail\"><a href=\"https:\/\/vspoechlarn.ac.at\/wordpress\/wp-content\/uploads\/2019\/04\/Hase.jpg\"><img loading=\"lazy\" decoding=\"async\" class=\"attachment-large size-large\" src=\"https:\/\/vspoechlarn.ac.at\/wordpress\/wp-content\/uploads\/2019\/04\/Hase-1024x768.jpg\" sizes=\"auto, (max-width: 900px) 100vw, 900px\" srcset=\"https:\/\/vspoechlarn.ac.at\/wordpress\/wp-content\/uploads\/2019\/04\/Hase-1024x768.jpg 1024w, https:\/\/vspoechlarn.ac.at\/wordpress\/wp-content\/uploads\/2019\/04\/Hase-350x263.jpg 350w, https:\/\/vspoechlarn.ac.at\/wordpress\/wp-content\/uploads\/2019\/04\/Hase.jpg 1440w\" alt=\"\" width=\"900\" height=\"675\" \/><\/a><\/div>\n<\/div>\n<\/div>\n<\/div>\n<\/div>\n<\/div>\n<div class=\"panel-footer entry-meta\">\n<p><small><span class=\"loop-category\"><a class=\"label label-primary\" href=\"https:\/\/vspoechlarn.ac.at\/wordpress\/category\/allgemein\/\">Startseite<\/a> <\/span> <span class=\"loop-author\"> | <span class=\"author vcard\"><a class=\"url fn n\" href=\"https:\/\/vspoechlarn.ac.at\/wordpress\/author\/wp-admin\/\">wp-admin<\/a><\/span><\/span> <span class=\"loop-date\"> | <time class=\"entry-date published updated\" datetime=\"2019-04-11T14:03:49+0200\">11. April 2019<\/time><\/span> | <span class=\"edit-link\"><a class=\"post-edit-link\" href=\"https:\/\/vspoechlarn.ac.at\/wordpress\/wp-admin\/post.php?post=2351&amp;action=edit\">Bearbeiten<\/a><\/span> <\/small><\/p>\n<div class=\"clearfix\"><\/div>\n<\/div>\n<\/div>\n<\/article>\n<p><!-- #post-2351 --><\/p>\n<article id=\"post-2346\" class=\"loop_list post-2346 post type-post status-publish format-standard hentry category-allgemein\">\n<div class=\"panel panel-default\">\n<div class=\"panel-body clearfix\">\n<div class=\"fs-have-thumbnail\">\n<header class=\"entry-header\">\n<h4 class=\"entry-title\"><strong><a title=\"Permanentlink zu Hallo Auto!\" href=\"https:\/\/vspoechlarn.ac.at\/wordpress\/2019\/04\/11\/hallo-auto\/\" rel=\"bookmark\">Hallo Auto!<\/a><\/strong><\/h4>\n<\/header>\n<div class=\"entry-content\">\n<p>Gestern hatte die 3ab-Klasse ein Verkehrssicherheitstraining mit einem Mitarbeiter vom \u00d6AMTC. Der Bremsweg, Reaktionsweg und Anhalteweg waren das gro\u00dfe Thema an diesem Vormittag. Ein herzliches Dankesch\u00f6n an die Freiwillige Feuerwehr P\u00f6chlarn f\u00fcr die Unterst\u00fctzung.<\/p>\n<div id=\"gallery_2346_17\" class=\"row\">\n<div id=\"2346-image-2347\" class=\"col-xs-12 col-sm-4 col-md-4\">\n<div class=\"thumbnail\"><a href=\"https:\/\/vspoechlarn.ac.at\/wordpress\/wp-content\/uploads\/2019\/04\/Hallo-Auto.jpg\"><img loading=\"lazy\" decoding=\"async\" class=\"attachment-large size-large\" src=\"https:\/\/vspoechlarn.ac.at\/wordpress\/wp-content\/uploads\/2019\/04\/Hallo-Auto-1024x768.jpg\" sizes=\"auto, (max-width: 900px) 100vw, 900px\" srcset=\"https:\/\/vspoechlarn.ac.at\/wordpress\/wp-content\/uploads\/2019\/04\/Hallo-Auto-1024x768.jpg 1024w, https:\/\/vspoechlarn.ac.at\/wordpress\/wp-content\/uploads\/2019\/04\/Hallo-Auto-350x263.jpg 350w\" alt=\"\" width=\"900\" height=\"675\" \/><\/a><\/div>\n<\/div>\n<\/div>\n<\/div>\n<\/div>\n<\/div>\n<div class=\"panel-footer entry-meta\">\n<p><small><span class=\"loop-category\"><a class=\"label label-primary\" href=\"https:\/\/vspoechlarn.ac.at\/wordpress\/category\/allgemein\/\">Startseite<\/a> <\/span> <span class=\"loop-author\"> | <span class=\"author vcard\"><a class=\"url fn n\" href=\"https:\/\/vspoechlarn.ac.at\/wordpress\/author\/wp-admin\/\">wp-admin<\/a><\/span><\/span> <span class=\"loop-date\"> | <time class=\"entry-date published updated\" datetime=\"2019-04-11T13:59:57+0200\">11. April 2019<\/time><\/span> | <span class=\"edit-link\"><a class=\"post-edit-link\" href=\"https:\/\/vspoechlarn.ac.at\/wordpress\/wp-admin\/post.php?post=2346&amp;action=edit\">Bearbeiten<\/a><\/span> <\/small><\/p>\n<div class=\"clearfix\"><\/div>\n<\/div>\n<\/div>\n<\/article>\n<p><!-- #post-2346 --><\/p>\n<article id=\"post-2337\" class=\"loop_list post-2337 post type-post status-publish format-standard hentry category-allgemein\">\n<div class=\"panel panel-default\">\n<div class=\"panel-body clearfix\">\n<div class=\"fs-have-thumbnail\">\n<header class=\"entry-header\">\n<h4 class=\"entry-title\"><strong><a title=\"Permanentlink zu Schach Landesfinale\" href=\"https:\/\/vspoechlarn.ac.at\/wordpress\/2019\/04\/09\/schach-landesfinale\/\" rel=\"bookmark\">Schach Landesfinale<\/a><\/strong><\/h4>\n<\/header>\n<div class=\"entry-content\">\n<p>Am 5. April k\u00e4mpften\u00a0 Simon M\u00fcllner,\u00a0 Hadi Nazari, Clemens und Daniel Russo in St.P\u00f6lten um den Titel \u201eLandesmeister im Volksschulschach\u201c. Nach spannenden Partien belegten unsere Burschen schlie\u00dflich den 4. Platz. Wir gratulieren zu diesem Erfolg!<\/p>\n<div id=\"gallery_2337_18\" class=\"row\">\n<div id=\"2337-image-2339\" class=\"col-xs-12 col-sm-4 col-md-4\">\n<div class=\"thumbnail\"><a href=\"https:\/\/vspoechlarn.ac.at\/wordpress\/wp-content\/uploads\/2019\/04\/IMG_7070.jpg\"><img loading=\"lazy\" decoding=\"async\" class=\"attachment-large size-large\" src=\"https:\/\/vspoechlarn.ac.at\/wordpress\/wp-content\/uploads\/2019\/04\/IMG_7070.jpg\" sizes=\"auto, (max-width: 640px) 100vw, 640px\" srcset=\"https:\/\/vspoechlarn.ac.at\/wordpress\/wp-content\/uploads\/2019\/04\/IMG_7070.jpg 640w, https:\/\/vspoechlarn.ac.at\/wordpress\/wp-content\/uploads\/2019\/04\/IMG_7070-350x263.jpg 350w\" alt=\"\" width=\"640\" height=\"480\" \/><\/a><\/div>\n<\/div>\n<\/div>\n<\/div>\n<\/div>\n<\/div>\n<div class=\"panel-footer entry-meta\">\n<p><small><span class=\"loop-category\"><a class=\"label label-primary\" href=\"https:\/\/vspoechlarn.ac.at\/wordpress\/category\/allgemein\/\">Startseite<\/a> <\/span> <span class=\"loop-author\"> | <span class=\"author vcard\"><a class=\"url fn n\" href=\"https:\/\/vspoechlarn.ac.at\/wordpress\/author\/wp-admin\/\">wp-admin<\/a><\/span><\/span> <span class=\"loop-date\"> | <time class=\"entry-date published updated\" datetime=\"2019-04-09T10:00:55+0200\">9. April 2019<\/time><\/span> | <span class=\"edit-link\"><a class=\"post-edit-link\" href=\"https:\/\/vspoechlarn.ac.at\/wordpress\/wp-admin\/post.php?post=2337&amp;action=edit\">Bearbeiten<\/a><\/span> <\/small><\/p>\n<div class=\"clearfix\"><\/div>\n<\/div>\n<\/div>\n<\/article>\n<p><!-- #post-2337 --><\/p>\n<article id=\"post-2329\" class=\"loop_list post-2329 post type-post status-publish format-standard hentry category-allgemein\">\n<div class=\"panel panel-default\">\n<div class=\"panel-body clearfix\">\n<div class=\"fs-have-thumbnail\">\n<header class=\"entry-header\">\n<h4 class=\"entry-title\"><strong><a title=\"Permanentlink zu Landeshauptstadt\" href=\"https:\/\/vspoechlarn.ac.at\/wordpress\/2019\/03\/28\/landeshauptstadt\/\" rel=\"bookmark\">Landeshauptstadt<\/a><\/strong><\/h4>\n<\/header>\n<div class=\"entry-content\">\n<p>Am Montag, den 18. M\u00e4rz fuhren die 4. Klassen mit dem Zug nach St. P\u00f6lten, um die Landeshauptstadt besser kennenzulernen. Sie besichtigten die Altstadt mit dem Dom und dem Rathaus und das Regierungsviertel. Dort trafen sie auch unsere Landeshauptfrau Johanna Mikl-Leitner.<\/p>\n<div id=\"gallery_2329_19\" class=\"row\">\n<div id=\"2329-image-2331\" class=\"col-xs-12 col-sm-4 col-md-4\">\n<div class=\"thumbnail\"><a href=\"https:\/\/vspoechlarn.ac.at\/wordpress\/wp-content\/uploads\/2019\/03\/20190328074520468_0001.jpg\"><img loading=\"lazy\" decoding=\"async\" class=\"attachment-large size-large\" src=\"https:\/\/vspoechlarn.ac.at\/wordpress\/wp-content\/uploads\/2019\/03\/20190328074520468_0001-1024x721.jpg\" sizes=\"auto, (max-width: 900px) 100vw, 900px\" srcset=\"https:\/\/vspoechlarn.ac.at\/wordpress\/wp-content\/uploads\/2019\/03\/20190328074520468_0001-1024x721.jpg 1024w, https:\/\/vspoechlarn.ac.at\/wordpress\/wp-content\/uploads\/2019\/03\/20190328074520468_0001-350x247.jpg 350w, https:\/\/vspoechlarn.ac.at\/wordpress\/wp-content\/uploads\/2019\/03\/20190328074520468_0001.jpg 1381w\" alt=\"\" width=\"900\" height=\"634\" \/><\/a><\/div>\n<\/div>\n<div id=\"2329-image-2334\" class=\"col-xs-12 col-sm-4 col-md-4\">\n<div class=\"thumbnail\"><a href=\"https:\/\/vspoechlarn.ac.at\/wordpress\/wp-content\/uploads\/2019\/03\/4b-Landeshauptstadt.jpg\"><img loading=\"lazy\" decoding=\"async\" class=\"attachment-large size-large\" src=\"https:\/\/vspoechlarn.ac.at\/wordpress\/wp-content\/uploads\/2019\/03\/4b-Landeshauptstadt-1024x768.jpg\" sizes=\"auto, (max-width: 900px) 100vw, 900px\" srcset=\"https:\/\/vspoechlarn.ac.at\/wordpress\/wp-content\/uploads\/2019\/03\/4b-Landeshauptstadt-1024x768.jpg 1024w, https:\/\/vspoechlarn.ac.at\/wordpress\/wp-content\/uploads\/2019\/03\/4b-Landeshauptstadt-350x263.jpg 350w, https:\/\/vspoechlarn.ac.at\/wordpress\/wp-content\/uploads\/2019\/03\/4b-Landeshauptstadt.jpg 1440w\" alt=\"\" width=\"900\" height=\"675\" \/><\/a><\/div>\n<\/div>\n<div class=\"clearfix visible-sm-block\"><\/div>\n<\/div>\n<\/div>\n<\/div>\n<\/div>\n<div class=\"panel-footer entry-meta\">\n<p><small><span class=\"loop-category\"><a class=\"label label-primary\" href=\"https:\/\/vspoechlarn.ac.at\/wordpress\/category\/allgemein\/\">Startseite<\/a> <\/span> <span class=\"loop-author\"> | <span class=\"author vcard\"><a class=\"url fn n\" href=\"https:\/\/vspoechlarn.ac.at\/wordpress\/author\/wp-admin\/\">wp-admin<\/a><\/span><\/span> <span class=\"loop-date\"> | <time class=\"entry-date published updated\" datetime=\"2019-03-28T12:47:07+0200\">28. M\u00e4rz 2019<\/time><\/span> | <span class=\"edit-link\"><a class=\"post-edit-link\" href=\"https:\/\/vspoechlarn.ac.at\/wordpress\/wp-admin\/post.php?post=2329&amp;action=edit\">Bearbeiten<\/a><\/span> <\/small><\/p>\n<div class=\"clearfix\"><\/div>\n<\/div>\n<\/div>\n<\/article>\n<p><!-- #post-2329 --><\/p>\n<article id=\"post-2324\" class=\"loop_list post-2324 post type-post status-publish format-standard hentry category-allgemein\">\n<div class=\"panel panel-default\">\n<div class=\"panel-body clearfix\">\n<div class=\"fs-have-thumbnail\">\n<header class=\"entry-header\">\n<h4 class=\"entry-title\"><strong><a title=\"Permanentlink zu Regenmacher\" href=\"https:\/\/vspoechlarn.ac.at\/wordpress\/2019\/03\/28\/regenmacher\/\" rel=\"bookmark\">Regenmacher<\/a><\/strong><\/h4>\n<\/header>\n<div class=\"entry-content\">\n<p>Stolz pr\u00e4sentieren die M\u00e4dchen und Buben der 4a ihre neuen Instrumente, die sie im Werkunterricht selbst hergestellt haben.<\/p>\n<div id=\"gallery_2324_20\" class=\"row\">\n<div id=\"2324-image-2325\" class=\"col-xs-12 col-sm-4 col-md-4\">\n<div class=\"thumbnail\"><a href=\"https:\/\/vspoechlarn.ac.at\/wordpress\/wp-content\/uploads\/2019\/03\/DSC08891.jpg\"><img loading=\"lazy\" decoding=\"async\" class=\"attachment-large size-large\" src=\"https:\/\/vspoechlarn.ac.at\/wordpress\/wp-content\/uploads\/2019\/03\/DSC08891-1024x680.jpg\" sizes=\"auto, (max-width: 900px) 100vw, 900px\" srcset=\"https:\/\/vspoechlarn.ac.at\/wordpress\/wp-content\/uploads\/2019\/03\/DSC08891-1024x680.jpg 1024w, https:\/\/vspoechlarn.ac.at\/wordpress\/wp-content\/uploads\/2019\/03\/DSC08891-350x233.jpg 350w\" alt=\"\" width=\"900\" height=\"598\" \/><\/a><\/div>\n<\/div>\n<\/div>\n<\/div>\n<\/div>\n<\/div>\n<div class=\"panel-footer entry-meta\">\n<p><small><span class=\"loop-category\"><a class=\"label label-primary\" href=\"https:\/\/vspoechlarn.ac.at\/wordpress\/category\/allgemein\/\">Startseite<\/a> <\/span> <span class=\"loop-author\"> | <span class=\"author vcard\"><a class=\"url fn n\" href=\"https:\/\/vspoechlarn.ac.at\/wordpress\/author\/wp-admin\/\">wp-admin<\/a><\/span><\/span> <span class=\"loop-date\"> | <time class=\"entry-date published updated\" datetime=\"2019-03-28T10:19:52+0200\">28. M\u00e4rz 2019<\/time><\/span> | <span class=\"edit-link\"><a class=\"post-edit-link\" href=\"https:\/\/vspoechlarn.ac.at\/wordpress\/wp-admin\/post.php?post=2324&amp;action=edit\">Bearbeiten<\/a><\/span> <\/small><\/p>\n<div class=\"clearfix\"><\/div>\n<\/div>\n<\/div>\n<\/article>\n<p><!-- #post-2324 --><\/p>\n<article id=\"post-2318\" class=\"loop_list post-2318 post type-post status-publish format-standard hentry category-allgemein\">\n<div class=\"panel panel-default\">\n<div class=\"panel-body clearfix\">\n<div class=\"fs-have-thumbnail\">\n<header class=\"entry-header\">\n<h4 class=\"entry-title\"><strong><a title=\"Permanentlink zu G\u00e4ste aus dem Kindergarten\" href=\"https:\/\/vspoechlarn.ac.at\/wordpress\/2019\/03\/28\/gaeste-aus-dem-kindergarten\/\" rel=\"bookmark\">G\u00e4ste aus dem Kindergarten<\/a><\/strong><\/h4>\n<\/header>\n<div class=\"entry-content\">\n<p>Die zukunftigen Schulanf\u00e4nger vom Kindergarten Sonnenschein waren gestern bei uns in der Schule. Mit gro\u00dfer Begeisterung \u00fcbten alle den neuen Buchstaben.<\/p>\n<div id=\"gallery_2318_21\" class=\"row\">\n<div id=\"2318-image-2321\" class=\"col-xs-12 col-sm-3 col-md-3\">\n<div class=\"thumbnail\"><a href=\"https:\/\/vspoechlarn.ac.at\/wordpress\/wp-content\/uploads\/2019\/03\/DSC08889.jpg\"><img loading=\"lazy\" decoding=\"async\" class=\"attachment-large size-large\" src=\"https:\/\/vspoechlarn.ac.at\/wordpress\/wp-content\/uploads\/2019\/03\/DSC08889-1024x680.jpg\" sizes=\"auto, (max-width: 900px) 100vw, 900px\" srcset=\"https:\/\/vspoechlarn.ac.at\/wordpress\/wp-content\/uploads\/2019\/03\/DSC08889-1024x680.jpg 1024w, https:\/\/vspoechlarn.ac.at\/wordpress\/wp-content\/uploads\/2019\/03\/DSC08889-350x233.jpg 350w\" alt=\"\" width=\"900\" height=\"598\" \/><\/a><\/div>\n<\/div>\n<\/div>\n<\/div>\n<\/div>\n<\/div>\n<div class=\"panel-footer entry-meta\">\n<p><small><span class=\"loop-category\"><a class=\"label label-primary\" href=\"https:\/\/vspoechlarn.ac.at\/wordpress\/category\/allgemein\/\">Startseite<\/a> <\/span> <span class=\"loop-author\"> | <span class=\"author vcard\"><a class=\"url fn n\" href=\"https:\/\/vspoechlarn.ac.at\/wordpress\/author\/wp-admin\/\">wp-admin<\/a><\/span><\/span> <span class=\"loop-date\"> | <time class=\"entry-date published updated\" datetime=\"2019-03-28T10:16:10+0200\">28. M\u00e4rz 2019<\/time><\/span> | <span class=\"edit-link\"><a class=\"post-edit-link\" href=\"https:\/\/vspoechlarn.ac.at\/wordpress\/wp-admin\/post.php?post=2318&amp;action=edit\">Bearbeiten<\/a><\/span> <\/small><\/p>\n<div class=\"clearfix\"><\/div>\n<\/div>\n<\/div>\n<\/article>\n<p><!-- #post-2318 --><\/p>\n<article id=\"post-2309\" class=\"loop_list post-2309 post type-post status-publish format-standard hentry category-allgemein\">\n<div class=\"panel panel-default\">\n<div class=\"panel-body clearfix\">\n<div class=\"fs-have-thumbnail\">\n<header class=\"entry-header\">\n<h4 class=\"entry-title\"><strong><a title=\"Permanentlink zu Ostern steht vor der T\u00fcr\" href=\"https:\/\/vspoechlarn.ac.at\/wordpress\/2019\/03\/20\/ostern-steht-vor-der-tuer\/\" rel=\"bookmark\">Ostern steht vor der T\u00fcr<\/a><\/strong><\/h4>\n<\/header>\n<div class=\"entry-content\">\n<p>In der Nachmittagsbetreuung wird schon flei\u00dfig gebastelt.<\/p>\n<div id=\"gallery_2309_22\" class=\"row\">\n<div id=\"2309-image-2310\" class=\"col-xs-12 col-sm-4 col-md-4\">\n<div class=\"thumbnail\"><a href=\"https:\/\/vspoechlarn.ac.at\/wordpress\/wp-content\/uploads\/2019\/03\/20190318_155042.jpg\"><img loading=\"lazy\" decoding=\"async\" class=\"attachment-large size-large\" src=\"https:\/\/vspoechlarn.ac.at\/wordpress\/wp-content\/uploads\/2019\/03\/20190318_155042-1024x514.jpg\" sizes=\"auto, (max-width: 900px) 100vw, 900px\" srcset=\"https:\/\/vspoechlarn.ac.at\/wordpress\/wp-content\/uploads\/2019\/03\/20190318_155042-1024x514.jpg 1024w, https:\/\/vspoechlarn.ac.at\/wordpress\/wp-content\/uploads\/2019\/03\/20190318_155042-350x176.jpg 350w\" alt=\"\" width=\"900\" height=\"452\" \/><\/a><\/div>\n<\/div>\n<\/div>\n<\/div>\n<\/div>\n<\/div>\n<div class=\"panel-footer entry-meta\">\n<p><small><span class=\"loop-category\"><a class=\"label label-primary\" href=\"https:\/\/vspoechlarn.ac.at\/wordpress\/category\/allgemein\/\">Startseite<\/a> <\/span> <span class=\"loop-author\"> | <span class=\"author vcard\"><a class=\"url fn n\" href=\"https:\/\/vspoechlarn.ac.at\/wordpress\/author\/wp-admin\/\">wp-admin<\/a><\/span><\/span> <span class=\"loop-date\"> | <time class=\"entry-date published updated\" datetime=\"2019-03-20T09:13:34+0200\">20. M\u00e4rz 2019<\/time><\/span> | <span class=\"edit-link\"><a class=\"post-edit-link\" href=\"https:\/\/vspoechlarn.ac.at\/wordpress\/wp-admin\/post.php?post=2309&amp;action=edit\">Bearbeiten<\/a><\/span> <\/small><\/p>\n<div class=\"clearfix\"><\/div>\n<\/div>\n<\/div>\n<\/article>\n<p><!-- #post-2309 --><\/p>\n<article id=\"post-2302\" class=\"loop_list post-2302 post type-post status-publish format-standard hentry category-allgemein\">\n<div class=\"panel panel-default\">\n<div class=\"panel-body clearfix\">\n<div class=\"fs-have-thumbnail\">\n<header class=\"entry-header\">\n<h4 class=\"entry-title\"><strong><a title=\"Permanentlink zu G\u00e4rtnerei Fuchs\" href=\"https:\/\/vspoechlarn.ac.at\/wordpress\/2019\/03\/19\/gaertnerei-fuchs\/\" rel=\"bookmark\">G\u00e4rtnerei Fuchs<\/a><\/strong><\/h4>\n<\/header>\n<div class=\"entry-content\">\n<p>Letzten Freitag war die 3ab-Klasse in der G\u00e4rtnerei Fuchs. Wir durften viele Fr\u00fchbl\u00fcher besichtigen, Tagetes pflanzen und Kr\u00e4utertopfen zubereiten. Der kr\u00f6nende Abschluss war nat\u00fcrlich das Verspeisen des selbst hergestellten Aufstriches. Danke an Frau Fuchs und ihr Team f\u00fcr einen wundervollen Vormittag!<\/p>\n<div id=\"gallery_2302_23\" class=\"row\">\n<div id=\"2302-image-2303\" class=\"col-xs-12 col-sm-3 col-md-3\">\n<div class=\"thumbnail\"><a href=\"https:\/\/vspoechlarn.ac.at\/wordpress\/wp-content\/uploads\/2019\/03\/IMG-20190318-WA0002.jpg\"><img loading=\"lazy\" decoding=\"async\" class=\"attachment-large size-large\" src=\"https:\/\/vspoechlarn.ac.at\/wordpress\/wp-content\/uploads\/2019\/03\/IMG-20190318-WA0002-1024x768.jpg\" sizes=\"auto, (max-width: 900px) 100vw, 900px\" srcset=\"https:\/\/vspoechlarn.ac.at\/wordpress\/wp-content\/uploads\/2019\/03\/IMG-20190318-WA0002.jpg 1024w, https:\/\/vspoechlarn.ac.at\/wordpress\/wp-content\/uploads\/2019\/03\/IMG-20190318-WA0002-350x263.jpg 350w\" alt=\"\" width=\"900\" height=\"675\" \/><\/a><\/div>\n<\/div>\n<\/div>\n<p>&nbsp;<\/p>\n<\/div>\n<\/div>\n<\/div>\n<div class=\"panel-footer entry-meta\">\n<p><small><span class=\"loop-category\"><a class=\"label label-primary\" href=\"https:\/\/vspoechlarn.ac.at\/wordpress\/category\/allgemein\/\">Startseite<\/a> <\/span> <span class=\"loop-author\"> | <span class=\"author vcard\"><a class=\"url fn n\" href=\"https:\/\/vspoechlarn.ac.at\/wordpress\/author\/wp-admin\/\">wp-admin<\/a><\/span><\/span> <span class=\"loop-date\"> | <time class=\"entry-date published updated\" datetime=\"2019-03-19T15:37:07+0200\">19. M\u00e4rz 2019<\/time><\/span> | <span class=\"edit-link\"><a class=\"post-edit-link\" href=\"https:\/\/vspoechlarn.ac.at\/wordpress\/wp-admin\/post.php?post=2302&amp;action=edit\">Bearbeiten<\/a><\/span> <\/small><\/p>\n<div class=\"clearfix\"><\/div>\n<\/div>\n<\/div>\n<\/article>\n<p><!-- #post-2302 --><\/p>\n<article id=\"post-2297\" class=\"loop_list post-2297 post type-post status-publish format-standard hentry category-allgemein\">\n<div class=\"panel panel-default\">\n<div class=\"panel-body clearfix\">\n<div class=\"fs-have-thumbnail\">\n<header class=\"entry-header\">\n<h4 class=\"entry-title\"><strong><a title=\"Permanentlink zu Erste Hilfe\" href=\"https:\/\/vspoechlarn.ac.at\/wordpress\/2019\/03\/19\/erste-hilfe\/\" rel=\"bookmark\">Erste Hilfe<\/a><\/strong><\/h4>\n<\/header>\n<div class=\"entry-content\">\n<p>Am 6. M\u00e4rz besuchte Frau Dr. Neuhauser die Kinder der 2. Klassen und gestaltete eine Stunde zum Thema \u201eErste Hilfe\u201c. Richtiges Verhalten bei einem Notfall wurde besprochen. Zuerst wurden die Notrufnummern von Polizei, Rettung und Feuerwehr wiederholt, dann durften die Sch\u00fclerinnen und Sch\u00fcler probieren, ein Kind in die stabile Seitenlage zu bringen.<\/p>\n<p>Vielen Dank an Frau Dr. Neuhauser, die allen zeigte: Erste Hilfe kann und soll jeder leisten!<\/p>\n<div id=\"gallery_2297_24\" class=\"row\">\n<div id=\"2297-image-2298\" class=\"col-xs-12 col-sm-4 col-md-4\">\n<div class=\"thumbnail\"><a href=\"https:\/\/vspoechlarn.ac.at\/wordpress\/wp-content\/uploads\/2019\/03\/DSC08826.jpg\"><img loading=\"lazy\" decoding=\"async\" class=\"attachment-large size-large\" src=\"https:\/\/vspoechlarn.ac.at\/wordpress\/wp-content\/uploads\/2019\/03\/DSC08826-1024x680.jpg\" sizes=\"auto, (max-width: 900px) 100vw, 900px\" srcset=\"https:\/\/vspoechlarn.ac.at\/wordpress\/wp-content\/uploads\/2019\/03\/DSC08826-1024x680.jpg 1024w, https:\/\/vspoechlarn.ac.at\/wordpress\/wp-content\/uploads\/2019\/03\/DSC08826-350x233.jpg 350w\" alt=\"\" width=\"900\" height=\"598\" \/><\/a><\/div>\n<\/div>\n<div id=\"2297-image-2299\" class=\"col-xs-12 col-sm-4 col-md-4\">\n<div class=\"thumbnail\"><a href=\"https:\/\/vspoechlarn.ac.at\/wordpress\/wp-content\/uploads\/2019\/03\/DSC08829.jpg\"><img loading=\"lazy\" decoding=\"async\" class=\"attachment-large size-large\" src=\"https:\/\/vspoechlarn.ac.at\/wordpress\/wp-content\/uploads\/2019\/03\/DSC08829-1024x680.jpg\" sizes=\"auto, (max-width: 900px) 100vw, 900px\" srcset=\"https:\/\/vspoechlarn.ac.at\/wordpress\/wp-content\/uploads\/2019\/03\/DSC08829-1024x680.jpg 1024w, https:\/\/vspoechlarn.ac.at\/wordpress\/wp-content\/uploads\/2019\/03\/DSC08829-350x233.jpg 350w\" alt=\"\" width=\"900\" height=\"598\" \/><\/a><\/div>\n<\/div>\n<div class=\"clearfix visible-sm-block\"><\/div>\n<div id=\"2297-image-2300\" class=\"col-xs-12 col-sm-4 col-md-4\">\n<div class=\"thumbnail\"><a href=\"https:\/\/vspoechlarn.ac.at\/wordpress\/wp-content\/uploads\/2019\/03\/DSC08835.jpg\"><img loading=\"lazy\" decoding=\"async\" class=\"attachment-large size-large\" src=\"https:\/\/vspoechlarn.ac.at\/wordpress\/wp-content\/uploads\/2019\/03\/DSC08835-1024x680.jpg\" sizes=\"auto, (max-width: 900px) 100vw, 900px\" srcset=\"https:\/\/vspoechlarn.ac.at\/wordpress\/wp-content\/uploads\/2019\/03\/DSC08835-1024x680.jpg 1024w, https:\/\/vspoechlarn.ac.at\/wordpress\/wp-content\/uploads\/2019\/03\/DSC08835-350x233.jpg 350w\" alt=\"\" width=\"900\" height=\"598\" \/><\/a><\/div>\n<\/div>\n<div class=\"clearfix visible-md-block visible-lg-block\"><\/div>\n<\/div>\n<\/div>\n<\/div>\n<\/div>\n<div class=\"panel-footer entry-meta\">\n<p><small><span class=\"loop-category\"><a class=\"label label-primary\" href=\"https:\/\/vspoechlarn.ac.at\/wordpress\/category\/allgemein\/\">Startseite<\/a> <\/span> <span class=\"loop-author\"> | <span class=\"author vcard\"><a class=\"url fn n\" href=\"https:\/\/vspoechlarn.ac.at\/wordpress\/author\/wp-admin\/\">wp-admin<\/a><\/span><\/span> <span class=\"loop-date\"> | <time class=\"entry-date published updated\" datetime=\"2019-03-19T09:59:18+0200\">19. M\u00e4rz 2019<\/time><\/span> | <span class=\"edit-link\"><a class=\"post-edit-link\" href=\"https:\/\/vspoechlarn.ac.at\/wordpress\/wp-admin\/post.php?post=2297&amp;action=edit\">Bearbeiten<\/a><\/span> <\/small><\/p>\n<div class=\"clearfix\"><\/div>\n<\/div>\n<\/div>\n<\/article>\n<p><!-- #post-2297 --><\/p>\n<article id=\"post-2285\" class=\"loop_list post-2285 post type-post status-publish format-standard hentry category-allgemein\">\n<div class=\"panel panel-default\">\n<div class=\"panel-body clearfix\">\n<div class=\"fs-have-thumbnail\">\n<header class=\"entry-header\">\n<h4 class=\"entry-title\"><strong><a title=\"Permanentlink zu Mostviertel VS-Schachturnier\" href=\"https:\/\/vspoechlarn.ac.at\/wordpress\/2019\/03\/14\/mostviertel-vs-schachturnier\/\" rel=\"bookmark\">Mostviertel VS-Schachturnier<\/a><\/strong><\/h4>\n<\/header>\n<div class=\"entry-content\">\n<p>Auch in diesem Jahr konnte sich eine Mannschaft aus P\u00f6chlarn\u00a0 f\u00fcr die Landesmeisterschaft im Volksschul-Schach qualifizieren. Simon M\u00fcllner, Clemens Russo, Hasi Nazari und Fabian Russo\u00a0 belegten hinter Eichgraben II beim Mostviertel-Schachtturnier den hervorragenden 2. Platz. Wir gratulieren ganz herzlich zu diesem Erfolg und dr\u00fccken schon jetzt f\u00fcr die Landesmeisterschaft fest die Daumen.<\/p>\n<div id=\"gallery_2285_25\" class=\"row\">\n<div id=\"2285-image-2286\" class=\"col-xs-12 col-sm-4 col-md-4\">\n<div class=\"thumbnail\"><a href=\"https:\/\/vspoechlarn.ac.at\/wordpress\/wp-content\/uploads\/2019\/03\/DSC08867.jpg\"><img loading=\"lazy\" decoding=\"async\" class=\"attachment-large size-large\" src=\"https:\/\/vspoechlarn.ac.at\/wordpress\/wp-content\/uploads\/2019\/03\/DSC08867-1024x680.jpg\" sizes=\"auto, (max-width: 900px) 100vw, 900px\" srcset=\"https:\/\/vspoechlarn.ac.at\/wordpress\/wp-content\/uploads\/2019\/03\/DSC08867-1024x680.jpg 1024w, https:\/\/vspoechlarn.ac.at\/wordpress\/wp-content\/uploads\/2019\/03\/DSC08867-350x233.jpg 350w\" alt=\"\" width=\"900\" height=\"598\" \/><\/a><\/div>\n<\/div>\n<\/div>\n<\/div>\n<\/div>\n<\/div>\n<div class=\"panel-footer entry-meta\">\n<p><small><span class=\"loop-category\"><a class=\"label label-primary\" href=\"https:\/\/vspoechlarn.ac.at\/wordpress\/category\/allgemein\/\">Startseite<\/a> <\/span> <span class=\"loop-author\"> | <span class=\"author vcard\"><a class=\"url fn n\" href=\"https:\/\/vspoechlarn.ac.at\/wordpress\/author\/wp-admin\/\">wp-admin<\/a><\/span><\/span> <span class=\"loop-date\"> | <time class=\"entry-date published updated\" datetime=\"2019-03-14T08:31:56+0200\">14. M\u00e4rz 2019<\/time><\/span> | <span class=\"edit-link\"><a class=\"post-edit-link\" href=\"https:\/\/vspoechlarn.ac.at\/wordpress\/wp-admin\/post.php?post=2285&amp;action=edit\">Bearbeiten<\/a><\/span> <\/small><\/p>\n<div class=\"clearfix\"><\/div>\n<\/div>\n<\/div>\n<\/article>\n<p><!-- #post-2285 --><\/p>\n<article id=\"post-2282\" class=\"loop_list post-2282 post type-post status-publish format-standard hentry category-allgemein\">\n<div class=\"panel panel-default\">\n<div class=\"panel-body clearfix\">\n<div class=\"fs-have-thumbnail\">\n<header class=\"entry-header\">\n<h4 class=\"entry-title\"><strong><a title=\"Permanentlink zu Information des Bundesministeriums\" href=\"https:\/\/vspoechlarn.ac.at\/wordpress\/2019\/03\/12\/information-des-bundesministeriums\/\" rel=\"bookmark\">Information des Bundesministeriums<\/a><\/strong><\/h4>\n<\/header>\n<div class=\"entry-content\">\n<div id=\"gallery_2282_26\" class=\"row\">\n<div id=\"2282-image-2283\" class=\"col-xs-12 col-sm-4 col-md-4\">\n<div class=\"thumbnail\"><a href=\"https:\/\/vspoechlarn.ac.at\/wordpress\/wp-content\/uploads\/2019\/03\/20190312135251093_0001-e1552395110459.jpg\"><img loading=\"lazy\" decoding=\"async\" class=\"attachment-large size-large\" src=\"https:\/\/vspoechlarn.ac.at\/wordpress\/wp-content\/uploads\/2019\/03\/20190312135251093_0001-e1552395110459-724x1024.jpg\" sizes=\"auto, (max-width: 724px) 100vw, 724px\" srcset=\"https:\/\/vspoechlarn.ac.at\/wordpress\/wp-content\/uploads\/2019\/03\/20190312135251093_0001-e1552395110459-724x1024.jpg 724w, https:\/\/vspoechlarn.ac.at\/wordpress\/wp-content\/uploads\/2019\/03\/20190312135251093_0001-e1552395110459-212x300.jpg 212w, https:\/\/vspoechlarn.ac.at\/wordpress\/wp-content\/uploads\/2019\/03\/20190312135251093_0001-e1552395110459.jpg 1080w\" alt=\"\" width=\"724\" height=\"1024\" \/><\/a><\/div>\n<\/div>\n<div id=\"2282-image-2292\" class=\"col-xs-12 col-sm-4 col-md-4\">\n<div class=\"thumbnail\"><a href=\"https:\/\/vspoechlarn.ac.at\/wordpress\/wp-content\/uploads\/2019\/03\/20190314085640466_0001.jpg\"><img loading=\"lazy\" decoding=\"async\" class=\"attachment-large size-large\" src=\"https:\/\/vspoechlarn.ac.at\/wordpress\/wp-content\/uploads\/2019\/03\/20190314085640466_0001-724x1024.jpg\" sizes=\"auto, (max-width: 724px) 100vw, 724px\" srcset=\"https:\/\/vspoechlarn.ac.at\/wordpress\/wp-content\/uploads\/2019\/03\/20190314085640466_0001-724x1024.jpg 724w, https:\/\/vspoechlarn.ac.at\/wordpress\/wp-content\/uploads\/2019\/03\/20190314085640466_0001-212x300.jpg 212w, https:\/\/vspoechlarn.ac.at\/wordpress\/wp-content\/uploads\/2019\/03\/20190314085640466_0001.jpg 763w\" alt=\"\" width=\"724\" height=\"1024\" \/><\/a><\/div>\n<\/div>\n<div class=\"clearfix visible-sm-block\"><\/div>\n<\/div>\n<\/div>\n<\/div>\n<\/div>\n<div class=\"panel-footer entry-meta\">\n<p><small><span class=\"loop-category\"><a class=\"label label-primary\" href=\"https:\/\/vspoechlarn.ac.at\/wordpress\/category\/allgemein\/\">Startseite<\/a> <\/span> <span class=\"loop-author\"> | <span class=\"author vcard\"><a class=\"url fn n\" href=\"https:\/\/vspoechlarn.ac.at\/wordpress\/author\/wp-admin\/\">wp-admin<\/a><\/span><\/span> <span class=\"loop-date\"> | <time class=\"entry-date published updated\" datetime=\"2019-03-12T13:52:04+0200\">12. M\u00e4rz 2019<\/time><\/span> | <span class=\"edit-link\"><a class=\"post-edit-link\" href=\"https:\/\/vspoechlarn.ac.at\/wordpress\/wp-admin\/post.php?post=2282&amp;action=edit\">Bearbeiten<\/a><\/span> <\/small><\/p>\n<div class=\"clearfix\"><\/div>\n<\/div>\n<\/div>\n<\/article>\n<p><!-- #post-2282 --><\/p>\n<article id=\"post-2277\" class=\"loop_list post-2277 post type-post status-publish format-standard hentry category-allgemein\">\n<div class=\"panel panel-default\">\n<div class=\"panel-body clearfix\">\n<div class=\"fs-have-thumbnail\">\n<header class=\"entry-header\">\n<h4 class=\"entry-title\"><strong><a title=\"Permanentlink zu Besuch der Milchb\u00e4uerin\" href=\"https:\/\/vspoechlarn.ac.at\/wordpress\/2019\/03\/12\/besuch-der-milchbaeuerin\/\" rel=\"bookmark\">Besuch der Milchb\u00e4uerin<\/a><\/strong><\/h4>\n<\/header>\n<div class=\"entry-content\">\n<p>Am 8. M\u00e4rz bekamen die 1. Klassen Besuch von einer B\u00e4uerin. Bei diesem Vortrag erfuhren die Sch\u00fclerinnen und Sch\u00fcler einiges \u00fcber Landwirtschaft und Produkte, die daraus entstehen. Am Ende durften die Kinder noch Butter herstellen und auf selbstgebackenem Brot verzehren.<\/p>\n<div id=\"gallery_2277_27\" class=\"row\">\n<div id=\"2277-image-2279\" class=\"col-xs-12 col-sm-4 col-md-4\">\n<div class=\"thumbnail\"><a href=\"https:\/\/vspoechlarn.ac.at\/wordpress\/wp-content\/uploads\/2019\/03\/DSC08850.jpg\"><img loading=\"lazy\" decoding=\"async\" class=\"attachment-large size-large\" src=\"https:\/\/vspoechlarn.ac.at\/wordpress\/wp-content\/uploads\/2019\/03\/DSC08850-1024x680.jpg\" sizes=\"auto, (max-width: 900px) 100vw, 900px\" srcset=\"https:\/\/vspoechlarn.ac.at\/wordpress\/wp-content\/uploads\/2019\/03\/DSC08850-1024x680.jpg 1024w, https:\/\/vspoechlarn.ac.at\/wordpress\/wp-content\/uploads\/2019\/03\/DSC08850-350x233.jpg 350w\" alt=\"\" width=\"900\" height=\"598\" \/><\/a><\/div>\n<\/div>\n<\/div>\n<\/div>\n<\/div>\n<\/div>\n<div class=\"panel-footer entry-meta\">\n<p><small><span class=\"loop-category\"><a class=\"label label-primary\" href=\"https:\/\/vspoechlarn.ac.at\/wordpress\/category\/allgemein\/\">Startseite<\/a> <\/span> <span class=\"loop-author\"> | <span class=\"author vcard\"><a class=\"url fn n\" href=\"https:\/\/vspoechlarn.ac.at\/wordpress\/author\/wp-admin\/\">wp-admin<\/a><\/span><\/span> <span class=\"loop-date\"> | <time class=\"entry-date published updated\" datetime=\"2019-03-12T10:31:05+0200\">12. M\u00e4rz 2019<\/time><\/span> | <span class=\"edit-link\"><a class=\"post-edit-link\" href=\"https:\/\/vspoechlarn.ac.at\/wordpress\/wp-admin\/post.php?post=2277&amp;action=edit\">Bearbeiten<\/a><\/span> <\/small><\/p>\n<div class=\"clearfix\"><\/div>\n<\/div>\n<\/div>\n<\/article>\n<p><!-- #post-2277 --><\/p>\n<article id=\"post-2267\" class=\"loop_list post-2267 post type-post status-publish format-standard hentry category-allgemein\">\n<div class=\"panel panel-default\">\n<div class=\"panel-body clearfix\">\n<div class=\"fs-have-thumbnail\">\n<header class=\"entry-header\">\n<h4 class=\"entry-title\"><strong><a title=\"Permanentlink zu Faschingsdienstag\" href=\"https:\/\/vspoechlarn.ac.at\/wordpress\/2019\/03\/05\/faschingsdienstag\/\" rel=\"bookmark\">Faschingsdienstag<\/a><\/strong><\/h4>\n<\/header>\n<div class=\"entry-content\">\n<p>Herrliche Krapfen von unserem Elternverein, tolle Masken und lustige Spiele standen heute im Mittelpunkt des Geschehens!<\/p>\n<div id=\"gallery_2267_28\" class=\"row\">\n<div id=\"2267-image-2270\" class=\"col-xs-12 col-sm-3 col-md-3\">\n<div class=\"thumbnail\"><a href=\"https:\/\/vspoechlarn.ac.at\/wordpress\/wp-content\/uploads\/2019\/03\/DSC08822.jpg\"><img loading=\"lazy\" decoding=\"async\" class=\"attachment-large size-large\" src=\"https:\/\/vspoechlarn.ac.at\/wordpress\/wp-content\/uploads\/2019\/03\/DSC08822-1024x680.jpg\" sizes=\"auto, (max-width: 900px) 100vw, 900px\" srcset=\"https:\/\/vspoechlarn.ac.at\/wordpress\/wp-content\/uploads\/2019\/03\/DSC08822-1024x680.jpg 1024w, https:\/\/vspoechlarn.ac.at\/wordpress\/wp-content\/uploads\/2019\/03\/DSC08822-350x233.jpg 350w\" alt=\"\" width=\"900\" height=\"598\" \/><\/a><\/div>\n<\/div>\n<\/div>\n<\/div>\n<\/div>\n<\/div>\n<div class=\"panel-footer entry-meta\">\n<p><small><span class=\"loop-category\"><a class=\"label label-primary\" href=\"https:\/\/vspoechlarn.ac.at\/wordpress\/category\/allgemein\/\">Startseite<\/a> <\/span> <span class=\"loop-author\"> | <span class=\"author vcard\"><a class=\"url fn n\" href=\"https:\/\/vspoechlarn.ac.at\/wordpress\/author\/wp-admin\/\">wp-admin<\/a><\/span><\/span> <span class=\"loop-date\"> | <time class=\"entry-date published updated\" datetime=\"2019-03-05T11:01:28+0200\">5. M\u00e4rz 2019<\/time><\/span> | <span class=\"edit-link\"><a class=\"post-edit-link\" href=\"https:\/\/vspoechlarn.ac.at\/wordpress\/wp-admin\/post.php?post=2267&amp;action=edit\">Bearbeiten<\/a><\/span> <\/small><\/p>\n<div class=\"clearfix\"><\/div>\n<\/div>\n<\/div>\n<\/article>\n<p><!-- #post-2267 --><\/p>\n<article id=\"post-2263\" class=\"loop_list post-2263 post type-post status-publish format-standard hentry category-allgemein\">\n<div class=\"panel panel-default\">\n<div class=\"panel-body clearfix\">\n<div class=\"fs-have-thumbnail\">\n<header class=\"entry-header\">\n<h4 class=\"entry-title\"><strong><a title=\"Permanentlink zu Pause im Park\" href=\"https:\/\/vspoechlarn.ac.at\/wordpress\/2019\/02\/28\/pause-im-park\/\" rel=\"bookmark\">Pause im Park<\/a><\/strong><\/h4>\n<\/header>\n<div class=\"entry-content\">\n<p>Endlich k\u00f6nnen die Kinder die Pause wieder im Schlosspark verbringen!<\/p>\n<div id=\"gallery_2263_29\" class=\"row\">\n<div id=\"2263-image-2262\" class=\"col-xs-12 col-sm-4 col-md-4\">\n<div class=\"thumbnail\"><a href=\"https:\/\/vspoechlarn.ac.at\/wordpress\/wp-content\/uploads\/2019\/02\/DSC08804.jpg\"><img loading=\"lazy\" decoding=\"async\" class=\"attachment-large size-large\" src=\"https:\/\/vspoechlarn.ac.at\/wordpress\/wp-content\/uploads\/2019\/02\/DSC08804-1024x680.jpg\" sizes=\"auto, (max-width: 900px) 100vw, 900px\" srcset=\"https:\/\/vspoechlarn.ac.at\/wordpress\/wp-content\/uploads\/2019\/02\/DSC08804-1024x680.jpg 1024w, https:\/\/vspoechlarn.ac.at\/wordpress\/wp-content\/uploads\/2019\/02\/DSC08804-350x233.jpg 350w\" alt=\"\" width=\"900\" height=\"598\" \/><\/a><\/div>\n<\/div>\n<\/div>\n<\/div>\n<\/div>\n<\/div>\n<div class=\"panel-footer entry-meta\">\n<p><small><span class=\"loop-category\"><a class=\"label label-primary\" href=\"https:\/\/vspoechlarn.ac.at\/wordpress\/category\/allgemein\/\">Startseite<\/a> <\/span> <span class=\"loop-author\"> | <span class=\"author vcard\"><a class=\"url fn n\" href=\"https:\/\/vspoechlarn.ac.at\/wordpress\/author\/wp-admin\/\">wp-admin<\/a><\/span><\/span> <span class=\"loop-date\"> | <time class=\"entry-date published updated\" datetime=\"2019-02-28T10:41:38+0200\">28. Februar 2019<\/time><\/span> | <span class=\"edit-link\"><a class=\"post-edit-link\" href=\"https:\/\/vspoechlarn.ac.at\/wordpress\/wp-admin\/post.php?post=2263&amp;action=edit\">Bearbeiten<\/a><\/span> <\/small><\/p>\n<div class=\"clearfix\"><\/div>\n<\/div>\n<\/div>\n<\/article>\n<p><!-- #post-2263 --><\/p>\n<article id=\"post-2252\" class=\"loop_list post-2252 post type-post status-publish format-standard hentry category-allgemein\">\n<div class=\"panel panel-default\">\n<div class=\"panel-body clearfix\">\n<div class=\"fs-have-thumbnail\">\n<header class=\"entry-header\">\n<h4 class=\"entry-title\"><strong><a title=\"Permanentlink zu Verkehrssicherheit\" href=\"https:\/\/vspoechlarn.ac.at\/wordpress\/2019\/02\/28\/verkehrssicherheit\/\" rel=\"bookmark\">Verkehrssicherheit<\/a><\/strong><\/h4>\n<\/header>\n<div class=\"entry-content\">\n<p>Gestern durften die Kinder der beiden ersten Klassen am Verskehrssicherheitstraining \u201eBlick und Klick\u201c teilnehmen.<\/p>\n<p>Das richtige \u00dcberqueren der Stra\u00dfe und die Wichtigkeit des Anschnallens standen dabei im Mittelpunkt.<\/p>\n<div id=\"gallery_2252_30\" class=\"row\">\n<div id=\"2252-image-2255\" class=\"col-xs-12 col-sm-4 col-md-4\">\n<div class=\"thumbnail\"><a href=\"https:\/\/vspoechlarn.ac.at\/wordpress\/wp-content\/uploads\/2019\/02\/DSC08779.jpg\"><img loading=\"lazy\" decoding=\"async\" class=\"attachment-large size-large\" src=\"https:\/\/vspoechlarn.ac.at\/wordpress\/wp-content\/uploads\/2019\/02\/DSC08779-1024x680.jpg\" sizes=\"auto, (max-width: 900px) 100vw, 900px\" srcset=\"https:\/\/vspoechlarn.ac.at\/wordpress\/wp-content\/uploads\/2019\/02\/DSC08779-1024x680.jpg 1024w, https:\/\/vspoechlarn.ac.at\/wordpress\/wp-content\/uploads\/2019\/02\/DSC08779-350x233.jpg 350w\" alt=\"\" width=\"900\" height=\"598\" \/><\/a><\/div>\n<\/div>\n<\/div>\n<\/div>\n<\/div>\n<\/div>\n<div class=\"panel-footer entry-meta\">\n<p><small><span class=\"loop-category\"><a class=\"label label-primary\" href=\"https:\/\/vspoechlarn.ac.at\/wordpress\/category\/allgemein\/\">Startseite<\/a> <\/span> <span class=\"loop-author\"> | <span class=\"author vcard\"><a class=\"url fn n\" href=\"https:\/\/vspoechlarn.ac.at\/wordpress\/author\/wp-admin\/\">wp-admin<\/a><\/span><\/span> <span class=\"loop-date\"> | <time class=\"entry-date published updated\" datetime=\"2019-02-28T09:17:49+0200\">28. Februar 2019<\/time><\/span> | <span class=\"edit-link\"><a class=\"post-edit-link\" href=\"https:\/\/vspoechlarn.ac.at\/wordpress\/wp-admin\/post.php?post=2252&amp;action=edit\">Bearbeiten<\/a><\/span> <\/small><\/p>\n<div class=\"clearfix\"><\/div>\n<\/div>\n<\/div>\n<\/article>\n<p><!-- #post-2252 --><\/p>\n<article id=\"post-2247\" class=\"loop_list post-2247 post type-post status-publish format-standard hentry category-allgemein\">\n<div class=\"panel panel-default\">\n<div class=\"panel-body clearfix\">\n<div class=\"fs-have-thumbnail\">\n<header class=\"entry-header\">\n<h4 class=\"entry-title\"><strong><a title=\"Permanentlink zu Gesunde Ern\u00e4hrung\" href=\"https:\/\/vspoechlarn.ac.at\/wordpress\/2019\/02\/27\/gesunde-ernaehrung\/\" rel=\"bookmark\">Gesunde Ern\u00e4hrung<\/a><\/strong><\/h4>\n<\/header>\n<div class=\"entry-content\">\n<p>In den 3. Klassen wurde im Sachunterricht das Thema \u201eErn\u00e4hrung\u201c genauer besprochen. Wir haben nicht nur die Lebensmittelpyramide erarbeitet, sondern auch einen leckeren Obstsalat mit Joghurt zubereitet.<\/p>\n<div id=\"gallery_2247_31\" class=\"row\">\n<div id=\"2247-image-2249\" class=\"col-xs-12 col-sm-4 col-md-4\">\n<div class=\"thumbnail\"><a href=\"https:\/\/vspoechlarn.ac.at\/wordpress\/wp-content\/uploads\/2019\/02\/IMG-20190222-WA0006.jpg\"><img loading=\"lazy\" decoding=\"async\" class=\"attachment-large size-large\" src=\"https:\/\/vspoechlarn.ac.at\/wordpress\/wp-content\/uploads\/2019\/02\/IMG-20190222-WA0006-768x1024.jpg\" sizes=\"auto, (max-width: 768px) 100vw, 768px\" srcset=\"https:\/\/vspoechlarn.ac.at\/wordpress\/wp-content\/uploads\/2019\/02\/IMG-20190222-WA0006-768x1024.jpg 768w, https:\/\/vspoechlarn.ac.at\/wordpress\/wp-content\/uploads\/2019\/02\/IMG-20190222-WA0006-225x300.jpg 225w, https:\/\/vspoechlarn.ac.at\/wordpress\/wp-content\/uploads\/2019\/02\/IMG-20190222-WA0006.jpg 810w\" alt=\"\" width=\"768\" height=\"1024\" \/><\/a><\/div>\n<\/div>\n<\/div>\n<\/div>\n<\/div>\n<\/div>\n<div class=\"panel-footer entry-meta\">\n<p><small><span class=\"loop-category\"><a class=\"label label-primary\" href=\"https:\/\/vspoechlarn.ac.at\/wordpress\/category\/allgemein\/\">Startseite<\/a> <\/span> <span class=\"loop-author\"> | <span class=\"author vcard\"><a class=\"url fn n\" href=\"https:\/\/vspoechlarn.ac.at\/wordpress\/author\/wp-admin\/\">wp-admin<\/a><\/span><\/span> <span class=\"loop-date\"> | <time class=\"entry-date published updated\" datetime=\"2019-02-27T18:42:06+0200\">27. Februar 2019<\/time><\/span> | <span class=\"edit-link\"><a class=\"post-edit-link\" href=\"https:\/\/vspoechlarn.ac.at\/wordpress\/wp-admin\/post.php?post=2247&amp;action=edit\">Bearbeiten<\/a><\/span> <\/small><\/p>\n<div class=\"clearfix\"><\/div>\n<\/div>\n<\/div>\n<\/article>\n<p><!-- #post-2247 --><\/p>\n<article id=\"post-2241\" class=\"loop_list post-2241 post type-post status-publish format-standard hentry category-allgemein\">\n<div class=\"panel panel-default\">\n<div class=\"panel-body clearfix\">\n<div class=\"fs-have-thumbnail\">\n<header class=\"entry-header\">\n<h4 class=\"entry-title\"><strong><a title=\"Permanentlink zu Verkehrssicherheitswoche\" href=\"https:\/\/vspoechlarn.ac.at\/wordpress\/2019\/02\/22\/verkehrssicherheitswoche\/\" rel=\"bookmark\">Verkehrssicherheitswoche<\/a><\/strong><\/h4>\n<\/header>\n<div class=\"entry-content\">\n<p>Mit dem interaktiven Puppentheater \u201ePuppomobil\u201c starteten heute die Kinder der 1. und 2. Klassen in eine Woche mit demSchwerpunkt \u201eVerkehrssicherheit\u201c. Mit gro\u00dfer Begeisterung unterst\u00fctzten die M\u00e4dchen und Buben den Kasperl im Kampf gegen den b\u00f6sen Tintifax, der wieder einmal versuchte Stra\u00dfen unsicher zu machen.<\/p>\n<div id=\"gallery_2241_32\" class=\"row\">\n<div id=\"2241-image-2242\" class=\"col-xs-12 col-sm-4 col-md-4\">\n<div class=\"thumbnail\"><a href=\"https:\/\/vspoechlarn.ac.at\/wordpress\/wp-content\/uploads\/2019\/02\/DSC08742.jpg\"><img loading=\"lazy\" decoding=\"async\" class=\"attachment-large size-large\" src=\"https:\/\/vspoechlarn.ac.at\/wordpress\/wp-content\/uploads\/2019\/02\/DSC08742-1024x680.jpg\" sizes=\"auto, (max-width: 900px) 100vw, 900px\" srcset=\"https:\/\/vspoechlarn.ac.at\/wordpress\/wp-content\/uploads\/2019\/02\/DSC08742-1024x680.jpg 1024w, https:\/\/vspoechlarn.ac.at\/wordpress\/wp-content\/uploads\/2019\/02\/DSC08742-350x233.jpg 350w\" alt=\"\" width=\"900\" height=\"598\" \/><\/a><\/div>\n<\/div>\n<div id=\"2241-image-2244\" class=\"col-xs-12 col-sm-4 col-md-4\">\n<div class=\"thumbnail\"><a href=\"https:\/\/vspoechlarn.ac.at\/wordpress\/wp-content\/uploads\/2019\/02\/DSC08749.jpg\"><img loading=\"lazy\" decoding=\"async\" class=\"attachment-large size-large\" src=\"https:\/\/vspoechlarn.ac.at\/wordpress\/wp-content\/uploads\/2019\/02\/DSC08749-1024x680.jpg\" sizes=\"auto, (max-width: 900px) 100vw, 900px\" srcset=\"https:\/\/vspoechlarn.ac.at\/wordpress\/wp-content\/uploads\/2019\/02\/DSC08749-1024x680.jpg 1024w, https:\/\/vspoechlarn.ac.at\/wordpress\/wp-content\/uploads\/2019\/02\/DSC08749-350x233.jpg 350w\" alt=\"\" width=\"900\" height=\"598\" \/><\/a><\/div>\n<\/div>\n<div class=\"clearfix visible-sm-block\"><\/div>\n<\/div>\n<p>&nbsp;<\/p>\n<\/div>\n<\/div>\n<\/div>\n<div class=\"panel-footer entry-meta\">\n<p><small><span class=\"loop-category\"><a class=\"label label-primary\" href=\"https:\/\/vspoechlarn.ac.at\/wordpress\/category\/allgemein\/\">Startseite<\/a> <\/span> <span class=\"loop-author\"> | <span class=\"author vcard\"><a class=\"url fn n\" href=\"https:\/\/vspoechlarn.ac.at\/wordpress\/author\/wp-admin\/\">wp-admin<\/a><\/span><\/span> <span class=\"loop-date\"> | <time class=\"entry-date published updated\" datetime=\"2019-02-22T10:14:26+0200\">22. Februar 2019<\/time><\/span> | <span class=\"edit-link\"><a class=\"post-edit-link\" href=\"https:\/\/vspoechlarn.ac.at\/wordpress\/wp-admin\/post.php?post=2241&amp;action=edit\">Bearbeiten<\/a><\/span> <\/small><\/p>\n<div class=\"clearfix\"><\/div>\n<\/div>\n<\/div>\n<\/article>\n<p><!-- #post-2241 --><\/p>\n<article id=\"post-2236\" class=\"loop_list post-2236 post type-post status-publish format-standard hentry category-allgemein\">\n<div class=\"panel panel-default\">\n<div class=\"panel-body clearfix\">\n<div class=\"fs-have-thumbnail\">\n<header class=\"entry-header\">\n<h4 class=\"entry-title\"><strong><a title=\"Permanentlink zu \u201cSchifoan is&#96; des Leiwandste\u201d\" href=\"https:\/\/vspoechlarn.ac.at\/wordpress\/2019\/02\/22\/schifoan-is-des-leiwandste\/\" rel=\"bookmark\">\u201cSchifoan is` des Leiwandste\u201d<\/a><\/strong><\/h4>\n<\/header>\n<div class=\"entry-content\">\n<p>Unter diesem Motto fand am 19.2.2019 der Schitag der VS P\u00f6chlarn statt. Bei herrlichstem Wetter verbrachten die Kinder der 3. und 4. Klassen einen perfekt organisierten Tag am Hochkar. W\u00e4hrend die Anf\u00e4nger im Zauberland ihre ersten Schw\u00fcnge machten, konnten die Fortgeschrittenen auf den gut pr\u00e4parierten Pisten ihr K\u00f6nnen unter Beweis stellen und noch so manchen Tipp von den Schilehrern umsetzen.<\/p>\n<div id=\"gallery_2236_33\" class=\"row\">\n<div id=\"2236-image-2238\" class=\"col-xs-12 col-sm-4 col-md-4\">\n<div class=\"thumbnail\"><a href=\"https:\/\/vspoechlarn.ac.at\/wordpress\/wp-content\/uploads\/2019\/02\/20190219_141336.jpg\"><img loading=\"lazy\" decoding=\"async\" class=\"attachment-large size-large\" src=\"https:\/\/vspoechlarn.ac.at\/wordpress\/wp-content\/uploads\/2019\/02\/20190219_141336-1024x768.jpg\" sizes=\"auto, (max-width: 900px) 100vw, 900px\" srcset=\"https:\/\/vspoechlarn.ac.at\/wordpress\/wp-content\/uploads\/2019\/02\/20190219_141336-1024x768.jpg 1024w, https:\/\/vspoechlarn.ac.at\/wordpress\/wp-content\/uploads\/2019\/02\/20190219_141336-350x263.jpg 350w, https:\/\/vspoechlarn.ac.at\/wordpress\/wp-content\/uploads\/2019\/02\/20190219_141336.jpg 1440w\" alt=\"\" width=\"900\" height=\"675\" \/><\/a><\/div>\n<\/div>\n<\/div>\n<p>Das Lehrerinnenteam wurde an diesem Tag wieder dankenswerterweise von hilfsbereiten Eltern unterst\u00fctzt.<\/p>\n<div><\/div>\n<div dir=\"ltr\">\n<div style=\"color: #000000; font-family: 'Calibri'; font-size: 12pt;\">\n<div><\/div>\n<div><\/div>\n<div><\/div>\n<div><\/div>\n<div><\/div>\n<div><\/div>\n<\/div>\n<\/div>\n<\/div>\n<\/div>\n<\/div>\n<div class=\"panel-footer entry-meta\">\n<p><small><span class=\"loop-category\"><a class=\"label label-primary\" href=\"https:\/\/vspoechlarn.ac.at\/wordpress\/category\/allgemein\/\">Startseite<\/a> <\/span> <span class=\"loop-author\"> | <span class=\"author vcard\"><a class=\"url fn n\" href=\"https:\/\/vspoechlarn.ac.at\/wordpress\/author\/wp-admin\/\">wp-admin<\/a><\/span><\/span> <span class=\"loop-date\"> | <time class=\"entry-date published updated\" datetime=\"2019-02-22T09:57:18+0200\">22. Februar 2019<\/time><\/span> | <span class=\"edit-link\"><a class=\"post-edit-link\" href=\"https:\/\/vspoechlarn.ac.at\/wordpress\/wp-admin\/post.php?post=2236&amp;action=edit\">Bearbeiten<\/a><\/span> <\/small><\/p>\n<div class=\"clearfix\"><\/div>\n<\/div>\n<\/div>\n<\/article>\n<p><!-- #post-2236 --><\/p>\n<article id=\"post-2228\" class=\"loop_list post-2228 post type-post status-publish format-standard hentry category-allgemein\">\n<div class=\"panel panel-default\">\n<div class=\"panel-body clearfix\">\n<div class=\"fs-have-thumbnail\">\n<header class=\"entry-header\">\n<h4 class=\"entry-title\"><strong><a title=\"Permanentlink zu 3. Schach \u2013 Volksschulmeisterschaft\" href=\"https:\/\/vspoechlarn.ac.at\/wordpress\/2019\/02\/13\/3-schach-volksschulmeisterschaft\/\" rel=\"bookmark\">3. Schach \u2013 Volksschulmeisterschaft<\/a><\/strong><\/h4>\n<\/header>\n<div class=\"entry-content\">\n<p>Simon M\u00fcllner Sieger in der Meisterklasse \/ Claudio Beroggio siegt in Kandidatenklasse<\/p>\n<p>Ein spannender Meisterklassenbewerb (die ersten 10 Spieler der Herbstmeisterschaft) lie\u00df bis zur letzten Runde die Spitzenplatzierten zittern. Dementsprechend knapp fiel der Punkteabstand aus.<\/p>\n<p>B\u00fcrgermeister Franz Heisler lie\u00df es sich nicht nehmen, den Sch\u00fclerinnen und Sch\u00fclern zu gratulieren und Herrn Ing. Robert Gattermayer\u00a0 und VD Thomas Krancan f\u00fcr ihre Bem\u00fchungen um den Schachsport in der Volksschule zu danken.<\/p>\n<p>&nbsp;<\/p>\n<table class=\"table\">\n<tbody>\n<tr>\n<td width=\"20\"><\/td>\n<td width=\"180\">Meisterklasse<\/td>\n<td width=\"66\">Punkte<\/td>\n<td width=\"28\"><\/td>\n<td width=\"28\"><\/td>\n<td width=\"204\">Kandidatenklasse<\/td>\n<td width=\"88\">Punkte<\/td>\n<\/tr>\n<tr>\n<td width=\"20\">1.<\/td>\n<td width=\"180\">Simon M\u00fcllner<\/td>\n<td width=\"66\">7<\/td>\n<td width=\"28\"><\/td>\n<td width=\"28\">1.<\/td>\n<td width=\"204\">Claudio Beroggio<\/td>\n<td width=\"88\">8<\/td>\n<\/tr>\n<tr>\n<td width=\"20\">2.<\/td>\n<td width=\"180\">Clemens Russo<\/td>\n<td width=\"66\">6 \u00bd<\/td>\n<td width=\"28\"><\/td>\n<td width=\"28\">2.<\/td>\n<td width=\"204\">Leon Schier<\/td>\n<td width=\"88\">6<\/td>\n<\/tr>\n<tr>\n<td width=\"20\">3.<\/td>\n<td width=\"180\">Hadi Nazari<\/td>\n<td width=\"66\">6<\/td>\n<td width=\"28\"><\/td>\n<td width=\"28\">3.<\/td>\n<td width=\"204\">Jimmy Gao<\/td>\n<td width=\"88\">5 \u00bd<\/td>\n<\/tr>\n<tr>\n<td width=\"20\">4.<\/td>\n<td width=\"180\">Fabian Russo<\/td>\n<td width=\"66\">5 \u00bd<\/td>\n<td width=\"28\"><\/td>\n<td width=\"28\">4.<\/td>\n<td width=\"204\">Muhammed Catoglu<\/td>\n<td width=\"88\">5<\/td>\n<\/tr>\n<tr>\n<td width=\"20\">5.<\/td>\n<td width=\"180\">Jakob Komarek<\/td>\n<td width=\"66\">5<\/td>\n<td width=\"28\"><\/td>\n<td width=\"28\">5.<\/td>\n<td width=\"204\">Julian Huber<\/td>\n<td width=\"88\">4<\/td>\n<\/tr>\n<tr>\n<td width=\"20\"><\/td>\n<td width=\"180\">Daniel Russo<\/td>\n<td width=\"66\">5<\/td>\n<td width=\"28\"><\/td>\n<td width=\"28\">6.<\/td>\n<td width=\"204\">Diyar Altuntepe<\/td>\n<td width=\"88\">3<\/td>\n<\/tr>\n<tr>\n<td width=\"20\">7.<\/td>\n<td width=\"180\">Sophia Forsthofer<\/td>\n<td width=\"66\">4<\/td>\n<td width=\"28\"><\/td>\n<td width=\"28\">7.<\/td>\n<td width=\"204\">Irmak Yagmur<\/td>\n<td width=\"88\">2 \u00bd<\/td>\n<\/tr>\n<tr>\n<td width=\"20\">8.<\/td>\n<td width=\"180\">Tahir Demir<\/td>\n<td width=\"66\">3 \u00bd<\/td>\n<td width=\"28\"><\/td>\n<td width=\"28\">8.<\/td>\n<td width=\"204\">Leon Eder<\/td>\n<td width=\"88\">1 \u00bd<\/td>\n<\/tr>\n<tr>\n<td width=\"20\">9.<\/td>\n<td width=\"180\">Valentin M\u00fcllner<\/td>\n<td width=\"66\">2 \u00bd<\/td>\n<td width=\"28\"><\/td>\n<td width=\"28\">9.<\/td>\n<td width=\"204\">Aylin Sahin<\/td>\n<td width=\"88\">\u00bd<\/td>\n<\/tr>\n<tr>\n<td width=\"20\">10.<\/td>\n<td width=\"180\">Janik Prankl<\/td>\n<td width=\"66\"><\/td>\n<td width=\"28\"><\/td>\n<td width=\"28\"><\/td>\n<td width=\"204\"><\/td>\n<td width=\"88\"><\/td>\n<\/tr>\n<\/tbody>\n<\/table>\n<p>F\u00fcr die Pokal- und Preisspenden danken wir ganz herzlich Herrn Bgm. Franz Heisler und Herrn Ing. Robert Gattermayer.<\/p>\n<div id=\"gallery_2228_34\" class=\"row\">\n<div id=\"2228-image-2229\" class=\"col-xs-12 col-sm-4 col-md-4\">\n<div class=\"thumbnail\"><a href=\"https:\/\/vspoechlarn.ac.at\/wordpress\/wp-content\/uploads\/2019\/02\/DSC08723.jpg\"><img loading=\"lazy\" decoding=\"async\" class=\"attachment-large size-large\" src=\"https:\/\/vspoechlarn.ac.at\/wordpress\/wp-content\/uploads\/2019\/02\/DSC08723-1024x680.jpg\" sizes=\"auto, (max-width: 900px) 100vw, 900px\" srcset=\"https:\/\/vspoechlarn.ac.at\/wordpress\/wp-content\/uploads\/2019\/02\/DSC08723-1024x680.jpg 1024w, https:\/\/vspoechlarn.ac.at\/wordpress\/wp-content\/uploads\/2019\/02\/DSC08723-350x233.jpg 350w\" alt=\"\" width=\"900\" height=\"598\" \/><\/a><\/div>\n<\/div>\n<\/div>\n<\/div>\n<\/div>\n<\/div>\n<div class=\"panel-footer entry-meta\">\n<p><small><span class=\"loop-category\"><a class=\"label label-primary\" href=\"https:\/\/vspoechlarn.ac.at\/wordpress\/category\/allgemein\/\">Startseite<\/a> <\/span> <span class=\"loop-author\"> | <span class=\"author vcard\"><a class=\"url fn n\" href=\"https:\/\/vspoechlarn.ac.at\/wordpress\/author\/wp-admin\/\">wp-admin<\/a><\/span><\/span> <span class=\"loop-date\"> | <time class=\"entry-date published updated\" datetime=\"2019-02-13T20:18:13+0200\">13. Februar 2019<\/time><\/span> | <span class=\"edit-link\"><a class=\"post-edit-link\" href=\"https:\/\/vspoechlarn.ac.at\/wordpress\/wp-admin\/post.php?post=2228&amp;action=edit\">Bearbeiten<\/a><\/span> <\/small><\/p>\n<div class=\"clearfix\"><\/div>\n<\/div>\n<\/div>\n<\/article>\n<p><!-- #post-2228 --><\/p>\n<article id=\"post-2212\" class=\"loop_list post-2212 post type-post status-publish format-standard hentry category-allgemein\">\n<div class=\"panel panel-default\">\n<div class=\"panel-body clearfix\">\n<div class=\"fs-have-thumbnail\">\n<header class=\"entry-header\">\n<h4 class=\"entry-title\"><strong><a title=\"Permanentlink zu Galaktische Tage\" href=\"https:\/\/vspoechlarn.ac.at\/wordpress\/2019\/02\/05\/galaktische-tage\/\" rel=\"bookmark\">Galaktische Tage<\/a><\/strong><\/h4>\n<\/header>\n<div class=\"entry-content\">\n<p>In der Woche vor den Semesterferien arbeiteten die Sch\u00fclerinnen und Sch\u00fcler der 3. Klasse an einem Projekt zum Thema \u201eSonnensystem\u201c.<\/p>\n<div id=\"gallery_2212_35\" class=\"row\">\n<div id=\"2212-image-2213\" class=\"col-xs-12 col-sm-3 col-md-3\">\n<div class=\"thumbnail\"><a href=\"https:\/\/vspoechlarn.ac.at\/wordpress\/wp-content\/uploads\/2019\/02\/IMG-20190123-WA0004.jpg\"><img loading=\"lazy\" decoding=\"async\" class=\"attachment-large size-large\" src=\"https:\/\/vspoechlarn.ac.at\/wordpress\/wp-content\/uploads\/2019\/02\/IMG-20190123-WA0004-768x1024.jpg\" sizes=\"auto, (max-width: 768px) 100vw, 768px\" srcset=\"https:\/\/vspoechlarn.ac.at\/wordpress\/wp-content\/uploads\/2019\/02\/IMG-20190123-WA0004-768x1024.jpg 768w, https:\/\/vspoechlarn.ac.at\/wordpress\/wp-content\/uploads\/2019\/02\/IMG-20190123-WA0004-225x300.jpg 225w, https:\/\/vspoechlarn.ac.at\/wordpress\/wp-content\/uploads\/2019\/02\/IMG-20190123-WA0004.jpg 810w\" alt=\"\" width=\"768\" height=\"1024\" \/><\/a><\/div>\n<\/div>\n<\/div>\n<\/div>\n<\/div>\n<\/div>\n<div class=\"panel-footer entry-meta\">\n<p><small><span class=\"loop-category\"><a class=\"label label-primary\" href=\"https:\/\/vspoechlarn.ac.at\/wordpress\/category\/allgemein\/\">Startseite<\/a> <\/span> <span class=\"loop-author\"> | <span class=\"author vcard\"><a class=\"url fn n\" href=\"https:\/\/vspoechlarn.ac.at\/wordpress\/author\/wp-admin\/\">wp-admin<\/a><\/span><\/span> <span class=\"loop-date\"> | <time class=\"entry-date published updated\" datetime=\"2019-02-05T11:05:13+0200\">5. Februar 2019<\/time><\/span> | <span class=\"edit-link\"><a class=\"post-edit-link\" href=\"https:\/\/vspoechlarn.ac.at\/wordpress\/wp-admin\/post.php?post=2212&amp;action=edit\">Bearbeiten<\/a><\/span> <\/small><\/p>\n<div class=\"clearfix\"><\/div>\n<\/div>\n<\/div>\n<\/article>\n<p><!-- #post-2212 --><\/p>\n<article id=\"post-2197\" class=\"loop_list post-2197 post type-post status-publish format-standard hentry category-allgemein\">\n<div class=\"panel panel-default\">\n<div class=\"panel-body clearfix\">\n<div class=\"fs-have-thumbnail\">\n<header class=\"entry-header\">\n<h4 class=\"entry-title\"><strong><a title=\"Permanentlink zu Buchstabentag\" href=\"https:\/\/vspoechlarn.ac.at\/wordpress\/2019\/02\/01\/buchstabentag\/\" rel=\"bookmark\">Buchstabentag<\/a><\/strong><\/h4>\n<\/header>\n<div class=\"entry-content\">\n<p>Die Kinder der beiden ersten Klassen arbeiteten in der Woche vor den Semesterferien an Buchstabenstationen zum <strong>L bzw. l<\/strong>. Auf vielf\u00e4ltige Weise wurde der neue Buchstabe gefestigt. Besonderes Highlight war der <strong>L<\/strong>uftballon.<\/p>\n<div id=\"gallery_2197_36\" class=\"row\">\n<div id=\"2197-image-2199\" class=\"col-xs-12 col-sm-4 col-md-4\">\n<div class=\"thumbnail\"><a href=\"https:\/\/vspoechlarn.ac.at\/wordpress\/wp-content\/uploads\/2019\/02\/IMG_6750.jpg\"><img loading=\"lazy\" decoding=\"async\" class=\"attachment-large size-large\" src=\"https:\/\/vspoechlarn.ac.at\/wordpress\/wp-content\/uploads\/2019\/02\/IMG_6750-1024x768.jpg\" sizes=\"auto, (max-width: 900px) 100vw, 900px\" srcset=\"https:\/\/vspoechlarn.ac.at\/wordpress\/wp-content\/uploads\/2019\/02\/IMG_6750-1024x768.jpg 1024w, https:\/\/vspoechlarn.ac.at\/wordpress\/wp-content\/uploads\/2019\/02\/IMG_6750-350x263.jpg 350w, https:\/\/vspoechlarn.ac.at\/wordpress\/wp-content\/uploads\/2019\/02\/IMG_6750.jpg 1440w\" alt=\"\" width=\"900\" height=\"675\" \/><\/a><\/div>\n<\/div>\n<\/div>\n<\/div>\n<\/div>\n<\/div>\n<div class=\"panel-footer entry-meta\">\n<p><small><span class=\"loop-category\"><a class=\"label label-primary\" href=\"https:\/\/vspoechlarn.ac.at\/wordpress\/category\/allgemein\/\">Startseite<\/a> <\/span> <span class=\"loop-author\"> | <span class=\"author vcard\"><a class=\"url fn n\" href=\"https:\/\/vspoechlarn.ac.at\/wordpress\/author\/wp-admin\/\">wp-admin<\/a><\/span><\/span> <span class=\"loop-date\"> | <time class=\"entry-date published updated\" datetime=\"2019-02-01T08:21:00+0200\">1. Februar 2019<\/time><\/span> | <span class=\"edit-link\"><a class=\"post-edit-link\" href=\"https:\/\/vspoechlarn.ac.at\/wordpress\/wp-admin\/post.php?post=2197&amp;action=edit\">Bearbeiten<\/a><\/span> <\/small><\/p>\n<div class=\"clearfix\"><\/div>\n<\/div>\n<\/div>\n<\/article>\n<p><!-- #post-2197 --><\/p>\n<article id=\"post-2180\" class=\"loop_list post-2180 post type-post status-publish format-standard hentry category-allgemein\">\n<div class=\"panel panel-default\">\n<div class=\"panel-body clearfix\">\n<div class=\"fs-have-thumbnail\">\n<header class=\"entry-header\">\n<h4 class=\"entry-title\"><strong><a title=\"Permanentlink zu Nachmittagsbetreuung\" href=\"https:\/\/vspoechlarn.ac.at\/wordpress\/2019\/01\/25\/nachmittagsbetreuung\/\" rel=\"bookmark\">Nachmittagsbetreuung<\/a><\/strong><\/h4>\n<\/header>\n<div class=\"entry-content\">\n<p>Die Kinder, die auch die Nachmittage bei uns in der Schule verbringen, f\u00fchlen sich sichtlich wohl.<\/p>\n<div id=\"gallery_2180_37\" class=\"row\">\n<div id=\"2180-image-2181\" class=\"col-xs-12 col-sm-4 col-md-4\">\n<div class=\"thumbnail\"><a href=\"https:\/\/vspoechlarn.ac.at\/wordpress\/wp-content\/uploads\/2019\/01\/20190123_120821.jpg\"><img loading=\"lazy\" decoding=\"async\" class=\"attachment-large size-large\" src=\"https:\/\/vspoechlarn.ac.at\/wordpress\/wp-content\/uploads\/2019\/01\/20190123_120821-1024x576.jpg\" sizes=\"auto, (max-width: 900px) 100vw, 900px\" srcset=\"https:\/\/vspoechlarn.ac.at\/wordpress\/wp-content\/uploads\/2019\/01\/20190123_120821-1024x576.jpg 1024w, https:\/\/vspoechlarn.ac.at\/wordpress\/wp-content\/uploads\/2019\/01\/20190123_120821-350x197.jpg 350w\" alt=\"\" width=\"900\" height=\"506\" \/><\/a><\/div>\n<\/div>\n<\/div>\n<\/div>\n<\/div>\n<\/div>\n<div class=\"panel-footer entry-meta\">\n<p><small><span class=\"loop-category\"><a class=\"label label-primary\" href=\"https:\/\/vspoechlarn.ac.at\/wordpress\/category\/allgemein\/\">Startseite<\/a> <\/span> <span class=\"loop-author\"> | <span class=\"author vcard\"><a class=\"url fn n\" href=\"https:\/\/vspoechlarn.ac.at\/wordpress\/author\/wp-admin\/\">wp-admin<\/a><\/span><\/span> <span class=\"loop-date\"> | <time class=\"entry-date published updated\" datetime=\"2019-01-25T09:26:05+0200\">25. Januar 2019<\/time><\/span> | <span class=\"edit-link\"><a class=\"post-edit-link\" href=\"https:\/\/vspoechlarn.ac.at\/wordpress\/wp-admin\/post.php?post=2180&amp;action=edit\">Bearbeiten<\/a><\/span> <\/small><\/p>\n<div class=\"clearfix\"><\/div>\n<\/div>\n<\/div>\n<\/article>\n<p><!-- #post-2180 --><\/p>\n<article id=\"post-2172\" class=\"loop_list post-2172 post type-post status-publish format-standard hentry category-allgemein\">\n<div class=\"panel panel-default\">\n<div class=\"panel-body clearfix\">\n<div class=\"fs-have-thumbnail\">\n<header class=\"entry-header\">\n<h4 class=\"entry-title\"><strong><a title=\"Permanentlink zu Wettervorhersage\" href=\"https:\/\/vspoechlarn.ac.at\/wordpress\/2019\/01\/20\/wettervorhersage\/\" rel=\"bookmark\">Wettervorhersage<\/a><\/strong><\/h4>\n<\/header>\n<div class=\"entry-content\">\n<p>Die Kinder der 3. Klassen schrieben eine Wettervorhersage. Beim Pr\u00e4sentieren ihrer eigenen Texte durfte nat\u00fcrlich der Kameramann nicht fehlen.<\/p>\n<div id=\"gallery_2172_38\" class=\"row\">\n<div id=\"2172-image-2174\" class=\"col-xs-12 col-sm-3 col-md-3\">\n<div class=\"thumbnail\"><a href=\"https:\/\/vspoechlarn.ac.at\/wordpress\/wp-content\/uploads\/2019\/01\/IMG-20190119-WA0008.jpg\"><img loading=\"lazy\" decoding=\"async\" class=\"attachment-large size-large\" src=\"https:\/\/vspoechlarn.ac.at\/wordpress\/wp-content\/uploads\/2019\/01\/IMG-20190119-WA0008-768x1024.jpg\" sizes=\"auto, (max-width: 768px) 100vw, 768px\" srcset=\"https:\/\/vspoechlarn.ac.at\/wordpress\/wp-content\/uploads\/2019\/01\/IMG-20190119-WA0008-768x1024.jpg 768w, https:\/\/vspoechlarn.ac.at\/wordpress\/wp-content\/uploads\/2019\/01\/IMG-20190119-WA0008-225x300.jpg 225w, https:\/\/vspoechlarn.ac.at\/wordpress\/wp-content\/uploads\/2019\/01\/IMG-20190119-WA0008.jpg 810w\" alt=\"\" width=\"768\" height=\"1024\" \/><\/a><\/div>\n<\/div>\n<\/div>\n<\/div>\n<\/div>\n<\/div>\n<div class=\"panel-footer entry-meta\">\n<p><small><span class=\"loop-category\"><a class=\"label label-primary\" href=\"https:\/\/vspoechlarn.ac.at\/wordpress\/category\/allgemein\/\">Startseite<\/a> <\/span> <span class=\"loop-author\"> | <span class=\"author vcard\"><a class=\"url fn n\" href=\"https:\/\/vspoechlarn.ac.at\/wordpress\/author\/wp-admin\/\">wp-admin<\/a><\/span><\/span> <span class=\"loop-date\"> | <time class=\"entry-date published updated\" datetime=\"2019-01-20T20:35:25+0200\">20. Januar 2019<\/time><\/span> | <span class=\"edit-link\"><a class=\"post-edit-link\" href=\"https:\/\/vspoechlarn.ac.at\/wordpress\/wp-admin\/post.php?post=2172&amp;action=edit\">Bearbeiten<\/a><\/span> <\/small><\/p>\n<div class=\"clearfix\"><\/div>\n<\/div>\n<\/div>\n<\/article>\n<p><!-- #post-2172 --><\/p>\n<article id=\"post-2165\" class=\"loop_list post-2165 post type-post status-publish format-standard hentry category-allgemein\">\n<div class=\"panel panel-default\">\n<div class=\"panel-body clearfix\">\n<div class=\"fs-have-thumbnail\">\n<header class=\"entry-header\">\n<h4 class=\"entry-title\"><strong><a title=\"Permanentlink zu Weihnachtsfeier 2018\" href=\"https:\/\/vspoechlarn.ac.at\/wordpress\/2018\/12\/21\/weihnachtsfeier-2018\/\" rel=\"bookmark\">Weihnachtsfeier 2018<\/a><\/strong><\/h4>\n<\/header>\n<div class=\"entry-content\">\n<p>\u00c4u\u00dferst stimmungsvoll gestalteten die Kinder im engsten Kreise unsere vorweihnachtliche Feierstunde. Die vielen Beitr\u00e4ge\u00a0 waren wunderbar!<\/p>\n<div id=\"gallery_2165_39\" class=\"row\">\n<div id=\"2165-image-2163\" class=\"col-xs-12 col-sm-4 col-md-4\">\n<div class=\"thumbnail\"><a href=\"https:\/\/vspoechlarn.ac.at\/wordpress\/wp-content\/uploads\/2018\/12\/DSC08716.jpg\"><img loading=\"lazy\" decoding=\"async\" class=\"attachment-large size-large\" src=\"https:\/\/vspoechlarn.ac.at\/wordpress\/wp-content\/uploads\/2018\/12\/DSC08716-1024x680.jpg\" sizes=\"auto, (max-width: 900px) 100vw, 900px\" srcset=\"https:\/\/vspoechlarn.ac.at\/wordpress\/wp-content\/uploads\/2018\/12\/DSC08716-1024x680.jpg 1024w, https:\/\/vspoechlarn.ac.at\/wordpress\/wp-content\/uploads\/2018\/12\/DSC08716-350x233.jpg 350w\" alt=\"\" width=\"900\" height=\"598\" \/><\/a><\/div>\n<\/div>\n<\/div>\n<p>&nbsp;<\/p>\n<\/div>\n<\/div>\n<\/div>\n<div class=\"panel-footer entry-meta\">\n<p><small><span class=\"loop-category\"><a class=\"label label-primary\" href=\"https:\/\/vspoechlarn.ac.at\/wordpress\/category\/allgemein\/\">Startseite<\/a> <\/span> <span class=\"loop-author\"> | <span class=\"author vcard\"><a class=\"url fn n\" href=\"https:\/\/vspoechlarn.ac.at\/wordpress\/author\/wp-admin\/\">wp-admin<\/a><\/span><\/span> <span class=\"loop-date\"> | <time class=\"entry-date published updated\" datetime=\"2018-12-21T11:14:22+0200\">21. Dezember 2018<\/time><\/span> | <span class=\"edit-link\"><a class=\"post-edit-link\" href=\"https:\/\/vspoechlarn.ac.at\/wordpress\/wp-admin\/post.php?post=2165&amp;action=edit\">Bearbeiten<\/a><\/span> <\/small><\/p>\n<div class=\"clearfix\"><\/div>\n<\/div>\n<\/div>\n<\/article>\n<p><!-- #post-2165 --><\/p>\n<article id=\"post-2148\" class=\"loop_list post-2148 post type-post status-publish format-standard hentry category-allgemein\">\n<div class=\"panel panel-default\">\n<div class=\"panel-body clearfix\">\n<div class=\"fs-have-thumbnail\">\n<header class=\"entry-header\">\n<h4 class=\"entry-title\"><strong><a title=\"Permanentlink zu Eigenverantwortlich \u00fcben!\" href=\"https:\/\/vspoechlarn.ac.at\/wordpress\/2018\/12\/18\/eigenverantwortlich-ueben\/\" rel=\"bookmark\">Eigenverantwortlich \u00fcben!<\/a><\/strong><\/h4>\n<\/header>\n<div class=\"entry-content\">\n<p>Klassen\u00fcbergreifend wurde letzte Woche in der 4. Schulstufe f\u00fcr Mathematik ge\u00fcbt. 20 Stationen standen zum Vertiefen zur Verf\u00fcgung. Die Kinder hatten sichtlich ihre Freude daran.<\/p>\n<div id=\"gallery_2148_40\" class=\"row\">\n<div id=\"2148-image-2151\" class=\"col-xs-12 col-sm-4 col-md-4\">\n<div class=\"thumbnail\"><a href=\"https:\/\/vspoechlarn.ac.at\/wordpress\/wp-content\/uploads\/2018\/12\/DSC08658.jpg\"><img loading=\"lazy\" decoding=\"async\" class=\"attachment-large size-large\" src=\"https:\/\/vspoechlarn.ac.at\/wordpress\/wp-content\/uploads\/2018\/12\/DSC08658-680x1024.jpg\" sizes=\"auto, (max-width: 680px) 100vw, 680px\" srcset=\"https:\/\/vspoechlarn.ac.at\/wordpress\/wp-content\/uploads\/2018\/12\/DSC08658-680x1024.jpg 680w, https:\/\/vspoechlarn.ac.at\/wordpress\/wp-content\/uploads\/2018\/12\/DSC08658-199x300.jpg 199w, https:\/\/vspoechlarn.ac.at\/wordpress\/wp-content\/uploads\/2018\/12\/DSC08658.jpg 717w\" alt=\"\" width=\"680\" height=\"1024\" \/><\/a><\/div>\n<\/div>\n<\/div>\n<\/div>\n<\/div>\n<\/div>\n<div class=\"panel-footer entry-meta\">\n<p><small><span class=\"loop-category\"><a class=\"label label-primary\" href=\"https:\/\/vspoechlarn.ac.at\/wordpress\/category\/allgemein\/\">Startseite<\/a> <\/span> <span class=\"loop-author\"> | <span class=\"author vcard\"><a class=\"url fn n\" href=\"https:\/\/vspoechlarn.ac.at\/wordpress\/author\/wp-admin\/\">wp-admin<\/a><\/span><\/span> <span class=\"loop-date\"> | <time class=\"entry-date published updated\" datetime=\"2018-12-18T08:52:37+0200\">18. Dezember 2018<\/time><\/span> | <span class=\"edit-link\"><a class=\"post-edit-link\" href=\"https:\/\/vspoechlarn.ac.at\/wordpress\/wp-admin\/post.php?post=2148&amp;action=edit\">Bearbeiten<\/a><\/span> <\/small><\/p>\n<div class=\"clearfix\"><\/div>\n<\/div>\n<\/div>\n<\/article>\n<p><!-- #post-2148 --><\/p>\n<article id=\"post-2139\" class=\"loop_list post-2139 post type-post status-publish format-standard hentry category-allgemein\">\n<div class=\"panel panel-default\">\n<div class=\"panel-body clearfix\">\n<div class=\"fs-have-thumbnail\">\n<header class=\"entry-header\">\n<h4 class=\"entry-title\"><strong><a title=\"Permanentlink zu Weihnachtszeit \u2013 Vorlesezeit\" href=\"https:\/\/vspoechlarn.ac.at\/wordpress\/2018\/12\/18\/weihnachtszeit-vorlesezeit\/\" rel=\"bookmark\">Weihnachtszeit \u2013 Vorlesezeit<\/a><\/strong><\/h4>\n<\/header>\n<div class=\"entry-content\">\n<div id=\"gallery_2139_41\" class=\"row\">\n<div id=\"2139-image-2142\" class=\"col-xs-12 col-sm-4 col-md-4\">\n<div class=\"thumbnail\"><a href=\"https:\/\/vspoechlarn.ac.at\/wordpress\/wp-content\/uploads\/2018\/12\/DSC08667.jpg\"><img loading=\"lazy\" decoding=\"async\" class=\"attachment-large size-large\" src=\"https:\/\/vspoechlarn.ac.at\/wordpress\/wp-content\/uploads\/2018\/12\/DSC08667-1024x680.jpg\" sizes=\"auto, (max-width: 900px) 100vw, 900px\" srcset=\"https:\/\/vspoechlarn.ac.at\/wordpress\/wp-content\/uploads\/2018\/12\/DSC08667-1024x680.jpg 1024w, https:\/\/vspoechlarn.ac.at\/wordpress\/wp-content\/uploads\/2018\/12\/DSC08667-350x233.jpg 350w\" alt=\"\" width=\"900\" height=\"598\" \/><\/a><\/div>\n<\/div>\n<\/div>\n<p>Jeden Morgen und jede Jausepause wird im Advent an unserer Schule vorgelesen. Dazu treffen sich die Kinder in der Bibliothek und d\u00fcrfen jeden Tag ein neues Buch aus dem Geschenkspapier packen. Im Anschluss wird von VOL Elisabeth Atzm\u00fcller oder von Frau VOL\u00a0 Birgit Rausch daraus vorgelesen. Die M\u00e4dchen und Buben genie\u00dfen diese entspannte Atmosph\u00e4re\u00a0 und lauschen mit gro\u00dfer Aufmerksamkeit.<\/p>\n<\/div>\n<\/div>\n<\/div>\n<div class=\"panel-footer entry-meta\">\n<p><small><span class=\"loop-category\"><a class=\"label label-primary\" href=\"https:\/\/vspoechlarn.ac.at\/wordpress\/category\/allgemein\/\">Startseite<\/a> <\/span> <span class=\"loop-author\"> | <span class=\"author vcard\"><a class=\"url fn n\" href=\"https:\/\/vspoechlarn.ac.at\/wordpress\/author\/wp-admin\/\">wp-admin<\/a><\/span><\/span> <span class=\"loop-date\"> | <time class=\"entry-date published updated\" datetime=\"2018-12-18T08:36:34+0200\">18. Dezember 2018<\/time><\/span> | <span class=\"edit-link\"><a class=\"post-edit-link\" href=\"https:\/\/vspoechlarn.ac.at\/wordpress\/wp-admin\/post.php?post=2139&amp;action=edit\">Bearbeiten<\/a><\/span> <\/small><\/p>\n<div class=\"clearfix\"><\/div>\n<\/div>\n<\/div>\n<\/article>\n<p><!-- #post-2139 --><\/p>\n<article id=\"post-2135\" class=\"loop_list post-2135 post type-post status-publish format-standard hentry category-allgemein\">\n<div class=\"panel panel-default\">\n<div class=\"panel-body clearfix\">\n<div class=\"fs-have-thumbnail\">\n<header class=\"entry-header\">\n<h4 class=\"entry-title\"><strong><a title=\"Permanentlink zu Volksschul \u2013 Schachmeisterschaft 2018\/19\" href=\"https:\/\/vspoechlarn.ac.at\/wordpress\/2018\/12\/13\/volksschul-schachmeisterschaft-2018-19\/\" rel=\"bookmark\">Volksschul \u2013 Schachmeisterschaft 2018\/19<\/a><\/strong><\/h4>\n<\/header>\n<div class=\"entry-content\">\n<p>Nach 12 Wochen und 18 gespielten Partien konnten wir diese Woche die Sieger unseres gro\u00dfen Herbstturniers k\u00fcren.\u00a0 Der Neueinsteiger, Jakob Komarek aus der 3. Klasse, konnte sich knapp vor den routinierten Simon M\u00fcllner und Hadi Nazari (beide 4.b) behaupten. Am 4. Platz landete unser bestes M\u00e4dchen, Sophie Forsthofer (3.a). Wir gratulieren allen Kindern, die sich im Laufe dieser Meisterschaft so wacker geschlagen haben ganz herzlich. Unser aller Dank gilt Herrn Ing. Robert Gattermayer, der die M\u00e4dchen und Buben in der unverbindlichen \u00dcbung Schach mit dem \u201eSpiel der K\u00f6nige\u201c vertraut macht, das Turnier organisiert und auch alle Preise bereit gestellt hat.<\/p>\n<div id=\"gallery_2135_42\" class=\"row\">\n<div id=\"2135-image-2136\" class=\"col-xs-12 col-sm-4 col-md-4\">\n<div class=\"thumbnail\"><a href=\"https:\/\/vspoechlarn.ac.at\/wordpress\/wp-content\/uploads\/2018\/12\/IMG_6464x.jpg\"><img loading=\"lazy\" decoding=\"async\" class=\"attachment-large size-large\" src=\"https:\/\/vspoechlarn.ac.at\/wordpress\/wp-content\/uploads\/2018\/12\/IMG_6464x-1024x562.jpg\" sizes=\"auto, (max-width: 900px) 100vw, 900px\" srcset=\"https:\/\/vspoechlarn.ac.at\/wordpress\/wp-content\/uploads\/2018\/12\/IMG_6464x-1024x562.jpg 1024w, https:\/\/vspoechlarn.ac.at\/wordpress\/wp-content\/uploads\/2018\/12\/IMG_6464x-350x192.jpg 350w\" alt=\"\" width=\"900\" height=\"494\" \/><\/a><\/div>\n<\/div>\n<\/div>\n<\/div>\n<\/div>\n<\/div>\n<div class=\"panel-footer entry-meta\">\n<p><small><span class=\"loop-category\"><a class=\"label label-primary\" href=\"https:\/\/vspoechlarn.ac.at\/wordpress\/category\/allgemein\/\">Startseite<\/a> <\/span> <span class=\"loop-author\"> | <span class=\"author vcard\"><a class=\"url fn n\" href=\"https:\/\/vspoechlarn.ac.at\/wordpress\/author\/wp-admin\/\">wp-admin<\/a><\/span><\/span> <span class=\"loop-date\"> | <time class=\"entry-date published updated\" datetime=\"2018-12-13T11:27:03+0200\">13. Dezember 2018<\/time><\/span> | <span class=\"edit-link\"><a class=\"post-edit-link\" href=\"https:\/\/vspoechlarn.ac.at\/wordpress\/wp-admin\/post.php?post=2135&amp;action=edit\">Bearbeiten<\/a><\/span> <\/small><\/p>\n<div class=\"clearfix\"><\/div>\n<\/div>\n<\/div>\n<\/article>\n<p><!-- #post-2135 --><\/p>\n<article id=\"post-2120\" class=\"loop_list post-2120 post type-post status-publish format-standard hentry category-allgemein\">\n<div class=\"panel panel-default\">\n<div class=\"panel-body clearfix\">\n<div class=\"fs-have-thumbnail\">\n<header class=\"entry-header\">\n<h4 class=\"entry-title\"><strong><a title=\"Permanentlink zu 6. Dezember\" href=\"https:\/\/vspoechlarn.ac.at\/wordpress\/2018\/12\/06\/6-dezember\/\" rel=\"bookmark\">6. Dezember<\/a><\/strong><\/h4>\n<\/header>\n<div class=\"entry-content\">\n<div id=\"gallery_2120_43\" class=\"row\">\n<div id=\"2120-image-2123\" class=\"col-xs-12 col-sm-4 col-md-4\">\n<div class=\"thumbnail\"><a href=\"https:\/\/vspoechlarn.ac.at\/wordpress\/wp-content\/uploads\/2018\/12\/DSC08639.jpg\"><img loading=\"lazy\" decoding=\"async\" class=\"attachment-large size-large\" src=\"https:\/\/vspoechlarn.ac.at\/wordpress\/wp-content\/uploads\/2018\/12\/DSC08639-1024x680.jpg\" sizes=\"auto, (max-width: 900px) 100vw, 900px\" srcset=\"https:\/\/vspoechlarn.ac.at\/wordpress\/wp-content\/uploads\/2018\/12\/DSC08639-1024x680.jpg 1024w, https:\/\/vspoechlarn.ac.at\/wordpress\/wp-content\/uploads\/2018\/12\/DSC08639-350x233.jpg 350w\" alt=\"\" width=\"900\" height=\"598\" \/><\/a><\/div>\n<\/div>\n<\/div>\n<\/div>\n<\/div>\n<\/div>\n<div class=\"panel-footer entry-meta\">\n<p><small><span class=\"loop-category\"><a class=\"label label-primary\" href=\"https:\/\/vspoechlarn.ac.at\/wordpress\/category\/allgemein\/\">Startseite<\/a> <\/span> <span class=\"loop-author\"> | <span class=\"author vcard\"><a class=\"url fn n\" href=\"https:\/\/vspoechlarn.ac.at\/wordpress\/author\/wp-admin\/\">wp-admin<\/a><\/span><\/span> <span class=\"loop-date\"> | <time class=\"entry-date published updated\" datetime=\"2018-12-06T08:24:59+0200\">6. Dezember 2018<\/time><\/span> | <span class=\"edit-link\"><a class=\"post-edit-link\" href=\"https:\/\/vspoechlarn.ac.at\/wordpress\/wp-admin\/post.php?post=2120&amp;action=edit\">Bearbeiten<\/a><\/span> <\/small><\/p>\n<div class=\"clearfix\"><\/div>\n<\/div>\n<\/div>\n<\/article>\n<p><!-- #post-2120 --><\/p>\n<article id=\"post-2096\" class=\"loop_list post-2096 post type-post status-publish format-standard hentry category-allgemein\">\n<div class=\"panel panel-default\">\n<div class=\"panel-body clearfix\">\n<div class=\"fs-have-thumbnail\">\n<header class=\"entry-header\">\n<h4 class=\"entry-title\"><strong><a title=\"Permanentlink zu Besuch beim B\u00fcrgermeister\" href=\"https:\/\/vspoechlarn.ac.at\/wordpress\/2018\/12\/01\/besuch-beim-buergermeister\/\" rel=\"bookmark\">Besuch beim B\u00fcrgermeister<\/a><\/strong><\/h4>\n<\/header>\n<div class=\"entry-content\">\n<p>Die 3. Klassen besuchten B\u00fcrgermeister Franz Heisler. Da die Kinder im Rahmen des Sachunterrichts \u00fcber die Gemeinde lernten, bot sich ein Besuch des Rathauses an. Wir erfuhren mehr \u00fcber den Tagesablauf eines B\u00fcrgermeisters, die Einnahmen und Ausgaben einer Gemeinde und wurden auch durch das gesamte Geb\u00e4ude gef\u00fchrt. Wir m\u00f6chten uns ganz herzlich bedanken!<\/p>\n<div id=\"gallery_2096_44\" class=\"row\">\n<div id=\"2096-image-2098\" class=\"col-xs-12 col-sm-4 col-md-4\">\n<div class=\"thumbnail\"><a href=\"https:\/\/vspoechlarn.ac.at\/wordpress\/wp-content\/uploads\/2018\/12\/20181130_084143.jpg\"><img loading=\"lazy\" decoding=\"async\" class=\"attachment-large size-large\" src=\"https:\/\/vspoechlarn.ac.at\/wordpress\/wp-content\/uploads\/2018\/12\/20181130_084143-1024x768.jpg\" sizes=\"auto, (max-width: 900px) 100vw, 900px\" srcset=\"https:\/\/vspoechlarn.ac.at\/wordpress\/wp-content\/uploads\/2018\/12\/20181130_084143-1024x768.jpg 1024w, https:\/\/vspoechlarn.ac.at\/wordpress\/wp-content\/uploads\/2018\/12\/20181130_084143-350x263.jpg 350w, https:\/\/vspoechlarn.ac.at\/wordpress\/wp-content\/uploads\/2018\/12\/20181130_084143.jpg 1440w\" alt=\"\" width=\"900\" height=\"675\" \/><\/a><\/div>\n<\/div>\n<\/div>\n<\/div>\n<\/div>\n<\/div>\n<div class=\"panel-footer entry-meta\">\n<p><small><span class=\"loop-category\"><a class=\"label label-primary\" href=\"https:\/\/vspoechlarn.ac.at\/wordpress\/category\/allgemein\/\">Startseite<\/a> <\/span> <span class=\"loop-author\"> | <span class=\"author vcard\"><a class=\"url fn n\" href=\"https:\/\/vspoechlarn.ac.at\/wordpress\/author\/wp-admin\/\">wp-admin<\/a><\/span><\/span> <span class=\"loop-date\"> | <time class=\"entry-date published updated\" datetime=\"2018-12-01T20:27:48+0200\">1. Dezember 2018<\/time><\/span> | <span class=\"edit-link\"><a class=\"post-edit-link\" href=\"https:\/\/vspoechlarn.ac.at\/wordpress\/wp-admin\/post.php?post=2096&amp;action=edit\">Bearbeiten<\/a><\/span> <\/small><\/p>\n<div class=\"clearfix\"><\/div>\n<\/div>\n<\/div>\n<\/article>\n<p><!-- #post-2096 --><\/p>\n<article id=\"post-2092\" class=\"loop_list post-2092 post type-post status-publish format-standard hentry category-allgemein\">\n<div class=\"panel panel-default\">\n<div class=\"panel-body clearfix\">\n<div class=\"fs-have-thumbnail\">\n<header class=\"entry-header\">\n<h4 class=\"entry-title\"><strong><a title=\"Permanentlink zu Apollonia 2018\" href=\"https:\/\/vspoechlarn.ac.at\/wordpress\/2018\/12\/01\/apollonia-2018\/\" rel=\"bookmark\">Apollonia 2018<\/a><\/strong><\/h4>\n<\/header>\n<div class=\"entry-content\">\n<p>Die Zahngesundheitserzieherin und Kroko besuchten uns wieder in der Schule. Themen wie richtiges Z\u00e4hneputzen und gesunde Ern\u00e4hrung standen im Vordergrund.<\/p>\n<div id=\"gallery_2092_45\" class=\"row\">\n<div id=\"2092-image-2094\" class=\"col-xs-12 col-sm-4 col-md-4\">\n<div class=\"thumbnail\"><a href=\"https:\/\/vspoechlarn.ac.at\/wordpress\/wp-content\/uploads\/2018\/12\/Apollonia1.jpg\"><img loading=\"lazy\" decoding=\"async\" class=\"attachment-large size-large\" src=\"https:\/\/vspoechlarn.ac.at\/wordpress\/wp-content\/uploads\/2018\/12\/Apollonia1-768x1024.jpg\" sizes=\"auto, (max-width: 768px) 100vw, 768px\" srcset=\"https:\/\/vspoechlarn.ac.at\/wordpress\/wp-content\/uploads\/2018\/12\/Apollonia1-768x1024.jpg 768w, https:\/\/vspoechlarn.ac.at\/wordpress\/wp-content\/uploads\/2018\/12\/Apollonia1-225x300.jpg 225w, https:\/\/vspoechlarn.ac.at\/wordpress\/wp-content\/uploads\/2018\/12\/Apollonia1.jpg 810w\" alt=\"\" width=\"768\" height=\"1024\" \/><\/a><\/div>\n<\/div>\n<\/div>\n<\/div>\n<\/div>\n<\/div>\n<div class=\"panel-footer entry-meta\">\n<p><small><span class=\"loop-category\"><a class=\"label label-primary\" href=\"https:\/\/vspoechlarn.ac.at\/wordpress\/category\/allgemein\/\">Startseite<\/a> <\/span> <span class=\"loop-author\"> | <span class=\"author vcard\"><a class=\"url fn n\" href=\"https:\/\/vspoechlarn.ac.at\/wordpress\/author\/wp-admin\/\">wp-admin<\/a><\/span><\/span> <span class=\"loop-date\"> | <time class=\"entry-date published updated\" datetime=\"2018-12-01T20:18:55+0200\">1. Dezember 2018<\/time><\/span> | <span class=\"edit-link\"><a class=\"post-edit-link\" href=\"https:\/\/vspoechlarn.ac.at\/wordpress\/wp-admin\/post.php?post=2092&amp;action=edit\">Bearbeiten<\/a><\/span> <\/small><\/p>\n<div class=\"clearfix\"><\/div>\n<\/div>\n<\/div>\n<\/article>\n<p><!-- #post-2092 --><\/p>\n<article id=\"post-2086\" class=\"loop_list post-2086 post type-post status-publish format-standard hentry category-allgemein\">\n<div class=\"panel panel-default\">\n<div class=\"panel-body clearfix\">\n<div class=\"fs-have-thumbnail\">\n<header class=\"entry-header\">\n<h4 class=\"entry-title\"><strong><a title=\"Permanentlink zu Freiarbeit in der 3. Klasse\" href=\"https:\/\/vspoechlarn.ac.at\/wordpress\/2018\/12\/01\/freiarbeit-in-der-3-klasse\/\" rel=\"bookmark\">Freiarbeit in der 3. Klasse<\/a><\/strong><\/h4>\n<\/header>\n<div class=\"entry-content\">\n<p>Die Kinder der 3. Klasse k\u00f6nnen in der Freiarbeit ihr Material und ihren Lernplatz w\u00e4hlen. Die Kinder haben die M\u00f6glichkeit mit Lernspielen zu den Unterrichtsgegenst\u00e4nden Deutsch, Mathematik, Sachunterricht und Englisch ihr Wissen zu vertiefen.<\/p>\n<div id=\"gallery_2086_46\" class=\"row\">\n<div id=\"2086-image-2087\" class=\"col-xs-12 col-sm-3 col-md-3\">\n<div class=\"thumbnail\"><a href=\"https:\/\/vspoechlarn.ac.at\/wordpress\/wp-content\/uploads\/2018\/12\/IMG-20181124-WA0001.jpg\"><img loading=\"lazy\" decoding=\"async\" class=\"attachment-large size-large\" src=\"https:\/\/vspoechlarn.ac.at\/wordpress\/wp-content\/uploads\/2018\/12\/IMG-20181124-WA0001-768x1024.jpg\" sizes=\"auto, (max-width: 768px) 100vw, 768px\" srcset=\"https:\/\/vspoechlarn.ac.at\/wordpress\/wp-content\/uploads\/2018\/12\/IMG-20181124-WA0001-768x1024.jpg 768w, https:\/\/vspoechlarn.ac.at\/wordpress\/wp-content\/uploads\/2018\/12\/IMG-20181124-WA0001-225x300.jpg 225w, https:\/\/vspoechlarn.ac.at\/wordpress\/wp-content\/uploads\/2018\/12\/IMG-20181124-WA0001.jpg 810w\" alt=\"\" width=\"768\" height=\"1024\" \/><\/a><\/div>\n<\/div>\n<\/div>\n<\/div>\n<\/div>\n<\/div>\n<div class=\"panel-footer entry-meta\">\n<p><small><span class=\"loop-category\"><a class=\"label label-primary\" href=\"https:\/\/vspoechlarn.ac.at\/wordpress\/category\/allgemein\/\">Startseite<\/a> <\/span> <span class=\"loop-author\"> | <span class=\"author vcard\"><a class=\"url fn n\" href=\"https:\/\/vspoechlarn.ac.at\/wordpress\/author\/wp-admin\/\">wp-admin<\/a><\/span><\/span> <span class=\"loop-date\"> | <time class=\"entry-date published updated\" datetime=\"2018-12-01T20:14:13+0200\">1. Dezember 2018<\/time><\/span> | <span class=\"edit-link\"><a class=\"post-edit-link\" href=\"https:\/\/vspoechlarn.ac.at\/wordpress\/wp-admin\/post.php?post=2086&amp;action=edit\">Bearbeiten<\/a><\/span> <\/small><\/p>\n<div class=\"clearfix\"><\/div>\n<\/div>\n<\/div>\n<\/article>\n<p><!-- #post-2086 --><\/p>\n<article id=\"post-2077\" class=\"loop_list post-2077 post type-post status-publish format-standard hentry category-allgemein\">\n<div class=\"panel panel-default\">\n<div class=\"panel-body clearfix\">\n<div class=\"fs-have-thumbnail\">\n<header class=\"entry-header\">\n<h4 class=\"entry-title\"><strong><a title=\"Permanentlink zu Nationalfeiertag\" href=\"https:\/\/vspoechlarn.ac.at\/wordpress\/2018\/11\/15\/nationalfeiertag\/\" rel=\"bookmark\">Nationalfeiertag<\/a><\/strong><\/h4>\n<\/header>\n<div class=\"entry-content\">\n<p>Eine Sch\u00fclerin der 3. Klasse wollte wissen, warum Frauen nicht in den 2. Weltkrieg ziehen mussten. Diese Frage stellte sie unserem Bundespr\u00e4sidenten Alexander Van der Bellen. Prompt erhielt sie eine Antwort. Die Sch\u00fclerin freute sich sehr!<\/p>\n<div id=\"gallery_2077_47\" class=\"row\">\n<div id=\"2077-image-2081\" class=\"col-xs-12 col-sm-4 col-md-4\">\n<div class=\"thumbnail\"><a href=\"https:\/\/vspoechlarn.ac.at\/wordpress\/wp-content\/uploads\/2018\/11\/20181115_212334.jpg\"><img loading=\"lazy\" decoding=\"async\" class=\"attachment-large size-large\" src=\"https:\/\/vspoechlarn.ac.at\/wordpress\/wp-content\/uploads\/2018\/11\/20181115_212334-575x1024.jpg\" sizes=\"auto, (max-width: 575px) 100vw, 575px\" srcset=\"https:\/\/vspoechlarn.ac.at\/wordpress\/wp-content\/uploads\/2018\/11\/20181115_212334-575x1024.jpg 575w, https:\/\/vspoechlarn.ac.at\/wordpress\/wp-content\/uploads\/2018\/11\/20181115_212334-169x300.jpg 169w, https:\/\/vspoechlarn.ac.at\/wordpress\/wp-content\/uploads\/2018\/11\/20181115_212334.jpg 607w\" alt=\"\" width=\"575\" height=\"1024\" \/><\/a><\/div>\n<\/div>\n<div id=\"2077-image-2082\" class=\"col-xs-12 col-sm-4 col-md-4\">\n<div class=\"thumbnail\"><a href=\"https:\/\/vspoechlarn.ac.at\/wordpress\/wp-content\/uploads\/2018\/11\/20181115_212320.jpg\"><img loading=\"lazy\" decoding=\"async\" class=\"attachment-large size-large\" src=\"https:\/\/vspoechlarn.ac.at\/wordpress\/wp-content\/uploads\/2018\/11\/20181115_212320-575x1024.jpg\" sizes=\"auto, (max-width: 575px) 100vw, 575px\" srcset=\"https:\/\/vspoechlarn.ac.at\/wordpress\/wp-content\/uploads\/2018\/11\/20181115_212320-575x1024.jpg 575w, https:\/\/vspoechlarn.ac.at\/wordpress\/wp-content\/uploads\/2018\/11\/20181115_212320-169x300.jpg 169w, https:\/\/vspoechlarn.ac.at\/wordpress\/wp-content\/uploads\/2018\/11\/20181115_212320.jpg 607w\" alt=\"\" width=\"575\" height=\"1024\" \/><\/a><\/div>\n<\/div>\n<div class=\"clearfix visible-sm-block\"><\/div>\n<\/div>\n<\/div>\n<\/div>\n<\/div>\n<div class=\"panel-footer entry-meta\">\n<p><small><span class=\"loop-category\"><a class=\"label label-primary\" href=\"https:\/\/vspoechlarn.ac.at\/wordpress\/category\/allgemein\/\">Startseite<\/a> <\/span> <span class=\"loop-author\"> | <span class=\"author vcard\"><a class=\"url fn n\" href=\"https:\/\/vspoechlarn.ac.at\/wordpress\/author\/wp-admin\/\">wp-admin<\/a><\/span><\/span> <span class=\"loop-date\"> | <time class=\"entry-date published updated\" datetime=\"2018-11-15T21:20:02+0200\">15. November 2018<\/time><\/span> | <span class=\"edit-link\"><a class=\"post-edit-link\" href=\"https:\/\/vspoechlarn.ac.at\/wordpress\/wp-admin\/post.php?post=2077&amp;action=edit\">Bearbeiten<\/a><\/span> <\/small><\/p>\n<div class=\"clearfix\"><\/div>\n<\/div>\n<\/div>\n<\/article>\n<p><!-- #post-2077 --><\/p>\n<article id=\"post-2071\" class=\"loop_list post-2071 post type-post status-publish format-standard hentry category-allgemein\">\n<div class=\"panel panel-default\">\n<div class=\"panel-body clearfix\">\n<div class=\"fs-have-thumbnail\">\n<header class=\"entry-header\">\n<h4 class=\"entry-title\"><strong><a title=\"Permanentlink zu Tag des Apfels\" href=\"https:\/\/vspoechlarn.ac.at\/wordpress\/2018\/11\/09\/tag-des-apfels\/\" rel=\"bookmark\">Tag des Apfels<\/a><\/strong><\/h4>\n<\/header>\n<div class=\"entry-content\">\n<p>Heute brachten\u00a0 Bgm. Franz Heisler und sein Team 2 gro\u00dfe Kisten mit \u00c4pfeln in die Volksschule, die sich unsere Sch\u00fcler in der gro\u00dfer Pause schmecken lie\u00dfen. DANKE!<\/p>\n<div id=\"gallery_2071_48\" class=\"row\">\n<div id=\"2071-image-2072\" class=\"col-xs-12 col-sm-4 col-md-4\">\n<div class=\"thumbnail\"><a href=\"https:\/\/vspoechlarn.ac.at\/wordpress\/wp-content\/uploads\/2018\/11\/DSC08622x.jpg\"><img loading=\"lazy\" decoding=\"async\" class=\"attachment-large size-large\" src=\"https:\/\/vspoechlarn.ac.at\/wordpress\/wp-content\/uploads\/2018\/11\/DSC08622x-1024x745.jpg\" sizes=\"auto, (max-width: 900px) 100vw, 900px\" srcset=\"https:\/\/vspoechlarn.ac.at\/wordpress\/wp-content\/uploads\/2018\/11\/DSC08622x-1024x745.jpg 1024w, https:\/\/vspoechlarn.ac.at\/wordpress\/wp-content\/uploads\/2018\/11\/DSC08622x-350x254.jpg 350w, https:\/\/vspoechlarn.ac.at\/wordpress\/wp-content\/uploads\/2018\/11\/DSC08622x.jpg 1485w\" alt=\"\" width=\"900\" height=\"655\" \/><\/a><\/div>\n<\/div>\n<\/div>\n<\/div>\n<\/div>\n<\/div>\n<div class=\"panel-footer entry-meta\">\n<p><small><span class=\"loop-category\"><a class=\"label label-primary\" href=\"https:\/\/vspoechlarn.ac.at\/wordpress\/category\/allgemein\/\">Startseite<\/a> <\/span> <span class=\"loop-author\"> | <span class=\"author vcard\"><a class=\"url fn n\" href=\"https:\/\/vspoechlarn.ac.at\/wordpress\/author\/wp-admin\/\">wp-admin<\/a><\/span><\/span> <span class=\"loop-date\"> | <time class=\"entry-date published updated\" datetime=\"2018-11-09T09:25:09+0200\">9. November 2018<\/time><\/span> | <span class=\"edit-link\"><a class=\"post-edit-link\" href=\"https:\/\/vspoechlarn.ac.at\/wordpress\/wp-admin\/post.php?post=2071&amp;action=edit\">Bearbeiten<\/a><\/span> <\/small><\/p>\n<div class=\"clearfix\"><\/div>\n<\/div>\n<\/div>\n<\/article>\n<p><!-- #post-2071 --><\/p>\n<article id=\"post-2066\" class=\"loop_list post-2066 post type-post status-publish format-standard hentry category-allgemein\">\n<div class=\"panel panel-default\">\n<div class=\"panel-body clearfix\">\n<div class=\"fs-have-thumbnail\">\n<header class=\"entry-header\">\n<h4 class=\"entry-title\"><strong><a title=\"Permanentlink zu Landart\" href=\"https:\/\/vspoechlarn.ac.at\/wordpress\/2018\/11\/08\/landart\/\" rel=\"bookmark\">Landart<\/a><\/strong><\/h4>\n<\/header>\n<div class=\"entry-content\">\n<p>Kreativit\u00e4t + Umwelt = Landart<\/p>\n<p>Die 4b\u00a0 nutzte das herrliche Novemberwetter um im Rahmen des Werkunterrichts mit nat\u00fcrlichen Materialien Kunstwerke zu gestalten.<\/p>\n<div id=\"gallery_2066_49\" class=\"row\">\n<div id=\"2066-image-2068\" class=\"col-xs-12 col-sm-4 col-md-4\">\n<div class=\"thumbnail\"><a href=\"https:\/\/vspoechlarn.ac.at\/wordpress\/wp-content\/uploads\/2018\/11\/IMG_2412.jpg\"><img loading=\"lazy\" decoding=\"async\" class=\"attachment-large size-large\" src=\"https:\/\/vspoechlarn.ac.at\/wordpress\/wp-content\/uploads\/2018\/11\/IMG_2412-1024x768.jpg\" sizes=\"auto, (max-width: 900px) 100vw, 900px\" srcset=\"https:\/\/vspoechlarn.ac.at\/wordpress\/wp-content\/uploads\/2018\/11\/IMG_2412-1024x768.jpg 1024w, https:\/\/vspoechlarn.ac.at\/wordpress\/wp-content\/uploads\/2018\/11\/IMG_2412-350x263.jpg 350w\" alt=\"\" width=\"900\" height=\"675\" \/><\/a><\/div>\n<\/div>\n<\/div>\n<\/div>\n<\/div>\n<\/div>\n<div class=\"panel-footer entry-meta\">\n<p><small><span class=\"loop-category\"><a class=\"label label-primary\" href=\"https:\/\/vspoechlarn.ac.at\/wordpress\/category\/allgemein\/\">Startseite<\/a> <\/span> <span class=\"loop-author\"> | <span class=\"author vcard\"><a class=\"url fn n\" href=\"https:\/\/vspoechlarn.ac.at\/wordpress\/author\/wp-admin\/\">wp-admin<\/a><\/span><\/span> <span class=\"loop-date\"> | <time class=\"entry-date published updated\" datetime=\"2018-11-08T08:38:47+0200\">8. November 2018<\/time><\/span> | <span class=\"edit-link\"><a class=\"post-edit-link\" href=\"https:\/\/vspoechlarn.ac.at\/wordpress\/wp-admin\/post.php?post=2066&amp;action=edit\">Bearbeiten<\/a><\/span> <\/small><\/p>\n<div class=\"clearfix\"><\/div>\n<\/div>\n<\/div>\n<\/article>\n<p><!-- #post-2066 --><\/p>\n<article id=\"post-2060\" class=\"loop_list post-2060 post type-post status-publish format-standard hentry category-allgemein\">\n<div class=\"panel panel-default\">\n<div class=\"panel-body clearfix\">\n<div class=\"fs-have-thumbnail\">\n<header class=\"entry-header\">\n<h4 class=\"entry-title\"><strong><a title=\"Permanentlink zu Feierliche Er\u00f6ffnung\" href=\"https:\/\/vspoechlarn.ac.at\/wordpress\/2018\/11\/08\/feierliche-eroeffnung\/\" rel=\"bookmark\">Feierliche Er\u00f6ffnung<\/a><\/strong><\/h4>\n<\/header>\n<div class=\"entry-content\">\n<p><strong><u>Endlich ist unser Spielplatz feierlich er\u00f6ffnet!<\/u><\/strong><\/p>\n<p>Im Beisein des 2. Landtagspr\u00e4sidenten Mag. Gerhard Karner und \u00a0\u00a0\u00a0\u00a0\u00a0\u00a0\u00a0Bgm. Franz Heisler wurden der Spielplatz und die neuen R\u00e4umlichkeiten der Nachmittagsbetreuung von Mag. Leopold Pitzl gesegnet. Umrahmt wurde die kleine Feier von Gedichten und Liedern unserer Sch\u00fclerinnen und Sch\u00fcler. (30. 10. 2018)<\/p>\n<p><img loading=\"lazy\" decoding=\"async\" class=\"aligncenter size-medium wp-image-2064\" src=\"https:\/\/vspoechlarn.ac.at\/wordpress\/wp-content\/uploads\/2018\/11\/P\u00f6chlarn-Spielplatz-Er\u00f6ffnung-4-290x300.jpg\" sizes=\"auto, (max-width: 290px) 100vw, 290px\" srcset=\"https:\/\/vspoechlarn.ac.at\/wordpress\/wp-content\/uploads\/2018\/11\/P\u00f6chlarn-Spielplatz-Er\u00f6ffnung-4-290x300.jpg 290w, https:\/\/vspoechlarn.ac.at\/wordpress\/wp-content\/uploads\/2018\/11\/P\u00f6chlarn-Spielplatz-Er\u00f6ffnung-4-989x1024.jpg 989w, https:\/\/vspoechlarn.ac.at\/wordpress\/wp-content\/uploads\/2018\/11\/P\u00f6chlarn-Spielplatz-Er\u00f6ffnung-4.jpg 1043w\" alt=\"\" width=\"290\" height=\"300\" \/><\/p>\n<\/div>\n<\/div>\n<\/div>\n<div class=\"panel-footer entry-meta\"><small><span class=\"loop-category\"><a class=\"label label-primary\" href=\"https:\/\/vspoechlarn.ac.at\/wordpress\/category\/allgemein\/\">Startseite<\/a> <\/span> <span class=\"loop-author\"> | <span class=\"author vcard\"><a class=\"url fn n\" href=\"https:\/\/vspoechlarn.ac.at\/wordpress\/author\/wp-admin\/\">wp-admin<\/a><\/span><\/span> <span class=\"loop-date\"> | <time class=\"entry-date published updated\" datetime=\"2018-11-08T08:35:27+0200\">8. November 2018<\/time><\/span> | <span class=\"edit-link\"><a class=\"post-edit-link\" href=\"https:\/\/vspoechlarn.ac.at\/wordpress\/wp-admin\/post.php?post=2060&amp;action=edit\">Bearbeiten<\/a><\/span><br \/>\n<\/small><\/div>\n<\/div>\n<\/article>\n<p><!-- #post-2060 --><\/p>\n<article id=\"post-2047\" class=\"loop_list post-2047 post type-post status-publish format-standard hentry category-allgemein\">\n<div class=\"panel panel-default\">\n<div class=\"panel-body clearfix\">\n<div class=\"fs-have-thumbnail\">\n<header class=\"entry-header\">\n<h4 class=\"entry-title\"><strong><a title=\"Permanentlink zu Besuch im Haubiversum\" href=\"https:\/\/vspoechlarn.ac.at\/wordpress\/2018\/10\/22\/besuch-im-haubiversum\/\" rel=\"bookmark\">Besuch im Haubiversum<\/a><\/strong><\/h4>\n<\/header>\n<div class=\"entry-content\">\n<p>Am Freitag, den 19. 10. besuchten die beiden 2. Klassen das Haubiversum in Petzenkirchen. Mit gro\u00dfem Interesse folgten die Kinder den Ausf\u00fchrungen der Kulturvermittler. Nach einer gesunden Jause ging es in die Backstube, wo jedes Kind sein eigenes Geb\u00e4ck formen und verzieren durfte, bevor dieses in den Ofen kam.<\/p>\n<div id=\"gallery_2047_51\" class=\"row\">\n<div id=\"2047-image-2048\" class=\"col-xs-12 col-sm-4 col-md-4\">\n<div class=\"thumbnail\"><a href=\"https:\/\/vspoechlarn.ac.at\/wordpress\/wp-content\/uploads\/2018\/10\/IMG_6192.jpg\"><img loading=\"lazy\" decoding=\"async\" class=\"attachment-large size-large\" src=\"https:\/\/vspoechlarn.ac.at\/wordpress\/wp-content\/uploads\/2018\/10\/IMG_6192-1024x768.jpg\" sizes=\"auto, (max-width: 900px) 100vw, 900px\" srcset=\"https:\/\/vspoechlarn.ac.at\/wordpress\/wp-content\/uploads\/2018\/10\/IMG_6192-1024x768.jpg 1024w, https:\/\/vspoechlarn.ac.at\/wordpress\/wp-content\/uploads\/2018\/10\/IMG_6192-350x263.jpg 350w, https:\/\/vspoechlarn.ac.at\/wordpress\/wp-content\/uploads\/2018\/10\/IMG_6192.jpg 1440w\" alt=\"\" width=\"900\" height=\"675\" \/><\/a><\/div>\n<\/div>\n<\/div>\n<\/div>\n<\/div>\n<\/div>\n<div class=\"panel-footer entry-meta\"><small><span class=\"loop-category\"><a class=\"label label-primary\" href=\"https:\/\/vspoechlarn.ac.at\/wordpress\/category\/allgemein\/\">Startseite<\/a> <\/span> <span class=\"loop-author\"> | <\/span><\/small><small><span class=\"loop-author\"><span class=\"author vcard\"><a class=\"url fn n\" href=\"https:\/\/vspoechlarn.ac.at\/wordpress\/author\/wp-admin\/\">wp-admin<\/a><\/span><\/span> <span class=\"loop-date\"> | <time class=\"entry-date published updated\" datetime=\"2018-10-22T11:23:18+0200\">22. Oktober 2018<\/time><\/span> | <span class=\"edit-link\"><a class=\"post-edit-link\" href=\"https:\/\/vspoechlarn.ac.at\/wordpress\/wp-admin\/post.php?post=2047&amp;action=edit\">Bearbeiten<\/a><\/span> <\/small><\/div>\n<\/div>\n<\/article>\n<h4 class=\"entry-title\"><strong><a title=\"Permanentlink zu Verkehrserziehung\" href=\"https:\/\/vspoechlarn.ac.at\/wordpress\/2018\/10\/12\/verkehrserziehung\/\" rel=\"bookmark\">Verkehrserziehung<\/a><\/strong><\/h4>\n<div class=\"entry-content\">\n<p>Frau Revierinspektorin Kastenberger war so freundlich und \u00fcbte auch in diesem Schuljahr mit den Kindern der 1. und 3. Klassen das \u00dcberqueren der Stra\u00dfe. Die Kinder wurden wieder eindringlich auf die Gefahren im Stra\u00dfenverkehr hingewiesen. Danke f\u00fcr Ihre Unterst\u00fctzung!<\/p>\n<div id=\"gallery_2040_1\" class=\"row\">\n<div id=\"2040-image-2041\" class=\"col-xs-12 col-sm-4 col-md-4\">\n<div class=\"thumbnail\"><a href=\"https:\/\/vspoechlarn.ac.at\/wordpress\/wp-content\/uploads\/2018\/10\/20181011_075332.jpg\"><img loading=\"lazy\" decoding=\"async\" class=\"attachment-large size-large\" src=\"https:\/\/vspoechlarn.ac.at\/wordpress\/wp-content\/uploads\/2018\/10\/20181011_075332-1024x768.jpg\" sizes=\"auto, (max-width: 900px) 100vw, 900px\" srcset=\"https:\/\/vspoechlarn.ac.at\/wordpress\/wp-content\/uploads\/2018\/10\/20181011_075332-1024x768.jpg 1024w, https:\/\/vspoechlarn.ac.at\/wordpress\/wp-content\/uploads\/2018\/10\/20181011_075332-350x263.jpg 350w, https:\/\/vspoechlarn.ac.at\/wordpress\/wp-content\/uploads\/2018\/10\/20181011_075332.jpg 1440w\" alt=\"\" width=\"900\" height=\"675\" \/><\/a><\/div>\n<\/div>\n<\/div>\n<\/div>\n<div class=\"panel-footer entry-meta\">\n<p><small><span class=\"loop-category\"> <a class=\"label label-primary\" href=\"https:\/\/vspoechlarn.ac.at\/wordpress\/category\/allgemein\/\">Startseite<\/a> <\/span><span style=\"font-size: small;\"> <span class=\"loop-author\"> | <span class=\"author vcard\"><a class=\"url fn n\" href=\"https:\/\/vspoechlarn.ac.at\/wordpress\/author\/wp-admin\/\">wp-admin<\/a><\/span><\/span> <span class=\"loop-date\"> | <time class=\"entry-date published updated\" datetime=\"2018-10-12T21:31:13+0200\">12. Oktober 2018<\/time><\/span> | <span class=\"edit-link\"> <a class=\"post-edit-link\" href=\"https:\/\/vspoechlarn.ac.at\/wordpress\/wp-admin\/post.php?post=2040&amp;action=edit\">Bearbeiten<\/a><\/span> <\/span><\/small><\/p>\n<div class=\"clearfix\"><\/div>\n<\/div>\n<p><!-- #post-2040 --><\/p>\n<article id=\"post-2034\" class=\"loop_list post-2034 post type-post status-publish format-standard hentry category-allgemein\">\n<div class=\"panel panel-default\">\n<div class=\"panel-body clearfix\">\n<div class=\"fs-have-thumbnail\">\n<header class=\"entry-header\">\n<h4 class=\"entry-title\"><\/h4>\n<\/header>\n<div class=\"entry-content\">\n<h3>Bananen von Eurospar Prauchner<\/h3>\n<p>Gro\u00dfe Freude herrschte heute \u00fcber die k\u00f6stliche Vitamin-Spende der Fa. Eurospar Prauchner.<\/p>\n<p>DANKE!!!!!!<\/p>\n<div id=\"gallery_2034_2\" class=\"row\">\n<div id=\"2034-image-2035\" class=\"col-xs-12 col-sm-4 col-md-4\">\n<div class=\"thumbnail\"><a href=\"https:\/\/vspoechlarn.ac.at\/wordpress\/wp-content\/uploads\/2018\/10\/IMG_6148.jpg\"><img loading=\"lazy\" decoding=\"async\" class=\"attachment-large size-large\" src=\"https:\/\/vspoechlarn.ac.at\/wordpress\/wp-content\/uploads\/2018\/10\/IMG_6148.jpg\" sizes=\"auto, (max-width: 640px) 100vw, 640px\" srcset=\"https:\/\/vspoechlarn.ac.at\/wordpress\/wp-content\/uploads\/2018\/10\/IMG_6148.jpg 640w, https:\/\/vspoechlarn.ac.at\/wordpress\/wp-content\/uploads\/2018\/10\/IMG_6148-350x206.jpg 350w\" alt=\"\" width=\"640\" height=\"376\" \/><\/a><\/div>\n<\/div>\n<\/div>\n<p><a class=\"pull-right\" href=\"https:\/\/vspoechlarn.ac.at\/wordpress\/2018\/10\/11\/2034\/\" rel=\"bookmark\"><small><i class=\"icon-bookmark\"><\/i>permalink<\/small> <\/a><\/p>\n<\/div>\n<\/div>\n<\/div>\n<div class=\"panel-footer entry-meta\">\n<p><small><span class=\"loop-category\"> <a class=\"label label-primary\" href=\"https:\/\/vspoechlarn.ac.at\/wordpress\/category\/allgemein\/\">Startseite<\/a> <\/span><span style=\"font-size: small;\"> <span class=\"loop-author\"> | <span class=\"author vcard\"><a class=\"url fn n\" href=\"https:\/\/vspoechlarn.ac.at\/wordpress\/author\/wp-admin\/\">wp-admin<\/a><\/span><\/span> <span class=\"loop-date\"> | <time class=\"entry-date published updated\" datetime=\"2018-10-11T10:25:36+0200\">11. Oktober 2018<\/time><\/span> | <span class=\"edit-link\"> <a class=\"post-edit-link\" href=\"https:\/\/vspoechlarn.ac.at\/wordpress\/wp-admin\/post.php?post=2034&amp;action=edit\">Bearbeiten<\/a><\/span> <\/span><\/small><\/p>\n<div class=\"clearfix\"><\/div>\n<\/div>\n<\/div>\n<\/article>\n<p><!-- #post-2034 --><\/p>\n<article id=\"post-2018\" class=\"loop_list post-2018 post type-post status-publish format-standard hentry category-allgemein\">\n<div class=\"panel panel-default\">\n<div class=\"panel-body clearfix\">\n<div class=\"fs-have-thumbnail\">\n<header class=\"entry-header\">\n<h4 class=\"entry-title\"><strong><a title=\"Permanentlink zu Herbstwandertag\" href=\"https:\/\/vspoechlarn.ac.at\/wordpress\/2018\/10\/02\/herbstwandertag\/\" rel=\"bookmark\">Herbstwandertag<\/a><\/strong><\/h4>\n<\/header>\n<div class=\"entry-content\">\n<p>Das Wetter bei unserem Herbstwandertag war einfach herrlich. Die gesamte VS P\u00f6chlarn ging nach Ornding zum Spielplatz und wieder zur\u00fcck zur Schule. Wir bedanken uns beim FC G\u00f6sser ganz herzlich f\u00fcr die Benutzung.<\/p>\n<div id=\"gallery_2018_3\" class=\"row\">\n<div id=\"2018-image-2020\" class=\"col-xs-12 col-sm-4 col-md-4\">\n<div class=\"thumbnail\"><a href=\"https:\/\/vspoechlarn.ac.at\/wordpress\/wp-content\/uploads\/2018\/10\/DSC08553.jpg\"><img loading=\"lazy\" decoding=\"async\" class=\"attachment-large size-large\" src=\"https:\/\/vspoechlarn.ac.at\/wordpress\/wp-content\/uploads\/2018\/10\/DSC08553-1024x680.jpg\" sizes=\"auto, (max-width: 900px) 100vw, 900px\" srcset=\"https:\/\/vspoechlarn.ac.at\/wordpress\/wp-content\/uploads\/2018\/10\/DSC08553-1024x680.jpg 1024w, https:\/\/vspoechlarn.ac.at\/wordpress\/wp-content\/uploads\/2018\/10\/DSC08553-350x233.jpg 350w\" alt=\"\" width=\"900\" height=\"598\" \/><\/a><\/div>\n<\/div>\n<\/div>\n<\/div>\n<\/div>\n<\/div>\n<div class=\"panel-footer entry-meta\">\n<p><small><span class=\"loop-category\"> <a class=\"label label-primary\" href=\"https:\/\/vspoechlarn.ac.at\/wordpress\/category\/allgemein\/\">Startseite<\/a> <\/span><span style=\"font-size: small;\"> <span class=\"loop-author\"> | <span class=\"author vcard\"><a class=\"url fn n\" href=\"https:\/\/vspoechlarn.ac.at\/wordpress\/author\/wp-admin\/\">wp-admin<\/a><\/span><\/span> <span class=\"loop-date\"> | <time class=\"entry-date published updated\" datetime=\"2018-10-02T10:07:22+0200\">2. Oktober 2018<\/time><\/span> | <span class=\"edit-link\"> <a class=\"post-edit-link\" href=\"https:\/\/vspoechlarn.ac.at\/wordpress\/wp-admin\/post.php?post=2018&amp;action=edit\">Bearbeiten<\/a><\/span> <\/span><\/small><\/p>\n<div class=\"clearfix\"><\/div>\n<\/div>\n<\/div>\n<\/article>\n<p><!-- #post-2018 --><\/p>\n<article id=\"post-2012\" class=\"loop_list post-2012 post type-post status-publish format-standard hentry category-allgemein\">\n<div class=\"panel panel-default\">\n<div class=\"panel-body clearfix\">\n<div class=\"fs-have-thumbnail\">\n<header class=\"entry-header\">\n<h4 class=\"entry-title\"><strong><a title=\"Permanentlink zu Gro\u00dfeltern-Erlebniswerkstatt\" href=\"https:\/\/vspoechlarn.ac.at\/wordpress\/2018\/10\/02\/grosseltern-erlebniswerkstatt\/\" rel=\"bookmark\">Gro\u00dfeltern-Erlebniswerkstatt<\/a><\/strong><\/h4>\n<\/header>\n<div class=\"entry-content\">\n<p>Einige Sch\u00fclerinnen und Sch\u00fcler sangen zur Er\u00f6ffnung der diesj\u00e4hrigen Gro\u00dfeltern-Erlebniswerkstatt im Schlosspark zwei wundersch\u00f6ne Lieder.<\/p>\n<div id=\"gallery_2012_4\" class=\"row\">\n<div id=\"2012-image-2015\" class=\"col-xs-12 col-sm-4 col-md-4\">\n<div class=\"thumbnail\"><a href=\"https:\/\/vspoechlarn.ac.at\/wordpress\/wp-content\/uploads\/2018\/10\/GEEW1.jpg\"><img loading=\"lazy\" decoding=\"async\" class=\"attachment-large size-large\" src=\"https:\/\/vspoechlarn.ac.at\/wordpress\/wp-content\/uploads\/2018\/10\/GEEW1-1024x675.jpg\" sizes=\"auto, (max-width: 900px) 100vw, 900px\" srcset=\"https:\/\/vspoechlarn.ac.at\/wordpress\/wp-content\/uploads\/2018\/10\/GEEW1-1024x675.jpg 1024w, https:\/\/vspoechlarn.ac.at\/wordpress\/wp-content\/uploads\/2018\/10\/GEEW1-350x231.jpg 350w\" alt=\"\" width=\"900\" height=\"593\" \/><\/a><\/div>\n<\/div>\n<\/div>\n<\/div>\n<\/div>\n<\/div>\n<div class=\"panel-footer entry-meta\">\n<p><small><span class=\"loop-category\"> <a class=\"label label-primary\" href=\"https:\/\/vspoechlarn.ac.at\/wordpress\/category\/allgemein\/\">Startseite<\/a> <\/span><span style=\"font-size: small;\"> <span class=\"loop-author\"> | <span class=\"author vcard\"><a class=\"url fn n\" href=\"https:\/\/vspoechlarn.ac.at\/wordpress\/author\/wp-admin\/\">wp-admin<\/a><\/span><\/span> <span class=\"loop-date\"> | <time class=\"entry-date published updated\" datetime=\"2018-10-02T10:04:00+0200\">2. Oktober 2018<\/time><\/span> | <span class=\"edit-link\"> <a class=\"post-edit-link\" href=\"https:\/\/vspoechlarn.ac.at\/wordpress\/wp-admin\/post.php?post=2012&amp;action=edit\">Bearbeiten<\/a><\/span> <\/span><\/small><\/p>\n<div class=\"clearfix\"><\/div>\n<\/div>\n<\/div>\n<\/article>\n<p><!-- #post-2012 --><\/p>\n<article id=\"post-2001\" class=\"loop_list post-2001 post type-post status-publish format-standard hentry category-allgemein\">\n<div class=\"panel panel-default\">\n<div class=\"panel-body clearfix\">\n<div class=\"fs-have-thumbnail\">\n<header class=\"entry-header\">\n<h4 class=\"entry-title\"><strong><a title=\"Permanentlink zu Spielplatz im Schlosspark\" href=\"https:\/\/vspoechlarn.ac.at\/wordpress\/2018\/09\/25\/spielplatz-im-schlosspark\/\" rel=\"bookmark\">Spielplatz im Schlosspark<\/a><\/strong><\/h4>\n<\/header>\n<div class=\"entry-content\">\n<p>Die Ma\u00dfnahmen zum Ausbau der Nachmittagsbetreuung sind kurz vor der Fertigstellung. Hier einige Einblicke\u2026<\/p>\n<div id=\"gallery_2001_5\" class=\"row\">\n<div id=\"2001-image-2002\" class=\"col-xs-12 col-sm-4 col-md-4\">\n<div class=\"thumbnail\"><a href=\"https:\/\/vspoechlarn.ac.at\/wordpress\/wp-content\/uploads\/2018\/09\/DSC08484.jpg\"><img loading=\"lazy\" decoding=\"async\" class=\"attachment-large size-large\" src=\"https:\/\/vspoechlarn.ac.at\/wordpress\/wp-content\/uploads\/2018\/09\/DSC08484-1024x680.jpg\" sizes=\"auto, (max-width: 900px) 100vw, 900px\" srcset=\"https:\/\/vspoechlarn.ac.at\/wordpress\/wp-content\/uploads\/2018\/09\/DSC08484-1024x680.jpg 1024w, https:\/\/vspoechlarn.ac.at\/wordpress\/wp-content\/uploads\/2018\/09\/DSC08484-350x233.jpg 350w\" alt=\"\" width=\"900\" height=\"598\" \/><\/a><\/div>\n<\/div>\n<div id=\"2001-image-2005\" class=\"col-xs-12 col-sm-4 col-md-4\">\n<div class=\"thumbnail\"><a href=\"https:\/\/vspoechlarn.ac.at\/wordpress\/wp-content\/uploads\/2018\/09\/IMG_5948.jpg\"><img loading=\"lazy\" decoding=\"async\" class=\"attachment-large size-large\" src=\"https:\/\/vspoechlarn.ac.at\/wordpress\/wp-content\/uploads\/2018\/09\/IMG_5948-1024x768.jpg\" sizes=\"auto, (max-width: 900px) 100vw, 900px\" srcset=\"https:\/\/vspoechlarn.ac.at\/wordpress\/wp-content\/uploads\/2018\/09\/IMG_5948-1024x768.jpg 1024w, https:\/\/vspoechlarn.ac.at\/wordpress\/wp-content\/uploads\/2018\/09\/IMG_5948-350x263.jpg 350w, https:\/\/vspoechlarn.ac.at\/wordpress\/wp-content\/uploads\/2018\/09\/IMG_5948.jpg 1440w\" alt=\"\" width=\"900\" height=\"675\" \/><\/a><\/div>\n<\/div>\n<div class=\"clearfix visible-sm-block\"><\/div>\n<div id=\"2001-image-2006\" class=\"col-xs-12 col-sm-4 col-md-4\">\n<div class=\"thumbnail\"><a href=\"https:\/\/vspoechlarn.ac.at\/wordpress\/wp-content\/uploads\/2018\/09\/DSC08502.jpg\"><img loading=\"lazy\" decoding=\"async\" class=\"attachment-large size-large\" src=\"https:\/\/vspoechlarn.ac.at\/wordpress\/wp-content\/uploads\/2018\/09\/DSC08502-1024x680.jpg\" sizes=\"auto, (max-width: 900px) 100vw, 900px\" srcset=\"https:\/\/vspoechlarn.ac.at\/wordpress\/wp-content\/uploads\/2018\/09\/DSC08502-1024x680.jpg 1024w, https:\/\/vspoechlarn.ac.at\/wordpress\/wp-content\/uploads\/2018\/09\/DSC08502-350x233.jpg 350w\" alt=\"\" width=\"900\" height=\"598\" \/><\/a><\/div>\n<\/div>\n<div class=\"clearfix visible-md-block visible-lg-block\"><\/div>\n<\/div>\n<\/div>\n<\/div>\n<\/div>\n<div class=\"panel-footer entry-meta\">\n<p><small><span class=\"loop-category\"> <a class=\"label label-primary\" href=\"https:\/\/vspoechlarn.ac.at\/wordpress\/category\/allgemein\/\">Startseite<\/a> <\/span><span style=\"font-size: small;\"> <span class=\"loop-author\"> | <span class=\"author vcard\"><a class=\"url fn n\" href=\"https:\/\/vspoechlarn.ac.at\/wordpress\/author\/wp-admin\/\">wp-admin<\/a><\/span><\/span> <span class=\"loop-date\"> | <time class=\"entry-date published updated\" datetime=\"2018-09-25T12:01:31+0200\">25. September 2018<\/time><\/span> | <span class=\"edit-link\"> <a class=\"post-edit-link\" href=\"https:\/\/vspoechlarn.ac.at\/wordpress\/wp-admin\/post.php?post=2001&amp;action=edit\">Bearbeiten<\/a><\/span> <\/span><\/small><\/p>\n<div class=\"clearfix\"><\/div>\n<\/div>\n<\/div>\n<\/article>\n<p><!-- #post-2001 --><\/p>\n<article id=\"post-1997\" class=\"loop_list post-1997 post type-post status-publish format-standard hentry category-allgemein\">\n<div class=\"panel panel-default\">\n<div class=\"panel-body clearfix\">\n<div class=\"fs-have-thumbnail\">\n<header class=\"entry-header\">\n<h4 class=\"entry-title\"><strong><a title=\"Permanentlink zu Turnsackerl\" href=\"https:\/\/vspoechlarn.ac.at\/wordpress\/2018\/09\/18\/turnsackerl\/\" rel=\"bookmark\">Turnsackerl<\/a><\/strong><\/h4>\n<\/header>\n<div class=\"entry-content\">\n<p>In diesem Schuljahr sponserte das Land N\u00d6 f\u00fcr alle Sch\u00fclerinnen und Sch\u00fcler ein Turnsackerl mit reflektierenden Streifen. Unser Herr B\u00fcrgermeister Franz Heisler \u00fcberreichte uns diese. DANKE!<\/p>\n<div id=\"gallery_1997_6\" class=\"row\">\n<div id=\"1997-image-1994\" class=\"col-xs-12 col-sm-4 col-md-4\">\n<div class=\"thumbnail\"><a href=\"https:\/\/vspoechlarn.ac.at\/wordpress\/wp-content\/uploads\/2018\/09\/DSC08450.jpg\"><img loading=\"lazy\" decoding=\"async\" class=\"attachment-large size-large\" src=\"https:\/\/vspoechlarn.ac.at\/wordpress\/wp-content\/uploads\/2018\/09\/DSC08450-1024x680.jpg\" sizes=\"auto, (max-width: 900px) 100vw, 900px\" srcset=\"https:\/\/vspoechlarn.ac.at\/wordpress\/wp-content\/uploads\/2018\/09\/DSC08450-1024x680.jpg 1024w, https:\/\/vspoechlarn.ac.at\/wordpress\/wp-content\/uploads\/2018\/09\/DSC08450-350x233.jpg 350w\" alt=\"\" width=\"900\" height=\"598\" \/><\/a><\/div>\n<\/div>\n<\/div>\n<\/div>\n<\/div>\n<\/div>\n<div class=\"panel-footer entry-meta\">\n<p><small><span class=\"loop-category\"> <a class=\"label label-primary\" href=\"https:\/\/vspoechlarn.ac.at\/wordpress\/category\/allgemein\/\">Startseite<\/a> <\/span><span style=\"font-size: small;\"> <span class=\"loop-author\"> | <span class=\"author vcard\"><a class=\"url fn n\" href=\"https:\/\/vspoechlarn.ac.at\/wordpress\/author\/wp-admin\/\">wp-admin<\/a><\/span><\/span> <span class=\"loop-date\"> | <time class=\"entry-date published updated\" datetime=\"2018-09-18T12:07:42+0200\">18. September 2018<\/time><\/span> | <span class=\"edit-link\"> <a class=\"post-edit-link\" href=\"https:\/\/vspoechlarn.ac.at\/wordpress\/wp-admin\/post.php?post=1997&amp;action=edit\">Bearbeiten<\/a><\/span> <\/span><\/small><\/p>\n<div class=\"clearfix\"><\/div>\n<\/div>\n<\/div>\n<\/article>\n<p><!-- #post-1997 --><\/p>\n<article id=\"post-1993\" class=\"loop_list post-1993 post type-post status-publish format-standard hentry category-allgemein\">\n<div class=\"panel panel-default\">\n<div class=\"panel-body clearfix\">\n<div class=\"fs-have-thumbnail\">\n<header class=\"entry-header\">\n<h4 class=\"entry-title\"><strong><a title=\"Permanentlink zu Schulstart\" href=\"https:\/\/vspoechlarn.ac.at\/wordpress\/2018\/09\/18\/schulstart\/\" rel=\"bookmark\">Schulstart<\/a><\/strong><\/h4>\n<\/header>\n<div class=\"entry-content\">\n<p>Zum Schulstart erhielten die beiden 1. Klassen von der Raiffeisenbank P\u00f6chlarn einen Rucksack. Dankesch\u00f6n!<\/p>\n<div id=\"gallery_1993_7\" class=\"row\">\n<div id=\"1993-image-1995\" class=\"col-xs-12 col-sm-4 col-md-4\">\n<div class=\"thumbnail\"><a href=\"https:\/\/vspoechlarn.ac.at\/wordpress\/wp-content\/uploads\/2018\/09\/DSC08455.jpg\"><img loading=\"lazy\" decoding=\"async\" class=\"attachment-large size-large\" src=\"https:\/\/vspoechlarn.ac.at\/wordpress\/wp-content\/uploads\/2018\/09\/DSC08455-1024x786.jpg\" sizes=\"auto, (max-width: 900px) 100vw, 900px\" srcset=\"https:\/\/vspoechlarn.ac.at\/wordpress\/wp-content\/uploads\/2018\/09\/DSC08455-1024x786.jpg 1024w, https:\/\/vspoechlarn.ac.at\/wordpress\/wp-content\/uploads\/2018\/09\/DSC08455-350x269.jpg 350w, https:\/\/vspoechlarn.ac.at\/wordpress\/wp-content\/uploads\/2018\/09\/DSC08455.jpg 1406w\" alt=\"\" width=\"900\" height=\"691\" \/><\/a><\/div>\n<\/div>\n<div id=\"1993-image-1999\" class=\"col-xs-12 col-sm-4 col-md-4\">\n<div class=\"thumbnail\"><a href=\"https:\/\/vspoechlarn.ac.at\/wordpress\/wp-content\/uploads\/2018\/09\/DSC08459.jpg\"><img loading=\"lazy\" decoding=\"async\" class=\"attachment-large size-large\" src=\"https:\/\/vspoechlarn.ac.at\/wordpress\/wp-content\/uploads\/2018\/09\/DSC08459-1024x691.jpg\" sizes=\"auto, (max-width: 900px) 100vw, 900px\" srcset=\"https:\/\/vspoechlarn.ac.at\/wordpress\/wp-content\/uploads\/2018\/09\/DSC08459-1024x691.jpg 1024w, https:\/\/vspoechlarn.ac.at\/wordpress\/wp-content\/uploads\/2018\/09\/DSC08459-350x236.jpg 350w, https:\/\/vspoechlarn.ac.at\/wordpress\/wp-content\/uploads\/2018\/09\/DSC08459.jpg 1600w\" alt=\"\" width=\"900\" height=\"607\" \/><\/a><\/div>\n<\/div>\n<div class=\"clearfix visible-sm-block\"><\/div>\n<\/div>\n<\/div>\n<\/div>\n<\/div>\n<div class=\"panel-footer entry-meta\"><small><span class=\"loop-category\"> <a class=\"label label-primary\" href=\"https:\/\/vspoechlarn.ac.at\/wordpress\/category\/allgemein\/\">Startseite<\/a> <\/span><span style=\"font-size: small;\"> <span class=\"loop-author\"> | <span class=\"author vcard\"><a class=\"url fn n\" href=\"https:\/\/vspoechlarn.ac.at\/wordpress\/author\/wp-admin\/\">wp-admin<\/a><\/span><\/span> <span class=\"loop-date\"> | <time class=\"entry-date published updated\" datetime=\"2018-09-18T12:06:14+0200\">18. September 2018<\/time><\/span> | <span class=\"edit-link\"> <a class=\"post-edit-link\" href=\"https:\/\/vspoechlarn.ac.at\/wordpress\/wp-admin\/post.php?post=1993&amp;action=edit\">Bearbeiten<\/a><\/span> <\/span><\/small><\/div>\n<\/div>\n<\/article>\n","protected":false},"excerpt":{"rendered":"<p>Sportfest 2019 Bei herrlichem Wetter stellten die Kinder der VS P\u00f6chlarn am letzten Freitag\u00a0 ihr sportliches Talent unter Beweis. Auch heuer wurde in 4 Disziplinen bei unserem traditionellen Sportfest um [&hellip;]<\/p>\n","protected":false},"author":1,"featured_media":0,"parent":0,"menu_order":0,"comment_status":"closed","ping_status":"closed","template":"","meta":{"footnotes":""},"class_list":["post-2514","page","type-page","status-publish","hentry"],"_links":{"self":[{"href":"https:\/\/vspoechlarn.ac.at\/wordpress\/wp-json\/wp\/v2\/pages\/2514","targetHints":{"allow":["GET"]}}],"collection":[{"href":"https:\/\/vspoechlarn.ac.at\/wordpress\/wp-json\/wp\/v2\/pages"}],"about":[{"href":"https:\/\/vspoechlarn.ac.at\/wordpress\/wp-json\/wp\/v2\/types\/page"}],"author":[{"embeddable":true,"href":"https:\/\/vspoechlarn.ac.at\/wordpress\/wp-json\/wp\/v2\/users\/1"}],"replies":[{"embeddable":true,"href":"https:\/\/vspoechlarn.ac.at\/wordpress\/wp-json\/wp\/v2\/comments?post=2514"}],"version-history":[{"count":8,"href":"https:\/\/vspoechlarn.ac.at\/wordpress\/wp-json\/wp\/v2\/pages\/2514\/revisions"}],"predecessor-version":[{"id":2544,"href":"https:\/\/vspoechlarn.ac.at\/wordpress\/wp-json\/wp\/v2\/pages\/2514\/revisions\/2544"}],"wp:attachment":[{"href":"https:\/\/vspoechlarn.ac.at\/wordpress\/wp-json\/wp\/v2\/media?parent=2514"}],"curies":[{"name":"wp","href":"https:\/\/api.w.org\/{rel}","templated":true}]}}