{"id":217,"date":"2016-04-08T11:50:56","date_gmt":"2016-04-08T09:50:56","guid":{"rendered":"http:\/\/vspoechlarn.ac.at\/wordpress\/?page_id=217"},"modified":"2016-07-01T07:22:34","modified_gmt":"2016-07-01T05:22:34","slug":"2014-15-2","status":"publish","type":"page","link":"https:\/\/vspoechlarn.ac.at\/wordpress\/chronik\/2014-15-2\/","title":{"rendered":"2014-15"},"content":{"rendered":"<h1>Abschlussausflug der 2b:<\/h1>\n<p>Am 30.6.2015 machte die 2b ihren Abschlussausflug. Mit der Bahn ging es nach Loosdorf, zu Fu\u00df dann weiter zum Bauernhof der Familie Mayrhofer. Dort konnten wir zu allererst die St\u00f6rche bewundern, bevor wir zur Jause eingeladen wurden. Markus und Helga Mayrhofer erkl\u00e4rten den Kindern und M\u00fcttern sehr anschaulich, welche Produkte sie auf ihrem Bauernhof produzieren. Dann wurden alle Tiere besucht, gestreichelt und gef\u00fcttert. Besonders beeindruckt waren die Kinder vom Hund &#8222;Benschi&#8220; und von Pauli&#8217;s Riesenhasen. Zu guter Letzt machten die St\u00f6rche mit ihrem Nachwuchs ihre Flugstunden genau \u00fcber dem Bauernhof. Ein echtes Erlebnis f\u00fcr alle Kinder und M\u00fctter. Herzlichen Dank an die Familie Mayrhofer!<\/p>\n<div id=\"gallery_217_1\" class=\"row\">\r\n\t    \t<div id=\"217-image-663\" class=\"col-xs-12 col-sm-6 col-md-6\">\r\n        \t\t\t\t\t\r\n\t\t\t<div class=\"thumbnail\">\r\n        \t\t\t\t\t\r\n\t\t\t\t<a href='https:\/\/vspoechlarn.ac.at\/wordpress\/chronik\/2014-15-2\/sony-dsc-108\/'><img loading=\"lazy\" decoding=\"async\" width=\"350\" height=\"233\" src=\"https:\/\/vspoechlarn.ac.at\/wordpress\/wp-content\/uploads\/2016\/04\/loosdorf2-3-350x233.jpg\" class=\"attachment-medium size-medium\" alt=\"\" srcset=\"https:\/\/vspoechlarn.ac.at\/wordpress\/wp-content\/uploads\/2016\/04\/loosdorf2-3-350x233.jpg 350w, https:\/\/vspoechlarn.ac.at\/wordpress\/wp-content\/uploads\/2016\/04\/loosdorf2-3-250x166.jpg 250w, https:\/\/vspoechlarn.ac.at\/wordpress\/wp-content\/uploads\/2016\/04\/loosdorf2-3.jpg 600w\" sizes=\"auto, (max-width: 350px) 100vw, 350px\" \/><\/a>            <\/div>\r\n        <\/div>\r\n    \r\n<\/div>\n<p>&nbsp;<\/p>\n<p>&nbsp;<\/p>\n<h1>Blumenwiesenkuchen:<\/h1>\n<p>In der XY-Woche aktivierte die 1b die Hexenk\u00fcche. Dabei entstand ein gr\u00fcner &#8222;Blumenwiesenkuchen&#8220;&#8230;.Hmmmmm&#8230;<\/p>\n<div id=\"gallery_217_2\" class=\"row\">\r\n\t    \t<div id=\"217-image-664\" class=\"col-xs-12 col-sm-12 col-md-12\">\r\n        \t\t\t\t\t\r\n\t\t\t<div class=\"thumbnail\">\r\n        \t\t\t\t\t\r\n\t\t\t\t<a href='https:\/\/vspoechlarn.ac.at\/wordpress\/chronik\/2014-15-2\/sony-dsc-185\/'><img loading=\"lazy\" decoding=\"async\" width=\"350\" height=\"233\" src=\"https:\/\/vspoechlarn.ac.at\/wordpress\/wp-content\/uploads\/2016\/04\/kueche-2-350x233.jpg\" class=\"attachment-medium size-medium\" alt=\"\" srcset=\"https:\/\/vspoechlarn.ac.at\/wordpress\/wp-content\/uploads\/2016\/04\/kueche-2-350x233.jpg 350w, https:\/\/vspoechlarn.ac.at\/wordpress\/wp-content\/uploads\/2016\/04\/kueche-2-250x166.jpg 250w, https:\/\/vspoechlarn.ac.at\/wordpress\/wp-content\/uploads\/2016\/04\/kueche-2.jpg 600w\" sizes=\"auto, (max-width: 350px) 100vw, 350px\" \/><\/a>            <\/div>\r\n        <\/div>\r\n    <div class=\"clearfix visible-md-block visible-lg-block\"><\/div>\r\n<\/div>\n<p>&nbsp;<\/p>\n<p>&nbsp;<\/p>\n<h1>Buchstabenfest der ersten Klassen:<\/h1>\n<p>Bei einem Buchstabenfest feierten die beiden ersten Klassen noch einmal alle Buchstaben. Begonnen wurde jeder Tag mit einem Namenspiel (Namen erraten, Pyramidennamen, Namenbazar, Schwungtuchspiel und Kreuzwortr\u00e4tsel). T\u00e4glich mussten die zu feiernden Buchstaben mit einem anderen Sinn erkannt werden. Mit diversen Schreib\u00fcbungen in Schreib- und Druckschrift sollten die Buchstabenbilder gefestigt werden. Auch das W\u00f6rterbuch kam dabei zum Einsatz.<\/p>\n\n<p>&nbsp;<\/p>\n<p>&nbsp;<\/p>\n<h1>Verabschiedung von Frau VD Anna Reichinger<\/h1>\n<p>Schon heute wurde Frau VD Anna Reichinger von Sch\u00fclerInnen, Kolleginnen und dem Schulwarteteam im Rahmen einer kleinen Feier in den wohlverdienten Ruhestand verabschiedet. Das gesamte Team w\u00fcnscht noch viele gl\u00fcckliche und gesunde Jahre! (1.7.2015)<\/p>\n<p>&nbsp;<\/p>\n\n<p>&nbsp;<\/p>\n<p>&nbsp;<\/p>\n<h1>Besuch vom J\u00e4ger:<\/h1>\n<p>Der J\u00e4ger, Herr Eduard Bauer, besuchte die Klasse 2b mit seinem Jagdhund und erz\u00e4hlte den Kindern von der Wichtigkeit der J\u00e4gerei. Sie erfuhren dabei, dass die J\u00e4ger die Tiere nicht nur im Winter f\u00fcttern, sondern auch dass der J\u00e4ger sich um die Anzahl der Tierarten in einem Wald k\u00fcmmern muss. Nach ausf\u00fchrlicher Schilderung einer &#8222;Dachsjagd&#8220; w\u00fcnschten die Kinder dem J\u00e4ger alles Gute.<\/p>\n<div id=\"gallery_217_5\" class=\"row\">\r\n\t    \t<div id=\"217-image-665\" class=\"col-xs-12 col-sm-12 col-md-12\">\r\n        \t\t\t\t\t\r\n\t\t\t<div class=\"thumbnail\">\r\n        \t\t\t\t\t\r\n\t\t\t\t<a href='https:\/\/vspoechlarn.ac.at\/wordpress\/chronik\/2014-15-2\/sony-dsc-186\/'><img loading=\"lazy\" decoding=\"async\" width=\"350\" height=\"233\" src=\"https:\/\/vspoechlarn.ac.at\/wordpress\/wp-content\/uploads\/2016\/04\/jaeger-2-350x233.jpg\" class=\"attachment-medium size-medium\" alt=\"\" srcset=\"https:\/\/vspoechlarn.ac.at\/wordpress\/wp-content\/uploads\/2016\/04\/jaeger-2-350x233.jpg 350w, https:\/\/vspoechlarn.ac.at\/wordpress\/wp-content\/uploads\/2016\/04\/jaeger-2-250x166.jpg 250w, https:\/\/vspoechlarn.ac.at\/wordpress\/wp-content\/uploads\/2016\/04\/jaeger-2.jpg 600w\" sizes=\"auto, (max-width: 350px) 100vw, 350px\" \/><\/a>            <\/div>\r\n        <\/div>\r\n    <div class=\"clearfix visible-md-block visible-lg-block\"><\/div>\r\n<\/div>\n<p>&nbsp;<\/p>\n<p>&nbsp;<\/p>\n<h1>Leseflashmob in der Begegnungszone P\u00f6chlarn:<\/h1>\n<p>Nachdem uns der Regen im Herbst einen Strich durch die Rechnung gemacht hat, haben wir das sch\u00f6ne Wetter genutzt und in der Begegnungszone gelesen. Der eine oder andere Passant hat sich sicher gewundert, aber mit Freude zur Kenntnis genommen, dass die Zukunft P\u00f6chlarns (so sehe ich unsere Sch\u00fclerinnen und Sch\u00fcler) den \u00f6ffentlichen Raum f\u00fcr sinnvolle T\u00e4tigkeiten nutzt.<\/p>\n<div id=\"gallery_217_6\" class=\"row\">\r\n\t    \t<div id=\"217-image-667\" class=\"col-xs-12 col-sm-6 col-md-6\">\r\n        \t\t\t\t\t\r\n\t\t\t<div class=\"thumbnail\">\r\n        \t\t\t\t\t\r\n\t\t\t\t<a href='https:\/\/vspoechlarn.ac.at\/wordpress\/chronik\/2014-15-2\/sony-dsc-187\/'><img loading=\"lazy\" decoding=\"async\" width=\"350\" height=\"233\" src=\"https:\/\/vspoechlarn.ac.at\/wordpress\/wp-content\/uploads\/2016\/04\/flashmob202-2-350x233.jpg\" class=\"attachment-medium size-medium\" alt=\"\" srcset=\"https:\/\/vspoechlarn.ac.at\/wordpress\/wp-content\/uploads\/2016\/04\/flashmob202-2-350x233.jpg 350w, https:\/\/vspoechlarn.ac.at\/wordpress\/wp-content\/uploads\/2016\/04\/flashmob202-2-250x166.jpg 250w, https:\/\/vspoechlarn.ac.at\/wordpress\/wp-content\/uploads\/2016\/04\/flashmob202-2.jpg 600w\" sizes=\"auto, (max-width: 350px) 100vw, 350px\" \/><\/a>            <\/div>\r\n        <\/div>\r\n    \r\n<\/div>\n<p>&nbsp;<\/p>\n<p>&nbsp;<\/p>\n<h1>Ausflug der Integrationsklasse zum Reiterhof:<\/h1>\n<p>Als Abschluss des Schuljahres besuchte die 2a noch einmal gemeinsam den Alexanderhof in Hubertendorf. Zuerst zeigten Stefanie, Fabian und Emine einige Kunstst\u00fccke auf den beiden Pferden &#8222;Bambino&#8220; und &#8222;Piroschka&#8220;. Alle anderen Sch\u00fclerinnen und Sch\u00fcler applaudierten begeistert und probierten sp\u00e4ter auch einige \u00dcbungen auf &#8222;Piroschka&#8220; an der Longe. Manche Kinder waren dabei sehr mutig. Auch im Freien durfte jedes Kind eine Schlosswegrunde auf &#8222;Bambino&#8220; reiten. Dieser sch\u00f6ne Vormittag wird den Kindern sicher noch lange in Erinnerung bleiben.<\/p>\n\n<p>&nbsp;<\/p>\n<p>&nbsp;<\/p>\n<h1>Besuch bei der G\u00e4rtnerei Fuchs<\/h1>\n<div id=\"gallery_217_8\" class=\"row\">\r\n\t    \t<div id=\"217-image-671\" class=\"col-xs-12 col-sm-6 col-md-6\">\r\n        \t\t\t\t\t\r\n\t\t\t<div class=\"thumbnail\">\r\n        \t\t\t\t\t\r\n\t\t\t\t<a href='https:\/\/vspoechlarn.ac.at\/wordpress\/chronik\/2014-15-2\/unbenannt\/'><img loading=\"lazy\" decoding=\"async\" width=\"350\" height=\"233\" src=\"https:\/\/vspoechlarn.ac.at\/wordpress\/wp-content\/uploads\/2016\/04\/Unbenannt-2-350x233.png\" class=\"attachment-medium size-medium\" alt=\"\" srcset=\"https:\/\/vspoechlarn.ac.at\/wordpress\/wp-content\/uploads\/2016\/04\/Unbenannt-2-350x233.png 350w, https:\/\/vspoechlarn.ac.at\/wordpress\/wp-content\/uploads\/2016\/04\/Unbenannt-2-250x167.png 250w, https:\/\/vspoechlarn.ac.at\/wordpress\/wp-content\/uploads\/2016\/04\/Unbenannt-2.png 533w\" sizes=\"auto, (max-width: 350px) 100vw, 350px\" \/><\/a>            <\/div>\r\n        <\/div>\r\n    \r\n<\/div>\n<p>&nbsp;<\/p>\n<p>&nbsp;<\/p>\n<h1>RAIBA-Wettbewerb:<\/h1>\n<p>Mit gro\u00dfem Stolz und Freude nahmen die\u00a0Siegerinnen und Sieger des diesj\u00e4hrigen Malwettbewerbes der Raiffeisen Bank von Herrn Prok. Hannes R\u00f6ster die Preise entgegen. (22.6.2015)<\/p>\n<p>&nbsp;<\/p>\n<div id=\"gallery_217_9\" class=\"row\">\r\n\t    \t<div id=\"217-image-688\" class=\"col-xs-12 col-sm-12 col-md-12\">\r\n        \t\t\t\t\t\r\n\t\t\t<div class=\"thumbnail\">\r\n        \t\t\t\t\t\r\n\t\t\t\t<a href='https:\/\/vspoechlarn.ac.at\/wordpress\/chronik\/2014-15-2\/sony-dsc-194\/'><img loading=\"lazy\" decoding=\"async\" width=\"350\" height=\"233\" src=\"https:\/\/vspoechlarn.ac.at\/wordpress\/wp-content\/uploads\/2016\/04\/raiba1-5-350x233.jpg\" class=\"attachment-medium size-medium\" alt=\"\" srcset=\"https:\/\/vspoechlarn.ac.at\/wordpress\/wp-content\/uploads\/2016\/04\/raiba1-5-350x233.jpg 350w, https:\/\/vspoechlarn.ac.at\/wordpress\/wp-content\/uploads\/2016\/04\/raiba1-5-250x166.jpg 250w, https:\/\/vspoechlarn.ac.at\/wordpress\/wp-content\/uploads\/2016\/04\/raiba1-5.jpg 600w\" sizes=\"auto, (max-width: 350px) 100vw, 350px\" \/><\/a>            <\/div>\r\n        <\/div>\r\n    <div class=\"clearfix visible-md-block visible-lg-block\"><\/div>\r\n<\/div>\n<p>&nbsp;<\/p>\n<p>&nbsp;<\/p>\n<h1>Waldtag am Hiesberg &#8211; ein unvergesslicher Schultag!<\/h1>\n<p>Am 7.6.2015 fuhr die 2b auf den Hiesberg, um einen Schultag der &#8222;anderen Art&#8220; zu erleben. Herr Fritz Wolf zeigte den Kindern den Wald aus den verschiedensten Blickrichtungen: Haus der Tiere und Pflanzen, Erholung, Nutzung,&#8230;<\/p>\n<p>Nach lustigen und lehrreichen Spielen machte Herr Wolf gekonnt Tierstimmen nach und zeigte den Kindern Felle der verschiedensten Tiere. Alle Kinder und Erwachsene waren begeistert. Die 2b w\u00fcnscht den Tieren und Pflanzen im Wald &#8222;ein langes, ruhiges Leben!&#8220; (Zitat der Kinder)<\/p>\n\n<p>&nbsp;<\/p>\n<p>&nbsp;<\/p>\n<h1>Radfahrpr\u00fcfung bestanden!<\/h1>\n<p>Am Mittwoch gratulierte Herr Bgm. Franz Heisler unseren Sch\u00fclerInnen zur bestandenen Radfahrpr\u00fcfung. Als Pr\u00e4sent gab es f\u00fcr jedes Kind ein Radfahrleiberl. (3.6.2015)<\/p>\n<div id=\"gallery_217_11\" class=\"row\">\r\n\t    \t<div id=\"217-image-685\" class=\"col-xs-12 col-sm-12 col-md-12\">\r\n        \t\t\t\t\t\r\n\t\t\t<div class=\"thumbnail\">\r\n        \t\t\t\t\t\r\n\t\t\t\t<a href='https:\/\/vspoechlarn.ac.at\/wordpress\/chronik\/2014-15-2\/pressefoto1_radpoex\/'><img loading=\"lazy\" decoding=\"async\" width=\"350\" height=\"271\" src=\"https:\/\/vspoechlarn.ac.at\/wordpress\/wp-content\/uploads\/2016\/04\/pressefoto1_radpoex-2-350x271.jpg\" class=\"attachment-medium size-medium\" alt=\"\" srcset=\"https:\/\/vspoechlarn.ac.at\/wordpress\/wp-content\/uploads\/2016\/04\/pressefoto1_radpoex-2-350x271.jpg 350w, https:\/\/vspoechlarn.ac.at\/wordpress\/wp-content\/uploads\/2016\/04\/pressefoto1_radpoex-2-250x193.jpg 250w, https:\/\/vspoechlarn.ac.at\/wordpress\/wp-content\/uploads\/2016\/04\/pressefoto1_radpoex-2.jpg 600w\" sizes=\"auto, (max-width: 350px) 100vw, 350px\" \/><\/a>            <\/div>\r\n        <\/div>\r\n    <div class=\"clearfix visible-md-block visible-lg-block\"><\/div>\r\n<\/div>\n<p>&nbsp;<\/p>\n<h1>Eine energiegeladene Lesenacht:<\/h1>\n<p>Die Sch\u00fclerinnen und Sch\u00fcler der vierten Klassen erlebten eine abenteuerliche Lesenacht im Kraftwerk Thei\u00df. Nachdem die Kinder flei\u00dfig gelesen hatten, gab es als Highlight eine Mitternachtsdisco. Nach einer kurzen Nacht stand &#8222;Lernen&#8220; am Programm. Die Kinder erfuhren dabei viel Neues \u00fcber das Kraftwerk. Dieses Erlebnis wird uns allen in Erinnerung bleiben. Wir danken der Sparkasse P\u00f6chlarn und dem Elternverein, die die Buskosten zur G\u00e4nze \u00fcbernommen haben.<\/p>\n<div id=\"gallery_217_12\" class=\"row\">\r\n\t    \t<div id=\"217-image-691\" class=\"col-xs-12 col-sm-6 col-md-6\">\r\n        \t\t\t\t\t\r\n\t\t\t<div class=\"thumbnail\">\r\n        \t\t\t\t\t\r\n\t\t\t\t<a href='https:\/\/vspoechlarn.ac.at\/wordpress\/chronik\/2014-15-2\/sony-dsc-197\/'><img loading=\"lazy\" decoding=\"async\" width=\"350\" height=\"176\" src=\"https:\/\/vspoechlarn.ac.at\/wordpress\/wp-content\/uploads\/2016\/04\/thei-2-350x176.jpg\" class=\"attachment-medium size-medium\" alt=\"\" srcset=\"https:\/\/vspoechlarn.ac.at\/wordpress\/wp-content\/uploads\/2016\/04\/thei-2-350x176.jpg 350w, https:\/\/vspoechlarn.ac.at\/wordpress\/wp-content\/uploads\/2016\/04\/thei-2-250x126.jpg 250w, https:\/\/vspoechlarn.ac.at\/wordpress\/wp-content\/uploads\/2016\/04\/thei-2.jpg 600w\" sizes=\"auto, (max-width: 350px) 100vw, 350px\" \/><\/a>            <\/div>\r\n        <\/div>\r\n    \r\n<\/div>\n<p>&nbsp;<\/p>\n<h1>BRAVO! Radfahrpr\u00fcfung bestanden!<\/h1>\n<p>Alle Kinder haben die Radfahrpr\u00fcfung bestanden und im Anschluss bei einem Radparcours im Schlosspark ihr Geschick bewiesen. Daf\u00fcr gab es tolle Preise &#8211; zur Verf\u00fcgung gestellt von Fahrrad Pichler und Gemeinderat G\u00fcnter Lameraner. Wir gratulieren ganz herzlich (19.5.2015).<\/p>\n<div id=\"gallery_217_13\" class=\"row\">\r\n\t    \t<div id=\"217-image-694\" class=\"col-xs-12 col-sm-6 col-md-6\">\r\n        \t\t\t\t\t\r\n\t\t\t<div class=\"thumbnail\">\r\n        \t\t\t\t\t\r\n\t\t\t\t<a href='https:\/\/vspoechlarn.ac.at\/wordpress\/chronik\/2014-15-2\/sony-dsc-199\/'><img loading=\"lazy\" decoding=\"async\" width=\"350\" height=\"232\" src=\"https:\/\/vspoechlarn.ac.at\/wordpress\/wp-content\/uploads\/2016\/04\/radfahren2-3-350x232.jpg\" class=\"attachment-medium size-medium\" alt=\"\" srcset=\"https:\/\/vspoechlarn.ac.at\/wordpress\/wp-content\/uploads\/2016\/04\/radfahren2-3-350x232.jpg 350w, https:\/\/vspoechlarn.ac.at\/wordpress\/wp-content\/uploads\/2016\/04\/radfahren2-3-250x166.jpg 250w, https:\/\/vspoechlarn.ac.at\/wordpress\/wp-content\/uploads\/2016\/04\/radfahren2-3.jpg 600w\" sizes=\"auto, (max-width: 350px) 100vw, 350px\" \/><\/a>            <\/div>\r\n        <\/div>\r\n    \r\n<\/div>\n<p>&nbsp;<\/p>\n<h1>Erstkommunion 2a und 2b:<\/h1>\n<p>&#8222;Jesus bringt Farbe in unser Leben&#8220; &#8211; Unter diesem Motto und dem Zeichen des Regenbogens feierten 18 Kinder am Fest Christi Himmelfahrt den Empfang der ersten heiligen Kommunion.<\/p>\n<div id=\"gallery_217_14\" class=\"row\">\r\n\t    \t<div id=\"217-image-652\" class=\"col-xs-12 col-sm-6 col-md-6\">\r\n        \t\t\t\t\t\r\n\t\t\t<div class=\"thumbnail\">\r\n        \t\t\t\t\t\r\n\t\t\t\t<a href='https:\/\/vspoechlarn.ac.at\/wordpress\/chronik\/2014-15-2\/erstkommunion1\/'><img loading=\"lazy\" decoding=\"async\" width=\"350\" height=\"233\" src=\"https:\/\/vspoechlarn.ac.at\/wordpress\/wp-content\/uploads\/2016\/04\/erstkommunion1-350x233.jpg\" class=\"attachment-medium size-medium\" alt=\"\" srcset=\"https:\/\/vspoechlarn.ac.at\/wordpress\/wp-content\/uploads\/2016\/04\/erstkommunion1-350x233.jpg 350w, https:\/\/vspoechlarn.ac.at\/wordpress\/wp-content\/uploads\/2016\/04\/erstkommunion1-250x167.jpg 250w, https:\/\/vspoechlarn.ac.at\/wordpress\/wp-content\/uploads\/2016\/04\/erstkommunion1.jpg 600w\" sizes=\"auto, (max-width: 350px) 100vw, 350px\" \/><\/a>            <\/div>\r\n        <\/div>\r\n    \r\n<\/div>\n<p>&nbsp;<\/p>\n<p>&nbsp;<\/p>\n<h1>Schulrats-Feier:<\/h1>\n<p>Am Freitag, 24.4.2015, wurde im Rahmen einer kleinen Feier unserer Kollegin VOL Irene Komarek der Berufstitel &#8222;Schulr\u00e4tin&#8220; verliehen. Das Kollegium gratuliert ganz herzlich!<\/p>\n<div id=\"gallery_217_15\" class=\"row\">\r\n\t    \t<div id=\"217-image-700\" class=\"col-xs-12 col-sm-6 col-md-6\">\r\n        \t\t\t\t\t\r\n\t\t\t<div class=\"thumbnail\">\r\n        \t\t\t\t\t\r\n\t\t\t\t<a href='https:\/\/vspoechlarn.ac.at\/wordpress\/chronik\/2014-15-2\/sony-dsc-204\/'><img loading=\"lazy\" decoding=\"async\" width=\"350\" height=\"260\" src=\"https:\/\/vspoechlarn.ac.at\/wordpress\/wp-content\/uploads\/2016\/04\/schulrat2-3-350x260.jpg\" class=\"attachment-medium size-medium\" alt=\"\" srcset=\"https:\/\/vspoechlarn.ac.at\/wordpress\/wp-content\/uploads\/2016\/04\/schulrat2-3-350x260.jpg 350w, https:\/\/vspoechlarn.ac.at\/wordpress\/wp-content\/uploads\/2016\/04\/schulrat2-3-250x186.jpg 250w, https:\/\/vspoechlarn.ac.at\/wordpress\/wp-content\/uploads\/2016\/04\/schulrat2-3.jpg 600w\" sizes=\"auto, (max-width: 350px) 100vw, 350px\" \/><\/a>            <\/div>\r\n        <\/div>\r\n    \r\n<\/div>\n<p>&nbsp;<\/p>\n<p>&nbsp;<\/p>\n<p>&nbsp;<\/p>\n<h1>M\u00fcllaktion!<\/h1>\n<p>Seit April sorgen die Sch\u00fcler der VS P\u00f6chlarn f\u00fcr Sauberkeit rund um die Schule und im Schlosspark. 2mal w\u00f6chentlich gehen Freiwillige mit Spezialhandschuhen und sammeln M\u00fcll.<\/p>\n\n<p>&nbsp;<\/p>\n<p>&nbsp;<\/p>\n<h1>Mike Cup 2015<\/h1>\n<p>Ganz hervorragend schlugen sich unsere Fu\u00dfballer beim heurigen Mike Cup in Melk. Die Buben schieden erst gegen den sp\u00e4teren Turniersieger Loosdorf aus und belegten schlussendlich den 5. Platz. Wir gratulieren ganz herzlich!<\/p>\n<div id=\"gallery_217_17\" class=\"row\">\r\n\t    \t<div id=\"217-image-648\" class=\"col-xs-12 col-sm-12 col-md-12\">\r\n        \t\t\t\t\t\r\n\t\t\t<div class=\"thumbnail\">\r\n        \t\t\t\t\t\r\n\t\t\t\t<a href='https:\/\/vspoechlarn.ac.at\/wordpress\/chronik\/2014-15-2\/sony-dsc-177\/'><img loading=\"lazy\" decoding=\"async\" width=\"350\" height=\"233\" src=\"https:\/\/vspoechlarn.ac.at\/wordpress\/wp-content\/uploads\/2016\/04\/dsc05605x-350x233.jpg\" class=\"attachment-medium size-medium\" alt=\"\" srcset=\"https:\/\/vspoechlarn.ac.at\/wordpress\/wp-content\/uploads\/2016\/04\/dsc05605x-350x233.jpg 350w, https:\/\/vspoechlarn.ac.at\/wordpress\/wp-content\/uploads\/2016\/04\/dsc05605x-250x166.jpg 250w, https:\/\/vspoechlarn.ac.at\/wordpress\/wp-content\/uploads\/2016\/04\/dsc05605x.jpg 600w\" sizes=\"auto, (max-width: 350px) 100vw, 350px\" \/><\/a>            <\/div>\r\n        <\/div>\r\n    <div class=\"clearfix visible-md-block visible-lg-block\"><\/div>\r\n<\/div>\n<p>&nbsp;<\/p>\n<p>&nbsp;<\/p>\n<h1>Bobby Bottle besuchte unsere Volksschule:<\/h1>\n<p>Im Rahmen einer lustigen Zaubershow brachte Bo<\/p>\n<p>bby Bottle den Sch\u00fclerinnen und Sch\u00fclern der dritten und vierten Klassen das Thema &#8222;Glas-Recycling&#8220; n\u00e4her und motivierte alle, die M\u00fclltrennung ernst zu nehmen. Wir bedanken uns ganz herzlich bei der ARGE GLAS RECYCLING, die uns diesen kostenlosen Auftritt von Bobby Bottle erm\u00f6glicht hat. (10.4.2015)<\/p>\n<div id=\"gallery_217_18\" class=\"row\">\r\n\t    \t<div id=\"217-image-645\" class=\"col-xs-12 col-sm-12 col-md-12\">\r\n        \t\t\t\t\t\r\n\t\t\t<div class=\"thumbnail\">\r\n        \t\t\t\t\t\r\n\t\t\t\t<a href='https:\/\/vspoechlarn.ac.at\/wordpress\/chronik\/2014-15-2\/sony-dsc-174\/'><img loading=\"lazy\" decoding=\"async\" width=\"350\" height=\"233\" src=\"https:\/\/vspoechlarn.ac.at\/wordpress\/wp-content\/uploads\/2016\/04\/bobby20b-350x233.jpg\" class=\"attachment-medium size-medium\" alt=\"\" srcset=\"https:\/\/vspoechlarn.ac.at\/wordpress\/wp-content\/uploads\/2016\/04\/bobby20b-350x233.jpg 350w, https:\/\/vspoechlarn.ac.at\/wordpress\/wp-content\/uploads\/2016\/04\/bobby20b-250x166.jpg 250w, https:\/\/vspoechlarn.ac.at\/wordpress\/wp-content\/uploads\/2016\/04\/bobby20b.jpg 600w\" sizes=\"auto, (max-width: 350px) 100vw, 350px\" \/><\/a>            <\/div>\r\n        <\/div>\r\n    <div class=\"clearfix visible-md-block visible-lg-block\"><\/div>\r\n<\/div>\n<p>&nbsp;<\/p>\n<p>&nbsp;<\/p>\n<h1>Hallo Auto (3a\/3b):<\/h1>\n<p>Mit dieser Verkehrssicherheitsaktion der AUVA und des \u00d6AMTC wollen wir die Sch\u00fclerinnen und Sch\u00fcler f\u00fcr die Gefahren im Stra\u00dfenverkehr sensibilisieren. Der Vormittag war aufregend, lustig und vor allem sehr lehrreich! Ganz herzlich wollen wir uns an dieser Stelle bei der Freiwilligen Feuerwehr P\u00f6chlarn bedanken, die uns schon seit Jahren bei dieser Aktion unterst\u00fctzt! (8.4.2015)<\/p>\n<div id=\"gallery_217_19\" class=\"row\">\r\n\t    \t<div id=\"217-image-701\" class=\"col-xs-12 col-sm-12 col-md-12\">\r\n        \t\t\t\t\t\r\n\t\t\t<div class=\"thumbnail\">\r\n        \t\t\t\t\t\r\n\t\t\t\t<a href='https:\/\/vspoechlarn.ac.at\/wordpress\/chronik\/2014-15-2\/sony-dsc-205\/'><img loading=\"lazy\" decoding=\"async\" width=\"350\" height=\"233\" src=\"https:\/\/vspoechlarn.ac.at\/wordpress\/wp-content\/uploads\/2016\/04\/hallo20auto-2-350x233.jpg\" class=\"attachment-medium size-medium\" alt=\"\" srcset=\"https:\/\/vspoechlarn.ac.at\/wordpress\/wp-content\/uploads\/2016\/04\/hallo20auto-2-350x233.jpg 350w, https:\/\/vspoechlarn.ac.at\/wordpress\/wp-content\/uploads\/2016\/04\/hallo20auto-2-250x166.jpg 250w, https:\/\/vspoechlarn.ac.at\/wordpress\/wp-content\/uploads\/2016\/04\/hallo20auto-2.jpg 600w\" sizes=\"auto, (max-width: 350px) 100vw, 350px\" \/><\/a>            <\/div>\r\n        <\/div>\r\n    <div class=\"clearfix visible-md-block visible-lg-block\"><\/div>\r\n<\/div>\n<p>&nbsp;<\/p>\n<p>&nbsp;<\/p>\n<h1>1. Hilfe Kurse (3a\/3b und 4a\/4b):<\/h1>\n<p>Im Rahmen des Sachunterrichts hielt Herr Raffetseder vom Samariterbund N\u00d6 in den dritten und vierten Klassen einen vierst\u00fcndigen 1. Hilfe Kurs ab. Wie im Ernstfall reagiert werden soll, wurde in dieser Zeit genauestens trainiert. Die Kinder waren mit voller Konzentration bei der Sache und konnten sich alle wichtigen Schritte gut merken. Wir bedanken uns recht herzlich beim Elternverein, der diese Kurse finanziert hat.\u00a0 (17.3. und 25.3.2015)<\/p>\n\n<p>&nbsp;<\/p>\n<p>&nbsp;<\/p>\n<h1>Ern\u00e4hrungspyramide (2a + 2b)<\/h1>\n<p>Als Abschluss unserer Gesundheitswochen wurde im Unterricht die Ern\u00e4hrungspyramide genau besprochen. Durch oftmaliges Aufbauen der Pyramide wurde den Kindern die Wichtigkeit der einzelnen Ebenen bewusst. Nach selbstgezeichnetem Entwurf durften die Sch\u00fclerinnen und Sch\u00fcler ihre &#8222;Gesunde Jause&#8220; auch selbst vorbereiten. Ein gro\u00dfer Dank gilt den 3 Mamis, die die Kinder dabei unterst\u00fctzten. Gemeinsam wurde dann die leckere Jause verzehrt.<\/p>\n<div id=\"gallery_217_21\" class=\"row\">\r\n\t    \t<div id=\"217-image-704\" class=\"col-xs-12 col-sm-6 col-md-6\">\r\n        \t\t\t\t\t\r\n\t\t\t<div class=\"thumbnail\">\r\n        \t\t\t\t\t\r\n\t\t\t\t<a href='https:\/\/vspoechlarn.ac.at\/wordpress\/chronik\/2014-15-2\/j2\/'><img loading=\"lazy\" decoding=\"async\" width=\"169\" height=\"300\" src=\"https:\/\/vspoechlarn.ac.at\/wordpress\/wp-content\/uploads\/2016\/04\/j2-4-169x300.jpg\" class=\"attachment-medium size-medium\" alt=\"\" srcset=\"https:\/\/vspoechlarn.ac.at\/wordpress\/wp-content\/uploads\/2016\/04\/j2-4-169x300.jpg 169w, https:\/\/vspoechlarn.ac.at\/wordpress\/wp-content\/uploads\/2016\/04\/j2-4-250x444.jpg 250w, https:\/\/vspoechlarn.ac.at\/wordpress\/wp-content\/uploads\/2016\/04\/j2-4.jpg 338w\" sizes=\"auto, (max-width: 169px) 100vw, 169px\" \/><\/a>            <\/div>\r\n        <\/div>\r\n    \r\n<\/div>\n<p>&nbsp;<\/p>\n<p>&nbsp;<\/p>\n<h1>Tiergest\u00fctzt durchs Schuljahr<\/h1>\n<p>Im Rahmen tiergest\u00fctzter Sozialp\u00e4dagogik werden die Sch\u00fclerinnen und Sch\u00fcler der 3b durch das Schuljahr begleitet. Einmal im Monat findet ein spezielles Training statt. Durch verschiedene Tagesthemen werden zwei Zielkomponenten verfolgt: 1.) Tier- und Naturschutz 2.) Sozialkompetenz<\/p>\n<p>Finanziert wird dieses Projekt vom Elternverein &#8211; VIELEN DANK!!<\/p>\n<p>&nbsp;<\/p>\n<p>www.tiergestuetztesozialpaedagogik.at<\/p>\n<div id=\"gallery_217_22\" class=\"row\">\r\n\t    \t<div id=\"217-image-705\" class=\"col-xs-12 col-sm-12 col-md-12\">\r\n        \t\t\t\t\t\r\n\t\t\t<div class=\"thumbnail\">\r\n        \t\t\t\t\t\r\n\t\t\t\t<a href='https:\/\/vspoechlarn.ac.at\/wordpress\/chronik\/2014-15-2\/sony-dsc-207\/'><img loading=\"lazy\" decoding=\"async\" width=\"200\" height=\"300\" src=\"https:\/\/vspoechlarn.ac.at\/wordpress\/wp-content\/uploads\/2016\/04\/hund3b-2-200x300.jpg\" class=\"attachment-medium size-medium\" alt=\"\" srcset=\"https:\/\/vspoechlarn.ac.at\/wordpress\/wp-content\/uploads\/2016\/04\/hund3b-2-200x300.jpg 200w, https:\/\/vspoechlarn.ac.at\/wordpress\/wp-content\/uploads\/2016\/04\/hund3b-2-250x376.jpg 250w, https:\/\/vspoechlarn.ac.at\/wordpress\/wp-content\/uploads\/2016\/04\/hund3b-2.jpg 399w\" sizes=\"auto, (max-width: 200px) 100vw, 200px\" \/><\/a>            <\/div>\r\n        <\/div>\r\n    <div class=\"clearfix visible-md-block visible-lg-block\"><\/div>\r\n<\/div>\n<p>&nbsp;<\/p>\n<p>&nbsp;<\/p>\n<h1>Gest\u00e4rkt ins Fr\u00fchjahr!<\/h1>\n<p>&#8222;Vitaminspritze&#8220; f\u00fcr die Lehrerinnen der VS P\u00f6chlarn. Danke Herr Bgm. Heisler!!!<\/p>\n<div id=\"gallery_217_23\" class=\"row\">\r\n\t    \t<div id=\"217-image-706\" class=\"col-xs-12 col-sm-12 col-md-12\">\r\n        \t\t\t\t\t\r\n\t\t\t<div class=\"thumbnail\">\r\n        \t\t\t\t\t\r\n\t\t\t\t<a href='https:\/\/vspoechlarn.ac.at\/wordpress\/chronik\/2014-15-2\/sony-dsc-208\/'><img loading=\"lazy\" decoding=\"async\" width=\"350\" height=\"199\" src=\"https:\/\/vspoechlarn.ac.at\/wordpress\/wp-content\/uploads\/2016\/04\/lehrervitamine.jpeg-2-350x199.jpg\" class=\"attachment-medium size-medium\" alt=\"\" srcset=\"https:\/\/vspoechlarn.ac.at\/wordpress\/wp-content\/uploads\/2016\/04\/lehrervitamine.jpeg-2-350x199.jpg 350w, https:\/\/vspoechlarn.ac.at\/wordpress\/wp-content\/uploads\/2016\/04\/lehrervitamine.jpeg-2-250x142.jpg 250w, https:\/\/vspoechlarn.ac.at\/wordpress\/wp-content\/uploads\/2016\/04\/lehrervitamine.jpeg-2.jpg 600w\" sizes=\"auto, (max-width: 350px) 100vw, 350px\" \/><\/a>            <\/div>\r\n        <\/div>\r\n    <div class=\"clearfix visible-md-block visible-lg-block\"><\/div>\r\n<\/div>\n<p>&nbsp;<\/p>\n<p>&nbsp;<\/p>\n<h1>Gesundes Fr\u00fchst\u00fcck<\/h1>\n<p>Am 6. M\u00e4rz bereiteten die Sch\u00fclerinnen und Sch\u00fcler der Vorschulgruppe ein gesundes Fr\u00fchst\u00fcck zu. Mit sichtlichem Appetit genossen die Kinder die gemeinsame Mahlzeit.<\/p>\n<div id=\"gallery_217_24\" class=\"row\">\r\n\t    \t<div id=\"217-image-708\" class=\"col-xs-12 col-sm-12 col-md-12\">\r\n        \t\t\t\t\t\r\n\t\t\t<div class=\"thumbnail\">\r\n        \t\t\t\t\t\r\n\t\t\t\t<a href='https:\/\/vspoechlarn.ac.at\/wordpress\/chronik\/2014-15-2\/sony-dsc-209\/'><img loading=\"lazy\" decoding=\"async\" width=\"350\" height=\"233\" src=\"https:\/\/vspoechlarn.ac.at\/wordpress\/wp-content\/uploads\/2016\/04\/fruehstckvkl-2-350x233.jpg\" class=\"attachment-medium size-medium\" alt=\"\" srcset=\"https:\/\/vspoechlarn.ac.at\/wordpress\/wp-content\/uploads\/2016\/04\/fruehstckvkl-2-350x233.jpg 350w, https:\/\/vspoechlarn.ac.at\/wordpress\/wp-content\/uploads\/2016\/04\/fruehstckvkl-2-250x166.jpg 250w, https:\/\/vspoechlarn.ac.at\/wordpress\/wp-content\/uploads\/2016\/04\/fruehstckvkl-2.jpg 600w\" sizes=\"auto, (max-width: 350px) 100vw, 350px\" \/><\/a>            <\/div>\r\n        <\/div>\r\n    <div class=\"clearfix visible-md-block visible-lg-block\"><\/div>\r\n<\/div>\n<p>&nbsp;<\/p>\n<p>&nbsp;<\/p>\n<h1>Autorenlesung in der Schule:<\/h1>\n<p>Christoph Mauz, einer der beliebtesten \u00f6sterreichischen Kinderbuchautoren, begeisterte am 5. M\u00e4rz die Sch\u00fclerinnen und Sch\u00fcler mit lustigen Ausschnitten aus seinen B\u00fcchern. Mit seinem schauspielerischen Talent brachte er die Kinder von den ersten bis zu den vierten Klassen zum Lachen.<\/p>\n<p>Im Anschluss an die Lesung wurden von Christoph Mauz Fragen beantwortet und sogar Autogramme gegeben (unterst\u00fctzt vom Elternverein der VS P\u00f6chlarn, danke!).<\/p>\n<p>&nbsp;<\/p>\n<div id=\"gallery_217_25\" class=\"row\">\r\n\t    \t<div id=\"217-image-676\" class=\"col-xs-12 col-sm-6 col-md-6\">\r\n        \t\t\t\t\t\r\n\t\t\t<div class=\"thumbnail\">\r\n        \t\t\t\t\t\r\n\t\t\t\t<a href='https:\/\/vspoechlarn.ac.at\/wordpress\/chronik\/2014-15-2\/sony-dsc-110\/'><img loading=\"lazy\" decoding=\"async\" width=\"200\" height=\"300\" src=\"https:\/\/vspoechlarn.ac.at\/wordpress\/wp-content\/uploads\/2016\/04\/mauz1-3-200x300.jpg\" class=\"attachment-medium size-medium\" alt=\"\" srcset=\"https:\/\/vspoechlarn.ac.at\/wordpress\/wp-content\/uploads\/2016\/04\/mauz1-3-200x300.jpg 200w, https:\/\/vspoechlarn.ac.at\/wordpress\/wp-content\/uploads\/2016\/04\/mauz1-3-250x376.jpg 250w, https:\/\/vspoechlarn.ac.at\/wordpress\/wp-content\/uploads\/2016\/04\/mauz1-3.jpg 399w\" sizes=\"auto, (max-width: 200px) 100vw, 200px\" \/><\/a>            <\/div>\r\n        <\/div>\r\n    \r\n<\/div>\n<p>&nbsp;<\/p>\n<p>&nbsp;<\/p>\n<h1>&#8222;Lust auf Obst&#8220;:<\/h1>\n<p>Die \u00f6sterreichische Sporthilfe hat dieses Schuljahr zu einem Schulwettbewerb zum Thema &#8222;Lust auf Obst&#8220; eingeladen und die zweiten Klassen der VS P\u00f6chlarn haben daran teilgenommen. Durch verschiedene Aktionen (T-Shirt bedrucken, Comic schreiben, Obst- und Gem\u00fcsesorten kosten und kennenlernen,&#8230;) erfuhren die Kinder, wie wichtig Obst und Gem\u00fcse f\u00fcr ein gesundes Leben sind. Wir sind schon gespannt, ob wir einen Preis gewinnen werden.<\/p>\n<div id=\"gallery_217_26\" class=\"row\">\r\n\t    \t<div id=\"217-image-714\" class=\"col-xs-12 col-sm-6 col-md-6\">\r\n        \t\t\t\t\t\r\n\t\t\t<div class=\"thumbnail\">\r\n        \t\t\t\t\t\r\n\t\t\t\t<a href='https:\/\/vspoechlarn.ac.at\/wordpress\/chronik\/2014-15-2\/sony-dsc-213\/'><img loading=\"lazy\" decoding=\"async\" width=\"350\" height=\"233\" src=\"https:\/\/vspoechlarn.ac.at\/wordpress\/wp-content\/uploads\/2016\/04\/lust20auf20obst202-2-350x233.jpg\" class=\"attachment-medium size-medium\" alt=\"\" srcset=\"https:\/\/vspoechlarn.ac.at\/wordpress\/wp-content\/uploads\/2016\/04\/lust20auf20obst202-2-350x233.jpg 350w, https:\/\/vspoechlarn.ac.at\/wordpress\/wp-content\/uploads\/2016\/04\/lust20auf20obst202-2-250x166.jpg 250w, https:\/\/vspoechlarn.ac.at\/wordpress\/wp-content\/uploads\/2016\/04\/lust20auf20obst202-2.jpg 600w\" sizes=\"auto, (max-width: 350px) 100vw, 350px\" \/><\/a>            <\/div>\r\n        <\/div>\r\n    \r\n<\/div>\n<p>&nbsp;<\/p>\n<p>&nbsp;<\/p>\n<h1>NIG &#8211; Ein Igel zieht ein:<\/h1>\n<p>Am 20.02.2015 besuchte uns erneut das TEAM SIEBERER mit dem neuen Mitmachtheaterst\u00fcck: NIG &#8211; ein Igel zieht ein. Es handelt sich hierbei um ein Umwelttheaterst\u00fcck, welches den Kindern die Natur und deren Lebewesen im eigenen Garten n\u00e4herbringen will. Unsere Kinder waren sehr begeistert und machten eifrig mit.<\/p>\n<div id=\"gallery_217_27\" class=\"row\">\r\n\t    \t<div id=\"217-image-678\" class=\"col-xs-12 col-sm-4 col-md-4\">\r\n        \t\t\t\t\t\r\n\t\t\t<div class=\"thumbnail\">\r\n        \t\t\t\t\t\r\n\t\t\t\t<a href='https:\/\/vspoechlarn.ac.at\/wordpress\/chronik\/2014-15-2\/sony-dsc-112\/'><img loading=\"lazy\" decoding=\"async\" width=\"350\" height=\"233\" src=\"https:\/\/vspoechlarn.ac.at\/wordpress\/wp-content\/uploads\/2016\/04\/nig1-3-350x233.jpg\" class=\"attachment-medium size-medium\" alt=\"\" srcset=\"https:\/\/vspoechlarn.ac.at\/wordpress\/wp-content\/uploads\/2016\/04\/nig1-3-350x233.jpg 350w, https:\/\/vspoechlarn.ac.at\/wordpress\/wp-content\/uploads\/2016\/04\/nig1-3-250x166.jpg 250w, https:\/\/vspoechlarn.ac.at\/wordpress\/wp-content\/uploads\/2016\/04\/nig1-3.jpg 600w\" sizes=\"auto, (max-width: 350px) 100vw, 350px\" \/><\/a>            <\/div>\r\n        <\/div>\r\n    \r\n<\/div>\n<p>&nbsp;<\/p>\n<p>&nbsp;<\/p>\n<h1>Verkehrssicherheitstheater:<\/h1>\n<p>Der Kasperl besuchte uns mit seinen Freunden (Puppomobil) von der AUVA und zeigte uns, wie wichtig das richtige Verhalten im Stra\u00dfenverkehr ist. Mit viel Spa\u00df wurden die Sch\u00fclerinnen und Sch\u00fcler dazu angeregt, die guten Tipps t\u00e4glich umzusetzen.<\/p>\n<div id=\"gallery_217_28\" class=\"row\">\r\n\t    \t<div id=\"217-image-695\" class=\"col-xs-12 col-sm-12 col-md-12\">\r\n        \t\t\t\t\t\r\n\t\t\t<div class=\"thumbnail\">\r\n        \t\t\t\t\t\r\n\t\t\t\t<a href='https:\/\/vspoechlarn.ac.at\/wordpress\/chronik\/2014-15-2\/sony-dsc-200\/'><img loading=\"lazy\" decoding=\"async\" width=\"350\" height=\"233\" src=\"https:\/\/vspoechlarn.ac.at\/wordpress\/wp-content\/uploads\/2016\/04\/verkehr1-2-350x233.jpg\" class=\"attachment-medium size-medium\" alt=\"\" srcset=\"https:\/\/vspoechlarn.ac.at\/wordpress\/wp-content\/uploads\/2016\/04\/verkehr1-2-350x233.jpg 350w, https:\/\/vspoechlarn.ac.at\/wordpress\/wp-content\/uploads\/2016\/04\/verkehr1-2-250x166.jpg 250w, https:\/\/vspoechlarn.ac.at\/wordpress\/wp-content\/uploads\/2016\/04\/verkehr1-2.jpg 600w\" sizes=\"auto, (max-width: 350px) 100vw, 350px\" \/><\/a>            <\/div>\r\n        <\/div>\r\n    <div class=\"clearfix visible-md-block visible-lg-block\"><\/div>\r\n<\/div>\n<p>&nbsp;<\/p>\n<p>&nbsp;<\/p>\n<h1>Tolle Tier-Referate der 3a:<\/h1>\n<p>Die Kinder der 3a bereiteten im Zuge des Sachunterrichts interessante Referate zu bestimmten Tieren vor.<\/p>\n<p>Unter anderem lernten die Sch\u00fclerinnen und Sch\u00fcler Wissenswertes \u00fcber Cham\u00e4leons, Haie, Wale, Enten, Rehe, Giraffen, Schlangen usw.\u00a0 Alle Kinder waren mit Begeisterung bei der Sache und wollten ihren Klassenkameraden anhand von eindrucksvollen Anschauungsmaterialien wichtige Informationen vermitteln. (Februar 2015)<\/p>\n<p>&nbsp;<\/p>\n<div id=\"gallery_217_29\" class=\"row\">\r\n\t    \t<div id=\"217-image-698\" class=\"col-xs-12 col-sm-6 col-md-6\">\r\n        \t\t\t\t\t\r\n\t\t\t<div class=\"thumbnail\">\r\n        \t\t\t\t\t\r\n\t\t\t\t<a href='https:\/\/vspoechlarn.ac.at\/wordpress\/chronik\/2014-15-2\/sony-dsc-202\/'><img loading=\"lazy\" decoding=\"async\" width=\"200\" height=\"300\" src=\"https:\/\/vspoechlarn.ac.at\/wordpress\/wp-content\/uploads\/2016\/04\/schlange2-3-200x300.jpg\" class=\"attachment-medium size-medium\" alt=\"\" srcset=\"https:\/\/vspoechlarn.ac.at\/wordpress\/wp-content\/uploads\/2016\/04\/schlange2-3-200x300.jpg 200w, https:\/\/vspoechlarn.ac.at\/wordpress\/wp-content\/uploads\/2016\/04\/schlange2-3-250x376.jpg 250w, https:\/\/vspoechlarn.ac.at\/wordpress\/wp-content\/uploads\/2016\/04\/schlange2-3.jpg 399w\" sizes=\"auto, (max-width: 200px) 100vw, 200px\" \/><\/a>            <\/div>\r\n        <\/div>\r\n    \r\n<\/div>\n<p>&nbsp;<\/p>\n<p>&nbsp;<\/p>\n<h1>Blick und Klick:<\/h1>\n<p>Im Rahmen des Verkehrssicherheitstrainings &#8222;Blick und Klick&#8220; am 11. Februar 2015 wurden die Kinder der 2. Klassen von zwei Damen des \u00d6AMTC besucht und mit allt\u00e4glichen Verkehrssituationen konfrontiert. Mit Hilfe der Puppe Jimmy, einem Zebrastreifenteppich und aufblasbaren Autos \u00fcbten die Kinder das richtige Verhalten im Auto und im Stra\u00dfenverkehr.<\/p>\n<div id=\"gallery_217_30\" class=\"row\">\r\n\t    \t<div id=\"217-image-644\" class=\"col-xs-12 col-sm-6 col-md-6\">\r\n        \t\t\t\t\t\r\n\t\t\t<div class=\"thumbnail\">\r\n        \t\t\t\t\t\r\n\t\t\t\t<a href='https:\/\/vspoechlarn.ac.at\/wordpress\/chronik\/2014-15-2\/sony-dsc-173\/'><img loading=\"lazy\" decoding=\"async\" width=\"350\" height=\"233\" src=\"https:\/\/vspoechlarn.ac.at\/wordpress\/wp-content\/uploads\/2016\/04\/blick2-350x233.jpg\" class=\"attachment-medium size-medium\" alt=\"\" srcset=\"https:\/\/vspoechlarn.ac.at\/wordpress\/wp-content\/uploads\/2016\/04\/blick2-350x233.jpg 350w, https:\/\/vspoechlarn.ac.at\/wordpress\/wp-content\/uploads\/2016\/04\/blick2-250x166.jpg 250w, https:\/\/vspoechlarn.ac.at\/wordpress\/wp-content\/uploads\/2016\/04\/blick2.jpg 600w\" sizes=\"auto, (max-width: 350px) 100vw, 350px\" \/><\/a>            <\/div>\r\n        <\/div>\r\n    \r\n<\/div>\n<p>&nbsp;<\/p>\n<p>&nbsp;<\/p>\n<h1>Faschingdienstag:<\/h1>\n<p>Buntes Narrentreiben herrschte auch heuer wieder am letzten Tag des Faschings. Vers\u00fc\u00dft wurden die lustigen Stunden durch die gro\u00dfz\u00fcgige Krapfenspende unseres Elternvereins. DANKE!<\/p>\n<div id=\"gallery_217_31\" class=\"row\">\r\n\t    \t<div id=\"217-image-655\" class=\"col-xs-12 col-sm-6 col-md-6\">\r\n        \t\t\t\t\t\r\n\t\t\t<div class=\"thumbnail\">\r\n        \t\t\t\t\t\r\n\t\t\t\t<a href='https:\/\/vspoechlarn.ac.at\/wordpress\/chronik\/2014-15-2\/sony-dsc-181\/'><img loading=\"lazy\" decoding=\"async\" width=\"200\" height=\"300\" src=\"https:\/\/vspoechlarn.ac.at\/wordpress\/wp-content\/uploads\/2016\/04\/fasching2_2015-200x300.jpg\" class=\"attachment-medium size-medium\" alt=\"\" srcset=\"https:\/\/vspoechlarn.ac.at\/wordpress\/wp-content\/uploads\/2016\/04\/fasching2_2015-200x300.jpg 200w, https:\/\/vspoechlarn.ac.at\/wordpress\/wp-content\/uploads\/2016\/04\/fasching2_2015-250x376.jpg 250w, https:\/\/vspoechlarn.ac.at\/wordpress\/wp-content\/uploads\/2016\/04\/fasching2_2015.jpg 399w\" sizes=\"auto, (max-width: 200px) 100vw, 200px\" \/><\/a>            <\/div>\r\n        <\/div>\r\n    \r\n<\/div>\n<p>&nbsp;<\/p>\n<p>&nbsp;<\/p>\n<h1>Unvergesslicher Nachmittag in der Wiener Staatsoper<\/h1>\n<p>Durch die gro\u00dfz\u00fcgige Unterst\u00fctzung von Seiten des Elternvereins konnten 30 Sch\u00fcler der VS P\u00f6chlarn einen<\/p>\n<p>Nachmittag in der Staatsoper verbringen und Mozarts &#8222;Zauberfl\u00f6te&#8220; in einer gek\u00fcrzten Version f\u00fcr Kinder genie\u00dfen.<\/p>\n<p>Es war wirklich toll, danke!!!! (13.2.2014, weitere Bilder finden Sie in der Fotogalerie)<\/p>\n\n<p>&nbsp;<\/p>\n<p>&nbsp;<\/p>\n<h1>So schmeckt gesunde Jause gleich noch viel besser:<\/h1>\n<p>Zwei engagierte M\u00fctter konnten durch ihre Kreativit\u00e4t den Kindern der zweiten Klassen die gesunde Jause in der Volksschule noch schmackhafter machen und ihnen somit zeigen, dass auch gesundes Essen lecker schmecken kann.<\/p>\n<div id=\"gallery_217_33\" class=\"row\">\r\n\t    \t<div id=\"217-image-711\" class=\"col-xs-12 col-sm-12 col-md-12\">\r\n        \t\t\t\t\t\r\n\t\t\t<div class=\"thumbnail\">\r\n        \t\t\t\t\t\r\n\t\t\t\t<a href='https:\/\/vspoechlarn.ac.at\/wordpress\/chronik\/2014-15-2\/gesunde%20jause%202015\/'><img loading=\"lazy\" decoding=\"async\" width=\"350\" height=\"197\" src=\"https:\/\/vspoechlarn.ac.at\/wordpress\/wp-content\/uploads\/2016\/04\/gesunde20jause202015-2-350x197.jpg\" class=\"attachment-medium size-medium\" alt=\"\" srcset=\"https:\/\/vspoechlarn.ac.at\/wordpress\/wp-content\/uploads\/2016\/04\/gesunde20jause202015-2-350x197.jpg 350w, https:\/\/vspoechlarn.ac.at\/wordpress\/wp-content\/uploads\/2016\/04\/gesunde20jause202015-2-250x141.jpg 250w, https:\/\/vspoechlarn.ac.at\/wordpress\/wp-content\/uploads\/2016\/04\/gesunde20jause202015-2.jpg 600w\" sizes=\"auto, (max-width: 350px) 100vw, 350px\" \/><\/a>            <\/div>\r\n        <\/div>\r\n    <div class=\"clearfix visible-md-block visible-lg-block\"><\/div>\r\n<\/div>\n<p>&nbsp;<\/p>\n<p>&nbsp;<\/p>\n<h1>Feuer\u00fcbung:<\/h1>\n<p>Herr Alois Kammerer, Brandschutzbeauftragter der VS P\u00f6chlarn, demonstrierte uns heute die Gefahren von brennenden Adventkr\u00e4nzen. Die Kinder konnten zusehen, wie schnell sich dieses Feuer ausbreitet und welche Giftstoffe austreten k\u00f6nnen. (30.01.2015)<\/p>\n<div id=\"gallery_217_34\" class=\"row\">\r\n\t    \t<div id=\"217-image-656\" class=\"col-xs-12 col-sm-12 col-md-12\">\r\n        \t\t\t\t\t\r\n\t\t\t<div class=\"thumbnail\">\r\n        \t\t\t\t\t\r\n\t\t\t\t<a href='https:\/\/vspoechlarn.ac.at\/wordpress\/chronik\/2014-15-2\/sony-dsc-182\/'><img loading=\"lazy\" decoding=\"async\" width=\"350\" height=\"233\" src=\"https:\/\/vspoechlarn.ac.at\/wordpress\/wp-content\/uploads\/2016\/04\/feuer-350x233.jpg\" class=\"attachment-medium size-medium\" alt=\"\" srcset=\"https:\/\/vspoechlarn.ac.at\/wordpress\/wp-content\/uploads\/2016\/04\/feuer-350x233.jpg 350w, https:\/\/vspoechlarn.ac.at\/wordpress\/wp-content\/uploads\/2016\/04\/feuer-250x166.jpg 250w, https:\/\/vspoechlarn.ac.at\/wordpress\/wp-content\/uploads\/2016\/04\/feuer.jpg 600w\" sizes=\"auto, (max-width: 350px) 100vw, 350px\" \/><\/a>            <\/div>\r\n        <\/div>\r\n    <div class=\"clearfix visible-md-block visible-lg-block\"><\/div>\r\n<\/div>\n<p>&nbsp;<\/p>\n<p>&nbsp;<\/p>\n<h1>Ab auf die Piste:<\/h1>\n<p>Am 13.01.2015 machte der strahlende Sonnenschein unseren Schitag zu einem besonderen Vergn\u00fcgen. Zur St\u00e4rkung ging es nach dem Schifahren in die H\u00fctte und die Sch\u00fclerinnen, Sch\u00fcler und die Begleitpersonen konnten dort ihr leckeres Mittagessen genie\u00dfen.<\/p>\n<div id=\"gallery_217_35\" class=\"row\">\r\n\t    \t<div id=\"217-image-696\" class=\"col-xs-12 col-sm-6 col-md-6\">\r\n        \t\t\t\t\t\r\n\t\t\t<div class=\"thumbnail\">\r\n        \t\t\t\t\t\r\n\t\t\t\t<a href='https:\/\/vspoechlarn.ac.at\/wordpress\/chronik\/2014-15-2\/wp_20150113_007\/'><img loading=\"lazy\" decoding=\"async\" width=\"350\" height=\"197\" src=\"https:\/\/vspoechlarn.ac.at\/wordpress\/wp-content\/uploads\/2016\/04\/wp_20150113_007-2-350x197.jpg\" class=\"attachment-medium size-medium\" alt=\"\" srcset=\"https:\/\/vspoechlarn.ac.at\/wordpress\/wp-content\/uploads\/2016\/04\/wp_20150113_007-2-350x197.jpg 350w, https:\/\/vspoechlarn.ac.at\/wordpress\/wp-content\/uploads\/2016\/04\/wp_20150113_007-2-250x141.jpg 250w, https:\/\/vspoechlarn.ac.at\/wordpress\/wp-content\/uploads\/2016\/04\/wp_20150113_007-2.jpg 600w\" sizes=\"auto, (max-width: 350px) 100vw, 350px\" \/><\/a>            <\/div>\r\n        <\/div>\r\n        \t<div id=\"217-image-715\" class=\"col-xs-12 col-sm-6 col-md-6\">\r\n        \t\t\t\t\t\r\n\t\t\t<div class=\"thumbnail\">\r\n        \t\t\t\t\t\r\n\t\t\t\t<a href='https:\/\/vspoechlarn.ac.at\/wordpress\/chronik\/2014-15-2\/schitag\/'><img loading=\"lazy\" decoding=\"async\" width=\"350\" height=\"197\" src=\"https:\/\/vspoechlarn.ac.at\/wordpress\/wp-content\/uploads\/2016\/04\/schitag-3-350x197.jpg\" class=\"attachment-medium size-medium\" alt=\"\" srcset=\"https:\/\/vspoechlarn.ac.at\/wordpress\/wp-content\/uploads\/2016\/04\/schitag-3-350x197.jpg 350w, https:\/\/vspoechlarn.ac.at\/wordpress\/wp-content\/uploads\/2016\/04\/schitag-3-250x141.jpg 250w, https:\/\/vspoechlarn.ac.at\/wordpress\/wp-content\/uploads\/2016\/04\/schitag-3.jpg 600w\" sizes=\"auto, (max-width: 350px) 100vw, 350px\" \/><\/a>            <\/div>\r\n        <\/div>\r\n    <div class=\"clearfix visible-sm-block\"><\/div><div class=\"clearfix visible-md-block visible-lg-block\"><\/div>\r\n<\/div>\n<p>&nbsp;<\/p>\n<p>&nbsp;<\/p>\n<p>&nbsp;<\/p>\n<h1>Weihnachtsfeier:<\/h1>\n<p>Im Rahmen\u00a0der diesj\u00e4hrigen Schulweihnachtsfeier gelang es unseren Sch\u00fclerinnen und Sch\u00fclern wieder,\u00a0 mit Beitr\u00e4gen verschiedenster Art\u00a0 die \u00fcberaus zahlreich erschienenen Besucher zu begeistern.<\/p>\n<div id=\"gallery_217_36\" class=\"row\">\r\n\t    \t<div id=\"217-image-717\" class=\"col-xs-12 col-sm-3 col-md-3\">\r\n        \t\t\t\t\t\r\n\t\t\t<div class=\"thumbnail\">\r\n        \t\t\t\t\t\r\n\t\t\t\t<a href='https:\/\/vspoechlarn.ac.at\/wordpress\/chronik\/2014-15-2\/sony-dsc-214\/'><img loading=\"lazy\" decoding=\"async\" width=\"350\" height=\"233\" src=\"https:\/\/vspoechlarn.ac.at\/wordpress\/wp-content\/uploads\/2016\/04\/weihnachten1-2-350x233.jpg\" class=\"attachment-medium size-medium\" alt=\"\" srcset=\"https:\/\/vspoechlarn.ac.at\/wordpress\/wp-content\/uploads\/2016\/04\/weihnachten1-2-350x233.jpg 350w, https:\/\/vspoechlarn.ac.at\/wordpress\/wp-content\/uploads\/2016\/04\/weihnachten1-2-250x166.jpg 250w, https:\/\/vspoechlarn.ac.at\/wordpress\/wp-content\/uploads\/2016\/04\/weihnachten1-2.jpg 600w\" sizes=\"auto, (max-width: 350px) 100vw, 350px\" \/><\/a>            <\/div>\r\n        <\/div>\r\n        \t<div id=\"217-image-720\" class=\"col-xs-12 col-sm-3 col-md-3\">\r\n        \t\t\t\t\t\r\n\t\t\t<div class=\"thumbnail\">\r\n        \t\t\t\t\t\r\n\t\t\t\t<a href='https:\/\/vspoechlarn.ac.at\/wordpress\/chronik\/2014-15-2\/sony-dsc-217\/'><img loading=\"lazy\" decoding=\"async\" width=\"350\" height=\"233\" src=\"https:\/\/vspoechlarn.ac.at\/wordpress\/wp-content\/uploads\/2016\/04\/weihnachten4-2-350x233.jpg\" class=\"attachment-medium size-medium\" alt=\"\" srcset=\"https:\/\/vspoechlarn.ac.at\/wordpress\/wp-content\/uploads\/2016\/04\/weihnachten4-2-350x233.jpg 350w, https:\/\/vspoechlarn.ac.at\/wordpress\/wp-content\/uploads\/2016\/04\/weihnachten4-2-250x166.jpg 250w, https:\/\/vspoechlarn.ac.at\/wordpress\/wp-content\/uploads\/2016\/04\/weihnachten4-2.jpg 600w\" sizes=\"auto, (max-width: 350px) 100vw, 350px\" \/><\/a>            <\/div>\r\n        <\/div>\r\n    <div class=\"clearfix visible-sm-block\"><\/div>\r\n<\/div>\n<p>&nbsp;<\/p>\n<p>&nbsp;<\/p>\n<h1>Leseprojekt der 2. Klassen:<\/h1>\n<p>Bei einem Leseprojekt vor Weihnachten konnten die Sch\u00fclerinnen und Sch\u00fcler der 2a und 2b in verschiedenen Stationen zeigen, wie gut und schnell sie schon schwierige W\u00f6rter und Texte lesen k\u00f6nnen. Eine gro\u00dfe Hilfe dabei waren die Sch\u00fcler der NMS P\u00f6chlarn. Das gemeinsame R\u00e4tseln, Entdecken, Zuordnen, usw. machte allen gro\u00dfe Freude.<\/p>\n<div id=\"gallery_217_37\" class=\"row\">\r\n\t    \t<div id=\"217-image-712\" class=\"col-xs-12 col-sm-12 col-md-12\">\r\n        \t\t\t\t\t\r\n\t\t\t<div class=\"thumbnail\">\r\n        \t\t\t\t\t\r\n\t\t\t\t<a href='https:\/\/vspoechlarn.ac.at\/wordpress\/chronik\/2014-15-2\/sony-dsc-211\/'><img loading=\"lazy\" decoding=\"async\" width=\"350\" height=\"233\" src=\"https:\/\/vspoechlarn.ac.at\/wordpress\/wp-content\/uploads\/2016\/04\/leseproj202-1-350x233.jpg\" class=\"attachment-medium size-medium\" alt=\"\" srcset=\"https:\/\/vspoechlarn.ac.at\/wordpress\/wp-content\/uploads\/2016\/04\/leseproj202-1-350x233.jpg 350w, https:\/\/vspoechlarn.ac.at\/wordpress\/wp-content\/uploads\/2016\/04\/leseproj202-1-250x166.jpg 250w, https:\/\/vspoechlarn.ac.at\/wordpress\/wp-content\/uploads\/2016\/04\/leseproj202-1.jpg 600w\" sizes=\"auto, (max-width: 350px) 100vw, 350px\" \/><\/a>            <\/div>\r\n        <\/div>\r\n    <div class=\"clearfix visible-md-block visible-lg-block\"><\/div>\r\n<\/div>\n<p>&nbsp;<\/p>\n<p>&nbsp;<\/p>\n<h1>Leseprojekt der 1. Klassen:<\/h1>\n<p>Am 11. Dezember 2014 fand f\u00fcr die ersten Klassen ein weihnachtliches Leseprojekt statt. Dabei sollten die Kinder verschiedenste Lesestationen bew\u00e4ltigen. Sch\u00fcttelw\u00f6rter, Reime, Sch\u00fcttelgeschichten, Suchsel, Lesepyramiden, Buchstaben h\u00f6ren, Bildgeschichten, S\u00e4tze zuordnen, Wortsilben erkennen und viele Aufgaben mehr wurden gel\u00f6st.<\/p>\n<p>Als besondere Station durften die Kinder in der Schulk\u00fcche Buchstabenkekse machen. Ebenfalls sehr sch\u00f6n war, dass wir von Sch\u00fclern der 4. Klasse NMS dabei mit Eifer unterst\u00fctzt wurden.<\/p>\n<div id=\"gallery_217_38\" class=\"row\">\r\n\t    \t<div id=\"217-image-721\" class=\"col-xs-12 col-sm-12 col-md-12\">\r\n        \t\t\t\t\t\r\n\t\t\t<div class=\"thumbnail\">\r\n        \t\t\t\t\t\r\n\t\t\t\t<a href='https:\/\/vspoechlarn.ac.at\/wordpress\/chronik\/2014-15-2\/sony-dsc-218\/'><img loading=\"lazy\" decoding=\"async\" width=\"350\" height=\"233\" src=\"https:\/\/vspoechlarn.ac.at\/wordpress\/wp-content\/uploads\/2016\/04\/leseproj201-1-350x233.jpg\" class=\"attachment-medium size-medium\" alt=\"\" srcset=\"https:\/\/vspoechlarn.ac.at\/wordpress\/wp-content\/uploads\/2016\/04\/leseproj201-1-350x233.jpg 350w, https:\/\/vspoechlarn.ac.at\/wordpress\/wp-content\/uploads\/2016\/04\/leseproj201-1-250x166.jpg 250w, https:\/\/vspoechlarn.ac.at\/wordpress\/wp-content\/uploads\/2016\/04\/leseproj201-1.jpg 600w\" sizes=\"auto, (max-width: 350px) 100vw, 350px\" \/><\/a>            <\/div>\r\n        <\/div>\r\n    <div class=\"clearfix visible-md-block visible-lg-block\"><\/div>\r\n<\/div>\n<p>&nbsp;<\/p>\n<p>&nbsp;<\/p>\n<h1>Fledermaustag in den zweiten Klassen:<\/h1>\n<p>Flederm\u00e4use sind sehr seltene Tiere. Viele Menschen haben Angst vor ihnen. Damit die Kinder sehen, wie faszinierend und interessant Flederm\u00e4use sind, haben die 2. Klassen eine Woche lang viele Informationen zu diesem Thema gesammelt. Mit Hilfe flei\u00dfiger M\u00fctter konnten die Kinder am Abschlusstag: Flederm\u00e4use basteln, Sachtexte erforschen, Geschichten h\u00f6ren, malen, Schwedenbombenflederm\u00e4use verkosten, &#8222;Abh\u00e4ngen&#8220; wie die Fledermaus,&#8230; Herzlichen Dank an die M\u00fctter!<\/p>\n<div id=\"gallery_217_39\" class=\"row\">\r\n\t    \t<div id=\"217-image-710\" class=\"col-xs-12 col-sm-6 col-md-6\">\r\n        \t\t\t\t\t\r\n\t\t\t<div class=\"thumbnail\">\r\n        \t\t\t\t\t\r\n\t\t\t\t<a href='https:\/\/vspoechlarn.ac.at\/wordpress\/chronik\/2014-15-2\/sony-dsc-210\/'><img loading=\"lazy\" decoding=\"async\" width=\"350\" height=\"233\" src=\"https:\/\/vspoechlarn.ac.at\/wordpress\/wp-content\/uploads\/2016\/04\/fledermaus2-3-350x233.jpg\" class=\"attachment-medium size-medium\" alt=\"\" srcset=\"https:\/\/vspoechlarn.ac.at\/wordpress\/wp-content\/uploads\/2016\/04\/fledermaus2-3-350x233.jpg 350w, https:\/\/vspoechlarn.ac.at\/wordpress\/wp-content\/uploads\/2016\/04\/fledermaus2-3-250x166.jpg 250w, https:\/\/vspoechlarn.ac.at\/wordpress\/wp-content\/uploads\/2016\/04\/fledermaus2-3.jpg 600w\" sizes=\"auto, (max-width: 350px) 100vw, 350px\" \/><\/a>            <\/div>\r\n        <\/div>\r\n    \r\n<\/div>\n<p>&nbsp;<\/p>\n<p>&nbsp;<\/p>\n<h1>ORF-Aufnahmen in der 3a:<\/h1>\n<p>Marie Freytag gewann am 12.11.2014 die Bezirksausscheidung der nieder\u00f6sterreichischen Leseratten. Aus diesem Grund kam uns am Dienstag, 25.11.2014, der ORF N\u00d6 besuchen, um unsere Gewinnerin beim Vortragen ihrer Adventgeschichte zu filmen. Au\u00dferdem durfte die gesamte Klasse 3a ein Lied singen, welches ebenfalls am 02.12.2014 um 19 Uhr in ORF 2 (N\u00d6 heute) zu h\u00f6ren sein wird.<\/p>\n<div id=\"gallery_217_40\" class=\"row\">\r\n\t    \t<div id=\"217-image-684\" class=\"col-xs-12 col-sm-6 col-md-6\">\r\n        \t\t\t\t\t\r\n\t\t\t<div class=\"thumbnail\">\r\n        \t\t\t\t\t\r\n\t\t\t\t<a href='https:\/\/vspoechlarn.ac.at\/wordpress\/chronik\/2014-15-2\/sony-dsc-191\/'><img loading=\"lazy\" decoding=\"async\" width=\"350\" height=\"233\" src=\"https:\/\/vspoechlarn.ac.at\/wordpress\/wp-content\/uploads\/2016\/04\/orf2_neu-2-350x233.jpg\" class=\"attachment-medium size-medium\" alt=\"\" srcset=\"https:\/\/vspoechlarn.ac.at\/wordpress\/wp-content\/uploads\/2016\/04\/orf2_neu-2-350x233.jpg 350w, https:\/\/vspoechlarn.ac.at\/wordpress\/wp-content\/uploads\/2016\/04\/orf2_neu-2-250x166.jpg 250w, https:\/\/vspoechlarn.ac.at\/wordpress\/wp-content\/uploads\/2016\/04\/orf2_neu-2.jpg 600w\" sizes=\"auto, (max-width: 350px) 100vw, 350px\" \/><\/a>            <\/div>\r\n        <\/div>\r\n    \r\n<\/div>\n<p>&nbsp;<\/p>\n<p>&nbsp;<\/p>\n<h1>Besuch des Bahnhofes:<\/h1>\n<p>F\u00fcr die Kinder der 3a stand am 19.11.2014 ein Besuch des P\u00f6chlarner Bahnhofes am Programm. Dort lernten sie Farhpl\u00e4ne zu lesen und den Fahrkartenautomat zu bedienen. Die Kinder bekamen auch Eindr\u00fccke der zahlreichen Gefahrenquellen auf dem Bahnhofsgel\u00e4nde.<\/p>\n<div id=\"gallery_217_41\" class=\"row\">\r\n\t    \t<div id=\"217-image-642\" class=\"col-xs-12 col-sm-12 col-md-12\">\r\n        \t\t\t\t\t\r\n\t\t\t<div class=\"thumbnail\">\r\n        \t\t\t\t\t\r\n\t\t\t\t<a href='https:\/\/vspoechlarn.ac.at\/wordpress\/chronik\/2014-15-2\/sony-dsc-171\/'><img loading=\"lazy\" decoding=\"async\" width=\"200\" height=\"300\" src=\"https:\/\/vspoechlarn.ac.at\/wordpress\/wp-content\/uploads\/2016\/04\/bahnhof_neu1-200x300.jpg\" class=\"attachment-medium size-medium\" alt=\"\" srcset=\"https:\/\/vspoechlarn.ac.at\/wordpress\/wp-content\/uploads\/2016\/04\/bahnhof_neu1-200x300.jpg 200w, https:\/\/vspoechlarn.ac.at\/wordpress\/wp-content\/uploads\/2016\/04\/bahnhof_neu1-250x376.jpg 250w, https:\/\/vspoechlarn.ac.at\/wordpress\/wp-content\/uploads\/2016\/04\/bahnhof_neu1.jpg 266w\" sizes=\"auto, (max-width: 200px) 100vw, 200px\" \/><\/a>            <\/div>\r\n        <\/div>\r\n    <div class=\"clearfix visible-md-block visible-lg-block\"><\/div>\r\n<\/div>\n<p>&nbsp;<\/p>\n<p>&nbsp;<\/p>\n<h1>Leseratten &#8211; Bezirkssiegerin: Marie Freytag<\/h1>\n<p>Da freute sich die ganze Schule. Marie Freytag gewann am 12.11.2014 die Bezirksausscheidung der nieder\u00f6sterreichischen Leseratten. Wie gut Marie liest, k\u00f6nnen bald alle in ORF 2 sehen. Demn\u00e4chst wird ein ORF &#8211; Team zu uns an die Schule kommen und Marie beim Vorlesen einer Weihnachtsgeschichte filmen. Dieser Beitrag wird im Advent in N\u00d6 &#8211; heute ausgestrahlt. Wir gratulieren ganz herzlich!!!!<\/p>\n<div id=\"gallery_217_42\" class=\"row\">\r\n\t    \t<div id=\"217-image-724\" class=\"col-xs-12 col-sm-6 col-md-6\">\r\n        \t\t\t\t\t\r\n\t\t\t<div class=\"thumbnail\">\r\n        \t\t\t\t\t\r\n\t\t\t\t<a href='https:\/\/vspoechlarn.ac.at\/wordpress\/chronik\/2014-15-2\/sony-dsc-219\/'><img loading=\"lazy\" decoding=\"async\" width=\"350\" height=\"233\" src=\"https:\/\/vspoechlarn.ac.at\/wordpress\/wp-content\/uploads\/2016\/04\/marie1-2-350x233.jpg\" class=\"attachment-medium size-medium\" alt=\"\" srcset=\"https:\/\/vspoechlarn.ac.at\/wordpress\/wp-content\/uploads\/2016\/04\/marie1-2-350x233.jpg 350w, https:\/\/vspoechlarn.ac.at\/wordpress\/wp-content\/uploads\/2016\/04\/marie1-2-250x166.jpg 250w, https:\/\/vspoechlarn.ac.at\/wordpress\/wp-content\/uploads\/2016\/04\/marie1-2.jpg 600w\" sizes=\"auto, (max-width: 350px) 100vw, 350px\" \/><\/a>            <\/div>\r\n        <\/div>\r\n    \r\n<\/div>\n<p>&nbsp;<\/p>\n<p>&nbsp;<\/p>\n<h1>LESE-FLASHMOB<\/h1>\n<p>Wetterbedingt sahen wir uns gezwungen unseren 1. Lese-Flashmob auf das Fr\u00fchjahr zu verschieben! ( 21.10.2014)<\/p>\n\n<p>&nbsp;<\/p>\n<p>&nbsp;<\/p>\n<h1>Weihnachtsfreude in Schuhschachteln:<\/h1>\n<p>Am 15.10.2014 versammelten sich Kinder, Eltern und Lehrer in der Schule, um &#8211; wie bereits letztes Jahr &#8211; f\u00fcr rum\u00e4nische Kinder Weihnachtsschachteln zu gestalten und diese mit praktischen Dingen zu f\u00fcllen (Hygieneartikel, Kleidungsst\u00fcck, S\u00fc\u00dfigkeit, Schulware, Spielzeug). Das Resultat waren ca. 55 Packerl, die Frau Hiesberger (verantwortlich f\u00fcr unsere Region) dankbar entgegennahm. ( 15.10.2014 )<\/p>\n<div id=\"gallery_217_44\" class=\"row\">\r\n\t    \t<div id=\"217-image-726\" class=\"col-xs-12 col-sm-6 col-md-6\">\r\n        \t\t\t\t\t\r\n\t\t\t<div class=\"thumbnail\">\r\n        \t\t\t\t\t\r\n\t\t\t\t<a href='https:\/\/vspoechlarn.ac.at\/wordpress\/chronik\/2014-15-2\/sony-dsc-221\/'><img loading=\"lazy\" decoding=\"async\" width=\"350\" height=\"233\" src=\"https:\/\/vspoechlarn.ac.at\/wordpress\/wp-content\/uploads\/2016\/04\/schachtel202_neu-3-350x233.jpg\" class=\"attachment-medium size-medium\" alt=\"\" srcset=\"https:\/\/vspoechlarn.ac.at\/wordpress\/wp-content\/uploads\/2016\/04\/schachtel202_neu-3-350x233.jpg 350w, https:\/\/vspoechlarn.ac.at\/wordpress\/wp-content\/uploads\/2016\/04\/schachtel202_neu-3-250x166.jpg 250w, https:\/\/vspoechlarn.ac.at\/wordpress\/wp-content\/uploads\/2016\/04\/schachtel202_neu-3.jpg 600w\" sizes=\"auto, (max-width: 350px) 100vw, 350px\" \/><\/a>            <\/div>\r\n        <\/div>\r\n    \r\n<\/div>\n<p>&nbsp;<\/p>\n<p>&nbsp;<\/p>\n<h1>Wandertag 2014\/2015:<\/h1>\n<p>Alle Sch\u00fclerinnen und Sch\u00fcler freuten sich \u00fcber ihren ersten gemeinsamen Wandertag im neuen Schuljahr. Dieser f\u00fchrte uns auch heuer nach Krummnu\u00dfbaum auf einen gro\u00dfen Spielplatz,\u00a0auf dem\u00a0die Kinder auf verschiedensten Ger\u00e4ten turnen und spielen konnten.<\/p>\n<div id=\"gallery_217_45\" class=\"row\">\r\n\t    \t<div id=\"217-image-727\" class=\"col-xs-12 col-sm-6 col-md-6\">\r\n        \t\t\t\t\t\r\n\t\t\t<div class=\"thumbnail\">\r\n        \t\t\t\t\t\r\n\t\t\t\t<a href='https:\/\/vspoechlarn.ac.at\/wordpress\/chronik\/2014-15-2\/sony-dsc-222\/'><img loading=\"lazy\" decoding=\"async\" width=\"350\" height=\"233\" src=\"https:\/\/vspoechlarn.ac.at\/wordpress\/wp-content\/uploads\/2016\/04\/wandern20141neu-2-350x233.jpg\" class=\"attachment-medium size-medium\" alt=\"\" srcset=\"https:\/\/vspoechlarn.ac.at\/wordpress\/wp-content\/uploads\/2016\/04\/wandern20141neu-2-350x233.jpg 350w, https:\/\/vspoechlarn.ac.at\/wordpress\/wp-content\/uploads\/2016\/04\/wandern20141neu-2-250x166.jpg 250w, https:\/\/vspoechlarn.ac.at\/wordpress\/wp-content\/uploads\/2016\/04\/wandern20141neu-2.jpg 600w\" sizes=\"auto, (max-width: 350px) 100vw, 350px\" \/><\/a>            <\/div>\r\n        <\/div>\r\n    \r\n<\/div>\n<p>&nbsp;<\/p>\n<p>&nbsp;<\/p>\n<h1>Er\u00f6ffnung &#8222;Begegnungszone&#8220;:<\/h1>\n<p>Am Samstag, 27.09.2014, verabschiedeten die Kinder der VS P\u00f6chlarn nicht nur unseren B\u00fcrgermeister OSR Ing. Alfred Bergner, sondern waren auch Teil der Er\u00f6ffnung der neuen &#8222;Begegnungszone&#8220; und des Rathauses.<\/p>\n<div id=\"gallery_217_46\" class=\"row\">\r\n\t    \t<div id=\"217-image-651\" class=\"col-xs-12 col-sm-12 col-md-12\">\r\n        \t\t\t\t\t\r\n\t\t\t<div class=\"thumbnail\">\r\n        \t\t\t\t\t\r\n\t\t\t\t<a href='https:\/\/vspoechlarn.ac.at\/wordpress\/chronik\/2014-15-2\/eroeffnung%20rathaus1\/'><img loading=\"lazy\" decoding=\"async\" width=\"350\" height=\"234\" src=\"https:\/\/vspoechlarn.ac.at\/wordpress\/wp-content\/uploads\/2016\/04\/eroeffnung20rathaus1-350x234.jpg\" class=\"attachment-medium size-medium\" alt=\"\" srcset=\"https:\/\/vspoechlarn.ac.at\/wordpress\/wp-content\/uploads\/2016\/04\/eroeffnung20rathaus1-350x234.jpg 350w, https:\/\/vspoechlarn.ac.at\/wordpress\/wp-content\/uploads\/2016\/04\/eroeffnung20rathaus1-250x167.jpg 250w, https:\/\/vspoechlarn.ac.at\/wordpress\/wp-content\/uploads\/2016\/04\/eroeffnung20rathaus1.jpg 600w\" sizes=\"auto, (max-width: 350px) 100vw, 350px\" \/><\/a>            <\/div>\r\n        <\/div>\r\n    <div class=\"clearfix visible-md-block visible-lg-block\"><\/div>\r\n<\/div>\n<p>&nbsp;<\/p>\n<p>&nbsp;<\/p>\n<h1><strong>Schallaburg:<\/strong><\/h1>\n<p>Am 22.09.2014 waren die 4. Klassen auf der Schallaburg. Sie besuchten die Ausstellung \u00fcber den 1. Weltkrieg und das Konfliktlabor.<\/p>\n<div id=\"gallery_217_47\" class=\"row\">\r\n\t    \t<div id=\"217-image-729\" class=\"col-xs-12 col-sm-12 col-md-12\">\r\n        \t\t\t\t\t\r\n\t\t\t<div class=\"thumbnail\">\r\n        \t\t\t\t\t\r\n\t\t\t\t<a href='https:\/\/vspoechlarn.ac.at\/wordpress\/chronik\/2014-15-2\/sony-dsc-224\/'><img loading=\"lazy\" decoding=\"async\" width=\"350\" height=\"233\" src=\"https:\/\/vspoechlarn.ac.at\/wordpress\/wp-content\/uploads\/2016\/04\/schallaburg1-2-350x233.jpg\" class=\"attachment-medium size-medium\" alt=\"\" srcset=\"https:\/\/vspoechlarn.ac.at\/wordpress\/wp-content\/uploads\/2016\/04\/schallaburg1-2-350x233.jpg 350w, https:\/\/vspoechlarn.ac.at\/wordpress\/wp-content\/uploads\/2016\/04\/schallaburg1-2-250x166.jpg 250w, https:\/\/vspoechlarn.ac.at\/wordpress\/wp-content\/uploads\/2016\/04\/schallaburg1-2.jpg 600w\" sizes=\"auto, (max-width: 350px) 100vw, 350px\" \/><\/a>            <\/div>\r\n        <\/div>\r\n    <div class=\"clearfix visible-md-block visible-lg-block\"><\/div>\r\n<\/div>\n<p>&nbsp;<\/p>\n<p>&nbsp;<\/p>\n<h1>Apfeltag:<\/h1>\n<p>Passend zum Herbst und zum Thema Apfel f\u00fchrten die 1. Klassen und die Vorschulgruppe einen Leseaktionstag durch. Viel Spa\u00df machten eine Bewegungsgeschichte, ein Theater und leichte Leseaufgaben zum Thema Apfel. Au\u00dferdem konnten die Kinder sich mit selbstgemachtem Apfelkompott st\u00e4rken.<\/p>\n<div id=\"gallery_217_48\" class=\"row\">\r\n\t    \t<div id=\"217-image-641\" class=\"col-xs-12 col-sm-12 col-md-12\">\r\n        \t\t\t\t\t\r\n\t\t\t<div class=\"thumbnail\">\r\n        \t\t\t\t\t\r\n\t\t\t\t<a href='https:\/\/vspoechlarn.ac.at\/wordpress\/chronik\/2014-15-2\/sony-dsc-170\/'><img loading=\"lazy\" decoding=\"async\" width=\"200\" height=\"300\" src=\"https:\/\/vspoechlarn.ac.at\/wordpress\/wp-content\/uploads\/2016\/04\/apfeltag-1-200x300.jpg\" class=\"attachment-medium size-medium\" alt=\"\" srcset=\"https:\/\/vspoechlarn.ac.at\/wordpress\/wp-content\/uploads\/2016\/04\/apfeltag-1-200x300.jpg 200w, https:\/\/vspoechlarn.ac.at\/wordpress\/wp-content\/uploads\/2016\/04\/apfeltag-1-250x376.jpg 250w, https:\/\/vspoechlarn.ac.at\/wordpress\/wp-content\/uploads\/2016\/04\/apfeltag-1.jpg 399w\" sizes=\"auto, (max-width: 200px) 100vw, 200px\" \/><\/a>            <\/div>\r\n        <\/div>\r\n    <div class=\"clearfix visible-md-block visible-lg-block\"><\/div>\r\n<\/div>\n<p>&nbsp;<\/p>\n<p>&nbsp;<\/p>\n<h1>Gemeinschaftserlebnis der Integrationsklasse am Reiterhof<\/h1>\n<p>Ein einzigartiger Vormittag f\u00fcr die 2a war der Besuch bei den Pferden am Alexanderhof in Hubertendorf. Einige Sch\u00fclerinnen und Sch\u00fcler der Klasse, die 1-mal w\u00f6chentlich dort reiten, f\u00fchrten uns stolz durch den Reiterhof und erkl\u00e4rten uns grundlegende Dinge \u00fcber die Pflege und Sprache der Pferde. Auf &#8222;Bambino&#8220; durften schlie\u00dflich alle Kinder reiten. Gemeinsames, entspanntes Spielen im \u00dcbungsraum kam ebenfalls nicht zu kurz.<\/p>\n<div id=\"gallery_217_49\" class=\"row\">\r\n\t    \t<div id=\"217-image-730\" class=\"col-xs-12 col-sm-12 col-md-12\">\r\n        \t\t\t\t\t\r\n\t\t\t<div class=\"thumbnail\">\r\n        \t\t\t\t\t\r\n\t\t\t\t<a href='https:\/\/vspoechlarn.ac.at\/wordpress\/chronik\/2014-15-2\/sony-dsc-225\/'><img loading=\"lazy\" decoding=\"async\" width=\"350\" height=\"233\" src=\"https:\/\/vspoechlarn.ac.at\/wordpress\/wp-content\/uploads\/2016\/04\/reiten1-4-350x233.jpg\" class=\"attachment-medium size-medium\" alt=\"\" srcset=\"https:\/\/vspoechlarn.ac.at\/wordpress\/wp-content\/uploads\/2016\/04\/reiten1-4-350x233.jpg 350w, https:\/\/vspoechlarn.ac.at\/wordpress\/wp-content\/uploads\/2016\/04\/reiten1-4-250x166.jpg 250w, https:\/\/vspoechlarn.ac.at\/wordpress\/wp-content\/uploads\/2016\/04\/reiten1-4.jpg 600w\" sizes=\"auto, (max-width: 350px) 100vw, 350px\" \/><\/a>            <\/div>\r\n        <\/div>\r\n    <div class=\"clearfix visible-md-block visible-lg-block\"><\/div>\r\n<\/div>\n<p>&nbsp;<\/p>\n<p>&nbsp;<\/p>\n<h1>Soziales Lernen:<\/h1>\n<p>Mit guten W\u00fcnschen f\u00fcr das neue Schuljahr starten wir das &#8222;Soziale Lernen&#8220; der 2a.<\/p>\n<div id=\"gallery_217_50\" class=\"row\">\r\n\t    \t<div id=\"217-image-731\" class=\"col-xs-12 col-sm-12 col-md-12\">\r\n        \t\t\t\t\t\r\n\t\t\t<div class=\"thumbnail\">\r\n        \t\t\t\t\t\r\n\t\t\t\t<a href='https:\/\/vspoechlarn.ac.at\/wordpress\/chronik\/2014-15-2\/sony-dsc-226\/'><img loading=\"lazy\" decoding=\"async\" width=\"350\" height=\"233\" src=\"https:\/\/vspoechlarn.ac.at\/wordpress\/wp-content\/uploads\/2016\/04\/soziales20lernen-2-350x233.jpg\" class=\"attachment-medium size-medium\" alt=\"\" srcset=\"https:\/\/vspoechlarn.ac.at\/wordpress\/wp-content\/uploads\/2016\/04\/soziales20lernen-2-350x233.jpg 350w, https:\/\/vspoechlarn.ac.at\/wordpress\/wp-content\/uploads\/2016\/04\/soziales20lernen-2-250x166.jpg 250w, https:\/\/vspoechlarn.ac.at\/wordpress\/wp-content\/uploads\/2016\/04\/soziales20lernen-2.jpg 600w\" sizes=\"auto, (max-width: 350px) 100vw, 350px\" \/><\/a>            <\/div>\r\n        <\/div>\r\n    <div class=\"clearfix visible-md-block visible-lg-block\"><\/div>\r\n<\/div>\n","protected":false},"excerpt":{"rendered":"<p>Abschlussausflug der 2b: Am 30.6.2015 machte die 2b ihren Abschlussausflug. Mit der Bahn ging es nach Loosdorf, zu Fu\u00df dann weiter zum Bauernhof der Familie Mayrhofer. Dort konnten wir zu [&hellip;]<\/p>\n","protected":false},"author":1,"featured_media":0,"parent":37,"menu_order":0,"comment_status":"closed","ping_status":"closed","template":"","meta":{"footnotes":""},"class_list":["post-217","page","type-page","status-publish","hentry"],"_links":{"self":[{"href":"https:\/\/vspoechlarn.ac.at\/wordpress\/wp-json\/wp\/v2\/pages\/217","targetHints":{"allow":["GET"]}}],"collection":[{"href":"https:\/\/vspoechlarn.ac.at\/wordpress\/wp-json\/wp\/v2\/pages"}],"about":[{"href":"https:\/\/vspoechlarn.ac.at\/wordpress\/wp-json\/wp\/v2\/types\/page"}],"author":[{"embeddable":true,"href":"https:\/\/vspoechlarn.ac.at\/wordpress\/wp-json\/wp\/v2\/users\/1"}],"replies":[{"embeddable":true,"href":"https:\/\/vspoechlarn.ac.at\/wordpress\/wp-json\/wp\/v2\/comments?post=217"}],"version-history":[{"count":12,"href":"https:\/\/vspoechlarn.ac.at\/wordpress\/wp-json\/wp\/v2\/pages\/217\/revisions"}],"predecessor-version":[{"id":732,"href":"https:\/\/vspoechlarn.ac.at\/wordpress\/wp-json\/wp\/v2\/pages\/217\/revisions\/732"}],"up":[{"embeddable":true,"href":"https:\/\/vspoechlarn.ac.at\/wordpress\/wp-json\/wp\/v2\/pages\/37"}],"wp:attachment":[{"href":"https:\/\/vspoechlarn.ac.at\/wordpress\/wp-json\/wp\/v2\/media?parent=217"}],"curies":[{"name":"wp","href":"https:\/\/api.w.org\/{rel}","templated":true}]}}