{"id":1977,"date":"2018-09-08T09:17:46","date_gmt":"2018-09-08T07:17:46","guid":{"rendered":"http:\/\/vspoechlarn.ac.at\/wordpress\/?page_id=1977"},"modified":"2019-06-28T12:47:08","modified_gmt":"2019-06-28T10:47:08","slug":"2018-19","status":"publish","type":"page","link":"https:\/\/vspoechlarn.ac.at\/wordpress\/2018-19\/","title":{"rendered":"2018-19"},"content":{"rendered":"<h1>Vorschulklasse<\/h1>\n<p>Klassenlehrerin:\u00a0vVL Stefanie Groiss<\/p>\n<p>Lehrerin: Christina Crepaz<\/p>\n<p>12 Sch\u00fclerInnen<\/p>\n<div id=\"gallery_1977_1\" class=\"row\">\r\n\t    \t<div id=\"1977-image-2195\" class=\"col-xs-12 col-sm-4 col-md-4\">\r\n        \t\t\t\t\t\r\n\t\t\t<div class=\"thumbnail\">\r\n        \t\t\t\t\t\r\n\t\t\t\t<a href='https:\/\/vspoechlarn.ac.at\/wordpress\/2018-19\/pk16b003\/'><img loading=\"lazy\" decoding=\"async\" width=\"900\" height=\"678\" src=\"https:\/\/vspoechlarn.ac.at\/wordpress\/wp-content\/uploads\/2019\/01\/PK16B003-1024x771.jpg\" class=\"attachment-large size-large\" alt=\"\" srcset=\"https:\/\/vspoechlarn.ac.at\/wordpress\/wp-content\/uploads\/2019\/01\/PK16B003-1024x771.jpg 1024w, https:\/\/vspoechlarn.ac.at\/wordpress\/wp-content\/uploads\/2019\/01\/PK16B003-350x264.jpg 350w, https:\/\/vspoechlarn.ac.at\/wordpress\/wp-content\/uploads\/2019\/01\/PK16B003.jpg 1434w\" sizes=\"auto, (max-width: 900px) 100vw, 900px\" \/><\/a>            <\/div>\r\n        <\/div>\r\n    \r\n<\/div>\n<hr \/>\n<h1>1 a<\/h1>\n<p>Klassenlehrerin: VOL Doris Langer<\/p>\n<p>23 Sch\u00fclerInnen<\/p>\n<div id=\"gallery_1977_2\" class=\"row\">\r\n\t    \t<div id=\"1977-image-2192\" class=\"col-xs-12 col-sm-4 col-md-4\">\r\n        \t\t\t\t\t\r\n\t\t\t<div class=\"thumbnail\">\r\n        \t\t\t\t\t\r\n\t\t\t\t<a href='https:\/\/vspoechlarn.ac.at\/wordpress\/2018-19\/pk22b006\/'><img loading=\"lazy\" decoding=\"async\" width=\"900\" height=\"678\" src=\"https:\/\/vspoechlarn.ac.at\/wordpress\/wp-content\/uploads\/2019\/01\/PK22B006-1024x771.jpg\" class=\"attachment-large size-large\" alt=\"\" srcset=\"https:\/\/vspoechlarn.ac.at\/wordpress\/wp-content\/uploads\/2019\/01\/PK22B006-1024x771.jpg 1024w, https:\/\/vspoechlarn.ac.at\/wordpress\/wp-content\/uploads\/2019\/01\/PK22B006-350x264.jpg 350w, https:\/\/vspoechlarn.ac.at\/wordpress\/wp-content\/uploads\/2019\/01\/PK22B006.jpg 1434w\" sizes=\"auto, (max-width: 900px) 100vw, 900px\" \/><\/a>            <\/div>\r\n        <\/div>\r\n    \r\n<\/div>\n<hr \/>\n<h1>1 b<\/h1>\n<p>Klassenlehrerin: vVL Nina Ess<\/p>\n<p>23 Sch\u00fclerInnen<\/p>\n<div id=\"gallery_1977_3\" class=\"row\">\r\n\t    \t<div id=\"1977-image-2194\" class=\"col-xs-12 col-sm-4 col-md-4\">\r\n        \t\t\t\t\t\r\n\t\t\t<div class=\"thumbnail\">\r\n        \t\t\t\t\t\r\n\t\t\t\t<a href='https:\/\/vspoechlarn.ac.at\/wordpress\/2018-19\/pk15b004\/'><img loading=\"lazy\" decoding=\"async\" width=\"900\" height=\"677\" src=\"https:\/\/vspoechlarn.ac.at\/wordpress\/wp-content\/uploads\/2019\/01\/PK15B004-1024x770.jpg\" class=\"attachment-large size-large\" alt=\"\" srcset=\"https:\/\/vspoechlarn.ac.at\/wordpress\/wp-content\/uploads\/2019\/01\/PK15B004-1024x770.jpg 1024w, https:\/\/vspoechlarn.ac.at\/wordpress\/wp-content\/uploads\/2019\/01\/PK15B004-350x263.jpg 350w, https:\/\/vspoechlarn.ac.at\/wordpress\/wp-content\/uploads\/2019\/01\/PK15B004.jpg 1435w\" sizes=\"auto, (max-width: 900px) 100vw, 900px\" \/><\/a>            <\/div>\r\n        <\/div>\r\n    \r\n<\/div>\n<hr \/>\n<h1>2 a<\/h1>\n<p>Klassenlehrerin: VOL Elisabeth Atzm\u00fcller<\/p>\n<p>17 Sch\u00fclerInnen<\/p>\n<div id=\"gallery_1977_4\" class=\"row\">\r\n\t    \t<div id=\"1977-image-2190\" class=\"col-xs-12 col-sm-4 col-md-4\">\r\n        \t\t\t\t\t\r\n\t\t\t<div class=\"thumbnail\">\r\n        \t\t\t\t\t\r\n\t\t\t\t<a href='https:\/\/vspoechlarn.ac.at\/wordpress\/2018-19\/pk20b010\/'><img loading=\"lazy\" decoding=\"async\" width=\"900\" height=\"678\" src=\"https:\/\/vspoechlarn.ac.at\/wordpress\/wp-content\/uploads\/2019\/01\/PK20B010-1024x771.jpg\" class=\"attachment-large size-large\" alt=\"\" srcset=\"https:\/\/vspoechlarn.ac.at\/wordpress\/wp-content\/uploads\/2019\/01\/PK20B010-1024x771.jpg 1024w, https:\/\/vspoechlarn.ac.at\/wordpress\/wp-content\/uploads\/2019\/01\/PK20B010-350x263.jpg 350w, https:\/\/vspoechlarn.ac.at\/wordpress\/wp-content\/uploads\/2019\/01\/PK20B010.jpg 1435w\" sizes=\"auto, (max-width: 900px) 100vw, 900px\" \/><\/a>            <\/div>\r\n        <\/div>\r\n    \r\n<\/div>\n<hr \/>\n<h1>2 b<\/h1>\n<p>Klassenlehrerin: vVL Erna Mayrhofer<\/p>\n<p>20 Sch\u00fclerInnen<\/p>\n<div id=\"gallery_1977_5\" class=\"row\">\r\n\t    \t<div id=\"1977-image-2196\" class=\"col-xs-12 col-sm-4 col-md-4\">\r\n        \t\t\t\t\t\r\n\t\t\t<div class=\"thumbnail\">\r\n        \t\t\t\t\t\r\n\t\t\t\t<a href='https:\/\/vspoechlarn.ac.at\/wordpress\/2018-19\/pk17b007\/'><img loading=\"lazy\" decoding=\"async\" width=\"900\" height=\"678\" src=\"https:\/\/vspoechlarn.ac.at\/wordpress\/wp-content\/uploads\/2019\/01\/PK17B007-1024x771.jpg\" class=\"attachment-large size-large\" alt=\"\" srcset=\"https:\/\/vspoechlarn.ac.at\/wordpress\/wp-content\/uploads\/2019\/01\/PK17B007-1024x771.jpg 1024w, https:\/\/vspoechlarn.ac.at\/wordpress\/wp-content\/uploads\/2019\/01\/PK17B007-350x264.jpg 350w, https:\/\/vspoechlarn.ac.at\/wordpress\/wp-content\/uploads\/2019\/01\/PK17B007.jpg 1434w\" sizes=\"auto, (max-width: 900px) 100vw, 900px\" \/><\/a>            <\/div>\r\n        <\/div>\r\n    \r\n<\/div>\n<hr \/>\n<h1>3 ab<\/h1>\n<p>Klassenlehrerinnen: VOL Birgit Rausch und vVL Maria Steinberger<\/p>\n<p>28 Sch\u00fclerInnen<\/p>\n<div id=\"gallery_1977_6\" class=\"row\">\r\n\t    \t<div id=\"1977-image-2193\" class=\"col-xs-12 col-sm-4 col-md-4\">\r\n        \t\t\t\t\t\r\n\t\t\t<div class=\"thumbnail\">\r\n        \t\t\t\t\t\r\n\t\t\t\t<a href='https:\/\/vspoechlarn.ac.at\/wordpress\/2018-19\/pk14b003\/'><img loading=\"lazy\" decoding=\"async\" width=\"900\" height=\"678\" src=\"https:\/\/vspoechlarn.ac.at\/wordpress\/wp-content\/uploads\/2019\/01\/PK14B003-1024x771.jpg\" class=\"attachment-large size-large\" alt=\"\" srcset=\"https:\/\/vspoechlarn.ac.at\/wordpress\/wp-content\/uploads\/2019\/01\/PK14B003-1024x771.jpg 1024w, https:\/\/vspoechlarn.ac.at\/wordpress\/wp-content\/uploads\/2019\/01\/PK14B003-350x263.jpg 350w, https:\/\/vspoechlarn.ac.at\/wordpress\/wp-content\/uploads\/2019\/01\/PK14B003.jpg 1435w\" sizes=\"auto, (max-width: 900px) 100vw, 900px\" \/><\/a>            <\/div>\r\n        <\/div>\r\n    \r\n<\/div>\n<hr \/>\n<h1>4 a<\/h1>\n<p>Klassenlehrerin: VOL Regina Eder<\/p>\n<p>Integrationslehrerin: vSL Brigitte K\u00f6ck<\/p>\n<p>16 Sch\u00fclerInnen<\/p>\n<div id=\"gallery_1977_7\" class=\"row\">\r\n\t    \t<div id=\"1977-image-2189\" class=\"col-xs-12 col-sm-4 col-md-4\">\r\n        \t\t\t\t\t\r\n\t\t\t<div class=\"thumbnail\">\r\n        \t\t\t\t\t\r\n\t\t\t\t<a href='https:\/\/vspoechlarn.ac.at\/wordpress\/2018-19\/pk19b005\/'><img loading=\"lazy\" decoding=\"async\" width=\"900\" height=\"678\" src=\"https:\/\/vspoechlarn.ac.at\/wordpress\/wp-content\/uploads\/2019\/01\/PK19B005-1024x771.jpg\" class=\"attachment-large size-large\" alt=\"\" srcset=\"https:\/\/vspoechlarn.ac.at\/wordpress\/wp-content\/uploads\/2019\/01\/PK19B005-1024x771.jpg 1024w, https:\/\/vspoechlarn.ac.at\/wordpress\/wp-content\/uploads\/2019\/01\/PK19B005-350x264.jpg 350w, https:\/\/vspoechlarn.ac.at\/wordpress\/wp-content\/uploads\/2019\/01\/PK19B005.jpg 1434w\" sizes=\"auto, (max-width: 900px) 100vw, 900px\" \/><\/a>            <\/div>\r\n        <\/div>\r\n    \r\n<\/div>\n<hr \/>\n<h1>4b<\/h1>\n<p>Klassenlehrerin: vVL Beatrix Haberhauer<\/p>\n<p>18 Sch\u00fclerInnen<\/p>\n<div id=\"gallery_1977_8\" class=\"row\">\r\n\t    \t<div id=\"1977-image-2188\" class=\"col-xs-12 col-sm-4 col-md-4\">\r\n        \t\t\t\t\t\r\n\t\t\t<div class=\"thumbnail\">\r\n        \t\t\t\t\t\r\n\t\t\t\t<a href='https:\/\/vspoechlarn.ac.at\/wordpress\/2018-19\/pk18b004\/'><img loading=\"lazy\" decoding=\"async\" width=\"900\" height=\"678\" src=\"https:\/\/vspoechlarn.ac.at\/wordpress\/wp-content\/uploads\/2019\/01\/PK18B004-1024x771.jpg\" class=\"attachment-large size-large\" alt=\"\" srcset=\"https:\/\/vspoechlarn.ac.at\/wordpress\/wp-content\/uploads\/2019\/01\/PK18B004-1024x771.jpg 1024w, https:\/\/vspoechlarn.ac.at\/wordpress\/wp-content\/uploads\/2019\/01\/PK18B004-350x264.jpg 350w\" sizes=\"auto, (max-width: 900px) 100vw, 900px\" \/><\/a>            <\/div>\r\n        <\/div>\r\n    \r\n<\/div>\n<hr \/>\n<p>&nbsp;<\/p>\n","protected":false},"excerpt":{"rendered":"<p>Vorschulklasse Klassenlehrerin:\u00a0vVL Stefanie Groiss Lehrerin: Christina Crepaz 12 Sch\u00fclerInnen 1 a Klassenlehrerin: VOL Doris Langer 23 Sch\u00fclerInnen 1 b Klassenlehrerin: vVL Nina Ess 23 Sch\u00fclerInnen 2 a Klassenlehrerin: VOL Elisabeth [&hellip;]<\/p>\n","protected":false},"author":1,"featured_media":0,"parent":0,"menu_order":0,"comment_status":"closed","ping_status":"closed","template":"","meta":{"footnotes":""},"class_list":["post-1977","page","type-page","status-publish","hentry"],"_links":{"self":[{"href":"https:\/\/vspoechlarn.ac.at\/wordpress\/wp-json\/wp\/v2\/pages\/1977","targetHints":{"allow":["GET"]}}],"collection":[{"href":"https:\/\/vspoechlarn.ac.at\/wordpress\/wp-json\/wp\/v2\/pages"}],"about":[{"href":"https:\/\/vspoechlarn.ac.at\/wordpress\/wp-json\/wp\/v2\/types\/page"}],"author":[{"embeddable":true,"href":"https:\/\/vspoechlarn.ac.at\/wordpress\/wp-json\/wp\/v2\/users\/1"}],"replies":[{"embeddable":true,"href":"https:\/\/vspoechlarn.ac.at\/wordpress\/wp-json\/wp\/v2\/comments?post=1977"}],"version-history":[{"count":13,"href":"https:\/\/vspoechlarn.ac.at\/wordpress\/wp-json\/wp\/v2\/pages\/1977\/revisions"}],"predecessor-version":[{"id":2492,"href":"https:\/\/vspoechlarn.ac.at\/wordpress\/wp-json\/wp\/v2\/pages\/1977\/revisions\/2492"}],"wp:attachment":[{"href":"https:\/\/vspoechlarn.ac.at\/wordpress\/wp-json\/wp\/v2\/media?parent=1977"}],"curies":[{"name":"wp","href":"https:\/\/api.w.org\/{rel}","templated":true}]}}