{"id":1967,"date":"2018-09-08T08:31:16","date_gmt":"2018-09-08T06:31:16","guid":{"rendered":"http:\/\/vspoechlarn.ac.at\/wordpress\/?page_id=1967"},"modified":"2019-08-27T13:45:42","modified_gmt":"2019-08-27T11:45:42","slug":"2017-18-2","status":"publish","type":"page","link":"https:\/\/vspoechlarn.ac.at\/wordpress\/2017-18-2\/","title":{"rendered":"2017-18"},"content":{"rendered":"<h4 class=\"entry-title\"><strong><a title=\"Permanentlink zu Sportfest\" href=\"https:\/\/vspoechlarn.ac.at\/wordpress\/2018\/06\/27\/sportfest\/\" rel=\"bookmark\">Sportfest<\/a><\/strong><\/h4>\n<div class=\"entry-content\">\n<p>Unser j\u00e4hrliches Sportfest wurde auch in diesem Schuljahr wieder gro\u00dfartig besucht. Die Kinder konnten ihre F\u00e4higkeiten beim 60 m-Lauf, Standweitsprung, Schlagball und K\u00fcbelwurf unter Beweis stellen. Der kr\u00f6nende\u00a0Abschluss der Einzelbewerbe war schlie\u00dflich der Eltern-Kind-Bewerb. Der Elternverein versorgte uns mit Getr\u00e4nken, Speisen und Mehlspeisen. DANKE!<\/p>\n<div id=\"gallery_1932_1\" class=\"row\">\n<div id=\"1932-image-1890\" class=\"col-xs-12 col-sm-4 col-md-4\">\n<div class=\"thumbnail\"><a href=\"https:\/\/vspoechlarn.ac.at\/wordpress\/wp-content\/uploads\/2018\/06\/2018-06-15_14.17.16_Matthias_Komarek.jpg\"><img loading=\"lazy\" decoding=\"async\" class=\"attachment-large size-large\" src=\"https:\/\/vspoechlarn.ac.at\/wordpress\/wp-content\/uploads\/2018\/06\/2018-06-15_14.17.16_Matthias_Komarek-1024x683.jpg\" sizes=\"auto, (max-width: 900px) 100vw, 900px\" srcset=\"https:\/\/vspoechlarn.ac.at\/wordpress\/wp-content\/uploads\/2018\/06\/2018-06-15_14.17.16_Matthias_Komarek-1024x683.jpg 1024w, https:\/\/vspoechlarn.ac.at\/wordpress\/wp-content\/uploads\/2018\/06\/2018-06-15_14.17.16_Matthias_Komarek-350x233.jpg 350w\" alt=\"\" width=\"900\" height=\"600\" \/><\/a><\/div>\n<\/div>\n<div id=\"1932-image-1893\" class=\"col-xs-12 col-sm-4 col-md-4\">\n<div class=\"thumbnail\"><a href=\"https:\/\/vspoechlarn.ac.at\/wordpress\/wp-content\/uploads\/2018\/06\/2018-06-15_15.19.42_Matthias_Komarek.jpg\"><img loading=\"lazy\" decoding=\"async\" class=\"attachment-large size-large\" src=\"https:\/\/vspoechlarn.ac.at\/wordpress\/wp-content\/uploads\/2018\/06\/2018-06-15_15.19.42_Matthias_Komarek-1024x683.jpg\" sizes=\"auto, (max-width: 900px) 100vw, 900px\" srcset=\"https:\/\/vspoechlarn.ac.at\/wordpress\/wp-content\/uploads\/2018\/06\/2018-06-15_15.19.42_Matthias_Komarek-1024x683.jpg 1024w, https:\/\/vspoechlarn.ac.at\/wordpress\/wp-content\/uploads\/2018\/06\/2018-06-15_15.19.42_Matthias_Komarek-350x233.jpg 350w\" alt=\"\" width=\"900\" height=\"600\" \/><\/a><\/div>\n<\/div>\n<div class=\"clearfix visible-sm-block\"><\/div>\n<div class=\"clearfix visible-md-block visible-lg-block\"><\/div>\n<\/div>\n<\/div>\n<div class=\"panel-footer entry-meta\">\n<p><small><span class=\"loop-category\"> <a class=\"label label-primary\" href=\"https:\/\/vspoechlarn.ac.at\/wordpress\/category\/allgemein\/\">Startseite<\/a> <\/span><span style=\"font-size: small;\"> <span class=\"loop-author\"> | <span class=\"author vcard\"><a class=\"url fn n\" href=\"https:\/\/vspoechlarn.ac.at\/wordpress\/author\/wp-admin\/\">wp-admin<\/a><\/span><\/span> <span class=\"loop-date\"> | <time class=\"entry-date published updated\" datetime=\"2018-06-27T21:42:11+0200\">27. Juni 2018<\/time><\/span> | <span class=\"edit-link\"> <a class=\"post-edit-link\" href=\"https:\/\/vspoechlarn.ac.at\/wordpress\/wp-admin\/post.php?post=1932&amp;action=edit\">Bearbeiten<\/a><\/span> <\/span><\/small><\/p>\n<div class=\"clearfix\"><\/div>\n<\/div>\n<p><!-- #post-1932 --><\/p>\n<article id=\"post-1930\" class=\"loop_list post-1930 post type-post status-publish format-standard hentry category-allgemein\">\n<div class=\"panel panel-default\">\n<div class=\"panel-body clearfix\">\n<div class=\"fs-have-thumbnail\">\n<header class=\"entry-header\">\n<h4 class=\"entry-title\"><strong><a title=\"Permanentlink zu Musikfest\" href=\"https:\/\/vspoechlarn.ac.at\/wordpress\/2018\/06\/27\/musikfest\/\" rel=\"bookmark\">Musikfest<\/a><\/strong><\/h4>\n<\/header>\n<div class=\"entry-content\">\n<p>Am Musikfest nahmen alle Musikklassen unserer Schule teil, ebenso Sch\u00fcler und Sch\u00fclerinnen von der Musikschule. \u00a0Die Kinder sangen verschiedene Lieder und spielten mit ihren Instrumenten. Damit\u00a0umrahmten sie den gelungenen Nachmittag.<\/p>\n<div id=\"gallery_1930_2\" class=\"row\">\n<div id=\"1930-image-1898\" class=\"col-xs-12 col-sm-4 col-md-4\">\n<div class=\"thumbnail\"><a href=\"https:\/\/vspoechlarn.ac.at\/wordpress\/wp-content\/uploads\/2018\/06\/2018-06-09_16.00.34_Matthias_Komarek.jpg\"><img loading=\"lazy\" decoding=\"async\" class=\"attachment-large size-large\" src=\"https:\/\/vspoechlarn.ac.at\/wordpress\/wp-content\/uploads\/2018\/06\/2018-06-09_16.00.34_Matthias_Komarek-1024x683.jpg\" sizes=\"auto, (max-width: 900px) 100vw, 900px\" srcset=\"https:\/\/vspoechlarn.ac.at\/wordpress\/wp-content\/uploads\/2018\/06\/2018-06-09_16.00.34_Matthias_Komarek-1024x683.jpg 1024w, https:\/\/vspoechlarn.ac.at\/wordpress\/wp-content\/uploads\/2018\/06\/2018-06-09_16.00.34_Matthias_Komarek-350x233.jpg 350w\" alt=\"\" width=\"900\" height=\"600\" \/><\/a><\/div>\n<\/div>\n<div class=\"clearfix visible-sm-block\"><\/div>\n<div class=\"clearfix visible-md-block visible-lg-block\"><\/div>\n<\/div>\n<\/div>\n<\/div>\n<\/div>\n<div class=\"panel-footer entry-meta\">\n<p><small><span class=\"loop-category\"> <a class=\"label label-primary\" href=\"https:\/\/vspoechlarn.ac.at\/wordpress\/category\/allgemein\/\">Startseite<\/a> <\/span><span style=\"font-size: small;\"> <span class=\"loop-author\"> | <span class=\"author vcard\"><a class=\"url fn n\" href=\"https:\/\/vspoechlarn.ac.at\/wordpress\/author\/wp-admin\/\">wp-admin<\/a><\/span><\/span> <span class=\"loop-date\"> | <time class=\"entry-date published updated\" datetime=\"2018-06-27T21:36:12+0200\">27. Juni 2018<\/time><\/span> | <span class=\"edit-link\"> <a class=\"post-edit-link\" href=\"https:\/\/vspoechlarn.ac.at\/wordpress\/wp-admin\/post.php?post=1930&amp;action=edit\">Bearbeiten<\/a><\/span> <\/span><\/small><\/p>\n<div class=\"clearfix\"><\/div>\n<\/div>\n<\/div>\n<\/article>\n<p><!-- #post-1930 --><\/p>\n<article id=\"post-1919\" class=\"loop_list post-1919 post type-post status-publish format-standard hentry category-allgemein\">\n<div class=\"panel panel-default\">\n<div class=\"panel-body clearfix\">\n<div class=\"fs-have-thumbnail\">\n<header class=\"entry-header\">\n<h4 class=\"entry-title\"><strong><a title=\"Permanentlink zu Im Mittelalter\" href=\"https:\/\/vspoechlarn.ac.at\/wordpress\/2018\/06\/27\/im-mittelalter\/\" rel=\"bookmark\">Im Mittelalter<\/a><\/strong><\/h4>\n<\/header>\n<div class=\"entry-content\">\n<p>In der letzten Schulwoche veranstalteten die beiden 4. Klassen ein Mittelalterprojekt. Bei 25 Stationen konnten die 30 Sch\u00fcler und Sch\u00fclerinnen Informationen sammeln, Lesezeichen basteln, Rechengeschichten l\u00f6sen und mit einer Feder schreiben.<\/p>\n<div id=\"gallery_1919_3\" class=\"row\">\n<div class=\"clearfix visible-sm-block\"><\/div>\n<div id=\"1919-image-1925\" class=\"col-xs-12 col-sm-3 col-md-3\">\n<div class=\"thumbnail\"><a href=\"https:\/\/vspoechlarn.ac.at\/wordpress\/wp-content\/uploads\/2018\/06\/Mittelalter-2-1-e1530127944961.jpg\"><img loading=\"lazy\" decoding=\"async\" class=\"attachment-large size-large\" src=\"https:\/\/vspoechlarn.ac.at\/wordpress\/wp-content\/uploads\/2018\/06\/Mittelalter-2-1-e1530127944961-768x1024.jpg\" sizes=\"auto, (max-width: 768px) 100vw, 768px\" srcset=\"https:\/\/vspoechlarn.ac.at\/wordpress\/wp-content\/uploads\/2018\/06\/Mittelalter-2-1-e1530127944961-768x1024.jpg 768w, https:\/\/vspoechlarn.ac.at\/wordpress\/wp-content\/uploads\/2018\/06\/Mittelalter-2-1-e1530127944961-225x300.jpg 225w, https:\/\/vspoechlarn.ac.at\/wordpress\/wp-content\/uploads\/2018\/06\/Mittelalter-2-1-e1530127944961.jpg 810w\" alt=\"\" width=\"768\" height=\"1024\" \/><\/a><\/div>\n<\/div>\n<div id=\"1919-image-1924\" class=\"col-xs-12 col-sm-3 col-md-3\">\n<div class=\"thumbnail\"><a href=\"https:\/\/vspoechlarn.ac.at\/wordpress\/wp-content\/uploads\/2018\/06\/Mittelalter-1-1-e1530127927215.jpg\"><img loading=\"lazy\" decoding=\"async\" class=\"attachment-large size-large\" src=\"https:\/\/vspoechlarn.ac.at\/wordpress\/wp-content\/uploads\/2018\/06\/Mittelalter-1-1-e1530127927215-768x1024.jpg\" sizes=\"auto, (max-width: 768px) 100vw, 768px\" srcset=\"https:\/\/vspoechlarn.ac.at\/wordpress\/wp-content\/uploads\/2018\/06\/Mittelalter-1-1-e1530127927215-768x1024.jpg 768w, https:\/\/vspoechlarn.ac.at\/wordpress\/wp-content\/uploads\/2018\/06\/Mittelalter-1-1-e1530127927215-225x300.jpg 225w, https:\/\/vspoechlarn.ac.at\/wordpress\/wp-content\/uploads\/2018\/06\/Mittelalter-1-1-e1530127927215.jpg 810w\" alt=\"\" width=\"768\" height=\"1024\" \/><\/a><\/div>\n<\/div>\n<div class=\"clearfix visible-sm-block\"><\/div>\n<div class=\"clearfix visible-md-block visible-lg-block\"><\/div>\n<\/div>\n<\/div>\n<\/div>\n<\/div>\n<div class=\"panel-footer entry-meta\">\n<p><small><span class=\"loop-category\"> <a class=\"label label-primary\" href=\"https:\/\/vspoechlarn.ac.at\/wordpress\/category\/allgemein\/\">Startseite<\/a> <\/span><span style=\"font-size: small;\"> <span class=\"loop-author\"> | <span class=\"author vcard\"><a class=\"url fn n\" href=\"https:\/\/vspoechlarn.ac.at\/wordpress\/author\/wp-admin\/\">wp-admin<\/a><\/span><\/span> <span class=\"loop-date\"> | <time class=\"entry-date published updated\" datetime=\"2018-06-27T21:33:26+0200\">27. Juni 2018<\/time><\/span> | <span class=\"edit-link\"> <a class=\"post-edit-link\" href=\"https:\/\/vspoechlarn.ac.at\/wordpress\/wp-admin\/post.php?post=1919&amp;action=edit\">Bearbeiten<\/a><\/span> <\/span><\/small><\/p>\n<div class=\"clearfix\"><\/div>\n<\/div>\n<\/div>\n<\/article>\n<p><!-- #post-1919 --><\/p>\n<article id=\"post-1917\" class=\"loop_list post-1917 post type-post status-publish format-standard hentry category-allgemein\">\n<div class=\"panel panel-default\">\n<div class=\"panel-body clearfix\">\n<div class=\"fs-have-thumbnail\">\n<header class=\"entry-header\">\n<h4 class=\"entry-title\"><strong><a title=\"Permanentlink zu Marillenkuchen\" href=\"https:\/\/vspoechlarn.ac.at\/wordpress\/2018\/06\/27\/marillenkuchen\/\" rel=\"bookmark\">Marillenkuchen<\/a><\/strong><\/h4>\n<\/header>\n<div class=\"entry-content\">\n<p>Mit viel Freude backte die 2. Klasse gemeinsam einen Kuchen.<\/p>\n<div id=\"gallery_1917_4\" class=\"row\">\n<div id=\"1917-image-1912\" class=\"col-xs-12 col-sm-4 col-md-4\">\n<div class=\"thumbnail\"><a href=\"https:\/\/vspoechlarn.ac.at\/wordpress\/wp-content\/uploads\/2018\/06\/Marillenkuchen.jpg\"><img loading=\"lazy\" decoding=\"async\" class=\"attachment-large size-large\" src=\"https:\/\/vspoechlarn.ac.at\/wordpress\/wp-content\/uploads\/2018\/06\/Marillenkuchen-1024x768.jpg\" sizes=\"auto, (max-width: 900px) 100vw, 900px\" srcset=\"https:\/\/vspoechlarn.ac.at\/wordpress\/wp-content\/uploads\/2018\/06\/Marillenkuchen-1024x768.jpg 1024w, https:\/\/vspoechlarn.ac.at\/wordpress\/wp-content\/uploads\/2018\/06\/Marillenkuchen-350x263.jpg 350w, https:\/\/vspoechlarn.ac.at\/wordpress\/wp-content\/uploads\/2018\/06\/Marillenkuchen.jpg 1440w\" alt=\"\" width=\"900\" height=\"675\" \/><\/a><\/div>\n<\/div>\n<\/div>\n<\/div>\n<\/div>\n<\/div>\n<div class=\"panel-footer entry-meta\">\n<p><small><span class=\"loop-category\"> <a class=\"label label-primary\" href=\"https:\/\/vspoechlarn.ac.at\/wordpress\/category\/allgemein\/\">Startseite<\/a> <\/span><span style=\"font-size: small;\"> <span class=\"loop-author\"> | <span class=\"author vcard\"><a class=\"url fn n\" href=\"https:\/\/vspoechlarn.ac.at\/wordpress\/author\/wp-admin\/\">wp-admin<\/a><\/span><\/span> <span class=\"loop-date\"> | <time class=\"entry-date published updated\" datetime=\"2018-06-27T21:08:11+0200\">27. Juni 2018<\/time><\/span> | <span class=\"edit-link\"> <a class=\"post-edit-link\" href=\"https:\/\/vspoechlarn.ac.at\/wordpress\/wp-admin\/post.php?post=1917&amp;action=edit\">Bearbeiten<\/a><\/span> <\/span><\/small><\/p>\n<div class=\"clearfix\"><\/div>\n<\/div>\n<\/div>\n<\/article>\n<p><!-- #post-1917 --><\/p>\n<article id=\"post-1911\" class=\"loop_list post-1911 post type-post status-publish format-standard hentry category-allgemein\">\n<div class=\"panel panel-default\">\n<div class=\"panel-body clearfix\">\n<div class=\"fs-have-thumbnail\">\n<header class=\"entry-header\">\n<h4 class=\"entry-title\"><strong><a title=\"Permanentlink zu Wassertag\" href=\"https:\/\/vspoechlarn.ac.at\/wordpress\/2018\/06\/27\/wassertag\/\" rel=\"bookmark\">Wassertag<\/a><\/strong><\/h4>\n<\/header>\n<div class=\"entry-content\">\n<p>Die 2. Klasse hatte den Auftrag einige Wasserstationen in Partnerarbeit zu absolvieren. Experimente, Versuche, R\u00e4tsel, Bastelarbeiten und Informationen galt es durch Leseauftr\u00e4ge zu entschl\u00fcsseln und durchzuf\u00fchren.<\/p>\n<p>Nat\u00fcrlich durfte eine Station nicht fehlen, diesen kostbaren Rohstoff auch zu verkosten.<\/p>\n<div id=\"gallery_1911_5\" class=\"row\">\n<div id=\"1911-image-1913\" class=\"col-xs-12 col-sm-4 col-md-4\">\n<div class=\"thumbnail\"><a href=\"https:\/\/vspoechlarn.ac.at\/wordpress\/wp-content\/uploads\/2018\/06\/Wasser.jpg\"><img loading=\"lazy\" decoding=\"async\" class=\"attachment-large size-large\" src=\"https:\/\/vspoechlarn.ac.at\/wordpress\/wp-content\/uploads\/2018\/06\/Wasser-768x1024.jpg\" sizes=\"auto, (max-width: 768px) 100vw, 768px\" srcset=\"https:\/\/vspoechlarn.ac.at\/wordpress\/wp-content\/uploads\/2018\/06\/Wasser-768x1024.jpg 768w, https:\/\/vspoechlarn.ac.at\/wordpress\/wp-content\/uploads\/2018\/06\/Wasser-225x300.jpg 225w, https:\/\/vspoechlarn.ac.at\/wordpress\/wp-content\/uploads\/2018\/06\/Wasser.jpg 810w\" alt=\"\" width=\"768\" height=\"1024\" \/><\/a><\/div>\n<\/div>\n<div id=\"1911-image-1914\" class=\"col-xs-12 col-sm-4 col-md-4\">\n<div class=\"thumbnail\"><a href=\"https:\/\/vspoechlarn.ac.at\/wordpress\/wp-content\/uploads\/2018\/06\/Wasser1.jpg\"><img loading=\"lazy\" decoding=\"async\" class=\"attachment-large size-large\" src=\"https:\/\/vspoechlarn.ac.at\/wordpress\/wp-content\/uploads\/2018\/06\/Wasser1-768x1024.jpg\" sizes=\"auto, (max-width: 768px) 100vw, 768px\" srcset=\"https:\/\/vspoechlarn.ac.at\/wordpress\/wp-content\/uploads\/2018\/06\/Wasser1-768x1024.jpg 768w, https:\/\/vspoechlarn.ac.at\/wordpress\/wp-content\/uploads\/2018\/06\/Wasser1-225x300.jpg 225w, https:\/\/vspoechlarn.ac.at\/wordpress\/wp-content\/uploads\/2018\/06\/Wasser1.jpg 810w\" alt=\"\" width=\"768\" height=\"1024\" \/><\/a><\/div>\n<\/div>\n<div class=\"clearfix visible-sm-block\"><\/div>\n<div class=\"clearfix visible-md-block visible-lg-block\"><\/div>\n<\/div>\n<\/div>\n<\/div>\n<\/div>\n<div class=\"panel-footer entry-meta\">\n<p><small><span class=\"loop-category\"> <a class=\"label label-primary\" href=\"https:\/\/vspoechlarn.ac.at\/wordpress\/category\/allgemein\/\">Startseite<\/a> <\/span><span style=\"font-size: small;\"> <span class=\"loop-author\"> | <span class=\"author vcard\"><a class=\"url fn n\" href=\"https:\/\/vspoechlarn.ac.at\/wordpress\/author\/wp-admin\/\">wp-admin<\/a><\/span><\/span> <span class=\"loop-date\"> | <time class=\"entry-date published updated\" datetime=\"2018-06-27T21:06:53+0200\">27. Juni 2018<\/time><\/span> | <span class=\"edit-link\"> <a class=\"post-edit-link\" href=\"https:\/\/vspoechlarn.ac.at\/wordpress\/wp-admin\/post.php?post=1911&amp;action=edit\">Bearbeiten<\/a><\/span> <\/span><\/small><\/p>\n<div class=\"clearfix\"><\/div>\n<\/div>\n<\/div>\n<\/article>\n<p><!-- #post-1911 --><\/p>\n<article id=\"post-1908\" class=\"loop_list post-1908 post type-post status-publish format-standard hentry category-allgemein\">\n<div class=\"panel panel-default\">\n<div class=\"panel-body clearfix\">\n<div class=\"fs-have-thumbnail\">\n<header class=\"entry-header\">\n<h4 class=\"entry-title\"><strong><a title=\"Permanentlink zu Projekttage in Annaberg und Mariazell\" href=\"https:\/\/vspoechlarn.ac.at\/wordpress\/2018\/06\/27\/projekttage-in-annaberg-und-mariazell\/\" rel=\"bookmark\">Projekttage in Annaberg und Mariazell<\/a><\/strong><\/h4>\n<\/header>\n<div class=\"entry-content\">\n<p>Vom 18. bis 20. Juni waren die beiden 4. Klassen in Annaberg in der Jugendherberge. An dieser Stelle m\u00f6chten wir uns bei folgenden Gewerbetreibenden ganz herzlich f\u00fcr die finanzielle Unterst\u00fctzung bedanken: Sparkasse, Hartis Shop, Digipoint, Red Zac Schuster, Optiker Fuchs, Caf\u00e9 s\u00b4Plauscherl, Pizzeria Giovanni, Trafik Mika. Auch beim Spar m\u00f6chten wir\u00a0f\u00fcr die Getr\u00e4nke- und Obstspende ein Dankesch\u00f6n aussprechen, ebenso bei der Firma Vogler f\u00fcr die Mohnzelten. Auch der Elternverein gab uns f\u00fcr diese Tage einen Zuschuss.<\/p>\n<p>Hier ein Kurzbericht einer Sch\u00fclerin:<\/p>\n<p>\u201eDie Projekttage waren super. Am Montag sahen wir uns die Altstadt von St. P\u00f6lten an. Anschlie\u00dfend waren wir im Landhaus, wo wir einen Kinderlandtag veranstalteten. Am Dienstag sahen wir uns an, wie man Flying Fox macht. Nachmittags durften wir den Wald mit einem F\u00f6rster erkunden. Es war spitze, dass wir eine Disco machen durften. Unser Zimmer war riesiger als alle anderen. Am Mittwoch fuhren wir nach Mariazell. Dort angekommen, erkundeten wir die Stadt. Anschlie\u00dfend kauften wir Souvenirs und gingen zur Lebzelterei, wo wir Kerzen rollten und Lebkuchenherzen beeisten.\u201c<\/p>\n<div id=\"gallery_1908_6\" class=\"row\">\n<div id=\"1908-image-1878\" class=\"col-xs-12 col-sm-4 col-md-4\">\n<div class=\"thumbnail\"><a href=\"https:\/\/vspoechlarn.ac.at\/wordpress\/wp-content\/uploads\/2018\/06\/20180618_133409.jpg\"><img loading=\"lazy\" decoding=\"async\" class=\"attachment-large size-large\" src=\"https:\/\/vspoechlarn.ac.at\/wordpress\/wp-content\/uploads\/2018\/06\/20180618_133409-1024x768.jpg\" sizes=\"auto, (max-width: 900px) 100vw, 900px\" srcset=\"https:\/\/vspoechlarn.ac.at\/wordpress\/wp-content\/uploads\/2018\/06\/20180618_133409-1024x768.jpg 1024w, https:\/\/vspoechlarn.ac.at\/wordpress\/wp-content\/uploads\/2018\/06\/20180618_133409-350x263.jpg 350w, https:\/\/vspoechlarn.ac.at\/wordpress\/wp-content\/uploads\/2018\/06\/20180618_133409.jpg 1440w\" alt=\"\" width=\"900\" height=\"675\" \/><\/a><\/div>\n<\/div>\n<div class=\"clearfix visible-sm-block\"><\/div>\n<div class=\"clearfix visible-md-block visible-lg-block\"><\/div>\n<\/div>\n<\/div>\n<\/div>\n<\/div>\n<div class=\"panel-footer entry-meta\">\n<p><small><span class=\"loop-category\"> <a class=\"label label-primary\" href=\"https:\/\/vspoechlarn.ac.at\/wordpress\/category\/allgemein\/\">Startseite<\/a> <\/span><span style=\"font-size: small;\"> <span class=\"loop-author\"> | <span class=\"author vcard\"><a class=\"url fn n\" href=\"https:\/\/vspoechlarn.ac.at\/wordpress\/author\/wp-admin\/\">wp-admin<\/a><\/span><\/span> <span class=\"loop-date\"> | <time class=\"entry-date published updated\" datetime=\"2018-06-27T21:01:05+0200\">27. Juni 2018<\/time><\/span> | <span class=\"edit-link\"> <a class=\"post-edit-link\" href=\"https:\/\/vspoechlarn.ac.at\/wordpress\/wp-admin\/post.php?post=1908&amp;action=edit\">Bearbeiten<\/a><\/span> <\/span><\/small><\/p>\n<div class=\"clearfix\"><\/div>\n<\/div>\n<\/div>\n<\/article>\n<p><!-- #post-1908 --><\/p>\n<article id=\"post-1906\" class=\"loop_list post-1906 post type-post status-publish format-standard hentry category-allgemein\">\n<div class=\"panel panel-default\">\n<div class=\"panel-body clearfix\">\n<div class=\"fs-have-thumbnail\">\n<header class=\"entry-header\">\n<h4 class=\"entry-title\"><strong><a title=\"Permanentlink zu Sportlich unterwegs\" href=\"https:\/\/vspoechlarn.ac.at\/wordpress\/2018\/06\/27\/sportlich-unterwegs\/\" rel=\"bookmark\">Sportlich unterwegs<\/a><\/strong><\/h4>\n<\/header>\n<div class=\"entry-content\">\n<p>Seit April trainierten die beiden 4. Klassen flei\u00dfig f\u00fcr das Sportabzeichen. Die Kinder mussten in den Bereichen Weitsprung, 60 m-Lauf, Schlagball, Dauerlauf und Schwimmen ihr K\u00f6nnen unter Beweis stellen.<\/p>\n<div id=\"gallery_1906_7\" class=\"row\">\n<div class=\"clearfix visible-sm-block\"><\/div>\n<\/div>\n<\/div>\n<\/div>\n<\/div>\n<div class=\"panel-footer entry-meta\">\n<p><small><span class=\"loop-category\"> <a class=\"label label-primary\" href=\"https:\/\/vspoechlarn.ac.at\/wordpress\/category\/allgemein\/\">Startseite<\/a> <\/span><span style=\"font-size: small;\"> <span class=\"loop-author\"> | <span class=\"author vcard\"><a class=\"url fn n\" href=\"https:\/\/vspoechlarn.ac.at\/wordpress\/author\/wp-admin\/\">wp-admin<\/a><\/span><\/span> <span class=\"loop-date\"> | <time class=\"entry-date published updated\" datetime=\"2018-06-27T20:56:13+0200\">27. Juni 2018<\/time><\/span> | <span class=\"edit-link\"> <a class=\"post-edit-link\" href=\"https:\/\/vspoechlarn.ac.at\/wordpress\/wp-admin\/post.php?post=1906&amp;action=edit\">Bearbeiten<\/a><\/span> <\/span><\/small><\/p>\n<div class=\"clearfix\"><\/div>\n<\/div>\n<\/div>\n<\/article>\n<p><!-- #post-1906 --><\/p>\n<article id=\"post-1904\" class=\"loop_list post-1904 post type-post status-publish format-standard hentry category-allgemein\">\n<div class=\"panel panel-default\">\n<div class=\"panel-body clearfix\">\n<div class=\"fs-have-thumbnail\">\n<header class=\"entry-header\">\n<h4 class=\"entry-title\"><strong><a title=\"Permanentlink zu Wo kommt die Milch her?\" href=\"https:\/\/vspoechlarn.ac.at\/wordpress\/2018\/06\/27\/wo-kommt-die-milch-her\/\" rel=\"bookmark\">Wo kommt die Milch her?<\/a><\/strong><\/h4>\n<\/header>\n<div class=\"entry-content\">\n<p>Am Freitag, den 25. Mai besuchte uns die B\u00e4uerin Andrea Hohenegg, die uns von ihren Tieren und deren Produkten erz\u00e4hlte. Die Kinder konnten Heu und Stroh riechen und selber f\u00fcr ihr Jausenbrot Butter r\u00fchren. Nochmals herzlichen Dank an die Seminarb\u00e4uerin.<\/p>\n<div id=\"gallery_1904_8\" class=\"row\">\n<div class=\"clearfix visible-sm-block\"><\/div>\n<div class=\"clearfix visible-md-block visible-lg-block\"><\/div>\n<\/div>\n<\/div>\n<\/div>\n<\/div>\n<div class=\"panel-footer entry-meta\">\n<p><small><span class=\"loop-category\"> <a class=\"label label-primary\" href=\"https:\/\/vspoechlarn.ac.at\/wordpress\/category\/allgemein\/\">Startseite<\/a> <\/span><span style=\"font-size: small;\"> <span class=\"loop-author\"> | <span class=\"author vcard\"><a class=\"url fn n\" href=\"https:\/\/vspoechlarn.ac.at\/wordpress\/author\/wp-admin\/\">wp-admin<\/a><\/span><\/span> <span class=\"loop-date\"> | <time class=\"entry-date published updated\" datetime=\"2018-06-27T20:55:05+0200\">27. Juni 2018<\/time><\/span> | <span class=\"edit-link\"> <a class=\"post-edit-link\" href=\"https:\/\/vspoechlarn.ac.at\/wordpress\/wp-admin\/post.php?post=1904&amp;action=edit\">Bearbeiten<\/a><\/span> <\/span><\/small><\/p>\n<div class=\"clearfix\"><\/div>\n<\/div>\n<\/div>\n<\/article>\n<p><!-- #post-1904 --><\/p>\n<article id=\"post-1902\" class=\"loop_list post-1902 post type-post status-publish format-standard hentry category-allgemein\">\n<div class=\"panel panel-default\">\n<div class=\"panel-body clearfix\">\n<div class=\"fs-have-thumbnail\">\n<header class=\"entry-header\">\n<h4 class=\"entry-title\"><strong><a title=\"Permanentlink zu Hurra, wir k\u00f6nnen alle Buchstaben!\" href=\"https:\/\/vspoechlarn.ac.at\/wordpress\/2018\/06\/27\/hurra-wir-koennen-alle-buchstaben\/\" rel=\"bookmark\">Hurra, wir k\u00f6nnen alle Buchstaben!<\/a><\/strong><\/h4>\n<\/header>\n<div class=\"entry-content\">\n<p>\u201eMit dem ABC rund um die Welt\u201c lautete das Motto unseres Buchstabenfestes. Wir konnten in den verschiedensten Stationen L\u00e4nder mit ihren Besonderheiten kennenlernen. So tanzten wir z.B. in Ghana zu afrikanischer Musik, lernten in Russland die Puppe Matrjoschka kennen und a\u00dfen in Italien k\u00f6stliche Spagetti. Nach einer rasanten Autofahrt in Monaco konnten wir in Brasilien Freundschaftsb\u00e4nder flechten und in Polen unsere Rechenk\u00fcnste beweisen. Unterst\u00fctzt wurden wir von vielen Eltern und Gro\u00dfeltern. Gut ger\u00fcstet freuen wir uns schon auf eine spannende Weiterreise in die 2. Klasse.<\/p>\n<div id=\"gallery_1902_9\" class=\"row\">\n<div id=\"1902-image-1889\" class=\"col-xs-12 col-sm-4 col-md-4\">\n<div class=\"thumbnail\"><a href=\"https:\/\/vspoechlarn.ac.at\/wordpress\/wp-content\/uploads\/2018\/06\/DSC08440.jpg\"><img loading=\"lazy\" decoding=\"async\" class=\"attachment-large size-large\" src=\"https:\/\/vspoechlarn.ac.at\/wordpress\/wp-content\/uploads\/2018\/06\/DSC08440-1024x680.jpg\" sizes=\"auto, (max-width: 900px) 100vw, 900px\" srcset=\"https:\/\/vspoechlarn.ac.at\/wordpress\/wp-content\/uploads\/2018\/06\/DSC08440-1024x680.jpg 1024w, https:\/\/vspoechlarn.ac.at\/wordpress\/wp-content\/uploads\/2018\/06\/DSC08440-350x233.jpg 350w\" alt=\"\" width=\"900\" height=\"598\" \/><\/a><\/div>\n<\/div>\n<div class=\"clearfix visible-sm-block\"><\/div>\n<\/div>\n<\/div>\n<\/div>\n<\/div>\n<div class=\"panel-footer entry-meta\">\n<p><small><span class=\"loop-category\"> <a class=\"label label-primary\" href=\"https:\/\/vspoechlarn.ac.at\/wordpress\/category\/allgemein\/\">Startseite<\/a> <\/span><span style=\"font-size: small;\"> <span class=\"loop-author\"> | <span class=\"author vcard\"><a class=\"url fn n\" href=\"https:\/\/vspoechlarn.ac.at\/wordpress\/author\/wp-admin\/\">wp-admin<\/a><\/span><\/span> <span class=\"loop-date\"> | <time class=\"entry-date published updated\" datetime=\"2018-06-27T20:53:15+0200\">27. Juni 2018<\/time><\/span> | <span class=\"edit-link\"> <a class=\"post-edit-link\" href=\"https:\/\/vspoechlarn.ac.at\/wordpress\/wp-admin\/post.php?post=1902&amp;action=edit\">Bearbeiten<\/a><\/span> <\/span><\/small><\/p>\n<div class=\"clearfix\"><\/div>\n<\/div>\n<\/div>\n<\/article>\n<p><!-- #post-1902 --><\/p>\n<article id=\"post-1875\" class=\"loop_list post-1875 post type-post status-publish format-standard hentry category-allgemein\">\n<div class=\"panel panel-default\">\n<div class=\"panel-body clearfix\">\n<div class=\"fs-have-thumbnail\">\n<header class=\"entry-header\">\n<h4 class=\"entry-title\"><strong><a title=\"Permanentlink zu Salzbild\" href=\"https:\/\/vspoechlarn.ac.at\/wordpress\/2018\/06\/27\/salzbild\/\" rel=\"bookmark\">Salzbild<\/a><\/strong><\/h4>\n<\/header>\n<div class=\"entry-content\">\n<p>Die Kinder malten mit selbst hergestelltem Salzwasser einfache Bilder, um sie nachher mit dem F\u00f6n zu trocknen. Eine Art Salzgewinnung (Meersalz) konnte so verstanden werden.<\/p>\n<div id=\"gallery_1875_10\" class=\"row\">\n<div id=\"1875-image-1876\" class=\"col-xs-12 col-sm-4 col-md-4\">\n<div class=\"thumbnail\"><a href=\"https:\/\/vspoechlarn.ac.at\/wordpress\/wp-content\/uploads\/2018\/06\/IMG-20180627-WA0000.jpg\"><img loading=\"lazy\" decoding=\"async\" class=\"attachment-large size-large\" src=\"https:\/\/vspoechlarn.ac.at\/wordpress\/wp-content\/uploads\/2018\/06\/IMG-20180627-WA0000-768x1024.jpg\" sizes=\"auto, (max-width: 768px) 100vw, 768px\" srcset=\"https:\/\/vspoechlarn.ac.at\/wordpress\/wp-content\/uploads\/2018\/06\/IMG-20180627-WA0000-768x1024.jpg 768w, https:\/\/vspoechlarn.ac.at\/wordpress\/wp-content\/uploads\/2018\/06\/IMG-20180627-WA0000-225x300.jpg 225w, https:\/\/vspoechlarn.ac.at\/wordpress\/wp-content\/uploads\/2018\/06\/IMG-20180627-WA0000.jpg 810w\" alt=\"\" width=\"768\" height=\"1024\" \/><\/a><\/div>\n<\/div>\n<div class=\"clearfix visible-sm-block\"><\/div>\n<\/div>\n<\/div>\n<\/div>\n<\/div>\n<div class=\"panel-footer entry-meta\">\n<p><small><span class=\"loop-category\"> <a class=\"label label-primary\" href=\"https:\/\/vspoechlarn.ac.at\/wordpress\/category\/allgemein\/\">Startseite<\/a> <\/span><span style=\"font-size: small;\"> <span class=\"loop-author\"> | <span class=\"author vcard\"><a class=\"url fn n\" href=\"https:\/\/vspoechlarn.ac.at\/wordpress\/author\/wp-admin\/\">wp-admin<\/a><\/span><\/span> <span class=\"loop-date\"> | <time class=\"entry-date published updated\" datetime=\"2018-06-27T20:47:50+0200\">27. Juni 2018<\/time><\/span> | <span class=\"edit-link\"> <a class=\"post-edit-link\" href=\"https:\/\/vspoechlarn.ac.at\/wordpress\/wp-admin\/post.php?post=1875&amp;action=edit\">Bearbeiten<\/a><\/span> <\/span><\/small><\/p>\n<div class=\"clearfix\"><\/div>\n<\/div>\n<\/div>\n<\/article>\n<p><!-- #post-1875 --><\/p>\n<article id=\"post-1885\" class=\"loop_list post-1885 post type-post status-publish format-standard hentry category-allgemein\">\n<div class=\"panel panel-default\">\n<div class=\"panel-body clearfix\">\n<div class=\"fs-have-thumbnail\">\n<header class=\"entry-header\">\n<h4 class=\"entry-title\"><strong><a title=\"Permanentlink zu Waldtag\" href=\"https:\/\/vspoechlarn.ac.at\/wordpress\/2018\/06\/27\/waldtag\/\" rel=\"bookmark\">Waldtag<\/a><\/strong><\/h4>\n<\/header>\n<div class=\"entry-content\">\n<p>Mit viel Freude verbrachten die Kinder der 2. Klasse einen Vormittag im Wald. Viel Neues und Interessantes gab es dort durch Bewegungsspiele und Gruppenauftr\u00e4ge zu entdecken und zu erforschen. Den H\u00f6hepunkt bildeten das Erbauen von Zwergen- und Feenlandschaften mit Naturmaterialien.<\/p>\n<div id=\"gallery_1885_11\" class=\"row\">\n<div id=\"1885-image-1884\" class=\"col-xs-12 col-sm-4 col-md-4\">\n<div class=\"thumbnail\"><a href=\"https:\/\/vspoechlarn.ac.at\/wordpress\/wp-content\/uploads\/2018\/06\/DSC08331.jpg\"><img loading=\"lazy\" decoding=\"async\" class=\"attachment-large size-large\" src=\"https:\/\/vspoechlarn.ac.at\/wordpress\/wp-content\/uploads\/2018\/06\/DSC08331-1024x680.jpg\" sizes=\"auto, (max-width: 900px) 100vw, 900px\" srcset=\"https:\/\/vspoechlarn.ac.at\/wordpress\/wp-content\/uploads\/2018\/06\/DSC08331-1024x680.jpg 1024w, https:\/\/vspoechlarn.ac.at\/wordpress\/wp-content\/uploads\/2018\/06\/DSC08331-350x233.jpg 350w\" alt=\"\" width=\"900\" height=\"598\" \/><\/a><\/div>\n<\/div>\n<div class=\"clearfix visible-sm-block\"><\/div>\n<\/div>\n<\/div>\n<\/div>\n<\/div>\n<div class=\"panel-footer entry-meta\">\n<p><small><span class=\"loop-category\"> <a class=\"label label-primary\" href=\"https:\/\/vspoechlarn.ac.at\/wordpress\/category\/allgemein\/\">Startseite<\/a> <\/span><span style=\"font-size: small;\"> <span class=\"loop-author\"> | <span class=\"author vcard\"><a class=\"url fn n\" href=\"https:\/\/vspoechlarn.ac.at\/wordpress\/author\/wp-admin\/\">wp-admin<\/a><\/span><\/span> <span class=\"loop-date\"> | <time class=\"entry-date published updated\" datetime=\"2018-06-27T13:41:50+0200\">27. Juni 2018<\/time><\/span> | <span class=\"edit-link\"> <a class=\"post-edit-link\" href=\"https:\/\/vspoechlarn.ac.at\/wordpress\/wp-admin\/post.php?post=1885&amp;action=edit\">Bearbeiten<\/a><\/span> <\/span><\/small><\/p>\n<div class=\"clearfix\"><\/div>\n<\/div>\n<\/div>\n<\/article>\n<p><!-- #post-1885 --><\/p>\n<article id=\"post-1870\" class=\"loop_list post-1870 post type-post status-publish format-standard hentry category-allgemein\">\n<div class=\"panel panel-default\">\n<div class=\"panel-body clearfix\">\n<div class=\"fs-have-thumbnail\">\n<header class=\"entry-header\">\n<h4 class=\"entry-title\"><strong><a title=\"Permanentlink zu Hebammentag\" href=\"https:\/\/vspoechlarn.ac.at\/wordpress\/2018\/06\/27\/hebammentag\/\" rel=\"bookmark\">Hebammentag<\/a><\/strong><\/h4>\n<\/header>\n<div class=\"entry-content\">\n<p>Anschaulich wurde den Kindern der 2. Klasse von Hebamme Frau Barbara Komarek die Entwicklung eines Kindes im Mutterleib erkl\u00e4rt. Die Kinder durften sogar mit verschiedenen Methoden ihr eigenes Herz abh\u00f6ren.<\/p>\n<div id=\"gallery_1870_12\" class=\"row\">\n<div id=\"1870-image-1871\" class=\"col-xs-12 col-sm-4 col-md-4\">\n<div class=\"thumbnail\"><a href=\"https:\/\/vspoechlarn.ac.at\/wordpress\/wp-content\/uploads\/2018\/06\/IMG_5597.jpg\"><img loading=\"lazy\" decoding=\"async\" class=\"attachment-large size-large\" src=\"https:\/\/vspoechlarn.ac.at\/wordpress\/wp-content\/uploads\/2018\/06\/IMG_5597-768x1024.jpg\" sizes=\"auto, (max-width: 768px) 100vw, 768px\" srcset=\"https:\/\/vspoechlarn.ac.at\/wordpress\/wp-content\/uploads\/2018\/06\/IMG_5597-768x1024.jpg 768w, https:\/\/vspoechlarn.ac.at\/wordpress\/wp-content\/uploads\/2018\/06\/IMG_5597-225x300.jpg 225w, https:\/\/vspoechlarn.ac.at\/wordpress\/wp-content\/uploads\/2018\/06\/IMG_5597.jpg 810w\" alt=\"\" width=\"768\" height=\"1024\" \/><\/a><\/div>\n<\/div>\n<div class=\"clearfix visible-sm-block\"><\/div>\n<\/div>\n<\/div>\n<\/div>\n<\/div>\n<div class=\"panel-footer entry-meta\">\n<p><small><span class=\"loop-category\"> <a class=\"label label-primary\" href=\"https:\/\/vspoechlarn.ac.at\/wordpress\/category\/allgemein\/\">Startseite<\/a> <\/span><span style=\"font-size: small;\"> <span class=\"loop-author\"> | <span class=\"author vcard\"><a class=\"url fn n\" href=\"https:\/\/vspoechlarn.ac.at\/wordpress\/author\/wp-admin\/\">wp-admin<\/a><\/span><\/span> <span class=\"loop-date\"> | <time class=\"entry-date published updated\" datetime=\"2018-06-27T13:31:08+0200\">27. Juni 2018<\/time><\/span> | <span class=\"edit-link\"> <a class=\"post-edit-link\" href=\"https:\/\/vspoechlarn.ac.at\/wordpress\/wp-admin\/post.php?post=1870&amp;action=edit\">Bearbeiten<\/a><\/span> <\/span><\/small><\/p>\n<div class=\"clearfix\"><\/div>\n<\/div>\n<\/div>\n<\/article>\n<p><!-- #post-1870 --><\/p>\n<article id=\"post-1846\" class=\"loop_list post-1846 post type-post status-publish format-standard hentry category-allgemein\">\n<div class=\"panel panel-default\">\n<div class=\"panel-body clearfix\">\n<div class=\"fs-have-thumbnail\">\n<header class=\"entry-header\">\n<h4 class=\"entry-title\"><\/h4>\n<\/header>\n<div class=\"entry-content\">\n<div id=\"gallery_1846_13\" class=\"row\">\n<div id=\"1846-image-1844\" class=\"col-xs-12 col-sm-4 col-md-4\">\n<div class=\"thumbnail\"><a href=\"https:\/\/vspoechlarn.ac.at\/wordpress\/wp-content\/uploads\/2018\/05\/20180530082634459_0001-e1527661607229.jpg\"><img loading=\"lazy\" decoding=\"async\" class=\"attachment-large size-large\" src=\"https:\/\/vspoechlarn.ac.at\/wordpress\/wp-content\/uploads\/2018\/05\/20180530082634459_0001-e1527661607229-724x1024.jpg\" sizes=\"auto, (max-width: 724px) 100vw, 724px\" srcset=\"https:\/\/vspoechlarn.ac.at\/wordpress\/wp-content\/uploads\/2018\/05\/20180530082634459_0001-e1527661607229-724x1024.jpg 724w, https:\/\/vspoechlarn.ac.at\/wordpress\/wp-content\/uploads\/2018\/05\/20180530082634459_0001-e1527661607229-212x300.jpg 212w, https:\/\/vspoechlarn.ac.at\/wordpress\/wp-content\/uploads\/2018\/05\/20180530082634459_0001-e1527661607229.jpg 763w\" alt=\"\" width=\"724\" height=\"1024\" \/><\/a><\/div>\n<\/div>\n<\/div>\n<p><a class=\"pull-right\" href=\"https:\/\/vspoechlarn.ac.at\/wordpress\/2018\/05\/30\/1846\/\" rel=\"bookmark\"><small><i class=\"icon-bookmark\"><\/i>permalink<\/small> <\/a><\/p>\n<\/div>\n<\/div>\n<\/div>\n<div class=\"panel-footer entry-meta\">\n<p><small><span class=\"loop-category\"> <a class=\"label label-primary\" href=\"https:\/\/vspoechlarn.ac.at\/wordpress\/category\/allgemein\/\">Startseite<\/a> <\/span><span style=\"font-size: small;\"> <span class=\"loop-author\"> | <span class=\"author vcard\"><a class=\"url fn n\" href=\"https:\/\/vspoechlarn.ac.at\/wordpress\/author\/wp-admin\/\">wp-admin<\/a><\/span><\/span> <span class=\"loop-date\"> | <time class=\"entry-date published updated\" datetime=\"2018-05-30T08:30:46+0200\">30. Mai 2018<\/time><\/span> | <span class=\"edit-link\"> <a class=\"post-edit-link\" href=\"https:\/\/vspoechlarn.ac.at\/wordpress\/wp-admin\/post.php?post=1846&amp;action=edit\">Bearbeiten<\/a><\/span> <\/span><\/small><\/p>\n<div class=\"clearfix\"><\/div>\n<\/div>\n<\/div>\n<\/article>\n<p><!-- #post-1846 --><\/p>\n<article id=\"post-1840\" class=\"loop_list post-1840 post type-post status-publish format-standard hentry category-allgemein\">\n<div class=\"panel panel-default\">\n<div class=\"panel-body clearfix\">\n<div class=\"fs-have-thumbnail\">\n<header class=\"entry-header\">\n<h4 class=\"entry-title\"><strong><a title=\"Permanentlink zu RAIBA Malwettbewerb\" href=\"https:\/\/vspoechlarn.ac.at\/wordpress\/2018\/05\/29\/raiba-malwettbewerb\/\" rel=\"bookmark\">RAIBA Malwettbewerb<\/a><\/strong><\/h4>\n<\/header>\n<div class=\"entry-content\">\n<p>Auch heuer nahmen die Kinder unserer Schule am traditionellen Malwettbewerd der RAIBA teil. Frau Schweighofer und Frau Soucek\u00a0 von der Bankstelle P\u00f6chlarn\u00a0kamen zur Siegerehrung\u00a0 und \u00fcberreichten die tollen Preise. Wir gratulieren den gl\u00fccklichen Siegern ganz herzlich.<\/p>\n<div id=\"gallery_1840_14\" class=\"row\">\n<div id=\"1840-image-1841\" class=\"col-xs-12 col-sm-4 col-md-4\">\n<div class=\"thumbnail\"><a href=\"https:\/\/vspoechlarn.ac.at\/wordpress\/wp-content\/uploads\/2018\/05\/DSC08274.jpg\"><img loading=\"lazy\" decoding=\"async\" class=\"attachment-large size-large\" src=\"https:\/\/vspoechlarn.ac.at\/wordpress\/wp-content\/uploads\/2018\/05\/DSC08274-1024x680.jpg\" sizes=\"auto, (max-width: 900px) 100vw, 900px\" srcset=\"https:\/\/vspoechlarn.ac.at\/wordpress\/wp-content\/uploads\/2018\/05\/DSC08274-1024x680.jpg 1024w, https:\/\/vspoechlarn.ac.at\/wordpress\/wp-content\/uploads\/2018\/05\/DSC08274-350x233.jpg 350w\" alt=\"\" width=\"900\" height=\"598\" \/><\/a><\/div>\n<\/div>\n<\/div>\n<\/div>\n<\/div>\n<\/div>\n<div class=\"panel-footer entry-meta\">\n<p><small><span class=\"loop-category\"> <a class=\"label label-primary\" href=\"https:\/\/vspoechlarn.ac.at\/wordpress\/category\/allgemein\/\">Startseite<\/a> <\/span><span style=\"font-size: small;\"> <span class=\"loop-author\"> | <span class=\"author vcard\"><a class=\"url fn n\" href=\"https:\/\/vspoechlarn.ac.at\/wordpress\/author\/wp-admin\/\">wp-admin<\/a><\/span><\/span> <span class=\"loop-date\"> | <time class=\"entry-date published updated\" datetime=\"2018-05-29T10:18:02+0200\">29. Mai 2018<\/time><\/span> | <span class=\"edit-link\"> <a class=\"post-edit-link\" href=\"https:\/\/vspoechlarn.ac.at\/wordpress\/wp-admin\/post.php?post=1840&amp;action=edit\">Bearbeiten<\/a><\/span> <\/span><\/small><\/p>\n<div class=\"clearfix\"><\/div>\n<\/div>\n<\/div>\n<\/article>\n<p><!-- #post-1840 --><\/p>\n<article id=\"post-1837\" class=\"loop_list post-1837 post type-post status-publish format-standard hentry category-allgemein\">\n<div class=\"panel panel-default\">\n<div class=\"panel-body clearfix\">\n<div class=\"fs-have-thumbnail\">\n<header class=\"entry-header\">\n<h4 class=\"entry-title\"><strong><a title=\"Permanentlink zu Erstkommunion\" href=\"https:\/\/vspoechlarn.ac.at\/wordpress\/2018\/05\/24\/erstkommunion\/\" rel=\"bookmark\">Erstkommunion<\/a><\/strong><\/h4>\n<\/header>\n<div class=\"entry-content\">\n<p>Am 10. Mai 2018 fand in P\u00f6chlarn die Hl. Erstkommunion statt. Das Motto dieser Feier war \u201eWir sind Kinder in Gottes Garten\u201c.<\/p>\n<div id=\"gallery_1837_15\" class=\"row\">\n<div id=\"1837-image-1838\" class=\"col-xs-12 col-sm-4 col-md-4\">\n<div class=\"thumbnail\"><a href=\"https:\/\/vspoechlarn.ac.at\/wordpress\/wp-content\/uploads\/2018\/05\/IMG_3816.jpg\"><img loading=\"lazy\" decoding=\"async\" class=\"attachment-large size-large\" src=\"https:\/\/vspoechlarn.ac.at\/wordpress\/wp-content\/uploads\/2018\/05\/IMG_3816-1024x683.jpg\" sizes=\"auto, (max-width: 900px) 100vw, 900px\" srcset=\"https:\/\/vspoechlarn.ac.at\/wordpress\/wp-content\/uploads\/2018\/05\/IMG_3816-1024x683.jpg 1024w, https:\/\/vspoechlarn.ac.at\/wordpress\/wp-content\/uploads\/2018\/05\/IMG_3816-350x233.jpg 350w\" alt=\"\" width=\"900\" height=\"600\" \/><\/a><\/div>\n<\/div>\n<\/div>\n<\/div>\n<\/div>\n<\/div>\n<div class=\"panel-footer entry-meta\">\n<p><small><span class=\"loop-category\"> <a class=\"label label-primary\" href=\"https:\/\/vspoechlarn.ac.at\/wordpress\/category\/allgemein\/\">Startseite<\/a> <\/span><span style=\"font-size: small;\"> <span class=\"loop-author\"> | <span class=\"author vcard\"><a class=\"url fn n\" href=\"https:\/\/vspoechlarn.ac.at\/wordpress\/author\/wp-admin\/\">wp-admin<\/a><\/span><\/span> <span class=\"loop-date\"> | <time class=\"entry-date published updated\" datetime=\"2018-05-24T12:32:27+0200\">24. Mai 2018<\/time><\/span> | <span class=\"edit-link\"> <a class=\"post-edit-link\" href=\"https:\/\/vspoechlarn.ac.at\/wordpress\/wp-admin\/post.php?post=1837&amp;action=edit\">Bearbeiten<\/a><\/span> <\/span><\/small><\/p>\n<div class=\"clearfix\"><\/div>\n<\/div>\n<\/div>\n<\/article>\n<p><!-- #post-1837 --><\/p>\n<article id=\"post-1831\" class=\"loop_list post-1831 post type-post status-publish format-standard hentry category-allgemein\">\n<div class=\"panel panel-default\">\n<div class=\"panel-body clearfix\">\n<div class=\"fs-have-thumbnail\">\n<header class=\"entry-header\">\n<h4 class=\"entry-title\"><strong><a title=\"Permanentlink zu An der Donau\" href=\"https:\/\/vspoechlarn.ac.at\/wordpress\/2018\/05\/17\/an-der-donau\/\" rel=\"bookmark\">An der Donau<\/a><\/strong><\/h4>\n<\/header>\n<div class=\"entry-content\">\n<p>Nach einem anstrengenden Vormittag genie\u00dfen die Kinder der Nachmittagsbetreuung die Spazierg\u00e4nge zur Donau.<\/p>\n<div id=\"gallery_1831_16\" class=\"row\">\n<div id=\"1831-image-1833\" class=\"col-xs-12 col-sm-4 col-md-4\">\n<div class=\"thumbnail\"><a href=\"https:\/\/vspoechlarn.ac.at\/wordpress\/wp-content\/uploads\/2018\/05\/20180504_132901-1.jpg\"><img loading=\"lazy\" decoding=\"async\" class=\"attachment-large size-large\" src=\"https:\/\/vspoechlarn.ac.at\/wordpress\/wp-content\/uploads\/2018\/05\/20180504_132901-1-1024x576.jpg\" sizes=\"auto, (max-width: 900px) 100vw, 900px\" srcset=\"https:\/\/vspoechlarn.ac.at\/wordpress\/wp-content\/uploads\/2018\/05\/20180504_132901-1-1024x576.jpg 1024w, https:\/\/vspoechlarn.ac.at\/wordpress\/wp-content\/uploads\/2018\/05\/20180504_132901-1-350x197.jpg 350w\" alt=\"\" width=\"900\" height=\"506\" \/><\/a><\/div>\n<\/div>\n<\/div>\n<\/div>\n<\/div>\n<\/div>\n<div class=\"panel-footer entry-meta\">\n<p><small><span class=\"loop-category\"> <a class=\"label label-primary\" href=\"https:\/\/vspoechlarn.ac.at\/wordpress\/category\/allgemein\/\">Startseite<\/a> <\/span><span style=\"font-size: small;\"> <span class=\"loop-author\"> | <span class=\"author vcard\"><a class=\"url fn n\" href=\"https:\/\/vspoechlarn.ac.at\/wordpress\/author\/wp-admin\/\">wp-admin<\/a><\/span><\/span> <span class=\"loop-date\"> | <time class=\"entry-date published updated\" datetime=\"2018-05-17T08:23:20+0200\">17. Mai 2018<\/time><\/span> | <span class=\"edit-link\"> <a class=\"post-edit-link\" href=\"https:\/\/vspoechlarn.ac.at\/wordpress\/wp-admin\/post.php?post=1831&amp;action=edit\">Bearbeiten<\/a><\/span> <\/span><\/small><\/p>\n<div class=\"clearfix\"><\/div>\n<\/div>\n<\/div>\n<\/article>\n<p><!-- #post-1831 --><\/p>\n<article id=\"post-1818\" class=\"loop_list post-1818 post type-post status-publish format-standard hentry category-allgemein\">\n<div class=\"panel panel-default\">\n<div class=\"panel-body clearfix\">\n<div class=\"fs-have-thumbnail\">\n<header class=\"entry-header\">\n<h4 class=\"entry-title\"><strong><a title=\"Permanentlink zu Willkommen im Stift Melk\" href=\"https:\/\/vspoechlarn.ac.at\/wordpress\/2018\/05\/11\/willkommen-in-stift-melk\/\" rel=\"bookmark\">Willkommen im Stift Melk<\/a><\/strong><\/h4>\n<\/header>\n<div class=\"entry-content\">\n<p>Diese Woche waren die beiden 4. Klassen in Stift Melk. Wir durften uns als Benediktinerm\u00f6nch verkleiden, sahen in der Bibliothek unz\u00e4hlige wundersch\u00f6ne und vor allem alte B\u00fccher und waren fasziniert von der optischen T\u00e4uschung im Marmorsaal. Es war ein traumhafter Ausflug!<\/p>\n<div id=\"gallery_1818_17\" class=\"row\">\n<div id=\"1818-image-1823\" class=\"col-xs-12 col-sm-4 col-md-4\">\n<div class=\"thumbnail\"><a href=\"https:\/\/vspoechlarn.ac.at\/wordpress\/wp-content\/uploads\/2018\/05\/20180509_082352-1.jpg\"><img loading=\"lazy\" decoding=\"async\" class=\"attachment-large size-large\" src=\"https:\/\/vspoechlarn.ac.at\/wordpress\/wp-content\/uploads\/2018\/05\/20180509_082352-1-1024x768.jpg\" sizes=\"auto, (max-width: 900px) 100vw, 900px\" srcset=\"https:\/\/vspoechlarn.ac.at\/wordpress\/wp-content\/uploads\/2018\/05\/20180509_082352-1-1024x768.jpg 1024w, https:\/\/vspoechlarn.ac.at\/wordpress\/wp-content\/uploads\/2018\/05\/20180509_082352-1-350x263.jpg 350w, https:\/\/vspoechlarn.ac.at\/wordpress\/wp-content\/uploads\/2018\/05\/20180509_082352-1.jpg 1440w\" alt=\"\" width=\"900\" height=\"675\" \/><\/a><\/div>\n<\/div>\n<div class=\"clearfix visible-sm-block\"><\/div>\n<\/div>\n<\/div>\n<\/div>\n<\/div>\n<div class=\"panel-footer entry-meta\">\n<p><small><span class=\"loop-category\"> <a class=\"label label-primary\" href=\"https:\/\/vspoechlarn.ac.at\/wordpress\/category\/allgemein\/\">Startseite<\/a> <\/span><span style=\"font-size: small;\"> <span class=\"loop-author\"> | <span class=\"author vcard\"><a class=\"url fn n\" href=\"https:\/\/vspoechlarn.ac.at\/wordpress\/author\/wp-admin\/\">wp-admin<\/a><\/span><\/span> <span class=\"loop-date\"> | <time class=\"entry-date published updated\" datetime=\"2018-05-11T07:44:25+0200\">11. Mai 2018<\/time><\/span> | <span class=\"edit-link\"> <a class=\"post-edit-link\" href=\"https:\/\/vspoechlarn.ac.at\/wordpress\/wp-admin\/post.php?post=1818&amp;action=edit\">Bearbeiten<\/a><\/span> <\/span><\/small><\/p>\n<div class=\"clearfix\"><\/div>\n<\/div>\n<\/div>\n<\/article>\n<p><!-- #post-1818 --><\/p>\n<article id=\"post-1809\" class=\"loop_list post-1809 post type-post status-publish format-standard hentry category-allgemein\">\n<div class=\"panel panel-default\">\n<div class=\"panel-body clearfix\">\n<div class=\"fs-have-thumbnail\">\n<header class=\"entry-header\">\n<h4 class=\"entry-title\"><strong><a title=\"Permanentlink zu Apollonia\" href=\"https:\/\/vspoechlarn.ac.at\/wordpress\/2018\/05\/05\/apollonia\/\" rel=\"bookmark\">Apollonia<\/a><\/strong><\/h4>\n<\/header>\n<div class=\"entry-content\">\n<p>Zum 2. Mal in diesem Schuljahr kam Kroko zu uns in die Klassen. Neben dem richtigen Z\u00e4hne putzen stand auch der Aufbau des Zahns im Mittelpunkt.<\/p>\n<div id=\"gallery_1809_18\" class=\"row\">\n<div id=\"1809-image-1810\" class=\"col-xs-12 col-sm-4 col-md-4\">\n<div class=\"thumbnail\"><a href=\"https:\/\/vspoechlarn.ac.at\/wordpress\/wp-content\/uploads\/2018\/05\/20180424_095735.jpg\"><img loading=\"lazy\" decoding=\"async\" class=\"attachment-large size-large\" src=\"https:\/\/vspoechlarn.ac.at\/wordpress\/wp-content\/uploads\/2018\/05\/20180424_095735-1024x768.jpg\" sizes=\"auto, (max-width: 900px) 100vw, 900px\" srcset=\"https:\/\/vspoechlarn.ac.at\/wordpress\/wp-content\/uploads\/2018\/05\/20180424_095735-1024x768.jpg 1024w, https:\/\/vspoechlarn.ac.at\/wordpress\/wp-content\/uploads\/2018\/05\/20180424_095735-350x263.jpg 350w, https:\/\/vspoechlarn.ac.at\/wordpress\/wp-content\/uploads\/2018\/05\/20180424_095735.jpg 1440w\" alt=\"\" width=\"900\" height=\"675\" \/><\/a><\/div>\n<\/div>\n<\/div>\n<\/div>\n<\/div>\n<\/div>\n<div class=\"panel-footer entry-meta\">\n<p><small><span class=\"loop-category\"> <a class=\"label label-primary\" href=\"https:\/\/vspoechlarn.ac.at\/wordpress\/category\/allgemein\/\">Startseite<\/a> <\/span><span style=\"font-size: small;\"> <span class=\"loop-author\"> | <span class=\"author vcard\"><a class=\"url fn n\" href=\"https:\/\/vspoechlarn.ac.at\/wordpress\/author\/wp-admin\/\">wp-admin<\/a><\/span><\/span> <span class=\"loop-date\"> | <time class=\"entry-date published updated\" datetime=\"2018-05-05T21:10:13+0200\">5. Mai 2018<\/time><\/span> | <span class=\"edit-link\"> <a class=\"post-edit-link\" href=\"https:\/\/vspoechlarn.ac.at\/wordpress\/wp-admin\/post.php?post=1809&amp;action=edit\">Bearbeiten<\/a><\/span> <\/span><\/small><\/p>\n<div class=\"clearfix\"><\/div>\n<\/div>\n<\/div>\n<\/article>\n<p><!-- #post-1809 --><\/p>\n<article id=\"post-1802\" class=\"loop_list post-1802 post type-post status-publish format-standard hentry category-allgemein\">\n<div class=\"panel panel-default\">\n<div class=\"panel-body clearfix\">\n<div class=\"fs-have-thumbnail\">\n<header class=\"entry-header\">\n<h4 class=\"entry-title\"><strong><a title=\"Permanentlink zu Figuren nach Otmar Alt\" href=\"https:\/\/vspoechlarn.ac.at\/wordpress\/2018\/05\/05\/figuren-nach-otmar-alt\/\" rel=\"bookmark\">Figuren nach Otmar Alt<\/a><\/strong><\/h4>\n<\/header>\n<div class=\"entry-content\">\n<p>Die Sch\u00fclerinnen und Sch\u00fcler der 4b gestalteten wundersch\u00f6ne Figuren nach dem K\u00fcnstler Otmar Alt.<\/p>\n<div id=\"gallery_1802_19\" class=\"row\">\n<div id=\"1802-image-1807\" class=\"col-xs-12 col-sm-4 col-md-4\">\n<div class=\"thumbnail\"><a href=\"https:\/\/vspoechlarn.ac.at\/wordpress\/wp-content\/uploads\/2018\/05\/20180504_072244-1.jpg\"><img loading=\"lazy\" decoding=\"async\" class=\"attachment-large size-large\" src=\"https:\/\/vspoechlarn.ac.at\/wordpress\/wp-content\/uploads\/2018\/05\/20180504_072244-1-1024x768.jpg\" sizes=\"auto, (max-width: 900px) 100vw, 900px\" srcset=\"https:\/\/vspoechlarn.ac.at\/wordpress\/wp-content\/uploads\/2018\/05\/20180504_072244-1-1024x768.jpg 1024w, https:\/\/vspoechlarn.ac.at\/wordpress\/wp-content\/uploads\/2018\/05\/20180504_072244-1-350x263.jpg 350w, https:\/\/vspoechlarn.ac.at\/wordpress\/wp-content\/uploads\/2018\/05\/20180504_072244-1.jpg 1440w\" alt=\"\" width=\"900\" height=\"675\" \/><\/a><\/div>\n<\/div>\n<div class=\"clearfix visible-sm-block\"><\/div>\n<\/div>\n<\/div>\n<\/div>\n<\/div>\n<div class=\"panel-footer entry-meta\">\n<p><small><span class=\"loop-category\"> <a class=\"label label-primary\" href=\"https:\/\/vspoechlarn.ac.at\/wordpress\/category\/allgemein\/\">Startseite<\/a> <\/span><span style=\"font-size: small;\"> <span class=\"loop-author\"> | <span class=\"author vcard\"><a class=\"url fn n\" href=\"https:\/\/vspoechlarn.ac.at\/wordpress\/author\/wp-admin\/\">wp-admin<\/a><\/span><\/span> <span class=\"loop-date\"> | <time class=\"entry-date published updated\" datetime=\"2018-05-05T21:05:12+0200\">5. Mai 2018<\/time><\/span> | <span class=\"edit-link\"> <a class=\"post-edit-link\" href=\"https:\/\/vspoechlarn.ac.at\/wordpress\/wp-admin\/post.php?post=1802&amp;action=edit\">Bearbeiten<\/a><\/span> <\/span><\/small><\/p>\n<div class=\"clearfix\"><\/div>\n<\/div>\n<\/div>\n<\/article>\n<p><!-- #post-1802 --><\/p>\n<article id=\"post-1799\" class=\"loop_list post-1799 post type-post status-publish format-standard hentry category-allgemein\">\n<div class=\"panel panel-default\">\n<div class=\"panel-body clearfix\">\n<div class=\"fs-have-thumbnail\">\n<header class=\"entry-header\">\n<h4 class=\"entry-title\"><strong><a title=\"Permanentlink zu Sumsi \u2013 Erima Cup 2018\" href=\"https:\/\/vspoechlarn.ac.at\/wordpress\/2018\/05\/05\/sumsi-erima-cup-2018\/\" rel=\"bookmark\">Sumsi \u2013 Erima Cup 2018<\/a><\/strong><\/h4>\n<\/header>\n<div class=\"entry-content\">\n<p>Auch in diesem Jahr waren Sch\u00fcler der 4. Klassen in Melk beim Sumsi-Erima Cup. Die Burschen k\u00e4mpften wie die L\u00f6wen und belegten schlussendlich den 17. Platz. Die Buskosten \u00fcbernahm wieder einmal unser Elternverein. Danke!<\/p>\n<div id=\"gallery_1799_20\" class=\"row\">\n<div id=\"1799-image-1800\" class=\"col-xs-12 col-sm-4 col-md-4\">\n<div class=\"thumbnail\"><a href=\"https:\/\/vspoechlarn.ac.at\/wordpress\/wp-content\/uploads\/2018\/05\/IMG-20180503-WA0006.jpg\"><img loading=\"lazy\" decoding=\"async\" class=\"attachment-large size-large\" src=\"https:\/\/vspoechlarn.ac.at\/wordpress\/wp-content\/uploads\/2018\/05\/IMG-20180503-WA0006-1024x477.jpg\" sizes=\"auto, (max-width: 900px) 100vw, 900px\" srcset=\"https:\/\/vspoechlarn.ac.at\/wordpress\/wp-content\/uploads\/2018\/05\/IMG-20180503-WA0006-1024x477.jpg 1024w, https:\/\/vspoechlarn.ac.at\/wordpress\/wp-content\/uploads\/2018\/05\/IMG-20180503-WA0006-350x163.jpg 350w, https:\/\/vspoechlarn.ac.at\/wordpress\/wp-content\/uploads\/2018\/05\/IMG-20180503-WA0006.jpg 1441w\" alt=\"\" width=\"900\" height=\"419\" \/><\/a><\/div>\n<\/div>\n<div class=\"clearfix visible-sm-block\"><\/div>\n<\/div>\n<p>&nbsp;<\/p>\n<\/div>\n<\/div>\n<\/div>\n<div class=\"panel-footer entry-meta\">\n<p><small><span class=\"loop-category\"> <a class=\"label label-primary\" href=\"https:\/\/vspoechlarn.ac.at\/wordpress\/category\/allgemein\/\">Startseite<\/a> <\/span><span style=\"font-size: small;\"> <span class=\"loop-author\"> | <span class=\"author vcard\"><a class=\"url fn n\" href=\"https:\/\/vspoechlarn.ac.at\/wordpress\/author\/wp-admin\/\">wp-admin<\/a><\/span><\/span> <span class=\"loop-date\"> | <time class=\"entry-date published updated\" datetime=\"2018-05-05T20:26:50+0200\">5. Mai 2018<\/time><\/span> | <span class=\"edit-link\"> <a class=\"post-edit-link\" href=\"https:\/\/vspoechlarn.ac.at\/wordpress\/wp-admin\/post.php?post=1799&amp;action=edit\">Bearbeiten<\/a><\/span> <\/span><\/small><\/p>\n<div class=\"clearfix\"><\/div>\n<\/div>\n<\/div>\n<\/article>\n<p><!-- #post-1799 --><\/p>\n<article id=\"post-1790\" class=\"loop_list post-1790 post type-post status-publish format-standard hentry category-allgemein\">\n<div class=\"panel panel-default\">\n<div class=\"panel-body clearfix\">\n<div class=\"fs-have-thumbnail\">\n<header class=\"entry-header\">\n<h4 class=\"entry-title\"><strong><a title=\"Permanentlink zu Schlossparkpflege\" href=\"https:\/\/vspoechlarn.ac.at\/wordpress\/2018\/04\/19\/schlossparkpflege\/\" rel=\"bookmark\">Schlossparkpflege<\/a><\/strong><\/h4>\n<\/header>\n<div class=\"entry-content\">\n<p>Die S\u00e4uberung des Schlossparks durch Sch\u00fclerInnen der VS P\u00f6chlarn bleibt nicht unbeachtet. Frau Ilse D\u00f6rflinger hat sich auch heuer wieder so sehr \u00fcber diesen freiwilligen Einsatz gefreut, dass sie die flei\u00dfigen Kinder mit Schnitten und einem Dankschreiben belohnte. Wir finden das toll!<\/p>\n<div id=\"gallery_1790_21\" class=\"row\">\n<div id=\"1790-image-1792\" class=\"col-xs-12 col-sm-4 col-md-4\">\n<div class=\"thumbnail\"><a href=\"https:\/\/vspoechlarn.ac.at\/wordpress\/wp-content\/uploads\/2018\/04\/DSC08222-1.jpg\"><img loading=\"lazy\" decoding=\"async\" class=\"attachment-large size-large\" src=\"https:\/\/vspoechlarn.ac.at\/wordpress\/wp-content\/uploads\/2018\/04\/DSC08222-1-1024x680.jpg\" sizes=\"auto, (max-width: 900px) 100vw, 900px\" srcset=\"https:\/\/vspoechlarn.ac.at\/wordpress\/wp-content\/uploads\/2018\/04\/DSC08222-1-1024x680.jpg 1024w, https:\/\/vspoechlarn.ac.at\/wordpress\/wp-content\/uploads\/2018\/04\/DSC08222-1-350x233.jpg 350w\" alt=\"\" width=\"900\" height=\"598\" \/><\/a><\/div>\n<\/div>\n<\/div>\n<\/div>\n<\/div>\n<\/div>\n<div class=\"panel-footer entry-meta\">\n<p><small><span class=\"loop-category\"> <a class=\"label label-primary\" href=\"https:\/\/vspoechlarn.ac.at\/wordpress\/category\/allgemein\/\">Startseite<\/a> <\/span><span style=\"font-size: small;\"> <span class=\"loop-author\"> | <span class=\"author vcard\"><a class=\"url fn n\" href=\"https:\/\/vspoechlarn.ac.at\/wordpress\/author\/wp-admin\/\">wp-admin<\/a><\/span><\/span> <span class=\"loop-date\"> | <time class=\"entry-date published updated\" datetime=\"2018-04-19T09:36:10+0200\">19. April 2018<\/time><\/span> | <span class=\"edit-link\"> <a class=\"post-edit-link\" href=\"https:\/\/vspoechlarn.ac.at\/wordpress\/wp-admin\/post.php?post=1790&amp;action=edit\">Bearbeiten<\/a><\/span> <\/span><\/small><\/p>\n<div class=\"clearfix\"><\/div>\n<\/div>\n<\/div>\n<\/article>\n<p><!-- #post-1790 --><\/p>\n<article id=\"post-1784\" class=\"loop_list post-1784 post type-post status-publish format-standard hentry category-allgemein\">\n<div class=\"panel panel-default\">\n<div class=\"panel-body clearfix\">\n<div class=\"fs-have-thumbnail\">\n<header class=\"entry-header\">\n<h4 class=\"entry-title\"><strong><a title=\"Permanentlink zu Vizelandesmeister im Volksschulschach\" href=\"https:\/\/vspoechlarn.ac.at\/wordpress\/2018\/04\/13\/vizelandesmeister-im-volksschulschach\/\" rel=\"bookmark\">Vizelandesmeister im Volksschulschach<\/a><\/strong><\/h4>\n<\/header>\n<div class=\"entry-content\">\n<p>Einen sensationellen 2. Platz erreichte die Mannschaft P\u00f6chlarn 1 am letzten Mittwoch im Geb\u00e4ude des N\u00d6 Landesschulrates in St. P\u00f6lten beim Landesfinale im Volksschulschach. Rene Reichenauer, Rifat Eralp, Valentin Neulinger und Kilian Gruber mussten sich nur den Dauerlandesmeistern aus der VS Eggenburg knapp geschlagen geben. P\u00f6chlarn 2 mit Tobias Komarek, Manuel D\u00f6rflinger, Matthias Me\u00dfner, Marie Strau\u00df und Yeliz \u00dcnsal landete auf dem ebenfalls hervorragenden Platz 5.<\/p>\n<div id=\"gallery_1784_22\" class=\"row\">\n<div id=\"1784-image-1785\" class=\"col-xs-12 col-sm-4 col-md-4\">\n<div class=\"thumbnail\"><a href=\"https:\/\/vspoechlarn.ac.at\/wordpress\/wp-content\/uploads\/2018\/04\/SAM_1082.jpg\"><img loading=\"lazy\" decoding=\"async\" class=\"attachment-large size-large\" src=\"https:\/\/vspoechlarn.ac.at\/wordpress\/wp-content\/uploads\/2018\/04\/SAM_1082-1024x916.jpg\" sizes=\"auto, (max-width: 900px) 100vw, 900px\" srcset=\"https:\/\/vspoechlarn.ac.at\/wordpress\/wp-content\/uploads\/2018\/04\/SAM_1082-1024x916.jpg 1024w, https:\/\/vspoechlarn.ac.at\/wordpress\/wp-content\/uploads\/2018\/04\/SAM_1082-336x300.jpg 336w, https:\/\/vspoechlarn.ac.at\/wordpress\/wp-content\/uploads\/2018\/04\/SAM_1082.jpg 1208w\" alt=\"\" width=\"900\" height=\"805\" \/><\/a><\/div>\n<\/div>\n<div id=\"1784-image-1786\" class=\"col-xs-12 col-sm-4 col-md-4\">\n<div class=\"thumbnail\"><a href=\"https:\/\/vspoechlarn.ac.at\/wordpress\/wp-content\/uploads\/2018\/04\/SAM_1091.jpg\"><img loading=\"lazy\" decoding=\"async\" class=\"attachment-large size-large\" src=\"https:\/\/vspoechlarn.ac.at\/wordpress\/wp-content\/uploads\/2018\/04\/SAM_1091-1024x768.jpg\" sizes=\"auto, (max-width: 900px) 100vw, 900px\" srcset=\"https:\/\/vspoechlarn.ac.at\/wordpress\/wp-content\/uploads\/2018\/04\/SAM_1091-1024x768.jpg 1024w, https:\/\/vspoechlarn.ac.at\/wordpress\/wp-content\/uploads\/2018\/04\/SAM_1091-350x263.jpg 350w, https:\/\/vspoechlarn.ac.at\/wordpress\/wp-content\/uploads\/2018\/04\/SAM_1091.jpg 1440w\" alt=\"\" width=\"900\" height=\"675\" \/><\/a><\/div>\n<\/div>\n<div class=\"clearfix visible-sm-block\"><\/div>\n<\/div>\n<p>Ein herzliches Dankesch\u00f6n ergeht an dieser Stelle wieder einmal an Herrn Ing. Robert Gattermayer f\u00fcr seine gro\u00dfartige Unterst\u00fctzung.<\/p>\n<\/div>\n<\/div>\n<\/div>\n<div class=\"panel-footer entry-meta\">\n<p><small><span class=\"loop-category\"> <a class=\"label label-primary\" href=\"https:\/\/vspoechlarn.ac.at\/wordpress\/category\/allgemein\/\">Startseite<\/a> <\/span><span style=\"font-size: small;\"> <span class=\"loop-author\"> | <span class=\"author vcard\"><a class=\"url fn n\" href=\"https:\/\/vspoechlarn.ac.at\/wordpress\/author\/wp-admin\/\">wp-admin<\/a><\/span><\/span> <span class=\"loop-date\"> | <time class=\"entry-date published updated\" datetime=\"2018-04-13T08:52:19+0200\">13. April 2018<\/time><\/span> | <span class=\"edit-link\"> <a class=\"post-edit-link\" href=\"https:\/\/vspoechlarn.ac.at\/wordpress\/wp-admin\/post.php?post=1784&amp;action=edit\">Bearbeiten<\/a><\/span> <\/span><\/small><\/p>\n<div class=\"clearfix\"><\/div>\n<\/div>\n<\/div>\n<\/article>\n<p><!-- #post-1784 --><\/p>\n<article id=\"post-1780\" class=\"loop_list post-1780 post type-post status-publish format-standard hentry category-allgemein\">\n<div class=\"panel panel-default\">\n<div class=\"panel-body clearfix\">\n<div class=\"fs-have-thumbnail\">\n<header class=\"entry-header\">\n<h4 class=\"entry-title\"><strong><a title=\"Permanentlink zu Besuch im Rathaus\" href=\"https:\/\/vspoechlarn.ac.at\/wordpress\/2018\/04\/07\/besuch-im-rathaus\/\" rel=\"bookmark\">Besuch im Rathaus<\/a><\/strong><\/h4>\n<\/header>\n<div class=\"entry-content\">\n<p>Am 21. M\u00e4rz wurden die 3. Klassen ins Rathaus eingeladen. Unser B\u00fcrgermeister Franz Heisler f\u00fchrte uns durch das Geb\u00e4ude. Im Sitzungssaal durften die Kinder dem B\u00fcrgermeister Fragen stellen. Zum Abschluss bekam jedes Kind ein Osterei.<\/p>\n<div id=\"gallery_1780_23\" class=\"row\">\n<div id=\"1780-image-1777\" class=\"col-xs-12 col-sm-4 col-md-4\">\n<div class=\"thumbnail\"><a href=\"https:\/\/vspoechlarn.ac.at\/wordpress\/wp-content\/uploads\/2018\/04\/IMG-20180406-WA0003.jpg\"><img loading=\"lazy\" decoding=\"async\" class=\"attachment-large size-large\" src=\"https:\/\/vspoechlarn.ac.at\/wordpress\/wp-content\/uploads\/2018\/04\/IMG-20180406-WA0003-1024x576.jpg\" sizes=\"auto, (max-width: 900px) 100vw, 900px\" srcset=\"https:\/\/vspoechlarn.ac.at\/wordpress\/wp-content\/uploads\/2018\/04\/IMG-20180406-WA0003-1024x576.jpg 1024w, https:\/\/vspoechlarn.ac.at\/wordpress\/wp-content\/uploads\/2018\/04\/IMG-20180406-WA0003-350x197.jpg 350w, https:\/\/vspoechlarn.ac.at\/wordpress\/wp-content\/uploads\/2018\/04\/IMG-20180406-WA0003.jpg 1600w\" alt=\"\" width=\"900\" height=\"506\" \/><\/a><\/div>\n<\/div>\n<\/div>\n<\/div>\n<\/div>\n<\/div>\n<div class=\"panel-footer entry-meta\">\n<p><small><span class=\"loop-category\"> <a class=\"label label-primary\" href=\"https:\/\/vspoechlarn.ac.at\/wordpress\/category\/allgemein\/\">Startseite<\/a> <\/span><span style=\"font-size: small;\"> <span class=\"loop-author\"> | <span class=\"author vcard\"><a class=\"url fn n\" href=\"https:\/\/vspoechlarn.ac.at\/wordpress\/author\/wp-admin\/\">wp-admin<\/a><\/span><\/span> <span class=\"loop-date\"> | <time class=\"entry-date published updated\" datetime=\"2018-04-07T10:25:23+0200\">7. April 2018<\/time><\/span> | <span class=\"edit-link\"> <a class=\"post-edit-link\" href=\"https:\/\/vspoechlarn.ac.at\/wordpress\/wp-admin\/post.php?post=1780&amp;action=edit\">Bearbeiten<\/a><\/span> <\/span><\/small><\/p>\n<div class=\"clearfix\"><\/div>\n<\/div>\n<\/div>\n<\/article>\n<p><!-- #post-1780 --><\/p>\n<article id=\"post-1773\" class=\"loop_list post-1773 post type-post status-publish format-standard hentry category-allgemein\">\n<div class=\"panel panel-default\">\n<div class=\"panel-body clearfix\">\n<div class=\"fs-have-thumbnail\">\n<header class=\"entry-header\">\n<h4 class=\"entry-title\"><strong><a title=\"Permanentlink zu Hallo Auto!\" href=\"https:\/\/vspoechlarn.ac.at\/wordpress\/2018\/04\/07\/hallo-auto\/\" rel=\"bookmark\">Hallo Auto!<\/a><\/strong><\/h4>\n<\/header>\n<div class=\"entry-content\">\n<p>Auch heuer nahmen die 3. Klassen am Projekt \u201eHallo Auto\u201c teil. Den Kindern wurde gezeigt, wie lange der Anhalteweg bei trockener bzw. nasser Fahrbahn ist. Jedes Kind durfte dann mit dem speziellen Auto mitfahren und selbst bremsen. So konnten die Kinder den Bremsweg erfahren.<\/p>\n<div id=\"gallery_1773_24\" class=\"row\">\n<div id=\"1773-image-1774\" class=\"col-xs-12 col-sm-4 col-md-4\">\n<div class=\"thumbnail\"><a href=\"https:\/\/vspoechlarn.ac.at\/wordpress\/wp-content\/uploads\/2018\/04\/IMG-20180406-WA0002.jpg\"><img loading=\"lazy\" decoding=\"async\" class=\"attachment-large size-large\" src=\"https:\/\/vspoechlarn.ac.at\/wordpress\/wp-content\/uploads\/2018\/04\/IMG-20180406-WA0002-768x1024.jpg\" sizes=\"auto, (max-width: 768px) 100vw, 768px\" srcset=\"https:\/\/vspoechlarn.ac.at\/wordpress\/wp-content\/uploads\/2018\/04\/IMG-20180406-WA0002-768x1024.jpg 768w, https:\/\/vspoechlarn.ac.at\/wordpress\/wp-content\/uploads\/2018\/04\/IMG-20180406-WA0002-225x300.jpg 225w, https:\/\/vspoechlarn.ac.at\/wordpress\/wp-content\/uploads\/2018\/04\/IMG-20180406-WA0002.jpg 810w\" alt=\"\" width=\"768\" height=\"1024\" \/><\/a><\/div>\n<\/div>\n<\/div>\n<\/div>\n<\/div>\n<\/div>\n<div class=\"panel-footer entry-meta\">\n<p><small><span class=\"loop-category\"> <a class=\"label label-primary\" href=\"https:\/\/vspoechlarn.ac.at\/wordpress\/category\/allgemein\/\">Startseite<\/a> <\/span><span style=\"font-size: small;\"> <span class=\"loop-author\"> | <span class=\"author vcard\"><a class=\"url fn n\" href=\"https:\/\/vspoechlarn.ac.at\/wordpress\/author\/wp-admin\/\">wp-admin<\/a><\/span><\/span> <span class=\"loop-date\"> | <time class=\"entry-date published updated\" datetime=\"2018-04-07T10:06:34+0200\">7. April 2018<\/time><\/span> | <span class=\"edit-link\"> <a class=\"post-edit-link\" href=\"https:\/\/vspoechlarn.ac.at\/wordpress\/wp-admin\/post.php?post=1773&amp;action=edit\">Bearbeiten<\/a><\/span> <\/span><\/small><\/p>\n<div class=\"clearfix\"><\/div>\n<\/div>\n<\/div>\n<\/article>\n<p><!-- #post-1773 --><\/p>\n<article id=\"post-1769\" class=\"loop_list post-1769 post type-post status-publish format-standard hentry category-allgemein\">\n<div class=\"panel panel-default\">\n<div class=\"panel-body clearfix\">\n<div class=\"fs-have-thumbnail\">\n<header class=\"entry-header\">\n<h4 class=\"entry-title\"><strong><a title=\"Permanentlink zu EVN\" href=\"https:\/\/vspoechlarn.ac.at\/wordpress\/2018\/04\/05\/evn\/\" rel=\"bookmark\">EVN<\/a><\/strong><\/h4>\n<\/header>\n<div class=\"entry-content\">\n<p>Ein herzliches Dankesch\u00f6n an Herrn Hans Hofmarcher, der in beiden 4. Klassen jeweils 2 Unterrichtseinheiten zum Thema Strom und seine Gefahren gehalten hat.<\/p>\n<div id=\"gallery_1769_25\" class=\"row\">\n<div id=\"1769-image-1770\" class=\"col-xs-12 col-sm-4 col-md-4\">\n<div class=\"thumbnail\"><a href=\"https:\/\/vspoechlarn.ac.at\/wordpress\/wp-content\/uploads\/2018\/04\/DSC08177.jpg\"><img loading=\"lazy\" decoding=\"async\" class=\"attachment-large size-large\" src=\"https:\/\/vspoechlarn.ac.at\/wordpress\/wp-content\/uploads\/2018\/04\/DSC08177-1024x680.jpg\" sizes=\"auto, (max-width: 900px) 100vw, 900px\" srcset=\"https:\/\/vspoechlarn.ac.at\/wordpress\/wp-content\/uploads\/2018\/04\/DSC08177-1024x680.jpg 1024w, https:\/\/vspoechlarn.ac.at\/wordpress\/wp-content\/uploads\/2018\/04\/DSC08177-350x233.jpg 350w\" alt=\"\" width=\"900\" height=\"598\" \/><\/a><\/div>\n<\/div>\n<div id=\"1769-image-1776\" class=\"col-xs-12 col-sm-4 col-md-4\">\n<div class=\"thumbnail\"><a href=\"https:\/\/vspoechlarn.ac.at\/wordpress\/wp-content\/uploads\/2018\/04\/20180308_121334.jpg\"><img loading=\"lazy\" decoding=\"async\" class=\"attachment-large size-large\" src=\"https:\/\/vspoechlarn.ac.at\/wordpress\/wp-content\/uploads\/2018\/04\/20180308_121334-1024x832.jpg\" sizes=\"auto, (max-width: 900px) 100vw, 900px\" srcset=\"https:\/\/vspoechlarn.ac.at\/wordpress\/wp-content\/uploads\/2018\/04\/20180308_121334-1024x832.jpg 1024w, https:\/\/vspoechlarn.ac.at\/wordpress\/wp-content\/uploads\/2018\/04\/20180308_121334-350x284.jpg 350w, https:\/\/vspoechlarn.ac.at\/wordpress\/wp-content\/uploads\/2018\/04\/20180308_121334.jpg 1330w\" alt=\"\" width=\"900\" height=\"731\" \/><\/a><\/div>\n<\/div>\n<div class=\"clearfix visible-sm-block\"><\/div>\n<\/div>\n<\/div>\n<\/div>\n<\/div>\n<div class=\"panel-footer entry-meta\">\n<p><small><span class=\"loop-category\"> <a class=\"label label-primary\" href=\"https:\/\/vspoechlarn.ac.at\/wordpress\/category\/allgemein\/\">Startseite<\/a> <\/span><span style=\"font-size: small;\"> <span class=\"loop-author\"> | <span class=\"author vcard\"><a class=\"url fn n\" href=\"https:\/\/vspoechlarn.ac.at\/wordpress\/author\/wp-admin\/\">wp-admin<\/a><\/span><\/span> <span class=\"loop-date\"> | <time class=\"entry-date published updated\" datetime=\"2018-04-05T11:28:18+0200\">5. April 2018<\/time><\/span> | <span class=\"edit-link\"> <a class=\"post-edit-link\" href=\"https:\/\/vspoechlarn.ac.at\/wordpress\/wp-admin\/post.php?post=1769&amp;action=edit\">Bearbeiten<\/a><\/span> <\/span><\/small><\/p>\n<div class=\"clearfix\"><\/div>\n<\/div>\n<\/div>\n<\/article>\n<p><!-- #post-1769 --><\/p>\n<article id=\"post-1757\" class=\"loop_list post-1757 post type-post status-publish format-standard hentry category-allgemein\">\n<div class=\"panel panel-default\">\n<div class=\"panel-body clearfix\">\n<div class=\"fs-have-thumbnail\">\n<header class=\"entry-header\">\n<h4 class=\"entry-title\"><strong><a title=\"Permanentlink zu Skiprofis unterwegs!\" href=\"https:\/\/vspoechlarn.ac.at\/wordpress\/2018\/03\/21\/skiprofis-unterwegs\/\" rel=\"bookmark\">Skiprofis unterwegs!<\/a><\/strong><\/h4>\n<\/header>\n<div class=\"entry-content\">\n<p>Am 13.3.2018 fuhren 47 Kinder der 3. und 4. Klassen der VS P\u00f6chlarn auf das Hochkar. Begleitet wurden sie von den Lehrerinnen Beatrix Haberhauer und Nicole Krahofer. F\u00fcr die gro\u00dfartige Unterst\u00fctzung durch engagierte Eltern bedanken wir uns herzlich. Bei herrlichem Wetter stellten die Kinder mit Freude ihr K\u00f6nnen unter Beweis.<\/p>\n<div id=\"gallery_1757_26\" class=\"row\">\n<div id=\"1757-image-1760\" class=\"col-xs-12 col-sm-4 col-md-4\">\n<div class=\"thumbnail\"><a href=\"https:\/\/vspoechlarn.ac.at\/wordpress\/wp-content\/uploads\/2018\/03\/IMG_20180313_112009.jpg\"><img loading=\"lazy\" decoding=\"async\" class=\"attachment-large size-large\" src=\"https:\/\/vspoechlarn.ac.at\/wordpress\/wp-content\/uploads\/2018\/03\/IMG_20180313_112009-1024x768.jpg\" sizes=\"auto, (max-width: 900px) 100vw, 900px\" srcset=\"https:\/\/vspoechlarn.ac.at\/wordpress\/wp-content\/uploads\/2018\/03\/IMG_20180313_112009-1024x768.jpg 1024w, https:\/\/vspoechlarn.ac.at\/wordpress\/wp-content\/uploads\/2018\/03\/IMG_20180313_112009-350x263.jpg 350w, https:\/\/vspoechlarn.ac.at\/wordpress\/wp-content\/uploads\/2018\/03\/IMG_20180313_112009.jpg 1440w\" alt=\"\" width=\"900\" height=\"675\" \/><\/a><\/div>\n<\/div>\n<div class=\"clearfix visible-sm-block\"><\/div>\n<div class=\"clearfix visible-md-block visible-lg-block\"><\/div>\n<\/div>\n<\/div>\n<\/div>\n<\/div>\n<div class=\"panel-footer entry-meta\">\n<p><small><span class=\"loop-category\"> <a class=\"label label-primary\" href=\"https:\/\/vspoechlarn.ac.at\/wordpress\/category\/allgemein\/\">Startseite<\/a> <\/span><span style=\"font-size: small;\"> <span class=\"loop-author\"> | <span class=\"author vcard\"><a class=\"url fn n\" href=\"https:\/\/vspoechlarn.ac.at\/wordpress\/author\/wp-admin\/\">wp-admin<\/a><\/span><\/span> <span class=\"loop-date\"> | <time class=\"entry-date published updated\" datetime=\"2018-03-21T07:34:27+0200\">21. M\u00e4rz 2018<\/time><\/span> | <span class=\"edit-link\"> <a class=\"post-edit-link\" href=\"https:\/\/vspoechlarn.ac.at\/wordpress\/wp-admin\/post.php?post=1757&amp;action=edit\">Bearbeiten<\/a><\/span> <\/span><\/small><\/p>\n<div class=\"clearfix\"><\/div>\n<\/div>\n<\/div>\n<\/article>\n<p><!-- #post-1757 --><\/p>\n<article id=\"post-1744\" class=\"loop_list post-1744 post type-post status-publish format-standard hentry category-allgemein\">\n<div class=\"panel panel-default\">\n<div class=\"panel-body clearfix\">\n<div class=\"fs-have-thumbnail\">\n<header class=\"entry-header\">\n<h4 class=\"entry-title\"><strong><a title=\"Permanentlink zu Mostviertler Volksschulmeisterschaft, P\u00f6chlarn 14.3.2018\" href=\"https:\/\/vspoechlarn.ac.at\/wordpress\/2018\/03\/15\/mostviertler-volksschulmeisterschaft-poechlarn-14-3-2018\/\" rel=\"bookmark\">Mostviertler Volksschulmeisterschaft, P\u00f6chlarn 14.3.2018<\/a><\/strong><\/h4>\n<\/header>\n<div class=\"entry-content\">\n<p>Ganz hervorragend schlugen sich die Mannschaften der VS P\u00f6chlarn beim Schachturnier in P\u00f6chlarn. P\u00f6chlarn 1 siegte vor P\u00f6chlarn 2 und Eichgraben 1. Auf den R\u00e4ngen folgten P\u00f6chlarn 3, Gablitz, P\u00f6chlarn 4, Eichgraben 2 und P\u00f6chlarn 5. P\u00f6chlarn 1 und P\u00f6chlarn 2 haben sich damit auch f\u00fcr das Landesfinale in St. P\u00f6lten qualifiziert.<\/p>\n<div id=\"gallery_1744_27\" class=\"row\">\n<div id=\"1744-image-1746\" class=\"col-xs-12 col-sm-3 col-md-3\">\n<div class=\"thumbnail\"><a href=\"https:\/\/vspoechlarn.ac.at\/wordpress\/wp-content\/uploads\/2018\/03\/DSC08174.jpg\"><img loading=\"lazy\" decoding=\"async\" class=\"attachment-large size-large\" src=\"https:\/\/vspoechlarn.ac.at\/wordpress\/wp-content\/uploads\/2018\/03\/DSC08174-680x1024.jpg\" sizes=\"auto, (max-width: 680px) 100vw, 680px\" srcset=\"https:\/\/vspoechlarn.ac.at\/wordpress\/wp-content\/uploads\/2018\/03\/DSC08174-680x1024.jpg 680w, https:\/\/vspoechlarn.ac.at\/wordpress\/wp-content\/uploads\/2018\/03\/DSC08174-199x300.jpg 199w, https:\/\/vspoechlarn.ac.at\/wordpress\/wp-content\/uploads\/2018\/03\/DSC08174.jpg 717w\" alt=\"\" width=\"680\" height=\"1024\" \/><\/a><\/div>\n<\/div>\n<div class=\"clearfix visible-sm-block\"><\/div>\n<div class=\"clearfix visible-sm-block\"><\/div>\n<div class=\"clearfix visible-md-block visible-lg-block\"><\/div>\n<\/div>\n<\/div>\n<\/div>\n<\/div>\n<div class=\"panel-footer entry-meta\">\n<p><small><span class=\"loop-category\"> <a class=\"label label-primary\" href=\"https:\/\/vspoechlarn.ac.at\/wordpress\/category\/allgemein\/\">Startseite<\/a> <\/span><span style=\"font-size: small;\"> <span class=\"loop-author\"> | <span class=\"author vcard\"><a class=\"url fn n\" href=\"https:\/\/vspoechlarn.ac.at\/wordpress\/author\/wp-admin\/\">wp-admin<\/a><\/span><\/span> <span class=\"loop-date\"> | <time class=\"entry-date published updated\" datetime=\"2018-03-15T10:36:44+0200\">15. M\u00e4rz 2018<\/time><\/span> | <span class=\"edit-link\"> <a class=\"post-edit-link\" href=\"https:\/\/vspoechlarn.ac.at\/wordpress\/wp-admin\/post.php?post=1744&amp;action=edit\">Bearbeiten<\/a><\/span> <\/span><\/small><\/p>\n<div class=\"clearfix\"><\/div>\n<\/div>\n<\/div>\n<\/article>\n<p><!-- #post-1744 --><\/p>\n<article id=\"post-1738\" class=\"loop_list post-1738 post type-post status-publish format-standard hentry category-allgemein\">\n<div class=\"panel panel-default\">\n<div class=\"panel-body clearfix\">\n<div class=\"fs-have-thumbnail\">\n<header class=\"entry-header\">\n<h4 class=\"entry-title\"><strong><a title=\"Permanentlink zu 34. Schulschachtag Mostviertel\" href=\"https:\/\/vspoechlarn.ac.at\/wordpress\/2018\/03\/09\/34-schulschachtag-mostviertel\/\" rel=\"bookmark\">34. Schulschachtag Mostviertel<\/a><\/strong><\/h4>\n<\/header>\n<div class=\"entry-content\">\n<p>Am diesj\u00e4hrigen M\u00e4dchenturnier im Schulschach konnten wir leider nur 3 Spielerinnen (4er Mannschaft) stellen. Umso h\u00f6her ist das Abschneiden gegen die 14 j\u00e4hrigen M\u00e4dchen des BG\/BRG Purkersdorf zu werten. Sophie Forsthofer, Marie Strau\u00df und Yeliz \u00dcnsal mussten sich nur knapp 3:5 geschlagen geben. Wir gratulieren ganz herzlich zur tollen Leistung! (8.3.2018)<\/p>\n<div id=\"gallery_1738_28\" class=\"row\">\n<div id=\"1738-image-1739\" class=\"col-xs-12 col-sm-4 col-md-4\">\n<div class=\"thumbnail\"><a href=\"https:\/\/vspoechlarn.ac.at\/wordpress\/wp-content\/uploads\/2018\/03\/IMG_5331.jpg\"><img loading=\"lazy\" decoding=\"async\" class=\"attachment-large size-large\" src=\"https:\/\/vspoechlarn.ac.at\/wordpress\/wp-content\/uploads\/2018\/03\/IMG_5331.jpg\" sizes=\"auto, (max-width: 640px) 100vw, 640px\" srcset=\"https:\/\/vspoechlarn.ac.at\/wordpress\/wp-content\/uploads\/2018\/03\/IMG_5331.jpg 640w, https:\/\/vspoechlarn.ac.at\/wordpress\/wp-content\/uploads\/2018\/03\/IMG_5331-350x263.jpg 350w\" alt=\"\" width=\"640\" height=\"480\" \/><\/a><\/div>\n<\/div>\n<div class=\"clearfix visible-sm-block\"><\/div>\n<\/div>\n<\/div>\n<\/div>\n<\/div>\n<div class=\"panel-footer entry-meta\">\n<p><small><span class=\"loop-category\"> <a class=\"label label-primary\" href=\"https:\/\/vspoechlarn.ac.at\/wordpress\/category\/allgemein\/\">Startseite<\/a> <\/span><span style=\"font-size: small;\"> <span class=\"loop-author\"> | <span class=\"author vcard\"><a class=\"url fn n\" href=\"https:\/\/vspoechlarn.ac.at\/wordpress\/author\/wp-admin\/\">wp-admin<\/a><\/span><\/span> <span class=\"loop-date\"> | <time class=\"entry-date published updated\" datetime=\"2018-03-09T13:35:56+0200\">9. M\u00e4rz 2018<\/time><\/span> | <span class=\"edit-link\"> <a class=\"post-edit-link\" href=\"https:\/\/vspoechlarn.ac.at\/wordpress\/wp-admin\/post.php?post=1738&amp;action=edit\">Bearbeiten<\/a><\/span> <\/span><\/small><\/p>\n<div class=\"clearfix\"><\/div>\n<\/div>\n<\/div>\n<\/article>\n<p><!-- #post-1738 --><\/p>\n<article id=\"post-1728\" class=\"loop_list post-1728 post type-post status-publish format-standard hentry category-allgemein\">\n<div class=\"panel panel-default\">\n<div class=\"panel-body clearfix\">\n<div class=\"fs-have-thumbnail\">\n<header class=\"entry-header\">\n<h4 class=\"entry-title\"><strong><a title=\"Permanentlink zu DANKESCH\u00d6N von den 4. Klassen\" href=\"https:\/\/vspoechlarn.ac.at\/wordpress\/2018\/02\/22\/dankeschoen-von-den-4-klassen\/\" rel=\"bookmark\">DANKESCH\u00d6N von den 4. Klassen<\/a><\/strong><\/h4>\n<\/header>\n<div class=\"entry-content\">\n<p>Die beiden 4. Klassen m\u00f6chten sich auf diesem Wege beim ELTERNVEREIN sehr herzlich f\u00fcr die gesamte Finanzierung des Mfm-Projekts bedanken!<\/p>\n<div id=\"gallery_1728_29\" class=\"row\">\n<div id=\"1728-image-1729\" class=\"col-xs-12 col-sm-4 col-md-4\">\n<div class=\"thumbnail\"><a href=\"https:\/\/vspoechlarn.ac.at\/wordpress\/wp-content\/uploads\/2018\/02\/mfm.jpg\"><img loading=\"lazy\" decoding=\"async\" class=\"attachment-large size-large\" src=\"https:\/\/vspoechlarn.ac.at\/wordpress\/wp-content\/uploads\/2018\/02\/mfm.jpg\" sizes=\"auto, (max-width: 602px) 100vw, 602px\" srcset=\"https:\/\/vspoechlarn.ac.at\/wordpress\/wp-content\/uploads\/2018\/02\/mfm.jpg 602w, https:\/\/vspoechlarn.ac.at\/wordpress\/wp-content\/uploads\/2018\/02\/mfm-350x177.jpg 350w\" alt=\"\" width=\"602\" height=\"304\" \/><\/a><\/div>\n<\/div>\n<\/div>\n<\/div>\n<\/div>\n<\/div>\n<div class=\"panel-footer entry-meta\">\n<p><small><span class=\"loop-category\"> <a class=\"label label-primary\" href=\"https:\/\/vspoechlarn.ac.at\/wordpress\/category\/allgemein\/\">Startseite<\/a> <\/span><span style=\"font-size: small;\"> <span class=\"loop-author\"> | <span class=\"author vcard\"><a class=\"url fn n\" href=\"https:\/\/vspoechlarn.ac.at\/wordpress\/author\/wp-admin\/\">wp-admin<\/a><\/span><\/span> <span class=\"loop-date\"> | <time class=\"entry-date published updated\" datetime=\"2018-02-22T10:49:04+0200\">22. Februar 2018<\/time><\/span> | <span class=\"edit-link\"> <a class=\"post-edit-link\" href=\"https:\/\/vspoechlarn.ac.at\/wordpress\/wp-admin\/post.php?post=1728&amp;action=edit\">Bearbeiten<\/a><\/span> <\/span><\/small><\/p>\n<div class=\"clearfix\"><\/div>\n<\/div>\n<\/div>\n<\/article>\n<p><!-- #post-1728 --><\/p>\n<article id=\"post-1721\" class=\"loop_list post-1721 post type-post status-publish format-standard hentry category-allgemein\">\n<div class=\"panel panel-default\">\n<div class=\"panel-body clearfix\">\n<div class=\"fs-have-thumbnail\">\n<header class=\"entry-header\">\n<h4 class=\"entry-title\"><strong><a title=\"Permanentlink zu Blick &amp; Klick\" href=\"https:\/\/vspoechlarn.ac.at\/wordpress\/2018\/02\/22\/blick-klick\/\" rel=\"bookmark\">Blick &amp; Klick<\/a><\/strong><\/h4>\n<\/header>\n<div class=\"entry-content\">\n<p>Auch heuer gab es f\u00fcr die Kinder der beiden 1. Klassen ein ganz besonderes Verkehrssicherheitstraining. Dabei wurde mit Instrukteuren vom \u00d6AMTC speziell das \u00dcberqueren von Stra\u00dfen und das richtige Anschnallen im Auto trainiert.<\/p>\n<div id=\"gallery_1721_30\" class=\"row\">\n<div class=\"clearfix visible-sm-block\"><\/div>\n<div class=\"clearfix visible-md-block visible-lg-block\"><\/div>\n<\/div>\n<\/div>\n<\/div>\n<\/div>\n<div class=\"panel-footer entry-meta\">\n<p><small><span class=\"loop-category\"> <a class=\"label label-primary\" href=\"https:\/\/vspoechlarn.ac.at\/wordpress\/category\/allgemein\/\">Startseite<\/a> <\/span><span style=\"font-size: small;\"> <span class=\"loop-author\"> | <span class=\"author vcard\"><a class=\"url fn n\" href=\"https:\/\/vspoechlarn.ac.at\/wordpress\/author\/wp-admin\/\">wp-admin<\/a><\/span><\/span> <span class=\"loop-date\"> | <time class=\"entry-date published updated\" datetime=\"2018-02-22T09:07:00+0200\">22. Februar 2018<\/time><\/span> | <span class=\"edit-link\"> <a class=\"post-edit-link\" href=\"https:\/\/vspoechlarn.ac.at\/wordpress\/wp-admin\/post.php?post=1721&amp;action=edit\">Bearbeiten<\/a><\/span> <\/span><\/small><\/p>\n<div class=\"clearfix\"><\/div>\n<\/div>\n<\/div>\n<\/article>\n<p><!-- #post-1721 --><\/p>\n<article id=\"post-1713\" class=\"loop_list post-1713 post type-post status-publish format-standard hentry category-allgemein\">\n<div class=\"panel panel-default\">\n<div class=\"panel-body clearfix\">\n<div class=\"fs-have-thumbnail\">\n<header class=\"entry-header\">\n<h4 class=\"entry-title\"><strong><a title=\"Permanentlink zu Fasching\" href=\"https:\/\/vspoechlarn.ac.at\/wordpress\/2018\/02\/14\/fasching\/\" rel=\"bookmark\">Fasching<\/a><\/strong><\/h4>\n<\/header>\n<div class=\"entry-content\">\n<p>Am Faschingdienstag fand man bei uns an der Schule wundersch\u00f6ne Prinzessinnen, lustige Clowns und gruselige Gestalten. Beim Elternverein m\u00f6chten wir uns ganz herzlich f\u00fcr die Krapfenspende bedanken \u2013 es hat uns allen sehr geschmeckt.<\/p>\n<div id=\"gallery_1713_31\" class=\"row\">\n<div id=\"1713-image-1714\" class=\"col-xs-12 col-sm-3 col-md-3\">\n<div class=\"thumbnail\"><a href=\"https:\/\/vspoechlarn.ac.at\/wordpress\/wp-content\/uploads\/2018\/02\/DSC08140.jpg\"><img loading=\"lazy\" decoding=\"async\" class=\"attachment-large size-large\" src=\"https:\/\/vspoechlarn.ac.at\/wordpress\/wp-content\/uploads\/2018\/02\/DSC08140-680x1024.jpg\" sizes=\"auto, (max-width: 680px) 100vw, 680px\" srcset=\"https:\/\/vspoechlarn.ac.at\/wordpress\/wp-content\/uploads\/2018\/02\/DSC08140-680x1024.jpg 680w, https:\/\/vspoechlarn.ac.at\/wordpress\/wp-content\/uploads\/2018\/02\/DSC08140-199x300.jpg 199w, https:\/\/vspoechlarn.ac.at\/wordpress\/wp-content\/uploads\/2018\/02\/DSC08140.jpg 717w\" alt=\"\" width=\"680\" height=\"1024\" \/><\/a><\/div>\n<\/div>\n<div id=\"1713-image-1715\" class=\"col-xs-12 col-sm-3 col-md-3\">\n<div class=\"thumbnail\"><a href=\"https:\/\/vspoechlarn.ac.at\/wordpress\/wp-content\/uploads\/2018\/02\/DSC08143.jpg\"><img loading=\"lazy\" decoding=\"async\" class=\"attachment-large size-large\" src=\"https:\/\/vspoechlarn.ac.at\/wordpress\/wp-content\/uploads\/2018\/02\/DSC08143-680x1024.jpg\" sizes=\"auto, (max-width: 680px) 100vw, 680px\" srcset=\"https:\/\/vspoechlarn.ac.at\/wordpress\/wp-content\/uploads\/2018\/02\/DSC08143-680x1024.jpg 680w, https:\/\/vspoechlarn.ac.at\/wordpress\/wp-content\/uploads\/2018\/02\/DSC08143-199x300.jpg 199w, https:\/\/vspoechlarn.ac.at\/wordpress\/wp-content\/uploads\/2018\/02\/DSC08143.jpg 717w\" alt=\"\" width=\"680\" height=\"1024\" \/><\/a><\/div>\n<\/div>\n<div class=\"clearfix visible-sm-block\"><\/div>\n<div class=\"clearfix visible-sm-block\"><\/div>\n<div class=\"clearfix visible-md-block visible-lg-block\"><\/div>\n<\/div>\n<\/div>\n<\/div>\n<\/div>\n<div class=\"panel-footer entry-meta\">\n<p><small><span class=\"loop-category\"> <a class=\"label label-primary\" href=\"https:\/\/vspoechlarn.ac.at\/wordpress\/category\/allgemein\/\">Startseite<\/a> <\/span><span style=\"font-size: small;\"> <span class=\"loop-author\"> | <span class=\"author vcard\"><a class=\"url fn n\" href=\"https:\/\/vspoechlarn.ac.at\/wordpress\/author\/wp-admin\/\">wp-admin<\/a><\/span><\/span> <span class=\"loop-date\"> | <time class=\"entry-date published updated\" datetime=\"2018-02-14T12:33:30+0200\">14. Februar 2018<\/time><\/span> | <span class=\"edit-link\"> <a class=\"post-edit-link\" href=\"https:\/\/vspoechlarn.ac.at\/wordpress\/wp-admin\/post.php?post=1713&amp;action=edit\">Bearbeiten<\/a><\/span> <\/span><\/small><\/p>\n<div class=\"clearfix\"><\/div>\n<\/div>\n<\/div>\n<\/article>\n<p><!-- #post-1713 --><\/p>\n<article id=\"post-1703\" class=\"loop_list post-1703 post type-post status-publish format-standard hentry category-allgemein\">\n<div class=\"panel panel-default\">\n<div class=\"panel-body clearfix\">\n<div class=\"fs-have-thumbnail\">\n<header class=\"entry-header\">\n<h4 class=\"entry-title\"><strong><a title=\"Permanentlink zu Arktis\" href=\"https:\/\/vspoechlarn.ac.at\/wordpress\/2018\/01\/29\/arktis\/\" rel=\"bookmark\">Arktis<\/a><\/strong><\/h4>\n<\/header>\n<div class=\"entry-content\">\n<p>In der 4b wird es arktisch kalt. Die Sch\u00fclerinnen und Sch\u00fcler gestalten ein Lapbook zum Thema Arktis. Die Kinder lernen von den Inuit, den Tieren und dem Lebensraum.<\/p>\n<div id=\"gallery_1703_32\" class=\"row\">\n<div id=\"1703-image-1705\" class=\"col-xs-12 col-sm-4 col-md-4\">\n<div class=\"thumbnail\"><a href=\"https:\/\/vspoechlarn.ac.at\/wordpress\/wp-content\/uploads\/2018\/01\/20180117_081628.jpg\"><img loading=\"lazy\" decoding=\"async\" class=\"attachment-large size-large\" src=\"https:\/\/vspoechlarn.ac.at\/wordpress\/wp-content\/uploads\/2018\/01\/20180117_081628-1024x768.jpg\" sizes=\"auto, (max-width: 900px) 100vw, 900px\" srcset=\"https:\/\/vspoechlarn.ac.at\/wordpress\/wp-content\/uploads\/2018\/01\/20180117_081628-1024x768.jpg 1024w, https:\/\/vspoechlarn.ac.at\/wordpress\/wp-content\/uploads\/2018\/01\/20180117_081628-350x263.jpg 350w, https:\/\/vspoechlarn.ac.at\/wordpress\/wp-content\/uploads\/2018\/01\/20180117_081628.jpg 1440w\" alt=\"\" width=\"900\" height=\"675\" \/><\/a><\/div>\n<\/div>\n<div id=\"1703-image-1708\" class=\"col-xs-12 col-sm-4 col-md-4\">\n<div class=\"thumbnail\"><a href=\"https:\/\/vspoechlarn.ac.at\/wordpress\/wp-content\/uploads\/2018\/01\/20180117_081727-1.jpg\"><img loading=\"lazy\" decoding=\"async\" class=\"attachment-large size-large\" src=\"https:\/\/vspoechlarn.ac.at\/wordpress\/wp-content\/uploads\/2018\/01\/20180117_081727-1-1024x768.jpg\" sizes=\"auto, (max-width: 900px) 100vw, 900px\" srcset=\"https:\/\/vspoechlarn.ac.at\/wordpress\/wp-content\/uploads\/2018\/01\/20180117_081727-1-1024x768.jpg 1024w, https:\/\/vspoechlarn.ac.at\/wordpress\/wp-content\/uploads\/2018\/01\/20180117_081727-1-350x263.jpg 350w, https:\/\/vspoechlarn.ac.at\/wordpress\/wp-content\/uploads\/2018\/01\/20180117_081727-1.jpg 1440w\" alt=\"\" width=\"900\" height=\"675\" \/><\/a><\/div>\n<\/div>\n<div class=\"clearfix visible-sm-block\"><\/div>\n<div class=\"clearfix visible-md-block visible-lg-block\"><\/div>\n<\/div>\n<\/div>\n<\/div>\n<\/div>\n<div class=\"panel-footer entry-meta\">\n<p><small><span class=\"loop-category\"> <a class=\"label label-primary\" href=\"https:\/\/vspoechlarn.ac.at\/wordpress\/category\/allgemein\/\">Startseite<\/a> <\/span><span style=\"font-size: small;\"> <span class=\"loop-author\"> | <span class=\"author vcard\"><a class=\"url fn n\" href=\"https:\/\/vspoechlarn.ac.at\/wordpress\/author\/wp-admin\/\">wp-admin<\/a><\/span><\/span> <span class=\"loop-date\"> | <time class=\"entry-date published updated\" datetime=\"2018-01-29T13:49:38+0200\">29. Januar 2018<\/time><\/span> | <span class=\"edit-link\"> <a class=\"post-edit-link\" href=\"https:\/\/vspoechlarn.ac.at\/wordpress\/wp-admin\/post.php?post=1703&amp;action=edit\">Bearbeiten<\/a><\/span> <\/span><\/small><\/p>\n<div class=\"clearfix\"><\/div>\n<\/div>\n<\/div>\n<\/article>\n<p><!-- #post-1703 --><\/p>\n<article id=\"post-1696\" class=\"loop_list post-1696 post type-post status-publish format-standard hentry category-allgemein\">\n<div class=\"panel panel-default\">\n<div class=\"panel-body clearfix\">\n<div class=\"fs-have-thumbnail\">\n<header class=\"entry-header\">\n<h4 class=\"entry-title\"><strong><a title=\"Permanentlink zu Team Sieberer \u201eDer Wolf und die 6 Gei\u00dflein\u201c\" href=\"https:\/\/vspoechlarn.ac.at\/wordpress\/2018\/01\/25\/team-sieberer-der-wolf-und-die-6-geisslein\/\" rel=\"bookmark\">Team Sieberer \u201eDer Wolf und die 6 Gei\u00dflein\u201c<\/a><\/strong><\/h4>\n<\/header>\n<div class=\"entry-content\">\n<p>Ganz herzlich m\u00f6chten wir uns wieder beim Elternverein bedanken f\u00fcr die Finanzierung des Mitmachtheaters von Paul Sieberer. In diesem Jahr stand das Theater \u201eDer Wolf und die 6 Gei\u00dflein\u201c am Programm. Es sollte den Kindern vermittelt werden, dass sie nicht jedem vorbehaltlos vertrauen sollen und dass sie sich Gedanken dar\u00fcber machen, welche Dinge sie wirklich brauchen um gl\u00fccklich zu sein.<\/p>\n<div id=\"gallery_1696_33\" class=\"row\">\n<div id=\"1696-image-1697\" class=\"col-xs-12 col-sm-4 col-md-4\">\n<div class=\"thumbnail\"><a href=\"https:\/\/vspoechlarn.ac.at\/wordpress\/wp-content\/uploads\/2018\/01\/DSC08106.jpg\"><img loading=\"lazy\" decoding=\"async\" class=\"attachment-large size-large\" src=\"https:\/\/vspoechlarn.ac.at\/wordpress\/wp-content\/uploads\/2018\/01\/DSC08106-1024x680.jpg\" sizes=\"auto, (max-width: 900px) 100vw, 900px\" srcset=\"https:\/\/vspoechlarn.ac.at\/wordpress\/wp-content\/uploads\/2018\/01\/DSC08106-1024x680.jpg 1024w, https:\/\/vspoechlarn.ac.at\/wordpress\/wp-content\/uploads\/2018\/01\/DSC08106-350x233.jpg 350w\" alt=\"\" width=\"900\" height=\"598\" \/><\/a><\/div>\n<\/div>\n<div id=\"1696-image-1700\" class=\"col-xs-12 col-sm-4 col-md-4\">\n<div class=\"thumbnail\"><a href=\"https:\/\/vspoechlarn.ac.at\/wordpress\/wp-content\/uploads\/2018\/01\/DSC08119-1.jpg\"><img loading=\"lazy\" decoding=\"async\" class=\"attachment-large size-large\" src=\"https:\/\/vspoechlarn.ac.at\/wordpress\/wp-content\/uploads\/2018\/01\/DSC08119-1-1024x680.jpg\" sizes=\"auto, (max-width: 900px) 100vw, 900px\" srcset=\"https:\/\/vspoechlarn.ac.at\/wordpress\/wp-content\/uploads\/2018\/01\/DSC08119-1-1024x680.jpg 1024w, https:\/\/vspoechlarn.ac.at\/wordpress\/wp-content\/uploads\/2018\/01\/DSC08119-1-350x233.jpg 350w\" alt=\"\" width=\"900\" height=\"598\" \/><\/a><\/div>\n<\/div>\n<div class=\"clearfix visible-sm-block\"><\/div>\n<\/div>\n<\/div>\n<\/div>\n<\/div>\n<div class=\"panel-footer entry-meta\">\n<p><small><span class=\"loop-category\"> <a class=\"label label-primary\" href=\"https:\/\/vspoechlarn.ac.at\/wordpress\/category\/allgemein\/\">Startseite<\/a> <\/span><span style=\"font-size: small;\"> <span class=\"loop-author\"> | <span class=\"author vcard\"><a class=\"url fn n\" href=\"https:\/\/vspoechlarn.ac.at\/wordpress\/author\/wp-admin\/\">wp-admin<\/a><\/span><\/span> <span class=\"loop-date\"> | <time class=\"entry-date published updated\" datetime=\"2018-01-25T11:05:32+0200\">25. Januar 2018<\/time><\/span> | <span class=\"edit-link\"> <a class=\"post-edit-link\" href=\"https:\/\/vspoechlarn.ac.at\/wordpress\/wp-admin\/post.php?post=1696&amp;action=edit\">Bearbeiten<\/a><\/span> <\/span><\/small><\/p>\n<div class=\"clearfix\"><\/div>\n<\/div>\n<\/div>\n<\/article>\n<p><!-- #post-1696 --><\/p>\n<article id=\"post-1679\" class=\"loop_list post-1679 post type-post status-publish format-standard hentry category-allgemein\">\n<div class=\"panel panel-default\">\n<div class=\"panel-body clearfix\">\n<div class=\"fs-have-thumbnail\">\n<header class=\"entry-header\">\n<h4 class=\"entry-title\"><strong><a title=\"Permanentlink zu Weihnachtsfeier\" href=\"https:\/\/vspoechlarn.ac.at\/wordpress\/2018\/01\/08\/weihnachtsfeier\/\" rel=\"bookmark\">Weihnachtsfeier<\/a><\/strong><\/h4>\n<\/header>\n<div class=\"entry-content\">\n<p>Zur diesj\u00e4hrigen Weihnachtsfeier durften wir neben ca. 200 Eltern und Verwandten auch Herrn B\u00fcrgermeister Franz Heisler und Herrn Stadtrat Gerald Albrecht begr\u00fc\u00dfen.<\/p>\n<p>Die Lehrerinnen hatten daf\u00fcr mit den Kindern ein Programm einstudiert, mit dem wir unsere G\u00e4ste\u00a0 ein wenig auf die Weihnacht einstimmen wollten. Lieder, T\u00e4nze, Besinnliches, englische Texte und selbstgeschriebene Theaterst\u00fccke kamen zur Auff\u00fchrung.<\/p>\n<p>Au\u00dferdem wurde Frau SR VOL Irene Komarek offiziell in den Ruhestand verabschiedet.<\/p>\n<p>Im Anschluss lud unser Elternverein zum Punsch.<\/p>\n<div id=\"gallery_1679_34\" class=\"row\">\n<div id=\"1679-image-1681\" class=\"col-xs-12 col-sm-4 col-md-4\">\n<div class=\"thumbnail\"><a href=\"https:\/\/vspoechlarn.ac.at\/wordpress\/wp-content\/uploads\/2018\/01\/2017-12-22_11.00.26_Matthias_Komarek.jpg\"><img loading=\"lazy\" decoding=\"async\" class=\"attachment-large size-large\" src=\"https:\/\/vspoechlarn.ac.at\/wordpress\/wp-content\/uploads\/2018\/01\/2017-12-22_11.00.26_Matthias_Komarek-1024x683.jpg\" sizes=\"auto, (max-width: 900px) 100vw, 900px\" srcset=\"https:\/\/vspoechlarn.ac.at\/wordpress\/wp-content\/uploads\/2018\/01\/2017-12-22_11.00.26_Matthias_Komarek-1024x683.jpg 1024w, https:\/\/vspoechlarn.ac.at\/wordpress\/wp-content\/uploads\/2018\/01\/2017-12-22_11.00.26_Matthias_Komarek-350x233.jpg 350w\" alt=\"\" width=\"900\" height=\"600\" \/><\/a><\/div>\n<\/div>\n<div class=\"clearfix visible-sm-block\"><\/div>\n<div class=\"clearfix visible-md-block visible-lg-block\"><\/div>\n<div class=\"clearfix visible-sm-block\"><\/div>\n<div class=\"clearfix visible-md-block visible-lg-block\"><\/div>\n<div class=\"clearfix visible-sm-block\">\n<\/div>\n<\/div>\n<\/div>\n<\/div>\n<\/div>\n<div class=\"panel-footer entry-meta\">\n<p><small><span class=\"loop-category\"> <a class=\"label label-primary\" href=\"https:\/\/vspoechlarn.ac.at\/wordpress\/category\/allgemein\/\">Startseite<\/a> <\/span><span style=\"font-size: small;\"> <span class=\"loop-author\"> | <span class=\"author vcard\"><a class=\"url fn n\" href=\"https:\/\/vspoechlarn.ac.at\/wordpress\/author\/wp-admin\/\">wp-admin<\/a><\/span><\/span> <span class=\"loop-date\"> | <time class=\"entry-date published updated\" datetime=\"2018-01-08T14:15:08+0200\">8. Januar 2018<\/time><\/span> | <span class=\"edit-link\"> <a class=\"post-edit-link\" href=\"https:\/\/vspoechlarn.ac.at\/wordpress\/wp-admin\/post.php?post=1679&amp;action=edit\">Bearbeiten<\/a><\/span> <\/span><\/small><\/p>\n<div class=\"clearfix\"><\/div>\n<\/div>\n<\/div>\n<\/article>\n<p><!-- #post-1679 --><\/p>\n<article id=\"post-1675\" class=\"loop_list post-1675 post type-post status-publish format-standard hentry category-allgemein\">\n<div class=\"panel panel-default\">\n<div class=\"panel-body clearfix\">\n<div class=\"fs-have-thumbnail\">\n<header class=\"entry-header\">\n<h4 class=\"entry-title\"><strong><a title=\"Permanentlink zu Schachturnier\" href=\"https:\/\/vspoechlarn.ac.at\/wordpress\/2018\/01\/07\/schachturnier\/\" rel=\"bookmark\">Schachturnier<\/a><\/strong><\/h4>\n<\/header>\n<div class=\"entry-content\">\n<div dir=\"ltr\">\n<div style=\"font-family: 'Calibri'; font-size: 12pt;\">\n<div>\n<p>Im Rahmen unserer unverbindlichen \u00dcbung Schach, die nun das 2. Jahr an unserer Volksschule in Kooperation mit Herrn Ing. Robert Gattermayer abgehalten wird, wurde in den letzten Monaten von 22 Sch\u00fclerinnen und Sch\u00fclern der 2.,3. und 4. Klassen intensiv um Punkte bei unserem Herbst-Winter-Turnier gek\u00e4mpft. Unter Anleitung des Schachprofis wurden die Neuanf\u00e4nger mit dem Spiel vertraut gemacht, w\u00e4hrend die Fortgeschrittenen ihr K\u00f6nnen im Verlauf des Turniers immer mehr steigerten.<\/p>\n<p>Letztendlich gab es einen knappen Sieg f\u00fcr Kilian Gruber, der sich erst am 20.12. im Stechen gegen Alexander Strau\u00df durchsetzen konnte. Auf dem 3. Platz landete Manuel D\u00f6rflinger. Bei der Siegerehrung gab es auch heuer wieder f\u00fcr alle Kinder tolle Preise, die Herr Ing. Gattermayer in den Wochen zuvor zusammengetragen hatte. Ich gratuliere an dieser Stelle ganz herzlich allen Kindern, die mit enormen Willen, Konzentration und Ausdauer an diesem Turnier teilgenommen haben, zu ihren Leistungen und m\u00f6chte mich ganz besonders bei unserem Schachprofi, Herrn Ing. Robert Gattermayer, f\u00fcr seine grandiose Unterst\u00fctzung, f\u00fcr die er einen Gro\u00dfteil seiner Freizeit opfert, bedanken.<\/p>\n<div id=\"gallery_1675_35\" class=\"row\">\n<div id=\"1675-image-1677\" class=\"col-xs-12 col-sm-4 col-md-4\">\n<div class=\"thumbnail\"><a href=\"https:\/\/vspoechlarn.ac.at\/wordpress\/wp-content\/uploads\/2018\/01\/DSC08088.jpg\"><img loading=\"lazy\" decoding=\"async\" class=\"attachment-large size-large\" src=\"https:\/\/vspoechlarn.ac.at\/wordpress\/wp-content\/uploads\/2018\/01\/DSC08088-1024x680.jpg\" sizes=\"auto, (max-width: 900px) 100vw, 900px\" srcset=\"https:\/\/vspoechlarn.ac.at\/wordpress\/wp-content\/uploads\/2018\/01\/DSC08088-1024x680.jpg 1024w, https:\/\/vspoechlarn.ac.at\/wordpress\/wp-content\/uploads\/2018\/01\/DSC08088-350x233.jpg 350w\" alt=\"\" width=\"900\" height=\"598\" \/><\/a><\/div>\n<\/div>\n<div class=\"clearfix visible-sm-block\"><\/div>\n<\/div>\n<\/div>\n<\/div>\n<\/div>\n<\/div>\n<\/div>\n<\/div>\n<div class=\"panel-footer entry-meta\">\n<p><small><span class=\"loop-category\"> <a class=\"label label-primary\" href=\"https:\/\/vspoechlarn.ac.at\/wordpress\/category\/allgemein\/\">Startseite<\/a> <\/span><span style=\"font-size: small;\"> <span class=\"loop-author\"> | <span class=\"author vcard\"><a class=\"url fn n\" href=\"https:\/\/vspoechlarn.ac.at\/wordpress\/author\/wp-admin\/\">wp-admin<\/a><\/span><\/span> <span class=\"loop-date\"> | <time class=\"entry-date published updated\" datetime=\"2018-01-07T08:24:16+0200\">7. Januar 2018<\/time><\/span> | <span class=\"edit-link\"> <a class=\"post-edit-link\" href=\"https:\/\/vspoechlarn.ac.at\/wordpress\/wp-admin\/post.php?post=1675&amp;action=edit\">Bearbeiten<\/a><\/span> <\/span><\/small><\/p>\n<div class=\"clearfix\"><\/div>\n<\/div>\n<\/div>\n<\/article>\n<p><!-- #post-1675 --><\/p>\n<article id=\"post-1669\" class=\"loop_list post-1669 post type-post status-publish format-standard hentry category-allgemein\">\n<div class=\"panel panel-default\">\n<div class=\"panel-body clearfix\">\n<div class=\"fs-have-thumbnail\">\n<header class=\"entry-header\">\n<h4 class=\"entry-title\"><strong><a title=\"Permanentlink zu 2018 2018 2018\" href=\"https:\/\/vspoechlarn.ac.at\/wordpress\/2017\/12\/29\/2018-2018-2018\/\" rel=\"bookmark\">2018 2018 2018<\/a><\/strong><\/h4>\n<\/header>\n<div class=\"entry-content\">\n<p>Das gesamte Team der VS P\u00f6chlarn w\u00fcnscht einen guten Start ins neue Jahr.<\/p>\n<p>&nbsp;<\/p>\n<\/div>\n<\/div>\n<\/div>\n<div class=\"panel-footer entry-meta\">\n<p><small><span class=\"loop-category\"> <a class=\"label label-primary\" href=\"https:\/\/vspoechlarn.ac.at\/wordpress\/category\/allgemein\/\">Startseite<\/a> <\/span><span style=\"font-size: small;\"> <span class=\"loop-author\"> | <span class=\"author vcard\"><a class=\"url fn n\" href=\"https:\/\/vspoechlarn.ac.at\/wordpress\/author\/wp-admin\/\">wp-admin<\/a><\/span><\/span> <span class=\"loop-date\"> | <time class=\"entry-date published updated\" datetime=\"2017-12-29T11:00:35+0200\">29. Dezember 2017<\/time><\/span> | <span class=\"edit-link\"> <a class=\"post-edit-link\" href=\"https:\/\/vspoechlarn.ac.at\/wordpress\/wp-admin\/post.php?post=1669&amp;action=edit\">Bearbeiten<\/a><\/span> <\/span><\/small><\/p>\n<div class=\"clearfix\"><\/div>\n<\/div>\n<\/div>\n<\/article>\n<p><!-- #post-1669 --><\/p>\n<article id=\"post-1659\" class=\"loop_list post-1659 post type-post status-publish format-standard hentry category-allgemein\">\n<div class=\"panel panel-default\">\n<div class=\"panel-body clearfix\">\n<div class=\"fs-have-thumbnail\">\n<header class=\"entry-header\">\n<h4 class=\"entry-title\"><strong><a title=\"Permanentlink zu Die kleine Hexe\" href=\"https:\/\/vspoechlarn.ac.at\/wordpress\/2017\/12\/12\/die-kleine-hexe\/\" rel=\"bookmark\">Die kleine Hexe<\/a><\/strong><\/h4>\n<\/header>\n<div class=\"entry-content\">\n<p>Heute waren die Kinder der Vkl, der 1a, der 1b und der 2a in St. P\u00f6lten und durften eine Vorstellung von \u201eDie kleine Hexe\u201c im Landestheater N\u00d6 besuchen. Sichtlich begeistert waren alle sogar von der Darbietung in der Pause. (6.12.2017)<\/p>\n<div id=\"gallery_1659_36\" class=\"row\">\n<div id=\"1659-image-1662\" class=\"col-xs-12 col-sm-4 col-md-4\">\n<div class=\"thumbnail\"><a href=\"https:\/\/vspoechlarn.ac.at\/wordpress\/wp-content\/uploads\/2017\/12\/IMG_5058-1.jpg\"><img loading=\"lazy\" decoding=\"async\" class=\"attachment-large size-large\" src=\"https:\/\/vspoechlarn.ac.at\/wordpress\/wp-content\/uploads\/2017\/12\/IMG_5058-1-1024x768.jpg\" sizes=\"auto, (max-width: 900px) 100vw, 900px\" srcset=\"https:\/\/vspoechlarn.ac.at\/wordpress\/wp-content\/uploads\/2017\/12\/IMG_5058-1-1024x768.jpg 1024w, https:\/\/vspoechlarn.ac.at\/wordpress\/wp-content\/uploads\/2017\/12\/IMG_5058-1-350x263.jpg 350w, https:\/\/vspoechlarn.ac.at\/wordpress\/wp-content\/uploads\/2017\/12\/IMG_5058-1.jpg 1440w\" alt=\"\" width=\"900\" height=\"675\" \/><\/a><\/div>\n<\/div>\n<div class=\"clearfix visible-sm-block\"><\/div>\n<\/div>\n<p>&nbsp;<\/p>\n<\/div>\n<\/div>\n<\/div>\n<div class=\"panel-footer entry-meta\">\n<p><small><span class=\"loop-category\"> <a class=\"label label-primary\" href=\"https:\/\/vspoechlarn.ac.at\/wordpress\/category\/allgemein\/\">Startseite<\/a> <\/span><span style=\"font-size: small;\"> <span class=\"loop-author\"> | <span class=\"author vcard\"><a class=\"url fn n\" href=\"https:\/\/vspoechlarn.ac.at\/wordpress\/author\/wp-admin\/\">wp-admin<\/a><\/span><\/span> <span class=\"loop-date\"> | <time class=\"entry-date published updated\" datetime=\"2017-12-12T12:15:24+0200\">12. Dezember 2017<\/time><\/span> | <span class=\"edit-link\"> <a class=\"post-edit-link\" href=\"https:\/\/vspoechlarn.ac.at\/wordpress\/wp-admin\/post.php?post=1659&amp;action=edit\">Bearbeiten<\/a><\/span> <\/span><\/small><\/p>\n<div class=\"clearfix\"><\/div>\n<\/div>\n<\/div>\n<\/article>\n<p><!-- #post-1659 --><\/p>\n<article id=\"post-1655\" class=\"loop_list post-1655 post type-post status-publish format-standard hentry category-allgemein\">\n<div class=\"panel panel-default\">\n<div class=\"panel-body clearfix\">\n<div class=\"fs-have-thumbnail\">\n<header class=\"entry-header\">\n<h4 class=\"entry-title\"><strong><a title=\"Permanentlink zu Kreativer Advent\" href=\"https:\/\/vspoechlarn.ac.at\/wordpress\/2017\/12\/12\/kreativer-advent\/\" rel=\"bookmark\">Kreativer Advent<\/a><\/strong><\/h4>\n<\/header>\n<div class=\"entry-content\">\n<p>Auch in der Nachmittagsbetreuung wird flei\u00dfig gebastelt!<\/p>\n<div id=\"gallery_1655_37\" class=\"row\">\n<div id=\"1655-image-1656\" class=\"col-xs-12 col-sm-4 col-md-4\">\n<div class=\"thumbnail\"><a href=\"https:\/\/vspoechlarn.ac.at\/wordpress\/wp-content\/uploads\/2017\/12\/20171211_115815-e1513074005270.jpg\"><img loading=\"lazy\" decoding=\"async\" class=\"attachment-large size-large\" src=\"https:\/\/vspoechlarn.ac.at\/wordpress\/wp-content\/uploads\/2017\/12\/20171211_115815-e1513074005270-1024x576.jpg\" sizes=\"auto, (max-width: 900px) 100vw, 900px\" srcset=\"https:\/\/vspoechlarn.ac.at\/wordpress\/wp-content\/uploads\/2017\/12\/20171211_115815-e1513074005270-1024x576.jpg 1024w, https:\/\/vspoechlarn.ac.at\/wordpress\/wp-content\/uploads\/2017\/12\/20171211_115815-e1513074005270-350x197.jpg 350w\" alt=\"\" width=\"900\" height=\"506\" \/><\/a><\/div>\n<\/div>\n<div class=\"clearfix visible-sm-block\"><\/div>\n<\/div>\n<\/div>\n<\/div>\n<\/div>\n<div class=\"panel-footer entry-meta\">\n<p><small><span class=\"loop-category\"> <a class=\"label label-primary\" href=\"https:\/\/vspoechlarn.ac.at\/wordpress\/category\/allgemein\/\">Startseite<\/a> <\/span><span style=\"font-size: small;\"> <span class=\"loop-author\"> | <span class=\"author vcard\"><a class=\"url fn n\" href=\"https:\/\/vspoechlarn.ac.at\/wordpress\/author\/wp-admin\/\">wp-admin<\/a><\/span><\/span> <span class=\"loop-date\"> | <time class=\"entry-date published updated\" datetime=\"2017-12-12T11:18:51+0200\">12. Dezember 2017<\/time><\/span> | <span class=\"edit-link\"> <a class=\"post-edit-link\" href=\"https:\/\/vspoechlarn.ac.at\/wordpress\/wp-admin\/post.php?post=1655&amp;action=edit\">Bearbeiten<\/a><\/span> <\/span><\/small><\/p>\n<div class=\"clearfix\"><\/div>\n<\/div>\n<\/div>\n<\/article>\n<p><!-- #post-1655 --><\/p>\n<article id=\"post-1637\" class=\"loop_list post-1637 post type-post status-publish format-standard hentry category-allgemein\">\n<div class=\"panel panel-default\">\n<div class=\"panel-body clearfix\">\n<div class=\"fs-have-thumbnail\">\n<header class=\"entry-header\">\n<h4 class=\"entry-title\"><strong><a title=\"Permanentlink zu P\u00f6chlarner Advent\" href=\"https:\/\/vspoechlarn.ac.at\/wordpress\/2017\/12\/06\/poechlarner-advent\/\" rel=\"bookmark\">P\u00f6chlarner Advent<\/a><\/strong><\/h4>\n<\/header>\n<div class=\"entry-content\">\n<p>Auch heuer durfte eine Abordnung der VS P\u00f6chlarn den P\u00f6chlarner Adventmarkt mit weihnachtlichen Beitr\u00e4gen er\u00f6ffnen.<\/p>\n<div id=\"gallery_1637_38\" class=\"row\">\n<div id=\"1637-image-1638\" class=\"col-xs-12 col-sm-4 col-md-4\">\n<div class=\"thumbnail\"><a href=\"https:\/\/vspoechlarn.ac.at\/wordpress\/wp-content\/uploads\/2017\/12\/2017-12-02_15.14.02_Matthias_Komarek.jpg\"><img loading=\"lazy\" decoding=\"async\" class=\"attachment-large size-large\" src=\"https:\/\/vspoechlarn.ac.at\/wordpress\/wp-content\/uploads\/2017\/12\/2017-12-02_15.14.02_Matthias_Komarek-1024x683.jpg\" sizes=\"auto, (max-width: 900px) 100vw, 900px\" srcset=\"https:\/\/vspoechlarn.ac.at\/wordpress\/wp-content\/uploads\/2017\/12\/2017-12-02_15.14.02_Matthias_Komarek-1024x683.jpg 1024w, https:\/\/vspoechlarn.ac.at\/wordpress\/wp-content\/uploads\/2017\/12\/2017-12-02_15.14.02_Matthias_Komarek-350x233.jpg 350w, https:\/\/vspoechlarn.ac.at\/wordpress\/wp-content\/uploads\/2017\/12\/2017-12-02_15.14.02_Matthias_Komarek.jpg 1152w\" alt=\"\" width=\"900\" height=\"600\" \/><\/a><\/div>\n<\/div>\n<div id=\"1637-image-1641\" class=\"col-xs-12 col-sm-4 col-md-4\">\n<div class=\"thumbnail\"><a href=\"https:\/\/vspoechlarn.ac.at\/wordpress\/wp-content\/uploads\/2017\/12\/2017-12-02_15.35.34_Matthias_Komarek.jpg\"><img loading=\"lazy\" decoding=\"async\" class=\"attachment-large size-large\" src=\"https:\/\/vspoechlarn.ac.at\/wordpress\/wp-content\/uploads\/2017\/12\/2017-12-02_15.35.34_Matthias_Komarek-1024x683.jpg\" sizes=\"auto, (max-width: 900px) 100vw, 900px\" srcset=\"https:\/\/vspoechlarn.ac.at\/wordpress\/wp-content\/uploads\/2017\/12\/2017-12-02_15.35.34_Matthias_Komarek-1024x683.jpg 1024w, https:\/\/vspoechlarn.ac.at\/wordpress\/wp-content\/uploads\/2017\/12\/2017-12-02_15.35.34_Matthias_Komarek-350x233.jpg 350w, https:\/\/vspoechlarn.ac.at\/wordpress\/wp-content\/uploads\/2017\/12\/2017-12-02_15.35.34_Matthias_Komarek.jpg 1152w\" alt=\"\" width=\"900\" height=\"600\" \/><\/a><\/div>\n<\/div>\n<div class=\"clearfix visible-sm-block\"><\/div>\n<div class=\"clearfix visible-md-block visible-lg-block\"><\/div>\n<\/div>\n<\/div>\n<\/div>\n<\/div>\n<div class=\"panel-footer entry-meta\">\n<p><small><span class=\"loop-category\"> <a class=\"label label-primary\" href=\"https:\/\/vspoechlarn.ac.at\/wordpress\/category\/allgemein\/\">Startseite<\/a> <\/span><span style=\"font-size: small;\"> <span class=\"loop-author\"> | <span class=\"author vcard\"><a class=\"url fn n\" href=\"https:\/\/vspoechlarn.ac.at\/wordpress\/author\/wp-admin\/\">wp-admin<\/a><\/span><\/span> <span class=\"loop-date\"> | <time class=\"entry-date published updated\" datetime=\"2017-12-06T08:50:22+0200\">6. Dezember 2017<\/time><\/span> | <span class=\"edit-link\"> <a class=\"post-edit-link\" href=\"https:\/\/vspoechlarn.ac.at\/wordpress\/wp-admin\/post.php?post=1637&amp;action=edit\">Bearbeiten<\/a><\/span> <\/span><\/small><\/p>\n<div class=\"clearfix\"><\/div>\n<\/div>\n<\/div>\n<\/article>\n<p><!-- #post-1637 --><\/p>\n<article id=\"post-1631\" class=\"loop_list post-1631 post type-post status-publish format-standard hentry category-allgemein\">\n<div class=\"panel panel-default\">\n<div class=\"panel-body clearfix\">\n<div class=\"fs-have-thumbnail\">\n<header class=\"entry-header\">\n<h4 class=\"entry-title\"><strong><a title=\"Permanentlink zu Adventkalender\" href=\"https:\/\/vspoechlarn.ac.at\/wordpress\/2017\/12\/06\/adventkalender\/\" rel=\"bookmark\">Adventkalender<\/a><\/strong><\/h4>\n<\/header>\n<div class=\"entry-content\">\n<p>Heute wurden die ersten T\u00fcrchen unseres neuen Adventkalenders ge\u00f6ffnet. Im Rahmen der Weihnachtswerkstatt wurde dieser von den 3. und 4. Klassen\u00a0 mit Frau Lehrerin K\u00f6ck in m\u00fchevoll Kleinarbeit hergestellt.<\/p>\n<div id=\"gallery_1631_39\" class=\"row\">\n<div id=\"1631-image-1633\" class=\"col-xs-12 col-sm-4 col-md-4\">\n<div class=\"thumbnail\"><a href=\"https:\/\/vspoechlarn.ac.at\/wordpress\/wp-content\/uploads\/2017\/12\/DSC08064.jpg\"><img loading=\"lazy\" decoding=\"async\" class=\"attachment-large size-large\" src=\"https:\/\/vspoechlarn.ac.at\/wordpress\/wp-content\/uploads\/2017\/12\/DSC08064-680x1024.jpg\" sizes=\"auto, (max-width: 680px) 100vw, 680px\" srcset=\"https:\/\/vspoechlarn.ac.at\/wordpress\/wp-content\/uploads\/2017\/12\/DSC08064-680x1024.jpg 680w, https:\/\/vspoechlarn.ac.at\/wordpress\/wp-content\/uploads\/2017\/12\/DSC08064-199x300.jpg 199w, https:\/\/vspoechlarn.ac.at\/wordpress\/wp-content\/uploads\/2017\/12\/DSC08064.jpg 717w\" alt=\"\" width=\"680\" height=\"1024\" \/><\/a><\/div>\n<\/div>\n<div class=\"clearfix visible-sm-block\"><\/div>\n<\/div>\n<p>&nbsp;<\/p>\n<p>&nbsp;<\/p>\n<\/div>\n<\/div>\n<\/div>\n<div class=\"panel-footer entry-meta\">\n<p><small><span class=\"loop-category\"> <a class=\"label label-primary\" href=\"https:\/\/vspoechlarn.ac.at\/wordpress\/category\/allgemein\/\">Startseite<\/a> <\/span><span style=\"font-size: small;\"> <span class=\"loop-author\"> | <span class=\"author vcard\"><a class=\"url fn n\" href=\"https:\/\/vspoechlarn.ac.at\/wordpress\/author\/wp-admin\/\">wp-admin<\/a><\/span><\/span> <span class=\"loop-date\"> | <time class=\"entry-date published updated\" datetime=\"2017-12-06T08:43:16+0200\">6. Dezember 2017<\/time><\/span> | <span class=\"edit-link\"> <a class=\"post-edit-link\" href=\"https:\/\/vspoechlarn.ac.at\/wordpress\/wp-admin\/post.php?post=1631&amp;action=edit\">Bearbeiten<\/a><\/span> <\/span><\/small><\/p>\n<div class=\"clearfix\"><\/div>\n<\/div>\n<\/div>\n<\/article>\n<p><!-- #post-1631 --><\/p>\n<article id=\"post-1628\" class=\"loop_list post-1628 post type-post status-publish format-standard hentry category-allgemein\">\n<div class=\"panel panel-default\">\n<div class=\"panel-body clearfix\">\n<div class=\"fs-have-thumbnail\">\n<header class=\"entry-header\">\n<h4 class=\"entry-title\"><strong><a title=\"Permanentlink zu Advent, Advent, Advent\" href=\"https:\/\/vspoechlarn.ac.at\/wordpress\/2017\/12\/01\/advent-advent-advent\/\" rel=\"bookmark\">Advent, Advent, Advent<\/a><\/strong><\/h4>\n<\/header>\n<div class=\"entry-content\">\n<p>Das ganze Team der VS P\u00f6chlarn w\u00fcnscht eine besinnliche Adventzeit!<\/p>\n<div id=\"gallery_1628_40\" class=\"row\">\n<div id=\"1628-image-1629\" class=\"col-xs-12 col-sm-4 col-md-4\">\n<div class=\"thumbnail\"><a href=\"https:\/\/vspoechlarn.ac.at\/wordpress\/wp-content\/uploads\/2017\/12\/DSC08060.jpg\"><img loading=\"lazy\" decoding=\"async\" class=\"attachment-large size-large\" src=\"https:\/\/vspoechlarn.ac.at\/wordpress\/wp-content\/uploads\/2017\/12\/DSC08060-1024x680.jpg\" sizes=\"auto, (max-width: 900px) 100vw, 900px\" srcset=\"https:\/\/vspoechlarn.ac.at\/wordpress\/wp-content\/uploads\/2017\/12\/DSC08060-1024x680.jpg 1024w, https:\/\/vspoechlarn.ac.at\/wordpress\/wp-content\/uploads\/2017\/12\/DSC08060-350x233.jpg 350w\" alt=\"\" width=\"900\" height=\"598\" \/><\/a><\/div>\n<\/div>\n<\/div>\n<\/div>\n<\/div>\n<\/div>\n<div class=\"panel-footer entry-meta\">\n<p><small><span class=\"loop-category\"> <a class=\"label label-primary\" href=\"https:\/\/vspoechlarn.ac.at\/wordpress\/category\/allgemein\/\">Startseite<\/a> <\/span><span style=\"font-size: small;\"> <span class=\"loop-author\"> | <span class=\"author vcard\"><a class=\"url fn n\" href=\"https:\/\/vspoechlarn.ac.at\/wordpress\/author\/wp-admin\/\">wp-admin<\/a><\/span><\/span> <span class=\"loop-date\"> | <time class=\"entry-date published updated\" datetime=\"2017-12-01T11:44:58+0200\">1. Dezember 2017<\/time><\/span> | <span class=\"edit-link\"> <a class=\"post-edit-link\" href=\"https:\/\/vspoechlarn.ac.at\/wordpress\/wp-admin\/post.php?post=1628&amp;action=edit\">Bearbeiten<\/a><\/span> <\/span><\/small><\/p>\n<div class=\"clearfix\"><\/div>\n<\/div>\n<\/div>\n<\/article>\n<p><!-- #post-1628 --><\/p>\n<article id=\"post-1623\" class=\"loop_list post-1623 post type-post status-publish format-standard hentry category-allgemein\">\n<div class=\"panel panel-default\">\n<div class=\"panel-body clearfix\">\n<div class=\"fs-have-thumbnail\">\n<header class=\"entry-header\">\n<h4 class=\"entry-title\"><strong><a title=\"Permanentlink zu Adventwerkstatt\" href=\"https:\/\/vspoechlarn.ac.at\/wordpress\/2017\/12\/01\/adventwerkstatt\/\" rel=\"bookmark\">Adventwerkstatt<\/a><\/strong><\/h4>\n<\/header>\n<div class=\"entry-content\">\n<p>An zwei Tagen arbeiteten vier Klassen (3a, 3b, 4a, 4b) gemeinsam an verschiedenen Stationen zum Advent. Es wurde ein Adventkalender f\u00fcr die ganze Schule gebastelt, gerechnet, gelesen und nat\u00fcrlich Kekse gebacken.<\/p>\n<div id=\"gallery_1623_41\" class=\"row\">\n<div id=\"1623-image-1624\" class=\"col-xs-12 col-sm-4 col-md-4\">\n<div class=\"thumbnail\"><a href=\"https:\/\/vspoechlarn.ac.at\/wordpress\/wp-content\/uploads\/2017\/12\/DSC08050.jpg\"><img loading=\"lazy\" decoding=\"async\" class=\"attachment-large size-large\" src=\"https:\/\/vspoechlarn.ac.at\/wordpress\/wp-content\/uploads\/2017\/12\/DSC08050-1024x680.jpg\" sizes=\"auto, (max-width: 900px) 100vw, 900px\" srcset=\"https:\/\/vspoechlarn.ac.at\/wordpress\/wp-content\/uploads\/2017\/12\/DSC08050-1024x680.jpg 1024w, https:\/\/vspoechlarn.ac.at\/wordpress\/wp-content\/uploads\/2017\/12\/DSC08050-350x233.jpg 350w\" alt=\"\" width=\"900\" height=\"598\" \/><\/a><\/div>\n<\/div>\n<div id=\"1623-image-1625\" class=\"col-xs-12 col-sm-4 col-md-4\">\n<div class=\"thumbnail\"><a href=\"https:\/\/vspoechlarn.ac.at\/wordpress\/wp-content\/uploads\/2017\/12\/DSC08052.jpg\"><img loading=\"lazy\" decoding=\"async\" class=\"attachment-large size-large\" src=\"https:\/\/vspoechlarn.ac.at\/wordpress\/wp-content\/uploads\/2017\/12\/DSC08052-1024x680.jpg\" sizes=\"auto, (max-width: 900px) 100vw, 900px\" srcset=\"https:\/\/vspoechlarn.ac.at\/wordpress\/wp-content\/uploads\/2017\/12\/DSC08052-1024x680.jpg 1024w, https:\/\/vspoechlarn.ac.at\/wordpress\/wp-content\/uploads\/2017\/12\/DSC08052-350x233.jpg 350w\" alt=\"\" width=\"900\" height=\"598\" \/><\/a><\/div>\n<\/div>\n<div class=\"clearfix visible-sm-block\"><\/div>\n<div class=\"clearfix visible-md-block visible-lg-block\"><\/div>\n<\/div>\n<\/div>\n<\/div>\n<\/div>\n<div class=\"panel-footer entry-meta\">\n<p><small><span class=\"loop-category\"> <a class=\"label label-primary\" href=\"https:\/\/vspoechlarn.ac.at\/wordpress\/category\/allgemein\/\">Startseite<\/a> <\/span><span style=\"font-size: small;\"> <span class=\"loop-author\"> | <span class=\"author vcard\"><a class=\"url fn n\" href=\"https:\/\/vspoechlarn.ac.at\/wordpress\/author\/wp-admin\/\">wp-admin<\/a><\/span><\/span> <span class=\"loop-date\"> | <time class=\"entry-date published updated\" datetime=\"2017-12-01T11:40:03+0200\">1. Dezember 2017<\/time><\/span> | <span class=\"edit-link\"> <a class=\"post-edit-link\" href=\"https:\/\/vspoechlarn.ac.at\/wordpress\/wp-admin\/post.php?post=1623&amp;action=edit\">Bearbeiten<\/a><\/span> <\/span><\/small><\/p>\n<div class=\"clearfix\"><\/div>\n<\/div>\n<\/div>\n<\/article>\n<p><!-- #post-1623 --><\/p>\n<article id=\"post-1610\" class=\"loop_list post-1610 post type-post status-publish format-standard hentry category-allgemein\">\n<div class=\"panel panel-default\">\n<div class=\"panel-body clearfix\">\n<div class=\"fs-have-thumbnail\">\n<header class=\"entry-header\">\n<h4 class=\"entry-title\"><strong><a title=\"Permanentlink zu Apfeltag\" href=\"https:\/\/vspoechlarn.ac.at\/wordpress\/2017\/11\/06\/apfeltag\/\" rel=\"bookmark\">Apfeltag<\/a><\/strong><\/h4>\n<\/header>\n<div class=\"entry-content\">\n<p>In der 2a fand ein Apfellesetag statt. In Partnerarbeit sollten die Kinder eine kleine Leserallye zum Thema Apfel bew\u00e4ltigen.<\/p>\n<p>Dabei galt es nicht nur R\u00e4tsel zu knacken und Quizfragen zu beantworten. In erster Linie mussten sich die Kinder selbstst\u00e4ndig orientieren um die passende Informationsquelle zu finden.<\/p>\n<p>Zur St\u00e4rkung gab es verschiedene Apfelsorten, Apfelchips und Apfelsaft.<\/p>\n<div id=\"gallery_1610_42\" class=\"row\">\n<div id=\"1610-image-1611\" class=\"col-xs-12 col-sm-4 col-md-4\">\n<div class=\"thumbnail\"><a href=\"https:\/\/vspoechlarn.ac.at\/wordpress\/wp-content\/uploads\/2017\/11\/DSC08029.jpg\"><img loading=\"lazy\" decoding=\"async\" class=\"attachment-large size-large\" src=\"https:\/\/vspoechlarn.ac.at\/wordpress\/wp-content\/uploads\/2017\/11\/DSC08029-1024x680.jpg\" sizes=\"auto, (max-width: 900px) 100vw, 900px\" srcset=\"https:\/\/vspoechlarn.ac.at\/wordpress\/wp-content\/uploads\/2017\/11\/DSC08029-1024x680.jpg 1024w, https:\/\/vspoechlarn.ac.at\/wordpress\/wp-content\/uploads\/2017\/11\/DSC08029-350x233.jpg 350w\" alt=\"\" width=\"900\" height=\"598\" \/><\/a><\/div>\n<\/div>\n<div class=\"clearfix visible-sm-block\"><\/div>\n<\/div>\n<\/div>\n<\/div>\n<\/div>\n<div class=\"panel-footer entry-meta\">\n<p><small><span class=\"loop-category\"> <a class=\"label label-primary\" href=\"https:\/\/vspoechlarn.ac.at\/wordpress\/category\/allgemein\/\">Startseite<\/a> <\/span><span style=\"font-size: small;\"> <span class=\"loop-author\"> | <span class=\"author vcard\"><a class=\"url fn n\" href=\"https:\/\/vspoechlarn.ac.at\/wordpress\/author\/wp-admin\/\">wp-admin<\/a><\/span><\/span> <span class=\"loop-date\"> | <time class=\"entry-date published updated\" datetime=\"2017-11-06T14:17:42+0200\">6. November 2017<\/time><\/span> | <span class=\"edit-link\"> <a class=\"post-edit-link\" href=\"https:\/\/vspoechlarn.ac.at\/wordpress\/wp-admin\/post.php?post=1610&amp;action=edit\">Bearbeiten<\/a><\/span> <\/span><\/small><\/p>\n<div class=\"clearfix\"><\/div>\n<\/div>\n<\/div>\n<\/article>\n<p><!-- #post-1610 --><\/p>\n<article id=\"post-1563\" class=\"loop_list post-1563 post type-post status-publish format-standard hentry category-allgemein\">\n<div class=\"panel panel-default\">\n<div class=\"panel-body clearfix\">\n<div class=\"fs-have-thumbnail\">\n<header class=\"entry-header\">\n<h4 class=\"entry-title\"><strong><a title=\"Permanentlink zu Nationalfeiertag\" href=\"https:\/\/vspoechlarn.ac.at\/wordpress\/2017\/10\/31\/nationalfeiertag\/\" rel=\"bookmark\">Nationalfeiertag<\/a><\/strong><\/h4>\n<\/header>\n<div class=\"entry-content\">\n<p>Bereits am 25. Oktober zogen wir gemeinsam die rot-wei\u00df-rote Fahne auf. Wir besprachen die Greul des 2. Weltkrieges und die Bedeutung der \u00f6sterreichischen Neutralit\u00e4t.<\/p>\n<p>Begleitet von 2 Bl\u00e4sern sangen wir die Bundeshymne und die Vorschulklasse zeigte mit einem Gedicht auf, wie gl\u00fccklich wir uns sch\u00e4tzen k\u00f6nnen, in Frieden zu leben.<\/p>\n<div id=\"gallery_1563_43\" class=\"row\">\n<div id=\"1563-image-1569\" class=\"col-xs-12 col-sm-4 col-md-4\">\n<div class=\"thumbnail\"><a href=\"https:\/\/vspoechlarn.ac.at\/wordpress\/wp-content\/uploads\/2017\/10\/IMG_9790-1.jpg\"><img loading=\"lazy\" decoding=\"async\" class=\"attachment-large size-large\" src=\"https:\/\/vspoechlarn.ac.at\/wordpress\/wp-content\/uploads\/2017\/10\/IMG_9790-1-1024x683.jpg\" sizes=\"auto, (max-width: 900px) 100vw, 900px\" srcset=\"https:\/\/vspoechlarn.ac.at\/wordpress\/wp-content\/uploads\/2017\/10\/IMG_9790-1-1024x683.jpg 1024w, https:\/\/vspoechlarn.ac.at\/wordpress\/wp-content\/uploads\/2017\/10\/IMG_9790-1-350x233.jpg 350w\" alt=\"\" width=\"900\" height=\"600\" \/><\/a><\/div>\n<\/div>\n<div id=\"1563-image-1568\" class=\"col-xs-12 col-sm-4 col-md-4\">\n<div class=\"thumbnail\"><a href=\"https:\/\/vspoechlarn.ac.at\/wordpress\/wp-content\/uploads\/2017\/10\/IMG_9786-1.jpg\"><img loading=\"lazy\" decoding=\"async\" class=\"attachment-large size-large\" src=\"https:\/\/vspoechlarn.ac.at\/wordpress\/wp-content\/uploads\/2017\/10\/IMG_9786-1-1024x683.jpg\" sizes=\"auto, (max-width: 900px) 100vw, 900px\" srcset=\"https:\/\/vspoechlarn.ac.at\/wordpress\/wp-content\/uploads\/2017\/10\/IMG_9786-1-1024x683.jpg 1024w, https:\/\/vspoechlarn.ac.at\/wordpress\/wp-content\/uploads\/2017\/10\/IMG_9786-1-350x233.jpg 350w\" alt=\"\" width=\"900\" height=\"600\" \/><\/a><\/div>\n<\/div>\n<div class=\"clearfix visible-sm-block\"><\/div>\n<div class=\"clearfix visible-md-block visible-lg-block\"><\/div>\n<\/div>\n<\/div>\n<\/div>\n<\/div>\n<div class=\"panel-footer entry-meta\">\n<p><small><span class=\"loop-category\"> <a class=\"label label-primary\" href=\"https:\/\/vspoechlarn.ac.at\/wordpress\/category\/allgemein\/\">Startseite<\/a> <\/span><span style=\"font-size: small;\"> <span class=\"loop-author\"> | <span class=\"author vcard\"><a class=\"url fn n\" href=\"https:\/\/vspoechlarn.ac.at\/wordpress\/author\/wp-admin\/\">wp-admin<\/a><\/span><\/span> <span class=\"loop-date\"> | <time class=\"entry-date published updated\" datetime=\"2017-10-31T13:50:19+0200\">31. Oktober 2017<\/time><\/span> | <span class=\"edit-link\"> <a class=\"post-edit-link\" href=\"https:\/\/vspoechlarn.ac.at\/wordpress\/wp-admin\/post.php?post=1563&amp;action=edit\">Bearbeiten<\/a><\/span> <\/span><\/small><\/p>\n<div class=\"clearfix\"><\/div>\n<\/div>\n<\/div>\n<\/article>\n<p><!-- #post-1563 --><\/p>\n<article id=\"post-1554\" class=\"loop_list post-1554 post type-post status-publish format-standard hentry category-allgemein\">\n<div class=\"panel panel-default\">\n<div class=\"panel-body clearfix\">\n<div class=\"fs-have-thumbnail\">\n<header class=\"entry-header\">\n<h4 class=\"entry-title\"><strong><a title=\"Permanentlink zu Sachrechenrallye\" href=\"https:\/\/vspoechlarn.ac.at\/wordpress\/2017\/10\/19\/sachrechenrallye\/\" rel=\"bookmark\">Sachrechenrallye<\/a><\/strong><\/h4>\n<\/header>\n<div class=\"entry-content\">\n<p>Um den Sch\u00fclern einen abwechslungsreichen Unterricht zu bieten, wurde\u00a0 eine \u201eSachrechenrallye\u201c im Freien durchgef\u00fchrt. Die Kinder der 4a Klasse waren sichtlich begeistert, Mathematik einmal anders zu erleben und sich dabei zu bewegen.<\/p>\n<div id=\"gallery_1554_44\" class=\"row\">\n<div id=\"1554-image-1555\" class=\"col-xs-12 col-sm-4 col-md-4\">\n<div class=\"thumbnail\"><a href=\"https:\/\/vspoechlarn.ac.at\/wordpress\/wp-content\/uploads\/2017\/10\/DSC08023.jpg\"><img loading=\"lazy\" decoding=\"async\" class=\"attachment-large size-large\" src=\"https:\/\/vspoechlarn.ac.at\/wordpress\/wp-content\/uploads\/2017\/10\/DSC08023-1024x680.jpg\" sizes=\"auto, (max-width: 900px) 100vw, 900px\" srcset=\"https:\/\/vspoechlarn.ac.at\/wordpress\/wp-content\/uploads\/2017\/10\/DSC08023-1024x680.jpg 1024w, https:\/\/vspoechlarn.ac.at\/wordpress\/wp-content\/uploads\/2017\/10\/DSC08023-350x233.jpg 350w\" alt=\"\" width=\"900\" height=\"598\" \/><\/a><\/div>\n<\/div>\n<div id=\"1554-image-1556\" class=\"col-xs-12 col-sm-4 col-md-4\">\n<div class=\"thumbnail\"><a href=\"https:\/\/vspoechlarn.ac.at\/wordpress\/wp-content\/uploads\/2017\/10\/DSC08026.jpg\"><img loading=\"lazy\" decoding=\"async\" class=\"attachment-large size-large\" src=\"https:\/\/vspoechlarn.ac.at\/wordpress\/wp-content\/uploads\/2017\/10\/DSC08026-1024x680.jpg\" sizes=\"auto, (max-width: 900px) 100vw, 900px\" srcset=\"https:\/\/vspoechlarn.ac.at\/wordpress\/wp-content\/uploads\/2017\/10\/DSC08026-1024x680.jpg 1024w, https:\/\/vspoechlarn.ac.at\/wordpress\/wp-content\/uploads\/2017\/10\/DSC08026-350x233.jpg 350w\" alt=\"\" width=\"900\" height=\"598\" \/><\/a><\/div>\n<\/div>\n<div class=\"clearfix visible-sm-block\"><\/div>\n<div class=\"clearfix visible-md-block visible-lg-block\"><\/div>\n<\/div>\n<\/div>\n<\/div>\n<\/div>\n<div class=\"panel-footer entry-meta\">\n<p><small><span class=\"loop-category\"> <a class=\"label label-primary\" href=\"https:\/\/vspoechlarn.ac.at\/wordpress\/category\/allgemein\/\">Startseite<\/a> <\/span><span style=\"font-size: small;\"> <span class=\"loop-author\"> | <span class=\"author vcard\"><a class=\"url fn n\" href=\"https:\/\/vspoechlarn.ac.at\/wordpress\/author\/wp-admin\/\">wp-admin<\/a><\/span><\/span> <span class=\"loop-date\"> | <time class=\"entry-date published updated\" datetime=\"2017-10-19T12:41:50+0200\">19. Oktober 2017<\/time><\/span> | <span class=\"edit-link\"> <a class=\"post-edit-link\" href=\"https:\/\/vspoechlarn.ac.at\/wordpress\/wp-admin\/post.php?post=1554&amp;action=edit\">Bearbeiten<\/a><\/span> <\/span><\/small><\/p>\n<div class=\"clearfix\"><\/div>\n<\/div>\n<\/div>\n<\/article>\n<p><!-- #post-1554 --><\/p>\n<article id=\"post-1543\" class=\"loop_list post-1543 post type-post status-publish format-standard hentry category-allgemein\">\n<div class=\"panel panel-default\">\n<div class=\"panel-body clearfix\">\n<div class=\"fs-have-thumbnail\">\n<header class=\"entry-header\">\n<h4 class=\"entry-title\"><strong><a title=\"Permanentlink zu Wandertag im Herbst\" href=\"https:\/\/vspoechlarn.ac.at\/wordpress\/2017\/10\/12\/wandertag-im-herbst\/\" rel=\"bookmark\">Wandertag im Herbst<\/a><\/strong><\/h4>\n<\/header>\n<div class=\"entry-content\">\n<p>Bei herrlichem Herbstwetter wanderte\u00a0gestern die gesamte Schule nach Ornding. Die Kinder spielten Fu\u00dfball, a\u00dfen gemeinsam ihre Jause und ben\u00fctzten die Ger\u00e4te vom Spielplatz. Es war ein wunderbarer Tag f\u00fcr uns alle!<\/p>\n<div id=\"gallery_1543_45\" class=\"row\">\n<div id=\"1543-image-1548\" class=\"col-xs-12 col-sm-4 col-md-4\">\n<div class=\"thumbnail\"><a href=\"https:\/\/vspoechlarn.ac.at\/wordpress\/wp-content\/uploads\/2017\/10\/IMG_4906-1.jpg\"><img loading=\"lazy\" decoding=\"async\" class=\"attachment-large size-large\" src=\"https:\/\/vspoechlarn.ac.at\/wordpress\/wp-content\/uploads\/2017\/10\/IMG_4906-1-1024x768.jpg\" sizes=\"auto, (max-width: 900px) 100vw, 900px\" srcset=\"https:\/\/vspoechlarn.ac.at\/wordpress\/wp-content\/uploads\/2017\/10\/IMG_4906-1-1024x768.jpg 1024w, https:\/\/vspoechlarn.ac.at\/wordpress\/wp-content\/uploads\/2017\/10\/IMG_4906-1-350x263.jpg 350w, https:\/\/vspoechlarn.ac.at\/wordpress\/wp-content\/uploads\/2017\/10\/IMG_4906-1.jpg 1440w\" alt=\"\" width=\"900\" height=\"675\" \/><\/a><\/div>\n<\/div>\n<div class=\"clearfix visible-sm-block\"><\/div>\n<div class=\"clearfix visible-md-block visible-lg-block\"><\/div>\n<\/div>\n<\/div>\n<\/div>\n<\/div>\n<div class=\"panel-footer entry-meta\">\n<p><small><span class=\"loop-category\"> <a class=\"label label-primary\" href=\"https:\/\/vspoechlarn.ac.at\/wordpress\/category\/allgemein\/\">Startseite<\/a> <\/span><span style=\"font-size: small;\"> <span class=\"loop-author\"> | <span class=\"author vcard\"><a class=\"url fn n\" href=\"https:\/\/vspoechlarn.ac.at\/wordpress\/author\/wp-admin\/\">wp-admin<\/a><\/span><\/span> <span class=\"loop-date\"> | <time class=\"entry-date published updated\" datetime=\"2017-10-12T12:44:32+0200\">12. Oktober 2017<\/time><\/span> | <span class=\"edit-link\"> <a class=\"post-edit-link\" href=\"https:\/\/vspoechlarn.ac.at\/wordpress\/wp-admin\/post.php?post=1543&amp;action=edit\">Bearbeiten<\/a><\/span> <\/span><\/small><\/p>\n<div class=\"clearfix\"><\/div>\n<\/div>\n<\/div>\n<\/article>\n<p><!-- #post-1543 --><\/p>\n<article id=\"post-1500\" class=\"loop_list post-1500 post type-post status-publish format-standard hentry category-allgemein\">\n<div class=\"panel panel-default\">\n<div class=\"panel-body clearfix\">\n<div class=\"fs-have-thumbnail\">\n<header class=\"entry-header\">\n<h4 class=\"entry-title\"><strong><a title=\"Permanentlink zu Der neue Schulhof\" href=\"https:\/\/vspoechlarn.ac.at\/wordpress\/2017\/10\/08\/der-neue-schulhof-2\/\" rel=\"bookmark\">Der neue Schulhof<\/a><\/strong><\/h4>\n<\/header>\n<div class=\"entry-content\">\n<p>Gemeinsam mit Sch\u00fclerInnen der \u00d6KONMS verbringen unsere Nachmittagskinder ihre Freizeit im neuen Schulfreiraum.<\/p>\n<div id=\"gallery_1500_46\" class=\"row\">\n<div id=\"1500-image-1479\" class=\"col-xs-12 col-sm-4 col-md-4\">\n<div class=\"thumbnail\"><a href=\"https:\/\/vspoechlarn.ac.at\/wordpress\/wp-content\/uploads\/2017\/10\/Schulhof-e1507457451245.jpg\"><img loading=\"lazy\" decoding=\"async\" class=\"attachment-large size-large\" src=\"https:\/\/vspoechlarn.ac.at\/wordpress\/wp-content\/uploads\/2017\/10\/Schulhof-e1507457451245-1024x576.jpg\" sizes=\"auto, (max-width: 900px) 100vw, 900px\" srcset=\"https:\/\/vspoechlarn.ac.at\/wordpress\/wp-content\/uploads\/2017\/10\/Schulhof-e1507457451245-1024x576.jpg 1024w, https:\/\/vspoechlarn.ac.at\/wordpress\/wp-content\/uploads\/2017\/10\/Schulhof-e1507457451245-350x197.jpg 350w\" alt=\"\" width=\"900\" height=\"506\" \/><\/a><\/div>\n<\/div>\n<div class=\"clearfix visible-sm-block\"><\/div>\n<div class=\"clearfix visible-md-block visible-lg-block\"><\/div>\n<\/div>\n<\/div>\n<\/div>\n<\/div>\n<div class=\"panel-footer entry-meta\">\n<p><small><span class=\"loop-category\"> <a class=\"label label-primary\" href=\"https:\/\/vspoechlarn.ac.at\/wordpress\/category\/allgemein\/\">Startseite<\/a> <\/span><span style=\"font-size: small;\"> <span class=\"loop-author\"> | <span class=\"author vcard\"><a class=\"url fn n\" href=\"https:\/\/vspoechlarn.ac.at\/wordpress\/author\/wp-admin\/\">wp-admin<\/a><\/span><\/span> <span class=\"loop-date\"> | <time class=\"entry-date published updated\" datetime=\"2017-10-08T12:37:29+0200\">8. Oktober 2017<\/time><\/span> | <span class=\"edit-link\"> <a class=\"post-edit-link\" href=\"https:\/\/vspoechlarn.ac.at\/wordpress\/wp-admin\/post.php?post=1500&amp;action=edit\">Bearbeiten<\/a><\/span> <\/span><\/small><\/p>\n<div class=\"clearfix\"><\/div>\n<\/div>\n<\/div>\n<\/article>\n<p><!-- #post-1500 --><\/p>\n<article id=\"post-1457\" class=\"loop_list post-1457 post type-post status-publish format-standard hentry category-allgemein\">\n<div class=\"panel panel-default\">\n<div class=\"panel-body clearfix\">\n<div class=\"fs-have-thumbnail\">\n<header class=\"entry-header\">\n<h4 class=\"entry-title\"><strong><a title=\"Permanentlink zu Wir spielen Schach!\" href=\"https:\/\/vspoechlarn.ac.at\/wordpress\/2017\/10\/02\/wir-spielen-schach\/\" rel=\"bookmark\">Wir spielen Schach!<\/a><\/strong><\/h4>\n<\/header>\n<div class=\"entry-content\">\n<p>An der VS P\u00f6chlarn wird nicht nur in der unverbindlichen \u00dcbung Schach gespielt. Auch in den Pausen greifen unsere Sch\u00fclerIinnen immer h\u00e4ufiger zu den Schachfiguren! Diese \u00dcbung findet jeden Mittwoch von 12.30 Uhr bis 13.20 Uhr statt.<\/p>\n<div id=\"gallery_1457_47\" class=\"row\">\n<div id=\"1457-image-1460\" class=\"col-xs-12 col-sm-4 col-md-4\">\n<div class=\"thumbnail\"><a href=\"https:\/\/vspoechlarn.ac.at\/wordpress\/wp-content\/uploads\/2017\/10\/Schach-1.jpg\"><img loading=\"lazy\" decoding=\"async\" class=\"attachment-large size-large\" src=\"https:\/\/vspoechlarn.ac.at\/wordpress\/wp-content\/uploads\/2017\/10\/Schach-1-1024x680.jpg\" sizes=\"auto, (max-width: 900px) 100vw, 900px\" srcset=\"https:\/\/vspoechlarn.ac.at\/wordpress\/wp-content\/uploads\/2017\/10\/Schach-1-1024x680.jpg 1024w, https:\/\/vspoechlarn.ac.at\/wordpress\/wp-content\/uploads\/2017\/10\/Schach-1-350x233.jpg 350w\" alt=\"\" width=\"900\" height=\"598\" \/><\/a><\/div>\n<\/div>\n<div class=\"clearfix visible-sm-block\"><\/div>\n<\/div>\n<\/div>\n<\/div>\n<\/div>\n<div class=\"panel-footer entry-meta\">\n<p><small><span class=\"loop-category\"> <a class=\"label label-primary\" href=\"https:\/\/vspoechlarn.ac.at\/wordpress\/category\/allgemein\/\">Startseite<\/a> <\/span><span style=\"font-size: small;\"> <span class=\"loop-author\"> | <span class=\"author vcard\"><a class=\"url fn n\" href=\"https:\/\/vspoechlarn.ac.at\/wordpress\/author\/wp-admin\/\">wp-admin<\/a><\/span><\/span> <span class=\"loop-date\"> | <time class=\"entry-date published updated\" datetime=\"2017-10-02T18:10:10+0200\">2. Oktober 2017<\/time><\/span> | <span class=\"edit-link\"> <a class=\"post-edit-link\" href=\"https:\/\/vspoechlarn.ac.at\/wordpress\/wp-admin\/post.php?post=1457&amp;action=edit\">Bearbeiten<\/a><\/span> <\/span><\/small><\/p>\n<div class=\"clearfix\"><\/div>\n<\/div>\n<\/div>\n<\/article>\n<p><!-- #post-1457 --><\/p>\n<article id=\"post-1444\" class=\"loop_list post-1444 post type-post status-publish format-standard hentry category-allgemein\">\n<div class=\"panel panel-default\">\n<div class=\"panel-body clearfix\">\n<div class=\"fs-have-thumbnail\">\n<header class=\"entry-header\">\n<h4 class=\"entry-title\"><strong><a title=\"Permanentlink zu Munter in den Unterricht \u2013 Innovation an der VS P\u00f6chlarn\" href=\"https:\/\/vspoechlarn.ac.at\/wordpress\/2017\/09\/28\/munter-in-den-unterricht-innovation-an-der-vs-poechlarn\/\" rel=\"bookmark\">Munter in den Unterricht \u2013 Innovation an der VS P\u00f6chlarn<\/a><\/strong><\/h4>\n<\/header>\n<div class=\"entry-content\">\n<p>Mit dem heurigen Schuljahr startet die 3a in das Pilotprojekt \u201eMorgensport im Park\u201c. Gemeinsam mit den beiden Lehrerinnen VOL Eder und SL K\u00f6ck verbringen die Kinder der 3a zehn Minuten vor dem Unterrichtsbeginn im Schlosspark. Es wird gelaufen, gesprungen und das Gehirn mit frischem Sauerstoff angereichert. Einem optimalen Start in die Lernphasen steht somit nichts im Wege.<\/p>\n<div id=\"gallery_1444_48\" class=\"row\">\n<div id=\"1444-image-1445\" class=\"col-xs-12 col-sm-4 col-md-4\">\n<div class=\"thumbnail\"><a href=\"https:\/\/vspoechlarn.ac.at\/wordpress\/wp-content\/uploads\/2017\/09\/DSC08008.jpg\"><img loading=\"lazy\" decoding=\"async\" class=\"attachment-large size-large\" src=\"https:\/\/vspoechlarn.ac.at\/wordpress\/wp-content\/uploads\/2017\/09\/DSC08008-1024x680.jpg\" sizes=\"auto, (max-width: 900px) 100vw, 900px\" srcset=\"https:\/\/vspoechlarn.ac.at\/wordpress\/wp-content\/uploads\/2017\/09\/DSC08008-1024x680.jpg 1024w, https:\/\/vspoechlarn.ac.at\/wordpress\/wp-content\/uploads\/2017\/09\/DSC08008-350x233.jpg 350w\" alt=\"\" width=\"900\" height=\"598\" \/><\/a><\/div>\n<\/div>\n<\/div>\n<\/div>\n<\/div>\n<\/div>\n<div class=\"panel-footer entry-meta\">\n<p><small><span class=\"loop-category\"> <a class=\"label label-primary\" href=\"https:\/\/vspoechlarn.ac.at\/wordpress\/category\/allgemein\/\">Startseite<\/a> <\/span><span style=\"font-size: small;\"> <span class=\"loop-author\"> | <span class=\"author vcard\"><a class=\"url fn n\" href=\"https:\/\/vspoechlarn.ac.at\/wordpress\/author\/wp-admin\/\">wp-admin<\/a><\/span><\/span> <span class=\"loop-date\"> | <time class=\"entry-date published updated\" datetime=\"2017-09-28T20:17:54+0200\">28. September 2017<\/time><\/span> | <span class=\"edit-link\"> <a class=\"post-edit-link\" href=\"https:\/\/vspoechlarn.ac.at\/wordpress\/wp-admin\/post.php?post=1444&amp;action=edit\">Bearbeiten<\/a><\/span> <\/span><\/small><\/p>\n<div class=\"clearfix\"><\/div>\n<\/div>\n<\/div>\n<\/article>\n<p><!-- #post-1444 --><\/p>\n<article id=\"post-1439\" class=\"loop_list post-1439 post type-post status-publish format-standard hentry category-allgemein\">\n<div class=\"panel panel-default\">\n<div class=\"panel-body clearfix\">\n<div class=\"fs-have-thumbnail\">\n<header class=\"entry-header\">\n<h4 class=\"entry-title\"><strong><a title=\"Permanentlink zu Dankesch\u00f6n!\" href=\"https:\/\/vspoechlarn.ac.at\/wordpress\/2017\/09\/27\/dankeschoen\/\" rel=\"bookmark\">Dankesch\u00f6n!<\/a><\/strong><\/h4>\n<\/header>\n<div class=\"entry-content\">\n<p>Stolz pr\u00e4sentieren die Kinder der beiden 1. Klassen ihre neuen Rucks\u00e4cke!<\/p>\n<div id=\"gallery_1439_49\" class=\"row\">\n<div id=\"1439-image-1441\" class=\"col-xs-12 col-sm-4 col-md-4\">\n<div class=\"thumbnail\"><a href=\"https:\/\/vspoechlarn.ac.at\/wordpress\/wp-content\/uploads\/2017\/09\/IMG_4792.jpg\"><img loading=\"lazy\" decoding=\"async\" class=\"attachment-large size-large\" src=\"https:\/\/vspoechlarn.ac.at\/wordpress\/wp-content\/uploads\/2017\/09\/IMG_4792-1024x768.jpg\" sizes=\"auto, (max-width: 900px) 100vw, 900px\" srcset=\"https:\/\/vspoechlarn.ac.at\/wordpress\/wp-content\/uploads\/2017\/09\/IMG_4792-1024x768.jpg 1024w, https:\/\/vspoechlarn.ac.at\/wordpress\/wp-content\/uploads\/2017\/09\/IMG_4792-350x263.jpg 350w, https:\/\/vspoechlarn.ac.at\/wordpress\/wp-content\/uploads\/2017\/09\/IMG_4792.jpg 1440w\" alt=\"\" width=\"900\" height=\"675\" \/><\/a><\/div>\n<\/div>\n<div class=\"clearfix visible-sm-block\"><\/div>\n<\/div>\n<\/div>\n<\/div>\n<\/div>\n<div class=\"panel-footer entry-meta\">\n<p><small><span class=\"loop-category\"> <a class=\"label label-primary\" href=\"https:\/\/vspoechlarn.ac.at\/wordpress\/category\/allgemein\/\">Startseite<\/a> <\/span><span style=\"font-size: small;\"> <span class=\"loop-author\"> | <span class=\"author vcard\"><a class=\"url fn n\" href=\"https:\/\/vspoechlarn.ac.at\/wordpress\/author\/wp-admin\/\">wp-admin<\/a><\/span><\/span> <span class=\"loop-date\"> | <time class=\"entry-date published updated\" datetime=\"2017-09-27T21:12:58+0200\">27. September 2017<\/time><\/span> | <span class=\"edit-link\"> <a class=\"post-edit-link\" href=\"https:\/\/vspoechlarn.ac.at\/wordpress\/wp-admin\/post.php?post=1439&amp;action=edit\">Bearbeiten<\/a><\/span> <\/span><\/small><\/p>\n<div class=\"clearfix\"><\/div>\n<\/div>\n<\/div>\n<\/article>\n<p><!-- #post-1439 --><\/p>\n<div class=\"panel-footer entry-meta\">\n<h4 class=\"entry-title\"><strong><a title=\"Permanentlink zu Schutzengelaktion\" href=\"https:\/\/vspoechlarn.ac.at\/wordpress\/2017\/09\/19\/schutzengelaktion\/\" rel=\"bookmark\">Schutzengelaktion<\/a><\/strong><\/h4>\n<div class=\"entry-content\">\n<p>Auch in diesem Schuljahr kamen unsere Kinder wieder sicher \u00fcber die Stra\u00dfe!<\/p>\n<div id=\"gallery_1419_1\" class=\"row\">\n<div id=\"1419-image-1421\" class=\"col-xs-12 col-sm-4 col-md-4\">\n<div class=\"thumbnail\"><a href=\"https:\/\/vspoechlarn.ac.at\/wordpress\/wp-content\/uploads\/2017\/09\/Schutzengelaktion-1.jpg\"><img loading=\"lazy\" decoding=\"async\" class=\"attachment-large size-large\" src=\"https:\/\/vspoechlarn.ac.at\/wordpress\/wp-content\/uploads\/2017\/09\/Schutzengelaktion-1-1024x768.jpg\" sizes=\"auto, (max-width: 900px) 100vw, 900px\" srcset=\"https:\/\/vspoechlarn.ac.at\/wordpress\/wp-content\/uploads\/2017\/09\/Schutzengelaktion-1-1024x768.jpg 1024w, https:\/\/vspoechlarn.ac.at\/wordpress\/wp-content\/uploads\/2017\/09\/Schutzengelaktion-1-350x263.jpg 350w, https:\/\/vspoechlarn.ac.at\/wordpress\/wp-content\/uploads\/2017\/09\/Schutzengelaktion-1.jpg 1440w\" alt=\"\" width=\"900\" height=\"675\" \/><\/a><\/div>\n<\/div>\n<\/div>\n<\/div>\n<div class=\"panel-footer entry-meta\"><small><span class=\"loop-category\"> <a class=\"label label-primary\" href=\"https:\/\/vspoechlarn.ac.at\/wordpress\/category\/allgemein\/\">Startseite<\/a> <\/span><span style=\"font-size: small;\"> <span class=\"loop-author\"> | <span class=\"author vcard\"><a class=\"url fn n\" href=\"https:\/\/vspoechlarn.ac.at\/wordpress\/author\/wp-admin\/\">wp-admin<\/a><\/span><\/span> <span class=\"loop-date\"> | <time class=\"entry-date published updated\" datetime=\"2017-09-19T13:31:21+0200\">19. September 2017<\/time><\/span> | <span class=\"edit-link\"> <a class=\"post-edit-link\" href=\"https:\/\/vspoechlarn.ac.at\/wordpress\/wp-admin\/post.php?post=1419&amp;action=edit\">Bearbeiten<\/a><\/span> <\/span><\/small><\/div>\n<\/div>\n<p><!-- #primary .content-area --><\/p>\n<p><!-- #secondary .widget-area --> <!-- .row --> <!-- #main .site-main --><\/p>\n<footer id=\"footer\" class=\"site-footer clearfix\" role=\"contentinfo\">\n<div class=\"site-info container\">\n<div class=\"row\"><\/div>\n<div class=\"clearfix\"><\/div>\n<p><small id=\"firmasite_designer\" class=\"text-muted designer\"><span style=\"font-size: small;\">Theme: <\/span><a class=\"text-muted\" href=\"http:\/\/firmasite.com\/\" rel=\"designer\">FirmaSite<\/a><\/small><\/p>\n<\/div>\n<\/footer>\n","protected":false},"excerpt":{"rendered":"<p>Sportfest Unser j\u00e4hrliches Sportfest wurde auch in diesem Schuljahr wieder gro\u00dfartig besucht. Die Kinder konnten ihre F\u00e4higkeiten beim 60 m-Lauf, Standweitsprung, Schlagball und K\u00fcbelwurf unter Beweis stellen. Der kr\u00f6nende\u00a0Abschluss der [&hellip;]<\/p>\n","protected":false},"author":1,"featured_media":0,"parent":0,"menu_order":0,"comment_status":"closed","ping_status":"closed","template":"","meta":{"footnotes":""},"class_list":["post-1967","page","type-page","status-publish","hentry"],"_links":{"self":[{"href":"https:\/\/vspoechlarn.ac.at\/wordpress\/wp-json\/wp\/v2\/pages\/1967","targetHints":{"allow":["GET"]}}],"collection":[{"href":"https:\/\/vspoechlarn.ac.at\/wordpress\/wp-json\/wp\/v2\/pages"}],"about":[{"href":"https:\/\/vspoechlarn.ac.at\/wordpress\/wp-json\/wp\/v2\/types\/page"}],"author":[{"embeddable":true,"href":"https:\/\/vspoechlarn.ac.at\/wordpress\/wp-json\/wp\/v2\/users\/1"}],"replies":[{"embeddable":true,"href":"https:\/\/vspoechlarn.ac.at\/wordpress\/wp-json\/wp\/v2\/comments?post=1967"}],"version-history":[{"count":5,"href":"https:\/\/vspoechlarn.ac.at\/wordpress\/wp-json\/wp\/v2\/pages\/1967\/revisions"}],"predecessor-version":[{"id":2517,"href":"https:\/\/vspoechlarn.ac.at\/wordpress\/wp-json\/wp\/v2\/pages\/1967\/revisions\/2517"}],"wp:attachment":[{"href":"https:\/\/vspoechlarn.ac.at\/wordpress\/wp-json\/wp\/v2\/media?parent=1967"}],"curies":[{"name":"wp","href":"https:\/\/api.w.org\/{rel}","templated":true}]}}