{"id":1571,"date":"2017-10-31T13:51:08","date_gmt":"2017-10-31T12:51:08","guid":{"rendered":"http:\/\/vspoechlarn.ac.at\/wordpress\/?page_id=1571"},"modified":"2017-10-31T14:38:54","modified_gmt":"2017-10-31T13:38:54","slug":"2017-18","status":"publish","type":"page","link":"https:\/\/vspoechlarn.ac.at\/wordpress\/2017-18\/","title":{"rendered":"2017-18"},"content":{"rendered":"<h1>Vorschulklasse<\/h1>\n<p>Klassenlehrerin: vVL Ursula Bacher<\/p>\n<p>11 Sch\u00fclerInnen<\/p>\n<div id=\"gallery_1571_1\" class=\"row\">\r\n\t    \t<div id=\"1571-image-1578\" class=\"col-xs-12 col-sm-4 col-md-4\">\r\n        \t\t\t\t\t\r\n\t\t\t<div class=\"thumbnail\">\r\n        \t\t\t\t\t\r\n\t\t\t\t<a href='https:\/\/vspoechlarn.ac.at\/wordpress\/2017-18\/pk19b005-2\/'><img loading=\"lazy\" decoding=\"async\" width=\"900\" height=\"678\" src=\"https:\/\/vspoechlarn.ac.at\/wordpress\/wp-content\/uploads\/2017\/10\/PK19B005-1-1024x771.jpg\" class=\"attachment-large size-large\" alt=\"\" srcset=\"https:\/\/vspoechlarn.ac.at\/wordpress\/wp-content\/uploads\/2017\/10\/PK19B005-1-1024x771.jpg 1024w, https:\/\/vspoechlarn.ac.at\/wordpress\/wp-content\/uploads\/2017\/10\/PK19B005-1-350x263.jpg 350w, https:\/\/vspoechlarn.ac.at\/wordpress\/wp-content\/uploads\/2017\/10\/PK19B005-1.jpg 1435w\" sizes=\"auto, (max-width: 900px) 100vw, 900px\" \/><\/a>            <\/div>\r\n        <\/div>\r\n    \r\n<\/div>\n<hr \/>\n<h1>1 a<\/h1>\n<p>Klassenlehrerin: vOL Elisabeth Atzm\u00fcller<\/p>\n<p>17 Sch\u00fclerinnen<\/p>\n<div id=\"gallery_1571_2\" class=\"row\">\r\n\t    \t<div id=\"1571-image-1582\" class=\"col-xs-12 col-sm-4 col-md-4\">\r\n        \t\t\t\t\t\r\n\t\t\t<div class=\"thumbnail\">\r\n        \t\t\t\t\t\r\n\t\t\t\t<a href='https:\/\/vspoechlarn.ac.at\/wordpress\/2017-18\/pk13b003-3\/'><img loading=\"lazy\" decoding=\"async\" width=\"900\" height=\"678\" src=\"https:\/\/vspoechlarn.ac.at\/wordpress\/wp-content\/uploads\/2017\/10\/PK13B003-1-1024x771.jpg\" class=\"attachment-large size-large\" alt=\"\" srcset=\"https:\/\/vspoechlarn.ac.at\/wordpress\/wp-content\/uploads\/2017\/10\/PK13B003-1-1024x771.jpg 1024w, https:\/\/vspoechlarn.ac.at\/wordpress\/wp-content\/uploads\/2017\/10\/PK13B003-1-350x264.jpg 350w, https:\/\/vspoechlarn.ac.at\/wordpress\/wp-content\/uploads\/2017\/10\/PK13B003-1.jpg 1434w\" sizes=\"auto, (max-width: 900px) 100vw, 900px\" \/><\/a>            <\/div>\r\n        <\/div>\r\n    \r\n<\/div>\n<hr \/>\n<h1>1 b<\/h1>\n<p>Klassenlehrerin: vVL Erna Mayerhofer<\/p>\n<p>18 Sch\u00fclerinnen<\/p>\n<div id=\"gallery_1571_3\" class=\"row\">\r\n\t    \t<div id=\"1571-image-1584\" class=\"col-xs-12 col-sm-4 col-md-4\">\r\n        \t\t\t\t\t\r\n\t\t\t<div class=\"thumbnail\">\r\n        \t\t\t\t\t\r\n\t\t\t\t<a href='https:\/\/vspoechlarn.ac.at\/wordpress\/2017-18\/pk12b006-2\/'><img loading=\"lazy\" decoding=\"async\" width=\"900\" height=\"677\" src=\"https:\/\/vspoechlarn.ac.at\/wordpress\/wp-content\/uploads\/2017\/10\/PK12B006-1-1024x770.jpg\" class=\"attachment-large size-large\" alt=\"\" srcset=\"https:\/\/vspoechlarn.ac.at\/wordpress\/wp-content\/uploads\/2017\/10\/PK12B006-1-1024x770.jpg 1024w, https:\/\/vspoechlarn.ac.at\/wordpress\/wp-content\/uploads\/2017\/10\/PK12B006-1-350x263.jpg 350w, https:\/\/vspoechlarn.ac.at\/wordpress\/wp-content\/uploads\/2017\/10\/PK12B006-1.jpg 1436w\" sizes=\"auto, (max-width: 900px) 100vw, 900px\" \/><\/a>            <\/div>\r\n        <\/div>\r\n    \r\n<\/div>\n<hr \/>\n<h1>2\u00a0a<\/h1>\n<p>Klassenlehrerin: vOL Birgit Rausch<\/p>\n<p>25\u00a0Sch\u00fclerinnen<\/p>\n<div id=\"gallery_1571_4\" class=\"row\">\r\n\t    \t<div id=\"1571-image-1586\" class=\"col-xs-12 col-sm-4 col-md-4\">\r\n        \t\t\t\t\t\r\n\t\t\t<div class=\"thumbnail\">\r\n        \t\t\t\t\t\r\n\t\t\t\t<a href='https:\/\/vspoechlarn.ac.at\/wordpress\/2017-18\/pk14b004-2\/'><img loading=\"lazy\" decoding=\"async\" width=\"900\" height=\"678\" src=\"https:\/\/vspoechlarn.ac.at\/wordpress\/wp-content\/uploads\/2017\/10\/PK14B004-1-1024x771.jpg\" class=\"attachment-large size-large\" alt=\"\" srcset=\"https:\/\/vspoechlarn.ac.at\/wordpress\/wp-content\/uploads\/2017\/10\/PK14B004-1-1024x771.jpg 1024w, https:\/\/vspoechlarn.ac.at\/wordpress\/wp-content\/uploads\/2017\/10\/PK14B004-1-350x264.jpg 350w, https:\/\/vspoechlarn.ac.at\/wordpress\/wp-content\/uploads\/2017\/10\/PK14B004-1.jpg 1434w\" sizes=\"auto, (max-width: 900px) 100vw, 900px\" \/><\/a>            <\/div>\r\n        <\/div>\r\n    \r\n<\/div>\n<hr \/>\n<h1>3\u00a0a<\/h1>\n<p>Klassenlehrerin: vOL Regina Eder<\/p>\n<p>Integrationslehrerin: vSL Brigitte K\u00f6ck<\/p>\n<p>16\u00a0Sch\u00fclerinnen<\/p>\n<div id=\"gallery_1571_5\" class=\"row\">\r\n\t    \t<div id=\"1571-image-1589\" class=\"col-xs-12 col-sm-4 col-md-4\">\r\n        \t\t\t\t\t\r\n\t\t\t<div class=\"thumbnail\">\r\n        \t\t\t\t\t\r\n\t\t\t\t<a href='https:\/\/vspoechlarn.ac.at\/wordpress\/2017-18\/pk18b010-2\/'><img loading=\"lazy\" decoding=\"async\" width=\"900\" height=\"678\" src=\"https:\/\/vspoechlarn.ac.at\/wordpress\/wp-content\/uploads\/2017\/10\/PK18B010-1-1024x771.jpg\" class=\"attachment-large size-large\" alt=\"\" srcset=\"https:\/\/vspoechlarn.ac.at\/wordpress\/wp-content\/uploads\/2017\/10\/PK18B010-1-1024x771.jpg 1024w, https:\/\/vspoechlarn.ac.at\/wordpress\/wp-content\/uploads\/2017\/10\/PK18B010-1-350x263.jpg 350w, https:\/\/vspoechlarn.ac.at\/wordpress\/wp-content\/uploads\/2017\/10\/PK18B010-1.jpg 1435w\" sizes=\"auto, (max-width: 900px) 100vw, 900px\" \/><\/a>            <\/div>\r\n        <\/div>\r\n    \r\n<\/div>\n<hr \/>\n<h1>3\u00a0b<\/h1>\n<p>Klassenlehrerin: vVL Beatrix Haberhauer<\/p>\n<p>17\u00a0Sch\u00fclerinnen<\/p>\n<div id=\"gallery_1571_6\" class=\"row\">\r\n\t    \t<div id=\"1571-image-1593\" class=\"col-xs-12 col-sm-4 col-md-4\">\r\n        \t\t\t\t\t\r\n\t\t\t<div class=\"thumbnail\">\r\n        \t\t\t\t\t\r\n\t\t\t\t<a href='https:\/\/vspoechlarn.ac.at\/wordpress\/2017-18\/pk15b005-2\/'><img loading=\"lazy\" decoding=\"async\" width=\"900\" height=\"678\" src=\"https:\/\/vspoechlarn.ac.at\/wordpress\/wp-content\/uploads\/2017\/10\/PK15B005-1-1024x771.jpg\" class=\"attachment-large size-large\" alt=\"\" srcset=\"https:\/\/vspoechlarn.ac.at\/wordpress\/wp-content\/uploads\/2017\/10\/PK15B005-1-1024x771.jpg 1024w, https:\/\/vspoechlarn.ac.at\/wordpress\/wp-content\/uploads\/2017\/10\/PK15B005-1-350x264.jpg 350w, https:\/\/vspoechlarn.ac.at\/wordpress\/wp-content\/uploads\/2017\/10\/PK15B005-1.jpg 1434w\" sizes=\"auto, (max-width: 900px) 100vw, 900px\" \/><\/a>            <\/div>\r\n        <\/div>\r\n    \r\n<\/div>\n<hr \/>\n<h1>4\u00a0a<\/h1>\n<p>Klassenlehrerin: vVL Nina Ess<\/p>\n<p>Lehrerin: vOL Doris Langer<\/p>\n<p>16 Sch\u00fclerinnen<\/p>\n<div id=\"gallery_1571_7\" class=\"row\">\r\n\t    \t<div id=\"1571-image-1595\" class=\"col-xs-12 col-sm-4 col-md-4\">\r\n        \t\t\t\t\t\r\n\t\t\t<div class=\"thumbnail\">\r\n        \t\t\t\t\t\r\n\t\t\t\t<a href='https:\/\/vspoechlarn.ac.at\/wordpress\/2017-18\/pk16b003-2\/'><img loading=\"lazy\" decoding=\"async\" width=\"900\" height=\"677\" src=\"https:\/\/vspoechlarn.ac.at\/wordpress\/wp-content\/uploads\/2017\/10\/PK16B003-1-1024x770.jpg\" class=\"attachment-large size-large\" alt=\"\" srcset=\"https:\/\/vspoechlarn.ac.at\/wordpress\/wp-content\/uploads\/2017\/10\/PK16B003-1-1024x770.jpg 1024w, https:\/\/vspoechlarn.ac.at\/wordpress\/wp-content\/uploads\/2017\/10\/PK16B003-1-350x263.jpg 350w, https:\/\/vspoechlarn.ac.at\/wordpress\/wp-content\/uploads\/2017\/10\/PK16B003-1.jpg 1436w\" sizes=\"auto, (max-width: 900px) 100vw, 900px\" \/><\/a>            <\/div>\r\n        <\/div>\r\n    \r\n<\/div>\n<hr \/>\n<h1>4\u00a0b<\/h1>\n<p>Klassenlehrerin: vVL Maria Hintersteiner<\/p>\n<p>14 Sch\u00fclerinnen<\/p>\n<div id=\"gallery_1571_8\" class=\"row\">\r\n\t    \t<div id=\"1571-image-1597\" class=\"col-xs-12 col-sm-4 col-md-4\">\r\n        \t\t\t\t\t\r\n\t\t\t<div class=\"thumbnail\">\r\n        \t\t\t\t\t\r\n\t\t\t\t<a href='https:\/\/vspoechlarn.ac.at\/wordpress\/2017-18\/pk11b003-2\/'><img loading=\"lazy\" decoding=\"async\" width=\"900\" height=\"678\" src=\"https:\/\/vspoechlarn.ac.at\/wordpress\/wp-content\/uploads\/2017\/10\/PK11B003-1-1024x771.jpg\" class=\"attachment-large size-large\" alt=\"\" srcset=\"https:\/\/vspoechlarn.ac.at\/wordpress\/wp-content\/uploads\/2017\/10\/PK11B003-1-1024x771.jpg 1024w, https:\/\/vspoechlarn.ac.at\/wordpress\/wp-content\/uploads\/2017\/10\/PK11B003-1-350x264.jpg 350w, https:\/\/vspoechlarn.ac.at\/wordpress\/wp-content\/uploads\/2017\/10\/PK11B003-1.jpg 1434w\" sizes=\"auto, (max-width: 900px) 100vw, 900px\" \/><\/a>            <\/div>\r\n        <\/div>\r\n    \r\n<\/div>\n","protected":false},"excerpt":{"rendered":"<p>Vorschulklasse Klassenlehrerin: vVL Ursula Bacher 11 Sch\u00fclerInnen 1 a Klassenlehrerin: vOL Elisabeth Atzm\u00fcller 17 Sch\u00fclerinnen 1 b Klassenlehrerin: vVL Erna Mayerhofer 18 Sch\u00fclerinnen 2\u00a0a Klassenlehrerin: vOL Birgit Rausch 25\u00a0Sch\u00fclerinnen 3\u00a0a [&hellip;]<\/p>\n","protected":false},"author":1,"featured_media":0,"parent":0,"menu_order":0,"comment_status":"closed","ping_status":"closed","template":"","meta":{"footnotes":""},"class_list":["post-1571","page","type-page","status-publish","hentry"],"_links":{"self":[{"href":"https:\/\/vspoechlarn.ac.at\/wordpress\/wp-json\/wp\/v2\/pages\/1571","targetHints":{"allow":["GET"]}}],"collection":[{"href":"https:\/\/vspoechlarn.ac.at\/wordpress\/wp-json\/wp\/v2\/pages"}],"about":[{"href":"https:\/\/vspoechlarn.ac.at\/wordpress\/wp-json\/wp\/v2\/types\/page"}],"author":[{"embeddable":true,"href":"https:\/\/vspoechlarn.ac.at\/wordpress\/wp-json\/wp\/v2\/users\/1"}],"replies":[{"embeddable":true,"href":"https:\/\/vspoechlarn.ac.at\/wordpress\/wp-json\/wp\/v2\/comments?post=1571"}],"version-history":[{"count":10,"href":"https:\/\/vspoechlarn.ac.at\/wordpress\/wp-json\/wp\/v2\/pages\/1571\/revisions"}],"predecessor-version":[{"id":1599,"href":"https:\/\/vspoechlarn.ac.at\/wordpress\/wp-json\/wp\/v2\/pages\/1571\/revisions\/1599"}],"wp:attachment":[{"href":"https:\/\/vspoechlarn.ac.at\/wordpress\/wp-json\/wp\/v2\/media?parent=1571"}],"curies":[{"name":"wp","href":"https:\/\/api.w.org\/{rel}","templated":true}]}}